{"id":11,"date":"2024-04-30T10:45:25","date_gmt":"2024-04-30T08:45:25","guid":{"rendered":"http:\/\/127.0.0.1\/site%20OA\/?page_id=11"},"modified":"2025-01-16T16:06:13","modified_gmt":"2025-01-16T15:06:13","slug":"accompagnement","status":"publish","type":"page","link":"https:\/\/bu.optimum-automotive.com\/de\/begleitung\/","title":{"rendered":"BEGLEITUNG"},"content":{"rendered":"<div class=\"wp-block-uagb-container uagb-block-af8d1479 alignfull uagb-is-root-container\"><div class=\"uagb-container-inner-blocks-wrap\">\n<div class=\"wp-block-uagb-container uagb-block-cb094fac\">\n<h1 class=\"wp-block-heading mt-0 mb-0\"><strong>Von der Erstpr\u00fcfung bis zur Flotten\u00fcberwachung<\/strong><\/h1>\n\n\n\n<h3 class=\"wp-block-heading mt-0\"><mark style=\"background-color:rgba(0, 0, 0, 0);color:#0043ce\" class=\"has-inline-color\">Wir begleiten Ihr Projekt <br>dank der Expertise von <br>unsere integrierten Flottenmanager<\/mark><\/h3>\n\n\n\n<h3 class=\"wp-block-heading has-text-align-left\">Die Pr\u00fcfung<\/h3>\n\n\n\n<p class=\"has-text-align-left\">Bevor Sie Einsparungen erzielen k\u00f6nnen, m\u00fcssen Sie eine Bestandsaufnahme machen. Unsere Experten f\u00fcr Mobilit\u00e4tsl\u00f6sungen sammeln die wichtigsten Informationen, um Ihre aktuellen Gesamtbetriebskosten* zu ermitteln. Diese Pr\u00fcfung zeigt auch, wo Ihr Unternehmen Einsparungen erzielen kann.<\/p>\n\n\n\n<p class=\"has-small-font-size\">* Total Cost of Ownership (Gesamtkosten des Besitzes)<\/p>\n<\/div>\n\n\n\n<div class=\"wp-block-uagb-container uagb-block-ca10cc55\"><div class=\"wp-block-image\">\n<figure class=\"aligncenter size-full\"><img loading=\"lazy\" decoding=\"async\" width=\"403\" height=\"400\" src=\"https:\/\/bu.optimum-automotive.com\/wp-content\/uploads\/2024\/12\/audit_de_parc_automobile.png\" alt=\"\" class=\"wp-image-4453\" srcset=\"https:\/\/bu.optimum-automotive.com\/wp-content\/uploads\/2024\/12\/audit_de_parc_automobile.png 403w, https:\/\/bu.optimum-automotive.com\/wp-content\/uploads\/2024\/12\/audit_de_parc_automobile-300x298.png 300w, https:\/\/bu.optimum-automotive.com\/wp-content\/uploads\/2024\/12\/audit_de_parc_automobile-150x150.png 150w, https:\/\/bu.optimum-automotive.com\/wp-content\/uploads\/2024\/12\/audit_de_parc_automobile-12x12.png 12w\" sizes=\"auto, (max-width: 403px) 100vw, 403px\" \/><\/figure><\/div><\/div>\n<\/div><\/div>\n\n\n\n<div class=\"wp-block-uagb-container uagb-block-79237a96 alignfull uagb-is-root-container\">\n<div class=\"wp-block-uagb-container uagb-block-d6360a42 alignfull uagb-is-root-container\"><div class=\"uagb-container-inner-blocks-wrap\">\n<div class=\"wp-block-uagb-container uag-hide-tab uag-hide-mob uagb-block-5bac448e\"><div class=\"wp-block-image\">\n<figure class=\"aligncenter size-full\"><img loading=\"lazy\" decoding=\"async\" width=\"403\" height=\"400\" src=\"https:\/\/bu.optimum-automotive.com\/wp-content\/uploads\/2024\/12\/services.png\" alt=\"\" class=\"wp-image-4454\" srcset=\"https:\/\/bu.optimum-automotive.com\/wp-content\/uploads\/2024\/12\/services.png 403w, https:\/\/bu.optimum-automotive.com\/wp-content\/uploads\/2024\/12\/services-300x298.png 300w, https:\/\/bu.optimum-automotive.com\/wp-content\/uploads\/2024\/12\/services-150x150.png 150w, https:\/\/bu.optimum-automotive.com\/wp-content\/uploads\/2024\/12\/services-12x12.png 12w\" sizes=\"auto, (max-width: 403px) 100vw, 403px\" \/><\/figure><\/div><\/div>\n\n\n\n<div class=\"wp-block-uagb-container uagb-block-6c5ea4ad\">\n<h3 class=\"wp-block-heading mb-0\">Die Auswahl der Dienste<\/h3>\n\n\n\n<p>Wir bestimmen gemeinsam mit Ihnen, welche Dienstleistungen f\u00fcr jedes Fahrzeug\/jeden Fahrer relevant sind, um das f\u00fcr Sie passende Dienstleistungspaket zusammenzustellen. Noch besser ist es, wenn wir f\u00fcr jede Fahrzeug- und\/oder Fahrertypologie verschiedene Pakete zusammenstellen.<\/p>\n<\/div>\n\n\n\n<div class=\"wp-block-uagb-container uag-hide-desktop uagb-block-9523de46\"><div class=\"wp-block-image\">\n<figure class=\"aligncenter size-full\"><img loading=\"lazy\" decoding=\"async\" width=\"403\" height=\"400\" src=\"https:\/\/bu.optimum-automotive.com\/wp-content\/uploads\/2024\/12\/services-1.png\" alt=\"\" class=\"wp-image-4455\" srcset=\"https:\/\/bu.optimum-automotive.com\/wp-content\/uploads\/2024\/12\/services-1.png 403w, https:\/\/bu.optimum-automotive.com\/wp-content\/uploads\/2024\/12\/services-1-300x298.png 300w, https:\/\/bu.optimum-automotive.com\/wp-content\/uploads\/2024\/12\/services-1-150x150.png 150w, https:\/\/bu.optimum-automotive.com\/wp-content\/uploads\/2024\/12\/services-1-12x12.png 12w\" sizes=\"auto, (max-width: 403px) 100vw, 403px\" \/><\/figure><\/div><\/div>\n<\/div><\/div>\n<\/div>\n\n\n\n<div class=\"wp-block-uagb-container uagb-block-6f689e6d alignfull uagb-is-root-container\"><div class=\"uagb-container-inner-blocks-wrap\">\n<div class=\"wp-block-uagb-container uagb-block-cd026288\">\n<h3 class=\"wp-block-heading has-text-align-right mb-0\">Die Information der Angestellten<\/h3>\n\n\n\n<p class=\"has-text-align-right\">Wir begleiten Sie und stellen Ihnen alle Kommunikationsmittel zur Verf\u00fcgung, mit denen Sie Ihre Mitarbeiter unter vollst\u00e4ndiger Einhaltung der CNIL- und RGPD-Vorschriften informieren k\u00f6nnen. Wir stehen Ihnen auch bei Gewerkschaftssitzungen und Sitzungen des Ausschusses f\u00fcr Gesundheit und Sicherheit am Arbeitsplatz (CHSCT) zur Seite.<\/p>\n<\/div>\n\n\n\n<div class=\"wp-block-uagb-container uagb-block-b5b45c07\"><div class=\"wp-block-image\">\n<figure class=\"aligncenter size-full\"><img loading=\"lazy\" decoding=\"async\" width=\"403\" height=\"400\" src=\"https:\/\/bu.optimum-automotive.com\/wp-content\/uploads\/2024\/12\/employes_CNIL-RGPD.png\" alt=\"\" class=\"wp-image-4456\" srcset=\"https:\/\/bu.optimum-automotive.com\/wp-content\/uploads\/2024\/12\/employes_CNIL-RGPD.png 403w, https:\/\/bu.optimum-automotive.com\/wp-content\/uploads\/2024\/12\/employes_CNIL-RGPD-300x298.png 300w, https:\/\/bu.optimum-automotive.com\/wp-content\/uploads\/2024\/12\/employes_CNIL-RGPD-150x150.png 150w, https:\/\/bu.optimum-automotive.com\/wp-content\/uploads\/2024\/12\/employes_CNIL-RGPD-12x12.png 12w\" sizes=\"auto, (max-width: 403px) 100vw, 403px\" \/><\/figure><\/div><\/div>\n<\/div><\/div>\n\n\n\n<div class=\"wp-block-uagb-container uagb-block-af4c8777 alignfull uagb-is-root-container\">\n<div class=\"wp-block-uagb-container uagb-block-25ddfee0 alignfull uagb-is-root-container\"><div class=\"uagb-container-inner-blocks-wrap\">\n<div class=\"wp-block-uagb-container uag-hide-tab uag-hide-mob uagb-block-107b421c\"><div class=\"wp-block-image\">\n<figure class=\"aligncenter size-full\"><img loading=\"lazy\" decoding=\"async\" width=\"403\" height=\"400\" src=\"https:\/\/bu.optimum-automotive.com\/wp-content\/uploads\/2024\/12\/planification.png\" alt=\"\" class=\"wp-image-4457\" srcset=\"https:\/\/bu.optimum-automotive.com\/wp-content\/uploads\/2024\/12\/planification.png 403w, https:\/\/bu.optimum-automotive.com\/wp-content\/uploads\/2024\/12\/planification-300x298.png 300w, https:\/\/bu.optimum-automotive.com\/wp-content\/uploads\/2024\/12\/planification-150x150.png 150w, https:\/\/bu.optimum-automotive.com\/wp-content\/uploads\/2024\/12\/planification-12x12.png 12w\" sizes=\"auto, (max-width: 403px) 100vw, 403px\" \/><\/figure><\/div><\/div>\n\n\n\n<div class=\"wp-block-uagb-container uagb-block-80e61be9\">\n<h3 class=\"wp-block-heading mb-0\">Die Planung<\/h3>\n\n\n\n<p>Da Ihre Einschr\u00e4nkungen Vorrang haben, legt unsere Planungsabteilung die Termine f\u00fcr die Installation der Boxen f\u00fcr jedes Fahrzeug entsprechend Ihren Anforderungen (geografisch, zeitlich ...) fest, um Ihre T\u00e4tigkeit nicht zu st\u00f6ren.<\/p>\n<\/div>\n\n\n\n<div class=\"wp-block-uagb-container uag-hide-desktop uagb-block-e00f8775\"><div class=\"wp-block-image\">\n<figure class=\"aligncenter size-full\"><img loading=\"lazy\" decoding=\"async\" width=\"403\" height=\"400\" src=\"https:\/\/bu.optimum-automotive.com\/wp-content\/uploads\/2024\/12\/planification-1.png\" alt=\"\" class=\"wp-image-4458\" srcset=\"https:\/\/bu.optimum-automotive.com\/wp-content\/uploads\/2024\/12\/planification-1.png 403w, https:\/\/bu.optimum-automotive.com\/wp-content\/uploads\/2024\/12\/planification-1-300x298.png 300w, https:\/\/bu.optimum-automotive.com\/wp-content\/uploads\/2024\/12\/planification-1-150x150.png 150w, https:\/\/bu.optimum-automotive.com\/wp-content\/uploads\/2024\/12\/planification-1-12x12.png 12w\" sizes=\"auto, (max-width: 403px) 100vw, 403px\" \/><\/figure><\/div><\/div>\n<\/div><\/div>\n<\/div>\n\n\n\n<div class=\"wp-block-uagb-container uagb-block-5f72fa39 alignfull uagb-is-root-container\"><div class=\"uagb-container-inner-blocks-wrap\">\n<div class=\"wp-block-uagb-container uagb-block-8a608418\">\n<h3 class=\"wp-block-heading has-text-align-right mb-0\">Die Einrichtung<\/h3>\n\n\n\n<p class=\"has-text-align-right\">Unser Netz von 65 Installateuren deckt ganz Frankreich ab. Als Fachleute f\u00fcr Autoelektrik sind sie mit den verschiedenen Einbautechniken f\u00fcr alle Arten von Fahrzeugen bestens vertraut, <br>selbst die kompliziertesten.<\/p>\n<\/div>\n\n\n\n<div class=\"wp-block-uagb-container uagb-block-3dc8a2c5\"><div class=\"wp-block-image\">\n<figure class=\"aligncenter size-full\"><img loading=\"lazy\" decoding=\"async\" width=\"403\" height=\"400\" src=\"https:\/\/bu.optimum-automotive.com\/wp-content\/uploads\/2024\/12\/installation-boitier-vehicule.png\" alt=\"\" class=\"wp-image-4459\" srcset=\"https:\/\/bu.optimum-automotive.com\/wp-content\/uploads\/2024\/12\/installation-boitier-vehicule.png 403w, https:\/\/bu.optimum-automotive.com\/wp-content\/uploads\/2024\/12\/installation-boitier-vehicule-300x298.png 300w, https:\/\/bu.optimum-automotive.com\/wp-content\/uploads\/2024\/12\/installation-boitier-vehicule-150x150.png 150w, https:\/\/bu.optimum-automotive.com\/wp-content\/uploads\/2024\/12\/installation-boitier-vehicule-12x12.png 12w\" sizes=\"auto, (max-width: 403px) 100vw, 403px\" \/><\/figure><\/div><\/div>\n<\/div><\/div>\n\n\n\n<div class=\"wp-block-uagb-container uagb-block-1523f63f alignfull uagb-is-root-container\">\n<div class=\"wp-block-uagb-container uagb-block-83e05ae4 alignfull uagb-is-root-container\"><div class=\"uagb-container-inner-blocks-wrap\">\n<div class=\"wp-block-uagb-container uag-hide-tab uag-hide-mob uagb-block-35d282ca\"><div class=\"wp-block-image\">\n<figure class=\"aligncenter size-full\"><img loading=\"lazy\" decoding=\"async\" width=\"403\" height=\"400\" src=\"https:\/\/bu.optimum-automotive.com\/wp-content\/uploads\/2024\/12\/prise-en-main_formateurs-gestion-de-parc-1.png\" alt=\"\" class=\"wp-image-4461\" srcset=\"https:\/\/bu.optimum-automotive.com\/wp-content\/uploads\/2024\/12\/prise-en-main_formateurs-gestion-de-parc-1.png 403w, https:\/\/bu.optimum-automotive.com\/wp-content\/uploads\/2024\/12\/prise-en-main_formateurs-gestion-de-parc-1-300x298.png 300w, https:\/\/bu.optimum-automotive.com\/wp-content\/uploads\/2024\/12\/prise-en-main_formateurs-gestion-de-parc-1-150x150.png 150w, https:\/\/bu.optimum-automotive.com\/wp-content\/uploads\/2024\/12\/prise-en-main_formateurs-gestion-de-parc-1-12x12.png 12w\" sizes=\"auto, (max-width: 403px) 100vw, 403px\" \/><\/figure><\/div><\/div>\n\n\n\n<div class=\"wp-block-uagb-container uagb-block-02562faa\">\n<h3 class=\"wp-block-heading mb-0\">Der Griff in die Hand<\/h3>\n\n\n\n<p>Unsere Trainer bieten Ihnen eine Einf\u00fchrung per Webkonferenz, damit Sie Ihr neues Verwaltungstool optimal nutzen k\u00f6nnen. Auf Wunsch bieten wir auch Schulungen vor Ort an, damit Sie die Leistungsf\u00e4higkeit der Plattform voll aussch\u00f6pfen k\u00f6nnen.<\/p>\n<\/div>\n\n\n\n<div class=\"wp-block-uagb-container uag-hide-desktop uagb-block-b5b74baa\"><div class=\"wp-block-image\">\n<figure class=\"aligncenter size-full\"><img loading=\"lazy\" decoding=\"async\" width=\"403\" height=\"400\" src=\"https:\/\/bu.optimum-automotive.com\/wp-content\/uploads\/2024\/12\/prise-en-main_formateurs-gestion-de-parc-1-1.png\" alt=\"\" class=\"wp-image-4462\" srcset=\"https:\/\/bu.optimum-automotive.com\/wp-content\/uploads\/2024\/12\/prise-en-main_formateurs-gestion-de-parc-1-1.png 403w, https:\/\/bu.optimum-automotive.com\/wp-content\/uploads\/2024\/12\/prise-en-main_formateurs-gestion-de-parc-1-1-300x298.png 300w, https:\/\/bu.optimum-automotive.com\/wp-content\/uploads\/2024\/12\/prise-en-main_formateurs-gestion-de-parc-1-1-150x150.png 150w, https:\/\/bu.optimum-automotive.com\/wp-content\/uploads\/2024\/12\/prise-en-main_formateurs-gestion-de-parc-1-1-12x12.png 12w\" sizes=\"auto, (max-width: 403px) 100vw, 403px\" \/><\/figure><\/div><\/div>\n<\/div><\/div>\n<\/div>\n\n\n\n<div class=\"wp-block-uagb-container uagb-block-88ac15fc alignfull uagb-is-root-container\"><div class=\"uagb-container-inner-blocks-wrap\">\n<div class=\"wp-block-uagb-container uagb-block-a3701010\">\n<h3 class=\"wp-block-heading has-text-align-right mb-0\">Parkintegration und -erhaltung<\/h3>\n\n\n\n<p class=\"has-text-align-right\">Sie werden von einem Key Account Manager bei der Konfiguration Ihrer Plattform begleitet. Ab der Einf\u00fchrung werden die Fahrzeuge und ihre Merkmale durch eine Verbindung mit dem SIV und den Wartungspl\u00e4nen (Auto Data) erfasst. Ihr Key Account Manager begleitet Sie w\u00e4hrend der gesamten Lebensdauer Ihrer Flotte, denn die Verwaltung eines Fuhrparks ist ein langer Fluss... <br>Nicht immer ruhig!<\/p>\n<\/div>\n\n\n\n<div class=\"wp-block-uagb-container uagb-block-c366fdc2\"><div class=\"wp-block-image\">\n<figure class=\"aligncenter size-full\"><img loading=\"lazy\" decoding=\"async\" width=\"403\" height=\"400\" src=\"https:\/\/bu.optimum-automotive.com\/wp-content\/uploads\/2024\/12\/integration-de-parc-et-son-maintien.png\" alt=\"\" class=\"wp-image-4463\" srcset=\"https:\/\/bu.optimum-automotive.com\/wp-content\/uploads\/2024\/12\/integration-de-parc-et-son-maintien.png 403w, https:\/\/bu.optimum-automotive.com\/wp-content\/uploads\/2024\/12\/integration-de-parc-et-son-maintien-300x298.png 300w, https:\/\/bu.optimum-automotive.com\/wp-content\/uploads\/2024\/12\/integration-de-parc-et-son-maintien-150x150.png 150w, https:\/\/bu.optimum-automotive.com\/wp-content\/uploads\/2024\/12\/integration-de-parc-et-son-maintien-12x12.png 12w\" sizes=\"auto, (max-width: 403px) 100vw, 403px\" \/><\/figure><\/div><\/div>\n<\/div><\/div>\n\n\n\n<div class=\"wp-block-uagb-container uagb-block-af15f423 alignfull uagb-is-root-container\">\n<div class=\"wp-block-uagb-container uagb-block-a8500338 alignfull uagb-is-root-container\"><div class=\"uagb-container-inner-blocks-wrap\">\n<div class=\"wp-block-uagb-container uag-hide-tab uag-hide-mob uagb-block-83b5850c\"><div class=\"wp-block-image\">\n<figure class=\"aligncenter size-full\"><img loading=\"lazy\" decoding=\"async\" width=\"403\" height=\"400\" src=\"https:\/\/bu.optimum-automotive.com\/wp-content\/uploads\/2024\/12\/La-mise-en-oeuvre-du-plan-deconomies.png\" alt=\"\" class=\"wp-image-4464\" srcset=\"https:\/\/bu.optimum-automotive.com\/wp-content\/uploads\/2024\/12\/La-mise-en-oeuvre-du-plan-deconomies.png 403w, https:\/\/bu.optimum-automotive.com\/wp-content\/uploads\/2024\/12\/La-mise-en-oeuvre-du-plan-deconomies-300x298.png 300w, https:\/\/bu.optimum-automotive.com\/wp-content\/uploads\/2024\/12\/La-mise-en-oeuvre-du-plan-deconomies-150x150.png 150w, https:\/\/bu.optimum-automotive.com\/wp-content\/uploads\/2024\/12\/La-mise-en-oeuvre-du-plan-deconomies-12x12.png 12w\" sizes=\"auto, (max-width: 403px) 100vw, 403px\" \/><\/figure><\/div><\/div>\n\n\n\n<div class=\"wp-block-uagb-container uagb-block-2fbcd218\">\n<h3 class=\"wp-block-heading mb-0\">Die Umsetzung des Sparplans<\/h3>\n\n\n\n<p>Auf der Plattform werden Ihnen laufend Indikatoren und Tipps zur Optimierung Ihrer TCO pr\u00e4sentiert. <\/p>\n\n\n\n<p>Unsere Experten f\u00fcr Mobilit\u00e4tsl\u00f6sungen stehen Ihnen ebenfalls zur Verf\u00fcgung, um Ihnen zu helfen, die richtigen Entscheidungen zur richtigen Zeit zu treffen.<\/p>\n<\/div>\n\n\n\n<div class=\"wp-block-uagb-container uag-hide-desktop uagb-block-9eebcf68\"><div class=\"wp-block-image\">\n<figure class=\"aligncenter size-full\"><img loading=\"lazy\" decoding=\"async\" width=\"403\" height=\"400\" src=\"https:\/\/bu.optimum-automotive.com\/wp-content\/uploads\/2024\/12\/La-mise-en-oeuvre-du-plan-deconomies-1.png\" alt=\"\" class=\"wp-image-4465\" srcset=\"https:\/\/bu.optimum-automotive.com\/wp-content\/uploads\/2024\/12\/La-mise-en-oeuvre-du-plan-deconomies-1.png 403w, https:\/\/bu.optimum-automotive.com\/wp-content\/uploads\/2024\/12\/La-mise-en-oeuvre-du-plan-deconomies-1-300x298.png 300w, https:\/\/bu.optimum-automotive.com\/wp-content\/uploads\/2024\/12\/La-mise-en-oeuvre-du-plan-deconomies-1-150x150.png 150w, https:\/\/bu.optimum-automotive.com\/wp-content\/uploads\/2024\/12\/La-mise-en-oeuvre-du-plan-deconomies-1-12x12.png 12w\" sizes=\"auto, (max-width: 403px) 100vw, 403px\" \/><\/figure><\/div><\/div>\n<\/div><\/div>\n<\/div>\n\n\n\n<div class=\"wp-block-uagb-container uagb-block-9f5f92b2 alignfull uagb-is-root-container\"><div class=\"uagb-container-inner-blocks-wrap\">\n<div class=\"wp-block-uagb-container uagb-block-656aee6d\">\n<h3 class=\"wp-block-heading has-text-align-right mb-0\">Der Kundenservice<\/h3>\n\n\n\n<p class=\"has-text-align-right\">Eine Frage, ein Z\u00f6gern?<br>Unser Kundenservice ist direkt \u00fcber die Plattform (interaktives Ticket) oder per Telefon erreichbar. Eine schnelle und pers\u00f6nliche Antwort wird Ihnen innerhalb k\u00fcrzester Zeit \u00fcbermittelt.<\/p>\n<\/div>\n\n\n\n<div class=\"wp-block-uagb-container uagb-block-30c8fa26\"><div class=\"wp-block-image\">\n<figure class=\"aligncenter size-full\"><img loading=\"lazy\" decoding=\"async\" width=\"403\" height=\"400\" src=\"https:\/\/bu.optimum-automotive.com\/wp-content\/uploads\/2024\/12\/Le-service-client-gestion-de-parc.png\" alt=\"\" class=\"wp-image-4466\" srcset=\"https:\/\/bu.optimum-automotive.com\/wp-content\/uploads\/2024\/12\/Le-service-client-gestion-de-parc.png 403w, https:\/\/bu.optimum-automotive.com\/wp-content\/uploads\/2024\/12\/Le-service-client-gestion-de-parc-300x298.png 300w, https:\/\/bu.optimum-automotive.com\/wp-content\/uploads\/2024\/12\/Le-service-client-gestion-de-parc-150x150.png 150w, https:\/\/bu.optimum-automotive.com\/wp-content\/uploads\/2024\/12\/Le-service-client-gestion-de-parc-12x12.png 12w\" sizes=\"auto, (max-width: 403px) 100vw, 403px\" \/><\/figure><\/div><\/div>\n<\/div><\/div>\n\n\n\n<div class=\"wp-block-uagb-container uagb-block-800761fc alignfull uagb-is-root-container\">\n<div class=\"wp-block-uagb-container uagb-block-0678d31f alignfull uagb-is-root-container\"><div class=\"uagb-container-inner-blocks-wrap\">\n<div class=\"wp-block-uagb-container uag-hide-tab uag-hide-mob uagb-block-a390beb9\"><div class=\"wp-block-image\">\n<figure class=\"aligncenter size-full\"><img loading=\"lazy\" decoding=\"async\" width=\"403\" height=\"400\" src=\"https:\/\/bu.optimum-automotive.com\/wp-content\/uploads\/2024\/12\/Le-service-apres-vente-materiel-gestion-de-parc.png\" alt=\"\" class=\"wp-image-4467\" srcset=\"https:\/\/bu.optimum-automotive.com\/wp-content\/uploads\/2024\/12\/Le-service-apres-vente-materiel-gestion-de-parc.png 403w, https:\/\/bu.optimum-automotive.com\/wp-content\/uploads\/2024\/12\/Le-service-apres-vente-materiel-gestion-de-parc-300x298.png 300w, https:\/\/bu.optimum-automotive.com\/wp-content\/uploads\/2024\/12\/Le-service-apres-vente-materiel-gestion-de-parc-150x150.png 150w, https:\/\/bu.optimum-automotive.com\/wp-content\/uploads\/2024\/12\/Le-service-apres-vente-materiel-gestion-de-parc-12x12.png 12w\" sizes=\"auto, (max-width: 403px) 100vw, 403px\" \/><\/figure><\/div><\/div>\n\n\n\n<div class=\"wp-block-uagb-container uagb-block-f8bed897\">\n<h3 class=\"wp-block-heading mb-0\">Der Hardware-Kundendienst<\/h3>\n\n\n\n<p>Wir w\u00e4hlen unsere Ger\u00e4te unter den weltweit besten Anbietern aus und garantieren sie w\u00e4hrend der gesamten Laufzeit Ihres Vertrags (Teile, Arbeit und Fahrtkosten). Ihr Vertrauen ist uns wichtig.<\/p>\n<\/div>\n\n\n\n<div class=\"wp-block-uagb-container uag-hide-desktop uagb-block-11ddc340\"><div class=\"wp-block-image\">\n<figure class=\"aligncenter size-full\"><img loading=\"lazy\" decoding=\"async\" width=\"403\" height=\"400\" src=\"https:\/\/bu.optimum-automotive.com\/wp-content\/uploads\/2024\/12\/Le-service-apres-vente-materiel-gestion-de-parc-1.png\" alt=\"\" class=\"wp-image-4468\" srcset=\"https:\/\/bu.optimum-automotive.com\/wp-content\/uploads\/2024\/12\/Le-service-apres-vente-materiel-gestion-de-parc-1.png 403w, https:\/\/bu.optimum-automotive.com\/wp-content\/uploads\/2024\/12\/Le-service-apres-vente-materiel-gestion-de-parc-1-300x298.png 300w, https:\/\/bu.optimum-automotive.com\/wp-content\/uploads\/2024\/12\/Le-service-apres-vente-materiel-gestion-de-parc-1-150x150.png 150w, https:\/\/bu.optimum-automotive.com\/wp-content\/uploads\/2024\/12\/Le-service-apres-vente-materiel-gestion-de-parc-1-12x12.png 12w\" sizes=\"auto, (max-width: 403px) 100vw, 403px\" \/><\/figure><\/div><\/div>\n<\/div><\/div>\n<\/div>\n\n\n\n<div class=\"wp-block-uagb-container uagb-block-68f38e93 alignfull uagb-is-root-container\"><div class=\"uagb-container-inner-blocks-wrap\">\n<div class=\"wp-block-uagb-container uagb-block-8f643871\">\n<h3 class=\"wp-block-heading has-text-align-right mb-0\">Die delegierte Verwaltung<\/h3>\n\n\n\n<p class=\"has-text-align-right\">Sie k\u00f6nnen uns die Verwaltung Ihres Fuhrparks ganz oder teilweise anvertrauen. Wir legen gemeinsam die Ziele fest: Car Policy, Erneuerungen, Ein- und Ausfahrten, Kostenmanagement, Kostensenkung oder Flottenreduzierung..... Jeden Monat oder jedes Quartal \u00fcbermitteln wir Ihnen einen umfassenden Bericht \u00fcber unsere Ma\u00dfnahmen, damit Sie die konkreten Vorteile erkennen k\u00f6nnen.<\/p>\n<\/div>\n\n\n\n<div class=\"wp-block-uagb-container uagb-block-ca69b149\"><div class=\"wp-block-image\">\n<figure class=\"aligncenter size-full\"><img loading=\"lazy\" decoding=\"async\" width=\"403\" height=\"400\" src=\"https:\/\/bu.optimum-automotive.com\/wp-content\/uploads\/2024\/12\/La-gestion-deleguee-gestion-de-parc.png\" alt=\"\" class=\"wp-image-4469\" srcset=\"https:\/\/bu.optimum-automotive.com\/wp-content\/uploads\/2024\/12\/La-gestion-deleguee-gestion-de-parc.png 403w, https:\/\/bu.optimum-automotive.com\/wp-content\/uploads\/2024\/12\/La-gestion-deleguee-gestion-de-parc-300x298.png 300w, https:\/\/bu.optimum-automotive.com\/wp-content\/uploads\/2024\/12\/La-gestion-deleguee-gestion-de-parc-150x150.png 150w, https:\/\/bu.optimum-automotive.com\/wp-content\/uploads\/2024\/12\/La-gestion-deleguee-gestion-de-parc-12x12.png 12w\" sizes=\"auto, (max-width: 403px) 100vw, 403px\" \/><\/figure><\/div><\/div>\n<\/div><\/div>","protected":false},"excerpt":{"rendered":"<p>Vom ersten Audit bis zur Flotten\u00fcberwachung Wir begleiten Ihr Projekt mit der Expertise unserer integrierten Fuhrparkmanager Das Audit Bevor Sie Einsparungen erzielen k\u00f6nnen, m\u00fcssen Sie eine Bestandsaufnahme machen. Unsere Experten f\u00fcr Mobilit\u00e4tsl\u00f6sungen sammeln die wichtigsten Informationen, um Ihre aktuellen Gesamtbetriebskosten* zu ermitteln. Dieses Audit erm\u00f6glicht es auch, die [...].<\/p>","protected":false},"author":1,"featured_media":0,"parent":0,"menu_order":0,"comment_status":"closed","ping_status":"closed","template":"page-without-title.php","meta":{"_coblocks_attr":"","_coblocks_dimensions":"","_coblocks_responsive_height":"","_coblocks_accordion_ie_support":"","_uag_custom_page_level_css":"","footnotes":""},"class_list":["post-11","page","type-page","status-publish","hentry"],"uagb_featured_image_src":{"full":false,"thumbnail":false,"medium":false,"medium_large":false,"large":false,"1536x1536":false,"2048x2048":false,"trp-custom-language-flag":false},"uagb_author_info":{"display_name":"camaleon","author_link":"https:\/\/bu.optimum-automotive.com\/de\/author\/camaleon\/"},"uagb_comment_info":0,"uagb_excerpt":"De l\u2018audit initial au suivi de flotte Nous accompagnons votre projet gr\u00e2ce \u00e0 l\u2019expertise de nos gestionnaires de parc int\u00e9gr\u00e9s L\u2019audit Avant de pr\u00e9tendre g\u00e9n\u00e9rer des \u00e9conomies, il faut \u00e9tablir un \u00e9tat des lieux. Nos experts en solutions de mobilit\u00e9 recueillent les informations cl\u00e9s permettant d\u2019appr\u00e9hender votre TCO* actuel. Cet audit permet \u00e9galement de mettre&hellip;","_links":{"self":[{"href":"https:\/\/bu.optimum-automotive.com\/de\/wp-json\/wp\/v2\/pages\/11","targetHints":{"allow":["GET"]}}],"collection":[{"href":"https:\/\/bu.optimum-automotive.com\/de\/wp-json\/wp\/v2\/pages"}],"about":[{"href":"https:\/\/bu.optimum-automotive.com\/de\/wp-json\/wp\/v2\/types\/page"}],"author":[{"embeddable":true,"href":"https:\/\/bu.optimum-automotive.com\/de\/wp-json\/wp\/v2\/users\/1"}],"replies":[{"embeddable":true,"href":"https:\/\/bu.optimum-automotive.com\/de\/wp-json\/wp\/v2\/comments?post=11"}],"version-history":[{"count":101,"href":"https:\/\/bu.optimum-automotive.com\/de\/wp-json\/wp\/v2\/pages\/11\/revisions"}],"predecessor-version":[{"id":5182,"href":"https:\/\/bu.optimum-automotive.com\/de\/wp-json\/wp\/v2\/pages\/11\/revisions\/5182"}],"wp:attachment":[{"href":"https:\/\/bu.optimum-automotive.com\/de\/wp-json\/wp\/v2\/media?parent=11"}],"curies":[{"name":"wp","href":"https:\/\/api.w.org\/{rel}","templated":true}]}}