{"id":1413,"date":"2024-05-23T11:37:12","date_gmt":"2024-05-23T09:37:12","guid":{"rendered":"https:\/\/www.optimum-automotive.com\/?page_id=1413"},"modified":"2025-03-31T15:24:26","modified_gmt":"2025-03-31T13:24:26","slug":"revue-de-presse","status":"publish","type":"page","link":"https:\/\/bu.optimum-automotive.com\/de\/presseschau\/","title":{"rendered":"PRESSESCHAU"},"content":{"rendered":"<h1 class=\"wp-block-heading mt-0\">PRESSESCHAU<\/h1>\n\n\n\n<div class=\"wp-block-uagb-container uagb-layout-flex uagb-block-1b6264bc default uagb-is-root-container\">\n<h2 class=\"wp-block-heading\">M\u00e4rz 2025<\/h2>\n\n\n<div class=\"wp-block-image\">\n<figure class=\"aligncenter size-full has-lightbox\"><a href=\"https:\/\/bu.optimum-automotive.com\/wp-content\/uploads\/2025\/03\/2025-03-25-ITRNEWS.COM-NEWSLETTER-25-mars-2025-10000000068801724.pdf\" target=\"_blank\" rel=\"noreferrer noopener\"><img loading=\"lazy\" decoding=\"async\" width=\"153\" height=\"200\" src=\"https:\/\/bu.optimum-automotive.com\/wp-content\/uploads\/2025\/03\/01-16.jpg\" alt=\"\" class=\"wp-image-5792\" srcset=\"https:\/\/bu.optimum-automotive.com\/wp-content\/uploads\/2025\/03\/01-16.jpg 153w, https:\/\/bu.optimum-automotive.com\/wp-content\/uploads\/2025\/03\/01-16-9x12.jpg 9w\" sizes=\"auto, (max-width: 153px) 100vw, 153px\" \/><\/a><figcaption class=\"wp-element-caption\"><strong>ITR NEWS COM<\/strong><br>Shiftmove ernennt Taco van der Leij zum Gesch\u00e4ftsf\u00fchrer f\u00fcr Frankreich<\/figcaption><\/figure><\/div>\n\n<div class=\"wp-block-image\">\n<figure class=\"aligncenter size-full has-lightbox\"><a href=\"https:\/\/bu.optimum-automotive.com\/wp-content\/uploads\/2025\/03\/2025-03-24-tendancesit.com-24-mars-2025-50000000372457453.pdf\" target=\"_blank\" rel=\"noreferrer noopener\"><img loading=\"lazy\" decoding=\"async\" width=\"153\" height=\"200\" src=\"https:\/\/bu.optimum-automotive.com\/wp-content\/uploads\/2025\/03\/01-15.jpg\" alt=\"\" class=\"wp-image-5790\" srcset=\"https:\/\/bu.optimum-automotive.com\/wp-content\/uploads\/2025\/03\/01-15.jpg 153w, https:\/\/bu.optimum-automotive.com\/wp-content\/uploads\/2025\/03\/01-15-9x12.jpg 9w\" sizes=\"auto, (max-width: 153px) 100vw, 153px\" \/><\/a><figcaption class=\"wp-element-caption\"><strong>IT-Trends<\/strong><br>Shiftmove ernennt Taco van der Leij zum Gesch\u00e4ftsf\u00fchrer f\u00fcr Frankreich<\/figcaption><\/figure><\/div>\n\n<div class=\"wp-block-image\">\n<figure class=\"aligncenter size-full has-lightbox\"><a href=\"https:\/\/bu.optimum-automotive.com\/wp-content\/uploads\/2025\/03\/2025-03-24-lentrepriseconnectee.com-24-mars-2025-50000000372457500.pdf\" target=\"_blank\" rel=\"noreferrer noopener\"><img loading=\"lazy\" decoding=\"async\" width=\"153\" height=\"200\" src=\"https:\/\/bu.optimum-automotive.com\/wp-content\/uploads\/2025\/03\/01-14.jpg\" alt=\"\" class=\"wp-image-5788\" srcset=\"https:\/\/bu.optimum-automotive.com\/wp-content\/uploads\/2025\/03\/01-14.jpg 153w, https:\/\/bu.optimum-automotive.com\/wp-content\/uploads\/2025\/03\/01-14-9x12.jpg 9w\" sizes=\"auto, (max-width: 153px) 100vw, 153px\" \/><\/a><figcaption class=\"wp-element-caption\"><strong>Das vernetzte Unternehmen<\/strong><br>Shiftmove ernennt Taco van der Leij zum Gesch\u00e4ftsf\u00fchrer f\u00fcr Frankreich<\/figcaption><\/figure><\/div>\n\n<div class=\"wp-block-image\">\n<figure class=\"aligncenter size-full has-lightbox\"><a href=\"https:\/\/bu.optimum-automotive.com\/wp-content\/uploads\/2025\/03\/2025-03-24-lavienumerique.com-24-mars-2025-50000000372457499.pdf\" target=\"_blank\" rel=\"noreferrer noopener\"><img loading=\"lazy\" decoding=\"async\" width=\"153\" height=\"200\" src=\"https:\/\/bu.optimum-automotive.com\/wp-content\/uploads\/2025\/03\/01-13.jpg\" alt=\"\" class=\"wp-image-5786\" srcset=\"https:\/\/bu.optimum-automotive.com\/wp-content\/uploads\/2025\/03\/01-13.jpg 153w, https:\/\/bu.optimum-automotive.com\/wp-content\/uploads\/2025\/03\/01-13-9x12.jpg 9w\" sizes=\"auto, (max-width: 153px) 100vw, 153px\" \/><\/a><figcaption class=\"wp-element-caption\"><strong>DigitalesLeben<\/strong><br>Shiftmove ernennt Taco van der Leij zum Gesch\u00e4ftsf\u00fchrer f\u00fcr Frankreich<\/figcaption><\/figure><\/div>\n\n<div class=\"wp-block-image\">\n<figure class=\"aligncenter size-full has-lightbox\"><a href=\"https:\/\/bu.optimum-automotive.com\/wp-content\/uploads\/2025\/03\/2025-03-24-itrsoftware.com-24-mars-2025-50000000372457435.pdf\" target=\"_blank\" rel=\"noreferrer noopener\"><img loading=\"lazy\" decoding=\"async\" width=\"153\" height=\"200\" src=\"https:\/\/bu.optimum-automotive.com\/wp-content\/uploads\/2025\/03\/01-12.jpg\" alt=\"\" class=\"wp-image-5784\" srcset=\"https:\/\/bu.optimum-automotive.com\/wp-content\/uploads\/2025\/03\/01-12.jpg 153w, https:\/\/bu.optimum-automotive.com\/wp-content\/uploads\/2025\/03\/01-12-9x12.jpg 9w\" sizes=\"auto, (max-width: 153px) 100vw, 153px\" \/><\/a><figcaption class=\"wp-element-caption\"><strong>ITRsoftware<\/strong><br>Shiftmove ernennt Taco van der Leij zum Gesch\u00e4ftsf\u00fchrer f\u00fcr Frankreich<\/figcaption><\/figure><\/div>\n\n<div class=\"wp-block-image\">\n<figure class=\"aligncenter size-full has-lightbox\"><a href=\"https:\/\/bu.optimum-automotive.com\/wp-content\/uploads\/2025\/03\/2025-03-24-itrnews.com-24-mars-2025-50000000372457450-1.pdf\" target=\"_blank\" rel=\"noreferrer noopener\"><img loading=\"lazy\" decoding=\"async\" width=\"153\" height=\"200\" src=\"https:\/\/bu.optimum-automotive.com\/wp-content\/uploads\/2025\/03\/01-11.jpg\" alt=\"\" class=\"wp-image-5781\" srcset=\"https:\/\/bu.optimum-automotive.com\/wp-content\/uploads\/2025\/03\/01-11.jpg 153w, https:\/\/bu.optimum-automotive.com\/wp-content\/uploads\/2025\/03\/01-11-9x12.jpg 9w\" sizes=\"auto, (max-width: 153px) 100vw, 153px\" \/><\/a><figcaption class=\"wp-element-caption\"><strong>ITRNews<\/strong><br>Shiftmove ernennt Taco van der Leij zum Gesch\u00e4ftsf\u00fchrer f\u00fcr Frankreich<\/figcaption><\/figure><\/div>\n\n<div class=\"wp-block-image\">\n<figure class=\"aligncenter size-full has-lightbox\"><a href=\"https:\/\/bu.optimum-automotive.com\/wp-content\/uploads\/2025\/03\/2025-03-24-itrmobiles.com-24-mars-2025-50000000372457467-1.pdf\" target=\"_blank\" rel=\"noreferrer noopener\"><img loading=\"lazy\" decoding=\"async\" width=\"153\" height=\"200\" src=\"https:\/\/bu.optimum-automotive.com\/wp-content\/uploads\/2025\/03\/01-10.jpg\" alt=\"\" class=\"wp-image-5779\" srcset=\"https:\/\/bu.optimum-automotive.com\/wp-content\/uploads\/2025\/03\/01-10.jpg 153w, https:\/\/bu.optimum-automotive.com\/wp-content\/uploads\/2025\/03\/01-10-9x12.jpg 9w\" sizes=\"auto, (max-width: 153px) 100vw, 153px\" \/><\/a><figcaption class=\"wp-element-caption\"><strong>ITR Mobiles<\/strong><br>Shiftmove ernennt Taco van der Leij zum Gesch\u00e4ftsf\u00fchrer f\u00fcr Frankreich<\/figcaption><\/figure><\/div>\n\n<div class=\"wp-block-image\">\n<figure class=\"aligncenter size-full has-lightbox\"><a href=\"https:\/\/bu.optimum-automotive.com\/wp-content\/uploads\/2025\/03\/2025-03-24-itrinnovation.com-24-mars-2025-50000000372457445.pdf\" target=\"_blank\" rel=\"noreferrer noopener\"><img loading=\"lazy\" decoding=\"async\" width=\"153\" height=\"200\" src=\"https:\/\/bu.optimum-automotive.com\/wp-content\/uploads\/2025\/03\/01-9.jpg\" alt=\"\" class=\"wp-image-5775\" srcset=\"https:\/\/bu.optimum-automotive.com\/wp-content\/uploads\/2025\/03\/01-9.jpg 153w, https:\/\/bu.optimum-automotive.com\/wp-content\/uploads\/2025\/03\/01-9-9x12.jpg 9w\" sizes=\"auto, (max-width: 153px) 100vw, 153px\" \/><\/a><figcaption class=\"wp-element-caption\"><strong>ITR Innovation<\/strong><br>Shiftmove ernennt Taco van der Leij zum Gesch\u00e4ftsf\u00fchrer f\u00fcr Frankreich<\/figcaption><\/figure><\/div>\n\n<div class=\"wp-block-image\">\n<figure class=\"aligncenter size-full has-lightbox\"><a href=\"https:\/\/bu.optimum-automotive.com\/wp-content\/uploads\/2025\/03\/2025-03-24-itrgames.com-24-mars-2025-50000000372457463.pdf\" target=\"_blank\" rel=\"noreferrer noopener\"><img loading=\"lazy\" decoding=\"async\" width=\"153\" height=\"200\" src=\"https:\/\/bu.optimum-automotive.com\/wp-content\/uploads\/2025\/03\/01-8.jpg\" alt=\"\" class=\"wp-image-5771\" srcset=\"https:\/\/bu.optimum-automotive.com\/wp-content\/uploads\/2025\/03\/01-8.jpg 153w, https:\/\/bu.optimum-automotive.com\/wp-content\/uploads\/2025\/03\/01-8-9x12.jpg 9w\" sizes=\"auto, (max-width: 153px) 100vw, 153px\" \/><\/a><figcaption class=\"wp-element-caption\"><strong>ITR-Spiele<\/strong><br>Shiftmove ernennt Taco van der Leij zum Gesch\u00e4ftsf\u00fchrer f\u00fcr Frankreich<\/figcaption><\/figure><\/div>\n\n<div class=\"wp-block-image\">\n<figure class=\"aligncenter size-full has-lightbox\"><a href=\"https:\/\/bu.optimum-automotive.com\/wp-content\/uploads\/2025\/03\/2025-03-24-infodsi.com-24-mars-2025-50000000372457448.pdf\" target=\"_blank\" rel=\"noreferrer noopener\"><img loading=\"lazy\" decoding=\"async\" width=\"153\" height=\"200\" src=\"https:\/\/bu.optimum-automotive.com\/wp-content\/uploads\/2025\/03\/01-7.jpg\" alt=\"\" class=\"wp-image-5768\" srcset=\"https:\/\/bu.optimum-automotive.com\/wp-content\/uploads\/2025\/03\/01-7.jpg 153w, https:\/\/bu.optimum-automotive.com\/wp-content\/uploads\/2025\/03\/01-7-9x12.jpg 9w\" sizes=\"auto, (max-width: 153px) 100vw, 153px\" \/><\/a><figcaption class=\"wp-element-caption\"><strong>infoDSI<\/strong><br>Shiftmove ernennt Taco van der Leij zum Gesch\u00e4ftsf\u00fchrer f\u00fcr Frankreich<\/figcaption><\/figure><\/div>\n\n<div class=\"wp-block-image\">\n<figure class=\"aligncenter size-full has-lightbox\"><a href=\"https:\/\/bu.optimum-automotive.com\/wp-content\/uploads\/2025\/03\/2025-03-24-ia-newsmag.com-24-mars-2025-50000000372457489.pdf\" target=\"_blank\" rel=\"noreferrer noopener\"><img loading=\"lazy\" decoding=\"async\" width=\"153\" height=\"200\" src=\"https:\/\/bu.optimum-automotive.com\/wp-content\/uploads\/2025\/03\/01-6.jpg\" alt=\"\" class=\"wp-image-5757\" srcset=\"https:\/\/bu.optimum-automotive.com\/wp-content\/uploads\/2025\/03\/01-6.jpg 153w, https:\/\/bu.optimum-automotive.com\/wp-content\/uploads\/2025\/03\/01-6-9x12.jpg 9w\" sizes=\"auto, (max-width: 153px) 100vw, 153px\" \/><\/a><figcaption class=\"wp-element-caption\"><strong>ia-newsmag.com<\/strong><br>Shiftmove ernennt Taco van der Leij zum Gesch\u00e4ftsf\u00fchrer f\u00fcr Frankreich<\/figcaption><\/figure><\/div>\n\n<div class=\"wp-block-image\">\n<figure class=\"aligncenter size-full has-lightbox\"><a href=\"https:\/\/bu.optimum-automotive.com\/wp-content\/uploads\/2025\/03\/2025-03-24-electronique-newsmag.com-24-mars-2025-50000000372457495.pdf\" target=\"_blank\" rel=\"noreferrer noopener\"><img loading=\"lazy\" decoding=\"async\" width=\"153\" height=\"200\" src=\"https:\/\/bu.optimum-automotive.com\/wp-content\/uploads\/2025\/03\/01-5.jpg\" alt=\"\" class=\"wp-image-5754\" srcset=\"https:\/\/bu.optimum-automotive.com\/wp-content\/uploads\/2025\/03\/01-5.jpg 153w, https:\/\/bu.optimum-automotive.com\/wp-content\/uploads\/2025\/03\/01-5-9x12.jpg 9w\" sizes=\"auto, (max-width: 153px) 100vw, 153px\" \/><\/a><figcaption class=\"wp-element-caption\"><strong>electronic-newsmag.com<\/strong><br>Shiftmove ernennt Taco van der Leij zum Gesch\u00e4ftsf\u00fchrer f\u00fcr Frankreich<\/figcaption><\/figure><\/div>\n\n<div class=\"wp-block-image\">\n<figure class=\"aligncenter size-full has-lightbox\"><a href=\"https:\/\/bu.optimum-automotive.com\/wp-content\/uploads\/2025\/03\/2025-03-24-animasoft.com-24-mars-2025-50000000372457437.pdf\" target=\"_blank\" rel=\"noreferrer noopener\"><img loading=\"lazy\" decoding=\"async\" width=\"153\" height=\"200\" src=\"https:\/\/bu.optimum-automotive.com\/wp-content\/uploads\/2025\/03\/01-4.jpg\" alt=\"\" class=\"wp-image-5751\" srcset=\"https:\/\/bu.optimum-automotive.com\/wp-content\/uploads\/2025\/03\/01-4.jpg 153w, https:\/\/bu.optimum-automotive.com\/wp-content\/uploads\/2025\/03\/01-4-9x12.jpg 9w\" sizes=\"auto, (max-width: 153px) 100vw, 153px\" \/><\/a><figcaption class=\"wp-element-caption\"><strong>Animasoft<\/strong><br>Shiftmove ernennt Taco van der Leij zum Gesch\u00e4ftsf\u00fchrer f\u00fcr Frankreich<\/figcaption><\/figure><\/div>\n\n\n<h2 class=\"wp-block-heading\">Februar 2025<\/h2>\n\n\n<div class=\"wp-block-image\">\n<figure class=\"aligncenter size-full has-lightbox\"><a href=\"https:\/\/bu.optimum-automotive.com\/wp-content\/uploads\/2025\/03\/2025-01-30-www.flotauto.com-30-janvier-2025-50000000372118535.pdf\" target=\"_blank\" rel=\"noreferrer noopener\"><img loading=\"lazy\" decoding=\"async\" width=\"153\" height=\"200\" src=\"https:\/\/bu.optimum-automotive.com\/wp-content\/uploads\/2025\/03\/01-2.jpg\" alt=\"\" class=\"wp-image-5637\" srcset=\"https:\/\/bu.optimum-automotive.com\/wp-content\/uploads\/2025\/03\/01-2.jpg 153w, https:\/\/bu.optimum-automotive.com\/wp-content\/uploads\/2025\/03\/01-2-9x12.jpg 9w\" sizes=\"auto, (max-width: 153px) 100vw, 153px\" \/><\/a><figcaption class=\"wp-element-caption\"><strong>flotauto.com<\/strong><br>Eine Telematikl\u00f6sung f\u00fcr Relyens Versicherte<\/figcaption><\/figure><\/div>\n\n<div class=\"wp-block-image\">\n<figure class=\"aligncenter size-full has-lightbox\"><a href=\"https:\/\/bu.optimum-automotive.com\/wp-content\/uploads\/2025\/03\/2025-01-30-LAutomobile-lentreprise-Relyens-choisit-Optimum-pour-ameliorer-.-de-flotte-des-etablissements-de-sante.pdf\" target=\"_blank\" rel=\"noreferrer noopener\"><img loading=\"lazy\" decoding=\"async\" width=\"153\" height=\"200\" src=\"https:\/\/bu.optimum-automotive.com\/wp-content\/uploads\/2025\/03\/01.jpg\" alt=\"\" class=\"wp-image-5629\" srcset=\"https:\/\/bu.optimum-automotive.com\/wp-content\/uploads\/2025\/03\/01.jpg 153w, https:\/\/bu.optimum-automotive.com\/wp-content\/uploads\/2025\/03\/01-9x12.jpg 9w\" sizes=\"auto, (max-width: 153px) 100vw, 153px\" \/><\/a><figcaption class=\"wp-element-caption\"><strong>Auto &amp; Unternehmen<\/strong><br>Relyens w\u00e4hlt Optimum, um das Flottenmanagement von Gesundheitseinrichtungen zu verbessern<\/figcaption><\/figure><\/div>\n\n<div class=\"wp-block-image\">\n<figure class=\"aligncenter size-full has-lightbox\"><a href=\"https:\/\/bu.optimum-automotive.com\/wp-content\/uploads\/2025\/03\/2025-02-03-LE-JOURNAL-DES-ENTREPRISES-LE-BRIEF-EDITION-AUVERGNE-RHONE-ALPES-NEWSLETTER-03-fevrier-2025-10000000068470150.pdf\" target=\"_blank\" rel=\"noreferrer noopener\"><img loading=\"lazy\" decoding=\"async\" width=\"153\" height=\"200\" src=\"https:\/\/bu.optimum-automotive.com\/wp-content\/uploads\/2025\/03\/01-3.jpg\" alt=\"\" class=\"wp-image-5641\" srcset=\"https:\/\/bu.optimum-automotive.com\/wp-content\/uploads\/2025\/03\/01-3.jpg 153w, https:\/\/bu.optimum-automotive.com\/wp-content\/uploads\/2025\/03\/01-3-9x12.jpg 9w\" sizes=\"auto, (max-width: 153px) 100vw, 153px\" \/><\/a><figcaption class=\"wp-element-caption\"><strong>DAS JOURNAL DER<br>UNTERNEHMEN<\/strong><br>Relyens startet Plattform zur Verhinderung von<br>Risiken im Zusammenhang mit Fahrzeugflotten<\/figcaption><\/figure><\/div>\n\n<div class=\"wp-block-image\">\n<figure class=\"aligncenter size-full has-lightbox\"><a href=\"https:\/\/bu.optimum-automotive.com\/wp-content\/uploads\/2025\/03\/2025-01-30-www.am-today.com-30-janvier-2025-50000000372114018.pdf\" target=\"_blank\" rel=\"noreferrer noopener\"><img loading=\"lazy\" decoding=\"async\" width=\"153\" height=\"200\" src=\"https:\/\/bu.optimum-automotive.com\/wp-content\/uploads\/2025\/03\/01-1.jpg\" alt=\"\" class=\"wp-image-5633\" srcset=\"https:\/\/bu.optimum-automotive.com\/wp-content\/uploads\/2025\/03\/01-1.jpg 153w, https:\/\/bu.optimum-automotive.com\/wp-content\/uploads\/2025\/03\/01-1-9x12.jpg 9w\" sizes=\"auto, (max-width: 153px) 100vw, 153px\" \/><\/a><figcaption class=\"wp-element-caption\"><strong>am-today.com<\/strong><br>Relyens integriert die Optimum-L\u00f6sung zur Risikopr\u00e4vention<br>Automobile.<\/figcaption><\/figure><\/div>\n\n\n<h2 class=\"wp-block-heading\">Januar 2025<\/h2>\n\n\n<div class=\"wp-block-image\">\n<figure class=\"aligncenter size-full has-lightbox\"><a href=\"https:\/\/bu.optimum-automotive.com\/wp-content\/uploads\/2025\/01\/2025-01-15-www.auto-infos.fr-15-janvier-2025-50000000372043441.pdf\" target=\"_blank\" rel=\"noreferrer noopener\"><img loading=\"lazy\" decoding=\"async\" width=\"153\" height=\"200\" src=\"https:\/\/bu.optimum-automotive.com\/wp-content\/uploads\/2025\/01\/01-2.jpg\" alt=\"\" class=\"wp-image-5368\" srcset=\"https:\/\/bu.optimum-automotive.com\/wp-content\/uploads\/2025\/01\/01-2.jpg 153w, https:\/\/bu.optimum-automotive.com\/wp-content\/uploads\/2025\/01\/01-2-9x12.jpg 9w\" sizes=\"auto, (max-width: 153px) 100vw, 153px\" \/><\/a><figcaption class=\"wp-element-caption\"><strong>AUTO INFOS<\/strong><br>Optimum Automotive \u00e4ndert seine Identit\u00e4t und wird zu Optimum (by Shiftmove)<\/figcaption><\/figure><\/div>\n\n<div class=\"wp-block-image\">\n<figure class=\"aligncenter size-full has-lightbox\"><a href=\"https:\/\/bu.optimum-automotive.com\/wp-content\/uploads\/2025\/01\/2025-01-17-www.decision-achats.fr-17-janvier-2025-50000000372043444.pdf\" target=\"_blank\" rel=\"noreferrer noopener\"><img loading=\"lazy\" decoding=\"async\" width=\"153\" height=\"200\" src=\"https:\/\/bu.optimum-automotive.com\/wp-content\/uploads\/2025\/01\/01-1.jpg\" alt=\"\" class=\"wp-image-5365\" srcset=\"https:\/\/bu.optimum-automotive.com\/wp-content\/uploads\/2025\/01\/01-1.jpg 153w, https:\/\/bu.optimum-automotive.com\/wp-content\/uploads\/2025\/01\/01-1-9x12.jpg 9w\" sizes=\"auto, (max-width: 153px) 100vw, 153px\" \/><\/a><figcaption class=\"wp-element-caption\"><strong>ENTSCHEIDUNG EINKAUF -ONLINE<\/strong><br>Optimum x Shiftmove: Neue Identit\u00e4t f\u00fcr den Flottenmanager<\/figcaption><\/figure><\/div>\n\n<div class=\"wp-block-image\">\n<figure class=\"aligncenter size-full has-lightbox\"><a href=\"https:\/\/bu.optimum-automotive.com\/wp-content\/uploads\/2025\/01\/Optimum-Automotive-change-didentite-et-devient-Optimum-by-Shiftmove.pdf\" target=\"_blank\" rel=\"noreferrer noopener\"><img loading=\"lazy\" decoding=\"async\" width=\"153\" height=\"200\" src=\"https:\/\/bu.optimum-automotive.com\/wp-content\/uploads\/2025\/01\/01.jpg\" alt=\"\" class=\"wp-image-5345\" srcset=\"https:\/\/bu.optimum-automotive.com\/wp-content\/uploads\/2025\/01\/01.jpg 153w, https:\/\/bu.optimum-automotive.com\/wp-content\/uploads\/2025\/01\/01-9x12.jpg 9w\" sizes=\"auto, (max-width: 153px) 100vw, 153px\" \/><\/a><figcaption class=\"wp-element-caption\"><strong>Auto &amp; Unternehmen<\/strong><br>Optimum Automotive \u00e4ndert seine Identit\u00e4t und wird zu Optimum by Shiftmove<\/figcaption><\/figure><\/div>\n\n\n<h2 class=\"wp-block-heading\">Dezember 2024<\/h2>\n\n\n<div class=\"wp-block-image\">\n<figure class=\"aligncenter size-full has-lightbox\"><a href=\"https:\/\/bu.optimum-automotive.com\/wp-content\/uploads\/2024\/12\/2024-11-26-OPTION-FINANCE-LE-MENSUEL-Novembre-2024-10000000068081488.pdf\" target=\"_blank\" rel=\"noreferrer noopener\"><img loading=\"lazy\" decoding=\"async\" width=\"153\" height=\"200\" src=\"https:\/\/bu.optimum-automotive.com\/wp-content\/uploads\/2024\/12\/01-1.jpg\" alt=\"\" class=\"wp-image-4390\" srcset=\"https:\/\/bu.optimum-automotive.com\/wp-content\/uploads\/2024\/12\/01-1.jpg 153w, https:\/\/bu.optimum-automotive.com\/wp-content\/uploads\/2024\/12\/01-1-9x12.jpg 9w\" sizes=\"auto, (max-width: 153px) 100vw, 153px\" \/><\/a><figcaption class=\"wp-element-caption\"><strong>Option Finanzen<\/strong><br>Gesch\u00e4ftsbanken<br>Tech, immer noch ein Motor f\u00fcr M&amp;A<\/figcaption><\/figure><\/div>\n\n<div class=\"wp-block-image\">\n<figure class=\"aligncenter size-full has-lightbox\"><a href=\"https:\/\/bu.optimum-automotive.com\/wp-content\/uploads\/2024\/12\/2024-11-26-FLOTTES-AUTOMOBILES-Novembre-2024-10000000068081491.pdf\" target=\"_blank\" rel=\"noreferrer noopener\"><img loading=\"lazy\" decoding=\"async\" width=\"153\" height=\"200\" src=\"https:\/\/bu.optimum-automotive.com\/wp-content\/uploads\/2024\/12\/01.jpg\" alt=\"\" class=\"wp-image-4387\" srcset=\"https:\/\/bu.optimum-automotive.com\/wp-content\/uploads\/2024\/12\/01.jpg 153w, https:\/\/bu.optimum-automotive.com\/wp-content\/uploads\/2024\/12\/01-9x12.jpg 9w\" sizes=\"auto, (max-width: 153px) 100vw, 153px\" \/><\/a><figcaption class=\"wp-element-caption\"><strong>AUTOFLOTTEN<\/strong><br>Elektrisches Carsharing<br>Arbeit aus \u00dcberzeugung<\/figcaption><\/figure><\/div>\n\n<div class=\"wp-block-image\">\n<figure class=\"aligncenter size-full has-lightbox\"><a href=\"https:\/\/bu.optimum-automotive.com\/wp-content\/uploads\/2024\/12\/Vehicules-partages_moins-de-couts-et-moins-de-CO2-2.pdf\" target=\"_blank\" rel=\"noreferrer noopener\"><img loading=\"lazy\" decoding=\"async\" width=\"153\" height=\"200\" src=\"https:\/\/bu.optimum-automotive.com\/wp-content\/uploads\/2024\/12\/01-2.jpg\" alt=\"\" class=\"wp-image-4395\" srcset=\"https:\/\/bu.optimum-automotive.com\/wp-content\/uploads\/2024\/12\/01-2.jpg 153w, https:\/\/bu.optimum-automotive.com\/wp-content\/uploads\/2024\/12\/01-2-9x12.jpg 9w\" sizes=\"auto, (max-width: 153px) 100vw, 153px\" \/><\/a><figcaption class=\"wp-element-caption\"><strong>flotauto.com<\/strong><br>Geteilte Fahrzeuge: weniger Kosten und weniger<br>an CO2<\/figcaption><\/figure><\/div>\n\n\n<h2 class=\"wp-block-heading\">November 2024<\/h2>\n\n\n<div class=\"wp-block-image\">\n<figure class=\"aligncenter size-full has-lightbox\"><a href=\"https:\/\/bu.optimum-automotive.com\/wp-content\/uploads\/2024\/11\/2024-11-09-LE-JOURNAL-DES-ENTREPRISES-EDITION-REGION-SUD-Novembre-2024-10000000067978052.pdf\" target=\"_blank\" rel=\"noreferrer noopener\"><img loading=\"lazy\" decoding=\"async\" width=\"153\" height=\"200\" src=\"https:\/\/bu.optimum-automotive.com\/wp-content\/uploads\/2024\/11\/01-2.jpg\" alt=\"\" class=\"wp-image-4225\" srcset=\"https:\/\/bu.optimum-automotive.com\/wp-content\/uploads\/2024\/11\/01-2.jpg 153w, https:\/\/bu.optimum-automotive.com\/wp-content\/uploads\/2024\/11\/01-2-9x12.jpg 9w\" sizes=\"auto, (max-width: 153px) 100vw, 153px\" \/><\/a><figcaption class=\"wp-element-caption\"><strong>DIE UNTERNEHMENSZEITUNG<\/strong><br>Das in Aix ans\u00e4ssige Unternehmen Optimum Automotive wird von der<br>deutsch-schweizerische Plattform Shiftmove<\/figcaption><\/figure><\/div>\n\n<div class=\"wp-block-image\">\n<figure class=\"aligncenter size-full has-lightbox\"><a href=\"https:\/\/bu.optimum-automotive.com\/wp-content\/uploads\/2024\/11\/La-Recharge-Electrique-Simplifiee-pour-les-Entreprises-Make-a-Move.pdf\" target=\"_blank\" rel=\"noreferrer noopener\"><img loading=\"lazy\" decoding=\"async\" width=\"153\" height=\"200\" src=\"https:\/\/bu.optimum-automotive.com\/wp-content\/uploads\/2024\/11\/01-3.jpg\" alt=\"\" class=\"wp-image-4228\" srcset=\"https:\/\/bu.optimum-automotive.com\/wp-content\/uploads\/2024\/11\/01-3.jpg 153w, https:\/\/bu.optimum-automotive.com\/wp-content\/uploads\/2024\/11\/01-3-9x12.jpg 9w\" sizes=\"auto, (max-width: 153px) 100vw, 153px\" \/><\/a><figcaption class=\"wp-element-caption\"><strong>MAKE A MOVE<\/strong><br>Optimum Automotive bietet eine L\u00f6sung f\u00fcr die Erstattung der Kosten f\u00fcr das Aufladen von Elektroautos zu Hause an<\/figcaption><\/figure><\/div>\n\n<div class=\"wp-block-image\">\n<figure class=\"aligncenter size-full has-lightbox\"><a href=\"https:\/\/bu.optimum-automotive.com\/wp-content\/uploads\/2024\/11\/2024-10-29-FLOTTES-AUTOMOBILES-Octobre-2024-10000000067926421.pdf\" target=\"_blank\" rel=\"noreferrer noopener\"><img loading=\"lazy\" decoding=\"async\" width=\"153\" height=\"200\" src=\"https:\/\/bu.optimum-automotive.com\/wp-content\/uploads\/2024\/11\/01.jpg\" alt=\"\" class=\"wp-image-4218\" srcset=\"https:\/\/bu.optimum-automotive.com\/wp-content\/uploads\/2024\/11\/01.jpg 153w, https:\/\/bu.optimum-automotive.com\/wp-content\/uploads\/2024\/11\/01-9x12.jpg 9w\" sizes=\"auto, (max-width: 153px) 100vw, 153px\" \/><\/a><figcaption class=\"wp-element-caption\"><strong>AUTOFLOTTEN<\/strong><br>Im Dienste der Projekte<br>von Unternehmen<\/figcaption><\/figure><\/div>\n\n<div class=\"wp-block-image\">\n<figure class=\"aligncenter size-full has-lightbox\"><a href=\"https:\/\/bu.optimum-automotive.com\/wp-content\/uploads\/2024\/11\/2024-10-16-LES-ECHOS-16-octobre-2024-10000000067829087.pdf\" target=\"_blank\" rel=\"noreferrer noopener\"><img loading=\"lazy\" decoding=\"async\" width=\"153\" height=\"200\" src=\"https:\/\/bu.optimum-automotive.com\/wp-content\/uploads\/2024\/11\/01-4.jpg\" alt=\"\" class=\"wp-image-4231\" srcset=\"https:\/\/bu.optimum-automotive.com\/wp-content\/uploads\/2024\/11\/01-4.jpg 153w, https:\/\/bu.optimum-automotive.com\/wp-content\/uploads\/2024\/11\/01-4-9x12.jpg 9w\" sizes=\"auto, (max-width: 153px) 100vw, 153px\" \/><\/a><figcaption class=\"wp-element-caption\"><strong>LesEchos<\/strong><br>Lotteriemanagement:Optimum<br>Automotive von Shiftmove aufgekauft<\/figcaption><\/figure><\/div>\n\n<div class=\"wp-block-image\">\n<figure class=\"aligncenter size-full has-lightbox\"><a href=\"https:\/\/bu.optimum-automotive.com\/wp-content\/uploads\/2024\/11\/2024-10-30-www.fusacq.com-30-octobre-2024-50000000371598962.pdf\" target=\"_blank\" rel=\"noreferrer noopener\"><img loading=\"lazy\" decoding=\"async\" width=\"153\" height=\"200\" src=\"https:\/\/bu.optimum-automotive.com\/wp-content\/uploads\/2024\/11\/01-1.jpg\" alt=\"\" class=\"wp-image-4221\" srcset=\"https:\/\/bu.optimum-automotive.com\/wp-content\/uploads\/2024\/11\/01-1.jpg 153w, https:\/\/bu.optimum-automotive.com\/wp-content\/uploads\/2024\/11\/01-1-9x12.jpg 9w\" sizes=\"auto, (max-width: 153px) 100vw, 153px\" \/><\/a><figcaption class=\"wp-element-caption\"><strong>FUSACQ<\/strong><br>SHIFTMOVE \u00fcbernimmt das Flottenmanagement-Unternehmen OPTIMUM<br>AUTOMOTIVE<\/figcaption><\/figure><\/div>\n\n\n<h2 class=\"wp-block-heading\">Oktober 2024<\/h2>\n\n\n<div class=\"wp-block-image\">\n<figure class=\"aligncenter size-full has-lightbox\"><a href=\"https:\/\/bu.optimum-automotive.com\/wp-content\/uploads\/2024\/10\/2024-10-22-www.motors-addict.com-22-octobre-2024-50000000371561157.pdf\" target=\"_blank\" rel=\"noreferrer noopener\"><img loading=\"lazy\" decoding=\"async\" width=\"153\" height=\"200\" src=\"https:\/\/bu.optimum-automotive.com\/wp-content\/uploads\/2024\/10\/05.jpg\" alt=\"\" class=\"wp-image-4214\" srcset=\"https:\/\/bu.optimum-automotive.com\/wp-content\/uploads\/2024\/10\/05.jpg 153w, https:\/\/bu.optimum-automotive.com\/wp-content\/uploads\/2024\/10\/05-9x12.jpg 9w\" sizes=\"auto, (max-width: 153px) 100vw, 153px\" \/><\/a><figcaption class=\"wp-element-caption\"><strong>motors-addict.com<\/strong><br>Chinesische Autohersteller werden in die Firmenparks dr\u00e4ngen<\/figcaption><\/figure><\/div>\n\n<div class=\"wp-block-image\">\n<figure class=\"aligncenter size-full has-lightbox\"><a href=\"https:\/\/bu.optimum-automotive.com\/wp-content\/uploads\/2024\/10\/2024-10-22-www.caradisiac.com-22-octobre-2024-50000000371561147.pdf\" target=\"_blank\" rel=\"noreferrer noopener\"><img loading=\"lazy\" decoding=\"async\" width=\"153\" height=\"200\" src=\"https:\/\/bu.optimum-automotive.com\/wp-content\/uploads\/2024\/10\/04.jpg\" alt=\"\" class=\"wp-image-4211\" srcset=\"https:\/\/bu.optimum-automotive.com\/wp-content\/uploads\/2024\/10\/04.jpg 153w, https:\/\/bu.optimum-automotive.com\/wp-content\/uploads\/2024\/10\/04-9x12.jpg 9w\" sizes=\"auto, (max-width: 153px) 100vw, 153px\" \/><\/a><figcaption class=\"wp-element-caption\"><strong>caradisiac.com<\/strong><br>Chinesische Autohersteller werden in die Firmenparks dr\u00e4ngen<\/figcaption><\/figure><\/div>\n\n<div class=\"wp-block-image\">\n<figure class=\"aligncenter size-full has-lightbox\"><a href=\"https:\/\/bu.optimum-automotive.com\/wp-content\/uploads\/2024\/10\/2024-10-22-www.autojournal.fr-22-octobre-2024-50000000371561148.pdf\" target=\"_blank\" rel=\"noreferrer noopener\"><img loading=\"lazy\" decoding=\"async\" width=\"153\" height=\"200\" src=\"https:\/\/bu.optimum-automotive.com\/wp-content\/uploads\/2024\/10\/03.jpg\" alt=\"\" class=\"wp-image-4208\" srcset=\"https:\/\/bu.optimum-automotive.com\/wp-content\/uploads\/2024\/10\/03.jpg 153w, https:\/\/bu.optimum-automotive.com\/wp-content\/uploads\/2024\/10\/03-9x12.jpg 9w\" sizes=\"auto, (max-width: 153px) 100vw, 153px\" \/><\/a><figcaption class=\"wp-element-caption\"><strong>autojournal.de<\/strong><br>Firmenwagen: Manager lieben SUVs<\/figcaption><\/figure><\/div>\n\n<div class=\"wp-block-image\">\n<figure class=\"aligncenter size-full has-lightbox\"><a href=\"https:\/\/bu.optimum-automotive.com\/wp-content\/uploads\/2024\/10\/2024-10-16-www.am-today.com-16-octobre-2024-50000000371561173.pdf\" target=\"_blank\" rel=\"noreferrer noopener\"><img loading=\"lazy\" decoding=\"async\" width=\"153\" height=\"200\" src=\"https:\/\/bu.optimum-automotive.com\/wp-content\/uploads\/2024\/10\/02.jpg\" alt=\"\" class=\"wp-image-4203\" srcset=\"https:\/\/bu.optimum-automotive.com\/wp-content\/uploads\/2024\/10\/02.jpg 153w, https:\/\/bu.optimum-automotive.com\/wp-content\/uploads\/2024\/10\/02-9x12.jpg 9w\" sizes=\"auto, (max-width: 153px) 100vw, 153px\" \/><\/a><figcaption class=\"wp-element-caption\"><strong>am-today.com<\/strong><br>Optimum Automotive nimmt mit der Integration von Shiftmove einen neuen Anlauf<\/figcaption><\/figure><\/div>\n\n<div class=\"wp-block-image\">\n<figure class=\"aligncenter size-full has-lightbox\"><a href=\"https:\/\/bu.optimum-automotive.com\/wp-content\/uploads\/2024\/10\/2024-10-15-www.nouvelles-du-monde.com-15-octobre-2024-50000000371561159.pdf\" target=\"_blank\" rel=\"noreferrer noopener\"><img loading=\"lazy\" decoding=\"async\" width=\"153\" height=\"200\" src=\"https:\/\/bu.optimum-automotive.com\/wp-content\/uploads\/2024\/10\/01-3.jpg\" alt=\"\" class=\"wp-image-4199\" srcset=\"https:\/\/bu.optimum-automotive.com\/wp-content\/uploads\/2024\/10\/01-3.jpg 153w, https:\/\/bu.optimum-automotive.com\/wp-content\/uploads\/2024\/10\/01-3-9x12.jpg 9w\" sizes=\"auto, (max-width: 153px) 100vw, 153px\" \/><\/a><figcaption class=\"wp-element-caption\"><strong>nachrichten-der-welt.com<\/strong><br>Shiftmove \u00fcbernimmt Optimum Automotive und will die Digitalisierung vorantreiben<br>von Flotten<\/figcaption><\/figure><\/div>\n\n<div class=\"wp-block-image\">\n<figure class=\"aligncenter size-full has-lightbox\"><a href=\"https:\/\/bu.optimum-automotive.com\/wp-content\/uploads\/2024\/10\/Optimum-Automotive-passe-sous-pavillon-germano-suisse_journaldesflottes.pdf\" target=\"_blank\" rel=\"noreferrer noopener\"><img loading=\"lazy\" decoding=\"async\" width=\"153\" height=\"200\" src=\"https:\/\/bu.optimum-automotive.com\/wp-content\/uploads\/2024\/10\/01-2.jpg\" alt=\"\" class=\"wp-image-4190\" srcset=\"https:\/\/bu.optimum-automotive.com\/wp-content\/uploads\/2024\/10\/01-2.jpg 153w, https:\/\/bu.optimum-automotive.com\/wp-content\/uploads\/2024\/10\/01-2-9x12.jpg 9w\" sizes=\"auto, (max-width: 153px) 100vw, 153px\" \/><\/a><figcaption class=\"wp-element-caption\"><strong>Die Flottenzeitung<\/strong><br>Optimum Automotive wechselt unter die Flagge<br>deutsch-schweizerisch<\/figcaption><\/figure><\/div>\n\n<div class=\"wp-block-image\">\n<figure class=\"aligncenter size-full has-lightbox\"><a href=\"https:\/\/bu.optimum-automotive.com\/wp-content\/uploads\/2024\/10\/Optimum-Automotive-et-Shiftmove-fusionnent-pour-dominer-la-gestion-de-flotte-par-la-data_automobileentreprise.pdf\" target=\"_blank\" rel=\"noreferrer noopener\"><img loading=\"lazy\" decoding=\"async\" width=\"153\" height=\"200\" src=\"https:\/\/bu.optimum-automotive.com\/wp-content\/uploads\/2024\/10\/01-1.jpg\" alt=\"\" class=\"wp-image-4185\" srcset=\"https:\/\/bu.optimum-automotive.com\/wp-content\/uploads\/2024\/10\/01-1.jpg 153w, https:\/\/bu.optimum-automotive.com\/wp-content\/uploads\/2024\/10\/01-1-9x12.jpg 9w\" sizes=\"auto, (max-width: 153px) 100vw, 153px\" \/><\/a><figcaption class=\"wp-element-caption\"><strong>Auto &amp; Unternehmen<\/strong><br>Optimum Automotive und Shiftmove schlie\u00dfen sich zusammen, um das datengest\u00fctzte Flottenmanagement zu dominieren<\/figcaption><\/figure><\/div>\n\n<div class=\"wp-block-image\">\n<figure class=\"aligncenter size-full has-lightbox\"><a href=\"https:\/\/bu.optimum-automotive.com\/wp-content\/uploads\/2024\/10\/Optimum-Automotive-veut-faciliter-lindemnisation-des-recharges-a-domicile-pour-les-collaborateurs.pdf\" target=\"_blank\" rel=\"noreferrer noopener\"><img loading=\"lazy\" decoding=\"async\" width=\"153\" height=\"200\" src=\"https:\/\/bu.optimum-automotive.com\/wp-content\/uploads\/2024\/10\/01.jpg\" alt=\"\" class=\"wp-image-4180\" srcset=\"https:\/\/bu.optimum-automotive.com\/wp-content\/uploads\/2024\/10\/01.jpg 153w, https:\/\/bu.optimum-automotive.com\/wp-content\/uploads\/2024\/10\/01-9x12.jpg 9w\" sizes=\"auto, (max-width: 153px) 100vw, 153px\" \/><\/a><figcaption class=\"wp-element-caption\"><strong>automobile-propre.com<\/strong><br>Optimum Automotive will die Entsch\u00e4digung von Mitarbeitern f\u00fcr das Aufladen zu Hause erleichtern<\/figcaption><\/figure><\/div>\n\n\n<h2 class=\"wp-block-heading\">September 2024<\/h2>\n\n\n<div class=\"wp-block-image\">\n<figure class=\"aligncenter size-full has-lightbox\"><a href=\"https:\/\/bu.optimum-automotive.com\/wp-content\/uploads\/2024\/09\/Telematique-_-Optimum-Automotive-suit-la-recharge-a-domicile.pdf\" target=\"_blank\" rel=\"noreferrer noopener\"><img loading=\"lazy\" decoding=\"async\" width=\"153\" height=\"200\" src=\"https:\/\/bu.optimum-automotive.com\/wp-content\/uploads\/2024\/09\/01-2.jpg\" alt=\"\" class=\"wp-image-4174\" srcset=\"https:\/\/bu.optimum-automotive.com\/wp-content\/uploads\/2024\/09\/01-2.jpg 153w, https:\/\/bu.optimum-automotive.com\/wp-content\/uploads\/2024\/09\/01-2-9x12.jpg 9w\" sizes=\"auto, (max-width: 153px) 100vw, 153px\" \/><\/a><figcaption class=\"wp-element-caption\"><strong>Autoflotten<\/strong><br>Telematik: Optimum Automotive folgt der<br>Aufladen zu Hause<\/figcaption><\/figure><\/div>\n\n<div class=\"wp-block-image\">\n<figure class=\"aligncenter size-full has-lightbox\"><a href=\"https:\/\/bu.optimum-automotive.com\/wp-content\/uploads\/2024\/09\/Optimum-Automotive-facilite-la-recharge-a-domicile.pdf\" target=\"_blank\" rel=\"noreferrer noopener\"><img loading=\"lazy\" decoding=\"async\" width=\"153\" height=\"200\" src=\"https:\/\/bu.optimum-automotive.com\/wp-content\/uploads\/2024\/09\/02.jpg\" alt=\"\" class=\"wp-image-4175\" srcset=\"https:\/\/bu.optimum-automotive.com\/wp-content\/uploads\/2024\/09\/02.jpg 153w, https:\/\/bu.optimum-automotive.com\/wp-content\/uploads\/2024\/09\/02-9x12.jpg 9w\" sizes=\"auto, (max-width: 153px) 100vw, 153px\" \/><\/a><figcaption class=\"wp-element-caption\"><strong><strong>Auto &amp; Unternehmen<\/strong><\/strong><br>Optimum Automotive erleichtert das Aufladen zu Hause<\/figcaption><\/figure><\/div>\n\n<div class=\"wp-block-image\">\n<figure class=\"aligncenter size-full has-lightbox\"><a href=\"https:\/\/bu.optimum-automotive.com\/wp-content\/uploads\/2024\/09\/2024-09-11-fluidsandlubricants.com-11-septembre-2024-50000000371303995.pdf\" target=\"_blank\" rel=\"noreferrer noopener\"><img loading=\"lazy\" decoding=\"async\" width=\"153\" height=\"200\" src=\"https:\/\/bu.optimum-automotive.com\/wp-content\/uploads\/2024\/09\/01-1.jpg\" alt=\"\" class=\"wp-image-2442\" srcset=\"https:\/\/bu.optimum-automotive.com\/wp-content\/uploads\/2024\/09\/01-1.jpg 153w, https:\/\/bu.optimum-automotive.com\/wp-content\/uploads\/2024\/09\/01-1-9x12.jpg 9w\" sizes=\"auto, (max-width: 153px) 100vw, 153px\" \/><\/a><figcaption class=\"wp-element-caption\"><strong>fluidsandlubricants.com<\/strong><br>Optimum Automotive gewinnt Innovationspreis<br>mit seinem Dienst \"MOBILITY PACK\".<\/figcaption><\/figure><\/div>\n\n\n<h2 class=\"wp-block-heading\">August 2024<\/h2>\n\n\n<div class=\"wp-block-image\">\n<figure class=\"aligncenter size-full has-lightbox\"><a href=\"https:\/\/bu.optimum-automotive.com\/wp-content\/uploads\/2024\/09\/Entretien-avec-Daniel-Vassallucci-CEO-dOptimum-Automotive-RISE.pdf\" target=\"_blank\" rel=\"noreferrer noopener\"><img loading=\"lazy\" decoding=\"async\" width=\"153\" height=\"200\" src=\"https:\/\/bu.optimum-automotive.com\/wp-content\/uploads\/2024\/09\/01.jpg\" alt=\"\" class=\"wp-image-2421\" srcset=\"https:\/\/bu.optimum-automotive.com\/wp-content\/uploads\/2024\/09\/01.jpg 153w, https:\/\/bu.optimum-automotive.com\/wp-content\/uploads\/2024\/09\/01-9x12.jpg 9w\" sizes=\"auto, (max-width: 153px) 100vw, 153px\" \/><\/a><figcaption class=\"wp-element-caption\"><strong>risemag.de<\/strong><br>Interview mit Daniel Vassallucci, CEO von Optimum Automotive <\/figcaption><\/figure><\/div>\n\n<div class=\"wp-block-image\">\n<figure class=\"aligncenter size-full has-lightbox\"><a href=\"https:\/\/bu.optimum-automotive.com\/wp-content\/uploads\/2024\/08\/2024-08-05-LAUTOMOBILE-LENTREPRISE-Aout-septembre-2024-10000000067419064-1.pdf\" target=\"_blank\" rel=\"noreferrer noopener\"><img loading=\"lazy\" decoding=\"async\" width=\"153\" height=\"200\" src=\"https:\/\/bu.optimum-automotive.com\/wp-content\/uploads\/2024\/08\/01.jpg\" alt=\"\" class=\"wp-image-2340\" srcset=\"https:\/\/bu.optimum-automotive.com\/wp-content\/uploads\/2024\/08\/01.jpg 153w, https:\/\/bu.optimum-automotive.com\/wp-content\/uploads\/2024\/08\/01-9x12.jpg 9w\" sizes=\"auto, (max-width: 153px) 100vw, 153px\" \/><\/a><figcaption class=\"wp-element-caption\"><strong>Auto &amp; Unternehmen<\/strong><br><strong><strong>Troph\u00e4en 2024 :<\/strong><\/strong><br>flotten feiern dienstleister und hersteller<\/figcaption><\/figure><\/div>\n\n\n<h2 class=\"wp-block-heading\">JULI 2024<\/h2>\n\n\n<div class=\"wp-block-image\">\n<figure class=\"aligncenter size-full has-lightbox\"><a href=\"https:\/\/bu.optimum-automotive.com\/wp-content\/uploads\/2024\/07\/2024-07-09-LAUTOMOBILE-LENTREPRISE-Juillet-2024-10000000067304948.pdf\" target=\"_blank\" rel=\"noreferrer noopener\"><img loading=\"lazy\" decoding=\"async\" width=\"153\" height=\"200\" src=\"https:\/\/bu.optimum-automotive.com\/wp-content\/uploads\/2024\/07\/01-5.jpg\" alt=\"\" class=\"wp-image-2268\" srcset=\"https:\/\/bu.optimum-automotive.com\/wp-content\/uploads\/2024\/07\/01-5.jpg 153w, https:\/\/bu.optimum-automotive.com\/wp-content\/uploads\/2024\/07\/01-5-9x12.jpg 9w\" sizes=\"auto, (max-width: 153px) 100vw, 153px\" \/><\/a><figcaption class=\"wp-element-caption\"><strong><strong>Auto &amp; Unternehmen<\/strong><\/strong><br>Optimum Automotive gewinnt bei Wartung und Kundendienst<\/figcaption><\/figure><\/div>\n\n<div class=\"wp-block-image\">\n<figure class=\"aligncenter size-full has-lightbox\"><a href=\"https:\/\/bu.optimum-automotive.com\/wp-content\/uploads\/2024\/07\/2024-07-09-LAUTOMOBILE-LENTREPRISE-Juillet-2024-10000000067304945.pdf\" target=\"_blank\" rel=\"noreferrer noopener\"><img loading=\"lazy\" decoding=\"async\" width=\"153\" height=\"200\" src=\"https:\/\/bu.optimum-automotive.com\/wp-content\/uploads\/2024\/07\/01-4.jpg\" alt=\"\" class=\"wp-image-2265\" srcset=\"https:\/\/bu.optimum-automotive.com\/wp-content\/uploads\/2024\/07\/01-4.jpg 153w, https:\/\/bu.optimum-automotive.com\/wp-content\/uploads\/2024\/07\/01-4-9x12.jpg 9w\" sizes=\"auto, (max-width: 153px) 100vw, 153px\" \/><\/a><figcaption class=\"wp-element-caption\"><strong><strong>Auto &amp; Unternehmen<\/strong><\/strong><br>Die Flotte von ADMR Vienne entscheidet sich f\u00fcr<br>die L\u00f6sung von Optimum Automotive<\/figcaption><\/figure><\/div>\n\n<div class=\"wp-block-image\">\n<figure class=\"aligncenter size-full has-lightbox\"><a href=\"https:\/\/www.automobile-propre.com\/podcasts\/la-gestion-des-flottes-necessite-detre-en-innovation-permanente-interview-de-daniel-vassalucci-optimum-automotive\/\" target=\"_blank\" rel=\"noreferrer noopener\"><img loading=\"lazy\" decoding=\"async\" width=\"153\" height=\"200\" src=\"https:\/\/bu.optimum-automotive.com\/wp-content\/uploads\/2024\/07\/01-6.jpg\" alt=\"\" class=\"wp-image-2272\" srcset=\"https:\/\/bu.optimum-automotive.com\/wp-content\/uploads\/2024\/07\/01-6.jpg 153w, https:\/\/bu.optimum-automotive.com\/wp-content\/uploads\/2024\/07\/01-6-9x12.jpg 9w\" sizes=\"auto, (max-width: 153px) 100vw, 153px\" \/><\/a><figcaption class=\"wp-element-caption\"><strong><strong>automobile-propre.com<\/strong><\/strong><br>\"Flottenmanagement erfordert st\u00e4ndige Innovation\", Interview mit Daniel Vassalucci - Optimum Automotive<\/figcaption><\/figure><\/div>\n\n<div class=\"wp-block-image\">\n<figure class=\"aligncenter size-full has-lightbox\"><a href=\"https:\/\/bu.optimum-automotive.com\/wp-content\/uploads\/2024\/07\/2024-07-05-www.auto-infos.fr-05-juillet-2024-50000000370966919.pdf\" target=\"_blank\" rel=\"noreferrer noopener\"><img loading=\"lazy\" decoding=\"async\" width=\"153\" height=\"200\" src=\"https:\/\/bu.optimum-automotive.com\/wp-content\/uploads\/2024\/07\/01-8.jpg\" alt=\"\" class=\"wp-image-2282\" srcset=\"https:\/\/bu.optimum-automotive.com\/wp-content\/uploads\/2024\/07\/01-8.jpg 153w, https:\/\/bu.optimum-automotive.com\/wp-content\/uploads\/2024\/07\/01-8-9x12.jpg 9w\" sizes=\"auto, (max-width: 153px) 100vw, 153px\" \/><\/a><figcaption class=\"wp-element-caption\"><strong><strong>AUTO INFOS<\/strong><\/strong><br>Die Dominanz von Renault bei den A&amp;E Trophys 2024 zeigt den Erfolg der<br>Renaulution<\/figcaption><\/figure><\/div>\n\n<div class=\"wp-block-image\">\n<figure class=\"aligncenter size-full has-lightbox\"><a href=\"https:\/\/bu.optimum-automotive.com\/wp-content\/uploads\/2024\/07\/2024-07-04-www.auto-infos.fr-04-juillet-2024-50000000370966912-1.pdf\" target=\"_blank\" rel=\"noreferrer noopener\"><img loading=\"lazy\" decoding=\"async\" width=\"153\" height=\"200\" src=\"https:\/\/bu.optimum-automotive.com\/wp-content\/uploads\/2024\/07\/01-7.jpg\" alt=\"\" class=\"wp-image-2275\" srcset=\"https:\/\/bu.optimum-automotive.com\/wp-content\/uploads\/2024\/07\/01-7.jpg 153w, https:\/\/bu.optimum-automotive.com\/wp-content\/uploads\/2024\/07\/01-7-9x12.jpg 9w\" sizes=\"auto, (max-width: 153px) 100vw, 153px\" \/><\/a><figcaption class=\"wp-element-caption\"><strong><strong>AUTO INFOS<\/strong><\/strong><br>Troph\u00e9es de L'Automobile &amp; L'Entreprise: Die Preistr\u00e4ger 2024 sind...<\/figcaption><\/figure><\/div>\n\n<div class=\"wp-block-image\">\n<figure class=\"aligncenter size-full has-lightbox\"><a href=\"https:\/\/bu.optimum-automotive.com\/wp-content\/uploads\/2024\/07\/Decouvrez-le-palmares-des-Trophees-de-LAutomobileLEntreprise-2024.pdf\" target=\"_blank\" rel=\"noreferrer noopener\"><img loading=\"lazy\" decoding=\"async\" width=\"153\" height=\"200\" src=\"https:\/\/bu.optimum-automotive.com\/wp-content\/uploads\/2024\/07\/01-9.jpg\" alt=\"\" class=\"wp-image-2285\" srcset=\"https:\/\/bu.optimum-automotive.com\/wp-content\/uploads\/2024\/07\/01-9.jpg 153w, https:\/\/bu.optimum-automotive.com\/wp-content\/uploads\/2024\/07\/01-9-9x12.jpg 9w\" sizes=\"auto, (max-width: 153px) 100vw, 153px\" \/><\/a><figcaption class=\"wp-element-caption\"><strong><strong>Auto &amp; Unternehmen<\/strong><\/strong><br>Entdecken Sie die Gewinner der Troph\u00e4en von L'Automobile &amp; L'Entreprise 2024<\/figcaption><\/figure><\/div>\n\n<div class=\"wp-block-image\">\n<figure class=\"aligncenter size-full has-lightbox\"><a href=\"https:\/\/bu.optimum-automotive.com\/wp-content\/uploads\/2024\/07\/Intelligence-artificielle-_-quels-apports-pour-la-gestion-de-flotte-_.pdf\" target=\"_blank\" rel=\"noreferrer noopener\"><img loading=\"lazy\" decoding=\"async\" width=\"153\" height=\"200\" src=\"https:\/\/bu.optimum-automotive.com\/wp-content\/uploads\/2024\/07\/01-10.jpg\" alt=\"\" class=\"wp-image-2292\" srcset=\"https:\/\/bu.optimum-automotive.com\/wp-content\/uploads\/2024\/07\/01-10.jpg 153w, https:\/\/bu.optimum-automotive.com\/wp-content\/uploads\/2024\/07\/01-10-9x12.jpg 9w\" sizes=\"auto, (max-width: 153px) 100vw, 153px\" \/><\/a><figcaption class=\"wp-element-caption\"><strong><strong>Autoflotten<\/strong><\/strong><br>K\u00fcnstliche Intelligenz- was bringt sie f\u00fcr das Management?<br>der Flotte?<\/figcaption><\/figure><\/div>\n\n<div class=\"wp-block-image\">\n<figure class=\"aligncenter size-full has-lightbox\"><a href=\"https:\/\/bu.optimum-automotive.com\/wp-content\/uploads\/2024\/07\/2024-06-24-FLOTTES-AUTOMOBILES-Juin-2024-10000000067233928.pdf\" target=\"_blank\" rel=\"noreferrer noopener\"><img loading=\"lazy\" decoding=\"async\" width=\"153\" height=\"200\" src=\"https:\/\/bu.optimum-automotive.com\/wp-content\/uploads\/2024\/07\/01-11.jpg\" alt=\"\" class=\"wp-image-2296\" srcset=\"https:\/\/bu.optimum-automotive.com\/wp-content\/uploads\/2024\/07\/01-11.jpg 153w, https:\/\/bu.optimum-automotive.com\/wp-content\/uploads\/2024\/07\/01-11-9x12.jpg 9w\" sizes=\"auto, (max-width: 153px) 100vw, 153px\" \/><\/a><figcaption class=\"wp-element-caption\"><strong><strong>Autoflotten<\/strong><\/strong><br>Welche Beitr\u00e4ge f\u00fcr das Management?<br><\/figcaption><\/figure><\/div>\n\n\n<h2 class=\"wp-block-heading\">JUNI 2024<\/h2>\n\n\n<div class=\"wp-block-image\">\n<figure class=\"aligncenter size-full has-lightbox\"><a href=\"https:\/\/bu.optimum-automotive.com\/wp-content\/uploads\/2024\/07\/2024-06-07-ENERPRESSE-BIP-NEWSLETTER-10-juin-2024-10000000067134087.pdf\" target=\"_blank\" rel=\"noreferrer noopener\"><img loading=\"lazy\" decoding=\"async\" width=\"153\" height=\"200\" src=\"https:\/\/bu.optimum-automotive.com\/wp-content\/uploads\/2024\/07\/01-3.jpg\" alt=\"\" class=\"wp-image-2261\" srcset=\"https:\/\/bu.optimum-automotive.com\/wp-content\/uploads\/2024\/07\/01-3.jpg 153w, https:\/\/bu.optimum-automotive.com\/wp-content\/uploads\/2024\/07\/01-3-9x12.jpg 9w\" sizes=\"auto, (max-width: 153px) 100vw, 153px\" \/><\/a><figcaption class=\"wp-element-caption\"><strong><strong>enerpresse<\/strong><\/strong><br>Optimum Automotive gewinnt Innovationspreis bei Drive to Zero<\/figcaption><\/figure><\/div>\n\n<div class=\"wp-block-image\">\n<figure class=\"aligncenter size-full has-lightbox\"><a href=\"https:\/\/bu.optimum-automotive.com\/wp-content\/uploads\/2024\/07\/2024-06-06-www.am-today.com-06-juin-2024-50000000370835728.pdf\" target=\"_blank\" rel=\"noreferrer noopener\"><img loading=\"lazy\" decoding=\"async\" width=\"153\" height=\"200\" src=\"https:\/\/bu.optimum-automotive.com\/wp-content\/uploads\/2024\/07\/01-2.jpg\" alt=\"\" class=\"wp-image-2253\" srcset=\"https:\/\/bu.optimum-automotive.com\/wp-content\/uploads\/2024\/07\/01-2.jpg 153w, https:\/\/bu.optimum-automotive.com\/wp-content\/uploads\/2024\/07\/01-2-9x12.jpg 9w\" sizes=\"auto, (max-width: 153px) 100vw, 153px\" \/><\/a><figcaption class=\"wp-element-caption\"><strong><strong>AM-TODAY<\/strong><\/strong><br>Optimum Automotive gewinnt Innovationspreis bei Drive to Zero<\/figcaption><\/figure><\/div>\n\n<div class=\"wp-block-image\">\n<figure class=\"aligncenter size-full has-lightbox\"><a href=\"https:\/\/bu.optimum-automotive.com\/wp-content\/uploads\/2024\/06\/ADMR-de-la-Vienne-une-gestion-plus-reactive-de-la-flotte.pdf\" target=\"_blank\" rel=\"noreferrer noopener\"><img loading=\"lazy\" decoding=\"async\" width=\"153\" height=\"200\" src=\"https:\/\/bu.optimum-automotive.com\/wp-content\/uploads\/2024\/06\/01-6.jpg\" alt=\"\" class=\"wp-image-2201\" srcset=\"https:\/\/bu.optimum-automotive.com\/wp-content\/uploads\/2024\/06\/01-6.jpg 153w, https:\/\/bu.optimum-automotive.com\/wp-content\/uploads\/2024\/06\/01-6-9x12.jpg 9w\" sizes=\"auto, (max-width: 153px) 100vw, 153px\" \/><\/a><figcaption class=\"wp-element-caption\"><strong><strong>AUTOFLOTTEN<\/strong><\/strong><br>ADMR de la Vienne: Eine reaktionsschnellere Verwaltung<br>der Flotte<\/figcaption><\/figure><\/div>\n\n<div class=\"wp-block-image\">\n<figure class=\"aligncenter size-full has-lightbox\"><a href=\"https:\/\/bu.optimum-automotive.com\/wp-content\/uploads\/2024\/06\/La-flotte-de-lADMR-Vienne-opte-pour-la-solution-dOptimum-Automotive.pdf\" target=\"_blank\" rel=\"noreferrer noopener\"><img loading=\"lazy\" decoding=\"async\" width=\"153\" height=\"200\" src=\"https:\/\/bu.optimum-automotive.com\/wp-content\/uploads\/2024\/06\/01-5.jpg\" alt=\"\" class=\"wp-image-2196\" srcset=\"https:\/\/bu.optimum-automotive.com\/wp-content\/uploads\/2024\/06\/01-5.jpg 153w, https:\/\/bu.optimum-automotive.com\/wp-content\/uploads\/2024\/06\/01-5-9x12.jpg 9w\" sizes=\"auto, (max-width: 153px) 100vw, 153px\" \/><\/a><figcaption class=\"wp-element-caption\"><strong>Auto &amp; Unternehmen<\/strong><br>Die Flotte der ADMR entscheidet sich f\u00fcr die L\u00f6sung von Optimum Automotive<\/figcaption><\/figure><\/div>\n\n\n<h2 class=\"wp-block-heading\">M\u00c4RZ 2024<\/h2>\n\n\n<div class=\"wp-block-image\">\n<figure class=\"aligncenter size-full has-lightbox\"><a href=\"https:\/\/bu.optimum-automotive.com\/de\/mit-cecile-de-menibus-philippe-david\/\" target=\"_blank\" rel=\"noreferrer noopener\"><img loading=\"lazy\" decoding=\"async\" width=\"153\" height=\"200\" src=\"https:\/\/bu.optimum-automotive.com\/wp-content\/uploads\/2024\/07\/01-1.jpg\" alt=\"\" class=\"wp-image-2251\" srcset=\"https:\/\/bu.optimum-automotive.com\/wp-content\/uploads\/2024\/07\/01-1.jpg 153w, https:\/\/bu.optimum-automotive.com\/wp-content\/uploads\/2024\/07\/01-1-9x12.jpg 9w\" sizes=\"auto, (max-width: 153px) 100vw, 153px\" \/><\/a><figcaption class=\"wp-element-caption\"><strong><strong>sudradio.de<\/strong><\/strong><br>Die wahren Stimmen, die Frankreich ins Rollen bringen<\/figcaption><\/figure><\/div>\n\n\n<h2 class=\"wp-block-heading\">JANUAR 2024<\/h2>\n\n\n<div class=\"wp-block-image\">\n<figure class=\"aligncenter size-full has-lightbox\"><a href=\"..\/wp-content\/uploads\/2024\/06\/2023-12-22-flottes_automobiles-decembre_2023_-_janvier_2024-100000000662052631.pdf\" target=\"_blank\" rel=\"noreferrer noopener\"><img loading=\"lazy\" decoding=\"async\" width=\"153\" height=\"200\" src=\"https:\/\/bu.optimum-automotive.com\/wp-content\/uploads\/2024\/06\/01-533.jpg\" alt=\"\" class=\"wp-image-1800\"\/><\/a><figcaption class=\"wp-element-caption\"><strong>AUTOFLOTTEN<\/strong><br>Dienstwagen Geht es auch ohne?<\/figcaption><\/figure><\/div>\n\n<div class=\"wp-block-image\">\n<figure class=\"aligncenter size-full is-resized has-lightbox\"><a href=\"https:\/\/bu.optimum-automotive.com\/wp-content\/uploads\/2024\/07\/Optimum-Automotive-_-une-approche-unique-de-la-gestion-de-flotte.pdf\" target=\"_blank\" rel=\"noreferrer noopener\"><img loading=\"lazy\" decoding=\"async\" width=\"153\" height=\"200\" src=\"https:\/\/bu.optimum-automotive.com\/wp-content\/uploads\/2024\/07\/01.jpg\" alt=\"\" class=\"wp-image-2247\" style=\"width:153px;height:auto\" srcset=\"https:\/\/bu.optimum-automotive.com\/wp-content\/uploads\/2024\/07\/01.jpg 153w, https:\/\/bu.optimum-automotive.com\/wp-content\/uploads\/2024\/07\/01-9x12.jpg 9w\" sizes=\"auto, (max-width: 153px) 100vw, 153px\" \/><\/a><figcaption class=\"wp-element-caption\"><strong><strong>flotauto.com<\/strong><\/strong><br>Optimum Automotive stellt seine vernetzten L\u00f6sungen vor<\/figcaption><\/figure><\/div>\n\n\n<h2 class=\"wp-block-heading\">NOVEMBER 2023<\/h2>\n\n\n<div class=\"wp-block-image\">\n<figure class=\"aligncenter size-full has-lightbox\"><a href=\"..\/wp-content\/uploads\/2024\/06\/2023-11-23-flottes_automobiles-novembre_2023-100000000660290071.pdf\" target=\"_blank\" rel=\"noreferrer noopener\"><img loading=\"lazy\" decoding=\"async\" width=\"153\" height=\"200\" src=\"https:\/\/bu.optimum-automotive.com\/wp-content\/uploads\/2024\/05\/01-532.jpg\" alt=\"\" class=\"wp-image-1632\"\/><\/a><figcaption class=\"wp-element-caption\"><strong>AUTOFLOTTEN<\/strong><br>PCE Services: Eine gr\u00fcnere Flotte<\/figcaption><\/figure><\/div>\n\n<div class=\"wp-block-image\">\n<figure class=\"aligncenter size-full has-lightbox\"><a href=\"..\/wp-content\/uploads\/2024\/06\/2023-11-23-flottes_automobiles-novembre_2023-100000000660290091.pdf\" target=\"_blank\" rel=\"noreferrer noopener\"><img loading=\"lazy\" decoding=\"async\" width=\"153\" height=\"200\" src=\"https:\/\/bu.optimum-automotive.com\/wp-content\/uploads\/2024\/06\/01-531.jpg\" alt=\"\" class=\"wp-image-1813\"\/><\/a><figcaption class=\"wp-element-caption\"><strong>AUTOFLOTTEN<\/strong><br>PCE Services Eine instrumentierte Flotte<\/figcaption><\/figure><\/div>\n\n<div class=\"wp-block-image\">\n<figure class=\"aligncenter size-full has-lightbox\"><a href=\"..\/wp-content\/uploads\/2024\/06\/j-7_avant_le_connectfleet_2023_decouvrez_les_parcours_thematiques1.pdf\" target=\"_blank\" rel=\"noreferrer noopener\"><img loading=\"lazy\" decoding=\"async\" width=\"153\" height=\"200\" src=\"https:\/\/bu.optimum-automotive.com\/wp-content\/uploads\/2024\/06\/01-530.jpg\" alt=\"\" class=\"wp-image-1818\"\/><\/a><figcaption class=\"wp-element-caption\"><strong>DAS AUTO &amp; DAS UNTERNEHMEN<\/strong><br>J-7 vor dem #CONNECTfleet 2023: Die Themenwege<\/figcaption><\/figure><\/div>\n\n<div class=\"wp-block-image\">\n<figure class=\"aligncenter size-full has-lightbox\"><a href=\"..\/wp-content\/uploads\/2024\/06\/2023-11-23-decideurs_magazine-novembre_2023-100000000660265811.pdf\" target=\"_blank\" rel=\"noreferrer noopener\"><img loading=\"lazy\" decoding=\"async\" width=\"153\" height=\"200\" src=\"https:\/\/bu.optimum-automotive.com\/wp-content\/uploads\/2024\/06\/01-528.jpg\" alt=\"\" class=\"wp-image-1823\"\/><\/a><figcaption class=\"wp-element-caption\"><strong>DECIDEURS<\/strong><br>Das \u00d6kosystem der Fuhrparks \u00f6ffnet sich f\u00fcr die Energiewende<\/figcaption><\/figure><\/div>\n\n<div class=\"wp-block-image\">\n<figure class=\"aligncenter size-full has-lightbox\"><a href=\"..\/wp-content\/uploads\/2024\/06\/2023-11-23-flottes_automobiles-novembre_2023-100000000660290021.pdf\" target=\"_blank\" rel=\"noreferrer noopener\"><img loading=\"lazy\" decoding=\"async\" width=\"153\" height=\"200\" src=\"https:\/\/bu.optimum-automotive.com\/wp-content\/uploads\/2024\/06\/01-529.jpg\" alt=\"\" class=\"wp-image-1826\"\/><\/a><figcaption class=\"wp-element-caption\"><strong>AUTOFLOTTEN<\/strong><br>Flotauto Treffen Lyon 2023 : Versuch gemacht<\/figcaption><\/figure><\/div>\n\n<div class=\"wp-block-image\">\n<figure class=\"aligncenter size-full has-lightbox\"><a href=\"..\/wp-content\/uploads\/2024\/06\/2023-11-21-www.auto-infos.fr-22_novembre_2023-500000003697873271.pdf\" target=\"_blank\" rel=\"noreferrer noopener\"><img loading=\"lazy\" decoding=\"async\" width=\"153\" height=\"200\" src=\"https:\/\/bu.optimum-automotive.com\/wp-content\/uploads\/2024\/06\/01-527.jpg\" alt=\"\" class=\"wp-image-1829\"\/><\/a><figcaption class=\"wp-element-caption\"><strong>auto-infos.de<\/strong><br>J-7 vor dem #CONNECTfleet 2023: Entdecken Sie die Themenwege<\/figcaption><\/figure><\/div>\n\n<div class=\"wp-block-image\">\n<figure class=\"aligncenter size-full has-lightbox\"><a href=\"..\/wp-content\/uploads\/2024\/06\/2023-11-15-www.auto-infos.fr-18_novembre_2023-500000003697669351.pdf\" target=\"_blank\" rel=\"noreferrer noopener\"><img loading=\"lazy\" decoding=\"async\" width=\"153\" height=\"200\" src=\"https:\/\/bu.optimum-automotive.com\/wp-content\/uploads\/2024\/06\/01-526.jpg\" alt=\"\" class=\"wp-image-1832\"\/><\/a><figcaption class=\"wp-element-caption\"><strong>auto-infos.de<\/strong><br>Die Mobilit\u00e4t in Unternehmen nachhaltig gestalten: eine Herausforderung, die es zu begleiten gilt!<\/figcaption><\/figure><\/div>\n\n<div class=\"wp-block-image\">\n<figure class=\"aligncenter size-full has-lightbox\"><a href=\"..\/wp-content\/uploads\/2024\/06\/2023-10-25-actualites-cci.com-25_octobre_2023-50000000369633154_1_1.pdf\" target=\"_blank\" rel=\"noreferrer noopener\"><img loading=\"lazy\" decoding=\"async\" width=\"153\" height=\"200\" src=\"https:\/\/bu.optimum-automotive.com\/wp-content\/uploads\/2024\/06\/01-524.jpg\" alt=\"\" class=\"wp-image-1834\"\/><\/a><figcaption class=\"wp-element-caption\"><strong>aktuell-cci<\/strong><br>Webinar: Verwaltung von Schadensf\u00e4llen und Sch\u00e4den - eine neue Quelle f\u00fcr Einsparungen<\/figcaption><\/figure><\/div>\n\n\n<h2 class=\"wp-block-heading\">OKTOBER 2023<\/h2>\n\n\n<div class=\"wp-block-image\">\n<figure class=\"aligncenter size-full has-lightbox\"><a href=\"..\/wp-content\/uploads\/2024\/06\/2023-10-25-flottes_automobiles-octobre_2023-100000000658691051.pdf\" target=\"_blank\" rel=\"noreferrer noopener\"><img loading=\"lazy\" decoding=\"async\" width=\"153\" height=\"200\" src=\"https:\/\/bu.optimum-automotive.com\/wp-content\/uploads\/2024\/06\/01-523.jpg\" alt=\"\" class=\"wp-image-1837\"\/><\/a><figcaption class=\"wp-element-caption\"><strong>AUTOFLOTTEN<\/strong><br>Digitalisierung der Flotten, Wie bereitet man seine Teams vor?<\/figcaption><\/figure><\/div>\n\n<div class=\"wp-block-image\">\n<figure class=\"aligncenter size-full has-lightbox\"><a href=\"..\/wp-content\/uploads\/2024\/06\/2023-10-20-l_argus_pro-20_octobre_2023-10000000065848583_4_1.pdf\" target=\"_blank\" rel=\"noreferrer noopener\"><img loading=\"lazy\" decoding=\"async\" width=\"153\" height=\"200\" src=\"https:\/\/bu.optimum-automotive.com\/wp-content\/uploads\/2024\/06\/01-522.jpg\" alt=\"\" class=\"wp-image-1839\"\/><\/a><figcaption class=\"wp-element-caption\"><strong>DER ARGUS PRO<\/strong><br>Wie Optimum Automotive KI und Daten nutzt, um die Gesamtbetriebskosten zu optimieren<\/figcaption><\/figure><\/div>\n\n<div class=\"wp-block-image\">\n<figure class=\"aligncenter size-full has-lightbox\"><a href=\"..\/IMG\/pdf\/2023-10-26-www.auto-infos.fr-26_octobre_2023-50000000369641658.pdf\" target=\"_blank\" rel=\"noreferrer noopener\"><img loading=\"lazy\" decoding=\"async\" width=\"153\" height=\"200\" src=\"https:\/\/bu.optimum-automotive.com\/wp-content\/uploads\/2024\/06\/01-525.jpg\" alt=\"\" class=\"wp-image-1842\"\/><\/a><figcaption class=\"wp-element-caption\"><strong>auto-infos.de<\/strong><br>Flottenmanagement: L\u00f6sungen von Optimum Automotive jetzt gelistet<br>durch die UniHA<\/figcaption><\/figure><\/div>\n\n\n<h2 class=\"wp-block-heading\">JUNI 2023<\/h2>\n\n\n<div class=\"wp-block-image\">\n<figure class=\"aligncenter size-full has-lightbox\"><a href=\"..\/wp-content\/uploads\/2024\/06\/2023-06-30-les_routiers-juillet_-_aout_2023-100000000653150011.pdf\" target=\"_blank\" rel=\"noreferrer noopener\"><img loading=\"lazy\" decoding=\"async\" width=\"153\" height=\"200\" src=\"https:\/\/bu.optimum-automotive.com\/wp-content\/uploads\/2024\/06\/01-519.jpg\" alt=\"\" class=\"wp-image-1844\"\/><\/a><figcaption class=\"wp-element-caption\"><strong>DIE ROUTIERS<\/strong><br>Diebstahl von Treibstoff : Die Plage der Lkw-Parkpl\u00e4tze<\/figcaption><\/figure><\/div>\n\n<div class=\"wp-block-image\">\n<figure class=\"aligncenter size-full has-lightbox\"><a href=\"..\/IMG\/pdf\/2023-06-27-flottes_automobiles-juin_2023-10000000065292904.pdf\" target=\"_blank\" rel=\"noreferrer noopener\"><img loading=\"lazy\" decoding=\"async\" width=\"153\" height=\"200\" src=\"https:\/\/bu.optimum-automotive.com\/wp-content\/uploads\/2024\/06\/01-518.jpg\" alt=\"\" class=\"wp-image-1846\"\/><\/a><figcaption class=\"wp-element-caption\"><strong>AUTOFLOTTEN<\/strong><br>Geteilte Fahrzeuge : Eine umweltfreundliche und wirtschaftliche Einrichtung<\/figcaption><\/figure><\/div>\n\n<div class=\"wp-block-image\">\n<figure class=\"aligncenter size-full has-lightbox\"><a href=\"..\/wp-content\/uploads\/2024\/06\/2023-06-27-www.auto-infos.fr-27_juin_2023-500000003690556321.pdf\" target=\"_blank\" rel=\"noreferrer noopener\"><img loading=\"lazy\" decoding=\"async\" width=\"153\" height=\"200\" src=\"https:\/\/bu.optimum-automotive.com\/wp-content\/uploads\/2024\/06\/01-517.jpg\" alt=\"\" class=\"wp-image-1847\"\/><\/a><figcaption class=\"wp-element-caption\"><strong>auto-infos.de<\/strong><br>Troph\u00e9es de L'Automobile &amp; L'Entreprise: Die Preistr\u00e4ger 2023 sind...<\/figcaption><\/figure><\/div>\n\n<div class=\"wp-block-image\">\n<figure class=\"aligncenter size-full has-lightbox\"><a href=\"..\/wp-content\/uploads\/2024\/06\/2023-06-28-flottes_automobiles-juin_2023-100000000652929801.pdf\" target=\"_blank\" rel=\"noreferrer noopener\"><img loading=\"lazy\" decoding=\"async\" width=\"153\" height=\"200\" src=\"https:\/\/bu.optimum-automotive.com\/wp-content\/uploads\/2024\/06\/01-520.jpg\" alt=\"\" class=\"wp-image-1849\"\/><\/a><figcaption class=\"wp-element-caption\"><strong>AUTOFLOTTEN<\/strong><br>Carsharing Ein praktisches Werkzeug vor allem<\/figcaption><\/figure><\/div>\n\n<div class=\"wp-block-image\">\n<figure class=\"aligncenter size-full has-lightbox\"><a href=\"..\/wp-content\/uploads\/2024\/06\/2023-06-28-flottes_automobiles-juin_2023-100000000652929771.pdf\" target=\"_blank\" rel=\"noreferrer noopener\"><img loading=\"lazy\" decoding=\"async\" width=\"153\" height=\"200\" src=\"https:\/\/bu.optimum-automotive.com\/wp-content\/uploads\/2024\/06\/01-521.jpg\" alt=\"\" class=\"wp-image-1852\"\/><\/a><figcaption class=\"wp-element-caption\"><strong>AUTOFLOTTEN<\/strong><br>Geteilte Fahrzeuge Eine umweltfreundliche und wirtschaftliche Einrichtung<\/figcaption><\/figure><\/div>\n\n\n<h2 class=\"wp-block-heading\">MAI 2023<\/h2>\n\n\n<div class=\"wp-block-image\">\n<figure class=\"aligncenter size-full has-lightbox\"><a href=\"..\/wp-content\/uploads\/2024\/06\/2023-05-03-zepros_apres_vente_auto-mai_2023-100000000649966811.pdf\" target=\"_blank\" rel=\"noreferrer noopener\"><img loading=\"lazy\" decoding=\"async\" width=\"153\" height=\"200\" src=\"https:\/\/bu.optimum-automotive.com\/wp-content\/uploads\/2024\/06\/01-516.jpg\" alt=\"\" class=\"wp-image-1854\"\/><\/a><figcaption class=\"wp-element-caption\"><strong>ZEPROS<\/strong><br>Laurent Verdier tritt dem Unternehmen bei, das sich auf Datenwissenschaft im Bereich Mobilit\u00e4t und vernetzte Fahrzeuge spezialisiert hat.<\/figcaption><\/figure><\/div>\n\n\n<h2 class=\"wp-block-heading\">APRIL 2023<\/h2>\n\n\n<div class=\"wp-block-image\">\n<figure class=\"aligncenter size-full has-lightbox\"><a href=\"..\/wp-content\/uploads\/2024\/06\/2023-04-26-le_journal_des_entreprises_-_le_brief_edition_region_sud_newsletter_-25_avril_2023-100000000649568701.pdf\" target=\"_blank\" rel=\"noreferrer noopener\"><img loading=\"lazy\" decoding=\"async\" width=\"153\" height=\"200\" src=\"https:\/\/bu.optimum-automotive.com\/wp-content\/uploads\/2024\/06\/01-515.jpg\" alt=\"\" class=\"wp-image-1856\"\/><\/a><figcaption class=\"wp-element-caption\"><strong>Le Journal des Entreprises - Region S\u00fcd<\/strong><br>Optimum Automotive bietet an, seine Plattform drei Monate lang kostenlos zu testen<\/figcaption><\/figure><\/div>\n\n<div class=\"wp-block-image\">\n<figure class=\"aligncenter size-full has-lightbox\"><a href=\"..\/wp-content\/uploads\/2024\/06\/2023-04-06-le_journal_des_flottes-mars_-_avril_2023-100000000648540311.pdf\" target=\"_blank\" rel=\"noreferrer noopener\"><img loading=\"lazy\" decoding=\"async\" width=\"153\" height=\"200\" src=\"https:\/\/bu.optimum-automotive.com\/wp-content\/uploads\/2024\/06\/01-505.jpg\" alt=\"\" class=\"wp-image-1859\"\/><\/a><figcaption class=\"wp-element-caption\"><strong>Die Flottenzeitung<\/strong><br>11 Schl\u00fcssel zur Reduzierung der Flottengr\u00f6\u00dfe<\/figcaption><\/figure><\/div>\n\n<div class=\"wp-block-image\">\n<figure class=\"aligncenter size-full has-lightbox\"><a href=\"..\/wp-content\/uploads\/2024\/06\/2023-04-14-executives-13_avril_2023-100000000648920291.pdf\" target=\"_blank\" rel=\"noreferrer noopener\"><img loading=\"lazy\" decoding=\"async\" width=\"153\" height=\"200\" src=\"https:\/\/bu.optimum-automotive.com\/wp-content\/uploads\/2024\/06\/01-509.jpg\" alt=\"\" class=\"wp-image-1862\"\/><\/a><figcaption class=\"wp-element-caption\"><strong>Executives<\/strong><br>FLEET MANAGEMENT UND GPS \/ OPTIMUM AUTOMOTIVE: Laurent Verdier wird zum Leiter f\u00fcr strategische Konten ernannt.<\/figcaption><\/figure><\/div>\n\n<div class=\"wp-block-image\">\n<figure class=\"aligncenter size-full has-lightbox\"><a href=\"..\/wp-content\/uploads\/2024\/06\/2023-04-14-flash-infos_edition_paca_corse_occitanie_newsletter_-13_avril_2023-10000000064892033_003_1.pdf\" target=\"_blank\" rel=\"noreferrer noopener\"><img loading=\"lazy\" decoding=\"async\" width=\"153\" height=\"200\" src=\"https:\/\/bu.optimum-automotive.com\/wp-content\/uploads\/2024\/06\/01-508.jpg\" alt=\"\" class=\"wp-image-1865\"\/><\/a><figcaption class=\"wp-element-caption\"><strong>FLASH-INFOS (AUSGABE PACA KORSIKA OKZITANIEN)<\/strong><br>AUTOMOBIL PRODUKTION: Laurent Verdier Manager f\u00fcr strategische Konten bei OPTIMUM AUTOMOTIVE<\/figcaption><\/figure><\/div>\n\n<div class=\"wp-block-image\">\n<figure class=\"aligncenter size-full has-lightbox\"><a href=\"https:\/\/bu.optimum-automotive.com\/wp-content\/uploads\/2024\/06\/2023-04-21-flottes_automobiles-avril_2023-100000000649388001.pdf\" target=\"_blank\" rel=\"noreferrer noopener\"><img loading=\"lazy\" decoding=\"async\" width=\"153\" height=\"200\" src=\"https:\/\/bu.optimum-automotive.com\/wp-content\/uploads\/2024\/06\/01-514.jpg\" alt=\"\" class=\"wp-image-1868\"\/><\/a><figcaption class=\"wp-element-caption\"><strong>AUTOFLOTTEN<\/strong><br>MANAGEMENT: Pauschale f\u00fcr nachhaltige Mobilit\u00e4t und Mobilit\u00e4tskredit 2023, das Jahr des Aufbruchs<\/figcaption><\/figure><\/div>\n\n<div class=\"wp-block-image\">\n<figure class=\"aligncenter size-full has-lightbox\"><a href=\"https:\/\/bu.optimum-automotive.com\/wp-content\/uploads\/2024\/06\/2023-04-13-www.flotauto.com-13_avril_2023-500000003686589671.pdf\" target=\"_blank\" rel=\"noreferrer noopener\"><img loading=\"lazy\" decoding=\"async\" width=\"153\" height=\"200\" src=\"https:\/\/bu.optimum-automotive.com\/wp-content\/uploads\/2024\/06\/01-511.jpg\" alt=\"\" class=\"wp-image-1869\"\/><\/a><figcaption class=\"wp-element-caption\"><strong>flotauto.com<\/strong><br>Ernennung: Laurent Verdier, Strategic Account Manager, Optimum Automotive<\/figcaption><\/figure><\/div>\n\n<div class=\"wp-block-image\">\n<figure class=\"aligncenter size-full has-lightbox\"><a href=\"https:\/\/bu.optimum-automotive.com\/wp-content\/uploads\/2024\/06\/2023-04-14-autoactu.com_newsletter_-13_avril_2023-100000000648920281.pdf\" target=\"_blank\" rel=\"noreferrer noopener\"><img loading=\"lazy\" decoding=\"async\" width=\"153\" height=\"200\" src=\"https:\/\/bu.optimum-automotive.com\/wp-content\/uploads\/2024\/06\/01-510.jpg\" alt=\"\" class=\"wp-image-1870\"\/><\/a><figcaption class=\"wp-element-caption\"><strong>autoactu.com<\/strong><br>Laurent Verdier wird Strategic Account Manager bei Optimum Automotive<\/figcaption><\/figure><\/div>\n\n<div class=\"wp-block-image\">\n<figure class=\"aligncenter size-full has-lightbox\"><a href=\"https:\/\/bu.optimum-automotive.com\/wp-content\/uploads\/2024\/06\/2023-04-13-www.am-today.com-13_avril_2023-500000003686589851.pdf\" target=\"_blank\" rel=\"noreferrer noopener\"><img loading=\"lazy\" decoding=\"async\" width=\"153\" height=\"200\" src=\"https:\/\/bu.optimum-automotive.com\/wp-content\/uploads\/2024\/06\/01-512.jpg\" alt=\"\" class=\"wp-image-1871\"\/><\/a><figcaption class=\"wp-element-caption\"><strong>am-today.com<\/strong><br>Laurent Verdier tritt der Vertriebszelle f\u00fcr Gro\u00dfkunden bei Optimum Automotive bei<\/figcaption><\/figure><\/div>\n\n<div class=\"wp-block-image\">\n<figure class=\"aligncenter size-full has-lightbox\"><a href=\"https:\/\/bu.optimum-automotive.com\/wp-content\/uploads\/2024\/06\/2023-04-13-auto.zepros.fr-13_avril_2023-500000003686589751.pdf\" target=\"_blank\" rel=\"noreferrer noopener\"><img loading=\"lazy\" decoding=\"async\" width=\"153\" height=\"200\" src=\"https:\/\/bu.optimum-automotive.com\/wp-content\/uploads\/2024\/06\/01-513.jpg\" alt=\"\" class=\"wp-image-1872\"\/><\/a><figcaption class=\"wp-element-caption\"><strong>auto.zepros.de<\/strong><br>Optimum Automotive ernennt neuen Key Account Manager<\/figcaption><\/figure><\/div>\n\n<div class=\"wp-block-image\">\n<figure class=\"aligncenter size-full has-lightbox\"><a href=\"https:\/\/bu.optimum-automotive.com\/wp-content\/uploads\/2024\/06\/2023-04-14-le_journal_des_entreprises_-_le_brief_edition_region_sud_newsletter_-12_avril_2023-100000000648920341.pdf\" target=\"_blank\" rel=\"noreferrer noopener\"><img loading=\"lazy\" decoding=\"async\" width=\"153\" height=\"200\" src=\"https:\/\/bu.optimum-automotive.com\/wp-content\/uploads\/2024\/06\/01-507.jpg\" alt=\"\" class=\"wp-image-1873\"\/><\/a><figcaption class=\"wp-element-caption\"><strong>Le Journal des Entreprises - Region S\u00fcd<\/strong><br>Laurent Verdier,ernannt zum Strategic Account Manager bei Optimum Automotive<\/figcaption><\/figure><\/div>\n\n\n<h2 class=\"wp-block-heading\">M\u00c4RZ 2023<\/h2>\n\n\n<div class=\"wp-block-image\">\n<figure class=\"aligncenter size-full has-lightbox\"><a href=\"https:\/\/bu.optimum-automotive.com\/wp-content\/uploads\/2024\/06\/2023-03-10-flottes_automobiles-mars_2023-100000000647001331.pdf\" target=\"_blank\" rel=\"noreferrer noopener\"><img loading=\"lazy\" decoding=\"async\" width=\"153\" height=\"200\" src=\"https:\/\/bu.optimum-automotive.com\/wp-content\/uploads\/2024\/06\/01-504.jpg\" alt=\"\" class=\"wp-image-1882\"\/><\/a><figcaption class=\"wp-element-caption\"><strong>AUTOFLOTTEN<\/strong><br>Telematik: Flotten optimieren und begr\u00fcnen<\/figcaption><\/figure><\/div>\n\n<div class=\"wp-block-image\">\n<figure class=\"aligncenter size-full has-lightbox\"><a href=\"https:\/\/bu.optimum-automotive.com\/wp-content\/uploads\/2024\/06\/optimum_automotive_signe_un_accord_de_distribution_avec_l_entreprise_marocaine_edrive1.pdf\" target=\"_blank\" rel=\"noreferrer noopener\"><img loading=\"lazy\" decoding=\"async\" width=\"153\" height=\"200\" src=\"https:\/\/bu.optimum-automotive.com\/wp-content\/uploads\/2024\/06\/01-506.jpg\" alt=\"\" class=\"wp-image-1883\"\/><\/a><figcaption class=\"wp-element-caption\"><strong>industrie-mag.com<\/strong><br>Optimum Automotive unterzeichnet Vertriebsvereinbarung mit dem marokkanischen Unternehmen Edrive<\/figcaption><\/figure><\/div>\n\n<div class=\"wp-block-image\">\n<figure class=\"aligncenter size-full has-lightbox\"><a href=\"https:\/\/bu.optimum-automotive.com\/wp-content\/uploads\/2024\/06\/l_equipe_d_optimum_automotive_s_agrandit_pour_faire_de_son_ambition_internationale_une_realite-1.pdf\" target=\"_blank\" rel=\"noreferrer noopener\"><img loading=\"lazy\" decoding=\"async\" width=\"153\" height=\"200\" src=\"https:\/\/bu.optimum-automotive.com\/wp-content\/uploads\/2024\/06\/01-501.jpg\" alt=\"\" class=\"wp-image-1884\"\/><\/a><figcaption class=\"wp-element-caption\"><strong>L'Automobile Magazine<\/strong><br>Das Team von Optimum Automotive w\u00e4chst, um seine internationalen Ambitionen zu verwirklichen<\/figcaption><\/figure><\/div>\n\n<div class=\"wp-block-image\">\n<figure class=\"aligncenter size-full has-lightbox\"><a href=\"https:\/\/www.mappingcontrol.com\/IMG\/pdf\/automobile_optimum_automotive_-_raghavendra_thiagarajan_nomme_head_of_global_products_strategy.pdf\" target=\"_blank\" rel=\"noreferrer noopener\"><img loading=\"lazy\" decoding=\"async\" width=\"153\" height=\"200\" src=\"https:\/\/bu.optimum-automotive.com\/wp-content\/uploads\/2024\/06\/01-502.jpg\" alt=\"\" class=\"wp-image-1885\"\/><\/a><figcaption class=\"wp-element-caption\"><strong>pa-sport.de<\/strong><br>AUTOMOBIL PRODUKTION: Optimum automotive - Raghavendra THIAGARAJAN zum Head of Global Products Strategy ernannt<\/figcaption><\/figure><\/div>\n\n<div class=\"wp-block-image\">\n<figure class=\"aligncenter size-full has-lightbox\"><a href=\"https:\/\/www.mappingcontrol.com\/IMG\/pdf\/raghavendran_thiagarajan_nomme_responsable_de_la_strategie_des_produits_mondiaux_d_optimum_automotive_-_le_journal_des_entreprises_-_region_sud.pdf\" target=\"_blank\" rel=\"noreferrer noopener\"><img loading=\"lazy\" decoding=\"async\" width=\"153\" height=\"200\" src=\"https:\/\/bu.optimum-automotive.com\/wp-content\/uploads\/2024\/06\/01-503.jpg\" alt=\"\" class=\"wp-image-1886\"\/><\/a><figcaption class=\"wp-element-caption\"><strong>lejournaldesentreprises.com<\/strong><br>Raghavendran Thiagarajan zum Leiter der globalen Produktstrategie von Optimum Automotive ernannt<\/figcaption><\/figure><\/div>\n\n\n<h2 class=\"wp-block-heading\">FEBRUAR 2023<\/h2>\n\n\n<div class=\"wp-block-image\">\n<figure class=\"aligncenter size-full has-lightbox\"><a href=\"https:\/\/bu.optimum-automotive.com\/wp-content\/uploads\/2024\/06\/l_aixois_optimum_automotive_present_aux_rencontres_flotauto_a_paris_-_le_journal_des_entreprises_-_region_sud1.pdf\" target=\"_blank\" rel=\"noreferrer noopener\"><img loading=\"lazy\" decoding=\"async\" width=\"153\" height=\"200\" src=\"https:\/\/bu.optimum-automotive.com\/wp-content\/uploads\/2024\/06\/01-500.jpg\" alt=\"\" class=\"wp-image-1891\"\/><\/a><figcaption class=\"wp-element-caption\"><strong>DIE UNTERNEHMENSZEITUNG<\/strong><br>Aachener Optimum Automotive auf Flotauto Treffen in Paris vertreten<\/figcaption><\/figure><\/div>\n\n<div class=\"wp-block-image\">\n<figure class=\"aligncenter size-full has-lightbox\"><a href=\"https:\/\/www.mappingcontrol.com\/IMG\/pdf\/2023-02-17-transport_info-fevrier_2023-10000000064579087.pdf\" target=\"_blank\" rel=\"noreferrer noopener\"><img loading=\"lazy\" decoding=\"async\" width=\"153\" height=\"200\" src=\"https:\/\/bu.optimum-automotive.com\/wp-content\/uploads\/2024\/06\/01-496.jpg\" alt=\"\" class=\"wp-image-1892\"\/><\/a><figcaption class=\"wp-element-caption\"><strong>Transport Info<\/strong><br>Welche L\u00f6sungen gibt es, um den Verbrauch zu senken?<\/figcaption><\/figure><\/div>\n\n<div class=\"wp-block-image\">\n<figure class=\"aligncenter size-full has-lightbox\"><a href=\"https:\/\/www.mappingcontrol.com\/IMG\/pdf\/2023-02-14-www.auto-infos.fr-14_fevrier_2023-50000000368336719.pdf\" target=\"_blank\" rel=\"noreferrer noopener\"><img loading=\"lazy\" decoding=\"async\" width=\"153\" height=\"200\" src=\"https:\/\/bu.optimum-automotive.com\/wp-content\/uploads\/2024\/06\/01-497.jpg\" alt=\"\" class=\"wp-image-1893\"\/><\/a><figcaption class=\"wp-element-caption\"><strong>auto-infos.de<\/strong><br>Optimum Automotive expandiert weiter auf dem afrikanischen Kontinent<\/figcaption><\/figure><\/div>\n\n<div class=\"wp-block-image\">\n<figure class=\"aligncenter size-full has-lightbox\"><a href=\"https:\/\/www.mappingcontrol.com\/IMG\/pdf\/2023-02-14-www.industrie-mag.com-14_fevrier_2023-50000000368336706.pdf\" target=\"_blank\" rel=\"noreferrer noopener\"><img loading=\"lazy\" decoding=\"async\" width=\"153\" height=\"200\" src=\"https:\/\/bu.optimum-automotive.com\/wp-content\/uploads\/2024\/06\/01-498.jpg\" alt=\"\" class=\"wp-image-1894\"\/><\/a><figcaption class=\"wp-element-caption\"><strong>industrie-mag.com<\/strong><br>Optimum Automotive beschleunigt seine Entwicklung auf dem afrikanischen Kontinent<\/figcaption><\/figure><\/div>\n\n<div class=\"wp-block-image\">\n<figure class=\"aligncenter size-full has-lightbox\"><a href=\"https:\/\/bu.optimum-automotive.com\/wp-content\/uploads\/2024\/06\/2023-02-15-le_journal_des_entreprises_-_le_brief_edition_region_sud_newsletter_-14_fevrier_2023-100000000645677381.pdf\" target=\"_blank\" rel=\"noreferrer noopener\"><img loading=\"lazy\" decoding=\"async\" width=\"153\" height=\"200\" src=\"https:\/\/bu.optimum-automotive.com\/wp-content\/uploads\/2024\/06\/01-499.jpg\" alt=\"\" class=\"wp-image-1895\"\/><\/a><figcaption class=\"wp-element-caption\"><strong>DIE UNTERNEHMENSZEITUNG<\/strong><br>Optimum Automotive expandiert weiter auf internationaler Ebene<\/figcaption><\/figure><\/div>\n\n<div class=\"wp-block-image\">\n<figure class=\"aligncenter size-full has-lightbox\"><a href=\"https:\/\/bu.optimum-automotive.com\/wp-content\/uploads\/2024\/06\/intelligence_artificielle_et_automobile___la_montee_en_puissance1.pdf\" target=\"_blank\" rel=\"noreferrer noopener\"><img loading=\"lazy\" decoding=\"async\" width=\"153\" height=\"200\" src=\"https:\/\/bu.optimum-automotive.com\/wp-content\/uploads\/2024\/06\/01-494.jpg\" alt=\"\" class=\"wp-image-1896\"\/><\/a><figcaption class=\"wp-element-caption\"><strong>flotauto.com<\/strong><br>K\u00fcnstliche Intelligenz und Autos: Der Aufstieg in die Zukunft<\/figcaption><\/figure><\/div>\n\n<div class=\"wp-block-image\">\n<figure class=\"aligncenter size-full has-lightbox\"><a href=\"https:\/\/www.mappingcontrol.com\/IMG\/pdf\/paris_optimum_automotive_accelere_a_l_international.pdf\" target=\"_blank\" rel=\"noreferrer noopener\"><img loading=\"lazy\" decoding=\"async\" width=\"153\" height=\"200\" src=\"https:\/\/bu.optimum-automotive.com\/wp-content\/uploads\/2024\/06\/01-495.jpg\" alt=\"\" class=\"wp-image-1897\"\/><\/a><figcaption class=\"wp-element-caption\"><strong>presseagentur.de<\/strong><br>PARIS: Optimum automotive beschleunigt auf internationaler Ebene<\/figcaption><\/figure><\/div>\n\n\n<h2 class=\"wp-block-heading\">JANUAR 2023<\/h2>\n\n\n<div class=\"wp-block-image\">\n<figure class=\"aligncenter size-full has-lightbox\"><a href=\"https:\/\/bu.optimum-automotive.com\/wp-content\/uploads\/2024\/06\/transportissimo.com_lutter-contre-le-vol-de-carburant1.pdf\" target=\"_blank\" rel=\"noreferrer noopener\"><img loading=\"lazy\" decoding=\"async\" width=\"153\" height=\"200\" src=\"https:\/\/bu.optimum-automotive.com\/wp-content\/uploads\/2024\/06\/01-493.jpg\" alt=\"\" class=\"wp-image-1902\"\/><\/a><figcaption class=\"wp-element-caption\"><strong>Transportissimo<\/strong><br>Bek\u00e4mpfung des Treibstoffdiebstahls<\/figcaption><\/figure><\/div>\n\n<div class=\"wp-block-image\">\n<figure class=\"aligncenter size-full has-lightbox\"><a href=\"https:\/\/bu.optimum-automotive.com\/wp-content\/uploads\/2024\/06\/optimum_automotive_-_carburant_vole__carburant_rembourse-_infos_751.pdf\" target=\"_blank\" rel=\"noreferrer noopener\"><img loading=\"lazy\" decoding=\"async\" width=\"153\" height=\"200\" src=\"https:\/\/bu.optimum-automotive.com\/wp-content\/uploads\/2024\/06\/01-492.jpg\" alt=\"\" class=\"wp-image-1903\"\/><\/a><figcaption class=\"wp-element-caption\"><strong>Infos 75<\/strong><br>Optimum Automotive gestohlener Treibstoff = erstatteter Treibstoff!<\/figcaption><\/figure><\/div>\n\n<div class=\"wp-block-image\">\n<figure class=\"aligncenter size-full has-lightbox\"><a href=\"https:\/\/bu.optimum-automotive.com\/wp-content\/uploads\/2024\/06\/2023-01-08-radio.vinci-autoroutes.com-january_08_2023-500000003681349891.pdf\" target=\"_blank\" rel=\"noreferrer noopener\"><img loading=\"lazy\" decoding=\"async\" width=\"153\" height=\"200\" src=\"https:\/\/bu.optimum-automotive.com\/wp-content\/uploads\/2024\/06\/01-491.jpg\" alt=\"\" class=\"wp-image-1904\"\/><\/a><figcaption class=\"wp-element-caption\"><strong>radio.vinci-autoroutes.com<\/strong><br>Carsharing in Unternehmen: eine gewinnbringende Wahl<\/figcaption><\/figure><\/div>\n\n<div class=\"wp-block-image\">\n<figure class=\"aligncenter size-full has-lightbox\"><a href=\"https:\/\/bu.optimum-automotive.com\/wp-content\/uploads\/2024\/06\/2023-01-06-www.auto-infos.fr-january_06_2023-500000003681249491.pdf\" target=\"_blank\" rel=\"noreferrer noopener\"><img loading=\"lazy\" decoding=\"async\" width=\"153\" height=\"200\" src=\"https:\/\/bu.optimum-automotive.com\/wp-content\/uploads\/2024\/06\/01-490.jpg\" alt=\"\" class=\"wp-image-1905\"\/><\/a><figcaption class=\"wp-element-caption\"><strong>auto-infos.de<\/strong><br>Optimum Automotive verpflichtet sich, Kunden, die mit der Securifuel-L\u00f6sung ausgestattet sind, den gestohlenen Kraftstoff zu erstatten<\/figcaption><\/figure><\/div>\n\n<div class=\"wp-block-image\">\n<figure class=\"aligncenter size-full has-lightbox\"><a href=\"https:\/\/bu.optimum-automotive.com\/wp-content\/uploads\/2024\/06\/2023-01-05-www.pa-sport.fr-january_05_2023-500000003681194831.pdf\" target=\"_blank\" rel=\"noreferrer noopener\"><img loading=\"lazy\" decoding=\"async\" width=\"153\" height=\"200\" src=\"https:\/\/bu.optimum-automotive.com\/wp-content\/uploads\/2024\/06\/01-489.jpg\" alt=\"\" class=\"wp-image-1906\"\/><\/a><figcaption class=\"wp-element-caption\"><strong>pa-sport.de<\/strong><br>AUTOMOBIL PRODUKTION: Mit Optimum automotive ist gestohlener Kraftstoff erstatteter Kraftstoff!<\/figcaption><\/figure><\/div>\n\n<div class=\"wp-block-image\">\n<figure class=\"aligncenter size-full has-lightbox\"><a href=\"https:\/\/bu.optimum-automotive.com\/wp-content\/uploads\/2024\/06\/optimum_automotive_lance_une_offre_exclusive___vol_de_carburant_rembourse___-_le_journal_des_entreprises_-_region_sud1.pdf\" target=\"_blank\" rel=\"noreferrer noopener\"><img loading=\"lazy\" decoding=\"async\" width=\"153\" height=\"200\" src=\"https:\/\/bu.optimum-automotive.com\/wp-content\/uploads\/2024\/06\/01-488.jpg\" alt=\"\" class=\"wp-image-1907\"\/><\/a><figcaption class=\"wp-element-caption\"><strong>DIE UNTERNEHMENSZEITUNG<\/strong><br>Optimum Automotive f\u00fchrt exklusives Angebot Vol decarburant rembours\u00e9 ein<\/figcaption><\/figure><\/div>\n\n\n<h2 class=\"wp-block-heading\">DEZEMBER 2022<\/h2>\n\n\n<div class=\"wp-block-image\">\n<figure class=\"aligncenter size-full has-lightbox\"><a href=\"https:\/\/bu.optimum-automotive.com\/wp-content\/uploads\/2024\/06\/2022-12-29-flottes_automobiles-decembre_2022_-_janvier_2023-100000000643153901.pdf\" target=\"_blank\" rel=\"noreferrer noopener\"><img loading=\"lazy\" decoding=\"async\" width=\"153\" height=\"200\" src=\"https:\/\/bu.optimum-automotive.com\/wp-content\/uploads\/2024\/06\/01-486.jpg\" alt=\"\" class=\"wp-image-1921\"\/><\/a><figcaption class=\"wp-element-caption\"><strong>AUTOFLOTTEN<\/strong><br>TRIP KEEPER WILL MOBILIT\u00c4T MANAGEN<\/figcaption><\/figure><\/div>\n\n<div class=\"wp-block-image\">\n<figure class=\"aligncenter size-full has-lightbox\"><a href=\"https:\/\/bu.optimum-automotive.com\/wp-content\/uploads\/2024\/06\/2022-12-29-flottes_automobiles-decembre_2022_-_janvier_2023-100000000643153981.pdf\" target=\"_blank\" rel=\"noreferrer noopener\"><img loading=\"lazy\" decoding=\"async\" width=\"153\" height=\"200\" src=\"https:\/\/bu.optimum-automotive.com\/wp-content\/uploads\/2024\/06\/01-487.jpg\" alt=\"\" class=\"wp-image-1922\"\/><\/a><figcaption class=\"wp-element-caption\"><strong>AUTOFLOTTEN<\/strong><br>K\u00fcnstliche Intelligenz: Der Aufstieg<\/figcaption><\/figure><\/div>\n\n<div class=\"wp-block-image\">\n<figure class=\"aligncenter size-full has-lightbox\"><a href=\"https:\/\/bu.optimum-automotive.com\/wp-content\/uploads\/2024\/06\/pour_la_mobilite_des_salaries_optimum_automotive_developpe_trip_keeper1.pdf\" target=\"_blank\" rel=\"noreferrer noopener\"><img loading=\"lazy\" decoding=\"async\" width=\"153\" height=\"200\" src=\"https:\/\/bu.optimum-automotive.com\/wp-content\/uploads\/2024\/06\/01-485.jpg\" alt=\"\" class=\"wp-image-1923\"\/><\/a><figcaption class=\"wp-element-caption\"><strong>auto-infos.de<\/strong><br>F\u00fcr die Mobilit\u00e4t der Mitarbeiter entwickelt Optimum Automotive Trip Keeper<\/figcaption><\/figure><\/div>\n\n<div class=\"wp-block-image\">\n<figure class=\"aligncenter size-full has-lightbox\"><a href=\"https:\/\/bu.optimum-automotive.com\/wp-content\/uploads\/2024\/06\/rsolutions_expertises_s_allie_a_optimum_automotive_21.pdf\" target=\"_blank\" rel=\"noreferrer noopener\"><img loading=\"lazy\" decoding=\"async\" width=\"153\" height=\"200\" src=\"https:\/\/bu.optimum-automotive.com\/wp-content\/uploads\/2024\/06\/01-484.jpg\" alt=\"\" class=\"wp-image-1924\"\/><\/a><figcaption class=\"wp-element-caption\"><strong>Verwaltungssoftware<\/strong><br>Rsolutions Expertises bereichert seine Leistungen mit Optimum Automotive<\/figcaption><\/figure><\/div>\n\n<div class=\"wp-block-image\">\n<figure class=\"aligncenter size-full has-lightbox\"><a href=\"https:\/\/bu.optimum-automotive.com\/wp-content\/uploads\/2024\/06\/2022-12-06-www.flotauto.com-december_06_2022-500000003679703861.pdf\" target=\"_blank\" rel=\"noreferrer noopener\"><img loading=\"lazy\" decoding=\"async\" width=\"153\" height=\"200\" src=\"https:\/\/bu.optimum-automotive.com\/wp-content\/uploads\/2024\/06\/01-483.jpg\" alt=\"\" class=\"wp-image-1925\"\/><\/a><figcaption class=\"wp-element-caption\"><strong>flotauto.com<\/strong><br>Optimum Automotive f\u00fchrt Trip Keeper f\u00fcr Mobilit\u00e4tsmanagement ein<\/figcaption><\/figure><\/div>\n\n<div class=\"wp-block-image\">\n<figure class=\"aligncenter size-full has-lightbox\"><a href=\"https:\/\/bu.optimum-automotive.com\/wp-content\/uploads\/2024\/06\/2022-12-06-radio.vinci-autoroutes.com-december_06_2022-500000003679703881.pdf\" target=\"_blank\" rel=\"noreferrer noopener\"><img loading=\"lazy\" decoding=\"async\" width=\"153\" height=\"200\" src=\"https:\/\/bu.optimum-automotive.com\/wp-content\/uploads\/2024\/06\/01-482.jpg\" alt=\"\" class=\"wp-image-1926\"\/><\/a><figcaption class=\"wp-element-caption\"><strong>radio.vinci-autoroutes.com<\/strong><br>Das Velotaf<\/figcaption><\/figure><\/div>\n\n<div class=\"wp-block-image\">\n<figure class=\"aligncenter size-full has-lightbox\"><a href=\"https:\/\/bu.optimum-automotive.com\/wp-content\/uploads\/2024\/06\/2022-12-06-le_journal_du_poids_lourd-novembre_2022-100000000641824241.pdf\" target=\"_blank\" rel=\"noreferrer noopener\"><img loading=\"lazy\" decoding=\"async\" width=\"153\" height=\"200\" src=\"https:\/\/bu.optimum-automotive.com\/wp-content\/uploads\/2024\/06\/01-481.jpg\" alt=\"\" class=\"wp-image-1927\"\/><\/a><figcaption class=\"wp-element-caption\"><strong>DIE ZEITUNG DES SCHWERGEWICHTS<\/strong><br>Treibstoff: Wie wird das Abzapfen von Treibstoff verhindert?<\/figcaption><\/figure><\/div>\n\n<div class=\"wp-block-image\">\n<figure class=\"aligncenter size-full has-lightbox\"><a href=\"https:\/\/bu.optimum-automotive.com\/wp-content\/uploads\/2024\/06\/2022-11-30-le_journal_des_entreprises_-_le_brief_edition_region_sud_-29_novembre_2022-100000000641432061.pdf\" target=\"_blank\" rel=\"noreferrer noopener\"><img loading=\"lazy\" decoding=\"async\" width=\"153\" height=\"200\" src=\"https:\/\/bu.optimum-automotive.com\/wp-content\/uploads\/2024\/06\/01-480.jpg\" alt=\"\" class=\"wp-image-1928\"\/><\/a><figcaption class=\"wp-element-caption\"><strong>DIE UNTERNEHMENSZEITUNG<\/strong><br>Optimum Automotive unterzeichnet Partnerschaft mit R Solutions Expertises<\/figcaption><\/figure><\/div>\n\n\n<h2 class=\"wp-block-heading\">NOVEMBER 2022<\/h2>\n\n\n<div class=\"wp-block-image\">\n<figure class=\"aligncenter size-full has-lightbox\"><a href=\"https:\/\/bu.optimum-automotive.com\/wp-content\/uploads\/2024\/07\/2022-11-27-www.presseagence.fr-november_27_2022-500000003679281271-1.pdf\" target=\"_blank\" rel=\"noreferrer noopener\"><img loading=\"lazy\" decoding=\"async\" width=\"153\" height=\"200\" src=\"https:\/\/bu.optimum-automotive.com\/wp-content\/uploads\/2024\/07\/01-479.jpg\" alt=\"\" class=\"wp-image-2242\" srcset=\"https:\/\/bu.optimum-automotive.com\/wp-content\/uploads\/2024\/07\/01-479.jpg 153w, https:\/\/bu.optimum-automotive.com\/wp-content\/uploads\/2024\/07\/01-479-9x12.jpg 9w\" sizes=\"auto, (max-width: 153px) 100vw, 153px\" \/><\/a><figcaption class=\"wp-element-caption\"><strong><strong>presseagentur.de<\/strong><\/strong><br>PARIS: Optimum automotive besiegelt neue Partnerschaft mit R solutions expertises<\/figcaption><\/figure><\/div>\n\n<div class=\"wp-block-image\">\n<figure class=\"aligncenter size-full has-lightbox\"><a href=\"https:\/\/bu.optimum-automotive.com\/wp-content\/uploads\/2024\/07\/2022-11-27-www.mtom-mag.com-november_27_2022-500000003679281311.pdf\" target=\"_blank\" rel=\"noreferrer noopener\"><img loading=\"lazy\" decoding=\"async\" width=\"153\" height=\"200\" src=\"https:\/\/bu.optimum-automotive.com\/wp-content\/uploads\/2024\/07\/01-4771.jpg\" alt=\"\" class=\"wp-image-2319\" srcset=\"https:\/\/bu.optimum-automotive.com\/wp-content\/uploads\/2024\/07\/01-4771.jpg 153w, https:\/\/bu.optimum-automotive.com\/wp-content\/uploads\/2024\/07\/01-4771-9x12.jpg 9w\" sizes=\"auto, (max-width: 153px) 100vw, 153px\" \/><\/a><figcaption class=\"wp-element-caption\"><strong><strong><strong>mtom-mag.com<\/strong><\/strong><\/strong><br>Optimum Automotive besiegelt neue Partnerschaft mit R Solutions Expertises<\/figcaption><\/figure><\/div>\n\n\n<div class=\"wp-block-image\"><a href=\"https:\/\/bu.optimum-automotive.com\/wp-content\/uploads\/2024\/07\/pdf\/2022-11-27-www.pa-sport.fr-november_27_2022-50000000367928135_2.pdf\" title=\"pa-sport.de\" type=\"application\/pdf\" target=\"_blank\" rel=\"noopener\"><img loading=\"lazy\" decoding=\"async\" src=\"https:\/\/bu.optimum-automotive.com\/wp-content\/uploads\/2024\/07\/jpg\/01-478.jpg\" width=\"153\" height=\"200\" alt=\"PDF - 725 kb\"><\/a>\r\n<figcaption class=\"wp-element-caption\"><strong>pa-sport.de<\/strong><br>\r\nAUTOMOBIL PRODUKTION: Optimum automotive besiegelt neue Partnerschaft mit R solutions expertises<\/figcaption><\/div> \r\n\r\n<div class=\"wp-block-image\"><a href=\"https:\/\/bu.optimum-automotive.com\/wp-content\/uploads\/2024\/07\/pdf\/2022-11-29-travaux-novembre_2022-10000000064135147.pdf\" title=\"BTP-Architektur\" type=\"application\/pdf\" target=\"_blank\" rel=\"noopener\"><img loading=\"lazy\" decoding=\"async\" src=\"https:\/\/bu.optimum-automotive.com\/wp-content\/uploads\/2024\/07\/jpg\/01-476.jpg\" width=\"153\" height=\"200\" alt=\"PDF - 327.6 ko\"><\/a>\r\n<figcaption class=\"wp-element-caption\"><strong>BTP-Architektur<\/strong><br>\r\nSicherung und Optimierung des Treibstoffs von Baufahrzeugen<\/figcaption><\/div>\r\n\r\n<div class=\"wp-block-image\"><a href=\"https:\/\/bu.optimum-automotive.com\/wp-content\/uploads\/2024\/07\/pdf\/optimum_automotive_signe_un_partenariat.pdf\" title=\"DIE UNTERNEHMENSZEITUNG\" type=\"application\/pdf\" target=\"_blank\" rel=\"noopener\"><img loading=\"lazy\" decoding=\"async\" src=\"https:\/\/bu.optimum-automotive.com\/wp-content\/uploads\/2024\/07\/jpg\/01-475.jpg\" width=\"153\" height=\"200\" alt=\"PDF - 236.3 ko\"><\/a>\r\n<figcaption class=\"wp-element-caption\"><strong>DIE UNTERNEHMENSZEITUNG<\/strong><br>\r\nOptimum Automotive unterzeichnet Partnerschaft mit R Solutions Expertises<\/figcaption><\/div> \r\n\r\n<div class=\"wp-block-image\">\r\n<a href=\"https:\/\/bu.optimum-automotive.com\/wp-content\/uploads\/2024\/07\/pdf\/2022-11-21-flottes_automobiles_guide-n_0_-_2022-10000000064085265_1_.pdf\" title=\"LEITFADEN F\u00dcR AUTOFLOTTEN \" type=\"application\/pdf\" target=\"_blank\" rel=\"noopener\"><img loading=\"lazy\" decoding=\"async\" src=\"https:\/\/bu.optimum-automotive.com\/wp-content\/uploads\/2024\/07\/jpg\/01-474.jpg\" width=\"153\" height=\"200\" alt=\"PDF - 3.8 MB\"><\/a>\r\n<figcaption class=\"wp-element-caption\"><strong>LEITFADEN F\u00dcR AUTOFLOTTEN <\/strong><br>\r\nTelematik: Erweiterung der Einsatzbereiche<\/figcaption><\/div> \r\n\r\n<h2 class=\"wp-block-heading\">OKTOBER 2022<\/h2>\t\r\n\r\n<div class=\"wp-block-image\"><a href=\"https:\/\/bu.optimum-automotive.com\/wp-content\/uploads\/2024\/07\/pdf\/interfaces_pour_la_gestion_de_flotte___des_prestataires_connectes.pdf\" title=\"AUTOFLOTTEN\" type=\"application\/pdf\" target=\"_blank\" rel=\"noopener\"><img loading=\"lazy\" decoding=\"async\" src=\"https:\/\/bu.optimum-automotive.com\/wp-content\/uploads\/2024\/07\/jpg\/01-473.jpg\" width=\"153\" height=\"200\" alt=\"PDF - 167.7 ko\"><\/a>\r\n<figcaption class=\"wp-element-caption\"><strong>AUTOFLOTTEN<\/strong><br>\r\nSchnittstellen f\u00fcr das Flottenmanagement: vernetzte Anbieter<\/figcaption><\/div> \r\n \r\n<div class=\"wp-block-image\"><a href=\"https:\/\/bu.optimum-automotive.com\/wp-content\/uploads\/2024\/07\/pdf\/2022-10-25-www.routiers.com-october_25_2022-50000000367692581.pdf\" title=\"Fernfahrer.com\" type=\"application\/pdf\" target=\"_blank\" rel=\"noopener\"><img loading=\"lazy\" decoding=\"async\" src=\"https:\/\/bu.optimum-automotive.com\/wp-content\/uploads\/2024\/07\/jpg\/01-472.jpg\" width=\"153\" height=\"200\" alt=\"PDF - 154.3 ko\"><\/a>\r\n<figcaption class=\"wp-element-caption\"><strong>Fernfahrer.com<\/strong><br>\r\nDiebstahl von Kraftstoffen : Optimum Automotive bietet Sonde und Alarm\r\n<\/figcaption><\/div> \r\n\r\n<div class=\"wp-block-image\">\r\n<a href=\"https:\/\/bu.optimum-automotive.com\/wp-content\/uploads\/2024\/07\/pdf\/2022-10-25-www.transporteurs.net-october_25_2022-50000000367692537.pdf\" title=\"Transportunternehmen.net\" type=\"application\/pdf\" target=\"_blank\" rel=\"noopener\"><img loading=\"lazy\" decoding=\"async\" src=\"https:\/\/bu.optimum-automotive.com\/wp-content\/uploads\/2024\/07\/jpg\/01-471.jpg\" width=\"153\" height=\"200\" alt=\"PDF - 154 kb\"><\/a>\r\n<figcaption class=\"wp-element-caption\"><strong>Transportunternehmen.net<\/strong><br>\r\nDiebstahl von Kraftstoffen : Optimum Automotive bietet Sonde und Alarm\r\n<\/figcaption><\/div> \r\n\r\n\r\n<div class=\"wp-block-image\"><a href=\"https:\/\/bu.optimum-automotive.com\/wp-content\/uploads\/2024\/07\/pdf\/2022-10-11-flottes_automobiles-octobre_2022-10000000063848903.pdf\" title=\"AUTOFLOTTEN\" type=\"application\/pdf\" target=\"_blank\" rel=\"noopener\"><img loading=\"lazy\" decoding=\"async\" src=\"https:\/\/bu.optimum-automotive.com\/wp-content\/uploads\/2024\/07\/jpg\/01-470.jpg\" width=\"153\" height=\"200\" alt=\"PDF - 1.8 MB\"><\/a>\r\n<figcaption class=\"wp-element-caption\"><strong>AUTOFLOTTEN<\/strong><br>\r\nFlottenmanagement, produktive Schnittstellen\r\n<\/figcaption><\/div> \r\n\r\n<div class=\"wp-block-image\">\r\n<a href=\"https:\/\/bu.optimum-automotive.com\/wp-content\/uploads\/2024\/07\/pdf\/2022-10-11-flottes_automobiles-octobre_2022-10000000063848895.pdf\" title=\"AUTOFLOTTEN\" type=\"application\/pdf\" target=\"_blank\" rel=\"noopener\"><img loading=\"lazy\" decoding=\"async\" src=\"https:\/\/bu.optimum-automotive.com\/wp-content\/uploads\/2024\/07\/jpg\/01-469.jpg\" width=\"153\" height=\"200\" alt=\"PDF - 2.4 MB\"><\/a>\r\n<figcaption class=\"wp-element-caption\"><strong>AUTOFLOTTEN<\/strong><br>\r\nManagement-Tools, Schnittstellen f\u00fcr Fuhrparks\r\n<\/figcaption><\/div> \r\n\r\n<div class=\"wp-block-image\">\r\n<a href=\"https:\/\/bu.optimum-automotive.com\/wp-content\/uploads\/2024\/07\/pdf\/2022-10-03-www.pa-sport.fr-3_october_2022-50000000367254083.pdf\" title=\"pa-sport.de\" type=\"application\/pdf\" target=\"_blank\" rel=\"noopener\"><img loading=\"lazy\" decoding=\"async\" src=\"https:\/\/bu.optimum-automotive.com\/wp-content\/uploads\/2024\/07\/jpg\/01-468.jpg\" width=\"153\" height=\"200\" alt=\"PDF - 727.1 ko\"><\/a>\r\n<figcaption class=\"wp-element-caption\"><strong>pa-sport.de<\/strong><br>\r\nAUTOMOBIL PRODUKTION: Optimum automotive bei den Flotauto Treffen am 6. Oktober\r\n<\/figcaption><\/div> \r\n\r\n<h2 class=\"wp-block-heading\">SEPTEMBER 2022<\/h2>\r\n\r\n<div class=\"wp-block-image\">\r\n<a href=\"https:\/\/bu.optimum-automotive.com\/wp-content\/uploads\/2024\/07\/pdf\/optimiser_la_conso_et_faire_face_au_vol_de_carburant.pdf\" title=\"L&#039;Automobile Magazine\" type=\"application\/pdf\" target=\"_blank\" rel=\"noopener\"><img loading=\"lazy\" decoding=\"async\" src=\"https:\/\/bu.optimum-automotive.com\/wp-content\/uploads\/2024\/07\/jpg\/01-466.jpg\" width=\"153\" height=\"200\" alt=\"PDF - 1.1 MB\"><\/a>\r\n<figcaption class=\"wp-element-caption\"><strong>L'Automobile Magazine<\/strong><br>\r\nFirmenwagenflotten: Wie man den Verbrauch optimiert und gegen Kraftstoffdiebstahl vorgeht\r\n<\/figcaption><\/div> \r\n\r\n<div class=\"wp-block-image\">\r\n<a href=\"https:\/\/bu.optimum-automotive.com\/wp-content\/uploads\/2024\/07\/pdf\/2022-09-28-www.presseagence.fr-28_september_2022-50000000367117275.pdf\" title=\"presseagentur.de\" type=\"application\/pdf\" target=\"_blank\" rel=\"noopener\"><img loading=\"lazy\" decoding=\"async\" src=\"https:\/\/bu.optimum-automotive.com\/wp-content\/uploads\/2024\/07\/jpg\/01-467.jpg\" width=\"153\" height=\"200\" alt=\"PDF - 805.9 ko\"><\/a>\r\n<figcaption class=\"wp-element-caption\"><strong>presseagentur.de<\/strong><br>\r\nPARIS: Optimum automotive - Securifuel, Kraftstoff sch\u00fctzen und optimieren\r\n<\/figcaption><\/div> \r\n\r\n<div class=\"wp-block-image\">\r\n<a href=\"https:\/\/bu.optimum-automotive.com\/wp-content\/uploads\/2024\/07\/pdf\/2022-09-28-le_journal_des_flottes-septembre_-_octobre.pdf\" title=\"Die Flottenzeitung\" type=\"application\/pdf\" target=\"_blank\" rel=\"noopener\"><img loading=\"lazy\" decoding=\"async\" src=\"https:\/\/bu.optimum-automotive.com\/wp-content\/uploads\/2024\/07\/jpg\/01-465.jpg\" width=\"153\" height=\"200\" alt=\"PDF - 5 MB\"><\/a>\r\n<figcaption class=\"wp-element-caption\"><strong>Die Flottenzeitung<\/strong><br>\r\nBauherren: Freunde oder Feinde?\r\n<\/figcaption><\/div> \r\n\r\n<div class=\"wp-block-image\">\r\n<a href=\"https:\/\/bu.optimum-automotive.com\/wp-content\/uploads\/2024\/07\/pdf\/optimum_automotive_pose_un_pied_en_colombie.pdf\" title=\"Die Flottenzeitung\" type=\"application\/pdf\" target=\"_blank\" rel=\"noopener\"><img loading=\"lazy\" decoding=\"async\" src=\"https:\/\/bu.optimum-automotive.com\/wp-content\/uploads\/2024\/07\/jpg\/01-464.jpg\" width=\"153\" height=\"200\" alt=\"PDF - 831.2 ko\"><\/a>\r\n<figcaption class=\"wp-element-caption\"><strong>Die Flottenzeitung<\/strong><br>\r\nOptimum Automotive setzt einen Fu\u00df ... in Kolumbien\r\n<\/figcaption><\/div> \r\n\r\n<div class=\"wp-block-image\">\r\n<a href=\"https:\/\/bu.optimum-automotive.com\/wp-content\/uploads\/2024\/07\/pdf\/2022-09-22-le_journal_des_entreprises_-_le_brief_edition_region_sud_-21_septembre_2022-10000000063720736.pdf\" title=\"DIE UNTERNEHMENSZEITUNG\" type=\"application\/pdf\" target=\"_blank\" rel=\"noopener\"><img loading=\"lazy\" decoding=\"async\" src=\"https:\/\/bu.optimum-automotive.com\/wp-content\/uploads\/2024\/07\/jpg\/01-463.jpg\" width=\"153\" height=\"200\" alt=\"PDF - 487 kb\"><\/a>\r\n<figcaption class=\"wp-element-caption\"><strong>DIE UNTERNEHMENSZEITUNG<\/strong><br>\r\nOptimum Automotives'implanteen<br class=\"autobr\">\r\nS\u00fcdamerika\r\n<\/figcaption><\/div> \r\n\r\n<div class=\"wp-block-image\">\r\n<a href=\"https:\/\/bu.optimum-automotive.com\/wp-content\/uploads\/2024\/07\/pdf\/2022-09-21-www.industrie-mag.com-21_september_2022-50000000366892340.pdf\" title=\"industrie-mag.com\" type=\"application\/pdf\" target=\"_blank\" rel=\"noopener\"><img loading=\"lazy\" decoding=\"async\" src=\"https:\/\/bu.optimum-automotive.com\/wp-content\/uploads\/2024\/07\/jpg\/01-461.jpg\" width=\"153\" height=\"200\" alt=\"PDF - 163.3 ko\"><\/a>\r\n<figcaption class=\"wp-element-caption\"><strong>industrie-mag.com<\/strong><br>\r\nOptimum Automotive in Lateinamerika, es ist vollbracht!\r\n<\/figcaption><\/div> \r\n\r\n<div class=\"wp-block-image\">\r\n<a href=\"https:\/\/bu.optimum-automotive.com\/wp-content\/uploads\/2024\/07\/pdf\/optimum_automotive_s_implante_en_ameriq.pdf\" title=\"lejournaldesentreprises.com\" type=\"application\/pdf\" target=\"_blank\" rel=\"noopener\"><img loading=\"lazy\" decoding=\"async\" src=\"https:\/\/bu.optimum-automotive.com\/wp-content\/uploads\/2024\/07\/jpg\/01-462.jpg\" width=\"153\" height=\"200\" alt=\"PDF - 279.7 ko\"><\/a>\r\n<figcaption class=\"wp-element-caption\"><strong>lejournaldesentreprises.com<\/strong><br>\r\nOptimum Automotive expandiert nach S\u00fcdamerika\r\n<\/figcaption><\/div> \r\n\r\n<div class=\"wp-block-image\">\r\n<a href=\"https:\/\/bu.optimum-automotive.com\/wp-content\/uploads\/2024\/07\/pdf\/2022-09-19-www.auto-infos.fr-19_september_2022-50000000366829206.pdf\" title=\"auto-infos.de\" type=\"application\/pdf\" target=\"_blank\" rel=\"noopener\"><img loading=\"lazy\" decoding=\"async\" src=\"https:\/\/bu.optimum-automotive.com\/wp-content\/uploads\/2024\/07\/jpg\/01-460.jpg\" width=\"153\" height=\"200\" alt=\"PDF - 358 kb\"><\/a>\r\n<figcaption class=\"wp-element-caption\"><strong>auto-infos.de<\/strong><br>\r\nOptimum Automotive nimmt Kurs auf S\u00fcdamerika\r\n<\/figcaption><\/div> \r\n\r\n<div class=\"wp-block-image\">\r\n<a href=\"https:\/\/bu.optimum-automotive.com\/wp-content\/uploads\/2024\/07\/pdf\/optimum_automotive_lance_les_etudes_de_conversion_electrique.pdf\" title=\"Die Flottenzeitung\" type=\"application\/pdf\" target=\"_blank\" rel=\"noopener\"><img loading=\"lazy\" decoding=\"async\" src=\"https:\/\/bu.optimum-automotive.com\/wp-content\/uploads\/2024\/07\/jpg\/01-459.jpg\" width=\"153\" height=\"200\" alt=\"PDF - 729.9 ko\"><\/a>\r\n<figcaption class=\"wp-element-caption\"><strong>Die Flottenzeitung<\/strong><br>\r\nOptimum Automotive beginnt mit Studien zur elektrischen Umr\u00fcstung\r\n<\/figcaption><\/div> \r\n\r\n<div class=\"wp-block-image\">\r\n<a href=\"https:\/\/bu.optimum-automotive.com\/wp-content\/uploads\/2024\/07\/pdf\/2022-09-06-www.auto-infos.fr-6_september_2022-50000000366411873.pdf\" title=\"auto-infos.de \" type=\"application\/pdf\" target=\"_blank\" rel=\"noopener\"><img loading=\"lazy\" decoding=\"async\" src=\"https:\/\/bu.optimum-automotive.com\/wp-content\/uploads\/2024\/07\/jpg\/01-458.jpg\" width=\"153\" height=\"200\" alt=\"PDF - 343.3 ko\"><\/a>\r\n<figcaption class=\"wp-element-caption\"><strong>auto-infos.de <\/strong><br>\r\nEnergiewende: Optimum Automotive bietet seinen Kunden eine kostenlose Pr\u00fcfung ihres Fuhrparks an\r\n<\/figcaption><\/div> \r\n\r\n<h2 class=\"wp-block-heading\">JULI 2022<\/h2>\r\n\r\n<div class=\"wp-block-image\">\r\n<a href=\"https:\/\/bu.optimum-automotive.com\/wp-content\/uploads\/2024\/07\/pdf\/optimum_automotive_se_connecte_aux_boitiers_renault.pdf\" title=\"Die Flottenzeitung\" type=\"application\/pdf\" target=\"_blank\" rel=\"noopener\"><img loading=\"lazy\" decoding=\"async\" src=\"https:\/\/bu.optimum-automotive.com\/wp-content\/uploads\/2024\/07\/jpg\/01-455.jpg\" width=\"153\" height=\"200\" alt=\"PDF - 3.2 MB\"><\/a>\r\n<figcaption class=\"wp-element-caption\"><strong>Die Flottenzeitung<\/strong><br>\r\nOptimum Automotive verbindet sich mit Renault-Boxen\r\n<\/figcaption><\/div> \r\n\r\n<div class=\"wp-block-image\">\r\n<a href=\"https:\/\/bu.optimum-automotive.com\/wp-content\/uploads\/2024\/07\/pdf\/2022-07-13-journalauto.com-13_july_2022-50000000365037521.pdf\" title=\"journalauto.com\" type=\"application\/pdf\" target=\"_blank\" rel=\"noopener\"><img loading=\"lazy\" decoding=\"async\" src=\"https:\/\/bu.optimum-automotive.com\/wp-content\/uploads\/2024\/07\/jpg\/01-454.jpg\" width=\"153\" height=\"200\" alt=\"PDF - 201.9 ko\"><\/a>\r\n<figcaption class=\"wp-element-caption\"><strong>journalauto.com<\/strong><br>\r\nOptimum Automotive verbindet sich mit Renault-Boxen\r\n<\/figcaption><\/div> \r\n\r\n<div class=\"wp-block-image\">\r\n<a href=\"https:\/\/bu.optimum-automotive.com\/wp-content\/uploads\/2024\/07\/pdf\/2022-07-12-www.auto-infos.fr-12_july_2022-50000000364998635.pdf\" title=\"auto-infos.de\" type=\"application\/pdf\" target=\"_blank\" rel=\"noopener\"><img loading=\"lazy\" decoding=\"async\" src=\"https:\/\/bu.optimum-automotive.com\/wp-content\/uploads\/2024\/07\/jpg\/01-453.jpg\" width=\"153\" height=\"200\" alt=\"PDF - 198.5 ko\"><\/a>\r\n<figcaption class=\"wp-element-caption\"><strong>auto-infos.de<\/strong><br>\r\nRenault verwaltet seine Fahrzeugtelematik mit Optimum Automotive\r\n<\/figcaption><\/div> \r\n\r\n<div class=\"wp-block-image\">\r\n<a href=\"https:\/\/bu.optimum-automotive.com\/wp-content\/uploads\/2024\/07\/pdf\/2022-07-10-www.pa-sport.fr-10_july_2022-50000000364932602.pdf\" title=\"pa-sport.de\" type=\"application\/pdf\" target=\"_blank\" rel=\"noopener\"><img loading=\"lazy\" decoding=\"async\" src=\"https:\/\/bu.optimum-automotive.com\/wp-content\/uploads\/2024\/07\/jpg\/01-452.jpg\" width=\"153\" height=\"200\" alt=\"PDF - 803.9 ko\"><\/a>\r\n<figcaption class=\"wp-element-caption\"><strong>pa-sport.de<\/strong><br>\r\n<a href=\"https:\/\/www.lejournaldesentreprises.com\/region-sud\/breve\/optimum-automotive-integre-le-boitier-telematique-de-renault-2041477\" class=\"spip_out\" rel=\"external noopener\" target=\"_blank\">Optimum automotive setzt sich mit Renault f\u00fcr die Telematikbox ein<\/a>\r\n<\/figcaption><\/div> \r\n\r\n<h2 class=\"wp-block-heading\">MAI 2022<\/h2>\r\n\r\n<div class=\"wp-block-image\">\r\n<a href=\"https:\/\/bu.optimum-automotive.com\/wp-content\/uploads\/2024\/07\/pdf\/2022-05-26-www.pa-sport.fr-26_may_2022-50000000363555004.pdf\" title=\"pa-sport.de\" type=\"application\/pdf\" target=\"_blank\" rel=\"noopener\"><img loading=\"lazy\" decoding=\"async\" src=\"https:\/\/bu.optimum-automotive.com\/wp-content\/uploads\/2024\/07\/jpg\/01-450.jpg\" width=\"153\" height=\"200\" alt=\"PDF - 868.3 ko\"><\/a>\r\n<figcaption class=\"wp-element-caption\"><strong>pa-sport.de<\/strong><br>\r\nAUTOMOBIL PRODUKTION: Big Data und k\u00fcnstliche Intelligenz bei der Auswahl von Elektrofahrzeugen\r\n<\/figcaption><\/div> \r\n\r\n<div class=\"wp-block-image\">\r\n<a href=\"https:\/\/bu.optimum-automotive.com\/wp-content\/uploads\/2024\/07\/pdf\/2022-05-26-flottes_automobiles-mai_2022-10000000063118429.pdf\" title=\"Autoflotten\" type=\"application\/pdf\" target=\"_blank\" rel=\"noopener\"><img loading=\"lazy\" decoding=\"async\" src=\"https:\/\/bu.optimum-automotive.com\/wp-content\/uploads\/2024\/07\/jpg\/01-451.jpg\" width=\"153\" height=\"200\" alt=\"PDF - 1.9 MB\"><\/a>\r\n<figcaption class=\"wp-element-caption\"><strong>Autoflotten<\/strong><br>\r\nDossier Verkehrssicherheit: Sicherheit in Echtzeit\r\n<\/figcaption><\/div> \r\n\r\n<div class=\"wp-block-image\">\r\n<a href=\"https:\/\/bu.optimum-automotive.com\/wp-content\/uploads\/2024\/07\/pdf\/telematique___la_securite_des_conducteurs_en_temps_reel.pdf\" title=\"flotauto.com\" type=\"application\/pdf\" target=\"_blank\" rel=\"noopener\"><img loading=\"lazy\" decoding=\"async\" src=\"https:\/\/bu.optimum-automotive.com\/wp-content\/uploads\/2024\/07\/jpg\/01-449.jpg\" width=\"153\" height=\"200\" alt=\"PDF - 142.4 kb\"><\/a>\r\n<figcaption class=\"wp-element-caption\"><strong>flotauto.com<\/strong><br>\r\nTelematik: Fahrersicherheit in Echtzeit\r\n<\/figcaption><\/div> \r\n\r\n<div class=\"wp-block-image\">\r\n<a href=\"https:\/\/bu.optimum-automotive.com\/wp-content\/uploads\/2024\/07\/pdf\/couvkme_2520182-183_2520hdef-fusionn_25c3_25a9_glisse_e_s_.pdf\" title=\"KMS UNTERNEHMEN\" type=\"application\/pdf\" target=\"_blank\" rel=\"noopener\"><img loading=\"lazy\" decoding=\"async\" src=\"https:\/\/bu.optimum-automotive.com\/wp-content\/uploads\/2024\/07\/jpg\/01-448.jpg\" width=\"153\" height=\"200\" alt=\"PDF - 901 kb\"><\/a>\r\n<figcaption class=\"wp-element-caption\"><strong>KMS UNTERNEHMEN<\/strong><br>\r\n\"Data first!\"\r\n<\/figcaption><\/div> \r\n\r\n<div class=\"wp-block-image\">\r\n<a href=\"https:\/\/bu.optimum-automotive.com\/wp-content\/uploads\/2024\/07\/pdf\/2022-05-14-www.flotauto.com-14_may_2022-50000000363151396.pdf\" title=\"Autoflotten\" type=\"application\/pdf\" target=\"_blank\" rel=\"noopener\"><img loading=\"lazy\" decoding=\"async\" src=\"https:\/\/bu.optimum-automotive.com\/wp-content\/uploads\/2024\/07\/jpg\/01-446.jpg\" width=\"153\" height=\"200\" alt=\"PDF - 206 kb\"><\/a>\r\n<figcaption class=\"wp-element-caption\"><strong>Autoflotten<\/strong><br>\r\nDas AD-Netzwerk stellt sich in den Dienst der Flotten\r\n<\/figcaption><\/div> \r\n\r\n<div class=\"wp-block-image\">\r\n<a href=\"https:\/\/bu.optimum-automotive.com\/wp-content\/uploads\/2024\/07\/pdf\/2022-05-13-www.flotauto.com-13_may_2022-50000000363141316.pdf\" title=\"Autoflotten\" type=\"application\/pdf\" target=\"_blank\" rel=\"noopener\"><img loading=\"lazy\" decoding=\"async\" src=\"https:\/\/bu.optimum-automotive.com\/wp-content\/uploads\/2024\/07\/jpg\/01-447.jpg\" width=\"153\" height=\"200\" alt=\"PDF - 179.3 ko\"><\/a>\r\n<figcaption class=\"wp-element-caption\"><strong>Autoflotten<\/strong><br>\r\nBanque Populaire du Sud: Die Flotte wird elektrifiziert\r\n<\/figcaption><\/div> \r\n\r\n<div class=\"wp-block-image\">\r\n<a href=\"https:\/\/bu.optimum-automotive.com\/wp-content\/uploads\/2024\/07\/pdf\/2022-05-12-www.auto-infos.fr-12_may_2022-50000000363098897.pdf\" title=\"auto-infos.de\" type=\"application\/pdf\" target=\"_blank\" rel=\"noopener\"><img loading=\"lazy\" decoding=\"async\" src=\"https:\/\/bu.optimum-automotive.com\/wp-content\/uploads\/2024\/07\/jpg\/01-445.jpg\" width=\"153\" height=\"200\" alt=\"PDF - 222.9 ko\"><\/a>\r\n<figcaption class=\"wp-element-caption\"><strong>auto-infos.de<\/strong><br>\r\n\"Das Abholen der Datenstr\u00f6me ist einer der Reicht\u00fcmer des Unternehmens\".\r\n<\/figcaption><\/div> \r\n\r\n<div class=\"wp-block-image\">\r\n<a href=\"https:\/\/bu.optimum-automotive.com\/wp-content\/uploads\/2024\/07\/pdf\/2022-05-06-l_automobile_l_entreprise-mai_2022-10000000063007083.pdf\" title=\"Auto und Unternehmen\" type=\"application\/pdf\" target=\"_blank\" rel=\"noopener\"><img loading=\"lazy\" decoding=\"async\" src=\"https:\/\/bu.optimum-automotive.com\/wp-content\/uploads\/2024\/07\/jpg\/fleet-mob.jpg\" width=\"153\" height=\"200\" alt=\"PDF - 2.8 MB\"><\/a>\r\n<figcaption class=\"wp-element-caption\"><strong>Auto und Unternehmen<\/strong><br>\r\nDas Abholen der Str\u00f6me ist einer der Reicht\u00fcmer des Unternehmens\r\n\r\n<\/figcaption><\/div> \r\n\r\n<h2 class=\"wp-block-heading\">M\u00c4RZ 2022<\/h2>\r\n\r\n<div class=\"wp-block-image\">\r\n<a href=\"https:\/\/bu.optimum-automotive.com\/wp-content\/uploads\/2024\/07\/pdf\/2022-03-29-flottes_automobiles-mars_2022.pdf\" title=\"Autoflotten\" type=\"application\/pdf\" target=\"_blank\" rel=\"noopener\"><img loading=\"lazy\" decoding=\"async\" src=\"https:\/\/bu.optimum-automotive.com\/wp-content\/uploads\/2024\/07\/jpg\/01-443.jpg\" width=\"153\" height=\"200\" alt=\"PDF - 4.1 MB\"><\/a>\r\n<figcaption class=\"wp-element-caption\"><strong>Autoflotten<\/strong><br>\r\nTelematik Ausweitung der Einsatzbereiche\r\n<\/figcaption><\/div> \r\n\r\n<div class=\"wp-block-image\"> \r\n<a href=\"https:\/\/bu.optimum-automotive.com\/wp-content\/uploads\/2024\/07\/pdf\/2022-03-11-www.auto-infos.fr-11_mars_2022-50000000361167852.pdf\" title=\"auto-infos.de\" type=\"application\/pdf\" target=\"_blank\" rel=\"noopener\"><img loading=\"lazy\" decoding=\"async\" src=\"https:\/\/bu.optimum-automotive.com\/wp-content\/uploads\/2024\/07\/jpg\/01-444.jpg\" width=\"153\" height=\"200\" alt=\"PDF - 346.5 ko\"><\/a>\r\n<figcaption class=\"wp-element-caption\"><strong>auto-infos.de<\/strong><br>\r\nKraftstoffpreise: Die Tipps von Optimum Automotive zur Senkung der Rechnung\r\n<\/figcaption><\/div> \r\n\r\n<h2 class=\"wp-block-heading\">FEBRUAR 2022<\/h2>\r\n\r\n<div class=\"wp-block-image\"> \r\n<a href=\"https:\/\/bu.optimum-automotive.com\/wp-content\/uploads\/2024\/07\/pdf\/optimum_automotive__des_solutions_d_optimisation_des_flottes_a_360.pdf\" title=\"makeamove.de\" type=\"application\/pdf\" target=\"_blank\" rel=\"noopener\"><img loading=\"lazy\" decoding=\"async\" src=\"https:\/\/bu.optimum-automotive.com\/wp-content\/uploads\/2024\/07\/jpg\/01-442.jpg\" width=\"153\" height=\"200\" alt=\"PDF - 376 kb\"><\/a>\r\n<figcaption class=\"wp-element-caption\"><strong>makeamove.de<\/strong><br>\r\nOptimum Automotive: 360\u00b0-L\u00f6sungen f\u00fcr die Flottenoptimierung\r\n\r\n<\/figcaption><\/div> \r\n\r\n<h2 class=\"wp-block-heading\">Januar 2022<\/h2>\r\n\r\n<div class=\"wp-block-image\">\r\n<a href=\"https:\/\/bu.optimum-automotive.com\/wp-content\/uploads\/2024\/07\/pdf\/hub_eco_bpifrance_.pdf\" title=\"laprovence.com\" type=\"application\/pdf\" target=\"_blank\" rel=\"noopener\"><img loading=\"lazy\" decoding=\"async\" src=\"https:\/\/bu.optimum-automotive.com\/wp-content\/uploads\/2024\/07\/jpg\/01-441.jpg\" width=\"153\" height=\"200\" alt=\"PDF - 1.3 MB\"><\/a>\r\n<figcaption class=\"wp-element-caption\"><strong>laprovence.com<\/strong><br>\r\n\"Bpifrance hat sehr viel zu der Geschichte beigetragen, die wir schreiben.\r\n\r\n<\/figcaption><\/div> \r\n\r\n<h2 class=\"wp-block-heading\">NOVEMBER 2021<\/h2>\r\n\r\n<div class=\"wp-block-image\">\r\n<a href=\"https:\/\/bu.optimum-automotive.com\/wp-content\/uploads\/2024\/07\/pdf\/2021-11-19-flottes_automobiles_guide-n_0_-_2022-10000000062080241.pdf\" title=\"Autoflotten\" type=\"application\/pdf\" target=\"_blank\" rel=\"noopener\"><img loading=\"lazy\" decoding=\"async\" src=\"https:\/\/bu.optimum-automotive.com\/wp-content\/uploads\/2024\/07\/jpg\/01-440.jpg\" width=\"153\" height=\"200\" alt=\"PDF - 3.1 MB\"><\/a>\r\n<figcaption class=\"wp-element-caption\"><strong>Autoflotten<\/strong><br>\r\nFahrzeugtelematik Die Neuheiten f\u00fcr 2021\r\n<\/figcaption><\/div> \r\n\r\n<div class=\"wp-block-image\">\r\n<a href=\"https:\/\/bu.optimum-automotive.com\/wp-content\/uploads\/2024\/07\/pdf\/2021-11-04-www.lejournaldesentreprises.com-4_novembre_2021.pdf\" title=\"lejournaldesentreprises.com\" type=\"application\/pdf\" target=\"_blank\" rel=\"noopener\"><img loading=\"lazy\" decoding=\"async\" src=\"https:\/\/bu.optimum-automotive.com\/wp-content\/uploads\/2024\/07\/jpg\/01-439.jpg\" width=\"153\" height=\"200\" alt=\"PDF - 54.4 ko\"><\/a>\r\n<figcaption class=\"wp-element-caption\"><strong>lejournaldesentreprises.com<\/strong><br>\r\nDrei Aachener Unternehmen reisen mit Bpifrance zur Expo 2020 in Dubai\r\n<\/figcaption><\/div> \r\n\r\n<div class=\"wp-block-image\">\r\n<a href=\"https:\/\/bu.optimum-automotive.com\/wp-content\/uploads\/2024\/07\/pdf\/2021-11-03-l_automobile_l_entreprise-novembre_2021.pdf\" title=\"Auto &amp; Unternehmen\" type=\"application\/pdf\" target=\"_blank\" rel=\"noopener\"><img loading=\"lazy\" decoding=\"async\" src=\"https:\/\/bu.optimum-automotive.com\/wp-content\/uploads\/2024\/07\/jpg\/1-2.jpg\" width=\"153\" height=\"200\" alt=\"PDF - 515.9 ko\"><\/a>\r\n<figcaption class=\"wp-element-caption\"><strong>Auto &amp; Unternehmen<\/strong><br>\r\nOptimum Automotive f\u00fchrt App und Zahlungskarte ein\r\n<\/figcaption><\/div> \r\n\r\n<div class=\"wp-block-image\">\r\n<a href=\"https:\/\/bu.optimum-automotive.com\/wp-content\/uploads\/2024\/07\/pdf\/2021-10-29-zepros_apres_vente_auto-novembre_2021-10000000061968803.pdf\" title=\"ZEPROS NACH DEM VERKAUF VON AUTOS\" type=\"application\/pdf\" target=\"_blank\" rel=\"noopener\"><img loading=\"lazy\" decoding=\"async\" src=\"https:\/\/bu.optimum-automotive.com\/wp-content\/uploads\/2024\/07\/jpg\/1.jpg\" width=\"153\" height=\"200\" alt=\"PDF - 88.2 ko\"><\/a>\r\n<figcaption class=\"wp-element-caption\"><strong>ZEPROS NACH DEM VERKAUF VON AUTOS<\/strong><br>\r\nOptimum Mobility macht Reisen fl\u00fcssiger\r\n<\/figcaption><\/div> \r\n\r\n<h2 class=\"wp-block-heading\">OKTOBER 2021<\/h2>\r\n\r\n<div class=\"wp-block-image\"> \r\n<a href=\"https:\/\/bu.optimum-automotive.com\/wp-content\/uploads\/2024\/07\/pdf\/2021-10-27-www.flotauto.com-27_octobre_2021-50000000356944703.pdf\" title=\"flotauto.com\" type=\"application\/pdf\" target=\"_blank\" rel=\"noopener\"><img loading=\"lazy\" decoding=\"async\" src=\"https:\/\/bu.optimum-automotive.com\/wp-content\/uploads\/2024\/07\/jpg\/01-438.jpg\" width=\"153\" height=\"200\" alt=\"PDF - 123.9 ko\"><\/a>\r\n<figcaption class=\"wp-element-caption\"><strong>flotauto.com<\/strong><br>\r\nEin Angebot f\u00fcr die angeschlossene Wartungsverfolgung AD Connect\r\n<\/figcaption><\/div> \r\n\r\n<div class=\"wp-block-image\">\r\n<a href=\"https:\/\/bu.optimum-automotive.com\/wp-content\/uploads\/2024\/07\/pdf\/2021-10-27-la_tribune_des_auto-ecoles-octobre_-_novembre_2021-10000000061951764.pdf\" title=\"DIE TRIB\u00dcNE DER FAHRSCHULEN\" type=\"application\/pdf\" target=\"_blank\" rel=\"noopener\"><img loading=\"lazy\" decoding=\"async\" src=\"https:\/\/bu.optimum-automotive.com\/wp-content\/uploads\/2024\/07\/jpg\/01-437.jpg\" width=\"153\" height=\"200\" alt=\"PDF - 667.5 ko\"><\/a>\r\n<figcaption class=\"wp-element-caption\"><strong>DIE TRIB\u00dcNE DER FAHRSCHULEN<\/strong><br>\r\nWerkzeuge und Daten zur Optimierung des Fahrzeugmanagements\r\n<\/figcaption><\/div> \r\n\r\n<div class=\"wp-block-image\">\r\n<a href=\"https:\/\/bu.optimum-automotive.com\/wp-content\/uploads\/2024\/07\/pdf\/2021-10-26-www.apres-vente-auto.com-26_octobre_2021-50000000356944805.pdf\" title=\"apres-vente-auto.com\" type=\"application\/pdf\" target=\"_blank\" rel=\"noopener\"><img loading=\"lazy\" decoding=\"async\" src=\"https:\/\/bu.optimum-automotive.com\/wp-content\/uploads\/2024\/07\/jpg\/01-436.jpg\" width=\"153\" height=\"200\" alt=\"PDF - 201.7 ko\"><\/a>\r\n<figcaption class=\"wp-element-caption\"><strong>apres-vente-auto.com<\/strong><br>\r\nMit AD Connect erschlie\u00dft sich R\u00e9seau AD die Kundschaft der Profis\r\n<\/figcaption><\/div> \r\n\r\n<div class=\"wp-block-image\">\r\n<a href=\"https:\/\/bu.optimum-automotive.com\/wp-content\/uploads\/2024\/07\/pdf\/2021-10-20-le_point-21_octobre_2021-10000000061911939.pdf\" title=\"Der Punkt\" type=\"application\/pdf\" target=\"_blank\" rel=\"noopener\"><img loading=\"lazy\" decoding=\"async\" src=\"https:\/\/bu.optimum-automotive.com\/wp-content\/uploads\/2024\/07\/jpg\/01-432.jpg\" width=\"153\" height=\"200\" alt=\"PDF - 267.3 ko\"><\/a>\r\n<figcaption class=\"wp-element-caption\"><strong>Der Punkt<\/strong><br>\r\nWenn Big Brother den CO2-Fu\u00dfabdruck reduziert\r\n<\/figcaption><\/div> \r\n\r\n<div class=\"wp-block-image\">\r\n<a href=\"https:\/\/bu.optimum-automotive.com\/wp-content\/uploads\/2024\/07\/pdf\/2021-10-21-www.lepoint.fr-21_octobre_2021-50000000356776625.pdf\" title=\"lepoint.de\" type=\"application\/pdf\" target=\"_blank\" rel=\"noopener\"><img loading=\"lazy\" decoding=\"async\" src=\"https:\/\/bu.optimum-automotive.com\/wp-content\/uploads\/2024\/07\/jpg\/01-435.jpg\" width=\"153\" height=\"200\" alt=\"PDF - 505.4 ko\"><\/a>\r\n<figcaption class=\"wp-element-caption\"><strong>lepoint.de<\/strong><br>\r\nAutoflotten: Wenn Big Brother den CO2-Fu\u00dfabdruck reduziert\r\n<\/figcaption><\/div> \r\n\r\n<div class=\"wp-block-image\">\r\n<a href=\"https:\/\/bu.optimum-automotive.com\/wp-content\/uploads\/2024\/07\/pdf\/2021-10-20-flottes_automobiles-octobre_2021-10000000061911943.pdf\" title=\"Autoflotten\" type=\"application\/pdf\" target=\"_blank\" rel=\"noopener\"><img loading=\"lazy\" decoding=\"async\" src=\"https:\/\/bu.optimum-automotive.com\/wp-content\/uploads\/2024\/07\/jpg\/01-434.jpg\" width=\"153\" height=\"200\" alt=\"PDF - 151.1 ko\"><\/a>\r\n<figcaption class=\"wp-element-caption\"><strong>Autoflotten<\/strong><br>\r\nAVIA V-CONNECT: KOMBINIERTE TANKKARTE UND TELEMATIK\r\n<\/figcaption><\/div> \r\n\r\n<div class=\"wp-block-image\">\r\n<a href=\"https:\/\/bu.optimum-automotive.com\/wp-content\/uploads\/2024\/07\/pdf\/2021-10-17-flottes_automobiles-septembre_2021.pdf\" title=\"Autoflotten\" type=\"application\/pdf\" target=\"_blank\" rel=\"noopener\"><img loading=\"lazy\" decoding=\"async\" src=\"https:\/\/bu.optimum-automotive.com\/wp-content\/uploads\/2024\/07\/jpg\/01-433.jpg\" width=\"153\" height=\"200\" alt=\"PDF - 178 kb\"><\/a>\r\n<figcaption class=\"wp-element-caption\"><strong>Autoflotten<\/strong><br>\r\nECO-DRIVING: OPTIMUM AUTOMOTIVE UND CODES ROUSSEAU SALLENT\r\n<\/figcaption><\/div> \r\n\r\n<div class=\"wp-block-image\">\r\n<a href=\"https:\/\/bu.optimum-automotive.com\/wp-content\/uploads\/2024\/07\/pdf\/outils_telematiques___de_la_gestion_mais_pas_seulement.pdf\" title=\"flotauto.com\" type=\"application\/pdf\" target=\"_blank\" rel=\"noopener\"><img loading=\"lazy\" decoding=\"async\" src=\"https:\/\/bu.optimum-automotive.com\/wp-content\/uploads\/2024\/07\/jpg\/02-21.jpg\" width=\"153\" height=\"200\" alt=\"PDF - 176.2 ko\"><\/a>\r\n<figcaption class=\"wp-element-caption\"><strong>flotauto.com<\/strong><br>\r\nTelematik-Tools: Verwaltung, aber nicht nur Verwaltung\r\n<\/figcaption><\/div> \r\n\r\n<div class=\"wp-block-image\">\r\n<a href=\"https:\/\/bu.optimum-automotive.com\/wp-content\/uploads\/2024\/07\/pdf\/2021-10-05-www.am-today.com-5_octobre_2021-50000000356213765.pdf\" title=\"am-today.com\" type=\"application\/pdf\" target=\"_blank\" rel=\"noopener\"><img loading=\"lazy\" decoding=\"async\" src=\"https:\/\/bu.optimum-automotive.com\/wp-content\/uploads\/2024\/07\/jpg\/02-20.jpg\" width=\"153\" height=\"200\" alt=\"PDF - 78.3 ko\"><\/a>\r\n<figcaption class=\"wp-element-caption\"><strong>am-today.com<\/strong><br>\r\nOptimum Automotive: Mobile App mit Zahlungskarte als Ersatz f\u00fcr den Dienstwagen\r\n<\/figcaption><\/div> \r\n\r\n<div class=\"wp-block-image\">\r\n<a href=\"https:\/\/bu.optimum-automotive.com\/wp-content\/uploads\/2024\/07\/pdf\/2021-10-06-www.flotauto.com-6_octobre_2021-50000000356226095.pdf\" title=\"flotauto.com\" type=\"application\/pdf\" target=\"_blank\" rel=\"noopener\"><img loading=\"lazy\" decoding=\"async\" src=\"https:\/\/bu.optimum-automotive.com\/wp-content\/uploads\/2024\/07\/jpg\/01-428.jpg\" width=\"153\" height=\"200\" alt=\"PDF - 120.9 ko\"><\/a>\r\n<figcaption class=\"wp-element-caption\"><strong>flotauto.com<\/strong><br>\r\nOptimum Mobility: Zahlungskarte und App f\u00fcr Mobilit\u00e4t\r\n<\/figcaption><\/div> \r\n\r\n<div class=\"wp-block-image\">\r\n<a href=\"https:\/\/bu.optimum-automotive.com\/wp-content\/uploads\/2024\/07\/pdf\/2021-10-02-www.flotauto.com-2_octobre_2021.pdf\" title=\"flotauto.com\" type=\"application\/pdf\" target=\"_blank\" rel=\"noopener\"><img loading=\"lazy\" decoding=\"async\" src=\"https:\/\/bu.optimum-automotive.com\/wp-content\/uploads\/2024\/07\/jpg\/01-427.jpg\" width=\"153\" height=\"200\" alt=\"PDF - 364.8 ko\"><\/a>\r\n<figcaption class=\"wp-element-caption\"><strong>flotauto.com<\/strong><br>\r\nOptimum Automotive startet Optimum Consulting\r\n<\/figcaption><\/div> \r\n\r\n<div class=\"wp-block-image\">\r\n<a href=\"https:\/\/bu.optimum-automotive.com\/wp-content\/uploads\/2024\/07\/pdf\/optimum_consulting_audite_accompagne_les_flottes.pdf\" title=\"Auto &amp; Unternehmen\" type=\"application\/pdf\" target=\"_blank\" rel=\"noopener\"><img loading=\"lazy\" decoding=\"async\" src=\"https:\/\/bu.optimum-automotive.com\/wp-content\/uploads\/2024\/07\/jpg\/01-426.jpg\" width=\"153\" height=\"200\" alt=\"PDF - 490.2 ko\"><\/a>\r\n<figcaption class=\"wp-element-caption\"><strong>Auto &amp; Unternehmen<\/strong><br>\r\nOptimum Consulting auditiert und begleitet Flotten\r\n\r\n<\/figcaption><\/div> \r\n\r\n<h2 class=\"wp-block-heading\">SEPTEMBER 2021<\/h2>\r\n\r\n<div class=\"wp-block-image\">\r\n<a href=\"https:\/\/bu.optimum-automotive.com\/wp-content\/uploads\/2024\/07\/pdf\/2021-09-16-froid_news-septembre_2021.pdf\" title=\"KALTE NEWS\" type=\"application\/pdf\" target=\"_blank\" rel=\"noopener\"><img loading=\"lazy\" decoding=\"async\" src=\"https:\/\/bu.optimum-automotive.com\/wp-content\/uploads\/2024\/07\/jpg\/01-422.jpg\" width=\"153\" height=\"200\" alt=\"PDF - 322.1 ko\"><\/a>\r\n<figcaption class=\"wp-element-caption\"><strong>KALTE NEWS<\/strong><br>\r\nBiolease, gutes Blut kann nicht l\u00fcgen\r\n<\/figcaption><\/div> \r\n\r\n<div class=\"wp-block-image\">\r\n<a href=\"https:\/\/bu.optimum-automotive.com\/wp-content\/uploads\/2024\/07\/pdf\/2021-09-16-www.lejournaldesentreprises.com-16_septembre_2021-50000000355569311.pdf\" title=\"lejournaldesentreprises.com\" type=\"application\/pdf\" target=\"_blank\" rel=\"noopener\"><img loading=\"lazy\" decoding=\"async\" src=\"https:\/\/bu.optimum-automotive.com\/wp-content\/uploads\/2024\/07\/jpg\/01-423.jpg\" width=\"153\" height=\"200\" alt=\"PDF - 89.3 ko\"><\/a>\r\n<figcaption class=\"wp-element-caption\"><strong>lejournaldesentreprises.com<\/strong><br>\r\nOptimum Automotive und Agiltech fliegen mit Bpifrance und Business France nach Dakar\r\n<\/figcaption><\/div> \r\n\r\n<div class=\"wp-block-image\">\r\n<a href=\"https:\/\/bu.optimum-automotive.com\/wp-content\/uploads\/2024\/07\/pdf\/optimum_automotive_et_picoty_oeuvrent_pour_le_tco_des_flottes.pdf\" title=\"Auto &amp; Unternehmen\" type=\"application\/pdf\" target=\"_blank\" rel=\"noopener\"><img loading=\"lazy\" decoding=\"async\" src=\"https:\/\/bu.optimum-automotive.com\/wp-content\/uploads\/2024\/07\/jpg\/01-421.jpg\" width=\"153\" height=\"200\" alt=\"PDF - 436.9 ko\"><\/a>\r\n<figcaption class=\"wp-element-caption\"><strong>Auto &amp; Unternehmen<\/strong><br>\r\nOptimum Automotive und Picoty arbeiten f\u00fcr den<br class=\"autobr\">\r\nTCO von Flotten\r\n<\/figcaption><\/div> \r\n\r\n<div class=\"wp-block-image\">\r\n<a href=\"https:\/\/bu.optimum-automotive.com\/wp-content\/uploads\/2024\/07\/pdf\/avia_picoty_et_optimum_automotive_devel.pdf\" title=\"flotauto.com\" type=\"application\/pdf\" target=\"_blank\" rel=\"noopener\"><img loading=\"lazy\" decoding=\"async\" src=\"https:\/\/bu.optimum-automotive.com\/wp-content\/uploads\/2024\/07\/jpg\/01-229.jpg\" width=\"153\" height=\"200\" alt=\"PDF - 161.9 ko\"><\/a>\r\n<figcaption class=\"wp-element-caption\"><strong>flotauto.com<\/strong><br>\r\nAvia Picoty und Optimum Automotive entwickeln ein gemeinsames Angebot\r\n\r\n<\/figcaption><\/div> \r\n\r\n<h2 class=\"wp-block-heading\">JUNI 2021<\/h2>\r\n\r\n<div class=\"wp-block-image\"> \r\n<a href=\"https:\/\/bu.optimum-automotive.com\/wp-content\/uploads\/2024\/07\/pdf\/samuel_vals_prend_la_responsabilite_des.pdf\" title=\"DAS AUTO &amp; DAS UNTERNEHMEN\" type=\"application\/pdf\" target=\"_blank\" rel=\"noopener\"><img loading=\"lazy\" decoding=\"async\" src=\"https:\/\/bu.optimum-automotive.com\/wp-content\/uploads\/2024\/07\/jpg\/01-417.jpg\" width=\"153\" height=\"200\" alt=\"PDF - 444.7 ko\"><\/a>\r\n<figcaption class=\"wp-element-caption\"><strong>DAS AUTO &amp; DAS UNTERNEHMEN<\/strong><br>\r\nSamuel Vals \u00fcbernimmt die Verantwortung f\u00fcr<br class=\"autobr\">\r\ninternationale Partnerschaften f\u00fcr Optimum<br class=\"autobr\">\r\nAuto motiviert\r\n\r\n<\/figcaption><\/div> \r\n\r\n<h2 class=\"wp-block-heading\">MAI 2021<\/h2>\r\n\r\n<div class=\"wp-block-image\">\r\n<a href=\"https:\/\/bu.optimum-automotive.com\/wp-content\/uploads\/2024\/07\/pdf\/optimum_automotive_poursuit_son_developpement_a_l_international_automobile-entreprise.pdf\" title=\"automobil-unternehmen.com\" type=\"application\/pdf\" target=\"_blank\" rel=\"noopener\"><img loading=\"lazy\" decoding=\"async\" src=\"https:\/\/bu.optimum-automotive.com\/wp-content\/uploads\/2024\/07\/jpg\/01-416.jpg\" width=\"153\" height=\"200\" alt=\"PDF - 685.6 ko\"><\/a>\r\n<figcaption class=\"wp-element-caption\"><strong>automobil-unternehmen.com<\/strong><br>\r\nOptimum Automotive setzt seine internationale Expansion fort\r\n<\/figcaption><\/div> \r\n\r\n<div class=\"wp-block-image\"> \r\n<a href=\"https:\/\/bu.optimum-automotive.com\/wp-content\/uploads\/2024\/07\/pdf\/2021-05-19-www.presseagence.fr-19_mai_2021-50000000352134058.pdf\" title=\"presseagentur.de\" type=\"application\/pdf\" target=\"_blank\" rel=\"noopener\"><img loading=\"lazy\" decoding=\"async\" src=\"https:\/\/bu.optimum-automotive.com\/wp-content\/uploads\/2024\/07\/jpg\/01-412.jpg\" width=\"153\" height=\"200\" alt=\"PDF - 216.7 ko\"><\/a>\r\n<figcaption class=\"wp-element-caption\"><strong>presseagentur.de<\/strong><br>\r\nPARIS: OPTIMUM AUTOMOTIVE, afrikanische Unternehmen vernetzen ihre Flotten\r\n<\/figcaption><\/div> \r\n\r\n<div class=\"wp-block-image\"> \r\n<a href=\"https:\/\/bu.optimum-automotive.com\/wp-content\/uploads\/2024\/07\/pdf\/2021-05-19-la_tribune_des_auto-ecoles-mai_-_juin_2021-10000000061104110.pdf\" title=\"DIE TRIB\u00dcNE DER FAHRSCHULEN\" type=\"application\/pdf\" target=\"_blank\" rel=\"noopener\"><img loading=\"lazy\" decoding=\"async\" src=\"https:\/\/bu.optimum-automotive.com\/wp-content\/uploads\/2024\/07\/jpg\/01-411.jpg\" width=\"153\" height=\"200\" alt=\"PDF - 186.5 ko\"><\/a>\r\n<figcaption class=\"wp-element-caption\"><strong>DIE TRIB\u00dcNE DER FAHRSCHULEN<\/strong><br>\r\nPARTNERSCHAFT ZWISCHEN CODES ROUSSEAU UND OPTIMUM AUTOMOTIVE\r\n<\/figcaption><\/div> \r\n\r\n<div class=\"wp-block-image\">\r\n<a href=\"https:\/\/bu.optimum-automotive.com\/wp-content\/uploads\/2024\/07\/pdf\/express_entreprise___ecoconduite_s_enseigne_en_un_jour.pdf\" title=\"lentreprise.lexpress.fr \" type=\"application\/pdf\" target=\"_blank\" rel=\"noopener\"><img loading=\"lazy\" decoding=\"async\" src=\"https:\/\/bu.optimum-automotive.com\/wp-content\/uploads\/2024\/07\/jpg\/01-410.jpg\" width=\"153\" height=\"200\" alt=\"PDF - 4.9 MB\"><\/a>\r\n<figcaption class=\"wp-element-caption\"><strong>lentreprise.lexpress.fr <\/strong><br>\r\n\u00d6kologisches Fahren kann man an einem Tag lernen\r\n\r\n<\/figcaption><\/div> \r\n\r\n<h2 class=\"wp-block-heading\">APRIL 2021<\/h2>\r\n\r\n<div class=\"wp-block-image\"> \r\n<a href=\"https:\/\/bu.optimum-automotive.com\/wp-content\/uploads\/2024\/07\/pdf\/2021-04-27-la_provence-27_avril_2021-10000000060984406.pdf\" title=\"La Provence\" type=\"application\/pdf\" target=\"_blank\" rel=\"noopener\"><img loading=\"lazy\" decoding=\"async\" src=\"https:\/\/bu.optimum-automotive.com\/wp-content\/uploads\/2024\/07\/jpg\/01-409.jpg\" width=\"153\" height=\"200\" alt=\"PDF - 185.2 ko\"><\/a>\r\n<figcaption class=\"wp-element-caption\"><strong>La Provence<\/strong><br>\r\nOptimum Automotive beschleunigt und geht in den Modus des externen Wachstums \u00fcber\r\n<\/figcaption><\/div> \r\n\r\n<div class=\"wp-block-image\">\r\n<a href=\"https:\/\/bu.optimum-automotive.com\/wp-content\/uploads\/2024\/07\/pdf\/optimum_automotive_accelere_pour_connecter_les_flottes_auto.pdf\" title=\"Die Unternehmenszeitung\" type=\"application\/pdf\" target=\"_blank\" rel=\"noopener\"><img loading=\"lazy\" decoding=\"async\" src=\"https:\/\/bu.optimum-automotive.com\/wp-content\/uploads\/2024\/07\/jpg\/01-402.jpg\" width=\"153\" height=\"200\" alt=\"PDF - 628.4 ko\"><\/a>\r\n<figcaption class=\"wp-element-caption\"><strong>Die Unternehmenszeitung<\/strong><br>\r\nOptimum Automotive bahnt sich seinen Weg in das vernetzte Fahrzeug\r\n<\/figcaption><\/div> \r\n\r\n<div class=\"wp-block-image\">\r\n<a href=\"https:\/\/bu.optimum-automotive.com\/wp-content\/uploads\/2024\/07\/pdf\/comment_le_numerique_contribue_a_l_electrification_des_flottes___les_echos.pdf\" title=\"lesechos.fr\" type=\"application\/pdf\" target=\"_blank\" rel=\"noopener\"><img loading=\"lazy\" decoding=\"async\" src=\"https:\/\/bu.optimum-automotive.com\/wp-content\/uploads\/2024\/07\/jpg\/01-403.jpg\" width=\"153\" height=\"200\" alt=\"PDF - 2.2 MB\"><\/a>\r\n<figcaption class=\"wp-element-caption\"><strong>lesechos.fr<\/strong><br>\r\nWie die Digitalisierung dazu beitr\u00e4gt<br class=\"autobr\">\r\ndie Elektrifizierung von Flotten\r\n<\/figcaption><\/div> \r\n\r\n<div class=\"wp-block-image\"> \r\n<a href=\"https:\/\/bu.optimum-automotive.com\/wp-content\/uploads\/2024\/07\/pdf\/telematique_embarquee___l_impact_de_la_crise_sanitaire.pdf\" title=\"flotauto.com\" type=\"application\/pdf\" target=\"_blank\" rel=\"noopener\"><img loading=\"lazy\" decoding=\"async\" src=\"https:\/\/bu.optimum-automotive.com\/wp-content\/uploads\/2024\/07\/jpg\/01-401.jpg\" width=\"153\" height=\"200\" alt=\"PDF - 152 kb\"><\/a>\r\n<figcaption class=\"wp-element-caption\"><strong>flotauto.com<\/strong><br>\r\nTelematik: Die Auswirkungen der Gesundheitskrise\r\n\r\n<\/figcaption><\/div> \r\n\r\n<h2 class=\"wp-block-heading\">M\u00c4RZ 2021<\/h2>\r\n\r\n<div class=\"wp-block-image\">\r\n<a href=\"https:\/\/bu.optimum-automotive.com\/wp-content\/uploads\/2024\/07\/pdf\/2021-03-31-flottes_automobiles-mars_2021-10000000060838002.pdf\" title=\"Autoflotten\" type=\"application\/pdf\" target=\"_blank\" rel=\"noopener\"><img loading=\"lazy\" decoding=\"async\" src=\"https:\/\/bu.optimum-automotive.com\/wp-content\/uploads\/2024\/07\/jpg\/01-400.jpg\" width=\"153\" height=\"200\" alt=\"PDF - 821.1 ko\"><\/a>\r\n<figcaption class=\"wp-element-caption\"><strong>Autoflotten<\/strong><br>\r\nDie Neuheiten f\u00fcr 2021\r\n<\/figcaption><\/div> \r\n\r\n<div class=\"wp-block-image\">\r\n<a href=\"https:\/\/bu.optimum-automotive.com\/wp-content\/uploads\/2024\/07\/pdf\/2021-03-31-flottes_automobiles-mars_2021-10000000060837975.pdf\" title=\"Autoflotten\" type=\"application\/pdf\" target=\"_blank\" rel=\"noopener\"><img loading=\"lazy\" decoding=\"async\" src=\"https:\/\/bu.optimum-automotive.com\/wp-content\/uploads\/2024\/07\/jpg\/01-399.jpg\" width=\"153\" height=\"200\" alt=\"PDF - 1.1 MB\"><\/a>\r\n<figcaption class=\"wp-element-caption\"><strong>Autoflotten<\/strong><br>\r\nElektrifizierung<br class=\"autobr\">\r\nFlotten saktifizieren\r\n<\/figcaption><\/div> \r\n\r\n<div class=\"wp-block-image\">\r\n<a href=\"https:\/\/bu.optimum-automotive.com\/wp-content\/uploads\/2024\/07\/pdf\/2021-03-31-www.lesechos.fr-31_mars_2021-50000000350668821.pdf\" title=\"esechos.de\" type=\"application\/pdf\" target=\"_blank\" rel=\"noopener\"><img loading=\"lazy\" decoding=\"async\" src=\"https:\/\/bu.optimum-automotive.com\/wp-content\/uploads\/2024\/07\/jpg\/01-396.jpg\" width=\"153\" height=\"200\" alt=\"PDF - 310 kb\"><\/a>\r\n<figcaption class=\"wp-element-caption\"><strong>esechos.de<\/strong><br>\r\nWie die Digitalisierung zur Elektrifizierung von Fahrzeugflotten beitr\u00e4gt\r\n<\/figcaption><\/div> \r\n\r\n<div class=\"wp-block-image\">\r\n<a href=\"https:\/\/bu.optimum-automotive.com\/wp-content\/uploads\/2024\/07\/pdf\/l_ecoconduite_en_entreprise_avec_codes_rousseau_et_optimum_automotive.pdf\" title=\"https:\/\/www.flotauto.com\/\" type=\"application\/pdf\" target=\"_blank\" rel=\"noopener\"><img loading=\"lazy\" decoding=\"async\" src=\"https:\/\/bu.optimum-automotive.com\/wp-content\/uploads\/2024\/07\/jpg\/01-398.jpg\" width=\"153\" height=\"200\" alt=\"PDF - 176.9 ko\"><\/a>\r\n<figcaption class=\"wp-element-caption\"><strong>https:\/\/www.flotauto.com\/<\/strong><br>\r\nEco-Driving in Unternehmen mit Codes Rousseau und Optimum Automotive\r\n<\/figcaption><\/div> \r\n\r\n<div class=\"wp-block-image\">\r\n<a href=\"https:\/\/bu.optimum-automotive.com\/wp-content\/uploads\/2024\/07\/pdf\/automobile-entreprise-optimum_automotive_et_codes_rousseau.pdf\" title=\"automobil-unternehmen.com\" type=\"application\/pdf\" target=\"_blank\" rel=\"noopener\"><img loading=\"lazy\" decoding=\"async\" src=\"https:\/\/bu.optimum-automotive.com\/wp-content\/uploads\/2024\/07\/jpg\/01-397.jpg\" width=\"153\" height=\"200\" alt=\"PDF - 5.2 MB\"><\/a>\r\n<figcaption class=\"wp-element-caption\"><strong>automobil-unternehmen.com<\/strong><br>\r\nMit EasyCoach unterst\u00fctzen Optimum Automotive und Codes Rousseau das Eco-Driving in Fuhrparks\r\n<\/figcaption><\/div> \r\n\r\n<div class=\"wp-block-image\"> \r\n<a href=\"https:\/\/bu.optimum-automotive.com\/wp-content\/uploads\/2024\/07\/pdf\/2021-03-15-www.presseagence.fr-15_mars_2021-50000000350194331.pdf\" title=\"presseagentur.de\" type=\"application\/pdf\" target=\"_blank\" rel=\"noopener\"><img loading=\"lazy\" decoding=\"async\" src=\"https:\/\/bu.optimum-automotive.com\/wp-content\/uploads\/2024\/07\/jpg\/01-395.jpg\" width=\"153\" height=\"200\" alt=\"PDF - 123.1 ko\"><\/a>\r\n<figcaption class=\"wp-element-caption\"><strong>presseagentur.de<\/strong><br>\r\nOPTIMUM AUTOMOTIVE erh\u00e4lt truxt-Label verliehen\r\n<\/figcaption><\/div> \r\n\r\n<div class=\"wp-block-image\"> \r\n<a href=\"https:\/\/bu.optimum-automotive.com\/wp-content\/uploads\/2024\/07\/pdf\/optimum_automotive_obtient_le_label_truxt_-_bus_car.pdf\" title=\"busetcar.com\" type=\"application\/pdf\" target=\"_blank\" rel=\"noopener\"><img loading=\"lazy\" decoding=\"async\" src=\"https:\/\/bu.optimum-automotive.com\/wp-content\/uploads\/2024\/07\/jpg\/01-388.jpg\" width=\"153\" height=\"200\" alt=\"PDF - 443 kb\"><\/a>\r\n<figcaption class=\"wp-element-caption\"><strong>busetcar.com<\/strong><br>\r\nOptimum Automotive erh\u00e4lt Truxt-Label\r\n\r\n<\/figcaption><\/div> \r\n\r\n<h2 class=\"wp-block-heading\">FEBRUAR 2021<\/h2>\r\n\r\n<div class=\"wp-block-image\">\r\n<a href=\"https:\/\/bu.optimum-automotive.com\/wp-content\/uploads\/2024\/07\/pdf\/l_equipe_magazine.pdf\" title=\"l&#039;\u00c9quipe Magazine \" type=\"application\/pdf\" target=\"_blank\" rel=\"noopener\"><img loading=\"lazy\" decoding=\"async\" src=\"https:\/\/bu.optimum-automotive.com\/wp-content\/uploads\/2024\/07\/jpg\/01-387.jpg\" width=\"153\" height=\"200\" alt=\"PDF - 584.2 ko\"><\/a>\r\n<figcaption class=\"wp-element-caption\"><strong>l'\u00c9quipe Magazine <\/strong><br>\r\nFONCEUR<br class=\"autobr\">\r\nOPTIMUM, OPTION OPTIMIERUNG\r\n<\/figcaption><\/div> \r\n\r\n<div class=\"wp-block-image\">\r\n<a href=\"https:\/\/bu.optimum-automotive.com\/wp-content\/uploads\/2024\/07\/pdf\/2021-02-06-www.presseagence.fr-6_fevrier_2021-50000000349022058_1_.pdf\" title=\"presseagentur.de\" type=\"application\/pdf\" target=\"_blank\" rel=\"noopener\"><img loading=\"lazy\" decoding=\"async\" src=\"https:\/\/bu.optimum-automotive.com\/wp-content\/uploads\/2024\/07\/jpg\/01-386.jpg\" width=\"153\" height=\"200\" alt=\"PDF - 613.1 ko\"><\/a>\r\n<figcaption class=\"wp-element-caption\"><strong>presseagentur.de<\/strong><br>\r\nPARIS: OPTIMUM AUTOMOTIVE er\u00f6ffnet ein \"Business Center International\".\r\n<\/figcaption><\/div> \r\n\r\n<div class=\"wp-block-image\">\r\n<a href=\"https:\/\/bu.optimum-automotive.com\/wp-content\/uploads\/2024\/07\/pdf\/optimum_automotive_ouvre_un_business_center_international.pdf\" title=\"mtom-mag.com\" type=\"application\/pdf\" target=\"_blank\" rel=\"noopener\"><img loading=\"lazy\" decoding=\"async\" src=\"https:\/\/bu.optimum-automotive.com\/wp-content\/uploads\/2024\/07\/jpg\/01-385.jpg\" width=\"153\" height=\"200\" alt=\"PDF - 422.1 ko\"><\/a>\r\n<figcaption class=\"wp-element-caption\"><strong>mtom-mag.com<\/strong><br>\r\nOptimum Automotive er\u00f6ffnet internationales Business Center\r\n<\/figcaption><\/div> \r\n\r\n<div class=\"wp-block-image\">\r\n<a href=\"https:\/\/bu.optimum-automotive.com\/wp-content\/uploads\/2024\/07\/pdf\/optimum_automotive_lance_son_.pdf\" title=\"automobil-unternehmen.com\" type=\"application\/pdf\" target=\"_blank\" rel=\"noopener\"><img loading=\"lazy\" decoding=\"async\" src=\"https:\/\/bu.optimum-automotive.com\/wp-content\/uploads\/2024\/07\/jpg\/01-384.jpg\" width=\"153\" height=\"200\" alt=\"PDF - 123 kb\"><\/a>\r\n<figcaption class=\"wp-element-caption\"><strong>automobil-unternehmen.com<\/strong><br>\r\nOptimum Automotive startet sein \"Internationales Gesch\u00e4ftszentrum\".\r\n<\/figcaption><\/div> \r\n\r\n<h2 class=\"wp-block-heading\">JANUAR 2021<\/h2>\r\n\r\n<div class=\"wp-block-image\">\r\n<a href=\"https:\/\/bu.optimum-automotive.com\/wp-content\/uploads\/2024\/07\/pdf\/2021-01-29-tous_les_vehicules_utilitaires_mag-janvier_-_fevrier_2021-10000000060506179.pdf\" title=\"MAG Nutzfahrzeuge\" type=\"application\/pdf\" target=\"_blank\" rel=\"noopener\"><img loading=\"lazy\" decoding=\"async\" src=\"https:\/\/bu.optimum-automotive.com\/wp-content\/uploads\/2024\/07\/jpg\/01-383.jpg\" width=\"153\" height=\"200\" alt=\"PDF - 891.9 ko\"><\/a>\r\n<figcaption class=\"wp-element-caption\"><strong>MAG Nutzfahrzeuge<\/strong><br>\r\nIhr(e) Fahrzeug(e) m\u00f6glichst genau verwalten\r\n<\/figcaption><\/div> \r\n\r\n<div class=\"wp-block-image\">\r\n<a href=\"https:\/\/bu.optimum-automotive.com\/wp-content\/uploads\/2024\/07\/pdf\/2021-01-04-l_automobile_l_entreprise-janvier_2021-10000000060367523.pdf\" title=\"DAS AUTO &amp; DAS UNTERNEHMEN\" type=\"application\/pdf\" target=\"_blank\" rel=\"noopener\"><img loading=\"lazy\" decoding=\"async\" src=\"https:\/\/bu.optimum-automotive.com\/wp-content\/uploads\/2024\/07\/jpg\/01-382.jpg\" width=\"153\" height=\"200\" alt=\"PDF - 364.7 ko\"><\/a>\r\n<figcaption class=\"wp-element-caption\"><strong>DAS AUTO &amp; DAS UNTERNEHMEN<\/strong><br>\r\n#CONNECTfleet week: Erleben Sie IhrenKongress in der Wiederholung!<\/figcaption><\/div> \r\n\r\n\r\n<h2 class=\"wp-block-heading\">DEZEMBER 2020<\/h2>\r\n\r\n<div class=\"wp-block-image\">\r\n<a href=\"https:\/\/bu.optimum-automotive.com\/wp-content\/uploads\/2024\/07\/pdf\/tco___quels_leviers_pour_baisser_les_couts_de_la_flotte_automobile__.pdf\" title=\"flotauto.com\" type=\"application\/pdf\" target=\"_blank\" rel=\"noopener\"><img loading=\"lazy\" decoding=\"async\" src=\"https:\/\/bu.optimum-automotive.com\/wp-content\/uploads\/2024\/07\/jpg\/01-381.jpg\" width=\"151\" height=\"200\" alt=\"PDF - 244.5 ko\"><\/a>\r\n<figcaption class=\"wp-element-caption\"><strong>flotauto.com<\/strong><br>\r\nTCO: Welche Hebel gibt es, um die Kosten zu senken?<\/figcaption><\/div> \r\n\r\n<h2 class=\"wp-block-heading\">NOVEMBER 2020<\/h2>\r\n\r\n<div class=\"wp-block-image\">\r\n<a href=\"https:\/\/bu.optimum-automotive.com\/wp-content\/uploads\/2024\/07\/pdf\/les_deux-roues_umob_se_connectent_avec_optimum_automotive.pdf\" title=\"flotauto.com\" type=\"application\/pdf\" target=\"_blank\" rel=\"noopener\"><img loading=\"lazy\" decoding=\"async\" src=\"https:\/\/bu.optimum-automotive.com\/wp-content\/uploads\/2024\/07\/jpg\/01-372.jpg\" width=\"151\" height=\"200\" alt=\"PDF - 276.2 ko\"><\/a>\r\n<figcaption class=\"wp-element-caption\"><strong>flotauto.com<\/strong><br>\r\nUmobs Zweir\u00e4der vernetzen sich mit Optimum Automotive\r\n<\/figcaption><\/div> \r\n\r\n<div class=\"wp-block-image\">\r\n<a href=\"https:\/\/bu.optimum-automotive.com\/wp-content\/uploads\/2024\/07\/pdf\/first_eco_edition_rhone-alpes_et_auvergne-18-11-2020.pdf\" title=\"FIRST ECO EDITION RHONEALPES UND AUVERGNE\" type=\"application\/pdf\" target=\"_blank\" rel=\"noopener\"><img loading=\"lazy\" decoding=\"async\" src=\"https:\/\/bu.optimum-automotive.com\/wp-content\/uploads\/2024\/07\/jpg\/01-373.jpg\" width=\"151\" height=\"200\" alt=\"PDF - 120.1 ko\"><\/a>\r\n<figcaption class=\"wp-element-caption\"><strong>FIRST ECO EDITION RHONEALPES UND AUVERGNE<\/strong><br>\r\nDas Unternehmen U'mob aus der Rh\u00f4ne-Region schlie\u00dft sich mit Optimum Automotive aus der Provence zusammen...<\/figcaption><\/div> \r\n\r\n<h2 class=\"wp-block-heading\">OKTOBER 2020<\/h2>\r\n\r\n<div class=\"wp-block-image\">\r\n<a href=\"https:\/\/bu.optimum-automotive.com\/wp-content\/uploads\/2024\/07\/pdf\/2020-10-25-le_journal_du_dimanche-25_octobre_2020-10000000059984194.pdf\" title=\"Le Journal du Dimanche\" type=\"application\/pdf\" target=\"_blank\" rel=\"noopener\"><img loading=\"lazy\" decoding=\"async\" src=\"https:\/\/bu.optimum-automotive.com\/wp-content\/uploads\/2024\/07\/jpg\/01-371.jpg\" width=\"151\" height=\"200\" alt=\"PDF - 362.4 ko\"><\/a>\r\n<figcaption class=\"wp-element-caption\"><strong>Le Journal du Dimanche<\/strong><br>\r\nMan muss wissen, wie man Daten steuert, um Entscheidungen zu treffen\".\r\n<\/figcaption><\/div> \r\n\r\n<div class=\"wp-block-image\"> \r\n<a href=\"https:\/\/bu.optimum-automotive.com\/wp-content\/uploads\/2024\/07\/pdf\/2020-10-08-l_automobile_l_entreprise-octobre_2020-10000000059886269_1_.pdf\" title=\"DAS AUTO &amp; DAS UNTERNEHMEN\" type=\"application\/pdf\" target=\"_blank\" rel=\"noopener\"><img loading=\"lazy\" decoding=\"async\" src=\"https:\/\/bu.optimum-automotive.com\/wp-content\/uploads\/2024\/07\/jpg\/01-370.jpg\" width=\"151\" height=\"200\" alt=\"PDF - 492.2 ko\"><\/a>\r\n<figcaption class=\"wp-element-caption\"><strong>DAS AUTO &amp; DAS UNTERNEHMEN<\/strong><br>\r\nTroph\u00e4en f\u00fcr Dienstleistungen\r\n<\/figcaption><\/div> \r\n\r\n<div class=\"wp-block-image\"> \r\n<a href=\"https:\/\/bu.optimum-automotive.com\/wp-content\/uploads\/2024\/07\/pdf\/2020-10-02-www.flotauto.com-2_octobre_2020-50000000344984321.pdf\" title=\"flotauto.com\" type=\"application\/pdf\" target=\"_blank\" rel=\"noopener\"><img loading=\"lazy\" decoding=\"async\" src=\"https:\/\/bu.optimum-automotive.com\/wp-content\/uploads\/2024\/07\/jpg\/01-369.jpg\" width=\"151\" height=\"200\" alt=\"PDF - 131.1 ko\"><\/a>\r\n<figcaption class=\"wp-element-caption\"><strong>flotauto.com<\/strong><br>\r\nFlotauto Guide 2021: Die Ausgabe f\u00fcr all Ihre Projekte!\r\n\r\n<\/figcaption><\/div> \r\n\r\n<h2 class=\"wp-block-heading\">SEPTEMBER 2020<\/h2>\r\n\r\n<div class=\"wp-block-image\"> \r\n<a href=\"https:\/\/bu.optimum-automotive.com\/wp-content\/uploads\/2024\/07\/pdf\/telematiciens___des_innovations_sur_un_marche_prometteur.pdf\" title=\"flotauto.com\" type=\"application\/pdf\" target=\"_blank\" rel=\"noopener\"><img loading=\"lazy\" decoding=\"async\" src=\"https:\/\/bu.optimum-automotive.com\/wp-content\/uploads\/2024\/07\/jpg\/01-368.jpg\" width=\"151\" height=\"200\" alt=\"PDF - 278.7 ko\"><\/a>\r\n<figcaption class=\"wp-element-caption\"><strong>flotauto.com<\/strong><br>\r\nTelematiker: Innovationen auf einem vielversprechenden Markt\r\n\r\n<\/figcaption><\/div> \r\n\r\n<h2 class=\"wp-block-heading\">JULI 2020<\/h2>\r\n\r\n<div class=\"wp-block-image\"> \r\n<a href=\"https:\/\/bu.optimum-automotive.com\/wp-content\/uploads\/2024\/07\/pdf\/2020-07-29-le_mille_pattes-n_37_-_2020-10000000059166039.pdf\" title=\"DER TAUSENDF\u00dcSSLER\" type=\"application\/pdf\" target=\"_blank\" rel=\"noopener\"><img loading=\"lazy\" decoding=\"async\" src=\"https:\/\/bu.optimum-automotive.com\/wp-content\/uploads\/2024\/07\/jpg\/01-365.jpg\" width=\"151\" height=\"200\" alt=\"PDF - 84.9 ko\"><\/a>\r\n<figcaption class=\"wp-element-caption\"><strong>DER TAUSENDF\u00dcSSLER<\/strong><br>\r\nMapping Control erweitert die Geolokalisierung auf andere Ger\u00e4te\r\n<\/figcaption><\/div> \r\n\r\n<div class=\"wp-block-image\">\r\n<a href=\"https:\/\/bu.optimum-automotive.com\/wp-content\/uploads\/2024\/07\/pdf\/2020-07-08-www.industrie-mag.com-8_juillet_2020-50000000342525867.pdf\" title=\"industrie-mag.com\" type=\"application\/pdf\" target=\"_blank\" rel=\"noopener\"><img loading=\"lazy\" decoding=\"async\" src=\"https:\/\/bu.optimum-automotive.com\/wp-content\/uploads\/2024\/07\/jpg\/01-364.jpg\" width=\"151\" height=\"200\" alt=\"PDF - 105.5 ko\"><\/a>\r\n<figcaption class=\"wp-element-caption\"><strong>industrie-mag.com<\/strong><br>\r\nFaserexperten r\u00fcsten sich mit Mapping Control aus\r\n<\/figcaption><\/div> \r\n\r\n<div class=\"wp-block-image\">\r\n<a href=\"https:\/\/bu.optimum-automotive.com\/wp-content\/uploads\/2024\/07\/pdf\/2020-07-08-flottes_automobiles-juin_2020-10000000059065249.pdf\" title=\"flotauto.com\" type=\"application\/pdf\" target=\"_blank\" rel=\"noopener\"><img loading=\"lazy\" decoding=\"async\" src=\"https:\/\/bu.optimum-automotive.com\/wp-content\/uploads\/2024\/07\/jpg\/01-363.jpg\" width=\"151\" height=\"200\" alt=\"PDF - 548.7 ko\"><\/a>\r\n<figcaption class=\"wp-element-caption\"><strong>flotauto.com<\/strong><br>\r\nCovid-19-Umfrage: Initiativen von Anbietern\r\n<\/figcaption><\/div> \r\n\r\n<div class=\"wp-block-image\">\r\n<a href=\"https:\/\/bu.optimum-automotive.com\/wp-content\/uploads\/2024\/07\/pdf\/decryptageo.fr-les_experts_de_la_fibre_dont_les_equipes_sillonnent_lhexagone_sequipent_a_mapping_control.pdf\" title=\"decryptageo.fr\" type=\"application\/pdf\" target=\"_blank\" rel=\"noopener\"><img loading=\"lazy\" decoding=\"async\" src=\"https:\/\/bu.optimum-automotive.com\/wp-content\/uploads\/2024\/07\/jpg\/01-362.jpg\" width=\"151\" height=\"200\" alt=\"PDF - 98.5 ko\"><\/a>\r\n<figcaption class=\"wp-element-caption\"><strong>decryptageo.fr<\/strong><br>\r\nGlasfaserexperten, deren Teams in ganz Frankreich unterwegs sind, r\u00fcsten sich in Mapping Control aus\r\n<\/figcaption><\/div> \r\n<h2 class=\"wp-block-heading\">JUNI 2020<\/h2>\r\n\r\n<div class=\"wp-block-image\">\r\n<a href=\"https:\/\/bu.optimum-automotive.com\/wp-content\/uploads\/2024\/07\/pdf\/2020-06-27-le_journal_du_poids_lourd-juin_2020.pdf\" title=\"DIE ZEITUNG DES SCHWERGEWICHTS\" type=\"application\/pdf\" target=\"_blank\" rel=\"noopener\"><img loading=\"lazy\" decoding=\"async\" src=\"https:\/\/bu.optimum-automotive.com\/wp-content\/uploads\/2024\/07\/jpg\/01-361.jpg\" width=\"151\" height=\"200\" alt=\"PDF - 672.5 kb\"><\/a>\r\n<figcaption class=\"wp-element-caption\"><strong>DIE ZEITUNG DES SCHWERGEWICHTS<\/strong><br>\r\nCovid-19, Beschleuniger der Entmaterialisierung\r\n<\/figcaption><\/div> \r\n\r\n<div class=\"wp-block-image\">\r\n<a href=\"https:\/\/bu.optimum-automotive.com\/wp-content\/uploads\/2024\/07\/pdf\/2020-06-26-transport_info-26_juin_2020-10000000059005858.pdf\" title=\"TRANSPORT INFO\" type=\"application\/pdf\" target=\"_blank\" rel=\"noopener\"><img loading=\"lazy\" decoding=\"async\" src=\"https:\/\/bu.optimum-automotive.com\/wp-content\/uploads\/2024\/07\/jpg\/01-360.jpg\" width=\"151\" height=\"200\" alt=\"PDF - 190.1 ko\"><\/a>\r\n<figcaption class=\"wp-element-caption\"><strong>TRANSPORT INFO<\/strong><br>\r\nMapping Control bringt Plotter auf den Markt\r\n<\/figcaption><\/div> \r\n\r\n<div class=\"wp-block-image\">\r\n<a href=\"https:\/\/bu.optimum-automotive.com\/wp-content\/uploads\/2024\/07\/pdf\/2020-06-26-transport_info-26_juin_2020-10000000059005856.pdf\" title=\"TRANSPORT INFO\" type=\"application\/pdf\" target=\"_blank\" rel=\"noopener\"><img loading=\"lazy\" decoding=\"async\" src=\"https:\/\/bu.optimum-automotive.com\/wp-content\/uploads\/2024\/07\/jpg\/01-359.jpg\" width=\"151\" height=\"200\" alt=\"PDF - 649 kb\"><\/a>\r\n<figcaption class=\"wp-element-caption\"><strong>TRANSPORT INFO<\/strong><br>\r\nDas neue digitale Schloss\r\n<\/figcaption><\/div> \r\n\r\n<div class=\"wp-block-image\">\r\n<a href=\"https:\/\/bu.optimum-automotive.com\/wp-content\/uploads\/2024\/07\/pdf\/covid-19___les_flottes_font_le_point.pdf\" title=\"flotauto.com\" type=\"application\/pdf\" target=\"_blank\" rel=\"noopener\"><img loading=\"lazy\" decoding=\"async\" src=\"https:\/\/bu.optimum-automotive.com\/wp-content\/uploads\/2024\/07\/jpg\/01-358.jpg\" width=\"151\" height=\"200\" alt=\"PDF - 229 kb\"><\/a>\r\n<figcaption class=\"wp-element-caption\"><strong>flotauto.com<\/strong><br>\r\nCovid-19: Flotten ziehen Bilanz\r\n<\/figcaption><\/div> \r\n\r\n<div class=\"wp-block-image\">\r\n<a href=\"https:\/\/bu.optimum-automotive.com\/wp-content\/uploads\/2024\/07\/pdf\/informations_entreprise.pdf\" title=\"Informationen Unternehmen\" type=\"application\/pdf\" target=\"_blank\" rel=\"noopener\"><img loading=\"lazy\" decoding=\"async\" src=\"https:\/\/bu.optimum-automotive.com\/wp-content\/uploads\/2024\/07\/jpg\/01-19.png\" width=\"151\" height=\"200\" alt=\"PDF - 1.6 MB\"><\/a>\r\n<figcaption class=\"wp-element-caption\"><strong>Informationen Unternehmen<\/strong><br>\r\nOPTIMUM AUTOMOTIVE\r\n<\/figcaption><\/div> \r\n\r\n<div class=\"wp-block-image\">\r\n<a href=\"https:\/\/bu.optimum-automotive.com\/wp-content\/uploads\/2024\/07\/pdf\/2020-06-04-www.decisionatelier.com-4_juin_2020-50000000341546589_1_.pdf\" title=\"decisionatelier.com\" type=\"application\/pdf\" target=\"_blank\" rel=\"noopener\"><img loading=\"lazy\" decoding=\"async\" src=\"https:\/\/bu.optimum-automotive.com\/wp-content\/uploads\/2024\/07\/jpg\/01-354.jpg\" width=\"151\" height=\"200\" alt=\"PDF - 167.5 ko\"><\/a>\r\n<figcaption class=\"wp-element-caption\"><strong>decisionatelier.com<\/strong><br>\r\nMapping Control baut seine Dienstleistungen aus\r\n<\/figcaption><\/div> \r\n\r\n<div class=\"wp-block-image\"> \r\n<a href=\"https:\/\/bu.optimum-automotive.com\/wp-content\/uploads\/2024\/07\/pdf\/video_part2_daniel_vassallucci_president_d_optimum.pdf\" title=\"automobil-unternehmen.com\" type=\"application\/pdf\" target=\"_blank\" rel=\"noopener\"><img loading=\"lazy\" decoding=\"async\" src=\"https:\/\/bu.optimum-automotive.com\/wp-content\/uploads\/2024\/07\/jpg\/01-353.jpg\" width=\"151\" height=\"200\" alt=\"PDF - 285.7 ko\"><\/a>\r\n<figcaption class=\"wp-element-caption\"><strong>automobil-unternehmen.com<\/strong><br>\r\n[Video Part.2] Daniel Vassallucci, Pr\u00e4sident von Optimum (Mapping Contrai)\r\n<\/figcaption><\/div> \r\n\r\n<div class=\"wp-block-image\"> \r\n<a href=\"https:\/\/bu.optimum-automotive.com\/wp-content\/uploads\/2024\/07\/pdf\/_video_daniel_vassallucci_president_d_optimum_mapping_control_.pdf\" title=\"automobil-unternehmen.com\" type=\"application\/pdf\" target=\"_blank\" rel=\"noopener\"><img loading=\"lazy\" decoding=\"async\" src=\"https:\/\/bu.optimum-automotive.com\/wp-content\/uploads\/2024\/07\/jpg\/01-352.jpg\" width=\"151\" height=\"200\" alt=\"PDF - 638.8 ko\"><\/a>\r\n<figcaption class=\"wp-element-caption\"><strong>automobil-unternehmen.com<\/strong><br>\r\n[Video] Daniel Vassallucci, Pr\u00e4sident von Optimum (Mapping Control)\r\n<\/figcaption><\/div> \r\n\r\n<div class=\"wp-block-image\"> \r\n<a href=\"https:\/\/bu.optimum-automotive.com\/wp-content\/uploads\/2024\/07\/pdf\/2020-05-29-www.businews.fr-29_mai_2020-50000000341386887_1_.pdf\" title=\"businews.de\" type=\"application\/pdf\" target=\"_blank\" rel=\"noopener\"><img loading=\"lazy\" decoding=\"async\" src=\"https:\/\/bu.optimum-automotive.com\/wp-content\/uploads\/2024\/07\/jpg\/01-351.jpg\" width=\"151\" height=\"200\" alt=\"PDF - 144.6 ko\"><\/a>\r\n<figcaption class=\"wp-element-caption\"><strong>businews.de<\/strong><br>\r\nOptimum Automotive feilt an neuen internationalen Expansionen\r\n\r\n<\/figcaption><\/div> \r\n\r\n<h2 class=\"wp-block-heading\">MAI 2020<\/h2>\r\n\r\n<div class=\"wp-block-image\">\r\n<a href=\"https:\/\/bu.optimum-automotive.com\/wp-content\/uploads\/2024\/07\/pdf\/2020-05-29-transport_info-29_mai_2020-10000000058863090.pdf\" title=\"TRANSPORT INFO\" type=\"application\/pdf\" target=\"_blank\" rel=\"noopener\"><img loading=\"lazy\" decoding=\"async\" src=\"https:\/\/bu.optimum-automotive.com\/wp-content\/uploads\/2024\/07\/jpg\/01-350.jpg\" width=\"151\" height=\"200\" alt=\"PDF - 244.4 ko\"><\/a>\r\n<figcaption class=\"wp-element-caption\"><strong>TRANSPORT INFO<\/strong><br>\r\nDSN TRANSPORT passt sich mithilfe von On-Board-Computing an Covid-19 an\r\n<\/figcaption><\/div> \r\n\r\n<div class=\"wp-block-image\">\r\n<a href=\"https:\/\/bu.optimum-automotive.com\/wp-content\/uploads\/2024\/07\/pdf\/2020-05-27-www.usine-digitale.fr-27_mai_2020-50000000341316794.pdf\" title=\"digitale-fabrik.de\" type=\"application\/pdf\" target=\"_blank\" rel=\"noopener\"><img loading=\"lazy\" decoding=\"async\" src=\"https:\/\/bu.optimum-automotive.com\/wp-content\/uploads\/2024\/07\/jpg\/01-349.jpg\" width=\"151\" height=\"200\" alt=\"PDF - 295.2 ko\"><\/a>\r\n<figcaption class=\"wp-element-caption\"><strong>digitale-fabrik.de<\/strong><br>\r\nOptimum Automotive steigt in das Tracking von Containern und Ausr\u00fcstung ein\r\n<\/figcaption><\/div> \r\n\r\n<div class=\"wp-block-image\">\r\n<a href=\"https:\/\/bu.optimum-automotive.com\/wp-content\/uploads\/2024\/07\/pdf\/geolocalisation___mapping_control_elargit_la_gamme_des_equipements.pdf\" title=\"jdlgroup.com\" type=\"application\/pdf\" target=\"_blank\" rel=\"noopener\"><img loading=\"lazy\" decoding=\"async\" src=\"https:\/\/bu.optimum-automotive.com\/wp-content\/uploads\/2024\/07\/jpg\/01-348.jpg\" width=\"151\" height=\"200\" alt=\"PDF - 731.1 ko\"><\/a>\r\n<figcaption class=\"wp-element-caption\"><strong>jdlgroup.com<\/strong><br>\r\nGeolokalisierung: Mapping Control erweitert das Angebot an Ger\u00e4ten\r\n<\/figcaption><\/div> \r\n\r\n<div class=\"wp-block-image\">\r\n\r\n<a href=\"https:\/\/bu.optimum-automotive.com\/wp-content\/uploads\/2024\/07\/pdf\/mapping_control_geolocalise_les_equipements.pdf\" title=\"flotauto.com\" type=\"application\/pdf\" target=\"_blank\" rel=\"noopener\"><img loading=\"lazy\" decoding=\"async\" src=\"https:\/\/bu.optimum-automotive.com\/wp-content\/uploads\/2024\/07\/jpg\/01-347.jpg\" width=\"151\" height=\"200\" alt=\"PDF - 143.1 ko\"><\/a>\r\n<figcaption class=\"wp-element-caption\"><strong>flotauto.com<\/strong><br>\r\nMapping Control geolokalisiert die Ger\u00e4te\r\n<\/figcaption><\/div> \r\n\r\n<div class=\"wp-block-image\">\r\n<a href=\"https:\/\/bu.optimum-automotive.com\/wp-content\/uploads\/2024\/07\/pdf\/2020-05-12-www.industrie-mag.com-12_mai_2020-50000000340922380_1_.pdf\" title=\"industrie-mag.com\" type=\"application\/pdf\" target=\"_blank\" rel=\"noopener\"><img loading=\"lazy\" decoding=\"async\" src=\"https:\/\/bu.optimum-automotive.com\/wp-content\/uploads\/2024\/07\/jpg\/01-346.jpg\" width=\"151\" height=\"200\" alt=\"PDF - 150.4 ko\"><\/a>\r\n<figcaption class=\"wp-element-caption\"><strong>industrie-mag.com<\/strong><br>\r\nMit Mapping Control optimiert DSN die Kosten seiner Flotte\r\n<\/figcaption><\/div> \r\n\r\n<div class=\"wp-block-image\">\r\n<a href=\"https:\/\/bu.optimum-automotive.com\/wp-content\/uploads\/2024\/07\/pdf\/2020-05-12-www.flotauto.com-12_mai_2020-50000000340912508.pdf\" title=\"flotauto.com\" type=\"application\/pdf\" target=\"_blank\" rel=\"noopener\"><img loading=\"lazy\" decoding=\"async\" src=\"https:\/\/bu.optimum-automotive.com\/wp-content\/uploads\/2024\/07\/jpg\/01-343.jpg\" width=\"151\" height=\"200\" alt=\"PDF - 670.5 ko\"><\/a>\r\n<figcaption class=\"wp-element-caption\"><strong>flotauto.com<\/strong><br>\r\nDSN Transports und AEL Services: Telematik zur Verwaltung der<br class=\"autobr\">\r\nKrise\r\n<\/figcaption><\/div> \r\n\r\n<div class=\"wp-block-image\">\r\n<a href=\"https:\/\/bu.optimum-automotive.com\/wp-content\/uploads\/2024\/07\/pdf\/coronavirus___dsn_transports_optimise_sa_flotte_de_vehicules_avec_mapping_control_-_le_journal_des_entreprises_-_region_sud.pdf\" title=\"Die Zeitung f\u00fcr Unternehmen\" type=\"application\/pdf\" target=\"_blank\" rel=\"noopener\"><img loading=\"lazy\" decoding=\"async\" src=\"https:\/\/bu.optimum-automotive.com\/wp-content\/uploads\/2024\/07\/jpg\/01-344.jpg\" width=\"151\" height=\"200\" alt=\"PDF - 309 kb\"><\/a>\r\n<figcaption class=\"wp-element-caption\"><strong>Die Zeitung f\u00fcr Unternehmen<\/strong><br>\r\nCoronavirus: DSN Transports optimiert seinen Fuhrpark mit Mapping Control\r\n<\/figcaption><\/div> \r\n\r\n<div class=\"wp-block-image\">\r\n<a href=\"https:\/\/bu.optimum-automotive.com\/wp-content\/uploads\/2024\/07\/pdf\/l_outil_de_gestion_de_flotte_optipark_offert_pendant_12_mois.pdf\" title=\"automobil-unternehmen.com\" type=\"application\/pdf\" target=\"_blank\" rel=\"noopener\"><img loading=\"lazy\" decoding=\"async\" src=\"https:\/\/bu.optimum-automotive.com\/wp-content\/uploads\/2024\/07\/jpg\/01-345.jpg\" width=\"151\" height=\"200\" alt=\"PDF - 619.1 ko\"><\/a>\r\n<figcaption class=\"wp-element-caption\"><strong>automobil-unternehmen.com<\/strong><br>\r\nDas Flottenmanagement-Tool Optipark 12 Monate lang gratis\r\n<\/figcaption><\/div> \r\n\r\n<div class=\"wp-block-image\">\r\n<a href=\"https:\/\/bu.optimum-automotive.com\/wp-content\/uploads\/2024\/07\/pdf\/optimum_automotive_offre_son_service_optipark_pendant_12_mois.pdf\" title=\"journalauto.com\" type=\"application\/pdf\" target=\"_blank\" rel=\"noopener\"><img loading=\"lazy\" decoding=\"async\" src=\"https:\/\/bu.optimum-automotive.com\/wp-content\/uploads\/2024\/07\/jpg\/01-342.jpg\" width=\"151\" height=\"200\" alt=\"PDF - 376.9 ko\"><\/a>\r\n<figcaption class=\"wp-element-caption\"><strong>journalauto.com<\/strong><br>\r\nOptimum Automotive bietet seinen Optipark-Service 12 Monate lang an\r\n\r\n<\/figcaption><\/div> \r\n\r\n<h2 class=\"wp-block-heading\">APRIL 2020<\/h2>\r\n\r\n<div class=\"wp-block-image\">\r\n<a href=\"https:\/\/bu.optimum-automotive.com\/wp-content\/uploads\/2024\/07\/pdf\/automobile_et_l_entreprise_dossier_telematique.pdf\" title=\"automobil-unternehmen.com\" type=\"application\/pdf\" target=\"_blank\" rel=\"noopener\"><img loading=\"lazy\" decoding=\"async\" src=\"https:\/\/bu.optimum-automotive.com\/wp-content\/uploads\/2024\/07\/jpg\/01-39.jpg\" width=\"151\" height=\"200\" alt=\"PDF - 471.4 ko\"><\/a>\r\n<figcaption class=\"wp-element-caption\"><strong>automobil-unternehmen.com<\/strong><br>\r\nDossier Telematik: Die Versprechen von Telematikangeboten\r\n<\/figcaption><\/div> \r\n\r\n<div class=\"wp-block-image\">\r\n<a href=\"https:\/\/bu.optimum-automotive.com\/wp-content\/uploads\/2024\/07\/pdf\/le_fleet_management_promis_a_une_forte_croissance.pdf\" title=\"automobil-unternehmen.com\" type=\"application\/pdf\" target=\"_blank\" rel=\"noopener\"><img loading=\"lazy\" decoding=\"async\" src=\"https:\/\/bu.optimum-automotive.com\/wp-content\/uploads\/2024\/07\/jpg\/01-256.jpg\" width=\"151\" height=\"200\" alt=\"PDF - 5.9 MB\"><\/a>\r\n<figcaption class=\"wp-element-caption\"><strong>automobil-unternehmen.com<\/strong><br>\r\nFlottenmanagement verspricht starkes Wachstum\r\n<\/figcaption><\/div> \r\n\r\n<div class=\"wp-block-image\">\r\n<a href=\"https:\/\/bu.optimum-automotive.com\/wp-content\/uploads\/2024\/07\/pdf\/2020-04-10-www.pemagazine.fr-10_avril_2020-50000000340072188.pdf\" title=\"pemagazine.de\" type=\"application\/pdf\" target=\"_blank\" rel=\"noopener\"><img loading=\"lazy\" decoding=\"async\" src=\"https:\/\/bu.optimum-automotive.com\/wp-content\/uploads\/2024\/07\/jpg\/01-341.jpg\" width=\"151\" height=\"200\" alt=\"PDF - 114 kb\"><\/a>\r\n<figcaption class=\"wp-element-caption\"><strong>pemagazine.de<\/strong><br>\r\nParis Gr\u00fcner Fonds, der von Demeter verwaltet wird, hat 160 Mio. \u20ac f\u00fcr seine<br class=\"autobr\">\r\nEndg\u00fcltiger Abschluss\r\n<\/figcaption><\/div> \r\n\r\n<div class=\"wp-block-image\"> \r\n<a href=\"https:\/\/bu.optimum-automotive.com\/wp-content\/uploads\/2024\/07\/pdf\/2020-04-08-www.greenunivers.com-8_avril_2020-50000000340001645.pdf\" title=\"greenunivers.com\" type=\"application\/pdf\" target=\"_blank\" rel=\"noopener\"><img loading=\"lazy\" decoding=\"async\" src=\"https:\/\/bu.optimum-automotive.com\/wp-content\/uploads\/2024\/07\/jpg\/01-339.jpg\" width=\"151\" height=\"200\" alt=\"PDF - 169.1 ko\"><\/a>\r\n<figcaption class=\"wp-element-caption\"><strong>greenunivers.com<\/strong><br>\r\n131,5 Mio. \u20ac im Bereich \u00d6komobilit\u00e4t in H2 2019 aufgebracht.\r\n<\/figcaption><\/div> \r\n\r\n<div class=\"wp-block-image\">\r\n<a href=\"https:\/\/bu.optimum-automotive.com\/wp-content\/uploads\/2024\/07\/pdf\/2020-04-10-www.ccimp.com-10_avril_2020-50000000340056763.pdf\" title=\"ccimp.com\" type=\"application\/pdf\" target=\"_blank\" rel=\"noopener\"><img loading=\"lazy\" decoding=\"async\" src=\"https:\/\/bu.optimum-automotive.com\/wp-content\/uploads\/2024\/07\/jpg\/01-340.jpg\" width=\"151\" height=\"200\" alt=\"PDF - 84.2 ko\"><\/a>\r\n<figcaption class=\"wp-element-caption\"><strong>ccimp.com<\/strong><br>\r\nUnternehmer im Angesicht der Krise\r\n\r\n<\/figcaption><\/div> \r\n\r\n<h2 class=\"wp-block-heading\">M\u00c4RZ 2020<\/h2>\r\n\t\r\n<div class=\"wp-block-image\">\r\n<a href=\"https:\/\/bu.optimum-automotive.com\/wp-content\/uploads\/2024\/07\/pdf\/services___toujours_plus_numeriques.pdf\" title=\"flotauto.com\" type=\"application\/pdf\" target=\"_blank\" rel=\"noopener\"><img loading=\"lazy\" decoding=\"async\" src=\"https:\/\/bu.optimum-automotive.com\/wp-content\/uploads\/2024\/07\/jpg\/01-193.jpg\" width=\"151\" height=\"200\" alt=\"PDF - 163.4 ko\"><\/a>\r\n<figcaption class=\"wp-element-caption\"><strong>flotauto.com<\/strong><br>\r\nLangfristige Vermietung von Immobilien. Dienstleistungen: immer digitaler\r\n<\/figcaption><\/div> \r\n\r\n<div class=\"wp-block-image\">\r\n<a href=\"https:\/\/bu.optimum-automotive.com\/wp-content\/uploads\/2024\/07\/pdf\/telematique_embarquee___nouveaux_capitaux_et_fonctionnalites_elargies.pdf\" title=\"flotauto.com\" type=\"application\/pdf\" target=\"_blank\" rel=\"noopener\"><img loading=\"lazy\" decoding=\"async\" src=\"https:\/\/bu.optimum-automotive.com\/wp-content\/uploads\/2024\/07\/jpg\/01-110.jpg\" width=\"151\" height=\"200\" alt=\"PDF - 260.6 ko\"><\/a>\r\n<figcaption class=\"wp-element-caption\"><strong>flotauto.com<\/strong><br>\r\nFahrzeugtelematik: neues Kapital und erweiterte Funktionen\r\n<\/figcaption><\/div> \r\n\r\n<div class=\"wp-block-image\">\r\n<a href=\"https:\/\/bu.optimum-automotive.com\/wp-content\/uploads\/2024\/07\/pdf\/2020-03-05-www.assurlandpro.com-5_mars_2020-50000000338908013.pdf\" title=\"assurlandpro.com\" type=\"application\/pdf\" target=\"_blank\" rel=\"noopener\"><img loading=\"lazy\" decoding=\"async\" src=\"https:\/\/bu.optimum-automotive.com\/wp-content\/uploads\/2024\/07\/jpg\/01-338.jpg\" width=\"151\" height=\"200\" alt=\"PDF - 136.4 ko\"><\/a>\r\n<figcaption class=\"wp-element-caption\"><strong>assurlandpro.com<\/strong><br>\r\nFirmenwagen: Unternehmen sind zur Anzeige verpflichtet in<br class=\"autobr\">\r\nVersto\u00dffall\r\n<\/figcaption><\/div> \r\n\r\n<div class=\"wp-block-image\">\r\n<a href=\"https:\/\/bu.optimum-automotive.com\/wp-content\/uploads\/2024\/07\/pdf\/fleet_management-vols_de_vehicules_prendre_les_devants.pdf\" title=\"entscheidung-einkauf.de\" type=\"application\/pdf\" target=\"_blank\" rel=\"noopener\"><img loading=\"lazy\" decoding=\"async\" src=\"https:\/\/bu.optimum-automotive.com\/wp-content\/uploads\/2024\/07\/jpg\/01-328.jpg\" width=\"151\" height=\"200\" alt=\"PDF - 2.1 MB\"><\/a>\r\n<figcaption class=\"wp-element-caption\"><strong>entscheidung-einkauf.de<\/strong><br>\r\nFuhrparkmanagement - Fahrzeugdiebstahl: Vorbeugen ist angesagt\r\n<\/figcaption><\/div> \r\n\t\r\n<h2 class=\"wp-block-heading\">FEBRUAR 2020<\/h2>\r\n\r\n<div class=\"wp-block-image\">\r\n<a href=\"https:\/\/bu.optimum-automotive.com\/wp-content\/uploads\/2024\/07\/pdf\/2020-02-13-fusions_acquisitions_magazine-janvier_-_fevrier_2020-10000000058350283.pdf\" title=\"FUSIONS &amp; ACQUISITIONS MAGAZINE\" type=\"application\/pdf\" target=\"_blank\" rel=\"noopener\"><img loading=\"lazy\" decoding=\"async\" src=\"https:\/\/bu.optimum-automotive.com\/wp-content\/uploads\/2024\/07\/jpg\/01-334.jpg\" width=\"151\" height=\"200\" alt=\"PDF - 3.2 MB\"><\/a>\r\n<figcaption class=\"wp-element-caption\"><strong>FUSIONS &amp; ACQUISITIONS MAGAZINE<\/strong><br>\r\nPrivate-Equity-Operationen im November Dezember 2019\r\n<\/figcaption><\/div> \r\n\r\n<div class=\"wp-block-image\">\r\n<a href=\"https:\/\/bu.optimum-automotive.com\/wp-content\/uploads\/2024\/07\/pdf\/2020-02-26-www.assurland.com-26_fevrier_2020-50000000338656007.pdf\" title=\"assurland.com\" type=\"application\/pdf\" target=\"_blank\" rel=\"noopener\"><img loading=\"lazy\" decoding=\"async\" src=\"https:\/\/bu.optimum-automotive.com\/wp-content\/uploads\/2024\/07\/jpg\/01-337.jpg\" width=\"151\" height=\"200\" alt=\"PDF - 241.3 ko\"><\/a>\r\n<figcaption class=\"wp-element-caption\"><strong>assurland.com<\/strong><br>\r\nFirmenwagen: Unternehmen zeigen den Fahrer bei Verst\u00f6\u00dfen an\r\n<\/figcaption><\/div> \r\n\r\n<div class=\"wp-block-image\">\r\n<a href=\"https:\/\/bu.optimum-automotive.com\/wp-content\/uploads\/2024\/07\/pdf\/2020-02-17-www.usinenouvelle.com-17_fevrier_2020-50000000338345273.pdf\" title=\"usinenouvelle.com\" type=\"application\/pdf\" target=\"_blank\" rel=\"noopener\"><img loading=\"lazy\" decoding=\"async\" src=\"https:\/\/bu.optimum-automotive.com\/wp-content\/uploads\/2024\/07\/jpg\/01-336.jpg\" width=\"151\" height=\"200\" alt=\"PDF - 158.7 ko\"><\/a>\r\n<figcaption class=\"wp-element-caption\"><strong>usinenouvelle.com<\/strong><br>\r\nBusiness Professional Women (BPW) im Angriff auf Sexismus in<br class=\"autobr\">\r\nUnternehmen\r\n<\/figcaption><\/div> \r\n\r\n<div class=\"wp-block-image\"> \r\n<a href=\"https:\/\/bu.optimum-automotive.com\/wp-content\/uploads\/2024\/07\/pdf\/2020-02-13-www.mtom-mag.com-13_fevrier_2020-50000000338228829.pdf\" title=\"mtom-mag.com\" type=\"application\/pdf\" target=\"_blank\" rel=\"noopener\"><img loading=\"lazy\" decoding=\"async\" src=\"https:\/\/bu.optimum-automotive.com\/wp-content\/uploads\/2024\/07\/jpg\/01-335.jpg\" width=\"151\" height=\"200\" alt=\"PDF - 125.5 ko\"><\/a>\r\n<figcaption class=\"wp-element-caption\"><strong>mtom-mag.com<\/strong><br>\r\nMapping Control bietet f\u00fcr eine Dauer von 6 Monaten seinen Service an<br class=\"autobr\">\r\nOptiparc\r\n<\/figcaption><\/div> \r\n\r\n<div class=\"wp-block-image\">\r\n<a href=\"https:\/\/bu.optimum-automotive.com\/wp-content\/uploads\/2024\/07\/pdf\/obligation_pour_l_entreprise_de_denoncer_des_logiciels_pour_simplifier_les_demarches-vehicules_de_societes.pdf\" title=\"www.caradisiac.com\" type=\"application\/pdf\" target=\"_blank\" rel=\"noopener\"><img loading=\"lazy\" decoding=\"async\" src=\"https:\/\/bu.optimum-automotive.com\/wp-content\/uploads\/2024\/07\/jpg\/01-327.jpg\" width=\"151\" height=\"200\" alt=\"PDF - 2.8 MB\"><\/a>\r\n<figcaption class=\"wp-element-caption\"><strong>www.caradisiac.com<\/strong><br>\r\nBlitzer\/Firmenfahrzeuge - Pflicht des Unternehmens zur Anzeige: Software zur Vereinfachung des Verfahrens\r\n<\/figcaption><\/div> \r\n\r\n<div class=\"wp-block-image\">\r\n<a href=\"https:\/\/bu.optimum-automotive.com\/wp-content\/uploads\/2024\/07\/pdf\/rencontres_flotauto___a_fond_sur_les_vehicules_electriques.pdf\" title=\"automobile-propre.com\" type=\"application\/pdf\" target=\"_blank\" rel=\"noopener\"><img loading=\"lazy\" decoding=\"async\" src=\"https:\/\/bu.optimum-automotive.com\/wp-content\/uploads\/2024\/07\/jpg\/01-326.jpg\" width=\"151\" height=\"200\" alt=\"PDF - 11.2 MB\"><\/a>\r\n<figcaption class=\"wp-element-caption\"><strong>automobile-propre.com<\/strong><br>\r\nFlotauto Treffen: Voll auf Elektrofahrzeuge setzen\r\n<\/figcaption><\/div> \r\n\r\n<div class=\"wp-block-image\"> \r\n<a href=\"https:\/\/bu.optimum-automotive.com\/wp-content\/uploads\/2024\/07\/pdf\/la_mobilite_electrique_au_salon_flotauto_2020.pdf\" title=\"avem.de\" type=\"application\/pdf\" target=\"_blank\" rel=\"noopener\"><img loading=\"lazy\" decoding=\"async\" src=\"https:\/\/bu.optimum-automotive.com\/wp-content\/uploads\/2024\/07\/jpg\/01-325.jpg\" width=\"151\" height=\"200\" alt=\"PDF - 3.3 MB\"><\/a>\r\n<figcaption class=\"wp-element-caption\"><strong>avem.de<\/strong><br>\r\nElektromobilit\u00e4t auf der Flotauto 2020\r\n\r\n<\/figcaption><\/div> \r\n\r\n<h2 class=\"wp-block-heading\">JANUAR 2020<\/h2>\r\n\r\n<div class=\"wp-block-image\">\r\n<a href=\"https:\/\/bu.optimum-automotive.com\/wp-content\/uploads\/2024\/07\/pdf\/2020-01-20-republique_de_seine_et_marne-20_janvier_2020-10000000058200359.pdf\" title=\"La R\u00e9publique de Seine et Marne\" type=\"application\/pdf\" target=\"_blank\" rel=\"noopener\"><img loading=\"lazy\" decoding=\"async\" src=\"https:\/\/bu.optimum-automotive.com\/wp-content\/uploads\/2024\/07\/jpg\/01-330.jpg\" width=\"151\" height=\"200\" alt=\"PDF - 225.3 ko\"><\/a>\r\n<figcaption class=\"wp-element-caption\"><strong>La R\u00e9publique de Seine et Marne<\/strong><br>\r\nFahrgemeinschaften und Carsharing, Profi-Version\r\n<\/figcaption><\/div> \r\n\r\n<div class=\"wp-block-image\">\r\n<a href=\"https:\/\/bu.optimum-automotive.com\/wp-content\/uploads\/2024\/07\/pdf\/2020-01-16-www.journaldunet.com-16_janvier_2020-50000000337169200.pdf\" title=\"journaldunet.com\" type=\"application\/pdf\" target=\"_blank\" rel=\"noopener\"><img loading=\"lazy\" decoding=\"async\" src=\"https:\/\/bu.optimum-automotive.com\/wp-content\/uploads\/2024\/07\/jpg\/01-329.jpg\" width=\"151\" height=\"200\" alt=\"PDF - 143.2 ko\"><\/a>\r\n<figcaption class=\"wp-element-caption\"><strong>journaldunet.com<\/strong><br>\r\nFranz\u00f6sische Start-ups haben im November 284 Millionen Euro aufgebracht\r\n<\/figcaption><\/div> \r\n\r\n<div class=\"wp-block-image\">\r\n<a href=\"https:\/\/bu.optimum-automotive.com\/wp-content\/uploads\/2024\/07\/pdf\/2020-02-01-www.cfnews.net-1_fevrier_2020-50000000337770665.pdf\" title=\"cfnews.net\" type=\"application\/pdf\" target=\"_blank\" rel=\"noopener\"><img loading=\"lazy\" decoding=\"async\" src=\"https:\/\/bu.optimum-automotive.com\/wp-content\/uploads\/2024\/07\/jpg\/01-333.jpg\" width=\"151\" height=\"200\" alt=\"PDF - 112.3 ko\"><\/a>\r\n<figcaption class=\"wp-element-caption\"><strong>cfnews.net<\/strong><br>\r\nDemeter wird f\u00fcr die Expansion aufgestockt\r\n<\/figcaption><\/div> \r\n\r\n<div class=\"wp-block-image\">\r\n<a href=\"https:\/\/bu.optimum-automotive.com\/wp-content\/uploads\/2024\/07\/pdf\/2020-01-23-www.industrie-mag.com-23_janvier_2020-50000000337469779.pdf\" title=\"industrie-mag.com\" type=\"application\/pdf\" target=\"_blank\" rel=\"noopener\"><img loading=\"lazy\" decoding=\"async\" src=\"https:\/\/bu.optimum-automotive.com\/wp-content\/uploads\/2024\/07\/jpg\/01-332.jpg\" width=\"151\" height=\"200\" alt=\"PDF - 98.1 ko\"><\/a>\r\n<figcaption class=\"wp-element-caption\"><strong>industrie-mag.com<\/strong><br>\r\nOptimum Automotive wird bei den Flotauto 2020 Treffen anwesend sein\r\n<\/figcaption><\/div> \r\n\r\n<div class=\"wp-block-image\"> \r\n<a href=\"https:\/\/bu.optimum-automotive.com\/wp-content\/uploads\/2024\/07\/pdf\/2020-01-23-www.am-today.com-23_janvier_2020-50000000337408452.pdf\" title=\"am-today.com\" type=\"application\/pdf\" target=\"_blank\" rel=\"noopener\"><img loading=\"lazy\" decoding=\"async\" src=\"https:\/\/bu.optimum-automotive.com\/wp-content\/uploads\/2024\/07\/jpg\/01-331.jpg\" width=\"151\" height=\"200\" alt=\"PDF - 77.7 ko\"><\/a>\r\n<figcaption class=\"wp-element-caption\"><strong>am-today.com<\/strong><br>\r\nOptimum Automotive bei den Flotauto 2020 Treffen\r\n\r\n<\/figcaption><\/div> \r\n\r\n<h2 class=\"wp-block-heading\">DEZEMBER 2019<\/h2>\r\n\r\n<div class=\"wp-block-image\">\r\n<a href=\"https:\/\/bu.optimum-automotive.com\/wp-content\/uploads\/2024\/07\/pdf\/start-lesechos.pdf\" title=\"start.lesechos.fr\" type=\"application\/pdf\" target=\"_blank\" rel=\"noopener\"><img loading=\"lazy\" decoding=\"async\" src=\"https:\/\/bu.optimum-automotive.com\/wp-content\/uploads\/2024\/07\/jpg\/01-324.jpg\" width=\"151\" height=\"200\" alt=\"PDF - 2.9 MB\"><\/a>\r\n<figcaption class=\"wp-element-caption\"><strong>start.lesechos.fr<\/strong><br>\r\nDie 10 Startups, die im November 2019 das meiste Kapital aufgebracht haben.\r\n<\/figcaption><\/div> \r\n\r\n<div class=\"wp-block-image\">\r\n<a href=\"https:\/\/bu.optimum-automotive.com\/wp-content\/uploads\/2024\/07\/pdf\/projets_innovants___zoom_su_rles_levees_de_fonds_novembre_2019.pdf\" title=\"cicplacedelinnovation.com\" type=\"application\/pdf\" target=\"_blank\" rel=\"noopener\"><img loading=\"lazy\" decoding=\"async\" src=\"https:\/\/bu.optimum-automotive.com\/wp-content\/uploads\/2024\/07\/jpg\/01-323.jpg\" width=\"151\" height=\"200\" alt=\"PDF - 1.7 MB\"><\/a>\r\n<figcaption class=\"wp-element-caption\"><strong>cicplacedelinnovation.com<\/strong><br>\r\nInnovative Projekte: die Finanzierungsrunden des Monats November 2019\r\n\r\n<\/figcaption><\/div> \r\n\r\n<h2 class=\"wp-block-heading\">NOVEMBER 2019<\/h2>\r\n\r\n<div class=\"wp-block-image\">\r\n<a href=\"https:\/\/bu.optimum-automotive.com\/wp-content\/uploads\/2024\/07\/pdf\/economie___aix___optimum_automotive_vient_de_finaliser_une_levee_de_fonds_pour_encore_accelerer___la_provence.pdf\" title=\"LaProvence\" type=\"application\/pdf\" target=\"_blank\" rel=\"noopener\"><img loading=\"lazy\" decoding=\"async\" src=\"https:\/\/bu.optimum-automotive.com\/wp-content\/uploads\/2024\/07\/jpg\/01-322.jpg\" width=\"151\" height=\"200\" alt=\"PDF - 1.8 MB\"><\/a>\r\n<figcaption class=\"wp-element-caption\"><strong>LaProvence<\/strong><br>\r\nAix: Optimum Automotive hat gerade eine Finanzierungsrunde abgeschlossen, um weiter zu beschleunigen\r\n<\/figcaption><\/div> \r\n\r\n<div class=\"wp-block-image\">\r\n<a href=\"https:\/\/bu.optimum-automotive.com\/wp-content\/uploads\/2024\/07\/pdf\/plans_de_mobilite___les_transports_alternatifs_se_developpent_avec_ou_sans_eux.pdf\" title=\"caradisiac.com\" type=\"application\/pdf\" target=\"_blank\" rel=\"noopener\"><img loading=\"lazy\" decoding=\"async\" src=\"https:\/\/bu.optimum-automotive.com\/wp-content\/uploads\/2024\/07\/jpg\/01-321.jpg\" width=\"151\" height=\"200\" alt=\"PDF - 5.5 MB\"><\/a>\r\n<figcaption class=\"wp-element-caption\"><strong>caradisiac.com<\/strong><br>\r\nMobilit\u00e4tspl\u00e4ne: Alternative Verkehrsmittel entwickeln sich, mit oder ohne sie...\r\n<\/figcaption><\/div> \r\n\r\n<div class=\"wp-block-image\">\r\n<a href=\"https:\/\/bu.optimum-automotive.com\/wp-content\/uploads\/2024\/07\/pdf\/muselier_les_entreprises_et_les_preuves_d_amour.pdf\" title=\"marseille.latribune.fr\" type=\"application\/pdf\" target=\"_blank\" rel=\"noopener\"><img loading=\"lazy\" decoding=\"async\" src=\"https:\/\/bu.optimum-automotive.com\/wp-content\/uploads\/2024\/07\/jpg\/01-320.jpg\" width=\"151\" height=\"200\" alt=\"PDF - 920.7 ko\"><\/a>\r\n<figcaption class=\"wp-element-caption\"><strong>marseille.latribune.fr<\/strong><br>\r\nMuselier, Unternehmen und Liebesbeweise\r\n<\/figcaption><\/div> \r\n\r\n<div class=\"wp-block-image\">\r\n<a href=\"https:\/\/bu.optimum-automotive.com\/wp-content\/uploads\/2024\/07\/pdf\/2019-11-25-l_officiel_des_transporteurs-22_novembre_2019-10000000057865919.pdf\" title=\"Das Amt f\u00fcr Transportwesen\" type=\"application\/pdf\" target=\"_blank\" rel=\"noopener\"><img loading=\"lazy\" decoding=\"async\" src=\"https:\/\/bu.optimum-automotive.com\/wp-content\/uploads\/2024\/07\/jpg\/01-319.jpg\" width=\"151\" height=\"200\" alt=\"PDF - 1011 kb\"><\/a>\r\n<figcaption class=\"wp-element-caption\"><strong>Das Amt f\u00fcr Transportwesen<\/strong><br>\r\nWelche L\u00f6sungen gibt es f\u00fcr die R\u00fcckverfolgung von Temperaturen?\r\n<\/figcaption><\/div> \r\n\r\n<div class=\"wp-block-image\">\r\n<a href=\"https:\/\/bu.optimum-automotive.com\/wp-content\/uploads\/2024\/07\/pdf\/flottes_connectees___optimum_automotive_leve_14_millions_d_euros_-_les_echos.pdf\" title=\"business.lesechos.fr\" type=\"application\/pdf\" target=\"_blank\" rel=\"noopener\"><img loading=\"lazy\" decoding=\"async\" src=\"https:\/\/bu.optimum-automotive.com\/wp-content\/uploads\/2024\/07\/jpg\/01-318.jpg\" width=\"151\" height=\"200\" alt=\"PDF - 1001.7 ko\"><\/a>\r\n<figcaption class=\"wp-element-caption\"><strong>business.lesechos.fr<\/strong><br>\r\nVernetzte Flotten: Optimum Automotive holt sich 14 Millionen Euro\r\n<\/figcaption><\/div> \r\n\r\n<div class=\"wp-block-image\">\r\n<a href=\"https:\/\/bu.optimum-automotive.com\/wp-content\/uploads\/2024\/07\/pdf\/biolog-id_luko_heetch._les_levees_de_fonds_de_la_semaine.pdf\" title=\"digitale-fabrik.de\" type=\"application\/pdf\" target=\"_blank\" rel=\"noopener\"><img loading=\"lazy\" decoding=\"async\" src=\"https:\/\/bu.optimum-automotive.com\/wp-content\/uploads\/2024\/07\/jpg\/01-317.jpg\" width=\"151\" height=\"200\" alt=\"PDF - 1.5 MB\"><\/a>\r\n<figcaption class=\"wp-element-caption\"><strong>digitale-fabrik.de<\/strong><br>\r\nBiolog-id, Luko, Heetch... Die Kapitalerhebungen der Woche\r\n<\/figcaption><\/div> \r\n\r\n<div class=\"wp-block-image\">\r\n<a href=\"https:\/\/bu.optimum-automotive.com\/wp-content\/uploads\/2024\/07\/pdf\/optimum_automotive_accelere_le_controle_connecte_des_flottes_en_europe_lesechos-fr.pdf\" title=\"lesechos.fr\" type=\"application\/pdf\" target=\"_blank\" rel=\"noopener\"><img loading=\"lazy\" decoding=\"async\" src=\"https:\/\/bu.optimum-automotive.com\/wp-content\/uploads\/2024\/07\/jpg\/01-316.jpg\" width=\"151\" height=\"200\" alt=\"PDF - 2.1 MB\"><\/a>\r\n<figcaption class=\"wp-element-caption\"><strong>lesechos.fr<\/strong><br>\r\nOptimum Automotive beschleunigt die vernetzte Flottenkontrolle in Europa\r\n<\/figcaption><\/div> \r\n\r\n<div class=\"wp-block-image\"> \r\n<a href=\"https:\/\/bu.optimum-automotive.com\/wp-content\/uploads\/2024\/07\/pdf\/optimum_automotive_s_ouvre_au_paris_fonds_vert_et_a_amundi_pef___capital_finance.pdf\" title=\"capitalfinance.lesechos.fr\" type=\"application\/pdf\" target=\"_blank\" rel=\"noopener\"><img loading=\"lazy\" decoding=\"async\" src=\"https:\/\/bu.optimum-automotive.com\/wp-content\/uploads\/2024\/07\/jpg\/01-314.jpg\" width=\"151\" height=\"200\" alt=\"PDF - 200.6 ko\"><\/a>\r\n<figcaption class=\"wp-element-caption\"><strong>capitalfinance.lesechos.fr<\/strong><br>\r\nOptimum Automotive \u00f6ffnet sich f\u00fcr den Paris Fonds Vert und Amundi PEF\r\n<\/figcaption><\/div> \r\n\r\n<div class=\"wp-block-image\">\r\n<a href=\"https:\/\/bu.optimum-automotive.com\/wp-content\/uploads\/2024\/07\/pdf\/les_startups_levent_plus_de_70meur_-_semaine_46___les_pepites_tech.pdf\" title=\"lespepitestech.com\" type=\"application\/pdf\" target=\"_blank\" rel=\"noopener\"><img loading=\"lazy\" decoding=\"async\" src=\"https:\/\/bu.optimum-automotive.com\/wp-content\/uploads\/2024\/07\/jpg\/01-313.jpg\" width=\"151\" height=\"200\" alt=\"PDF - 236 kb\"><\/a>\r\n<figcaption class=\"wp-element-caption\"><strong>lespepitestech.com<\/strong><br>\r\nSTART-UPS HEBEN MEHR ALS 70M\u20ac - WOCHE 46\r\n<\/figcaption><\/div> \r\n\r\n<div class=\"wp-block-image\">\r\n<a href=\"https:\/\/bu.optimum-automotive.com\/wp-content\/uploads\/2024\/07\/pdf\/optimum_automotive_leve_14_millions_d_euros_-_pere_la_fouine.pdf\" title=\"perelafouine.com\" type=\"application\/pdf\" target=\"_blank\" rel=\"noopener\"><img loading=\"lazy\" decoding=\"async\" src=\"https:\/\/bu.optimum-automotive.com\/wp-content\/uploads\/2024\/07\/jpg\/01-315.jpg\" width=\"151\" height=\"200\" alt=\"PDF - 1.7 MB\"><\/a>\r\n<figcaption class=\"wp-element-caption\"><strong>perelafouine.com<\/strong><br>\r\nOPTIMUM AUTOMOTIVE holt sich 14 Millionen Euro\r\n<\/figcaption><\/div> \r\n\r\n<div class=\"wp-block-image\">\r\n<a href=\"https:\/\/bu.optimum-automotive.com\/wp-content\/uploads\/2024\/07\/pdf\/2019-11-17-techsnooper.io-17_novembre_2019-50000000335149715.pdf\" title=\"techsnooper.io\" type=\"application\/pdf\" target=\"_blank\" rel=\"noopener\"><img loading=\"lazy\" decoding=\"async\" src=\"https:\/\/bu.optimum-automotive.com\/wp-content\/uploads\/2024\/07\/jpg\/02-18.jpg\" width=\"151\" height=\"200\" alt=\"PDF - 172.4 kb\"><\/a>\r\n<figcaption class=\"wp-element-caption\"><strong>techsnooper.io<\/strong><br>\r\nOptimum Automotive, Marktf\u00fchrer im Bereich des vernetzten Flottenmanagements<br class=\"autobr\">\r\nschlie\u00dft eine Finanzierungsrunde \u00fcber 14 Mio. \u20ac ab\r\n<\/figcaption><\/div> \r\n\r\n<div class=\"wp-block-image\">\r\n<a href=\"https:\/\/bu.optimum-automotive.com\/wp-content\/uploads\/2024\/07\/pdf\/2019-11-17-www.lamartineconseil.com-17_novembre_2019-50000000335155018.pdf\" title=\"lamartineconseil.com\" type=\"application\/pdf\" target=\"_blank\" rel=\"noopener\"><img loading=\"lazy\" decoding=\"async\" src=\"https:\/\/bu.optimum-automotive.com\/wp-content\/uploads\/2024\/07\/jpg\/01-311.jpg\" width=\"151\" height=\"200\" alt=\"PDF - 229.4 ko\"><\/a>\r\n<figcaption class=\"wp-element-caption\"><strong>lamartineconseil.com<\/strong><br>\r\nOptimum Automotive zieht gr\u00fcnen Fonds an\r\n<\/figcaption><\/div> \r\n\r\n<div class=\"wp-block-image\">\r\n<a href=\"https:\/\/bu.optimum-automotive.com\/wp-content\/uploads\/2024\/07\/pdf\/les_datas_aux_commandes_de_la_gestion_de_flottes-2.pdf\" title=\"daf-mag.de\" type=\"application\/pdf\" target=\"_blank\" rel=\"noopener\"><img loading=\"lazy\" decoding=\"async\" src=\"https:\/\/bu.optimum-automotive.com\/wp-content\/uploads\/2024\/07\/jpg\/01-310.jpg\" width=\"151\" height=\"200\" alt=\"PDF - 1.9 MB\"><\/a>\r\n<figcaption class=\"wp-element-caption\"><strong>daf-mag.de<\/strong><br>\r\nDaten in der Flottenverwaltung\r\n<\/figcaption><\/div> \r\n\r\n<div class=\"wp-block-image\">\r\n<a href=\"https:\/\/bu.optimum-automotive.com\/wp-content\/uploads\/2024\/07\/pdf\/maddyness_optimum_automotive_leve_14_millions_d_euros.pdf\" title=\"maddyness.com\" type=\"application\/pdf\" target=\"_blank\" rel=\"noopener\"><img loading=\"lazy\" decoding=\"async\" src=\"https:\/\/bu.optimum-automotive.com\/wp-content\/uploads\/2024\/07\/jpg\/01-309.jpg\" width=\"151\" height=\"200\" alt=\"PDF - 907.5 ko\"><\/a>\r\n<figcaption class=\"wp-element-caption\"><strong>maddyness.com<\/strong><br>\r\nEine weitere Woche mit mehr als 100 Millionen Euro, Fintechs in gro\u00dfer Form\r\n<\/figcaption><\/div> \r\n\r\n<div class=\"wp-block-image\">\r\n<a href=\"https:\/\/bu.optimum-automotive.com\/wp-content\/uploads\/2024\/07\/pdf\/2019-11-15-corse_matin-15_novembre_2019-10000000057806098.pdf\" title=\"KORSIKA MATIN\" type=\"application\/pdf\" target=\"_blank\" rel=\"noopener\"><img loading=\"lazy\" decoding=\"async\" src=\"https:\/\/bu.optimum-automotive.com\/wp-content\/uploads\/2024\/07\/jpg\/02-17.jpg\" width=\"151\" height=\"200\" alt=\"PDF - 103.1 ko\"><\/a>\r\n<figcaption class=\"wp-element-caption\"><strong>KORSIKA MATIN<\/strong><br>\r\nOptimum Automotive aus Aixois hebt 14 Mio. \u20ac ein\r\n<\/figcaption><\/div> \r\n\r\n<div class=\"wp-block-image\">\r\n<a href=\"https:\/\/bu.optimum-automotive.com\/wp-content\/uploads\/2024\/07\/pdf\/2019-11-15-la_provence-15_novembre_2019-10000000057804706.pdf\" title=\"La Provence\" type=\"application\/pdf\" target=\"_blank\" rel=\"noopener\"><img loading=\"lazy\" decoding=\"async\" src=\"https:\/\/bu.optimum-automotive.com\/wp-content\/uploads\/2024\/07\/jpg\/01-308.jpg\" width=\"151\" height=\"200\" alt=\"PDF - 128.5 ko\"><\/a>\r\n<figcaption class=\"wp-element-caption\"><strong>La Provence<\/strong><br>\r\nAachener Optimum automotive hebt 14 Mio. \u20ac auf\r\n<\/figcaption><\/div> \r\n\r\n<div class=\"wp-block-image\">\r\n<a href=\"https:\/\/bu.optimum-automotive.com\/wp-content\/uploads\/2024\/07\/pdf\/deplacementspros_optimum_automotive_leve_14_millions_d_euros.pdf\" title=\"deplacementspros.com\" type=\"application\/pdf\" target=\"_blank\" rel=\"noopener\"><img loading=\"lazy\" decoding=\"async\" src=\"https:\/\/bu.optimum-automotive.com\/wp-content\/uploads\/2024\/07\/jpg\/01-304.jpg\" width=\"151\" height=\"200\" alt=\"PDF - 1.6 MB\"><\/a>\r\n<figcaption class=\"wp-element-caption\"><strong>deplacementspros.com<\/strong><br>\r\nOptimum Automotive holt sich 14 Millionen Euro\r\n<\/figcaption><\/div> \r\n\r\n<div class=\"wp-block-image\"> \r\n<a href=\"\/de\/IMG\/mp3\/18530-14.11.2019-itema_22202798-0.mp3\/\" title=\"France Bleu Provence\" type=\"audio\/mpeg\" target=\"_blank\" rel=\"noopener\"><img loading=\"lazy\" decoding=\"async\" src=\"https:\/\/bu.optimum-automotive.com\/wp-content\/uploads\/2024\/07\/jpg\/01-306.jpg\" width=\"151\" height=\"200\" alt=\"MP3 - 1.3 MB\"><\/a>\r\n<figcaption class=\"wp-element-caption\"><strong>France Bleu Provence<\/strong><br>\r\nUnternehmen des Tages mit Yves Blisson\r\n<\/figcaption><\/div> \r\n\r\n<div class=\"wp-block-image\">\r\n<a href=\"https:\/\/bu.optimum-automotive.com\/wp-content\/uploads\/2024\/07\/pdf\/optimum_automotive_procede_a_une_levee_de_fonds_de_14_millions_d_euros.pdf\" title=\"automobil-unternehmen.com\" type=\"application\/pdf\" target=\"_blank\" rel=\"noopener\"><img loading=\"lazy\" decoding=\"async\" src=\"https:\/\/bu.optimum-automotive.com\/wp-content\/uploads\/2024\/07\/jpg\/01-307.jpg\" width=\"151\" height=\"200\" alt=\"PDF - 1.5 MB\"><\/a>\r\n<figcaption class=\"wp-element-caption\"><strong>automobil-unternehmen.com<\/strong><br>\r\nOptimum Automotive f\u00fchrt eine Finanzierungsrunde \u00fcber 14 Millionen Euro durch\r\n<\/figcaption><\/div> \r\n\r\n<div class=\"wp-block-image\"> \r\n<a href=\"https:\/\/bu.optimum-automotive.com\/wp-content\/uploads\/2024\/07\/pdf\/optimum_automotive_leve_des_fonds_pour_accelerer_son_developpement.pdf\" title=\"journalauto.com\" type=\"application\/pdf\" target=\"_blank\" rel=\"noopener\"><img loading=\"lazy\" decoding=\"async\" src=\"https:\/\/bu.optimum-automotive.com\/wp-content\/uploads\/2024\/07\/jpg\/01-303.jpg\" width=\"151\" height=\"200\" alt=\"PDF - 2.7 MB\"><\/a>\r\n<figcaption class=\"wp-element-caption\"><strong>journalauto.com<\/strong><br>\r\nOptimum Automotive nimmt Kapital auf, um seine Entwicklung zu beschleunigen\r\n<\/figcaption><\/div> \r\n\r\n<div class=\"wp-block-image\">\r\n<a href=\"https:\/\/bu.optimum-automotive.com\/wp-content\/uploads\/2024\/07\/pdf\/optimum_automotive_aix_boucle_une_levee_de_14_millions_-_gomet_.pdf\" title=\"gomet.net\" type=\"application\/pdf\" target=\"_blank\" rel=\"noopener\"><img loading=\"lazy\" decoding=\"async\" src=\"https:\/\/bu.optimum-automotive.com\/wp-content\/uploads\/2024\/07\/jpg\/01-301.jpg\" width=\"151\" height=\"200\" alt=\"PDF - 903.2 ko\"><\/a>\r\n<figcaption class=\"wp-element-caption\"><strong>gomet.net<\/strong><br>\r\nOptimum Automotive (Aix) schlie\u00dft eine Finanzierungsrunde \u00fcber 14 Millionen Euro ab\r\n<\/figcaption><\/div> \r\n<div class=\"wp-block-image\">\r\n\t\r\n<a href=\"https:\/\/bu.optimum-automotive.com\/wp-content\/uploads\/2024\/07\/pdf\/optimum_automotive_leve_14_millions_d_euros.pdf\" title=\"LNP\" type=\"application\/pdf\" target=\"_blank\" rel=\"noopener\"><img loading=\"lazy\" decoding=\"async\" src=\"https:\/\/bu.optimum-automotive.com\/wp-content\/uploads\/2024\/07\/jpg\/01-302.jpg\" width=\"151\" height=\"200\" alt=\"PDF - 1007.2 ko\"><\/a>\r\n<figcaption class=\"wp-element-caption\"><strong>LNP<\/strong><br>\r\nOptimum Automotive holt sich 14 Millionen Euro\r\n<\/figcaption><\/div> \r\n\r\n<div class=\"wp-block-image\"> \r\n<a href=\"https:\/\/bu.optimum-automotive.com\/wp-content\/uploads\/2024\/07\/pdf\/la_solution_rentway_s_enrichit_grace_a_un_partenariat_avec_optimum_automotive_ok.pdf\" title=\"automobil-unternehmen.com\" type=\"application\/pdf\" target=\"_blank\" rel=\"noopener\"><img loading=\"lazy\" decoding=\"async\" src=\"https:\/\/bu.optimum-automotive.com\/wp-content\/uploads\/2024\/07\/jpg\/00-2.jpg\" width=\"151\" height=\"200\" alt=\"PDF - 840.7 ko\"><\/a>\r\n<figcaption class=\"wp-element-caption\"><strong>automobil-unternehmen.com<\/strong><br>\r\nRentway-L\u00f6sung wird durch Partnerschaft mit Optimum Automotive erweitert\r\n<\/figcaption><\/div> \r\n\r\n<div class=\"wp-block-image\">\r\n<a href=\"https:\/\/bu.optimum-automotive.com\/wp-content\/uploads\/2024\/07\/pdf\/optimum_automotive_leve_14_meur_convainc_paris_fonds_vert_-_greenunivers.pdf\" title=\"greenunivers.com\" type=\"application\/pdf\" target=\"_blank\" rel=\"noopener\"><img loading=\"lazy\" decoding=\"async\" src=\"https:\/\/bu.optimum-automotive.com\/wp-content\/uploads\/2024\/07\/jpg\/01-305.jpg\" width=\"151\" height=\"200\" alt=\"PDF - 984.6 ko\"><\/a>\r\n<figcaption class=\"wp-element-caption\"><strong>greenunivers.com<\/strong><br>\r\nOptimum Automotive sammelt 14 Mio. \u20ac, \u00fcberzeugt Paris Fonds Vert\r\n<\/figcaption><\/div> \r\n\r\n<div class=\"wp-block-image\">\r\n<a href=\"https:\/\/bu.optimum-automotive.com\/wp-content\/uploads\/2024\/07\/pdf\/immobiliere_atlantic_amenagement___autopartage_et_telematique.pdf\" title=\"flotauto.com\" type=\"application\/pdf\" target=\"_blank\" rel=\"noopener\"><img loading=\"lazy\" decoding=\"async\" src=\"https:\/\/bu.optimum-automotive.com\/wp-content\/uploads\/2024\/07\/jpg\/01-300.jpg\" width=\"151\" height=\"200\" alt=\"PDF - 149.3 ko\"><\/a>\r\n<figcaption class=\"wp-element-caption\"><strong>flotauto.com<\/strong><br>\r\nImmobili\u00e8re Atlantic Am\u00e9nagement: Carsharing und Telematik\r\n<\/figcaption><\/div> \r\n\r\n<div class=\"wp-block-image\">\r\n<a href=\"https:\/\/bu.optimum-automotive.com\/wp-content\/uploads\/2024\/07\/jpg\/img_0387-_002_.jpg\" title=\"PARIS MATCH\" type=\"image\/jpeg\" onclick=\"\" class=\"cboxElement hasbox\" target=\"_blank\" rel=\"noopener\"><img loading=\"lazy\" decoding=\"async\" src=\"https:\/\/bu.optimum-automotive.com\/wp-content\/uploads\/2024\/07\/jpg\/01-299.jpg\" width=\"151\" height=\"200\" alt=\"JPEG - 48.6 kb\"><\/a>\r\n<figcaption class=\"wp-element-caption\"><strong>PARIS MATCH<\/strong><br>\r\nEine Gesellschaft, die mit gutem Beispiel vorangeht\r\n<\/figcaption><\/div> \r\n\r\n<div class=\"wp-block-image\">\r\n<a href=\"https:\/\/bu.optimum-automotive.com\/wp-content\/uploads\/2024\/07\/pdf\/rentway_interface_avec_optimum_automotive.pdf\" title=\"flotauto.com\" type=\"application\/pdf\" target=\"_blank\" rel=\"noopener\"><img loading=\"lazy\" decoding=\"async\" src=\"https:\/\/bu.optimum-automotive.com\/wp-content\/uploads\/2024\/07\/jpg\/01-298.jpg\" width=\"151\" height=\"200\" alt=\"PDF - 117.6 ko\"><\/a>\r\n<figcaption class=\"wp-element-caption\"><strong>flotauto.com<\/strong><br>\r\nRentway mit Schnittstelle zu Optimum Automotive\r\n<\/figcaption><\/div> \r\n\r\n<div class=\"wp-block-image\">\r\n<a href=\"https:\/\/bu.optimum-automotive.com\/wp-content\/uploads\/2024\/07\/pdf\/immobiliere_atlantic_amenagement_bascule_vers_l_auto-partage.pdf\" title=\"Les Echos\" type=\"application\/pdf\" target=\"_blank\" rel=\"noopener\"><img loading=\"lazy\" decoding=\"async\" src=\"https:\/\/bu.optimum-automotive.com\/wp-content\/uploads\/2024\/07\/jpg\/01-297.jpg\" width=\"151\" height=\"200\" alt=\"PDF - 1.8 MB\"><\/a>\r\n<figcaption class=\"wp-element-caption\"><strong>Les Echos<\/strong><br>\r\nImmobili\u00e8re Atlantic Am\u00e9nagement schwenkt auf Car-Sharing um\r\n<\/figcaption><\/div> \r\n\r\n<div class=\"wp-block-image\">\r\n<a href=\"https:\/\/bu.optimum-automotive.com\/wp-content\/uploads\/2024\/07\/pdf\/mobilite___recomposer_son_offre_de_deplacement.pdf\" title=\"Entscheidung-Einkauf.de\" type=\"application\/pdf\" target=\"_blank\" rel=\"noopener\"><img loading=\"lazy\" decoding=\"async\" src=\"https:\/\/bu.optimum-automotive.com\/wp-content\/uploads\/2024\/07\/jpg\/01-296.jpg\" width=\"151\" height=\"200\" alt=\"PDF - 686.9 ko\"><\/a>\r\n<figcaption class=\"wp-element-caption\"><strong>Entscheidung-Einkauf.de<\/strong><br>\r\nMobilit\u00e4t: Neugestaltung des Reiseangebots\r\n<\/figcaption><\/div> \r\n\r\n<div class=\"wp-block-image\">\r\n<a href=\"https:\/\/bu.optimum-automotive.com\/wp-content\/uploads\/2024\/07\/pdf\/2019-11-01-decideurs_magazine-31-10.pdf\" title=\"Entscheidungstr\u00e4ger\" type=\"application\/pdf\" target=\"_blank\" rel=\"noopener\"><img loading=\"lazy\" decoding=\"async\" src=\"https:\/\/bu.optimum-automotive.com\/wp-content\/uploads\/2024\/07\/jpg\/01-14.png\" width=\"151\" height=\"200\" alt=\"PDF - 929.7 ko\"><\/a>\r\n<figcaption class=\"wp-element-caption\"><strong>Entscheidungstr\u00e4ger<\/strong><br>\r\nWELCHE NEUEN DIENSTLEISTUNGEN F\u00dcR UNTERNEHMENSFLOTTEN?\r\n<\/figcaption><\/div> \r\n\r\n<div class=\"wp-block-image\">\r\n<a href=\"https:\/\/bu.optimum-automotive.com\/wp-content\/uploads\/2024\/07\/pdf\/optimum_automotive_a_participe_a_la_5ieme_edition_de_bpifrance-inno-generation.pdf\" title=\"industrie-mag.com\" type=\"application\/pdf\" target=\"_blank\" rel=\"noopener\"><img loading=\"lazy\" decoding=\"async\" src=\"https:\/\/bu.optimum-automotive.com\/wp-content\/uploads\/2024\/07\/jpg\/01-295.jpg\" width=\"151\" height=\"200\" alt=\"PDF - 128.9 ko\"><\/a>\r\n<figcaption class=\"wp-element-caption\"><strong>industrie-mag.com<\/strong><br>\r\nOptimum Automotive, nahm an der 5. Ausgabe von BPIfrance-Inno-Generation teil\r\n\r\n<\/figcaption><\/div> \r\n\r\n<h2 class=\"wp-block-heading\">OKTOBER 2019<\/h2>\r\n\r\n<div class=\"wp-block-image\">\r\n<a href=\"https:\/\/bu.optimum-automotive.com\/wp-content\/uploads\/2024\/07\/pdf\/nexusauto_etoffe_son_offre_de_services.pdf\" title=\"decisionatelier.com\" type=\"application\/pdf\" target=\"_blank\" rel=\"noopener\"><img loading=\"lazy\" decoding=\"async\" src=\"https:\/\/bu.optimum-automotive.com\/wp-content\/uploads\/2024\/07\/jpg\/01-294.jpg\" width=\"151\" height=\"200\" alt=\"PDF - 1.1 MB\"><\/a>\r\n<figcaption class=\"wp-element-caption\"><strong>decisionatelier.com<\/strong><br>\r\nNexusAuto baut sein Dienstleistungsangebot aus\r\n<\/figcaption><\/div> \r\n\r\n<div class=\"wp-block-image\">\r\n<a href=\"https:\/\/bu.optimum-automotive.com\/wp-content\/uploads\/2024\/07\/pdf\/connect_fleet_2019_c_est_dans_un_mois.pdf\" title=\"automobil-unternehmen.com\" type=\"application\/pdf\" target=\"_blank\" rel=\"noopener\"><img loading=\"lazy\" decoding=\"async\" src=\"https:\/\/bu.optimum-automotive.com\/wp-content\/uploads\/2024\/07\/jpg\/01-13.png\" width=\"151\" height=\"200\" alt=\"PDF - 1.8 MB\"><\/a>\r\n<figcaption class=\"wp-element-caption\"><strong>automobil-unternehmen.com<\/strong><br>\r\n#Connect fleet 2019 ist in einem Monat!\r\n<\/figcaption><\/div> \r\n\r\n<div class=\"wp-block-image\">\r\n<a href=\"https:\/\/bu.optimum-automotive.com\/wp-content\/uploads\/2024\/07\/pdf\/2019-10-22-www.flotauto.com-22_octobre_2019-50000000334215717.pdf\" title=\"flotauto.com\" type=\"application\/pdf\" target=\"_blank\" rel=\"noopener\"><img loading=\"lazy\" decoding=\"async\" src=\"https:\/\/bu.optimum-automotive.com\/wp-content\/uploads\/2024\/07\/jpg\/01-293.jpg\" width=\"151\" height=\"200\" alt=\"PDF - 126.5 ko\"><\/a>\r\n<figcaption class=\"wp-element-caption\"><strong>flotauto.com<\/strong><br>\r\nFindrive-Flotte r\u00fcstet sich mit Telematik aus\r\n<\/figcaption><\/div> \r\n\r\n<div class=\"wp-block-image\"> \r\n<a href=\"https:\/\/bu.optimum-automotive.com\/wp-content\/uploads\/2024\/07\/pdf\/mapping_control_integre_l_outil_de_gestion_de_parc_optipark_-_deplacements_pros.pdf\" title=\"deplacementspros.com\" type=\"application\/pdf\" target=\"_blank\" rel=\"noopener\"><img loading=\"lazy\" decoding=\"async\" src=\"https:\/\/bu.optimum-automotive.com\/wp-content\/uploads\/2024\/07\/jpg\/01-292.jpg\" width=\"151\" height=\"200\" alt=\"PDF - 2.9 MB\"><\/a>\r\n<figcaption class=\"wp-element-caption\"><strong>deplacementspros.com<\/strong><br>\r\nMapping Control integriert das Parkmanagement-Tool Optipark\r\n<\/figcaption><\/div> \r\n\r\n<div class=\"wp-block-image\">\r\n<a href=\"https:\/\/bu.optimum-automotive.com\/wp-content\/uploads\/2024\/07\/pdf\/mapping_control_partenaire_de_findrive.pdf\" title=\"automobil-unternehmen.com\" type=\"application\/pdf\" target=\"_blank\" rel=\"noopener\"><img loading=\"lazy\" decoding=\"async\" src=\"https:\/\/bu.optimum-automotive.com\/wp-content\/uploads\/2024\/07\/jpg\/01-291.jpg\" width=\"151\" height=\"200\" alt=\"PDF - 1.1 MB\"><\/a>\r\n<figcaption class=\"wp-element-caption\"><strong>automobil-unternehmen.com<\/strong><br>\r\nMapping Control wird Partner von Findrive\r\n<\/figcaption><\/div> \r\n\r\n<div class=\"wp-block-image\">\r\n<a href=\"https:\/\/bu.optimum-automotive.com\/wp-content\/uploads\/2024\/07\/pdf\/2019-10-15-www.industrie-mag.com-15_octobre_2019-50000000333972951.pdf\" title=\"industrie-mag.com\" type=\"application\/pdf\" target=\"_blank\" rel=\"noopener\"><img loading=\"lazy\" decoding=\"async\" src=\"https:\/\/bu.optimum-automotive.com\/wp-content\/uploads\/2024\/07\/jpg\/01-284.jpg\" width=\"151\" height=\"200\" alt=\"PDF - 97.1 ko\"><\/a>\r\n<figcaption class=\"wp-element-caption\"><strong>industrie-mag.com<\/strong><br>\r\nMapping Control erweitert sein Angebot \"Geolokalisierung\".\r\n<\/figcaption><\/div> \r\n\r\n<div class=\"wp-block-image\">\r\n<a href=\"https:\/\/bu.optimum-automotive.com\/wp-content\/uploads\/2024\/07\/pdf\/optipark_le_nouvel_outil_de_gestion_de_flotte_de_mapping_control.pdf\" title=\"automobil-unternehmen.com\" type=\"application\/pdf\" target=\"_blank\" rel=\"noopener\"><img loading=\"lazy\" decoding=\"async\" src=\"https:\/\/bu.optimum-automotive.com\/wp-content\/uploads\/2024\/07\/jpg\/01-283.jpg\" width=\"151\" height=\"200\" alt=\"PDF - 1.4 MB\"><\/a>\r\n<figcaption class=\"wp-element-caption\"><strong>automobil-unternehmen.com<\/strong><br>\r\nOptipark, das neue Flottenmanagement-Tool von Mapping Control\r\n<\/figcaption><\/div> \r\n\r\n<div class=\"wp-block-image\"> \r\n<a href=\"https:\/\/bu.optimum-automotive.com\/wp-content\/uploads\/2024\/07\/pdf\/mapping_control_s_enrichit_du_service_optipark_de_gestion_de_parc.pdf\" title=\"flotauto.com\" type=\"application\/pdf\" target=\"_blank\" rel=\"noopener\"><img loading=\"lazy\" decoding=\"async\" src=\"https:\/\/bu.optimum-automotive.com\/wp-content\/uploads\/2024\/07\/jpg\/01-282.jpg\" width=\"151\" height=\"200\" alt=\"PDF - 73.8 ko\"><\/a>\r\n<figcaption class=\"wp-element-caption\"><strong>flotauto.com<\/strong><br>\r\nMapping Control wird um den Parkverwaltungsdienst Optipark erweitert\r\n\r\n<\/figcaption><\/div> \r\n\r\n<h2 class=\"wp-block-heading\">SEPTEMBER 2019<\/h2>\r\n\r\n<div class=\"wp-block-image\">\r\n<a href=\"https:\/\/bu.optimum-automotive.com\/wp-content\/uploads\/2024\/07\/pdf\/connect_fleet_2019_28-29-11-deauville.pdf\" title=\"automobil-unternehmen.com\" type=\"application\/pdf\" target=\"_blank\" rel=\"noopener\"><img loading=\"lazy\" decoding=\"async\" src=\"https:\/\/bu.optimum-automotive.com\/wp-content\/uploads\/2024\/07\/jpg\/01-281.jpg\" width=\"151\" height=\"200\" alt=\"PDF - 1.4 MB\"><\/a>\r\n<figcaption class=\"wp-element-caption\"><strong>automobil-unternehmen.com<\/strong><br>\r\nConnect fleet 2019: Treffpunkt am 28. und 29. November in Deauville\r\n\r\n<\/figcaption><\/div> \r\n\r\n<h2 class=\"wp-block-heading\">AUGUST 2019<\/h2>\r\n\r\n<div class=\"wp-block-image\"> \r\n<a href=\"https:\/\/bu.optimum-automotive.com\/wp-content\/uploads\/2024\/07\/pdf\/2019-08-08-l_automobile_l_entreprise-aout_-_septembre_2019-10000000057224041.pdf\" title=\"Auto &amp; Unternehmen\" type=\"application\/pdf\" target=\"_blank\" rel=\"noopener\"><img loading=\"lazy\" decoding=\"async\" src=\"https:\/\/bu.optimum-automotive.com\/wp-content\/uploads\/2024\/07\/jpg\/01-280.jpg\" width=\"151\" height=\"200\" alt=\"PDF - 509.9 ko\"><\/a>\r\n<figcaption class=\"wp-element-caption\"><strong>Auto &amp; Unternehmen<\/strong><br>\r\nPAROLE DE GESTIONNAIRE, Magalie Trouv\u00e9 Orl\u00e9ans M\u00e9tropole\r\n\r\n<\/figcaption><\/div> \r\n\r\n<h2 class=\"wp-block-heading\">JULI 2019<\/h2>\r\n\r\n<div class=\"wp-block-image\"> \r\n<a href=\"https:\/\/bu.optimum-automotive.com\/wp-content\/uploads\/2024\/07\/pdf\/2019-07-24-la_tribune-24_juillet_2019-10000000057165348.pdf\" title=\"Die Trib\u00fcne\" type=\"application\/pdf\" target=\"_blank\" rel=\"noopener\"><img loading=\"lazy\" decoding=\"async\" src=\"https:\/\/bu.optimum-automotive.com\/wp-content\/uploads\/2024\/07\/jpg\/01-278.jpg\" width=\"151\" height=\"200\" alt=\"PDF - 431.9 ko\"><\/a>\r\n<figcaption class=\"wp-element-caption\"><strong>Die Trib\u00fcne<\/strong><br>\r\nWIE OPTIMUM AUTOMOTIVE SEIN WACHSTUM STEUERT\r\n<\/figcaption><\/div> \r\n \r\n\r\n<div class=\"wp-block-image\"> \r\n<a href=\"https:\/\/bu.optimum-automotive.com\/wp-content\/uploads\/2024\/07\/pdf\/amtoday.pdf\" title=\"am-today.com\" type=\"application\/pdf\" target=\"_blank\" rel=\"noopener\"><img loading=\"lazy\" decoding=\"async\" src=\"https:\/\/bu.optimum-automotive.com\/wp-content\/uploads\/2024\/07\/jpg\/01-279.jpg\" width=\"151\" height=\"200\" alt=\"PDF - 546.3 ko\"><\/a>\r\n<figcaption class=\"wp-element-caption\"><strong>am-today.com<\/strong><br>\r\nOptimum Automotive: neue Website f\u00fcr Flottenmanagement\r\n<\/figcaption><\/div> \r\n\r\n<div class=\"wp-block-image\">\r\n<a href=\"https:\/\/bu.optimum-automotive.com\/wp-content\/uploads\/2024\/07\/pdf\/optimum_automotive_lance_son_data_hub___une_nouvelle_solution_pour_la_gestion_des_flottes_automobiles.pdf\" title=\"deplacementspros.com\" type=\"application\/pdf\" target=\"_blank\" rel=\"noopener\"><img loading=\"lazy\" decoding=\"async\" src=\"https:\/\/bu.optimum-automotive.com\/wp-content\/uploads\/2024\/07\/jpg\/01-277.jpg\" width=\"151\" height=\"200\" alt=\"PDF - 698.4 ko\"><\/a>\r\n<figcaption class=\"wp-element-caption\"><strong>deplacementspros.com<\/strong><br>\r\nOptimum Automotive stellt seinen Data Hub vor: eine neue L\u00f6sung f\u00fcr die Verwaltung von Fahrzeugflotten\r\n\r\n<\/figcaption><\/div> \r\n\r\n<h2 class=\"wp-block-heading\">JUNI 2019<\/h2>\r\n\r\n<div class=\"wp-block-image\">\r\n<a href=\"https:\/\/bu.optimum-automotive.com\/wp-content\/uploads\/2024\/07\/pdf\/2019-06-27-kilometres_entreprise-juin_2019-10000000057006306.pdf\" title=\"UNTERNEHMENSKILOMETER\" type=\"application\/pdf\" target=\"_blank\" rel=\"noopener\"><img loading=\"lazy\" decoding=\"async\" src=\"https:\/\/bu.optimum-automotive.com\/wp-content\/uploads\/2024\/07\/jpg\/01-276.jpg\" width=\"151\" height=\"200\" alt=\"PDF - 1.4 MB\"><\/a>\r\n<figcaption class=\"wp-element-caption\"><strong>UNTERNEHMENSKILOMETER<\/strong><br>\r\nANWENDUNGEN: VIRTUELLE MOBILIT\u00c4T\r\n<\/figcaption><\/div> \r\n\r\n<div class=\"wp-block-image\"> \r\n<a href=\"https:\/\/bu.optimum-automotive.com\/wp-content\/uploads\/2024\/07\/pdf\/tokstercom_optimum-automotive-ergonomise-son-site-web.pdf\" title=\"tokster.com\" type=\"application\/pdf\" target=\"_blank\" rel=\"noopener\"><img loading=\"lazy\" decoding=\"async\" src=\"https:\/\/bu.optimum-automotive.com\/wp-content\/uploads\/2024\/07\/jpg\/01-275.jpg\" width=\"151\" height=\"200\" alt=\"PDF - 1.9 MB\"><\/a>\r\n<figcaption class=\"wp-element-caption\"><strong>tokster.com<\/strong><br>\r\nOptimum Automotive ergonomisiert seine Website\r\n<\/figcaption><\/div> \r\n\r\n<div class=\"wp-block-image\"> \r\n<a href=\"https:\/\/bu.optimum-automotive.com\/wp-content\/uploads\/2024\/07\/pdf\/2019-06-20-flottes_automobiles-juin_2019-10000000056966019.pdf\" title=\"AUTOFLOTTEN\" type=\"application\/pdf\" target=\"_blank\" rel=\"noopener\"><img loading=\"lazy\" decoding=\"async\" src=\"https:\/\/bu.optimum-automotive.com\/wp-content\/uploads\/2024\/07\/jpg\/01-274.jpg\" width=\"151\" height=\"200\" alt=\"PDF - 1008 ko\"><\/a>\r\n<figcaption class=\"wp-element-caption\"><strong>AUTOFLOTTEN<\/strong><br>\r\nAnbieter, die sich um Sie k\u00fcmmern\r\n<\/figcaption><\/div> \r\n\r\n<div class=\"wp-block-image\">\r\n<a href=\"https:\/\/bu.optimum-automotive.com\/wp-content\/uploads\/2024\/07\/pdf\/2019-06-23-le_journal_des_flottes-juin_-_juillet_2019-10000000056986099.pdf\" title=\"Die Flottenzeitung\" type=\"application\/pdf\" target=\"_blank\" rel=\"noopener\"><img loading=\"lazy\" decoding=\"async\" src=\"https:\/\/bu.optimum-automotive.com\/wp-content\/uploads\/2024\/07\/jpg\/01-272.jpg\" width=\"151\" height=\"200\" alt=\"PDF - 1.6 MB\"><\/a>\r\n<figcaption class=\"wp-element-caption\"><strong>Die Flottenzeitung<\/strong><br>\r\nVerst\u00e4rkte Expertise in Daten\r\n<\/figcaption><\/div> \r\n\r\n<div class=\"wp-block-image\">\r\n<a href=\"https:\/\/bu.optimum-automotive.com\/wp-content\/uploads\/2024\/07\/pdf\/2019-06-20-flottes_automobiles-juin_2019-10000000056966023.pdf\" title=\"flotauto.com\" type=\"application\/pdf\" target=\"_blank\" rel=\"noopener\"><img loading=\"lazy\" decoding=\"async\" src=\"https:\/\/bu.optimum-automotive.com\/wp-content\/uploads\/2024\/07\/jpg\/01-273.jpg\" width=\"151\" height=\"200\" alt=\"PDF - 350.5 ko\"><\/a>\r\n<figcaption class=\"wp-element-caption\"><strong>flotauto.com<\/strong><br>\r\nADS Group: Telematik als Allzweckwerkzeug\r\n<\/figcaption><\/div> \r\n\r\n<div class=\"wp-block-image\">\r\n<a href=\"https:\/\/bu.optimum-automotive.com\/wp-content\/uploads\/2024\/07\/pdf\/optimum_automotive_s_offre_un_nouveau_site_web.pdf\" title=\"automobil-unternehmen.com\" type=\"application\/pdf\" target=\"_blank\" rel=\"noopener\"><img loading=\"lazy\" decoding=\"async\" src=\"https:\/\/bu.optimum-automotive.com\/wp-content\/uploads\/2024\/07\/jpg\/01-270.jpg\" width=\"151\" height=\"200\" alt=\"PDF - 1.1 MB\"><\/a>\r\n<figcaption class=\"wp-element-caption\"><strong>automobil-unternehmen.com<\/strong><br>\r\nOptimum Automotive bekommt eine neue Website\r\n<\/figcaption><\/div> \r\n\r\n<div class=\"wp-block-image\">\r\n<a href=\"https:\/\/bu.optimum-automotive.com\/wp-content\/uploads\/2024\/07\/pdf\/nouveau_site_internet_pour_optimum_automotive.pdf\" title=\"decisionatelier.com\" type=\"application\/pdf\" target=\"_blank\" rel=\"noopener\"><img loading=\"lazy\" decoding=\"async\" src=\"https:\/\/bu.optimum-automotive.com\/wp-content\/uploads\/2024\/07\/jpg\/01-271.jpg\" width=\"151\" height=\"200\" alt=\"PDF - 2 MB\"><\/a>\r\n<figcaption class=\"wp-element-caption\"><strong>decisionatelier.com<\/strong><br>\r\nNeue Website f\u00fcr Optimum Automotive\r\n<\/figcaption><\/div> \r\n\r\n<h2 class=\"wp-block-heading\">MAI 2019<\/h2>\r\n\r\n<div class=\"wp-block-image\">\r\n<a href=\"https:\/\/bu.optimum-automotive.com\/wp-content\/uploads\/2024\/07\/pdf\/en_provence_de_plus_en_plus_de_societes_eprouvent_des_difficultes_pour_recruter___la_provence.pdf\" title=\"www.laprovence.com\" type=\"application\/pdf\" target=\"_blank\" rel=\"noopener\"><img loading=\"lazy\" decoding=\"async\" src=\"https:\/\/bu.optimum-automotive.com\/wp-content\/uploads\/2024\/07\/jpg\/01-269.jpg\" width=\"151\" height=\"200\" alt=\"PDF - 375.3 ko\"><\/a>\r\n<figcaption class=\"wp-element-caption\"><strong>www.laprovence.com<\/strong><br>\r\nIn der Provence haben immer mehr Unternehmen Schwierigkeiten, Personal einzustellen\r\n<\/figcaption><\/div> \r\n\r\n<h2 class=\"wp-block-heading\">APRIL 2019<\/h2>\r\n\r\n<div class=\"wp-block-image\">\r\n<a href=\"https:\/\/bu.optimum-automotive.com\/wp-content\/uploads\/2024\/07\/pdf\/economie__un_geant_mondial_du_vehicule_connecte___la_provence.pdf\" title=\"www.laprovence.com\" type=\"application\/pdf\" target=\"_blank\" rel=\"noopener\"><img loading=\"lazy\" decoding=\"async\" src=\"https:\/\/bu.optimum-automotive.com\/wp-content\/uploads\/2024\/07\/jpg\/01-268.jpg\" width=\"151\" height=\"200\" alt=\"PDF - 1.5 MB\"><\/a>\r\n<figcaption class=\"wp-element-caption\"><strong>www.laprovence.com<\/strong><br>\r\nDieses KMU aus der Provence will ein globaler Gigant f\u00fcr vernetzte Fahrzeuge werden\r\n<\/figcaption><\/div> \r\n\r\n<div class=\"wp-block-image\"> \r\n<a href=\"https:\/\/bu.optimum-automotive.com\/wp-content\/uploads\/2024\/07\/pdf\/optimum_automotive_optimise_la_gestion_des_amendes_au_sein_des_flottes-3.pdf\" title=\".industrie-mag.com\" type=\"application\/pdf\" target=\"_blank\" rel=\"noopener\"><img loading=\"lazy\" decoding=\"async\" src=\"https:\/\/bu.optimum-automotive.com\/wp-content\/uploads\/2024\/07\/jpg\/01-267.jpg\" width=\"151\" height=\"200\" alt=\"PDF - 72.4 ko\"><\/a>\r\n<figcaption class=\"wp-element-caption\"><strong>.industrie-mag.com<\/strong><br>\r\nOptimum Automotive optimiert die Verwaltung von Bu\u00dfgeldern in Fuhrparks\r\n<\/figcaption><\/div> \r\n\r\n<div class=\"wp-block-image\"> \r\n<a href=\"https:\/\/bu.optimum-automotive.com\/wp-content\/uploads\/2024\/07\/pdf\/flotte_d_entreprise__optimum_automotive_lance_une_solution_de_gestion_des_pv.pdf\" title=\"deplacementspros.com\" type=\"application\/pdf\" target=\"_blank\" rel=\"noopener\"><img loading=\"lazy\" decoding=\"async\" src=\"https:\/\/bu.optimum-automotive.com\/wp-content\/uploads\/2024\/07\/jpg\/01-266.jpg\" width=\"151\" height=\"200\" alt=\"PDF - 73.3 ko\"><\/a>\r\n<figcaption class=\"wp-element-caption\"><strong>deplacementspros.com<\/strong><br>\r\nFirmenflotte: Optimum Automotive bietet PV-Management-L\u00f6sung an\r\n<\/figcaption><\/div> \r\n\r\n<div class=\"wp-block-image\">\r\n<a href=\"https:\/\/bu.optimum-automotive.com\/wp-content\/uploads\/2024\/07\/pdf\/supplement-04-2019_p5.pdf\" title=\"LE PARISIEN SUPPL\u00c9MENT\" type=\"application\/pdf\" target=\"_blank\" rel=\"noopener\"><img loading=\"lazy\" decoding=\"async\" src=\"https:\/\/bu.optimum-automotive.com\/wp-content\/uploads\/2024\/07\/jpg\/01-265.jpg\" width=\"151\" height=\"200\" alt=\"PDF - 1.9 MB\"><\/a>\r\n<figcaption class=\"wp-element-caption\"><strong>LE PARISIEN SUPPL\u00c9MENT<\/strong><br>\r\nVernetztes Flottenmanagement k\u00fcmmert sich um Bu\u00dfgelder\r\n<\/figcaption><\/div> \r\n\r\n<div class=\"wp-block-image\">\r\n<a href=\"https:\/\/bu.optimum-automotive.com\/wp-content\/uploads\/2024\/07\/pdf\/gestionnaire_de_flotte___sur_la_route_de_la_mobilite.pdf\" title=\"flotauto.com\" type=\"application\/pdf\" target=\"_blank\" rel=\"noopener\"><img loading=\"lazy\" decoding=\"async\" src=\"https:\/\/bu.optimum-automotive.com\/wp-content\/uploads\/2024\/07\/jpg\/01-264.jpg\" width=\"151\" height=\"200\" alt=\"PDF - 509.2 ko\"><\/a>\r\n<figcaption class=\"wp-element-caption\"><strong>flotauto.com<\/strong><br>\r\nFlottenmanager: auf dem Weg zur Mobilit\u00e4t\r\n<\/figcaption><\/div> \r\n\r\n<h2 class=\"wp-block-heading\">FEBRUAR 2019<\/h2>\r\n\r\n<div class=\"wp-block-image\">\r\n<a href=\"https:\/\/bu.optimum-automotive.com\/wp-content\/uploads\/2024\/07\/pdf\/2018-12-27-flottes_automobiles_guide-n_0_-_2018-10000000055792743.pdf\" title=\"AUTOFLOTTEN LEITFADEN\" type=\"application\/pdf\" target=\"_blank\" rel=\"noopener\"><img loading=\"lazy\" decoding=\"async\" src=\"https:\/\/bu.optimum-automotive.com\/wp-content\/uploads\/2024\/07\/jpg\/01-10.png\" width=\"188\" height=\"250\" alt=\"PDF - 719 ko\"><\/a>\r\n<figcaption class=\"wp-element-caption\"><strong>AUTOFLOTTEN LEITFADEN<\/strong><br>\r\nDer Wettbewerb ist in vollem Gange\r\n<\/figcaption><\/div> \r\n\r\n<div class=\"wp-block-image\">\r\n<a href=\"https:\/\/bu.optimum-automotive.com\/wp-content\/uploads\/2024\/07\/pdf\/2019-02-13-www.mtom-mag.com-13_f_vrier_2019-50000000324926986.pdf\" title=\"mtom-mag.com\" type=\"application\/pdf\" target=\"_blank\" rel=\"noopener\"><img loading=\"lazy\" decoding=\"async\" src=\"https:\/\/bu.optimum-automotive.com\/wp-content\/uploads\/2024\/07\/jpg\/01-9.png\" width=\"188\" height=\"250\" alt=\"PDF - 80.9 ko\"><\/a>\r\n<figcaption class=\"wp-element-caption\"><strong>mtom-mag.com<\/strong><br>\r\nFlotAuto 2019, Optimum Automotive wird sein Angebot f\u00fcr vernetzte Fahrzeuge vorstellen\r\n<\/figcaption><\/div> \r\n\r\n<h2 class=\"wp-block-heading\">JANUAR 2019<\/h2>\r\n\r\n<div class=\"wp-block-image\">\r\n<a href=\"https:\/\/bu.optimum-automotive.com\/wp-content\/uploads\/2024\/07\/pdf\/autopartage_et_covoiturage___le_marche_commence_a_fremir__01_19.pdf\" title=\"Autoflotten\" type=\"application\/pdf\" target=\"_blank\" rel=\"noopener\"><img loading=\"lazy\" decoding=\"async\" src=\"https:\/\/bu.optimum-automotive.com\/wp-content\/uploads\/2024\/07\/jpg\/01-261.jpg\" width=\"188\" height=\"250\" alt=\"PDF - 314.5 ko\"><\/a>\r\n<figcaption class=\"wp-element-caption\"><strong>Autoflotten<\/strong><br>\r\nCarsharing und Mitfahrgelegenheiten: der Markt zittert\r\n<\/figcaption><\/div> \r\n\r\n<h2 class=\"wp-block-heading\">NOVEMBER 2018<\/h2>\r\n\r\n<div class=\"wp-block-image\"> \r\n<a href=\"https:\/\/bu.optimum-automotive.com\/wp-content\/uploads\/2024\/07\/pdf\/le_parisien.pdf\" title=\"LE PARISIEN: BEILAGE\" type=\"application\/pdf\" target=\"_blank\" rel=\"noopener\"><img loading=\"lazy\" decoding=\"async\" src=\"https:\/\/bu.optimum-automotive.com\/wp-content\/uploads\/2024\/07\/jpg\/01-262.jpg\" width=\"188\" height=\"250\" alt=\"PDF - 7.2 MB\"><\/a>\r\n<figcaption class=\"wp-element-caption\"><strong>LE PARISIEN: BEILAGE<\/strong><br>\r\nDie App, die das Teilen von Autos vereinfacht\r\n<\/figcaption><\/div> \r\n\r\n<div class=\"wp-block-image\">\r\n<a href=\"https:\/\/bu.optimum-automotive.com\/wp-content\/uploads\/2024\/07\/pdf\/entretien_avec_daniel_vassalucci_president_doptimum_automotive_-_kilometres_en.pdf\" title=\"KMS Kilometer Unternehmen\" type=\"application\/pdf\" target=\"_blank\" rel=\"noopener\"><img loading=\"lazy\" decoding=\"async\" src=\"https:\/\/bu.optimum-automotive.com\/wp-content\/uploads\/2024\/07\/jpg\/01-263.jpg\" width=\"188\" height=\"250\" alt=\"PDF - 1.2 MB\"><\/a>\r\n<figcaption class=\"wp-element-caption\"><strong>KMS Kilometer Unternehmen<\/strong><br>\r\nInterview mit Daniel Vassalucci: Pr\u00e4sident von Optimum Automotive\r\n<\/figcaption><\/div> \r\n\r\n<div class=\"wp-block-image\">\r\n<a href=\"https:\/\/bu.optimum-automotive.com\/wp-content\/uploads\/2024\/07\/pdf\/les_datas_aux_commandes_de_la_gestion_de_flottes.pdf\" title=\"Entscheidung-einkaufen.de\" type=\"application\/pdf\" target=\"_blank\" rel=\"noopener\"><img loading=\"lazy\" decoding=\"async\" src=\"https:\/\/bu.optimum-automotive.com\/wp-content\/uploads\/2024\/07\/jpg\/01-260.jpg\" width=\"188\" height=\"250\" alt=\"PDF - 368.3 ko\"><\/a>\r\n<figcaption class=\"wp-element-caption\"><strong>Entscheidung-einkaufen.de<\/strong><br>\r\nDaten in der Flottenverwaltung\r\n<\/figcaption><\/div> \r\n\r\n<div class=\"wp-block-image\">\r\n<a href=\"https:\/\/bu.optimum-automotive.com\/wp-content\/uploads\/2024\/07\/pdf\/2018-11-10-officiel_des_transporteurs_supplement2.pdf\" title=\"Das Amt f\u00fcr Bef\u00f6rderungswesen Beilage \" type=\"application\/pdf\" target=\"_blank\" rel=\"noopener\"><img loading=\"lazy\" decoding=\"async\" src=\"https:\/\/bu.optimum-automotive.com\/wp-content\/uploads\/2024\/07\/jpg\/01-258.jpg\" width=\"188\" height=\"250\" alt=\"PDF - 174 kb\"><\/a>\r\n<figcaption class=\"wp-element-caption\"><strong>Das Amt f\u00fcr Bef\u00f6rderungswesen Beilage <\/strong><br>\r\nSpezialist f\u00fcr vernetzte Fahrzeuge, Mapping Control\r\n<\/figcaption><\/div> \r\n\r\n<div class=\"wp-block-image\"> \r\n<a href=\"https:\/\/bu.optimum-automotive.com\/wp-content\/uploads\/2024\/07\/pdf\/2018-11-10-officiel_des_transporteurs_supplement.pdf\" title=\"Das Amt f\u00fcr Transportwesen\" type=\"application\/pdf\" target=\"_blank\" rel=\"noopener\"><img loading=\"lazy\" decoding=\"async\" src=\"https:\/\/bu.optimum-automotive.com\/wp-content\/uploads\/2024\/07\/jpg\/01-257.jpg\" width=\"188\" height=\"250\" alt=\"PDF - 493.7 ko\"><\/a>\r\n<figcaption class=\"wp-element-caption\"><strong>Das Amt f\u00fcr Transportwesen<\/strong><br>\r\nSMART DATA: Ein Hebel zur Steigerung der Wettbewerbsf\u00e4higkeit\r\n<\/figcaption><\/div> \r\n\r\n<h2 class=\"wp-block-heading\">OKTOBER 2018<\/h2>\r\n\r\n<div class=\"wp-block-image\">\r\n<a href=\"https:\/\/bu.optimum-automotive.com\/wp-content\/uploads\/2024\/07\/pdf\/skm_c224e18112211440.pdf\" title=\"Autoflotten\" type=\"application\/pdf\" target=\"_blank\" rel=\"noopener\"><img loading=\"lazy\" decoding=\"async\" src=\"https:\/\/bu.optimum-automotive.com\/wp-content\/uploads\/2024\/07\/jpg\/01-259.jpg\" width=\"188\" height=\"250\" alt=\"PDF - 250.4 ko\"><\/a>\r\n<figcaption class=\"wp-element-caption\"><strong>Autoflotten<\/strong><br>\r\nStra\u00dfenverkehrssicherheit: Eco-Driving gewinnt wieder an Bedeutung\r\n<\/figcaption><\/div> \r\n\r\n<h2 class=\"wp-block-heading\">JULI 2018<\/h2>\r\n\r\n<div class=\"wp-block-image\">\r\n<a href=\"https:\/\/bu.optimum-automotive.com\/wp-content\/uploads\/2024\/07\/pdf\/optimum_automotive_group_covoiturage_et_autopartage_la_voix_des_entreprises.pdf\" title=\"industrie-mag.com\" type=\"application\/pdf\" target=\"_blank\" rel=\"noopener\"><img loading=\"lazy\" decoding=\"async\" src=\"https:\/\/bu.optimum-automotive.com\/wp-content\/uploads\/2024\/07\/jpg\/01-255.jpg\" width=\"188\" height=\"250\" alt=\"PDF - 277 kb\"><\/a>\r\n<figcaption class=\"wp-element-caption\"><strong>industrie-mag.com<\/strong><br>\r\nOptimum Automotive Group, Fahrgemeinschaften und Carsharing,<br class=\"autobr\">\r\ndie Stimme der Unternehmen\r\n<\/figcaption><\/div> \r\n\r\n<div class=\"wp-block-image\">\r\n<a href=\"https:\/\/bu.optimum-automotive.com\/wp-content\/uploads\/2024\/07\/pdf\/economie___aix___mapping_control_etend_ses_activites___la_provence2.pdf\" title=\"La Provence.com\" type=\"application\/pdf\" target=\"_blank\" rel=\"noopener\"><img loading=\"lazy\" decoding=\"async\" src=\"https:\/\/bu.optimum-automotive.com\/wp-content\/uploads\/2024\/07\/jpg\/01-254.jpg\" width=\"188\" height=\"250\" alt=\"PDF - 1.2 MB\"><\/a>\r\n<figcaption class=\"wp-element-caption\"><strong>La Provence.com<\/strong><br>\r\nAix: Mapping Control erweitert seine Aktivit\u00e4ten\r\n<\/figcaption><\/div> \r\n\r\n<h2 class=\"wp-block-heading\">JUNI 2018<\/h2>\r\n\r\n<div class=\"wp-block-image\"> \r\n<a href=\"https:\/\/bu.optimum-automotive.com\/wp-content\/uploads\/2024\/07\/pdf\/une_nouvelle_solution_d_autopartage_dediee_aux_entreprises.pdf\" title=\"d\u00e9placementspros.com\" type=\"application\/pdf\" target=\"_blank\" rel=\"noopener\"><img loading=\"lazy\" decoding=\"async\" src=\"https:\/\/bu.optimum-automotive.com\/wp-content\/uploads\/2024\/07\/jpg\/01-253.jpg\" width=\"151\" height=\"200\" alt=\"PDF - 349.1 ko\"><\/a>\r\n<figcaption class=\"wp-element-caption\"><strong>d\u00e9placementspros.com<\/strong><br>\r\n+ EINE NEUE CARSHARING-L\u00d6SUNG SPEZIELL F\u00dcR<br class=\"autobr\">\r\nUNTERNEHMEN\r\n<\/figcaption><\/div> \r\n\r\n<div class=\"wp-block-image\"> \r\n<a href=\"https:\/\/bu.optimum-automotive.com\/wp-content\/uploads\/2024\/07\/pdf\/largus_ed_pro_83_apro4533.pdf\" title=\"pro.largus.de\" type=\"application\/pdf\" target=\"_blank\" rel=\"noopener\"><img loading=\"lazy\" decoding=\"async\" src=\"https:\/\/bu.optimum-automotive.com\/wp-content\/uploads\/2024\/07\/jpg\/01-252.jpg\" width=\"188\" height=\"250\" alt=\"PDF - 308.8 ko\"><\/a>\r\n<figcaption class=\"wp-element-caption\"><strong>pro.largus.de<\/strong><br>\r\nDaniel Vassallucci: Vorsitzender der Optimum Automotive Group\r\n<\/figcaption><\/div> \r\n\r\n<div class=\"wp-block-image\">\r\n<a href=\"https:\/\/bu.optimum-automotive.com\/wp-content\/uploads\/2024\/07\/pdf\/tribune_07-06.pdf\" title=\"Die Trib\u00fcne\" type=\"application\/pdf\" target=\"_blank\" rel=\"noopener\"><img loading=\"lazy\" decoding=\"async\" src=\"https:\/\/bu.optimum-automotive.com\/wp-content\/uploads\/2024\/07\/jpg\/01-250.jpg\" width=\"188\" height=\"250\" alt=\"PDF - 164.2 ko\"><\/a>\r\n<figcaption class=\"wp-element-caption\"><strong>Die Trib\u00fcne<\/strong><br>\r\nMapping Control, \"das alte Start-up\", das immer wieder neue Innovationen hervorbringt\r\n<\/figcaption><\/div> \r\n\r\n<div class=\"wp-block-image\"> \r\n<a href=\"https:\/\/bu.optimum-automotive.com\/wp-content\/uploads\/2024\/07\/pdf\/2018-06-04-businews-juin_18-10000000054432959.pdf\" title=\"BUSINEWS\" type=\"application\/pdf\" target=\"_blank\" rel=\"noopener\"><img loading=\"lazy\" decoding=\"async\" src=\"https:\/\/bu.optimum-automotive.com\/wp-content\/uploads\/2024\/07\/jpg\/01-251.jpg\" width=\"188\" height=\"250\" alt=\"PDF - 612 kb\"><\/a>\r\n<figcaption class=\"wp-element-caption\"><strong>BUSINEWS<\/strong><br>\r\nAUTOS DER ZUKUNFT: DIE PROVENCE GIBT VOLLGAS!\r\n<\/figcaption><\/div> \r\n\r\n<div class=\"wp-block-image\"> \r\n<a href=\"https:\/\/bu.optimum-automotive.com\/wp-content\/uploads\/2024\/07\/pdf\/2018-05-25-le_journal_des_flottes-avril_mai_18-10000000054373209.pdf\" title=\"Das Flottenjournal\" type=\"application\/pdf\" target=\"_blank\" rel=\"noopener\"><img loading=\"lazy\" decoding=\"async\" src=\"https:\/\/bu.optimum-automotive.com\/wp-content\/uploads\/2024\/07\/jpg\/01-246.jpg\" width=\"188\" height=\"250\" alt=\"PDF - 1022.5 ko\"><\/a>\r\n<figcaption class=\"wp-element-caption\"><strong>Das Flottenjournal<\/strong><br>\r\nTELEMATIK: Von Rohdaten zur Feinanalyse\r\n<\/figcaption><\/div> \r\n\r\n<div class=\"wp-block-image\">\r\n<a href=\"https:\/\/bu.optimum-automotive.com\/wp-content\/uploads\/2024\/07\/pdf\/2018-05-29-www.daf-mag.fr-29_mai_2018-50000000312878148.pdf\" title=\"DAF-mag.de\" type=\"application\/pdf\" target=\"_blank\" rel=\"noopener\"><img loading=\"lazy\" decoding=\"async\" src=\"https:\/\/bu.optimum-automotive.com\/wp-content\/uploads\/2024\/07\/jpg\/01-247.jpg\" width=\"188\" height=\"250\" alt=\"PDF - 215.5 ko\"><\/a>\r\n<figcaption class=\"wp-element-caption\"><strong>DAF-mag.de<\/strong><br>\r\nDer Mitarbeiter, das Vergehen... und der Arbeitgeber\r\n<\/figcaption><\/div> \r\n\r\n<div class=\"wp-block-image\">\r\n<a href=\"https:\/\/bu.optimum-automotive.com\/wp-content\/uploads\/2024\/07\/pdf\/2018-05-15-www.industrie-mag.com-15_mai_2018-50000000312169571.pdf\" title=\"industrie-mag.com\" type=\"application\/pdf\" target=\"_blank\" rel=\"noopener\"><img loading=\"lazy\" decoding=\"async\" src=\"https:\/\/bu.optimum-automotive.com\/wp-content\/uploads\/2024\/07\/jpg\/01-245.jpg\" width=\"188\" height=\"250\" alt=\"PDF - 86.3 ko\"><\/a>\r\n<figcaption class=\"wp-element-caption\"><strong>industrie-mag.com<\/strong><br>\r\nMapping Control, die Marke n\u00e4hert sich den Franchiseunternehmen an\r\n<\/figcaption><\/div> \r\n\r\n<div class=\"wp-block-image\">\r\n<a href=\"https:\/\/bu.optimum-automotive.com\/wp-content\/uploads\/2024\/07\/pdf\/2018-05-30-www.actionco.fr-30_mai_2018-50000000312901729.pdf\" title=\"actionco.de\" type=\"application\/pdf\" target=\"_blank\" rel=\"noopener\"><img loading=\"lazy\" decoding=\"async\" src=\"https:\/\/bu.optimum-automotive.com\/wp-content\/uploads\/2024\/07\/jpg\/01-248.jpg\" width=\"188\" height=\"250\" alt=\"PDF - 101.8 ko\"><\/a>\r\n<figcaption class=\"wp-element-caption\"><strong>actionco.de<\/strong><br>\r\nDer Mitarbeiter, das Vergehen... und der Arbeitgeber\r\n<\/figcaption><\/div> \r\n\r\n<div class=\"wp-block-image\"> \r\n<a href=\"https:\/\/bu.optimum-automotive.com\/wp-content\/uploads\/2024\/07\/pdf\/2018-06-01-www.decision-achats.fr-1_juin_2018-50000000313082550.pdf\" title=\"Entscheidung-einkaufen.de\" type=\"application\/pdf\" target=\"_blank\" rel=\"noopener\"><img loading=\"lazy\" decoding=\"async\" src=\"https:\/\/bu.optimum-automotive.com\/wp-content\/uploads\/2024\/07\/jpg\/01-249.jpg\" width=\"188\" height=\"250\" alt=\"PDF - 215.5 ko\"><\/a>\r\n<figcaption class=\"wp-element-caption\"><strong>Entscheidung-einkaufen.de<\/strong><br>\r\nDer Mitarbeiter, das Vergehen... und der Arbeitgeber\r\n<\/figcaption><\/div> \r\n\r\n<h2 class=\"wp-block-heading\">MAI 2018<\/h2>\r\n\r\n<div class=\"wp-block-image\">\r\n<a href=\"https:\/\/bu.optimum-automotive.com\/wp-content\/uploads\/2024\/07\/pdf\/mapping_control_veut_seduire_les_franchises.pdf\" title=\"Auto &amp; Unternehmen\" type=\"application\/pdf\" target=\"_blank\" rel=\"noopener\"><img loading=\"lazy\" decoding=\"async\" src=\"https:\/\/bu.optimum-automotive.com\/wp-content\/uploads\/2024\/07\/jpg\/01-244.jpg\" width=\"188\" height=\"250\" alt=\"PDF - 703.4 ko\"><\/a>\r\n<figcaption class=\"wp-element-caption\"><strong>Auto &amp; Unternehmen<\/strong><br>\r\nMapping Control will Franchise-Unternehmen f\u00fcr sich gewinnen\r\n<\/figcaption><\/div> \r\n\r\n<div class=\"wp-block-image\">\r\n<a href=\"https:\/\/bu.optimum-automotive.com\/wp-content\/uploads\/2024\/07\/pdf\/mapping_control_a_l_assaut_des_franchises.pdf\" title=\"Entscheidung Workshop\" type=\"application\/pdf\" target=\"_blank\" rel=\"noopener\"><img loading=\"lazy\" decoding=\"async\" src=\"https:\/\/bu.optimum-automotive.com\/wp-content\/uploads\/2024\/07\/jpg\/01-242.jpg\" width=\"188\" height=\"250\" alt=\"PDF - 1.4 MB\"><\/a>\r\n<figcaption class=\"wp-element-caption\"><strong>Entscheidung Workshop<\/strong><br>\r\nMapping Control erobert Franchise-Unternehmen\r\n<\/figcaption><\/div> \r\n\r\n<div class=\"wp-block-image\"> \r\n<a href=\"https:\/\/bu.optimum-automotive.com\/wp-content\/uploads\/2024\/07\/pdf\/mapping_control_la_marque_se_rapproche_des_franchises.pdf\" title=\"industrie-mag.com\" type=\"application\/pdf\" target=\"_blank\" rel=\"noopener\"><img loading=\"lazy\" decoding=\"async\" src=\"https:\/\/bu.optimum-automotive.com\/wp-content\/uploads\/2024\/07\/jpg\/01-243.jpg\" width=\"188\" height=\"250\" alt=\"PDF - 71.8 ko\"><\/a>\r\n<figcaption class=\"wp-element-caption\"><strong>industrie-mag.com<\/strong><br>\r\nMapping Control, die Marke n\u00e4hert sich den Franchiseunternehmen an\r\n<\/figcaption><\/div> \r\n\r\n<h2 class=\"wp-block-heading\">APRIL 2018<\/h2>\r\n\r\n<div class=\"wp-block-image\">\r\n<a href=\"https:\/\/bu.optimum-automotive.com\/wp-content\/uploads\/2024\/07\/pdf\/la_telematique_reduit_les_couts_des_entreprises.pdf\" title=\"Le Monde.fr\" type=\"application\/pdf\" target=\"_blank\" rel=\"noopener\"><img loading=\"lazy\" decoding=\"async\" src=\"https:\/\/bu.optimum-automotive.com\/wp-content\/uploads\/2024\/07\/jpg\/01-241.jpg\" width=\"188\" height=\"250\" alt=\"PDF - 157.6 ko\"><\/a>\r\n<figcaption class=\"wp-element-caption\"><strong>Le Monde.fr<\/strong><br>\r\nTelematik senkt die Kosten f\u00fcr Unternehmen\r\n<\/figcaption><\/div> \r\n\r\n<div class=\"wp-block-image\">\r\n<a href=\"https:\/\/bu.optimum-automotive.com\/wp-content\/uploads\/2024\/07\/pdf\/3595_dossier_flottes.pdf\" title=\"PARIS MATCH vivrematch\/auto\" type=\"application\/pdf\" target=\"_blank\" rel=\"noopener\"><img loading=\"lazy\" decoding=\"async\" src=\"https:\/\/bu.optimum-automotive.com\/wp-content\/uploads\/2024\/07\/jpg\/01-240.jpg\" width=\"188\" height=\"250\" alt=\"PDF - 564.2 ko\"><\/a>\r\n<figcaption class=\"wp-element-caption\"><strong>PARIS MATCH vivrematch\/auto<\/strong><br>\r\nFirmenwagen: Diesel h\u00e4lt durch, Elektrofahrzeuge heben ab\r\n<\/figcaption><\/div> \r\n\r\n<h2 class=\"wp-block-heading\">M\u00c4RZ 2018<\/h2>\r\n\r\n<div class=\"wp-block-image\"> \r\n<a href=\"https:\/\/bu.optimum-automotive.com\/wp-content\/uploads\/2024\/07\/pdf\/2018-03-16-flottes_automobiles-mars_18-2.pdf\" title=\"AUTOFLOTTEN\" type=\"application\/pdf\" target=\"_blank\" rel=\"noopener\"><img loading=\"lazy\" decoding=\"async\" src=\"https:\/\/bu.optimum-automotive.com\/wp-content\/uploads\/2024\/07\/jpg\/021.jpg\" width=\"188\" height=\"250\" alt=\"PDF - 924.1 ko\"><\/a>\r\n<figcaption class=\"wp-element-caption\"><strong>AUTOFLOTTEN<\/strong><br>\r\nFahrzeugtelematik, Die Konkurrenz ist in vollem Gange\r\n<\/figcaption><\/div> \r\n\r\n<div class=\"wp-block-image\"> \r\n<a href=\"https:\/\/bu.optimum-automotive.com\/wp-content\/uploads\/2024\/07\/pdf\/2018-03-16-flottes_automobiles-mars_18-1.pdf\" title=\"AUTOFLOTTEN\" type=\"application\/pdf\" target=\"_blank\" rel=\"noopener\"><img loading=\"lazy\" decoding=\"async\" src=\"https:\/\/bu.optimum-automotive.com\/wp-content\/uploads\/2024\/07\/jpg\/01-239.jpg\" width=\"188\" height=\"250\" alt=\"PDF - 290.9 ko\"><\/a>\r\n<figcaption class=\"wp-element-caption\"><strong>AUTOFLOTTEN<\/strong><br>\r\nTelematik in Fahrzeugen. Gewinne im Visier\r\n<\/figcaption><\/div> \r\n\r\n<div class=\"wp-block-image\"> \r\n<a href=\"https:\/\/bu.optimum-automotive.com\/wp-content\/uploads\/2024\/07\/pdf\/2018-03-16-flottes_automobiles-mars_18.pdf\" title=\"AUTOFLOTTEN\" type=\"application\/pdf\" target=\"_blank\" rel=\"noopener\"><img loading=\"lazy\" decoding=\"async\" src=\"https:\/\/bu.optimum-automotive.com\/wp-content\/uploads\/2024\/07\/jpg\/sans-titre-1.jpg\" width=\"188\" height=\"250\" alt=\"PDF - 163.7 ko\"><\/a>\r\n<figcaption class=\"wp-element-caption\"><strong>AUTOFLOTTEN<\/strong><br>\r\nGEBURT DER OPTIMUM AUTOMOTIVE GROUP\r\n<\/figcaption><\/div> \r\n\r\n<div class=\"wp-block-image\">\r\n<a href=\"https:\/\/bu.optimum-automotive.com\/wp-content\/uploads\/2024\/07\/pdf\/franck_gaultier_optimum_automotive.pdf\" title=\"Auto &amp; Unternehmen\" type=\"application\/pdf\" target=\"_blank\" rel=\"noopener\"><img loading=\"lazy\" decoding=\"async\" src=\"https:\/\/bu.optimum-automotive.com\/wp-content\/uploads\/2024\/07\/jpg\/01-237.jpg\" width=\"188\" height=\"250\" alt=\"PDF - 402.3 ko\"><\/a>\r\n<figcaption class=\"wp-element-caption\"><strong>Auto &amp; Unternehmen<\/strong><br>\r\nFranck Gaultier (Optimum Automotive Group) unsere St\u00e4rke ist es, diese Bandbreite an Dienstleistungen zu haben\".\r\n<\/figcaption><\/div> \r\n\r\n<div class=\"wp-block-image\"> \r\n<a href=\"https:\/\/bu.optimum-automotive.com\/wp-content\/uploads\/2024\/07\/pdf\/skm_c224e18030514200.pdf\" title=\"FLottes Tagebuch\" type=\"application\/pdf\" target=\"_blank\" rel=\"noopener\"><img loading=\"lazy\" decoding=\"async\" src=\"https:\/\/bu.optimum-automotive.com\/wp-content\/uploads\/2024\/07\/jpg\/01-238.jpg\" width=\"188\" height=\"250\" alt=\"PDF - 276.8 ko\"><\/a>\r\n<figcaption class=\"wp-element-caption\"><strong>FLottes Tagebuch<\/strong><br>\r\nOPTIMUM AUTOMOTIVE BEHAUPTET SICH\r\n<\/figcaption><\/div> \r\n\r\n<div class=\"wp-block-image\">\r\n<a href=\"https:\/\/bu.optimum-automotive.com\/wp-content\/uploads\/2024\/07\/pdf\/2018-03-01-la_tribune_de_l_assurance-mars_18-10000000053745051.pdf\" title=\"Die Trib\u00fcne der Versicherungswirtschaft\" type=\"application\/pdf\" target=\"_blank\" rel=\"noopener\"><img loading=\"lazy\" decoding=\"async\" src=\"https:\/\/bu.optimum-automotive.com\/wp-content\/uploads\/2024\/07\/jpg\/01-236.jpg\" width=\"188\" height=\"250\" alt=\"PDF - 364.5 ko\"><\/a>\r\n<figcaption class=\"wp-element-caption\"><strong>Die Trib\u00fcne der Versicherungswirtschaft<\/strong><br>\r\nFlottenmanagement im Pay How You Drive-Modus\r\n<\/figcaption><\/div> \r\n\r\n<h2 class=\"wp-block-heading\">FEBRUAR 2018<\/h2>\r\n\r\n<div class=\"wp-block-image\">\r\n<a href=\"https:\/\/bu.optimum-automotive.com\/wp-content\/uploads\/2024\/07\/pdf\/2018-02-16-actionco_vrier_2018-50000000307950934.pdf\" title=\"actionco.de\" type=\"application\/pdf\" target=\"_blank\" rel=\"noopener\"><img loading=\"lazy\" decoding=\"async\" src=\"https:\/\/bu.optimum-automotive.com\/wp-content\/uploads\/2024\/07\/jpg\/01-235.jpg\" width=\"188\" height=\"250\" alt=\"PDF - 94.3 ko\"><\/a>\r\n<figcaption class=\"wp-element-caption\"><strong>actionco.de<\/strong><br>\r\nCarsharing: Das Auto nur dann, wenn man es braucht!\r\n<\/figcaption><\/div> \r\n\r\n<div class=\"wp-block-image\">\r\n<a href=\"https:\/\/bu.optimum-automotive.com\/wp-content\/uploads\/2024\/07\/pdf\/telematique___renault_degaine_une_nouvelle_offre.pdf\" title=\"Auto &amp; Unternehmen\" type=\"application\/pdf\" target=\"_blank\" rel=\"noopener\"><img loading=\"lazy\" decoding=\"async\" src=\"https:\/\/bu.optimum-automotive.com\/wp-content\/uploads\/2024\/07\/jpg\/01-234.jpg\" width=\"188\" height=\"250\" alt=\"PDF - 386.3 ko\"><\/a>\r\n<figcaption class=\"wp-element-caption\"><strong>Auto &amp; Unternehmen<\/strong><br>\r\nTelematik: Renault zieht ein neues Angebot aus der Tasche\r\n<\/figcaption><\/div> \r\n\r\n<div class=\"wp-block-image\">\r\n<a href=\"https:\/\/bu.optimum-automotive.com\/wp-content\/uploads\/2024\/07\/pdf\/2018-02-17-journal_de_l_automobile-16_fev_18-10000000053626653.pdf\" title=\"Die Automobilzeitung\" type=\"application\/pdf\" target=\"_blank\" rel=\"noopener\"><img loading=\"lazy\" decoding=\"async\" src=\"https:\/\/bu.optimum-automotive.com\/wp-content\/uploads\/2024\/07\/jpg\/01-232.jpg\" width=\"188\" height=\"250\" alt=\"PDF - 776.7 ko\"><\/a>\r\n<figcaption class=\"wp-element-caption\"><strong>Die Automobilzeitung<\/strong><br>\r\nUhrzeit des Starts?\r\n<\/figcaption><\/div> \r\n\r\n<div class=\"wp-block-image\"> \r\n<a href=\"https:\/\/bu.optimum-automotive.com\/wp-content\/uploads\/2024\/07\/pdf\/sodiaal___la_preuve_par_l_eco-conduite.pdf\" title=\"flotauto.com\" type=\"application\/pdf\" target=\"_blank\" rel=\"noopener\"><img loading=\"lazy\" decoding=\"async\" src=\"https:\/\/bu.optimum-automotive.com\/wp-content\/uploads\/2024\/07\/jpg\/01-233.jpg\" width=\"188\" height=\"250\" alt=\"PDF - 179.3 ko\"><\/a>\r\n<figcaption class=\"wp-element-caption\"><strong>flotauto.com<\/strong><br>\r\nSodiaal: Beweis durch Eco-Driving\r\n<\/figcaption><\/div> \r\n\r\n<div class=\"wp-block-image\">\r\n<a href=\"http:\/\/www.autok7.press\/lhomme-sait-parler-a-loreille-gestionnaires-de-flottes-secret-compression-de-couts-innovation-totale\/\" title=\"www.autok7.press\" target=\"_blank\" rel=\"noopener\"><img loading=\"lazy\" decoding=\"async\" src=\"https:\/\/bu.optimum-automotive.com\/wp-content\/uploads\/2024\/07\/jpg\/01-231.jpg\" width=\"188\" height=\"250\" alt=\"JPEG - 19.9 kb\"><\/a>\r\n<figcaption class=\"wp-element-caption\"><strong>www.autok7.press<\/strong><br>\r\nDer Mann, der den Fuhrparkmanagern ins Ohr spricht... Sein Geheimnis? Kostend\u00e4mpfung und Innovation. Das ganze Paket!\r\n<\/figcaption><\/div> \r\n\r\n<div class=\"wp-block-image\"> \r\n<a href=\"https:\/\/bu.optimum-automotive.com\/wp-content\/uploads\/2024\/07\/pdf\/optimum_automotive_group_integre_de_nouveaux_services.pdf\" title=\"AUTOFLOTTEN\" type=\"application\/pdf\" target=\"_blank\" rel=\"noopener\"><img loading=\"lazy\" decoding=\"async\" src=\"https:\/\/bu.optimum-automotive.com\/wp-content\/uploads\/2024\/07\/jpg\/02-13.jpg\" width=\"188\" height=\"250\" alt=\"PDF - 63 kb\"><\/a>\r\n<figcaption class=\"wp-element-caption\"><strong>AUTOFLOTTEN<\/strong><br>\r\nOptimum Automotive Group integriert neue Dienstleistungen\r\n<\/figcaption><\/div> \r\n\r\n<div class=\"wp-block-image\"> \r\n<a href=\"https:\/\/bu.optimum-automotive.com\/wp-content\/uploads\/2024\/07\/pdf\/mapping_control_devient_optimum_automotive_group.pdf\" title=\"Auto &amp; Unternehmen\" type=\"application\/pdf\" target=\"_blank\" rel=\"noopener\"><img loading=\"lazy\" decoding=\"async\" src=\"https:\/\/bu.optimum-automotive.com\/wp-content\/uploads\/2024\/07\/jpg\/01-230.jpg\" width=\"188\" height=\"250\" alt=\"PDF - 265.1 ko\"><\/a>\r\n<figcaption class=\"wp-element-caption\"><strong>Auto &amp; Unternehmen<\/strong><br>\r\nMapping Contrai wird zur Optimum Automotive Group\r\n<\/figcaption><\/div> \r\n\r\n<h2 class=\"wp-block-heading\">DEZEMBER 2017<\/h2>\r\n\r\n<div class=\"wp-block-image\"> \r\n<a href=\"https:\/\/bu.optimum-automotive.com\/wp-content\/uploads\/2024\/07\/pdf\/mapping_control_reduit_les_emissions_des_machines_de_tp_-_construction_cayola.pdf\" title=\"constructioncayola.com\" type=\"application\/pdf\" target=\"_blank\" rel=\"noopener\"><img loading=\"lazy\" decoding=\"async\" src=\"https:\/\/bu.optimum-automotive.com\/wp-content\/uploads\/2024\/07\/jpg\/01-227.jpg\" width=\"188\" height=\"250\" alt=\"PDF - 97.3 ko\"><\/a>\r\n<figcaption class=\"wp-element-caption\"><strong>constructioncayola.com<\/strong><br>\r\nMapping Control reduziert die Emissionen von deTP-Maschinen\r\n<\/figcaption><\/div> \r\n\r\n<h2 class=\"wp-block-heading\">NOVEMBER 2017<\/h2>\r\n\r\n<div class=\"wp-block-image\">\r\n<a href=\"https:\/\/bu.optimum-automotive.com\/wp-content\/uploads\/2024\/07\/pdf\/pages_de_km_-20171129075800.pdf\" title=\"Einkaufsentscheidung\" type=\"application\/pdf\" target=\"_blank\" rel=\"noopener\"><img loading=\"lazy\" decoding=\"async\" src=\"https:\/\/bu.optimum-automotive.com\/wp-content\/uploads\/2024\/07\/jpg\/01-226.jpg\" width=\"188\" height=\"250\" alt=\"PDF - 474.7 ko\"><\/a>\r\n<figcaption class=\"wp-element-caption\"><strong>Einkaufsentscheidung<\/strong><br>\r\nVerkehrssicherheit: Flotten unter besonderer Beobachtung\r\n<\/figcaption><\/div> \r\n \r\n\r\n<div class=\"wp-block-image\">\r\n<a href=\"https:\/\/bu.optimum-automotive.com\/wp-content\/uploads\/2024\/07\/pdf\/pages_de_km_-20171128130039.pdf\" title=\"Einkaufsentscheidung\" type=\"application\/pdf\" target=\"_blank\" rel=\"noopener\"><img loading=\"lazy\" decoding=\"async\" src=\"https:\/\/bu.optimum-automotive.com\/wp-content\/uploads\/2024\/07\/jpg\/01-225.jpg\" width=\"188\" height=\"250\" alt=\"PDF - 838.5 ko\"><\/a>\r\n<figcaption class=\"wp-element-caption\"><strong>Einkaufsentscheidung<\/strong><br>\r\nTools f\u00fcr das Flottenmanagement: Die Datenrevolution\r\n<\/figcaption><\/div> \r\n\r\n<div class=\"wp-block-image\">\r\n<a href=\"https:\/\/bu.optimum-automotive.com\/wp-content\/uploads\/2024\/07\/pdf\/2017-11-18-www.daf-mag.fr-18_novembre_20171.pdf\" title=\"daf-mag.f\" type=\"application\/pdf\" target=\"_blank\" rel=\"noopener\"><img loading=\"lazy\" decoding=\"async\" src=\"https:\/\/bu.optimum-automotive.com\/wp-content\/uploads\/2024\/07\/jpg\/01-220.jpg\" width=\"188\" height=\"250\" alt=\"PDF - 158.9 ko\"><\/a>\r\n<figcaption class=\"wp-element-caption\"><strong>daf-mag.f<\/strong><br>\r\nF\u00fchrungskr\u00e4fte, machen Sie sich das Leben mithilfe von Technologie leichter!\r\n<\/figcaption><\/div> \r\n\r\n<div class=\"wp-block-image\">\r\n<a href=\"https:\/\/bu.optimum-automotive.com\/wp-content\/uploads\/2024\/07\/pdf\/2017-11-20-flottes_automobiles_guide-n_0_20172.pdf\" title=\"AUTOFLOTTEN LEITFADEN\" type=\"application\/pdf\" target=\"_blank\" rel=\"noopener\"><img loading=\"lazy\" decoding=\"async\" src=\"https:\/\/bu.optimum-automotive.com\/wp-content\/uploads\/2024\/07\/jpg\/01-221.jpg\" width=\"188\" height=\"250\" alt=\"PDF - 990 kb\"><\/a>\r\n<figcaption class=\"wp-element-caption\"><strong>AUTOFLOTTEN LEITFADEN<\/strong><br>\r\nTelematik: Die TCO im Fokus\r\n<\/figcaption><\/div> \r\n\r\n<div class=\"wp-block-image\"> \r\n<a href=\"https:\/\/bu.optimum-automotive.com\/wp-content\/uploads\/2024\/07\/pdf\/2017-11-22-commerce_magazine-20_nov_17.pdf\" title=\"Commerce Magazine\" type=\"application\/pdf\" target=\"_blank\" rel=\"noopener\"><img loading=\"lazy\" decoding=\"async\" src=\"https:\/\/bu.optimum-automotive.com\/wp-content\/uploads\/2024\/07\/jpg\/01-224.jpg\" width=\"188\" height=\"250\" alt=\"PDF - 544.8 ko\"><\/a>\r\n<figcaption class=\"wp-element-caption\"><strong>Commerce Magazine<\/strong><br>\r\nIDENTIFIZIERUNG VON SCHLECHTEN FAHRERN F\u00fchrungskr\u00e4fte, machen Sie sich das Leben dank der Technologie leichter!\r\n<\/figcaption><\/div> \r\n\r\n<div class=\"wp-block-image\"> \r\n<a href=\"https:\/\/bu.optimum-automotive.com\/wp-content\/uploads\/2024\/07\/pdf\/2017-11-21-www.chefdentreprise.com-21_novembre_2017-2.pdf\" title=\"chefdentreprise.com\" type=\"application\/pdf\" target=\"_blank\" rel=\"noopener\"><img loading=\"lazy\" decoding=\"async\" src=\"https:\/\/bu.optimum-automotive.com\/wp-content\/uploads\/2024\/07\/jpg\/01-223.jpg\" width=\"188\" height=\"250\" alt=\"PDF - 86.5 ko\"><\/a>\r\n<figcaption class=\"wp-element-caption\"><strong>chefdentreprise.com<\/strong><br>\r\nCarsharing: Das Auto nur dann, wenn man es braucht!\r\n<\/figcaption><\/div> \r\n\r\n<div class=\"wp-block-image\">\r\n<a href=\"https:\/\/bu.optimum-automotive.com\/wp-content\/uploads\/2024\/07\/pdf\/2017-11-21-www.chefdentreprise.com-21_novembre_2017.pdf\" title=\"chefdentreprise.com\" type=\"application\/pdf\" target=\"_blank\" rel=\"noopener\"><img loading=\"lazy\" decoding=\"async\" src=\"https:\/\/bu.optimum-automotive.com\/wp-content\/uploads\/2024\/07\/jpg\/01-222.jpg\" width=\"188\" height=\"250\" alt=\"PDF - 87.4 ko\"><\/a>\r\n<figcaption class=\"wp-element-caption\"><strong>chefdentreprise.com<\/strong><br>\r\nAutoflotten unter besonderer Beobachtung!\r\n<\/figcaption><\/div> \r\n\r\n<div class=\"wp-block-image\"> \r\n<a href=\"https:\/\/bu.optimum-automotive.com\/wp-content\/uploads\/2024\/07\/pdf\/2017-11-17-www.decision-achats.fr-17_novembre_2017.pdf\" title=\"entscheidung-einkauf.de\" type=\"application\/pdf\" target=\"_blank\" rel=\"noopener\"><img loading=\"lazy\" decoding=\"async\" src=\"https:\/\/bu.optimum-automotive.com\/wp-content\/uploads\/2024\/07\/jpg\/01-219.jpg\" width=\"188\" height=\"250\" alt=\"PDF - 165.8 ko\"><\/a>\r\n<figcaption class=\"wp-element-caption\"><strong>entscheidung-einkauf.de<\/strong><br>\r\nF\u00fchrungskr\u00e4fte, machen Sie sich das Leben mithilfe von Technologie leichter!\r\n<\/figcaption><\/div> \r\n\r\n<div class=\"wp-block-image\"> \r\n<a href=\"https:\/\/bu.optimum-automotive.com\/wp-content\/uploads\/2024\/07\/pdf\/km_-20171115084741.pdf\" title=\"AUTO ZEPROS\" type=\"application\/pdf\" target=\"_blank\" rel=\"noopener\"><img loading=\"lazy\" decoding=\"async\" src=\"https:\/\/bu.optimum-automotive.com\/wp-content\/uploads\/2024\/07\/jpg\/01-217.jpg\" width=\"188\" height=\"250\" alt=\"PDF - 221.3 ko\"><\/a>\r\n<figcaption class=\"wp-element-caption\"><strong>AUTO ZEPROS<\/strong><br>\r\n20 Reparateure testen MeinKundeConnected\r\n<\/figcaption><\/div> \r\n\r\n<div class=\"wp-block-image\">\r\n<a href=\"https:\/\/bu.optimum-automotive.com\/wp-content\/uploads\/2024\/07\/pdf\/2017-11-07-l_equipe-07_nov_17.pdf\" title=\"Das Team\" type=\"application\/pdf\" target=\"_blank\" rel=\"noopener\"><img loading=\"lazy\" decoding=\"async\" src=\"https:\/\/bu.optimum-automotive.com\/wp-content\/uploads\/2024\/07\/jpg\/01-216.jpg\" width=\"188\" height=\"250\" alt=\"PDF - 465.7 ko\"><\/a>\r\n<figcaption class=\"wp-element-caption\"><strong>Das Team<\/strong><br>\r\nUltravernetzte Fahrzeuge, ein wichtiger Hebel f\u00fcr Einsparungen in Unternehmen\r\n<\/figcaption><\/div> \r\n\r\n<div class=\"wp-block-image\"> \r\n<a href=\"https:\/\/bu.optimum-automotive.com\/wp-content\/uploads\/2024\/07\/pdf\/2017-11-17-www.chefdentreprise.com-17_novembre_2017.pdf\" title=\"chefdentreprise.com\" type=\"application\/pdf\" target=\"_blank\" rel=\"noopener\"><img loading=\"lazy\" decoding=\"async\" src=\"https:\/\/bu.optimum-automotive.com\/wp-content\/uploads\/2024\/07\/jpg\/01-218.jpg\" width=\"188\" height=\"250\" alt=\"PDF - 173.4 ko\"><\/a>\r\n<figcaption class=\"wp-element-caption\"><strong>chefdentreprise.com<\/strong><br>\r\nF\u00fchrungskr\u00e4fte, machen Sie sich das Leben mithilfe von Technologie leichter!\r\n\r\n<\/figcaption><\/div> \r\n\r\n<h2 class=\"wp-block-heading\">OKTOBER 2017<\/h2>\r\n\r\n\r\n<div class=\"wp-block-image\">\r\n<a href=\"https:\/\/bu.optimum-automotive.com\/wp-content\/uploads\/2024\/07\/pdf\/la_gestion_de_flottes_sous_l_emprise_de_la_data.pdf\" title=\"lopinion.de\" type=\"application\/pdf\" target=\"_blank\" rel=\"noopener\"><img loading=\"lazy\" decoding=\"async\" src=\"https:\/\/bu.optimum-automotive.com\/wp-content\/uploads\/2024\/07\/jpg\/01-215.jpg\" width=\"188\" height=\"250\" alt=\"PDF - 617.3 ko\"><\/a>\r\n<figcaption class=\"wp-element-caption\"><strong>lopinion.de<\/strong><br>\r\nUnternehmensflotten Flottenmanagement im Zeichen der Daten\r\n<\/figcaption><\/div> \r\n\r\n<div class=\"wp-block-image\">\r\n<a href=\"https:\/\/bu.optimum-automotive.com\/wp-content\/uploads\/2024\/07\/pdf\/2017-10-26-www.chefdentreprise.com-26_octobre_2017-50000000302961039.pdf\" title=\"chefdentreprise.com\" type=\"application\/pdf\" target=\"_blank\" rel=\"noopener\"><img loading=\"lazy\" decoding=\"async\" src=\"https:\/\/bu.optimum-automotive.com\/wp-content\/uploads\/2024\/07\/jpg\/01-214.jpg\" width=\"188\" height=\"250\" alt=\"PDF - 146.3 ko\"><\/a>\r\n<figcaption class=\"wp-element-caption\"><strong>chefdentreprise.com<\/strong><br>\r\nIdentifizierung schlechter Fahrer: F\u00fchrungskr\u00e4fte, machen Sie sich das Leben dank der Technologie leichter!\r\n<\/figcaption><\/div> \r\n\r\n<div class=\"wp-block-image\">\r\n<a href=\"https:\/\/bu.optimum-automotive.com\/wp-content\/uploads\/2024\/07\/pdf\/2017-10-26-www.decision-achats.fr-26_octobre_2017-50000000302963528.pdf\" title=\"Entscheidung-Einkauf.de\" type=\"application\/pdf\" target=\"_blank\" rel=\"noopener\"><img loading=\"lazy\" decoding=\"async\" src=\"https:\/\/bu.optimum-automotive.com\/wp-content\/uploads\/2024\/07\/jpg\/01-212.jpg\" width=\"188\" height=\"250\" alt=\"PDF - 146.1 ko\"><\/a>\r\n<figcaption class=\"wp-element-caption\"><strong>Entscheidung-Einkauf.de<\/strong><br>\r\nIdentifikation schlechter Fahrer: F\u00fchrungskr\u00e4fte, erleichtern Sie die<br class=\"autobr\">\r\nLeben durch Technologie!\r\n<\/figcaption><\/div> \r\n\r\n<div class=\"wp-block-image\">\r\n<a href=\"https:\/\/bu.optimum-automotive.com\/wp-content\/uploads\/2024\/07\/pdf\/2017-10-27-les_cahiers_de_l_opinion-27_28_oct_17-10000000052681450.pdf\" title=\"DIE HEFTE ZUR MEINUNGSBILDUNG\" type=\"application\/pdf\" target=\"_blank\" rel=\"noopener\"><img loading=\"lazy\" decoding=\"async\" src=\"https:\/\/bu.optimum-automotive.com\/wp-content\/uploads\/2024\/07\/jpg\/01-211.jpg\" width=\"188\" height=\"250\" alt=\"PDF - 161.1 ko\"><\/a>\r\n<figcaption class=\"wp-element-caption\"><strong>DIE HEFTE ZUR MEINUNGSBILDUNG<\/strong><br>\r\nMit Big Data zum Echtzeitmanagement\r\n<\/figcaption><\/div> \r\n\r\n<div class=\"wp-block-image\">\r\n<a href=\"https:\/\/bu.optimum-automotive.com\/wp-content\/uploads\/2024\/07\/pdf\/2017-10-24-decision_atelier-oct_17-10000000052654880.pdf\" title=\"Entscheidung Workshop\" type=\"application\/pdf\" target=\"_blank\" rel=\"noopener\"><img loading=\"lazy\" decoding=\"async\" src=\"https:\/\/bu.optimum-automotive.com\/wp-content\/uploads\/2024\/07\/jpg\/01-210.jpg\" width=\"188\" height=\"250\" alt=\"PDF - 228.3 ko\"><\/a>\r\n<figcaption class=\"wp-element-caption\"><strong>Entscheidung Workshop<\/strong><br>\r\nMapping Control will mit My Connected Client Fahrer an sich binden\r\n<\/figcaption><\/div> \r\n\r\n<div class=\"wp-block-image\">\r\n<a href=\"https:\/\/bu.optimum-automotive.com\/wp-content\/uploads\/2024\/07\/pdf\/2017-10-27-www.actionco.fr-27_octobre_2017-50000000302959310.pdf\" title=\"Aktion.de\" type=\"application\/pdf\" target=\"_blank\" rel=\"noopener\"><img loading=\"lazy\" decoding=\"async\" src=\"https:\/\/bu.optimum-automotive.com\/wp-content\/uploads\/2024\/07\/jpg\/01-213.jpg\" width=\"188\" height=\"250\" alt=\"PDF - 149.8 ko\"><\/a>\r\n<figcaption class=\"wp-element-caption\"><strong>Aktion.de<\/strong><br>\r\nIdentifizierung schlechter Fahrer: F\u00fchrungskr\u00e4fte, machen Sie sich das Leben dank der Technologie leichter!\r\n<\/figcaption><\/div> \r\n\r\n<div class=\"wp-block-image\">\r\n<a href=\"https:\/\/bu.optimum-automotive.com\/wp-content\/uploads\/2024\/07\/pdf\/2017-10-19-flottes_automobiles-oct_17-10000000052615837.pdf\" title=\"Autoflotten\" type=\"application\/pdf\" target=\"_blank\" rel=\"noopener\"><img loading=\"lazy\" decoding=\"async\" src=\"https:\/\/bu.optimum-automotive.com\/wp-content\/uploads\/2024\/07\/jpg\/01-209.jpg\" width=\"188\" height=\"250\" alt=\"PDF - 169.3 ko\"><\/a>\r\n<figcaption class=\"wp-element-caption\"><strong>Autoflotten<\/strong><br>\r\nMAPPING CONTROL VERBINDET DEN CLIENT\r\n<\/figcaption><\/div> \r\n\r\n<div class=\"wp-block-image\">\r\n<a href=\"https:\/\/bu.optimum-automotive.com\/wp-content\/uploads\/2024\/07\/pdf\/mapping_control_lance_monclientconnecte.pdf\" title=\"journalauto.com\" type=\"application\/pdf\" target=\"_blank\" rel=\"noopener\"><img loading=\"lazy\" decoding=\"async\" src=\"https:\/\/bu.optimum-automotive.com\/wp-content\/uploads\/2024\/07\/jpg\/01-208.jpg\" width=\"188\" height=\"250\" alt=\"PDF - 122.6 ko\"><\/a>\r\n<figcaption class=\"wp-element-caption\"><strong>journalauto.com<\/strong><br>\r\nMapping Control f\u00fchrt MeinKundeVerbunden ein\r\n<\/figcaption><\/div> \r\n\r\n<h2 class=\"wp-block-heading\">SEPTEMBER 2017<\/h2>\r\n\r\n<div class=\"wp-block-image\">\r\n<a href=\"https:\/\/bu.optimum-automotive.com\/wp-content\/uploads\/2024\/07\/pdf\/mapping_control_connecte_concessions_et_reparateurs_avec_leurs_clients.pdf\" title=\"Autoflotten\" type=\"application\/pdf\" target=\"_blank\" rel=\"noopener\"><img loading=\"lazy\" decoding=\"async\" src=\"https:\/\/bu.optimum-automotive.com\/wp-content\/uploads\/2024\/07\/jpg\/01-207.jpg\" width=\"188\" height=\"250\" alt=\"PDF - 109 kb\"><\/a>\r\n<figcaption class=\"wp-element-caption\"><strong>Autoflotten<\/strong><br>\r\nAutoh\u00e4user und Werkst\u00e4tten vernetzen sich mit \"Mein vernetzter Kunde\".\r\n<\/figcaption><\/div> \r\n\r\n<div class=\"wp-block-image\">\r\n<a href=\"https:\/\/bu.optimum-automotive.com\/wp-content\/uploads\/2024\/07\/pdf\/lusinedigitale.pdf\" title=\"Die Digitale Fabrik\" type=\"application\/pdf\" target=\"_blank\" rel=\"noopener\"><img loading=\"lazy\" decoding=\"async\" src=\"https:\/\/bu.optimum-automotive.com\/wp-content\/uploads\/2024\/07\/jpg\/01-206.jpg\" width=\"188\" height=\"250\" alt=\"PDF - 60.4 ko\"><\/a>\r\n<figcaption class=\"wp-element-caption\"><strong>Die Digitale Fabrik<\/strong><br>\r\nDer Pass French Tech, das Flaggschiff der<br class=\"autobr\">\r\nFrankreich als \"Start-up-Nation\"\r\n<\/figcaption><\/div> \r\n\r\n<div class=\"wp-block-image\">\r\n<a href=\"https:\/\/bu.optimum-automotive.com\/wp-content\/uploads\/2024\/07\/pdf\/mapping_control_lance_sa_solution_mon_client_connecte_-_auto_infos.pdf\" title=\"Auto News\" type=\"application\/pdf\" target=\"_blank\" rel=\"noopener\"><img loading=\"lazy\" decoding=\"async\" src=\"https:\/\/bu.optimum-automotive.com\/wp-content\/uploads\/2024\/07\/jpg\/01-205.jpg\" width=\"188\" height=\"250\" alt=\"PDF - 527.6 ko\"><\/a>\r\n<figcaption class=\"wp-element-caption\"><strong>Auto News<\/strong><br>\r\nMapping Contrai f\u00fchrt die L\u00f6sung Mein verbundener Kunde ein\r\n<\/figcaption><\/div> \r\n\t\r\n<div class=\"wp-block-image\">\r\n<a href=\"https:\/\/bu.optimum-automotive.com\/wp-content\/uploads\/2024\/07\/pdf\/mc_mon_client_connecte.pdf\" title=\"Entscheidung Workshop\" type=\"application\/pdf\" target=\"_blank\" rel=\"noopener\"><img loading=\"lazy\" decoding=\"async\" src=\"https:\/\/bu.optimum-automotive.com\/wp-content\/uploads\/2024\/07\/jpg\/01-204.jpg\" width=\"188\" height=\"250\" alt=\"PDF - 431.6 ko\"><\/a>\r\n<figcaption class=\"wp-element-caption\"><strong>Entscheidung Workshop<\/strong><br>\r\nMapping Contrai will Fahrer mit Mein verbundener Kunde an sich binden\r\n<\/figcaption><\/div> \r\n\r\n<div class=\"wp-block-image\">\r\n<a href=\"https:\/\/bu.optimum-automotive.com\/wp-content\/uploads\/2024\/07\/pdf\/2017-09-11-www.flotauto.com-11_septembre_2017-50000000300437364.pdf\" title=\"Autoflotten\" type=\"application\/pdf\" target=\"_blank\" rel=\"noopener\"><img loading=\"lazy\" decoding=\"async\" src=\"https:\/\/bu.optimum-automotive.com\/wp-content\/uploads\/2024\/07\/jpg\/01-201.jpg\" width=\"188\" height=\"250\" alt=\"PDF - 107.8 ko\"><\/a>\r\n<figcaption class=\"wp-element-caption\"><strong>Autoflotten<\/strong><br>\r\nEngie Ineo: Carsharing und Telematik\r\n<\/figcaption><\/div>\r\n\t\r\n<div class=\"wp-block-image\">\r\n<a href=\"https:\/\/bu.optimum-automotive.com\/wp-content\/uploads\/2024\/07\/pdf\/2017-09-11-www.flotauto.com-11_septembre_2017-50000000300437394.pdf\" title=\"Autoflotten\" type=\"application\/pdf\" target=\"_blank\" rel=\"noopener\"><img loading=\"lazy\" decoding=\"async\" src=\"https:\/\/bu.optimum-automotive.com\/wp-content\/uploads\/2024\/07\/jpg\/01-200.jpg\" width=\"188\" height=\"250\" alt=\"PDF - 100.3 ko\"><\/a>\r\n<figcaption class=\"wp-element-caption\"><strong>Autoflotten<\/strong><br>\r\nCaisse d'\u00c9pargne CEPAC: Telematik zur Verbesserung der Verwaltung\r\n<\/figcaption><\/div> \r\n\r\n<div class=\"wp-block-image\"> \r\n<a href=\"https:\/\/bu.optimum-automotive.com\/wp-content\/uploads\/2024\/07\/pdf\/2017-09-12-www.nouvellespublications.com-12_septembre_2017-50000000300449557.pdf\" title=\"Neue Publikationen\" type=\"application\/pdf\" target=\"_blank\" rel=\"noopener\"><img loading=\"lazy\" decoding=\"async\" src=\"https:\/\/bu.optimum-automotive.com\/wp-content\/uploads\/2024\/07\/jpg\/01-199.jpg\" width=\"188\" height=\"250\" alt=\"PDF - 88.9 ko\"><\/a>\r\n<figcaption class=\"wp-element-caption\"><strong>Neue Publikationen<\/strong><br>\r\nGuillaume Mordelet: \"Es gibt immer noch einige Vorurteile gegen\u00fcber der<br class=\"autobr\">\r\nFinanzierung \u00fcber die M\u00e4rkte \"\r\n<\/figcaption><\/div> \r\n\r\n<div class=\"wp-block-image\">\r\n<a href=\"https:\/\/bu.optimum-automotive.com\/wp-content\/uploads\/2024\/07\/pdf\/2017-08-04-www.capital.fr-4_aout_2017-50000000298831630.pdf\" title=\"Kapital\" type=\"application\/pdf\" target=\"_blank\" rel=\"noopener\"><img loading=\"lazy\" decoding=\"async\" src=\"https:\/\/bu.optimum-automotive.com\/wp-content\/uploads\/2024\/07\/jpg\/01-198.jpg\" width=\"188\" height=\"250\" alt=\"PDF - 328.7 ko\"><\/a>\r\n<figcaption class=\"wp-element-caption\"><strong>Kapital<\/strong><br>\r\nDie 25 Unternehmer, die die C\u00f4te d'Azur aufwecken\r\n<\/figcaption><\/div> \r\n\r\n<div class=\"wp-block-image\">\r\n<a href=\"https:\/\/bu.optimum-automotive.com\/wp-content\/uploads\/2024\/07\/pdf\/2017-08-28-les_nouvelles_publications_economiques_et_juridiques-25_aout_17-10000000052139561.pdf\" title=\"Neue Publikationen\" type=\"application\/pdf\" target=\"_blank\" rel=\"noopener\"><img loading=\"lazy\" decoding=\"async\" src=\"https:\/\/bu.optimum-automotive.com\/wp-content\/uploads\/2024\/07\/jpg\/01-197.jpg\" width=\"188\" height=\"250\" alt=\"PDF - 464 kb\"><\/a>\r\n<figcaption class=\"wp-element-caption\"><strong>Neue Publikationen<\/strong><br>\r\nES GIBT IMMER NOCH EINIGE VORURTEILE GEGEN\u00dcBER DER FINANZIERUNG \u00dcBER DIE M\u00c4RKTE\".\r\n<\/figcaption><\/div> \r\n\r\n<div class=\"wp-block-image\"> \r\n<a href=\"https:\/\/bu.optimum-automotive.com\/wp-content\/uploads\/2024\/07\/pdf\/2017-08-09-l_automobile_l_entreprise-aout_sept_17-10000000052048961.pdf\" title=\"Auto &amp; Unternehmen\" type=\"application\/pdf\" target=\"_blank\" rel=\"noopener\"><img loading=\"lazy\" decoding=\"async\" src=\"https:\/\/bu.optimum-automotive.com\/wp-content\/uploads\/2024\/07\/jpg\/01-196.jpg\" width=\"188\" height=\"250\" alt=\"PDF - 987.5 ko\"><\/a>\r\n<figcaption class=\"wp-element-caption\"><strong>Auto &amp; Unternehmen<\/strong><br>\r\nDie Preistr\u00e4ger der Ausgabe 2017\r\n<\/figcaption><\/div> \r\n\r\n<div class=\"wp-block-image\">\r\n<a href=\"https:\/\/bu.optimum-automotive.com\/wp-content\/uploads\/2024\/07\/pdf\/securite___la_telematique_au_service_de_la_prevention.pdf\" title=\"Autoflotten\" type=\"application\/pdf\" target=\"_blank\" rel=\"noopener\"><img loading=\"lazy\" decoding=\"async\" src=\"https:\/\/bu.optimum-automotive.com\/wp-content\/uploads\/2024\/07\/jpg\/01-195.jpg\" width=\"188\" height=\"250\" alt=\"PDF - 2.4 MB\"><\/a>\r\n<figcaption class=\"wp-element-caption\"><strong>Autoflotten<\/strong><br>\r\nSicherheit: Telematik im Dienste der Pr\u00e4vention\r\n<\/figcaption><\/div> \r\n\r\n<h2 class=\"wp-block-heading\">AUGUST 2017<\/h2>\r\n\r\n<div class=\"wp-block-image\">\r\n<a href=\"https:\/\/bu.optimum-automotive.com\/wp-content\/uploads\/2024\/07\/pdf\/telematique_un_marche_en_plein_essor-08-2017.pdf\" title=\"Entscheidung-Einkauf.de\" type=\"application\/pdf\" target=\"_blank\" rel=\"noopener\"><img loading=\"lazy\" decoding=\"async\" src=\"https:\/\/bu.optimum-automotive.com\/wp-content\/uploads\/2024\/07\/jpg\/01-194.jpg\" width=\"188\" height=\"250\" alt=\"PDF - 410.4 ko\"><\/a>\r\n<figcaption class=\"wp-element-caption\"><strong>Entscheidung-Einkauf.de<\/strong><br>\r\nTelematik: ein Markt im Aufschwung\r\n<\/figcaption><\/div> \r\n\r\n<h2 class=\"wp-block-heading\">JULI 2017<\/h2>\r\n\t\r\n<div class=\"wp-block-image\">\r\n<a href=\"https:\/\/bu.optimum-automotive.com\/wp-content\/uploads\/2024\/07\/pdf\/2017-07-04-flottes_automobiles.pdf\" title=\"Autoflotten\" type=\"application\/pdf\" target=\"_blank\" rel=\"noopener\"><img loading=\"lazy\" decoding=\"async\" src=\"https:\/\/bu.optimum-automotive.com\/wp-content\/uploads\/2024\/07\/jpg\/01-187.jpg\" width=\"188\" height=\"250\" alt=\"PDF - 903.1 ko\"><\/a>\r\n<figcaption class=\"wp-element-caption\"><strong>Autoflotten<\/strong><br>\r\nTCO als Kernzielgruppe\r\n<\/figcaption><\/div> \r\n\r\n<h2 class=\"wp-block-heading\">JUNI 2017<\/h2>\r\n\r\n<div class=\"wp-block-image\">\r\n<a href=\"https:\/\/bu.optimum-automotive.com\/wp-content\/uploads\/2024\/07\/pdf\/2017-06-30-www.automobile-entreprise.com-30_juin_2017-50000000297030164.pdf\" title=\"Auto &amp; Unternehmen\" type=\"application\/pdf\" target=\"_blank\" rel=\"noopener\"><img loading=\"lazy\" decoding=\"async\" src=\"https:\/\/bu.optimum-automotive.com\/wp-content\/uploads\/2024\/07\/jpg\/01-186.jpg\" width=\"188\" height=\"250\" alt=\"PDF - 199.9 ko\"><\/a>\r\n<figcaption class=\"wp-element-caption\"><strong>Auto &amp; Unternehmen<\/strong><br>\r\nMapping Control von KPMG ausgew\u00e4hlt, um dem HOW-Netzwerk beizutreten\r\n<\/figcaption><\/div> \r\n\r\n<div class=\"wp-block-image\">\r\n<a href=\"https:\/\/bu.optimum-automotive.com\/wp-content\/uploads\/2024\/07\/pdf\/2017-06-28-capital-juillet_17-10000000051751497.pdf\" title=\"Kapital\" type=\"application\/pdf\" target=\"_blank\" rel=\"noopener\"><img loading=\"lazy\" decoding=\"async\" src=\"https:\/\/bu.optimum-automotive.com\/wp-content\/uploads\/2024\/07\/jpg\/01-185.jpg\" width=\"188\" height=\"250\" alt=\"PDF - 1.3 MB\"><\/a>\r\n<figcaption class=\"wp-element-caption\"><strong>Kapital<\/strong><br>\r\nDIE 25, DIE DAS LOKALE GESCH\u00c4FT AUFWECKEN\r\n<\/figcaption><\/div> \r\n\r\n<div class=\"wp-block-image\"> \r\n<a href=\"https:\/\/bu.optimum-automotive.com\/wp-content\/uploads\/2024\/07\/pdf\/un_webinair_sur_la_gestion_des_amendes_des_collaborateurs.pdf\" title=\"www.deplacementspros.com\" type=\"application\/pdf\" target=\"_blank\" rel=\"noopener\"><img loading=\"lazy\" decoding=\"async\" src=\"https:\/\/bu.optimum-automotive.com\/wp-content\/uploads\/2024\/07\/jpg\/02-9.jpg\" width=\"172\" height=\"250\" alt=\"PDF - 130.9 ko\"><\/a>\r\n<figcaption class=\"wp-element-caption\"><strong>www.deplacementspros.com<\/strong><br>\r\nEin Webinar \u00fcber die Verwaltung von Bu\u00dfgeldern von Mitarbeitern\r\n<\/figcaption><\/div> \r\n\r\n<div class=\"wp-block-image\">\r\n<a href=\"https:\/\/bu.optimum-automotive.com\/wp-content\/uploads\/2024\/07\/pdf\/skm_c25817061308300-2.pdf\" title=\"DIE FLOTTENZEITUNG\" type=\"application\/pdf\" target=\"_blank\" rel=\"noopener\"><img loading=\"lazy\" decoding=\"async\" src=\"https:\/\/bu.optimum-automotive.com\/wp-content\/uploads\/2024\/07\/jpg\/01-169-2.jpg\" width=\"172\" height=\"250\" alt=\"PDF - 163.6 ko\"><\/a>\r\n<figcaption class=\"wp-element-caption\"><strong>DIE FLOTTENZEITUNG<\/strong><br>\r\nPSA STARTET OFFIZIELL FREE2MOVE LEASE\r\n<\/figcaption><\/div> \r\n\r\n<div class=\"wp-block-image\"> \r\n<a href=\"https:\/\/bu.optimum-automotive.com\/wp-content\/uploads\/2024\/07\/pdf\/2017-06-13-le_journal_des_flottes-juin_17-2.pdf\" title=\"Das Flottenjournal\" type=\"application\/pdf\" target=\"_blank\" rel=\"noopener\"><img loading=\"lazy\" decoding=\"async\" src=\"https:\/\/bu.optimum-automotive.com\/wp-content\/uploads\/2024\/07\/jpg\/01-170-2.jpg\" width=\"172\" height=\"250\" alt=\"PDF - 1 MB\"><\/a>\r\n<figcaption class=\"wp-element-caption\"><strong>Das Flottenjournal<\/strong><br>\r\nFLOTTENMANAGEMENT: VON DER BEDEUTUNG DER DATEN\r\n<\/figcaption><\/div> \r\n\r\n<div class=\"wp-block-image\">\r\n<a href=\"https:\/\/bu.optimum-automotive.com\/wp-content\/uploads\/2024\/07\/pdf\/2017-06-09-www.econostrum.info-9_juin_2017-50000000295767984-2.pdf\" title=\"www.econostrum.info\" type=\"application\/pdf\" target=\"_blank\" rel=\"noopener\"><img loading=\"lazy\" decoding=\"async\" src=\"https:\/\/bu.optimum-automotive.com\/wp-content\/uploads\/2024\/07\/jpg\/01-168-2.jpg\" width=\"172\" height=\"250\" alt=\"PDF - 327.3 ko\"><\/a>\r\n<figcaption class=\"wp-element-caption\"><strong>www.econostrum.info<\/strong><br>\r\nEin neuer Meilenstein im Jahr 2017 f\u00fcr Mapping Control\r\n<\/figcaption><\/div> \r\n\r\n<div class=\"wp-block-image\">\r\n<a href=\"https:\/\/bu.optimum-automotive.com\/wp-content\/uploads\/2024\/07\/pdf\/2017-06-08-l_automobile_l_entreprise-juin_17-10000000051577625-2.pdf\" title=\"Auto &amp; Unternehmen\" type=\"application\/pdf\" target=\"_blank\" rel=\"noopener\"><img loading=\"lazy\" decoding=\"async\" src=\"https:\/\/bu.optimum-automotive.com\/wp-content\/uploads\/2024\/07\/jpg\/01-165-2.jpg\" width=\"172\" height=\"250\" alt=\"PDF - 1.2 MB\"><\/a>\r\n<figcaption class=\"wp-element-caption\"><strong>Auto &amp; Unternehmen<\/strong><br>\r\nManagementsoftware: ein Markt im Wandel\r\n<\/figcaption><\/div> \r\n\r\n<div class=\"wp-block-image\">\r\n<a href=\"https:\/\/bu.optimum-automotive.com\/wp-content\/uploads\/2024\/07\/pdf\/2017-05-30-le_moniteur_des_travaux_publics_et_du_batiment-02_juin_17-10000000051492096_1_-2.pdf\" title=\"Der Monitor\" type=\"application\/pdf\" target=\"_blank\" rel=\"noopener\"><img loading=\"lazy\" decoding=\"async\" src=\"https:\/\/bu.optimum-automotive.com\/wp-content\/uploads\/2024\/07\/jpg\/01-166-2.jpg\" width=\"172\" height=\"250\" alt=\"PDF - 385.8 ko\"><\/a>\r\n<figcaption class=\"wp-element-caption\"><strong>Der Monitor<\/strong><br>\r\nFIRMENFAHRZEUGE<br class=\"autobr\">\r\nEIN GANZES \u00d6KOSYSTEM\r\n<\/figcaption><\/div> \r\n\r\n<h2 class=\"wp-block-heading\">MAI 2017<\/h2>\r\n\r\n<div class=\"wp-block-image\">\r\n<a href=\"https:\/\/bu.optimum-automotive.com\/wp-content\/uploads\/2024\/07\/pdf\/2017-05-09-l_automobile_l_entreprise-mai_17.pdf\" title=\"Auto &amp; Unternehmen\" type=\"application\/pdf\" target=\"_blank\" rel=\"noopener\"><img loading=\"lazy\" decoding=\"async\" src=\"https:\/\/bu.optimum-automotive.com\/wp-content\/uploads\/2024\/07\/jpg\/01-163.jpg\" width=\"172\" height=\"250\" alt=\"PDF - 241 kb\"><\/a>\r\n<figcaption class=\"wp-element-caption\"><strong>Auto &amp; Unternehmen<\/strong><br>\r\nMapping Control: ein neues Angebot und eine Partnerschaft mit PSA\r\n<\/figcaption><\/div> \r\n\r\n<div class=\"wp-block-image\"> \r\n<a href=\"https:\/\/bu.optimum-automotive.com\/wp-content\/uploads\/2024\/07\/pdf\/2017-05-17-decision_achats-mai_17.pdf\" title=\"EINKAUFSENTSCHEIDUNG\" type=\"application\/pdf\" target=\"_blank\" rel=\"noopener\"><img loading=\"lazy\" decoding=\"async\" src=\"https:\/\/bu.optimum-automotive.com\/wp-content\/uploads\/2024\/07\/jpg\/01-164.jpg\" width=\"172\" height=\"250\" alt=\"PDF - 514.8 ko\"><\/a>\r\n<figcaption class=\"wp-element-caption\"><strong>EINKAUFSENTSCHEIDUNG<\/strong><br>\r\nFLEET MANAGEMENT FOCUS Telematik: Ein Markt im Aufschwung\r\n\r\n<\/figcaption><\/div> \r\n\r\n<h2 class=\"wp-block-heading\">APRIL 2017<\/h2>\r\n\r\n<div class=\"wp-block-image\">\r\n<a href=\"https:\/\/bu.optimum-automotive.com\/wp-content\/uploads\/2024\/07\/pdf\/2017-04-26-les_echos_supplement-26_avril_17.pdf\" title=\"Les Echos Beilage\" type=\"application\/pdf\" target=\"_blank\" rel=\"noopener\"><img loading=\"lazy\" decoding=\"async\" src=\"https:\/\/bu.optimum-automotive.com\/wp-content\/uploads\/2024\/07\/jpg\/01-161.jpg\" width=\"172\" height=\"250\" alt=\"PDF - 247.8 ko\"><\/a>\r\n<figcaption class=\"wp-element-caption\"><strong>Les Echos Beilage<\/strong><br>\r\nSPECIAL FIRMENFLOTTE <br class=\"manualbr\">PV: Was sich durch die Verpflichtung zur Identifizierung der Schuldigen \u00e4ndert\r\n<\/figcaption><\/div> \r\n\r\n<div class=\"wp-block-image\"> \r\n<a href=\"https:\/\/bu.optimum-automotive.com\/wp-content\/uploads\/2024\/07\/pdf\/2017-04-20-flottes_automobiles-avril_17-10000000051169564.pdf\" title=\"Autoflotten\" type=\"application\/pdf\" target=\"_blank\" rel=\"noopener\"><img loading=\"lazy\" decoding=\"async\" src=\"https:\/\/bu.optimum-automotive.com\/wp-content\/uploads\/2024\/07\/jpg\/01-160.jpg\" width=\"172\" height=\"250\" alt=\"PDF - 619 kb\"><\/a>\r\n<figcaption class=\"wp-element-caption\"><strong>Autoflotten<\/strong><br>\r\nFahrzeugtelematik, Eine Erg\u00e4nzung zum Management?\r\n<\/figcaption><\/div> \r\n\r\n<div class=\"wp-block-image\"> \r\n<a href=\"https:\/\/bu.optimum-automotive.com\/wp-content\/uploads\/2024\/07\/pdf\/2017-04-13-www.labourseetlavie.com-13_avril_2017-50000000292425074.pdf\" title=\"www.labourseetlavie.com\" type=\"application\/pdf\" target=\"_blank\" rel=\"noopener\"><img loading=\"lazy\" decoding=\"async\" src=\"https:\/\/bu.optimum-automotive.com\/wp-content\/uploads\/2024\/07\/jpg\/01-158.jpg\" width=\"172\" height=\"250\" alt=\"PDF - 170 kb\"><\/a>\r\n<figcaption class=\"wp-element-caption\"><strong>www.labourseetlavie.com<\/strong><br>\r\nFirmenfahrzeuge: 67 bis 220 Euro Einsparpotenzial<br class=\"autobr\">\r\npro Auto und Monat mit MAPPING CONTROL\r\n<\/figcaption><\/div> \r\n\r\n<div class=\"wp-block-image\"> \r\n<a href=\"https:\/\/bu.optimum-automotive.com\/wp-content\/uploads\/2024\/07\/pdf\/2017-04-06-l_automobile_l_entreprise-avril_17-10000000051040334.pdf\" title=\"Auto &amp; Unternehmen\" type=\"application\/pdf\" target=\"_blank\" rel=\"noopener\"><img loading=\"lazy\" decoding=\"async\" src=\"https:\/\/bu.optimum-automotive.com\/wp-content\/uploads\/2024\/07\/jpg\/01-156.jpg\" width=\"172\" height=\"250\" alt=\"PDF - 995.9 ko\"><\/a>\r\n<figcaption class=\"wp-element-caption\"><strong>Auto &amp; Unternehmen<\/strong><br>\r\nBu\u00dfgelder: Die neue Lage\r\n<\/figcaption><\/div> \r\n\r\n<div class=\"wp-block-image\"> \r\n<a href=\"https:\/\/bu.optimum-automotive.com\/wp-content\/uploads\/2024\/07\/pdf\/2017-04-08-le_journal_des_entreprises_edition_provence-cote_d_azur-avril_17-10000000051055950.pdf\" title=\"LE JOURNAL DES ENTREPRISES EDITION PROVENCE-COTE D&#039;AZUR\" type=\"application\/pdf\" target=\"_blank\" rel=\"noopener\"><img loading=\"lazy\" decoding=\"async\" src=\"https:\/\/bu.optimum-automotive.com\/wp-content\/uploads\/2024\/07\/jpg\/01-157.jpg\" width=\"172\" height=\"250\" alt=\"PDF - 142 kb\"><\/a>\r\n<figcaption class=\"wp-element-caption\"><strong>LE JOURNAL DES ENTREPRISES EDITION PROVENCE-COTE D'AZUR<\/strong><br>\r\nMapping Control Partnerschaft mit PSA\r\n<\/figcaption><\/div> \r\n\r\n<div class=\"wp-block-image\"> \r\n<a href=\"https:\/\/bu.optimum-automotive.com\/wp-content\/uploads\/2024\/07\/pdf\/cokpit__hiver_2016.pdf\" title=\"MAGAZIN COCKPIT #106\" type=\"application\/pdf\" target=\"_blank\" rel=\"noopener\"><img loading=\"lazy\" decoding=\"async\" src=\"https:\/\/bu.optimum-automotive.com\/wp-content\/uploads\/2024\/07\/jpg\/01-155.jpg\" width=\"172\" height=\"250\" alt=\"PDF - 858.8 ko\"><\/a>\r\n<figcaption class=\"wp-element-caption\"><strong>MAGAZIN COCKPIT #106<\/strong><br>\r\nVERBUNDEN \u00dcBER DIE GRENZEN hinweg, Erfolgreich vernetzte Fahrzeuge als Zukunftsmarkt etablieren, von Mapping Control\r\n<\/figcaption><\/div> \r\n\r\n<div class=\"wp-block-image\">\r\n<a href=\"https:\/\/bu.optimum-automotive.com\/wp-content\/uploads\/2024\/07\/pdf\/2017-04-06-www.lejournaldesentreprises.com-6_avril_2017.pdf\" title=\"www.lejournaldesentreprises.com\" type=\"application\/pdf\" target=\"_blank\" rel=\"noopener\"><img loading=\"lazy\" decoding=\"async\" src=\"https:\/\/bu.optimum-automotive.com\/wp-content\/uploads\/2024\/07\/jpg\/01-153.jpg\" width=\"172\" height=\"250\" alt=\"PDF - 56.5 ko\"><\/a>\r\n<figcaption class=\"wp-element-caption\"><strong>www.lejournaldesentreprises.com<\/strong><br>\r\nAix-en-Provence. Mapping Control unterzeichnet eine Partnerschaft mit dem<br class=\"autobr\">\r\nPSA-Gruppe\r\n<\/figcaption><\/div> \r\n\r\n<div class=\"wp-block-image\"> \r\n<a href=\"https:\/\/bu.optimum-automotive.com\/wp-content\/uploads\/2024\/07\/pdf\/2017-04-05-journal_de_l_automobile-07_avril_17.pdf\" title=\"Die Automobilzeitung\" type=\"application\/pdf\" target=\"_blank\" rel=\"noopener\"><img loading=\"lazy\" decoding=\"async\" src=\"https:\/\/bu.optimum-automotive.com\/wp-content\/uploads\/2024\/07\/jpg\/01-152.jpg\" width=\"172\" height=\"250\" alt=\"PDF - 1.1 MB\"><\/a>\r\n<figcaption class=\"wp-element-caption\"><strong>Die Automobilzeitung<\/strong><br>\r\nCarsharing hat kein Recht mehr auf einen Fehlstart\r\n\r\n<\/figcaption><\/div> \r\n\r\n<h2 class=\"wp-block-heading\">M\u00c4RZ 2017<\/h2>\r\n\r\n<div class=\"wp-block-image\"> \r\n<a href=\"https:\/\/bu.optimum-automotive.com\/wp-content\/uploads\/2024\/07\/pdf\/2017-03-28-la_tribune_des_auto-ecoles-mars_17.pdf\" title=\"Die Trib\u00fcne der Fahrschulen\" type=\"application\/pdf\" target=\"_blank\" rel=\"noopener\"><img loading=\"lazy\" decoding=\"async\" src=\"https:\/\/bu.optimum-automotive.com\/wp-content\/uploads\/2024\/07\/jpg\/01-151.jpg\" width=\"172\" height=\"250\" alt=\"PDF - 217.6 ko\"><\/a>\r\n<figcaption class=\"wp-element-caption\"><strong>Die Trib\u00fcne der Fahrschulen<\/strong><br>\r\nMapping Control und das CER-Netzwerk formalisieren ihre Ann\u00e4herung\r\n<\/figcaption><\/div> \r\n\r\n<div class=\"wp-block-image\">\r\n<a href=\"https:\/\/bu.optimum-automotive.com\/wp-content\/uploads\/2024\/07\/pdf\/mapping_control_une_nouvelle_offre_et_un_partenariat_avec-psa.pdf\" title=\"www.automobile-entreprise.com\" type=\"application\/pdf\" target=\"_blank\" rel=\"noopener\"><img loading=\"lazy\" decoding=\"async\" src=\"https:\/\/bu.optimum-automotive.com\/wp-content\/uploads\/2024\/07\/jpg\/01-146.jpg\" width=\"142\" height=\"200\" alt=\"PDF - 1.8 MB\"><\/a>\r\n<figcaption class=\"wp-element-caption\"><strong>www.automobile-entreprise.com<\/strong><br>\r\nMapping Control: ein neues Angebot und eine Partnerschaft mit PSA\r\n<\/figcaption><\/div> \r\n\r\n<div class=\"wp-block-image\">\r\n<a href=\"https:\/\/bu.optimum-automotive.com\/wp-content\/uploads\/2024\/07\/pdf\/mapping_control_rejoint_psa_connect_fleet_management.pdf\" title=\"journalauto.com\" type=\"application\/pdf\" target=\"_blank\" rel=\"noopener\"><img loading=\"lazy\" decoding=\"async\" src=\"https:\/\/bu.optimum-automotive.com\/wp-content\/uploads\/2024\/07\/jpg\/2017-03-23_10h29_17.png\" width=\"643\" height=\"907\" alt=\"PDF - 330.3 ko\"><\/a>\r\n<figcaption class=\"wp-element-caption\"><strong>journalauto.com<\/strong><br>\r\nMapping Control tritt PSA Connect Fleet Management bei\r\n<\/figcaption><\/div> \r\n\r\n<div class=\"wp-block-image\">\r\n<a href=\"https:\/\/bu.optimum-automotive.com\/wp-content\/uploads\/2024\/07\/pdf\/2017-03-16-decideurs_magazine-mars_17.pdf\" title=\"DECIDEURS MAGAZINE\" type=\"application\/pdf\" target=\"_blank\" rel=\"noopener\"><img loading=\"lazy\" decoding=\"async\" src=\"https:\/\/bu.optimum-automotive.com\/wp-content\/uploads\/2024\/07\/jpg\/01-2.png\" width=\"142\" height=\"200\" alt=\"PDF - 540.9 ko\"><\/a>\r\n<figcaption class=\"wp-element-caption\"><strong>DECIDEURS MAGAZINE<\/strong><br>\r\nDAS \u00d6KOSYSTEM DER FLOTTEN NIMMT GESTALT AN\r\n<\/figcaption><\/div> \r\n\r\n<div class=\"wp-block-image\"> \r\n<a href=\"https:\/\/bu.optimum-automotive.com\/wp-content\/uploads\/2024\/07\/pdf\/2017-03-17-www.mediarh.com-17_mars_2017.pdf\" title=\"www.mediarh.com\" type=\"application\/pdf\" target=\"_blank\" rel=\"noopener\"><img loading=\"lazy\" decoding=\"async\" src=\"https:\/\/bu.optimum-automotive.com\/wp-content\/uploads\/2024\/07\/jpg\/01-145.jpg\" width=\"142\" height=\"200\" alt=\"PDF - 77.2 ko\"><\/a>\r\n<figcaption class=\"wp-element-caption\"><strong>www.mediarh.com<\/strong><br>\r\nF\u00fcnf Fragen an : Barbara TRON,HR-Direktorin, MAPPING CONTROL\r\n<\/figcaption><\/div> \r\n\r\n<div class=\"wp-block-image\"> \r\n<a href=\"https:\/\/bu.optimum-automotive.com\/wp-content\/uploads\/2024\/07\/pdf\/2017-03-07-le_journal_des_entreprises_edition_provence-cote_d_azur-03_mars.pdf\" title=\"UNTERNEHMENSZEITUNG\" type=\"application\/pdf\" target=\"_blank\" rel=\"noopener\"><img loading=\"lazy\" decoding=\"async\" src=\"https:\/\/bu.optimum-automotive.com\/wp-content\/uploads\/2024\/07\/jpg\/01-143.jpg\" width=\"142\" height=\"200\" alt=\"PDF - 130.8 ko\"><\/a>\r\n<figcaption class=\"wp-element-caption\"><strong>UNTERNEHMENSZEITUNG<\/strong><br>\r\nMapping Control. Auf den Flotauto Treffen anwesend\r\n<\/figcaption><\/div> \r\n\r\n<div class=\"wp-block-image\"> \r\n<a href=\"https:\/\/bu.optimum-automotive.com\/wp-content\/uploads\/2024\/07\/pdf\/2017-03-11-www.capital.fr-11_mars.pdf\" title=\"www.capital.fr\" type=\"application\/pdf\" target=\"_blank\" rel=\"noopener\"><img loading=\"lazy\" decoding=\"async\" src=\"https:\/\/bu.optimum-automotive.com\/wp-content\/uploads\/2024\/07\/jpg\/01-144.jpg\" width=\"142\" height=\"200\" alt=\"PDF - 143 kb\"><\/a>\r\n<figcaption class=\"wp-element-caption\"><strong>www.capital.fr<\/strong><br>\r\nDie Firma COLIPAQ stattet ihre Dienstprogramme mit der L\u00f6sung Mapping Control aus.\r\n<\/figcaption><\/div> \r\n\r\n<h2 class=\"wp-block-heading\">FEBRUAR 2017<\/h2>\r\n\r\n<div class=\"wp-block-image\"> \r\n<a href=\"https:\/\/bu.optimum-automotive.com\/wp-content\/uploads\/2024\/07\/pdf\/2017-02-27-www.deplacementspros.com.pdf\" title=\"deplacementspros.com\" type=\"application\/pdf\" target=\"_blank\" rel=\"noopener\"><img loading=\"lazy\" decoding=\"async\" src=\"https:\/\/bu.optimum-automotive.com\/wp-content\/uploads\/2024\/07\/jpg\/01-141.jpg\" width=\"142\" height=\"200\" alt=\"PDF - 70.7 ko\"><\/a>\r\n<figcaption class=\"wp-element-caption\"><strong>deplacementspros.com<\/strong><br>\r\nStrafzettel: ein Webinair zur Anpassung an die Verpflichtung zur Identifizierung von Fahrern\r\n<\/figcaption><\/div> \r\n\r\n<div class=\"wp-block-image\"> \r\n<a href=\"https:\/\/bu.optimum-automotive.com\/wp-content\/uploads\/2024\/07\/pdf\/2017-02-22-l_automobile_l_entreprise-fev_mars_17-10000000050607413.pdf\" title=\"DAS AUTO &amp; DAS UNTERNEHMEN\" type=\"application\/pdf\" target=\"_blank\" rel=\"noopener\"><img loading=\"lazy\" decoding=\"async\" src=\"https:\/\/bu.optimum-automotive.com\/wp-content\/uploads\/2024\/07\/jpg\/01-139.jpg\" width=\"142\" height=\"200\" alt=\"PDF - 1.2 MB\"><\/a>\r\n<figcaption class=\"wp-element-caption\"><strong>DAS AUTO &amp; DAS UNTERNEHMEN<\/strong><br>\r\nTelematik: Generalmobilmachung!\r\n<\/figcaption><\/div> \r\n\r\n<div class=\"wp-block-image\"> \r\n<a href=\"https:\/\/bu.optimum-automotive.com\/wp-content\/uploads\/2024\/07\/pdf\/2017-02-22-www.studyrama-emploi.com-22_fevrier_2017-50000000289518214.pdf\" title=\"studyrama-emploi.com\" type=\"application\/pdf\" target=\"_blank\" rel=\"noopener\"><img loading=\"lazy\" decoding=\"async\" src=\"https:\/\/bu.optimum-automotive.com\/wp-content\/uploads\/2024\/07\/jpg\/01-138.jpg\" width=\"142\" height=\"200\" alt=\"PDF - 54.1 ko\"><\/a>\r\n<figcaption class=\"wp-element-caption\"><strong>studyrama-emploi.com<\/strong><br>\r\nMapping Control: 20 Vertriebsmitarbeiter und Techniker gesucht\r\n<\/figcaption><\/div> \r\n\r\n<div class=\"wp-block-image\"> \r\n<a href=\"https:\/\/bu.optimum-automotive.com\/wp-content\/uploads\/2024\/07\/pdf\/2017-02-15-flottes_automobiles-fev_17-10000000050549380.pdf\" title=\"Autoflotten\" type=\"application\/pdf\" target=\"_blank\" rel=\"noopener\"><img loading=\"lazy\" decoding=\"async\" src=\"https:\/\/bu.optimum-automotive.com\/wp-content\/uploads\/2024\/07\/jpg\/01-137.jpg\" width=\"142\" height=\"200\" alt=\"PDF - 765.4 ko\"><\/a>\r\n<figcaption class=\"wp-element-caption\"><strong>Autoflotten<\/strong><br>\r\nFahrzeugtelematik: Von der Nische zur Masseneinf\u00fchrung\r\n<\/figcaption><\/div> \r\n\r\n<div class=\"wp-block-image\"> \r\n<a href=\"https:\/\/bu.optimum-automotive.com\/wp-content\/uploads\/2024\/07\/pdf\/2017-02-15-flottes_automobiles-fev_17-10000000050549376.pdf\" title=\"Autoflotten\" type=\"application\/pdf\" target=\"_blank\" rel=\"noopener\"><img loading=\"lazy\" decoding=\"async\" src=\"https:\/\/bu.optimum-automotive.com\/wp-content\/uploads\/2024\/07\/jpg\/01-136.jpg\" width=\"142\" height=\"200\" alt=\"PDF - 212.1 ko\"><\/a>\r\n<figcaption class=\"wp-element-caption\"><strong>Autoflotten<\/strong><br>\r\nDirekte und indirekte Einsparungen\r\n<\/figcaption><\/div> \r\n\r\n<div class=\"wp-block-image\"> \r\n<a href=\"https:\/\/bu.optimum-automotive.com\/wp-content\/uploads\/2024\/07\/pdf\/la_provence.pdf\" title=\"La Provence\" type=\"application\/pdf\" target=\"_blank\" rel=\"noopener\"><img loading=\"lazy\" decoding=\"async\" src=\"https:\/\/bu.optimum-automotive.com\/wp-content\/uploads\/2024\/07\/jpg\/01-135.jpg\" width=\"142\" height=\"200\" alt=\"PDF - 219.2 ko\"><\/a>\r\n<figcaption class=\"wp-element-caption\"><strong>La Provence<\/strong><br>\r\nMapping Control wird rund 100 Mitarbeiter einstellen.\r\n<\/figcaption><\/div> \r\n\r\n<div class=\"wp-block-image\"> \r\n<a href=\"https:\/\/bu.optimum-automotive.com\/wp-content\/uploads\/2024\/07\/pdf\/2017-02-07-www.silicon.fr.pdf\" title=\"silicon.de\" type=\"application\/pdf\" target=\"_blank\" rel=\"noopener\"><img loading=\"lazy\" decoding=\"async\" src=\"https:\/\/bu.optimum-automotive.com\/wp-content\/uploads\/2024\/07\/jpg\/01-134.jpg\" width=\"142\" height=\"200\" alt=\"PDF - 70.5 ko\"><\/a>\r\n<figcaption class=\"wp-element-caption\"><strong>silicon.de<\/strong><br>\r\nMAPPING CONTROL wird auf den Flotauto Treffen vertreten sein. Die<br class=\"autobr\">\r\n9\/03\/2017 - Paris La Villette. Stand Nr. 191\r\n<\/figcaption><\/div> \r\n\r\n<div class=\"wp-block-image\"> \r\n<a href=\"https:\/\/bu.optimum-automotive.com\/wp-content\/uploads\/2024\/07\/pdf\/2017-02-03-www.capital.fr.pdf\" title=\"kapital.de\" type=\"application\/pdf\" target=\"_blank\" rel=\"noopener\"><img loading=\"lazy\" decoding=\"async\" src=\"https:\/\/bu.optimum-automotive.com\/wp-content\/uploads\/2024\/07\/jpg\/01-133.jpg\" width=\"142\" height=\"200\" alt=\"PDF - 91.2 ko\"><\/a>\r\n<figcaption class=\"wp-element-caption\"><strong>kapital.de<\/strong><br>\r\nMAPPING CONTROL startet ehrgeizigen Einstellungsplan, um die Belegschaft bis 2017 zu verdoppeln\r\n<\/figcaption><\/div> \r\n\r\n<div class=\"wp-block-image\">\r\n<a href=\"https:\/\/bu.optimum-automotive.com\/wp-content\/uploads\/2024\/07\/pdf\/mapping_control_poursuit_son_developpement.pdf\" title=\"automobil-unternehmen.com\" type=\"application\/pdf\" target=\"_blank\" rel=\"noopener\"><img loading=\"lazy\" decoding=\"async\" src=\"https:\/\/bu.optimum-automotive.com\/wp-content\/uploads\/2024\/07\/jpg\/01-132.jpg\" width=\"142\" height=\"200\" alt=\"PDF - 1.6 MB\"><\/a>\r\n<figcaption class=\"wp-element-caption\"><strong>automobil-unternehmen.com<\/strong><br>\r\nMapping Control w\u00e4chst weiter\r\n<\/figcaption><\/div> \r\n\r\n<div class=\"wp-block-image\">\r\n<a href=\"https:\/\/bu.optimum-automotive.com\/wp-content\/uploads\/2024\/07\/pdf\/mapping_control_etend_ses_services_telematiques_aux_infractions.pdf\" title=\"www.flotauto.com\" type=\"application\/pdf\" target=\"_blank\" rel=\"noopener\"><img loading=\"lazy\" decoding=\"async\" src=\"https:\/\/bu.optimum-automotive.com\/wp-content\/uploads\/2024\/07\/jpg\/01-128.jpg\" width=\"142\" height=\"200\" alt=\"PDF - 206.2 ko\"><\/a>\r\n<figcaption class=\"wp-element-caption\"><strong>www.flotauto.com<\/strong><br>\r\nMapping Control weitet seine Telematikdienste auf Ordnungswidrigkeiten aus\r\n<\/figcaption><\/div> \r\n\r\n<h2 class=\"wp-block-heading\">JANUAR 2017<\/h2>\r\n\r\n<div class=\"wp-block-image\"> \r\n<a href=\"https:\/\/bu.optimum-automotive.com\/wp-content\/uploads\/2024\/07\/pdf\/2017-01-11-fr.news.yahoo.com-11_janvier_2017-50000000287164168.pdf\" title=\"de.news.yahoo.com\" type=\"application\/pdf\" target=\"_blank\" rel=\"noopener\"><img loading=\"lazy\" decoding=\"async\" src=\"https:\/\/bu.optimum-automotive.com\/wp-content\/uploads\/2024\/07\/jpg\/01-124.jpg\" width=\"142\" height=\"200\" alt=\"PDF - 116.3 ko\"><\/a>\r\n<figcaption class=\"wp-element-caption\"><strong>de.news.yahoo.com<\/strong><br>\r\nFrohes neues Jahr auf der Stra\u00dfe mit MAPPING CONTROL!<br class=\"autobr\">\r\nSeit dem\r\n<\/figcaption><\/div> \r\n\r\n<div class=\"wp-block-image\">\r\n<a href=\"https:\/\/bu.optimum-automotive.com\/wp-content\/uploads\/2024\/07\/pdf\/2017-01-10-le_journal_des_entreprises_edition_provence-cote_d_azur-jan_17-10000000050197940.pdf\" title=\"UNTERNEHMENSZEITUNG\" type=\"application\/pdf\" target=\"_blank\" rel=\"noopener\"><img loading=\"lazy\" decoding=\"async\" src=\"https:\/\/bu.optimum-automotive.com\/wp-content\/uploads\/2024\/07\/jpg\/01-123.jpg\" width=\"142\" height=\"200\" alt=\"PDF - 164.6 ko\"><\/a>\r\n<figcaption class=\"wp-element-caption\"><strong>UNTERNEHMENSZEITUNG<\/strong><br>\r\nMapping control. Partner von Fahrschulen\r\n\r\n<\/figcaption><\/div> \r\n\r\n<h2 class=\"wp-block-heading\">DEZEMBER 2016<\/h2>\r\n\r\n<div class=\"wp-block-image\">\r\n<a href=\"https:\/\/bu.optimum-automotive.com\/wp-content\/uploads\/2024\/07\/pdf\/2016-12-25-le_journal_des_flottes-dec_16-10000000050076340.pdf\" title=\"DIE FLOTTENZEITUNG\" type=\"application\/pdf\" target=\"_blank\" rel=\"noopener\"><img loading=\"lazy\" decoding=\"async\" src=\"https:\/\/bu.optimum-automotive.com\/wp-content\/uploads\/2024\/07\/jpg\/01-121.jpg\" width=\"142\" height=\"200\" alt=\"PDF - 255.6 ko\"><\/a>\r\n<figcaption class=\"wp-element-caption\"><strong>DIE FLOTTENZEITUNG<\/strong><br>\r\nMAPPING CONTROL WIRD IMMER UNTERNEHMUNGSLUSTIGER\r\n<\/figcaption><\/div> \r\n\r\n<div class=\"wp-block-image\">\r\n<a href=\"https:\/\/bu.optimum-automotive.com\/wp-content\/uploads\/2024\/07\/pdf\/2016-12-25-le_journal_des_flottes-dec_16-10000000050076450.pdf\" title=\"DIE FLOTTENZEITUNG\" type=\"application\/pdf\" target=\"_blank\" rel=\"noopener\"><img loading=\"lazy\" decoding=\"async\" src=\"https:\/\/bu.optimum-automotive.com\/wp-content\/uploads\/2024\/07\/jpg\/01-120.jpg\" width=\"142\" height=\"200\" alt=\"PDF - 808.6 ko\"><\/a>\r\n<figcaption class=\"wp-element-caption\"><strong>DIE FLOTTENZEITUNG<\/strong><br>\r\nWARUM MAN SEINE VUL GEOLOKALISIEREN MUSS\r\n<\/figcaption><\/div> \r\n\r\n<div class=\"wp-block-image\">\r\n<a href=\"https:\/\/bu.optimum-automotive.com\/wp-content\/uploads\/2024\/07\/pdf\/2016-12-13-chef_d_entreprise_magazine_supplement-nov_16_jan_17-10000000049958966.pdf\" title=\"CHEF D&#039;ENTREPRISE MAGAZINE\" type=\"application\/pdf\" target=\"_blank\" rel=\"noopener\"><img loading=\"lazy\" decoding=\"async\" src=\"https:\/\/bu.optimum-automotive.com\/wp-content\/uploads\/2024\/07\/jpg\/01-119.jpg\" width=\"142\" height=\"200\" alt=\"PDF - 267.5 ko\"><\/a>\r\n<figcaption class=\"wp-element-caption\"><strong>CHEF D'ENTREPRISE MAGAZINE<\/strong><br>\r\nGEOLOKALISIERUNG: DIE RICHTIGE L\u00d6SUNG W\u00c4HLEN\r\n<\/figcaption><\/div> \r\n\r\n<div class=\"wp-block-image\">\r\n<a href=\"https:\/\/bu.optimum-automotive.com\/wp-content\/uploads\/2024\/07\/pdf\/2016-12-14-chef_d_entreprise_magazine_supplement-nov_16_jan_17-10000000049958971.pdf\" title=\"CHEF D&#039;ENTREPRISE MAGAZINE\" type=\"application\/pdf\" target=\"_blank\" rel=\"noopener\"><img loading=\"lazy\" decoding=\"async\" src=\"https:\/\/bu.optimum-automotive.com\/wp-content\/uploads\/2024\/07\/jpg\/01-118.jpg\" width=\"142\" height=\"200\" alt=\"PDF - 281.5 ko\"><\/a>\r\n<figcaption class=\"wp-element-caption\"><strong>CHEF D'ENTREPRISE MAGAZINE<\/strong><br>\r\nSOFTWARE F\u00dcR DAS FLOTTENMANAGEMENT: WIE KANN MAN SIE AM BESTEN NUTZEN?\r\n<\/figcaption><\/div> \r\n\r\n<div class=\"wp-block-image\"> \r\n<a href=\"https:\/\/bu.optimum-automotive.com\/wp-content\/uploads\/2024\/07\/pdf\/2016-12-09-www.labourseetlavie.com-9_d-cembre_2016-50000000285651375.pdf\" title=\"Labourseetlavie.com\" type=\"application\/pdf\" target=\"_blank\" rel=\"noopener\"><img loading=\"lazy\" decoding=\"async\" src=\"https:\/\/bu.optimum-automotive.com\/wp-content\/uploads\/2024\/07\/jpg\/01-117.jpg\" width=\"184\" height=\"260\" alt=\"PDF - 88.1 ko\"><\/a>\r\n<figcaption class=\"wp-element-caption\"><strong>Labourseetlavie.com<\/strong><br>\r\nMAPPING CONTROL wird offizieller Partner des Fahrschulnetzwerks CER\r\n<\/figcaption><\/div> \r\n\r\n<div class=\"wp-block-image\"> \r\n<a href=\"https:\/\/bu.optimum-automotive.com\/wp-content\/uploads\/2024\/07\/pdf\/2016-12-09-www.generation-nt.com-9_d-cembre_2016-50000000285653520.pdf\" title=\"generation-nt.com\" type=\"application\/pdf\" target=\"_blank\" rel=\"noopener\"><img loading=\"lazy\" decoding=\"async\" src=\"https:\/\/bu.optimum-automotive.com\/wp-content\/uploads\/2024\/07\/jpg\/01-116.jpg\" width=\"184\" height=\"260\" alt=\"PDF - 112.1 ko\"><\/a>\r\n<figcaption class=\"wp-element-caption\"><strong>generation-nt.com<\/strong><br>\r\nMAPPING CONTROL wird offizieller Partner des Fahrschulnetzwerks CER\r\n<\/figcaption><\/div> \r\n\r\n<div class=\"wp-block-image\"> \r\n<a href=\"https:\/\/bu.optimum-automotive.com\/wp-content\/uploads\/2024\/07\/pdf\/2016-12-09-www.euroinvestor.fr-9_d-cembre_2016-50000000285658253.pdf\" title=\"euroinvestor.de\" type=\"application\/pdf\" target=\"_blank\" rel=\"noopener\"><img loading=\"lazy\" decoding=\"async\" src=\"https:\/\/bu.optimum-automotive.com\/wp-content\/uploads\/2024\/07\/jpg\/01-115.jpg\" width=\"184\" height=\"260\" alt=\"PDF - 85.5 ko\"><\/a>\r\n<figcaption class=\"wp-element-caption\"><strong>euroinvestor.de<\/strong><br>\r\nMAPPING CONTROL wird offizieller Partner des Fahrschulnetzwerks<br class=\"autobr\">\r\nCER\r\n<\/figcaption><\/div> \r\n\r\n<div class=\"wp-block-image\"> \r\n<a href=\"https:\/\/bu.optimum-automotive.com\/wp-content\/uploads\/2024\/07\/pdf\/2016-12-09-fr.finance.yahoo.com-9_d-cembre_2016-50000000285653017.pdf\" title=\"de.finance.yahoo.com\" type=\"application\/pdf\" target=\"_blank\" rel=\"noopener\"><img loading=\"lazy\" decoding=\"async\" src=\"https:\/\/bu.optimum-automotive.com\/wp-content\/uploads\/2024\/07\/jpg\/01-114.jpg\" width=\"184\" height=\"260\" alt=\"PDF - 105.6 ko\"><\/a>\r\n<figcaption class=\"wp-element-caption\"><strong>de.finance.yahoo.com<\/strong><br>\r\nMAPPING CONTROL wird offizieller Partner des Fahrschulnetzwerks<br class=\"autobr\">\r\nCER\r\n<\/figcaption><\/div> \r\n\r\n<div class=\"wp-block-image\">\r\n<a href=\"https:\/\/bu.optimum-automotive.com\/wp-content\/uploads\/2024\/07\/pdf\/2016-12-09-bourse.six-financial-information.fr-9_d-cembre_2016-50000000285658062.pdf\" title=\"b\u00f6rse.six-financial-information.de\" type=\"application\/pdf\" target=\"_blank\" rel=\"noopener\"><img loading=\"lazy\" decoding=\"async\" src=\"https:\/\/bu.optimum-automotive.com\/wp-content\/uploads\/2024\/07\/jpg\/01-113.jpg\" width=\"184\" height=\"260\" alt=\"PDF - 86.2 ko\"><\/a>\r\n<figcaption class=\"wp-element-caption\"><strong>b\u00f6rse.six-financial-information.de<\/strong><br>\r\nMAPPING CONTROL wird offizieller Partner des Fahrschulnetzwerks CER\r\n<\/figcaption><\/div> \r\n\r\n<div class=\"wp-block-image\">\r\n<a href=\"https:\/\/bu.optimum-automotive.com\/wp-content\/uploads\/2024\/07\/pdf\/itespresso.fr-mapping_control_devient_partenaire_officiel_du_reseau_dauto-ecoles_cer.pdf\" title=\"itespresso.fr\" type=\"application\/pdf\" target=\"_blank\" rel=\"noopener\"><img loading=\"lazy\" decoding=\"async\" src=\"https:\/\/bu.optimum-automotive.com\/wp-content\/uploads\/2024\/07\/jpg\/01-111.jpg\" width=\"184\" height=\"260\" alt=\"PDF - 125.8 ko\"><\/a>\r\n<figcaption class=\"wp-element-caption\"><strong>itespresso.fr<\/strong><br>\r\nMAPPING CONTROL wird offizieller Partner des Fahrschulnetzwerks CER\r\n<\/figcaption><\/div> \r\n\r\n<h2 class=\"wp-block-heading\">NOVEMBER 2016<\/h2>\r\n\r\n<div class=\"wp-block-image\">\r\n<a href=\"https:\/\/bu.optimum-automotive.com\/wp-content\/uploads\/2024\/07\/pdf\/2016-11-19-1662_transport_info.pdf\" title=\"TRANSPORT INFO\" type=\"application\/pdf\" target=\"_blank\" rel=\"noopener\"><img loading=\"lazy\" decoding=\"async\" src=\"https:\/\/bu.optimum-automotive.com\/wp-content\/uploads\/2024\/07\/jpg\/01-106.jpg\" width=\"184\" height=\"260\" alt=\"PDF - 142.2 ko\"><\/a>\r\n<figcaption class=\"wp-element-caption\"><strong>TRANSPORT INFO<\/strong><br>\r\nKraftstoff; Fuel Control misst die F\u00fcllst\u00e4nde\r\n<\/figcaption><\/div> \r\n\r\n<div class=\"wp-block-image\">\r\n<a href=\"https:\/\/bu.optimum-automotive.com\/wp-content\/uploads\/2024\/07\/pdf\/2016-11-19-1300_kilometres_entreprise.pdf\" title=\"KMS Kilometer Unternehmen\" type=\"application\/pdf\" target=\"_blank\" rel=\"noopener\"><img loading=\"lazy\" decoding=\"async\" src=\"https:\/\/bu.optimum-automotive.com\/wp-content\/uploads\/2024\/07\/jpg\/01-105.jpg\" width=\"184\" height=\"260\" alt=\"PDF - 181.5 ko\"><\/a>\r\n<figcaption class=\"wp-element-caption\"><strong>KMS Kilometer Unternehmen<\/strong><br>\r\nMapping Control: Es lebe das Gr\u00fcn!\r\n<\/figcaption><\/div> \r\n\r\n<div class=\"wp-block-image\"> \r\n<a href=\"https:\/\/bu.optimum-automotive.com\/wp-content\/uploads\/2024\/07\/pdf\/2016-11-16-5553_www_chefdentreprise_com.pdf\" title=\"chefdentreprise.com\" type=\"application\/pdf\" target=\"_blank\" rel=\"noopener\"><img loading=\"lazy\" decoding=\"async\" src=\"https:\/\/bu.optimum-automotive.com\/wp-content\/uploads\/2024\/07\/jpg\/gestion-deflotte.jpg\" width=\"184\" height=\"260\" alt=\"PDF - 169.1 ko\"><\/a>\r\n<figcaption class=\"wp-element-caption\"><strong>chefdentreprise.com<\/strong><br>\r\nSoftware f\u00fcr das Flottenmanagement: Machen Sie das Beste daraus\r\n<\/figcaption><\/div> \r\n\r\n<div class=\"wp-block-image\"> \r\n<a href=\"https:\/\/bu.optimum-automotive.com\/wp-content\/uploads\/2024\/07\/pdf\/2016-11-16-5438_www_decisionachats_fr.pdf\" title=\"entscheidung-einkauf.de\" type=\"application\/pdf\" target=\"_blank\" rel=\"noopener\"><img loading=\"lazy\" decoding=\"async\" src=\"https:\/\/bu.optimum-automotive.com\/wp-content\/uploads\/2024\/07\/jpg\/gestion-de-flotte-2.jpg\" width=\"184\" height=\"260\" alt=\"PDF - 160.6 ko\"><\/a>\r\n<figcaption class=\"wp-element-caption\"><strong>entscheidung-einkauf.de<\/strong><br>\r\nSoftware f\u00fcr das Flottenmanagement: Machen Sie das Beste daraus\r\n<\/figcaption><\/div> \r\n\r\n<div class=\"wp-block-image\">\r\n<a href=\"https:\/\/bu.optimum-automotive.com\/wp-content\/uploads\/2024\/07\/pdf\/2016-11-16-5090_www_decisionachats_fr.pdf\" title=\"entscheidung-einkauf.de\" type=\"application\/pdf\" target=\"_blank\" rel=\"noopener\"><img loading=\"lazy\" decoding=\"async\" src=\"https:\/\/bu.optimum-automotive.com\/wp-content\/uploads\/2024\/07\/jpg\/geolocalisation.jpg\" width=\"184\" height=\"260\" alt=\"PDF - 173.7 ko\"><\/a>\r\n<figcaption class=\"wp-element-caption\"><strong>entscheidung-einkauf.de<\/strong><br>\r\nGeolokalisierung: Die richtige L\u00f6sung w\u00e4hlen\r\n<\/figcaption><\/div> \r\n\r\n<div class=\"wp-block-image\"> \r\n<a href=\"https:\/\/bu.optimum-automotive.com\/wp-content\/uploads\/2024\/07\/pdf\/2016-11-15-5460_www_journalauto_com.pdf\" title=\"journalauto.com\" type=\"application\/pdf\" target=\"_blank\" rel=\"noopener\"><img loading=\"lazy\" decoding=\"async\" src=\"https:\/\/bu.optimum-automotive.com\/wp-content\/uploads\/2024\/07\/jpg\/gestion-de-flotte.jpg\" width=\"184\" height=\"260\" alt=\"PDF - 719.9 ko\"><\/a>\r\n<figcaption class=\"wp-element-caption\"><strong>journalauto.com<\/strong><br>\r\nMapping Control zielt auf Subsahara-Afrika ab\r\n<\/figcaption><\/div> \r\n\r\n<div class=\"wp-block-image\">\r\n<a href=\"https:\/\/bu.optimum-automotive.com\/wp-content\/uploads\/2024\/07\/pdf\/2016-11-09-5709_www_capital_fr.pdf\" title=\"kapital.de\" type=\"application\/pdf\" target=\"_blank\" rel=\"noopener\"><img loading=\"lazy\" decoding=\"async\" src=\"https:\/\/bu.optimum-automotive.com\/wp-content\/uploads\/2024\/07\/jpg\/01-104.jpg\" width=\"184\" height=\"260\" alt=\"PDF - 63.5 ko\"><\/a>\r\n<figcaption class=\"wp-element-caption\"><strong>kapital.de<\/strong><br>\r\nMAPPING CONTROL expandiert nach Subsahara-Afrika\r\n<\/figcaption><\/div> \r\n\r\n<div class=\"wp-block-image\">\r\n<a href=\"https:\/\/bu.optimum-automotive.com\/wp-content\/uploads\/2024\/07\/pdf\/mapping_control_se_deploie_sur_l_afrique_subsaharienne.pdf\" title=\"www.euroinvestor.fr\" type=\"application\/pdf\" target=\"_blank\" rel=\"noopener\"><img loading=\"lazy\" decoding=\"async\" src=\"https:\/\/bu.optimum-automotive.com\/wp-content\/uploads\/2024\/07\/jpg\/01-103.jpg\" width=\"184\" height=\"260\" alt=\"PDF - 735.7 ko\"><\/a>\r\n<figcaption class=\"wp-element-caption\"><strong>www.euroinvestor.fr<\/strong><br>\r\nMAPPING CONTROL expandiert nach Subsahara-Afrika\r\n<\/figcaption><\/div> \r\n\r\n<div class=\"wp-block-image\">\r\n<a href=\"https:\/\/bu.optimum-automotive.com\/wp-content\/uploads\/2024\/07\/pdf\/les_ambitions_internationales_de_mapping_control.pdf\" title=\"ecomnewsmed.com\" type=\"application\/pdf\" target=\"_blank\" rel=\"noopener\"><img loading=\"lazy\" decoding=\"async\" src=\"https:\/\/bu.optimum-automotive.com\/wp-content\/uploads\/2024\/07\/jpg\/01-102.jpg\" width=\"184\" height=\"260\" alt=\"PDF - 1.7 MB\"><\/a>\r\n<figcaption class=\"wp-element-caption\"><strong>ecomnewsmed.com<\/strong><br>\r\nDie internationalen Ambitionen von Mapping Control laufen \u00fcber Marokko!\r\n<\/figcaption><\/div> \r\n\r\n<div class=\"wp-block-image\"> \r\n<a href=\"https:\/\/bu.optimum-automotive.com\/wp-content\/uploads\/2024\/07\/pdf\/carburant_fuel_control_transportissimo.pdf\" title=\"transportissimo.com\" type=\"application\/pdf\" target=\"_blank\" rel=\"noopener\"><img loading=\"lazy\" decoding=\"async\" src=\"https:\/\/bu.optimum-automotive.com\/wp-content\/uploads\/2024\/07\/jpg\/01-101.jpg\" width=\"184\" height=\"260\" alt=\"PDF - 177.6 ko\"><\/a>\r\n<figcaption class=\"wp-element-caption\"><strong>transportissimo.com<\/strong><br>\r\nKraftstoff : Fuel Control, die Ultraschallsonde\r\n<\/figcaption><\/div> \r\n\r\n<div class=\"wp-block-image\"> \r\n<a href=\"https:\/\/bu.optimum-automotive.com\/wp-content\/uploads\/2024\/07\/pdf\/ecomnews_-_mapping_control.pdf\" title=\"www.ecomnews.fr\" type=\"application\/pdf\" target=\"_blank\" rel=\"noopener\"><img loading=\"lazy\" decoding=\"async\" src=\"https:\/\/bu.optimum-automotive.com\/wp-content\/uploads\/2024\/07\/jpg\/01-99.jpg\" width=\"184\" height=\"260\" alt=\"PDF - 3.4 MB\"><\/a>\r\n<figcaption class=\"wp-element-caption\"><strong>www.ecomnews.fr<\/strong><br>\r\nMapping Control erm\u00f6glicht Unternehmen, die Kosten f\u00fcr ihre Fahrzeugflotte zu senken\r\n<\/figcaption><\/div> \r\n\r\n<div class=\"wp-block-image\">\r\n<a href=\"https:\/\/bu.optimum-automotive.com\/wp-content\/uploads\/2024\/07\/pdf\/2016-11-01-5666_www_tpnews_com.pdf\" title=\"www.tp-news.com\" type=\"application\/pdf\" target=\"_blank\" rel=\"noopener\"><img loading=\"lazy\" decoding=\"async\" src=\"https:\/\/bu.optimum-automotive.com\/wp-content\/uploads\/2024\/07\/jpg\/01-100.jpg\" width=\"184\" height=\"260\" alt=\"PDF - 224.2 ko\"><\/a>\r\n<figcaption class=\"wp-element-caption\"><strong>www.tp-news.com<\/strong><br>\r\nKraftstoff : Fuel Control, die Ultraschallsonde\r\n\r\n<\/figcaption><\/div> \r\n\r\n<h2 class=\"wp-block-heading\">OKTOBER 2016<\/h2>\r\n\r\n<div class=\"wp-block-image\">\r\n<a href=\"https:\/\/bu.optimum-automotive.com\/wp-content\/uploads\/2024\/07\/pdf\/2016-10-25-5054_www_decisionatelier_com.pdf\" title=\"www.decisionatelier.com\" type=\"application\/pdf\" target=\"_blank\" rel=\"noopener\"><img loading=\"lazy\" decoding=\"async\" src=\"https:\/\/bu.optimum-automotive.com\/wp-content\/uploads\/2024\/07\/jpg\/01-98.jpg\" width=\"184\" height=\"260\" alt=\"PDF - 68.8 ko\"><\/a>\r\n<figcaption class=\"wp-element-caption\"><strong>www.decisionatelier.com<\/strong><br>\r\nMapping Control wacht mit Fuel Control \u00fcber den Kraftstoffverbrauch\r\n<\/figcaption><\/div> \r\n\r\n<div class=\"wp-block-image\">\r\n<a href=\"https:\/\/bu.optimum-automotive.com\/wp-content\/uploads\/2024\/07\/pdf\/2016-10-20-5201_www_labourseetlavie_com.pdf\" title=\"www.labourseetlavie.com\" type=\"application\/pdf\" target=\"_blank\" rel=\"noopener\"><img loading=\"lazy\" decoding=\"async\" src=\"https:\/\/bu.optimum-automotive.com\/wp-content\/uploads\/2024\/07\/jpg\/01-93.jpg\" width=\"184\" height=\"260\" alt=\"PDF - 136.5 ko\"><\/a>\r\n<figcaption class=\"wp-element-caption\"><strong>www.labourseetlavie.com<\/strong><br>\r\nMAPPING CONTROL wacht mit seinem Ger\u00e4t \u00fcber den Treibstoff<br class=\"autobr\">\r\nnicht-intrusiv: Fuel Control\r\n<\/figcaption><\/div> \r\n\r\n<div class=\"wp-block-image\">\r\n<a href=\"https:\/\/bu.optimum-automotive.com\/wp-content\/uploads\/2024\/07\/pdf\/2016-10-20-5388_www_generationnt_com.pdf\" title=\"www.generation-nt.com\" type=\"application\/pdf\" target=\"_blank\" rel=\"noopener\"><img loading=\"lazy\" decoding=\"async\" src=\"https:\/\/bu.optimum-automotive.com\/wp-content\/uploads\/2024\/07\/jpg\/01-94.jpg\" width=\"184\" height=\"260\" alt=\"PDF - 100.5 ko\"><\/a>\r\n<figcaption class=\"wp-element-caption\"><strong>www.generation-nt.com<\/strong><br>\r\nMAPPING CONTROL wacht mit seinem Ger\u00e4t \u00fcber den Treibstoff<br class=\"autobr\">\r\nnicht-intrusiv: Fuel Control\r\n<\/figcaption><\/div> \r\n\r\n<div class=\"wp-block-image\">\r\n<a href=\"https:\/\/bu.optimum-automotive.com\/wp-content\/uploads\/2024\/07\/pdf\/2016-10-20-5664_bourse_sixfinancialinformati.pdf\" title=\"b\u00f6rse.six-financial-information.de\" type=\"application\/pdf\" target=\"_blank\" rel=\"noopener\"><img loading=\"lazy\" decoding=\"async\" src=\"https:\/\/bu.optimum-automotive.com\/wp-content\/uploads\/2024\/07\/jpg\/01-95.jpg\" width=\"184\" height=\"260\" alt=\"PDF - 132.4 ko\"><\/a>\r\n<figcaption class=\"wp-element-caption\"><strong>b\u00f6rse.six-financial-information.de<\/strong><br>\r\nMAPPING CONTROL wacht mit seinem Ger\u00e4t \u00fcber den Treibstoff<br class=\"autobr\">\r\nnicht-intrusiv: Fuel Control\r\n<\/figcaption><\/div> \r\n\r\n<div class=\"wp-block-image\">\r\n<a href=\"https:\/\/bu.optimum-automotive.com\/wp-content\/uploads\/2024\/07\/pdf\/2016-10-20-5890_www_euroinvestor_fr.pdf\" title=\"www.euroinvestor.fr\" type=\"application\/pdf\" target=\"_blank\" rel=\"noopener\"><img loading=\"lazy\" decoding=\"async\" src=\"https:\/\/bu.optimum-automotive.com\/wp-content\/uploads\/2024\/07\/jpg\/01-96.jpg\" width=\"184\" height=\"260\" alt=\"PDF - 136 kb\"><\/a>\r\n<figcaption class=\"wp-element-caption\"><strong>www.euroinvestor.fr<\/strong><br>\r\nMAPPING CONTROL wacht mit seinem Ger\u00e4t \u00fcber den Treibstoff<br class=\"autobr\">\r\nnicht-intrusiv: Fuel Control\r\n<\/figcaption><\/div> \r\n\r\n<div class=\"wp-block-image\"> \r\n<a href=\"https:\/\/bu.optimum-automotive.com\/wp-content\/uploads\/2024\/07\/pdf\/2016-10-20-5927_www_capital_fr.pdf\" title=\"www.capital.fr\" type=\"application\/pdf\" target=\"_blank\" rel=\"noopener\"><img loading=\"lazy\" decoding=\"async\" src=\"https:\/\/bu.optimum-automotive.com\/wp-content\/uploads\/2024\/07\/jpg\/01-97.jpg\" width=\"184\" height=\"260\" alt=\"PDF - 134.1 ko\"><\/a>\r\n<figcaption class=\"wp-element-caption\"><strong>www.capital.fr<\/strong><br>\r\nMAPPING CONTROL wacht mit seinem Ger\u00e4t \u00fcber den Treibstoff<br class=\"autobr\">\r\nnicht-intrusiv: Fuel Control\r\n<\/figcaption><\/div> \r\n\r\n<div class=\"wp-block-image\">\r\n<a href=\"https:\/\/bu.optimum-automotive.com\/wp-content\/uploads\/2024\/07\/pdf\/2016-10-19-5197_www_flotauto_com.pdf\" title=\"www.flotauto.com\" type=\"application\/pdf\" target=\"_blank\" rel=\"noopener\"><img loading=\"lazy\" decoding=\"async\" src=\"https:\/\/bu.optimum-automotive.com\/wp-content\/uploads\/2024\/07\/jpg\/01-92.jpg\" width=\"184\" height=\"260\" alt=\"PDF - 116.3 ko\"><\/a>\r\n<figcaption class=\"wp-element-caption\"><strong>www.flotauto.com<\/strong><br>\r\nEine Ultraschall-Benzinanzeige durch Mapping Control\r\n<\/figcaption><\/div> \r\n\r\n<div class=\"wp-block-image\">\r\n<a href=\"https:\/\/bu.optimum-automotive.com\/wp-content\/uploads\/2024\/07\/pdf\/2016-10-18-5785_www_decisionachats_fr.pdf\" title=\"www.decision-achats.fr\" type=\"application\/pdf\" target=\"_blank\" rel=\"noopener\"><img loading=\"lazy\" decoding=\"async\" src=\"https:\/\/bu.optimum-automotive.com\/wp-content\/uploads\/2024\/07\/jpg\/01-90.jpg\" width=\"184\" height=\"260\" alt=\"PDF - 139.4 ko\"><\/a>\r\n<figcaption class=\"wp-element-caption\"><strong>www.decision-achats.fr<\/strong><br>\r\nFleet - Gegen Benzindiebstahl bietet Mapping Fuel Control an\r\n<\/figcaption><\/div> \r\n\r\n<div class=\"wp-block-image\"> \r\n<a href=\"https:\/\/bu.optimum-automotive.com\/wp-content\/uploads\/2024\/07\/pdf\/2016-10-18-1047_vtc_world.pdf\" title=\"VTC WORLD\" type=\"application\/pdf\" target=\"_blank\" rel=\"noopener\"><img loading=\"lazy\" decoding=\"async\" src=\"https:\/\/bu.optimum-automotive.com\/wp-content\/uploads\/2024\/07\/jpg\/01-89.jpg\" width=\"184\" height=\"260\" alt=\"PDF - 131.4 ko\"><\/a>\r\n<figcaption class=\"wp-element-caption\"><strong>VTC WORLD<\/strong><br>\r\nVernetztes Fahrzeug: Mapping Control stattet den Autovermieter VPCab aus\r\n<\/figcaption><\/div> \r\n\r\n<div class=\"wp-block-image\"> \r\n<a href=\"https:\/\/bu.optimum-automotive.com\/wp-content\/uploads\/2024\/07\/pdf\/2016-10-12-5093_www_presseagence_fr.pdf\" title=\"www.presseagence.fr\" type=\"application\/pdf\" target=\"_blank\" rel=\"noopener\"><img loading=\"lazy\" decoding=\"async\" src=\"https:\/\/bu.optimum-automotive.com\/wp-content\/uploads\/2024\/07\/jpg\/01-85.jpg\" width=\"184\" height=\"260\" alt=\"PDF - 428.6 ko\"><\/a>\r\n<figcaption class=\"wp-element-caption\"><strong>www.presseagence.fr<\/strong><br>\r\nOLLIOULES : Christian ESTROSI enth\u00fcllt die 12 Operationen<br class=\"autobr\">\r\nvon regionalem Interesse\r\n<\/figcaption><\/div> \r\n\r\n<div class=\"wp-block-image\"> \r\n<a href=\"https:\/\/bu.optimum-automotive.com\/wp-content\/uploads\/2024\/07\/pdf\/2016-10-11-5958_www_capital_fr.pdf\" title=\"www.capital.fr\" type=\"application\/pdf\" target=\"_blank\" rel=\"noopener\"><img loading=\"lazy\" decoding=\"async\" src=\"https:\/\/bu.optimum-automotive.com\/wp-content\/uploads\/2024\/07\/jpg\/01-84.jpg\" width=\"184\" height=\"260\" alt=\"PDF - 139.9 ko\"><\/a>\r\n<figcaption class=\"wp-element-caption\"><strong>www.capital.fr<\/strong><br>\r\nMAPPING CONTROL wird gr\u00fcn\r\n<\/figcaption><\/div> \r\n\r\n<div class=\"wp-block-image\"> \r\n<a href=\"https:\/\/bu.optimum-automotive.com\/wp-content\/uploads\/2024\/07\/pdf\/2016-10-11-5594_www_euroinvestor_fr.pdf\" title=\"www.euroinvestor.fr\" type=\"application\/pdf\" target=\"_blank\" rel=\"noopener\"><img loading=\"lazy\" decoding=\"async\" src=\"https:\/\/bu.optimum-automotive.com\/wp-content\/uploads\/2024\/07\/jpg\/01-83.jpg\" width=\"184\" height=\"260\" alt=\"PDF - 141 kb\"><\/a>\r\n<figcaption class=\"wp-element-caption\"><strong>www.euroinvestor.fr<\/strong><br>\r\nMAPPING CONTROL wird gr\u00fcn\r\n<\/figcaption><\/div> \r\n\r\n<div class=\"wp-block-image\"> \r\n<a href=\"https:\/\/bu.optimum-automotive.com\/wp-content\/uploads\/2024\/07\/pdf\/2016-10-11-5542_www_usinedigitale_fr.pdf\" title=\"www.usine-digitale.fr\" type=\"application\/pdf\" target=\"_blank\" rel=\"noopener\"><img loading=\"lazy\" decoding=\"async\" src=\"https:\/\/bu.optimum-automotive.com\/wp-content\/uploads\/2024\/07\/jpg\/01-82.jpg\" width=\"184\" height=\"260\" alt=\"PDF - 53.4 ko\"><\/a>\r\n<figcaption class=\"wp-element-caption\"><strong>www.usine-digitale.fr<\/strong><br>\r\nFrance du num\u00e9rique 2016: Mapping Control\r\n<\/figcaption><\/div> \r\n\r\n<div class=\"wp-block-image\">\r\n<a href=\"https:\/\/bu.optimum-automotive.com\/wp-content\/uploads\/2024\/07\/pdf\/2016-10-11-1578_la_provence.pdf\" title=\"La Provence\" type=\"application\/pdf\" target=\"_blank\" rel=\"noopener\"><img loading=\"lazy\" decoding=\"async\" src=\"https:\/\/bu.optimum-automotive.com\/wp-content\/uploads\/2024\/07\/jpg\/01-81.jpg\" width=\"184\" height=\"260\" alt=\"PDF - 151.4 ko\"><\/a>\r\n<figcaption class=\"wp-element-caption\"><strong>La Provence<\/strong><br>\r\nMapping Control \u00fcberschreitet die 10-Jahres-Marke\r\n<\/figcaption><\/div> \r\n\r\n<div class=\"wp-block-image\"> \r\n<a href=\"https:\/\/bu.optimum-automotive.com\/wp-content\/uploads\/2024\/07\/pdf\/2016-10-11-1212_usine_nouvelle.pdf\" title=\"L&#039;Usine Nouvelle\" type=\"application\/pdf\" target=\"_blank\" rel=\"noopener\"><img loading=\"lazy\" decoding=\"async\" src=\"https:\/\/bu.optimum-automotive.com\/wp-content\/uploads\/2024\/07\/jpg\/01-80.jpg\" width=\"184\" height=\"260\" alt=\"PDF - 1.2 MB\"><\/a>\r\n<figcaption class=\"wp-element-caption\"><strong>L'Usine Nouvelle<\/strong><br>\r\nMAPPING CONTROL senkt die Kosten von Autoflotten\r\n<\/figcaption><\/div> \r\n\r\n<div class=\"wp-block-image\"> \r\n<a href=\"https:\/\/bu.optimum-automotive.com\/wp-content\/uploads\/2024\/07\/pdf\/2016-10-10-5619_bourse_sixfinancialinformati.pdf\" title=\"b\u00f6rse.six-financial-information.de\" type=\"application\/pdf\" target=\"_blank\" rel=\"noopener\"><img loading=\"lazy\" decoding=\"async\" src=\"https:\/\/bu.optimum-automotive.com\/wp-content\/uploads\/2024\/07\/jpg\/01-79.jpg\" width=\"184\" height=\"260\" alt=\"PDF - 116.3 ko\"><\/a>\r\n<figcaption class=\"wp-element-caption\"><strong>b\u00f6rse.six-financial-information.de<\/strong><br>\r\nMAPPING CONTROL wird gr\u00fcn\r\n<\/figcaption><\/div> \r\n\r\n<div class=\"wp-block-image\"> \r\n<a href=\"https:\/\/bu.optimum-automotive.com\/wp-content\/uploads\/2024\/07\/pdf\/2016-10-10-5552_fr_finance_yahoo_com.pdf\" title=\"de.finance.yahoo.com\" type=\"application\/pdf\" target=\"_blank\" rel=\"noopener\"><img loading=\"lazy\" decoding=\"async\" src=\"https:\/\/bu.optimum-automotive.com\/wp-content\/uploads\/2024\/07\/jpg\/01-78.jpg\" width=\"184\" height=\"260\" alt=\"PDF - 95.2 ko\"><\/a>\r\n<figcaption class=\"wp-element-caption\"><strong>de.finance.yahoo.com<\/strong><br>\r\nMAPPING CONTROL wird gr\u00fcn\r\n<\/figcaption><\/div> \r\n\r\n<div class=\"wp-block-image\"> \r\n<a href=\"https:\/\/bu.optimum-automotive.com\/wp-content\/uploads\/2024\/07\/pdf\/2016-10-09-5814_parisregionentreprises_org.pdf\" title=\"parisregionentreff.org\" type=\"application\/pdf\" target=\"_blank\" rel=\"noopener\"><img loading=\"lazy\" decoding=\"async\" src=\"https:\/\/bu.optimum-automotive.com\/wp-content\/uploads\/2024\/07\/jpg\/01-77.jpg\" width=\"184\" height=\"260\" alt=\"PDF - 229.4 ko\"><\/a>\r\n<figcaption class=\"wp-element-caption\"><strong>parisregionentreff.org<\/strong><br>\r\nPARIS REGION ENTREPRISES UND DIE SMART MOBILITY\r\n<\/figcaption><\/div> \r\n\r\n<div class=\"wp-block-image\">\r\n<a href=\"https:\/\/bu.optimum-automotive.com\/wp-content\/uploads\/2024\/07\/pdf\/scanner_agence-c3m.com_20161019_180529.pdf\" title=\"DIE TRIB\u00dcNE DER FAHRSCHULEN\" type=\"application\/pdf\" target=\"_blank\" rel=\"noopener\"><img loading=\"lazy\" decoding=\"async\" src=\"https:\/\/bu.optimum-automotive.com\/wp-content\/uploads\/2024\/07\/jpg\/01-91.jpg\" width=\"184\" height=\"260\" alt=\"PDF - 707.6 ko\"><\/a>\r\n<figcaption class=\"wp-element-caption\"><strong>DIE TRIB\u00dcNE DER FAHRSCHULEN<\/strong><br>\r\n10 Jahre, das ist ein Grund zum Feiern!\r\n<\/figcaption><\/div> \r\n\r\n<div class=\"wp-block-image\">\r\n<a href=\"https:\/\/bu.optimum-automotive.com\/wp-content\/uploads\/2024\/07\/pdf\/cap10ans.pdf\" title=\"www.laprovence.com\" type=\"application\/pdf\" target=\"_blank\" rel=\"noopener\"><img loading=\"lazy\" decoding=\"async\" src=\"https:\/\/bu.optimum-automotive.com\/wp-content\/uploads\/2024\/07\/jpg\/01-76.jpg\" width=\"184\" height=\"260\" alt=\"PDF - 372.4 ko\"><\/a>\r\n<figcaption class=\"wp-element-caption\"><strong>www.laprovence.com<\/strong><br>\r\nMapping Control passiert<br class=\"autobr\">\r\ndie 10-Jahres-Marke\r\n<\/figcaption><\/div> \r\n\r\n<div class=\"wp-block-image\"> \r\n<a href=\"https:\/\/bu.optimum-automotive.com\/wp-content\/uploads\/2024\/07\/pdf\/mapping_control_bpifrance.pdf\" title=\"www.laprovence.com\" type=\"application\/pdf\" target=\"_blank\" rel=\"noopener\"><img loading=\"lazy\" decoding=\"async\" src=\"https:\/\/bu.optimum-automotive.com\/wp-content\/uploads\/2024\/07\/jpg\/01-75.jpg\" width=\"184\" height=\"260\" alt=\"PDF - 435 kb\"><\/a>\r\n<figcaption class=\"wp-element-caption\"><strong>www.laprovence.com<\/strong><br>\r\nMapping Control das vernetzte Fahrzeug zur Kostensenkung\r\n<\/figcaption><\/div> \r\n\r\n<h2 class=\"wp-block-heading\">SEPTEMBER 2016<\/h2>\r\n\r\n<div class=\"wp-block-image\"> \r\n<a href=\"https:\/\/bu.optimum-automotive.com\/wp-content\/uploads\/2024\/07\/pdf\/2016_09_16_5614_www_businews_fr.pdf\" title=\"www.businews.fr\" type=\"application\/pdf\" target=\"_blank\" rel=\"noopener\"><img loading=\"lazy\" decoding=\"async\" src=\"https:\/\/bu.optimum-automotive.com\/wp-content\/uploads\/2024\/07\/jpg\/01-72.jpg\" width=\"184\" height=\"260\" alt=\"PDF - 95.5 ko\"><\/a>\r\n<figcaption class=\"wp-element-caption\"><strong>www.businews.fr<\/strong><br>\r\nMapping Control Traum von Amerika\r\n<\/figcaption><\/div> \r\n\r\n<div class=\"wp-block-image\">\r\n<a href=\"https:\/\/bu.optimum-automotive.com\/wp-content\/uploads\/2024\/07\/pdf\/mapping_control_affiche_ses_nouvelles_priorites.pdf\" title=\"Automobilzeitung http:\/\/www.journalauto.com\/\" type=\"application\/pdf\" target=\"_blank\" rel=\"noopener\"><img loading=\"lazy\" decoding=\"async\" src=\"https:\/\/bu.optimum-automotive.com\/wp-content\/uploads\/2024\/07\/jpg\/01-71.jpg\" width=\"184\" height=\"260\" alt=\"PDF - 402.9 ko\"><\/a>\r\n<figcaption class=\"wp-element-caption\"><strong>Automobilzeitung http:\/\/www.journalauto.com\/<\/strong><br>\r\nMAPPING CONTROL ZEIGT SEINE NEUEN PRIORIT\u00c4TEN\r\n<\/figcaption><\/div> \r\n\r\n<div class=\"wp-block-image\"> \r\n<a href=\"https:\/\/bu.optimum-automotive.com\/wp-content\/uploads\/2024\/07\/pdf\/2016-09-13-5851_www_capital_fr.pdf\" title=\"www.capital.fr\" type=\"application\/pdf\" target=\"_blank\" rel=\"noopener\"><img loading=\"lazy\" decoding=\"async\" src=\"https:\/\/bu.optimum-automotive.com\/wp-content\/uploads\/2024\/07\/jpg\/01-70.jpg\" width=\"184\" height=\"260\" alt=\"PDF - 124.6 ko\"><\/a>\r\n<figcaption class=\"wp-element-caption\"><strong>www.capital.fr<\/strong><br>\r\nMAPPING CONTROL \u00fcberschreitet die 10-Jahres-Marke\r\n<\/figcaption><\/div> \r\n\r\n<div class=\"wp-block-image\">\r\n<a href=\"https:\/\/bu.optimum-automotive.com\/wp-content\/uploads\/2024\/07\/pdf\/2016-09-13-5530_www_journalauto_com.pdf\" title=\" www.journalauto.com\" type=\"application\/pdf\" target=\"_blank\" rel=\"noopener\"><img loading=\"lazy\" decoding=\"async\" src=\"https:\/\/bu.optimum-automotive.com\/wp-content\/uploads\/2024\/07\/jpg\/01-69.jpg\" width=\"184\" height=\"260\" alt=\"PDF - 127.6 ko\"><\/a>\r\n<figcaption class=\"wp-element-caption\"><strong>  www.journalauto.com<\/strong><br>\r\nMapping Control zeigt seine neuen Priorit\u00e4ten\r\n<\/figcaption><\/div> \r\n\r\n<div class=\"wp-block-image\"> \r\n<a href=\"https:\/\/bu.optimum-automotive.com\/wp-content\/uploads\/2024\/07\/pdf\/2016-09-13-5524_bourse_sixfinancialinformati.pdf\" title=\"b\u00f6rse.six-financial-information.de\" type=\"application\/pdf\" target=\"_blank\" rel=\"noopener\"><img loading=\"lazy\" decoding=\"async\" src=\"https:\/\/bu.optimum-automotive.com\/wp-content\/uploads\/2024\/07\/jpg\/01-68.jpg\" width=\"184\" height=\"260\" alt=\"PDF - 123.1 ko\"><\/a>\r\n<figcaption class=\"wp-element-caption\"><strong>b\u00f6rse.six-financial-information.de<\/strong><br>\r\nMAPPING CONTROL \u00fcberschreitet die 10-Jahres-Marke\r\n<\/figcaption><\/div> \r\n\r\n<div class=\"wp-block-image\"> \r\n<a href=\"https:\/\/bu.optimum-automotive.com\/wp-content\/uploads\/2024\/07\/pdf\/2016-09-13-5193_fr_news_yahoo_com.pdf\" title=\" de.news.yahoo.com\" type=\"application\/pdf\" target=\"_blank\" rel=\"noopener\"><img loading=\"lazy\" decoding=\"async\" src=\"https:\/\/bu.optimum-automotive.com\/wp-content\/uploads\/2024\/07\/jpg\/01-67.jpg\" width=\"184\" height=\"260\" alt=\"PDF - 123.4 ko\"><\/a>\r\n<figcaption class=\"wp-element-caption\"><strong> de.news.yahoo.com<\/strong><br>\r\nMAPPING CONTROL \u00fcberschreitet die 10-Jahres-Marke\r\n<\/figcaption><\/div> \r\n\r\n<div class=\"wp-block-image\"> \r\n<a href=\"https:\/\/bu.optimum-automotive.com\/wp-content\/uploads\/2024\/07\/pdf\/mapping_control_passe_le_cap_des_10_ans.pdf\" title=\"EuroInvestor.de\" type=\"application\/pdf\" target=\"_blank\" rel=\"noopener\"><img loading=\"lazy\" decoding=\"async\" src=\"https:\/\/bu.optimum-automotive.com\/wp-content\/uploads\/2024\/07\/jpg\/anniversaire_mapping-eur.oinvestor.jpg\" width=\"184\" height=\"260\" alt=\"PDF - 3 MB\"><\/a>\r\n<figcaption class=\"wp-element-caption\"><strong>EuroInvestor.de<\/strong><br>\r\nMAPPING CONTROL \u00fcberschreitet die 10-Jahres-Marke\r\n<\/figcaption><\/div> \r\n\r\n<div class=\"wp-block-image\"> \r\n<a href=\"https:\/\/bu.optimum-automotive.com\/wp-content\/uploads\/2024\/07\/pdf\/snlvld_la_lettre_2016_mapping-control.pdf\" title=\"Der Brief des SNLVLD\" type=\"application\/pdf\" target=\"_blank\" rel=\"noopener\"><img loading=\"lazy\" decoding=\"async\" src=\"https:\/\/bu.optimum-automotive.com\/wp-content\/uploads\/2024\/07\/jpg\/01-63.jpg\" width=\"184\" height=\"260\" alt=\"PDF - 1.8 MB\"><\/a>\r\n<figcaption class=\"wp-element-caption\"><strong>Der Brief des SNLVLD<\/strong><br>\r\n5 ASSOZIIERTE MITGLIEDER , 1 neues Unternehmen tritt bei, Willkommen\r\n<\/figcaption><\/div> \r\n\r\n<div class=\"wp-block-image\"> \r\n<a href=\"https:\/\/bu.optimum-automotive.com\/wp-content\/uploads\/2024\/07\/pdf\/2016-09-08-1438_maires_de_france.pdf\" title=\"B\u00fcrgermeister von Frankreich\" type=\"application\/pdf\" target=\"_blank\" rel=\"noopener\"><img loading=\"lazy\" decoding=\"async\" src=\"https:\/\/bu.optimum-automotive.com\/wp-content\/uploads\/2024\/07\/jpg\/mairesdefrance.jpg\" width=\"184\" height=\"260\" alt=\"PDF - 108 kb\"><\/a>\r\n<figcaption class=\"wp-element-caption\"><strong>B\u00fcrgermeister von Frankreich<\/strong><br>\r\nFahrzeuge, Vernetzte Flotte; heterogene Flotten verwalten...\r\n<\/figcaption><\/div> \r\n\r\n<h2 class=\"wp-block-heading\">JULI 2016<\/h2>\r\n\r\n<div class=\"wp-block-image\"> \r\n<a href=\"https:\/\/bu.optimum-automotive.com\/wp-content\/uploads\/2024\/07\/pdf\/mapping_control_le_specialiste_aixois_bpi.pdf\" title=\"BPI FRANCE http:\/\/www.bpifrance.fr\/\" type=\"application\/pdf\" target=\"_blank\" rel=\"noopener\"><img loading=\"lazy\" decoding=\"async\" src=\"https:\/\/bu.optimum-automotive.com\/wp-content\/uploads\/2024\/07\/jpg\/01-60.jpg\" width=\"184\" height=\"260\" alt=\"PDF - 3.4 MB\"><\/a>\r\n<figcaption class=\"wp-element-caption\"><strong>BPI FRANCE http:\/\/www.bpifrance.fr\/<\/strong><br>\r\nMapping Control, der Aachener Spezialist f\u00fcr vernetzte Fahrzeuge, startet in Afrika\r\n<\/figcaption><\/div> \r\n\r\n<h2 class=\"wp-block-heading\">JUNI 2016<\/h2>\r\n\r\n<div class=\"wp-block-image\">\r\n<a href=\"https:\/\/bu.optimum-automotive.com\/wp-content\/uploads\/2024\/07\/pdf\/itespresso_fr_frenctech_numperique_gestiondeflotte.pdf\" title=\"www.itespresso.fr\" type=\"application\/pdf\" target=\"_blank\" rel=\"noopener\"><img loading=\"lazy\" decoding=\"async\" src=\"https:\/\/bu.optimum-automotive.com\/wp-content\/uploads\/2024\/07\/jpg\/itexpresso_gestion_flotte.jpg\" width=\"184\" height=\"260\" alt=\"PDF - 179.5 ko\"><\/a>\r\n<figcaption class=\"wp-element-caption\"><strong>www.itespresso.fr<\/strong><br>\r\nFRENCH TECH \/ NUMERIQUE \/ PACA - Mapping Control<br class=\"autobr\">\r\nmit dem Label French Tech ausgezeichnet\r\n<\/figcaption><\/div> \r\n\r\n<div class=\"wp-block-image\"> \r\n<a href=\"https:\/\/bu.optimum-automotive.com\/wp-content\/uploads\/2024\/07\/pdf\/labourseetlavie_com_frenchtech.pdf\" title=\"www.labourseetlavie.com\" type=\"application\/pdf\" target=\"_blank\" rel=\"noopener\"><img loading=\"lazy\" decoding=\"async\" src=\"https:\/\/bu.optimum-automotive.com\/wp-content\/uploads\/2024\/07\/jpg\/labourseetlavie_frenctech.jpg\" width=\"184\" height=\"260\" alt=\"PDF - 179.2 ko\"><\/a>\r\n<figcaption class=\"wp-element-caption\"><strong>www.labourseetlavie.com<\/strong><br>\r\nMapping Control mit dem Label French Tech ausgezeichnet\r\n<\/figcaption><\/div> \r\n\r\n<div class=\"wp-block-image\"> \r\n<a href=\"https:\/\/bu.optimum-automotive.com\/wp-content\/uploads\/2024\/07\/pdf\/euroinvestor_fr_frenchtech.pdf\" title=\"www.euroinvestor.fr\" type=\"application\/pdf\" target=\"_blank\" rel=\"noopener\"><img loading=\"lazy\" decoding=\"async\" src=\"https:\/\/bu.optimum-automotive.com\/wp-content\/uploads\/2024\/07\/jpg\/euroinvestor_gestiondeflotte.jpg\" width=\"184\" height=\"260\" alt=\"PDF - 179.5 ko\"><\/a>\r\n<figcaption class=\"wp-element-caption\"><strong>www.euroinvestor.fr<\/strong><br>\r\nFRENCH TECH \/ NUMERIQUE \/ PACA - Mapping Control erh\u00e4lt das French Tech Label\r\n<\/figcaption><\/div> \r\n\r\n<div class=\"wp-block-image\"> \r\n<a href=\"https:\/\/bu.optimum-automotive.com\/wp-content\/uploads\/2024\/07\/pdf\/geolocalisation_vehicules_mapping_capital_fr.pdf\" title=\"www.capital.fr\" type=\"application\/pdf\" target=\"_blank\" rel=\"noopener\"><img loading=\"lazy\" decoding=\"async\" src=\"https:\/\/bu.optimum-automotive.com\/wp-content\/uploads\/2024\/07\/jpg\/gestiondeflotte.jpg\" width=\"184\" height=\"260\" alt=\"PDF - 179.3 ko\"><\/a>\r\n<figcaption class=\"wp-element-caption\"><strong>www.capital.fr<\/strong><br>\r\nFRENCH TECH \/ NUMERIQUE \/ PACA - Mapping Control<br class=\"autobr\">\r\nmit dem Label French Tech ausgezeichnet\r\n<\/figcaption><\/div> \r\n\r\n<div class=\"wp-block-image\"> \r\n<a href=\"https:\/\/bu.optimum-automotive.com\/wp-content\/uploads\/2024\/07\/pdf\/mapping_control_decroche_le_label_french_tech-2.pdf\" title=\"www.cote-azur.cci.fr\" type=\"application\/pdf\" target=\"_blank\" rel=\"noopener\"><img loading=\"lazy\" decoding=\"async\" src=\"https:\/\/bu.optimum-automotive.com\/wp-content\/uploads\/2024\/07\/jpg\/gestiondeparc.jpg\" width=\"184\" height=\"260\" alt=\"PDF - 65.8 ko\"><\/a>\r\n<figcaption class=\"wp-element-caption\"><strong>www.cote-azur.cci.fr<\/strong><br>\r\nVoller Erfolg f\u00fcr das neue Business Acceleration Program des SCS Clusters\r\n<\/figcaption><\/div> \r\n\r\n<div class=\"wp-block-image\">\r\n<a href=\"https:\/\/bu.optimum-automotive.com\/wp-content\/uploads\/2024\/07\/pdf\/mapping_control_decroche_le_label_french_tech.pdf\" title=\"automobil-unternehmen.com\" type=\"application\/pdf\" target=\"_blank\" rel=\"noopener\"><img loading=\"lazy\" decoding=\"async\" src=\"https:\/\/bu.optimum-automotive.com\/wp-content\/uploads\/2024\/07\/jpg\/geolocalisation_automobile_entreprise.jpg\" width=\"184\" height=\"260\" alt=\"PDF - 1.3 MB\"><\/a>\r\n<figcaption class=\"wp-element-caption\"><strong>automobil-unternehmen.com<\/strong><br>\r\nMapping Control erh\u00e4lt das French Tech Label\r\n<\/figcaption><\/div> \r\n\r\n<div class=\"wp-block-image\">\r\n<a href=\"https:\/\/bu.optimum-automotive.com\/wp-content\/uploads\/2024\/07\/pdf\/2016-06-29_labourseetlavie_com.pdf\" title=\"labourseetlavie.com\" type=\"application\/pdf\" target=\"_blank\" rel=\"noopener\"><img loading=\"lazy\" decoding=\"async\" src=\"https:\/\/bu.optimum-automotive.com\/wp-content\/uploads\/2024\/07\/jpg\/geolocalisation_french_teck.jpg\" width=\"184\" height=\"260\" alt=\"PDF - 179.2 ko\"><\/a>\r\n<figcaption class=\"wp-element-caption\"><strong>labourseetlavie.com<\/strong><br>\r\nMapping Control mit dem Label French Tech ausgezeichnet\r\n<\/figcaption><\/div> \r\n\r\n<div class=\"wp-block-image\">\r\n<a href=\"https:\/\/bu.optimum-automotive.com\/wp-content\/uploads\/2024\/07\/pdf\/paca_-_mapping-french_teck.pdf\" title=\"Yahoo Finanzen\" type=\"application\/pdf\" target=\"_blank\" rel=\"noopener\"><img loading=\"lazy\" decoding=\"async\" src=\"https:\/\/bu.optimum-automotive.com\/wp-content\/uploads\/2024\/07\/jpg\/01-57.jpg\" width=\"184\" height=\"260\" alt=\"PDF - 2.6 MB\"><\/a>\r\n<figcaption class=\"wp-element-caption\"><strong>Yahoo Finanzen<\/strong><br>\r\nFRENCH TECH \/ NUMERIQUE \/ PACA - Mapping Control\r\n<\/figcaption><\/div> \r\n\r\n<div class=\"wp-block-image\">\r\n<a href=\"https:\/\/bu.optimum-automotive.com\/wp-content\/uploads\/2024\/07\/pdf\/17juin-journalauto-geolocalisation.pdf\" title=\"Auto Zeitung\" type=\"application\/pdf\" target=\"_blank\" rel=\"noopener\"><img loading=\"lazy\" decoding=\"async\" src=\"https:\/\/bu.optimum-automotive.com\/wp-content\/uploads\/2024\/07\/jpg\/01-54.jpg\" width=\"184\" height=\"260\" alt=\"PDF - 4.4 MB\"><\/a>\r\n<figcaption class=\"wp-element-caption\"><strong>Auto Zeitung<\/strong><br>\r\nDossier Geolokalisierung Mapping Control\r\n<\/figcaption><\/div> \r\n\r\n<div class=\"wp-block-image\"> \r\n<a href=\"https:\/\/bu.optimum-automotive.com\/wp-content\/uploads\/2024\/07\/pdf\/l_essentiel.pdf\" title=\"Das Wichtigste\" type=\"application\/pdf\" target=\"_blank\" rel=\"noopener\"><img loading=\"lazy\" decoding=\"async\" src=\"https:\/\/bu.optimum-automotive.com\/wp-content\/uploads\/2024\/07\/jpg\/01-59.jpg\" width=\"184\" height=\"260\" alt=\"PDF - 584.6 ko\"><\/a>\r\n<figcaption class=\"wp-element-caption\"><strong>Das Wichtigste<\/strong><br>\r\nFrenc teak Mapping Contrrol\r\n<\/figcaption><\/div> \r\n\r\n<div class=\"wp-block-image\">\r\n<a href=\"https:\/\/bu.optimum-automotive.com\/wp-content\/uploads\/2024\/07\/pdf\/2016-06-07-1742_la_provence.pdf\" title=\"La Provence\" type=\"application\/pdf\" target=\"_blank\" rel=\"noopener\"><img loading=\"lazy\" decoding=\"async\" src=\"https:\/\/bu.optimum-automotive.com\/wp-content\/uploads\/2024\/07\/jpg\/01-55.jpg\" width=\"185\" height=\"267\" alt=\"PDF - 187.8 ko\"><\/a>\r\n<figcaption class=\"wp-element-caption\"><strong>La Provence<\/strong><br>\r\nMapping Control hilft Ihnen, Ihren Fuhrpark zu optimieren.\r\n<\/figcaption><\/div> \r\n\r\n<div class=\"wp-block-image\">\r\n<a href=\"https:\/\/bu.optimum-automotive.com\/wp-content\/uploads\/2024\/07\/pdf\/cai_90_rencontre_mc.pdf\" title=\"TREFFEN\" type=\"application\/pdf\" target=\"_blank\" rel=\"noopener\"><img loading=\"lazy\" decoding=\"async\" src=\"https:\/\/bu.optimum-automotive.com\/wp-content\/uploads\/2024\/07\/jpg\/01-52.jpg\" width=\"184\" height=\"260\" alt=\"PDF - 81.5 ko\"><\/a>\r\n<figcaption class=\"wp-element-caption\"><strong>TREFFEN<\/strong><br>\r\nDiese neuen Fahrer<br class=\"autobr\">\r\nund ihre seltsamen Maschinen\r\n<\/figcaption><\/div> \r\n\r\n<h2 class=\"wp-block-heading\">MAI 2016<\/h2>\r\n\r\n<div class=\"wp-block-image\">\r\n<a href=\"https:\/\/bu.optimum-automotive.com\/wp-content\/uploads\/2024\/07\/pdf\/2016-05-16-perspectives_entrepreneurs.pdf\" title=\"UNTERNEHMERPERSPEKTIVEN\" type=\"application\/pdf\" target=\"_blank\" rel=\"noopener\"><img loading=\"lazy\" decoding=\"async\" src=\"https:\/\/bu.optimum-automotive.com\/wp-content\/uploads\/2024\/07\/jpg\/01-53.jpg\" width=\"184\" height=\"260\" alt=\"PDF - 554.3 ko\"><\/a>\r\n<figcaption class=\"wp-element-caption\"><strong>UNTERNEHMERPERSPEKTIVEN<\/strong><br>\r\nAutoflotte: Sparen Sie!\r\n\r\n<\/figcaption><\/div> \r\n\r\n<h2 class=\"wp-block-heading\">APRIL 2016<\/h2>\r\n\r\n<div class=\"wp-block-image\">\r\n<a href=\"https:\/\/bu.optimum-automotive.com\/wp-content\/uploads\/2024\/07\/pdf\/pdf_mapping_control_specialiste_aixois_du_vehicule_connecte_se_lance_en_afrique.pdf\" title=\"SITE usine-digitale.fr\" type=\"application\/pdf\" target=\"_blank\" rel=\"noopener\"><img loading=\"lazy\" decoding=\"async\" src=\"https:\/\/bu.optimum-automotive.com\/wp-content\/uploads\/2024\/07\/jpg\/01-35.jpg\" width=\"184\" height=\"260\" alt=\"PDF - 955.1 ko\"><\/a>\r\n<figcaption class=\"wp-element-caption\"><strong>SITE usine-digitale.fr<\/strong><br>\r\nVerwaltung von vernetzten Fahrzeugflotten MAPPING CONTROL AFRIKA\r\n<\/figcaption><\/div> \r\n\r\n<div class=\"wp-block-image\">\r\n<a href=\"https:\/\/bu.optimum-automotive.com\/wp-content\/uploads\/2024\/07\/pdf\/2016-04-08-1542_kilometres_entreprise.pdf\" title=\"UNTERNEHMENSKILOMETER\" type=\"application\/pdf\" target=\"_blank\" rel=\"noopener\"><img loading=\"lazy\" decoding=\"async\" src=\"https:\/\/bu.optimum-automotive.com\/wp-content\/uploads\/2024\/07\/jpg\/01-31.jpg\" width=\"184\" height=\"260\" alt=\"PDF - 79.1 ko\"><\/a>\r\n<figcaption class=\"wp-element-caption\"><strong>UNTERNEHMENSKILOMETER<\/strong><br>\r\nDie Ambitionen von Mapping Control\r\n<\/figcaption><\/div> \r\n\r\n<div class=\"wp-block-image\">\r\n<a href=\"https:\/\/bu.optimum-automotive.com\/wp-content\/uploads\/2024\/07\/pdf\/2016-04-14-1679_challenges.pdf\" title=\"CHALLENGES\" type=\"application\/pdf\" target=\"_blank\" rel=\"noopener\"><img loading=\"lazy\" decoding=\"async\" src=\"https:\/\/bu.optimum-automotive.com\/wp-content\/uploads\/2024\/07\/jpg\/01-32.jpg\" width=\"184\" height=\"260\" alt=\"PDF - 1.9 MB\"><\/a>\r\n<figcaption class=\"wp-element-caption\"><strong>CHALLENGES<\/strong><br>\r\nFahrzeugtelematik: \"La French connexion\" (Die franz\u00f6sische Verbindung)\r\n<\/figcaption><\/div> \r\n\r\n<div class=\"wp-block-image\">\r\n<a href=\"https:\/\/bu.optimum-automotive.com\/wp-content\/uploads\/2024\/07\/pdf\/itw_mapping_control_gestion_de_parc.pdf\" title=\"DIE ECO-KMU\" type=\"application\/pdf\" target=\"_blank\" rel=\"noopener\"><img loading=\"lazy\" decoding=\"async\" src=\"https:\/\/bu.optimum-automotive.com\/wp-content\/uploads\/2024\/07\/jpg\/01-33.jpg\" width=\"184\" height=\"260\" alt=\"PDF - 4.1 MB\"><\/a>\r\n<figcaption class=\"wp-element-caption\"><strong>DIE ECO-KMU<\/strong><br>\r\n\"F\u00fcr marokkanische Unternehmen ist das Flottenmanagement von entscheidender Bedeutung\".\r\n<\/figcaption><\/div> \r\n\r\n<h2 class=\"wp-block-heading\">M\u00c4RZ 2016<\/h2>\r\n\r\n<div class=\"wp-block-image\"> \r\n<a href=\"https:\/\/bu.optimum-automotive.com\/wp-content\/uploads\/2024\/07\/pdf\/mapping-control__la_gestion_optimum___telematique_embarquee_flottes_automobiles.pdf\" title=\"SITE FLOTTES AUTOMOBILES flotauto.com\" type=\"application\/pdf\" target=\"_blank\" rel=\"noopener\"><img loading=\"lazy\" decoding=\"async\" src=\"https:\/\/bu.optimum-automotive.com\/wp-content\/uploads\/2024\/07\/jpg\/flotte_auto.jpg\" width=\"184\" height=\"260\" alt=\"PDF - 1.9 MB\"><\/a>\r\n<figcaption class=\"wp-element-caption\"><strong>SITE FLOTTES AUTOMOBILES flotauto.com<\/strong><br>\r\nMapping Control: die optimale Verwaltung | Fahrzeugtelematik\r\n<\/figcaption><\/div> \r\n\r\n<div class=\"wp-block-image\"> \r\n<a href=\"https:\/\/bu.optimum-automotive.com\/wp-content\/uploads\/2024\/07\/pdf\/optimum_automotive_veut_changer_les_habitudes.pdf\" title=\"SITE JOURNAL AUTO JournalAuto.com\" type=\"application\/pdf\" target=\"_blank\" rel=\"noopener\"><img loading=\"lazy\" decoding=\"async\" src=\"https:\/\/bu.optimum-automotive.com\/wp-content\/uploads\/2024\/07\/jpg\/01-28.jpg\" width=\"184\" height=\"260\" alt=\"PDF - 155.7 ko\"><\/a>\r\n<figcaption class=\"wp-element-caption\"><strong>SITE JOURNAL AUTO JournalAuto.com<\/strong><br>\r\nOPTIMUM AUTOMOTIVE, Vollmachten an die<br class=\"autobr\">\r\nEntscheidungstr\u00e4gern und Flottenmanagern\r\n<\/figcaption><\/div> \r\n\r\n<div class=\"wp-block-image\"> \r\n<a href=\"https:\/\/bu.optimum-automotive.com\/wp-content\/uploads\/2024\/07\/pdf\/mapping_control_renforce_son_outil_de_gestion_de_parc.pdf\" title=\"SITE MAGAZIN L&#039;AUTOMOBILE L&#039;ENTREPRISE automobile-entreprise.com\" type=\"application\/pdf\" target=\"_blank\" rel=\"noopener\"><img loading=\"lazy\" decoding=\"async\" src=\"https:\/\/bu.optimum-automotive.com\/wp-content\/uploads\/2024\/07\/jpg\/01-3-2.jpg\" width=\"184\" height=\"260\" alt=\"PDF - 4.9 MB\"><\/a>\r\n<figcaption class=\"wp-element-caption\"><strong>SITE MAGAZIN L'AUTOMOBILE L'ENTREPRISE automobile-entreprise.com<\/strong><br>\r\nMapping Control baut sein Flottenmanagement-Tool aus\r\n<\/figcaption><\/div> \r\n\r\n<div class=\"wp-block-image\">\r\n<a href=\"https:\/\/bu.optimum-automotive.com\/wp-content\/uploads\/2024\/07\/pdf\/des_outils_pour_gerer_en_interne___location_longue_duree___flottes_automobiles.pdf\" title=\"SITE FLOTTES AUTOMOBILES flotauto.com\" type=\"application\/pdf\" target=\"_blank\" rel=\"noopener\"><img loading=\"lazy\" decoding=\"async\" src=\"https:\/\/bu.optimum-automotive.com\/wp-content\/uploads\/2024\/07\/jpg\/01-4-2.jpg\" width=\"184\" height=\"260\" alt=\"PDF - 579 kb\"><\/a>\r\n<figcaption class=\"wp-element-caption\"><strong>SITE FLOTTES AUTOMOBILES flotauto.com<\/strong><br>\r\nTools zur internen Verwaltung | Langzeitvermietung\r\n\r\n<\/figcaption><\/div> \r\n\r\n<h2 class=\"wp-block-heading\">FEBRUAR 2016<\/h2>\r\n\r\n<div class=\"wp-block-image\">\r\n<a href=\"https:\/\/bu.optimum-automotive.com\/wp-content\/uploads\/2024\/07\/pdf\/2016-02-25-5791_paca_cci_fr.pdf\" title=\"SITE CCI PROVENCE ALPES COTE D&#039;AZUR paca.cci.fr\" type=\"application\/pdf\" target=\"_blank\" rel=\"noopener\"><img loading=\"lazy\" decoding=\"async\" src=\"https:\/\/bu.optimum-automotive.com\/wp-content\/uploads\/2024\/07\/jpg\/01-5-2.jpg\" width=\"184\" height=\"260\" alt=\"PDF - 168.6 ko\"><\/a>\r\n<figcaption class=\"wp-element-caption\"><strong>SITE CCI PROVENCE ALPES COTE D'AZUR paca.cci.fr<\/strong><br>\r\nPaca Accelerator zur Begleitung innovativer Unternehmen\r\n<\/figcaption><\/div> \r\n\r\n<div class=\"wp-block-image\"> \r\n<a href=\"https:\/\/bu.optimum-automotive.com\/wp-content\/uploads\/2024\/07\/pdf\/2016-02-24-5589_www_lesechos_fr.pdf\" title=\"SITE LESECHOS.FR\" type=\"application\/pdf\" target=\"_blank\" rel=\"noopener\"><img loading=\"lazy\" decoding=\"async\" src=\"https:\/\/bu.optimum-automotive.com\/wp-content\/uploads\/2024\/07\/jpg\/01-6-2.jpg\" width=\"184\" height=\"260\" alt=\"PDF - 321.6 ko\"><\/a>\r\n<figcaption class=\"wp-element-caption\"><strong>SITE LESECHOS.FR<\/strong><br>\r\nPaca Accelerator will das Wachstum lokaler Gazellen ankurbeln\r\n<\/figcaption><\/div> \r\n\r\n<div class=\"wp-block-image\">\r\n<a href=\"https:\/\/bu.optimum-automotive.com\/wp-content\/uploads\/2024\/07\/pdf\/2016-02-24-1378_les_echos.pdf\" title=\"LES ECHOS\" type=\"application\/pdf\" target=\"_blank\" rel=\"noopener\"><img loading=\"lazy\" decoding=\"async\" src=\"https:\/\/bu.optimum-automotive.com\/wp-content\/uploads\/2024\/07\/jpg\/01-7-2.jpg\" width=\"184\" height=\"260\" alt=\"PDF - 93.3 ko\"><\/a>\r\n<figcaption class=\"wp-element-caption\"><strong>LES ECHOS<\/strong><br>\r\nPaca Accelerator will das Wachstum lokaler Gazellen ankurbeln\r\n<\/figcaption><\/div> \r\n\r\n<div class=\"wp-block-image\"> \r\n<a href=\"https:\/\/bu.optimum-automotive.com\/wp-content\/uploads\/2024\/07\/pdf\/2016-02-18-1552_flottes_automobiles_breve_.pdf\" title=\"AUTOFLOTTEN\" type=\"application\/pdf\" target=\"_blank\" rel=\"noopener\"><img loading=\"lazy\" decoding=\"async\" src=\"https:\/\/bu.optimum-automotive.com\/wp-content\/uploads\/2024\/07\/jpg\/01-8.jpg\" width=\"184\" height=\"260\" alt=\"PDF - 294.2 ko\"><\/a>\r\n<figcaption class=\"wp-element-caption\"><strong>AUTOFLOTTEN<\/strong><br>\r\nLeucate geokalisiert seine Stadtpolizei\r\n<\/figcaption><\/div> \r\n\r\n<div class=\"wp-block-image\">\r\n<a href=\"https:\/\/bu.optimum-automotive.com\/wp-content\/uploads\/2024\/07\/pdf\/2016-02-18-1298_flottes_automobiles.pdf\" title=\"AUTOFLOTTEN\" type=\"application\/pdf\" target=\"_blank\" rel=\"noopener\"><img loading=\"lazy\" decoding=\"async\" src=\"https:\/\/bu.optimum-automotive.com\/wp-content\/uploads\/2024\/07\/jpg\/01-9.jpg\" width=\"184\" height=\"260\" alt=\"PDF - 602.5 ko\"><\/a>\r\n<figcaption class=\"wp-element-caption\"><strong>AUTOFLOTTEN<\/strong><br>\r\nVermietung f\u00fcr einen l\u00e4ngeren Zeitraum. Dienstleistungen \u00e0 la carte\r\n<\/figcaption><\/div> \r\n\r\n<div class=\"wp-block-image\"> \r\n<a href=\"https:\/\/bu.optimum-automotive.com\/wp-content\/uploads\/2024\/07\/pdf\/2016-02-17-5478_www_pleinchamp_com_.pdf\" title=\"WEBSEITE PLEINCHAMP pleinchamp.com\" type=\"application\/pdf\" target=\"_blank\" rel=\"noopener\"><img loading=\"lazy\" decoding=\"async\" src=\"https:\/\/bu.optimum-automotive.com\/wp-content\/uploads\/2024\/07\/jpg\/01-10.jpg\" width=\"184\" height=\"260\" alt=\"PDF - 72.7 ko\"><\/a>\r\n<figcaption class=\"wp-element-caption\"><strong>WEBSEITE PLEINCHAMP pleinchamp.com<\/strong><br>\r\nYourmachine.com, eine neue Website zum Teilen von Maschinen\r\n<\/figcaption><\/div> \r\n\r\n<div class=\"wp-block-image\">\r\n<a href=\"https:\/\/bu.optimum-automotive.com\/wp-content\/uploads\/2024\/07\/pdf\/2016-02-09-1031_la_provence.pdf\" title=\"PROVENZ\" type=\"application\/pdf\" target=\"_blank\" rel=\"noopener\"><img loading=\"lazy\" decoding=\"async\" src=\"https:\/\/bu.optimum-automotive.com\/wp-content\/uploads\/2024\/07\/jpg\/01-12.jpg\" width=\"184\" height=\"260\" alt=\"PDF - 96.8 ko\"><\/a>\r\n<figcaption class=\"wp-element-caption\"><strong>PROVENZ<\/strong><br>\r\nINNOVATION : Die Region unterst\u00fctzt Mapping Control\r\n<\/figcaption><\/div> \r\n\r\n<div class=\"wp-block-image\">\r\n<a href=\"https:\/\/bu.optimum-automotive.com\/wp-content\/uploads\/2024\/07\/pdf\/2016-02-09-1691_le_journal_des_entreprises_edi.pdf\" title=\"DIE ZEITUNG DER UNTERNEHMEN PROVENCE-COTE D&#039;AZUR\" type=\"application\/pdf\" target=\"_blank\" rel=\"noopener\"><img loading=\"lazy\" decoding=\"async\" src=\"https:\/\/bu.optimum-automotive.com\/wp-content\/uploads\/2024\/07\/jpg\/01-11.jpg\" width=\"184\" height=\"260\" alt=\"PDF - 201.1 ko\"><\/a>\r\n<figcaption class=\"wp-element-caption\"><strong>DIE ZEITUNG DER UNTERNEHMEN PROVENCE-COTE D'AZUR<\/strong><br>\r\nMapping Control Paca Accelerator\r\n<\/figcaption><\/div> \r\n\r\n<h2 class=\"wp-block-heading\">JANUAR 2016<\/h2>\r\n\r\n<div class=\"wp-block-image\">\r\n<a href=\"https:\/\/bu.optimum-automotive.com\/wp-content\/uploads\/2024\/07\/pdf\/2015_12_28_1349_informations_agricoles_hebdo_a.pdf\" title=\"LANDWIRTSCHAFTLICHE INFORMATIONEN\" type=\"application\/pdf\" target=\"_blank\" rel=\"noopener\"><img loading=\"lazy\" decoding=\"async\" src=\"https:\/\/bu.optimum-automotive.com\/wp-content\/uploads\/2024\/07\/jpg\/01-14.jpg\" width=\"184\" height=\"260\" alt=\"PDF - 555.8 ko\"><\/a>\r\n<figcaption class=\"wp-element-caption\"><strong>LANDWIRTSCHAFTLICHE INFORMATIONEN<\/strong><br>\r\nKollaborative Wirtschaft: Vermieten und Teilen von landwirtschaftlichen Ger\u00e4ten\r\n<\/figcaption><\/div> \r\n\r\n<div class=\"wp-block-image\"> \r\n<a href=\"https:\/\/bu.optimum-automotive.com\/wp-content\/uploads\/2024\/07\/pdf\/2016_01_06_5323_www_lejournaldesentreprises_co.pdf\" title=\"LE JOURNAL DES ENTREPRISES lejournaldesentreprises.com\" type=\"application\/pdf\" target=\"_blank\" rel=\"noopener\"><img loading=\"lazy\" decoding=\"async\" src=\"https:\/\/bu.optimum-automotive.com\/wp-content\/uploads\/2024\/07\/jpg\/01-13.jpg\" width=\"184\" height=\"260\" alt=\"PDF - 93.7 ko\"><\/a>\r\n<figcaption class=\"wp-element-caption\"><strong>LE JOURNAL DES ENTREPRISES lejournaldesentreprises.com<\/strong><br>\r\nAix-en-Provence. Mapping Control von Paca Accelerator ausgew\u00e4hlt\r\n<\/figcaption><\/div> \r\n\r\n<div class=\"wp-block-image\"> \r\n<a href=\"https:\/\/bu.optimum-automotive.com\/wp-content\/uploads\/2024\/07\/pdf\/la_tribune_des_auto-ecoles.pdf\" title=\"DIE TRIB\u00dcNE DER FAHRSCHULEN\" type=\"application\/pdf\" target=\"_blank\" rel=\"noopener\"><img loading=\"lazy\" decoding=\"async\" src=\"https:\/\/bu.optimum-automotive.com\/wp-content\/uploads\/2024\/07\/jpg\/01-15.jpg\" width=\"184\" height=\"260\" alt=\"PDF - 103.8 ko\"><\/a>\r\n<figcaption class=\"wp-element-caption\"><strong>DIE TRIB\u00dcNE DER FAHRSCHULEN<\/strong><br>\r\nGeolokalisierung: Ein Werkzeug zur Kostensenkung\r\n<\/figcaption><\/div> \r\n\r\n<h2 class=\"wp-block-heading\">NOVEMBER 2015<\/h2>\r\n\r\n<div class=\"wp-block-image\"> \r\n<a href=\"https:\/\/bu.optimum-automotive.com\/wp-content\/uploads\/2024\/07\/pdf\/2015_10_28_5204_www_transportissimo_com.pdf\" title=\"TRANSPORTISSIMO transportissimo.com\" type=\"application\/pdf\" target=\"_blank\" rel=\"noopener\"><img loading=\"lazy\" decoding=\"async\" src=\"https:\/\/bu.optimum-automotive.com\/wp-content\/uploads\/2024\/07\/jpg\/01-16.jpg\" width=\"184\" height=\"260\" alt=\"PDF - 399.4 ko\"><\/a>\r\n<figcaption class=\"wp-element-caption\"><strong>TRANSPORTISSIMO transportissimo.com<\/strong><br>\r\nTransports AJC verwaltet seine LKWs mit Mapping Control\r\n\r\n<\/figcaption><\/div> \r\n\r\n<h2 class=\"wp-block-heading\">OKTOBER 2015<\/h2>\r\n\r\n<div class=\"wp-block-image\">\r\n<a href=\"https:\/\/bu.optimum-automotive.com\/wp-content\/uploads\/2024\/07\/pdf\/2015_10_25_5491_www_flotauto_com.pdf\" title=\"FLOTAUTO flotauto.com\" type=\"application\/pdf\" target=\"_blank\" rel=\"noopener\"><img loading=\"lazy\" decoding=\"async\" src=\"https:\/\/bu.optimum-automotive.com\/wp-content\/uploads\/2024\/07\/jpg\/01-17.jpg\" width=\"184\" height=\"260\" alt=\"PDF - 161.7 ko\"><\/a>\r\n<figcaption class=\"wp-element-caption\"><strong>FLOTAUTO flotauto.com<\/strong><br>\r\nTransports AJC optimiert sein Flottenmanagement mit Mapping Control\r\n<\/figcaption><\/div> \r\n\r\n<div class=\"wp-block-image\"> \r\n<a href=\"https:\/\/bu.optimum-automotive.com\/wp-content\/uploads\/2024\/07\/pdf\/2015_10_25_5214_www_automobileentreprise_com.pdf\" title=\"DAS AUTOMOBIL &amp; DAS UNTERNEHMEN automobile-entreprise.com\" type=\"application\/pdf\" target=\"_blank\" rel=\"noopener\"><img loading=\"lazy\" decoding=\"async\" src=\"https:\/\/bu.optimum-automotive.com\/wp-content\/uploads\/2024\/07\/jpg\/01-18.jpg\" width=\"184\" height=\"260\" alt=\"PDF - 144.9 kb\"><\/a>\r\n<figcaption class=\"wp-element-caption\"><strong>DAS AUTOMOBIL &amp; DAS UNTERNEHMEN automobile-entreprise.com<\/strong><br>\r\nTransports AJC stattet seine 80 Nutzfahrzeuge mit einer Telematikbox aus\r\n<\/figcaption><\/div> \r\n\r\n<div class=\"wp-block-image\">\r\n<a href=\"https:\/\/bu.optimum-automotive.com\/wp-content\/uploads\/2024\/07\/pdf\/2015_10_08_1393_l_automobile___l_entreprise.pdf\" title=\"DAS AUTO &amp; DAS UNTERNEHMEN\" type=\"application\/pdf\" target=\"_blank\" rel=\"noopener\"><img loading=\"lazy\" decoding=\"async\" src=\"https:\/\/bu.optimum-automotive.com\/wp-content\/uploads\/2024\/07\/jpg\/01-19.jpg\" width=\"184\" height=\"260\" alt=\"PDF - 243.8 ko\"><\/a>\r\n<figcaption class=\"wp-element-caption\"><strong>DAS AUTO &amp; DAS UNTERNEHMEN<\/strong><br>\r\nMapping Control sammelt Geld f\u00fcr seine Entwicklung\r\n<\/figcaption><\/div> \r\n\r\n<div class=\"wp-block-image\">\r\n<a href=\"https:\/\/bu.optimum-automotive.com\/wp-content\/uploads\/2024\/07\/pdf\/le_nouvel_horizon_de_la_telematique_embarquee.pdf\" title=\"EINKAUFSENTSCHEIDUNG\" type=\"application\/pdf\" target=\"_blank\" rel=\"noopener\"><img loading=\"lazy\" decoding=\"async\" src=\"https:\/\/bu.optimum-automotive.com\/wp-content\/uploads\/2024\/07\/jpg\/01-20.jpg\" width=\"184\" height=\"260\" alt=\"PDF - 724.3 ko\"><\/a>\r\n<figcaption class=\"wp-element-caption\"><strong>EINKAUFSENTSCHEIDUNG<\/strong><br>\r\nFLEET MANAGEMENT | ENTSCHL\u00dcSSELUNG : Der neue Horizont der Telematik\r\n<\/figcaption><\/div> \r\n\r\n<div class=\"wp-block-image\"> \r\n<a href=\"https:\/\/bu.optimum-automotive.com\/wp-content\/uploads\/2024\/07\/pdf\/mapping_control___la_pme_vise_le_monde_de_l_automobile.pdf\" title=\"LE JOURNAL DES ENTREPRISES EDITION PROVENCE-COTE D&#039;AZUR\" type=\"application\/pdf\" target=\"_blank\" rel=\"noopener\"><img loading=\"lazy\" decoding=\"async\" src=\"https:\/\/bu.optimum-automotive.com\/wp-content\/uploads\/2024\/07\/jpg\/01-21.jpg\" width=\"184\" height=\"260\" alt=\"PDF - 173.2 ko\"><\/a>\r\n<figcaption class=\"wp-element-caption\"><strong>LE JOURNAL DES ENTREPRISES EDITION PROVENCE-COTE D'AZUR<\/strong><br>\r\nMapping Control. Das Unternehmen zielt auf das \u00d6kosystem der Automobilbranche ab\r\n<\/figcaption><\/div> \r\n\r\n<div class=\"wp-block-image\"> \r\n<a href=\"https:\/\/bu.optimum-automotive.com\/wp-content\/uploads\/2024\/07\/pdf\/2015_10_05_1151_businews.pdf\" title=\"BUSINEWS\" type=\"application\/pdf\" target=\"_blank\" rel=\"noopener\"><img loading=\"lazy\" decoding=\"async\" src=\"https:\/\/bu.optimum-automotive.com\/wp-content\/uploads\/2024\/07\/jpg\/01-22.jpg\" width=\"184\" height=\"260\" alt=\"PDF - 469.6 ko\"><\/a>\r\n<figcaption class=\"wp-element-caption\"><strong>BUSINEWS<\/strong><br>\r\nL\u00d6SUNGEN \"UMWELTFREUNDLICHE MOBILIT\u00c4T\"\/\"TRANSPORT DER ZUKUNFT\".\r\n\r\n<\/figcaption><\/div> \r\n\r\n<h2 class=\"wp-block-heading\">SEPTEMBER 2015<\/h2>\r\n\r\n<div class=\"wp-block-image\"> \r\n<a href=\"https:\/\/bu.optimum-automotive.com\/wp-content\/uploads\/2024\/07\/pdf\/p16-la_provence_28_septembre_2015.pdf\" title=\"LA PROVENCE MARSEILLE\" type=\"application\/pdf\" target=\"_blank\" rel=\"noopener\"><img loading=\"lazy\" decoding=\"async\" src=\"https:\/\/bu.optimum-automotive.com\/wp-content\/uploads\/2024\/07\/jpg\/01-23.jpg\" width=\"184\" height=\"260\" alt=\"PDF - 19.4 MB\"><\/a>\r\n<figcaption class=\"wp-element-caption\"><strong>LA PROVENCE MARSEILLE<\/strong><br>\r\nAUTOFLOTTEN Das Unternehmen verwaltet sie aus der Ferne\r\n<\/figcaption><\/div> \r\n\r\n<div class=\"wp-block-image\"> \r\n<a href=\"https:\/\/bu.optimum-automotive.com\/wp-content\/uploads\/2024\/07\/pdf\/2015_09_25_1850_la_tribune_hebdo.pdf\" title=\"LA TRIBUNE\" type=\"application\/pdf\" target=\"_blank\" rel=\"noopener\"><img loading=\"lazy\" decoding=\"async\" src=\"https:\/\/bu.optimum-automotive.com\/wp-content\/uploads\/2024\/07\/jpg\/01-24.jpg\" width=\"184\" height=\"260\" alt=\"PDF - 685.2 ko\"><\/a>\r\n<figcaption class=\"wp-element-caption\"><strong>LA TRIBUNE<\/strong><br>\r\nVier Tech-Startups aus Marseille\r\n<\/figcaption><\/div> \r\n\r\n<div class=\"wp-block-image\">\r\n<a href=\"https:\/\/bu.optimum-automotive.com\/wp-content\/uploads\/2024\/07\/pdf\/2015_09_17_1655_flash_infos_economie_edition_p.pdf\" title=\"FLASH INFOS ECONOMIE EDITION PACA\/CORSE\/LANGUEDOC ROUSSILLON)\" type=\"application\/pdf\" target=\"_blank\" rel=\"noopener\"><img loading=\"lazy\" decoding=\"async\" src=\"https:\/\/bu.optimum-automotive.com\/wp-content\/uploads\/2024\/07\/jpg\/01-25.jpg\" width=\"184\" height=\"260\" alt=\"PDF - 65.8 ko\"><\/a>\r\n<figcaption class=\"wp-element-caption\"><strong>FLASH INFOS ECONOMIE EDITION PACA\/CORSE\/LANGUEDOC ROUSSILLON)<\/strong><br>\r\nHIGH TECH: Mapping Control expandiert ins Ausland\r\n<\/figcaption><\/div> \r\n\r\n<h2 class=\"wp-block-heading\">AUGUST 2015<\/h2>\r\n\r\n<div class=\"wp-block-image\"> \r\n<a href=\"https:\/\/bu.optimum-automotive.com\/wp-content\/uploads\/2024\/07\/pdf\/2015_09_16_5521_www_meridienmag_fr.pdf\" title=\"MERIDIEN MAG meridienmag.de\" type=\"application\/pdf\" target=\"_blank\" rel=\"noopener\"><img loading=\"lazy\" decoding=\"async\" src=\"https:\/\/bu.optimum-automotive.com\/wp-content\/uploads\/2024\/07\/jpg\/01-26.jpg\" width=\"184\" height=\"260\" alt=\"PDF - 136 kb\"><\/a>\r\n<figcaption class=\"wp-element-caption\"><strong>MERIDIEN MAG meridienmag.de<\/strong><br>\r\nMapping Control beschleunigt auf internationaler Ebene - Bouches-du-Rh\u00f4ne\r\n<\/figcaption><\/div> \r\n\r\n<div class=\"wp-block-image\"> \r\n<a href=\"https:\/\/bu.optimum-automotive.com\/wp-content\/uploads\/2024\/07\/pdf\/2015_09_01_5728_www_journaldunet_com.pdf\" title=\"JOURNAL DU NET journaldunet.com\" type=\"application\/pdf\" target=\"_blank\" rel=\"noopener\"><img loading=\"lazy\" decoding=\"async\" src=\"https:\/\/bu.optimum-automotive.com\/wp-content\/uploads\/2024\/07\/jpg\/01-27.jpg\" width=\"184\" height=\"260\" alt=\"PDF - 184.9 ko\"><\/a>\r\n<figcaption class=\"wp-element-caption\"><strong>JOURNAL DU NET journaldunet.com<\/strong><br>\r\nDas franz\u00f6sische Web hat diesen Sommer 123 Millionen Euro aufgebracht, ein Anstieg um 45,8%\r\n<\/figcaption><\/div>\n<\/div>","protected":false},"excerpt":{"rendered":"<p>REVUE DE PRESSE Mars 2025 F\u00e9vrier 2025 Janvier 2025 D\u00e9cembre 2024 Novembre 2024 Octobre 2024 Septembre 2024 Ao\u00fbt 2024 JUILLET 2024 JUIN 2024 MARS 2024 JANVIER 2024 NOVEMBRE 2023 OCTOBRE 2023 JUIN 2023 MAI 2023 AVRIL 2023 MARS 2023 F\u00c9VRIER 2023 JANVIER 2023 D\u00c9CEMBRE 2022 NOVEMBRE 2022 pa-sport.fr AUTOMOBILE&nbsp;: Optimum automotive scelle un nouveau partenariat [&hellip;]<\/p>","protected":false},"author":1,"featured_media":0,"parent":0,"menu_order":0,"comment_status":"closed","ping_status":"closed","template":"page-without-title.php","meta":{"_coblocks_attr":"","_coblocks_dimensions":"","_coblocks_responsive_height":"","_coblocks_accordion_ie_support":"","_uag_custom_page_level_css":"","footnotes":""},"class_list":["post-1413","page","type-page","status-publish","hentry"],"uagb_featured_image_src":{"full":false,"thumbnail":false,"medium":false,"medium_large":false,"large":false,"1536x1536":false,"2048x2048":false,"trp-custom-language-flag":false},"uagb_author_info":{"display_name":"camaleon","author_link":"https:\/\/bu.optimum-automotive.com\/de\/author\/camaleon\/"},"uagb_comment_info":0,"uagb_excerpt":"REVUE DE PRESSE Mars 2025 F\u00e9vrier 2025 Janvier 2025 D\u00e9cembre 2024 Novembre 2024 Octobre 2024 Septembre 2024 Ao\u00fbt 2024 JUILLET 2024 JUIN 2024 MARS 2024 JANVIER 2024 NOVEMBRE 2023 OCTOBRE 2023 JUIN 2023 MAI 2023 AVRIL 2023 MARS 2023 F\u00c9VRIER 2023 JANVIER 2023 D\u00c9CEMBRE 2022 NOVEMBRE 2022 pa-sport.fr AUTOMOBILE&nbsp;: Optimum automotive scelle un nouveau partenariat&hellip;","_links":{"self":[{"href":"https:\/\/bu.optimum-automotive.com\/de\/wp-json\/wp\/v2\/pages\/1413","targetHints":{"allow":["GET"]}}],"collection":[{"href":"https:\/\/bu.optimum-automotive.com\/de\/wp-json\/wp\/v2\/pages"}],"about":[{"href":"https:\/\/bu.optimum-automotive.com\/de\/wp-json\/wp\/v2\/types\/page"}],"author":[{"embeddable":true,"href":"https:\/\/bu.optimum-automotive.com\/de\/wp-json\/wp\/v2\/users\/1"}],"replies":[{"embeddable":true,"href":"https:\/\/bu.optimum-automotive.com\/de\/wp-json\/wp\/v2\/comments?post=1413"}],"version-history":[{"count":120,"href":"https:\/\/bu.optimum-automotive.com\/de\/wp-json\/wp\/v2\/pages\/1413\/revisions"}],"predecessor-version":[{"id":5795,"href":"https:\/\/bu.optimum-automotive.com\/de\/wp-json\/wp\/v2\/pages\/1413\/revisions\/5795"}],"wp:attachment":[{"href":"https:\/\/bu.optimum-automotive.com\/de\/wp-json\/wp\/v2\/media?parent=1413"}],"curies":[{"name":"wp","href":"https:\/\/api.w.org\/{rel}","templated":true}]}}