{"id":4919,"date":"2025-01-14T14:05:50","date_gmt":"2025-01-14T13:05:50","guid":{"rendered":"https:\/\/www.optimum-automotive.com\/?page_id=4919"},"modified":"2025-02-04T15:52:17","modified_gmt":"2025-02-04T14:52:17","slug":"blog","status":"publish","type":"page","link":"https:\/\/bu.optimum-automotive.com\/de\/blog\/","title":{"rendered":"Der Blog des vernetzten Fahrzeugs"},"content":{"rendered":"<h2 class=\"wp-block-heading has-text-align-center blog has-blue-background-color has-text-color has-background has-link-color wp-elements-d1e04d5a6caab7f981ce16af15bf0f02\" style=\"color:#ffffff\">Der Blog des vernetzten Fahrzeugs<\/h2>\n\n\n\t\t<div class=\"wppsac-wrap wppsac-slick-carousel-wrp wppsac-clearfix blog\" data-conf=\"{&quot;slides_to_show&quot;:4,&quot;slides_to_scroll&quot;:1,&quot;dots&quot;:&quot;true&quot;,&quot;arrows&quot;:&quot;true&quot;,&quot;autoplay&quot;:&quot;true&quot;,&quot;autoplay_interval&quot;:6000,&quot;speed&quot;:1000,&quot;rtl&quot;:&quot;false&quot;,&quot;lazyload&quot;:&quot;&quot;}\">\r\n\t\t\t<div id=\"wppsac-post-carousel-1\" class=\"wppsac-post-slider-init wppsac-post-carousel design-1\">\r\n\t\t\t\t<div class=\"wppsac-carousel-slides\">\r\n\t\t<div class=\"wppsac-post-image-bg\">\r\n\t\t<a href=\"https:\/\/bu.optimum-automotive.com\/de\/reform-der-aen-2025-klarungen\/\">\r\n\t\t\t<img decoding=\"async\" class=\"wppsac-post-image\"  src=\"https:\/\/bu.optimum-automotive.com\/wp-content\/uploads\/2025\/03\/vignette-aen.png\" alt=\"AEN-Reform 2025: Die Klarstellungen sind da!\u00a0\" \/>\r\n\t\t<\/a>\r\n\t<\/div>\r\n\t\r\n\t<div class=\"wppsac-post-content-position\">\r\n\t\t\t\t<div class=\"wppsac-post-categories\"><ul class=\"wppsac-post-categories-list\"><li><a href=\"https:\/\/bu.optimum-automotive.com\/de\/category\/blog\/elektrifizierung-von-flotten\/\">Elektrifizierung von Flotten<\/a><\/li><\/ul><\/div>\r\n\t\t\r\n\t\t<h2 class=\"wppsac-post-title\">\r\n\t\t\t<a href=\"https:\/\/bu.optimum-automotive.com\/de\/reform-der-aen-2025-klarungen\/\">AEN-Reform 2025: Die Klarstellungen sind da!\u00a0<\/a>\r\n\t\t<\/h2>\r\n\r\n\t\t\t\t<div class=\"wppsac-post-content\">\r\n\t\t\t<div class=\"wppsac-sub-content\">Erfahren Sie Klarstellungen zur Reform der NEA 2025: Regeln, revidierte S\u00e4tze und Strategien zur Optimierung der...<\/div>\r\n\r\n\t\t\t\t\t<\/div>\r\n\t\t\t<\/div>\r\n<\/div><div class=\"wppsac-carousel-slides\">\r\n\t\t<div class=\"wppsac-post-image-bg\">\r\n\t\t<a href=\"https:\/\/bu.optimum-automotive.com\/de\/geldwerte-vorteile-dienstwagen-2025\/\">\r\n\t\t\t<img decoding=\"async\" class=\"wppsac-post-image\"  src=\"https:\/\/bu.optimum-automotive.com\/wp-content\/uploads\/2025\/03\/Taille-Vignette-article-site-oa.png\" alt=\"Reform der geldwerten Vorteile von Fahrzeugen: R\u00fcckwirkende Anwendung zum 1. Februar 2025\" \/>\r\n\t\t<\/a>\r\n\t<\/div>\r\n\t\r\n\t<div class=\"wppsac-post-content-position\">\r\n\t\t\t\t<div class=\"wppsac-post-categories\"><ul class=\"wppsac-post-categories-list\"><li><a href=\"https:\/\/bu.optimum-automotive.com\/de\/category\/blog\/flottenmanagement-2\/\">Flottenmanagement<\/a><\/li><\/ul><\/div>\r\n\t\t\r\n\t\t<h2 class=\"wppsac-post-title\">\r\n\t\t\t<a href=\"https:\/\/bu.optimum-automotive.com\/de\/geldwerte-vorteile-dienstwagen-2025\/\">Reform der geldwerten Vorteile von Fahrzeugen: R\u00fcckwirkende Anwendung zum 1. Februar 2025<\/a>\r\n\t\t<\/h2>\r\n\r\n\t\t\t\t<div class=\"wppsac-post-content\">\r\n\t\t\t<div class=\"wppsac-sub-content\">Die neuen Steuerreformen werden die Kfz-Steuer f\u00fcr Unternehmen ab 2025 grundlegend ver\u00e4ndern. Fahrzeuge, die als umweltsch\u00e4dlich eingestuft werden, werden...<\/div>\r\n\r\n\t\t\t\t\t<\/div>\r\n\t\t\t<\/div>\r\n<\/div><div class=\"wppsac-carousel-slides\">\r\n\t\t<div class=\"wppsac-post-image-bg\">\r\n\t\t<a href=\"https:\/\/bu.optimum-automotive.com\/de\/fiskalitat-autoflotten-2025-reformen-steuern-bonus-malus\/\">\r\n\t\t\t<img decoding=\"async\" class=\"wppsac-post-image\"  src=\"https:\/\/bu.optimum-automotive.com\/wp-content\/uploads\/2025\/02\/pour-article-FRANCK.jpg\" alt=\"Besteuerung von Fahrzeugflotten im Jahr 2025: ein gro\u00dfer Umbruch f\u00fcr Unternehmen\" \/>\r\n\t\t<\/a>\r\n\t<\/div>\r\n\t\r\n\t<div class=\"wppsac-post-content-position\">\r\n\t\t\t\t<div class=\"wppsac-post-categories\"><ul class=\"wppsac-post-categories-list\"><li><a href=\"https:\/\/bu.optimum-automotive.com\/de\/category\/blog\/flottenmanagement-2\/\">Flottenmanagement<\/a><\/li><\/ul><\/div>\r\n\t\t\r\n\t\t<h2 class=\"wppsac-post-title\">\r\n\t\t\t<a href=\"https:\/\/bu.optimum-automotive.com\/de\/fiskalitat-autoflotten-2025-reformen-steuern-bonus-malus\/\">Besteuerung von Fahrzeugflotten im Jahr 2025: ein gro\u00dfer Umbruch f\u00fcr Unternehmen<\/a>\r\n\t\t<\/h2>\r\n\r\n\t\t\t\t<div class=\"wppsac-post-content\">\r\n\t\t\t<div class=\"wppsac-sub-content\">Die neuen Steuerreformen werden die Kfz-Steuer f\u00fcr Unternehmen ab 2025 grundlegend ver\u00e4ndern. Fahrzeuge, die als umweltsch\u00e4dlich eingestuft werden, werden...<\/div>\r\n\r\n\t\t\t\t\t<\/div>\r\n\t\t\t<\/div>\r\n<\/div><div class=\"wppsac-carousel-slides\">\r\n\t\t<div class=\"wppsac-post-image-bg\">\r\n\t\t<a href=\"https:\/\/bu.optimum-automotive.com\/de\/intelligente-radargerate-in-frankreich-wie-man-sein-unternehmen-richtig-schutzt\/\">\r\n\t\t\t<img decoding=\"async\" class=\"wppsac-post-image\"  src=\"https:\/\/bu.optimum-automotive.com\/wp-content\/uploads\/2025\/01\/Les-radars-intelligents-en-France.jpg\" alt=\"Intelligente Radarger\u00e4te in Frankreich: Das eigene Unternehmen gut sch\u00fctzen\" \/>\r\n\t\t<\/a>\r\n\t<\/div>\r\n\t\r\n\t<div class=\"wppsac-post-content-position\">\r\n\t\t\t\t<div class=\"wppsac-post-categories\"><ul class=\"wppsac-post-categories-list\"><li><a href=\"https:\/\/bu.optimum-automotive.com\/de\/category\/blog\/flottenmanagement-2\/\">Flottenmanagement<\/a><\/li><\/ul><\/div>\r\n\t\t\r\n\t\t<h2 class=\"wppsac-post-title\">\r\n\t\t\t<a href=\"https:\/\/bu.optimum-automotive.com\/de\/intelligente-radargerate-in-frankreich-wie-man-sein-unternehmen-richtig-schutzt\/\">Intelligente Radarger\u00e4te in Frankreich: Das eigene Unternehmen gut sch\u00fctzen<\/a>\r\n\t\t<\/h2>\r\n\r\n\t\t\t\t<div class=\"wppsac-post-content\">\r\n\t\t\t<div class=\"wppsac-sub-content\">Intelligente Radarger\u00e4te: ein gro\u00dfer technologischer Fortschritt<\/div>\r\n\r\n\t\t\t\t\t<\/div>\r\n\t\t\t<\/div>\r\n<\/div><div class=\"wppsac-carousel-slides\">\r\n\t\t<div class=\"wppsac-post-image-bg\">\r\n\t\t<a href=\"https:\/\/bu.optimum-automotive.com\/de\/steuer-auf-geldwerte-leistungen-eine-neue-bedrohung-fur-unternehmen-und-arbeitnehmer\/\">\r\n\t\t\t<img decoding=\"async\" class=\"wppsac-post-image\"  src=\"https:\/\/bu.optimum-automotive.com\/wp-content\/uploads\/2024\/11\/Fiscalite-des-Avantages-en-Nature.jpg\" alt=\"Besteuerung von geldwerten Vorteilen: Bedrohung von Unternehmen und Arbeitnehmern\" \/>\r\n\t\t<\/a>\r\n\t<\/div>\r\n\t\r\n\t<div class=\"wppsac-post-content-position\">\r\n\t\t\t\t<div class=\"wppsac-post-categories\"><ul class=\"wppsac-post-categories-list\"><li><a href=\"https:\/\/bu.optimum-automotive.com\/de\/category\/blog\/flottenmanagement-2\/\">Flottenmanagement<\/a><\/li><\/ul><\/div>\r\n\t\t\r\n\t\t<h2 class=\"wppsac-post-title\">\r\n\t\t\t<a href=\"https:\/\/bu.optimum-automotive.com\/de\/steuer-auf-geldwerte-leistungen-eine-neue-bedrohung-fur-unternehmen-und-arbeitnehmer\/\">Besteuerung von geldwerten Vorteilen: Bedrohung von Unternehmen und Arbeitnehmern<\/a>\r\n\t\t<\/h2>\r\n\r\n\t\t\t\t<div class=\"wppsac-post-content\">\r\n\t\t\t<div class=\"wppsac-sub-content\">Steuern auf NEAs: Eine Bedrohung f\u00fcr Arbeitnehmer und Unternehmen!\u00a0<\/div>\r\n\r\n\t\t\t\t\t<\/div>\r\n\t\t\t<\/div>\r\n<\/div><div class=\"wppsac-carousel-slides\">\r\n\t\t<div class=\"wppsac-post-image-bg\">\r\n\t\t<a href=\"https:\/\/bu.optimum-automotive.com\/de\/zwischeninspektionen-vermeiden-sie-die-gebuhren-fur-die-ruckgabe-von-mietfahrzeugen\/\">\r\n\t\t\t<img decoding=\"async\" class=\"wppsac-post-image\"  src=\"https:\/\/bu.optimum-automotive.com\/wp-content\/uploads\/2024\/08\/Inspections-intermediaire.jpg\" alt=\"Zwischeninspektionen: Kosten f\u00fcr die R\u00fcckgabe von gemieteten Fahrzeugen unter Kontrolle bringen\" \/>\r\n\t\t<\/a>\r\n\t<\/div>\r\n\t\r\n\t<div class=\"wppsac-post-content-position\">\r\n\t\t\t\t<div class=\"wppsac-post-categories\"><ul class=\"wppsac-post-categories-list\"><li><a href=\"https:\/\/bu.optimum-automotive.com\/de\/category\/blog\/flottenmanagement-2\/\">Flottenmanagement<\/a><\/li><\/ul><\/div>\r\n\t\t\r\n\t\t<h2 class=\"wppsac-post-title\">\r\n\t\t\t<a href=\"https:\/\/bu.optimum-automotive.com\/de\/zwischeninspektionen-vermeiden-sie-die-gebuhren-fur-die-ruckgabe-von-mietfahrzeugen\/\">Zwischeninspektionen: Kosten f\u00fcr die R\u00fcckgabe von gemieteten Fahrzeugen unter Kontrolle bringen<\/a>\r\n\t\t<\/h2>\r\n\r\n\t\t\t\t<div class=\"wppsac-post-content\">\r\n\t\t\t<div class=\"wppsac-sub-content\">Zwischeninspektionen: Vermeidung von Kosten f\u00fcr die R\u00fcckgabe von Mietfahrzeugen\u00a0<\/div>\r\n\r\n\t\t\t\t\t<\/div>\r\n\t\t\t<\/div>\r\n<\/div><div class=\"wppsac-carousel-slides\">\r\n\t\t<div class=\"wppsac-post-image-bg\">\r\n\t\t<a href=\"https:\/\/bu.optimum-automotive.com\/de\/energetische-umstellung-der-autoflotten-unternehmen-mussen-handeln\/\">\r\n\t\t\t<img decoding=\"async\" class=\"wppsac-post-image\"  src=\"https:\/\/bu.optimum-automotive.com\/wp-content\/uploads\/2024\/04\/Transition-energetique-des-flottes.jpg\" alt=\"Energiewende in Fuhrparks: Unternehmen m\u00fcssen handeln\" \/>\r\n\t\t<\/a>\r\n\t<\/div>\r\n\t\r\n\t<div class=\"wppsac-post-content-position\">\r\n\t\t\t\t<div class=\"wppsac-post-categories\"><ul class=\"wppsac-post-categories-list\"><li><a href=\"https:\/\/bu.optimum-automotive.com\/de\/category\/blog\/elektrifizierung-von-flotten\/\">Elektrifizierung von Flotten<\/a><\/li><\/ul><\/div>\r\n\t\t\r\n\t\t<h2 class=\"wppsac-post-title\">\r\n\t\t\t<a href=\"https:\/\/bu.optimum-automotive.com\/de\/energetische-umstellung-der-autoflotten-unternehmen-mussen-handeln\/\">Energiewende in Fuhrparks: Unternehmen m\u00fcssen handeln<\/a>\r\n\t\t<\/h2>\r\n\r\n\t\t\t\t<div class=\"wppsac-post-content\">\r\n\t\t\t<div class=\"wppsac-sub-content\">Gesetz von Damien Adam: Dekarbonisierung der Fahrzeugflotten<\/div>\r\n\r\n\t\t\t\t\t<\/div>\r\n\t\t\t<\/div>\r\n<\/div><div class=\"wppsac-carousel-slides\">\r\n\t\t<div class=\"wppsac-post-image-bg\">\r\n\t\t<a href=\"https:\/\/bu.optimum-automotive.com\/de\/schadensmanagement-fur-autos-die-neue-sparquelle-fur-flotten\/\">\r\n\t\t\t<img decoding=\"async\" class=\"wppsac-post-image\"  src=\"https:\/\/bu.optimum-automotive.com\/wp-content\/uploads\/2024\/04\/Gestion-des-sinistres-et-dommages-automobiles.jpg\" alt=\"Kfz-Schadens- und Schadensmanagement: Die neue Sparquelle f\u00fcr Fuhrparks.\" \/>\r\n\t\t<\/a>\r\n\t<\/div>\r\n\t\r\n\t<div class=\"wppsac-post-content-position\">\r\n\t\t\t\t<div class=\"wppsac-post-categories\"><ul class=\"wppsac-post-categories-list\"><li><a href=\"https:\/\/bu.optimum-automotive.com\/de\/category\/blog\/flottenmanagement-2\/\">Flottenmanagement<\/a><\/li><\/ul><\/div>\r\n\t\t\r\n\t\t<h2 class=\"wppsac-post-title\">\r\n\t\t\t<a href=\"https:\/\/bu.optimum-automotive.com\/de\/schadensmanagement-fur-autos-die-neue-sparquelle-fur-flotten\/\">Kfz-Schadens- und Schadensmanagement: Die neue Sparquelle f\u00fcr Fuhrparks.<\/a>\r\n\t\t<\/h2>\r\n\r\n\t\t\t\t<div class=\"wppsac-post-content\">\r\n\t\t\t<div class=\"wppsac-sub-content\">Sch\u00e4den und Unf\u00e4lle: Die versteckten Kosten von Firmenfahrzeugen<\/div>\r\n\r\n\t\t\t\t\t<\/div>\r\n\t\t\t<\/div>\r\n<\/div>\t\t\t<\/div>\r\n\t\t<\/div>\r\n\t\n\n\n<p><\/p>","protected":false},"excerpt":{"rendered":"<p>Der Blog des vernetzten Fahrzeugs<\/p>","protected":false},"author":1,"featured_media":0,"parent":0,"menu_order":0,"comment_status":"closed","ping_status":"closed","template":"page-blog.php","meta":{"_coblocks_attr":"","_coblocks_dimensions":"","_coblocks_responsive_height":"","_coblocks_accordion_ie_support":"","_uag_custom_page_level_css":"","footnotes":""},"class_list":["post-4919","page","type-page","status-publish","hentry"],"uagb_featured_image_src":{"full":false,"thumbnail":false,"medium":false,"medium_large":false,"large":false,"1536x1536":false,"2048x2048":false,"trp-custom-language-flag":false},"uagb_author_info":{"display_name":"camaleon","author_link":"https:\/\/bu.optimum-automotive.com\/de\/author\/camaleon\/"},"uagb_comment_info":0,"uagb_excerpt":"Le Blog du v\u00e9hicule connect\u00e9","_links":{"self":[{"href":"https:\/\/bu.optimum-automotive.com\/de\/wp-json\/wp\/v2\/pages\/4919","targetHints":{"allow":["GET"]}}],"collection":[{"href":"https:\/\/bu.optimum-automotive.com\/de\/wp-json\/wp\/v2\/pages"}],"about":[{"href":"https:\/\/bu.optimum-automotive.com\/de\/wp-json\/wp\/v2\/types\/page"}],"author":[{"embeddable":true,"href":"https:\/\/bu.optimum-automotive.com\/de\/wp-json\/wp\/v2\/users\/1"}],"replies":[{"embeddable":true,"href":"https:\/\/bu.optimum-automotive.com\/de\/wp-json\/wp\/v2\/comments?post=4919"}],"version-history":[{"count":35,"href":"https:\/\/bu.optimum-automotive.com\/de\/wp-json\/wp\/v2\/pages\/4919\/revisions"}],"predecessor-version":[{"id":5569,"href":"https:\/\/bu.optimum-automotive.com\/de\/wp-json\/wp\/v2\/pages\/4919\/revisions\/5569"}],"wp:attachment":[{"href":"https:\/\/bu.optimum-automotive.com\/de\/wp-json\/wp\/v2\/media?parent=4919"}],"curies":[{"name":"wp","href":"https:\/\/api.w.org\/{rel}","templated":true}]}}