{"id":1413,"date":"2024-05-23T11:37:12","date_gmt":"2024-05-23T09:37:12","guid":{"rendered":"https:\/\/www.optimum-automotive.com\/?page_id=1413"},"modified":"2025-03-31T15:24:26","modified_gmt":"2025-03-31T13:24:26","slug":"revue-de-presse","status":"publish","type":"page","link":"https:\/\/bu.optimum-automotive.com\/en\/press-review\/","title":{"rendered":"PRESS REVIEW"},"content":{"rendered":"<h1 class=\"wp-block-heading mt-0\">PRESS REVIEW<\/h1>\n\n\n\n<div class=\"wp-block-uagb-container uagb-layout-flex uagb-block-1b6264bc default uagb-is-root-container\">\n<h2 class=\"wp-block-heading\">March 2025<\/h2>\n\n\n<div class=\"wp-block-image\">\n<figure class=\"aligncenter size-full has-lightbox\"><a href=\"https:\/\/bu.optimum-automotive.com\/wp-content\/uploads\/2025\/03\/2025-03-25-ITRNEWS.COM-NEWSLETTER-25-mars-2025-10000000068801724.pdf\" target=\"_blank\" rel=\"noreferrer noopener\"><img loading=\"lazy\" decoding=\"async\" width=\"153\" height=\"200\" src=\"https:\/\/bu.optimum-automotive.com\/wp-content\/uploads\/2025\/03\/01-16.jpg\" alt=\"\" class=\"wp-image-5792\" srcset=\"https:\/\/bu.optimum-automotive.com\/wp-content\/uploads\/2025\/03\/01-16.jpg 153w, https:\/\/bu.optimum-automotive.com\/wp-content\/uploads\/2025\/03\/01-16-9x12.jpg 9w\" sizes=\"auto, (max-width: 153px) 100vw, 153px\" \/><\/a><figcaption class=\"wp-element-caption\"><strong>ITR NEWS COM<\/strong><br>Shiftmove appoints Taco van der Leij Managing Director France<\/figcaption><\/figure><\/div>\n\n<div class=\"wp-block-image\">\n<figure class=\"aligncenter size-full has-lightbox\"><a href=\"https:\/\/bu.optimum-automotive.com\/wp-content\/uploads\/2025\/03\/2025-03-24-tendancesit.com-24-mars-2025-50000000372457453.pdf\" target=\"_blank\" rel=\"noreferrer noopener\"><img loading=\"lazy\" decoding=\"async\" width=\"153\" height=\"200\" src=\"https:\/\/bu.optimum-automotive.com\/wp-content\/uploads\/2025\/03\/01-15.jpg\" alt=\"\" class=\"wp-image-5790\" srcset=\"https:\/\/bu.optimum-automotive.com\/wp-content\/uploads\/2025\/03\/01-15.jpg 153w, https:\/\/bu.optimum-automotive.com\/wp-content\/uploads\/2025\/03\/01-15-9x12.jpg 9w\" sizes=\"auto, (max-width: 153px) 100vw, 153px\" \/><\/a><figcaption class=\"wp-element-caption\"><strong>IT trends<\/strong><br>Shiftmove appoints Taco van der Leij Managing Director France<\/figcaption><\/figure><\/div>\n\n<div class=\"wp-block-image\">\n<figure class=\"aligncenter size-full has-lightbox\"><a href=\"https:\/\/bu.optimum-automotive.com\/wp-content\/uploads\/2025\/03\/2025-03-24-lentrepriseconnectee.com-24-mars-2025-50000000372457500.pdf\" target=\"_blank\" rel=\"noreferrer noopener\"><img loading=\"lazy\" decoding=\"async\" width=\"153\" height=\"200\" src=\"https:\/\/bu.optimum-automotive.com\/wp-content\/uploads\/2025\/03\/01-14.jpg\" alt=\"\" class=\"wp-image-5788\" srcset=\"https:\/\/bu.optimum-automotive.com\/wp-content\/uploads\/2025\/03\/01-14.jpg 153w, https:\/\/bu.optimum-automotive.com\/wp-content\/uploads\/2025\/03\/01-14-9x12.jpg 9w\" sizes=\"auto, (max-width: 153px) 100vw, 153px\" \/><\/a><figcaption class=\"wp-element-caption\"><strong>The Connected Enterprise<\/strong><br>Shiftmove appoints Taco van der Leij Managing Director France<\/figcaption><\/figure><\/div>\n\n<div class=\"wp-block-image\">\n<figure class=\"aligncenter size-full has-lightbox\"><a href=\"https:\/\/bu.optimum-automotive.com\/wp-content\/uploads\/2025\/03\/2025-03-24-lavienumerique.com-24-mars-2025-50000000372457499.pdf\" target=\"_blank\" rel=\"noreferrer noopener\"><img loading=\"lazy\" decoding=\"async\" width=\"153\" height=\"200\" src=\"https:\/\/bu.optimum-automotive.com\/wp-content\/uploads\/2025\/03\/01-13.jpg\" alt=\"\" class=\"wp-image-5786\" srcset=\"https:\/\/bu.optimum-automotive.com\/wp-content\/uploads\/2025\/03\/01-13.jpg 153w, https:\/\/bu.optimum-automotive.com\/wp-content\/uploads\/2025\/03\/01-13-9x12.jpg 9w\" sizes=\"auto, (max-width: 153px) 100vw, 153px\" \/><\/a><figcaption class=\"wp-element-caption\"><strong>DigitalLife<\/strong><br>Shiftmove appoints Taco van der Leij Managing Director France<\/figcaption><\/figure><\/div>\n\n<div class=\"wp-block-image\">\n<figure class=\"aligncenter size-full has-lightbox\"><a href=\"https:\/\/bu.optimum-automotive.com\/wp-content\/uploads\/2025\/03\/2025-03-24-itrsoftware.com-24-mars-2025-50000000372457435.pdf\" target=\"_blank\" rel=\"noreferrer noopener\"><img loading=\"lazy\" decoding=\"async\" width=\"153\" height=\"200\" src=\"https:\/\/bu.optimum-automotive.com\/wp-content\/uploads\/2025\/03\/01-12.jpg\" alt=\"\" class=\"wp-image-5784\" srcset=\"https:\/\/bu.optimum-automotive.com\/wp-content\/uploads\/2025\/03\/01-12.jpg 153w, https:\/\/bu.optimum-automotive.com\/wp-content\/uploads\/2025\/03\/01-12-9x12.jpg 9w\" sizes=\"auto, (max-width: 153px) 100vw, 153px\" \/><\/a><figcaption class=\"wp-element-caption\"><strong>ITRsoftware<\/strong><br>Shiftmove appoints Taco van der Leij Managing Director France<\/figcaption><\/figure><\/div>\n\n<div class=\"wp-block-image\">\n<figure class=\"aligncenter size-full has-lightbox\"><a href=\"https:\/\/bu.optimum-automotive.com\/wp-content\/uploads\/2025\/03\/2025-03-24-itrnews.com-24-mars-2025-50000000372457450-1.pdf\" target=\"_blank\" rel=\"noreferrer noopener\"><img loading=\"lazy\" decoding=\"async\" width=\"153\" height=\"200\" src=\"https:\/\/bu.optimum-automotive.com\/wp-content\/uploads\/2025\/03\/01-11.jpg\" alt=\"\" class=\"wp-image-5781\" srcset=\"https:\/\/bu.optimum-automotive.com\/wp-content\/uploads\/2025\/03\/01-11.jpg 153w, https:\/\/bu.optimum-automotive.com\/wp-content\/uploads\/2025\/03\/01-11-9x12.jpg 9w\" sizes=\"auto, (max-width: 153px) 100vw, 153px\" \/><\/a><figcaption class=\"wp-element-caption\"><strong>ITRNews<\/strong><br>Shiftmove appoints Taco van der Leij Managing Director France<\/figcaption><\/figure><\/div>\n\n<div class=\"wp-block-image\">\n<figure class=\"aligncenter size-full has-lightbox\"><a href=\"https:\/\/bu.optimum-automotive.com\/wp-content\/uploads\/2025\/03\/2025-03-24-itrmobiles.com-24-mars-2025-50000000372457467-1.pdf\" target=\"_blank\" rel=\"noreferrer noopener\"><img loading=\"lazy\" decoding=\"async\" width=\"153\" height=\"200\" src=\"https:\/\/bu.optimum-automotive.com\/wp-content\/uploads\/2025\/03\/01-10.jpg\" alt=\"\" class=\"wp-image-5779\" srcset=\"https:\/\/bu.optimum-automotive.com\/wp-content\/uploads\/2025\/03\/01-10.jpg 153w, https:\/\/bu.optimum-automotive.com\/wp-content\/uploads\/2025\/03\/01-10-9x12.jpg 9w\" sizes=\"auto, (max-width: 153px) 100vw, 153px\" \/><\/a><figcaption class=\"wp-element-caption\"><strong>ITR Mobiles<\/strong><br>Shiftmove appoints Taco van der Leij Managing Director France<\/figcaption><\/figure><\/div>\n\n<div class=\"wp-block-image\">\n<figure class=\"aligncenter size-full has-lightbox\"><a href=\"https:\/\/bu.optimum-automotive.com\/wp-content\/uploads\/2025\/03\/2025-03-24-itrinnovation.com-24-mars-2025-50000000372457445.pdf\" target=\"_blank\" rel=\"noreferrer noopener\"><img loading=\"lazy\" decoding=\"async\" width=\"153\" height=\"200\" src=\"https:\/\/bu.optimum-automotive.com\/wp-content\/uploads\/2025\/03\/01-9.jpg\" alt=\"\" class=\"wp-image-5775\" srcset=\"https:\/\/bu.optimum-automotive.com\/wp-content\/uploads\/2025\/03\/01-9.jpg 153w, https:\/\/bu.optimum-automotive.com\/wp-content\/uploads\/2025\/03\/01-9-9x12.jpg 9w\" sizes=\"auto, (max-width: 153px) 100vw, 153px\" \/><\/a><figcaption class=\"wp-element-caption\"><strong>ITR innovation<\/strong><br>Shiftmove appoints Taco van der Leij Managing Director France<\/figcaption><\/figure><\/div>\n\n<div class=\"wp-block-image\">\n<figure class=\"aligncenter size-full has-lightbox\"><a href=\"https:\/\/bu.optimum-automotive.com\/wp-content\/uploads\/2025\/03\/2025-03-24-itrgames.com-24-mars-2025-50000000372457463.pdf\" target=\"_blank\" rel=\"noreferrer noopener\"><img loading=\"lazy\" decoding=\"async\" width=\"153\" height=\"200\" src=\"https:\/\/bu.optimum-automotive.com\/wp-content\/uploads\/2025\/03\/01-8.jpg\" alt=\"\" class=\"wp-image-5771\" srcset=\"https:\/\/bu.optimum-automotive.com\/wp-content\/uploads\/2025\/03\/01-8.jpg 153w, https:\/\/bu.optimum-automotive.com\/wp-content\/uploads\/2025\/03\/01-8-9x12.jpg 9w\" sizes=\"auto, (max-width: 153px) 100vw, 153px\" \/><\/a><figcaption class=\"wp-element-caption\"><strong>ITR games<\/strong><br>Shiftmove appoints Taco van der Leij Managing Director France<\/figcaption><\/figure><\/div>\n\n<div class=\"wp-block-image\">\n<figure class=\"aligncenter size-full has-lightbox\"><a href=\"https:\/\/bu.optimum-automotive.com\/wp-content\/uploads\/2025\/03\/2025-03-24-infodsi.com-24-mars-2025-50000000372457448.pdf\" target=\"_blank\" rel=\"noreferrer noopener\"><img loading=\"lazy\" decoding=\"async\" width=\"153\" height=\"200\" src=\"https:\/\/bu.optimum-automotive.com\/wp-content\/uploads\/2025\/03\/01-7.jpg\" alt=\"\" class=\"wp-image-5768\" srcset=\"https:\/\/bu.optimum-automotive.com\/wp-content\/uploads\/2025\/03\/01-7.jpg 153w, https:\/\/bu.optimum-automotive.com\/wp-content\/uploads\/2025\/03\/01-7-9x12.jpg 9w\" sizes=\"auto, (max-width: 153px) 100vw, 153px\" \/><\/a><figcaption class=\"wp-element-caption\"><strong>infoDSI<\/strong><br>Shiftmove appoints Taco van der Leij Managing Director France<\/figcaption><\/figure><\/div>\n\n<div class=\"wp-block-image\">\n<figure class=\"aligncenter size-full has-lightbox\"><a href=\"https:\/\/bu.optimum-automotive.com\/wp-content\/uploads\/2025\/03\/2025-03-24-ia-newsmag.com-24-mars-2025-50000000372457489.pdf\" target=\"_blank\" rel=\"noreferrer noopener\"><img loading=\"lazy\" decoding=\"async\" width=\"153\" height=\"200\" src=\"https:\/\/bu.optimum-automotive.com\/wp-content\/uploads\/2025\/03\/01-6.jpg\" alt=\"\" class=\"wp-image-5757\" srcset=\"https:\/\/bu.optimum-automotive.com\/wp-content\/uploads\/2025\/03\/01-6.jpg 153w, https:\/\/bu.optimum-automotive.com\/wp-content\/uploads\/2025\/03\/01-6-9x12.jpg 9w\" sizes=\"auto, (max-width: 153px) 100vw, 153px\" \/><\/a><figcaption class=\"wp-element-caption\"><strong>ia-newsmag.com<\/strong><br>Shiftmove appoints Taco van der Leij Managing Director France<\/figcaption><\/figure><\/div>\n\n<div class=\"wp-block-image\">\n<figure class=\"aligncenter size-full has-lightbox\"><a href=\"https:\/\/bu.optimum-automotive.com\/wp-content\/uploads\/2025\/03\/2025-03-24-electronique-newsmag.com-24-mars-2025-50000000372457495.pdf\" target=\"_blank\" rel=\"noreferrer noopener\"><img loading=\"lazy\" decoding=\"async\" width=\"153\" height=\"200\" src=\"https:\/\/bu.optimum-automotive.com\/wp-content\/uploads\/2025\/03\/01-5.jpg\" alt=\"\" class=\"wp-image-5754\" srcset=\"https:\/\/bu.optimum-automotive.com\/wp-content\/uploads\/2025\/03\/01-5.jpg 153w, https:\/\/bu.optimum-automotive.com\/wp-content\/uploads\/2025\/03\/01-5-9x12.jpg 9w\" sizes=\"auto, (max-width: 153px) 100vw, 153px\" \/><\/a><figcaption class=\"wp-element-caption\"><strong>electronique-newsmag.com<\/strong><br>Shiftmove appoints Taco van der Leij Managing Director France<\/figcaption><\/figure><\/div>\n\n<div class=\"wp-block-image\">\n<figure class=\"aligncenter size-full has-lightbox\"><a href=\"https:\/\/bu.optimum-automotive.com\/wp-content\/uploads\/2025\/03\/2025-03-24-animasoft.com-24-mars-2025-50000000372457437.pdf\" target=\"_blank\" rel=\"noreferrer noopener\"><img loading=\"lazy\" decoding=\"async\" width=\"153\" height=\"200\" src=\"https:\/\/bu.optimum-automotive.com\/wp-content\/uploads\/2025\/03\/01-4.jpg\" alt=\"\" class=\"wp-image-5751\" srcset=\"https:\/\/bu.optimum-automotive.com\/wp-content\/uploads\/2025\/03\/01-4.jpg 153w, https:\/\/bu.optimum-automotive.com\/wp-content\/uploads\/2025\/03\/01-4-9x12.jpg 9w\" sizes=\"auto, (max-width: 153px) 100vw, 153px\" \/><\/a><figcaption class=\"wp-element-caption\"><strong>Animasoft<\/strong><br>Shiftmove appoints Taco van der Leij Managing Director France<\/figcaption><\/figure><\/div>\n\n\n<h2 class=\"wp-block-heading\">February 2025<\/h2>\n\n\n<div class=\"wp-block-image\">\n<figure class=\"aligncenter size-full has-lightbox\"><a href=\"https:\/\/bu.optimum-automotive.com\/wp-content\/uploads\/2025\/03\/2025-01-30-www.flotauto.com-30-janvier-2025-50000000372118535.pdf\" target=\"_blank\" rel=\"noreferrer noopener\"><img loading=\"lazy\" decoding=\"async\" width=\"153\" height=\"200\" src=\"https:\/\/bu.optimum-automotive.com\/wp-content\/uploads\/2025\/03\/01-2.jpg\" alt=\"\" class=\"wp-image-5637\" srcset=\"https:\/\/bu.optimum-automotive.com\/wp-content\/uploads\/2025\/03\/01-2.jpg 153w, https:\/\/bu.optimum-automotive.com\/wp-content\/uploads\/2025\/03\/01-2-9x12.jpg 9w\" sizes=\"auto, (max-width: 153px) 100vw, 153px\" \/><\/a><figcaption class=\"wp-element-caption\"><strong>flotauto.com<\/strong><br>A telematics solution for Relyens policyholders<\/figcaption><\/figure><\/div>\n\n<div class=\"wp-block-image\">\n<figure class=\"aligncenter size-full has-lightbox\"><a href=\"https:\/\/bu.optimum-automotive.com\/wp-content\/uploads\/2025\/03\/2025-01-30-LAutomobile-lentreprise-Relyens-choisit-Optimum-pour-ameliorer-.-de-flotte-des-etablissements-de-sante.pdf\" target=\"_blank\" rel=\"noreferrer noopener\"><img loading=\"lazy\" decoding=\"async\" width=\"153\" height=\"200\" src=\"https:\/\/bu.optimum-automotive.com\/wp-content\/uploads\/2025\/03\/01.jpg\" alt=\"\" class=\"wp-image-5629\" srcset=\"https:\/\/bu.optimum-automotive.com\/wp-content\/uploads\/2025\/03\/01.jpg 153w, https:\/\/bu.optimum-automotive.com\/wp-content\/uploads\/2025\/03\/01-9x12.jpg 9w\" sizes=\"auto, (max-width: 153px) 100vw, 153px\" \/><\/a><figcaption class=\"wp-element-caption\"><strong>Automobile &amp; Company<\/strong><br>Relyens chooses Optimum to improve fleet management for healthcare facilities<\/figcaption><\/figure><\/div>\n\n<div class=\"wp-block-image\">\n<figure class=\"aligncenter size-full has-lightbox\"><a href=\"https:\/\/bu.optimum-automotive.com\/wp-content\/uploads\/2025\/03\/2025-02-03-LE-JOURNAL-DES-ENTREPRISES-LE-BRIEF-EDITION-AUVERGNE-RHONE-ALPES-NEWSLETTER-03-fevrier-2025-10000000068470150.pdf\" target=\"_blank\" rel=\"noreferrer noopener\"><img loading=\"lazy\" decoding=\"async\" width=\"153\" height=\"200\" src=\"https:\/\/bu.optimum-automotive.com\/wp-content\/uploads\/2025\/03\/01-3.jpg\" alt=\"\" class=\"wp-image-5641\" srcset=\"https:\/\/bu.optimum-automotive.com\/wp-content\/uploads\/2025\/03\/01-3.jpg 153w, https:\/\/bu.optimum-automotive.com\/wp-content\/uploads\/2025\/03\/01-3-9x12.jpg 9w\" sizes=\"auto, (max-width: 153px) 100vw, 153px\" \/><\/a><figcaption class=\"wp-element-caption\"><strong>LE JOURNAL DES<br>COMPANIES<\/strong><br>Relyens launches a platform to help prevent<br>fleet-related risks<\/figcaption><\/figure><\/div>\n\n<div class=\"wp-block-image\">\n<figure class=\"aligncenter size-full has-lightbox\"><a href=\"https:\/\/bu.optimum-automotive.com\/wp-content\/uploads\/2025\/03\/2025-01-30-www.am-today.com-30-janvier-2025-50000000372114018.pdf\" target=\"_blank\" rel=\"noreferrer noopener\"><img loading=\"lazy\" decoding=\"async\" width=\"153\" height=\"200\" src=\"https:\/\/bu.optimum-automotive.com\/wp-content\/uploads\/2025\/03\/01-1.jpg\" alt=\"\" class=\"wp-image-5633\" srcset=\"https:\/\/bu.optimum-automotive.com\/wp-content\/uploads\/2025\/03\/01-1.jpg 153w, https:\/\/bu.optimum-automotive.com\/wp-content\/uploads\/2025\/03\/01-1-9x12.jpg 9w\" sizes=\"auto, (max-width: 153px) 100vw, 153px\" \/><\/a><figcaption class=\"wp-element-caption\"><strong>am-today.com<\/strong><br>Relyens integrates Optimum's risk prevention solution<br>automobiles.<\/figcaption><\/figure><\/div>\n\n\n<h2 class=\"wp-block-heading\">January 2025<\/h2>\n\n\n<div class=\"wp-block-image\">\n<figure class=\"aligncenter size-full has-lightbox\"><a href=\"https:\/\/bu.optimum-automotive.com\/wp-content\/uploads\/2025\/01\/2025-01-15-www.auto-infos.fr-15-janvier-2025-50000000372043441.pdf\" target=\"_blank\" rel=\"noreferrer noopener\"><img loading=\"lazy\" decoding=\"async\" width=\"153\" height=\"200\" src=\"https:\/\/bu.optimum-automotive.com\/wp-content\/uploads\/2025\/01\/01-2.jpg\" alt=\"\" class=\"wp-image-5368\" srcset=\"https:\/\/bu.optimum-automotive.com\/wp-content\/uploads\/2025\/01\/01-2.jpg 153w, https:\/\/bu.optimum-automotive.com\/wp-content\/uploads\/2025\/01\/01-2-9x12.jpg 9w\" sizes=\"auto, (max-width: 153px) 100vw, 153px\" \/><\/a><figcaption class=\"wp-element-caption\"><strong>AUTO INFOS<\/strong><br>Optimum Automotive changes its identity to Optimum (by Shiftmove)<\/figcaption><\/figure><\/div>\n\n<div class=\"wp-block-image\">\n<figure class=\"aligncenter size-full has-lightbox\"><a href=\"https:\/\/bu.optimum-automotive.com\/wp-content\/uploads\/2025\/01\/2025-01-17-www.decision-achats.fr-17-janvier-2025-50000000372043444.pdf\" target=\"_blank\" rel=\"noreferrer noopener\"><img loading=\"lazy\" decoding=\"async\" width=\"153\" height=\"200\" src=\"https:\/\/bu.optimum-automotive.com\/wp-content\/uploads\/2025\/01\/01-1.jpg\" alt=\"\" class=\"wp-image-5365\" srcset=\"https:\/\/bu.optimum-automotive.com\/wp-content\/uploads\/2025\/01\/01-1.jpg 153w, https:\/\/bu.optimum-automotive.com\/wp-content\/uploads\/2025\/01\/01-1-9x12.jpg 9w\" sizes=\"auto, (max-width: 153px) 100vw, 153px\" \/><\/a><figcaption class=\"wp-element-caption\"><strong>PURCHASING DECISION -ONLINE<\/strong><br>Optimum x Shiftmove: a new identity for the fleet manager<\/figcaption><\/figure><\/div>\n\n<div class=\"wp-block-image\">\n<figure class=\"aligncenter size-full has-lightbox\"><a href=\"https:\/\/bu.optimum-automotive.com\/wp-content\/uploads\/2025\/01\/Optimum-Automotive-change-didentite-et-devient-Optimum-by-Shiftmove.pdf\" target=\"_blank\" rel=\"noreferrer noopener\"><img loading=\"lazy\" decoding=\"async\" width=\"153\" height=\"200\" src=\"https:\/\/bu.optimum-automotive.com\/wp-content\/uploads\/2025\/01\/01.jpg\" alt=\"\" class=\"wp-image-5345\" srcset=\"https:\/\/bu.optimum-automotive.com\/wp-content\/uploads\/2025\/01\/01.jpg 153w, https:\/\/bu.optimum-automotive.com\/wp-content\/uploads\/2025\/01\/01-9x12.jpg 9w\" sizes=\"auto, (max-width: 153px) 100vw, 153px\" \/><\/a><figcaption class=\"wp-element-caption\"><strong>Automobile &amp; Company<\/strong><br>Optimum Automotive changes its identity to Optimum by Shiftmove<\/figcaption><\/figure><\/div>\n\n\n<h2 class=\"wp-block-heading\">December 2024<\/h2>\n\n\n<div class=\"wp-block-image\">\n<figure class=\"aligncenter size-full has-lightbox\"><a href=\"https:\/\/bu.optimum-automotive.com\/wp-content\/uploads\/2024\/12\/2024-11-26-OPTION-FINANCE-LE-MENSUEL-Novembre-2024-10000000068081488.pdf\" target=\"_blank\" rel=\"noreferrer noopener\"><img loading=\"lazy\" decoding=\"async\" width=\"153\" height=\"200\" src=\"https:\/\/bu.optimum-automotive.com\/wp-content\/uploads\/2024\/12\/01-1.jpg\" alt=\"\" class=\"wp-image-4390\" srcset=\"https:\/\/bu.optimum-automotive.com\/wp-content\/uploads\/2024\/12\/01-1.jpg 153w, https:\/\/bu.optimum-automotive.com\/wp-content\/uploads\/2024\/12\/01-1-9x12.jpg 9w\" sizes=\"auto, (max-width: 153px) 100vw, 153px\" \/><\/a><figcaption class=\"wp-element-caption\"><strong>Option Finance<\/strong><br>Investment banks<br>Tech still driving M&amp;A<\/figcaption><\/figure><\/div>\n\n<div class=\"wp-block-image\">\n<figure class=\"aligncenter size-full has-lightbox\"><a href=\"https:\/\/bu.optimum-automotive.com\/wp-content\/uploads\/2024\/12\/2024-11-26-FLOTTES-AUTOMOBILES-Novembre-2024-10000000068081491.pdf\" target=\"_blank\" rel=\"noreferrer noopener\"><img loading=\"lazy\" decoding=\"async\" width=\"153\" height=\"200\" src=\"https:\/\/bu.optimum-automotive.com\/wp-content\/uploads\/2024\/12\/01.jpg\" alt=\"\" class=\"wp-image-4387\" srcset=\"https:\/\/bu.optimum-automotive.com\/wp-content\/uploads\/2024\/12\/01.jpg 153w, https:\/\/bu.optimum-automotive.com\/wp-content\/uploads\/2024\/12\/01-9x12.jpg 9w\" sizes=\"auto, (max-width: 153px) 100vw, 153px\" \/><\/a><figcaption class=\"wp-element-caption\"><strong>CAR FLEETS<\/strong><br>Electric car-sharing<br>A work of conviction<\/figcaption><\/figure><\/div>\n\n<div class=\"wp-block-image\">\n<figure class=\"aligncenter size-full has-lightbox\"><a href=\"https:\/\/bu.optimum-automotive.com\/wp-content\/uploads\/2024\/12\/Vehicules-partages_moins-de-couts-et-moins-de-CO2-2.pdf\" target=\"_blank\" rel=\"noreferrer noopener\"><img loading=\"lazy\" decoding=\"async\" width=\"153\" height=\"200\" src=\"https:\/\/bu.optimum-automotive.com\/wp-content\/uploads\/2024\/12\/01-2.jpg\" alt=\"\" class=\"wp-image-4395\" srcset=\"https:\/\/bu.optimum-automotive.com\/wp-content\/uploads\/2024\/12\/01-2.jpg 153w, https:\/\/bu.optimum-automotive.com\/wp-content\/uploads\/2024\/12\/01-2-9x12.jpg 9w\" sizes=\"auto, (max-width: 153px) 100vw, 153px\" \/><\/a><figcaption class=\"wp-element-caption\"><strong>flotauto.com<\/strong><br>Shared vehicles: lower costs and fewer<br>of CO2<\/figcaption><\/figure><\/div>\n\n\n<h2 class=\"wp-block-heading\">November 2024<\/h2>\n\n\n<div class=\"wp-block-image\">\n<figure class=\"aligncenter size-full has-lightbox\"><a href=\"https:\/\/bu.optimum-automotive.com\/wp-content\/uploads\/2024\/11\/2024-11-09-LE-JOURNAL-DES-ENTREPRISES-EDITION-REGION-SUD-Novembre-2024-10000000067978052.pdf\" target=\"_blank\" rel=\"noreferrer noopener\"><img loading=\"lazy\" decoding=\"async\" width=\"153\" height=\"200\" src=\"https:\/\/bu.optimum-automotive.com\/wp-content\/uploads\/2024\/11\/01-2.jpg\" alt=\"\" class=\"wp-image-4225\" srcset=\"https:\/\/bu.optimum-automotive.com\/wp-content\/uploads\/2024\/11\/01-2.jpg 153w, https:\/\/bu.optimum-automotive.com\/wp-content\/uploads\/2024\/11\/01-2-9x12.jpg 9w\" sizes=\"auto, (max-width: 153px) 100vw, 153px\" \/><\/a><figcaption class=\"wp-element-caption\"><strong>THE BUSINESS NEWSPAPER<\/strong><br>Aix-based Optimum Automotive acquired by the<br>German-Swiss platform Shiftmove<\/figcaption><\/figure><\/div>\n\n<div class=\"wp-block-image\">\n<figure class=\"aligncenter size-full has-lightbox\"><a href=\"https:\/\/bu.optimum-automotive.com\/wp-content\/uploads\/2024\/11\/La-Recharge-Electrique-Simplifiee-pour-les-Entreprises-Make-a-Move.pdf\" target=\"_blank\" rel=\"noreferrer noopener\"><img loading=\"lazy\" decoding=\"async\" width=\"153\" height=\"200\" src=\"https:\/\/bu.optimum-automotive.com\/wp-content\/uploads\/2024\/11\/01-3.jpg\" alt=\"\" class=\"wp-image-4228\" srcset=\"https:\/\/bu.optimum-automotive.com\/wp-content\/uploads\/2024\/11\/01-3.jpg 153w, https:\/\/bu.optimum-automotive.com\/wp-content\/uploads\/2024\/11\/01-3-9x12.jpg 9w\" sizes=\"auto, (max-width: 153px) 100vw, 153px\" \/><\/a><figcaption class=\"wp-element-caption\"><strong>MAKE A MOVE<\/strong><br>Optimum Automotive offers a solution for reimbursing the cost of home electric recharging<\/figcaption><\/figure><\/div>\n\n<div class=\"wp-block-image\">\n<figure class=\"aligncenter size-full has-lightbox\"><a href=\"https:\/\/bu.optimum-automotive.com\/wp-content\/uploads\/2024\/11\/2024-10-29-FLOTTES-AUTOMOBILES-Octobre-2024-10000000067926421.pdf\" target=\"_blank\" rel=\"noreferrer noopener\"><img loading=\"lazy\" decoding=\"async\" width=\"153\" height=\"200\" src=\"https:\/\/bu.optimum-automotive.com\/wp-content\/uploads\/2024\/11\/01.jpg\" alt=\"\" class=\"wp-image-4218\" srcset=\"https:\/\/bu.optimum-automotive.com\/wp-content\/uploads\/2024\/11\/01.jpg 153w, https:\/\/bu.optimum-automotive.com\/wp-content\/uploads\/2024\/11\/01-9x12.jpg 9w\" sizes=\"auto, (max-width: 153px) 100vw, 153px\" \/><\/a><figcaption class=\"wp-element-caption\"><strong>CAR FLEETS<\/strong><br>At the service of projects<br>company<\/figcaption><\/figure><\/div>\n\n<div class=\"wp-block-image\">\n<figure class=\"aligncenter size-full has-lightbox\"><a href=\"https:\/\/bu.optimum-automotive.com\/wp-content\/uploads\/2024\/11\/2024-10-16-LES-ECHOS-16-octobre-2024-10000000067829087.pdf\" target=\"_blank\" rel=\"noreferrer noopener\"><img loading=\"lazy\" decoding=\"async\" width=\"153\" height=\"200\" src=\"https:\/\/bu.optimum-automotive.com\/wp-content\/uploads\/2024\/11\/01-4.jpg\" alt=\"\" class=\"wp-image-4231\" srcset=\"https:\/\/bu.optimum-automotive.com\/wp-content\/uploads\/2024\/11\/01-4.jpg 153w, https:\/\/bu.optimum-automotive.com\/wp-content\/uploads\/2024\/11\/01-4-9x12.jpg 9w\" sizes=\"auto, (max-width: 153px) 100vw, 153px\" \/><\/a><figcaption class=\"wp-element-caption\"><strong>LesEchos<\/strong><br>Fleet management :Optimum<br>Automotive acquired by Shiftmove<\/figcaption><\/figure><\/div>\n\n<div class=\"wp-block-image\">\n<figure class=\"aligncenter size-full has-lightbox\"><a href=\"https:\/\/bu.optimum-automotive.com\/wp-content\/uploads\/2024\/11\/2024-10-30-www.fusacq.com-30-octobre-2024-50000000371598962.pdf\" target=\"_blank\" rel=\"noreferrer noopener\"><img loading=\"lazy\" decoding=\"async\" width=\"153\" height=\"200\" src=\"https:\/\/bu.optimum-automotive.com\/wp-content\/uploads\/2024\/11\/01-1.jpg\" alt=\"\" class=\"wp-image-4221\" srcset=\"https:\/\/bu.optimum-automotive.com\/wp-content\/uploads\/2024\/11\/01-1.jpg 153w, https:\/\/bu.optimum-automotive.com\/wp-content\/uploads\/2024\/11\/01-1-9x12.jpg 9w\" sizes=\"auto, (max-width: 153px) 100vw, 153px\" \/><\/a><figcaption class=\"wp-element-caption\"><strong>FUSACQ<\/strong><br>SHIFTMOVE takes over fleet management company OPTIMUM<br>AUTOMOTIVE<\/figcaption><\/figure><\/div>\n\n\n<h2 class=\"wp-block-heading\">October 2024<\/h2>\n\n\n<div class=\"wp-block-image\">\n<figure class=\"aligncenter size-full has-lightbox\"><a href=\"https:\/\/bu.optimum-automotive.com\/wp-content\/uploads\/2024\/10\/2024-10-22-www.motors-addict.com-22-octobre-2024-50000000371561157.pdf\" target=\"_blank\" rel=\"noreferrer noopener\"><img loading=\"lazy\" decoding=\"async\" width=\"153\" height=\"200\" src=\"https:\/\/bu.optimum-automotive.com\/wp-content\/uploads\/2024\/10\/05.jpg\" alt=\"\" class=\"wp-image-4214\" srcset=\"https:\/\/bu.optimum-automotive.com\/wp-content\/uploads\/2024\/10\/05.jpg 153w, https:\/\/bu.optimum-automotive.com\/wp-content\/uploads\/2024\/10\/05-9x12.jpg 9w\" sizes=\"auto, (max-width: 153px) 100vw, 153px\" \/><\/a><figcaption class=\"wp-element-caption\"><strong>motors-addict.com<\/strong><br>Chinese automakers set to flood corporate fleets<\/figcaption><\/figure><\/div>\n\n<div class=\"wp-block-image\">\n<figure class=\"aligncenter size-full has-lightbox\"><a href=\"https:\/\/bu.optimum-automotive.com\/wp-content\/uploads\/2024\/10\/2024-10-22-www.caradisiac.com-22-octobre-2024-50000000371561147.pdf\" target=\"_blank\" rel=\"noreferrer noopener\"><img loading=\"lazy\" decoding=\"async\" width=\"153\" height=\"200\" src=\"https:\/\/bu.optimum-automotive.com\/wp-content\/uploads\/2024\/10\/04.jpg\" alt=\"\" class=\"wp-image-4211\" srcset=\"https:\/\/bu.optimum-automotive.com\/wp-content\/uploads\/2024\/10\/04.jpg 153w, https:\/\/bu.optimum-automotive.com\/wp-content\/uploads\/2024\/10\/04-9x12.jpg 9w\" sizes=\"auto, (max-width: 153px) 100vw, 153px\" \/><\/a><figcaption class=\"wp-element-caption\"><strong>caradisiac.com<\/strong><br>Chinese automakers set to flood corporate fleets<\/figcaption><\/figure><\/div>\n\n<div class=\"wp-block-image\">\n<figure class=\"aligncenter size-full has-lightbox\"><a href=\"https:\/\/bu.optimum-automotive.com\/wp-content\/uploads\/2024\/10\/2024-10-22-www.autojournal.fr-22-octobre-2024-50000000371561148.pdf\" target=\"_blank\" rel=\"noreferrer noopener\"><img loading=\"lazy\" decoding=\"async\" width=\"153\" height=\"200\" src=\"https:\/\/bu.optimum-automotive.com\/wp-content\/uploads\/2024\/10\/03.jpg\" alt=\"\" class=\"wp-image-4208\" srcset=\"https:\/\/bu.optimum-automotive.com\/wp-content\/uploads\/2024\/10\/03.jpg 153w, https:\/\/bu.optimum-automotive.com\/wp-content\/uploads\/2024\/10\/03-9x12.jpg 9w\" sizes=\"auto, (max-width: 153px) 100vw, 153px\" \/><\/a><figcaption class=\"wp-element-caption\"><strong>autojournal.fr<\/strong><br>Company cars: executives love SUVs<\/figcaption><\/figure><\/div>\n\n<div class=\"wp-block-image\">\n<figure class=\"aligncenter size-full has-lightbox\"><a href=\"https:\/\/bu.optimum-automotive.com\/wp-content\/uploads\/2024\/10\/2024-10-16-www.am-today.com-16-octobre-2024-50000000371561173.pdf\" target=\"_blank\" rel=\"noreferrer noopener\"><img loading=\"lazy\" decoding=\"async\" width=\"153\" height=\"200\" src=\"https:\/\/bu.optimum-automotive.com\/wp-content\/uploads\/2024\/10\/02.jpg\" alt=\"\" class=\"wp-image-4203\" srcset=\"https:\/\/bu.optimum-automotive.com\/wp-content\/uploads\/2024\/10\/02.jpg 153w, https:\/\/bu.optimum-automotive.com\/wp-content\/uploads\/2024\/10\/02-9x12.jpg 9w\" sizes=\"auto, (max-width: 153px) 100vw, 153px\" \/><\/a><figcaption class=\"wp-element-caption\"><strong>am-today.com<\/strong><br>Optimum Automotive gains new momentum with the integration of Shiftmove<\/figcaption><\/figure><\/div>\n\n<div class=\"wp-block-image\">\n<figure class=\"aligncenter size-full has-lightbox\"><a href=\"https:\/\/bu.optimum-automotive.com\/wp-content\/uploads\/2024\/10\/2024-10-15-www.nouvelles-du-monde.com-15-octobre-2024-50000000371561159.pdf\" target=\"_blank\" rel=\"noreferrer noopener\"><img loading=\"lazy\" decoding=\"async\" width=\"153\" height=\"200\" src=\"https:\/\/bu.optimum-automotive.com\/wp-content\/uploads\/2024\/10\/01-3.jpg\" alt=\"\" class=\"wp-image-4199\" srcset=\"https:\/\/bu.optimum-automotive.com\/wp-content\/uploads\/2024\/10\/01-3.jpg 153w, https:\/\/bu.optimum-automotive.com\/wp-content\/uploads\/2024\/10\/01-3-9x12.jpg 9w\" sizes=\"auto, (max-width: 153px) 100vw, 153px\" \/><\/a><figcaption class=\"wp-element-caption\"><strong>nouvelles-du-monde.com<\/strong><br>Shiftmove takes over Optimum Automotive and promotes digitization<br>fleets<\/figcaption><\/figure><\/div>\n\n<div class=\"wp-block-image\">\n<figure class=\"aligncenter size-full has-lightbox\"><a href=\"https:\/\/bu.optimum-automotive.com\/wp-content\/uploads\/2024\/10\/Optimum-Automotive-passe-sous-pavillon-germano-suisse_journaldesflottes.pdf\" target=\"_blank\" rel=\"noreferrer noopener\"><img loading=\"lazy\" decoding=\"async\" width=\"153\" height=\"200\" src=\"https:\/\/bu.optimum-automotive.com\/wp-content\/uploads\/2024\/10\/01-2.jpg\" alt=\"\" class=\"wp-image-4190\" srcset=\"https:\/\/bu.optimum-automotive.com\/wp-content\/uploads\/2024\/10\/01-2.jpg 153w, https:\/\/bu.optimum-automotive.com\/wp-content\/uploads\/2024\/10\/01-2-9x12.jpg 9w\" sizes=\"auto, (max-width: 153px) 100vw, 153px\" \/><\/a><figcaption class=\"wp-element-caption\"><strong>Le journal des Flottes<\/strong><br>Optimum Automotive goes under flag<br>German-Swiss<\/figcaption><\/figure><\/div>\n\n<div class=\"wp-block-image\">\n<figure class=\"aligncenter size-full has-lightbox\"><a href=\"https:\/\/bu.optimum-automotive.com\/wp-content\/uploads\/2024\/10\/Optimum-Automotive-et-Shiftmove-fusionnent-pour-dominer-la-gestion-de-flotte-par-la-data_automobileentreprise.pdf\" target=\"_blank\" rel=\"noreferrer noopener\"><img loading=\"lazy\" decoding=\"async\" width=\"153\" height=\"200\" src=\"https:\/\/bu.optimum-automotive.com\/wp-content\/uploads\/2024\/10\/01-1.jpg\" alt=\"\" class=\"wp-image-4185\" srcset=\"https:\/\/bu.optimum-automotive.com\/wp-content\/uploads\/2024\/10\/01-1.jpg 153w, https:\/\/bu.optimum-automotive.com\/wp-content\/uploads\/2024\/10\/01-1-9x12.jpg 9w\" sizes=\"auto, (max-width: 153px) 100vw, 153px\" \/><\/a><figcaption class=\"wp-element-caption\"><strong>Automobile &amp; Company<\/strong><br>Optimum Automotive and Shiftmove merge to dominate data-driven fleet management<\/figcaption><\/figure><\/div>\n\n<div class=\"wp-block-image\">\n<figure class=\"aligncenter size-full has-lightbox\"><a href=\"https:\/\/bu.optimum-automotive.com\/wp-content\/uploads\/2024\/10\/Optimum-Automotive-veut-faciliter-lindemnisation-des-recharges-a-domicile-pour-les-collaborateurs.pdf\" target=\"_blank\" rel=\"noreferrer noopener\"><img loading=\"lazy\" decoding=\"async\" width=\"153\" height=\"200\" src=\"https:\/\/bu.optimum-automotive.com\/wp-content\/uploads\/2024\/10\/01.jpg\" alt=\"\" class=\"wp-image-4180\" srcset=\"https:\/\/bu.optimum-automotive.com\/wp-content\/uploads\/2024\/10\/01.jpg 153w, https:\/\/bu.optimum-automotive.com\/wp-content\/uploads\/2024\/10\/01-9x12.jpg 9w\" sizes=\"auto, (max-width: 153px) 100vw, 153px\" \/><\/a><figcaption class=\"wp-element-caption\"><strong>automobile-propre.com<\/strong><br>Optimum Automotive wants to make it easier for employees to claim home refills<\/figcaption><\/figure><\/div>\n\n\n<h2 class=\"wp-block-heading\">September 2024<\/h2>\n\n\n<div class=\"wp-block-image\">\n<figure class=\"aligncenter size-full has-lightbox\"><a href=\"https:\/\/bu.optimum-automotive.com\/wp-content\/uploads\/2024\/09\/Telematique-_-Optimum-Automotive-suit-la-recharge-a-domicile.pdf\" target=\"_blank\" rel=\"noreferrer noopener\"><img loading=\"lazy\" decoding=\"async\" width=\"153\" height=\"200\" src=\"https:\/\/bu.optimum-automotive.com\/wp-content\/uploads\/2024\/09\/01-2.jpg\" alt=\"\" class=\"wp-image-4174\" srcset=\"https:\/\/bu.optimum-automotive.com\/wp-content\/uploads\/2024\/09\/01-2.jpg 153w, https:\/\/bu.optimum-automotive.com\/wp-content\/uploads\/2024\/09\/01-2-9x12.jpg 9w\" sizes=\"auto, (max-width: 153px) 100vw, 153px\" \/><\/a><figcaption class=\"wp-element-caption\"><strong>Car fleets<\/strong><br>Telematics: Optimum Automotive follows<br>home recharging<\/figcaption><\/figure><\/div>\n\n<div class=\"wp-block-image\">\n<figure class=\"aligncenter size-full has-lightbox\"><a href=\"https:\/\/bu.optimum-automotive.com\/wp-content\/uploads\/2024\/09\/Optimum-Automotive-facilite-la-recharge-a-domicile.pdf\" target=\"_blank\" rel=\"noreferrer noopener\"><img loading=\"lazy\" decoding=\"async\" width=\"153\" height=\"200\" src=\"https:\/\/bu.optimum-automotive.com\/wp-content\/uploads\/2024\/09\/02.jpg\" alt=\"\" class=\"wp-image-4175\" srcset=\"https:\/\/bu.optimum-automotive.com\/wp-content\/uploads\/2024\/09\/02.jpg 153w, https:\/\/bu.optimum-automotive.com\/wp-content\/uploads\/2024\/09\/02-9x12.jpg 9w\" sizes=\"auto, (max-width: 153px) 100vw, 153px\" \/><\/a><figcaption class=\"wp-element-caption\"><strong><strong>Automobile &amp; Company<\/strong><\/strong><br>Optimum Automotive makes home recharging easy<\/figcaption><\/figure><\/div>\n\n<div class=\"wp-block-image\">\n<figure class=\"aligncenter size-full has-lightbox\"><a href=\"https:\/\/bu.optimum-automotive.com\/wp-content\/uploads\/2024\/09\/2024-09-11-fluidsandlubricants.com-11-septembre-2024-50000000371303995.pdf\" target=\"_blank\" rel=\"noreferrer noopener\"><img loading=\"lazy\" decoding=\"async\" width=\"153\" height=\"200\" src=\"https:\/\/bu.optimum-automotive.com\/wp-content\/uploads\/2024\/09\/01-1.jpg\" alt=\"\" class=\"wp-image-2442\" srcset=\"https:\/\/bu.optimum-automotive.com\/wp-content\/uploads\/2024\/09\/01-1.jpg 153w, https:\/\/bu.optimum-automotive.com\/wp-content\/uploads\/2024\/09\/01-1-9x12.jpg 9w\" sizes=\"auto, (max-width: 153px) 100vw, 153px\" \/><\/a><figcaption class=\"wp-element-caption\"><strong>fluidsandlubricants.com<\/strong><br>Optimum Automotive wins innovation award<br>with its \"MOBILITY PACK\" service<\/figcaption><\/figure><\/div>\n\n\n<h2 class=\"wp-block-heading\">August 2024<\/h2>\n\n\n<div class=\"wp-block-image\">\n<figure class=\"aligncenter size-full has-lightbox\"><a href=\"https:\/\/bu.optimum-automotive.com\/wp-content\/uploads\/2024\/09\/Entretien-avec-Daniel-Vassallucci-CEO-dOptimum-Automotive-RISE.pdf\" target=\"_blank\" rel=\"noreferrer noopener\"><img loading=\"lazy\" decoding=\"async\" width=\"153\" height=\"200\" src=\"https:\/\/bu.optimum-automotive.com\/wp-content\/uploads\/2024\/09\/01.jpg\" alt=\"\" class=\"wp-image-2421\" srcset=\"https:\/\/bu.optimum-automotive.com\/wp-content\/uploads\/2024\/09\/01.jpg 153w, https:\/\/bu.optimum-automotive.com\/wp-content\/uploads\/2024\/09\/01-9x12.jpg 9w\" sizes=\"auto, (max-width: 153px) 100vw, 153px\" \/><\/a><figcaption class=\"wp-element-caption\"><strong>risemag.fr<\/strong><br>Interview with Daniel Vassallucci, CEO of Optimum Automotive <\/figcaption><\/figure><\/div>\n\n<div class=\"wp-block-image\">\n<figure class=\"aligncenter size-full has-lightbox\"><a href=\"https:\/\/bu.optimum-automotive.com\/wp-content\/uploads\/2024\/08\/2024-08-05-LAUTOMOBILE-LENTREPRISE-Aout-septembre-2024-10000000067419064-1.pdf\" target=\"_blank\" rel=\"noreferrer noopener\"><img loading=\"lazy\" decoding=\"async\" width=\"153\" height=\"200\" src=\"https:\/\/bu.optimum-automotive.com\/wp-content\/uploads\/2024\/08\/01.jpg\" alt=\"\" class=\"wp-image-2340\" srcset=\"https:\/\/bu.optimum-automotive.com\/wp-content\/uploads\/2024\/08\/01.jpg 153w, https:\/\/bu.optimum-automotive.com\/wp-content\/uploads\/2024\/08\/01-9x12.jpg 9w\" sizes=\"auto, (max-width: 153px) 100vw, 153px\" \/><\/a><figcaption class=\"wp-element-caption\"><strong>Automobile &amp; Company<\/strong><br><strong><strong>Troph\u00e9es 2024 :<\/strong><\/strong><br>fleets celebrate service providers and manufacturers<\/figcaption><\/figure><\/div>\n\n\n<h2 class=\"wp-block-heading\">JULY 2024<\/h2>\n\n\n<div class=\"wp-block-image\">\n<figure class=\"aligncenter size-full has-lightbox\"><a href=\"https:\/\/bu.optimum-automotive.com\/wp-content\/uploads\/2024\/07\/2024-07-09-LAUTOMOBILE-LENTREPRISE-Juillet-2024-10000000067304948.pdf\" target=\"_blank\" rel=\"noreferrer noopener\"><img loading=\"lazy\" decoding=\"async\" width=\"153\" height=\"200\" src=\"https:\/\/bu.optimum-automotive.com\/wp-content\/uploads\/2024\/07\/01-5.jpg\" alt=\"\" class=\"wp-image-2268\" srcset=\"https:\/\/bu.optimum-automotive.com\/wp-content\/uploads\/2024\/07\/01-5.jpg 153w, https:\/\/bu.optimum-automotive.com\/wp-content\/uploads\/2024\/07\/01-5-9x12.jpg 9w\" sizes=\"auto, (max-width: 153px) 100vw, 153px\" \/><\/a><figcaption class=\"wp-element-caption\"><strong><strong>Automobile &amp; Company<\/strong><\/strong><br>Maintenance and aftersales: Optimum Automotive in the spotlight<\/figcaption><\/figure><\/div>\n\n<div class=\"wp-block-image\">\n<figure class=\"aligncenter size-full has-lightbox\"><a href=\"https:\/\/bu.optimum-automotive.com\/wp-content\/uploads\/2024\/07\/2024-07-09-LAUTOMOBILE-LENTREPRISE-Juillet-2024-10000000067304945.pdf\" target=\"_blank\" rel=\"noreferrer noopener\"><img loading=\"lazy\" decoding=\"async\" width=\"153\" height=\"200\" src=\"https:\/\/bu.optimum-automotive.com\/wp-content\/uploads\/2024\/07\/01-4.jpg\" alt=\"\" class=\"wp-image-2265\" srcset=\"https:\/\/bu.optimum-automotive.com\/wp-content\/uploads\/2024\/07\/01-4.jpg 153w, https:\/\/bu.optimum-automotive.com\/wp-content\/uploads\/2024\/07\/01-4-9x12.jpg 9w\" sizes=\"auto, (max-width: 153px) 100vw, 153px\" \/><\/a><figcaption class=\"wp-element-caption\"><strong><strong>Automobile &amp; Company<\/strong><\/strong><br>The ADMR Vienne fleet opts for<br>Optimum Automotive's solution<\/figcaption><\/figure><\/div>\n\n<div class=\"wp-block-image\">\n<figure class=\"aligncenter size-full has-lightbox\"><a href=\"https:\/\/www.automobile-propre.com\/podcasts\/la-gestion-des-flottes-necessite-detre-en-innovation-permanente-interview-de-daniel-vassalucci-optimum-automotive\/\" target=\"_blank\" rel=\"noreferrer noopener\"><img loading=\"lazy\" decoding=\"async\" width=\"153\" height=\"200\" src=\"https:\/\/bu.optimum-automotive.com\/wp-content\/uploads\/2024\/07\/01-6.jpg\" alt=\"\" class=\"wp-image-2272\" srcset=\"https:\/\/bu.optimum-automotive.com\/wp-content\/uploads\/2024\/07\/01-6.jpg 153w, https:\/\/bu.optimum-automotive.com\/wp-content\/uploads\/2024\/07\/01-6-9x12.jpg 9w\" sizes=\"auto, (max-width: 153px) 100vw, 153px\" \/><\/a><figcaption class=\"wp-element-caption\"><strong><strong>automobile-propre.com<\/strong><\/strong><br>\"Fleet management requires constant innovation\", interview with Daniel Vassalucci - Optimum Automotive<\/figcaption><\/figure><\/div>\n\n<div class=\"wp-block-image\">\n<figure class=\"aligncenter size-full has-lightbox\"><a href=\"https:\/\/bu.optimum-automotive.com\/wp-content\/uploads\/2024\/07\/2024-07-05-www.auto-infos.fr-05-juillet-2024-50000000370966919.pdf\" target=\"_blank\" rel=\"noreferrer noopener\"><img loading=\"lazy\" decoding=\"async\" width=\"153\" height=\"200\" src=\"https:\/\/bu.optimum-automotive.com\/wp-content\/uploads\/2024\/07\/01-8.jpg\" alt=\"\" class=\"wp-image-2282\" srcset=\"https:\/\/bu.optimum-automotive.com\/wp-content\/uploads\/2024\/07\/01-8.jpg 153w, https:\/\/bu.optimum-automotive.com\/wp-content\/uploads\/2024\/07\/01-8-9x12.jpg 9w\" sizes=\"auto, (max-width: 153px) 100vw, 153px\" \/><\/a><figcaption class=\"wp-element-caption\"><strong><strong>AUTO INFOS<\/strong><\/strong><br>Renault's domination of the A&amp;E 2024 Trophies demonstrates the success of the<br>Renovation<\/figcaption><\/figure><\/div>\n\n<div class=\"wp-block-image\">\n<figure class=\"aligncenter size-full has-lightbox\"><a href=\"https:\/\/bu.optimum-automotive.com\/wp-content\/uploads\/2024\/07\/2024-07-04-www.auto-infos.fr-04-juillet-2024-50000000370966912-1.pdf\" target=\"_blank\" rel=\"noreferrer noopener\"><img loading=\"lazy\" decoding=\"async\" width=\"153\" height=\"200\" src=\"https:\/\/bu.optimum-automotive.com\/wp-content\/uploads\/2024\/07\/01-7.jpg\" alt=\"\" class=\"wp-image-2275\" srcset=\"https:\/\/bu.optimum-automotive.com\/wp-content\/uploads\/2024\/07\/01-7.jpg 153w, https:\/\/bu.optimum-automotive.com\/wp-content\/uploads\/2024\/07\/01-7-9x12.jpg 9w\" sizes=\"auto, (max-width: 153px) 100vw, 153px\" \/><\/a><figcaption class=\"wp-element-caption\"><strong><strong>AUTO INFOS<\/strong><\/strong><br>Troph\u00e9es de L'Automobile &amp; L'Entreprise: the 2024 winners are...<\/figcaption><\/figure><\/div>\n\n<div class=\"wp-block-image\">\n<figure class=\"aligncenter size-full has-lightbox\"><a href=\"https:\/\/bu.optimum-automotive.com\/wp-content\/uploads\/2024\/07\/Decouvrez-le-palmares-des-Trophees-de-LAutomobileLEntreprise-2024.pdf\" target=\"_blank\" rel=\"noreferrer noopener\"><img loading=\"lazy\" decoding=\"async\" width=\"153\" height=\"200\" src=\"https:\/\/bu.optimum-automotive.com\/wp-content\/uploads\/2024\/07\/01-9.jpg\" alt=\"\" class=\"wp-image-2285\" srcset=\"https:\/\/bu.optimum-automotive.com\/wp-content\/uploads\/2024\/07\/01-9.jpg 153w, https:\/\/bu.optimum-automotive.com\/wp-content\/uploads\/2024\/07\/01-9-9x12.jpg 9w\" sizes=\"auto, (max-width: 153px) 100vw, 153px\" \/><\/a><figcaption class=\"wp-element-caption\"><strong><strong>Automobile &amp; Company<\/strong><\/strong><br>Discover the winners of the Troph\u00e9es de L'Automobile &amp; L'Entreprise 2024.<\/figcaption><\/figure><\/div>\n\n<div class=\"wp-block-image\">\n<figure class=\"aligncenter size-full has-lightbox\"><a href=\"https:\/\/bu.optimum-automotive.com\/wp-content\/uploads\/2024\/07\/Intelligence-artificielle-_-quels-apports-pour-la-gestion-de-flotte-_.pdf\" target=\"_blank\" rel=\"noreferrer noopener\"><img loading=\"lazy\" decoding=\"async\" width=\"153\" height=\"200\" src=\"https:\/\/bu.optimum-automotive.com\/wp-content\/uploads\/2024\/07\/01-10.jpg\" alt=\"\" class=\"wp-image-2292\" srcset=\"https:\/\/bu.optimum-automotive.com\/wp-content\/uploads\/2024\/07\/01-10.jpg 153w, https:\/\/bu.optimum-automotive.com\/wp-content\/uploads\/2024\/07\/01-10-9x12.jpg 9w\" sizes=\"auto, (max-width: 153px) 100vw, 153px\" \/><\/a><figcaption class=\"wp-element-caption\"><strong><strong>Car fleets<\/strong><\/strong><br>Artificial intelligence - what can it do for management?<br>fleet?<\/figcaption><\/figure><\/div>\n\n<div class=\"wp-block-image\">\n<figure class=\"aligncenter size-full has-lightbox\"><a href=\"https:\/\/bu.optimum-automotive.com\/wp-content\/uploads\/2024\/07\/2024-06-24-FLOTTES-AUTOMOBILES-Juin-2024-10000000067233928.pdf\" target=\"_blank\" rel=\"noreferrer noopener\"><img loading=\"lazy\" decoding=\"async\" width=\"153\" height=\"200\" src=\"https:\/\/bu.optimum-automotive.com\/wp-content\/uploads\/2024\/07\/01-11.jpg\" alt=\"\" class=\"wp-image-2296\" srcset=\"https:\/\/bu.optimum-automotive.com\/wp-content\/uploads\/2024\/07\/01-11.jpg 153w, https:\/\/bu.optimum-automotive.com\/wp-content\/uploads\/2024\/07\/01-11-9x12.jpg 9w\" sizes=\"auto, (max-width: 153px) 100vw, 153px\" \/><\/a><figcaption class=\"wp-element-caption\"><strong><strong>Car fleets<\/strong><\/strong><br>What are the benefits for management?<br><\/figcaption><\/figure><\/div>\n\n\n<h2 class=\"wp-block-heading\">JUNE 2024<\/h2>\n\n\n<div class=\"wp-block-image\">\n<figure class=\"aligncenter size-full has-lightbox\"><a href=\"https:\/\/bu.optimum-automotive.com\/wp-content\/uploads\/2024\/07\/2024-06-07-ENERPRESSE-BIP-NEWSLETTER-10-juin-2024-10000000067134087.pdf\" target=\"_blank\" rel=\"noreferrer noopener\"><img loading=\"lazy\" decoding=\"async\" width=\"153\" height=\"200\" src=\"https:\/\/bu.optimum-automotive.com\/wp-content\/uploads\/2024\/07\/01-3.jpg\" alt=\"\" class=\"wp-image-2261\" srcset=\"https:\/\/bu.optimum-automotive.com\/wp-content\/uploads\/2024\/07\/01-3.jpg 153w, https:\/\/bu.optimum-automotive.com\/wp-content\/uploads\/2024\/07\/01-3-9x12.jpg 9w\" sizes=\"auto, (max-width: 153px) 100vw, 153px\" \/><\/a><figcaption class=\"wp-element-caption\"><strong><strong>enerpresse<\/strong><\/strong><br>Optimum Automotive wins innovation award at Drive to Zero<\/figcaption><\/figure><\/div>\n\n<div class=\"wp-block-image\">\n<figure class=\"aligncenter size-full has-lightbox\"><a href=\"https:\/\/bu.optimum-automotive.com\/wp-content\/uploads\/2024\/07\/2024-06-06-www.am-today.com-06-juin-2024-50000000370835728.pdf\" target=\"_blank\" rel=\"noreferrer noopener\"><img loading=\"lazy\" decoding=\"async\" width=\"153\" height=\"200\" src=\"https:\/\/bu.optimum-automotive.com\/wp-content\/uploads\/2024\/07\/01-2.jpg\" alt=\"\" class=\"wp-image-2253\" srcset=\"https:\/\/bu.optimum-automotive.com\/wp-content\/uploads\/2024\/07\/01-2.jpg 153w, https:\/\/bu.optimum-automotive.com\/wp-content\/uploads\/2024\/07\/01-2-9x12.jpg 9w\" sizes=\"auto, (max-width: 153px) 100vw, 153px\" \/><\/a><figcaption class=\"wp-element-caption\"><strong><strong>AM-TODAY<\/strong><\/strong><br>Optimum Automotive wins innovation award at Drive to Zero<\/figcaption><\/figure><\/div>\n\n<div class=\"wp-block-image\">\n<figure class=\"aligncenter size-full has-lightbox\"><a href=\"https:\/\/bu.optimum-automotive.com\/wp-content\/uploads\/2024\/06\/ADMR-de-la-Vienne-une-gestion-plus-reactive-de-la-flotte.pdf\" target=\"_blank\" rel=\"noreferrer noopener\"><img loading=\"lazy\" decoding=\"async\" width=\"153\" height=\"200\" src=\"https:\/\/bu.optimum-automotive.com\/wp-content\/uploads\/2024\/06\/01-6.jpg\" alt=\"\" class=\"wp-image-2201\" srcset=\"https:\/\/bu.optimum-automotive.com\/wp-content\/uploads\/2024\/06\/01-6.jpg 153w, https:\/\/bu.optimum-automotive.com\/wp-content\/uploads\/2024\/06\/01-6-9x12.jpg 9w\" sizes=\"auto, (max-width: 153px) 100vw, 153px\" \/><\/a><figcaption class=\"wp-element-caption\"><strong><strong>CAR FLEETS<\/strong><\/strong><br>ADMR de la Vienne: more responsive management<br>de la Flotte<\/figcaption><\/figure><\/div>\n\n<div class=\"wp-block-image\">\n<figure class=\"aligncenter size-full has-lightbox\"><a href=\"https:\/\/bu.optimum-automotive.com\/wp-content\/uploads\/2024\/06\/La-flotte-de-lADMR-Vienne-opte-pour-la-solution-dOptimum-Automotive.pdf\" target=\"_blank\" rel=\"noreferrer noopener\"><img loading=\"lazy\" decoding=\"async\" width=\"153\" height=\"200\" src=\"https:\/\/bu.optimum-automotive.com\/wp-content\/uploads\/2024\/06\/01-5.jpg\" alt=\"\" class=\"wp-image-2196\" srcset=\"https:\/\/bu.optimum-automotive.com\/wp-content\/uploads\/2024\/06\/01-5.jpg 153w, https:\/\/bu.optimum-automotive.com\/wp-content\/uploads\/2024\/06\/01-5-9x12.jpg 9w\" sizes=\"auto, (max-width: 153px) 100vw, 153px\" \/><\/a><figcaption class=\"wp-element-caption\"><strong>Automobile &amp; Company<\/strong><br>ADMR fleet opts for Optimum Automotive solution<\/figcaption><\/figure><\/div>\n\n\n<h2 class=\"wp-block-heading\">MARCH 2024<\/h2>\n\n\n<div class=\"wp-block-image\">\n<figure class=\"aligncenter size-full has-lightbox\"><a href=\"https:\/\/bu.optimum-automotive.com\/en\/with-cecile-de-menibus-philippe-david\/\" target=\"_blank\" rel=\"noreferrer noopener\"><img loading=\"lazy\" decoding=\"async\" width=\"153\" height=\"200\" src=\"https:\/\/bu.optimum-automotive.com\/wp-content\/uploads\/2024\/07\/01-1.jpg\" alt=\"\" class=\"wp-image-2251\" srcset=\"https:\/\/bu.optimum-automotive.com\/wp-content\/uploads\/2024\/07\/01-1.jpg 153w, https:\/\/bu.optimum-automotive.com\/wp-content\/uploads\/2024\/07\/01-1-9x12.jpg 9w\" sizes=\"auto, (max-width: 153px) 100vw, 153px\" \/><\/a><figcaption class=\"wp-element-caption\"><strong><strong>sudradio.fr<\/strong><\/strong><br>The Real Voices that Make France Roll<\/figcaption><\/figure><\/div>\n\n\n<h2 class=\"wp-block-heading\">JANUARY 2024<\/h2>\n\n\n<div class=\"wp-block-image\">\n<figure class=\"aligncenter size-full has-lightbox\"><a href=\"..\/wp-content\/uploads\/2024\/06\/2023-12-22-flottes_automobiles-decembre_2023_-_janvier_2024-100000000662052631.pdf\" target=\"_blank\" rel=\"noreferrer noopener\"><img loading=\"lazy\" decoding=\"async\" width=\"153\" height=\"200\" src=\"https:\/\/bu.optimum-automotive.com\/wp-content\/uploads\/2024\/06\/01-533.jpg\" alt=\"\" class=\"wp-image-1800\"\/><\/a><figcaption class=\"wp-element-caption\"><strong>CAR FLEETS<\/strong><br>Company cars Can we do without them?<\/figcaption><\/figure><\/div>\n\n<div class=\"wp-block-image\">\n<figure class=\"aligncenter size-full is-resized has-lightbox\"><a href=\"https:\/\/bu.optimum-automotive.com\/wp-content\/uploads\/2024\/07\/Optimum-Automotive-_-une-approche-unique-de-la-gestion-de-flotte.pdf\" target=\"_blank\" rel=\"noreferrer noopener\"><img loading=\"lazy\" decoding=\"async\" width=\"153\" height=\"200\" src=\"https:\/\/bu.optimum-automotive.com\/wp-content\/uploads\/2024\/07\/01.jpg\" alt=\"\" class=\"wp-image-2247\" style=\"width:153px;height:auto\" srcset=\"https:\/\/bu.optimum-automotive.com\/wp-content\/uploads\/2024\/07\/01.jpg 153w, https:\/\/bu.optimum-automotive.com\/wp-content\/uploads\/2024\/07\/01-9x12.jpg 9w\" sizes=\"auto, (max-width: 153px) 100vw, 153px\" \/><\/a><figcaption class=\"wp-element-caption\"><strong><strong>flotauto.com<\/strong><\/strong><br>Optimum Automotive presents its connected solutions<\/figcaption><\/figure><\/div>\n\n\n<h2 class=\"wp-block-heading\">NOVEMBER 2023<\/h2>\n\n\n<div class=\"wp-block-image\">\n<figure class=\"aligncenter size-full has-lightbox\"><a href=\"..\/wp-content\/uploads\/2024\/06\/2023-11-23-flottes_automobiles-novembre_2023-100000000660290071.pdf\" target=\"_blank\" rel=\"noreferrer noopener\"><img loading=\"lazy\" decoding=\"async\" width=\"153\" height=\"200\" src=\"https:\/\/bu.optimum-automotive.com\/wp-content\/uploads\/2024\/05\/01-532.jpg\" alt=\"\" class=\"wp-image-1632\"\/><\/a><figcaption class=\"wp-element-caption\"><strong>CAR FLEETS<\/strong><br>PCE Services: A greener fleet<\/figcaption><\/figure><\/div>\n\n<div class=\"wp-block-image\">\n<figure class=\"aligncenter size-full has-lightbox\"><a href=\"..\/wp-content\/uploads\/2024\/06\/2023-11-23-flottes_automobiles-novembre_2023-100000000660290091.pdf\" target=\"_blank\" rel=\"noreferrer noopener\"><img loading=\"lazy\" decoding=\"async\" width=\"153\" height=\"200\" src=\"https:\/\/bu.optimum-automotive.com\/wp-content\/uploads\/2024\/06\/01-531.jpg\" alt=\"\" class=\"wp-image-1813\"\/><\/a><figcaption class=\"wp-element-caption\"><strong>CAR FLEETS<\/strong><br>PCE Services A fully equipped fleet<\/figcaption><\/figure><\/div>\n\n<div class=\"wp-block-image\">\n<figure class=\"aligncenter size-full has-lightbox\"><a href=\"..\/wp-content\/uploads\/2024\/06\/j-7_avant_le_connectfleet_2023_decouvrez_les_parcours_thematiques1.pdf\" target=\"_blank\" rel=\"noreferrer noopener\"><img loading=\"lazy\" decoding=\"async\" width=\"153\" height=\"200\" src=\"https:\/\/bu.optimum-automotive.com\/wp-content\/uploads\/2024\/06\/01-530.jpg\" alt=\"\" class=\"wp-image-1818\"\/><\/a><figcaption class=\"wp-element-caption\"><strong>AUTOMOTIVE &amp; BUSINESS<\/strong><br>7 days to go until #CONNECTfleet 2023: the themed routes<\/figcaption><\/figure><\/div>\n\n<div class=\"wp-block-image\">\n<figure class=\"aligncenter size-full has-lightbox\"><a href=\"..\/wp-content\/uploads\/2024\/06\/2023-11-23-decideurs_magazine-novembre_2023-100000000660265811.pdf\" target=\"_blank\" rel=\"noreferrer noopener\"><img loading=\"lazy\" decoding=\"async\" width=\"153\" height=\"200\" src=\"https:\/\/bu.optimum-automotive.com\/wp-content\/uploads\/2024\/06\/01-528.jpg\" alt=\"\" class=\"wp-image-1823\"\/><\/a><figcaption class=\"wp-element-caption\"><strong>DECIDERS<\/strong><br>The fleet ecosystem embraces the energy transition<\/figcaption><\/figure><\/div>\n\n<div class=\"wp-block-image\">\n<figure class=\"aligncenter size-full has-lightbox\"><a href=\"..\/wp-content\/uploads\/2024\/06\/2023-11-23-flottes_automobiles-novembre_2023-100000000660290021.pdf\" target=\"_blank\" rel=\"noreferrer noopener\"><img loading=\"lazy\" decoding=\"async\" width=\"153\" height=\"200\" src=\"https:\/\/bu.optimum-automotive.com\/wp-content\/uploads\/2024\/06\/01-529.jpg\" alt=\"\" class=\"wp-image-1826\"\/><\/a><figcaption class=\"wp-element-caption\"><strong>CAR FLEETS<\/strong><br>Rencontres Flotauto Lyon 2023: A successful trial run<\/figcaption><\/figure><\/div>\n\n<div class=\"wp-block-image\">\n<figure class=\"aligncenter size-full has-lightbox\"><a href=\"..\/wp-content\/uploads\/2024\/06\/2023-11-21-www.auto-infos.fr-22_novembre_2023-500000003697873271.pdf\" target=\"_blank\" rel=\"noreferrer noopener\"><img loading=\"lazy\" decoding=\"async\" width=\"153\" height=\"200\" src=\"https:\/\/bu.optimum-automotive.com\/wp-content\/uploads\/2024\/06\/01-527.jpg\" alt=\"\" class=\"wp-image-1829\"\/><\/a><figcaption class=\"wp-element-caption\"><strong>auto-infos.fr<\/strong><br>7 days to go until #CONNECTfleet 2023: discover the theme trails<\/figcaption><\/figure><\/div>\n\n<div class=\"wp-block-image\">\n<figure class=\"aligncenter size-full has-lightbox\"><a href=\"..\/wp-content\/uploads\/2024\/06\/2023-11-15-www.auto-infos.fr-18_novembre_2023-500000003697669351.pdf\" target=\"_blank\" rel=\"noreferrer noopener\"><img loading=\"lazy\" decoding=\"async\" width=\"153\" height=\"200\" src=\"https:\/\/bu.optimum-automotive.com\/wp-content\/uploads\/2024\/06\/01-526.jpg\" alt=\"\" class=\"wp-image-1832\"\/><\/a><figcaption class=\"wp-element-caption\"><strong>auto-infos.fr<\/strong><br>Making corporate mobility sustainable: a challenge to be supported!<\/figcaption><\/figure><\/div>\n\n<div class=\"wp-block-image\">\n<figure class=\"aligncenter size-full has-lightbox\"><a href=\"..\/wp-content\/uploads\/2024\/06\/2023-10-25-actualites-cci.com-25_octobre_2023-50000000369633154_1_1.pdf\" target=\"_blank\" rel=\"noreferrer noopener\"><img loading=\"lazy\" decoding=\"async\" width=\"153\" height=\"200\" src=\"https:\/\/bu.optimum-automotive.com\/wp-content\/uploads\/2024\/06\/01-524.jpg\" alt=\"\" class=\"wp-image-1834\"\/><\/a><figcaption class=\"wp-element-caption\"><strong>news-cci<\/strong><br>Webinar: Claims and damage management, a new source of savings<\/figcaption><\/figure><\/div>\n\n\n<h2 class=\"wp-block-heading\">OCTOBER 2023<\/h2>\n\n\n<div class=\"wp-block-image\">\n<figure class=\"aligncenter size-full has-lightbox\"><a href=\"..\/wp-content\/uploads\/2024\/06\/2023-10-25-flottes_automobiles-octobre_2023-100000000658691051.pdf\" target=\"_blank\" rel=\"noreferrer noopener\"><img loading=\"lazy\" decoding=\"async\" width=\"153\" height=\"200\" src=\"https:\/\/bu.optimum-automotive.com\/wp-content\/uploads\/2024\/06\/01-523.jpg\" alt=\"\" class=\"wp-image-1837\"\/><\/a><figcaption class=\"wp-element-caption\"><strong>CAR FLEETS<\/strong><br>Fleet digitization, How to prepare your teams?<\/figcaption><\/figure><\/div>\n\n<div class=\"wp-block-image\">\n<figure class=\"aligncenter size-full has-lightbox\"><a href=\"..\/wp-content\/uploads\/2024\/06\/2023-10-20-l_argus_pro-20_octobre_2023-10000000065848583_4_1.pdf\" target=\"_blank\" rel=\"noreferrer noopener\"><img loading=\"lazy\" decoding=\"async\" width=\"153\" height=\"200\" src=\"https:\/\/bu.optimum-automotive.com\/wp-content\/uploads\/2024\/06\/01-522.jpg\" alt=\"\" class=\"wp-image-1839\"\/><\/a><figcaption class=\"wp-element-caption\"><strong>ARGUS PRO<\/strong><br>How Optimum Automotive uses AI and data to optimize TCO<\/figcaption><\/figure><\/div>\n\n<div class=\"wp-block-image\">\n<figure class=\"aligncenter size-full has-lightbox\"><a href=\"..\/IMG\/pdf\/2023-10-26-www.auto-infos.fr-26_octobre_2023-50000000369641658.pdf\" target=\"_blank\" rel=\"noreferrer noopener\"><img loading=\"lazy\" decoding=\"async\" width=\"153\" height=\"200\" src=\"https:\/\/bu.optimum-automotive.com\/wp-content\/uploads\/2024\/06\/01-525.jpg\" alt=\"\" class=\"wp-image-1842\"\/><\/a><figcaption class=\"wp-element-caption\"><strong>auto-infos.fr<\/strong><br>Fleet management: Optimum Automotive's solutions now referenced<br>by UniHA<\/figcaption><\/figure><\/div>\n\n\n<h2 class=\"wp-block-heading\">JUNE 2023<\/h2>\n\n\n<div class=\"wp-block-image\">\n<figure class=\"aligncenter size-full has-lightbox\"><a href=\"..\/wp-content\/uploads\/2024\/06\/2023-06-30-les_routiers-juillet_-_aout_2023-100000000653150011.pdf\" target=\"_blank\" rel=\"noreferrer noopener\"><img loading=\"lazy\" decoding=\"async\" width=\"153\" height=\"200\" src=\"https:\/\/bu.optimum-automotive.com\/wp-content\/uploads\/2024\/06\/01-519.jpg\" alt=\"\" class=\"wp-image-1844\"\/><\/a><figcaption class=\"wp-element-caption\"><strong>THE ROADS<\/strong><br>Fuel theft: The plague of HGV parking lots<\/figcaption><\/figure><\/div>\n\n<div class=\"wp-block-image\">\n<figure class=\"aligncenter size-full has-lightbox\"><a href=\"..\/IMG\/pdf\/2023-06-27-flottes_automobiles-juin_2023-10000000065292904.pdf\" target=\"_blank\" rel=\"noreferrer noopener\"><img loading=\"lazy\" decoding=\"async\" width=\"153\" height=\"200\" src=\"https:\/\/bu.optimum-automotive.com\/wp-content\/uploads\/2024\/06\/01-518.jpg\" alt=\"\" class=\"wp-image-1846\"\/><\/a><figcaption class=\"wp-element-caption\"><strong>CAR FLEETS<\/strong><br>Shared vehicles : An ecological and economical solution<\/figcaption><\/figure><\/div>\n\n<div class=\"wp-block-image\">\n<figure class=\"aligncenter size-full has-lightbox\"><a href=\"..\/wp-content\/uploads\/2024\/06\/2023-06-27-www.auto-infos.fr-27_juin_2023-500000003690556321.pdf\" target=\"_blank\" rel=\"noreferrer noopener\"><img loading=\"lazy\" decoding=\"async\" width=\"153\" height=\"200\" src=\"https:\/\/bu.optimum-automotive.com\/wp-content\/uploads\/2024\/06\/01-517.jpg\" alt=\"\" class=\"wp-image-1847\"\/><\/a><figcaption class=\"wp-element-caption\"><strong>auto-infos.fr<\/strong><br>Troph\u00e9es de L'Automobile &amp; L'Entreprise: the 2023 winners are...<\/figcaption><\/figure><\/div>\n\n<div class=\"wp-block-image\">\n<figure class=\"aligncenter size-full has-lightbox\"><a href=\"..\/wp-content\/uploads\/2024\/06\/2023-06-28-flottes_automobiles-juin_2023-100000000652929801.pdf\" target=\"_blank\" rel=\"noreferrer noopener\"><img loading=\"lazy\" decoding=\"async\" width=\"153\" height=\"200\" src=\"https:\/\/bu.optimum-automotive.com\/wp-content\/uploads\/2024\/06\/01-520.jpg\" alt=\"\" class=\"wp-image-1849\"\/><\/a><figcaption class=\"wp-element-caption\"><strong>CAR FLEETS<\/strong><br>Car-sharing A practical tool<\/figcaption><\/figure><\/div>\n\n<div class=\"wp-block-image\">\n<figure class=\"aligncenter size-full has-lightbox\"><a href=\"..\/wp-content\/uploads\/2024\/06\/2023-06-28-flottes_automobiles-juin_2023-100000000652929771.pdf\" target=\"_blank\" rel=\"noreferrer noopener\"><img loading=\"lazy\" decoding=\"async\" width=\"153\" height=\"200\" src=\"https:\/\/bu.optimum-automotive.com\/wp-content\/uploads\/2024\/06\/01-521.jpg\" alt=\"\" class=\"wp-image-1852\"\/><\/a><figcaption class=\"wp-element-caption\"><strong>CAR FLEETS<\/strong><br>Shared vehicles An ecological and economical solution<\/figcaption><\/figure><\/div>\n\n\n<h2 class=\"wp-block-heading\">MAY 2023<\/h2>\n\n\n<div class=\"wp-block-image\">\n<figure class=\"aligncenter size-full has-lightbox\"><a href=\"..\/wp-content\/uploads\/2024\/06\/2023-05-03-zepros_apres_vente_auto-mai_2023-100000000649966811.pdf\" target=\"_blank\" rel=\"noreferrer noopener\"><img loading=\"lazy\" decoding=\"async\" width=\"153\" height=\"200\" src=\"https:\/\/bu.optimum-automotive.com\/wp-content\/uploads\/2024\/06\/01-516.jpg\" alt=\"\" class=\"wp-image-1854\"\/><\/a><figcaption class=\"wp-element-caption\"><strong>ZEPROS<\/strong><br>Laurent Verdier joins the company specializing in data science for the mobility and connected vehicle market<\/figcaption><\/figure><\/div>\n\n\n<h2 class=\"wp-block-heading\">APRIL 2023<\/h2>\n\n\n<div class=\"wp-block-image\">\n<figure class=\"aligncenter size-full has-lightbox\"><a href=\"..\/wp-content\/uploads\/2024\/06\/2023-04-26-le_journal_des_entreprises_-_le_brief_edition_region_sud_newsletter_-25_avril_2023-100000000649568701.pdf\" target=\"_blank\" rel=\"noreferrer noopener\"><img loading=\"lazy\" decoding=\"async\" width=\"153\" height=\"200\" src=\"https:\/\/bu.optimum-automotive.com\/wp-content\/uploads\/2024\/06\/01-515.jpg\" alt=\"\" class=\"wp-image-1856\"\/><\/a><figcaption class=\"wp-element-caption\"><strong>Le Journal des Entreprises - Southern Region<\/strong><br>Optimum Automotive offers a three-month free trial of its platform<\/figcaption><\/figure><\/div>\n\n<div class=\"wp-block-image\">\n<figure class=\"aligncenter size-full has-lightbox\"><a href=\"..\/wp-content\/uploads\/2024\/06\/2023-04-06-le_journal_des_flottes-mars_-_avril_2023-100000000648540311.pdf\" target=\"_blank\" rel=\"noreferrer noopener\"><img loading=\"lazy\" decoding=\"async\" width=\"153\" height=\"200\" src=\"https:\/\/bu.optimum-automotive.com\/wp-content\/uploads\/2024\/06\/01-505.jpg\" alt=\"\" class=\"wp-image-1859\"\/><\/a><figcaption class=\"wp-element-caption\"><strong>Fleet newspaper<\/strong><br>11 Keys to downsizing your fleet<\/figcaption><\/figure><\/div>\n\n<div class=\"wp-block-image\">\n<figure class=\"aligncenter size-full has-lightbox\"><a href=\"..\/wp-content\/uploads\/2024\/06\/2023-04-14-executives-13_avril_2023-100000000648920291.pdf\" target=\"_blank\" rel=\"noreferrer noopener\"><img loading=\"lazy\" decoding=\"async\" width=\"153\" height=\"200\" src=\"https:\/\/bu.optimum-automotive.com\/wp-content\/uploads\/2024\/06\/01-509.jpg\" alt=\"\" class=\"wp-image-1862\"\/><\/a><figcaption class=\"wp-element-caption\"><strong>Executives<\/strong><br>FLEET MANAGEMENT AND GPS \/ OPTIMUM AUTOMOTIVE: Laurent Verdier appointed Strategic Accounts Manager.<\/figcaption><\/figure><\/div>\n\n<div class=\"wp-block-image\">\n<figure class=\"aligncenter size-full has-lightbox\"><a href=\"..\/wp-content\/uploads\/2024\/06\/2023-04-14-flash-infos_edition_paca_corse_occitanie_newsletter_-13_avril_2023-10000000064892033_003_1.pdf\" target=\"_blank\" rel=\"noreferrer noopener\"><img loading=\"lazy\" decoding=\"async\" width=\"153\" height=\"200\" src=\"https:\/\/bu.optimum-automotive.com\/wp-content\/uploads\/2024\/06\/01-508.jpg\" alt=\"\" class=\"wp-image-1865\"\/><\/a><figcaption class=\"wp-element-caption\"><strong>FLASH-INFOS (PACA CORSE OCCITANIE EDITION)<\/strong><br>AUTOMOTIVE: Laurent Verdier in charge of strategic accounts at OPTIMUM AUTOMOTIVE<\/figcaption><\/figure><\/div>\n\n<div class=\"wp-block-image\">\n<figure class=\"aligncenter size-full has-lightbox\"><a href=\"https:\/\/bu.optimum-automotive.com\/wp-content\/uploads\/2024\/06\/2023-04-21-flottes_automobiles-avril_2023-100000000649388001.pdf\" target=\"_blank\" rel=\"noreferrer noopener\"><img loading=\"lazy\" decoding=\"async\" width=\"153\" height=\"200\" src=\"https:\/\/bu.optimum-automotive.com\/wp-content\/uploads\/2024\/06\/01-514.jpg\" alt=\"\" class=\"wp-image-1868\"\/><\/a><figcaption class=\"wp-element-caption\"><strong>CAR FLEETS<\/strong><br>MANAGEMENT: Sustainable mobility package and mobility credit 2023, the year of take-off<\/figcaption><\/figure><\/div>\n\n<div class=\"wp-block-image\">\n<figure class=\"aligncenter size-full has-lightbox\"><a href=\"https:\/\/bu.optimum-automotive.com\/wp-content\/uploads\/2024\/06\/2023-04-13-www.flotauto.com-13_avril_2023-500000003686589671.pdf\" target=\"_blank\" rel=\"noreferrer noopener\"><img loading=\"lazy\" decoding=\"async\" width=\"153\" height=\"200\" src=\"https:\/\/bu.optimum-automotive.com\/wp-content\/uploads\/2024\/06\/01-511.jpg\" alt=\"\" class=\"wp-image-1869\"\/><\/a><figcaption class=\"wp-element-caption\"><strong>flotauto.com<\/strong><br>Appointment: Laurent Verdier, Head of Strategic Accounts, Optimum Automotive<\/figcaption><\/figure><\/div>\n\n<div class=\"wp-block-image\">\n<figure class=\"aligncenter size-full has-lightbox\"><a href=\"https:\/\/bu.optimum-automotive.com\/wp-content\/uploads\/2024\/06\/2023-04-14-autoactu.com_newsletter_-13_avril_2023-100000000648920281.pdf\" target=\"_blank\" rel=\"noreferrer noopener\"><img loading=\"lazy\" decoding=\"async\" width=\"153\" height=\"200\" src=\"https:\/\/bu.optimum-automotive.com\/wp-content\/uploads\/2024\/06\/01-510.jpg\" alt=\"\" class=\"wp-image-1870\"\/><\/a><figcaption class=\"wp-element-caption\"><strong>autoactu.com<\/strong><br>Laurent Verdier appointed Strategic Accounts Manager at Optimum Automotive<\/figcaption><\/figure><\/div>\n\n<div class=\"wp-block-image\">\n<figure class=\"aligncenter size-full has-lightbox\"><a href=\"https:\/\/bu.optimum-automotive.com\/wp-content\/uploads\/2024\/06\/2023-04-13-www.am-today.com-13_avril_2023-500000003686589851.pdf\" target=\"_blank\" rel=\"noreferrer noopener\"><img loading=\"lazy\" decoding=\"async\" width=\"153\" height=\"200\" src=\"https:\/\/bu.optimum-automotive.com\/wp-content\/uploads\/2024\/06\/01-512.jpg\" alt=\"\" class=\"wp-image-1871\"\/><\/a><figcaption class=\"wp-element-caption\"><strong>am-today.com<\/strong><br>Laurent Verdier joins Optimum Automotive's Key Accounts sales team<\/figcaption><\/figure><\/div>\n\n<div class=\"wp-block-image\">\n<figure class=\"aligncenter size-full has-lightbox\"><a href=\"https:\/\/bu.optimum-automotive.com\/wp-content\/uploads\/2024\/06\/2023-04-13-auto.zepros.fr-13_avril_2023-500000003686589751.pdf\" target=\"_blank\" rel=\"noreferrer noopener\"><img loading=\"lazy\" decoding=\"async\" width=\"153\" height=\"200\" src=\"https:\/\/bu.optimum-automotive.com\/wp-content\/uploads\/2024\/06\/01-513.jpg\" alt=\"\" class=\"wp-image-1872\"\/><\/a><figcaption class=\"wp-element-caption\"><strong>auto.zepros.fr<\/strong><br>Optimum Automotive appoints new key account manager<\/figcaption><\/figure><\/div>\n\n<div class=\"wp-block-image\">\n<figure class=\"aligncenter size-full has-lightbox\"><a href=\"https:\/\/bu.optimum-automotive.com\/wp-content\/uploads\/2024\/06\/2023-04-14-le_journal_des_entreprises_-_le_brief_edition_region_sud_newsletter_-12_avril_2023-100000000648920341.pdf\" target=\"_blank\" rel=\"noreferrer noopener\"><img loading=\"lazy\" decoding=\"async\" width=\"153\" height=\"200\" src=\"https:\/\/bu.optimum-automotive.com\/wp-content\/uploads\/2024\/06\/01-507.jpg\" alt=\"\" class=\"wp-image-1873\"\/><\/a><figcaption class=\"wp-element-caption\"><strong>Le Journal des Entreprises - Southern Region<\/strong><br>Laurent Verdier appointed Strategic Accounts Manager at Optimum Automotive<\/figcaption><\/figure><\/div>\n\n\n<h2 class=\"wp-block-heading\">MARCH 2023<\/h2>\n\n\n<div class=\"wp-block-image\">\n<figure class=\"aligncenter size-full has-lightbox\"><a href=\"https:\/\/bu.optimum-automotive.com\/wp-content\/uploads\/2024\/06\/2023-03-10-flottes_automobiles-mars_2023-100000000647001331.pdf\" target=\"_blank\" rel=\"noreferrer noopener\"><img loading=\"lazy\" decoding=\"async\" width=\"153\" height=\"200\" src=\"https:\/\/bu.optimum-automotive.com\/wp-content\/uploads\/2024\/06\/01-504.jpg\" alt=\"\" class=\"wp-image-1882\"\/><\/a><figcaption class=\"wp-element-caption\"><strong>CAR FLEETS<\/strong><br>Telematics: Optimizing and greening fleets<\/figcaption><\/figure><\/div>\n\n<div class=\"wp-block-image\">\n<figure class=\"aligncenter size-full has-lightbox\"><a href=\"https:\/\/bu.optimum-automotive.com\/wp-content\/uploads\/2024\/06\/optimum_automotive_signe_un_accord_de_distribution_avec_l_entreprise_marocaine_edrive1.pdf\" target=\"_blank\" rel=\"noreferrer noopener\"><img loading=\"lazy\" decoding=\"async\" width=\"153\" height=\"200\" src=\"https:\/\/bu.optimum-automotive.com\/wp-content\/uploads\/2024\/06\/01-506.jpg\" alt=\"\" class=\"wp-image-1883\"\/><\/a><figcaption class=\"wp-element-caption\"><strong>industrie-mag.com<\/strong><br>Optimum Automotive signs distribution agreement with Moroccan company Edrive<\/figcaption><\/figure><\/div>\n\n<div class=\"wp-block-image\">\n<figure class=\"aligncenter size-full has-lightbox\"><a href=\"https:\/\/bu.optimum-automotive.com\/wp-content\/uploads\/2024\/06\/l_equipe_d_optimum_automotive_s_agrandit_pour_faire_de_son_ambition_internationale_une_realite-1.pdf\" target=\"_blank\" rel=\"noreferrer noopener\"><img loading=\"lazy\" decoding=\"async\" width=\"153\" height=\"200\" src=\"https:\/\/bu.optimum-automotive.com\/wp-content\/uploads\/2024\/06\/01-501.jpg\" alt=\"\" class=\"wp-image-1884\"\/><\/a><figcaption class=\"wp-element-caption\"><strong>L'Automobile Magazine<\/strong><br>Optimum Automotive's team expands to make its international ambitions a reality<\/figcaption><\/figure><\/div>\n\n<div class=\"wp-block-image\">\n<figure class=\"aligncenter size-full has-lightbox\"><a href=\"https:\/\/www.mappingcontrol.com\/IMG\/pdf\/automobile_optimum_automotive_-_raghavendra_thiagarajan_nomme_head_of_global_products_strategy.pdf\" target=\"_blank\" rel=\"noreferrer noopener\"><img loading=\"lazy\" decoding=\"async\" width=\"153\" height=\"200\" src=\"https:\/\/bu.optimum-automotive.com\/wp-content\/uploads\/2024\/06\/01-502.jpg\" alt=\"\" class=\"wp-image-1885\"\/><\/a><figcaption class=\"wp-element-caption\"><strong>pa-sport.fr<\/strong><br>AUTOMOTIVE: Optimum automotive - Raghavendra THIAGARAJAN appointed Head of Global Products Strategy<\/figcaption><\/figure><\/div>\n\n<div class=\"wp-block-image\">\n<figure class=\"aligncenter size-full has-lightbox\"><a href=\"https:\/\/www.mappingcontrol.com\/IMG\/pdf\/raghavendran_thiagarajan_nomme_responsable_de_la_strategie_des_produits_mondiaux_d_optimum_automotive_-_le_journal_des_entreprises_-_region_sud.pdf\" target=\"_blank\" rel=\"noreferrer noopener\"><img loading=\"lazy\" decoding=\"async\" width=\"153\" height=\"200\" src=\"https:\/\/bu.optimum-automotive.com\/wp-content\/uploads\/2024\/06\/01-503.jpg\" alt=\"\" class=\"wp-image-1886\"\/><\/a><figcaption class=\"wp-element-caption\"><strong>lejournaldesentreprises.com<\/strong><br>Raghavendran Thiagarajan appointed Head of Global Product Strategy at Optimum Automotive<\/figcaption><\/figure><\/div>\n\n\n<h2 class=\"wp-block-heading\">FEBRUARY 2023<\/h2>\n\n\n<div class=\"wp-block-image\">\n<figure class=\"aligncenter size-full has-lightbox\"><a href=\"https:\/\/bu.optimum-automotive.com\/wp-content\/uploads\/2024\/06\/l_aixois_optimum_automotive_present_aux_rencontres_flotauto_a_paris_-_le_journal_des_entreprises_-_region_sud1.pdf\" target=\"_blank\" rel=\"noreferrer noopener\"><img loading=\"lazy\" decoding=\"async\" width=\"153\" height=\"200\" src=\"https:\/\/bu.optimum-automotive.com\/wp-content\/uploads\/2024\/06\/01-500.jpg\" alt=\"\" class=\"wp-image-1891\"\/><\/a><figcaption class=\"wp-element-caption\"><strong>THE BUSINESS NEWSPAPER<\/strong><br>Aix-based Optimum Automotive at Flotauto meetings in Paris<\/figcaption><\/figure><\/div>\n\n<div class=\"wp-block-image\">\n<figure class=\"aligncenter size-full has-lightbox\"><a href=\"https:\/\/www.mappingcontrol.com\/IMG\/pdf\/2023-02-17-transport_info-fevrier_2023-10000000064579087.pdf\" target=\"_blank\" rel=\"noreferrer noopener\"><img loading=\"lazy\" decoding=\"async\" width=\"153\" height=\"200\" src=\"https:\/\/bu.optimum-automotive.com\/wp-content\/uploads\/2024\/06\/01-496.jpg\" alt=\"\" class=\"wp-image-1892\"\/><\/a><figcaption class=\"wp-element-caption\"><strong>Transport Info<\/strong><br>How can you reduce consumption?<\/figcaption><\/figure><\/div>\n\n<div class=\"wp-block-image\">\n<figure class=\"aligncenter size-full has-lightbox\"><a href=\"https:\/\/www.mappingcontrol.com\/IMG\/pdf\/2023-02-14-www.auto-infos.fr-14_fevrier_2023-50000000368336719.pdf\" target=\"_blank\" rel=\"noreferrer noopener\"><img loading=\"lazy\" decoding=\"async\" width=\"153\" height=\"200\" src=\"https:\/\/bu.optimum-automotive.com\/wp-content\/uploads\/2024\/06\/01-497.jpg\" alt=\"\" class=\"wp-image-1893\"\/><\/a><figcaption class=\"wp-element-caption\"><strong>auto-infos.fr<\/strong><br>Optimum Automotive continues to expand on the African continent<\/figcaption><\/figure><\/div>\n\n<div class=\"wp-block-image\">\n<figure class=\"aligncenter size-full has-lightbox\"><a href=\"https:\/\/www.mappingcontrol.com\/IMG\/pdf\/2023-02-14-www.industrie-mag.com-14_fevrier_2023-50000000368336706.pdf\" target=\"_blank\" rel=\"noreferrer noopener\"><img loading=\"lazy\" decoding=\"async\" width=\"153\" height=\"200\" src=\"https:\/\/bu.optimum-automotive.com\/wp-content\/uploads\/2024\/06\/01-498.jpg\" alt=\"\" class=\"wp-image-1894\"\/><\/a><figcaption class=\"wp-element-caption\"><strong>industrie-mag.com<\/strong><br>Optimum Automotive accelerates its development on the African continent<\/figcaption><\/figure><\/div>\n\n<div class=\"wp-block-image\">\n<figure class=\"aligncenter size-full has-lightbox\"><a href=\"https:\/\/bu.optimum-automotive.com\/wp-content\/uploads\/2024\/06\/2023-02-15-le_journal_des_entreprises_-_le_brief_edition_region_sud_newsletter_-14_fevrier_2023-100000000645677381.pdf\" target=\"_blank\" rel=\"noreferrer noopener\"><img loading=\"lazy\" decoding=\"async\" width=\"153\" height=\"200\" src=\"https:\/\/bu.optimum-automotive.com\/wp-content\/uploads\/2024\/06\/01-499.jpg\" alt=\"\" class=\"wp-image-1895\"\/><\/a><figcaption class=\"wp-element-caption\"><strong>THE BUSINESS NEWSPAPER<\/strong><br>Optimum Automotive continues its international expansion<\/figcaption><\/figure><\/div>\n\n<div class=\"wp-block-image\">\n<figure class=\"aligncenter size-full has-lightbox\"><a href=\"https:\/\/bu.optimum-automotive.com\/wp-content\/uploads\/2024\/06\/intelligence_artificielle_et_automobile___la_montee_en_puissance1.pdf\" target=\"_blank\" rel=\"noreferrer noopener\"><img loading=\"lazy\" decoding=\"async\" width=\"153\" height=\"200\" src=\"https:\/\/bu.optimum-automotive.com\/wp-content\/uploads\/2024\/06\/01-494.jpg\" alt=\"\" class=\"wp-image-1896\"\/><\/a><figcaption class=\"wp-element-caption\"><strong>flotauto.com<\/strong><br>Artificial intelligence and the automobile: the rise to power<\/figcaption><\/figure><\/div>\n\n<div class=\"wp-block-image\">\n<figure class=\"aligncenter size-full has-lightbox\"><a href=\"https:\/\/www.mappingcontrol.com\/IMG\/pdf\/paris_optimum_automotive_accelere_a_l_international.pdf\" target=\"_blank\" rel=\"noreferrer noopener\"><img loading=\"lazy\" decoding=\"async\" width=\"153\" height=\"200\" src=\"https:\/\/bu.optimum-automotive.com\/wp-content\/uploads\/2024\/06\/01-495.jpg\" alt=\"\" class=\"wp-image-1897\"\/><\/a><figcaption class=\"wp-element-caption\"><strong>presseagence.fr<\/strong><br>PARIS: Optimum automotive steps up international expansion<\/figcaption><\/figure><\/div>\n\n\n<h2 class=\"wp-block-heading\">JANUARY 2023<\/h2>\n\n\n<div class=\"wp-block-image\">\n<figure class=\"aligncenter size-full has-lightbox\"><a href=\"https:\/\/bu.optimum-automotive.com\/wp-content\/uploads\/2024\/06\/transportissimo.com_lutter-contre-le-vol-de-carburant1.pdf\" target=\"_blank\" rel=\"noreferrer noopener\"><img loading=\"lazy\" decoding=\"async\" width=\"153\" height=\"200\" src=\"https:\/\/bu.optimum-automotive.com\/wp-content\/uploads\/2024\/06\/01-493.jpg\" alt=\"\" class=\"wp-image-1902\"\/><\/a><figcaption class=\"wp-element-caption\"><strong>Transportissimo<\/strong><br>Combating fuel theft<\/figcaption><\/figure><\/div>\n\n<div class=\"wp-block-image\">\n<figure class=\"aligncenter size-full has-lightbox\"><a href=\"https:\/\/bu.optimum-automotive.com\/wp-content\/uploads\/2024\/06\/optimum_automotive_-_carburant_vole__carburant_rembourse-_infos_751.pdf\" target=\"_blank\" rel=\"noreferrer noopener\"><img loading=\"lazy\" decoding=\"async\" width=\"153\" height=\"200\" src=\"https:\/\/bu.optimum-automotive.com\/wp-content\/uploads\/2024\/06\/01-492.jpg\" alt=\"\" class=\"wp-image-1903\"\/><\/a><figcaption class=\"wp-element-caption\"><strong>Infos 75<\/strong><br>Optimum Automotive stolen fuel = refunded fuel!<\/figcaption><\/figure><\/div>\n\n<div class=\"wp-block-image\">\n<figure class=\"aligncenter size-full has-lightbox\"><a href=\"https:\/\/bu.optimum-automotive.com\/wp-content\/uploads\/2024\/06\/2023-01-08-radio.vinci-autoroutes.com-january_08_2023-500000003681349891.pdf\" target=\"_blank\" rel=\"noreferrer noopener\"><img loading=\"lazy\" decoding=\"async\" width=\"153\" height=\"200\" src=\"https:\/\/bu.optimum-automotive.com\/wp-content\/uploads\/2024\/06\/01-491.jpg\" alt=\"\" class=\"wp-image-1904\"\/><\/a><figcaption class=\"wp-element-caption\"><strong>radio.vinci-autoroutes.com<\/strong><br>Company car-sharing: a winning choice<\/figcaption><\/figure><\/div>\n\n<div class=\"wp-block-image\">\n<figure class=\"aligncenter size-full has-lightbox\"><a href=\"https:\/\/bu.optimum-automotive.com\/wp-content\/uploads\/2024\/06\/2023-01-06-www.auto-infos.fr-january_06_2023-500000003681249491.pdf\" target=\"_blank\" rel=\"noreferrer noopener\"><img loading=\"lazy\" decoding=\"async\" width=\"153\" height=\"200\" src=\"https:\/\/bu.optimum-automotive.com\/wp-content\/uploads\/2024\/06\/01-490.jpg\" alt=\"\" class=\"wp-image-1905\"\/><\/a><figcaption class=\"wp-element-caption\"><strong>auto-infos.fr<\/strong><br>Optimum Automotive agrees to reimburse stolen fuel for customers equipped with its Securifuel solution<\/figcaption><\/figure><\/div>\n\n<div class=\"wp-block-image\">\n<figure class=\"aligncenter size-full has-lightbox\"><a href=\"https:\/\/bu.optimum-automotive.com\/wp-content\/uploads\/2024\/06\/2023-01-05-www.pa-sport.fr-january_05_2023-500000003681194831.pdf\" target=\"_blank\" rel=\"noreferrer noopener\"><img loading=\"lazy\" decoding=\"async\" width=\"153\" height=\"200\" src=\"https:\/\/bu.optimum-automotive.com\/wp-content\/uploads\/2024\/06\/01-489.jpg\" alt=\"\" class=\"wp-image-1906\"\/><\/a><figcaption class=\"wp-element-caption\"><strong>pa-sport.fr<\/strong><br>AUTOMOTIVE: With Optimum automotive, stolen fuel is reimbursed fuel!<\/figcaption><\/figure><\/div>\n\n<div class=\"wp-block-image\">\n<figure class=\"aligncenter size-full has-lightbox\"><a href=\"https:\/\/bu.optimum-automotive.com\/wp-content\/uploads\/2024\/06\/optimum_automotive_lance_une_offre_exclusive___vol_de_carburant_rembourse___-_le_journal_des_entreprises_-_region_sud1.pdf\" target=\"_blank\" rel=\"noreferrer noopener\"><img loading=\"lazy\" decoding=\"async\" width=\"153\" height=\"200\" src=\"https:\/\/bu.optimum-automotive.com\/wp-content\/uploads\/2024\/06\/01-488.jpg\" alt=\"\" class=\"wp-image-1907\"\/><\/a><figcaption class=\"wp-element-caption\"><strong>THE BUSINESS NEWSPAPER<\/strong><br>Optimum Automotive launches exclusive Vol decarburant rembours\u00e9 offer<\/figcaption><\/figure><\/div>\n\n\n<h2 class=\"wp-block-heading\">DECEMBER 2022<\/h2>\n\n\n<div class=\"wp-block-image\">\n<figure class=\"aligncenter size-full has-lightbox\"><a href=\"https:\/\/bu.optimum-automotive.com\/wp-content\/uploads\/2024\/06\/2022-12-29-flottes_automobiles-decembre_2022_-_janvier_2023-100000000643153901.pdf\" target=\"_blank\" rel=\"noreferrer noopener\"><img loading=\"lazy\" decoding=\"async\" width=\"153\" height=\"200\" src=\"https:\/\/bu.optimum-automotive.com\/wp-content\/uploads\/2024\/06\/01-486.jpg\" alt=\"\" class=\"wp-image-1921\"\/><\/a><figcaption class=\"wp-element-caption\"><strong>CAR FLEETS<\/strong><br>TRIP KEEPER TO MANAGE MOBILITY<\/figcaption><\/figure><\/div>\n\n<div class=\"wp-block-image\">\n<figure class=\"aligncenter size-full has-lightbox\"><a href=\"https:\/\/bu.optimum-automotive.com\/wp-content\/uploads\/2024\/06\/2022-12-29-flottes_automobiles-decembre_2022_-_janvier_2023-100000000643153981.pdf\" target=\"_blank\" rel=\"noreferrer noopener\"><img loading=\"lazy\" decoding=\"async\" width=\"153\" height=\"200\" src=\"https:\/\/bu.optimum-automotive.com\/wp-content\/uploads\/2024\/06\/01-487.jpg\" alt=\"\" class=\"wp-image-1922\"\/><\/a><figcaption class=\"wp-element-caption\"><strong>CAR FLEETS<\/strong><br>Artificial intelligence: the rise to power<\/figcaption><\/figure><\/div>\n\n<div class=\"wp-block-image\">\n<figure class=\"aligncenter size-full has-lightbox\"><a href=\"https:\/\/bu.optimum-automotive.com\/wp-content\/uploads\/2024\/06\/pour_la_mobilite_des_salaries_optimum_automotive_developpe_trip_keeper1.pdf\" target=\"_blank\" rel=\"noreferrer noopener\"><img loading=\"lazy\" decoding=\"async\" width=\"153\" height=\"200\" src=\"https:\/\/bu.optimum-automotive.com\/wp-content\/uploads\/2024\/06\/01-485.jpg\" alt=\"\" class=\"wp-image-1923\"\/><\/a><figcaption class=\"wp-element-caption\"><strong>auto-infos.fr<\/strong><br>Optimum Automotive develops Trip Keeper for employee mobility<\/figcaption><\/figure><\/div>\n\n<div class=\"wp-block-image\">\n<figure class=\"aligncenter size-full has-lightbox\"><a href=\"https:\/\/bu.optimum-automotive.com\/wp-content\/uploads\/2024\/06\/rsolutions_expertises_s_allie_a_optimum_automotive_21.pdf\" target=\"_blank\" rel=\"noreferrer noopener\"><img loading=\"lazy\" decoding=\"async\" width=\"153\" height=\"200\" src=\"https:\/\/bu.optimum-automotive.com\/wp-content\/uploads\/2024\/06\/01-484.jpg\" alt=\"\" class=\"wp-image-1924\"\/><\/a><figcaption class=\"wp-element-caption\"><strong>Management software<\/strong><br>Rsolutions Expertises enhances its services with Optimum Automotive<\/figcaption><\/figure><\/div>\n\n<div class=\"wp-block-image\">\n<figure class=\"aligncenter size-full has-lightbox\"><a href=\"https:\/\/bu.optimum-automotive.com\/wp-content\/uploads\/2024\/06\/2022-12-06-www.flotauto.com-december_06_2022-500000003679703861.pdf\" target=\"_blank\" rel=\"noreferrer noopener\"><img loading=\"lazy\" decoding=\"async\" width=\"153\" height=\"200\" src=\"https:\/\/bu.optimum-automotive.com\/wp-content\/uploads\/2024\/06\/01-483.jpg\" alt=\"\" class=\"wp-image-1925\"\/><\/a><figcaption class=\"wp-element-caption\"><strong>flotauto.com<\/strong><br>Optimum Automotive launches Trip Keeper for mobility management<\/figcaption><\/figure><\/div>\n\n<div class=\"wp-block-image\">\n<figure class=\"aligncenter size-full has-lightbox\"><a href=\"https:\/\/bu.optimum-automotive.com\/wp-content\/uploads\/2024\/06\/2022-12-06-radio.vinci-autoroutes.com-december_06_2022-500000003679703881.pdf\" target=\"_blank\" rel=\"noreferrer noopener\"><img loading=\"lazy\" decoding=\"async\" width=\"153\" height=\"200\" src=\"https:\/\/bu.optimum-automotive.com\/wp-content\/uploads\/2024\/06\/01-482.jpg\" alt=\"\" class=\"wp-image-1926\"\/><\/a><figcaption class=\"wp-element-caption\"><strong>radio.vinci-autoroutes.com<\/strong><br>The velotaf<\/figcaption><\/figure><\/div>\n\n<div class=\"wp-block-image\">\n<figure class=\"aligncenter size-full has-lightbox\"><a href=\"https:\/\/bu.optimum-automotive.com\/wp-content\/uploads\/2024\/06\/2022-12-06-le_journal_du_poids_lourd-novembre_2022-100000000641824241.pdf\" target=\"_blank\" rel=\"noreferrer noopener\"><img loading=\"lazy\" decoding=\"async\" width=\"153\" height=\"200\" src=\"https:\/\/bu.optimum-automotive.com\/wp-content\/uploads\/2024\/06\/01-481.jpg\" alt=\"\" class=\"wp-image-1927\"\/><\/a><figcaption class=\"wp-element-caption\"><strong>THE TRUCK JOURNAL<\/strong><br>Fuel: how to avoid siphoning?<\/figcaption><\/figure><\/div>\n\n<div class=\"wp-block-image\">\n<figure class=\"aligncenter size-full has-lightbox\"><a href=\"https:\/\/bu.optimum-automotive.com\/wp-content\/uploads\/2024\/06\/2022-11-30-le_journal_des_entreprises_-_le_brief_edition_region_sud_-29_novembre_2022-100000000641432061.pdf\" target=\"_blank\" rel=\"noreferrer noopener\"><img loading=\"lazy\" decoding=\"async\" width=\"153\" height=\"200\" src=\"https:\/\/bu.optimum-automotive.com\/wp-content\/uploads\/2024\/06\/01-480.jpg\" alt=\"\" class=\"wp-image-1928\"\/><\/a><figcaption class=\"wp-element-caption\"><strong>THE BUSINESS NEWSPAPER<\/strong><br>Optimum Automotive signs partnership agreement with R Solutions Expertises<\/figcaption><\/figure><\/div>\n\n\n<h2 class=\"wp-block-heading\">NOVEMBER 2022<\/h2>\n\n\n<div class=\"wp-block-image\">\n<figure class=\"aligncenter size-full has-lightbox\"><a href=\"https:\/\/bu.optimum-automotive.com\/wp-content\/uploads\/2024\/07\/2022-11-27-www.presseagence.fr-november_27_2022-500000003679281271-1.pdf\" target=\"_blank\" rel=\"noreferrer noopener\"><img loading=\"lazy\" decoding=\"async\" width=\"153\" height=\"200\" src=\"https:\/\/bu.optimum-automotive.com\/wp-content\/uploads\/2024\/07\/01-479.jpg\" alt=\"\" class=\"wp-image-2242\" srcset=\"https:\/\/bu.optimum-automotive.com\/wp-content\/uploads\/2024\/07\/01-479.jpg 153w, https:\/\/bu.optimum-automotive.com\/wp-content\/uploads\/2024\/07\/01-479-9x12.jpg 9w\" sizes=\"auto, (max-width: 153px) 100vw, 153px\" \/><\/a><figcaption class=\"wp-element-caption\"><strong><strong>presseagence.fr<\/strong><\/strong><br>PARIS: Optimum automotive seals new partnership with R solutions expertises<\/figcaption><\/figure><\/div>\n\n<div class=\"wp-block-image\">\n<figure class=\"aligncenter size-full has-lightbox\"><a href=\"https:\/\/bu.optimum-automotive.com\/wp-content\/uploads\/2024\/07\/2022-11-27-www.mtom-mag.com-november_27_2022-500000003679281311.pdf\" target=\"_blank\" rel=\"noreferrer noopener\"><img loading=\"lazy\" decoding=\"async\" width=\"153\" height=\"200\" src=\"https:\/\/bu.optimum-automotive.com\/wp-content\/uploads\/2024\/07\/01-4771.jpg\" alt=\"\" class=\"wp-image-2319\" srcset=\"https:\/\/bu.optimum-automotive.com\/wp-content\/uploads\/2024\/07\/01-4771.jpg 153w, https:\/\/bu.optimum-automotive.com\/wp-content\/uploads\/2024\/07\/01-4771-9x12.jpg 9w\" sizes=\"auto, (max-width: 153px) 100vw, 153px\" \/><\/a><figcaption class=\"wp-element-caption\"><strong><strong><strong>mtom-mag.com<\/strong><\/strong><\/strong><br>Optimum Automotive seals new partnership with R Solutions Expertises<\/figcaption><\/figure><\/div>\n\n\n<div class=\"wp-block-image\"><a href=\"https:\/\/bu.optimum-automotive.com\/wp-content\/uploads\/2024\/07\/pdf\/2022-11-27-www.pa-sport.fr-november_27_2022-50000000367928135_2.pdf\" title=\"pa-sport.fr\" type=\"application\/pdf\" target=\"_blank\" rel=\"noopener\"><img loading=\"lazy\" decoding=\"async\" src=\"https:\/\/bu.optimum-automotive.com\/wp-content\/uploads\/2024\/07\/jpg\/01-478.jpg\" width=\"153\" height=\"200\" alt=\"PDF - 725 kb\"><\/a>\r\n<figcaption class=\"wp-element-caption\"><strong>pa-sport.fr<\/strong><br>\r\nAUTOMOTIVE: Optimum automotive seals new partnership with R solutions expertises<\/figcaption><\/div> \r\n\r\n<div class=\"wp-block-image\"><a href=\"https:\/\/bu.optimum-automotive.com\/wp-content\/uploads\/2024\/07\/pdf\/2022-11-29-travaux-novembre_2022-10000000064135147.pdf\" title=\"BTP-Architecture\" type=\"application\/pdf\" target=\"_blank\" rel=\"noopener\"><img loading=\"lazy\" decoding=\"async\" src=\"https:\/\/bu.optimum-automotive.com\/wp-content\/uploads\/2024\/07\/jpg\/01-476.jpg\" width=\"153\" height=\"200\" alt=\"PDF - 327.6 kb\"><\/a>\r\n<figcaption class=\"wp-element-caption\"><strong>BTP-Architecture<\/strong><br>\r\nSecuring and optimizing fuel for worksite vehicles<\/figcaption><\/div>\r\n\r\n<div class=\"wp-block-image\"><a href=\"https:\/\/bu.optimum-automotive.com\/wp-content\/uploads\/2024\/07\/pdf\/optimum_automotive_signe_un_partenariat.pdf\" title=\"THE BUSINESS NEWSPAPER\" type=\"application\/pdf\" target=\"_blank\" rel=\"noopener\"><img loading=\"lazy\" decoding=\"async\" src=\"https:\/\/bu.optimum-automotive.com\/wp-content\/uploads\/2024\/07\/jpg\/01-475.jpg\" width=\"153\" height=\"200\" alt=\"PDF - 236.3 kb\"><\/a>\r\n<figcaption class=\"wp-element-caption\"><strong>THE BUSINESS NEWSPAPER<\/strong><br>\r\nOptimum Automotive signs partnership agreement with R Solutions Expertises<\/figcaption><\/div> \r\n\r\n<div class=\"wp-block-image\">\r\n<a href=\"https:\/\/bu.optimum-automotive.com\/wp-content\/uploads\/2024\/07\/pdf\/2022-11-21-flottes_automobiles_guide-n_0_-_2022-10000000064085265_1_.pdf\" title=\"FLEET GUIDE \" type=\"application\/pdf\" target=\"_blank\" rel=\"noopener\"><img loading=\"lazy\" decoding=\"async\" src=\"https:\/\/bu.optimum-automotive.com\/wp-content\/uploads\/2024\/07\/jpg\/01-474.jpg\" width=\"153\" height=\"200\" alt=\"PDF - 3.8 Mb\"><\/a>\r\n<figcaption class=\"wp-element-caption\"><strong>FLEET GUIDE <\/strong><br>\r\nTelematics: Expanding areas of intervention<\/figcaption><\/div> \r\n\r\n<h2 class=\"wp-block-heading\">OCTOBER 2022<\/h2>\t\r\n\r\n<div class=\"wp-block-image\"><a href=\"https:\/\/bu.optimum-automotive.com\/wp-content\/uploads\/2024\/07\/pdf\/interfaces_pour_la_gestion_de_flotte___des_prestataires_connectes.pdf\" title=\"CAR FLEETS\" type=\"application\/pdf\" target=\"_blank\" rel=\"noopener\"><img loading=\"lazy\" decoding=\"async\" src=\"https:\/\/bu.optimum-automotive.com\/wp-content\/uploads\/2024\/07\/jpg\/01-473.jpg\" width=\"153\" height=\"200\" alt=\"PDF - 167.7 kb\"><\/a>\r\n<figcaption class=\"wp-element-caption\"><strong>CAR FLEETS<\/strong><br>\r\nInterfaces for fleet management: connected service providers<\/figcaption><\/div> \r\n \r\n<div class=\"wp-block-image\"><a href=\"https:\/\/bu.optimum-automotive.com\/wp-content\/uploads\/2024\/07\/pdf\/2022-10-25-www.routiers.com-october_25_2022-50000000367692581.pdf\" title=\"routiers.com\" type=\"application\/pdf\" target=\"_blank\" rel=\"noopener\"><img loading=\"lazy\" decoding=\"async\" src=\"https:\/\/bu.optimum-automotive.com\/wp-content\/uploads\/2024\/07\/jpg\/01-472.jpg\" width=\"153\" height=\"200\" alt=\"PDF - 154.3 kb\"><\/a>\r\n<figcaption class=\"wp-element-caption\"><strong>routiers.com<\/strong><br>\r\nFuel theft : Optimum Automotive offers sensor and alarm\r\n<\/figcaption><\/div> \r\n\r\n<div class=\"wp-block-image\">\r\n<a href=\"https:\/\/bu.optimum-automotive.com\/wp-content\/uploads\/2024\/07\/pdf\/2022-10-25-www.transporteurs.net-october_25_2022-50000000367692537.pdf\" title=\"transporteurs.net\" type=\"application\/pdf\" target=\"_blank\" rel=\"noopener\"><img loading=\"lazy\" decoding=\"async\" src=\"https:\/\/bu.optimum-automotive.com\/wp-content\/uploads\/2024\/07\/jpg\/01-471.jpg\" width=\"153\" height=\"200\" alt=\"PDF - 154 kb\"><\/a>\r\n<figcaption class=\"wp-element-caption\"><strong>transporteurs.net<\/strong><br>\r\nFuel theft : Optimum Automotive offers sensor and alarm\r\n<\/figcaption><\/div> \r\n\r\n\r\n<div class=\"wp-block-image\"><a href=\"https:\/\/bu.optimum-automotive.com\/wp-content\/uploads\/2024\/07\/pdf\/2022-10-11-flottes_automobiles-octobre_2022-10000000063848903.pdf\" title=\"CAR FLEETS\" type=\"application\/pdf\" target=\"_blank\" rel=\"noopener\"><img loading=\"lazy\" decoding=\"async\" src=\"https:\/\/bu.optimum-automotive.com\/wp-content\/uploads\/2024\/07\/jpg\/01-470.jpg\" width=\"153\" height=\"200\" alt=\"PDF - 1.8 Mb\"><\/a>\r\n<figcaption class=\"wp-element-caption\"><strong>CAR FLEETS<\/strong><br>\r\nFleet management, productive interfaces\r\n<\/figcaption><\/div> \r\n\r\n<div class=\"wp-block-image\">\r\n<a href=\"https:\/\/bu.optimum-automotive.com\/wp-content\/uploads\/2024\/07\/pdf\/2022-10-11-flottes_automobiles-octobre_2022-10000000063848895.pdf\" title=\"CAR FLEETS\" type=\"application\/pdf\" target=\"_blank\" rel=\"noopener\"><img loading=\"lazy\" decoding=\"async\" src=\"https:\/\/bu.optimum-automotive.com\/wp-content\/uploads\/2024\/07\/jpg\/01-469.jpg\" width=\"153\" height=\"200\" alt=\"PDF - 2.4 Mb\"><\/a>\r\n<figcaption class=\"wp-element-caption\"><strong>CAR FLEETS<\/strong><br>\r\nManagement tools, Interfaces for fleets\r\n<\/figcaption><\/div> \r\n\r\n<div class=\"wp-block-image\">\r\n<a href=\"https:\/\/bu.optimum-automotive.com\/wp-content\/uploads\/2024\/07\/pdf\/2022-10-03-www.pa-sport.fr-3_october_2022-50000000367254083.pdf\" title=\"pa-sport.fr\" type=\"application\/pdf\" target=\"_blank\" rel=\"noopener\"><img loading=\"lazy\" decoding=\"async\" src=\"https:\/\/bu.optimum-automotive.com\/wp-content\/uploads\/2024\/07\/jpg\/01-468.jpg\" width=\"153\" height=\"200\" alt=\"PDF - 727.1 kb\"><\/a>\r\n<figcaption class=\"wp-element-caption\"><strong>pa-sport.fr<\/strong><br>\r\nAUTOMOTIVE: Optimum automotive at the Flotauto meetings, October 6\r\n<\/figcaption><\/div> \r\n\r\n<h2 class=\"wp-block-heading\">SEPTEMBER 2022<\/h2>\r\n\r\n<div class=\"wp-block-image\">\r\n<a href=\"https:\/\/bu.optimum-automotive.com\/wp-content\/uploads\/2024\/07\/pdf\/optimiser_la_conso_et_faire_face_au_vol_de_carburant.pdf\" title=\"L&#039;Automobile Magazine\" type=\"application\/pdf\" target=\"_blank\" rel=\"noopener\"><img loading=\"lazy\" decoding=\"async\" src=\"https:\/\/bu.optimum-automotive.com\/wp-content\/uploads\/2024\/07\/jpg\/01-466.jpg\" width=\"153\" height=\"200\" alt=\"PDF - 1.1 Mb\"><\/a>\r\n<figcaption class=\"wp-element-caption\"><strong>L'Automobile Magazine<\/strong><br>\r\nCompany car fleets: how to optimize fuel consumption and prevent fuel theft\r\n<\/figcaption><\/div> \r\n\r\n<div class=\"wp-block-image\">\r\n<a href=\"https:\/\/bu.optimum-automotive.com\/wp-content\/uploads\/2024\/07\/pdf\/2022-09-28-www.presseagence.fr-28_september_2022-50000000367117275.pdf\" title=\"presseagence.fr\" type=\"application\/pdf\" target=\"_blank\" rel=\"noopener\"><img loading=\"lazy\" decoding=\"async\" src=\"https:\/\/bu.optimum-automotive.com\/wp-content\/uploads\/2024\/07\/jpg\/01-467.jpg\" width=\"153\" height=\"200\" alt=\"PDF - 805.9 kb\"><\/a>\r\n<figcaption class=\"wp-element-caption\"><strong>presseagence.fr<\/strong><br>\r\nPARIS: Optimum automotive - Securifuel, protecting and optimizing fuel\r\n<\/figcaption><\/div> \r\n\r\n<div class=\"wp-block-image\">\r\n<a href=\"https:\/\/bu.optimum-automotive.com\/wp-content\/uploads\/2024\/07\/pdf\/2022-09-28-le_journal_des_flottes-septembre_-_octobre.pdf\" title=\"Le journal des Flottes\" type=\"application\/pdf\" target=\"_blank\" rel=\"noopener\"><img loading=\"lazy\" decoding=\"async\" src=\"https:\/\/bu.optimum-automotive.com\/wp-content\/uploads\/2024\/07\/jpg\/01-465.jpg\" width=\"153\" height=\"200\" alt=\"PDF - 5 Mb\"><\/a>\r\n<figcaption class=\"wp-element-caption\"><strong>Le journal des Flottes<\/strong><br>\r\nManufacturers: friend or foe?\r\n<\/figcaption><\/div> \r\n\r\n<div class=\"wp-block-image\">\r\n<a href=\"https:\/\/bu.optimum-automotive.com\/wp-content\/uploads\/2024\/07\/pdf\/optimum_automotive_pose_un_pied_en_colombie.pdf\" title=\"Le journal des Flottes\" type=\"application\/pdf\" target=\"_blank\" rel=\"noopener\"><img loading=\"lazy\" decoding=\"async\" src=\"https:\/\/bu.optimum-automotive.com\/wp-content\/uploads\/2024\/07\/jpg\/01-464.jpg\" width=\"153\" height=\"200\" alt=\"PDF - 831.2 kb\"><\/a>\r\n<figcaption class=\"wp-element-caption\"><strong>Le journal des Flottes<\/strong><br>\r\nOptimum Automotive sets foot ... in Colombia\r\n<\/figcaption><\/div> \r\n\r\n<div class=\"wp-block-image\">\r\n<a href=\"https:\/\/bu.optimum-automotive.com\/wp-content\/uploads\/2024\/07\/pdf\/2022-09-22-le_journal_des_entreprises_-_le_brief_edition_region_sud_-21_septembre_2022-10000000063720736.pdf\" title=\"THE BUSINESS NEWSPAPER\" type=\"application\/pdf\" target=\"_blank\" rel=\"noopener\"><img loading=\"lazy\" decoding=\"async\" src=\"https:\/\/bu.optimum-automotive.com\/wp-content\/uploads\/2024\/07\/jpg\/01-463.jpg\" width=\"153\" height=\"200\" alt=\"PDF - 487 kb\"><\/a>\r\n<figcaption class=\"wp-element-caption\"><strong>THE BUSINESS NEWSPAPER<\/strong><br>\r\nOptimum Automotives<br class=\"autobr\">\r\nSouth America\r\n<\/figcaption><\/div> \r\n\r\n<div class=\"wp-block-image\">\r\n<a href=\"https:\/\/bu.optimum-automotive.com\/wp-content\/uploads\/2024\/07\/pdf\/2022-09-21-www.industrie-mag.com-21_september_2022-50000000366892340.pdf\" title=\"industrie-mag.com\" type=\"application\/pdf\" target=\"_blank\" rel=\"noopener\"><img loading=\"lazy\" decoding=\"async\" src=\"https:\/\/bu.optimum-automotive.com\/wp-content\/uploads\/2024\/07\/jpg\/01-461.jpg\" width=\"153\" height=\"200\" alt=\"PDF - 163.3 kb\"><\/a>\r\n<figcaption class=\"wp-element-caption\"><strong>industrie-mag.com<\/strong><br>\r\nOptimum Automotive in Latin America, it's done!\r\n<\/figcaption><\/div> \r\n\r\n<div class=\"wp-block-image\">\r\n<a href=\"https:\/\/bu.optimum-automotive.com\/wp-content\/uploads\/2024\/07\/pdf\/optimum_automotive_s_implante_en_ameriq.pdf\" title=\"lejournaldesentreprises.com\" type=\"application\/pdf\" target=\"_blank\" rel=\"noopener\"><img loading=\"lazy\" decoding=\"async\" src=\"https:\/\/bu.optimum-automotive.com\/wp-content\/uploads\/2024\/07\/jpg\/01-462.jpg\" width=\"153\" height=\"200\" alt=\"PDF - 279.7 kb\"><\/a>\r\n<figcaption class=\"wp-element-caption\"><strong>lejournaldesentreprises.com<\/strong><br>\r\nOptimum Automotive expands into South America\r\n<\/figcaption><\/div> \r\n\r\n<div class=\"wp-block-image\">\r\n<a href=\"https:\/\/bu.optimum-automotive.com\/wp-content\/uploads\/2024\/07\/pdf\/2022-09-19-www.auto-infos.fr-19_september_2022-50000000366829206.pdf\" title=\"auto-infos.fr\" type=\"application\/pdf\" target=\"_blank\" rel=\"noopener\"><img loading=\"lazy\" decoding=\"async\" src=\"https:\/\/bu.optimum-automotive.com\/wp-content\/uploads\/2024\/07\/jpg\/01-460.jpg\" width=\"153\" height=\"200\" alt=\"PDF - 358 kb\"><\/a>\r\n<figcaption class=\"wp-element-caption\"><strong>auto-infos.fr<\/strong><br>\r\nOptimum Automotive sets course for South America\r\n<\/figcaption><\/div> \r\n\r\n<div class=\"wp-block-image\">\r\n<a href=\"https:\/\/bu.optimum-automotive.com\/wp-content\/uploads\/2024\/07\/pdf\/optimum_automotive_lance_les_etudes_de_conversion_electrique.pdf\" title=\"Le journal des Flottes\" type=\"application\/pdf\" target=\"_blank\" rel=\"noopener\"><img loading=\"lazy\" decoding=\"async\" src=\"https:\/\/bu.optimum-automotive.com\/wp-content\/uploads\/2024\/07\/jpg\/01-459.jpg\" width=\"153\" height=\"200\" alt=\"PDF - 729.9 kb\"><\/a>\r\n<figcaption class=\"wp-element-caption\"><strong>Le journal des Flottes<\/strong><br>\r\nOptimum Automotive launches electrical conversion studies\r\n<\/figcaption><\/div> \r\n\r\n<div class=\"wp-block-image\">\r\n<a href=\"https:\/\/bu.optimum-automotive.com\/wp-content\/uploads\/2024\/07\/pdf\/2022-09-06-www.auto-infos.fr-6_september_2022-50000000366411873.pdf\" title=\"auto-infos.fr \" type=\"application\/pdf\" target=\"_blank\" rel=\"noopener\"><img loading=\"lazy\" decoding=\"async\" src=\"https:\/\/bu.optimum-automotive.com\/wp-content\/uploads\/2024\/07\/jpg\/01-458.jpg\" width=\"153\" height=\"200\" alt=\"PDF - 343.3 kb\"><\/a>\r\n<figcaption class=\"wp-element-caption\"><strong>auto-infos.fr <\/strong><br>\r\nEnergy transition: Optimum Automotive offers its customers a free fleet audit\r\n<\/figcaption><\/div> \r\n\r\n<h2 class=\"wp-block-heading\">JULY 2022<\/h2>\r\n\r\n<div class=\"wp-block-image\">\r\n<a href=\"https:\/\/bu.optimum-automotive.com\/wp-content\/uploads\/2024\/07\/pdf\/optimum_automotive_se_connecte_aux_boitiers_renault.pdf\" title=\"Le journal des Flottes\" type=\"application\/pdf\" target=\"_blank\" rel=\"noopener\"><img loading=\"lazy\" decoding=\"async\" src=\"https:\/\/bu.optimum-automotive.com\/wp-content\/uploads\/2024\/07\/jpg\/01-455.jpg\" width=\"153\" height=\"200\" alt=\"PDF - 3.2 Mb\"><\/a>\r\n<figcaption class=\"wp-element-caption\"><strong>Le journal des Flottes<\/strong><br>\r\nOptimum Automotive connects to Renault control units\r\n<\/figcaption><\/div> \r\n\r\n<div class=\"wp-block-image\">\r\n<a href=\"https:\/\/bu.optimum-automotive.com\/wp-content\/uploads\/2024\/07\/pdf\/2022-07-13-journalauto.com-13_july_2022-50000000365037521.pdf\" title=\"journalauto.com\" type=\"application\/pdf\" target=\"_blank\" rel=\"noopener\"><img loading=\"lazy\" decoding=\"async\" src=\"https:\/\/bu.optimum-automotive.com\/wp-content\/uploads\/2024\/07\/jpg\/01-454.jpg\" width=\"153\" height=\"200\" alt=\"PDF - 201.9 kb\"><\/a>\r\n<figcaption class=\"wp-element-caption\"><strong>journalauto.com<\/strong><br>\r\nOptimum Automotive connects to Renault control units\r\n<\/figcaption><\/div> \r\n\r\n<div class=\"wp-block-image\">\r\n<a href=\"https:\/\/bu.optimum-automotive.com\/wp-content\/uploads\/2024\/07\/pdf\/2022-07-12-www.auto-infos.fr-12_july_2022-50000000364998635.pdf\" title=\"auto-infos.fr\" type=\"application\/pdf\" target=\"_blank\" rel=\"noopener\"><img loading=\"lazy\" decoding=\"async\" src=\"https:\/\/bu.optimum-automotive.com\/wp-content\/uploads\/2024\/07\/jpg\/01-453.jpg\" width=\"153\" height=\"200\" alt=\"PDF - 198.5 kb\"><\/a>\r\n<figcaption class=\"wp-element-caption\"><strong>auto-infos.fr<\/strong><br>\r\nRenault manages its on-board telematics with Optimum Automotive\r\n<\/figcaption><\/div> \r\n\r\n<div class=\"wp-block-image\">\r\n<a href=\"https:\/\/bu.optimum-automotive.com\/wp-content\/uploads\/2024\/07\/pdf\/2022-07-10-www.pa-sport.fr-10_july_2022-50000000364932602.pdf\" title=\"pa-sport.fr\" type=\"application\/pdf\" target=\"_blank\" rel=\"noopener\"><img loading=\"lazy\" decoding=\"async\" src=\"https:\/\/bu.optimum-automotive.com\/wp-content\/uploads\/2024\/07\/jpg\/01-452.jpg\" width=\"153\" height=\"200\" alt=\"PDF - 803.9 kb\"><\/a>\r\n<figcaption class=\"wp-element-caption\"><strong>pa-sport.fr<\/strong><br>\r\n<a href=\"https:\/\/www.lejournaldesentreprises.com\/region-sud\/breve\/optimum-automotive-integre-le-boitier-telematique-de-renault-2041477\" class=\"spip_out\" rel=\"external noopener\" target=\"_blank\">Optimum automotive joins forces with Renault for the telematics box<\/a>\r\n<\/figcaption><\/div> \r\n\r\n<h2 class=\"wp-block-heading\">MAY 2022<\/h2>\r\n\r\n<div class=\"wp-block-image\">\r\n<a href=\"https:\/\/bu.optimum-automotive.com\/wp-content\/uploads\/2024\/07\/pdf\/2022-05-26-www.pa-sport.fr-26_may_2022-50000000363555004.pdf\" title=\"pa-sport.fr\" type=\"application\/pdf\" target=\"_blank\" rel=\"noopener\"><img loading=\"lazy\" decoding=\"async\" src=\"https:\/\/bu.optimum-automotive.com\/wp-content\/uploads\/2024\/07\/jpg\/01-450.jpg\" width=\"153\" height=\"200\" alt=\"PDF - 868.3 kb\"><\/a>\r\n<figcaption class=\"wp-element-caption\"><strong>pa-sport.fr<\/strong><br>\r\nAUTOMOTIVE: Big Data and artificial intelligence to choose your electric vehicles\r\n<\/figcaption><\/div> \r\n\r\n<div class=\"wp-block-image\">\r\n<a href=\"https:\/\/bu.optimum-automotive.com\/wp-content\/uploads\/2024\/07\/pdf\/2022-05-26-flottes_automobiles-mai_2022-10000000063118429.pdf\" title=\"Car fleets\" type=\"application\/pdf\" target=\"_blank\" rel=\"noopener\"><img loading=\"lazy\" decoding=\"async\" src=\"https:\/\/bu.optimum-automotive.com\/wp-content\/uploads\/2024\/07\/jpg\/01-451.jpg\" width=\"153\" height=\"200\" alt=\"PDF - 1.9 Mb\"><\/a>\r\n<figcaption class=\"wp-element-caption\"><strong>Car fleets<\/strong><br>\r\nRoad safety: Safety in real time\r\n<\/figcaption><\/div> \r\n\r\n<div class=\"wp-block-image\">\r\n<a href=\"https:\/\/bu.optimum-automotive.com\/wp-content\/uploads\/2024\/07\/pdf\/telematique___la_securite_des_conducteurs_en_temps_reel.pdf\" title=\"flotauto.com\" type=\"application\/pdf\" target=\"_blank\" rel=\"noopener\"><img loading=\"lazy\" decoding=\"async\" src=\"https:\/\/bu.optimum-automotive.com\/wp-content\/uploads\/2024\/07\/jpg\/01-449.jpg\" width=\"153\" height=\"200\" alt=\"PDF - 142.4 kb\"><\/a>\r\n<figcaption class=\"wp-element-caption\"><strong>flotauto.com<\/strong><br>\r\nTelematics: Real-time driver safety\r\n<\/figcaption><\/div> \r\n\r\n<div class=\"wp-block-image\">\r\n<a href=\"https:\/\/bu.optimum-automotive.com\/wp-content\/uploads\/2024\/07\/pdf\/couvkme_2520182-183_2520hdef-fusionn_25c3_25a9_glisse_e_s_.pdf\" title=\"KMS ENTREPRISE\" type=\"application\/pdf\" target=\"_blank\" rel=\"noopener\"><img loading=\"lazy\" decoding=\"async\" src=\"https:\/\/bu.optimum-automotive.com\/wp-content\/uploads\/2024\/07\/jpg\/01-448.jpg\" width=\"153\" height=\"200\" alt=\"PDF - 901 kb\"><\/a>\r\n<figcaption class=\"wp-element-caption\"><strong>KMS ENTREPRISE<\/strong><br>\r\n\"Data first!\"\r\n<\/figcaption><\/div> \r\n\r\n<div class=\"wp-block-image\">\r\n<a href=\"https:\/\/bu.optimum-automotive.com\/wp-content\/uploads\/2024\/07\/pdf\/2022-05-14-www.flotauto.com-14_may_2022-50000000363151396.pdf\" title=\"Car fleets\" type=\"application\/pdf\" target=\"_blank\" rel=\"noopener\"><img loading=\"lazy\" decoding=\"async\" src=\"https:\/\/bu.optimum-automotive.com\/wp-content\/uploads\/2024\/07\/jpg\/01-446.jpg\" width=\"153\" height=\"200\" alt=\"PDF - 206 kb\"><\/a>\r\n<figcaption class=\"wp-element-caption\"><strong>Car fleets<\/strong><br>\r\nThe AD network puts itself at the service of fleets\r\n<\/figcaption><\/div> \r\n\r\n<div class=\"wp-block-image\">\r\n<a href=\"https:\/\/bu.optimum-automotive.com\/wp-content\/uploads\/2024\/07\/pdf\/2022-05-13-www.flotauto.com-13_may_2022-50000000363141316.pdf\" title=\"Car fleets\" type=\"application\/pdf\" target=\"_blank\" rel=\"noopener\"><img loading=\"lazy\" decoding=\"async\" src=\"https:\/\/bu.optimum-automotive.com\/wp-content\/uploads\/2024\/07\/jpg\/01-447.jpg\" width=\"153\" height=\"200\" alt=\"PDF - 179.3 kb\"><\/a>\r\n<figcaption class=\"wp-element-caption\"><strong>Car fleets<\/strong><br>\r\nBanque Populaire du Sud: the fleet goes electric\r\n<\/figcaption><\/div> \r\n\r\n<div class=\"wp-block-image\">\r\n<a href=\"https:\/\/bu.optimum-automotive.com\/wp-content\/uploads\/2024\/07\/pdf\/2022-05-12-www.auto-infos.fr-12_may_2022-50000000363098897.pdf\" title=\"auto-infos.fr\" type=\"application\/pdf\" target=\"_blank\" rel=\"noopener\"><img loading=\"lazy\" decoding=\"async\" src=\"https:\/\/bu.optimum-automotive.com\/wp-content\/uploads\/2024\/07\/jpg\/01-445.jpg\" width=\"153\" height=\"200\" alt=\"PDF - 222.9 kb\"><\/a>\r\n<figcaption class=\"wp-element-caption\"><strong>auto-infos.fr<\/strong><br>\r\n\"Fetching data flows is one of the company's greatest assets\".\r\n<\/figcaption><\/div> \r\n\r\n<div class=\"wp-block-image\">\r\n<a href=\"https:\/\/bu.optimum-automotive.com\/wp-content\/uploads\/2024\/07\/pdf\/2022-05-06-l_automobile_l_entreprise-mai_2022-10000000063007083.pdf\" title=\"The Automobile and the Company\" type=\"application\/pdf\" target=\"_blank\" rel=\"noopener\"><img loading=\"lazy\" decoding=\"async\" src=\"https:\/\/bu.optimum-automotive.com\/wp-content\/uploads\/2024\/07\/jpg\/fleet-mob.jpg\" width=\"153\" height=\"200\" alt=\"PDF - 2.8 Mb\"><\/a>\r\n<figcaption class=\"wp-element-caption\"><strong>The Automobile and the Company<\/strong><br>\r\nFetching flows is one of the company's key assets\r\n\r\n<\/figcaption><\/div> \r\n\r\n<h2 class=\"wp-block-heading\">MARCH 2022<\/h2>\r\n\r\n<div class=\"wp-block-image\">\r\n<a href=\"https:\/\/bu.optimum-automotive.com\/wp-content\/uploads\/2024\/07\/pdf\/2022-03-29-flottes_automobiles-mars_2022.pdf\" title=\"Car fleets\" type=\"application\/pdf\" target=\"_blank\" rel=\"noopener\"><img loading=\"lazy\" decoding=\"async\" src=\"https:\/\/bu.optimum-automotive.com\/wp-content\/uploads\/2024\/07\/jpg\/01-443.jpg\" width=\"153\" height=\"200\" alt=\"PDF - 4.1 Mb\"><\/a>\r\n<figcaption class=\"wp-element-caption\"><strong>Car fleets<\/strong><br>\r\nTelematics Expanded areas of intervention\r\n<\/figcaption><\/div> \r\n\r\n<div class=\"wp-block-image\"> \r\n<a href=\"https:\/\/bu.optimum-automotive.com\/wp-content\/uploads\/2024\/07\/pdf\/2022-03-11-www.auto-infos.fr-11_mars_2022-50000000361167852.pdf\" title=\"auto-infos.fr\" type=\"application\/pdf\" target=\"_blank\" rel=\"noopener\"><img loading=\"lazy\" decoding=\"async\" src=\"https:\/\/bu.optimum-automotive.com\/wp-content\/uploads\/2024\/07\/jpg\/01-444.jpg\" width=\"153\" height=\"200\" alt=\"PDF - 346.5 kb\"><\/a>\r\n<figcaption class=\"wp-element-caption\"><strong>auto-infos.fr<\/strong><br>\r\nFuel prices : Optimum Automotive's tips for reducing fuel bills\r\n<\/figcaption><\/div> \r\n\r\n<h2 class=\"wp-block-heading\">FEBRUARY 2022<\/h2>\r\n\r\n<div class=\"wp-block-image\"> \r\n<a href=\"https:\/\/bu.optimum-automotive.com\/wp-content\/uploads\/2024\/07\/pdf\/optimum_automotive__des_solutions_d_optimisation_des_flottes_a_360.pdf\" title=\"makeamove.fr\" type=\"application\/pdf\" target=\"_blank\" rel=\"noopener\"><img loading=\"lazy\" decoding=\"async\" src=\"https:\/\/bu.optimum-automotive.com\/wp-content\/uploads\/2024\/07\/jpg\/01-442.jpg\" width=\"153\" height=\"200\" alt=\"PDF - 376 kb\"><\/a>\r\n<figcaption class=\"wp-element-caption\"><strong>makeamove.fr<\/strong><br>\r\nOptimum Automotive: 360\u00b0 fleet optimization solutions\r\n\r\n<\/figcaption><\/div> \r\n\r\n<h2 class=\"wp-block-heading\">january 2022<\/h2>\r\n\r\n<div class=\"wp-block-image\">\r\n<a href=\"https:\/\/bu.optimum-automotive.com\/wp-content\/uploads\/2024\/07\/pdf\/hub_eco_bpifrance_.pdf\" title=\"laprovence.com\" type=\"application\/pdf\" target=\"_blank\" rel=\"noopener\"><img loading=\"lazy\" decoding=\"async\" src=\"https:\/\/bu.optimum-automotive.com\/wp-content\/uploads\/2024\/07\/jpg\/01-441.jpg\" width=\"153\" height=\"200\" alt=\"PDF - 1.3 Mb\"><\/a>\r\n<figcaption class=\"wp-element-caption\"><strong>laprovence.com<\/strong><br>\r\n\"Bpifrance has made a major contribution to the story we're writing\r\n\r\n<\/figcaption><\/div> \r\n\r\n<h2 class=\"wp-block-heading\">NOVEMBER 2021<\/h2>\r\n\r\n<div class=\"wp-block-image\">\r\n<a href=\"https:\/\/bu.optimum-automotive.com\/wp-content\/uploads\/2024\/07\/pdf\/2021-11-19-flottes_automobiles_guide-n_0_-_2022-10000000062080241.pdf\" title=\"Car fleets\" type=\"application\/pdf\" target=\"_blank\" rel=\"noopener\"><img loading=\"lazy\" decoding=\"async\" src=\"https:\/\/bu.optimum-automotive.com\/wp-content\/uploads\/2024\/07\/jpg\/01-440.jpg\" width=\"153\" height=\"200\" alt=\"PDF - 3.1 Mb\"><\/a>\r\n<figcaption class=\"wp-element-caption\"><strong>Car fleets<\/strong><br>\r\nOn-board telematics What's new for 2021\r\n<\/figcaption><\/div> \r\n\r\n<div class=\"wp-block-image\">\r\n<a href=\"https:\/\/bu.optimum-automotive.com\/wp-content\/uploads\/2024\/07\/pdf\/2021-11-04-www.lejournaldesentreprises.com-4_novembre_2021.pdf\" title=\"lejournaldesentreprises.com\" type=\"application\/pdf\" target=\"_blank\" rel=\"noopener\"><img loading=\"lazy\" decoding=\"async\" src=\"https:\/\/bu.optimum-automotive.com\/wp-content\/uploads\/2024\/07\/jpg\/01-439.jpg\" width=\"153\" height=\"200\" alt=\"PDF - 54.4 kb\"><\/a>\r\n<figcaption class=\"wp-element-caption\"><strong>lejournaldesentreprises.com<\/strong><br>\r\nThree companies from Aix-en-Provence go to Expo 2020 in Dubai with Bpifrance\r\n<\/figcaption><\/div> \r\n\r\n<div class=\"wp-block-image\">\r\n<a href=\"https:\/\/bu.optimum-automotive.com\/wp-content\/uploads\/2024\/07\/pdf\/2021-11-03-l_automobile_l_entreprise-novembre_2021.pdf\" title=\"Automobile &amp; Company\" type=\"application\/pdf\" target=\"_blank\" rel=\"noopener\"><img loading=\"lazy\" decoding=\"async\" src=\"https:\/\/bu.optimum-automotive.com\/wp-content\/uploads\/2024\/07\/jpg\/1-2.jpg\" width=\"153\" height=\"200\" alt=\"PDF - 515.9 kb\"><\/a>\r\n<figcaption class=\"wp-element-caption\"><strong>Automobile &amp; Company<\/strong><br>\r\nOptimum Automotive launches its app and payment card\r\n<\/figcaption><\/div> \r\n\r\n<div class=\"wp-block-image\">\r\n<a href=\"https:\/\/bu.optimum-automotive.com\/wp-content\/uploads\/2024\/07\/pdf\/2021-10-29-zepros_apres_vente_auto-novembre_2021-10000000061968803.pdf\" title=\"ZEPROS AUTO AFTER-SALES\" type=\"application\/pdf\" target=\"_blank\" rel=\"noopener\"><img loading=\"lazy\" decoding=\"async\" src=\"https:\/\/bu.optimum-automotive.com\/wp-content\/uploads\/2024\/07\/jpg\/1.jpg\" width=\"153\" height=\"200\" alt=\"PDF - 88.2 kb\"><\/a>\r\n<figcaption class=\"wp-element-caption\"><strong>ZEPROS AUTO AFTER-SALES<\/strong><br>\r\nOptimum Mobility makes travel easier\r\n<\/figcaption><\/div> \r\n\r\n<h2 class=\"wp-block-heading\">OCTOBER 2021<\/h2>\r\n\r\n<div class=\"wp-block-image\"> \r\n<a href=\"https:\/\/bu.optimum-automotive.com\/wp-content\/uploads\/2024\/07\/pdf\/2021-10-27-www.flotauto.com-27_octobre_2021-50000000356944703.pdf\" title=\"flotauto.com\" type=\"application\/pdf\" target=\"_blank\" rel=\"noopener\"><img loading=\"lazy\" decoding=\"async\" src=\"https:\/\/bu.optimum-automotive.com\/wp-content\/uploads\/2024\/07\/jpg\/01-438.jpg\" width=\"153\" height=\"200\" alt=\"PDF - 123.9 kb\"><\/a>\r\n<figcaption class=\"wp-element-caption\"><strong>flotauto.com<\/strong><br>\r\nAn AD Connect connected maintenance monitoring system\r\n<\/figcaption><\/div> \r\n\r\n<div class=\"wp-block-image\">\r\n<a href=\"https:\/\/bu.optimum-automotive.com\/wp-content\/uploads\/2024\/07\/pdf\/2021-10-27-la_tribune_des_auto-ecoles-octobre_-_novembre_2021-10000000061951764.pdf\" title=\"LA TRIBUNE DES AUTO-ECOLES\" type=\"application\/pdf\" target=\"_blank\" rel=\"noopener\"><img loading=\"lazy\" decoding=\"async\" src=\"https:\/\/bu.optimum-automotive.com\/wp-content\/uploads\/2024\/07\/jpg\/01-437.jpg\" width=\"153\" height=\"200\" alt=\"PDF - 667.5 kb\"><\/a>\r\n<figcaption class=\"wp-element-caption\"><strong>LA TRIBUNE DES AUTO-ECOLES<\/strong><br>\r\nTools and data to optimize vehicle management\r\n<\/figcaption><\/div> \r\n\r\n<div class=\"wp-block-image\">\r\n<a href=\"https:\/\/bu.optimum-automotive.com\/wp-content\/uploads\/2024\/07\/pdf\/2021-10-26-www.apres-vente-auto.com-26_octobre_2021-50000000356944805.pdf\" title=\"apres-vente-auto.com\" type=\"application\/pdf\" target=\"_blank\" rel=\"noopener\"><img loading=\"lazy\" decoding=\"async\" src=\"https:\/\/bu.optimum-automotive.com\/wp-content\/uploads\/2024\/07\/jpg\/01-436.jpg\" width=\"153\" height=\"200\" alt=\"PDF - 201.7 kb\"><\/a>\r\n<figcaption class=\"wp-element-caption\"><strong>apres-vente-auto.com<\/strong><br>\r\nWith AD Connect, R\u00e9seau AD takes on professional customers\r\n<\/figcaption><\/div> \r\n\r\n<div class=\"wp-block-image\">\r\n<a href=\"https:\/\/bu.optimum-automotive.com\/wp-content\/uploads\/2024\/07\/pdf\/2021-10-20-le_point-21_octobre_2021-10000000061911939.pdf\" title=\"Le Point\" type=\"application\/pdf\" target=\"_blank\" rel=\"noopener\"><img loading=\"lazy\" decoding=\"async\" src=\"https:\/\/bu.optimum-automotive.com\/wp-content\/uploads\/2024\/07\/jpg\/01-432.jpg\" width=\"153\" height=\"200\" alt=\"PDF - 267.3 kb\"><\/a>\r\n<figcaption class=\"wp-element-caption\"><strong>Le Point<\/strong><br>\r\nWhen Big Brother reduces the carbon footprint\r\n<\/figcaption><\/div> \r\n\r\n<div class=\"wp-block-image\">\r\n<a href=\"https:\/\/bu.optimum-automotive.com\/wp-content\/uploads\/2024\/07\/pdf\/2021-10-21-www.lepoint.fr-21_octobre_2021-50000000356776625.pdf\" title=\"lepoint.fr\" type=\"application\/pdf\" target=\"_blank\" rel=\"noopener\"><img loading=\"lazy\" decoding=\"async\" src=\"https:\/\/bu.optimum-automotive.com\/wp-content\/uploads\/2024\/07\/jpg\/01-435.jpg\" width=\"153\" height=\"200\" alt=\"PDF - 505.4 kb\"><\/a>\r\n<figcaption class=\"wp-element-caption\"><strong>lepoint.fr<\/strong><br>\r\nCar fleets: when Big Brother reduces the carbon footprint\r\n<\/figcaption><\/div> \r\n\r\n<div class=\"wp-block-image\">\r\n<a href=\"https:\/\/bu.optimum-automotive.com\/wp-content\/uploads\/2024\/07\/pdf\/2021-10-20-flottes_automobiles-octobre_2021-10000000061911943.pdf\" title=\"Car fleets\" type=\"application\/pdf\" target=\"_blank\" rel=\"noopener\"><img loading=\"lazy\" decoding=\"async\" src=\"https:\/\/bu.optimum-automotive.com\/wp-content\/uploads\/2024\/07\/jpg\/01-434.jpg\" width=\"153\" height=\"200\" alt=\"PDF - 151.1 kb\"><\/a>\r\n<figcaption class=\"wp-element-caption\"><strong>Car fleets<\/strong><br>\r\nAVIA V-CONNECT: COMBINED FUEL CARD AND TELEMATICS\r\n<\/figcaption><\/div> \r\n\r\n<div class=\"wp-block-image\">\r\n<a href=\"https:\/\/bu.optimum-automotive.com\/wp-content\/uploads\/2024\/07\/pdf\/2021-10-17-flottes_automobiles-septembre_2021.pdf\" title=\"Car fleets\" type=\"application\/pdf\" target=\"_blank\" rel=\"noopener\"><img loading=\"lazy\" decoding=\"async\" src=\"https:\/\/bu.optimum-automotive.com\/wp-content\/uploads\/2024\/07\/jpg\/01-433.jpg\" width=\"153\" height=\"200\" alt=\"PDF - 178 kb\"><\/a>\r\n<figcaption class=\"wp-element-caption\"><strong>Car fleets<\/strong><br>\r\nECO-DRIVING: OPTIMUM AUTOMOTIVE AND CODES ROUSSEAU JOIN FORCES\r\n<\/figcaption><\/div> \r\n\r\n<div class=\"wp-block-image\">\r\n<a href=\"https:\/\/bu.optimum-automotive.com\/wp-content\/uploads\/2024\/07\/pdf\/outils_telematiques___de_la_gestion_mais_pas_seulement.pdf\" title=\"flotauto.com\" type=\"application\/pdf\" target=\"_blank\" rel=\"noopener\"><img loading=\"lazy\" decoding=\"async\" src=\"https:\/\/bu.optimum-automotive.com\/wp-content\/uploads\/2024\/07\/jpg\/02-21.jpg\" width=\"153\" height=\"200\" alt=\"PDF - 176.2 kb\"><\/a>\r\n<figcaption class=\"wp-element-caption\"><strong>flotauto.com<\/strong><br>\r\nTelematics tools: not just for management\r\n<\/figcaption><\/div> \r\n\r\n<div class=\"wp-block-image\">\r\n<a href=\"https:\/\/bu.optimum-automotive.com\/wp-content\/uploads\/2024\/07\/pdf\/2021-10-05-www.am-today.com-5_octobre_2021-50000000356213765.pdf\" title=\"am-today.com\" type=\"application\/pdf\" target=\"_blank\" rel=\"noopener\"><img loading=\"lazy\" decoding=\"async\" src=\"https:\/\/bu.optimum-automotive.com\/wp-content\/uploads\/2024\/07\/jpg\/02-20.jpg\" width=\"153\" height=\"200\" alt=\"PDF - 78.3 kb\"><\/a>\r\n<figcaption class=\"wp-element-caption\"><strong>am-today.com<\/strong><br>\r\nOptimum Automotive: mobile app and payment card to replace the company car\r\n<\/figcaption><\/div> \r\n\r\n<div class=\"wp-block-image\">\r\n<a href=\"https:\/\/bu.optimum-automotive.com\/wp-content\/uploads\/2024\/07\/pdf\/2021-10-06-www.flotauto.com-6_octobre_2021-50000000356226095.pdf\" title=\"flotauto.com\" type=\"application\/pdf\" target=\"_blank\" rel=\"noopener\"><img loading=\"lazy\" decoding=\"async\" src=\"https:\/\/bu.optimum-automotive.com\/wp-content\/uploads\/2024\/07\/jpg\/01-428.jpg\" width=\"153\" height=\"200\" alt=\"PDF - 120.9 kb\"><\/a>\r\n<figcaption class=\"wp-element-caption\"><strong>flotauto.com<\/strong><br>\r\nOptimum Mobility: payment card and mobility application\r\n<\/figcaption><\/div> \r\n\r\n<div class=\"wp-block-image\">\r\n<a href=\"https:\/\/bu.optimum-automotive.com\/wp-content\/uploads\/2024\/07\/pdf\/2021-10-02-www.flotauto.com-2_octobre_2021.pdf\" title=\"flotauto.com\" type=\"application\/pdf\" target=\"_blank\" rel=\"noopener\"><img loading=\"lazy\" decoding=\"async\" src=\"https:\/\/bu.optimum-automotive.com\/wp-content\/uploads\/2024\/07\/jpg\/01-427.jpg\" width=\"153\" height=\"200\" alt=\"PDF - 364.8 kb\"><\/a>\r\n<figcaption class=\"wp-element-caption\"><strong>flotauto.com<\/strong><br>\r\nOptimum Automotive launches Optimum Consulting\r\n<\/figcaption><\/div> \r\n\r\n<div class=\"wp-block-image\">\r\n<a href=\"https:\/\/bu.optimum-automotive.com\/wp-content\/uploads\/2024\/07\/pdf\/optimum_consulting_audite_accompagne_les_flottes.pdf\" title=\"Automobile &amp; Company\" type=\"application\/pdf\" target=\"_blank\" rel=\"noopener\"><img loading=\"lazy\" decoding=\"async\" src=\"https:\/\/bu.optimum-automotive.com\/wp-content\/uploads\/2024\/07\/jpg\/01-426.jpg\" width=\"153\" height=\"200\" alt=\"PDF - 490.2 kb\"><\/a>\r\n<figcaption class=\"wp-element-caption\"><strong>Automobile &amp; Company<\/strong><br>\r\nOptimum Consulting audits and supports fleets\r\n\r\n<\/figcaption><\/div> \r\n\r\n<h2 class=\"wp-block-heading\">SEPTEMBER 2021<\/h2>\r\n\r\n<div class=\"wp-block-image\">\r\n<a href=\"https:\/\/bu.optimum-automotive.com\/wp-content\/uploads\/2024\/07\/pdf\/2021-09-16-froid_news-septembre_2021.pdf\" title=\"COLD NEWS\" type=\"application\/pdf\" target=\"_blank\" rel=\"noopener\"><img loading=\"lazy\" decoding=\"async\" src=\"https:\/\/bu.optimum-automotive.com\/wp-content\/uploads\/2024\/07\/jpg\/01-422.jpg\" width=\"153\" height=\"200\" alt=\"PDF - 322.1 kb\"><\/a>\r\n<figcaption class=\"wp-element-caption\"><strong>COLD NEWS<\/strong><br>\r\nBiolease, the truth is in the eye of the beholder\r\n<\/figcaption><\/div> \r\n\r\n<div class=\"wp-block-image\">\r\n<a href=\"https:\/\/bu.optimum-automotive.com\/wp-content\/uploads\/2024\/07\/pdf\/2021-09-16-www.lejournaldesentreprises.com-16_septembre_2021-50000000355569311.pdf\" title=\"lejournaldesentreprises.com\" type=\"application\/pdf\" target=\"_blank\" rel=\"noopener\"><img loading=\"lazy\" decoding=\"async\" src=\"https:\/\/bu.optimum-automotive.com\/wp-content\/uploads\/2024\/07\/jpg\/01-423.jpg\" width=\"153\" height=\"200\" alt=\"PDF - 89.3 kb\"><\/a>\r\n<figcaption class=\"wp-element-caption\"><strong>lejournaldesentreprises.com<\/strong><br>\r\nOptimum Automotive and Agiltech fly to Dakar with Bpifrance and Business France\r\n<\/figcaption><\/div> \r\n\r\n<div class=\"wp-block-image\">\r\n<a href=\"https:\/\/bu.optimum-automotive.com\/wp-content\/uploads\/2024\/07\/pdf\/optimum_automotive_et_picoty_oeuvrent_pour_le_tco_des_flottes.pdf\" title=\"Automobile &amp; Company\" type=\"application\/pdf\" target=\"_blank\" rel=\"noopener\"><img loading=\"lazy\" decoding=\"async\" src=\"https:\/\/bu.optimum-automotive.com\/wp-content\/uploads\/2024\/07\/jpg\/01-421.jpg\" width=\"153\" height=\"200\" alt=\"PDF - 436.9 kb\"><\/a>\r\n<figcaption class=\"wp-element-caption\"><strong>Automobile &amp; Company<\/strong><br>\r\nOptimum Automotive and Picoty work together for the<br class=\"autobr\">\r\nFleet TCO\r\n<\/figcaption><\/div> \r\n\r\n<div class=\"wp-block-image\">\r\n<a href=\"https:\/\/bu.optimum-automotive.com\/wp-content\/uploads\/2024\/07\/pdf\/avia_picoty_et_optimum_automotive_devel.pdf\" title=\"flotauto.com\" type=\"application\/pdf\" target=\"_blank\" rel=\"noopener\"><img loading=\"lazy\" decoding=\"async\" src=\"https:\/\/bu.optimum-automotive.com\/wp-content\/uploads\/2024\/07\/jpg\/01-229.jpg\" width=\"153\" height=\"200\" alt=\"PDF - 161.9 kb\"><\/a>\r\n<figcaption class=\"wp-element-caption\"><strong>flotauto.com<\/strong><br>\r\nAvia Picoty and Optimum Automotive develop a joint offering\r\n\r\n<\/figcaption><\/div> \r\n\r\n<h2 class=\"wp-block-heading\">JUNE 2021<\/h2>\r\n\r\n<div class=\"wp-block-image\"> \r\n<a href=\"https:\/\/bu.optimum-automotive.com\/wp-content\/uploads\/2024\/07\/pdf\/samuel_vals_prend_la_responsabilite_des.pdf\" title=\"THE AUTOMOBILE &amp; THE COMPANY\" type=\"application\/pdf\" target=\"_blank\" rel=\"noopener\"><img loading=\"lazy\" decoding=\"async\" src=\"https:\/\/bu.optimum-automotive.com\/wp-content\/uploads\/2024\/07\/jpg\/01-417.jpg\" width=\"153\" height=\"200\" alt=\"PDF - 444.7 kb\"><\/a>\r\n<figcaption class=\"wp-element-caption\"><strong>THE AUTOMOBILE &amp; THE COMPANY<\/strong><br>\r\nSamuel Vals takes over responsibility for<br class=\"autobr\">\r\ninternational partnerships for Optimum<br class=\"autobr\">\r\nSelf-motivated\r\n\r\n<\/figcaption><\/div> \r\n\r\n<h2 class=\"wp-block-heading\">MAY 2021<\/h2>\r\n\r\n<div class=\"wp-block-image\">\r\n<a href=\"https:\/\/bu.optimum-automotive.com\/wp-content\/uploads\/2024\/07\/pdf\/optimum_automotive_poursuit_son_developpement_a_l_international_automobile-entreprise.pdf\" title=\"automobile-entreprise.com\" type=\"application\/pdf\" target=\"_blank\" rel=\"noopener\"><img loading=\"lazy\" decoding=\"async\" src=\"https:\/\/bu.optimum-automotive.com\/wp-content\/uploads\/2024\/07\/jpg\/01-416.jpg\" width=\"153\" height=\"200\" alt=\"PDF - 685.6 kb\"><\/a>\r\n<figcaption class=\"wp-element-caption\"><strong>automobile-entreprise.com<\/strong><br>\r\nOptimum Automotive continues its international expansion\r\n<\/figcaption><\/div> \r\n\r\n<div class=\"wp-block-image\"> \r\n<a href=\"https:\/\/bu.optimum-automotive.com\/wp-content\/uploads\/2024\/07\/pdf\/2021-05-19-www.presseagence.fr-19_mai_2021-50000000352134058.pdf\" title=\"presseagence.fr\" type=\"application\/pdf\" target=\"_blank\" rel=\"noopener\"><img loading=\"lazy\" decoding=\"async\" src=\"https:\/\/bu.optimum-automotive.com\/wp-content\/uploads\/2024\/07\/jpg\/01-412.jpg\" width=\"153\" height=\"200\" alt=\"PDF - 216.7 kb\"><\/a>\r\n<figcaption class=\"wp-element-caption\"><strong>presseagence.fr<\/strong><br>\r\nPARIS: OPTIMUM AUTOMOTIVE, African companies connect their fleets\r\n<\/figcaption><\/div> \r\n\r\n<div class=\"wp-block-image\"> \r\n<a href=\"https:\/\/bu.optimum-automotive.com\/wp-content\/uploads\/2024\/07\/pdf\/2021-05-19-la_tribune_des_auto-ecoles-mai_-_juin_2021-10000000061104110.pdf\" title=\"LA TRIBUNE DES AUTO-ECOLES\" type=\"application\/pdf\" target=\"_blank\" rel=\"noopener\"><img loading=\"lazy\" decoding=\"async\" src=\"https:\/\/bu.optimum-automotive.com\/wp-content\/uploads\/2024\/07\/jpg\/01-411.jpg\" width=\"153\" height=\"200\" alt=\"PDF - 186.5 kb\"><\/a>\r\n<figcaption class=\"wp-element-caption\"><strong>LA TRIBUNE DES AUTO-ECOLES<\/strong><br>\r\nPARTNERSHIP BETWEEN CODES ROUSSEAU AND OPTIMUM AUTOMOTIVE\r\n<\/figcaption><\/div> \r\n\r\n<div class=\"wp-block-image\">\r\n<a href=\"https:\/\/bu.optimum-automotive.com\/wp-content\/uploads\/2024\/07\/pdf\/express_entreprise___ecoconduite_s_enseigne_en_un_jour.pdf\" title=\"lentreprise.lexpress.fr \" type=\"application\/pdf\" target=\"_blank\" rel=\"noopener\"><img loading=\"lazy\" decoding=\"async\" src=\"https:\/\/bu.optimum-automotive.com\/wp-content\/uploads\/2024\/07\/jpg\/01-410.jpg\" width=\"153\" height=\"200\" alt=\"PDF - 4.9 Mb\"><\/a>\r\n<figcaption class=\"wp-element-caption\"><strong>lentreprise.lexpress.fr <\/strong><br>\r\nEcodriving can be taught in a day\r\n\r\n<\/figcaption><\/div> \r\n\r\n<h2 class=\"wp-block-heading\">APRIL 2021<\/h2>\r\n\r\n<div class=\"wp-block-image\"> \r\n<a href=\"https:\/\/bu.optimum-automotive.com\/wp-content\/uploads\/2024\/07\/pdf\/2021-04-27-la_provence-27_avril_2021-10000000060984406.pdf\" title=\"La Provence\" type=\"application\/pdf\" target=\"_blank\" rel=\"noopener\"><img loading=\"lazy\" decoding=\"async\" src=\"https:\/\/bu.optimum-automotive.com\/wp-content\/uploads\/2024\/07\/jpg\/01-409.jpg\" width=\"153\" height=\"200\" alt=\"PDF - 185.2 kb\"><\/a>\r\n<figcaption class=\"wp-element-caption\"><strong>La Provence<\/strong><br>\r\nOptimum Automotive steps up a gear and enters external growth mode\r\n<\/figcaption><\/div> \r\n\r\n<div class=\"wp-block-image\">\r\n<a href=\"https:\/\/bu.optimum-automotive.com\/wp-content\/uploads\/2024\/07\/pdf\/optimum_automotive_accelere_pour_connecter_les_flottes_auto.pdf\" title=\"Le Journal des Entreprises\" type=\"application\/pdf\" target=\"_blank\" rel=\"noopener\"><img loading=\"lazy\" decoding=\"async\" src=\"https:\/\/bu.optimum-automotive.com\/wp-content\/uploads\/2024\/07\/jpg\/01-402.jpg\" width=\"153\" height=\"200\" alt=\"PDF - 628.4 kb\"><\/a>\r\n<figcaption class=\"wp-element-caption\"><strong>Le Journal des Entreprises<\/strong><br>\r\nOptimum Automotive charts its course in connected vehicles\r\n<\/figcaption><\/div> \r\n\r\n<div class=\"wp-block-image\">\r\n<a href=\"https:\/\/bu.optimum-automotive.com\/wp-content\/uploads\/2024\/07\/pdf\/comment_le_numerique_contribue_a_l_electrification_des_flottes___les_echos.pdf\" title=\"lesechos.fr\" type=\"application\/pdf\" target=\"_blank\" rel=\"noopener\"><img loading=\"lazy\" decoding=\"async\" src=\"https:\/\/bu.optimum-automotive.com\/wp-content\/uploads\/2024\/07\/jpg\/01-403.jpg\" width=\"153\" height=\"200\" alt=\"PDF - 2.2 Mb\"><\/a>\r\n<figcaption class=\"wp-element-caption\"><strong>lesechos.fr<\/strong><br>\r\nHow digital technology contributes to<br class=\"autobr\">\r\nfleet electrification\r\n<\/figcaption><\/div> \r\n\r\n<div class=\"wp-block-image\"> \r\n<a href=\"https:\/\/bu.optimum-automotive.com\/wp-content\/uploads\/2024\/07\/pdf\/telematique_embarquee___l_impact_de_la_crise_sanitaire.pdf\" title=\"flotauto.com\" type=\"application\/pdf\" target=\"_blank\" rel=\"noopener\"><img loading=\"lazy\" decoding=\"async\" src=\"https:\/\/bu.optimum-automotive.com\/wp-content\/uploads\/2024\/07\/jpg\/01-401.jpg\" width=\"153\" height=\"200\" alt=\"PDF - 152 kb\"><\/a>\r\n<figcaption class=\"wp-element-caption\"><strong>flotauto.com<\/strong><br>\r\nTelematics: the impact of the health crisis\r\n\r\n<\/figcaption><\/div> \r\n\r\n<h2 class=\"wp-block-heading\">MARCH 2021<\/h2>\r\n\r\n<div class=\"wp-block-image\">\r\n<a href=\"https:\/\/bu.optimum-automotive.com\/wp-content\/uploads\/2024\/07\/pdf\/2021-03-31-flottes_automobiles-mars_2021-10000000060838002.pdf\" title=\"Car fleets\" type=\"application\/pdf\" target=\"_blank\" rel=\"noopener\"><img loading=\"lazy\" decoding=\"async\" src=\"https:\/\/bu.optimum-automotive.com\/wp-content\/uploads\/2024\/07\/jpg\/01-400.jpg\" width=\"153\" height=\"200\" alt=\"PDF - 821.1 kb\"><\/a>\r\n<figcaption class=\"wp-element-caption\"><strong>Car fleets<\/strong><br>\r\nWhat's new for 2021\r\n<\/figcaption><\/div> \r\n\r\n<div class=\"wp-block-image\">\r\n<a href=\"https:\/\/bu.optimum-automotive.com\/wp-content\/uploads\/2024\/07\/pdf\/2021-03-31-flottes_automobiles-mars_2021-10000000060837975.pdf\" title=\"Car fleets\" type=\"application\/pdf\" target=\"_blank\" rel=\"noopener\"><img loading=\"lazy\" decoding=\"async\" src=\"https:\/\/bu.optimum-automotive.com\/wp-content\/uploads\/2024\/07\/jpg\/01-399.jpg\" width=\"153\" height=\"200\" alt=\"PDF - 1.1 Mb\"><\/a>\r\n<figcaption class=\"wp-element-caption\"><strong>Car fleets<\/strong><br>\r\nElectrification<br class=\"autobr\">\r\nFleets are on the move\r\n<\/figcaption><\/div> \r\n\r\n<div class=\"wp-block-image\">\r\n<a href=\"https:\/\/bu.optimum-automotive.com\/wp-content\/uploads\/2024\/07\/pdf\/2021-03-31-www.lesechos.fr-31_mars_2021-50000000350668821.pdf\" title=\"esechos.fr\" type=\"application\/pdf\" target=\"_blank\" rel=\"noopener\"><img loading=\"lazy\" decoding=\"async\" src=\"https:\/\/bu.optimum-automotive.com\/wp-content\/uploads\/2024\/07\/jpg\/01-396.jpg\" width=\"153\" height=\"200\" alt=\"PDF - 310 kb\"><\/a>\r\n<figcaption class=\"wp-element-caption\"><strong>esechos.fr<\/strong><br>\r\nHow digital technology is helping to electrify fleets\r\n<\/figcaption><\/div> \r\n\r\n<div class=\"wp-block-image\">\r\n<a href=\"https:\/\/bu.optimum-automotive.com\/wp-content\/uploads\/2024\/07\/pdf\/l_ecoconduite_en_entreprise_avec_codes_rousseau_et_optimum_automotive.pdf\" title=\"https:\/\/www.flotauto.com\/\" type=\"application\/pdf\" target=\"_blank\" rel=\"noopener\"><img loading=\"lazy\" decoding=\"async\" src=\"https:\/\/bu.optimum-automotive.com\/wp-content\/uploads\/2024\/07\/jpg\/01-398.jpg\" width=\"153\" height=\"200\" alt=\"PDF - 176.9 kb\"><\/a>\r\n<figcaption class=\"wp-element-caption\"><strong>https:\/\/www.flotauto.com\/<\/strong><br>\r\nEco-driving in the workplace with Codes Rousseau and Optimum Automotive\r\n<\/figcaption><\/div> \r\n\r\n<div class=\"wp-block-image\">\r\n<a href=\"https:\/\/bu.optimum-automotive.com\/wp-content\/uploads\/2024\/07\/pdf\/automobile-entreprise-optimum_automotive_et_codes_rousseau.pdf\" title=\"automobile-entreprise.com\" type=\"application\/pdf\" target=\"_blank\" rel=\"noopener\"><img loading=\"lazy\" decoding=\"async\" src=\"https:\/\/bu.optimum-automotive.com\/wp-content\/uploads\/2024\/07\/jpg\/01-397.jpg\" width=\"153\" height=\"200\" alt=\"PDF - 5.2 Mb\"><\/a>\r\n<figcaption class=\"wp-element-caption\"><strong>automobile-entreprise.com<\/strong><br>\r\nWith EasyCoach, Optimum Automotive and Codes Rousseau support eco-driving in fleets\r\n<\/figcaption><\/div> \r\n\r\n<div class=\"wp-block-image\"> \r\n<a href=\"https:\/\/bu.optimum-automotive.com\/wp-content\/uploads\/2024\/07\/pdf\/2021-03-15-www.presseagence.fr-15_mars_2021-50000000350194331.pdf\" title=\"presseagence.fr\" type=\"application\/pdf\" target=\"_blank\" rel=\"noopener\"><img loading=\"lazy\" decoding=\"async\" src=\"https:\/\/bu.optimum-automotive.com\/wp-content\/uploads\/2024\/07\/jpg\/01-395.jpg\" width=\"153\" height=\"200\" alt=\"PDF - 123.1 kb\"><\/a>\r\n<figcaption class=\"wp-element-caption\"><strong>presseagence.fr<\/strong><br>\r\nOPTIMUM AUTOMOTIVE awarded the truxt label\r\n<\/figcaption><\/div> \r\n\r\n<div class=\"wp-block-image\"> \r\n<a href=\"https:\/\/bu.optimum-automotive.com\/wp-content\/uploads\/2024\/07\/pdf\/optimum_automotive_obtient_le_label_truxt_-_bus_car.pdf\" title=\"busetcar.com\" type=\"application\/pdf\" target=\"_blank\" rel=\"noopener\"><img loading=\"lazy\" decoding=\"async\" src=\"https:\/\/bu.optimum-automotive.com\/wp-content\/uploads\/2024\/07\/jpg\/01-388.jpg\" width=\"153\" height=\"200\" alt=\"PDF - 443 kb\"><\/a>\r\n<figcaption class=\"wp-element-caption\"><strong>busetcar.com<\/strong><br>\r\nOptimum Automotive earns the Truxt label\r\n\r\n<\/figcaption><\/div> \r\n\r\n<h2 class=\"wp-block-heading\">FEBRUARY 2021<\/h2>\r\n\r\n<div class=\"wp-block-image\">\r\n<a href=\"https:\/\/bu.optimum-automotive.com\/wp-content\/uploads\/2024\/07\/pdf\/l_equipe_magazine.pdf\" title=\"l&#039;\u00c9quipe Magazine \" type=\"application\/pdf\" target=\"_blank\" rel=\"noopener\"><img loading=\"lazy\" decoding=\"async\" src=\"https:\/\/bu.optimum-automotive.com\/wp-content\/uploads\/2024\/07\/jpg\/01-387.jpg\" width=\"153\" height=\"200\" alt=\"PDF - 584.2 kb\"><\/a>\r\n<figcaption class=\"wp-element-caption\"><strong>l'\u00c9quipe Magazine <\/strong><br>\r\nFONCEUR<br class=\"autobr\">\r\nOPTIMUM, OPTIMIZATION OPTION\r\n<\/figcaption><\/div> \r\n\r\n<div class=\"wp-block-image\">\r\n<a href=\"https:\/\/bu.optimum-automotive.com\/wp-content\/uploads\/2024\/07\/pdf\/2021-02-06-www.presseagence.fr-6_fevrier_2021-50000000349022058_1_.pdf\" title=\"presseagence.fr\" type=\"application\/pdf\" target=\"_blank\" rel=\"noopener\"><img loading=\"lazy\" decoding=\"async\" src=\"https:\/\/bu.optimum-automotive.com\/wp-content\/uploads\/2024\/07\/jpg\/01-386.jpg\" width=\"153\" height=\"200\" alt=\"PDF - 613.1 kb\"><\/a>\r\n<figcaption class=\"wp-element-caption\"><strong>presseagence.fr<\/strong><br>\r\nPARIS: OPTIMUM AUTOMOTIVE opens an International Business Center\r\n<\/figcaption><\/div> \r\n\r\n<div class=\"wp-block-image\">\r\n<a href=\"https:\/\/bu.optimum-automotive.com\/wp-content\/uploads\/2024\/07\/pdf\/optimum_automotive_ouvre_un_business_center_international.pdf\" title=\"mtom-mag.com\" type=\"application\/pdf\" target=\"_blank\" rel=\"noopener\"><img loading=\"lazy\" decoding=\"async\" src=\"https:\/\/bu.optimum-automotive.com\/wp-content\/uploads\/2024\/07\/jpg\/01-385.jpg\" width=\"153\" height=\"200\" alt=\"PDF - 422.1 kb\"><\/a>\r\n<figcaption class=\"wp-element-caption\"><strong>mtom-mag.com<\/strong><br>\r\nOptimum Automotive opens an international business center\r\n<\/figcaption><\/div> \r\n\r\n<div class=\"wp-block-image\">\r\n<a href=\"https:\/\/bu.optimum-automotive.com\/wp-content\/uploads\/2024\/07\/pdf\/optimum_automotive_lance_son_.pdf\" title=\"automobile-entreprise.com\" type=\"application\/pdf\" target=\"_blank\" rel=\"noopener\"><img loading=\"lazy\" decoding=\"async\" src=\"https:\/\/bu.optimum-automotive.com\/wp-content\/uploads\/2024\/07\/jpg\/01-384.jpg\" width=\"153\" height=\"200\" alt=\"PDF - 123 kb\"><\/a>\r\n<figcaption class=\"wp-element-caption\"><strong>automobile-entreprise.com<\/strong><br>\r\nOptimum Automotive launches its international business center\r\n<\/figcaption><\/div> \r\n\r\n<h2 class=\"wp-block-heading\">JANUARY 2021<\/h2>\r\n\r\n<div class=\"wp-block-image\">\r\n<a href=\"https:\/\/bu.optimum-automotive.com\/wp-content\/uploads\/2024\/07\/pdf\/2021-01-29-tous_les_vehicules_utilitaires_mag-janvier_-_fevrier_2021-10000000060506179.pdf\" title=\"MAG Commercial Vehicles\" type=\"application\/pdf\" target=\"_blank\" rel=\"noopener\"><img loading=\"lazy\" decoding=\"async\" src=\"https:\/\/bu.optimum-automotive.com\/wp-content\/uploads\/2024\/07\/jpg\/01-383.jpg\" width=\"153\" height=\"200\" alt=\"PDF - 891.9 kb\"><\/a>\r\n<figcaption class=\"wp-element-caption\"><strong>MAG Commercial Vehicles<\/strong><br>\r\nManage your vehicle(s) as closely as possible\r\n<\/figcaption><\/div> \r\n\r\n<div class=\"wp-block-image\">\r\n<a href=\"https:\/\/bu.optimum-automotive.com\/wp-content\/uploads\/2024\/07\/pdf\/2021-01-04-l_automobile_l_entreprise-janvier_2021-10000000060367523.pdf\" title=\"THE AUTOMOBILE &amp; THE COMPANY\" type=\"application\/pdf\" target=\"_blank\" rel=\"noopener\"><img loading=\"lazy\" decoding=\"async\" src=\"https:\/\/bu.optimum-automotive.com\/wp-content\/uploads\/2024\/07\/jpg\/01-382.jpg\" width=\"153\" height=\"200\" alt=\"PDF - 364.7 kb\"><\/a>\r\n<figcaption class=\"wp-element-caption\"><strong>THE AUTOMOBILE &amp; THE COMPANY<\/strong><br>\r\n#CONNECTfleet week: replay your congress!<\/figcaption><\/div> \r\n\r\n\r\n<h2 class=\"wp-block-heading\">DECEMBER 2020<\/h2>\r\n\r\n<div class=\"wp-block-image\">\r\n<a href=\"https:\/\/bu.optimum-automotive.com\/wp-content\/uploads\/2024\/07\/pdf\/tco___quels_leviers_pour_baisser_les_couts_de_la_flotte_automobile__.pdf\" title=\"flotauto.com\" type=\"application\/pdf\" target=\"_blank\" rel=\"noopener\"><img loading=\"lazy\" decoding=\"async\" src=\"https:\/\/bu.optimum-automotive.com\/wp-content\/uploads\/2024\/07\/jpg\/01-381.jpg\" width=\"151\" height=\"200\" alt=\"PDF - 244.5 kb\"><\/a>\r\n<figcaption class=\"wp-element-caption\"><strong>flotauto.com<\/strong><br>\r\nTCO: what are the cost-cutting levers?<\/figcaption><\/div> \r\n\r\n<h2 class=\"wp-block-heading\">NOVEMBER 2020<\/h2>\r\n\r\n<div class=\"wp-block-image\">\r\n<a href=\"https:\/\/bu.optimum-automotive.com\/wp-content\/uploads\/2024\/07\/pdf\/les_deux-roues_umob_se_connectent_avec_optimum_automotive.pdf\" title=\"flotauto.com\" type=\"application\/pdf\" target=\"_blank\" rel=\"noopener\"><img loading=\"lazy\" decoding=\"async\" src=\"https:\/\/bu.optimum-automotive.com\/wp-content\/uploads\/2024\/07\/jpg\/01-372.jpg\" width=\"151\" height=\"200\" alt=\"PDF - 276.2 kb\"><\/a>\r\n<figcaption class=\"wp-element-caption\"><strong>flotauto.com<\/strong><br>\r\nUmob two-wheelers go online with Optimum Automotive\r\n<\/figcaption><\/div> \r\n\r\n<div class=\"wp-block-image\">\r\n<a href=\"https:\/\/bu.optimum-automotive.com\/wp-content\/uploads\/2024\/07\/pdf\/first_eco_edition_rhone-alpes_et_auvergne-18-11-2020.pdf\" title=\"FIRST ECO EDITION RHONEALPES ET AUVERGNE\" type=\"application\/pdf\" target=\"_blank\" rel=\"noopener\"><img loading=\"lazy\" decoding=\"async\" src=\"https:\/\/bu.optimum-automotive.com\/wp-content\/uploads\/2024\/07\/jpg\/01-373.jpg\" width=\"151\" height=\"200\" alt=\"PDF - 120.1 kb\"><\/a>\r\n<figcaption class=\"wp-element-caption\"><strong>FIRST ECO EDITION RHONEALPES ET AUVERGNE<\/strong><br>\r\nRhone-Alpes company U'mob joins forces with Provence-based Optimum Automotive...<\/figcaption><\/div> \r\n\r\n<h2 class=\"wp-block-heading\">OCTOBER 2020<\/h2>\r\n\r\n<div class=\"wp-block-image\">\r\n<a href=\"https:\/\/bu.optimum-automotive.com\/wp-content\/uploads\/2024\/07\/pdf\/2020-10-25-le_journal_du_dimanche-25_octobre_2020-10000000059984194.pdf\" title=\"Le Journal du Dimanche\" type=\"application\/pdf\" target=\"_blank\" rel=\"noopener\"><img loading=\"lazy\" decoding=\"async\" src=\"https:\/\/bu.optimum-automotive.com\/wp-content\/uploads\/2024\/07\/jpg\/01-371.jpg\" width=\"151\" height=\"200\" alt=\"PDF - 362.4 kb\"><\/a>\r\n<figcaption class=\"wp-element-caption\"><strong>Le Journal du Dimanche<\/strong><br>\r\nYou have to know how to use data to make decisions\".\r\n<\/figcaption><\/div> \r\n\r\n<div class=\"wp-block-image\"> \r\n<a href=\"https:\/\/bu.optimum-automotive.com\/wp-content\/uploads\/2024\/07\/pdf\/2020-10-08-l_automobile_l_entreprise-octobre_2020-10000000059886269_1_.pdf\" title=\"THE AUTOMOBILE &amp; THE COMPANY\" type=\"application\/pdf\" target=\"_blank\" rel=\"noopener\"><img loading=\"lazy\" decoding=\"async\" src=\"https:\/\/bu.optimum-automotive.com\/wp-content\/uploads\/2024\/07\/jpg\/01-370.jpg\" width=\"151\" height=\"200\" alt=\"PDF - 492.2 kb\"><\/a>\r\n<figcaption class=\"wp-element-caption\"><strong>THE AUTOMOBILE &amp; THE COMPANY<\/strong><br>\r\nService awards\r\n<\/figcaption><\/div> \r\n\r\n<div class=\"wp-block-image\"> \r\n<a href=\"https:\/\/bu.optimum-automotive.com\/wp-content\/uploads\/2024\/07\/pdf\/2020-10-02-www.flotauto.com-2_octobre_2020-50000000344984321.pdf\" title=\"flotauto.com\" type=\"application\/pdf\" target=\"_blank\" rel=\"noopener\"><img loading=\"lazy\" decoding=\"async\" src=\"https:\/\/bu.optimum-automotive.com\/wp-content\/uploads\/2024\/07\/jpg\/01-369.jpg\" width=\"151\" height=\"200\" alt=\"PDF - 131.1 kb\"><\/a>\r\n<figcaption class=\"wp-element-caption\"><strong>flotauto.com<\/strong><br>\r\nFlotauto 2021 Guide: the edition for all your projects!\r\n\r\n<\/figcaption><\/div> \r\n\r\n<h2 class=\"wp-block-heading\">SEPTEMBER 2020<\/h2>\r\n\r\n<div class=\"wp-block-image\"> \r\n<a href=\"https:\/\/bu.optimum-automotive.com\/wp-content\/uploads\/2024\/07\/pdf\/telematiciens___des_innovations_sur_un_marche_prometteur.pdf\" title=\"flotauto.com\" type=\"application\/pdf\" target=\"_blank\" rel=\"noopener\"><img loading=\"lazy\" decoding=\"async\" src=\"https:\/\/bu.optimum-automotive.com\/wp-content\/uploads\/2024\/07\/jpg\/01-368.jpg\" width=\"151\" height=\"200\" alt=\"PDF - 278.7 kb\"><\/a>\r\n<figcaption class=\"wp-element-caption\"><strong>flotauto.com<\/strong><br>\r\nTelematicians: innovations in a promising market\r\n\r\n<\/figcaption><\/div> \r\n\r\n<h2 class=\"wp-block-heading\">JULY 2020<\/h2>\r\n\r\n<div class=\"wp-block-image\"> \r\n<a href=\"https:\/\/bu.optimum-automotive.com\/wp-content\/uploads\/2024\/07\/pdf\/2020-07-29-le_mille_pattes-n_37_-_2020-10000000059166039.pdf\" title=\"THE CENTIPEDE\" type=\"application\/pdf\" target=\"_blank\" rel=\"noopener\"><img loading=\"lazy\" decoding=\"async\" src=\"https:\/\/bu.optimum-automotive.com\/wp-content\/uploads\/2024\/07\/jpg\/01-365.jpg\" width=\"151\" height=\"200\" alt=\"PDF - 84.9 kb\"><\/a>\r\n<figcaption class=\"wp-element-caption\"><strong>THE CENTIPEDE<\/strong><br>\r\nMapping Control extends geolocation to other equipment\r\n<\/figcaption><\/div> \r\n\r\n<div class=\"wp-block-image\">\r\n<a href=\"https:\/\/bu.optimum-automotive.com\/wp-content\/uploads\/2024\/07\/pdf\/2020-07-08-www.industrie-mag.com-8_juillet_2020-50000000342525867.pdf\" title=\"industrie-mag.com\" type=\"application\/pdf\" target=\"_blank\" rel=\"noopener\"><img loading=\"lazy\" decoding=\"async\" src=\"https:\/\/bu.optimum-automotive.com\/wp-content\/uploads\/2024\/07\/jpg\/01-364.jpg\" width=\"151\" height=\"200\" alt=\"PDF - 105.5 kb\"><\/a>\r\n<figcaption class=\"wp-element-caption\"><strong>industrie-mag.com<\/strong><br>\r\nFiber experts equip themselves with Mapping Control\r\n<\/figcaption><\/div> \r\n\r\n<div class=\"wp-block-image\">\r\n<a href=\"https:\/\/bu.optimum-automotive.com\/wp-content\/uploads\/2024\/07\/pdf\/2020-07-08-flottes_automobiles-juin_2020-10000000059065249.pdf\" title=\"flotauto.com\" type=\"application\/pdf\" target=\"_blank\" rel=\"noopener\"><img loading=\"lazy\" decoding=\"async\" src=\"https:\/\/bu.optimum-automotive.com\/wp-content\/uploads\/2024\/07\/jpg\/01-363.jpg\" width=\"151\" height=\"200\" alt=\"PDF - 548.7 kb\"><\/a>\r\n<figcaption class=\"wp-element-caption\"><strong>flotauto.com<\/strong><br>\r\ncovid-19 survey: Provider initiatives\r\n<\/figcaption><\/div> \r\n\r\n<div class=\"wp-block-image\">\r\n<a href=\"https:\/\/bu.optimum-automotive.com\/wp-content\/uploads\/2024\/07\/pdf\/decryptageo.fr-les_experts_de_la_fibre_dont_les_equipes_sillonnent_lhexagone_sequipent_a_mapping_control.pdf\" title=\"decryptageo.fr\" type=\"application\/pdf\" target=\"_blank\" rel=\"noopener\"><img loading=\"lazy\" decoding=\"async\" src=\"https:\/\/bu.optimum-automotive.com\/wp-content\/uploads\/2024\/07\/jpg\/01-362.jpg\" width=\"151\" height=\"200\" alt=\"PDF - 98.5 kb\"><\/a>\r\n<figcaption class=\"wp-element-caption\"><strong>decryptageo.fr<\/strong><br>\r\nFiber experts, whose teams criss-cross France, equip themselves at Mapping Control\r\n<\/figcaption><\/div> \r\n<h2 class=\"wp-block-heading\">JUNE 2020<\/h2>\r\n\r\n<div class=\"wp-block-image\">\r\n<a href=\"https:\/\/bu.optimum-automotive.com\/wp-content\/uploads\/2024\/07\/pdf\/2020-06-27-le_journal_du_poids_lourd-juin_2020.pdf\" title=\"THE TRUCK JOURNAL\" type=\"application\/pdf\" target=\"_blank\" rel=\"noopener\"><img loading=\"lazy\" decoding=\"async\" src=\"https:\/\/bu.optimum-automotive.com\/wp-content\/uploads\/2024\/07\/jpg\/01-361.jpg\" width=\"151\" height=\"200\" alt=\"PDF - 672.5 kb\"><\/a>\r\n<figcaption class=\"wp-element-caption\"><strong>THE TRUCK JOURNAL<\/strong><br>\r\nCovid-19, the dematerialization gas pedal\r\n<\/figcaption><\/div> \r\n\r\n<div class=\"wp-block-image\">\r\n<a href=\"https:\/\/bu.optimum-automotive.com\/wp-content\/uploads\/2024\/07\/pdf\/2020-06-26-transport_info-26_juin_2020-10000000059005858.pdf\" title=\"TRANSPORT INFO\" type=\"application\/pdf\" target=\"_blank\" rel=\"noopener\"><img loading=\"lazy\" decoding=\"async\" src=\"https:\/\/bu.optimum-automotive.com\/wp-content\/uploads\/2024\/07\/jpg\/01-360.jpg\" width=\"151\" height=\"200\" alt=\"PDF - 190.1 kb\"><\/a>\r\n<figcaption class=\"wp-element-caption\"><strong>TRANSPORT INFO<\/strong><br>\r\nMapping Control launches a plotter\r\n<\/figcaption><\/div> \r\n\r\n<div class=\"wp-block-image\">\r\n<a href=\"https:\/\/bu.optimum-automotive.com\/wp-content\/uploads\/2024\/07\/pdf\/2020-06-26-transport_info-26_juin_2020-10000000059005856.pdf\" title=\"TRANSPORT INFO\" type=\"application\/pdf\" target=\"_blank\" rel=\"noopener\"><img loading=\"lazy\" decoding=\"async\" src=\"https:\/\/bu.optimum-automotive.com\/wp-content\/uploads\/2024\/07\/jpg\/01-359.jpg\" width=\"151\" height=\"200\" alt=\"PDF - 649 kb\"><\/a>\r\n<figcaption class=\"wp-element-caption\"><strong>TRANSPORT INFO<\/strong><br>\r\nThe new digital lock\r\n<\/figcaption><\/div> \r\n\r\n<div class=\"wp-block-image\">\r\n<a href=\"https:\/\/bu.optimum-automotive.com\/wp-content\/uploads\/2024\/07\/pdf\/covid-19___les_flottes_font_le_point.pdf\" title=\"flotauto.com\" type=\"application\/pdf\" target=\"_blank\" rel=\"noopener\"><img loading=\"lazy\" decoding=\"async\" src=\"https:\/\/bu.optimum-automotive.com\/wp-content\/uploads\/2024\/07\/jpg\/01-358.jpg\" width=\"151\" height=\"200\" alt=\"PDF - 229 kb\"><\/a>\r\n<figcaption class=\"wp-element-caption\"><strong>flotauto.com<\/strong><br>\r\nCovid-19: fleets take stock\r\n<\/figcaption><\/div> \r\n\r\n<div class=\"wp-block-image\">\r\n<a href=\"https:\/\/bu.optimum-automotive.com\/wp-content\/uploads\/2024\/07\/pdf\/informations_entreprise.pdf\" title=\"Company information\" type=\"application\/pdf\" target=\"_blank\" rel=\"noopener\"><img loading=\"lazy\" decoding=\"async\" src=\"https:\/\/bu.optimum-automotive.com\/wp-content\/uploads\/2024\/07\/jpg\/01-19.png\" width=\"151\" height=\"200\" alt=\"PDF - 1.6 Mb\"><\/a>\r\n<figcaption class=\"wp-element-caption\"><strong>Company information<\/strong><br>\r\nOPTIMUM AUTOMOTIVE\r\n<\/figcaption><\/div> \r\n\r\n<div class=\"wp-block-image\">\r\n<a href=\"https:\/\/bu.optimum-automotive.com\/wp-content\/uploads\/2024\/07\/pdf\/2020-06-04-www.decisionatelier.com-4_juin_2020-50000000341546589_1_.pdf\" title=\"decisionatelier.com\" type=\"application\/pdf\" target=\"_blank\" rel=\"noopener\"><img loading=\"lazy\" decoding=\"async\" src=\"https:\/\/bu.optimum-automotive.com\/wp-content\/uploads\/2024\/07\/jpg\/01-354.jpg\" width=\"151\" height=\"200\" alt=\"PDF - 167.5 kb\"><\/a>\r\n<figcaption class=\"wp-element-caption\"><strong>decisionatelier.com<\/strong><br>\r\nMapping Control expands its services\r\n<\/figcaption><\/div> \r\n\r\n<div class=\"wp-block-image\"> \r\n<a href=\"https:\/\/bu.optimum-automotive.com\/wp-content\/uploads\/2024\/07\/pdf\/video_part2_daniel_vassallucci_president_d_optimum.pdf\" title=\"automobile-entreprise.com\" type=\"application\/pdf\" target=\"_blank\" rel=\"noopener\"><img loading=\"lazy\" decoding=\"async\" src=\"https:\/\/bu.optimum-automotive.com\/wp-content\/uploads\/2024\/07\/jpg\/01-353.jpg\" width=\"151\" height=\"200\" alt=\"PDF - 285.7 kb\"><\/a>\r\n<figcaption class=\"wp-element-caption\"><strong>automobile-entreprise.com<\/strong><br>\r\n[Video Part.2] Daniel Vassallucci, President of Optimum (Mapping Contrai)\r\n<\/figcaption><\/div> \r\n\r\n<div class=\"wp-block-image\"> \r\n<a href=\"https:\/\/bu.optimum-automotive.com\/wp-content\/uploads\/2024\/07\/pdf\/_video_daniel_vassallucci_president_d_optimum_mapping_control_.pdf\" title=\"automobile-entreprise.com\" type=\"application\/pdf\" target=\"_blank\" rel=\"noopener\"><img loading=\"lazy\" decoding=\"async\" src=\"https:\/\/bu.optimum-automotive.com\/wp-content\/uploads\/2024\/07\/jpg\/01-352.jpg\" width=\"151\" height=\"200\" alt=\"PDF - 638.8 kb\"><\/a>\r\n<figcaption class=\"wp-element-caption\"><strong>automobile-entreprise.com<\/strong><br>\r\n[Video] Daniel Vassallucci, President of Optimum (Mapping Control)\r\n<\/figcaption><\/div> \r\n\r\n<div class=\"wp-block-image\"> \r\n<a href=\"https:\/\/bu.optimum-automotive.com\/wp-content\/uploads\/2024\/07\/pdf\/2020-05-29-www.businews.fr-29_mai_2020-50000000341386887_1_.pdf\" title=\"businews.fr\" type=\"application\/pdf\" target=\"_blank\" rel=\"noopener\"><img loading=\"lazy\" decoding=\"async\" src=\"https:\/\/bu.optimum-automotive.com\/wp-content\/uploads\/2024\/07\/jpg\/01-351.jpg\" width=\"151\" height=\"200\" alt=\"PDF - 144.6 kb\"><\/a>\r\n<figcaption class=\"wp-element-caption\"><strong>businews.fr<\/strong><br>\r\nOptimum Automotive fine-tunes new international expansions\r\n\r\n<\/figcaption><\/div> \r\n\r\n<h2 class=\"wp-block-heading\">MAY 2020<\/h2>\r\n\r\n<div class=\"wp-block-image\">\r\n<a href=\"https:\/\/bu.optimum-automotive.com\/wp-content\/uploads\/2024\/07\/pdf\/2020-05-29-transport_info-29_mai_2020-10000000058863090.pdf\" title=\"TRANSPORT INFO\" type=\"application\/pdf\" target=\"_blank\" rel=\"noopener\"><img loading=\"lazy\" decoding=\"async\" src=\"https:\/\/bu.optimum-automotive.com\/wp-content\/uploads\/2024\/07\/jpg\/01-350.jpg\" width=\"151\" height=\"200\" alt=\"PDF - 244.4 kb\"><\/a>\r\n<figcaption class=\"wp-element-caption\"><strong>TRANSPORT INFO<\/strong><br>\r\nDSN TRANSPORT adapts to covid-19 thanks to on-board computing\r\n<\/figcaption><\/div> \r\n\r\n<div class=\"wp-block-image\">\r\n<a href=\"https:\/\/bu.optimum-automotive.com\/wp-content\/uploads\/2024\/07\/pdf\/2020-05-27-www.usine-digitale.fr-27_mai_2020-50000000341316794.pdf\" title=\"usine-digitale.fr\" type=\"application\/pdf\" target=\"_blank\" rel=\"noopener\"><img loading=\"lazy\" decoding=\"async\" src=\"https:\/\/bu.optimum-automotive.com\/wp-content\/uploads\/2024\/07\/jpg\/01-349.jpg\" width=\"151\" height=\"200\" alt=\"PDF - 295.2 kb\"><\/a>\r\n<figcaption class=\"wp-element-caption\"><strong>usine-digitale.fr<\/strong><br>\r\nOptimum Automotive invests in container and equipment tracking\r\n<\/figcaption><\/div> \r\n\r\n<div class=\"wp-block-image\">\r\n<a href=\"https:\/\/bu.optimum-automotive.com\/wp-content\/uploads\/2024\/07\/pdf\/geolocalisation___mapping_control_elargit_la_gamme_des_equipements.pdf\" title=\"jdlgroupe.com\" type=\"application\/pdf\" target=\"_blank\" rel=\"noopener\"><img loading=\"lazy\" decoding=\"async\" src=\"https:\/\/bu.optimum-automotive.com\/wp-content\/uploads\/2024\/07\/jpg\/01-348.jpg\" width=\"151\" height=\"200\" alt=\"PDF - 731.1 kb\"><\/a>\r\n<figcaption class=\"wp-element-caption\"><strong>jdlgroupe.com<\/strong><br>\r\nGeolocation: Mapping Control expands its range of equipment\r\n<\/figcaption><\/div> \r\n\r\n<div class=\"wp-block-image\">\r\n\r\n<a href=\"https:\/\/bu.optimum-automotive.com\/wp-content\/uploads\/2024\/07\/pdf\/mapping_control_geolocalise_les_equipements.pdf\" title=\"flotauto.com\" type=\"application\/pdf\" target=\"_blank\" rel=\"noopener\"><img loading=\"lazy\" decoding=\"async\" src=\"https:\/\/bu.optimum-automotive.com\/wp-content\/uploads\/2024\/07\/jpg\/01-347.jpg\" width=\"151\" height=\"200\" alt=\"PDF - 143.1 kb\"><\/a>\r\n<figcaption class=\"wp-element-caption\"><strong>flotauto.com<\/strong><br>\r\nMapping Control geolocates equipment\r\n<\/figcaption><\/div> \r\n\r\n<div class=\"wp-block-image\">\r\n<a href=\"https:\/\/bu.optimum-automotive.com\/wp-content\/uploads\/2024\/07\/pdf\/2020-05-12-www.industrie-mag.com-12_mai_2020-50000000340922380_1_.pdf\" title=\"industrie-mag.com\" type=\"application\/pdf\" target=\"_blank\" rel=\"noopener\"><img loading=\"lazy\" decoding=\"async\" src=\"https:\/\/bu.optimum-automotive.com\/wp-content\/uploads\/2024\/07\/jpg\/01-346.jpg\" width=\"151\" height=\"200\" alt=\"PDF - 150.4 kb\"><\/a>\r\n<figcaption class=\"wp-element-caption\"><strong>industrie-mag.com<\/strong><br>\r\nWith Mapping Control DSN optimizes fleet costs\r\n<\/figcaption><\/div> \r\n\r\n<div class=\"wp-block-image\">\r\n<a href=\"https:\/\/bu.optimum-automotive.com\/wp-content\/uploads\/2024\/07\/pdf\/2020-05-12-www.flotauto.com-12_mai_2020-50000000340912508.pdf\" title=\"flotauto.com\" type=\"application\/pdf\" target=\"_blank\" rel=\"noopener\"><img loading=\"lazy\" decoding=\"async\" src=\"https:\/\/bu.optimum-automotive.com\/wp-content\/uploads\/2024\/07\/jpg\/01-343.jpg\" width=\"151\" height=\"200\" alt=\"PDF - 670.5 kb\"><\/a>\r\n<figcaption class=\"wp-element-caption\"><strong>flotauto.com<\/strong><br>\r\nDSN Transports and AEL Services: telematics to manage the<br class=\"autobr\">\r\ncrisis\r\n<\/figcaption><\/div> \r\n\r\n<div class=\"wp-block-image\">\r\n<a href=\"https:\/\/bu.optimum-automotive.com\/wp-content\/uploads\/2024\/07\/pdf\/coronavirus___dsn_transports_optimise_sa_flotte_de_vehicules_avec_mapping_control_-_le_journal_des_entreprises_-_region_sud.pdf\" title=\"Le journal des entreprises\" type=\"application\/pdf\" target=\"_blank\" rel=\"noopener\"><img loading=\"lazy\" decoding=\"async\" src=\"https:\/\/bu.optimum-automotive.com\/wp-content\/uploads\/2024\/07\/jpg\/01-344.jpg\" width=\"151\" height=\"200\" alt=\"PDF - 309 kb\"><\/a>\r\n<figcaption class=\"wp-element-caption\"><strong>Le journal des entreprises<\/strong><br>\r\nCoronavirus: DSN Transports optimizes its vehicle fleet with Mapping Control\r\n<\/figcaption><\/div> \r\n\r\n<div class=\"wp-block-image\">\r\n<a href=\"https:\/\/bu.optimum-automotive.com\/wp-content\/uploads\/2024\/07\/pdf\/l_outil_de_gestion_de_flotte_optipark_offert_pendant_12_mois.pdf\" title=\"automobile-entreprise.com\" type=\"application\/pdf\" target=\"_blank\" rel=\"noopener\"><img loading=\"lazy\" decoding=\"async\" src=\"https:\/\/bu.optimum-automotive.com\/wp-content\/uploads\/2024\/07\/jpg\/01-345.jpg\" width=\"151\" height=\"200\" alt=\"PDF - 619.1 kb\"><\/a>\r\n<figcaption class=\"wp-element-caption\"><strong>automobile-entreprise.com<\/strong><br>\r\nOptipark fleet management tool free for 12 months\r\n<\/figcaption><\/div> \r\n\r\n<div class=\"wp-block-image\">\r\n<a href=\"https:\/\/bu.optimum-automotive.com\/wp-content\/uploads\/2024\/07\/pdf\/optimum_automotive_offre_son_service_optipark_pendant_12_mois.pdf\" title=\"journalauto.com\" type=\"application\/pdf\" target=\"_blank\" rel=\"noopener\"><img loading=\"lazy\" decoding=\"async\" src=\"https:\/\/bu.optimum-automotive.com\/wp-content\/uploads\/2024\/07\/jpg\/01-342.jpg\" width=\"151\" height=\"200\" alt=\"PDF - 376.9 kb\"><\/a>\r\n<figcaption class=\"wp-element-caption\"><strong>journalauto.com<\/strong><br>\r\nOptimum Automotive offers its Optipark service for 12 months\r\n\r\n<\/figcaption><\/div> \r\n\r\n<h2 class=\"wp-block-heading\">APRIL 2020<\/h2>\r\n\r\n<div class=\"wp-block-image\">\r\n<a href=\"https:\/\/bu.optimum-automotive.com\/wp-content\/uploads\/2024\/07\/pdf\/automobile_et_l_entreprise_dossier_telematique.pdf\" title=\"automobile-entreprise.com\" type=\"application\/pdf\" target=\"_blank\" rel=\"noopener\"><img loading=\"lazy\" decoding=\"async\" src=\"https:\/\/bu.optimum-automotive.com\/wp-content\/uploads\/2024\/07\/jpg\/01-39.jpg\" width=\"151\" height=\"200\" alt=\"PDF - 471.4 kb\"><\/a>\r\n<figcaption class=\"wp-element-caption\"><strong>automobile-entreprise.com<\/strong><br>\r\nDossier Telematics: The promise of telematics offerings\r\n<\/figcaption><\/div> \r\n\r\n<div class=\"wp-block-image\">\r\n<a href=\"https:\/\/bu.optimum-automotive.com\/wp-content\/uploads\/2024\/07\/pdf\/le_fleet_management_promis_a_une_forte_croissance.pdf\" title=\"automobile-entreprise.com\" type=\"application\/pdf\" target=\"_blank\" rel=\"noopener\"><img loading=\"lazy\" decoding=\"async\" src=\"https:\/\/bu.optimum-automotive.com\/wp-content\/uploads\/2024\/07\/jpg\/01-256.jpg\" width=\"151\" height=\"200\" alt=\"PDF - 5.9 Mb\"><\/a>\r\n<figcaption class=\"wp-element-caption\"><strong>automobile-entreprise.com<\/strong><br>\r\nFleet management promises strong growth\r\n<\/figcaption><\/div> \r\n\r\n<div class=\"wp-block-image\">\r\n<a href=\"https:\/\/bu.optimum-automotive.com\/wp-content\/uploads\/2024\/07\/pdf\/2020-04-10-www.pemagazine.fr-10_avril_2020-50000000340072188.pdf\" title=\"pemagazine.fr\" type=\"application\/pdf\" target=\"_blank\" rel=\"noopener\"><img loading=\"lazy\" decoding=\"async\" src=\"https:\/\/bu.optimum-automotive.com\/wp-content\/uploads\/2024\/07\/jpg\/01-341.jpg\" width=\"151\" height=\"200\" alt=\"PDF - 114 kb\"><\/a>\r\n<figcaption class=\"wp-element-caption\"><strong>pemagazine.fr<\/strong><br>\r\nParis Green Fund, managed by Demeter, has raised \u20ac160 million for its<br class=\"autobr\">\r\nfinal closing\r\n<\/figcaption><\/div> \r\n\r\n<div class=\"wp-block-image\"> \r\n<a href=\"https:\/\/bu.optimum-automotive.com\/wp-content\/uploads\/2024\/07\/pdf\/2020-04-08-www.greenunivers.com-8_avril_2020-50000000340001645.pdf\" title=\"greenunivers.com\" type=\"application\/pdf\" target=\"_blank\" rel=\"noopener\"><img loading=\"lazy\" decoding=\"async\" src=\"https:\/\/bu.optimum-automotive.com\/wp-content\/uploads\/2024\/07\/jpg\/01-339.jpg\" width=\"151\" height=\"200\" alt=\"PDF - 169.1 kb\"><\/a>\r\n<figcaption class=\"wp-element-caption\"><strong>greenunivers.com<\/strong><br>\r\n131.5 M\u20ac raised in ecomobility in H2 2019\r\n<\/figcaption><\/div> \r\n\r\n<div class=\"wp-block-image\">\r\n<a href=\"https:\/\/bu.optimum-automotive.com\/wp-content\/uploads\/2024\/07\/pdf\/2020-04-10-www.ccimp.com-10_avril_2020-50000000340056763.pdf\" title=\"ccimp.com\" type=\"application\/pdf\" target=\"_blank\" rel=\"noopener\"><img loading=\"lazy\" decoding=\"async\" src=\"https:\/\/bu.optimum-automotive.com\/wp-content\/uploads\/2024\/07\/jpg\/01-340.jpg\" width=\"151\" height=\"200\" alt=\"PDF - 84.2 kb\"><\/a>\r\n<figcaption class=\"wp-element-caption\"><strong>ccimp.com<\/strong><br>\r\nEntrepreneurs facing the crisis\r\n\r\n<\/figcaption><\/div> \r\n\r\n<h2 class=\"wp-block-heading\">MARCH 2020<\/h2>\r\n\t\r\n<div class=\"wp-block-image\">\r\n<a href=\"https:\/\/bu.optimum-automotive.com\/wp-content\/uploads\/2024\/07\/pdf\/services___toujours_plus_numeriques.pdf\" title=\"flotauto.com\" type=\"application\/pdf\" target=\"_blank\" rel=\"noopener\"><img loading=\"lazy\" decoding=\"async\" src=\"https:\/\/bu.optimum-automotive.com\/wp-content\/uploads\/2024\/07\/jpg\/01-193.jpg\" width=\"151\" height=\"200\" alt=\"PDF - 163.4 kb\"><\/a>\r\n<figcaption class=\"wp-element-caption\"><strong>flotauto.com<\/strong><br>\r\nLong-term rental. Services: ever more digital\r\n<\/figcaption><\/div> \r\n\r\n<div class=\"wp-block-image\">\r\n<a href=\"https:\/\/bu.optimum-automotive.com\/wp-content\/uploads\/2024\/07\/pdf\/telematique_embarquee___nouveaux_capitaux_et_fonctionnalites_elargies.pdf\" title=\"flotauto.com\" type=\"application\/pdf\" target=\"_blank\" rel=\"noopener\"><img loading=\"lazy\" decoding=\"async\" src=\"https:\/\/bu.optimum-automotive.com\/wp-content\/uploads\/2024\/07\/jpg\/01-110.jpg\" width=\"151\" height=\"200\" alt=\"PDF - 260.6 kb\"><\/a>\r\n<figcaption class=\"wp-element-caption\"><strong>flotauto.com<\/strong><br>\r\nOn-board telematics: new capital and expanded functionalities\r\n<\/figcaption><\/div> \r\n\r\n<div class=\"wp-block-image\">\r\n<a href=\"https:\/\/bu.optimum-automotive.com\/wp-content\/uploads\/2024\/07\/pdf\/2020-03-05-www.assurlandpro.com-5_mars_2020-50000000338908013.pdf\" title=\"assurlandpro.com\" type=\"application\/pdf\" target=\"_blank\" rel=\"noopener\"><img loading=\"lazy\" decoding=\"async\" src=\"https:\/\/bu.optimum-automotive.com\/wp-content\/uploads\/2024\/07\/jpg\/01-338.jpg\" width=\"151\" height=\"200\" alt=\"PDF - 136.4 kb\"><\/a>\r\n<figcaption class=\"wp-element-caption\"><strong>assurlandpro.com<\/strong><br>\r\nCompany cars: companies are obliged to report in<br class=\"autobr\">\r\ncases of infringement\r\n<\/figcaption><\/div> \r\n\r\n<div class=\"wp-block-image\">\r\n<a href=\"https:\/\/bu.optimum-automotive.com\/wp-content\/uploads\/2024\/07\/pdf\/fleet_management-vols_de_vehicules_prendre_les_devants.pdf\" title=\"decision-achats.fr\" type=\"application\/pdf\" target=\"_blank\" rel=\"noopener\"><img loading=\"lazy\" decoding=\"async\" src=\"https:\/\/bu.optimum-automotive.com\/wp-content\/uploads\/2024\/07\/jpg\/01-328.jpg\" width=\"151\" height=\"200\" alt=\"PDF - 2.1 Mb\"><\/a>\r\n<figcaption class=\"wp-element-caption\"><strong>decision-achats.fr<\/strong><br>\r\nFleet management - Vehicle theft: taking the lead\r\n<\/figcaption><\/div> \r\n\t\r\n<h2 class=\"wp-block-heading\">FEBRUARY 2020<\/h2>\r\n\r\n<div class=\"wp-block-image\">\r\n<a href=\"https:\/\/bu.optimum-automotive.com\/wp-content\/uploads\/2024\/07\/pdf\/2020-02-13-fusions_acquisitions_magazine-janvier_-_fevrier_2020-10000000058350283.pdf\" title=\"MERGERS &amp; ACQUISITIONS MAGAZINE\" type=\"application\/pdf\" target=\"_blank\" rel=\"noopener\"><img loading=\"lazy\" decoding=\"async\" src=\"https:\/\/bu.optimum-automotive.com\/wp-content\/uploads\/2024\/07\/jpg\/01-334.jpg\" width=\"151\" height=\"200\" alt=\"PDF - 3.2 Mb\"><\/a>\r\n<figcaption class=\"wp-element-caption\"><strong>MERGERS &amp; ACQUISITIONS MAGAZINE<\/strong><br>\r\nPrivate equity transactions in November December 2019\r\n<\/figcaption><\/div> \r\n\r\n<div class=\"wp-block-image\">\r\n<a href=\"https:\/\/bu.optimum-automotive.com\/wp-content\/uploads\/2024\/07\/pdf\/2020-02-26-www.assurland.com-26_fevrier_2020-50000000338656007.pdf\" title=\"assurland.com\" type=\"application\/pdf\" target=\"_blank\" rel=\"noopener\"><img loading=\"lazy\" decoding=\"async\" src=\"https:\/\/bu.optimum-automotive.com\/wp-content\/uploads\/2024\/07\/jpg\/01-337.jpg\" width=\"151\" height=\"200\" alt=\"PDF - 241.3 kb\"><\/a>\r\n<figcaption class=\"wp-element-caption\"><strong>assurland.com<\/strong><br>\r\nCompany cars: companies report drivers who break the law\r\n<\/figcaption><\/div> \r\n\r\n<div class=\"wp-block-image\">\r\n<a href=\"https:\/\/bu.optimum-automotive.com\/wp-content\/uploads\/2024\/07\/pdf\/2020-02-17-www.usinenouvelle.com-17_fevrier_2020-50000000338345273.pdf\" title=\"usinenouvelle.com\" type=\"application\/pdf\" target=\"_blank\" rel=\"noopener\"><img loading=\"lazy\" decoding=\"async\" src=\"https:\/\/bu.optimum-automotive.com\/wp-content\/uploads\/2024\/07\/jpg\/01-336.jpg\" width=\"151\" height=\"200\" alt=\"PDF - 158.7 kb\"><\/a>\r\n<figcaption class=\"wp-element-caption\"><strong>usinenouvelle.com<\/strong><br>\r\nBusiness Professional Women (BPW) tackle sexism in the workplace<br class=\"autobr\">\r\ncompany\r\n<\/figcaption><\/div> \r\n\r\n<div class=\"wp-block-image\"> \r\n<a href=\"https:\/\/bu.optimum-automotive.com\/wp-content\/uploads\/2024\/07\/pdf\/2020-02-13-www.mtom-mag.com-13_fevrier_2020-50000000338228829.pdf\" title=\"mtom-mag.com\" type=\"application\/pdf\" target=\"_blank\" rel=\"noopener\"><img loading=\"lazy\" decoding=\"async\" src=\"https:\/\/bu.optimum-automotive.com\/wp-content\/uploads\/2024\/07\/jpg\/01-335.jpg\" width=\"151\" height=\"200\" alt=\"PDF - 125.5 kb\"><\/a>\r\n<figcaption class=\"wp-element-caption\"><strong>mtom-mag.com<\/strong><br>\r\nMapping Control is offering its service for 6 months<br class=\"autobr\">\r\nOptiparc\r\n<\/figcaption><\/div> \r\n\r\n<div class=\"wp-block-image\">\r\n<a href=\"https:\/\/bu.optimum-automotive.com\/wp-content\/uploads\/2024\/07\/pdf\/obligation_pour_l_entreprise_de_denoncer_des_logiciels_pour_simplifier_les_demarches-vehicules_de_societes.pdf\" title=\"www.caradisiac.com\" type=\"application\/pdf\" target=\"_blank\" rel=\"noopener\"><img loading=\"lazy\" decoding=\"async\" src=\"https:\/\/bu.optimum-automotive.com\/wp-content\/uploads\/2024\/07\/jpg\/01-327.jpg\" width=\"151\" height=\"200\" alt=\"PDF - 2.8 Mb\"><\/a>\r\n<figcaption class=\"wp-element-caption\"><strong>www.caradisiac.com<\/strong><br>\r\nRadars\/company vehicles - Obligation for companies to report: software to simplify procedures\r\n<\/figcaption><\/div> \r\n\r\n<div class=\"wp-block-image\">\r\n<a href=\"https:\/\/bu.optimum-automotive.com\/wp-content\/uploads\/2024\/07\/pdf\/rencontres_flotauto___a_fond_sur_les_vehicules_electriques.pdf\" title=\"automobile-propre.com\" type=\"application\/pdf\" target=\"_blank\" rel=\"noopener\"><img loading=\"lazy\" decoding=\"async\" src=\"https:\/\/bu.optimum-automotive.com\/wp-content\/uploads\/2024\/07\/jpg\/01-326.jpg\" width=\"151\" height=\"200\" alt=\"PDF - 11.2 Mb\"><\/a>\r\n<figcaption class=\"wp-element-caption\"><strong>automobile-propre.com<\/strong><br>\r\nRencontres Flotauto: all about electric vehicles\r\n<\/figcaption><\/div> \r\n\r\n<div class=\"wp-block-image\"> \r\n<a href=\"https:\/\/bu.optimum-automotive.com\/wp-content\/uploads\/2024\/07\/pdf\/la_mobilite_electrique_au_salon_flotauto_2020.pdf\" title=\"avem.fr\" type=\"application\/pdf\" target=\"_blank\" rel=\"noopener\"><img loading=\"lazy\" decoding=\"async\" src=\"https:\/\/bu.optimum-automotive.com\/wp-content\/uploads\/2024\/07\/jpg\/01-325.jpg\" width=\"151\" height=\"200\" alt=\"PDF - 3.3 Mb\"><\/a>\r\n<figcaption class=\"wp-element-caption\"><strong>avem.fr<\/strong><br>\r\nElectric mobility at Flotauto 2020\r\n\r\n<\/figcaption><\/div> \r\n\r\n<h2 class=\"wp-block-heading\">JANUARY 2020<\/h2>\r\n\r\n<div class=\"wp-block-image\">\r\n<a href=\"https:\/\/bu.optimum-automotive.com\/wp-content\/uploads\/2024\/07\/pdf\/2020-01-20-republique_de_seine_et_marne-20_janvier_2020-10000000058200359.pdf\" title=\"La R\u00e9publique de Seine et Marne\" type=\"application\/pdf\" target=\"_blank\" rel=\"noopener\"><img loading=\"lazy\" decoding=\"async\" src=\"https:\/\/bu.optimum-automotive.com\/wp-content\/uploads\/2024\/07\/jpg\/01-330.jpg\" width=\"151\" height=\"200\" alt=\"PDF - 225.3 kb\"><\/a>\r\n<figcaption class=\"wp-element-caption\"><strong>La R\u00e9publique de Seine et Marne<\/strong><br>\r\nCarpooling and carsharing, pro version\r\n<\/figcaption><\/div> \r\n\r\n<div class=\"wp-block-image\">\r\n<a href=\"https:\/\/bu.optimum-automotive.com\/wp-content\/uploads\/2024\/07\/pdf\/2020-01-16-www.journaldunet.com-16_janvier_2020-50000000337169200.pdf\" title=\"journaldunet.com\" type=\"application\/pdf\" target=\"_blank\" rel=\"noopener\"><img loading=\"lazy\" decoding=\"async\" src=\"https:\/\/bu.optimum-automotive.com\/wp-content\/uploads\/2024\/07\/jpg\/01-329.jpg\" width=\"151\" height=\"200\" alt=\"PDF - 143.2 kb\"><\/a>\r\n<figcaption class=\"wp-element-caption\"><strong>journaldunet.com<\/strong><br>\r\nFrench start-ups raised 284 million euros in November\r\n<\/figcaption><\/div> \r\n\r\n<div class=\"wp-block-image\">\r\n<a href=\"https:\/\/bu.optimum-automotive.com\/wp-content\/uploads\/2024\/07\/pdf\/2020-02-01-www.cfnews.net-1_fevrier_2020-50000000337770665.pdf\" title=\"cfnews.net\" type=\"application\/pdf\" target=\"_blank\" rel=\"noopener\"><img loading=\"lazy\" decoding=\"async\" src=\"https:\/\/bu.optimum-automotive.com\/wp-content\/uploads\/2024\/07\/jpg\/01-333.jpg\" width=\"151\" height=\"200\" alt=\"PDF - 112.3 kb\"><\/a>\r\n<figcaption class=\"wp-element-caption\"><strong>cfnews.net<\/strong><br>\r\nDemeter gathers strength for expansion\r\n<\/figcaption><\/div> \r\n\r\n<div class=\"wp-block-image\">\r\n<a href=\"https:\/\/bu.optimum-automotive.com\/wp-content\/uploads\/2024\/07\/pdf\/2020-01-23-www.industrie-mag.com-23_janvier_2020-50000000337469779.pdf\" title=\"industrie-mag.com\" type=\"application\/pdf\" target=\"_blank\" rel=\"noopener\"><img loading=\"lazy\" decoding=\"async\" src=\"https:\/\/bu.optimum-automotive.com\/wp-content\/uploads\/2024\/07\/jpg\/01-332.jpg\" width=\"151\" height=\"200\" alt=\"PDF - 98.1 kb\"><\/a>\r\n<figcaption class=\"wp-element-caption\"><strong>industrie-mag.com<\/strong><br>\r\nOptimum Automotive will be present at Flotauto 2020\r\n<\/figcaption><\/div> \r\n\r\n<div class=\"wp-block-image\"> \r\n<a href=\"https:\/\/bu.optimum-automotive.com\/wp-content\/uploads\/2024\/07\/pdf\/2020-01-23-www.am-today.com-23_janvier_2020-50000000337408452.pdf\" title=\"am-today.com\" type=\"application\/pdf\" target=\"_blank\" rel=\"noopener\"><img loading=\"lazy\" decoding=\"async\" src=\"https:\/\/bu.optimum-automotive.com\/wp-content\/uploads\/2024\/07\/jpg\/01-331.jpg\" width=\"151\" height=\"200\" alt=\"PDF - 77.7 kb\"><\/a>\r\n<figcaption class=\"wp-element-caption\"><strong>am-today.com<\/strong><br>\r\nOptimum Automotive at the Flotauto 2020 meeting\r\n\r\n<\/figcaption><\/div> \r\n\r\n<h2 class=\"wp-block-heading\">DECEMBER 2019<\/h2>\r\n\r\n<div class=\"wp-block-image\">\r\n<a href=\"https:\/\/bu.optimum-automotive.com\/wp-content\/uploads\/2024\/07\/pdf\/start-lesechos.pdf\" title=\"start.lesechos.fr\" type=\"application\/pdf\" target=\"_blank\" rel=\"noopener\"><img loading=\"lazy\" decoding=\"async\" src=\"https:\/\/bu.optimum-automotive.com\/wp-content\/uploads\/2024\/07\/jpg\/01-324.jpg\" width=\"151\" height=\"200\" alt=\"PDF - 2.9 Mb\"><\/a>\r\n<figcaption class=\"wp-element-caption\"><strong>start.lesechos.fr<\/strong><br>\r\nThe 10 startups that raised the most funds in November 2019\r\n<\/figcaption><\/div> \r\n\r\n<div class=\"wp-block-image\">\r\n<a href=\"https:\/\/bu.optimum-automotive.com\/wp-content\/uploads\/2024\/07\/pdf\/projets_innovants___zoom_su_rles_levees_de_fonds_novembre_2019.pdf\" title=\"cicplacedelinnovation.com\" type=\"application\/pdf\" target=\"_blank\" rel=\"noopener\"><img loading=\"lazy\" decoding=\"async\" src=\"https:\/\/bu.optimum-automotive.com\/wp-content\/uploads\/2024\/07\/jpg\/01-323.jpg\" width=\"151\" height=\"200\" alt=\"PDF - 1.7 Mb\"><\/a>\r\n<figcaption class=\"wp-element-caption\"><strong>cicplacedelinnovation.com<\/strong><br>\r\nInnovative projects: fundraising in November 2019\r\n\r\n<\/figcaption><\/div> \r\n\r\n<h2 class=\"wp-block-heading\">NOVEMBER 2019<\/h2>\r\n\r\n<div class=\"wp-block-image\">\r\n<a href=\"https:\/\/bu.optimum-automotive.com\/wp-content\/uploads\/2024\/07\/pdf\/economie___aix___optimum_automotive_vient_de_finaliser_une_levee_de_fonds_pour_encore_accelerer___la_provence.pdf\" title=\"LaProvence\" type=\"application\/pdf\" target=\"_blank\" rel=\"noopener\"><img loading=\"lazy\" decoding=\"async\" src=\"https:\/\/bu.optimum-automotive.com\/wp-content\/uploads\/2024\/07\/jpg\/01-322.jpg\" width=\"151\" height=\"200\" alt=\"PDF - 1.8 Mb\"><\/a>\r\n<figcaption class=\"wp-element-caption\"><strong>LaProvence<\/strong><br>\r\nAix : Optimum Automotive has just finalized a round of financing to further accelerate its growth.\r\n<\/figcaption><\/div> \r\n\r\n<div class=\"wp-block-image\">\r\n<a href=\"https:\/\/bu.optimum-automotive.com\/wp-content\/uploads\/2024\/07\/pdf\/plans_de_mobilite___les_transports_alternatifs_se_developpent_avec_ou_sans_eux.pdf\" title=\"caradisiac.com\" type=\"application\/pdf\" target=\"_blank\" rel=\"noopener\"><img loading=\"lazy\" decoding=\"async\" src=\"https:\/\/bu.optimum-automotive.com\/wp-content\/uploads\/2024\/07\/jpg\/01-321.jpg\" width=\"151\" height=\"200\" alt=\"PDF - 5.5 Mb\"><\/a>\r\n<figcaption class=\"wp-element-caption\"><strong>caradisiac.com<\/strong><br>\r\nMobility Plans: alternative means of transport are developing, with or without them...\r\n<\/figcaption><\/div> \r\n\r\n<div class=\"wp-block-image\">\r\n<a href=\"https:\/\/bu.optimum-automotive.com\/wp-content\/uploads\/2024\/07\/pdf\/muselier_les_entreprises_et_les_preuves_d_amour.pdf\" title=\"marseille.latribune.fr\" type=\"application\/pdf\" target=\"_blank\" rel=\"noopener\"><img loading=\"lazy\" decoding=\"async\" src=\"https:\/\/bu.optimum-automotive.com\/wp-content\/uploads\/2024\/07\/jpg\/01-320.jpg\" width=\"151\" height=\"200\" alt=\"PDF - 920.7 kb\"><\/a>\r\n<figcaption class=\"wp-element-caption\"><strong>marseille.latribune.fr<\/strong><br>\r\nMuselier, companies and proofs of love\r\n<\/figcaption><\/div> \r\n\r\n<div class=\"wp-block-image\">\r\n<a href=\"https:\/\/bu.optimum-automotive.com\/wp-content\/uploads\/2024\/07\/pdf\/2019-11-25-l_officiel_des_transporteurs-22_novembre_2019-10000000057865919.pdf\" title=\"L&#039;Officiel des transporteurs\" type=\"application\/pdf\" target=\"_blank\" rel=\"noopener\"><img loading=\"lazy\" decoding=\"async\" src=\"https:\/\/bu.optimum-automotive.com\/wp-content\/uploads\/2024\/07\/jpg\/01-319.jpg\" width=\"151\" height=\"200\" alt=\"PDF - 1011 kb\"><\/a>\r\n<figcaption class=\"wp-element-caption\"><strong>L'Officiel des transporteurs<\/strong><br>\r\nTemperature tracking solutions\r\n<\/figcaption><\/div> \r\n\r\n<div class=\"wp-block-image\">\r\n<a href=\"https:\/\/bu.optimum-automotive.com\/wp-content\/uploads\/2024\/07\/pdf\/flottes_connectees___optimum_automotive_leve_14_millions_d_euros_-_les_echos.pdf\" title=\"business.lesechos.fr\" type=\"application\/pdf\" target=\"_blank\" rel=\"noopener\"><img loading=\"lazy\" decoding=\"async\" src=\"https:\/\/bu.optimum-automotive.com\/wp-content\/uploads\/2024\/07\/jpg\/01-318.jpg\" width=\"151\" height=\"200\" alt=\"PDF - 1001.7 kb\"><\/a>\r\n<figcaption class=\"wp-element-caption\"><strong>business.lesechos.fr<\/strong><br>\r\nConnected fleets: Optimum Automotive raises \u20ac14 million\r\n<\/figcaption><\/div> \r\n\r\n<div class=\"wp-block-image\">\r\n<a href=\"https:\/\/bu.optimum-automotive.com\/wp-content\/uploads\/2024\/07\/pdf\/biolog-id_luko_heetch._les_levees_de_fonds_de_la_semaine.pdf\" title=\"usine-digitale.fr\" type=\"application\/pdf\" target=\"_blank\" rel=\"noopener\"><img loading=\"lazy\" decoding=\"async\" src=\"https:\/\/bu.optimum-automotive.com\/wp-content\/uploads\/2024\/07\/jpg\/01-317.jpg\" width=\"151\" height=\"200\" alt=\"PDF - 1.5 Mb\"><\/a>\r\n<figcaption class=\"wp-element-caption\"><strong>usine-digitale.fr<\/strong><br>\r\nBiolog-id, Luko, Heetch... This week's fundraising events\r\n<\/figcaption><\/div> \r\n\r\n<div class=\"wp-block-image\">\r\n<a href=\"https:\/\/bu.optimum-automotive.com\/wp-content\/uploads\/2024\/07\/pdf\/optimum_automotive_accelere_le_controle_connecte_des_flottes_en_europe_lesechos-fr.pdf\" title=\"lesechos.fr\" type=\"application\/pdf\" target=\"_blank\" rel=\"noopener\"><img loading=\"lazy\" decoding=\"async\" src=\"https:\/\/bu.optimum-automotive.com\/wp-content\/uploads\/2024\/07\/jpg\/01-316.jpg\" width=\"151\" height=\"200\" alt=\"PDF - 2.1 Mb\"><\/a>\r\n<figcaption class=\"wp-element-caption\"><strong>lesechos.fr<\/strong><br>\r\nOptimum Automotive accelerates connected fleet control in Europe\r\n<\/figcaption><\/div> \r\n\r\n<div class=\"wp-block-image\"> \r\n<a href=\"https:\/\/bu.optimum-automotive.com\/wp-content\/uploads\/2024\/07\/pdf\/optimum_automotive_s_ouvre_au_paris_fonds_vert_et_a_amundi_pef___capital_finance.pdf\" title=\"capitalfinance.lesechos.fr\" type=\"application\/pdf\" target=\"_blank\" rel=\"noopener\"><img loading=\"lazy\" decoding=\"async\" src=\"https:\/\/bu.optimum-automotive.com\/wp-content\/uploads\/2024\/07\/jpg\/01-314.jpg\" width=\"151\" height=\"200\" alt=\"PDF - 200.6 kb\"><\/a>\r\n<figcaption class=\"wp-element-caption\"><strong>capitalfinance.lesechos.fr<\/strong><br>\r\nOptimum Automotive joins Paris Fonds Vert and Amundi PEF\r\n<\/figcaption><\/div> \r\n\r\n<div class=\"wp-block-image\">\r\n<a href=\"https:\/\/bu.optimum-automotive.com\/wp-content\/uploads\/2024\/07\/pdf\/les_startups_levent_plus_de_70meur_-_semaine_46___les_pepites_tech.pdf\" title=\"lespepitestech.com\" type=\"application\/pdf\" target=\"_blank\" rel=\"noopener\"><img loading=\"lazy\" decoding=\"async\" src=\"https:\/\/bu.optimum-automotive.com\/wp-content\/uploads\/2024\/07\/jpg\/01-313.jpg\" width=\"151\" height=\"200\" alt=\"PDF - 236 kb\"><\/a>\r\n<figcaption class=\"wp-element-caption\"><strong>lespepitestech.com<\/strong><br>\r\nSTARTUPS RAISE OVER \u20ac70M - WEEK 46\r\n<\/figcaption><\/div> \r\n\r\n<div class=\"wp-block-image\">\r\n<a href=\"https:\/\/bu.optimum-automotive.com\/wp-content\/uploads\/2024\/07\/pdf\/optimum_automotive_leve_14_millions_d_euros_-_pere_la_fouine.pdf\" title=\"perelafouine.com\" type=\"application\/pdf\" target=\"_blank\" rel=\"noopener\"><img loading=\"lazy\" decoding=\"async\" src=\"https:\/\/bu.optimum-automotive.com\/wp-content\/uploads\/2024\/07\/jpg\/01-315.jpg\" width=\"151\" height=\"200\" alt=\"PDF - 1.7 Mb\"><\/a>\r\n<figcaption class=\"wp-element-caption\"><strong>perelafouine.com<\/strong><br>\r\nOPTIMUM AUTOMOTIVE raises 14 million euros\r\n<\/figcaption><\/div> \r\n\r\n<div class=\"wp-block-image\">\r\n<a href=\"https:\/\/bu.optimum-automotive.com\/wp-content\/uploads\/2024\/07\/pdf\/2019-11-17-techsnooper.io-17_novembre_2019-50000000335149715.pdf\" title=\"techsnooper.io\" type=\"application\/pdf\" target=\"_blank\" rel=\"noopener\"><img loading=\"lazy\" decoding=\"async\" src=\"https:\/\/bu.optimum-automotive.com\/wp-content\/uploads\/2024\/07\/jpg\/02-18.jpg\" width=\"151\" height=\"200\" alt=\"PDF - 172.4 kb\"><\/a>\r\n<figcaption class=\"wp-element-caption\"><strong>techsnooper.io<\/strong><br>\r\nOptimum Automotive, leader in connected fleet management<br class=\"autobr\">\r\ncloses \u20ac14 M fund-raising round\r\n<\/figcaption><\/div> \r\n\r\n<div class=\"wp-block-image\">\r\n<a href=\"https:\/\/bu.optimum-automotive.com\/wp-content\/uploads\/2024\/07\/pdf\/2019-11-17-www.lamartineconseil.com-17_novembre_2019-50000000335155018.pdf\" title=\"lamartineconseil.com\" type=\"application\/pdf\" target=\"_blank\" rel=\"noopener\"><img loading=\"lazy\" decoding=\"async\" src=\"https:\/\/bu.optimum-automotive.com\/wp-content\/uploads\/2024\/07\/jpg\/01-311.jpg\" width=\"151\" height=\"200\" alt=\"PDF - 229.4 kb\"><\/a>\r\n<figcaption class=\"wp-element-caption\"><strong>lamartineconseil.com<\/strong><br>\r\nOptimum Automotive attracts green fund\r\n<\/figcaption><\/div> \r\n\r\n<div class=\"wp-block-image\">\r\n<a href=\"https:\/\/bu.optimum-automotive.com\/wp-content\/uploads\/2024\/07\/pdf\/les_datas_aux_commandes_de_la_gestion_de_flottes-2.pdf\" title=\"daf-mag.fr\" type=\"application\/pdf\" target=\"_blank\" rel=\"noopener\"><img loading=\"lazy\" decoding=\"async\" src=\"https:\/\/bu.optimum-automotive.com\/wp-content\/uploads\/2024\/07\/jpg\/01-310.jpg\" width=\"151\" height=\"200\" alt=\"PDF - 1.9 Mb\"><\/a>\r\n<figcaption class=\"wp-element-caption\"><strong>daf-mag.fr<\/strong><br>\r\nData to drive fleet management\r\n<\/figcaption><\/div> \r\n\r\n<div class=\"wp-block-image\">\r\n<a href=\"https:\/\/bu.optimum-automotive.com\/wp-content\/uploads\/2024\/07\/pdf\/maddyness_optimum_automotive_leve_14_millions_d_euros.pdf\" title=\"maddyness.com\" type=\"application\/pdf\" target=\"_blank\" rel=\"noopener\"><img loading=\"lazy\" decoding=\"async\" src=\"https:\/\/bu.optimum-automotive.com\/wp-content\/uploads\/2024\/07\/jpg\/01-309.jpg\" width=\"151\" height=\"200\" alt=\"PDF - 907.5 kb\"><\/a>\r\n<figcaption class=\"wp-element-caption\"><strong>maddyness.com<\/strong><br>\r\nAnother week of over 100 million euros raised, fintechs in top form\r\n<\/figcaption><\/div> \r\n\r\n<div class=\"wp-block-image\">\r\n<a href=\"https:\/\/bu.optimum-automotive.com\/wp-content\/uploads\/2024\/07\/pdf\/2019-11-15-corse_matin-15_novembre_2019-10000000057806098.pdf\" title=\"CORSE MATIN\" type=\"application\/pdf\" target=\"_blank\" rel=\"noopener\"><img loading=\"lazy\" decoding=\"async\" src=\"https:\/\/bu.optimum-automotive.com\/wp-content\/uploads\/2024\/07\/jpg\/02-17.jpg\" width=\"151\" height=\"200\" alt=\"PDF - 103.1 kb\"><\/a>\r\n<figcaption class=\"wp-element-caption\"><strong>CORSE MATIN<\/strong><br>\r\nAix-based Optimum Automotive raises \u20ac14m\r\n<\/figcaption><\/div> \r\n\r\n<div class=\"wp-block-image\">\r\n<a href=\"https:\/\/bu.optimum-automotive.com\/wp-content\/uploads\/2024\/07\/pdf\/2019-11-15-la_provence-15_novembre_2019-10000000057804706.pdf\" title=\"La Provence\" type=\"application\/pdf\" target=\"_blank\" rel=\"noopener\"><img loading=\"lazy\" decoding=\"async\" src=\"https:\/\/bu.optimum-automotive.com\/wp-content\/uploads\/2024\/07\/jpg\/01-308.jpg\" width=\"151\" height=\"200\" alt=\"PDF - 128.5 kb\"><\/a>\r\n<figcaption class=\"wp-element-caption\"><strong>La Provence<\/strong><br>\r\nAix-based Optimum automotive raises \u20ac14m\r\n<\/figcaption><\/div> \r\n\r\n<div class=\"wp-block-image\">\r\n<a href=\"https:\/\/bu.optimum-automotive.com\/wp-content\/uploads\/2024\/07\/pdf\/deplacementspros_optimum_automotive_leve_14_millions_d_euros.pdf\" title=\"deplacementspros.com\" type=\"application\/pdf\" target=\"_blank\" rel=\"noopener\"><img loading=\"lazy\" decoding=\"async\" src=\"https:\/\/bu.optimum-automotive.com\/wp-content\/uploads\/2024\/07\/jpg\/01-304.jpg\" width=\"151\" height=\"200\" alt=\"PDF - 1.6 Mb\"><\/a>\r\n<figcaption class=\"wp-element-caption\"><strong>deplacementspros.com<\/strong><br>\r\nOptimum Automotive raises 14 million euros\r\n<\/figcaption><\/div> \r\n\r\n<div class=\"wp-block-image\"> \r\n<a href=\"\/en\/IMG\/mp3\/18530-14.11.2019-itema_22202798-0.mp3\/\" title=\"France Bleu Provence\" type=\"audio\/mpeg\" target=\"_blank\" rel=\"noopener\"><img loading=\"lazy\" decoding=\"async\" src=\"https:\/\/bu.optimum-automotive.com\/wp-content\/uploads\/2024\/07\/jpg\/01-306.jpg\" width=\"151\" height=\"200\" alt=\"MP3 - 1.3 Mb\"><\/a>\r\n<figcaption class=\"wp-element-caption\"><strong>France Bleu Provence<\/strong><br>\r\nCompany of the day with Yves Blisson\r\n<\/figcaption><\/div> \r\n\r\n<div class=\"wp-block-image\">\r\n<a href=\"https:\/\/bu.optimum-automotive.com\/wp-content\/uploads\/2024\/07\/pdf\/optimum_automotive_procede_a_une_levee_de_fonds_de_14_millions_d_euros.pdf\" title=\"automobile-entreprise.com\" type=\"application\/pdf\" target=\"_blank\" rel=\"noopener\"><img loading=\"lazy\" decoding=\"async\" src=\"https:\/\/bu.optimum-automotive.com\/wp-content\/uploads\/2024\/07\/jpg\/01-307.jpg\" width=\"151\" height=\"200\" alt=\"PDF - 1.5 Mb\"><\/a>\r\n<figcaption class=\"wp-element-caption\"><strong>automobile-entreprise.com<\/strong><br>\r\nOptimum Automotive raises \u20ac14 million in financing\r\n<\/figcaption><\/div> \r\n\r\n<div class=\"wp-block-image\"> \r\n<a href=\"https:\/\/bu.optimum-automotive.com\/wp-content\/uploads\/2024\/07\/pdf\/optimum_automotive_leve_des_fonds_pour_accelerer_son_developpement.pdf\" title=\"journalauto.com\" type=\"application\/pdf\" target=\"_blank\" rel=\"noopener\"><img loading=\"lazy\" decoding=\"async\" src=\"https:\/\/bu.optimum-automotive.com\/wp-content\/uploads\/2024\/07\/jpg\/01-303.jpg\" width=\"151\" height=\"200\" alt=\"PDF - 2.7 Mb\"><\/a>\r\n<figcaption class=\"wp-element-caption\"><strong>journalauto.com<\/strong><br>\r\nOptimum Automotive raises funds to accelerate its development\r\n<\/figcaption><\/div> \r\n\r\n<div class=\"wp-block-image\">\r\n<a href=\"https:\/\/bu.optimum-automotive.com\/wp-content\/uploads\/2024\/07\/pdf\/optimum_automotive_aix_boucle_une_levee_de_14_millions_-_gomet_.pdf\" title=\"gomet.net\" type=\"application\/pdf\" target=\"_blank\" rel=\"noopener\"><img loading=\"lazy\" decoding=\"async\" src=\"https:\/\/bu.optimum-automotive.com\/wp-content\/uploads\/2024\/07\/jpg\/01-301.jpg\" width=\"151\" height=\"200\" alt=\"PDF - 903.2 kb\"><\/a>\r\n<figcaption class=\"wp-element-caption\"><strong>gomet.net<\/strong><br>\r\nOptimum Automotive (Aix) raises \u20ac14 million\r\n<\/figcaption><\/div> \r\n<div class=\"wp-block-image\">\r\n\t\r\n<a href=\"https:\/\/bu.optimum-automotive.com\/wp-content\/uploads\/2024\/07\/pdf\/optimum_automotive_leve_14_millions_d_euros.pdf\" title=\"LNP\" type=\"application\/pdf\" target=\"_blank\" rel=\"noopener\"><img loading=\"lazy\" decoding=\"async\" src=\"https:\/\/bu.optimum-automotive.com\/wp-content\/uploads\/2024\/07\/jpg\/01-302.jpg\" width=\"151\" height=\"200\" alt=\"PDF - 1007.2 kb\"><\/a>\r\n<figcaption class=\"wp-element-caption\"><strong>LNP<\/strong><br>\r\nOptimum Automotive raises 14 million euros\r\n<\/figcaption><\/div> \r\n\r\n<div class=\"wp-block-image\"> \r\n<a href=\"https:\/\/bu.optimum-automotive.com\/wp-content\/uploads\/2024\/07\/pdf\/la_solution_rentway_s_enrichit_grace_a_un_partenariat_avec_optimum_automotive_ok.pdf\" title=\"automobile-entreprise.com\" type=\"application\/pdf\" target=\"_blank\" rel=\"noopener\"><img loading=\"lazy\" decoding=\"async\" src=\"https:\/\/bu.optimum-automotive.com\/wp-content\/uploads\/2024\/07\/jpg\/00-2.jpg\" width=\"151\" height=\"200\" alt=\"PDF - 840.7 kb\"><\/a>\r\n<figcaption class=\"wp-element-caption\"><strong>automobile-entreprise.com<\/strong><br>\r\nRentway solution enhanced by partnership with Optimum Automotive\r\n<\/figcaption><\/div> \r\n\r\n<div class=\"wp-block-image\">\r\n<a href=\"https:\/\/bu.optimum-automotive.com\/wp-content\/uploads\/2024\/07\/pdf\/optimum_automotive_leve_14_meur_convainc_paris_fonds_vert_-_greenunivers.pdf\" title=\"greenunivers.com\" type=\"application\/pdf\" target=\"_blank\" rel=\"noopener\"><img loading=\"lazy\" decoding=\"async\" src=\"https:\/\/bu.optimum-automotive.com\/wp-content\/uploads\/2024\/07\/jpg\/01-305.jpg\" width=\"151\" height=\"200\" alt=\"PDF - 984.6 kb\"><\/a>\r\n<figcaption class=\"wp-element-caption\"><strong>greenunivers.com<\/strong><br>\r\nOptimum Automotive raises \u20ac14 M, convinces Paris Green Fund\r\n<\/figcaption><\/div> \r\n\r\n<div class=\"wp-block-image\">\r\n<a href=\"https:\/\/bu.optimum-automotive.com\/wp-content\/uploads\/2024\/07\/pdf\/immobiliere_atlantic_amenagement___autopartage_et_telematique.pdf\" title=\"flotauto.com\" type=\"application\/pdf\" target=\"_blank\" rel=\"noopener\"><img loading=\"lazy\" decoding=\"async\" src=\"https:\/\/bu.optimum-automotive.com\/wp-content\/uploads\/2024\/07\/jpg\/01-300.jpg\" width=\"151\" height=\"200\" alt=\"PDF - 149.3 kb\"><\/a>\r\n<figcaption class=\"wp-element-caption\"><strong>flotauto.com<\/strong><br>\r\nImmobili\u00e8re Atlantic Am\u00e9nagement: car-sharing and telematics\r\n<\/figcaption><\/div> \r\n\r\n<div class=\"wp-block-image\">\r\n<a href=\"https:\/\/bu.optimum-automotive.com\/wp-content\/uploads\/2024\/07\/jpg\/img_0387-_002_.jpg\" title=\"PARIS MATCH\" type=\"image\/jpeg\" onclick=\"\" class=\"cboxElement hasbox\" target=\"_blank\" rel=\"noopener\"><img loading=\"lazy\" decoding=\"async\" src=\"https:\/\/bu.optimum-automotive.com\/wp-content\/uploads\/2024\/07\/jpg\/01-299.jpg\" width=\"151\" height=\"200\" alt=\"JPEG - 48.6 kb\"><\/a>\r\n<figcaption class=\"wp-element-caption\"><strong>PARIS MATCH<\/strong><br>\r\nA company that sets an example\r\n<\/figcaption><\/div> \r\n\r\n<div class=\"wp-block-image\">\r\n<a href=\"https:\/\/bu.optimum-automotive.com\/wp-content\/uploads\/2024\/07\/pdf\/rentway_interface_avec_optimum_automotive.pdf\" title=\"flotauto.com\" type=\"application\/pdf\" target=\"_blank\" rel=\"noopener\"><img loading=\"lazy\" decoding=\"async\" src=\"https:\/\/bu.optimum-automotive.com\/wp-content\/uploads\/2024\/07\/jpg\/01-298.jpg\" width=\"151\" height=\"200\" alt=\"PDF - 117.6 kb\"><\/a>\r\n<figcaption class=\"wp-element-caption\"><strong>flotauto.com<\/strong><br>\r\nRentway interfaced with Optimum Automotive\r\n<\/figcaption><\/div> \r\n\r\n<div class=\"wp-block-image\">\r\n<a href=\"https:\/\/bu.optimum-automotive.com\/wp-content\/uploads\/2024\/07\/pdf\/immobiliere_atlantic_amenagement_bascule_vers_l_auto-partage.pdf\" title=\"Les Echos\" type=\"application\/pdf\" target=\"_blank\" rel=\"noopener\"><img loading=\"lazy\" decoding=\"async\" src=\"https:\/\/bu.optimum-automotive.com\/wp-content\/uploads\/2024\/07\/jpg\/01-297.jpg\" width=\"151\" height=\"200\" alt=\"PDF - 1.8 Mb\"><\/a>\r\n<figcaption class=\"wp-element-caption\"><strong>Les Echos<\/strong><br>\r\nImmobili\u00e8re Atlantic Am\u00e9nagement switches to car-sharing\r\n<\/figcaption><\/div> \r\n\r\n<div class=\"wp-block-image\">\r\n<a href=\"https:\/\/bu.optimum-automotive.com\/wp-content\/uploads\/2024\/07\/pdf\/mobilite___recomposer_son_offre_de_deplacement.pdf\" title=\"D\u00e9cision-Achats.fr\" type=\"application\/pdf\" target=\"_blank\" rel=\"noopener\"><img loading=\"lazy\" decoding=\"async\" src=\"https:\/\/bu.optimum-automotive.com\/wp-content\/uploads\/2024\/07\/jpg\/01-296.jpg\" width=\"151\" height=\"200\" alt=\"PDF - 686.9 kb\"><\/a>\r\n<figcaption class=\"wp-element-caption\"><strong>D\u00e9cision-Achats.fr<\/strong><br>\r\nMobility: recomposing the travel offer\r\n<\/figcaption><\/div> \r\n\r\n<div class=\"wp-block-image\">\r\n<a href=\"https:\/\/bu.optimum-automotive.com\/wp-content\/uploads\/2024\/07\/pdf\/2019-11-01-decideurs_magazine-31-10.pdf\" title=\"Decision-makers\" type=\"application\/pdf\" target=\"_blank\" rel=\"noopener\"><img loading=\"lazy\" decoding=\"async\" src=\"https:\/\/bu.optimum-automotive.com\/wp-content\/uploads\/2024\/07\/jpg\/01-14.png\" width=\"151\" height=\"200\" alt=\"PDF - 929.7 kb\"><\/a>\r\n<figcaption class=\"wp-element-caption\"><strong>Decision-makers<\/strong><br>\r\nNEW SERVICES FOR CORPORATE FLEETS?\r\n<\/figcaption><\/div> \r\n\r\n<div class=\"wp-block-image\">\r\n<a href=\"https:\/\/bu.optimum-automotive.com\/wp-content\/uploads\/2024\/07\/pdf\/optimum_automotive_a_participe_a_la_5ieme_edition_de_bpifrance-inno-generation.pdf\" title=\"industrie-mag.com\" type=\"application\/pdf\" target=\"_blank\" rel=\"noopener\"><img loading=\"lazy\" decoding=\"async\" src=\"https:\/\/bu.optimum-automotive.com\/wp-content\/uploads\/2024\/07\/jpg\/01-295.jpg\" width=\"151\" height=\"200\" alt=\"PDF - 128.9 kb\"><\/a>\r\n<figcaption class=\"wp-element-caption\"><strong>industrie-mag.com<\/strong><br>\r\nOptimum Automotive, participated in the 5th edition of BPIfrance-Inno-G\u00e9n\u00e9ration\r\n\r\n<\/figcaption><\/div> \r\n\r\n<h2 class=\"wp-block-heading\">OCTOBER 2019<\/h2>\r\n\r\n<div class=\"wp-block-image\">\r\n<a href=\"https:\/\/bu.optimum-automotive.com\/wp-content\/uploads\/2024\/07\/pdf\/nexusauto_etoffe_son_offre_de_services.pdf\" title=\"decisionatelier.com\" type=\"application\/pdf\" target=\"_blank\" rel=\"noopener\"><img loading=\"lazy\" decoding=\"async\" src=\"https:\/\/bu.optimum-automotive.com\/wp-content\/uploads\/2024\/07\/jpg\/01-294.jpg\" width=\"151\" height=\"200\" alt=\"PDF - 1.1 Mb\"><\/a>\r\n<figcaption class=\"wp-element-caption\"><strong>decisionatelier.com<\/strong><br>\r\nNexusAuto expands its range of services\r\n<\/figcaption><\/div> \r\n\r\n<div class=\"wp-block-image\">\r\n<a href=\"https:\/\/bu.optimum-automotive.com\/wp-content\/uploads\/2024\/07\/pdf\/connect_fleet_2019_c_est_dans_un_mois.pdf\" title=\"automobile-entreprise.com\" type=\"application\/pdf\" target=\"_blank\" rel=\"noopener\"><img loading=\"lazy\" decoding=\"async\" src=\"https:\/\/bu.optimum-automotive.com\/wp-content\/uploads\/2024\/07\/jpg\/01-13.png\" width=\"151\" height=\"200\" alt=\"PDF - 1.8 Mb\"><\/a>\r\n<figcaption class=\"wp-element-caption\"><strong>automobile-entreprise.com<\/strong><br>\r\n#Connect fleet 2019 is just one month away!\r\n<\/figcaption><\/div> \r\n\r\n<div class=\"wp-block-image\">\r\n<a href=\"https:\/\/bu.optimum-automotive.com\/wp-content\/uploads\/2024\/07\/pdf\/2019-10-22-www.flotauto.com-22_octobre_2019-50000000334215717.pdf\" title=\"flotauto.com\" type=\"application\/pdf\" target=\"_blank\" rel=\"noopener\"><img loading=\"lazy\" decoding=\"async\" src=\"https:\/\/bu.optimum-automotive.com\/wp-content\/uploads\/2024\/07\/jpg\/01-293.jpg\" width=\"151\" height=\"200\" alt=\"PDF - 126.5 kb\"><\/a>\r\n<figcaption class=\"wp-element-caption\"><strong>flotauto.com<\/strong><br>\r\nFindrive's fleet equipped with telematics\r\n<\/figcaption><\/div> \r\n\r\n<div class=\"wp-block-image\"> \r\n<a href=\"https:\/\/bu.optimum-automotive.com\/wp-content\/uploads\/2024\/07\/pdf\/mapping_control_integre_l_outil_de_gestion_de_parc_optipark_-_deplacements_pros.pdf\" title=\"deplacementspros.com\" type=\"application\/pdf\" target=\"_blank\" rel=\"noopener\"><img loading=\"lazy\" decoding=\"async\" src=\"https:\/\/bu.optimum-automotive.com\/wp-content\/uploads\/2024\/07\/jpg\/01-292.jpg\" width=\"151\" height=\"200\" alt=\"PDF - 2.9 Mb\"><\/a>\r\n<figcaption class=\"wp-element-caption\"><strong>deplacementspros.com<\/strong><br>\r\nMapping Control integrates Optipark fleet management tool\r\n<\/figcaption><\/div> \r\n\r\n<div class=\"wp-block-image\">\r\n<a href=\"https:\/\/bu.optimum-automotive.com\/wp-content\/uploads\/2024\/07\/pdf\/mapping_control_partenaire_de_findrive.pdf\" title=\"automobile-entreprise.com\" type=\"application\/pdf\" target=\"_blank\" rel=\"noopener\"><img loading=\"lazy\" decoding=\"async\" src=\"https:\/\/bu.optimum-automotive.com\/wp-content\/uploads\/2024\/07\/jpg\/01-291.jpg\" width=\"151\" height=\"200\" alt=\"PDF - 1.1 Mb\"><\/a>\r\n<figcaption class=\"wp-element-caption\"><strong>automobile-entreprise.com<\/strong><br>\r\nMapping Control becomes a Findrive partner\r\n<\/figcaption><\/div> \r\n\r\n<div class=\"wp-block-image\">\r\n<a href=\"https:\/\/bu.optimum-automotive.com\/wp-content\/uploads\/2024\/07\/pdf\/2019-10-15-www.industrie-mag.com-15_octobre_2019-50000000333972951.pdf\" title=\"industrie-mag.com\" type=\"application\/pdf\" target=\"_blank\" rel=\"noopener\"><img loading=\"lazy\" decoding=\"async\" src=\"https:\/\/bu.optimum-automotive.com\/wp-content\/uploads\/2024\/07\/jpg\/01-284.jpg\" width=\"151\" height=\"200\" alt=\"PDF - 97.1 kb\"><\/a>\r\n<figcaption class=\"wp-element-caption\"><strong>industrie-mag.com<\/strong><br>\r\nMapping Control upgrades its geolocation offering\r\n<\/figcaption><\/div> \r\n\r\n<div class=\"wp-block-image\">\r\n<a href=\"https:\/\/bu.optimum-automotive.com\/wp-content\/uploads\/2024\/07\/pdf\/optipark_le_nouvel_outil_de_gestion_de_flotte_de_mapping_control.pdf\" title=\"automobile-entreprise.com\" type=\"application\/pdf\" target=\"_blank\" rel=\"noopener\"><img loading=\"lazy\" decoding=\"async\" src=\"https:\/\/bu.optimum-automotive.com\/wp-content\/uploads\/2024\/07\/jpg\/01-283.jpg\" width=\"151\" height=\"200\" alt=\"PDF - 1.4 Mb\"><\/a>\r\n<figcaption class=\"wp-element-caption\"><strong>automobile-entreprise.com<\/strong><br>\r\nOptipark, Mapping Control's new fleet management tool\r\n<\/figcaption><\/div> \r\n\r\n<div class=\"wp-block-image\"> \r\n<a href=\"https:\/\/bu.optimum-automotive.com\/wp-content\/uploads\/2024\/07\/pdf\/mapping_control_s_enrichit_du_service_optipark_de_gestion_de_parc.pdf\" title=\"flotauto.com\" type=\"application\/pdf\" target=\"_blank\" rel=\"noopener\"><img loading=\"lazy\" decoding=\"async\" src=\"https:\/\/bu.optimum-automotive.com\/wp-content\/uploads\/2024\/07\/jpg\/01-282.jpg\" width=\"151\" height=\"200\" alt=\"PDF - 73.8 kb\"><\/a>\r\n<figcaption class=\"wp-element-caption\"><strong>flotauto.com<\/strong><br>\r\nMapping Control adds Optipark fleet management service\r\n\r\n<\/figcaption><\/div> \r\n\r\n<h2 class=\"wp-block-heading\">SEPTEMBER 2019<\/h2>\r\n\r\n<div class=\"wp-block-image\">\r\n<a href=\"https:\/\/bu.optimum-automotive.com\/wp-content\/uploads\/2024\/07\/pdf\/connect_fleet_2019_28-29-11-deauville.pdf\" title=\"automobile-entreprise.com\" type=\"application\/pdf\" target=\"_blank\" rel=\"noopener\"><img loading=\"lazy\" decoding=\"async\" src=\"https:\/\/bu.optimum-automotive.com\/wp-content\/uploads\/2024\/07\/jpg\/01-281.jpg\" width=\"151\" height=\"200\" alt=\"PDF - 1.4 Mb\"><\/a>\r\n<figcaption class=\"wp-element-caption\"><strong>automobile-entreprise.com<\/strong><br>\r\nConnect fleet 2019: Deauville, France, November 28-29\r\n\r\n<\/figcaption><\/div> \r\n\r\n<h2 class=\"wp-block-heading\">AUGUST 2019<\/h2>\r\n\r\n<div class=\"wp-block-image\"> \r\n<a href=\"https:\/\/bu.optimum-automotive.com\/wp-content\/uploads\/2024\/07\/pdf\/2019-08-08-l_automobile_l_entreprise-aout_-_septembre_2019-10000000057224041.pdf\" title=\"Automobiles &amp; business\" type=\"application\/pdf\" target=\"_blank\" rel=\"noopener\"><img loading=\"lazy\" decoding=\"async\" src=\"https:\/\/bu.optimum-automotive.com\/wp-content\/uploads\/2024\/07\/jpg\/01-280.jpg\" width=\"151\" height=\"200\" alt=\"PDF - 509.9 kb\"><\/a>\r\n<figcaption class=\"wp-element-caption\"><strong>Automotive &amp; business<\/strong><br>\r\nA WORD FROM A MANAGER, Magalie Trouv\u00e9 Orl\u00e9ans M\u00e9tropole\r\n\r\n<\/figcaption><\/div> \r\n\r\n<h2 class=\"wp-block-heading\">JULY 2019<\/h2>\r\n\r\n<div class=\"wp-block-image\"> \r\n<a href=\"https:\/\/bu.optimum-automotive.com\/wp-content\/uploads\/2024\/07\/pdf\/2019-07-24-la_tribune-24_juillet_2019-10000000057165348.pdf\" title=\"La Tribune\" type=\"application\/pdf\" target=\"_blank\" rel=\"noopener\"><img loading=\"lazy\" decoding=\"async\" src=\"https:\/\/bu.optimum-automotive.com\/wp-content\/uploads\/2024\/07\/jpg\/01-278.jpg\" width=\"151\" height=\"200\" alt=\"PDF - 431.9 kb\"><\/a>\r\n<figcaption class=\"wp-element-caption\"><strong>La Tribune<\/strong><br>\r\nHOW OPTIMUM AUTOMOTIVE MANAGES ITS GROWTH\r\n<\/figcaption><\/div> \r\n \r\n\r\n<div class=\"wp-block-image\"> \r\n<a href=\"https:\/\/bu.optimum-automotive.com\/wp-content\/uploads\/2024\/07\/pdf\/amtoday.pdf\" title=\"am-today.com\" type=\"application\/pdf\" target=\"_blank\" rel=\"noopener\"><img loading=\"lazy\" decoding=\"async\" src=\"https:\/\/bu.optimum-automotive.com\/wp-content\/uploads\/2024\/07\/jpg\/01-279.jpg\" width=\"151\" height=\"200\" alt=\"PDF - 546.3 kb\"><\/a>\r\n<figcaption class=\"wp-element-caption\"><strong>am-today.com<\/strong><br>\r\nOptimum Automotive: new fleet management website\r\n<\/figcaption><\/div> \r\n\r\n<div class=\"wp-block-image\">\r\n<a href=\"https:\/\/bu.optimum-automotive.com\/wp-content\/uploads\/2024\/07\/pdf\/optimum_automotive_lance_son_data_hub___une_nouvelle_solution_pour_la_gestion_des_flottes_automobiles.pdf\" title=\"deplacementspros.com\" type=\"application\/pdf\" target=\"_blank\" rel=\"noopener\"><img loading=\"lazy\" decoding=\"async\" src=\"https:\/\/bu.optimum-automotive.com\/wp-content\/uploads\/2024\/07\/jpg\/01-277.jpg\" width=\"151\" height=\"200\" alt=\"PDF - 698.4 kb\"><\/a>\r\n<figcaption class=\"wp-element-caption\"><strong>deplacementspros.com<\/strong><br>\r\nOptimum Automotive launches its Data Hub: a new solution for fleet management\r\n\r\n<\/figcaption><\/div> \r\n\r\n<h2 class=\"wp-block-heading\">JUNE 2019<\/h2>\r\n\r\n<div class=\"wp-block-image\">\r\n<a href=\"https:\/\/bu.optimum-automotive.com\/wp-content\/uploads\/2024\/07\/pdf\/2019-06-27-kilometres_entreprise-juin_2019-10000000057006306.pdf\" title=\"KILOMETERS COMPANY\" type=\"application\/pdf\" target=\"_blank\" rel=\"noopener\"><img loading=\"lazy\" decoding=\"async\" src=\"https:\/\/bu.optimum-automotive.com\/wp-content\/uploads\/2024\/07\/jpg\/01-276.jpg\" width=\"151\" height=\"200\" alt=\"PDF - 1.4 Mb\"><\/a>\r\n<figcaption class=\"wp-element-caption\"><strong>KILOMETERS COMPANY<\/strong><br>\r\nAPPLICATIONS: VIRTUAL MOBILITY\r\n<\/figcaption><\/div> \r\n\r\n<div class=\"wp-block-image\"> \r\n<a href=\"https:\/\/bu.optimum-automotive.com\/wp-content\/uploads\/2024\/07\/pdf\/tokstercom_optimum-automotive-ergonomise-son-site-web.pdf\" title=\"tokster.com\" type=\"application\/pdf\" target=\"_blank\" rel=\"noopener\"><img loading=\"lazy\" decoding=\"async\" src=\"https:\/\/bu.optimum-automotive.com\/wp-content\/uploads\/2024\/07\/jpg\/01-275.jpg\" width=\"151\" height=\"200\" alt=\"PDF - 1.9 Mb\"><\/a>\r\n<figcaption class=\"wp-element-caption\"><strong>tokster.com<\/strong><br>\r\nOptimum Automotive ergonomizes its website\r\n<\/figcaption><\/div> \r\n\r\n<div class=\"wp-block-image\"> \r\n<a href=\"https:\/\/bu.optimum-automotive.com\/wp-content\/uploads\/2024\/07\/pdf\/2019-06-20-flottes_automobiles-juin_2019-10000000056966019.pdf\" title=\"CAR FLEETS\" type=\"application\/pdf\" target=\"_blank\" rel=\"noopener\"><img loading=\"lazy\" decoding=\"async\" src=\"https:\/\/bu.optimum-automotive.com\/wp-content\/uploads\/2024\/07\/jpg\/01-274.jpg\" width=\"151\" height=\"200\" alt=\"PDF - 1008 kb\"><\/a>\r\n<figcaption class=\"wp-element-caption\"><strong>CAR FLEETS<\/strong><br>\r\nCareful service providers\r\n<\/figcaption><\/div> \r\n\r\n<div class=\"wp-block-image\">\r\n<a href=\"https:\/\/bu.optimum-automotive.com\/wp-content\/uploads\/2024\/07\/pdf\/2019-06-23-le_journal_des_flottes-juin_-_juillet_2019-10000000056986099.pdf\" title=\"Fleet newspaper\" type=\"application\/pdf\" target=\"_blank\" rel=\"noopener\"><img loading=\"lazy\" decoding=\"async\" src=\"https:\/\/bu.optimum-automotive.com\/wp-content\/uploads\/2024\/07\/jpg\/01-272.jpg\" width=\"151\" height=\"200\" alt=\"PDF - 1.6 Mb\"><\/a>\r\n<figcaption class=\"wp-element-caption\"><strong>Fleet newspaper<\/strong><br>\r\nEnhanced data expertise\r\n<\/figcaption><\/div> \r\n\r\n<div class=\"wp-block-image\">\r\n<a href=\"https:\/\/bu.optimum-automotive.com\/wp-content\/uploads\/2024\/07\/pdf\/2019-06-20-flottes_automobiles-juin_2019-10000000056966023.pdf\" title=\"flotauto.com\" type=\"application\/pdf\" target=\"_blank\" rel=\"noopener\"><img loading=\"lazy\" decoding=\"async\" src=\"https:\/\/bu.optimum-automotive.com\/wp-content\/uploads\/2024\/07\/jpg\/01-273.jpg\" width=\"151\" height=\"200\" alt=\"PDF - 350.5 kb\"><\/a>\r\n<figcaption class=\"wp-element-caption\"><strong>flotauto.com<\/strong><br>\r\nADS Group: telematics as an all-purpose tool\r\n<\/figcaption><\/div> \r\n\r\n<div class=\"wp-block-image\">\r\n<a href=\"https:\/\/bu.optimum-automotive.com\/wp-content\/uploads\/2024\/07\/pdf\/optimum_automotive_s_offre_un_nouveau_site_web.pdf\" title=\"automobile-entreprise.com\" type=\"application\/pdf\" target=\"_blank\" rel=\"noopener\"><img loading=\"lazy\" decoding=\"async\" src=\"https:\/\/bu.optimum-automotive.com\/wp-content\/uploads\/2024\/07\/jpg\/01-270.jpg\" width=\"151\" height=\"200\" alt=\"PDF - 1.1 Mb\"><\/a>\r\n<figcaption class=\"wp-element-caption\"><strong>automobile-entreprise.com<\/strong><br>\r\nOptimum Automotive gets a new website\r\n<\/figcaption><\/div> \r\n\r\n<div class=\"wp-block-image\">\r\n<a href=\"https:\/\/bu.optimum-automotive.com\/wp-content\/uploads\/2024\/07\/pdf\/nouveau_site_internet_pour_optimum_automotive.pdf\" title=\"decisionatelier.com\" type=\"application\/pdf\" target=\"_blank\" rel=\"noopener\"><img loading=\"lazy\" decoding=\"async\" src=\"https:\/\/bu.optimum-automotive.com\/wp-content\/uploads\/2024\/07\/jpg\/01-271.jpg\" width=\"151\" height=\"200\" alt=\"PDF - 2 Mb\"><\/a>\r\n<figcaption class=\"wp-element-caption\"><strong>decisionatelier.com<\/strong><br>\r\nNew website for Optimum Automotive\r\n<\/figcaption><\/div> \r\n\r\n<h2 class=\"wp-block-heading\">MAY 2019<\/h2>\r\n\r\n<div class=\"wp-block-image\">\r\n<a href=\"https:\/\/bu.optimum-automotive.com\/wp-content\/uploads\/2024\/07\/pdf\/en_provence_de_plus_en_plus_de_societes_eprouvent_des_difficultes_pour_recruter___la_provence.pdf\" title=\"www.laprovence.com\" type=\"application\/pdf\" target=\"_blank\" rel=\"noopener\"><img loading=\"lazy\" decoding=\"async\" src=\"https:\/\/bu.optimum-automotive.com\/wp-content\/uploads\/2024\/07\/jpg\/01-269.jpg\" width=\"151\" height=\"200\" alt=\"PDF - 375.3 kb\"><\/a>\r\n<figcaption class=\"wp-element-caption\"><strong>www.laprovence.com<\/strong><br>\r\nIn Provence, more and more companies are finding it difficult to recruit.\r\n<\/figcaption><\/div> \r\n\r\n<h2 class=\"wp-block-heading\">APRIL 2019<\/h2>\r\n\r\n<div class=\"wp-block-image\">\r\n<a href=\"https:\/\/bu.optimum-automotive.com\/wp-content\/uploads\/2024\/07\/pdf\/economie__un_geant_mondial_du_vehicule_connecte___la_provence.pdf\" title=\"www.laprovence.com\" type=\"application\/pdf\" target=\"_blank\" rel=\"noopener\"><img loading=\"lazy\" decoding=\"async\" src=\"https:\/\/bu.optimum-automotive.com\/wp-content\/uploads\/2024\/07\/jpg\/01-268.jpg\" width=\"151\" height=\"200\" alt=\"PDF - 1.5 Mb\"><\/a>\r\n<figcaption class=\"wp-element-caption\"><strong>www.laprovence.com<\/strong><br>\r\nProvencal SME aims to become a global giant in connected vehicles\r\n<\/figcaption><\/div> \r\n\r\n<div class=\"wp-block-image\"> \r\n<a href=\"https:\/\/bu.optimum-automotive.com\/wp-content\/uploads\/2024\/07\/pdf\/optimum_automotive_optimise_la_gestion_des_amendes_au_sein_des_flottes-3.pdf\" title=\".industrie-mag.com\" type=\"application\/pdf\" target=\"_blank\" rel=\"noopener\"><img loading=\"lazy\" decoding=\"async\" src=\"https:\/\/bu.optimum-automotive.com\/wp-content\/uploads\/2024\/07\/jpg\/01-267.jpg\" width=\"151\" height=\"200\" alt=\"PDF - 72.4 kb\"><\/a>\r\n<figcaption class=\"wp-element-caption\"><strong>.industrie-mag.com<\/strong><br>\r\nOptimum Automotive optimizes fine management for fleets\r\n<\/figcaption><\/div> \r\n\r\n<div class=\"wp-block-image\"> \r\n<a href=\"https:\/\/bu.optimum-automotive.com\/wp-content\/uploads\/2024\/07\/pdf\/flotte_d_entreprise__optimum_automotive_lance_une_solution_de_gestion_des_pv.pdf\" title=\"deplacementspros.com\" type=\"application\/pdf\" target=\"_blank\" rel=\"noopener\"><img loading=\"lazy\" decoding=\"async\" src=\"https:\/\/bu.optimum-automotive.com\/wp-content\/uploads\/2024\/07\/jpg\/01-266.jpg\" width=\"151\" height=\"200\" alt=\"PDF - 73.3 kb\"><\/a>\r\n<figcaption class=\"wp-element-caption\"><strong>deplacementspros.com<\/strong><br>\r\nCompany fleet: Optimum Automotive offers a PV management solution\r\n<\/figcaption><\/div> \r\n\r\n<div class=\"wp-block-image\">\r\n<a href=\"https:\/\/bu.optimum-automotive.com\/wp-content\/uploads\/2024\/07\/pdf\/supplement-04-2019_p5.pdf\" title=\"LE PARISIEN SUPPLEMENT\" type=\"application\/pdf\" target=\"_blank\" rel=\"noopener\"><img loading=\"lazy\" decoding=\"async\" src=\"https:\/\/bu.optimum-automotive.com\/wp-content\/uploads\/2024\/07\/jpg\/01-265.jpg\" width=\"151\" height=\"200\" alt=\"PDF - 1.9 Mb\"><\/a>\r\n<figcaption class=\"wp-element-caption\"><strong>LE PARISIEN SUPPLEMENT<\/strong><br>\r\nConnected fleet management takes care of fines\r\n<\/figcaption><\/div> \r\n\r\n<div class=\"wp-block-image\">\r\n<a href=\"https:\/\/bu.optimum-automotive.com\/wp-content\/uploads\/2024\/07\/pdf\/gestionnaire_de_flotte___sur_la_route_de_la_mobilite.pdf\" title=\"flotauto.com\" type=\"application\/pdf\" target=\"_blank\" rel=\"noopener\"><img loading=\"lazy\" decoding=\"async\" src=\"https:\/\/bu.optimum-automotive.com\/wp-content\/uploads\/2024\/07\/jpg\/01-264.jpg\" width=\"151\" height=\"200\" alt=\"PDF - 509.2 kb\"><\/a>\r\n<figcaption class=\"wp-element-caption\"><strong>flotauto.com<\/strong><br>\r\nFleet manager: on the road to mobility\r\n<\/figcaption><\/div> \r\n\r\n<h2 class=\"wp-block-heading\">FEBRUARY 2019<\/h2>\r\n\r\n<div class=\"wp-block-image\">\r\n<a href=\"https:\/\/bu.optimum-automotive.com\/wp-content\/uploads\/2024\/07\/pdf\/2018-12-27-flottes_automobiles_guide-n_0_-_2018-10000000055792743.pdf\" title=\"CAR FLEETS GUIDE\" type=\"application\/pdf\" target=\"_blank\" rel=\"noopener\"><img loading=\"lazy\" decoding=\"async\" src=\"https:\/\/bu.optimum-automotive.com\/wp-content\/uploads\/2024\/07\/jpg\/01-10.png\" width=\"188\" height=\"250\" alt=\"PDF - 719 kb\"><\/a>\r\n<figcaption class=\"wp-element-caption\"><strong>CAR FLEETS GUIDE<\/strong><br>\r\nCompetition in full swing\r\n<\/figcaption><\/div> \r\n\r\n<div class=\"wp-block-image\">\r\n<a href=\"https:\/\/bu.optimum-automotive.com\/wp-content\/uploads\/2024\/07\/pdf\/2019-02-13-www.mtom-mag.com-13_f_vrier_2019-50000000324926986.pdf\" title=\"mtom-mag.com\" type=\"application\/pdf\" target=\"_blank\" rel=\"noopener\"><img loading=\"lazy\" decoding=\"async\" src=\"https:\/\/bu.optimum-automotive.com\/wp-content\/uploads\/2024\/07\/jpg\/01-9.png\" width=\"188\" height=\"250\" alt=\"PDF - 80.9 kb\"><\/a>\r\n<figcaption class=\"wp-element-caption\"><strong>mtom-mag.com<\/strong><br>\r\nFlotAuto 2019, Optimum Automotive presents its connected vehicle offer\r\n<\/figcaption><\/div> \r\n\r\n<h2 class=\"wp-block-heading\">JANUARY 2019<\/h2>\r\n\r\n<div class=\"wp-block-image\">\r\n<a href=\"https:\/\/bu.optimum-automotive.com\/wp-content\/uploads\/2024\/07\/pdf\/autopartage_et_covoiturage___le_marche_commence_a_fremir__01_19.pdf\" title=\"Car fleets\" type=\"application\/pdf\" target=\"_blank\" rel=\"noopener\"><img loading=\"lazy\" decoding=\"async\" src=\"https:\/\/bu.optimum-automotive.com\/wp-content\/uploads\/2024\/07\/jpg\/01-261.jpg\" width=\"188\" height=\"250\" alt=\"PDF - 314.5 kb\"><\/a>\r\n<figcaption class=\"wp-element-caption\"><strong>Car fleets<\/strong><br>\r\nCar-sharing and car-pooling: the market is booming\r\n<\/figcaption><\/div> \r\n\r\n<h2 class=\"wp-block-heading\">NOVEMBER 2018<\/h2>\r\n\r\n<div class=\"wp-block-image\"> \r\n<a href=\"https:\/\/bu.optimum-automotive.com\/wp-content\/uploads\/2024\/07\/pdf\/le_parisien.pdf\" title=\"LE PARISIEN: SUPPLEMENT\" type=\"application\/pdf\" target=\"_blank\" rel=\"noopener\"><img loading=\"lazy\" decoding=\"async\" src=\"https:\/\/bu.optimum-automotive.com\/wp-content\/uploads\/2024\/07\/jpg\/01-262.jpg\" width=\"188\" height=\"250\" alt=\"PDF - 7.2 Mb\"><\/a>\r\n<figcaption class=\"wp-element-caption\"><strong>LE PARISIEN: SUPPLEMENT<\/strong><br>\r\nThe app that makes car-sharing easy\r\n<\/figcaption><\/div> \r\n\r\n<div class=\"wp-block-image\">\r\n<a href=\"https:\/\/bu.optimum-automotive.com\/wp-content\/uploads\/2024\/07\/pdf\/entretien_avec_daniel_vassalucci_president_doptimum_automotive_-_kilometres_en.pdf\" title=\"KMS Kilometers Company\" type=\"application\/pdf\" target=\"_blank\" rel=\"noopener\"><img loading=\"lazy\" decoding=\"async\" src=\"https:\/\/bu.optimum-automotive.com\/wp-content\/uploads\/2024\/07\/jpg\/01-263.jpg\" width=\"188\" height=\"250\" alt=\"PDF - 1.2 Mb\"><\/a>\r\n<figcaption class=\"wp-element-caption\"><strong>KMS Kilometers Company<\/strong><br>\r\nInterview with Daniel Vassalucci: President of Optimum Automotive\r\n<\/figcaption><\/div> \r\n\r\n<div class=\"wp-block-image\">\r\n<a href=\"https:\/\/bu.optimum-automotive.com\/wp-content\/uploads\/2024\/07\/pdf\/les_datas_aux_commandes_de_la_gestion_de_flottes.pdf\" title=\"D\u00e9cision-achats.fr\" type=\"application\/pdf\" target=\"_blank\" rel=\"noopener\"><img loading=\"lazy\" decoding=\"async\" src=\"https:\/\/bu.optimum-automotive.com\/wp-content\/uploads\/2024\/07\/jpg\/01-260.jpg\" width=\"188\" height=\"250\" alt=\"PDF - 368.3 kb\"><\/a>\r\n<figcaption class=\"wp-element-caption\"><strong>D\u00e9cision-achats.fr<\/strong><br>\r\nData to drive fleet management\r\n<\/figcaption><\/div> \r\n\r\n<div class=\"wp-block-image\">\r\n<a href=\"https:\/\/bu.optimum-automotive.com\/wp-content\/uploads\/2024\/07\/pdf\/2018-11-10-officiel_des_transporteurs_supplement2.pdf\" title=\"L&#039;Officiel des transporteurs Supplement \" type=\"application\/pdf\" target=\"_blank\" rel=\"noopener\"><img loading=\"lazy\" decoding=\"async\" src=\"https:\/\/bu.optimum-automotive.com\/wp-content\/uploads\/2024\/07\/jpg\/01-258.jpg\" width=\"188\" height=\"250\" alt=\"PDF - 174 kb\"><\/a>\r\n<figcaption class=\"wp-element-caption\"><strong>L'Officiel des transporteurs Supplement <\/strong><br>\r\nConnected vehicle specialist, Mapping Control\r\n<\/figcaption><\/div> \r\n\r\n<div class=\"wp-block-image\"> \r\n<a href=\"https:\/\/bu.optimum-automotive.com\/wp-content\/uploads\/2024\/07\/pdf\/2018-11-10-officiel_des_transporteurs_supplement.pdf\" title=\"L&#039;Officiel des transporteurs\" type=\"application\/pdf\" target=\"_blank\" rel=\"noopener\"><img loading=\"lazy\" decoding=\"async\" src=\"https:\/\/bu.optimum-automotive.com\/wp-content\/uploads\/2024\/07\/jpg\/01-257.jpg\" width=\"188\" height=\"250\" alt=\"PDF - 493.7 kb\"><\/a>\r\n<figcaption class=\"wp-element-caption\"><strong>L'Officiel des transporteurs<\/strong><br>\r\nSMART DATA: A lever for competitiveness\r\n<\/figcaption><\/div> \r\n\r\n<h2 class=\"wp-block-heading\">OCTOBER 2018<\/h2>\r\n\r\n<div class=\"wp-block-image\">\r\n<a href=\"https:\/\/bu.optimum-automotive.com\/wp-content\/uploads\/2024\/07\/pdf\/skm_c224e18112211440.pdf\" title=\"Car fleets\" type=\"application\/pdf\" target=\"_blank\" rel=\"noopener\"><img loading=\"lazy\" decoding=\"async\" src=\"https:\/\/bu.optimum-automotive.com\/wp-content\/uploads\/2024\/07\/jpg\/01-259.jpg\" width=\"188\" height=\"250\" alt=\"PDF - 250.4 kb\"><\/a>\r\n<figcaption class=\"wp-element-caption\"><strong>Car fleets<\/strong><br>\r\nRoad safety: eco-driving back on the agenda\r\n<\/figcaption><\/div> \r\n\r\n<h2 class=\"wp-block-heading\">JULY 2018<\/h2>\r\n\r\n<div class=\"wp-block-image\">\r\n<a href=\"https:\/\/bu.optimum-automotive.com\/wp-content\/uploads\/2024\/07\/pdf\/optimum_automotive_group_covoiturage_et_autopartage_la_voix_des_entreprises.pdf\" title=\"industrie-mag.com\" type=\"application\/pdf\" target=\"_blank\" rel=\"noopener\"><img loading=\"lazy\" decoding=\"async\" src=\"https:\/\/bu.optimum-automotive.com\/wp-content\/uploads\/2024\/07\/jpg\/01-255.jpg\" width=\"188\" height=\"250\" alt=\"PDF - 277 kb\"><\/a>\r\n<figcaption class=\"wp-element-caption\"><strong>industrie-mag.com<\/strong><br>\r\nOptimum Automotive Group, Carpooling and carsharing,<br class=\"autobr\">\r\nthe voice of business\r\n<\/figcaption><\/div> \r\n\r\n<div class=\"wp-block-image\">\r\n<a href=\"https:\/\/bu.optimum-automotive.com\/wp-content\/uploads\/2024\/07\/pdf\/economie___aix___mapping_control_etend_ses_activites___la_provence2.pdf\" title=\"La Provence.com\" type=\"application\/pdf\" target=\"_blank\" rel=\"noopener\"><img loading=\"lazy\" decoding=\"async\" src=\"https:\/\/bu.optimum-automotive.com\/wp-content\/uploads\/2024\/07\/jpg\/01-254.jpg\" width=\"188\" height=\"250\" alt=\"PDF - 1.2 Mb\"><\/a>\r\n<figcaption class=\"wp-element-caption\"><strong>La Provence.com<\/strong><br>\r\nAix: Mapping Control expands its activities\r\n<\/figcaption><\/div> \r\n\r\n<h2 class=\"wp-block-heading\">JUNE 2018<\/h2>\r\n\r\n<div class=\"wp-block-image\"> \r\n<a href=\"https:\/\/bu.optimum-automotive.com\/wp-content\/uploads\/2024\/07\/pdf\/une_nouvelle_solution_d_autopartage_dediee_aux_entreprises.pdf\" title=\"d\u00e9placementspros.com\" type=\"application\/pdf\" target=\"_blank\" rel=\"noopener\"><img loading=\"lazy\" decoding=\"async\" src=\"https:\/\/bu.optimum-automotive.com\/wp-content\/uploads\/2024\/07\/jpg\/01-253.jpg\" width=\"151\" height=\"200\" alt=\"PDF - 349.1 kb\"><\/a>\r\n<figcaption class=\"wp-element-caption\"><strong>d\u00e9placementspros.com<\/strong><br>\r\n+ A NEW CAR-SHARING SOLUTION DEDICATED TO<br class=\"autobr\">\r\nCOMPANIES\r\n<\/figcaption><\/div> \r\n\r\n<div class=\"wp-block-image\"> \r\n<a href=\"https:\/\/bu.optimum-automotive.com\/wp-content\/uploads\/2024\/07\/pdf\/largus_ed_pro_83_apro4533.pdf\" title=\"pro.largus.fr\" type=\"application\/pdf\" target=\"_blank\" rel=\"noopener\"><img loading=\"lazy\" decoding=\"async\" src=\"https:\/\/bu.optimum-automotive.com\/wp-content\/uploads\/2024\/07\/jpg\/01-252.jpg\" width=\"188\" height=\"250\" alt=\"PDF - 308.8 kb\"><\/a>\r\n<figcaption class=\"wp-element-caption\"><strong>pro.largus.fr<\/strong><br>\r\nDaniel Vassallucci: President, Optimum Automotive Group\r\n<\/figcaption><\/div> \r\n\r\n<div class=\"wp-block-image\">\r\n<a href=\"https:\/\/bu.optimum-automotive.com\/wp-content\/uploads\/2024\/07\/pdf\/tribune_07-06.pdf\" title=\"La Tribune\" type=\"application\/pdf\" target=\"_blank\" rel=\"noopener\"><img loading=\"lazy\" decoding=\"async\" src=\"https:\/\/bu.optimum-automotive.com\/wp-content\/uploads\/2024\/07\/jpg\/01-250.jpg\" width=\"188\" height=\"250\" alt=\"PDF - 164.2 kb\"><\/a>\r\n<figcaption class=\"wp-element-caption\"><strong>La Tribune<\/strong><br>\r\nMapping Control, the \"old start-up\" that never stops innovating\r\n<\/figcaption><\/div> \r\n\r\n<div class=\"wp-block-image\"> \r\n<a href=\"https:\/\/bu.optimum-automotive.com\/wp-content\/uploads\/2024\/07\/pdf\/2018-06-04-businews-juin_18-10000000054432959.pdf\" title=\"BUSINEWS\" type=\"application\/pdf\" target=\"_blank\" rel=\"noopener\"><img loading=\"lazy\" decoding=\"async\" src=\"https:\/\/bu.optimum-automotive.com\/wp-content\/uploads\/2024\/07\/jpg\/01-251.jpg\" width=\"188\" height=\"250\" alt=\"PDF - 612 kb\"><\/a>\r\n<figcaption class=\"wp-element-caption\"><strong>BUSINEWS<\/strong><br>\r\nCARS OF THE FUTURE: PROVENCE PUTS ON THE RUBBER!\r\n<\/figcaption><\/div> \r\n\r\n<div class=\"wp-block-image\"> \r\n<a href=\"https:\/\/bu.optimum-automotive.com\/wp-content\/uploads\/2024\/07\/pdf\/2018-05-25-le_journal_des_flottes-avril_mai_18-10000000054373209.pdf\" title=\"Le Journal des flottes\" type=\"application\/pdf\" target=\"_blank\" rel=\"noopener\"><img loading=\"lazy\" decoding=\"async\" src=\"https:\/\/bu.optimum-automotive.com\/wp-content\/uploads\/2024\/07\/jpg\/01-246.jpg\" width=\"188\" height=\"250\" alt=\"PDF - 1022.5 kb\"><\/a>\r\n<figcaption class=\"wp-element-caption\"><strong>Le Journal des flottes<\/strong><br>\r\nTELEMATICS: From raw data to detailed analysis\r\n<\/figcaption><\/div> \r\n\r\n<div class=\"wp-block-image\">\r\n<a href=\"https:\/\/bu.optimum-automotive.com\/wp-content\/uploads\/2024\/07\/pdf\/2018-05-29-www.daf-mag.fr-29_mai_2018-50000000312878148.pdf\" title=\"DAF-mag.fr\" type=\"application\/pdf\" target=\"_blank\" rel=\"noopener\"><img loading=\"lazy\" decoding=\"async\" src=\"https:\/\/bu.optimum-automotive.com\/wp-content\/uploads\/2024\/07\/jpg\/01-247.jpg\" width=\"188\" height=\"250\" alt=\"PDF - 215.5 kb\"><\/a>\r\n<figcaption class=\"wp-element-caption\"><strong>DAF-mag.fr<\/strong><br>\r\nThe employee, the offence... and the employer\r\n<\/figcaption><\/div> \r\n\r\n<div class=\"wp-block-image\">\r\n<a href=\"https:\/\/bu.optimum-automotive.com\/wp-content\/uploads\/2024\/07\/pdf\/2018-05-15-www.industrie-mag.com-15_mai_2018-50000000312169571.pdf\" title=\"industrie-mag.com\" type=\"application\/pdf\" target=\"_blank\" rel=\"noopener\"><img loading=\"lazy\" decoding=\"async\" src=\"https:\/\/bu.optimum-automotive.com\/wp-content\/uploads\/2024\/07\/jpg\/01-245.jpg\" width=\"188\" height=\"250\" alt=\"PDF - 86.3 kb\"><\/a>\r\n<figcaption class=\"wp-element-caption\"><strong>industrie-mag.com<\/strong><br>\r\nMapping Control, the brand moves closer to franchises\r\n<\/figcaption><\/div> \r\n\r\n<div class=\"wp-block-image\">\r\n<a href=\"https:\/\/bu.optimum-automotive.com\/wp-content\/uploads\/2024\/07\/pdf\/2018-05-30-www.actionco.fr-30_mai_2018-50000000312901729.pdf\" title=\"actionco.fr\" type=\"application\/pdf\" target=\"_blank\" rel=\"noopener\"><img loading=\"lazy\" decoding=\"async\" src=\"https:\/\/bu.optimum-automotive.com\/wp-content\/uploads\/2024\/07\/jpg\/01-248.jpg\" width=\"188\" height=\"250\" alt=\"PDF - 101.8 kb\"><\/a>\r\n<figcaption class=\"wp-element-caption\"><strong>actionco.fr<\/strong><br>\r\nThe employee, the offence... and the employer\r\n<\/figcaption><\/div> \r\n\r\n<div class=\"wp-block-image\"> \r\n<a href=\"https:\/\/bu.optimum-automotive.com\/wp-content\/uploads\/2024\/07\/pdf\/2018-06-01-www.decision-achats.fr-1_juin_2018-50000000313082550.pdf\" title=\"D\u00e9cision-achats.fr\" type=\"application\/pdf\" target=\"_blank\" rel=\"noopener\"><img loading=\"lazy\" decoding=\"async\" src=\"https:\/\/bu.optimum-automotive.com\/wp-content\/uploads\/2024\/07\/jpg\/01-249.jpg\" width=\"188\" height=\"250\" alt=\"PDF - 215.5 kb\"><\/a>\r\n<figcaption class=\"wp-element-caption\"><strong>D\u00e9cision-achats.fr<\/strong><br>\r\nThe employee, the offence... and the employer\r\n<\/figcaption><\/div> \r\n\r\n<h2 class=\"wp-block-heading\">MAY 2018<\/h2>\r\n\r\n<div class=\"wp-block-image\">\r\n<a href=\"https:\/\/bu.optimum-automotive.com\/wp-content\/uploads\/2024\/07\/pdf\/mapping_control_veut_seduire_les_franchises.pdf\" title=\"Automobile &amp; Company\" type=\"application\/pdf\" target=\"_blank\" rel=\"noopener\"><img loading=\"lazy\" decoding=\"async\" src=\"https:\/\/bu.optimum-automotive.com\/wp-content\/uploads\/2024\/07\/jpg\/01-244.jpg\" width=\"188\" height=\"250\" alt=\"PDF - 703.4 kb\"><\/a>\r\n<figcaption class=\"wp-element-caption\"><strong>Automobile &amp; Company<\/strong><br>\r\nMapping Control aims to win over franchises\r\n<\/figcaption><\/div> \r\n\r\n<div class=\"wp-block-image\">\r\n<a href=\"https:\/\/bu.optimum-automotive.com\/wp-content\/uploads\/2024\/07\/pdf\/mapping_control_a_l_assaut_des_franchises.pdf\" title=\"Workshop decision\" type=\"application\/pdf\" target=\"_blank\" rel=\"noopener\"><img loading=\"lazy\" decoding=\"async\" src=\"https:\/\/bu.optimum-automotive.com\/wp-content\/uploads\/2024\/07\/jpg\/01-242.jpg\" width=\"188\" height=\"250\" alt=\"PDF - 1.4 Mb\"><\/a>\r\n<figcaption class=\"wp-element-caption\"><strong>Workshop decision<\/strong><br>\r\nMapping Control takes on franchises\r\n<\/figcaption><\/div> \r\n\r\n<div class=\"wp-block-image\"> \r\n<a href=\"https:\/\/bu.optimum-automotive.com\/wp-content\/uploads\/2024\/07\/pdf\/mapping_control_la_marque_se_rapproche_des_franchises.pdf\" title=\"industrie-mag.com\" type=\"application\/pdf\" target=\"_blank\" rel=\"noopener\"><img loading=\"lazy\" decoding=\"async\" src=\"https:\/\/bu.optimum-automotive.com\/wp-content\/uploads\/2024\/07\/jpg\/01-243.jpg\" width=\"188\" height=\"250\" alt=\"PDF - 71.8 kb\"><\/a>\r\n<figcaption class=\"wp-element-caption\"><strong>industrie-mag.com<\/strong><br>\r\nMapping Control, the brand moves closer to franchises\r\n<\/figcaption><\/div> \r\n\r\n<h2 class=\"wp-block-heading\">APRIL 2018<\/h2>\r\n\r\n<div class=\"wp-block-image\">\r\n<a href=\"https:\/\/bu.optimum-automotive.com\/wp-content\/uploads\/2024\/07\/pdf\/la_telematique_reduit_les_couts_des_entreprises.pdf\" title=\"Le Monde.fr\" type=\"application\/pdf\" target=\"_blank\" rel=\"noopener\"><img loading=\"lazy\" decoding=\"async\" src=\"https:\/\/bu.optimum-automotive.com\/wp-content\/uploads\/2024\/07\/jpg\/01-241.jpg\" width=\"188\" height=\"250\" alt=\"PDF - 157.6 kb\"><\/a>\r\n<figcaption class=\"wp-element-caption\"><strong>Le Monde.fr<\/strong><br>\r\nTelematics cuts business costs\r\n<\/figcaption><\/div> \r\n\r\n<div class=\"wp-block-image\">\r\n<a href=\"https:\/\/bu.optimum-automotive.com\/wp-content\/uploads\/2024\/07\/pdf\/3595_dossier_flottes.pdf\" title=\"PARIS MATCH livematch\/auto\" type=\"application\/pdf\" target=\"_blank\" rel=\"noopener\"><img loading=\"lazy\" decoding=\"async\" src=\"https:\/\/bu.optimum-automotive.com\/wp-content\/uploads\/2024\/07\/jpg\/01-240.jpg\" width=\"188\" height=\"250\" alt=\"PDF - 564.2 kb\"><\/a>\r\n<figcaption class=\"wp-element-caption\"><strong>PARIS MATCH livematch\/auto<\/strong><br>\r\nCompany vehicles: diesel resists, electrics take off\r\n<\/figcaption><\/div> \r\n\r\n<h2 class=\"wp-block-heading\">MARCH 2018<\/h2>\r\n\r\n<div class=\"wp-block-image\"> \r\n<a href=\"https:\/\/bu.optimum-automotive.com\/wp-content\/uploads\/2024\/07\/pdf\/2018-03-16-flottes_automobiles-mars_18-2.pdf\" title=\"CAR FLEETS\" type=\"application\/pdf\" target=\"_blank\" rel=\"noopener\"><img loading=\"lazy\" decoding=\"async\" src=\"https:\/\/bu.optimum-automotive.com\/wp-content\/uploads\/2024\/07\/jpg\/021.jpg\" width=\"188\" height=\"250\" alt=\"PDF - 924.1 kb\"><\/a>\r\n<figcaption class=\"wp-element-caption\"><strong>CAR FLEETS<\/strong><br>\r\nOn-board telematics, Competition in full swing\r\n<\/figcaption><\/div> \r\n\r\n<div class=\"wp-block-image\"> \r\n<a href=\"https:\/\/bu.optimum-automotive.com\/wp-content\/uploads\/2024\/07\/pdf\/2018-03-16-flottes_automobiles-mars_18-1.pdf\" title=\"CAR FLEETS\" type=\"application\/pdf\" target=\"_blank\" rel=\"noopener\"><img loading=\"lazy\" decoding=\"async\" src=\"https:\/\/bu.optimum-automotive.com\/wp-content\/uploads\/2024\/07\/jpg\/01-239.jpg\" width=\"188\" height=\"250\" alt=\"PDF - 290.9 kb\"><\/a>\r\n<figcaption class=\"wp-element-caption\"><strong>CAR FLEETS<\/strong><br>\r\nOn-board telematics. Gains in sight\r\n<\/figcaption><\/div> \r\n\r\n<div class=\"wp-block-image\"> \r\n<a href=\"https:\/\/bu.optimum-automotive.com\/wp-content\/uploads\/2024\/07\/pdf\/2018-03-16-flottes_automobiles-mars_18.pdf\" title=\"CAR FLEETS\" type=\"application\/pdf\" target=\"_blank\" rel=\"noopener\"><img loading=\"lazy\" decoding=\"async\" src=\"https:\/\/bu.optimum-automotive.com\/wp-content\/uploads\/2024\/07\/jpg\/sans-titre-1.jpg\" width=\"188\" height=\"250\" alt=\"PDF - 163.7 kb\"><\/a>\r\n<figcaption class=\"wp-element-caption\"><strong>CAR FLEETS<\/strong><br>\r\nBIRTH OF OPTIMUM AUTOMOTIVE GROUP\r\n<\/figcaption><\/div> \r\n\r\n<div class=\"wp-block-image\">\r\n<a href=\"https:\/\/bu.optimum-automotive.com\/wp-content\/uploads\/2024\/07\/pdf\/franck_gaultier_optimum_automotive.pdf\" title=\"Automobile &amp; Company\" type=\"application\/pdf\" target=\"_blank\" rel=\"noopener\"><img loading=\"lazy\" decoding=\"async\" src=\"https:\/\/bu.optimum-automotive.com\/wp-content\/uploads\/2024\/07\/jpg\/01-237.jpg\" width=\"188\" height=\"250\" alt=\"PDF - 402.3 kb\"><\/a>\r\n<figcaption class=\"wp-element-caption\"><strong>Automobile &amp; Company<\/strong><br>\r\nFranck Gaultier (Optimum Automotive Group) our strength lies in our range of services.\r\n<\/figcaption><\/div> \r\n\r\n<div class=\"wp-block-image\"> \r\n<a href=\"https:\/\/bu.optimum-automotive.com\/wp-content\/uploads\/2024\/07\/pdf\/skm_c224e18030514200.pdf\" title=\"Journal des FLottes\" type=\"application\/pdf\" target=\"_blank\" rel=\"noopener\"><img loading=\"lazy\" decoding=\"async\" src=\"https:\/\/bu.optimum-automotive.com\/wp-content\/uploads\/2024\/07\/jpg\/01-238.jpg\" width=\"188\" height=\"250\" alt=\"PDF - 276.8 kb\"><\/a>\r\n<figcaption class=\"wp-element-caption\"><strong>Journal des FLottes<\/strong><br>\r\nOPTIMUM AUTOMOTIVE ASSERTS ITS POSITION\r\n<\/figcaption><\/div> \r\n\r\n<div class=\"wp-block-image\">\r\n<a href=\"https:\/\/bu.optimum-automotive.com\/wp-content\/uploads\/2024\/07\/pdf\/2018-03-01-la_tribune_de_l_assurance-mars_18-10000000053745051.pdf\" title=\"La tribune de l&#039;Assurance\" type=\"application\/pdf\" target=\"_blank\" rel=\"noopener\"><img loading=\"lazy\" decoding=\"async\" src=\"https:\/\/bu.optimum-automotive.com\/wp-content\/uploads\/2024\/07\/jpg\/01-236.jpg\" width=\"188\" height=\"250\" alt=\"PDF - 364.5 kb\"><\/a>\r\n<figcaption class=\"wp-element-caption\"><strong>La tribune de l'Assurance<\/strong><br>\r\nFleet management in Pay How You Drive mode\r\n<\/figcaption><\/div> \r\n\r\n<h2 class=\"wp-block-heading\">FEBRUARY 2018<\/h2>\r\n\r\n<div class=\"wp-block-image\">\r\n<a href=\"https:\/\/bu.optimum-automotive.com\/wp-content\/uploads\/2024\/07\/pdf\/2018-02-16-actionco_vrier_2018-50000000307950934.pdf\" title=\"actionco.fr\" type=\"application\/pdf\" target=\"_blank\" rel=\"noopener\"><img loading=\"lazy\" decoding=\"async\" src=\"https:\/\/bu.optimum-automotive.com\/wp-content\/uploads\/2024\/07\/jpg\/01-235.jpg\" width=\"188\" height=\"250\" alt=\"PDF - 94.3 kb\"><\/a>\r\n<figcaption class=\"wp-element-caption\"><strong>actionco.fr<\/strong><br>\r\nCar-sharing: the car just when you need it!\r\n<\/figcaption><\/div> \r\n\r\n<div class=\"wp-block-image\">\r\n<a href=\"https:\/\/bu.optimum-automotive.com\/wp-content\/uploads\/2024\/07\/pdf\/telematique___renault_degaine_une_nouvelle_offre.pdf\" title=\"Automobile &amp; Company\" type=\"application\/pdf\" target=\"_blank\" rel=\"noopener\"><img loading=\"lazy\" decoding=\"async\" src=\"https:\/\/bu.optimum-automotive.com\/wp-content\/uploads\/2024\/07\/jpg\/01-234.jpg\" width=\"188\" height=\"250\" alt=\"PDF - 386.3 kb\"><\/a>\r\n<figcaption class=\"wp-element-caption\"><strong>Automobile &amp; Company<\/strong><br>\r\nTelematics: Renault launches a new offer\r\n<\/figcaption><\/div> \r\n\r\n<div class=\"wp-block-image\">\r\n<a href=\"https:\/\/bu.optimum-automotive.com\/wp-content\/uploads\/2024\/07\/pdf\/2018-02-17-journal_de_l_automobile-16_fev_18-10000000053626653.pdf\" title=\"Le Journal de l&#039;Automobile\" type=\"application\/pdf\" target=\"_blank\" rel=\"noopener\"><img loading=\"lazy\" decoding=\"async\" src=\"https:\/\/bu.optimum-automotive.com\/wp-content\/uploads\/2024\/07\/jpg\/01-232.jpg\" width=\"188\" height=\"250\" alt=\"PDF - 776.7 kb\"><\/a>\r\n<figcaption class=\"wp-element-caption\"><strong>Le Journal de l'Automobile<\/strong><br>\r\nTime for take-off?\r\n<\/figcaption><\/div> \r\n\r\n<div class=\"wp-block-image\"> \r\n<a href=\"https:\/\/bu.optimum-automotive.com\/wp-content\/uploads\/2024\/07\/pdf\/sodiaal___la_preuve_par_l_eco-conduite.pdf\" title=\"flotauto.com\" type=\"application\/pdf\" target=\"_blank\" rel=\"noopener\"><img loading=\"lazy\" decoding=\"async\" src=\"https:\/\/bu.optimum-automotive.com\/wp-content\/uploads\/2024\/07\/jpg\/01-233.jpg\" width=\"188\" height=\"250\" alt=\"PDF - 179.3 kb\"><\/a>\r\n<figcaption class=\"wp-element-caption\"><strong>flotauto.com<\/strong><br>\r\nSodiaal: proof through eco-driving\r\n<\/figcaption><\/div> \r\n\r\n<div class=\"wp-block-image\">\r\n<a href=\"http:\/\/www.autok7.press\/lhomme-sait-parler-a-loreille-gestionnaires-de-flottes-secret-compression-de-couts-innovation-totale\/\" title=\"www.autok7.press\" target=\"_blank\" rel=\"noopener\"><img loading=\"lazy\" decoding=\"async\" src=\"https:\/\/bu.optimum-automotive.com\/wp-content\/uploads\/2024\/07\/jpg\/01-231.jpg\" width=\"188\" height=\"250\" alt=\"JPEG - 19.9 kb\"><\/a>\r\n<figcaption class=\"wp-element-caption\"><strong>www.autok7.press<\/strong><br>\r\nThe man who knows how to talk to fleet managers... His secret? Cost reduction and innovation. The whole package!\r\n<\/figcaption><\/div> \r\n\r\n<div class=\"wp-block-image\"> \r\n<a href=\"https:\/\/bu.optimum-automotive.com\/wp-content\/uploads\/2024\/07\/pdf\/optimum_automotive_group_integre_de_nouveaux_services.pdf\" title=\"CAR FLEETS\" type=\"application\/pdf\" target=\"_blank\" rel=\"noopener\"><img loading=\"lazy\" decoding=\"async\" src=\"https:\/\/bu.optimum-automotive.com\/wp-content\/uploads\/2024\/07\/jpg\/02-13.jpg\" width=\"188\" height=\"250\" alt=\"PDF - 63 kb\"><\/a>\r\n<figcaption class=\"wp-element-caption\"><strong>CAR FLEETS<\/strong><br>\r\nOptimum Automotive Group integrates new services\r\n<\/figcaption><\/div> \r\n\r\n<div class=\"wp-block-image\"> \r\n<a href=\"https:\/\/bu.optimum-automotive.com\/wp-content\/uploads\/2024\/07\/pdf\/mapping_control_devient_optimum_automotive_group.pdf\" title=\"Automobile &amp; Company\" type=\"application\/pdf\" target=\"_blank\" rel=\"noopener\"><img loading=\"lazy\" decoding=\"async\" src=\"https:\/\/bu.optimum-automotive.com\/wp-content\/uploads\/2024\/07\/jpg\/01-230.jpg\" width=\"188\" height=\"250\" alt=\"PDF - 265.1 kb\"><\/a>\r\n<figcaption class=\"wp-element-caption\"><strong>Automobile &amp; Company<\/strong><br>\r\nMapping Contrai becomes Optimum Automotive Group\r\n<\/figcaption><\/div> \r\n\r\n<h2 class=\"wp-block-heading\">DECEMBER 2017<\/h2>\r\n\r\n<div class=\"wp-block-image\"> \r\n<a href=\"https:\/\/bu.optimum-automotive.com\/wp-content\/uploads\/2024\/07\/pdf\/mapping_control_reduit_les_emissions_des_machines_de_tp_-_construction_cayola.pdf\" title=\"constructioncayola.com\" type=\"application\/pdf\" target=\"_blank\" rel=\"noopener\"><img loading=\"lazy\" decoding=\"async\" src=\"https:\/\/bu.optimum-automotive.com\/wp-content\/uploads\/2024\/07\/jpg\/01-227.jpg\" width=\"188\" height=\"250\" alt=\"PDF - 97.3 kb\"><\/a>\r\n<figcaption class=\"wp-element-caption\"><strong>constructioncayola.com<\/strong><br>\r\nMapping Control reduces emissions from TTP machines\r\n<\/figcaption><\/div> \r\n\r\n<h2 class=\"wp-block-heading\">NOVEMBER 2017<\/h2>\r\n\r\n<div class=\"wp-block-image\">\r\n<a href=\"https:\/\/bu.optimum-automotive.com\/wp-content\/uploads\/2024\/07\/pdf\/pages_de_km_-20171129075800.pdf\" title=\"D\u00e9cision Achats\" type=\"application\/pdf\" target=\"_blank\" rel=\"noopener\"><img loading=\"lazy\" decoding=\"async\" src=\"https:\/\/bu.optimum-automotive.com\/wp-content\/uploads\/2024\/07\/jpg\/01-226.jpg\" width=\"188\" height=\"250\" alt=\"PDF - 474.7 kb\"><\/a>\r\n<figcaption class=\"wp-element-caption\"><strong>D\u00e9cision Achats<\/strong><br>\r\nRoad safety: fleets under close surveillance\r\n<\/figcaption><\/div> \r\n \r\n\r\n<div class=\"wp-block-image\">\r\n<a href=\"https:\/\/bu.optimum-automotive.com\/wp-content\/uploads\/2024\/07\/pdf\/pages_de_km_-20171128130039.pdf\" title=\"purchasing decision\" type=\"application\/pdf\" target=\"_blank\" rel=\"noopener\"><img loading=\"lazy\" decoding=\"async\" src=\"https:\/\/bu.optimum-automotive.com\/wp-content\/uploads\/2024\/07\/jpg\/01-225.jpg\" width=\"188\" height=\"250\" alt=\"PDF - 838.5 kb\"><\/a>\r\n<figcaption class=\"wp-element-caption\"><strong>purchasing decision<\/strong><br>\r\nFleet management tools: the data revolution\r\n<\/figcaption><\/div> \r\n\r\n<div class=\"wp-block-image\">\r\n<a href=\"https:\/\/bu.optimum-automotive.com\/wp-content\/uploads\/2024\/07\/pdf\/2017-11-18-www.daf-mag.fr-18_novembre_20171.pdf\" title=\"daf-mag.f\" type=\"application\/pdf\" target=\"_blank\" rel=\"noopener\"><img loading=\"lazy\" decoding=\"async\" src=\"https:\/\/bu.optimum-automotive.com\/wp-content\/uploads\/2024\/07\/jpg\/01-220.jpg\" width=\"188\" height=\"250\" alt=\"PDF - 158.9 kb\"><\/a>\r\n<figcaption class=\"wp-element-caption\"><strong>daf-mag.f<\/strong><br>\r\nManagers, make your life easier with technology!\r\n<\/figcaption><\/div> \r\n\r\n<div class=\"wp-block-image\">\r\n<a href=\"https:\/\/bu.optimum-automotive.com\/wp-content\/uploads\/2024\/07\/pdf\/2017-11-20-flottes_automobiles_guide-n_0_20172.pdf\" title=\"CAR FLEETS GUIDE\" type=\"application\/pdf\" target=\"_blank\" rel=\"noopener\"><img loading=\"lazy\" decoding=\"async\" src=\"https:\/\/bu.optimum-automotive.com\/wp-content\/uploads\/2024\/07\/jpg\/01-221.jpg\" width=\"188\" height=\"250\" alt=\"PDF - 990 kb\"><\/a>\r\n<figcaption class=\"wp-element-caption\"><strong>CAR FLEETS GUIDE<\/strong><br>\r\nTelematics: TCO at the heart of the target\r\n<\/figcaption><\/div> \r\n\r\n<div class=\"wp-block-image\"> \r\n<a href=\"https:\/\/bu.optimum-automotive.com\/wp-content\/uploads\/2024\/07\/pdf\/2017-11-22-commerce_magazine-20_nov_17.pdf\" title=\"Commerce magazine\" type=\"application\/pdf\" target=\"_blank\" rel=\"noopener\"><img loading=\"lazy\" decoding=\"async\" src=\"https:\/\/bu.optimum-automotive.com\/wp-content\/uploads\/2024\/07\/jpg\/01-224.jpg\" width=\"188\" height=\"250\" alt=\"PDF - 544.8 kb\"><\/a>\r\n<figcaption class=\"wp-element-caption\"><strong>Commerce magazine<\/strong><br>\r\nIDENTIFYING BAD DRIVERS Managers, make your life easier with technology!\r\n<\/figcaption><\/div> \r\n\r\n<div class=\"wp-block-image\"> \r\n<a href=\"https:\/\/bu.optimum-automotive.com\/wp-content\/uploads\/2024\/07\/pdf\/2017-11-21-www.chefdentreprise.com-21_novembre_2017-2.pdf\" title=\"chefdentreprise.com\" type=\"application\/pdf\" target=\"_blank\" rel=\"noopener\"><img loading=\"lazy\" decoding=\"async\" src=\"https:\/\/bu.optimum-automotive.com\/wp-content\/uploads\/2024\/07\/jpg\/01-223.jpg\" width=\"188\" height=\"250\" alt=\"PDF - 86.5 kb\"><\/a>\r\n<figcaption class=\"wp-element-caption\"><strong>chefdentreprise.com<\/strong><br>\r\nCar-sharing: the car just when you need it!\r\n<\/figcaption><\/div> \r\n\r\n<div class=\"wp-block-image\">\r\n<a href=\"https:\/\/bu.optimum-automotive.com\/wp-content\/uploads\/2024\/07\/pdf\/2017-11-21-www.chefdentreprise.com-21_novembre_2017.pdf\" title=\"chefdentreprise.com\" type=\"application\/pdf\" target=\"_blank\" rel=\"noopener\"><img loading=\"lazy\" decoding=\"async\" src=\"https:\/\/bu.optimum-automotive.com\/wp-content\/uploads\/2024\/07\/jpg\/01-222.jpg\" width=\"188\" height=\"250\" alt=\"PDF - 87.4 kb\"><\/a>\r\n<figcaption class=\"wp-element-caption\"><strong>chefdentreprise.com<\/strong><br>\r\nCar fleets under intense scrutiny!\r\n<\/figcaption><\/div> \r\n\r\n<div class=\"wp-block-image\"> \r\n<a href=\"https:\/\/bu.optimum-automotive.com\/wp-content\/uploads\/2024\/07\/pdf\/2017-11-17-www.decision-achats.fr-17_novembre_2017.pdf\" title=\"decision-achats.fr\" type=\"application\/pdf\" target=\"_blank\" rel=\"noopener\"><img loading=\"lazy\" decoding=\"async\" src=\"https:\/\/bu.optimum-automotive.com\/wp-content\/uploads\/2024\/07\/jpg\/01-219.jpg\" width=\"188\" height=\"250\" alt=\"PDF - 165.8 kb\"><\/a>\r\n<figcaption class=\"wp-element-caption\"><strong>decision-achats.fr<\/strong><br>\r\nManagers, make your life easier with technology!\r\n<\/figcaption><\/div> \r\n\r\n<div class=\"wp-block-image\"> \r\n<a href=\"https:\/\/bu.optimum-automotive.com\/wp-content\/uploads\/2024\/07\/pdf\/km_-20171115084741.pdf\" title=\"AUTO ZEPROS\" type=\"application\/pdf\" target=\"_blank\" rel=\"noopener\"><img loading=\"lazy\" decoding=\"async\" src=\"https:\/\/bu.optimum-automotive.com\/wp-content\/uploads\/2024\/07\/jpg\/01-217.jpg\" width=\"188\" height=\"250\" alt=\"PDF - 221.3 kb\"><\/a>\r\n<figcaption class=\"wp-element-caption\"><strong>AUTO ZEPROS<\/strong><br>\r\n20 repairers test MonClientConnect\u00e9\r\n<\/figcaption><\/div> \r\n\r\n<div class=\"wp-block-image\">\r\n<a href=\"https:\/\/bu.optimum-automotive.com\/wp-content\/uploads\/2024\/07\/pdf\/2017-11-07-l_equipe-07_nov_17.pdf\" title=\"The team\" type=\"application\/pdf\" target=\"_blank\" rel=\"noopener\"><img loading=\"lazy\" decoding=\"async\" src=\"https:\/\/bu.optimum-automotive.com\/wp-content\/uploads\/2024\/07\/jpg\/01-216.jpg\" width=\"188\" height=\"250\" alt=\"PDF - 465.7 kb\"><\/a>\r\n<figcaption class=\"wp-element-caption\"><strong>The team<\/strong><br>\r\nUltra-connected vehicles: a major source of savings for businesses\r\n<\/figcaption><\/div> \r\n\r\n<div class=\"wp-block-image\"> \r\n<a href=\"https:\/\/bu.optimum-automotive.com\/wp-content\/uploads\/2024\/07\/pdf\/2017-11-17-www.chefdentreprise.com-17_novembre_2017.pdf\" title=\"chefdentreprise.com\" type=\"application\/pdf\" target=\"_blank\" rel=\"noopener\"><img loading=\"lazy\" decoding=\"async\" src=\"https:\/\/bu.optimum-automotive.com\/wp-content\/uploads\/2024\/07\/jpg\/01-218.jpg\" width=\"188\" height=\"250\" alt=\"PDF - 173.4 kb\"><\/a>\r\n<figcaption class=\"wp-element-caption\"><strong>chefdentreprise.com<\/strong><br>\r\nManagers, make your life easier with technology!\r\n\r\n<\/figcaption><\/div> \r\n\r\n<h2 class=\"wp-block-heading\">OCTOBER 2017<\/h2>\r\n\r\n\r\n<div class=\"wp-block-image\">\r\n<a href=\"https:\/\/bu.optimum-automotive.com\/wp-content\/uploads\/2024\/07\/pdf\/la_gestion_de_flottes_sous_l_emprise_de_la_data.pdf\" title=\"lopinion.fr\" type=\"application\/pdf\" target=\"_blank\" rel=\"noopener\"><img loading=\"lazy\" decoding=\"async\" src=\"https:\/\/bu.optimum-automotive.com\/wp-content\/uploads\/2024\/07\/jpg\/01-215.jpg\" width=\"188\" height=\"250\" alt=\"PDF - 617.3 kb\"><\/a>\r\n<figcaption class=\"wp-element-caption\"><strong>lopinion.fr<\/strong><br>\r\nCorporate fleets Data-driven fleet management\r\n<\/figcaption><\/div> \r\n\r\n<div class=\"wp-block-image\">\r\n<a href=\"https:\/\/bu.optimum-automotive.com\/wp-content\/uploads\/2024\/07\/pdf\/2017-10-26-www.chefdentreprise.com-26_octobre_2017-50000000302961039.pdf\" title=\"chefdentreprise.com\" type=\"application\/pdf\" target=\"_blank\" rel=\"noopener\"><img loading=\"lazy\" decoding=\"async\" src=\"https:\/\/bu.optimum-automotive.com\/wp-content\/uploads\/2024\/07\/jpg\/01-214.jpg\" width=\"188\" height=\"250\" alt=\"PDF - 146.3 kb\"><\/a>\r\n<figcaption class=\"wp-element-caption\"><strong>chefdentreprise.com<\/strong><br>\r\nIdentifying bad drivers: technology can make your life easier!\r\n<\/figcaption><\/div> \r\n\r\n<div class=\"wp-block-image\">\r\n<a href=\"https:\/\/bu.optimum-automotive.com\/wp-content\/uploads\/2024\/07\/pdf\/2017-10-26-www.decision-achats.fr-26_octobre_2017-50000000302963528.pdf\" title=\"D\u00e9cision-Achats.fr\" type=\"application\/pdf\" target=\"_blank\" rel=\"noopener\"><img loading=\"lazy\" decoding=\"async\" src=\"https:\/\/bu.optimum-automotive.com\/wp-content\/uploads\/2024\/07\/jpg\/01-212.jpg\" width=\"188\" height=\"250\" alt=\"PDF - 146.1 kb\"><\/a>\r\n<figcaption class=\"wp-element-caption\"><strong>D\u00e9cision-Achats.fr<\/strong><br>\r\nIdentifying bad drivers: managers, make it easy for yourself<br class=\"autobr\">\r\nlife through technology!\r\n<\/figcaption><\/div> \r\n\r\n<div class=\"wp-block-image\">\r\n<a href=\"https:\/\/bu.optimum-automotive.com\/wp-content\/uploads\/2024\/07\/pdf\/2017-10-27-les_cahiers_de_l_opinion-27_28_oct_17-10000000052681450.pdf\" title=\"LES CAHIERS DE L&#039;OPINION\" type=\"application\/pdf\" target=\"_blank\" rel=\"noopener\"><img loading=\"lazy\" decoding=\"async\" src=\"https:\/\/bu.optimum-automotive.com\/wp-content\/uploads\/2024\/07\/jpg\/01-211.jpg\" width=\"188\" height=\"250\" alt=\"PDF - 161.1 kb\"><\/a>\r\n<figcaption class=\"wp-element-caption\"><strong>LES CAHIERS DE L'OPINION<\/strong><br>\r\nBig data means real-time management\r\n<\/figcaption><\/div> \r\n\r\n<div class=\"wp-block-image\">\r\n<a href=\"https:\/\/bu.optimum-automotive.com\/wp-content\/uploads\/2024\/07\/pdf\/2017-10-24-decision_atelier-oct_17-10000000052654880.pdf\" title=\"Workshop decision\" type=\"application\/pdf\" target=\"_blank\" rel=\"noopener\"><img loading=\"lazy\" decoding=\"async\" src=\"https:\/\/bu.optimum-automotive.com\/wp-content\/uploads\/2024\/07\/jpg\/01-210.jpg\" width=\"188\" height=\"250\" alt=\"PDF - 228.3 kb\"><\/a>\r\n<figcaption class=\"wp-element-caption\"><strong>Workshop decision<\/strong><br>\r\nMapping Control aims to build driver loyalty with My Connected Customer\r\n<\/figcaption><\/div> \r\n\r\n<div class=\"wp-block-image\">\r\n<a href=\"https:\/\/bu.optimum-automotive.com\/wp-content\/uploads\/2024\/07\/pdf\/2017-10-27-www.actionco.fr-27_octobre_2017-50000000302959310.pdf\" title=\"Action.fr\" type=\"application\/pdf\" target=\"_blank\" rel=\"noopener\"><img loading=\"lazy\" decoding=\"async\" src=\"https:\/\/bu.optimum-automotive.com\/wp-content\/uploads\/2024\/07\/jpg\/01-213.jpg\" width=\"188\" height=\"250\" alt=\"PDF - 149.8 kb\"><\/a>\r\n<figcaption class=\"wp-element-caption\"><strong>Action.fr<\/strong><br>\r\nIdentifying bad drivers: technology can make your life easier!\r\n<\/figcaption><\/div> \r\n\r\n<div class=\"wp-block-image\">\r\n<a href=\"https:\/\/bu.optimum-automotive.com\/wp-content\/uploads\/2024\/07\/pdf\/2017-10-19-flottes_automobiles-oct_17-10000000052615837.pdf\" title=\"Car fleets\" type=\"application\/pdf\" target=\"_blank\" rel=\"noopener\"><img loading=\"lazy\" decoding=\"async\" src=\"https:\/\/bu.optimum-automotive.com\/wp-content\/uploads\/2024\/07\/jpg\/01-209.jpg\" width=\"188\" height=\"250\" alt=\"PDF - 169.3 kb\"><\/a>\r\n<figcaption class=\"wp-element-caption\"><strong>Car fleets<\/strong><br>\r\nMAPPING CONTROL CONNECTS THE CUSTOMER\r\n<\/figcaption><\/div> \r\n\r\n<div class=\"wp-block-image\">\r\n<a href=\"https:\/\/bu.optimum-automotive.com\/wp-content\/uploads\/2024\/07\/pdf\/mapping_control_lance_monclientconnecte.pdf\" title=\"journalauto.com\" type=\"application\/pdf\" target=\"_blank\" rel=\"noopener\"><img loading=\"lazy\" decoding=\"async\" src=\"https:\/\/bu.optimum-automotive.com\/wp-content\/uploads\/2024\/07\/jpg\/01-208.jpg\" width=\"188\" height=\"250\" alt=\"PDF - 122.6 kb\"><\/a>\r\n<figcaption class=\"wp-element-caption\"><strong>journalauto.com<\/strong><br>\r\nMapping Control launches MonClientConnect\u00e9\r\n<\/figcaption><\/div> \r\n\r\n<h2 class=\"wp-block-heading\">SEPTEMBER 2017<\/h2>\r\n\r\n<div class=\"wp-block-image\">\r\n<a href=\"https:\/\/bu.optimum-automotive.com\/wp-content\/uploads\/2024\/07\/pdf\/mapping_control_connecte_concessions_et_reparateurs_avec_leurs_clients.pdf\" title=\"Car fleets\" type=\"application\/pdf\" target=\"_blank\" rel=\"noopener\"><img loading=\"lazy\" decoding=\"async\" src=\"https:\/\/bu.optimum-automotive.com\/wp-content\/uploads\/2024\/07\/jpg\/01-207.jpg\" width=\"188\" height=\"250\" alt=\"PDF - 109 kb\"><\/a>\r\n<figcaption class=\"wp-element-caption\"><strong>Car fleets<\/strong><br>\r\nDealerships and repairers connect with \"my connected customer\r\n<\/figcaption><\/div> \r\n\r\n<div class=\"wp-block-image\">\r\n<a href=\"https:\/\/bu.optimum-automotive.com\/wp-content\/uploads\/2024\/07\/pdf\/lusinedigitale.pdf\" title=\"The Digital Factory\" type=\"application\/pdf\" target=\"_blank\" rel=\"noopener\"><img loading=\"lazy\" decoding=\"async\" src=\"https:\/\/bu.optimum-automotive.com\/wp-content\/uploads\/2024\/07\/jpg\/01-206.jpg\" width=\"188\" height=\"250\" alt=\"PDF - 60.4 kb\"><\/a>\r\n<figcaption class=\"wp-element-caption\"><strong>The Digital Factory<\/strong><br>\r\nPass French Tech, the flagship of the<br class=\"autobr\">\r\nFrance as a start-up nation\r\n<\/figcaption><\/div> \r\n\r\n<div class=\"wp-block-image\">\r\n<a href=\"https:\/\/bu.optimum-automotive.com\/wp-content\/uploads\/2024\/07\/pdf\/mapping_control_lance_sa_solution_mon_client_connecte_-_auto_infos.pdf\" title=\"Auto Infos\" type=\"application\/pdf\" target=\"_blank\" rel=\"noopener\"><img loading=\"lazy\" decoding=\"async\" src=\"https:\/\/bu.optimum-automotive.com\/wp-content\/uploads\/2024\/07\/jpg\/01-205.jpg\" width=\"188\" height=\"250\" alt=\"PDF - 527.6 kb\"><\/a>\r\n<figcaption class=\"wp-element-caption\"><strong>Auto Infos<\/strong><br>\r\nMapping Contrai launches its Mon Client Connect\u00e9 solution\r\n<\/figcaption><\/div> \r\n\t\r\n<div class=\"wp-block-image\">\r\n<a href=\"https:\/\/bu.optimum-automotive.com\/wp-content\/uploads\/2024\/07\/pdf\/mc_mon_client_connecte.pdf\" title=\"Workshop decision\" type=\"application\/pdf\" target=\"_blank\" rel=\"noopener\"><img loading=\"lazy\" decoding=\"async\" src=\"https:\/\/bu.optimum-automotive.com\/wp-content\/uploads\/2024\/07\/jpg\/01-204.jpg\" width=\"188\" height=\"250\" alt=\"PDF - 431.6 kb\"><\/a>\r\n<figcaption class=\"wp-element-caption\"><strong>Workshop decision<\/strong><br>\r\nMapping Contrai aims to build driver loyalty with My Connected Customer\r\n<\/figcaption><\/div> \r\n\r\n<div class=\"wp-block-image\">\r\n<a href=\"https:\/\/bu.optimum-automotive.com\/wp-content\/uploads\/2024\/07\/pdf\/2017-09-11-www.flotauto.com-11_septembre_2017-50000000300437364.pdf\" title=\"Car fleets\" type=\"application\/pdf\" target=\"_blank\" rel=\"noopener\"><img loading=\"lazy\" decoding=\"async\" src=\"https:\/\/bu.optimum-automotive.com\/wp-content\/uploads\/2024\/07\/jpg\/01-201.jpg\" width=\"188\" height=\"250\" alt=\"PDF - 107.8 kb\"><\/a>\r\n<figcaption class=\"wp-element-caption\"><strong>Car fleets<\/strong><br>\r\nEngie Ineo: car-sharing and telematics\r\n<\/figcaption><\/div>\r\n\t\r\n<div class=\"wp-block-image\">\r\n<a href=\"https:\/\/bu.optimum-automotive.com\/wp-content\/uploads\/2024\/07\/pdf\/2017-09-11-www.flotauto.com-11_septembre_2017-50000000300437394.pdf\" title=\"Car fleets\" type=\"application\/pdf\" target=\"_blank\" rel=\"noopener\"><img loading=\"lazy\" decoding=\"async\" src=\"https:\/\/bu.optimum-automotive.com\/wp-content\/uploads\/2024\/07\/jpg\/01-200.jpg\" width=\"188\" height=\"250\" alt=\"PDF - 100.3 kb\"><\/a>\r\n<figcaption class=\"wp-element-caption\"><strong>Car fleets<\/strong><br>\r\nCaisse d'Epargne CEPAC: telematics to improve management\r\n<\/figcaption><\/div> \r\n\r\n<div class=\"wp-block-image\"> \r\n<a href=\"https:\/\/bu.optimum-automotive.com\/wp-content\/uploads\/2024\/07\/pdf\/2017-09-12-www.nouvellespublications.com-12_septembre_2017-50000000300449557.pdf\" title=\"New publications\" type=\"application\/pdf\" target=\"_blank\" rel=\"noopener\"><img loading=\"lazy\" decoding=\"async\" src=\"https:\/\/bu.optimum-automotive.com\/wp-content\/uploads\/2024\/07\/jpg\/01-199.jpg\" width=\"188\" height=\"250\" alt=\"PDF - 88.9 kb\"><\/a>\r\n<figcaption class=\"wp-element-caption\"><strong>New publications<\/strong><br>\r\nGuillaume Mordelet: \"There are still a few preconceived ideas about<br class=\"autobr\">\r\nmarket financing\r\n<\/figcaption><\/div> \r\n\r\n<div class=\"wp-block-image\">\r\n<a href=\"https:\/\/bu.optimum-automotive.com\/wp-content\/uploads\/2024\/07\/pdf\/2017-08-04-www.capital.fr-4_aout_2017-50000000298831630.pdf\" title=\"capital\" type=\"application\/pdf\" target=\"_blank\" rel=\"noopener\"><img loading=\"lazy\" decoding=\"async\" src=\"https:\/\/bu.optimum-automotive.com\/wp-content\/uploads\/2024\/07\/jpg\/01-198.jpg\" width=\"188\" height=\"250\" alt=\"PDF - 328.7 kb\"><\/a>\r\n<figcaption class=\"wp-element-caption\"><strong>capital<\/strong><br>\r\nThe 25 entrepreneurs awakening the C\u00f4te d'Azur\r\n<\/figcaption><\/div> \r\n\r\n<div class=\"wp-block-image\">\r\n<a href=\"https:\/\/bu.optimum-automotive.com\/wp-content\/uploads\/2024\/07\/pdf\/2017-08-28-les_nouvelles_publications_economiques_et_juridiques-25_aout_17-10000000052139561.pdf\" title=\"New publications\" type=\"application\/pdf\" target=\"_blank\" rel=\"noopener\"><img loading=\"lazy\" decoding=\"async\" src=\"https:\/\/bu.optimum-automotive.com\/wp-content\/uploads\/2024\/07\/jpg\/01-197.jpg\" width=\"188\" height=\"250\" alt=\"PDF - 464 kb\"><\/a>\r\n<figcaption class=\"wp-element-caption\"><strong>New publications<\/strong><br>\r\nTHERE ARE STILL A FEW PRECONCEPTIONS ABOUT MARKET FINANCING\".\r\n<\/figcaption><\/div> \r\n\r\n<div class=\"wp-block-image\"> \r\n<a href=\"https:\/\/bu.optimum-automotive.com\/wp-content\/uploads\/2024\/07\/pdf\/2017-08-09-l_automobile_l_entreprise-aout_sept_17-10000000052048961.pdf\" title=\"Automobile &amp; Company\" type=\"application\/pdf\" target=\"_blank\" rel=\"noopener\"><img loading=\"lazy\" decoding=\"async\" src=\"https:\/\/bu.optimum-automotive.com\/wp-content\/uploads\/2024\/07\/jpg\/01-196.jpg\" width=\"188\" height=\"250\" alt=\"PDF - 987.5 kb\"><\/a>\r\n<figcaption class=\"wp-element-caption\"><strong>Automobile &amp; Company<\/strong><br>\r\nThe 2017 winners\r\n<\/figcaption><\/div> \r\n\r\n<div class=\"wp-block-image\">\r\n<a href=\"https:\/\/bu.optimum-automotive.com\/wp-content\/uploads\/2024\/07\/pdf\/securite___la_telematique_au_service_de_la_prevention.pdf\" title=\"Car fleets\" type=\"application\/pdf\" target=\"_blank\" rel=\"noopener\"><img loading=\"lazy\" decoding=\"async\" src=\"https:\/\/bu.optimum-automotive.com\/wp-content\/uploads\/2024\/07\/jpg\/01-195.jpg\" width=\"188\" height=\"250\" alt=\"PDF - 2.4 Mb\"><\/a>\r\n<figcaption class=\"wp-element-caption\"><strong>Car fleets<\/strong><br>\r\nSafety: telematics for prevention\r\n<\/figcaption><\/div> \r\n\r\n<h2 class=\"wp-block-heading\">AUGUST 2017<\/h2>\r\n\r\n<div class=\"wp-block-image\">\r\n<a href=\"https:\/\/bu.optimum-automotive.com\/wp-content\/uploads\/2024\/07\/pdf\/telematique_un_marche_en_plein_essor-08-2017.pdf\" title=\"D\u00e9cision-Achats.fr\" type=\"application\/pdf\" target=\"_blank\" rel=\"noopener\"><img loading=\"lazy\" decoding=\"async\" src=\"https:\/\/bu.optimum-automotive.com\/wp-content\/uploads\/2024\/07\/jpg\/01-194.jpg\" width=\"188\" height=\"250\" alt=\"PDF - 410.4 kb\"><\/a>\r\n<figcaption class=\"wp-element-caption\"><strong>D\u00e9cision-Achats.fr<\/strong><br>\r\nTelematics: a booming market\r\n<\/figcaption><\/div> \r\n\r\n<h2 class=\"wp-block-heading\">JULY 2017<\/h2>\r\n\t\r\n<div class=\"wp-block-image\">\r\n<a href=\"https:\/\/bu.optimum-automotive.com\/wp-content\/uploads\/2024\/07\/pdf\/2017-07-04-flottes_automobiles.pdf\" title=\"Car fleets\" type=\"application\/pdf\" target=\"_blank\" rel=\"noopener\"><img loading=\"lazy\" decoding=\"async\" src=\"https:\/\/bu.optimum-automotive.com\/wp-content\/uploads\/2024\/07\/jpg\/01-187.jpg\" width=\"188\" height=\"250\" alt=\"PDF - 903.1 kb\"><\/a>\r\n<figcaption class=\"wp-element-caption\"><strong>Car fleets<\/strong><br>\r\nTCO at the heart of the target\r\n<\/figcaption><\/div> \r\n\r\n<h2 class=\"wp-block-heading\">JUNE 2017<\/h2>\r\n\r\n<div class=\"wp-block-image\">\r\n<a href=\"https:\/\/bu.optimum-automotive.com\/wp-content\/uploads\/2024\/07\/pdf\/2017-06-30-www.automobile-entreprise.com-30_juin_2017-50000000297030164.pdf\" title=\"Automobile &amp; Company\" type=\"application\/pdf\" target=\"_blank\" rel=\"noopener\"><img loading=\"lazy\" decoding=\"async\" src=\"https:\/\/bu.optimum-automotive.com\/wp-content\/uploads\/2024\/07\/jpg\/01-186.jpg\" width=\"188\" height=\"250\" alt=\"PDF - 199.9 kb\"><\/a>\r\n<figcaption class=\"wp-element-caption\"><strong>Automobile &amp; Company<\/strong><br>\r\nMapping Control selected by KPMG to join the HOW network\r\n<\/figcaption><\/div> \r\n\r\n<div class=\"wp-block-image\">\r\n<a href=\"https:\/\/bu.optimum-automotive.com\/wp-content\/uploads\/2024\/07\/pdf\/2017-06-28-capital-juillet_17-10000000051751497.pdf\" title=\"Capital\" type=\"application\/pdf\" target=\"_blank\" rel=\"noopener\"><img loading=\"lazy\" decoding=\"async\" src=\"https:\/\/bu.optimum-automotive.com\/wp-content\/uploads\/2024\/07\/jpg\/01-185.jpg\" width=\"188\" height=\"250\" alt=\"PDF - 1.3 Mb\"><\/a>\r\n<figcaption class=\"wp-element-caption\"><strong>Capital<\/strong><br>\r\nTHE 25 WAKE-UP CALLS FOR LOCAL BUSINESS\r\n<\/figcaption><\/div> \r\n\r\n<div class=\"wp-block-image\"> \r\n<a href=\"https:\/\/bu.optimum-automotive.com\/wp-content\/uploads\/2024\/07\/pdf\/un_webinair_sur_la_gestion_des_amendes_des_collaborateurs.pdf\" title=\"www.deplacementspros.com\" type=\"application\/pdf\" target=\"_blank\" rel=\"noopener\"><img loading=\"lazy\" decoding=\"async\" src=\"https:\/\/bu.optimum-automotive.com\/wp-content\/uploads\/2024\/07\/jpg\/02-9.jpg\" width=\"172\" height=\"250\" alt=\"PDF - 130.9 kb\"><\/a>\r\n<figcaption class=\"wp-element-caption\"><strong>www.deplacementspros.com<\/strong><br>\r\nA webinar on managing employee fines\r\n<\/figcaption><\/div> \r\n\r\n<div class=\"wp-block-image\">\r\n<a href=\"https:\/\/bu.optimum-automotive.com\/wp-content\/uploads\/2024\/07\/pdf\/skm_c25817061308300-2.pdf\" title=\"FLEET JOURNAL\" type=\"application\/pdf\" target=\"_blank\" rel=\"noopener\"><img loading=\"lazy\" decoding=\"async\" src=\"https:\/\/bu.optimum-automotive.com\/wp-content\/uploads\/2024\/07\/jpg\/01-169-2.jpg\" width=\"172\" height=\"250\" alt=\"PDF - 163.6 kb\"><\/a>\r\n<figcaption class=\"wp-element-caption\"><strong>FLEET JOURNAL<\/strong><br>\r\nPSA OFFICIALLY LAUNCHES FREE2MOVE LEASE\r\n<\/figcaption><\/div> \r\n\r\n<div class=\"wp-block-image\"> \r\n<a href=\"https:\/\/bu.optimum-automotive.com\/wp-content\/uploads\/2024\/07\/pdf\/2017-06-13-le_journal_des_flottes-juin_17-2.pdf\" title=\"Le Journal des Flottes\" type=\"application\/pdf\" target=\"_blank\" rel=\"noopener\"><img loading=\"lazy\" decoding=\"async\" src=\"https:\/\/bu.optimum-automotive.com\/wp-content\/uploads\/2024\/07\/jpg\/01-170-2.jpg\" width=\"172\" height=\"250\" alt=\"PDF - 1 Mb\"><\/a>\r\n<figcaption class=\"wp-element-caption\"><strong>Le Journal des Flottes<\/strong><br>\r\nFLEET MANAGEMENT: THE IMPORTANCE OF DATA\r\n<\/figcaption><\/div> \r\n\r\n<div class=\"wp-block-image\">\r\n<a href=\"https:\/\/bu.optimum-automotive.com\/wp-content\/uploads\/2024\/07\/pdf\/2017-06-09-www.econostrum.info-9_juin_2017-50000000295767984-2.pdf\" title=\"www.econostrum.info\" type=\"application\/pdf\" target=\"_blank\" rel=\"noopener\"><img loading=\"lazy\" decoding=\"async\" src=\"https:\/\/bu.optimum-automotive.com\/wp-content\/uploads\/2024\/07\/jpg\/01-168-2.jpg\" width=\"172\" height=\"250\" alt=\"PDF - 327.3 kb\"><\/a>\r\n<figcaption class=\"wp-element-caption\"><strong>www.econostrum.info<\/strong><br>\r\nA new milestone in 2017 for Mapping Control\r\n<\/figcaption><\/div> \r\n\r\n<div class=\"wp-block-image\">\r\n<a href=\"https:\/\/bu.optimum-automotive.com\/wp-content\/uploads\/2024\/07\/pdf\/2017-06-08-l_automobile_l_entreprise-juin_17-10000000051577625-2.pdf\" title=\"Automobile &amp; Company\" type=\"application\/pdf\" target=\"_blank\" rel=\"noopener\"><img loading=\"lazy\" decoding=\"async\" src=\"https:\/\/bu.optimum-automotive.com\/wp-content\/uploads\/2024\/07\/jpg\/01-165-2.jpg\" width=\"172\" height=\"250\" alt=\"PDF - 1.2 Mb\"><\/a>\r\n<figcaption class=\"wp-element-caption\"><strong>Automobile &amp; Company<\/strong><br>\r\nManagement software: an evolving market\r\n<\/figcaption><\/div> \r\n\r\n<div class=\"wp-block-image\">\r\n<a href=\"https:\/\/bu.optimum-automotive.com\/wp-content\/uploads\/2024\/07\/pdf\/2017-05-30-le_moniteur_des_travaux_publics_et_du_batiment-02_juin_17-10000000051492096_1_-2.pdf\" title=\"Le Moniteur\" type=\"application\/pdf\" target=\"_blank\" rel=\"noopener\"><img loading=\"lazy\" decoding=\"async\" src=\"https:\/\/bu.optimum-automotive.com\/wp-content\/uploads\/2024\/07\/jpg\/01-166-2.jpg\" width=\"172\" height=\"250\" alt=\"PDF - 385.8 kb\"><\/a>\r\n<figcaption class=\"wp-element-caption\"><strong>Le Moniteur<\/strong><br>\r\nCOMPANY VEHICLES<br class=\"autobr\">\r\nAN ENTIRE ECOSYSTEM\r\n<\/figcaption><\/div> \r\n\r\n<h2 class=\"wp-block-heading\">MAY 2017<\/h2>\r\n\r\n<div class=\"wp-block-image\">\r\n<a href=\"https:\/\/bu.optimum-automotive.com\/wp-content\/uploads\/2024\/07\/pdf\/2017-05-09-l_automobile_l_entreprise-mai_17.pdf\" title=\"Automobile &amp; Company\" type=\"application\/pdf\" target=\"_blank\" rel=\"noopener\"><img loading=\"lazy\" decoding=\"async\" src=\"https:\/\/bu.optimum-automotive.com\/wp-content\/uploads\/2024\/07\/jpg\/01-163.jpg\" width=\"172\" height=\"250\" alt=\"PDF - 241 kb\"><\/a>\r\n<figcaption class=\"wp-element-caption\"><strong>Automobile &amp; Company<\/strong><br>\r\nMapping Control: a new offering and a partnership with PSA\r\n<\/figcaption><\/div> \r\n\r\n<div class=\"wp-block-image\"> \r\n<a href=\"https:\/\/bu.optimum-automotive.com\/wp-content\/uploads\/2024\/07\/pdf\/2017-05-17-decision_achats-mai_17.pdf\" title=\"PURCHASING DECISION\" type=\"application\/pdf\" target=\"_blank\" rel=\"noopener\"><img loading=\"lazy\" decoding=\"async\" src=\"https:\/\/bu.optimum-automotive.com\/wp-content\/uploads\/2024\/07\/jpg\/01-164.jpg\" width=\"172\" height=\"250\" alt=\"PDF - 514.8 kb\"><\/a>\r\n<figcaption class=\"wp-element-caption\"><strong>PURCHASING DECISION<\/strong><br>\r\nFLEET MANAGEMENT FOCUS Telematics: a booming market\r\n\r\n<\/figcaption><\/div> \r\n\r\n<h2 class=\"wp-block-heading\">APRIL 2017<\/h2>\r\n\r\n<div class=\"wp-block-image\">\r\n<a href=\"https:\/\/bu.optimum-automotive.com\/wp-content\/uploads\/2024\/07\/pdf\/2017-04-26-les_echos_supplement-26_avril_17.pdf\" title=\"Les Echos Supplement\" type=\"application\/pdf\" target=\"_blank\" rel=\"noopener\"><img loading=\"lazy\" decoding=\"async\" src=\"https:\/\/bu.optimum-automotive.com\/wp-content\/uploads\/2024\/07\/jpg\/01-161.jpg\" width=\"172\" height=\"250\" alt=\"PDF - 247.8 kb\"><\/a>\r\n<figcaption class=\"wp-element-caption\"><strong>Les Echos Supplement<\/strong><br>\r\nSPECIAL CORPORATE FLEET <br class=\"manualbr\">Parking tickets: what changes with the obligation to identify offenders\r\n<\/figcaption><\/div> \r\n\r\n<div class=\"wp-block-image\"> \r\n<a href=\"https:\/\/bu.optimum-automotive.com\/wp-content\/uploads\/2024\/07\/pdf\/2017-04-20-flottes_automobiles-avril_17-10000000051169564.pdf\" title=\"Car fleets\" type=\"application\/pdf\" target=\"_blank\" rel=\"noopener\"><img loading=\"lazy\" decoding=\"async\" src=\"https:\/\/bu.optimum-automotive.com\/wp-content\/uploads\/2024\/07\/jpg\/01-160.jpg\" width=\"172\" height=\"250\" alt=\"PDF - 619 kb\"><\/a>\r\n<figcaption class=\"wp-element-caption\"><strong>Car fleets<\/strong><br>\r\nOn-board telematics, a management complement?\r\n<\/figcaption><\/div> \r\n\r\n<div class=\"wp-block-image\"> \r\n<a href=\"https:\/\/bu.optimum-automotive.com\/wp-content\/uploads\/2024\/07\/pdf\/2017-04-13-www.labourseetlavie.com-13_avril_2017-50000000292425074.pdf\" title=\"www.labourseetlavie.com\" type=\"application\/pdf\" target=\"_blank\" rel=\"noopener\"><img loading=\"lazy\" decoding=\"async\" src=\"https:\/\/bu.optimum-automotive.com\/wp-content\/uploads\/2024\/07\/jpg\/01-158.jpg\" width=\"172\" height=\"250\" alt=\"PDF - 170 kb\"><\/a>\r\n<figcaption class=\"wp-element-caption\"><strong>www.labourseetlavie.com<\/strong><br>\r\nCompany vehicles: 67 to 220 euros in potential savings<br class=\"autobr\">\r\nper car per month with MAPPING CONTROL\r\n<\/figcaption><\/div> \r\n\r\n<div class=\"wp-block-image\"> \r\n<a href=\"https:\/\/bu.optimum-automotive.com\/wp-content\/uploads\/2024\/07\/pdf\/2017-04-06-l_automobile_l_entreprise-avril_17-10000000051040334.pdf\" title=\"Automobile &amp; Company\" type=\"application\/pdf\" target=\"_blank\" rel=\"noopener\"><img loading=\"lazy\" decoding=\"async\" src=\"https:\/\/bu.optimum-automotive.com\/wp-content\/uploads\/2024\/07\/jpg\/01-156.jpg\" width=\"172\" height=\"250\" alt=\"PDF - 995.9 kb\"><\/a>\r\n<figcaption class=\"wp-element-caption\"><strong>Automobile &amp; Company<\/strong><br>\r\nFines: the new deal\r\n<\/figcaption><\/div> \r\n\r\n<div class=\"wp-block-image\"> \r\n<a href=\"https:\/\/bu.optimum-automotive.com\/wp-content\/uploads\/2024\/07\/pdf\/2017-04-08-le_journal_des_entreprises_edition_provence-cote_d_azur-avril_17-10000000051055950.pdf\" title=\"LE JOURNAL DES ENTREPRISES PROVENCE-COTE D&#039;AZUR EDITION\" type=\"application\/pdf\" target=\"_blank\" rel=\"noopener\"><img loading=\"lazy\" decoding=\"async\" src=\"https:\/\/bu.optimum-automotive.com\/wp-content\/uploads\/2024\/07\/jpg\/01-157.jpg\" width=\"172\" height=\"250\" alt=\"PDF - 142 kb\"><\/a>\r\n<figcaption class=\"wp-element-caption\"><strong>LE JOURNAL DES ENTREPRISES PROVENCE-COTE D'AZUR EDITION<\/strong><br>\r\nMapping Control Partnership with PSA\r\n<\/figcaption><\/div> \r\n\r\n<div class=\"wp-block-image\"> \r\n<a href=\"https:\/\/bu.optimum-automotive.com\/wp-content\/uploads\/2024\/07\/pdf\/cokpit__hiver_2016.pdf\" title=\"COCKPIT MAGAZINE #106\" type=\"application\/pdf\" target=\"_blank\" rel=\"noopener\"><img loading=\"lazy\" decoding=\"async\" src=\"https:\/\/bu.optimum-automotive.com\/wp-content\/uploads\/2024\/07\/jpg\/01-155.jpg\" width=\"172\" height=\"250\" alt=\"PDF - 858.8 kb\"><\/a>\r\n<figcaption class=\"wp-element-caption\"><strong>COCKPIT MAGAZINE #106<\/strong><br>\r\nCONNECTED BEYOND BORDERS, Making the connected vehicle a market of the future, by Mapping Control\r\n<\/figcaption><\/div> \r\n\r\n<div class=\"wp-block-image\">\r\n<a href=\"https:\/\/bu.optimum-automotive.com\/wp-content\/uploads\/2024\/07\/pdf\/2017-04-06-www.lejournaldesentreprises.com-6_avril_2017.pdf\" title=\"www.lejournaldesentreprises.com\" type=\"application\/pdf\" target=\"_blank\" rel=\"noopener\"><img loading=\"lazy\" decoding=\"async\" src=\"https:\/\/bu.optimum-automotive.com\/wp-content\/uploads\/2024\/07\/jpg\/01-153.jpg\" width=\"172\" height=\"250\" alt=\"PDF - 56.5 kb\"><\/a>\r\n<figcaption class=\"wp-element-caption\"><strong>www.lejournaldesentreprises.com<\/strong><br>\r\nAix-en-Provence. Mapping Control signs a partnership with<br class=\"autobr\">\r\nPSA Group\r\n<\/figcaption><\/div> \r\n\r\n<div class=\"wp-block-image\"> \r\n<a href=\"https:\/\/bu.optimum-automotive.com\/wp-content\/uploads\/2024\/07\/pdf\/2017-04-05-journal_de_l_automobile-07_avril_17.pdf\" title=\"Le Journal de l&#039;Automobile\" type=\"application\/pdf\" target=\"_blank\" rel=\"noopener\"><img loading=\"lazy\" decoding=\"async\" src=\"https:\/\/bu.optimum-automotive.com\/wp-content\/uploads\/2024\/07\/jpg\/01-152.jpg\" width=\"172\" height=\"250\" alt=\"PDF - 1.1 Mb\"><\/a>\r\n<figcaption class=\"wp-element-caption\"><strong>Le Journal de l'Automobile<\/strong><br>\r\nNo more false starts for carsharing\r\n\r\n<\/figcaption><\/div> \r\n\r\n<h2 class=\"wp-block-heading\">MARCH 2017<\/h2>\r\n\r\n<div class=\"wp-block-image\"> \r\n<a href=\"https:\/\/bu.optimum-automotive.com\/wp-content\/uploads\/2024\/07\/pdf\/2017-03-28-la_tribune_des_auto-ecoles-mars_17.pdf\" title=\"The Driving School Tribune\" type=\"application\/pdf\" target=\"_blank\" rel=\"noopener\"><img loading=\"lazy\" decoding=\"async\" src=\"https:\/\/bu.optimum-automotive.com\/wp-content\/uploads\/2024\/07\/jpg\/01-151.jpg\" width=\"172\" height=\"250\" alt=\"PDF - 217.6 kb\"><\/a>\r\n<figcaption class=\"wp-element-caption\"><strong>The Driving School Tribune<\/strong><br>\r\nMapping Control and the CER network formalize their partnership\r\n<\/figcaption><\/div> \r\n\r\n<div class=\"wp-block-image\">\r\n<a href=\"https:\/\/bu.optimum-automotive.com\/wp-content\/uploads\/2024\/07\/pdf\/mapping_control_une_nouvelle_offre_et_un_partenariat_avec-psa.pdf\" title=\"www.automobile-entreprise.com\" type=\"application\/pdf\" target=\"_blank\" rel=\"noopener\"><img loading=\"lazy\" decoding=\"async\" src=\"https:\/\/bu.optimum-automotive.com\/wp-content\/uploads\/2024\/07\/jpg\/01-146.jpg\" width=\"142\" height=\"200\" alt=\"PDF - 1.8 Mb\"><\/a>\r\n<figcaption class=\"wp-element-caption\"><strong>www.automobile-entreprise.com<\/strong><br>\r\nMapping Control: a new offering and a partnership with PSA\r\n<\/figcaption><\/div> \r\n\r\n<div class=\"wp-block-image\">\r\n<a href=\"https:\/\/bu.optimum-automotive.com\/wp-content\/uploads\/2024\/07\/pdf\/mapping_control_rejoint_psa_connect_fleet_management.pdf\" title=\"journalauto.com\" type=\"application\/pdf\" target=\"_blank\" rel=\"noopener\"><img loading=\"lazy\" decoding=\"async\" src=\"https:\/\/bu.optimum-automotive.com\/wp-content\/uploads\/2024\/07\/jpg\/2017-03-23_10h29_17.png\" width=\"643\" height=\"907\" alt=\"PDF - 330.3 kb\"><\/a>\r\n<figcaption class=\"wp-element-caption\"><strong>journalauto.com<\/strong><br>\r\nMapping Control joins PSA Connect Fleet Management\r\n<\/figcaption><\/div> \r\n\r\n<div class=\"wp-block-image\">\r\n<a href=\"https:\/\/bu.optimum-automotive.com\/wp-content\/uploads\/2024\/07\/pdf\/2017-03-16-decideurs_magazine-mars_17.pdf\" title=\"DECIDEURS MAGAZINE\" type=\"application\/pdf\" target=\"_blank\" rel=\"noopener\"><img loading=\"lazy\" decoding=\"async\" src=\"https:\/\/bu.optimum-automotive.com\/wp-content\/uploads\/2024\/07\/jpg\/01-2.png\" width=\"142\" height=\"200\" alt=\"PDF - 540.9 kb\"><\/a>\r\n<figcaption class=\"wp-element-caption\"><strong>DECIDEURS MAGAZINE<\/strong><br>\r\nTHE FLEET ECOSYSTEM TAKES SHAPE\r\n<\/figcaption><\/div> \r\n\r\n<div class=\"wp-block-image\"> \r\n<a href=\"https:\/\/bu.optimum-automotive.com\/wp-content\/uploads\/2024\/07\/pdf\/2017-03-17-www.mediarh.com-17_mars_2017.pdf\" title=\"www.mediarh.com\" type=\"application\/pdf\" target=\"_blank\" rel=\"noopener\"><img loading=\"lazy\" decoding=\"async\" src=\"https:\/\/bu.optimum-automotive.com\/wp-content\/uploads\/2024\/07\/jpg\/01-145.jpg\" width=\"142\" height=\"200\" alt=\"PDF - 77.2 kb\"><\/a>\r\n<figcaption class=\"wp-element-caption\"><strong>www.mediarh.com<\/strong><br>\r\nFive questions to : Barbara TRON,HR Director, MAPPING CONTROL\r\n<\/figcaption><\/div> \r\n\r\n<div class=\"wp-block-image\"> \r\n<a href=\"https:\/\/bu.optimum-automotive.com\/wp-content\/uploads\/2024\/07\/pdf\/2017-03-07-le_journal_des_entreprises_edition_provence-cote_d_azur-03_mars.pdf\" title=\"COMPANY NEWSPAPER\" type=\"application\/pdf\" target=\"_blank\" rel=\"noopener\"><img loading=\"lazy\" decoding=\"async\" src=\"https:\/\/bu.optimum-automotive.com\/wp-content\/uploads\/2024\/07\/jpg\/01-143.jpg\" width=\"142\" height=\"200\" alt=\"PDF - 130.8 kb\"><\/a>\r\n<figcaption class=\"wp-element-caption\"><strong>COMPANY NEWSPAPER<\/strong><br>\r\nMapping Control. Present at Flotauto meetings\r\n<\/figcaption><\/div> \r\n\r\n<div class=\"wp-block-image\"> \r\n<a href=\"https:\/\/bu.optimum-automotive.com\/wp-content\/uploads\/2024\/07\/pdf\/2017-03-11-www.capital.fr-11_mars.pdf\" title=\"www.capital.fr\" type=\"application\/pdf\" target=\"_blank\" rel=\"noopener\"><img loading=\"lazy\" decoding=\"async\" src=\"https:\/\/bu.optimum-automotive.com\/wp-content\/uploads\/2024\/07\/jpg\/01-144.jpg\" width=\"142\" height=\"200\" alt=\"PDF - 143 kb\"><\/a>\r\n<figcaption class=\"wp-element-caption\"><strong>www.capital.fr<\/strong><br>\r\nCOLIPAQ equips its utilities with the Mapping Control solution\r\n<\/figcaption><\/div> \r\n\r\n<h2 class=\"wp-block-heading\">FEBRUARY 2017<\/h2>\r\n\r\n<div class=\"wp-block-image\"> \r\n<a href=\"https:\/\/bu.optimum-automotive.com\/wp-content\/uploads\/2024\/07\/pdf\/2017-02-27-www.deplacementspros.com.pdf\" title=\"deplacementspros.com\" type=\"application\/pdf\" target=\"_blank\" rel=\"noopener\"><img loading=\"lazy\" decoding=\"async\" src=\"https:\/\/bu.optimum-automotive.com\/wp-content\/uploads\/2024\/07\/jpg\/01-141.jpg\" width=\"142\" height=\"200\" alt=\"PDF - 70.7 kb\"><\/a>\r\n<figcaption class=\"wp-element-caption\"><strong>deplacementspros.com<\/strong><br>\r\nPV: a webinair to adapt to the obligation to identify drivers\r\n<\/figcaption><\/div> \r\n\r\n<div class=\"wp-block-image\"> \r\n<a href=\"https:\/\/bu.optimum-automotive.com\/wp-content\/uploads\/2024\/07\/pdf\/2017-02-22-l_automobile_l_entreprise-fev_mars_17-10000000050607413.pdf\" title=\"THE AUTOMOBILE &amp; THE COMPANY\" type=\"application\/pdf\" target=\"_blank\" rel=\"noopener\"><img loading=\"lazy\" decoding=\"async\" src=\"https:\/\/bu.optimum-automotive.com\/wp-content\/uploads\/2024\/07\/jpg\/01-139.jpg\" width=\"142\" height=\"200\" alt=\"PDF - 1.2 Mb\"><\/a>\r\n<figcaption class=\"wp-element-caption\"><strong>THE AUTOMOBILE &amp; THE COMPANY<\/strong><br>\r\nTelematics: general mobilization!\r\n<\/figcaption><\/div> \r\n\r\n<div class=\"wp-block-image\"> \r\n<a href=\"https:\/\/bu.optimum-automotive.com\/wp-content\/uploads\/2024\/07\/pdf\/2017-02-22-www.studyrama-emploi.com-22_fevrier_2017-50000000289518214.pdf\" title=\"studyrama-emploi.com\" type=\"application\/pdf\" target=\"_blank\" rel=\"noopener\"><img loading=\"lazy\" decoding=\"async\" src=\"https:\/\/bu.optimum-automotive.com\/wp-content\/uploads\/2024\/07\/jpg\/01-138.jpg\" width=\"142\" height=\"200\" alt=\"PDF - 54.1 kb\"><\/a>\r\n<figcaption class=\"wp-element-caption\"><strong>studyrama-emploi.com<\/strong><br>\r\nMapping Control: 20 sales representatives and technicians wanted\r\n<\/figcaption><\/div> \r\n\r\n<div class=\"wp-block-image\"> \r\n<a href=\"https:\/\/bu.optimum-automotive.com\/wp-content\/uploads\/2024\/07\/pdf\/2017-02-15-flottes_automobiles-fev_17-10000000050549380.pdf\" title=\"Car fleets\" type=\"application\/pdf\" target=\"_blank\" rel=\"noopener\"><img loading=\"lazy\" decoding=\"async\" src=\"https:\/\/bu.optimum-automotive.com\/wp-content\/uploads\/2024\/07\/jpg\/01-137.jpg\" width=\"142\" height=\"200\" alt=\"PDF - 765.4 kb\"><\/a>\r\n<figcaption class=\"wp-element-caption\"><strong>Car fleets<\/strong><br>\r\nOn-board telematics: from niche to mass deployment\r\n<\/figcaption><\/div> \r\n\r\n<div class=\"wp-block-image\"> \r\n<a href=\"https:\/\/bu.optimum-automotive.com\/wp-content\/uploads\/2024\/07\/pdf\/2017-02-15-flottes_automobiles-fev_17-10000000050549376.pdf\" title=\"Car fleets\" type=\"application\/pdf\" target=\"_blank\" rel=\"noopener\"><img loading=\"lazy\" decoding=\"async\" src=\"https:\/\/bu.optimum-automotive.com\/wp-content\/uploads\/2024\/07\/jpg\/01-136.jpg\" width=\"142\" height=\"200\" alt=\"PDF - 212.1 kb\"><\/a>\r\n<figcaption class=\"wp-element-caption\"><strong>Car fleets<\/strong><br>\r\nDirect and indirect savings\r\n<\/figcaption><\/div> \r\n\r\n<div class=\"wp-block-image\"> \r\n<a href=\"https:\/\/bu.optimum-automotive.com\/wp-content\/uploads\/2024\/07\/pdf\/la_provence.pdf\" title=\"La Provence\" type=\"application\/pdf\" target=\"_blank\" rel=\"noopener\"><img loading=\"lazy\" decoding=\"async\" src=\"https:\/\/bu.optimum-automotive.com\/wp-content\/uploads\/2024\/07\/jpg\/01-135.jpg\" width=\"142\" height=\"200\" alt=\"PDF - 219.2 kb\"><\/a>\r\n<figcaption class=\"wp-element-caption\"><strong>La Provence<\/strong><br>\r\nMapping Control will be recruiting around 100 employees.\r\n<\/figcaption><\/div> \r\n\r\n<div class=\"wp-block-image\"> \r\n<a href=\"https:\/\/bu.optimum-automotive.com\/wp-content\/uploads\/2024\/07\/pdf\/2017-02-07-www.silicon.fr.pdf\" title=\"silicon.fr\" type=\"application\/pdf\" target=\"_blank\" rel=\"noopener\"><img loading=\"lazy\" decoding=\"async\" src=\"https:\/\/bu.optimum-automotive.com\/wp-content\/uploads\/2024\/07\/jpg\/01-134.jpg\" width=\"142\" height=\"200\" alt=\"PDF - 70.5 kb\"><\/a>\r\n<figcaption class=\"wp-element-caption\"><strong>silicon.fr<\/strong><br>\r\nMAPPING CONTROL will be present at the Rencontres Flotauto. Visit<br class=\"autobr\">\r\n9\/03\/2017 - Paris La Villette. Stand N\u00b0191\r\n<\/figcaption><\/div> \r\n\r\n<div class=\"wp-block-image\"> \r\n<a href=\"https:\/\/bu.optimum-automotive.com\/wp-content\/uploads\/2024\/07\/pdf\/2017-02-03-www.capital.fr.pdf\" title=\"capital.fr\" type=\"application\/pdf\" target=\"_blank\" rel=\"noopener\"><img loading=\"lazy\" decoding=\"async\" src=\"https:\/\/bu.optimum-automotive.com\/wp-content\/uploads\/2024\/07\/jpg\/01-133.jpg\" width=\"142\" height=\"200\" alt=\"PDF - 91.2 kb\"><\/a>\r\n<figcaption class=\"wp-element-caption\"><strong>capital.fr<\/strong><br>\r\nMAPPING CONTROL launches ambitious recruitment plan to double its workforce in 2017\r\n<\/figcaption><\/div> \r\n\r\n<div class=\"wp-block-image\">\r\n<a href=\"https:\/\/bu.optimum-automotive.com\/wp-content\/uploads\/2024\/07\/pdf\/mapping_control_poursuit_son_developpement.pdf\" title=\"automobile-entreprise.com\" type=\"application\/pdf\" target=\"_blank\" rel=\"noopener\"><img loading=\"lazy\" decoding=\"async\" src=\"https:\/\/bu.optimum-automotive.com\/wp-content\/uploads\/2024\/07\/jpg\/01-132.jpg\" width=\"142\" height=\"200\" alt=\"PDF - 1.6 Mb\"><\/a>\r\n<figcaption class=\"wp-element-caption\"><strong>automobile-entreprise.com<\/strong><br>\r\nMapping Control continues to grow\r\n<\/figcaption><\/div> \r\n\r\n<div class=\"wp-block-image\">\r\n<a href=\"https:\/\/bu.optimum-automotive.com\/wp-content\/uploads\/2024\/07\/pdf\/mapping_control_etend_ses_services_telematiques_aux_infractions.pdf\" title=\"www.flotauto.com\" type=\"application\/pdf\" target=\"_blank\" rel=\"noopener\"><img loading=\"lazy\" decoding=\"async\" src=\"https:\/\/bu.optimum-automotive.com\/wp-content\/uploads\/2024\/07\/jpg\/01-128.jpg\" width=\"142\" height=\"200\" alt=\"PDF - 206.2 kb\"><\/a>\r\n<figcaption class=\"wp-element-caption\"><strong>www.flotauto.com<\/strong><br>\r\nMapping Control extends its telematic services to infringements\r\n<\/figcaption><\/div> \r\n\r\n<h2 class=\"wp-block-heading\">JANUARY 2017<\/h2>\r\n\r\n<div class=\"wp-block-image\"> \r\n<a href=\"https:\/\/bu.optimum-automotive.com\/wp-content\/uploads\/2024\/07\/pdf\/2017-01-11-fr.news.yahoo.com-11_janvier_2017-50000000287164168.pdf\" title=\"en.news.yahoo.com\" type=\"application\/pdf\" target=\"_blank\" rel=\"noopener\"><img loading=\"lazy\" decoding=\"async\" src=\"https:\/\/bu.optimum-automotive.com\/wp-content\/uploads\/2024\/07\/jpg\/01-124.jpg\" width=\"142\" height=\"200\" alt=\"PDF - 116.3 kb\"><\/a>\r\n<figcaption class=\"wp-element-caption\"><strong>en.news.yahoo.com<\/strong><br>\r\nHappy New Year on the road with MAPPING CONTROL!<br class=\"autobr\">\r\nSince the\r\n<\/figcaption><\/div> \r\n\r\n<div class=\"wp-block-image\">\r\n<a href=\"https:\/\/bu.optimum-automotive.com\/wp-content\/uploads\/2024\/07\/pdf\/2017-01-10-le_journal_des_entreprises_edition_provence-cote_d_azur-jan_17-10000000050197940.pdf\" title=\"COMPANY NEWSPAPER\" type=\"application\/pdf\" target=\"_blank\" rel=\"noopener\"><img loading=\"lazy\" decoding=\"async\" src=\"https:\/\/bu.optimum-automotive.com\/wp-content\/uploads\/2024\/07\/jpg\/01-123.jpg\" width=\"142\" height=\"200\" alt=\"PDF - 164.6 kb\"><\/a>\r\n<figcaption class=\"wp-element-caption\"><strong>COMPANY NEWSPAPER<\/strong><br>\r\nMapping control. Driving school partner\r\n\r\n<\/figcaption><\/div> \r\n\r\n<h2 class=\"wp-block-heading\">DECEMBER 2016<\/h2>\r\n\r\n<div class=\"wp-block-image\">\r\n<a href=\"https:\/\/bu.optimum-automotive.com\/wp-content\/uploads\/2024\/07\/pdf\/2016-12-25-le_journal_des_flottes-dec_16-10000000050076340.pdf\" title=\"FLEET JOURNAL\" type=\"application\/pdf\" target=\"_blank\" rel=\"noopener\"><img loading=\"lazy\" decoding=\"async\" src=\"https:\/\/bu.optimum-automotive.com\/wp-content\/uploads\/2024\/07\/jpg\/01-121.jpg\" width=\"142\" height=\"200\" alt=\"PDF - 255.6 kb\"><\/a>\r\n<figcaption class=\"wp-element-caption\"><strong>FLEET JOURNAL<\/strong><br>\r\nMAPPING CONTROL AIMS TO BE EVER MORE ENTERPRISING\r\n<\/figcaption><\/div> \r\n\r\n<div class=\"wp-block-image\">\r\n<a href=\"https:\/\/bu.optimum-automotive.com\/wp-content\/uploads\/2024\/07\/pdf\/2016-12-25-le_journal_des_flottes-dec_16-10000000050076450.pdf\" title=\"FLEET JOURNAL\" type=\"application\/pdf\" target=\"_blank\" rel=\"noopener\"><img loading=\"lazy\" decoding=\"async\" src=\"https:\/\/bu.optimum-automotive.com\/wp-content\/uploads\/2024\/07\/jpg\/01-120.jpg\" width=\"142\" height=\"200\" alt=\"PDF - 808.6 kb\"><\/a>\r\n<figcaption class=\"wp-element-caption\"><strong>FLEET JOURNAL<\/strong><br>\r\nWHY YOU NEED TO GEOLOCATE YOUR VUL\r\n<\/figcaption><\/div> \r\n\r\n<div class=\"wp-block-image\">\r\n<a href=\"https:\/\/bu.optimum-automotive.com\/wp-content\/uploads\/2024\/07\/pdf\/2016-12-13-chef_d_entreprise_magazine_supplement-nov_16_jan_17-10000000049958966.pdf\" title=\"CHEF D&#039;ENTREPRISE MAGAZINE\" type=\"application\/pdf\" target=\"_blank\" rel=\"noopener\"><img loading=\"lazy\" decoding=\"async\" src=\"https:\/\/bu.optimum-automotive.com\/wp-content\/uploads\/2024\/07\/jpg\/01-119.jpg\" width=\"142\" height=\"200\" alt=\"PDF - 267.5 kb\"><\/a>\r\n<figcaption class=\"wp-element-caption\"><strong>CHEF D'ENTREPRISE MAGAZINE<\/strong><br>\r\nGEOLOCATION: CHOOSING THE RIGHT SOLUTION\r\n<\/figcaption><\/div> \r\n\r\n<div class=\"wp-block-image\">\r\n<a href=\"https:\/\/bu.optimum-automotive.com\/wp-content\/uploads\/2024\/07\/pdf\/2016-12-14-chef_d_entreprise_magazine_supplement-nov_16_jan_17-10000000049958971.pdf\" title=\"CHEF D&#039;ENTREPRISE MAGAZINE\" type=\"application\/pdf\" target=\"_blank\" rel=\"noopener\"><img loading=\"lazy\" decoding=\"async\" src=\"https:\/\/bu.optimum-automotive.com\/wp-content\/uploads\/2024\/07\/jpg\/01-118.jpg\" width=\"142\" height=\"200\" alt=\"PDF - 281.5 kb\"><\/a>\r\n<figcaption class=\"wp-element-caption\"><strong>CHEF D'ENTREPRISE MAGAZINE<\/strong><br>\r\nFLEET MANAGEMENT SOFTWARE: HOW TO GET THE MOST OUT OF IT?\r\n<\/figcaption><\/div> \r\n\r\n<div class=\"wp-block-image\"> \r\n<a href=\"https:\/\/bu.optimum-automotive.com\/wp-content\/uploads\/2024\/07\/pdf\/2016-12-09-www.labourseetlavie.com-9_d-cembre_2016-50000000285651375.pdf\" title=\"Labourseetlavie.com\" type=\"application\/pdf\" target=\"_blank\" rel=\"noopener\"><img loading=\"lazy\" decoding=\"async\" src=\"https:\/\/bu.optimum-automotive.com\/wp-content\/uploads\/2024\/07\/jpg\/01-117.jpg\" width=\"184\" height=\"260\" alt=\"PDF - 88.1 kb\"><\/a>\r\n<figcaption class=\"wp-element-caption\"><strong>Labourseetlavie.com<\/strong><br>\r\nMAPPING CONTROL becomes official partner of the CER driving school network\r\n<\/figcaption><\/div> \r\n\r\n<div class=\"wp-block-image\"> \r\n<a href=\"https:\/\/bu.optimum-automotive.com\/wp-content\/uploads\/2024\/07\/pdf\/2016-12-09-www.generation-nt.com-9_d-cembre_2016-50000000285653520.pdf\" title=\"generation-nt.com\" type=\"application\/pdf\" target=\"_blank\" rel=\"noopener\"><img loading=\"lazy\" decoding=\"async\" src=\"https:\/\/bu.optimum-automotive.com\/wp-content\/uploads\/2024\/07\/jpg\/01-116.jpg\" width=\"184\" height=\"260\" alt=\"PDF - 112.1 kb\"><\/a>\r\n<figcaption class=\"wp-element-caption\"><strong>generation-nt.com<\/strong><br>\r\nMAPPING CONTROL becomes official partner of the CER driving school network\r\n<\/figcaption><\/div> \r\n\r\n<div class=\"wp-block-image\"> \r\n<a href=\"https:\/\/bu.optimum-automotive.com\/wp-content\/uploads\/2024\/07\/pdf\/2016-12-09-www.euroinvestor.fr-9_d-cembre_2016-50000000285658253.pdf\" title=\"euroinvestor.fr\" type=\"application\/pdf\" target=\"_blank\" rel=\"noopener\"><img loading=\"lazy\" decoding=\"async\" src=\"https:\/\/bu.optimum-automotive.com\/wp-content\/uploads\/2024\/07\/jpg\/01-115.jpg\" width=\"184\" height=\"260\" alt=\"PDF - 85.5 kb\"><\/a>\r\n<figcaption class=\"wp-element-caption\"><strong>euroinvestor.fr<\/strong><br>\r\nMAPPING CONTROL becomes an official partner of the driving school network<br class=\"autobr\">\r\nCER\r\n<\/figcaption><\/div> \r\n\r\n<div class=\"wp-block-image\"> \r\n<a href=\"https:\/\/bu.optimum-automotive.com\/wp-content\/uploads\/2024\/07\/pdf\/2016-12-09-fr.finance.yahoo.com-9_d-cembre_2016-50000000285653017.pdf\" title=\"en.finance.yahoo.com\" type=\"application\/pdf\" target=\"_blank\" rel=\"noopener\"><img loading=\"lazy\" decoding=\"async\" src=\"https:\/\/bu.optimum-automotive.com\/wp-content\/uploads\/2024\/07\/jpg\/01-114.jpg\" width=\"184\" height=\"260\" alt=\"PDF - 105.6 kb\"><\/a>\r\n<figcaption class=\"wp-element-caption\"><strong>en.finance.yahoo.com<\/strong><br>\r\nMAPPING CONTROL becomes an official partner of the driving school network<br class=\"autobr\">\r\nCER\r\n<\/figcaption><\/div> \r\n\r\n<div class=\"wp-block-image\">\r\n<a href=\"https:\/\/bu.optimum-automotive.com\/wp-content\/uploads\/2024\/07\/pdf\/2016-12-09-bourse.six-financial-information.fr-9_d-cembre_2016-50000000285658062.pdf\" title=\"bourse.six-financial-information.fr\" type=\"application\/pdf\" target=\"_blank\" rel=\"noopener\"><img loading=\"lazy\" decoding=\"async\" src=\"https:\/\/bu.optimum-automotive.com\/wp-content\/uploads\/2024\/07\/jpg\/01-113.jpg\" width=\"184\" height=\"260\" alt=\"PDF - 86.2 kb\"><\/a>\r\n<figcaption class=\"wp-element-caption\"><strong>bourse.six-financial-information.fr<\/strong><br>\r\nMAPPING CONTROL becomes official partner of the CER driving school network\r\n<\/figcaption><\/div> \r\n\r\n<div class=\"wp-block-image\">\r\n<a href=\"https:\/\/bu.optimum-automotive.com\/wp-content\/uploads\/2024\/07\/pdf\/itespresso.fr-mapping_control_devient_partenaire_officiel_du_reseau_dauto-ecoles_cer.pdf\" title=\"itespresso.fr\" type=\"application\/pdf\" target=\"_blank\" rel=\"noopener\"><img loading=\"lazy\" decoding=\"async\" src=\"https:\/\/bu.optimum-automotive.com\/wp-content\/uploads\/2024\/07\/jpg\/01-111.jpg\" width=\"184\" height=\"260\" alt=\"PDF - 125.8 kb\"><\/a>\r\n<figcaption class=\"wp-element-caption\"><strong>itespresso.fr<\/strong><br>\r\nMAPPING CONTROL becomes official partner of the CER driving school network\r\n<\/figcaption><\/div> \r\n\r\n<h2 class=\"wp-block-heading\">NOVEMBER 2016<\/h2>\r\n\r\n<div class=\"wp-block-image\">\r\n<a href=\"https:\/\/bu.optimum-automotive.com\/wp-content\/uploads\/2024\/07\/pdf\/2016-11-19-1662_transport_info.pdf\" title=\"TRANSPORT INFO\" type=\"application\/pdf\" target=\"_blank\" rel=\"noopener\"><img loading=\"lazy\" decoding=\"async\" src=\"https:\/\/bu.optimum-automotive.com\/wp-content\/uploads\/2024\/07\/jpg\/01-106.jpg\" width=\"184\" height=\"260\" alt=\"PDF - 142.2 kb\"><\/a>\r\n<figcaption class=\"wp-element-caption\"><strong>TRANSPORT INFO<\/strong><br>\r\nFuel; Fuel Control measures fuel levels\r\n<\/figcaption><\/div> \r\n\r\n<div class=\"wp-block-image\">\r\n<a href=\"https:\/\/bu.optimum-automotive.com\/wp-content\/uploads\/2024\/07\/pdf\/2016-11-19-1300_kilometres_entreprise.pdf\" title=\"KMS Kilometers Company\" type=\"application\/pdf\" target=\"_blank\" rel=\"noopener\"><img loading=\"lazy\" decoding=\"async\" src=\"https:\/\/bu.optimum-automotive.com\/wp-content\/uploads\/2024\/07\/jpg\/01-105.jpg\" width=\"184\" height=\"260\" alt=\"PDF - 181.5 kb\"><\/a>\r\n<figcaption class=\"wp-element-caption\"><strong>KMS Kilometers Company<\/strong><br>\r\nMapping Control: long live green!\r\n<\/figcaption><\/div> \r\n\r\n<div class=\"wp-block-image\"> \r\n<a href=\"https:\/\/bu.optimum-automotive.com\/wp-content\/uploads\/2024\/07\/pdf\/2016-11-16-5553_www_chefdentreprise_com.pdf\" title=\"chefdentreprise.com\" type=\"application\/pdf\" target=\"_blank\" rel=\"noopener\"><img loading=\"lazy\" decoding=\"async\" src=\"https:\/\/bu.optimum-automotive.com\/wp-content\/uploads\/2024\/07\/jpg\/gestion-deflotte.jpg\" width=\"184\" height=\"260\" alt=\"PDF - 169.1 kb\"><\/a>\r\n<figcaption class=\"wp-element-caption\"><strong>chefdentreprise.com<\/strong><br>\r\nFleet management software: make the most of it\r\n<\/figcaption><\/div> \r\n\r\n<div class=\"wp-block-image\"> \r\n<a href=\"https:\/\/bu.optimum-automotive.com\/wp-content\/uploads\/2024\/07\/pdf\/2016-11-16-5438_www_decisionachats_fr.pdf\" title=\"d\u00e9cision-achats.fr\" type=\"application\/pdf\" target=\"_blank\" rel=\"noopener\"><img loading=\"lazy\" decoding=\"async\" src=\"https:\/\/bu.optimum-automotive.com\/wp-content\/uploads\/2024\/07\/jpg\/gestion-de-flotte-2.jpg\" width=\"184\" height=\"260\" alt=\"PDF - 160.6 kb\"><\/a>\r\n<figcaption class=\"wp-element-caption\"><strong>d\u00e9cision-achats.fr<\/strong><br>\r\nFleet management software: make the most of it\r\n<\/figcaption><\/div> \r\n\r\n<div class=\"wp-block-image\">\r\n<a href=\"https:\/\/bu.optimum-automotive.com\/wp-content\/uploads\/2024\/07\/pdf\/2016-11-16-5090_www_decisionachats_fr.pdf\" title=\"decision-achats.fr\" type=\"application\/pdf\" target=\"_blank\" rel=\"noopener\"><img loading=\"lazy\" decoding=\"async\" src=\"https:\/\/bu.optimum-automotive.com\/wp-content\/uploads\/2024\/07\/jpg\/geolocalisation.jpg\" width=\"184\" height=\"260\" alt=\"PDF - 173.7 kb\"><\/a>\r\n<figcaption class=\"wp-element-caption\"><strong>decision-achats.fr<\/strong><br>\r\nGeolocation: choosing the right solution\r\n<\/figcaption><\/div> \r\n\r\n<div class=\"wp-block-image\"> \r\n<a href=\"https:\/\/bu.optimum-automotive.com\/wp-content\/uploads\/2024\/07\/pdf\/2016-11-15-5460_www_journalauto_com.pdf\" title=\"journalauto.com\" type=\"application\/pdf\" target=\"_blank\" rel=\"noopener\"><img loading=\"lazy\" decoding=\"async\" src=\"https:\/\/bu.optimum-automotive.com\/wp-content\/uploads\/2024\/07\/jpg\/gestion-de-flotte.jpg\" width=\"184\" height=\"260\" alt=\"PDF - 719.9 kb\"><\/a>\r\n<figcaption class=\"wp-element-caption\"><strong>journalauto.com<\/strong><br>\r\nMapping Control targets sub-Saharan Africa\r\n<\/figcaption><\/div> \r\n\r\n<div class=\"wp-block-image\">\r\n<a href=\"https:\/\/bu.optimum-automotive.com\/wp-content\/uploads\/2024\/07\/pdf\/2016-11-09-5709_www_capital_fr.pdf\" title=\"capital.fr\" type=\"application\/pdf\" target=\"_blank\" rel=\"noopener\"><img loading=\"lazy\" decoding=\"async\" src=\"https:\/\/bu.optimum-automotive.com\/wp-content\/uploads\/2024\/07\/jpg\/01-104.jpg\" width=\"184\" height=\"260\" alt=\"PDF - 63.5 kb\"><\/a>\r\n<figcaption class=\"wp-element-caption\"><strong>capital.fr<\/strong><br>\r\nMAPPING CONTROL expands into sub-Saharan Africa\r\n<\/figcaption><\/div> \r\n\r\n<div class=\"wp-block-image\">\r\n<a href=\"https:\/\/bu.optimum-automotive.com\/wp-content\/uploads\/2024\/07\/pdf\/mapping_control_se_deploie_sur_l_afrique_subsaharienne.pdf\" title=\"www.euroinvestor.fr\" type=\"application\/pdf\" target=\"_blank\" rel=\"noopener\"><img loading=\"lazy\" decoding=\"async\" src=\"https:\/\/bu.optimum-automotive.com\/wp-content\/uploads\/2024\/07\/jpg\/01-103.jpg\" width=\"184\" height=\"260\" alt=\"PDF - 735.7 kb\"><\/a>\r\n<figcaption class=\"wp-element-caption\"><strong>www.euroinvestor.fr<\/strong><br>\r\nMAPPING CONTROL expands into sub-Saharan Africa\r\n<\/figcaption><\/div> \r\n\r\n<div class=\"wp-block-image\">\r\n<a href=\"https:\/\/bu.optimum-automotive.com\/wp-content\/uploads\/2024\/07\/pdf\/les_ambitions_internationales_de_mapping_control.pdf\" title=\"ecomnewsmed.com\" type=\"application\/pdf\" target=\"_blank\" rel=\"noopener\"><img loading=\"lazy\" decoding=\"async\" src=\"https:\/\/bu.optimum-automotive.com\/wp-content\/uploads\/2024\/07\/jpg\/01-102.jpg\" width=\"184\" height=\"260\" alt=\"PDF - 1.7 Mb\"><\/a>\r\n<figcaption class=\"wp-element-caption\"><strong>ecomnewsmed.com<\/strong><br>\r\nMapping Control's international ambitions include Morocco!\r\n<\/figcaption><\/div> \r\n\r\n<div class=\"wp-block-image\"> \r\n<a href=\"https:\/\/bu.optimum-automotive.com\/wp-content\/uploads\/2024\/07\/pdf\/carburant_fuel_control_transportissimo.pdf\" title=\"transportissimo.com\" type=\"application\/pdf\" target=\"_blank\" rel=\"noopener\"><img loading=\"lazy\" decoding=\"async\" src=\"https:\/\/bu.optimum-automotive.com\/wp-content\/uploads\/2024\/07\/jpg\/01-101.jpg\" width=\"184\" height=\"260\" alt=\"PDF - 177.6 kb\"><\/a>\r\n<figcaption class=\"wp-element-caption\"><strong>transportissimo.com<\/strong><br>\r\nFuel : Fuel Control, the ultrasonic sensor\r\n<\/figcaption><\/div> \r\n\r\n<div class=\"wp-block-image\"> \r\n<a href=\"https:\/\/bu.optimum-automotive.com\/wp-content\/uploads\/2024\/07\/pdf\/ecomnews_-_mapping_control.pdf\" title=\"www.ecomnews.fr\" type=\"application\/pdf\" target=\"_blank\" rel=\"noopener\"><img loading=\"lazy\" decoding=\"async\" src=\"https:\/\/bu.optimum-automotive.com\/wp-content\/uploads\/2024\/07\/jpg\/01-99.jpg\" width=\"184\" height=\"260\" alt=\"PDF - 3.4 Mb\"><\/a>\r\n<figcaption class=\"wp-element-caption\"><strong>www.ecomnews.fr<\/strong><br>\r\nMapping Control helps companies cut fleet costs\r\n<\/figcaption><\/div> \r\n\r\n<div class=\"wp-block-image\">\r\n<a href=\"https:\/\/bu.optimum-automotive.com\/wp-content\/uploads\/2024\/07\/pdf\/2016-11-01-5666_www_tpnews_com.pdf\" title=\"www.tp-news.com\" type=\"application\/pdf\" target=\"_blank\" rel=\"noopener\"><img loading=\"lazy\" decoding=\"async\" src=\"https:\/\/bu.optimum-automotive.com\/wp-content\/uploads\/2024\/07\/jpg\/01-100.jpg\" width=\"184\" height=\"260\" alt=\"PDF - 224.2 kb\"><\/a>\r\n<figcaption class=\"wp-element-caption\"><strong>www.tp-news.com<\/strong><br>\r\nFuel : Fuel Control, the ultrasonic sensor\r\n\r\n<\/figcaption><\/div> \r\n\r\n<h2 class=\"wp-block-heading\">OCTOBER 2016<\/h2>\r\n\r\n<div class=\"wp-block-image\">\r\n<a href=\"https:\/\/bu.optimum-automotive.com\/wp-content\/uploads\/2024\/07\/pdf\/2016-10-25-5054_www_decisionatelier_com.pdf\" title=\"www.decisionatelier.com\" type=\"application\/pdf\" target=\"_blank\" rel=\"noopener\"><img loading=\"lazy\" decoding=\"async\" src=\"https:\/\/bu.optimum-automotive.com\/wp-content\/uploads\/2024\/07\/jpg\/01-98.jpg\" width=\"184\" height=\"260\" alt=\"PDF - 68.8 kb\"><\/a>\r\n<figcaption class=\"wp-element-caption\"><strong>www.decisionatelier.com<\/strong><br>\r\nMapping Control keeps an eye on fuel with Fuel Control\r\n<\/figcaption><\/div> \r\n\r\n<div class=\"wp-block-image\">\r\n<a href=\"https:\/\/bu.optimum-automotive.com\/wp-content\/uploads\/2024\/07\/pdf\/2016-10-20-5201_www_labourseetlavie_com.pdf\" title=\"www.labourseetlavie.com\" type=\"application\/pdf\" target=\"_blank\" rel=\"noopener\"><img loading=\"lazy\" decoding=\"async\" src=\"https:\/\/bu.optimum-automotive.com\/wp-content\/uploads\/2024\/07\/jpg\/01-93.jpg\" width=\"184\" height=\"260\" alt=\"PDF - 136.5 kb\"><\/a>\r\n<figcaption class=\"wp-element-caption\"><strong>www.labourseetlavie.com<\/strong><br>\r\nMAPPING CONTROL keeps a close eye on fuel with its device<br class=\"autobr\">\r\nnon-intrusive: Fuel Control\r\n<\/figcaption><\/div> \r\n\r\n<div class=\"wp-block-image\">\r\n<a href=\"https:\/\/bu.optimum-automotive.com\/wp-content\/uploads\/2024\/07\/pdf\/2016-10-20-5388_www_generationnt_com.pdf\" title=\"www.generation-nt.com\" type=\"application\/pdf\" target=\"_blank\" rel=\"noopener\"><img loading=\"lazy\" decoding=\"async\" src=\"https:\/\/bu.optimum-automotive.com\/wp-content\/uploads\/2024\/07\/jpg\/01-94.jpg\" width=\"184\" height=\"260\" alt=\"PDF - 100.5 kb\"><\/a>\r\n<figcaption class=\"wp-element-caption\"><strong>www.generation-nt.com<\/strong><br>\r\nMAPPING CONTROL keeps a close eye on fuel with its device<br class=\"autobr\">\r\nnon-intrusive: Fuel Control\r\n<\/figcaption><\/div> \r\n\r\n<div class=\"wp-block-image\">\r\n<a href=\"https:\/\/bu.optimum-automotive.com\/wp-content\/uploads\/2024\/07\/pdf\/2016-10-20-5664_bourse_sixfinancialinformati.pdf\" title=\"bourse.six-financial-information.fr\" type=\"application\/pdf\" target=\"_blank\" rel=\"noopener\"><img loading=\"lazy\" decoding=\"async\" src=\"https:\/\/bu.optimum-automotive.com\/wp-content\/uploads\/2024\/07\/jpg\/01-95.jpg\" width=\"184\" height=\"260\" alt=\"PDF - 132.4 kb\"><\/a>\r\n<figcaption class=\"wp-element-caption\"><strong>bourse.six-financial-information.fr<\/strong><br>\r\nMAPPING CONTROL keeps a close eye on fuel with its device<br class=\"autobr\">\r\nnon-intrusive: Fuel Control\r\n<\/figcaption><\/div> \r\n\r\n<div class=\"wp-block-image\">\r\n<a href=\"https:\/\/bu.optimum-automotive.com\/wp-content\/uploads\/2024\/07\/pdf\/2016-10-20-5890_www_euroinvestor_fr.pdf\" title=\"www.euroinvestor.fr\" type=\"application\/pdf\" target=\"_blank\" rel=\"noopener\"><img loading=\"lazy\" decoding=\"async\" src=\"https:\/\/bu.optimum-automotive.com\/wp-content\/uploads\/2024\/07\/jpg\/01-96.jpg\" width=\"184\" height=\"260\" alt=\"PDF - 136 kb\"><\/a>\r\n<figcaption class=\"wp-element-caption\"><strong>www.euroinvestor.fr<\/strong><br>\r\nMAPPING CONTROL keeps a close eye on fuel with its device<br class=\"autobr\">\r\nnon-intrusive: Fuel Control\r\n<\/figcaption><\/div> \r\n\r\n<div class=\"wp-block-image\"> \r\n<a href=\"https:\/\/bu.optimum-automotive.com\/wp-content\/uploads\/2024\/07\/pdf\/2016-10-20-5927_www_capital_fr.pdf\" title=\"www.capital.fr\" type=\"application\/pdf\" target=\"_blank\" rel=\"noopener\"><img loading=\"lazy\" decoding=\"async\" src=\"https:\/\/bu.optimum-automotive.com\/wp-content\/uploads\/2024\/07\/jpg\/01-97.jpg\" width=\"184\" height=\"260\" alt=\"PDF - 134.1 kb\"><\/a>\r\n<figcaption class=\"wp-element-caption\"><strong>www.capital.fr<\/strong><br>\r\nMAPPING CONTROL keeps a close eye on fuel with its device<br class=\"autobr\">\r\nnon-intrusive: Fuel Control\r\n<\/figcaption><\/div> \r\n\r\n<div class=\"wp-block-image\">\r\n<a href=\"https:\/\/bu.optimum-automotive.com\/wp-content\/uploads\/2024\/07\/pdf\/2016-10-19-5197_www_flotauto_com.pdf\" title=\"www.flotauto.com\" type=\"application\/pdf\" target=\"_blank\" rel=\"noopener\"><img loading=\"lazy\" decoding=\"async\" src=\"https:\/\/bu.optimum-automotive.com\/wp-content\/uploads\/2024\/07\/jpg\/01-92.jpg\" width=\"184\" height=\"260\" alt=\"PDF - 116.3 kb\"><\/a>\r\n<figcaption class=\"wp-element-caption\"><strong>www.flotauto.com<\/strong><br>\r\nUltrasonic fuel gauge by Mapping Control\r\n<\/figcaption><\/div> \r\n\r\n<div class=\"wp-block-image\">\r\n<a href=\"https:\/\/bu.optimum-automotive.com\/wp-content\/uploads\/2024\/07\/pdf\/2016-10-18-5785_www_decisionachats_fr.pdf\" title=\"www.decision-achats.fr\" type=\"application\/pdf\" target=\"_blank\" rel=\"noopener\"><img loading=\"lazy\" decoding=\"async\" src=\"https:\/\/bu.optimum-automotive.com\/wp-content\/uploads\/2024\/07\/jpg\/01-90.jpg\" width=\"184\" height=\"260\" alt=\"PDF - 139.4 kb\"><\/a>\r\n<figcaption class=\"wp-element-caption\"><strong>www.decision-achats.fr<\/strong><br>\r\nFleet - Mapping offers Fuel Control to combat fuel theft\r\n<\/figcaption><\/div> \r\n\r\n<div class=\"wp-block-image\"> \r\n<a href=\"https:\/\/bu.optimum-automotive.com\/wp-content\/uploads\/2024\/07\/pdf\/2016-10-18-1047_vtc_world.pdf\" title=\"VTC WORLD\" type=\"application\/pdf\" target=\"_blank\" rel=\"noopener\"><img loading=\"lazy\" decoding=\"async\" src=\"https:\/\/bu.optimum-automotive.com\/wp-content\/uploads\/2024\/07\/jpg\/01-89.jpg\" width=\"184\" height=\"260\" alt=\"PDF - 131.4 kb\"><\/a>\r\n<figcaption class=\"wp-element-caption\"><strong>VTC WORLD<\/strong><br>\r\nConnected vehicles: Mapping Control equips rental company VPCab\r\n<\/figcaption><\/div> \r\n\r\n<div class=\"wp-block-image\"> \r\n<a href=\"https:\/\/bu.optimum-automotive.com\/wp-content\/uploads\/2024\/07\/pdf\/2016-10-12-5093_www_presseagence_fr.pdf\" title=\"www.presseagence.fr\" type=\"application\/pdf\" target=\"_blank\" rel=\"noopener\"><img loading=\"lazy\" decoding=\"async\" src=\"https:\/\/bu.optimum-automotive.com\/wp-content\/uploads\/2024\/07\/jpg\/01-85.jpg\" width=\"184\" height=\"260\" alt=\"PDF - 428.6 kb\"><\/a>\r\n<figcaption class=\"wp-element-caption\"><strong>www.presseagence.fr<\/strong><br>\r\nOLLIOULES: Christian ESTROSI unveils the 12 Operations<br class=\"autobr\">\r\nof Regional Interest\r\n<\/figcaption><\/div> \r\n\r\n<div class=\"wp-block-image\"> \r\n<a href=\"https:\/\/bu.optimum-automotive.com\/wp-content\/uploads\/2024\/07\/pdf\/2016-10-11-5958_www_capital_fr.pdf\" title=\"www.capital.fr\" type=\"application\/pdf\" target=\"_blank\" rel=\"noopener\"><img loading=\"lazy\" decoding=\"async\" src=\"https:\/\/bu.optimum-automotive.com\/wp-content\/uploads\/2024\/07\/jpg\/01-84.jpg\" width=\"184\" height=\"260\" alt=\"PDF - 139.9 kb\"><\/a>\r\n<figcaption class=\"wp-element-caption\"><strong>www.capital.fr<\/strong><br>\r\nMAPPING CONTROL goes green\r\n<\/figcaption><\/div> \r\n\r\n<div class=\"wp-block-image\"> \r\n<a href=\"https:\/\/bu.optimum-automotive.com\/wp-content\/uploads\/2024\/07\/pdf\/2016-10-11-5594_www_euroinvestor_fr.pdf\" title=\"www.euroinvestor.fr\" type=\"application\/pdf\" target=\"_blank\" rel=\"noopener\"><img loading=\"lazy\" decoding=\"async\" src=\"https:\/\/bu.optimum-automotive.com\/wp-content\/uploads\/2024\/07\/jpg\/01-83.jpg\" width=\"184\" height=\"260\" alt=\"PDF - 141 kb\"><\/a>\r\n<figcaption class=\"wp-element-caption\"><strong>www.euroinvestor.fr<\/strong><br>\r\nMAPPING CONTROL goes green\r\n<\/figcaption><\/div> \r\n\r\n<div class=\"wp-block-image\"> \r\n<a href=\"https:\/\/bu.optimum-automotive.com\/wp-content\/uploads\/2024\/07\/pdf\/2016-10-11-5542_www_usinedigitale_fr.pdf\" title=\"www.usine-digitale.fr\" type=\"application\/pdf\" target=\"_blank\" rel=\"noopener\"><img loading=\"lazy\" decoding=\"async\" src=\"https:\/\/bu.optimum-automotive.com\/wp-content\/uploads\/2024\/07\/jpg\/01-82.jpg\" width=\"184\" height=\"260\" alt=\"PDF - 53.4 kb\"><\/a>\r\n<figcaption class=\"wp-element-caption\"><strong>www.usine-digitale.fr<\/strong><br>\r\nFrance du num\u00e9rique 2016: Mapping Control\r\n<\/figcaption><\/div> \r\n\r\n<div class=\"wp-block-image\">\r\n<a href=\"https:\/\/bu.optimum-automotive.com\/wp-content\/uploads\/2024\/07\/pdf\/2016-10-11-1578_la_provence.pdf\" title=\"La Provence\" type=\"application\/pdf\" target=\"_blank\" rel=\"noopener\"><img loading=\"lazy\" decoding=\"async\" src=\"https:\/\/bu.optimum-automotive.com\/wp-content\/uploads\/2024\/07\/jpg\/01-81.jpg\" width=\"184\" height=\"260\" alt=\"PDF - 151.4 kb\"><\/a>\r\n<figcaption class=\"wp-element-caption\"><strong>La Provence<\/strong><br>\r\nMapping Control turns 10\r\n<\/figcaption><\/div> \r\n\r\n<div class=\"wp-block-image\"> \r\n<a href=\"https:\/\/bu.optimum-automotive.com\/wp-content\/uploads\/2024\/07\/pdf\/2016-10-11-1212_usine_nouvelle.pdf\" title=\"L&#039;Usine Nouvelle\" type=\"application\/pdf\" target=\"_blank\" rel=\"noopener\"><img loading=\"lazy\" decoding=\"async\" src=\"https:\/\/bu.optimum-automotive.com\/wp-content\/uploads\/2024\/07\/jpg\/01-80.jpg\" width=\"184\" height=\"260\" alt=\"PDF - 1.2 Mb\"><\/a>\r\n<figcaption class=\"wp-element-caption\"><strong>L'Usine Nouvelle<\/strong><br>\r\nMAPPING CONTROL reduces fleet costs\r\n<\/figcaption><\/div> \r\n\r\n<div class=\"wp-block-image\"> \r\n<a href=\"https:\/\/bu.optimum-automotive.com\/wp-content\/uploads\/2024\/07\/pdf\/2016-10-10-5619_bourse_sixfinancialinformati.pdf\" title=\"bourse.six-financial-information.fr\" type=\"application\/pdf\" target=\"_blank\" rel=\"noopener\"><img loading=\"lazy\" decoding=\"async\" src=\"https:\/\/bu.optimum-automotive.com\/wp-content\/uploads\/2024\/07\/jpg\/01-79.jpg\" width=\"184\" height=\"260\" alt=\"PDF - 116.3 kb\"><\/a>\r\n<figcaption class=\"wp-element-caption\"><strong>bourse.six-financial-information.fr<\/strong><br>\r\nMAPPING CONTROL goes green\r\n<\/figcaption><\/div> \r\n\r\n<div class=\"wp-block-image\"> \r\n<a href=\"https:\/\/bu.optimum-automotive.com\/wp-content\/uploads\/2024\/07\/pdf\/2016-10-10-5552_fr_finance_yahoo_com.pdf\" title=\"en.finance.yahoo.com\" type=\"application\/pdf\" target=\"_blank\" rel=\"noopener\"><img loading=\"lazy\" decoding=\"async\" src=\"https:\/\/bu.optimum-automotive.com\/wp-content\/uploads\/2024\/07\/jpg\/01-78.jpg\" width=\"184\" height=\"260\" alt=\"PDF - 95.2 kb\"><\/a>\r\n<figcaption class=\"wp-element-caption\"><strong>en.finance.yahoo.com<\/strong><br>\r\nMAPPING CONTROL goes green\r\n<\/figcaption><\/div> \r\n\r\n<div class=\"wp-block-image\"> \r\n<a href=\"https:\/\/bu.optimum-automotive.com\/wp-content\/uploads\/2024\/07\/pdf\/2016-10-09-5814_parisregionentreprises_org.pdf\" title=\"parisregionentreprises.org\" type=\"application\/pdf\" target=\"_blank\" rel=\"noopener\"><img loading=\"lazy\" decoding=\"async\" src=\"https:\/\/bu.optimum-automotive.com\/wp-content\/uploads\/2024\/07\/jpg\/01-77.jpg\" width=\"184\" height=\"260\" alt=\"PDF - 229.4 kb\"><\/a>\r\n<figcaption class=\"wp-element-caption\"><strong>parisregionentreprises.org<\/strong><br>\r\nPARIS REGION ENTREPRISES AND SMART MOBILITY\r\n<\/figcaption><\/div> \r\n\r\n<div class=\"wp-block-image\">\r\n<a href=\"https:\/\/bu.optimum-automotive.com\/wp-content\/uploads\/2024\/07\/pdf\/scanner_agence-c3m.com_20161019_180529.pdf\" title=\"LA TRIBUNE DES AUTO-ECOLES\" type=\"application\/pdf\" target=\"_blank\" rel=\"noopener\"><img loading=\"lazy\" decoding=\"async\" src=\"https:\/\/bu.optimum-automotive.com\/wp-content\/uploads\/2024\/07\/jpg\/01-91.jpg\" width=\"184\" height=\"260\" alt=\"PDF - 707.6 kb\"><\/a>\r\n<figcaption class=\"wp-element-caption\"><strong>LA TRIBUNE DES AUTO-ECOLES<\/strong><br>\r\nCelebrating 10 years!\r\n<\/figcaption><\/div> \r\n\r\n<div class=\"wp-block-image\">\r\n<a href=\"https:\/\/bu.optimum-automotive.com\/wp-content\/uploads\/2024\/07\/pdf\/cap10ans.pdf\" title=\"www.laprovence.com\" type=\"application\/pdf\" target=\"_blank\" rel=\"noopener\"><img loading=\"lazy\" decoding=\"async\" src=\"https:\/\/bu.optimum-automotive.com\/wp-content\/uploads\/2024\/07\/jpg\/01-76.jpg\" width=\"184\" height=\"260\" alt=\"PDF - 372.4 kb\"><\/a>\r\n<figcaption class=\"wp-element-caption\"><strong>www.laprovence.com<\/strong><br>\r\nMapping Control passe<br class=\"autobr\">\r\nthe 10-year milestone\r\n<\/figcaption><\/div> \r\n\r\n<div class=\"wp-block-image\"> \r\n<a href=\"https:\/\/bu.optimum-automotive.com\/wp-content\/uploads\/2024\/07\/pdf\/mapping_control_bpifrance.pdf\" title=\"www.laprovence.com\" type=\"application\/pdf\" target=\"_blank\" rel=\"noopener\"><img loading=\"lazy\" decoding=\"async\" src=\"https:\/\/bu.optimum-automotive.com\/wp-content\/uploads\/2024\/07\/jpg\/01-75.jpg\" width=\"184\" height=\"260\" alt=\"PDF - 435 kb\"><\/a>\r\n<figcaption class=\"wp-element-caption\"><strong>www.laprovence.com<\/strong><br>\r\nMapping Control the connected vehicle for cost reduction\r\n<\/figcaption><\/div> \r\n\r\n<h2 class=\"wp-block-heading\">SEPTEMBER 2016<\/h2>\r\n\r\n<div class=\"wp-block-image\"> \r\n<a href=\"https:\/\/bu.optimum-automotive.com\/wp-content\/uploads\/2024\/07\/pdf\/2016_09_16_5614_www_businews_fr.pdf\" title=\"www.businews.fr\" type=\"application\/pdf\" target=\"_blank\" rel=\"noopener\"><img loading=\"lazy\" decoding=\"async\" src=\"https:\/\/bu.optimum-automotive.com\/wp-content\/uploads\/2024\/07\/jpg\/01-72.jpg\" width=\"184\" height=\"260\" alt=\"PDF - 95.5 kb\"><\/a>\r\n<figcaption class=\"wp-element-caption\"><strong>www.businews.fr<\/strong><br>\r\nMapping Control r\u00eave d'Am\u00e9rique\r\n<\/figcaption><\/div> \r\n\r\n<div class=\"wp-block-image\">\r\n<a href=\"https:\/\/bu.optimum-automotive.com\/wp-content\/uploads\/2024\/07\/pdf\/mapping_control_affiche_ses_nouvelles_priorites.pdf\" title=\"Journal de l&#039;automobile http:\/\/www.journalauto.com\/\" type=\"application\/pdf\" target=\"_blank\" rel=\"noopener\"><img loading=\"lazy\" decoding=\"async\" src=\"https:\/\/bu.optimum-automotive.com\/wp-content\/uploads\/2024\/07\/jpg\/01-71.jpg\" width=\"184\" height=\"260\" alt=\"PDF - 402.9 kb\"><\/a>\r\n<figcaption class=\"wp-element-caption\"><strong>Journal de l'automobile http:\/\/www.journalauto.com\/<\/strong><br>\r\nMAPPING CONTROL SETS NEW PRIORITIES\r\n<\/figcaption><\/div> \r\n\r\n<div class=\"wp-block-image\"> \r\n<a href=\"https:\/\/bu.optimum-automotive.com\/wp-content\/uploads\/2024\/07\/pdf\/2016-09-13-5851_www_capital_fr.pdf\" title=\"www.capital.fr\" type=\"application\/pdf\" target=\"_blank\" rel=\"noopener\"><img loading=\"lazy\" decoding=\"async\" src=\"https:\/\/bu.optimum-automotive.com\/wp-content\/uploads\/2024\/07\/jpg\/01-70.jpg\" width=\"184\" height=\"260\" alt=\"PDF - 124.6 kb\"><\/a>\r\n<figcaption class=\"wp-element-caption\"><strong>www.capital.fr<\/strong><br>\r\nMAPPING CONTROL turns 10\r\n<\/figcaption><\/div> \r\n\r\n<div class=\"wp-block-image\">\r\n<a href=\"https:\/\/bu.optimum-automotive.com\/wp-content\/uploads\/2024\/07\/pdf\/2016-09-13-5530_www_journalauto_com.pdf\" title=\" www.journalauto.com\" type=\"application\/pdf\" target=\"_blank\" rel=\"noopener\"><img loading=\"lazy\" decoding=\"async\" src=\"https:\/\/bu.optimum-automotive.com\/wp-content\/uploads\/2024\/07\/jpg\/01-69.jpg\" width=\"184\" height=\"260\" alt=\"PDF - 127.6 kb\"><\/a>\r\n<figcaption class=\"wp-element-caption\"><strong>  www.journalauto.com<\/strong><br>\r\nMapping Control's new priorities\r\n<\/figcaption><\/div> \r\n\r\n<div class=\"wp-block-image\"> \r\n<a href=\"https:\/\/bu.optimum-automotive.com\/wp-content\/uploads\/2024\/07\/pdf\/2016-09-13-5524_bourse_sixfinancialinformati.pdf\" title=\"bourse.six-financial-information.fr\" type=\"application\/pdf\" target=\"_blank\" rel=\"noopener\"><img loading=\"lazy\" decoding=\"async\" src=\"https:\/\/bu.optimum-automotive.com\/wp-content\/uploads\/2024\/07\/jpg\/01-68.jpg\" width=\"184\" height=\"260\" alt=\"PDF - 123.1 kb\"><\/a>\r\n<figcaption class=\"wp-element-caption\"><strong>bourse.six-financial-information.fr<\/strong><br>\r\nMAPPING CONTROL turns 10\r\n<\/figcaption><\/div> \r\n\r\n<div class=\"wp-block-image\"> \r\n<a href=\"https:\/\/bu.optimum-automotive.com\/wp-content\/uploads\/2024\/07\/pdf\/2016-09-13-5193_fr_news_yahoo_com.pdf\" title=\" en.news.yahoo.com\" type=\"application\/pdf\" target=\"_blank\" rel=\"noopener\"><img loading=\"lazy\" decoding=\"async\" src=\"https:\/\/bu.optimum-automotive.com\/wp-content\/uploads\/2024\/07\/jpg\/01-67.jpg\" width=\"184\" height=\"260\" alt=\"PDF - 123.4 kb\"><\/a>\r\n<figcaption class=\"wp-element-caption\"><strong> en.news.yahoo.com<\/strong><br>\r\nMAPPING CONTROL turns 10\r\n<\/figcaption><\/div> \r\n\r\n<div class=\"wp-block-image\"> \r\n<a href=\"https:\/\/bu.optimum-automotive.com\/wp-content\/uploads\/2024\/07\/pdf\/mapping_control_passe_le_cap_des_10_ans.pdf\" title=\"EuroInvestor.co.uk\" type=\"application\/pdf\" target=\"_blank\" rel=\"noopener\"><img loading=\"lazy\" decoding=\"async\" src=\"https:\/\/bu.optimum-automotive.com\/wp-content\/uploads\/2024\/07\/jpg\/anniversaire_mapping-eur.oinvestor.jpg\" width=\"184\" height=\"260\" alt=\"PDF - 3 Mb\"><\/a>\r\n<figcaption class=\"wp-element-caption\"><strong>EuroInvestor.co.uk<\/strong><br>\r\nMAPPING CONTROL turns 10\r\n<\/figcaption><\/div> \r\n\r\n<div class=\"wp-block-image\"> \r\n<a href=\"https:\/\/bu.optimum-automotive.com\/wp-content\/uploads\/2024\/07\/pdf\/snlvld_la_lettre_2016_mapping-control.pdf\" title=\"The SNLVLD newsletter\" type=\"application\/pdf\" target=\"_blank\" rel=\"noopener\"><img loading=\"lazy\" decoding=\"async\" src=\"https:\/\/bu.optimum-automotive.com\/wp-content\/uploads\/2024\/07\/jpg\/01-63.jpg\" width=\"184\" height=\"260\" alt=\"PDF - 1.8 Mb\"><\/a>\r\n<figcaption class=\"wp-element-caption\"><strong>The SNLVLD newsletter<\/strong><br>\r\n5 ASSOCIATE MEMBERS , 1 new company joins us, Welcome\r\n<\/figcaption><\/div> \r\n\r\n<div class=\"wp-block-image\"> \r\n<a href=\"https:\/\/bu.optimum-automotive.com\/wp-content\/uploads\/2024\/07\/pdf\/2016-09-08-1438_maires_de_france.pdf\" title=\"Mayors of France\" type=\"application\/pdf\" target=\"_blank\" rel=\"noopener\"><img loading=\"lazy\" decoding=\"async\" src=\"https:\/\/bu.optimum-automotive.com\/wp-content\/uploads\/2024\/07\/jpg\/mairesdefrance.jpg\" width=\"184\" height=\"260\" alt=\"PDF - 108 kb\"><\/a>\r\n<figcaption class=\"wp-element-caption\"><strong>Mayors of France<\/strong><br>\r\nVehicles, Connected fleet; managing heterogeneous fleets...\r\n<\/figcaption><\/div> \r\n\r\n<h2 class=\"wp-block-heading\">JULY 2016<\/h2>\r\n\r\n<div class=\"wp-block-image\"> \r\n<a href=\"https:\/\/bu.optimum-automotive.com\/wp-content\/uploads\/2024\/07\/pdf\/mapping_control_le_specialiste_aixois_bpi.pdf\" title=\"BPI FRANCE http:\/\/www.bpifrance.fr\/\" type=\"application\/pdf\" target=\"_blank\" rel=\"noopener\"><img loading=\"lazy\" decoding=\"async\" src=\"https:\/\/bu.optimum-automotive.com\/wp-content\/uploads\/2024\/07\/jpg\/01-60.jpg\" width=\"184\" height=\"260\" alt=\"PDF - 3.4 Mb\"><\/a>\r\n<figcaption class=\"wp-element-caption\"><strong>BPI FRANCE http:\/\/www.bpifrance.fr\/<\/strong><br>\r\nMapping Control, the Aix-based connected vehicle specialist, launches in Africa\r\n<\/figcaption><\/div> \r\n\r\n<h2 class=\"wp-block-heading\">JUNE 2016<\/h2>\r\n\r\n<div class=\"wp-block-image\">\r\n<a href=\"https:\/\/bu.optimum-automotive.com\/wp-content\/uploads\/2024\/07\/pdf\/itespresso_fr_frenctech_numperique_gestiondeflotte.pdf\" title=\"www.itespresso.fr\" type=\"application\/pdf\" target=\"_blank\" rel=\"noopener\"><img loading=\"lazy\" decoding=\"async\" src=\"https:\/\/bu.optimum-automotive.com\/wp-content\/uploads\/2024\/07\/jpg\/itexpresso_gestion_flotte.jpg\" width=\"184\" height=\"260\" alt=\"PDF - 179.5 kb\"><\/a>\r\n<figcaption class=\"wp-element-caption\"><strong>www.itespresso.fr<\/strong><br>\r\nFRENCH TECH \/ DIGITAL \/ PACA - Mapping Control<br class=\"autobr\">\r\nFrench Tech label\r\n<\/figcaption><\/div> \r\n\r\n<div class=\"wp-block-image\"> \r\n<a href=\"https:\/\/bu.optimum-automotive.com\/wp-content\/uploads\/2024\/07\/pdf\/labourseetlavie_com_frenchtech.pdf\" title=\"www.labourseetlavie.com\" type=\"application\/pdf\" target=\"_blank\" rel=\"noopener\"><img loading=\"lazy\" decoding=\"async\" src=\"https:\/\/bu.optimum-automotive.com\/wp-content\/uploads\/2024\/07\/jpg\/labourseetlavie_frenctech.jpg\" width=\"184\" height=\"260\" alt=\"PDF - 179.2 kb\"><\/a>\r\n<figcaption class=\"wp-element-caption\"><strong>www.labourseetlavie.com<\/strong><br>\r\nMapping Control awarded French Tech label\r\n<\/figcaption><\/div> \r\n\r\n<div class=\"wp-block-image\"> \r\n<a href=\"https:\/\/bu.optimum-automotive.com\/wp-content\/uploads\/2024\/07\/pdf\/euroinvestor_fr_frenchtech.pdf\" title=\"www.euroinvestor.fr\" type=\"application\/pdf\" target=\"_blank\" rel=\"noopener\"><img loading=\"lazy\" decoding=\"async\" src=\"https:\/\/bu.optimum-automotive.com\/wp-content\/uploads\/2024\/07\/jpg\/euroinvestor_gestiondeflotte.jpg\" width=\"184\" height=\"260\" alt=\"PDF - 179.5 kb\"><\/a>\r\n<figcaption class=\"wp-element-caption\"><strong>www.euroinvestor.fr<\/strong><br>\r\nFRENCH TECH \/ DIGITAL \/ PACA - Mapping Control awarded French Tech label\r\n<\/figcaption><\/div> \r\n\r\n<div class=\"wp-block-image\"> \r\n<a href=\"https:\/\/bu.optimum-automotive.com\/wp-content\/uploads\/2024\/07\/pdf\/geolocalisation_vehicules_mapping_capital_fr.pdf\" title=\"www.capital.fr\" type=\"application\/pdf\" target=\"_blank\" rel=\"noopener\"><img loading=\"lazy\" decoding=\"async\" src=\"https:\/\/bu.optimum-automotive.com\/wp-content\/uploads\/2024\/07\/jpg\/gestiondeflotte.jpg\" width=\"184\" height=\"260\" alt=\"PDF - 179.3 kb\"><\/a>\r\n<figcaption class=\"wp-element-caption\"><strong>www.capital.fr<\/strong><br>\r\nFRENCH TECH \/ DIGITAL \/ PACA - Mapping Control<br class=\"autobr\">\r\nFrench Tech label\r\n<\/figcaption><\/div> \r\n\r\n<div class=\"wp-block-image\"> \r\n<a href=\"https:\/\/bu.optimum-automotive.com\/wp-content\/uploads\/2024\/07\/pdf\/mapping_control_decroche_le_label_french_tech-2.pdf\" title=\"www.cote-azur.cci.fr\" type=\"application\/pdf\" target=\"_blank\" rel=\"noopener\"><img loading=\"lazy\" decoding=\"async\" src=\"https:\/\/bu.optimum-automotive.com\/wp-content\/uploads\/2024\/07\/jpg\/gestiondeparc.jpg\" width=\"184\" height=\"260\" alt=\"PDF - 65.8 kb\"><\/a>\r\n<figcaption class=\"wp-element-caption\"><strong>www.cote-azur.cci.fr<\/strong><br>\r\nFull success for the SCS cluster's new business acceleration program\r\n<\/figcaption><\/div> \r\n\r\n<div class=\"wp-block-image\">\r\n<a href=\"https:\/\/bu.optimum-automotive.com\/wp-content\/uploads\/2024\/07\/pdf\/mapping_control_decroche_le_label_french_tech.pdf\" title=\"automobile-entreprise.com\" type=\"application\/pdf\" target=\"_blank\" rel=\"noopener\"><img loading=\"lazy\" decoding=\"async\" src=\"https:\/\/bu.optimum-automotive.com\/wp-content\/uploads\/2024\/07\/jpg\/geolocalisation_automobile_entreprise.jpg\" width=\"184\" height=\"260\" alt=\"PDF - 1.3 Mb\"><\/a>\r\n<figcaption class=\"wp-element-caption\"><strong>automobile-entreprise.com<\/strong><br>\r\nMapping Control awarded French Tech label\r\n<\/figcaption><\/div> \r\n\r\n<div class=\"wp-block-image\">\r\n<a href=\"https:\/\/bu.optimum-automotive.com\/wp-content\/uploads\/2024\/07\/pdf\/2016-06-29_labourseetlavie_com.pdf\" title=\"labourseetlavie.com\" type=\"application\/pdf\" target=\"_blank\" rel=\"noopener\"><img loading=\"lazy\" decoding=\"async\" src=\"https:\/\/bu.optimum-automotive.com\/wp-content\/uploads\/2024\/07\/jpg\/geolocalisation_french_teck.jpg\" width=\"184\" height=\"260\" alt=\"PDF - 179.2 kb\"><\/a>\r\n<figcaption class=\"wp-element-caption\"><strong>labourseetlavie.com<\/strong><br>\r\nMapping Control awarded French Tech label\r\n<\/figcaption><\/div> \r\n\r\n<div class=\"wp-block-image\">\r\n<a href=\"https:\/\/bu.optimum-automotive.com\/wp-content\/uploads\/2024\/07\/pdf\/paca_-_mapping-french_teck.pdf\" title=\"Yahoo finance\" type=\"application\/pdf\" target=\"_blank\" rel=\"noopener\"><img loading=\"lazy\" decoding=\"async\" src=\"https:\/\/bu.optimum-automotive.com\/wp-content\/uploads\/2024\/07\/jpg\/01-57.jpg\" width=\"184\" height=\"260\" alt=\"PDF - 2.6 Mb\"><\/a>\r\n<figcaption class=\"wp-element-caption\"><strong>Yahoo finance<\/strong><br>\r\nFRENCH TECH \/ DIGITAL \/ PACA - Mapping Control\r\n<\/figcaption><\/div> \r\n\r\n<div class=\"wp-block-image\">\r\n<a href=\"https:\/\/bu.optimum-automotive.com\/wp-content\/uploads\/2024\/07\/pdf\/17juin-journalauto-geolocalisation.pdf\" title=\"Journal de l&#039;automobile\" type=\"application\/pdf\" target=\"_blank\" rel=\"noopener\"><img loading=\"lazy\" decoding=\"async\" src=\"https:\/\/bu.optimum-automotive.com\/wp-content\/uploads\/2024\/07\/jpg\/01-54.jpg\" width=\"184\" height=\"260\" alt=\"PDF - 4.4 Mb\"><\/a>\r\n<figcaption class=\"wp-element-caption\"><strong>Journal de l'automobile<\/strong><br>\r\nGeolocation folder Mapping Control\r\n<\/figcaption><\/div> \r\n\r\n<div class=\"wp-block-image\"> \r\n<a href=\"https:\/\/bu.optimum-automotive.com\/wp-content\/uploads\/2024\/07\/pdf\/l_essentiel.pdf\" title=\"The essentials\" type=\"application\/pdf\" target=\"_blank\" rel=\"noopener\"><img loading=\"lazy\" decoding=\"async\" src=\"https:\/\/bu.optimum-automotive.com\/wp-content\/uploads\/2024\/07\/jpg\/01-59.jpg\" width=\"184\" height=\"260\" alt=\"PDF - 584.6 kb\"><\/a>\r\n<figcaption class=\"wp-element-caption\"><strong>The essentials<\/strong><br>\r\nFrenc teak Mapping Contrrol\r\n<\/figcaption><\/div> \r\n\r\n<div class=\"wp-block-image\">\r\n<a href=\"https:\/\/bu.optimum-automotive.com\/wp-content\/uploads\/2024\/07\/pdf\/2016-06-07-1742_la_provence.pdf\" title=\"La Provence\" type=\"application\/pdf\" target=\"_blank\" rel=\"noopener\"><img loading=\"lazy\" decoding=\"async\" src=\"https:\/\/bu.optimum-automotive.com\/wp-content\/uploads\/2024\/07\/jpg\/01-55.jpg\" width=\"185\" height=\"267\" alt=\"PDF - 187.8 kb\"><\/a>\r\n<figcaption class=\"wp-element-caption\"><strong>La Provence<\/strong><br>\r\nMapping Control helps you optimize your vehicle fleet.\r\n<\/figcaption><\/div> \r\n\r\n<div class=\"wp-block-image\">\r\n<a href=\"https:\/\/bu.optimum-automotive.com\/wp-content\/uploads\/2024\/07\/pdf\/cai_90_rencontre_mc.pdf\" title=\"MEETING\" type=\"application\/pdf\" target=\"_blank\" rel=\"noopener\"><img loading=\"lazy\" decoding=\"async\" src=\"https:\/\/bu.optimum-automotive.com\/wp-content\/uploads\/2024\/07\/jpg\/01-52.jpg\" width=\"184\" height=\"260\" alt=\"PDF - 81.5 kb\"><\/a>\r\n<figcaption class=\"wp-element-caption\"><strong>MEETING<\/strong><br>\r\nThese new drivers<br class=\"autobr\">\r\nand their funny machines...\r\n<\/figcaption><\/div> \r\n\r\n<h2 class=\"wp-block-heading\">MAY 2016<\/h2>\r\n\r\n<div class=\"wp-block-image\">\r\n<a href=\"https:\/\/bu.optimum-automotive.com\/wp-content\/uploads\/2024\/07\/pdf\/2016-05-16-perspectives_entrepreneurs.pdf\" title=\"CONTRACTOR OUTLOOK\" type=\"application\/pdf\" target=\"_blank\" rel=\"noopener\"><img loading=\"lazy\" decoding=\"async\" src=\"https:\/\/bu.optimum-automotive.com\/wp-content\/uploads\/2024\/07\/jpg\/01-53.jpg\" width=\"184\" height=\"260\" alt=\"PDF - 554.3 kb\"><\/a>\r\n<figcaption class=\"wp-element-caption\"><strong>CONTRACTOR OUTLOOK<\/strong><br>\r\nCar fleet: save money!\r\n\r\n<\/figcaption><\/div> \r\n\r\n<h2 class=\"wp-block-heading\">APRIL 2016<\/h2>\r\n\r\n<div class=\"wp-block-image\">\r\n<a href=\"https:\/\/bu.optimum-automotive.com\/wp-content\/uploads\/2024\/07\/pdf\/pdf_mapping_control_specialiste_aixois_du_vehicule_connecte_se_lance_en_afrique.pdf\" title=\"usine-digitale.fr\" type=\"application\/pdf\" target=\"_blank\" rel=\"noopener\"><img loading=\"lazy\" decoding=\"async\" src=\"https:\/\/bu.optimum-automotive.com\/wp-content\/uploads\/2024\/07\/jpg\/01-35.jpg\" width=\"184\" height=\"260\" alt=\"PDF - 955.1 kb\"><\/a>\r\n<figcaption class=\"wp-element-caption\"><strong>usine-digitale.fr<\/strong><br>\r\nConnected vehicle fleet management MAPPING CONTROL AFRICA\r\n<\/figcaption><\/div> \r\n\r\n<div class=\"wp-block-image\">\r\n<a href=\"https:\/\/bu.optimum-automotive.com\/wp-content\/uploads\/2024\/07\/pdf\/2016-04-08-1542_kilometres_entreprise.pdf\" title=\"KILOMETERS COMPANY\" type=\"application\/pdf\" target=\"_blank\" rel=\"noopener\"><img loading=\"lazy\" decoding=\"async\" src=\"https:\/\/bu.optimum-automotive.com\/wp-content\/uploads\/2024\/07\/jpg\/01-31.jpg\" width=\"184\" height=\"260\" alt=\"PDF - 79.1 kb\"><\/a>\r\n<figcaption class=\"wp-element-caption\"><strong>KILOMETERS COMPANY<\/strong><br>\r\nMapping Control's ambitions\r\n<\/figcaption><\/div> \r\n\r\n<div class=\"wp-block-image\">\r\n<a href=\"https:\/\/bu.optimum-automotive.com\/wp-content\/uploads\/2024\/07\/pdf\/2016-04-14-1679_challenges.pdf\" title=\"CHALLENGES\" type=\"application\/pdf\" target=\"_blank\" rel=\"noopener\"><img loading=\"lazy\" decoding=\"async\" src=\"https:\/\/bu.optimum-automotive.com\/wp-content\/uploads\/2024\/07\/jpg\/01-32.jpg\" width=\"184\" height=\"260\" alt=\"PDF - 1.9 Mb\"><\/a>\r\n<figcaption class=\"wp-element-caption\"><strong>CHALLENGES<\/strong><br>\r\nOn-board telematics: \"The French connection\r\n<\/figcaption><\/div> \r\n\r\n<div class=\"wp-block-image\">\r\n<a href=\"https:\/\/bu.optimum-automotive.com\/wp-content\/uploads\/2024\/07\/pdf\/itw_mapping_control_gestion_de_parc.pdf\" title=\"ECO SMES\" type=\"application\/pdf\" target=\"_blank\" rel=\"noopener\"><img loading=\"lazy\" decoding=\"async\" src=\"https:\/\/bu.optimum-automotive.com\/wp-content\/uploads\/2024\/07\/jpg\/01-33.jpg\" width=\"184\" height=\"260\" alt=\"PDF - 4.1 Mb\"><\/a>\r\n<figcaption class=\"wp-element-caption\"><strong>ECO SMES<\/strong><br>\r\n\"For Moroccan companies, fleet management is crucial\".\r\n<\/figcaption><\/div> \r\n\r\n<h2 class=\"wp-block-heading\">MARCH 2016<\/h2>\r\n\r\n<div class=\"wp-block-image\"> \r\n<a href=\"https:\/\/bu.optimum-automotive.com\/wp-content\/uploads\/2024\/07\/pdf\/mapping-control__la_gestion_optimum___telematique_embarquee_flottes_automobiles.pdf\" title=\"SITE FLOTTES AUTOMOBILES flotauto.com\" type=\"application\/pdf\" target=\"_blank\" rel=\"noopener\"><img loading=\"lazy\" decoding=\"async\" src=\"https:\/\/bu.optimum-automotive.com\/wp-content\/uploads\/2024\/07\/jpg\/flotte_auto.jpg\" width=\"184\" height=\"260\" alt=\"PDF - 1.9 Mb\"><\/a>\r\n<figcaption class=\"wp-element-caption\"><strong>SITE FLOTTES AUTOMOBILES flotauto.com<\/strong><br>\r\nMapping Control: optimum management | On-board telematics\r\n<\/figcaption><\/div> \r\n\r\n<div class=\"wp-block-image\"> \r\n<a href=\"https:\/\/bu.optimum-automotive.com\/wp-content\/uploads\/2024\/07\/pdf\/optimum_automotive_veut_changer_les_habitudes.pdf\" title=\"JOURNAL AUTO SITE JournalAuto.com\" type=\"application\/pdf\" target=\"_blank\" rel=\"noopener\"><img loading=\"lazy\" decoding=\"async\" src=\"https:\/\/bu.optimum-automotive.com\/wp-content\/uploads\/2024\/07\/jpg\/01-28.jpg\" width=\"184\" height=\"260\" alt=\"PDF - 155.7 kb\"><\/a>\r\n<figcaption class=\"wp-element-caption\"><strong>JOURNAL AUTO SITE JournalAuto.com<\/strong><br>\r\nOPTIMUM AUTOMOTIVE, powers to the<br class=\"autobr\">\r\ndecision-makers and fleet managers\r\n<\/figcaption><\/div> \r\n\r\n<div class=\"wp-block-image\"> \r\n<a href=\"https:\/\/bu.optimum-automotive.com\/wp-content\/uploads\/2024\/07\/pdf\/mapping_control_renforce_son_outil_de_gestion_de_parc.pdf\" title=\"SITE MAGAZINE L&#039;AUTOMOBILE L&#039;ENTREPRISE automobile-entreprise.com\" type=\"application\/pdf\" target=\"_blank\" rel=\"noopener\"><img loading=\"lazy\" decoding=\"async\" src=\"https:\/\/bu.optimum-automotive.com\/wp-content\/uploads\/2024\/07\/jpg\/01-3-2.jpg\" width=\"184\" height=\"260\" alt=\"PDF - 4.9 Mb\"><\/a>\r\n<figcaption class=\"wp-element-caption\"><strong>SITE MAGAZINE L'AUTOMOBILE L'ENTREPRISE automobile-entreprise.com<\/strong><br>\r\nMapping Control strengthens its fleet management tool\r\n<\/figcaption><\/div> \r\n\r\n<div class=\"wp-block-image\">\r\n<a href=\"https:\/\/bu.optimum-automotive.com\/wp-content\/uploads\/2024\/07\/pdf\/des_outils_pour_gerer_en_interne___location_longue_duree___flottes_automobiles.pdf\" title=\"SITE FLOTTES AUTOMOBILES flotauto.com\" type=\"application\/pdf\" target=\"_blank\" rel=\"noopener\"><img loading=\"lazy\" decoding=\"async\" src=\"https:\/\/bu.optimum-automotive.com\/wp-content\/uploads\/2024\/07\/jpg\/01-4-2.jpg\" width=\"184\" height=\"260\" alt=\"PDF - 579 kb\"><\/a>\r\n<figcaption class=\"wp-element-caption\"><strong>SITE FLOTTES AUTOMOBILES flotauto.com<\/strong><br>\r\nIn-house management tools | Location Longue Dur\u00e9e\r\n\r\n<\/figcaption><\/div> \r\n\r\n<h2 class=\"wp-block-heading\">FEBRUARY 2016<\/h2>\r\n\r\n<div class=\"wp-block-image\">\r\n<a href=\"https:\/\/bu.optimum-automotive.com\/wp-content\/uploads\/2024\/07\/pdf\/2016-02-25-5791_paca_cci_fr.pdf\" title=\"SITE CCI PROVENCE ALPES COTE D&#039;AZUR paca.cci.fr\" type=\"application\/pdf\" target=\"_blank\" rel=\"noopener\"><img loading=\"lazy\" decoding=\"async\" src=\"https:\/\/bu.optimum-automotive.com\/wp-content\/uploads\/2024\/07\/jpg\/01-5-2.jpg\" width=\"184\" height=\"260\" alt=\"PDF - 168.6 kb\"><\/a>\r\n<figcaption class=\"wp-element-caption\"><strong>SITE CCI PROVENCE ALPES COTE D'AZUR paca.cci.fr<\/strong><br>\r\nPaca Accelerator to support innovative companies\r\n<\/figcaption><\/div> \r\n\r\n<div class=\"wp-block-image\"> \r\n<a href=\"https:\/\/bu.optimum-automotive.com\/wp-content\/uploads\/2024\/07\/pdf\/2016-02-24-5589_www_lesechos_fr.pdf\" title=\"SITE LESECHOS.FR\" type=\"application\/pdf\" target=\"_blank\" rel=\"noopener\"><img loading=\"lazy\" decoding=\"async\" src=\"https:\/\/bu.optimum-automotive.com\/wp-content\/uploads\/2024\/07\/jpg\/01-6-2.jpg\" width=\"184\" height=\"260\" alt=\"PDF - 321.6 kb\"><\/a>\r\n<figcaption class=\"wp-element-caption\"><strong>SITE LESECHOS.FR<\/strong><br>\r\nPaca Accelerator aims to boost the growth of local \"gazelles\r\n<\/figcaption><\/div> \r\n\r\n<div class=\"wp-block-image\">\r\n<a href=\"https:\/\/bu.optimum-automotive.com\/wp-content\/uploads\/2024\/07\/pdf\/2016-02-24-1378_les_echos.pdf\" title=\"LES ECHOS\" type=\"application\/pdf\" target=\"_blank\" rel=\"noopener\"><img loading=\"lazy\" decoding=\"async\" src=\"https:\/\/bu.optimum-automotive.com\/wp-content\/uploads\/2024\/07\/jpg\/01-7-2.jpg\" width=\"184\" height=\"260\" alt=\"PDF - 93.3 kb\"><\/a>\r\n<figcaption class=\"wp-element-caption\"><strong>LES ECHOS<\/strong><br>\r\nPaca Accelerator aims to boost the growth of local \"gazelles\r\n<\/figcaption><\/div> \r\n\r\n<div class=\"wp-block-image\"> \r\n<a href=\"https:\/\/bu.optimum-automotive.com\/wp-content\/uploads\/2024\/07\/pdf\/2016-02-18-1552_flottes_automobiles_breve_.pdf\" title=\"CAR FLEETS\" type=\"application\/pdf\" target=\"_blank\" rel=\"noopener\"><img loading=\"lazy\" decoding=\"async\" src=\"https:\/\/bu.optimum-automotive.com\/wp-content\/uploads\/2024\/07\/jpg\/01-8.jpg\" width=\"184\" height=\"260\" alt=\"PDF - 294.2 kb\"><\/a>\r\n<figcaption class=\"wp-element-caption\"><strong>CAR FLEETS<\/strong><br>\r\nLeucate geolocates its municipal police force\r\n<\/figcaption><\/div> \r\n\r\n<div class=\"wp-block-image\">\r\n<a href=\"https:\/\/bu.optimum-automotive.com\/wp-content\/uploads\/2024\/07\/pdf\/2016-02-18-1298_flottes_automobiles.pdf\" title=\"CAR FLEETS\" type=\"application\/pdf\" target=\"_blank\" rel=\"noopener\"><img loading=\"lazy\" decoding=\"async\" src=\"https:\/\/bu.optimum-automotive.com\/wp-content\/uploads\/2024\/07\/jpg\/01-9.jpg\" width=\"184\" height=\"260\" alt=\"PDF - 602.5 kb\"><\/a>\r\n<figcaption class=\"wp-element-caption\"><strong>CAR FLEETS<\/strong><br>\r\nLong-term rental. A la carte services\r\n<\/figcaption><\/div> \r\n\r\n<div class=\"wp-block-image\"> \r\n<a href=\"https:\/\/bu.optimum-automotive.com\/wp-content\/uploads\/2024\/07\/pdf\/2016-02-17-5478_www_pleinchamp_com_.pdf\" title=\"SITE PLEINCHAMP pleinchamp.com\" type=\"application\/pdf\" target=\"_blank\" rel=\"noopener\"><img loading=\"lazy\" decoding=\"async\" src=\"https:\/\/bu.optimum-automotive.com\/wp-content\/uploads\/2024\/07\/jpg\/01-10.jpg\" width=\"184\" height=\"260\" alt=\"PDF - 72.7 kb\"><\/a>\r\n<figcaption class=\"wp-element-caption\"><strong>SITE PLEINCHAMP pleinchamp.com<\/strong><br>\r\nVotremachine.com, a new site for sharing machines\r\n<\/figcaption><\/div> \r\n\r\n<div class=\"wp-block-image\">\r\n<a href=\"https:\/\/bu.optimum-automotive.com\/wp-content\/uploads\/2024\/07\/pdf\/2016-02-09-1031_la_provence.pdf\" title=\"THE PROVENCE\" type=\"application\/pdf\" target=\"_blank\" rel=\"noopener\"><img loading=\"lazy\" decoding=\"async\" src=\"https:\/\/bu.optimum-automotive.com\/wp-content\/uploads\/2024\/07\/jpg\/01-12.jpg\" width=\"184\" height=\"260\" alt=\"PDF - 96.8 kb\"><\/a>\r\n<figcaption class=\"wp-element-caption\"><strong>THE PROVENCE<\/strong><br>\r\nINNOVATION: The Region supports Mapping Control\r\n<\/figcaption><\/div> \r\n\r\n<div class=\"wp-block-image\">\r\n<a href=\"https:\/\/bu.optimum-automotive.com\/wp-content\/uploads\/2024\/07\/pdf\/2016-02-09-1691_le_journal_des_entreprises_edi.pdf\" title=\"LE JOURNAL DES ENTREPRISES PROVENCE-COTE D&#039;AZUR\" type=\"application\/pdf\" target=\"_blank\" rel=\"noopener\"><img loading=\"lazy\" decoding=\"async\" src=\"https:\/\/bu.optimum-automotive.com\/wp-content\/uploads\/2024\/07\/jpg\/01-11.jpg\" width=\"184\" height=\"260\" alt=\"PDF - 201.1 kb\"><\/a>\r\n<figcaption class=\"wp-element-caption\"><strong>LE JOURNAL DES ENTREPRISES PROVENCE-COTE D'AZUR<\/strong><br>\r\nMapping Control Paca Accelerator\r\n<\/figcaption><\/div> \r\n\r\n<h2 class=\"wp-block-heading\">JANUARY 2016<\/h2>\r\n\r\n<div class=\"wp-block-image\">\r\n<a href=\"https:\/\/bu.optimum-automotive.com\/wp-content\/uploads\/2024\/07\/pdf\/2015_12_28_1349_informations_agricoles_hebdo_a.pdf\" title=\"AGRICULTURAL INFORMATION\" type=\"application\/pdf\" target=\"_blank\" rel=\"noopener\"><img loading=\"lazy\" decoding=\"async\" src=\"https:\/\/bu.optimum-automotive.com\/wp-content\/uploads\/2024\/07\/jpg\/01-14.jpg\" width=\"184\" height=\"260\" alt=\"PDF - 555.8 kb\"><\/a>\r\n<figcaption class=\"wp-element-caption\"><strong>AGRICULTURAL INFORMATION<\/strong><br>\r\nCollaborative economy: Renting and sharing farm equipment\r\n<\/figcaption><\/div> \r\n\r\n<div class=\"wp-block-image\"> \r\n<a href=\"https:\/\/bu.optimum-automotive.com\/wp-content\/uploads\/2024\/07\/pdf\/2016_01_06_5323_www_lejournaldesentreprises_co.pdf\" title=\"LE JOURNAL DES ENTREPRISES lejournaldesentreprises.com\" type=\"application\/pdf\" target=\"_blank\" rel=\"noopener\"><img loading=\"lazy\" decoding=\"async\" src=\"https:\/\/bu.optimum-automotive.com\/wp-content\/uploads\/2024\/07\/jpg\/01-13.jpg\" width=\"184\" height=\"260\" alt=\"PDF - 93.7 kb\"><\/a>\r\n<figcaption class=\"wp-element-caption\"><strong>LE JOURNAL DES ENTREPRISES lejournaldesentreprises.com<\/strong><br>\r\nAix-en-Provence. Mapping Control selected by Paca Accelerator\r\n<\/figcaption><\/div> \r\n\r\n<div class=\"wp-block-image\"> \r\n<a href=\"https:\/\/bu.optimum-automotive.com\/wp-content\/uploads\/2024\/07\/pdf\/la_tribune_des_auto-ecoles.pdf\" title=\"LA TRIBUNE DES AUTO-\u00c9COLES\" type=\"application\/pdf\" target=\"_blank\" rel=\"noopener\"><img loading=\"lazy\" decoding=\"async\" src=\"https:\/\/bu.optimum-automotive.com\/wp-content\/uploads\/2024\/07\/jpg\/01-15.jpg\" width=\"184\" height=\"260\" alt=\"PDF - 103.8 kb\"><\/a>\r\n<figcaption class=\"wp-element-caption\"><strong>LA TRIBUNE DES AUTO-\u00c9COLES<\/strong><br>\r\nGeolocation: A tool for reducing costs\r\n<\/figcaption><\/div> \r\n\r\n<h2 class=\"wp-block-heading\">NOVEMBER 2015<\/h2>\r\n\r\n<div class=\"wp-block-image\"> \r\n<a href=\"https:\/\/bu.optimum-automotive.com\/wp-content\/uploads\/2024\/07\/pdf\/2015_10_28_5204_www_transportissimo_com.pdf\" title=\"TRANSPORTISSIMO transportissimo.com\" type=\"application\/pdf\" target=\"_blank\" rel=\"noopener\"><img loading=\"lazy\" decoding=\"async\" src=\"https:\/\/bu.optimum-automotive.com\/wp-content\/uploads\/2024\/07\/jpg\/01-16.jpg\" width=\"184\" height=\"260\" alt=\"PDF - 399.4 kb\"><\/a>\r\n<figcaption class=\"wp-element-caption\"><strong>TRANSPORTISSIMO transportissimo.com<\/strong><br>\r\nTransports AJC manages its LCVs with Mapping Control\r\n\r\n<\/figcaption><\/div> \r\n\r\n<h2 class=\"wp-block-heading\">OCTOBER 2015<\/h2>\r\n\r\n<div class=\"wp-block-image\">\r\n<a href=\"https:\/\/bu.optimum-automotive.com\/wp-content\/uploads\/2024\/07\/pdf\/2015_10_25_5491_www_flotauto_com.pdf\" title=\"FLOTAUTO flotauto.com\" type=\"application\/pdf\" target=\"_blank\" rel=\"noopener\"><img loading=\"lazy\" decoding=\"async\" src=\"https:\/\/bu.optimum-automotive.com\/wp-content\/uploads\/2024\/07\/jpg\/01-17.jpg\" width=\"184\" height=\"260\" alt=\"PDF - 161.7 kb\"><\/a>\r\n<figcaption class=\"wp-element-caption\"><strong>FLOTAUTO flotauto.com<\/strong><br>\r\nTransports AJC optimizes fleet management with Mapping Control\r\n<\/figcaption><\/div> \r\n\r\n<div class=\"wp-block-image\"> \r\n<a href=\"https:\/\/bu.optimum-automotive.com\/wp-content\/uploads\/2024\/07\/pdf\/2015_10_25_5214_www_automobileentreprise_com.pdf\" title=\"AUTOMOTIVE &amp; BUSINESS automobile-entreprise.com\" type=\"application\/pdf\" target=\"_blank\" rel=\"noopener\"><img loading=\"lazy\" decoding=\"async\" src=\"https:\/\/bu.optimum-automotive.com\/wp-content\/uploads\/2024\/07\/jpg\/01-18.jpg\" width=\"184\" height=\"260\" alt=\"PDF - 144.9 kb\"><\/a>\r\n<figcaption class=\"wp-element-caption\"><strong>AUTOMOTIVE &amp; BUSINESS automobile-entreprise.com<\/strong><br>\r\nTransports AJC equips its 80 commercial vehicles with a telematics box\r\n<\/figcaption><\/div> \r\n\r\n<div class=\"wp-block-image\">\r\n<a href=\"https:\/\/bu.optimum-automotive.com\/wp-content\/uploads\/2024\/07\/pdf\/2015_10_08_1393_l_automobile___l_entreprise.pdf\" title=\"THE AUTOMOBILE &amp; THE COMPANY\" type=\"application\/pdf\" target=\"_blank\" rel=\"noopener\"><img loading=\"lazy\" decoding=\"async\" src=\"https:\/\/bu.optimum-automotive.com\/wp-content\/uploads\/2024\/07\/jpg\/01-19.jpg\" width=\"184\" height=\"260\" alt=\"PDF - 243.8 kb\"><\/a>\r\n<figcaption class=\"wp-element-caption\"><strong>THE AUTOMOBILE &amp; THE COMPANY<\/strong><br>\r\nMapping Control raises funds for expansion\r\n<\/figcaption><\/div> \r\n\r\n<div class=\"wp-block-image\">\r\n<a href=\"https:\/\/bu.optimum-automotive.com\/wp-content\/uploads\/2024\/07\/pdf\/le_nouvel_horizon_de_la_telematique_embarquee.pdf\" title=\"PURCHASING DECISION\" type=\"application\/pdf\" target=\"_blank\" rel=\"noopener\"><img loading=\"lazy\" decoding=\"async\" src=\"https:\/\/bu.optimum-automotive.com\/wp-content\/uploads\/2024\/07\/jpg\/01-20.jpg\" width=\"184\" height=\"260\" alt=\"PDF - 724.3 kb\"><\/a>\r\n<figcaption class=\"wp-element-caption\"><strong>PURCHASING DECISION<\/strong><br>\r\nFLEET MANAGEMENT | DECIPHERING : The new horizon of telematics\r\n<\/figcaption><\/div> \r\n\r\n<div class=\"wp-block-image\"> \r\n<a href=\"https:\/\/bu.optimum-automotive.com\/wp-content\/uploads\/2024\/07\/pdf\/mapping_control___la_pme_vise_le_monde_de_l_automobile.pdf\" title=\"LE JOURNAL DES ENTREPRISES PROVENCE-COTE D&#039;AZUR EDITION\" type=\"application\/pdf\" target=\"_blank\" rel=\"noopener\"><img loading=\"lazy\" decoding=\"async\" src=\"https:\/\/bu.optimum-automotive.com\/wp-content\/uploads\/2024\/07\/jpg\/01-21.jpg\" width=\"184\" height=\"260\" alt=\"PDF - 173.2 kb\"><\/a>\r\n<figcaption class=\"wp-element-caption\"><strong>LE JOURNAL DES ENTREPRISES PROVENCE-COTE D'AZUR EDITION<\/strong><br>\r\nMapping Control. The company targets the automotive ecosystem\r\n<\/figcaption><\/div> \r\n\r\n<div class=\"wp-block-image\"> \r\n<a href=\"https:\/\/bu.optimum-automotive.com\/wp-content\/uploads\/2024\/07\/pdf\/2015_10_05_1151_businews.pdf\" title=\"BUSINEWS\" type=\"application\/pdf\" target=\"_blank\" rel=\"noopener\"><img loading=\"lazy\" decoding=\"async\" src=\"https:\/\/bu.optimum-automotive.com\/wp-content\/uploads\/2024\/07\/jpg\/01-22.jpg\" width=\"184\" height=\"260\" alt=\"PDF - 469.6 kb\"><\/a>\r\n<figcaption class=\"wp-element-caption\"><strong>BUSINEWS<\/strong><br>\r\nECOLOGICAL MOBILITY\" \/ \"TRANSPORT OF TOMORROW\" SOLUTIONS\r\n\r\n<\/figcaption><\/div> \r\n\r\n<h2 class=\"wp-block-heading\">SEPTEMBER 2015<\/h2>\r\n\r\n<div class=\"wp-block-image\"> \r\n<a href=\"https:\/\/bu.optimum-automotive.com\/wp-content\/uploads\/2024\/07\/pdf\/p16-la_provence_28_septembre_2015.pdf\" title=\"LA PROVENCE MARSEILLE\" type=\"application\/pdf\" target=\"_blank\" rel=\"noopener\"><img loading=\"lazy\" decoding=\"async\" src=\"https:\/\/bu.optimum-automotive.com\/wp-content\/uploads\/2024\/07\/jpg\/01-23.jpg\" width=\"184\" height=\"260\" alt=\"PDF - 19.4 Mb\"><\/a>\r\n<figcaption class=\"wp-element-caption\"><strong>LA PROVENCE MARSEILLE<\/strong><br>\r\nAUTOMOTIVE FLEETS The company manages them remotely\r\n<\/figcaption><\/div> \r\n\r\n<div class=\"wp-block-image\"> \r\n<a href=\"https:\/\/bu.optimum-automotive.com\/wp-content\/uploads\/2024\/07\/pdf\/2015_09_25_1850_la_tribune_hebdo.pdf\" title=\"THE TRIBUNE\" type=\"application\/pdf\" target=\"_blank\" rel=\"noopener\"><img loading=\"lazy\" decoding=\"async\" src=\"https:\/\/bu.optimum-automotive.com\/wp-content\/uploads\/2024\/07\/jpg\/01-24.jpg\" width=\"184\" height=\"260\" alt=\"PDF - 685.2 kb\"><\/a>\r\n<figcaption class=\"wp-element-caption\"><strong>THE TRIBUNE<\/strong><br>\r\nFour tech startups from Marseille\r\n<\/figcaption><\/div> \r\n\r\n<div class=\"wp-block-image\">\r\n<a href=\"https:\/\/bu.optimum-automotive.com\/wp-content\/uploads\/2024\/07\/pdf\/2015_09_17_1655_flash_infos_economie_edition_p.pdf\" title=\"FLASH INFOS ECONOMIE EDITION PACA\/CORSE\/LANGUEDOC ROUSSILLON)\" type=\"application\/pdf\" target=\"_blank\" rel=\"noopener\"><img loading=\"lazy\" decoding=\"async\" src=\"https:\/\/bu.optimum-automotive.com\/wp-content\/uploads\/2024\/07\/jpg\/01-25.jpg\" width=\"184\" height=\"260\" alt=\"PDF - 65.8 kb\"><\/a>\r\n<figcaption class=\"wp-element-caption\"><strong>FLASH INFOS ECONOMIE EDITION PACA\/CORSE\/LANGUEDOC ROUSSILLON)<\/strong><br>\r\nHIGH TECH: Mapping Control expands abroad\r\n<\/figcaption><\/div> \r\n\r\n<h2 class=\"wp-block-heading\">AUGUST 2015<\/h2>\r\n\r\n<div class=\"wp-block-image\"> \r\n<a href=\"https:\/\/bu.optimum-automotive.com\/wp-content\/uploads\/2024\/07\/pdf\/2015_09_16_5521_www_meridienmag_fr.pdf\" title=\"MERIDIEN MAG meridienmag.fr\" type=\"application\/pdf\" target=\"_blank\" rel=\"noopener\"><img loading=\"lazy\" decoding=\"async\" src=\"https:\/\/bu.optimum-automotive.com\/wp-content\/uploads\/2024\/07\/jpg\/01-26.jpg\" width=\"184\" height=\"260\" alt=\"PDF - 136 kb\"><\/a>\r\n<figcaption class=\"wp-element-caption\"><strong>MERIDIEN MAG meridienmag.fr<\/strong><br>\r\nMapping Control expands internationally - Bouches-du-Rh\u00f4ne\r\n<\/figcaption><\/div> \r\n\r\n<div class=\"wp-block-image\"> \r\n<a href=\"https:\/\/bu.optimum-automotive.com\/wp-content\/uploads\/2024\/07\/pdf\/2015_09_01_5728_www_journaldunet_com.pdf\" title=\"JOURNAL DU NET journaldunet.com\" type=\"application\/pdf\" target=\"_blank\" rel=\"noopener\"><img loading=\"lazy\" decoding=\"async\" src=\"https:\/\/bu.optimum-automotive.com\/wp-content\/uploads\/2024\/07\/jpg\/01-27.jpg\" width=\"184\" height=\"260\" alt=\"PDF - 184.9 kb\"><\/a>\r\n<figcaption class=\"wp-element-caption\"><strong>JOURNAL DU NET journaldunet.com<\/strong><br>\r\nFrench Web company raised 123 million euros this summer, up 45.81TP3Q\r\n<\/figcaption><\/div>\n<\/div>","protected":false},"excerpt":{"rendered":"<p>REVUE DE PRESSE Mars 2025 F\u00e9vrier 2025 Janvier 2025 D\u00e9cembre 2024 Novembre 2024 Octobre 2024 Septembre 2024 Ao\u00fbt 2024 JUILLET 2024 JUIN 2024 MARS 2024 JANVIER 2024 NOVEMBRE 2023 OCTOBRE 2023 JUIN 2023 MAI 2023 AVRIL 2023 MARS 2023 F\u00c9VRIER 2023 JANVIER 2023 D\u00c9CEMBRE 2022 NOVEMBRE 2022 pa-sport.fr AUTOMOBILE&nbsp;: Optimum automotive scelle un nouveau partenariat [&hellip;]<\/p>","protected":false},"author":1,"featured_media":0,"parent":0,"menu_order":0,"comment_status":"closed","ping_status":"closed","template":"page-without-title.php","meta":{"_coblocks_attr":"","_coblocks_dimensions":"","_coblocks_responsive_height":"","_coblocks_accordion_ie_support":"","_uag_custom_page_level_css":"","footnotes":""},"class_list":["post-1413","page","type-page","status-publish","hentry"],"uagb_featured_image_src":{"full":false,"thumbnail":false,"medium":false,"medium_large":false,"large":false,"1536x1536":false,"2048x2048":false,"trp-custom-language-flag":false},"uagb_author_info":{"display_name":"camaleon","author_link":"https:\/\/bu.optimum-automotive.com\/en\/author\/camaleon\/"},"uagb_comment_info":0,"uagb_excerpt":"REVUE DE PRESSE Mars 2025 F\u00e9vrier 2025 Janvier 2025 D\u00e9cembre 2024 Novembre 2024 Octobre 2024 Septembre 2024 Ao\u00fbt 2024 JUILLET 2024 JUIN 2024 MARS 2024 JANVIER 2024 NOVEMBRE 2023 OCTOBRE 2023 JUIN 2023 MAI 2023 AVRIL 2023 MARS 2023 F\u00c9VRIER 2023 JANVIER 2023 D\u00c9CEMBRE 2022 NOVEMBRE 2022 pa-sport.fr AUTOMOBILE&nbsp;: Optimum automotive scelle un nouveau partenariat&hellip;","_links":{"self":[{"href":"https:\/\/bu.optimum-automotive.com\/en\/wp-json\/wp\/v2\/pages\/1413","targetHints":{"allow":["GET"]}}],"collection":[{"href":"https:\/\/bu.optimum-automotive.com\/en\/wp-json\/wp\/v2\/pages"}],"about":[{"href":"https:\/\/bu.optimum-automotive.com\/en\/wp-json\/wp\/v2\/types\/page"}],"author":[{"embeddable":true,"href":"https:\/\/bu.optimum-automotive.com\/en\/wp-json\/wp\/v2\/users\/1"}],"replies":[{"embeddable":true,"href":"https:\/\/bu.optimum-automotive.com\/en\/wp-json\/wp\/v2\/comments?post=1413"}],"version-history":[{"count":120,"href":"https:\/\/bu.optimum-automotive.com\/en\/wp-json\/wp\/v2\/pages\/1413\/revisions"}],"predecessor-version":[{"id":5795,"href":"https:\/\/bu.optimum-automotive.com\/en\/wp-json\/wp\/v2\/pages\/1413\/revisions\/5795"}],"wp:attachment":[{"href":"https:\/\/bu.optimum-automotive.com\/en\/wp-json\/wp\/v2\/media?parent=1413"}],"curies":[{"name":"wp","href":"https:\/\/api.w.org\/{rel}","templated":true}]}}