{"id":11,"date":"2024-04-30T10:45:25","date_gmt":"2024-04-30T08:45:25","guid":{"rendered":"http:\/\/127.0.0.1\/site%20OA\/?page_id=11"},"modified":"2025-01-16T16:06:13","modified_gmt":"2025-01-16T15:06:13","slug":"accompagnement","status":"publish","type":"page","link":"https:\/\/bu.optimum-automotive.com\/es\/soporte\/","title":{"rendered":"APOYO"},"content":{"rendered":"<div class=\"wp-block-uagb-container uagb-block-af8d1479 alignfull uagb-is-root-container\"><div class=\"uagb-container-inner-blocks-wrap\">\n<div class=\"wp-block-uagb-container uagb-block-cb094fac\">\n<h1 class=\"wp-block-heading mt-0 mb-0\"><strong>De la auditor\u00eda inicial a la supervisi\u00f3n de la flota<\/strong><\/h1>\n\n\n\n<h3 class=\"wp-block-heading mt-0\"><mark style=\"background-color:rgba(0, 0, 0, 0);color:#0043ce\" class=\"has-inline-color\">Apoyamos su proyecto <br>gracias a la experiencia de <br>nuestros gestores de flotas integrados<\/mark><\/h3>\n\n\n\n<h3 class=\"wp-block-heading has-text-align-left\">La auditor\u00eda<\/h3>\n\n\n\n<p class=\"has-text-align-left\">Antes de poder afirmar que est\u00e1 generando ahorros, necesita hacer balance. Nuestros expertos en soluciones de movilidad recopilan la informaci\u00f3n clave necesaria para comprender su TCO* actual. Esta auditor\u00eda tambi\u00e9n ayuda a poner de relieve las palancas de ahorro para su empresa.<\/p>\n\n\n\n<p class=\"has-small-font-size\">* Coste total de propiedad<\/p>\n<\/div>\n\n\n\n<div class=\"wp-block-uagb-container uagb-block-ca10cc55\"><div class=\"wp-block-image\">\n<figure class=\"aligncenter size-full\"><img loading=\"lazy\" decoding=\"async\" width=\"403\" height=\"400\" src=\"https:\/\/bu.optimum-automotive.com\/wp-content\/uploads\/2024\/12\/audit_de_parc_automobile.png\" alt=\"\" class=\"wp-image-4453\" srcset=\"https:\/\/bu.optimum-automotive.com\/wp-content\/uploads\/2024\/12\/audit_de_parc_automobile.png 403w, https:\/\/bu.optimum-automotive.com\/wp-content\/uploads\/2024\/12\/audit_de_parc_automobile-300x298.png 300w, https:\/\/bu.optimum-automotive.com\/wp-content\/uploads\/2024\/12\/audit_de_parc_automobile-150x150.png 150w, https:\/\/bu.optimum-automotive.com\/wp-content\/uploads\/2024\/12\/audit_de_parc_automobile-12x12.png 12w\" sizes=\"auto, (max-width: 403px) 100vw, 403px\" \/><\/figure><\/div><\/div>\n<\/div><\/div>\n\n\n\n<div class=\"wp-block-uagb-container uagb-block-79237a96 alignfull uagb-is-root-container\">\n<div class=\"wp-block-uagb-container uagb-block-d6360a42 alignfull uagb-is-root-container\"><div class=\"uagb-container-inner-blocks-wrap\">\n<div class=\"wp-block-uagb-container uag-hide-tab uag-hide-mob uagb-block-5bac448e\"><div class=\"wp-block-image\">\n<figure class=\"aligncenter size-full\"><img loading=\"lazy\" decoding=\"async\" width=\"403\" height=\"400\" src=\"https:\/\/bu.optimum-automotive.com\/wp-content\/uploads\/2024\/12\/services.png\" alt=\"\" class=\"wp-image-4454\" srcset=\"https:\/\/bu.optimum-automotive.com\/wp-content\/uploads\/2024\/12\/services.png 403w, https:\/\/bu.optimum-automotive.com\/wp-content\/uploads\/2024\/12\/services-300x298.png 300w, https:\/\/bu.optimum-automotive.com\/wp-content\/uploads\/2024\/12\/services-150x150.png 150w, https:\/\/bu.optimum-automotive.com\/wp-content\/uploads\/2024\/12\/services-12x12.png 12w\" sizes=\"auto, (max-width: 403px) 100vw, 403px\" \/><\/figure><\/div><\/div>\n\n\n\n<div class=\"wp-block-uagb-container uagb-block-6c5ea4ad\">\n<h3 class=\"wp-block-heading mb-0\">Selecci\u00f3n de servicios<\/h3>\n\n\n\n<p>Trabajaremos con usted para determinar los servicios que son adecuados para cada veh\u00edculo\/conductor, para elaborar el paquete de servicios que sea adecuado para usted. Mejor a\u00fan, podemos crear paquetes diferentes para cada tipo de veh\u00edculo y\/o conductor.<\/p>\n<\/div>\n\n\n\n<div class=\"wp-block-uagb-container uag-hide-desktop uagb-block-9523de46\"><div class=\"wp-block-image\">\n<figure class=\"aligncenter size-full\"><img loading=\"lazy\" decoding=\"async\" width=\"403\" height=\"400\" src=\"https:\/\/bu.optimum-automotive.com\/wp-content\/uploads\/2024\/12\/services-1.png\" alt=\"\" class=\"wp-image-4455\" srcset=\"https:\/\/bu.optimum-automotive.com\/wp-content\/uploads\/2024\/12\/services-1.png 403w, https:\/\/bu.optimum-automotive.com\/wp-content\/uploads\/2024\/12\/services-1-300x298.png 300w, https:\/\/bu.optimum-automotive.com\/wp-content\/uploads\/2024\/12\/services-1-150x150.png 150w, https:\/\/bu.optimum-automotive.com\/wp-content\/uploads\/2024\/12\/services-1-12x12.png 12w\" sizes=\"auto, (max-width: 403px) 100vw, 403px\" \/><\/figure><\/div><\/div>\n<\/div><\/div>\n<\/div>\n\n\n\n<div class=\"wp-block-uagb-container uagb-block-6f689e6d alignfull uagb-is-root-container\"><div class=\"uagb-container-inner-blocks-wrap\">\n<div class=\"wp-block-uagb-container uagb-block-cd026288\">\n<h3 class=\"wp-block-heading has-text-align-right mb-0\">Informar a los empleados<\/h3>\n\n\n\n<p class=\"has-text-align-right\">Le proporcionamos apoyo y todas las herramientas de comunicaci\u00f3n que necesite para informar a sus empleados cumpliendo plenamente la normativa CNIL y RGPD. Tambi\u00e9n podemos colaborar con usted en reuniones sindicales y del CHSCT.<\/p>\n<\/div>\n\n\n\n<div class=\"wp-block-uagb-container uagb-block-b5b45c07\"><div class=\"wp-block-image\">\n<figure class=\"aligncenter size-full\"><img loading=\"lazy\" decoding=\"async\" width=\"403\" height=\"400\" src=\"https:\/\/bu.optimum-automotive.com\/wp-content\/uploads\/2024\/12\/employes_CNIL-RGPD.png\" alt=\"\" class=\"wp-image-4456\" srcset=\"https:\/\/bu.optimum-automotive.com\/wp-content\/uploads\/2024\/12\/employes_CNIL-RGPD.png 403w, https:\/\/bu.optimum-automotive.com\/wp-content\/uploads\/2024\/12\/employes_CNIL-RGPD-300x298.png 300w, https:\/\/bu.optimum-automotive.com\/wp-content\/uploads\/2024\/12\/employes_CNIL-RGPD-150x150.png 150w, https:\/\/bu.optimum-automotive.com\/wp-content\/uploads\/2024\/12\/employes_CNIL-RGPD-12x12.png 12w\" sizes=\"auto, (max-width: 403px) 100vw, 403px\" \/><\/figure><\/div><\/div>\n<\/div><\/div>\n\n\n\n<div class=\"wp-block-uagb-container uagb-block-af4c8777 alignfull uagb-is-root-container\">\n<div class=\"wp-block-uagb-container uagb-block-25ddfee0 alignfull uagb-is-root-container\"><div class=\"uagb-container-inner-blocks-wrap\">\n<div class=\"wp-block-uagb-container uag-hide-tab uag-hide-mob uagb-block-107b421c\"><div class=\"wp-block-image\">\n<figure class=\"aligncenter size-full\"><img loading=\"lazy\" decoding=\"async\" width=\"403\" height=\"400\" src=\"https:\/\/bu.optimum-automotive.com\/wp-content\/uploads\/2024\/12\/planification.png\" alt=\"\" class=\"wp-image-4457\" srcset=\"https:\/\/bu.optimum-automotive.com\/wp-content\/uploads\/2024\/12\/planification.png 403w, https:\/\/bu.optimum-automotive.com\/wp-content\/uploads\/2024\/12\/planification-300x298.png 300w, https:\/\/bu.optimum-automotive.com\/wp-content\/uploads\/2024\/12\/planification-150x150.png 150w, https:\/\/bu.optimum-automotive.com\/wp-content\/uploads\/2024\/12\/planification-12x12.png 12w\" sizes=\"auto, (max-width: 403px) 100vw, 403px\" \/><\/figure><\/div><\/div>\n\n\n\n<div class=\"wp-block-uagb-container uagb-block-80e61be9\">\n<h3 class=\"wp-block-heading mb-0\">Planificaci\u00f3n<\/h3>\n\n\n\n<p>Porque sus limitaciones son lo primero, nuestro departamento de planificaci\u00f3n programar\u00e1 la instalaci\u00f3n de las cajas para cada veh\u00edculo en funci\u00f3n de sus necesidades (geogr\u00e1ficas, horarias, etc.) para no perturbar su actividad.<\/p>\n<\/div>\n\n\n\n<div class=\"wp-block-uagb-container uag-hide-desktop uagb-block-e00f8775\"><div class=\"wp-block-image\">\n<figure class=\"aligncenter size-full\"><img loading=\"lazy\" decoding=\"async\" width=\"403\" height=\"400\" src=\"https:\/\/bu.optimum-automotive.com\/wp-content\/uploads\/2024\/12\/planification-1.png\" alt=\"\" class=\"wp-image-4458\" srcset=\"https:\/\/bu.optimum-automotive.com\/wp-content\/uploads\/2024\/12\/planification-1.png 403w, https:\/\/bu.optimum-automotive.com\/wp-content\/uploads\/2024\/12\/planification-1-300x298.png 300w, https:\/\/bu.optimum-automotive.com\/wp-content\/uploads\/2024\/12\/planification-1-150x150.png 150w, https:\/\/bu.optimum-automotive.com\/wp-content\/uploads\/2024\/12\/planification-1-12x12.png 12w\" sizes=\"auto, (max-width: 403px) 100vw, 403px\" \/><\/figure><\/div><\/div>\n<\/div><\/div>\n<\/div>\n\n\n\n<div class=\"wp-block-uagb-container uagb-block-5f72fa39 alignfull uagb-is-root-container\"><div class=\"uagb-container-inner-blocks-wrap\">\n<div class=\"wp-block-uagb-container uagb-block-8a608418\">\n<h3 class=\"wp-block-heading has-text-align-right mb-0\">Instalaci\u00f3n<\/h3>\n\n\n\n<p class=\"has-text-align-right\">Nuestra red de 65 instaladores cubre todo el territorio franc\u00e9s. Como profesionales de la electricidad del autom\u00f3vil, conocen perfectamente las distintas t\u00e9cnicas de instalaci\u00f3n para todo tipo de veh\u00edculos, <br>incluso las m\u00e1s complejas.<\/p>\n<\/div>\n\n\n\n<div class=\"wp-block-uagb-container uagb-block-3dc8a2c5\"><div class=\"wp-block-image\">\n<figure class=\"aligncenter size-full\"><img loading=\"lazy\" decoding=\"async\" width=\"403\" height=\"400\" src=\"https:\/\/bu.optimum-automotive.com\/wp-content\/uploads\/2024\/12\/installation-boitier-vehicule.png\" alt=\"\" class=\"wp-image-4459\" srcset=\"https:\/\/bu.optimum-automotive.com\/wp-content\/uploads\/2024\/12\/installation-boitier-vehicule.png 403w, https:\/\/bu.optimum-automotive.com\/wp-content\/uploads\/2024\/12\/installation-boitier-vehicule-300x298.png 300w, https:\/\/bu.optimum-automotive.com\/wp-content\/uploads\/2024\/12\/installation-boitier-vehicule-150x150.png 150w, https:\/\/bu.optimum-automotive.com\/wp-content\/uploads\/2024\/12\/installation-boitier-vehicule-12x12.png 12w\" sizes=\"auto, (max-width: 403px) 100vw, 403px\" \/><\/figure><\/div><\/div>\n<\/div><\/div>\n\n\n\n<div class=\"wp-block-uagb-container uagb-block-1523f63f alignfull uagb-is-root-container\">\n<div class=\"wp-block-uagb-container uagb-block-83e05ae4 alignfull uagb-is-root-container\"><div class=\"uagb-container-inner-blocks-wrap\">\n<div class=\"wp-block-uagb-container uag-hide-tab uag-hide-mob uagb-block-35d282ca\"><div class=\"wp-block-image\">\n<figure class=\"aligncenter size-full\"><img loading=\"lazy\" decoding=\"async\" width=\"403\" height=\"400\" src=\"https:\/\/bu.optimum-automotive.com\/wp-content\/uploads\/2024\/12\/prise-en-main_formateurs-gestion-de-parc-1.png\" alt=\"\" class=\"wp-image-4461\" srcset=\"https:\/\/bu.optimum-automotive.com\/wp-content\/uploads\/2024\/12\/prise-en-main_formateurs-gestion-de-parc-1.png 403w, https:\/\/bu.optimum-automotive.com\/wp-content\/uploads\/2024\/12\/prise-en-main_formateurs-gestion-de-parc-1-300x298.png 300w, https:\/\/bu.optimum-automotive.com\/wp-content\/uploads\/2024\/12\/prise-en-main_formateurs-gestion-de-parc-1-150x150.png 150w, https:\/\/bu.optimum-automotive.com\/wp-content\/uploads\/2024\/12\/prise-en-main_formateurs-gestion-de-parc-1-12x12.png 12w\" sizes=\"auto, (max-width: 403px) 100vw, 403px\" \/><\/figure><\/div><\/div>\n\n\n\n<div class=\"wp-block-uagb-container uagb-block-02562faa\">\n<h3 class=\"wp-block-heading mb-0\">Para empezar<\/h3>\n\n\n\n<p>Nuestros formadores le har\u00e1n una introducci\u00f3n por conferencia web para que pueda familiarizarse con su nueva herramienta de gesti\u00f3n. Si lo desea, tambi\u00e9n podemos ofrecerle formaci\u00f3n presencial especializada para ayudarle a aprovechar al m\u00e1ximo la potencia funcional de la plataforma.<\/p>\n<\/div>\n\n\n\n<div class=\"wp-block-uagb-container uag-hide-desktop uagb-block-b5b74baa\"><div class=\"wp-block-image\">\n<figure class=\"aligncenter size-full\"><img loading=\"lazy\" decoding=\"async\" width=\"403\" height=\"400\" src=\"https:\/\/bu.optimum-automotive.com\/wp-content\/uploads\/2024\/12\/prise-en-main_formateurs-gestion-de-parc-1-1.png\" alt=\"\" class=\"wp-image-4462\" srcset=\"https:\/\/bu.optimum-automotive.com\/wp-content\/uploads\/2024\/12\/prise-en-main_formateurs-gestion-de-parc-1-1.png 403w, https:\/\/bu.optimum-automotive.com\/wp-content\/uploads\/2024\/12\/prise-en-main_formateurs-gestion-de-parc-1-1-300x298.png 300w, https:\/\/bu.optimum-automotive.com\/wp-content\/uploads\/2024\/12\/prise-en-main_formateurs-gestion-de-parc-1-1-150x150.png 150w, https:\/\/bu.optimum-automotive.com\/wp-content\/uploads\/2024\/12\/prise-en-main_formateurs-gestion-de-parc-1-1-12x12.png 12w\" sizes=\"auto, (max-width: 403px) 100vw, 403px\" \/><\/figure><\/div><\/div>\n<\/div><\/div>\n<\/div>\n\n\n\n<div class=\"wp-block-uagb-container uagb-block-88ac15fc alignfull uagb-is-root-container\"><div class=\"uagb-container-inner-blocks-wrap\">\n<div class=\"wp-block-uagb-container uagb-block-a3701010\">\n<h3 class=\"wp-block-heading has-text-align-right mb-0\">Integraci\u00f3n y mantenimiento de parques<\/h3>\n\n\n\n<p class=\"has-text-align-right\">Un Gestor de Grandes Cuentas le ayudar\u00e1 a configurar su plataforma. En cuanto se implanta, los veh\u00edculos y sus caracter\u00edsticas se introducen a trav\u00e9s de una conexi\u00f3n con el SIV y los planes de mantenimiento (Auto Data). Su Gestor de Grandes Cuentas le apoyar\u00e1 durante toda la vida de su flota, porque la gesti\u00f3n de una flota es un proceso largo... <br>No siempre tranquilo.<\/p>\n<\/div>\n\n\n\n<div class=\"wp-block-uagb-container uagb-block-c366fdc2\"><div class=\"wp-block-image\">\n<figure class=\"aligncenter size-full\"><img loading=\"lazy\" decoding=\"async\" width=\"403\" height=\"400\" src=\"https:\/\/bu.optimum-automotive.com\/wp-content\/uploads\/2024\/12\/integration-de-parc-et-son-maintien.png\" alt=\"\" class=\"wp-image-4463\" srcset=\"https:\/\/bu.optimum-automotive.com\/wp-content\/uploads\/2024\/12\/integration-de-parc-et-son-maintien.png 403w, https:\/\/bu.optimum-automotive.com\/wp-content\/uploads\/2024\/12\/integration-de-parc-et-son-maintien-300x298.png 300w, https:\/\/bu.optimum-automotive.com\/wp-content\/uploads\/2024\/12\/integration-de-parc-et-son-maintien-150x150.png 150w, https:\/\/bu.optimum-automotive.com\/wp-content\/uploads\/2024\/12\/integration-de-parc-et-son-maintien-12x12.png 12w\" sizes=\"auto, (max-width: 403px) 100vw, 403px\" \/><\/figure><\/div><\/div>\n<\/div><\/div>\n\n\n\n<div class=\"wp-block-uagb-container uagb-block-af15f423 alignfull uagb-is-root-container\">\n<div class=\"wp-block-uagb-container uagb-block-a8500338 alignfull uagb-is-root-container\"><div class=\"uagb-container-inner-blocks-wrap\">\n<div class=\"wp-block-uagb-container uag-hide-tab uag-hide-mob uagb-block-83b5850c\"><div class=\"wp-block-image\">\n<figure class=\"aligncenter size-full\"><img loading=\"lazy\" decoding=\"async\" width=\"403\" height=\"400\" src=\"https:\/\/bu.optimum-automotive.com\/wp-content\/uploads\/2024\/12\/La-mise-en-oeuvre-du-plan-deconomies.png\" alt=\"\" class=\"wp-image-4464\" srcset=\"https:\/\/bu.optimum-automotive.com\/wp-content\/uploads\/2024\/12\/La-mise-en-oeuvre-du-plan-deconomies.png 403w, https:\/\/bu.optimum-automotive.com\/wp-content\/uploads\/2024\/12\/La-mise-en-oeuvre-du-plan-deconomies-300x298.png 300w, https:\/\/bu.optimum-automotive.com\/wp-content\/uploads\/2024\/12\/La-mise-en-oeuvre-du-plan-deconomies-150x150.png 150w, https:\/\/bu.optimum-automotive.com\/wp-content\/uploads\/2024\/12\/La-mise-en-oeuvre-du-plan-deconomies-12x12.png 12w\" sizes=\"auto, (max-width: 403px) 100vw, 403px\" \/><\/figure><\/div><\/div>\n\n\n\n<div class=\"wp-block-uagb-container uagb-block-2fbcd218\">\n<h3 class=\"wp-block-heading mb-0\">Aplicaci\u00f3n del plan de ahorro<\/h3>\n\n\n\n<p>La plataforma le proporciona indicadores continuos y asesoramiento sobre c\u00f3mo optimizar su coste total de propiedad. <\/p>\n\n\n\n<p>Nuestros expertos en soluciones de movilidad tambi\u00e9n est\u00e1n a su disposici\u00f3n para ayudarle a tomar las decisiones adecuadas en el momento oportuno.<\/p>\n<\/div>\n\n\n\n<div class=\"wp-block-uagb-container uag-hide-desktop uagb-block-9eebcf68\"><div class=\"wp-block-image\">\n<figure class=\"aligncenter size-full\"><img loading=\"lazy\" decoding=\"async\" width=\"403\" height=\"400\" src=\"https:\/\/bu.optimum-automotive.com\/wp-content\/uploads\/2024\/12\/La-mise-en-oeuvre-du-plan-deconomies-1.png\" alt=\"\" class=\"wp-image-4465\" srcset=\"https:\/\/bu.optimum-automotive.com\/wp-content\/uploads\/2024\/12\/La-mise-en-oeuvre-du-plan-deconomies-1.png 403w, https:\/\/bu.optimum-automotive.com\/wp-content\/uploads\/2024\/12\/La-mise-en-oeuvre-du-plan-deconomies-1-300x298.png 300w, https:\/\/bu.optimum-automotive.com\/wp-content\/uploads\/2024\/12\/La-mise-en-oeuvre-du-plan-deconomies-1-150x150.png 150w, https:\/\/bu.optimum-automotive.com\/wp-content\/uploads\/2024\/12\/La-mise-en-oeuvre-du-plan-deconomies-1-12x12.png 12w\" sizes=\"auto, (max-width: 403px) 100vw, 403px\" \/><\/figure><\/div><\/div>\n<\/div><\/div>\n<\/div>\n\n\n\n<div class=\"wp-block-uagb-container uagb-block-9f5f92b2 alignfull uagb-is-root-container\"><div class=\"uagb-container-inner-blocks-wrap\">\n<div class=\"wp-block-uagb-container uagb-block-656aee6d\">\n<h3 class=\"wp-block-heading has-text-align-right mb-0\">Atenci\u00f3n al cliente<\/h3>\n\n\n\n<p class=\"has-text-align-right\">\u00bfAlguna pregunta o duda?<br>Nuestro servicio de atenci\u00f3n al cliente est\u00e1 disponible directamente desde la plataforma (ticket interactivo) o por tel\u00e9fono. Recibir\u00e1 una respuesta r\u00e1pida y personalizada lo antes posible.<\/p>\n<\/div>\n\n\n\n<div class=\"wp-block-uagb-container uagb-block-30c8fa26\"><div class=\"wp-block-image\">\n<figure class=\"aligncenter size-full\"><img loading=\"lazy\" decoding=\"async\" width=\"403\" height=\"400\" src=\"https:\/\/bu.optimum-automotive.com\/wp-content\/uploads\/2024\/12\/Le-service-client-gestion-de-parc.png\" alt=\"\" class=\"wp-image-4466\" srcset=\"https:\/\/bu.optimum-automotive.com\/wp-content\/uploads\/2024\/12\/Le-service-client-gestion-de-parc.png 403w, https:\/\/bu.optimum-automotive.com\/wp-content\/uploads\/2024\/12\/Le-service-client-gestion-de-parc-300x298.png 300w, https:\/\/bu.optimum-automotive.com\/wp-content\/uploads\/2024\/12\/Le-service-client-gestion-de-parc-150x150.png 150w, https:\/\/bu.optimum-automotive.com\/wp-content\/uploads\/2024\/12\/Le-service-client-gestion-de-parc-12x12.png 12w\" sizes=\"auto, (max-width: 403px) 100vw, 403px\" \/><\/figure><\/div><\/div>\n<\/div><\/div>\n\n\n\n<div class=\"wp-block-uagb-container uagb-block-800761fc alignfull uagb-is-root-container\">\n<div class=\"wp-block-uagb-container uagb-block-0678d31f alignfull uagb-is-root-container\"><div class=\"uagb-container-inner-blocks-wrap\">\n<div class=\"wp-block-uagb-container uag-hide-tab uag-hide-mob uagb-block-a390beb9\"><div class=\"wp-block-image\">\n<figure class=\"aligncenter size-full\"><img loading=\"lazy\" decoding=\"async\" width=\"403\" height=\"400\" src=\"https:\/\/bu.optimum-automotive.com\/wp-content\/uploads\/2024\/12\/Le-service-apres-vente-materiel-gestion-de-parc.png\" alt=\"\" class=\"wp-image-4467\" srcset=\"https:\/\/bu.optimum-automotive.com\/wp-content\/uploads\/2024\/12\/Le-service-apres-vente-materiel-gestion-de-parc.png 403w, https:\/\/bu.optimum-automotive.com\/wp-content\/uploads\/2024\/12\/Le-service-apres-vente-materiel-gestion-de-parc-300x298.png 300w, https:\/\/bu.optimum-automotive.com\/wp-content\/uploads\/2024\/12\/Le-service-apres-vente-materiel-gestion-de-parc-150x150.png 150w, https:\/\/bu.optimum-automotive.com\/wp-content\/uploads\/2024\/12\/Le-service-apres-vente-materiel-gestion-de-parc-12x12.png 12w\" sizes=\"auto, (max-width: 403px) 100vw, 403px\" \/><\/figure><\/div><\/div>\n\n\n\n<div class=\"wp-block-uagb-container uagb-block-f8bed897\">\n<h3 class=\"wp-block-heading mb-0\">Servicio posventa de hardware<\/h3>\n\n\n\n<p>Seleccionamos nuestros equipos entre los mejores proveedores del mundo y los garantizamos durante toda la duraci\u00f3n de su contrato (piezas, mano de obra y desplazamientos). Su confianza es importante para nosotros.<\/p>\n<\/div>\n\n\n\n<div class=\"wp-block-uagb-container uag-hide-desktop uagb-block-11ddc340\"><div class=\"wp-block-image\">\n<figure class=\"aligncenter size-full\"><img loading=\"lazy\" decoding=\"async\" width=\"403\" height=\"400\" src=\"https:\/\/bu.optimum-automotive.com\/wp-content\/uploads\/2024\/12\/Le-service-apres-vente-materiel-gestion-de-parc-1.png\" alt=\"\" class=\"wp-image-4468\" srcset=\"https:\/\/bu.optimum-automotive.com\/wp-content\/uploads\/2024\/12\/Le-service-apres-vente-materiel-gestion-de-parc-1.png 403w, https:\/\/bu.optimum-automotive.com\/wp-content\/uploads\/2024\/12\/Le-service-apres-vente-materiel-gestion-de-parc-1-300x298.png 300w, https:\/\/bu.optimum-automotive.com\/wp-content\/uploads\/2024\/12\/Le-service-apres-vente-materiel-gestion-de-parc-1-150x150.png 150w, https:\/\/bu.optimum-automotive.com\/wp-content\/uploads\/2024\/12\/Le-service-apres-vente-materiel-gestion-de-parc-1-12x12.png 12w\" sizes=\"auto, (max-width: 403px) 100vw, 403px\" \/><\/figure><\/div><\/div>\n<\/div><\/div>\n<\/div>\n\n\n\n<div class=\"wp-block-uagb-container uagb-block-68f38e93 alignfull uagb-is-root-container\"><div class=\"uagb-container-inner-blocks-wrap\">\n<div class=\"wp-block-uagb-container uagb-block-8f643871\">\n<h3 class=\"wp-block-heading has-text-align-right mb-0\">Gesti\u00f3n delegada<\/h3>\n\n\n\n<p class=\"has-text-align-right\">Puede confiarnos toda o parte de la gesti\u00f3n de su flota. Juntos definiremos los objetivos: pol\u00edtica de veh\u00edculos, renovaciones, entradas y salidas, gesti\u00f3n de costes, reducci\u00f3n de costes o reducci\u00f3n de flota..... Cada mes o trimestre, le enviamos un informe exhaustivo de nuestras acciones para que pueda apreciar los beneficios tangibles.<\/p>\n<\/div>\n\n\n\n<div class=\"wp-block-uagb-container uagb-block-ca69b149\"><div class=\"wp-block-image\">\n<figure class=\"aligncenter size-full\"><img loading=\"lazy\" decoding=\"async\" width=\"403\" height=\"400\" src=\"https:\/\/bu.optimum-automotive.com\/wp-content\/uploads\/2024\/12\/La-gestion-deleguee-gestion-de-parc.png\" alt=\"\" class=\"wp-image-4469\" srcset=\"https:\/\/bu.optimum-automotive.com\/wp-content\/uploads\/2024\/12\/La-gestion-deleguee-gestion-de-parc.png 403w, https:\/\/bu.optimum-automotive.com\/wp-content\/uploads\/2024\/12\/La-gestion-deleguee-gestion-de-parc-300x298.png 300w, https:\/\/bu.optimum-automotive.com\/wp-content\/uploads\/2024\/12\/La-gestion-deleguee-gestion-de-parc-150x150.png 150w, https:\/\/bu.optimum-automotive.com\/wp-content\/uploads\/2024\/12\/La-gestion-deleguee-gestion-de-parc-12x12.png 12w\" sizes=\"auto, (max-width: 403px) 100vw, 403px\" \/><\/figure><\/div><\/div>\n<\/div><\/div>","protected":false},"excerpt":{"rendered":"<p>De l\u2018audit initial au suivi de flotte Nous accompagnons votre projet gr\u00e2ce \u00e0 l\u2019expertise de nos gestionnaires de parc int\u00e9gr\u00e9s L\u2019audit Avant de pr\u00e9tendre g\u00e9n\u00e9rer des \u00e9conomies, il faut \u00e9tablir un \u00e9tat des lieux. Nos experts en solutions de mobilit\u00e9 recueillent les informations cl\u00e9s permettant d\u2019appr\u00e9hender votre TCO* actuel. Cet audit permet \u00e9galement de mettre [&hellip;]<\/p>","protected":false},"author":1,"featured_media":0,"parent":0,"menu_order":0,"comment_status":"closed","ping_status":"closed","template":"page-without-title.php","meta":{"_coblocks_attr":"","_coblocks_dimensions":"","_coblocks_responsive_height":"","_coblocks_accordion_ie_support":"","_uag_custom_page_level_css":"","footnotes":""},"class_list":["post-11","page","type-page","status-publish","hentry"],"uagb_featured_image_src":{"full":false,"thumbnail":false,"medium":false,"medium_large":false,"large":false,"1536x1536":false,"2048x2048":false,"trp-custom-language-flag":false},"uagb_author_info":{"display_name":"camaleon","author_link":"https:\/\/bu.optimum-automotive.com\/es\/author\/camaleon\/"},"uagb_comment_info":0,"uagb_excerpt":"De l\u2018audit initial au suivi de flotte Nous accompagnons votre projet gr\u00e2ce \u00e0 l\u2019expertise de nos gestionnaires de parc int\u00e9gr\u00e9s L\u2019audit Avant de pr\u00e9tendre g\u00e9n\u00e9rer des \u00e9conomies, il faut \u00e9tablir un \u00e9tat des lieux. Nos experts en solutions de mobilit\u00e9 recueillent les informations cl\u00e9s permettant d\u2019appr\u00e9hender votre TCO* actuel. Cet audit permet \u00e9galement de mettre&hellip;","_links":{"self":[{"href":"https:\/\/bu.optimum-automotive.com\/es\/wp-json\/wp\/v2\/pages\/11","targetHints":{"allow":["GET"]}}],"collection":[{"href":"https:\/\/bu.optimum-automotive.com\/es\/wp-json\/wp\/v2\/pages"}],"about":[{"href":"https:\/\/bu.optimum-automotive.com\/es\/wp-json\/wp\/v2\/types\/page"}],"author":[{"embeddable":true,"href":"https:\/\/bu.optimum-automotive.com\/es\/wp-json\/wp\/v2\/users\/1"}],"replies":[{"embeddable":true,"href":"https:\/\/bu.optimum-automotive.com\/es\/wp-json\/wp\/v2\/comments?post=11"}],"version-history":[{"count":101,"href":"https:\/\/bu.optimum-automotive.com\/es\/wp-json\/wp\/v2\/pages\/11\/revisions"}],"predecessor-version":[{"id":5182,"href":"https:\/\/bu.optimum-automotive.com\/es\/wp-json\/wp\/v2\/pages\/11\/revisions\/5182"}],"wp:attachment":[{"href":"https:\/\/bu.optimum-automotive.com\/es\/wp-json\/wp\/v2\/media?parent=11"}],"curies":[{"name":"wp","href":"https:\/\/api.w.org\/{rel}","templated":true}]}}