{"id":1413,"date":"2024-05-23T11:37:12","date_gmt":"2024-05-23T09:37:12","guid":{"rendered":"https:\/\/www.optimum-automotive.com\/?page_id=1413"},"modified":"2025-03-31T15:24:26","modified_gmt":"2025-03-31T13:24:26","slug":"revue-de-presse","status":"publish","type":"page","link":"https:\/\/bu.optimum-automotive.com\/es\/revista-de-prensa\/","title":{"rendered":"REVISTA DE PRENSA"},"content":{"rendered":"<h1 class=\"wp-block-heading mt-0\">REVISTA DE PRENSA<\/h1>\n\n\n\n<div class=\"wp-block-uagb-container uagb-layout-flex uagb-block-1b6264bc default uagb-is-root-container\">\n<h2 class=\"wp-block-heading\">Marzo de 2025<\/h2>\n\n\n<div class=\"wp-block-image\">\n<figure class=\"aligncenter size-full has-lightbox\"><a href=\"https:\/\/bu.optimum-automotive.com\/wp-content\/uploads\/2025\/03\/2025-03-25-ITRNEWS.COM-NEWSLETTER-25-mars-2025-10000000068801724.pdf\" target=\"_blank\" rel=\"noreferrer noopener\"><img loading=\"lazy\" decoding=\"async\" width=\"153\" height=\"200\" src=\"https:\/\/bu.optimum-automotive.com\/wp-content\/uploads\/2025\/03\/01-16.jpg\" alt=\"\" class=\"wp-image-5792\" srcset=\"https:\/\/bu.optimum-automotive.com\/wp-content\/uploads\/2025\/03\/01-16.jpg 153w, https:\/\/bu.optimum-automotive.com\/wp-content\/uploads\/2025\/03\/01-16-9x12.jpg 9w\" sizes=\"auto, (max-width: 153px) 100vw, 153px\" \/><\/a><figcaption class=\"wp-element-caption\"><strong>ITR NEWS COM<\/strong><br>Shiftmove nombra a Taco van der Leij Director General para Francia<\/figcaption><\/figure><\/div>\n\n<div class=\"wp-block-image\">\n<figure class=\"aligncenter size-full has-lightbox\"><a href=\"https:\/\/bu.optimum-automotive.com\/wp-content\/uploads\/2025\/03\/2025-03-24-tendancesit.com-24-mars-2025-50000000372457453.pdf\" target=\"_blank\" rel=\"noreferrer noopener\"><img loading=\"lazy\" decoding=\"async\" width=\"153\" height=\"200\" src=\"https:\/\/bu.optimum-automotive.com\/wp-content\/uploads\/2025\/03\/01-15.jpg\" alt=\"\" class=\"wp-image-5790\" srcset=\"https:\/\/bu.optimum-automotive.com\/wp-content\/uploads\/2025\/03\/01-15.jpg 153w, https:\/\/bu.optimum-automotive.com\/wp-content\/uploads\/2025\/03\/01-15-9x12.jpg 9w\" sizes=\"auto, (max-width: 153px) 100vw, 153px\" \/><\/a><figcaption class=\"wp-element-caption\"><strong>Tendencias inform\u00e1ticas<\/strong><br>Shiftmove nombra a Taco van der Leij Director General para Francia<\/figcaption><\/figure><\/div>\n\n<div class=\"wp-block-image\">\n<figure class=\"aligncenter size-full has-lightbox\"><a href=\"https:\/\/bu.optimum-automotive.com\/wp-content\/uploads\/2025\/03\/2025-03-24-lentrepriseconnectee.com-24-mars-2025-50000000372457500.pdf\" target=\"_blank\" rel=\"noreferrer noopener\"><img loading=\"lazy\" decoding=\"async\" width=\"153\" height=\"200\" src=\"https:\/\/bu.optimum-automotive.com\/wp-content\/uploads\/2025\/03\/01-14.jpg\" alt=\"\" class=\"wp-image-5788\" srcset=\"https:\/\/bu.optimum-automotive.com\/wp-content\/uploads\/2025\/03\/01-14.jpg 153w, https:\/\/bu.optimum-automotive.com\/wp-content\/uploads\/2025\/03\/01-14-9x12.jpg 9w\" sizes=\"auto, (max-width: 153px) 100vw, 153px\" \/><\/a><figcaption class=\"wp-element-caption\"><strong>La empresa conectada<\/strong><br>Shiftmove nombra a Taco van der Leij Director General para Francia<\/figcaption><\/figure><\/div>\n\n<div class=\"wp-block-image\">\n<figure class=\"aligncenter size-full has-lightbox\"><a href=\"https:\/\/bu.optimum-automotive.com\/wp-content\/uploads\/2025\/03\/2025-03-24-lavienumerique.com-24-mars-2025-50000000372457499.pdf\" target=\"_blank\" rel=\"noreferrer noopener\"><img loading=\"lazy\" decoding=\"async\" width=\"153\" height=\"200\" src=\"https:\/\/bu.optimum-automotive.com\/wp-content\/uploads\/2025\/03\/01-13.jpg\" alt=\"\" class=\"wp-image-5786\" srcset=\"https:\/\/bu.optimum-automotive.com\/wp-content\/uploads\/2025\/03\/01-13.jpg 153w, https:\/\/bu.optimum-automotive.com\/wp-content\/uploads\/2025\/03\/01-13-9x12.jpg 9w\" sizes=\"auto, (max-width: 153px) 100vw, 153px\" \/><\/a><figcaption class=\"wp-element-caption\"><strong>DigitalLife<\/strong><br>Shiftmove nombra a Taco van der Leij Director General para Francia<\/figcaption><\/figure><\/div>\n\n<div class=\"wp-block-image\">\n<figure class=\"aligncenter size-full has-lightbox\"><a href=\"https:\/\/bu.optimum-automotive.com\/wp-content\/uploads\/2025\/03\/2025-03-24-itrsoftware.com-24-mars-2025-50000000372457435.pdf\" target=\"_blank\" rel=\"noreferrer noopener\"><img loading=\"lazy\" decoding=\"async\" width=\"153\" height=\"200\" src=\"https:\/\/bu.optimum-automotive.com\/wp-content\/uploads\/2025\/03\/01-12.jpg\" alt=\"\" class=\"wp-image-5784\" srcset=\"https:\/\/bu.optimum-automotive.com\/wp-content\/uploads\/2025\/03\/01-12.jpg 153w, https:\/\/bu.optimum-automotive.com\/wp-content\/uploads\/2025\/03\/01-12-9x12.jpg 9w\" sizes=\"auto, (max-width: 153px) 100vw, 153px\" \/><\/a><figcaption class=\"wp-element-caption\"><strong>ITRsoftware<\/strong><br>Shiftmove nombra a Taco van der Leij Director General para Francia<\/figcaption><\/figure><\/div>\n\n<div class=\"wp-block-image\">\n<figure class=\"aligncenter size-full has-lightbox\"><a href=\"https:\/\/bu.optimum-automotive.com\/wp-content\/uploads\/2025\/03\/2025-03-24-itrnews.com-24-mars-2025-50000000372457450-1.pdf\" target=\"_blank\" rel=\"noreferrer noopener\"><img loading=\"lazy\" decoding=\"async\" width=\"153\" height=\"200\" src=\"https:\/\/bu.optimum-automotive.com\/wp-content\/uploads\/2025\/03\/01-11.jpg\" alt=\"\" class=\"wp-image-5781\" srcset=\"https:\/\/bu.optimum-automotive.com\/wp-content\/uploads\/2025\/03\/01-11.jpg 153w, https:\/\/bu.optimum-automotive.com\/wp-content\/uploads\/2025\/03\/01-11-9x12.jpg 9w\" sizes=\"auto, (max-width: 153px) 100vw, 153px\" \/><\/a><figcaption class=\"wp-element-caption\"><strong>ITRNews<\/strong><br>Shiftmove nombra a Taco van der Leij Director General para Francia<\/figcaption><\/figure><\/div>\n\n<div class=\"wp-block-image\">\n<figure class=\"aligncenter size-full has-lightbox\"><a href=\"https:\/\/bu.optimum-automotive.com\/wp-content\/uploads\/2025\/03\/2025-03-24-itrmobiles.com-24-mars-2025-50000000372457467-1.pdf\" target=\"_blank\" rel=\"noreferrer noopener\"><img loading=\"lazy\" decoding=\"async\" width=\"153\" height=\"200\" src=\"https:\/\/bu.optimum-automotive.com\/wp-content\/uploads\/2025\/03\/01-10.jpg\" alt=\"\" class=\"wp-image-5779\" srcset=\"https:\/\/bu.optimum-automotive.com\/wp-content\/uploads\/2025\/03\/01-10.jpg 153w, https:\/\/bu.optimum-automotive.com\/wp-content\/uploads\/2025\/03\/01-10-9x12.jpg 9w\" sizes=\"auto, (max-width: 153px) 100vw, 153px\" \/><\/a><figcaption class=\"wp-element-caption\"><strong>M\u00f3viles ITR<\/strong><br>Shiftmove nombra a Taco van der Leij Director General para Francia<\/figcaption><\/figure><\/div>\n\n<div class=\"wp-block-image\">\n<figure class=\"aligncenter size-full has-lightbox\"><a href=\"https:\/\/bu.optimum-automotive.com\/wp-content\/uploads\/2025\/03\/2025-03-24-itrinnovation.com-24-mars-2025-50000000372457445.pdf\" target=\"_blank\" rel=\"noreferrer noopener\"><img loading=\"lazy\" decoding=\"async\" width=\"153\" height=\"200\" src=\"https:\/\/bu.optimum-automotive.com\/wp-content\/uploads\/2025\/03\/01-9.jpg\" alt=\"\" class=\"wp-image-5775\" srcset=\"https:\/\/bu.optimum-automotive.com\/wp-content\/uploads\/2025\/03\/01-9.jpg 153w, https:\/\/bu.optimum-automotive.com\/wp-content\/uploads\/2025\/03\/01-9-9x12.jpg 9w\" sizes=\"auto, (max-width: 153px) 100vw, 153px\" \/><\/a><figcaption class=\"wp-element-caption\"><strong>Innovaci\u00f3n ITR<\/strong><br>Shiftmove nombra a Taco van der Leij Director General para Francia<\/figcaption><\/figure><\/div>\n\n<div class=\"wp-block-image\">\n<figure class=\"aligncenter size-full has-lightbox\"><a href=\"https:\/\/bu.optimum-automotive.com\/wp-content\/uploads\/2025\/03\/2025-03-24-itrgames.com-24-mars-2025-50000000372457463.pdf\" target=\"_blank\" rel=\"noreferrer noopener\"><img loading=\"lazy\" decoding=\"async\" width=\"153\" height=\"200\" src=\"https:\/\/bu.optimum-automotive.com\/wp-content\/uploads\/2025\/03\/01-8.jpg\" alt=\"\" class=\"wp-image-5771\" srcset=\"https:\/\/bu.optimum-automotive.com\/wp-content\/uploads\/2025\/03\/01-8.jpg 153w, https:\/\/bu.optimum-automotive.com\/wp-content\/uploads\/2025\/03\/01-8-9x12.jpg 9w\" sizes=\"auto, (max-width: 153px) 100vw, 153px\" \/><\/a><figcaption class=\"wp-element-caption\"><strong>Juegos ITR<\/strong><br>Shiftmove nombra a Taco van der Leij Director General para Francia<\/figcaption><\/figure><\/div>\n\n<div class=\"wp-block-image\">\n<figure class=\"aligncenter size-full has-lightbox\"><a href=\"https:\/\/bu.optimum-automotive.com\/wp-content\/uploads\/2025\/03\/2025-03-24-infodsi.com-24-mars-2025-50000000372457448.pdf\" target=\"_blank\" rel=\"noreferrer noopener\"><img loading=\"lazy\" decoding=\"async\" width=\"153\" height=\"200\" src=\"https:\/\/bu.optimum-automotive.com\/wp-content\/uploads\/2025\/03\/01-7.jpg\" alt=\"\" class=\"wp-image-5768\" srcset=\"https:\/\/bu.optimum-automotive.com\/wp-content\/uploads\/2025\/03\/01-7.jpg 153w, https:\/\/bu.optimum-automotive.com\/wp-content\/uploads\/2025\/03\/01-7-9x12.jpg 9w\" sizes=\"auto, (max-width: 153px) 100vw, 153px\" \/><\/a><figcaption class=\"wp-element-caption\"><strong>infoDSI<\/strong><br>Shiftmove nombra a Taco van der Leij Director General para Francia<\/figcaption><\/figure><\/div>\n\n<div class=\"wp-block-image\">\n<figure class=\"aligncenter size-full has-lightbox\"><a href=\"https:\/\/bu.optimum-automotive.com\/wp-content\/uploads\/2025\/03\/2025-03-24-ia-newsmag.com-24-mars-2025-50000000372457489.pdf\" target=\"_blank\" rel=\"noreferrer noopener\"><img loading=\"lazy\" decoding=\"async\" width=\"153\" height=\"200\" src=\"https:\/\/bu.optimum-automotive.com\/wp-content\/uploads\/2025\/03\/01-6.jpg\" alt=\"\" class=\"wp-image-5757\" srcset=\"https:\/\/bu.optimum-automotive.com\/wp-content\/uploads\/2025\/03\/01-6.jpg 153w, https:\/\/bu.optimum-automotive.com\/wp-content\/uploads\/2025\/03\/01-6-9x12.jpg 9w\" sizes=\"auto, (max-width: 153px) 100vw, 153px\" \/><\/a><figcaption class=\"wp-element-caption\"><strong>ia-newsmag.com<\/strong><br>Shiftmove nombra a Taco van der Leij Director General para Francia<\/figcaption><\/figure><\/div>\n\n<div class=\"wp-block-image\">\n<figure class=\"aligncenter size-full has-lightbox\"><a href=\"https:\/\/bu.optimum-automotive.com\/wp-content\/uploads\/2025\/03\/2025-03-24-electronique-newsmag.com-24-mars-2025-50000000372457495.pdf\" target=\"_blank\" rel=\"noreferrer noopener\"><img loading=\"lazy\" decoding=\"async\" width=\"153\" height=\"200\" src=\"https:\/\/bu.optimum-automotive.com\/wp-content\/uploads\/2025\/03\/01-5.jpg\" alt=\"\" class=\"wp-image-5754\" srcset=\"https:\/\/bu.optimum-automotive.com\/wp-content\/uploads\/2025\/03\/01-5.jpg 153w, https:\/\/bu.optimum-automotive.com\/wp-content\/uploads\/2025\/03\/01-5-9x12.jpg 9w\" sizes=\"auto, (max-width: 153px) 100vw, 153px\" \/><\/a><figcaption class=\"wp-element-caption\"><strong>electronique-newsmag.com<\/strong><br>Shiftmove nombra a Taco van der Leij Director General para Francia<\/figcaption><\/figure><\/div>\n\n<div class=\"wp-block-image\">\n<figure class=\"aligncenter size-full has-lightbox\"><a href=\"https:\/\/bu.optimum-automotive.com\/wp-content\/uploads\/2025\/03\/2025-03-24-animasoft.com-24-mars-2025-50000000372457437.pdf\" target=\"_blank\" rel=\"noreferrer noopener\"><img loading=\"lazy\" decoding=\"async\" width=\"153\" height=\"200\" src=\"https:\/\/bu.optimum-automotive.com\/wp-content\/uploads\/2025\/03\/01-4.jpg\" alt=\"\" class=\"wp-image-5751\" srcset=\"https:\/\/bu.optimum-automotive.com\/wp-content\/uploads\/2025\/03\/01-4.jpg 153w, https:\/\/bu.optimum-automotive.com\/wp-content\/uploads\/2025\/03\/01-4-9x12.jpg 9w\" sizes=\"auto, (max-width: 153px) 100vw, 153px\" \/><\/a><figcaption class=\"wp-element-caption\"><strong>Animasoft<\/strong><br>Shiftmove nombra a Taco van der Leij Director General para Francia<\/figcaption><\/figure><\/div>\n\n\n<h2 class=\"wp-block-heading\">Febrero de 2025<\/h2>\n\n\n<div class=\"wp-block-image\">\n<figure class=\"aligncenter size-full has-lightbox\"><a href=\"https:\/\/bu.optimum-automotive.com\/wp-content\/uploads\/2025\/03\/2025-01-30-www.flotauto.com-30-janvier-2025-50000000372118535.pdf\" target=\"_blank\" rel=\"noreferrer noopener\"><img loading=\"lazy\" decoding=\"async\" width=\"153\" height=\"200\" src=\"https:\/\/bu.optimum-automotive.com\/wp-content\/uploads\/2025\/03\/01-2.jpg\" alt=\"\" class=\"wp-image-5637\" srcset=\"https:\/\/bu.optimum-automotive.com\/wp-content\/uploads\/2025\/03\/01-2.jpg 153w, https:\/\/bu.optimum-automotive.com\/wp-content\/uploads\/2025\/03\/01-2-9x12.jpg 9w\" sizes=\"auto, (max-width: 153px) 100vw, 153px\" \/><\/a><figcaption class=\"wp-element-caption\"><strong>flotauto.com<\/strong><br>Una soluci\u00f3n telem\u00e1tica para los asegurados de Relyens<\/figcaption><\/figure><\/div>\n\n<div class=\"wp-block-image\">\n<figure class=\"aligncenter size-full has-lightbox\"><a href=\"https:\/\/bu.optimum-automotive.com\/wp-content\/uploads\/2025\/03\/2025-01-30-LAutomobile-lentreprise-Relyens-choisit-Optimum-pour-ameliorer-.-de-flotte-des-etablissements-de-sante.pdf\" target=\"_blank\" rel=\"noreferrer noopener\"><img loading=\"lazy\" decoding=\"async\" width=\"153\" height=\"200\" src=\"https:\/\/bu.optimum-automotive.com\/wp-content\/uploads\/2025\/03\/01.jpg\" alt=\"\" class=\"wp-image-5629\" srcset=\"https:\/\/bu.optimum-automotive.com\/wp-content\/uploads\/2025\/03\/01.jpg 153w, https:\/\/bu.optimum-automotive.com\/wp-content\/uploads\/2025\/03\/01-9x12.jpg 9w\" sizes=\"auto, (max-width: 153px) 100vw, 153px\" \/><\/a><figcaption class=\"wp-element-caption\"><strong>Coches y negocios<\/strong><br>Relyens elige Optimum para mejorar la gesti\u00f3n de la flota de los centros sanitarios<\/figcaption><\/figure><\/div>\n\n<div class=\"wp-block-image\">\n<figure class=\"aligncenter size-full has-lightbox\"><a href=\"https:\/\/bu.optimum-automotive.com\/wp-content\/uploads\/2025\/03\/2025-02-03-LE-JOURNAL-DES-ENTREPRISES-LE-BRIEF-EDITION-AUVERGNE-RHONE-ALPES-NEWSLETTER-03-fevrier-2025-10000000068470150.pdf\" target=\"_blank\" rel=\"noreferrer noopener\"><img loading=\"lazy\" decoding=\"async\" width=\"153\" height=\"200\" src=\"https:\/\/bu.optimum-automotive.com\/wp-content\/uploads\/2025\/03\/01-3.jpg\" alt=\"\" class=\"wp-image-5641\" srcset=\"https:\/\/bu.optimum-automotive.com\/wp-content\/uploads\/2025\/03\/01-3.jpg 153w, https:\/\/bu.optimum-automotive.com\/wp-content\/uploads\/2025\/03\/01-3-9x12.jpg 9w\" sizes=\"auto, (max-width: 153px) 100vw, 153px\" \/><\/a><figcaption class=\"wp-element-caption\"><strong>LA REVISTA DE<br>EMPRESAS<\/strong><br>Relyens lanza una plataforma para ayudar a prevenir<br>riesgos relacionados con las flotas de veh\u00edculos<\/figcaption><\/figure><\/div>\n\n<div class=\"wp-block-image\">\n<figure class=\"aligncenter size-full has-lightbox\"><a href=\"https:\/\/bu.optimum-automotive.com\/wp-content\/uploads\/2025\/03\/2025-01-30-www.am-today.com-30-janvier-2025-50000000372114018.pdf\" target=\"_blank\" rel=\"noreferrer noopener\"><img loading=\"lazy\" decoding=\"async\" width=\"153\" height=\"200\" src=\"https:\/\/bu.optimum-automotive.com\/wp-content\/uploads\/2025\/03\/01-1.jpg\" alt=\"\" class=\"wp-image-5633\" srcset=\"https:\/\/bu.optimum-automotive.com\/wp-content\/uploads\/2025\/03\/01-1.jpg 153w, https:\/\/bu.optimum-automotive.com\/wp-content\/uploads\/2025\/03\/01-1-9x12.jpg 9w\" sizes=\"auto, (max-width: 153px) 100vw, 153px\" \/><\/a><figcaption class=\"wp-element-caption\"><strong>am-hoy.com<\/strong><br>Relyens integra la soluci\u00f3n Optimum para la prevenci\u00f3n de riesgos<br>autom\u00f3viles.<\/figcaption><\/figure><\/div>\n\n\n<h2 class=\"wp-block-heading\">Enero de 2025<\/h2>\n\n\n<div class=\"wp-block-image\">\n<figure class=\"aligncenter size-full has-lightbox\"><a href=\"https:\/\/bu.optimum-automotive.com\/wp-content\/uploads\/2025\/01\/2025-01-15-www.auto-infos.fr-15-janvier-2025-50000000372043441.pdf\" target=\"_blank\" rel=\"noreferrer noopener\"><img loading=\"lazy\" decoding=\"async\" width=\"153\" height=\"200\" src=\"https:\/\/bu.optimum-automotive.com\/wp-content\/uploads\/2025\/01\/01-2.jpg\" alt=\"\" class=\"wp-image-5368\" srcset=\"https:\/\/bu.optimum-automotive.com\/wp-content\/uploads\/2025\/01\/01-2.jpg 153w, https:\/\/bu.optimum-automotive.com\/wp-content\/uploads\/2025\/01\/01-2-9x12.jpg 9w\" sizes=\"auto, (max-width: 153px) 100vw, 153px\" \/><\/a><figcaption class=\"wp-element-caption\"><strong>AUTO INFOS<\/strong><br>Optimum Automotive cambia de identidad y se convierte en Optimum (por Shiftmove)<\/figcaption><\/figure><\/div>\n\n<div class=\"wp-block-image\">\n<figure class=\"aligncenter size-full has-lightbox\"><a href=\"https:\/\/bu.optimum-automotive.com\/wp-content\/uploads\/2025\/01\/2025-01-17-www.decision-achats.fr-17-janvier-2025-50000000372043444.pdf\" target=\"_blank\" rel=\"noreferrer noopener\"><img loading=\"lazy\" decoding=\"async\" width=\"153\" height=\"200\" src=\"https:\/\/bu.optimum-automotive.com\/wp-content\/uploads\/2025\/01\/01-1.jpg\" alt=\"\" class=\"wp-image-5365\" srcset=\"https:\/\/bu.optimum-automotive.com\/wp-content\/uploads\/2025\/01\/01-1.jpg 153w, https:\/\/bu.optimum-automotive.com\/wp-content\/uploads\/2025\/01\/01-1-9x12.jpg 9w\" sizes=\"auto, (max-width: 153px) 100vw, 153px\" \/><\/a><figcaption class=\"wp-element-caption\"><strong>DECISI\u00d3N DE COMPRA -ONLINE<\/strong><br>Optimum x Shiftmove: una nueva identidad para el gestor de flotas<\/figcaption><\/figure><\/div>\n\n<div class=\"wp-block-image\">\n<figure class=\"aligncenter size-full has-lightbox\"><a href=\"https:\/\/bu.optimum-automotive.com\/wp-content\/uploads\/2025\/01\/Optimum-Automotive-change-didentite-et-devient-Optimum-by-Shiftmove.pdf\" target=\"_blank\" rel=\"noreferrer noopener\"><img loading=\"lazy\" decoding=\"async\" width=\"153\" height=\"200\" src=\"https:\/\/bu.optimum-automotive.com\/wp-content\/uploads\/2025\/01\/01.jpg\" alt=\"\" class=\"wp-image-5345\" srcset=\"https:\/\/bu.optimum-automotive.com\/wp-content\/uploads\/2025\/01\/01.jpg 153w, https:\/\/bu.optimum-automotive.com\/wp-content\/uploads\/2025\/01\/01-9x12.jpg 9w\" sizes=\"auto, (max-width: 153px) 100vw, 153px\" \/><\/a><figcaption class=\"wp-element-caption\"><strong>Coches y negocios<\/strong><br>Optimum Automotive cambia de identidad y se convierte en Optimum by Shiftmove<\/figcaption><\/figure><\/div>\n\n\n<h2 class=\"wp-block-heading\">Diciembre de 2024<\/h2>\n\n\n<div class=\"wp-block-image\">\n<figure class=\"aligncenter size-full has-lightbox\"><a href=\"https:\/\/bu.optimum-automotive.com\/wp-content\/uploads\/2024\/12\/2024-11-26-OPTION-FINANCE-LE-MENSUEL-Novembre-2024-10000000068081488.pdf\" target=\"_blank\" rel=\"noreferrer noopener\"><img loading=\"lazy\" decoding=\"async\" width=\"153\" height=\"200\" src=\"https:\/\/bu.optimum-automotive.com\/wp-content\/uploads\/2024\/12\/01-1.jpg\" alt=\"\" class=\"wp-image-4390\" srcset=\"https:\/\/bu.optimum-automotive.com\/wp-content\/uploads\/2024\/12\/01-1.jpg 153w, https:\/\/bu.optimum-automotive.com\/wp-content\/uploads\/2024\/12\/01-1-9x12.jpg 9w\" sizes=\"auto, (max-width: 153px) 100vw, 153px\" \/><\/a><figcaption class=\"wp-element-caption\"><strong>Financiaci\u00f3n de opciones<\/strong><br>Bancos de inversi\u00f3n<br>La tecnolog\u00eda sigue impulsando las fusiones y adquisiciones<\/figcaption><\/figure><\/div>\n\n<div class=\"wp-block-image\">\n<figure class=\"aligncenter size-full has-lightbox\"><a href=\"https:\/\/bu.optimum-automotive.com\/wp-content\/uploads\/2024\/12\/2024-11-26-FLOTTES-AUTOMOBILES-Novembre-2024-10000000068081491.pdf\" target=\"_blank\" rel=\"noreferrer noopener\"><img loading=\"lazy\" decoding=\"async\" width=\"153\" height=\"200\" src=\"https:\/\/bu.optimum-automotive.com\/wp-content\/uploads\/2024\/12\/01.jpg\" alt=\"\" class=\"wp-image-4387\" srcset=\"https:\/\/bu.optimum-automotive.com\/wp-content\/uploads\/2024\/12\/01.jpg 153w, https:\/\/bu.optimum-automotive.com\/wp-content\/uploads\/2024\/12\/01-9x12.jpg 9w\" sizes=\"auto, (max-width: 153px) 100vw, 153px\" \/><\/a><figcaption class=\"wp-element-caption\"><strong>FLOTAS DE COCHES<\/strong><br>Compartir coche el\u00e9ctrico<br>Una obra de convicci\u00f3n<\/figcaption><\/figure><\/div>\n\n<div class=\"wp-block-image\">\n<figure class=\"aligncenter size-full has-lightbox\"><a href=\"https:\/\/bu.optimum-automotive.com\/wp-content\/uploads\/2024\/12\/Vehicules-partages_moins-de-couts-et-moins-de-CO2-2.pdf\" target=\"_blank\" rel=\"noreferrer noopener\"><img loading=\"lazy\" decoding=\"async\" width=\"153\" height=\"200\" src=\"https:\/\/bu.optimum-automotive.com\/wp-content\/uploads\/2024\/12\/01-2.jpg\" alt=\"\" class=\"wp-image-4395\" srcset=\"https:\/\/bu.optimum-automotive.com\/wp-content\/uploads\/2024\/12\/01-2.jpg 153w, https:\/\/bu.optimum-automotive.com\/wp-content\/uploads\/2024\/12\/01-2-9x12.jpg 9w\" sizes=\"auto, (max-width: 153px) 100vw, 153px\" \/><\/a><figcaption class=\"wp-element-caption\"><strong>flotauto.com<\/strong><br>Veh\u00edculos compartidos: menos costes y menos<br>de CO2<\/figcaption><\/figure><\/div>\n\n\n<h2 class=\"wp-block-heading\">Noviembre de 2024<\/h2>\n\n\n<div class=\"wp-block-image\">\n<figure class=\"aligncenter size-full has-lightbox\"><a href=\"https:\/\/bu.optimum-automotive.com\/wp-content\/uploads\/2024\/11\/2024-11-09-LE-JOURNAL-DES-ENTREPRISES-EDITION-REGION-SUD-Novembre-2024-10000000067978052.pdf\" target=\"_blank\" rel=\"noreferrer noopener\"><img loading=\"lazy\" decoding=\"async\" width=\"153\" height=\"200\" src=\"https:\/\/bu.optimum-automotive.com\/wp-content\/uploads\/2024\/11\/01-2.jpg\" alt=\"\" class=\"wp-image-4225\" srcset=\"https:\/\/bu.optimum-automotive.com\/wp-content\/uploads\/2024\/11\/01-2.jpg 153w, https:\/\/bu.optimum-automotive.com\/wp-content\/uploads\/2024\/11\/01-2-9x12.jpg 9w\" sizes=\"auto, (max-width: 153px) 100vw, 153px\" \/><\/a><figcaption class=\"wp-element-caption\"><strong>EL PERI\u00d3DICO ECON\u00d3MICO<\/strong><br>Optimum Automotive, empresa de Aix, adquirida por<br>Plataforma germano-suiza Shiftmove<\/figcaption><\/figure><\/div>\n\n<div class=\"wp-block-image\">\n<figure class=\"aligncenter size-full has-lightbox\"><a href=\"https:\/\/bu.optimum-automotive.com\/wp-content\/uploads\/2024\/11\/La-Recharge-Electrique-Simplifiee-pour-les-Entreprises-Make-a-Move.pdf\" target=\"_blank\" rel=\"noreferrer noopener\"><img loading=\"lazy\" decoding=\"async\" width=\"153\" height=\"200\" src=\"https:\/\/bu.optimum-automotive.com\/wp-content\/uploads\/2024\/11\/01-3.jpg\" alt=\"\" class=\"wp-image-4228\" srcset=\"https:\/\/bu.optimum-automotive.com\/wp-content\/uploads\/2024\/11\/01-3.jpg 153w, https:\/\/bu.optimum-automotive.com\/wp-content\/uploads\/2024\/11\/01-3-9x12.jpg 9w\" sizes=\"auto, (max-width: 153px) 100vw, 153px\" \/><\/a><figcaption class=\"wp-element-caption\"><strong>MOVERSE<\/strong><br>Optimum Automotive ofrece una soluci\u00f3n para reembolsar el coste de la recarga el\u00e9ctrica dom\u00e9stica<\/figcaption><\/figure><\/div>\n\n<div class=\"wp-block-image\">\n<figure class=\"aligncenter size-full has-lightbox\"><a href=\"https:\/\/bu.optimum-automotive.com\/wp-content\/uploads\/2024\/11\/2024-10-29-FLOTTES-AUTOMOBILES-Octobre-2024-10000000067926421.pdf\" target=\"_blank\" rel=\"noreferrer noopener\"><img loading=\"lazy\" decoding=\"async\" width=\"153\" height=\"200\" src=\"https:\/\/bu.optimum-automotive.com\/wp-content\/uploads\/2024\/11\/01.jpg\" alt=\"\" class=\"wp-image-4218\" srcset=\"https:\/\/bu.optimum-automotive.com\/wp-content\/uploads\/2024\/11\/01.jpg 153w, https:\/\/bu.optimum-automotive.com\/wp-content\/uploads\/2024\/11\/01-9x12.jpg 9w\" sizes=\"auto, (max-width: 153px) 100vw, 153px\" \/><\/a><figcaption class=\"wp-element-caption\"><strong>FLOTAS DE COCHES<\/strong><br>Proyectos de servicio<br>empresa<\/figcaption><\/figure><\/div>\n\n<div class=\"wp-block-image\">\n<figure class=\"aligncenter size-full has-lightbox\"><a href=\"https:\/\/bu.optimum-automotive.com\/wp-content\/uploads\/2024\/11\/2024-10-16-LES-ECHOS-16-octobre-2024-10000000067829087.pdf\" target=\"_blank\" rel=\"noreferrer noopener\"><img loading=\"lazy\" decoding=\"async\" width=\"153\" height=\"200\" src=\"https:\/\/bu.optimum-automotive.com\/wp-content\/uploads\/2024\/11\/01-4.jpg\" alt=\"\" class=\"wp-image-4231\" srcset=\"https:\/\/bu.optimum-automotive.com\/wp-content\/uploads\/2024\/11\/01-4.jpg 153w, https:\/\/bu.optimum-automotive.com\/wp-content\/uploads\/2024\/11\/01-4-9x12.jpg 9w\" sizes=\"auto, (max-width: 153px) 100vw, 153px\" \/><\/a><figcaption class=\"wp-element-caption\"><strong>LesEchos<\/strong><br>Gesti\u00f3n de flotas :Optimum<br>Shiftmove adquiere Automotive<\/figcaption><\/figure><\/div>\n\n<div class=\"wp-block-image\">\n<figure class=\"aligncenter size-full has-lightbox\"><a href=\"https:\/\/bu.optimum-automotive.com\/wp-content\/uploads\/2024\/11\/2024-10-30-www.fusacq.com-30-octobre-2024-50000000371598962.pdf\" target=\"_blank\" rel=\"noreferrer noopener\"><img loading=\"lazy\" decoding=\"async\" width=\"153\" height=\"200\" src=\"https:\/\/bu.optimum-automotive.com\/wp-content\/uploads\/2024\/11\/01-1.jpg\" alt=\"\" class=\"wp-image-4221\" srcset=\"https:\/\/bu.optimum-automotive.com\/wp-content\/uploads\/2024\/11\/01-1.jpg 153w, https:\/\/bu.optimum-automotive.com\/wp-content\/uploads\/2024\/11\/01-1-9x12.jpg 9w\" sizes=\"auto, (max-width: 153px) 100vw, 153px\" \/><\/a><figcaption class=\"wp-element-caption\"><strong>FUSACQ<\/strong><br>SHIFTMOVE adquiere la empresa de gesti\u00f3n de flotas OPTIMUM<br>AUTOMOCI\u00d3N<\/figcaption><\/figure><\/div>\n\n\n<h2 class=\"wp-block-heading\">Octubre de 2024<\/h2>\n\n\n<div class=\"wp-block-image\">\n<figure class=\"aligncenter size-full has-lightbox\"><a href=\"https:\/\/bu.optimum-automotive.com\/wp-content\/uploads\/2024\/10\/2024-10-22-www.motors-addict.com-22-octobre-2024-50000000371561157.pdf\" target=\"_blank\" rel=\"noreferrer noopener\"><img loading=\"lazy\" decoding=\"async\" width=\"153\" height=\"200\" src=\"https:\/\/bu.optimum-automotive.com\/wp-content\/uploads\/2024\/10\/05.jpg\" alt=\"\" class=\"wp-image-4214\" srcset=\"https:\/\/bu.optimum-automotive.com\/wp-content\/uploads\/2024\/10\/05.jpg 153w, https:\/\/bu.optimum-automotive.com\/wp-content\/uploads\/2024\/10\/05-9x12.jpg 9w\" sizes=\"auto, (max-width: 153px) 100vw, 153px\" \/><\/a><figcaption class=\"wp-element-caption\"><strong>motors-addict.com<\/strong><br>Los fabricantes chinos inundar\u00e1n los parques empresariales<\/figcaption><\/figure><\/div>\n\n<div class=\"wp-block-image\">\n<figure class=\"aligncenter size-full has-lightbox\"><a href=\"https:\/\/bu.optimum-automotive.com\/wp-content\/uploads\/2024\/10\/2024-10-22-www.caradisiac.com-22-octobre-2024-50000000371561147.pdf\" target=\"_blank\" rel=\"noreferrer noopener\"><img loading=\"lazy\" decoding=\"async\" width=\"153\" height=\"200\" src=\"https:\/\/bu.optimum-automotive.com\/wp-content\/uploads\/2024\/10\/04.jpg\" alt=\"\" class=\"wp-image-4211\" srcset=\"https:\/\/bu.optimum-automotive.com\/wp-content\/uploads\/2024\/10\/04.jpg 153w, https:\/\/bu.optimum-automotive.com\/wp-content\/uploads\/2024\/10\/04-9x12.jpg 9w\" sizes=\"auto, (max-width: 153px) 100vw, 153px\" \/><\/a><figcaption class=\"wp-element-caption\"><strong>caradisiac.com<\/strong><br>Los fabricantes chinos inundar\u00e1n los parques empresariales<\/figcaption><\/figure><\/div>\n\n<div class=\"wp-block-image\">\n<figure class=\"aligncenter size-full has-lightbox\"><a href=\"https:\/\/bu.optimum-automotive.com\/wp-content\/uploads\/2024\/10\/2024-10-22-www.autojournal.fr-22-octobre-2024-50000000371561148.pdf\" target=\"_blank\" rel=\"noreferrer noopener\"><img loading=\"lazy\" decoding=\"async\" width=\"153\" height=\"200\" src=\"https:\/\/bu.optimum-automotive.com\/wp-content\/uploads\/2024\/10\/03.jpg\" alt=\"\" class=\"wp-image-4208\" srcset=\"https:\/\/bu.optimum-automotive.com\/wp-content\/uploads\/2024\/10\/03.jpg 153w, https:\/\/bu.optimum-automotive.com\/wp-content\/uploads\/2024\/10\/03-9x12.jpg 9w\" sizes=\"auto, (max-width: 153px) 100vw, 153px\" \/><\/a><figcaption class=\"wp-element-caption\"><strong>autojournal.fr<\/strong><br>Coches de empresa: a los directivos les encantan los SUV<\/figcaption><\/figure><\/div>\n\n<div class=\"wp-block-image\">\n<figure class=\"aligncenter size-full has-lightbox\"><a href=\"https:\/\/bu.optimum-automotive.com\/wp-content\/uploads\/2024\/10\/2024-10-16-www.am-today.com-16-octobre-2024-50000000371561173.pdf\" target=\"_blank\" rel=\"noreferrer noopener\"><img loading=\"lazy\" decoding=\"async\" width=\"153\" height=\"200\" src=\"https:\/\/bu.optimum-automotive.com\/wp-content\/uploads\/2024\/10\/02.jpg\" alt=\"\" class=\"wp-image-4203\" srcset=\"https:\/\/bu.optimum-automotive.com\/wp-content\/uploads\/2024\/10\/02.jpg 153w, https:\/\/bu.optimum-automotive.com\/wp-content\/uploads\/2024\/10\/02-9x12.jpg 9w\" sizes=\"auto, (max-width: 153px) 100vw, 153px\" \/><\/a><figcaption class=\"wp-element-caption\"><strong>am-hoy.com<\/strong><br>Optimum Automotive da un nuevo paso adelante con la integraci\u00f3n de Shiftmove<\/figcaption><\/figure><\/div>\n\n<div class=\"wp-block-image\">\n<figure class=\"aligncenter size-full has-lightbox\"><a href=\"https:\/\/bu.optimum-automotive.com\/wp-content\/uploads\/2024\/10\/2024-10-15-www.nouvelles-du-monde.com-15-octobre-2024-50000000371561159.pdf\" target=\"_blank\" rel=\"noreferrer noopener\"><img loading=\"lazy\" decoding=\"async\" width=\"153\" height=\"200\" src=\"https:\/\/bu.optimum-automotive.com\/wp-content\/uploads\/2024\/10\/01-3.jpg\" alt=\"\" class=\"wp-image-4199\" srcset=\"https:\/\/bu.optimum-automotive.com\/wp-content\/uploads\/2024\/10\/01-3.jpg 153w, https:\/\/bu.optimum-automotive.com\/wp-content\/uploads\/2024\/10\/01-3-9x12.jpg 9w\" sizes=\"auto, (max-width: 153px) 100vw, 153px\" \/><\/a><figcaption class=\"wp-element-caption\"><strong>noticias-mundiales.com<\/strong><br>Shiftmove adquiere Optimum Automotive y quiere impulsar la digitalizaci\u00f3n<br>flotas<\/figcaption><\/figure><\/div>\n\n<div class=\"wp-block-image\">\n<figure class=\"aligncenter size-full has-lightbox\"><a href=\"https:\/\/bu.optimum-automotive.com\/wp-content\/uploads\/2024\/10\/Optimum-Automotive-passe-sous-pavillon-germano-suisse_journaldesflottes.pdf\" target=\"_blank\" rel=\"noreferrer noopener\"><img loading=\"lazy\" decoding=\"async\" width=\"153\" height=\"200\" src=\"https:\/\/bu.optimum-automotive.com\/wp-content\/uploads\/2024\/10\/01-2.jpg\" alt=\"\" class=\"wp-image-4190\" srcset=\"https:\/\/bu.optimum-automotive.com\/wp-content\/uploads\/2024\/10\/01-2.jpg 153w, https:\/\/bu.optimum-automotive.com\/wp-content\/uploads\/2024\/10\/01-2-9x12.jpg 9w\" sizes=\"auto, (max-width: 153px) 100vw, 153px\" \/><\/a><figcaption class=\"wp-element-caption\"><strong>Peri\u00f3dico Fleet<\/strong><br>Optimum Automotive bajo la bandera<br>Alem\u00e1n-Suizo<\/figcaption><\/figure><\/div>\n\n<div class=\"wp-block-image\">\n<figure class=\"aligncenter size-full has-lightbox\"><a href=\"https:\/\/bu.optimum-automotive.com\/wp-content\/uploads\/2024\/10\/Optimum-Automotive-et-Shiftmove-fusionnent-pour-dominer-la-gestion-de-flotte-par-la-data_automobileentreprise.pdf\" target=\"_blank\" rel=\"noreferrer noopener\"><img loading=\"lazy\" decoding=\"async\" width=\"153\" height=\"200\" src=\"https:\/\/bu.optimum-automotive.com\/wp-content\/uploads\/2024\/10\/01-1.jpg\" alt=\"\" class=\"wp-image-4185\" srcset=\"https:\/\/bu.optimum-automotive.com\/wp-content\/uploads\/2024\/10\/01-1.jpg 153w, https:\/\/bu.optimum-automotive.com\/wp-content\/uploads\/2024\/10\/01-1-9x12.jpg 9w\" sizes=\"auto, (max-width: 153px) 100vw, 153px\" \/><\/a><figcaption class=\"wp-element-caption\"><strong>Coches y negocios<\/strong><br>Optimum Automotive y Shiftmove se fusionan para dominar la gesti\u00f3n de flotas basada en datos<\/figcaption><\/figure><\/div>\n\n<div class=\"wp-block-image\">\n<figure class=\"aligncenter size-full has-lightbox\"><a href=\"https:\/\/bu.optimum-automotive.com\/wp-content\/uploads\/2024\/10\/Optimum-Automotive-veut-faciliter-lindemnisation-des-recharges-a-domicile-pour-les-collaborateurs.pdf\" target=\"_blank\" rel=\"noreferrer noopener\"><img loading=\"lazy\" decoding=\"async\" width=\"153\" height=\"200\" src=\"https:\/\/bu.optimum-automotive.com\/wp-content\/uploads\/2024\/10\/01.jpg\" alt=\"\" class=\"wp-image-4180\" srcset=\"https:\/\/bu.optimum-automotive.com\/wp-content\/uploads\/2024\/10\/01.jpg 153w, https:\/\/bu.optimum-automotive.com\/wp-content\/uploads\/2024\/10\/01-9x12.jpg 9w\" sizes=\"auto, (max-width: 153px) 100vw, 153px\" \/><\/a><figcaption class=\"wp-element-caption\"><strong>automobile-propre.com<\/strong><br>Optimum Automotive quiere facilitar a sus empleados el pago de la recarga en casa<\/figcaption><\/figure><\/div>\n\n\n<h2 class=\"wp-block-heading\">Septiembre de 2024<\/h2>\n\n\n<div class=\"wp-block-image\">\n<figure class=\"aligncenter size-full has-lightbox\"><a href=\"https:\/\/bu.optimum-automotive.com\/wp-content\/uploads\/2024\/09\/Telematique-_-Optimum-Automotive-suit-la-recharge-a-domicile.pdf\" target=\"_blank\" rel=\"noreferrer noopener\"><img loading=\"lazy\" decoding=\"async\" width=\"153\" height=\"200\" src=\"https:\/\/bu.optimum-automotive.com\/wp-content\/uploads\/2024\/09\/01-2.jpg\" alt=\"\" class=\"wp-image-4174\" srcset=\"https:\/\/bu.optimum-automotive.com\/wp-content\/uploads\/2024\/09\/01-2.jpg 153w, https:\/\/bu.optimum-automotive.com\/wp-content\/uploads\/2024\/09\/01-2-9x12.jpg 9w\" sizes=\"auto, (max-width: 153px) 100vw, 153px\" \/><\/a><figcaption class=\"wp-element-caption\"><strong>Flotas de autom\u00f3viles<\/strong><br>Telem\u00e1tica: Optimum Automotive sigue<br>recarga a domicilio<\/figcaption><\/figure><\/div>\n\n<div class=\"wp-block-image\">\n<figure class=\"aligncenter size-full has-lightbox\"><a href=\"https:\/\/bu.optimum-automotive.com\/wp-content\/uploads\/2024\/09\/Optimum-Automotive-facilite-la-recharge-a-domicile.pdf\" target=\"_blank\" rel=\"noreferrer noopener\"><img loading=\"lazy\" decoding=\"async\" width=\"153\" height=\"200\" src=\"https:\/\/bu.optimum-automotive.com\/wp-content\/uploads\/2024\/09\/02.jpg\" alt=\"\" class=\"wp-image-4175\" srcset=\"https:\/\/bu.optimum-automotive.com\/wp-content\/uploads\/2024\/09\/02.jpg 153w, https:\/\/bu.optimum-automotive.com\/wp-content\/uploads\/2024\/09\/02-9x12.jpg 9w\" sizes=\"auto, (max-width: 153px) 100vw, 153px\" \/><\/a><figcaption class=\"wp-element-caption\"><strong><strong>Coches y negocios<\/strong><\/strong><br>Optimum Automotive facilita la recarga en casa<\/figcaption><\/figure><\/div>\n\n<div class=\"wp-block-image\">\n<figure class=\"aligncenter size-full has-lightbox\"><a href=\"https:\/\/bu.optimum-automotive.com\/wp-content\/uploads\/2024\/09\/2024-09-11-fluidsandlubricants.com-11-septembre-2024-50000000371303995.pdf\" target=\"_blank\" rel=\"noreferrer noopener\"><img loading=\"lazy\" decoding=\"async\" width=\"153\" height=\"200\" src=\"https:\/\/bu.optimum-automotive.com\/wp-content\/uploads\/2024\/09\/01-1.jpg\" alt=\"\" class=\"wp-image-2442\" srcset=\"https:\/\/bu.optimum-automotive.com\/wp-content\/uploads\/2024\/09\/01-1.jpg 153w, https:\/\/bu.optimum-automotive.com\/wp-content\/uploads\/2024\/09\/01-1-9x12.jpg 9w\" sizes=\"auto, (max-width: 153px) 100vw, 153px\" \/><\/a><figcaption class=\"wp-element-caption\"><strong>fluidsandlubricants.com<\/strong><br>Optimum Automotive gana el premio a la innovaci\u00f3n<br>con su servicio \"MOBILITY PACK<\/figcaption><\/figure><\/div>\n\n\n<h2 class=\"wp-block-heading\">Agosto de 2024<\/h2>\n\n\n<div class=\"wp-block-image\">\n<figure class=\"aligncenter size-full has-lightbox\"><a href=\"https:\/\/bu.optimum-automotive.com\/wp-content\/uploads\/2024\/09\/Entretien-avec-Daniel-Vassallucci-CEO-dOptimum-Automotive-RISE.pdf\" target=\"_blank\" rel=\"noreferrer noopener\"><img loading=\"lazy\" decoding=\"async\" width=\"153\" height=\"200\" src=\"https:\/\/bu.optimum-automotive.com\/wp-content\/uploads\/2024\/09\/01.jpg\" alt=\"\" class=\"wp-image-2421\" srcset=\"https:\/\/bu.optimum-automotive.com\/wp-content\/uploads\/2024\/09\/01.jpg 153w, https:\/\/bu.optimum-automotive.com\/wp-content\/uploads\/2024\/09\/01-9x12.jpg 9w\" sizes=\"auto, (max-width: 153px) 100vw, 153px\" \/><\/a><figcaption class=\"wp-element-caption\"><strong>risemag.fr<\/strong><br>Entrevista con Daniel Vassallucci, Director General de Optimum Automotive <\/figcaption><\/figure><\/div>\n\n<div class=\"wp-block-image\">\n<figure class=\"aligncenter size-full has-lightbox\"><a href=\"https:\/\/bu.optimum-automotive.com\/wp-content\/uploads\/2024\/08\/2024-08-05-LAUTOMOBILE-LENTREPRISE-Aout-septembre-2024-10000000067419064-1.pdf\" target=\"_blank\" rel=\"noreferrer noopener\"><img loading=\"lazy\" decoding=\"async\" width=\"153\" height=\"200\" src=\"https:\/\/bu.optimum-automotive.com\/wp-content\/uploads\/2024\/08\/01.jpg\" alt=\"\" class=\"wp-image-2340\" srcset=\"https:\/\/bu.optimum-automotive.com\/wp-content\/uploads\/2024\/08\/01.jpg 153w, https:\/\/bu.optimum-automotive.com\/wp-content\/uploads\/2024\/08\/01-9x12.jpg 9w\" sizes=\"auto, (max-width: 153px) 100vw, 153px\" \/><\/a><figcaption class=\"wp-element-caption\"><strong>Coches y negocios<\/strong><br><strong><strong>2024 Trofeos :<\/strong><\/strong><br>las flotas celebran los proveedores de servicios y los fabricantes<\/figcaption><\/figure><\/div>\n\n\n<h2 class=\"wp-block-heading\">JULIO 2024<\/h2>\n\n\n<div class=\"wp-block-image\">\n<figure class=\"aligncenter size-full has-lightbox\"><a href=\"https:\/\/bu.optimum-automotive.com\/wp-content\/uploads\/2024\/07\/2024-07-09-LAUTOMOBILE-LENTREPRISE-Juillet-2024-10000000067304948.pdf\" target=\"_blank\" rel=\"noreferrer noopener\"><img loading=\"lazy\" decoding=\"async\" width=\"153\" height=\"200\" src=\"https:\/\/bu.optimum-automotive.com\/wp-content\/uploads\/2024\/07\/01-5.jpg\" alt=\"\" class=\"wp-image-2268\" srcset=\"https:\/\/bu.optimum-automotive.com\/wp-content\/uploads\/2024\/07\/01-5.jpg 153w, https:\/\/bu.optimum-automotive.com\/wp-content\/uploads\/2024\/07\/01-5-9x12.jpg 9w\" sizes=\"auto, (max-width: 153px) 100vw, 153px\" \/><\/a><figcaption class=\"wp-element-caption\"><strong><strong>Coches y negocios<\/strong><\/strong><br>Mantenimiento y posventa: Optimum Automotive en el punto de mira<\/figcaption><\/figure><\/div>\n\n<div class=\"wp-block-image\">\n<figure class=\"aligncenter size-full has-lightbox\"><a href=\"https:\/\/bu.optimum-automotive.com\/wp-content\/uploads\/2024\/07\/2024-07-09-LAUTOMOBILE-LENTREPRISE-Juillet-2024-10000000067304945.pdf\" target=\"_blank\" rel=\"noreferrer noopener\"><img loading=\"lazy\" decoding=\"async\" width=\"153\" height=\"200\" src=\"https:\/\/bu.optimum-automotive.com\/wp-content\/uploads\/2024\/07\/01-4.jpg\" alt=\"\" class=\"wp-image-2265\" srcset=\"https:\/\/bu.optimum-automotive.com\/wp-content\/uploads\/2024\/07\/01-4.jpg 153w, https:\/\/bu.optimum-automotive.com\/wp-content\/uploads\/2024\/07\/01-4-9x12.jpg 9w\" sizes=\"auto, (max-width: 153px) 100vw, 153px\" \/><\/a><figcaption class=\"wp-element-caption\"><strong><strong>Coches y negocios<\/strong><\/strong><br>La flota de ADMR Vienne opta por<br>La soluci\u00f3n de Optimum Automotive<\/figcaption><\/figure><\/div>\n\n<div class=\"wp-block-image\">\n<figure class=\"aligncenter size-full has-lightbox\"><a href=\"https:\/\/www.automobile-propre.com\/podcasts\/la-gestion-des-flottes-necessite-detre-en-innovation-permanente-interview-de-daniel-vassalucci-optimum-automotive\/\" target=\"_blank\" rel=\"noreferrer noopener\"><img loading=\"lazy\" decoding=\"async\" width=\"153\" height=\"200\" src=\"https:\/\/bu.optimum-automotive.com\/wp-content\/uploads\/2024\/07\/01-6.jpg\" alt=\"\" class=\"wp-image-2272\" srcset=\"https:\/\/bu.optimum-automotive.com\/wp-content\/uploads\/2024\/07\/01-6.jpg 153w, https:\/\/bu.optimum-automotive.com\/wp-content\/uploads\/2024\/07\/01-6-9x12.jpg 9w\" sizes=\"auto, (max-width: 153px) 100vw, 153px\" \/><\/a><figcaption class=\"wp-element-caption\"><strong><strong>automobile-propre.com<\/strong><\/strong><br>\"La gesti\u00f3n de flotas requiere innovaci\u00f3n constante\", entrevista con Daniel Vassalucci - Optimum Automotive<\/figcaption><\/figure><\/div>\n\n<div class=\"wp-block-image\">\n<figure class=\"aligncenter size-full has-lightbox\"><a href=\"https:\/\/bu.optimum-automotive.com\/wp-content\/uploads\/2024\/07\/2024-07-05-www.auto-infos.fr-05-juillet-2024-50000000370966919.pdf\" target=\"_blank\" rel=\"noreferrer noopener\"><img loading=\"lazy\" decoding=\"async\" width=\"153\" height=\"200\" src=\"https:\/\/bu.optimum-automotive.com\/wp-content\/uploads\/2024\/07\/01-8.jpg\" alt=\"\" class=\"wp-image-2282\" srcset=\"https:\/\/bu.optimum-automotive.com\/wp-content\/uploads\/2024\/07\/01-8.jpg 153w, https:\/\/bu.optimum-automotive.com\/wp-content\/uploads\/2024\/07\/01-8-9x12.jpg 9w\" sizes=\"auto, (max-width: 153px) 100vw, 153px\" \/><\/a><figcaption class=\"wp-element-caption\"><strong><strong>AUTO INFOS<\/strong><\/strong><br>El dominio de Renault en los Trofeos A&amp;E 2024 demuestra el \u00e9xito del<br>Renovaci\u00f3n<\/figcaption><\/figure><\/div>\n\n<div class=\"wp-block-image\">\n<figure class=\"aligncenter size-full has-lightbox\"><a href=\"https:\/\/bu.optimum-automotive.com\/wp-content\/uploads\/2024\/07\/2024-07-04-www.auto-infos.fr-04-juillet-2024-50000000370966912-1.pdf\" target=\"_blank\" rel=\"noreferrer noopener\"><img loading=\"lazy\" decoding=\"async\" width=\"153\" height=\"200\" src=\"https:\/\/bu.optimum-automotive.com\/wp-content\/uploads\/2024\/07\/01-7.jpg\" alt=\"\" class=\"wp-image-2275\" srcset=\"https:\/\/bu.optimum-automotive.com\/wp-content\/uploads\/2024\/07\/01-7.jpg 153w, https:\/\/bu.optimum-automotive.com\/wp-content\/uploads\/2024\/07\/01-7-9x12.jpg 9w\" sizes=\"auto, (max-width: 153px) 100vw, 153px\" \/><\/a><figcaption class=\"wp-element-caption\"><strong><strong>AUTO INFOS<\/strong><\/strong><br>Troph\u00e9es de L'Automobile &amp; L'Entreprise: los ganadores de 2024 son...<\/figcaption><\/figure><\/div>\n\n<div class=\"wp-block-image\">\n<figure class=\"aligncenter size-full has-lightbox\"><a href=\"https:\/\/bu.optimum-automotive.com\/wp-content\/uploads\/2024\/07\/Decouvrez-le-palmares-des-Trophees-de-LAutomobileLEntreprise-2024.pdf\" target=\"_blank\" rel=\"noreferrer noopener\"><img loading=\"lazy\" decoding=\"async\" width=\"153\" height=\"200\" src=\"https:\/\/bu.optimum-automotive.com\/wp-content\/uploads\/2024\/07\/01-9.jpg\" alt=\"\" class=\"wp-image-2285\" srcset=\"https:\/\/bu.optimum-automotive.com\/wp-content\/uploads\/2024\/07\/01-9.jpg 153w, https:\/\/bu.optimum-automotive.com\/wp-content\/uploads\/2024\/07\/01-9-9x12.jpg 9w\" sizes=\"auto, (max-width: 153px) 100vw, 153px\" \/><\/a><figcaption class=\"wp-element-caption\"><strong><strong>Coches y negocios<\/strong><\/strong><br>Descubra los ganadores de los Premios Automovil &amp; Empresa 2024<\/figcaption><\/figure><\/div>\n\n<div class=\"wp-block-image\">\n<figure class=\"aligncenter size-full has-lightbox\"><a href=\"https:\/\/bu.optimum-automotive.com\/wp-content\/uploads\/2024\/07\/Intelligence-artificielle-_-quels-apports-pour-la-gestion-de-flotte-_.pdf\" target=\"_blank\" rel=\"noreferrer noopener\"><img loading=\"lazy\" decoding=\"async\" width=\"153\" height=\"200\" src=\"https:\/\/bu.optimum-automotive.com\/wp-content\/uploads\/2024\/07\/01-10.jpg\" alt=\"\" class=\"wp-image-2292\" srcset=\"https:\/\/bu.optimum-automotive.com\/wp-content\/uploads\/2024\/07\/01-10.jpg 153w, https:\/\/bu.optimum-automotive.com\/wp-content\/uploads\/2024\/07\/01-10-9x12.jpg 9w\" sizes=\"auto, (max-width: 153px) 100vw, 153px\" \/><\/a><figcaption class=\"wp-element-caption\"><strong><strong>Flotas de autom\u00f3viles<\/strong><\/strong><br>Inteligencia artificial: \u00bfqu\u00e9 puede hacer por la gesti\u00f3n?<br>\u00bfFlota?<\/figcaption><\/figure><\/div>\n\n<div class=\"wp-block-image\">\n<figure class=\"aligncenter size-full has-lightbox\"><a href=\"https:\/\/bu.optimum-automotive.com\/wp-content\/uploads\/2024\/07\/2024-06-24-FLOTTES-AUTOMOBILES-Juin-2024-10000000067233928.pdf\" target=\"_blank\" rel=\"noreferrer noopener\"><img loading=\"lazy\" decoding=\"async\" width=\"153\" height=\"200\" src=\"https:\/\/bu.optimum-automotive.com\/wp-content\/uploads\/2024\/07\/01-11.jpg\" alt=\"\" class=\"wp-image-2296\" srcset=\"https:\/\/bu.optimum-automotive.com\/wp-content\/uploads\/2024\/07\/01-11.jpg 153w, https:\/\/bu.optimum-automotive.com\/wp-content\/uploads\/2024\/07\/01-11-9x12.jpg 9w\" sizes=\"auto, (max-width: 153px) 100vw, 153px\" \/><\/a><figcaption class=\"wp-element-caption\"><strong><strong>Flotas de autom\u00f3viles<\/strong><\/strong><br>\u00bfQu\u00e9 puede aportar la direcci\u00f3n?<br><\/figcaption><\/figure><\/div>\n\n\n<h2 class=\"wp-block-heading\">JUNIO 2024<\/h2>\n\n\n<div class=\"wp-block-image\">\n<figure class=\"aligncenter size-full has-lightbox\"><a href=\"https:\/\/bu.optimum-automotive.com\/wp-content\/uploads\/2024\/07\/2024-06-07-ENERPRESSE-BIP-NEWSLETTER-10-juin-2024-10000000067134087.pdf\" target=\"_blank\" rel=\"noreferrer noopener\"><img loading=\"lazy\" decoding=\"async\" width=\"153\" height=\"200\" src=\"https:\/\/bu.optimum-automotive.com\/wp-content\/uploads\/2024\/07\/01-3.jpg\" alt=\"\" class=\"wp-image-2261\" srcset=\"https:\/\/bu.optimum-automotive.com\/wp-content\/uploads\/2024\/07\/01-3.jpg 153w, https:\/\/bu.optimum-automotive.com\/wp-content\/uploads\/2024\/07\/01-3-9x12.jpg 9w\" sizes=\"auto, (max-width: 153px) 100vw, 153px\" \/><\/a><figcaption class=\"wp-element-caption\"><strong><strong>enerpresse<\/strong><\/strong><br>Optimum Automotive gana el premio a la innovaci\u00f3n en Drive to Zero<\/figcaption><\/figure><\/div>\n\n<div class=\"wp-block-image\">\n<figure class=\"aligncenter size-full has-lightbox\"><a href=\"https:\/\/bu.optimum-automotive.com\/wp-content\/uploads\/2024\/07\/2024-06-06-www.am-today.com-06-juin-2024-50000000370835728.pdf\" target=\"_blank\" rel=\"noreferrer noopener\"><img loading=\"lazy\" decoding=\"async\" width=\"153\" height=\"200\" src=\"https:\/\/bu.optimum-automotive.com\/wp-content\/uploads\/2024\/07\/01-2.jpg\" alt=\"\" class=\"wp-image-2253\" srcset=\"https:\/\/bu.optimum-automotive.com\/wp-content\/uploads\/2024\/07\/01-2.jpg 153w, https:\/\/bu.optimum-automotive.com\/wp-content\/uploads\/2024\/07\/01-2-9x12.jpg 9w\" sizes=\"auto, (max-width: 153px) 100vw, 153px\" \/><\/a><figcaption class=\"wp-element-caption\"><strong><strong>AM-TODAY<\/strong><\/strong><br>Optimum Automotive gana el premio a la innovaci\u00f3n en Drive to Zero<\/figcaption><\/figure><\/div>\n\n<div class=\"wp-block-image\">\n<figure class=\"aligncenter size-full has-lightbox\"><a href=\"https:\/\/bu.optimum-automotive.com\/wp-content\/uploads\/2024\/06\/ADMR-de-la-Vienne-une-gestion-plus-reactive-de-la-flotte.pdf\" target=\"_blank\" rel=\"noreferrer noopener\"><img loading=\"lazy\" decoding=\"async\" width=\"153\" height=\"200\" src=\"https:\/\/bu.optimum-automotive.com\/wp-content\/uploads\/2024\/06\/01-6.jpg\" alt=\"\" class=\"wp-image-2201\" srcset=\"https:\/\/bu.optimum-automotive.com\/wp-content\/uploads\/2024\/06\/01-6.jpg 153w, https:\/\/bu.optimum-automotive.com\/wp-content\/uploads\/2024\/06\/01-6-9x12.jpg 9w\" sizes=\"auto, (max-width: 153px) 100vw, 153px\" \/><\/a><figcaption class=\"wp-element-caption\"><strong><strong>FLOTAS DE COCHES<\/strong><\/strong><br>ADMR de la Vienne: una gesti\u00f3n m\u00e1s reactiva<br>de la Flotte<\/figcaption><\/figure><\/div>\n\n<div class=\"wp-block-image\">\n<figure class=\"aligncenter size-full has-lightbox\"><a href=\"https:\/\/bu.optimum-automotive.com\/wp-content\/uploads\/2024\/06\/La-flotte-de-lADMR-Vienne-opte-pour-la-solution-dOptimum-Automotive.pdf\" target=\"_blank\" rel=\"noreferrer noopener\"><img loading=\"lazy\" decoding=\"async\" width=\"153\" height=\"200\" src=\"https:\/\/bu.optimum-automotive.com\/wp-content\/uploads\/2024\/06\/01-5.jpg\" alt=\"\" class=\"wp-image-2196\" srcset=\"https:\/\/bu.optimum-automotive.com\/wp-content\/uploads\/2024\/06\/01-5.jpg 153w, https:\/\/bu.optimum-automotive.com\/wp-content\/uploads\/2024\/06\/01-5-9x12.jpg 9w\" sizes=\"auto, (max-width: 153px) 100vw, 153px\" \/><\/a><figcaption class=\"wp-element-caption\"><strong>Autom\u00f3vil y empresa<\/strong><br>La flota de ADMR opta por la soluci\u00f3n de Optimum Automotive<\/figcaption><\/figure><\/div>\n\n\n<h2 class=\"wp-block-heading\">MARZO 2024<\/h2>\n\n\n<div class=\"wp-block-image\">\n<figure class=\"aligncenter size-full has-lightbox\"><a href=\"https:\/\/bu.optimum-automotive.com\/es\/con-cecile-de-menibus-philippe-david\/\" target=\"_blank\" rel=\"noreferrer noopener\"><img loading=\"lazy\" decoding=\"async\" width=\"153\" height=\"200\" src=\"https:\/\/bu.optimum-automotive.com\/wp-content\/uploads\/2024\/07\/01-1.jpg\" alt=\"\" class=\"wp-image-2251\" srcset=\"https:\/\/bu.optimum-automotive.com\/wp-content\/uploads\/2024\/07\/01-1.jpg 153w, https:\/\/bu.optimum-automotive.com\/wp-content\/uploads\/2024\/07\/01-1-9x12.jpg 9w\" sizes=\"auto, (max-width: 153px) 100vw, 153px\" \/><\/a><figcaption class=\"wp-element-caption\"><strong><strong>sudradio.fr<\/strong><\/strong><br>Las verdaderas voces que hacen rodar a Francia<\/figcaption><\/figure><\/div>\n\n\n<h2 class=\"wp-block-heading\">ENERO 2024<\/h2>\n\n\n<div class=\"wp-block-image\">\n<figure class=\"aligncenter size-full has-lightbox\"><a href=\"..\/wp-content\/uploads\/2024\/06\/2023-12-22-flottes_automobiles-decembre_2023_-_janvier_2024-100000000662052631.pdf\" target=\"_blank\" rel=\"noreferrer noopener\"><img loading=\"lazy\" decoding=\"async\" width=\"153\" height=\"200\" src=\"https:\/\/bu.optimum-automotive.com\/wp-content\/uploads\/2024\/06\/01-533.jpg\" alt=\"\" class=\"wp-image-1800\"\/><\/a><figcaption class=\"wp-element-caption\"><strong>FLOTAS DE COCHES<\/strong><br>Coches de empresa \u00bfPodemos prescindir de ellos?<\/figcaption><\/figure><\/div>\n\n<div class=\"wp-block-image\">\n<figure class=\"aligncenter size-full is-resized has-lightbox\"><a href=\"https:\/\/bu.optimum-automotive.com\/wp-content\/uploads\/2024\/07\/Optimum-Automotive-_-une-approche-unique-de-la-gestion-de-flotte.pdf\" target=\"_blank\" rel=\"noreferrer noopener\"><img loading=\"lazy\" decoding=\"async\" width=\"153\" height=\"200\" src=\"https:\/\/bu.optimum-automotive.com\/wp-content\/uploads\/2024\/07\/01.jpg\" alt=\"\" class=\"wp-image-2247\" style=\"width:153px;height:auto\" srcset=\"https:\/\/bu.optimum-automotive.com\/wp-content\/uploads\/2024\/07\/01.jpg 153w, https:\/\/bu.optimum-automotive.com\/wp-content\/uploads\/2024\/07\/01-9x12.jpg 9w\" sizes=\"auto, (max-width: 153px) 100vw, 153px\" \/><\/a><figcaption class=\"wp-element-caption\"><strong><strong>flotauto.com<\/strong><\/strong><br>Optimum Automotive presenta sus soluciones conectadas<\/figcaption><\/figure><\/div>\n\n\n<h2 class=\"wp-block-heading\">NOVIEMBRE 2023<\/h2>\n\n\n<div class=\"wp-block-image\">\n<figure class=\"aligncenter size-full has-lightbox\"><a href=\"..\/wp-content\/uploads\/2024\/06\/2023-11-23-flottes_automobiles-novembre_2023-100000000660290071.pdf\" target=\"_blank\" rel=\"noreferrer noopener\"><img loading=\"lazy\" decoding=\"async\" width=\"153\" height=\"200\" src=\"https:\/\/bu.optimum-automotive.com\/wp-content\/uploads\/2024\/05\/01-532.jpg\" alt=\"\" class=\"wp-image-1632\"\/><\/a><figcaption class=\"wp-element-caption\"><strong>FLOTAS DE COCHES<\/strong><br>Servicios PCE: Una flota m\u00e1s ecol\u00f3gica<\/figcaption><\/figure><\/div>\n\n<div class=\"wp-block-image\">\n<figure class=\"aligncenter size-full has-lightbox\"><a href=\"..\/wp-content\/uploads\/2024\/06\/2023-11-23-flottes_automobiles-novembre_2023-100000000660290091.pdf\" target=\"_blank\" rel=\"noreferrer noopener\"><img loading=\"lazy\" decoding=\"async\" width=\"153\" height=\"200\" src=\"https:\/\/bu.optimum-automotive.com\/wp-content\/uploads\/2024\/06\/01-531.jpg\" alt=\"\" class=\"wp-image-1813\"\/><\/a><figcaption class=\"wp-element-caption\"><strong>FLOTAS DE COCHES<\/strong><br>Servicios PCE Una flota totalmente equipada<\/figcaption><\/figure><\/div>\n\n<div class=\"wp-block-image\">\n<figure class=\"aligncenter size-full has-lightbox\"><a href=\"..\/wp-content\/uploads\/2024\/06\/j-7_avant_le_connectfleet_2023_decouvrez_les_parcours_thematiques1.pdf\" target=\"_blank\" rel=\"noreferrer noopener\"><img loading=\"lazy\" decoding=\"async\" width=\"153\" height=\"200\" src=\"https:\/\/bu.optimum-automotive.com\/wp-content\/uploads\/2024\/06\/01-530.jpg\" alt=\"\" class=\"wp-image-1818\"\/><\/a><figcaption class=\"wp-element-caption\"><strong>COCHES Y NEGOCIOS<\/strong><br>Faltan 7 d\u00edas para #CONNECTfleet 2023: las rutas tem\u00e1ticas<\/figcaption><\/figure><\/div>\n\n<div class=\"wp-block-image\">\n<figure class=\"aligncenter size-full has-lightbox\"><a href=\"..\/wp-content\/uploads\/2024\/06\/2023-11-23-decideurs_magazine-novembre_2023-100000000660265811.pdf\" target=\"_blank\" rel=\"noreferrer noopener\"><img loading=\"lazy\" decoding=\"async\" width=\"153\" height=\"200\" src=\"https:\/\/bu.optimum-automotive.com\/wp-content\/uploads\/2024\/06\/01-528.jpg\" alt=\"\" class=\"wp-image-1823\"\/><\/a><figcaption class=\"wp-element-caption\"><strong>DECIDIDORES<\/strong><br>El ecosistema de la flota adopta la transici\u00f3n energ\u00e9tica<\/figcaption><\/figure><\/div>\n\n<div class=\"wp-block-image\">\n<figure class=\"aligncenter size-full has-lightbox\"><a href=\"..\/wp-content\/uploads\/2024\/06\/2023-11-23-flottes_automobiles-novembre_2023-100000000660290021.pdf\" target=\"_blank\" rel=\"noreferrer noopener\"><img loading=\"lazy\" decoding=\"async\" width=\"153\" height=\"200\" src=\"https:\/\/bu.optimum-automotive.com\/wp-content\/uploads\/2024\/06\/01-529.jpg\" alt=\"\" class=\"wp-image-1826\"\/><\/a><figcaption class=\"wp-element-caption\"><strong>FLOTAS DE COCHES<\/strong><br>Rencontres Flotauto Lyon 2023: un intento exitoso<\/figcaption><\/figure><\/div>\n\n<div class=\"wp-block-image\">\n<figure class=\"aligncenter size-full has-lightbox\"><a href=\"..\/wp-content\/uploads\/2024\/06\/2023-11-21-www.auto-infos.fr-22_novembre_2023-500000003697873271.pdf\" target=\"_blank\" rel=\"noreferrer noopener\"><img loading=\"lazy\" decoding=\"async\" width=\"153\" height=\"200\" src=\"https:\/\/bu.optimum-automotive.com\/wp-content\/uploads\/2024\/06\/01-527.jpg\" alt=\"\" class=\"wp-image-1829\"\/><\/a><figcaption class=\"wp-element-caption\"><strong>auto-infos.fr<\/strong><br>Faltan 7 d\u00edas para #CONNECTfleet 2023: descubra las rutas tem\u00e1ticas<\/figcaption><\/figure><\/div>\n\n<div class=\"wp-block-image\">\n<figure class=\"aligncenter size-full has-lightbox\"><a href=\"..\/wp-content\/uploads\/2024\/06\/2023-11-15-www.auto-infos.fr-18_novembre_2023-500000003697669351.pdf\" target=\"_blank\" rel=\"noreferrer noopener\"><img loading=\"lazy\" decoding=\"async\" width=\"153\" height=\"200\" src=\"https:\/\/bu.optimum-automotive.com\/wp-content\/uploads\/2024\/06\/01-526.jpg\" alt=\"\" class=\"wp-image-1832\"\/><\/a><figcaption class=\"wp-element-caption\"><strong>auto-infos.fr<\/strong><br>Hacer sostenible la movilidad de las empresas: \u00a1un reto que hay que apoyar!<\/figcaption><\/figure><\/div>\n\n<div class=\"wp-block-image\">\n<figure class=\"aligncenter size-full has-lightbox\"><a href=\"..\/wp-content\/uploads\/2024\/06\/2023-10-25-actualites-cci.com-25_octobre_2023-50000000369633154_1_1.pdf\" target=\"_blank\" rel=\"noreferrer noopener\"><img loading=\"lazy\" decoding=\"async\" width=\"153\" height=\"200\" src=\"https:\/\/bu.optimum-automotive.com\/wp-content\/uploads\/2024\/06\/01-524.jpg\" alt=\"\" class=\"wp-image-1834\"\/><\/a><figcaption class=\"wp-element-caption\"><strong>noticias-cci<\/strong><br>Webinar: Gesti\u00f3n de siniestros y da\u00f1os, una nueva fuente de ahorro<\/figcaption><\/figure><\/div>\n\n\n<h2 class=\"wp-block-heading\">OCTUBRE 2023<\/h2>\n\n\n<div class=\"wp-block-image\">\n<figure class=\"aligncenter size-full has-lightbox\"><a href=\"..\/wp-content\/uploads\/2024\/06\/2023-10-25-flottes_automobiles-octobre_2023-100000000658691051.pdf\" target=\"_blank\" rel=\"noreferrer noopener\"><img loading=\"lazy\" decoding=\"async\" width=\"153\" height=\"200\" src=\"https:\/\/bu.optimum-automotive.com\/wp-content\/uploads\/2024\/06\/01-523.jpg\" alt=\"\" class=\"wp-image-1837\"\/><\/a><figcaption class=\"wp-element-caption\"><strong>FLOTAS DE COCHES<\/strong><br>Digitalizaci\u00f3n de la flota, \u00bfc\u00f3mo preparar a sus equipos?<\/figcaption><\/figure><\/div>\n\n<div class=\"wp-block-image\">\n<figure class=\"aligncenter size-full has-lightbox\"><a href=\"..\/wp-content\/uploads\/2024\/06\/2023-10-20-l_argus_pro-20_octobre_2023-10000000065848583_4_1.pdf\" target=\"_blank\" rel=\"noreferrer noopener\"><img loading=\"lazy\" decoding=\"async\" width=\"153\" height=\"200\" src=\"https:\/\/bu.optimum-automotive.com\/wp-content\/uploads\/2024\/06\/01-522.jpg\" alt=\"\" class=\"wp-image-1839\"\/><\/a><figcaption class=\"wp-element-caption\"><strong>ARGUS PRO<\/strong><br>C\u00f3mo Optimum Automotive utiliza la IA y los datos para optimizar el TCO<\/figcaption><\/figure><\/div>\n\n<div class=\"wp-block-image\">\n<figure class=\"aligncenter size-full has-lightbox\"><a href=\"..\/IMG\/pdf\/2023-10-26-www.auto-infos.fr-26_octobre_2023-50000000369641658.pdf\" target=\"_blank\" rel=\"noreferrer noopener\"><img loading=\"lazy\" decoding=\"async\" width=\"153\" height=\"200\" src=\"https:\/\/bu.optimum-automotive.com\/wp-content\/uploads\/2024\/06\/01-525.jpg\" alt=\"\" class=\"wp-image-1842\"\/><\/a><figcaption class=\"wp-element-caption\"><strong>auto-infos.fr<\/strong><br>Gesti\u00f3n de flotas: las soluciones de Optimum Automotive ya tienen referencia<br>por UniHA<\/figcaption><\/figure><\/div>\n\n\n<h2 class=\"wp-block-heading\">JUNIO 2023<\/h2>\n\n\n<div class=\"wp-block-image\">\n<figure class=\"aligncenter size-full has-lightbox\"><a href=\"..\/wp-content\/uploads\/2024\/06\/2023-06-30-les_routiers-juillet_-_aout_2023-100000000653150011.pdf\" target=\"_blank\" rel=\"noreferrer noopener\"><img loading=\"lazy\" decoding=\"async\" width=\"153\" height=\"200\" src=\"https:\/\/bu.optimum-automotive.com\/wp-content\/uploads\/2024\/06\/01-519.jpg\" alt=\"\" class=\"wp-image-1844\"\/><\/a><figcaption class=\"wp-element-caption\"><strong>LOS CAMINOS<\/strong><br>Robo de combustible: La plaga de los aparcamientos de camiones<\/figcaption><\/figure><\/div>\n\n<div class=\"wp-block-image\">\n<figure class=\"aligncenter size-full has-lightbox\"><a href=\"..\/IMG\/pdf\/2023-06-27-flottes_automobiles-juin_2023-10000000065292904.pdf\" target=\"_blank\" rel=\"noreferrer noopener\"><img loading=\"lazy\" decoding=\"async\" width=\"153\" height=\"200\" src=\"https:\/\/bu.optimum-automotive.com\/wp-content\/uploads\/2024\/06\/01-518.jpg\" alt=\"\" class=\"wp-image-1846\"\/><\/a><figcaption class=\"wp-element-caption\"><strong>FLOTAS DE COCHES<\/strong><br>Veh\u00edculos compartidos : Una soluci\u00f3n ecol\u00f3gica y econ\u00f3mica<\/figcaption><\/figure><\/div>\n\n<div class=\"wp-block-image\">\n<figure class=\"aligncenter size-full has-lightbox\"><a href=\"..\/wp-content\/uploads\/2024\/06\/2023-06-27-www.auto-infos.fr-27_juin_2023-500000003690556321.pdf\" target=\"_blank\" rel=\"noreferrer noopener\"><img loading=\"lazy\" decoding=\"async\" width=\"153\" height=\"200\" src=\"https:\/\/bu.optimum-automotive.com\/wp-content\/uploads\/2024\/06\/01-517.jpg\" alt=\"\" class=\"wp-image-1847\"\/><\/a><figcaption class=\"wp-element-caption\"><strong>auto-infos.fr<\/strong><br>Troph\u00e9es de L'Automobile &amp; L'Entreprise: los ganadores de 2023 son...<\/figcaption><\/figure><\/div>\n\n<div class=\"wp-block-image\">\n<figure class=\"aligncenter size-full has-lightbox\"><a href=\"..\/wp-content\/uploads\/2024\/06\/2023-06-28-flottes_automobiles-juin_2023-100000000652929801.pdf\" target=\"_blank\" rel=\"noreferrer noopener\"><img loading=\"lazy\" decoding=\"async\" width=\"153\" height=\"200\" src=\"https:\/\/bu.optimum-automotive.com\/wp-content\/uploads\/2024\/06\/01-520.jpg\" alt=\"\" class=\"wp-image-1849\"\/><\/a><figcaption class=\"wp-element-caption\"><strong>FLOTAS DE COCHES<\/strong><br>Compartir coche Una herramienta pr\u00e1ctica<\/figcaption><\/figure><\/div>\n\n<div class=\"wp-block-image\">\n<figure class=\"aligncenter size-full has-lightbox\"><a href=\"..\/wp-content\/uploads\/2024\/06\/2023-06-28-flottes_automobiles-juin_2023-100000000652929771.pdf\" target=\"_blank\" rel=\"noreferrer noopener\"><img loading=\"lazy\" decoding=\"async\" width=\"153\" height=\"200\" src=\"https:\/\/bu.optimum-automotive.com\/wp-content\/uploads\/2024\/06\/01-521.jpg\" alt=\"\" class=\"wp-image-1852\"\/><\/a><figcaption class=\"wp-element-caption\"><strong>FLOTAS DE COCHES<\/strong><br>Compartir coche Una soluci\u00f3n ecol\u00f3gica y econ\u00f3mica<\/figcaption><\/figure><\/div>\n\n\n<h2 class=\"wp-block-heading\">MAYO 2023<\/h2>\n\n\n<div class=\"wp-block-image\">\n<figure class=\"aligncenter size-full has-lightbox\"><a href=\"..\/wp-content\/uploads\/2024\/06\/2023-05-03-zepros_apres_vente_auto-mai_2023-100000000649966811.pdf\" target=\"_blank\" rel=\"noreferrer noopener\"><img loading=\"lazy\" decoding=\"async\" width=\"153\" height=\"200\" src=\"https:\/\/bu.optimum-automotive.com\/wp-content\/uploads\/2024\/06\/01-516.jpg\" alt=\"\" class=\"wp-image-1854\"\/><\/a><figcaption class=\"wp-element-caption\"><strong>ZEPROS<\/strong><br>Laurent Verdier se incorpora a la empresa especializada en ciencia de datos para el mercado de la movilidad y los veh\u00edculos conectados<\/figcaption><\/figure><\/div>\n\n\n<h2 class=\"wp-block-heading\">ABRIL 2023<\/h2>\n\n\n<div class=\"wp-block-image\">\n<figure class=\"aligncenter size-full has-lightbox\"><a href=\"..\/wp-content\/uploads\/2024\/06\/2023-04-26-le_journal_des_entreprises_-_le_brief_edition_region_sud_newsletter_-25_avril_2023-100000000649568701.pdf\" target=\"_blank\" rel=\"noreferrer noopener\"><img loading=\"lazy\" decoding=\"async\" width=\"153\" height=\"200\" src=\"https:\/\/bu.optimum-automotive.com\/wp-content\/uploads\/2024\/06\/01-515.jpg\" alt=\"\" class=\"wp-image-1856\"\/><\/a><figcaption class=\"wp-element-caption\"><strong>Le Journal des Entreprises - Regi\u00f3n Sur<\/strong><br>Optimum Automotive ofrece una prueba gratuita de tres meses de su plataforma<\/figcaption><\/figure><\/div>\n\n<div class=\"wp-block-image\">\n<figure class=\"aligncenter size-full has-lightbox\"><a href=\"..\/wp-content\/uploads\/2024\/06\/2023-04-06-le_journal_des_flottes-mars_-_avril_2023-100000000648540311.pdf\" target=\"_blank\" rel=\"noreferrer noopener\"><img loading=\"lazy\" decoding=\"async\" width=\"153\" height=\"200\" src=\"https:\/\/bu.optimum-automotive.com\/wp-content\/uploads\/2024\/06\/01-505.jpg\" alt=\"\" class=\"wp-image-1859\"\/><\/a><figcaption class=\"wp-element-caption\"><strong>Peri\u00f3dico Fleet<\/strong><br>11 claves para reducir el tama\u00f1o de su flota<\/figcaption><\/figure><\/div>\n\n<div class=\"wp-block-image\">\n<figure class=\"aligncenter size-full has-lightbox\"><a href=\"..\/wp-content\/uploads\/2024\/06\/2023-04-14-executives-13_avril_2023-100000000648920291.pdf\" target=\"_blank\" rel=\"noreferrer noopener\"><img loading=\"lazy\" decoding=\"async\" width=\"153\" height=\"200\" src=\"https:\/\/bu.optimum-automotive.com\/wp-content\/uploads\/2024\/06\/01-509.jpg\" alt=\"\" class=\"wp-image-1862\"\/><\/a><figcaption class=\"wp-element-caption\"><strong>Ejecutivos<\/strong><br>GESTI\u00d3N DE FLOTA Y GPS \/ OPTIMUM AUTOMOTIVE: Laurent Verdier nombrado responsable de cuentas estrat\u00e9gicas.<\/figcaption><\/figure><\/div>\n\n<div class=\"wp-block-image\">\n<figure class=\"aligncenter size-full has-lightbox\"><a href=\"..\/wp-content\/uploads\/2024\/06\/2023-04-14-flash-infos_edition_paca_corse_occitanie_newsletter_-13_avril_2023-10000000064892033_003_1.pdf\" target=\"_blank\" rel=\"noreferrer noopener\"><img loading=\"lazy\" decoding=\"async\" width=\"153\" height=\"200\" src=\"https:\/\/bu.optimum-automotive.com\/wp-content\/uploads\/2024\/06\/01-508.jpg\" alt=\"\" class=\"wp-image-1865\"\/><\/a><figcaption class=\"wp-element-caption\"><strong>FLASH-INFOS (EDICI\u00d3N PACA CORSE OCCITANIE)<\/strong><br>AUTOMOCI\u00d3N: Laurent Verdier a cargo de las cuentas estrat\u00e9gicas de OPTIMUM AUTOMOTIVE<\/figcaption><\/figure><\/div>\n\n<div class=\"wp-block-image\">\n<figure class=\"aligncenter size-full has-lightbox\"><a href=\"https:\/\/bu.optimum-automotive.com\/wp-content\/uploads\/2024\/06\/2023-04-21-flottes_automobiles-avril_2023-100000000649388001.pdf\" target=\"_blank\" rel=\"noreferrer noopener\"><img loading=\"lazy\" decoding=\"async\" width=\"153\" height=\"200\" src=\"https:\/\/bu.optimum-automotive.com\/wp-content\/uploads\/2024\/06\/01-514.jpg\" alt=\"\" class=\"wp-image-1868\"\/><\/a><figcaption class=\"wp-element-caption\"><strong>FLOTAS DE COCHES<\/strong><br>GESTI\u00d3N: Paquete de movilidad sostenible y cr\u00e9dito de movilidad 2023, el a\u00f1o del despegue<\/figcaption><\/figure><\/div>\n\n<div class=\"wp-block-image\">\n<figure class=\"aligncenter size-full has-lightbox\"><a href=\"https:\/\/bu.optimum-automotive.com\/wp-content\/uploads\/2024\/06\/2023-04-13-www.flotauto.com-13_avril_2023-500000003686589671.pdf\" target=\"_blank\" rel=\"noreferrer noopener\"><img loading=\"lazy\" decoding=\"async\" width=\"153\" height=\"200\" src=\"https:\/\/bu.optimum-automotive.com\/wp-content\/uploads\/2024\/06\/01-511.jpg\" alt=\"\" class=\"wp-image-1869\"\/><\/a><figcaption class=\"wp-element-caption\"><strong>flotauto.com<\/strong><br>Nombramiento: Laurent Verdier, Director de Cuentas Estrat\u00e9gicas, Optimum Automotive<\/figcaption><\/figure><\/div>\n\n<div class=\"wp-block-image\">\n<figure class=\"aligncenter size-full has-lightbox\"><a href=\"https:\/\/bu.optimum-automotive.com\/wp-content\/uploads\/2024\/06\/2023-04-14-autoactu.com_newsletter_-13_avril_2023-100000000648920281.pdf\" target=\"_blank\" rel=\"noreferrer noopener\"><img loading=\"lazy\" decoding=\"async\" width=\"153\" height=\"200\" src=\"https:\/\/bu.optimum-automotive.com\/wp-content\/uploads\/2024\/06\/01-510.jpg\" alt=\"\" class=\"wp-image-1870\"\/><\/a><figcaption class=\"wp-element-caption\"><strong>autoactu.com<\/strong><br>Laurent Verdier nombrado responsable de cuentas estrat\u00e9gicas de Optimum Automotive<\/figcaption><\/figure><\/div>\n\n<div class=\"wp-block-image\">\n<figure class=\"aligncenter size-full has-lightbox\"><a href=\"https:\/\/bu.optimum-automotive.com\/wp-content\/uploads\/2024\/06\/2023-04-13-www.am-today.com-13_avril_2023-500000003686589851.pdf\" target=\"_blank\" rel=\"noreferrer noopener\"><img loading=\"lazy\" decoding=\"async\" width=\"153\" height=\"200\" src=\"https:\/\/bu.optimum-automotive.com\/wp-content\/uploads\/2024\/06\/01-512.jpg\" alt=\"\" class=\"wp-image-1871\"\/><\/a><figcaption class=\"wp-element-caption\"><strong>am-hoy.com<\/strong><br>Laurent Verdier se une al equipo de ventas de grandes cuentas de Optimum Automotive<\/figcaption><\/figure><\/div>\n\n<div class=\"wp-block-image\">\n<figure class=\"aligncenter size-full has-lightbox\"><a href=\"https:\/\/bu.optimum-automotive.com\/wp-content\/uploads\/2024\/06\/2023-04-13-auto.zepros.fr-13_avril_2023-500000003686589751.pdf\" target=\"_blank\" rel=\"noreferrer noopener\"><img loading=\"lazy\" decoding=\"async\" width=\"153\" height=\"200\" src=\"https:\/\/bu.optimum-automotive.com\/wp-content\/uploads\/2024\/06\/01-513.jpg\" alt=\"\" class=\"wp-image-1872\"\/><\/a><figcaption class=\"wp-element-caption\"><strong>auto.zepros.fr<\/strong><br>Optimum Automotive nombra a un nuevo gestor de cuentas clave<\/figcaption><\/figure><\/div>\n\n<div class=\"wp-block-image\">\n<figure class=\"aligncenter size-full has-lightbox\"><a href=\"https:\/\/bu.optimum-automotive.com\/wp-content\/uploads\/2024\/06\/2023-04-14-le_journal_des_entreprises_-_le_brief_edition_region_sud_newsletter_-12_avril_2023-100000000648920341.pdf\" target=\"_blank\" rel=\"noreferrer noopener\"><img loading=\"lazy\" decoding=\"async\" width=\"153\" height=\"200\" src=\"https:\/\/bu.optimum-automotive.com\/wp-content\/uploads\/2024\/06\/01-507.jpg\" alt=\"\" class=\"wp-image-1873\"\/><\/a><figcaption class=\"wp-element-caption\"><strong>Le Journal des Entreprises - Regi\u00f3n Sur<\/strong><br>Laurent Verdier nombrado Director de Cuentas Estrat\u00e9gicas de Optimum Automotive<\/figcaption><\/figure><\/div>\n\n\n<h2 class=\"wp-block-heading\">MARZO 2023<\/h2>\n\n\n<div class=\"wp-block-image\">\n<figure class=\"aligncenter size-full has-lightbox\"><a href=\"https:\/\/bu.optimum-automotive.com\/wp-content\/uploads\/2024\/06\/2023-03-10-flottes_automobiles-mars_2023-100000000647001331.pdf\" target=\"_blank\" rel=\"noreferrer noopener\"><img loading=\"lazy\" decoding=\"async\" width=\"153\" height=\"200\" src=\"https:\/\/bu.optimum-automotive.com\/wp-content\/uploads\/2024\/06\/01-504.jpg\" alt=\"\" class=\"wp-image-1882\"\/><\/a><figcaption class=\"wp-element-caption\"><strong>FLOTAS DE COCHES<\/strong><br>Telem\u00e1tica: optimizar y ecologizar las flotas<\/figcaption><\/figure><\/div>\n\n<div class=\"wp-block-image\">\n<figure class=\"aligncenter size-full has-lightbox\"><a href=\"https:\/\/bu.optimum-automotive.com\/wp-content\/uploads\/2024\/06\/optimum_automotive_signe_un_accord_de_distribution_avec_l_entreprise_marocaine_edrive1.pdf\" target=\"_blank\" rel=\"noreferrer noopener\"><img loading=\"lazy\" decoding=\"async\" width=\"153\" height=\"200\" src=\"https:\/\/bu.optimum-automotive.com\/wp-content\/uploads\/2024\/06\/01-506.jpg\" alt=\"\" class=\"wp-image-1883\"\/><\/a><figcaption class=\"wp-element-caption\"><strong>industrie-mag.com<\/strong><br>Optimum Automotive firma un acuerdo de distribuci\u00f3n con la empresa marroqu\u00ed Edrive<\/figcaption><\/figure><\/div>\n\n<div class=\"wp-block-image\">\n<figure class=\"aligncenter size-full has-lightbox\"><a href=\"https:\/\/bu.optimum-automotive.com\/wp-content\/uploads\/2024\/06\/l_equipe_d_optimum_automotive_s_agrandit_pour_faire_de_son_ambition_internationale_une_realite-1.pdf\" target=\"_blank\" rel=\"noreferrer noopener\"><img loading=\"lazy\" decoding=\"async\" width=\"153\" height=\"200\" src=\"https:\/\/bu.optimum-automotive.com\/wp-content\/uploads\/2024\/06\/01-501.jpg\" alt=\"\" class=\"wp-image-1884\"\/><\/a><figcaption class=\"wp-element-caption\"><strong>Revista L'Automobile<\/strong><br>Optimum Automotive ampl\u00eda su equipo para hacer realidad sus ambiciones internacionales<\/figcaption><\/figure><\/div>\n\n<div class=\"wp-block-image\">\n<figure class=\"aligncenter size-full has-lightbox\"><a href=\"https:\/\/www.mappingcontrol.com\/IMG\/pdf\/automobile_optimum_automotive_-_raghavendra_thiagarajan_nomme_head_of_global_products_strategy.pdf\" target=\"_blank\" rel=\"noreferrer noopener\"><img loading=\"lazy\" decoding=\"async\" width=\"153\" height=\"200\" src=\"https:\/\/bu.optimum-automotive.com\/wp-content\/uploads\/2024\/06\/01-502.jpg\" alt=\"\" class=\"wp-image-1885\"\/><\/a><figcaption class=\"wp-element-caption\"><strong>pa-sport.fr<\/strong><br>AUTOMOCI\u00d3N : Optimum automotive - Raghavendra THIAGARAJAN nombrado Director de Estrategia Global de Productos<\/figcaption><\/figure><\/div>\n\n<div class=\"wp-block-image\">\n<figure class=\"aligncenter size-full has-lightbox\"><a href=\"https:\/\/www.mappingcontrol.com\/IMG\/pdf\/raghavendran_thiagarajan_nomme_responsable_de_la_strategie_des_produits_mondiaux_d_optimum_automotive_-_le_journal_des_entreprises_-_region_sud.pdf\" target=\"_blank\" rel=\"noreferrer noopener\"><img loading=\"lazy\" decoding=\"async\" width=\"153\" height=\"200\" src=\"https:\/\/bu.optimum-automotive.com\/wp-content\/uploads\/2024\/06\/01-503.jpg\" alt=\"\" class=\"wp-image-1886\"\/><\/a><figcaption class=\"wp-element-caption\"><strong>lejournaldesentreprises.com<\/strong><br>Raghavendran Thiagarajan nombrado Director de Estrategia Global de Producto de Optimum Automotive<\/figcaption><\/figure><\/div>\n\n\n<h2 class=\"wp-block-heading\">FEBRERO 2023<\/h2>\n\n\n<div class=\"wp-block-image\">\n<figure class=\"aligncenter size-full has-lightbox\"><a href=\"https:\/\/bu.optimum-automotive.com\/wp-content\/uploads\/2024\/06\/l_aixois_optimum_automotive_present_aux_rencontres_flotauto_a_paris_-_le_journal_des_entreprises_-_region_sud1.pdf\" target=\"_blank\" rel=\"noreferrer noopener\"><img loading=\"lazy\" decoding=\"async\" width=\"153\" height=\"200\" src=\"https:\/\/bu.optimum-automotive.com\/wp-content\/uploads\/2024\/06\/01-500.jpg\" alt=\"\" class=\"wp-image-1891\"\/><\/a><figcaption class=\"wp-element-caption\"><strong>EL PERI\u00d3DICO ECON\u00d3MICO<\/strong><br>Optimum Automotive, con sede en Aix, en las reuniones de Flotauto en Par\u00eds<\/figcaption><\/figure><\/div>\n\n<div class=\"wp-block-image\">\n<figure class=\"aligncenter size-full has-lightbox\"><a href=\"https:\/\/www.mappingcontrol.com\/IMG\/pdf\/2023-02-17-transport_info-fevrier_2023-10000000064579087.pdf\" target=\"_blank\" rel=\"noreferrer noopener\"><img loading=\"lazy\" decoding=\"async\" width=\"153\" height=\"200\" src=\"https:\/\/bu.optimum-automotive.com\/wp-content\/uploads\/2024\/06\/01-496.jpg\" alt=\"\" class=\"wp-image-1892\"\/><\/a><figcaption class=\"wp-element-caption\"><strong>Transporte<\/strong><br>\u00bfC\u00f3mo puede reducir su consumo?<\/figcaption><\/figure><\/div>\n\n<div class=\"wp-block-image\">\n<figure class=\"aligncenter size-full has-lightbox\"><a href=\"https:\/\/www.mappingcontrol.com\/IMG\/pdf\/2023-02-14-www.auto-infos.fr-14_fevrier_2023-50000000368336719.pdf\" target=\"_blank\" rel=\"noreferrer noopener\"><img loading=\"lazy\" decoding=\"async\" width=\"153\" height=\"200\" src=\"https:\/\/bu.optimum-automotive.com\/wp-content\/uploads\/2024\/06\/01-497.jpg\" alt=\"\" class=\"wp-image-1893\"\/><\/a><figcaption class=\"wp-element-caption\"><strong>auto-infos.fr<\/strong><br>Optimum Automotive prosigue su expansi\u00f3n en el continente africano<\/figcaption><\/figure><\/div>\n\n<div class=\"wp-block-image\">\n<figure class=\"aligncenter size-full has-lightbox\"><a href=\"https:\/\/www.mappingcontrol.com\/IMG\/pdf\/2023-02-14-www.industrie-mag.com-14_fevrier_2023-50000000368336706.pdf\" target=\"_blank\" rel=\"noreferrer noopener\"><img loading=\"lazy\" decoding=\"async\" width=\"153\" height=\"200\" src=\"https:\/\/bu.optimum-automotive.com\/wp-content\/uploads\/2024\/06\/01-498.jpg\" alt=\"\" class=\"wp-image-1894\"\/><\/a><figcaption class=\"wp-element-caption\"><strong>industrie-mag.com<\/strong><br>Optimum Automotive acelera su desarrollo en el continente africano<\/figcaption><\/figure><\/div>\n\n<div class=\"wp-block-image\">\n<figure class=\"aligncenter size-full has-lightbox\"><a href=\"https:\/\/bu.optimum-automotive.com\/wp-content\/uploads\/2024\/06\/2023-02-15-le_journal_des_entreprises_-_le_brief_edition_region_sud_newsletter_-14_fevrier_2023-100000000645677381.pdf\" target=\"_blank\" rel=\"noreferrer noopener\"><img loading=\"lazy\" decoding=\"async\" width=\"153\" height=\"200\" src=\"https:\/\/bu.optimum-automotive.com\/wp-content\/uploads\/2024\/06\/01-499.jpg\" alt=\"\" class=\"wp-image-1895\"\/><\/a><figcaption class=\"wp-element-caption\"><strong>EL PERI\u00d3DICO ECON\u00d3MICO<\/strong><br>Optimum Automotive prosigue su expansi\u00f3n internacional<\/figcaption><\/figure><\/div>\n\n<div class=\"wp-block-image\">\n<figure class=\"aligncenter size-full has-lightbox\"><a href=\"https:\/\/bu.optimum-automotive.com\/wp-content\/uploads\/2024\/06\/intelligence_artificielle_et_automobile___la_montee_en_puissance1.pdf\" target=\"_blank\" rel=\"noreferrer noopener\"><img loading=\"lazy\" decoding=\"async\" width=\"153\" height=\"200\" src=\"https:\/\/bu.optimum-automotive.com\/wp-content\/uploads\/2024\/06\/01-494.jpg\" alt=\"\" class=\"wp-image-1896\"\/><\/a><figcaption class=\"wp-element-caption\"><strong>flotauto.com<\/strong><br>Inteligencia artificial y autom\u00f3vil: el ascenso al poder<\/figcaption><\/figure><\/div>\n\n<div class=\"wp-block-image\">\n<figure class=\"aligncenter size-full has-lightbox\"><a href=\"https:\/\/www.mappingcontrol.com\/IMG\/pdf\/paris_optimum_automotive_accelere_a_l_international.pdf\" target=\"_blank\" rel=\"noreferrer noopener\"><img loading=\"lazy\" decoding=\"async\" width=\"153\" height=\"200\" src=\"https:\/\/bu.optimum-automotive.com\/wp-content\/uploads\/2024\/06\/01-495.jpg\" alt=\"\" class=\"wp-image-1897\"\/><\/a><figcaption class=\"wp-element-caption\"><strong>presseagence.fr<\/strong><br>PAR\u00cdS: Optimum automotive intensifica su expansi\u00f3n internacional<\/figcaption><\/figure><\/div>\n\n\n<h2 class=\"wp-block-heading\">ENERO 2023<\/h2>\n\n\n<div class=\"wp-block-image\">\n<figure class=\"aligncenter size-full has-lightbox\"><a href=\"https:\/\/bu.optimum-automotive.com\/wp-content\/uploads\/2024\/06\/transportissimo.com_lutter-contre-le-vol-de-carburant1.pdf\" target=\"_blank\" rel=\"noreferrer noopener\"><img loading=\"lazy\" decoding=\"async\" width=\"153\" height=\"200\" src=\"https:\/\/bu.optimum-automotive.com\/wp-content\/uploads\/2024\/06\/01-493.jpg\" alt=\"\" class=\"wp-image-1902\"\/><\/a><figcaption class=\"wp-element-caption\"><strong>Transportissimo<\/strong><br>Lucha contra el robo de combustible<\/figcaption><\/figure><\/div>\n\n<div class=\"wp-block-image\">\n<figure class=\"aligncenter size-full has-lightbox\"><a href=\"https:\/\/bu.optimum-automotive.com\/wp-content\/uploads\/2024\/06\/optimum_automotive_-_carburant_vole__carburant_rembourse-_infos_751.pdf\" target=\"_blank\" rel=\"noreferrer noopener\"><img loading=\"lazy\" decoding=\"async\" width=\"153\" height=\"200\" src=\"https:\/\/bu.optimum-automotive.com\/wp-content\/uploads\/2024\/06\/01-492.jpg\" alt=\"\" class=\"wp-image-1903\"\/><\/a><figcaption class=\"wp-element-caption\"><strong>Noticias 75<\/strong><br>Combustible robado de Optimum Automotive = \u00a1Combustible reembolsado!<\/figcaption><\/figure><\/div>\n\n<div class=\"wp-block-image\">\n<figure class=\"aligncenter size-full has-lightbox\"><a href=\"https:\/\/bu.optimum-automotive.com\/wp-content\/uploads\/2024\/06\/2023-01-08-radio.vinci-autoroutes.com-january_08_2023-500000003681349891.pdf\" target=\"_blank\" rel=\"noreferrer noopener\"><img loading=\"lazy\" decoding=\"async\" width=\"153\" height=\"200\" src=\"https:\/\/bu.optimum-automotive.com\/wp-content\/uploads\/2024\/06\/01-491.jpg\" alt=\"\" class=\"wp-image-1904\"\/><\/a><figcaption class=\"wp-element-caption\"><strong>radio.vinci-autoroutes.com<\/strong><br>Compartir coche en la empresa: una opci\u00f3n ganadora<\/figcaption><\/figure><\/div>\n\n<div class=\"wp-block-image\">\n<figure class=\"aligncenter size-full has-lightbox\"><a href=\"https:\/\/bu.optimum-automotive.com\/wp-content\/uploads\/2024\/06\/2023-01-06-www.auto-infos.fr-january_06_2023-500000003681249491.pdf\" target=\"_blank\" rel=\"noreferrer noopener\"><img loading=\"lazy\" decoding=\"async\" width=\"153\" height=\"200\" src=\"https:\/\/bu.optimum-automotive.com\/wp-content\/uploads\/2024\/06\/01-490.jpg\" alt=\"\" class=\"wp-image-1905\"\/><\/a><figcaption class=\"wp-element-caption\"><strong>auto-infos.fr<\/strong><br>Optimum Automotive se compromete a reembolsar el combustible robado a los clientes equipados con su soluci\u00f3n Securifuel<\/figcaption><\/figure><\/div>\n\n<div class=\"wp-block-image\">\n<figure class=\"aligncenter size-full has-lightbox\"><a href=\"https:\/\/bu.optimum-automotive.com\/wp-content\/uploads\/2024\/06\/2023-01-05-www.pa-sport.fr-january_05_2023-500000003681194831.pdf\" target=\"_blank\" rel=\"noreferrer noopener\"><img loading=\"lazy\" decoding=\"async\" width=\"153\" height=\"200\" src=\"https:\/\/bu.optimum-automotive.com\/wp-content\/uploads\/2024\/06\/01-489.jpg\" alt=\"\" class=\"wp-image-1906\"\/><\/a><figcaption class=\"wp-element-caption\"><strong>pa-sport.fr<\/strong><br>AUTOMOCI\u00d3N: \u00a1Con Optimum automoci\u00f3n, el combustible robado es combustible reembolsado!<\/figcaption><\/figure><\/div>\n\n<div class=\"wp-block-image\">\n<figure class=\"aligncenter size-full has-lightbox\"><a href=\"https:\/\/bu.optimum-automotive.com\/wp-content\/uploads\/2024\/06\/optimum_automotive_lance_une_offre_exclusive___vol_de_carburant_rembourse___-_le_journal_des_entreprises_-_region_sud1.pdf\" target=\"_blank\" rel=\"noreferrer noopener\"><img loading=\"lazy\" decoding=\"async\" width=\"153\" height=\"200\" src=\"https:\/\/bu.optimum-automotive.com\/wp-content\/uploads\/2024\/06\/01-488.jpg\" alt=\"\" class=\"wp-image-1907\"\/><\/a><figcaption class=\"wp-element-caption\"><strong>EL PERI\u00d3DICO ECON\u00d3MICO<\/strong><br>Optimum Automotive lanza una oferta exclusiva de Vol decarburant rembours\u00e9<\/figcaption><\/figure><\/div>\n\n\n<h2 class=\"wp-block-heading\">DICIEMBRE 2022<\/h2>\n\n\n<div class=\"wp-block-image\">\n<figure class=\"aligncenter size-full has-lightbox\"><a href=\"https:\/\/bu.optimum-automotive.com\/wp-content\/uploads\/2024\/06\/2022-12-29-flottes_automobiles-decembre_2022_-_janvier_2023-100000000643153901.pdf\" target=\"_blank\" rel=\"noreferrer noopener\"><img loading=\"lazy\" decoding=\"async\" width=\"153\" height=\"200\" src=\"https:\/\/bu.optimum-automotive.com\/wp-content\/uploads\/2024\/06\/01-486.jpg\" alt=\"\" class=\"wp-image-1921\"\/><\/a><figcaption class=\"wp-element-caption\"><strong>FLOTAS DE COCHES<\/strong><br>EL RESPONSABLE DEL VIAJE QUIERE GESTIONAR LA MOVILIDAD<\/figcaption><\/figure><\/div>\n\n<div class=\"wp-block-image\">\n<figure class=\"aligncenter size-full has-lightbox\"><a href=\"https:\/\/bu.optimum-automotive.com\/wp-content\/uploads\/2024\/06\/2022-12-29-flottes_automobiles-decembre_2022_-_janvier_2023-100000000643153981.pdf\" target=\"_blank\" rel=\"noreferrer noopener\"><img loading=\"lazy\" decoding=\"async\" width=\"153\" height=\"200\" src=\"https:\/\/bu.optimum-automotive.com\/wp-content\/uploads\/2024\/06\/01-487.jpg\" alt=\"\" class=\"wp-image-1922\"\/><\/a><figcaption class=\"wp-element-caption\"><strong>FLOTAS DE COCHES<\/strong><br>Inteligencia artificial: el ascenso al poder<\/figcaption><\/figure><\/div>\n\n<div class=\"wp-block-image\">\n<figure class=\"aligncenter size-full has-lightbox\"><a href=\"https:\/\/bu.optimum-automotive.com\/wp-content\/uploads\/2024\/06\/pour_la_mobilite_des_salaries_optimum_automotive_developpe_trip_keeper1.pdf\" target=\"_blank\" rel=\"noreferrer noopener\"><img loading=\"lazy\" decoding=\"async\" width=\"153\" height=\"200\" src=\"https:\/\/bu.optimum-automotive.com\/wp-content\/uploads\/2024\/06\/01-485.jpg\" alt=\"\" class=\"wp-image-1923\"\/><\/a><figcaption class=\"wp-element-caption\"><strong>auto-infos.fr<\/strong><br>Optimum Automotive desarrolla Trip Keeper para la movilidad de los empleados<\/figcaption><\/figure><\/div>\n\n<div class=\"wp-block-image\">\n<figure class=\"aligncenter size-full has-lightbox\"><a href=\"https:\/\/bu.optimum-automotive.com\/wp-content\/uploads\/2024\/06\/rsolutions_expertises_s_allie_a_optimum_automotive_21.pdf\" target=\"_blank\" rel=\"noreferrer noopener\"><img loading=\"lazy\" decoding=\"async\" width=\"153\" height=\"200\" src=\"https:\/\/bu.optimum-automotive.com\/wp-content\/uploads\/2024\/06\/01-484.jpg\" alt=\"\" class=\"wp-image-1924\"\/><\/a><figcaption class=\"wp-element-caption\"><strong>Software de gesti\u00f3n<\/strong><br>Rsolutions Expertises ampl\u00eda sus servicios con Optimum Automotive<\/figcaption><\/figure><\/div>\n\n<div class=\"wp-block-image\">\n<figure class=\"aligncenter size-full has-lightbox\"><a href=\"https:\/\/bu.optimum-automotive.com\/wp-content\/uploads\/2024\/06\/2022-12-06-www.flotauto.com-december_06_2022-500000003679703861.pdf\" target=\"_blank\" rel=\"noreferrer noopener\"><img loading=\"lazy\" decoding=\"async\" width=\"153\" height=\"200\" src=\"https:\/\/bu.optimum-automotive.com\/wp-content\/uploads\/2024\/06\/01-483.jpg\" alt=\"\" class=\"wp-image-1925\"\/><\/a><figcaption class=\"wp-element-caption\"><strong>flotauto.com<\/strong><br>Optimum Automotive lanza Trip Keeper para la gesti\u00f3n de la movilidad<\/figcaption><\/figure><\/div>\n\n<div class=\"wp-block-image\">\n<figure class=\"aligncenter size-full has-lightbox\"><a href=\"https:\/\/bu.optimum-automotive.com\/wp-content\/uploads\/2024\/06\/2022-12-06-radio.vinci-autoroutes.com-december_06_2022-500000003679703881.pdf\" target=\"_blank\" rel=\"noreferrer noopener\"><img loading=\"lazy\" decoding=\"async\" width=\"153\" height=\"200\" src=\"https:\/\/bu.optimum-automotive.com\/wp-content\/uploads\/2024\/06\/01-482.jpg\" alt=\"\" class=\"wp-image-1926\"\/><\/a><figcaption class=\"wp-element-caption\"><strong>radio.vinci-autoroutes.com<\/strong><br>El velotaf<\/figcaption><\/figure><\/div>\n\n<div class=\"wp-block-image\">\n<figure class=\"aligncenter size-full has-lightbox\"><a href=\"https:\/\/bu.optimum-automotive.com\/wp-content\/uploads\/2024\/06\/2022-12-06-le_journal_du_poids_lourd-novembre_2022-100000000641824241.pdf\" target=\"_blank\" rel=\"noreferrer noopener\"><img loading=\"lazy\" decoding=\"async\" width=\"153\" height=\"200\" src=\"https:\/\/bu.optimum-automotive.com\/wp-content\/uploads\/2024\/06\/01-481.jpg\" alt=\"\" class=\"wp-image-1927\"\/><\/a><figcaption class=\"wp-element-caption\"><strong>EL DIARIO DEL CAMI\u00d3N<\/strong><br>Combustible: \u00bfc\u00f3mo evitar el sifonaje?<\/figcaption><\/figure><\/div>\n\n<div class=\"wp-block-image\">\n<figure class=\"aligncenter size-full has-lightbox\"><a href=\"https:\/\/bu.optimum-automotive.com\/wp-content\/uploads\/2024\/06\/2022-11-30-le_journal_des_entreprises_-_le_brief_edition_region_sud_-29_novembre_2022-100000000641432061.pdf\" target=\"_blank\" rel=\"noreferrer noopener\"><img loading=\"lazy\" decoding=\"async\" width=\"153\" height=\"200\" src=\"https:\/\/bu.optimum-automotive.com\/wp-content\/uploads\/2024\/06\/01-480.jpg\" alt=\"\" class=\"wp-image-1928\"\/><\/a><figcaption class=\"wp-element-caption\"><strong>EL PERI\u00d3DICO ECON\u00d3MICO<\/strong><br>Optimum Automotive firma un acuerdo de colaboraci\u00f3n con R Solutions Expertises<\/figcaption><\/figure><\/div>\n\n\n<h2 class=\"wp-block-heading\">NOVIEMBRE 2022<\/h2>\n\n\n<div class=\"wp-block-image\">\n<figure class=\"aligncenter size-full has-lightbox\"><a href=\"https:\/\/bu.optimum-automotive.com\/wp-content\/uploads\/2024\/07\/2022-11-27-www.presseagence.fr-november_27_2022-500000003679281271-1.pdf\" target=\"_blank\" rel=\"noreferrer noopener\"><img loading=\"lazy\" decoding=\"async\" width=\"153\" height=\"200\" src=\"https:\/\/bu.optimum-automotive.com\/wp-content\/uploads\/2024\/07\/01-479.jpg\" alt=\"\" class=\"wp-image-2242\" srcset=\"https:\/\/bu.optimum-automotive.com\/wp-content\/uploads\/2024\/07\/01-479.jpg 153w, https:\/\/bu.optimum-automotive.com\/wp-content\/uploads\/2024\/07\/01-479-9x12.jpg 9w\" sizes=\"auto, (max-width: 153px) 100vw, 153px\" \/><\/a><figcaption class=\"wp-element-caption\"><strong><strong>presseagence.fr<\/strong><\/strong><br>PAR\u00cdS: Optimum automotive sella una nueva alianza con R solutions expertises<\/figcaption><\/figure><\/div>\n\n<div class=\"wp-block-image\">\n<figure class=\"aligncenter size-full has-lightbox\"><a href=\"https:\/\/bu.optimum-automotive.com\/wp-content\/uploads\/2024\/07\/2022-11-27-www.mtom-mag.com-november_27_2022-500000003679281311.pdf\" target=\"_blank\" rel=\"noreferrer noopener\"><img loading=\"lazy\" decoding=\"async\" width=\"153\" height=\"200\" src=\"https:\/\/bu.optimum-automotive.com\/wp-content\/uploads\/2024\/07\/01-4771.jpg\" alt=\"\" class=\"wp-image-2319\" srcset=\"https:\/\/bu.optimum-automotive.com\/wp-content\/uploads\/2024\/07\/01-4771.jpg 153w, https:\/\/bu.optimum-automotive.com\/wp-content\/uploads\/2024\/07\/01-4771-9x12.jpg 9w\" sizes=\"auto, (max-width: 153px) 100vw, 153px\" \/><\/a><figcaption class=\"wp-element-caption\"><strong><strong><strong>mtom-mag.com<\/strong><\/strong><\/strong><br>Optimum Automotive sella una nueva alianza con R Solutions Expertises<\/figcaption><\/figure><\/div>\n\n\n<div class=\"wp-block-image\"><a href=\"https:\/\/bu.optimum-automotive.com\/wp-content\/uploads\/2024\/07\/pdf\/2022-11-27-www.pa-sport.fr-november_27_2022-50000000367928135_2.pdf\" title=\"pa-sport.fr\" type=\"application\/pdf\" target=\"_blank\" rel=\"noopener\"><img loading=\"lazy\" decoding=\"async\" src=\"https:\/\/bu.optimum-automotive.com\/wp-content\/uploads\/2024\/07\/jpg\/01-478.jpg\" width=\"153\" height=\"200\" alt=\"PDF - 725 kb\"><\/a>\r\n<figcaption class=\"wp-element-caption\"><strong>pa-sport.fr<\/strong><br>\r\nAUTOMOCI\u00d3N: Optimum automotive sella una nueva asociaci\u00f3n con R solutions expertises<\/figcaption><\/div> \r\n\r\n<div class=\"wp-block-image\"><a href=\"https:\/\/bu.optimum-automotive.com\/wp-content\/uploads\/2024\/07\/pdf\/2022-11-29-travaux-novembre_2022-10000000064135147.pdf\" title=\"BTP-Arquitectura\" type=\"application\/pdf\" target=\"_blank\" rel=\"noopener\"><img loading=\"lazy\" decoding=\"async\" src=\"https:\/\/bu.optimum-automotive.com\/wp-content\/uploads\/2024\/07\/jpg\/01-476.jpg\" width=\"153\" height=\"200\" alt=\"PDF - 327,6 kb\"><\/a>\r\n<figcaption class=\"wp-element-caption\"><strong>BTP-Arquitectura<\/strong><br>\r\nObtenci\u00f3n y optimizaci\u00f3n del combustible para los veh\u00edculos de obra<\/figcaption><\/div>\r\n\r\n<div class=\"wp-block-image\"><a href=\"https:\/\/bu.optimum-automotive.com\/wp-content\/uploads\/2024\/07\/pdf\/optimum_automotive_signe_un_partenariat.pdf\" title=\"EL PERI\u00d3DICO ECON\u00d3MICO\" type=\"application\/pdf\" target=\"_blank\" rel=\"noopener\"><img loading=\"lazy\" decoding=\"async\" src=\"https:\/\/bu.optimum-automotive.com\/wp-content\/uploads\/2024\/07\/jpg\/01-475.jpg\" width=\"153\" height=\"200\" alt=\"PDF - 236,3 kb\"><\/a>\r\n<figcaption class=\"wp-element-caption\"><strong>EL PERI\u00d3DICO ECON\u00d3MICO<\/strong><br>\r\nOptimum Automotive firma un acuerdo de colaboraci\u00f3n con R Solutions Expertises<\/figcaption><\/div> \r\n\r\n<div class=\"wp-block-image\">\r\n<a href=\"https:\/\/bu.optimum-automotive.com\/wp-content\/uploads\/2024\/07\/pdf\/2022-11-21-flottes_automobiles_guide-n_0_-_2022-10000000064085265_1_.pdf\" title=\"GU\u00cdA DE LA FLOTA \" type=\"application\/pdf\" target=\"_blank\" rel=\"noopener\"><img loading=\"lazy\" decoding=\"async\" src=\"https:\/\/bu.optimum-automotive.com\/wp-content\/uploads\/2024\/07\/jpg\/01-474.jpg\" width=\"153\" height=\"200\" alt=\"PDF - 3,8 Mb\"><\/a>\r\n<figcaption class=\"wp-element-caption\"><strong>GU\u00cdA DE LA FLOTA <\/strong><br>\r\nTelem\u00e1tica: ampliar los \u00e1mbitos de intervenci\u00f3n<\/figcaption><\/div> \r\n\r\n<h2 class=\"wp-block-heading\">OCTUBRE 2022<\/h2>\t\r\n\r\n<div class=\"wp-block-image\"><a href=\"https:\/\/bu.optimum-automotive.com\/wp-content\/uploads\/2024\/07\/pdf\/interfaces_pour_la_gestion_de_flotte___des_prestataires_connectes.pdf\" title=\"FLOTAS DE COCHES\" type=\"application\/pdf\" target=\"_blank\" rel=\"noopener\"><img loading=\"lazy\" decoding=\"async\" src=\"https:\/\/bu.optimum-automotive.com\/wp-content\/uploads\/2024\/07\/jpg\/01-473.jpg\" width=\"153\" height=\"200\" alt=\"PDF - 167,7 kb\"><\/a>\r\n<figcaption class=\"wp-element-caption\"><strong>FLOTAS DE COCHES<\/strong><br>\r\nInterfaces para la gesti\u00f3n de flotas: proveedores de servicios conectados<\/figcaption><\/div> \r\n \r\n<div class=\"wp-block-image\"><a href=\"https:\/\/bu.optimum-automotive.com\/wp-content\/uploads\/2024\/07\/pdf\/2022-10-25-www.routiers.com-october_25_2022-50000000367692581.pdf\" title=\"routiers.com\" type=\"application\/pdf\" target=\"_blank\" rel=\"noopener\"><img loading=\"lazy\" decoding=\"async\" src=\"https:\/\/bu.optimum-automotive.com\/wp-content\/uploads\/2024\/07\/jpg\/01-472.jpg\" width=\"153\" height=\"200\" alt=\"PDF - 154,3 kb\"><\/a>\r\n<figcaption class=\"wp-element-caption\"><strong>routiers.com<\/strong><br>\r\nRobo de combustible : Optimum Automotive ofrece sensores y alarmas\r\n<\/figcaption><\/div> \r\n\r\n<div class=\"wp-block-image\">\r\n<a href=\"https:\/\/bu.optimum-automotive.com\/wp-content\/uploads\/2024\/07\/pdf\/2022-10-25-www.transporteurs.net-october_25_2022-50000000367692537.pdf\" title=\"transporturs.net\" type=\"application\/pdf\" target=\"_blank\" rel=\"noopener\"><img loading=\"lazy\" decoding=\"async\" src=\"https:\/\/bu.optimum-automotive.com\/wp-content\/uploads\/2024\/07\/jpg\/01-471.jpg\" width=\"153\" height=\"200\" alt=\"PDF - 154 kb\"><\/a>\r\n<figcaption class=\"wp-element-caption\"><strong>transporturs.net<\/strong><br>\r\nRobo de combustible : Optimum Automotive ofrece sensores y alarmas\r\n<\/figcaption><\/div> \r\n\r\n\r\n<div class=\"wp-block-image\"><a href=\"https:\/\/bu.optimum-automotive.com\/wp-content\/uploads\/2024\/07\/pdf\/2022-10-11-flottes_automobiles-octobre_2022-10000000063848903.pdf\" title=\"FLOTAS DE COCHES\" type=\"application\/pdf\" target=\"_blank\" rel=\"noopener\"><img loading=\"lazy\" decoding=\"async\" src=\"https:\/\/bu.optimum-automotive.com\/wp-content\/uploads\/2024\/07\/jpg\/01-470.jpg\" width=\"153\" height=\"200\" alt=\"PDF - 1,8 Mb\"><\/a>\r\n<figcaption class=\"wp-element-caption\"><strong>FLOTAS DE COCHES<\/strong><br>\r\nGesti\u00f3n de flotas, interfaces productivas\r\n<\/figcaption><\/div> \r\n\r\n<div class=\"wp-block-image\">\r\n<a href=\"https:\/\/bu.optimum-automotive.com\/wp-content\/uploads\/2024\/07\/pdf\/2022-10-11-flottes_automobiles-octobre_2022-10000000063848895.pdf\" title=\"FLOTAS DE COCHES\" type=\"application\/pdf\" target=\"_blank\" rel=\"noopener\"><img loading=\"lazy\" decoding=\"async\" src=\"https:\/\/bu.optimum-automotive.com\/wp-content\/uploads\/2024\/07\/jpg\/01-469.jpg\" width=\"153\" height=\"200\" alt=\"PDF - 2,4 Mb\"><\/a>\r\n<figcaption class=\"wp-element-caption\"><strong>FLOTAS DE COCHES<\/strong><br>\r\nHerramientas de gesti\u00f3n, Interfaces para flotas\r\n<\/figcaption><\/div> \r\n\r\n<div class=\"wp-block-image\">\r\n<a href=\"https:\/\/bu.optimum-automotive.com\/wp-content\/uploads\/2024\/07\/pdf\/2022-10-03-www.pa-sport.fr-3_october_2022-50000000367254083.pdf\" title=\"pa-sport.fr\" type=\"application\/pdf\" target=\"_blank\" rel=\"noopener\"><img loading=\"lazy\" decoding=\"async\" src=\"https:\/\/bu.optimum-automotive.com\/wp-content\/uploads\/2024\/07\/jpg\/01-468.jpg\" width=\"153\" height=\"200\" alt=\"PDF - 727,1 kb\"><\/a>\r\n<figcaption class=\"wp-element-caption\"><strong>pa-sport.fr<\/strong><br>\r\nAUTOMOCI\u00d3N: \u00d3ptima automoci\u00f3n en los encuentros de Flotauto del 6 de octubre\r\n<\/figcaption><\/div> \r\n\r\n<h2 class=\"wp-block-heading\">SEPTIEMBRE 2022<\/h2>\r\n\r\n<div class=\"wp-block-image\">\r\n<a href=\"https:\/\/bu.optimum-automotive.com\/wp-content\/uploads\/2024\/07\/pdf\/optimiser_la_conso_et_faire_face_au_vol_de_carburant.pdf\" title=\"Revista L&#039;Automobile\" type=\"application\/pdf\" target=\"_blank\" rel=\"noopener\"><img loading=\"lazy\" decoding=\"async\" src=\"https:\/\/bu.optimum-automotive.com\/wp-content\/uploads\/2024\/07\/jpg\/01-466.jpg\" width=\"153\" height=\"200\" alt=\"PDF - 1,1 Mb\"><\/a>\r\n<figcaption class=\"wp-element-caption\"><strong>Revista L'Automobile<\/strong><br>\r\nFlotas de veh\u00edculos de empresa: c\u00f3mo optimizar el consumo y evitar el robo de combustible\r\n<\/figcaption><\/div> \r\n\r\n<div class=\"wp-block-image\">\r\n<a href=\"https:\/\/bu.optimum-automotive.com\/wp-content\/uploads\/2024\/07\/pdf\/2022-09-28-www.presseagence.fr-28_september_2022-50000000367117275.pdf\" title=\"presseagence.fr\" type=\"application\/pdf\" target=\"_blank\" rel=\"noopener\"><img loading=\"lazy\" decoding=\"async\" src=\"https:\/\/bu.optimum-automotive.com\/wp-content\/uploads\/2024\/07\/jpg\/01-467.jpg\" width=\"153\" height=\"200\" alt=\"PDF - 805,9 kb\"><\/a>\r\n<figcaption class=\"wp-element-caption\"><strong>presseagence.fr<\/strong><br>\r\nPAR\u00cdS : Optimum automotive - Securifuel, proteger y optimizar el carburante\r\n<\/figcaption><\/div> \r\n\r\n<div class=\"wp-block-image\">\r\n<a href=\"https:\/\/bu.optimum-automotive.com\/wp-content\/uploads\/2024\/07\/pdf\/2022-09-28-le_journal_des_flottes-septembre_-_octobre.pdf\" title=\"Peri\u00f3dico Fleet\" type=\"application\/pdf\" target=\"_blank\" rel=\"noopener\"><img loading=\"lazy\" decoding=\"async\" src=\"https:\/\/bu.optimum-automotive.com\/wp-content\/uploads\/2024\/07\/jpg\/01-465.jpg\" width=\"153\" height=\"200\" alt=\"PDF - 5 Mb\"><\/a>\r\n<figcaption class=\"wp-element-caption\"><strong>Peri\u00f3dico Fleet<\/strong><br>\r\nFabricantes: \u00bfamigos o enemigos?\r\n<\/figcaption><\/div> \r\n\r\n<div class=\"wp-block-image\">\r\n<a href=\"https:\/\/bu.optimum-automotive.com\/wp-content\/uploads\/2024\/07\/pdf\/optimum_automotive_pose_un_pied_en_colombie.pdf\" title=\"Peri\u00f3dico Fleet\" type=\"application\/pdf\" target=\"_blank\" rel=\"noopener\"><img loading=\"lazy\" decoding=\"async\" src=\"https:\/\/bu.optimum-automotive.com\/wp-content\/uploads\/2024\/07\/jpg\/01-464.jpg\" width=\"153\" height=\"200\" alt=\"PDF - 831,2 kb\"><\/a>\r\n<figcaption class=\"wp-element-caption\"><strong>Peri\u00f3dico Fleet<\/strong><br>\r\nOptimum Automotive pone un pie ... en Colombia\r\n<\/figcaption><\/div> \r\n\r\n<div class=\"wp-block-image\">\r\n<a href=\"https:\/\/bu.optimum-automotive.com\/wp-content\/uploads\/2024\/07\/pdf\/2022-09-22-le_journal_des_entreprises_-_le_brief_edition_region_sud_-21_septembre_2022-10000000063720736.pdf\" title=\"EL PERI\u00d3DICO ECON\u00d3MICO\" type=\"application\/pdf\" target=\"_blank\" rel=\"noopener\"><img loading=\"lazy\" decoding=\"async\" src=\"https:\/\/bu.optimum-automotive.com\/wp-content\/uploads\/2024\/07\/jpg\/01-463.jpg\" width=\"153\" height=\"200\" alt=\"PDF - 487 kb\"><\/a>\r\n<figcaption class=\"wp-element-caption\"><strong>EL PERI\u00d3DICO ECON\u00d3MICO<\/strong><br>\r\n\u00d3ptima Automoci\u00f3n<br class=\"autobr\">\r\nAm\u00e9rica del Sur\r\n<\/figcaption><\/div> \r\n\r\n<div class=\"wp-block-image\">\r\n<a href=\"https:\/\/bu.optimum-automotive.com\/wp-content\/uploads\/2024\/07\/pdf\/2022-09-21-www.industrie-mag.com-21_september_2022-50000000366892340.pdf\" title=\"industrie-mag.com\" type=\"application\/pdf\" target=\"_blank\" rel=\"noopener\"><img loading=\"lazy\" decoding=\"async\" src=\"https:\/\/bu.optimum-automotive.com\/wp-content\/uploads\/2024\/07\/jpg\/01-461.jpg\" width=\"153\" height=\"200\" alt=\"PDF - 163,3 kb\"><\/a>\r\n<figcaption class=\"wp-element-caption\"><strong>industrie-mag.com<\/strong><br>\r\nOptimum Automotive en Am\u00e9rica Latina, \u00a1ya est\u00e1 hecho!\r\n<\/figcaption><\/div> \r\n\r\n<div class=\"wp-block-image\">\r\n<a href=\"https:\/\/bu.optimum-automotive.com\/wp-content\/uploads\/2024\/07\/pdf\/optimum_automotive_s_implante_en_ameriq.pdf\" title=\"lejournaldesentreprises.com\" type=\"application\/pdf\" target=\"_blank\" rel=\"noopener\"><img loading=\"lazy\" decoding=\"async\" src=\"https:\/\/bu.optimum-automotive.com\/wp-content\/uploads\/2024\/07\/jpg\/01-462.jpg\" width=\"153\" height=\"200\" alt=\"PDF - 279,7 kb\"><\/a>\r\n<figcaption class=\"wp-element-caption\"><strong>lejournaldesentreprises.com<\/strong><br>\r\nOptimum Automotive se implanta en Sudam\u00e9rica\r\n<\/figcaption><\/div> \r\n\r\n<div class=\"wp-block-image\">\r\n<a href=\"https:\/\/bu.optimum-automotive.com\/wp-content\/uploads\/2024\/07\/pdf\/2022-09-19-www.auto-infos.fr-19_september_2022-50000000366829206.pdf\" title=\"auto-infos.fr\" type=\"application\/pdf\" target=\"_blank\" rel=\"noopener\"><img loading=\"lazy\" decoding=\"async\" src=\"https:\/\/bu.optimum-automotive.com\/wp-content\/uploads\/2024\/07\/jpg\/01-460.jpg\" width=\"153\" height=\"200\" alt=\"PDF - 358 kb\"><\/a>\r\n<figcaption class=\"wp-element-caption\"><strong>auto-infos.fr<\/strong><br>\r\nOptimum Automotive pone rumbo a Sudam\u00e9rica\r\n<\/figcaption><\/div> \r\n\r\n<div class=\"wp-block-image\">\r\n<a href=\"https:\/\/bu.optimum-automotive.com\/wp-content\/uploads\/2024\/07\/pdf\/optimum_automotive_lance_les_etudes_de_conversion_electrique.pdf\" title=\"Peri\u00f3dico Fleet\" type=\"application\/pdf\" target=\"_blank\" rel=\"noopener\"><img loading=\"lazy\" decoding=\"async\" src=\"https:\/\/bu.optimum-automotive.com\/wp-content\/uploads\/2024\/07\/jpg\/01-459.jpg\" width=\"153\" height=\"200\" alt=\"PDF - 729,9 kb\"><\/a>\r\n<figcaption class=\"wp-element-caption\"><strong>Peri\u00f3dico Fleet<\/strong><br>\r\nOptimum Automotive lanza estudios de conversi\u00f3n el\u00e9ctrica\r\n<\/figcaption><\/div> \r\n\r\n<div class=\"wp-block-image\">\r\n<a href=\"https:\/\/bu.optimum-automotive.com\/wp-content\/uploads\/2024\/07\/pdf\/2022-09-06-www.auto-infos.fr-6_september_2022-50000000366411873.pdf\" title=\"auto-infos.fr \" type=\"application\/pdf\" target=\"_blank\" rel=\"noopener\"><img loading=\"lazy\" decoding=\"async\" src=\"https:\/\/bu.optimum-automotive.com\/wp-content\/uploads\/2024\/07\/jpg\/01-458.jpg\" width=\"153\" height=\"200\" alt=\"PDF - 343,3 kb\"><\/a>\r\n<figcaption class=\"wp-element-caption\"><strong>auto-infos.fr <\/strong><br>\r\nTransici\u00f3n energ\u00e9tica: Optimum Automotive ofrece a sus clientes una auditor\u00eda gratuita de su flota\r\n<\/figcaption><\/div> \r\n\r\n<h2 class=\"wp-block-heading\">JULIO 2022<\/h2>\r\n\r\n<div class=\"wp-block-image\">\r\n<a href=\"https:\/\/bu.optimum-automotive.com\/wp-content\/uploads\/2024\/07\/pdf\/optimum_automotive_se_connecte_aux_boitiers_renault.pdf\" title=\"Peri\u00f3dico Fleet\" type=\"application\/pdf\" target=\"_blank\" rel=\"noopener\"><img loading=\"lazy\" decoding=\"async\" src=\"https:\/\/bu.optimum-automotive.com\/wp-content\/uploads\/2024\/07\/jpg\/01-455.jpg\" width=\"153\" height=\"200\" alt=\"PDF - 3,2 Mb\"><\/a>\r\n<figcaption class=\"wp-element-caption\"><strong>Peri\u00f3dico Fleet<\/strong><br>\r\nOptimum Automotive se conecta a las cajas Renault\r\n<\/figcaption><\/div> \r\n\r\n<div class=\"wp-block-image\">\r\n<a href=\"https:\/\/bu.optimum-automotive.com\/wp-content\/uploads\/2024\/07\/pdf\/2022-07-13-journalauto.com-13_july_2022-50000000365037521.pdf\" title=\"journalauto.com\" type=\"application\/pdf\" target=\"_blank\" rel=\"noopener\"><img loading=\"lazy\" decoding=\"async\" src=\"https:\/\/bu.optimum-automotive.com\/wp-content\/uploads\/2024\/07\/jpg\/01-454.jpg\" width=\"153\" height=\"200\" alt=\"PDF - 201,9 kb\"><\/a>\r\n<figcaption class=\"wp-element-caption\"><strong>journalauto.com<\/strong><br>\r\nOptimum Automotive se conecta a las cajas Renault\r\n<\/figcaption><\/div> \r\n\r\n<div class=\"wp-block-image\">\r\n<a href=\"https:\/\/bu.optimum-automotive.com\/wp-content\/uploads\/2024\/07\/pdf\/2022-07-12-www.auto-infos.fr-12_july_2022-50000000364998635.pdf\" title=\"auto-infos.fr\" type=\"application\/pdf\" target=\"_blank\" rel=\"noopener\"><img loading=\"lazy\" decoding=\"async\" src=\"https:\/\/bu.optimum-automotive.com\/wp-content\/uploads\/2024\/07\/jpg\/01-453.jpg\" width=\"153\" height=\"200\" alt=\"PDF - 198,5 kb\"><\/a>\r\n<figcaption class=\"wp-element-caption\"><strong>auto-infos.fr<\/strong><br>\r\nRenault gestiona su telem\u00e1tica a bordo con Optimum Automotive\r\n<\/figcaption><\/div> \r\n\r\n<div class=\"wp-block-image\">\r\n<a href=\"https:\/\/bu.optimum-automotive.com\/wp-content\/uploads\/2024\/07\/pdf\/2022-07-10-www.pa-sport.fr-10_july_2022-50000000364932602.pdf\" title=\"pa-sport.fr\" type=\"application\/pdf\" target=\"_blank\" rel=\"noopener\"><img loading=\"lazy\" decoding=\"async\" src=\"https:\/\/bu.optimum-automotive.com\/wp-content\/uploads\/2024\/07\/jpg\/01-452.jpg\" width=\"153\" height=\"200\" alt=\"PDF - 803,9 kb\"><\/a>\r\n<figcaption class=\"wp-element-caption\"><strong>pa-sport.fr<\/strong><br>\r\n<a href=\"https:\/\/www.lejournaldesentreprises.com\/region-sud\/breve\/optimum-automotive-integre-le-boitier-telematique-de-renault-2041477\" class=\"spip_out\" rel=\"external noopener\" target=\"_blank\">Optimum automotive se al\u00eda con Renault para la caja telem\u00e1tica<\/a>\r\n<\/figcaption><\/div> \r\n\r\n<h2 class=\"wp-block-heading\">MAYO 2022<\/h2>\r\n\r\n<div class=\"wp-block-image\">\r\n<a href=\"https:\/\/bu.optimum-automotive.com\/wp-content\/uploads\/2024\/07\/pdf\/2022-05-26-www.pa-sport.fr-26_may_2022-50000000363555004.pdf\" title=\"pa-sport.fr\" type=\"application\/pdf\" target=\"_blank\" rel=\"noopener\"><img loading=\"lazy\" decoding=\"async\" src=\"https:\/\/bu.optimum-automotive.com\/wp-content\/uploads\/2024\/07\/jpg\/01-450.jpg\" width=\"153\" height=\"200\" alt=\"PDF - 868,3 kb\"><\/a>\r\n<figcaption class=\"wp-element-caption\"><strong>pa-sport.fr<\/strong><br>\r\nAUTOMOCI\u00d3N: Big Data e inteligencia artificial para elegir sus veh\u00edculos el\u00e9ctricos\r\n<\/figcaption><\/div> \r\n\r\n<div class=\"wp-block-image\">\r\n<a href=\"https:\/\/bu.optimum-automotive.com\/wp-content\/uploads\/2024\/07\/pdf\/2022-05-26-flottes_automobiles-mai_2022-10000000063118429.pdf\" title=\"Flotas de autom\u00f3viles\" type=\"application\/pdf\" target=\"_blank\" rel=\"noopener\"><img loading=\"lazy\" decoding=\"async\" src=\"https:\/\/bu.optimum-automotive.com\/wp-content\/uploads\/2024\/07\/jpg\/01-451.jpg\" width=\"153\" height=\"200\" alt=\"PDF - 1,9 Mb\"><\/a>\r\n<figcaption class=\"wp-element-caption\"><strong>Flotas de autom\u00f3viles<\/strong><br>\r\nSeguridad vial: seguridad en tiempo real\r\n<\/figcaption><\/div> \r\n\r\n<div class=\"wp-block-image\">\r\n<a href=\"https:\/\/bu.optimum-automotive.com\/wp-content\/uploads\/2024\/07\/pdf\/telematique___la_securite_des_conducteurs_en_temps_reel.pdf\" title=\"flotauto.com\" type=\"application\/pdf\" target=\"_blank\" rel=\"noopener\"><img loading=\"lazy\" decoding=\"async\" src=\"https:\/\/bu.optimum-automotive.com\/wp-content\/uploads\/2024\/07\/jpg\/01-449.jpg\" width=\"153\" height=\"200\" alt=\"PDF - 142,4 kb\"><\/a>\r\n<figcaption class=\"wp-element-caption\"><strong>flotauto.com<\/strong><br>\r\nTelem\u00e1tica: seguridad del conductor en tiempo real\r\n<\/figcaption><\/div> \r\n\r\n<div class=\"wp-block-image\">\r\n<a href=\"https:\/\/bu.optimum-automotive.com\/wp-content\/uploads\/2024\/07\/pdf\/couvkme_2520182-183_2520hdef-fusionn_25c3_25a9_glisse_e_s_.pdf\" title=\"KMS ENTREPRISE\" type=\"application\/pdf\" target=\"_blank\" rel=\"noopener\"><img loading=\"lazy\" decoding=\"async\" src=\"https:\/\/bu.optimum-automotive.com\/wp-content\/uploads\/2024\/07\/jpg\/01-448.jpg\" width=\"153\" height=\"200\" alt=\"PDF - 901 kb\"><\/a>\r\n<figcaption class=\"wp-element-caption\"><strong>KMS ENTREPRISE<\/strong><br>\r\n\"\u00a1Los datos primero!\r\n<\/figcaption><\/div> \r\n\r\n<div class=\"wp-block-image\">\r\n<a href=\"https:\/\/bu.optimum-automotive.com\/wp-content\/uploads\/2024\/07\/pdf\/2022-05-14-www.flotauto.com-14_may_2022-50000000363151396.pdf\" title=\"Flotas de autom\u00f3viles\" type=\"application\/pdf\" target=\"_blank\" rel=\"noopener\"><img loading=\"lazy\" decoding=\"async\" src=\"https:\/\/bu.optimum-automotive.com\/wp-content\/uploads\/2024\/07\/jpg\/01-446.jpg\" width=\"153\" height=\"200\" alt=\"PDF - 206 Kb\"><\/a>\r\n<figcaption class=\"wp-element-caption\"><strong>Flotas de autom\u00f3viles<\/strong><br>\r\nLa red AD se pone al servicio de las flotas\r\n<\/figcaption><\/div> \r\n\r\n<div class=\"wp-block-image\">\r\n<a href=\"https:\/\/bu.optimum-automotive.com\/wp-content\/uploads\/2024\/07\/pdf\/2022-05-13-www.flotauto.com-13_may_2022-50000000363141316.pdf\" title=\"Flotas de autom\u00f3viles\" type=\"application\/pdf\" target=\"_blank\" rel=\"noopener\"><img loading=\"lazy\" decoding=\"async\" src=\"https:\/\/bu.optimum-automotive.com\/wp-content\/uploads\/2024\/07\/jpg\/01-447.jpg\" width=\"153\" height=\"200\" alt=\"PDF - 179,3 kb\"><\/a>\r\n<figcaption class=\"wp-element-caption\"><strong>Flotas de autom\u00f3viles<\/strong><br>\r\nBanque Populaire du Sud: la flota se vuelve el\u00e9ctrica\r\n<\/figcaption><\/div> \r\n\r\n<div class=\"wp-block-image\">\r\n<a href=\"https:\/\/bu.optimum-automotive.com\/wp-content\/uploads\/2024\/07\/pdf\/2022-05-12-www.auto-infos.fr-12_may_2022-50000000363098897.pdf\" title=\"auto-infos.fr\" type=\"application\/pdf\" target=\"_blank\" rel=\"noopener\"><img loading=\"lazy\" decoding=\"async\" src=\"https:\/\/bu.optimum-automotive.com\/wp-content\/uploads\/2024\/07\/jpg\/01-445.jpg\" width=\"153\" height=\"200\" alt=\"PDF - 222,9 kb\"><\/a>\r\n<figcaption class=\"wp-element-caption\"><strong>auto-infos.fr<\/strong><br>\r\n\"La capacidad de aprovechar los flujos de datos es uno de los mayores activos de la empresa\".\r\n<\/figcaption><\/div> \r\n\r\n<div class=\"wp-block-image\">\r\n<a href=\"https:\/\/bu.optimum-automotive.com\/wp-content\/uploads\/2024\/07\/pdf\/2022-05-06-l_automobile_l_entreprise-mai_2022-10000000063007083.pdf\" title=\"El autom\u00f3vil y la empresa\" type=\"application\/pdf\" target=\"_blank\" rel=\"noopener\"><img loading=\"lazy\" decoding=\"async\" src=\"https:\/\/bu.optimum-automotive.com\/wp-content\/uploads\/2024\/07\/jpg\/fleet-mob.jpg\" width=\"153\" height=\"200\" alt=\"PDF - 2,8 Mb\"><\/a>\r\n<figcaption class=\"wp-element-caption\"><strong>El autom\u00f3vil y la empresa<\/strong><br>\r\nUno de los mayores activos de la empresa es su capacidad para aprovechar los flujos\r\n\r\n<\/figcaption><\/div> \r\n\r\n<h2 class=\"wp-block-heading\">MARZO 2022<\/h2>\r\n\r\n<div class=\"wp-block-image\">\r\n<a href=\"https:\/\/bu.optimum-automotive.com\/wp-content\/uploads\/2024\/07\/pdf\/2022-03-29-flottes_automobiles-mars_2022.pdf\" title=\"Flotas de autom\u00f3viles\" type=\"application\/pdf\" target=\"_blank\" rel=\"noopener\"><img loading=\"lazy\" decoding=\"async\" src=\"https:\/\/bu.optimum-automotive.com\/wp-content\/uploads\/2024\/07\/jpg\/01-443.jpg\" width=\"153\" height=\"200\" alt=\"PDF - 4,1 Mb\"><\/a>\r\n<figcaption class=\"wp-element-caption\"><strong>Flotas de autom\u00f3viles<\/strong><br>\r\nTelem\u00e1tica Ampliaci\u00f3n de los \u00e1mbitos de intervenci\u00f3n\r\n<\/figcaption><\/div> \r\n\r\n<div class=\"wp-block-image\"> \r\n<a href=\"https:\/\/bu.optimum-automotive.com\/wp-content\/uploads\/2024\/07\/pdf\/2022-03-11-www.auto-infos.fr-11_mars_2022-50000000361167852.pdf\" title=\"auto-infos.fr\" type=\"application\/pdf\" target=\"_blank\" rel=\"noopener\"><img loading=\"lazy\" decoding=\"async\" src=\"https:\/\/bu.optimum-automotive.com\/wp-content\/uploads\/2024\/07\/jpg\/01-444.jpg\" width=\"153\" height=\"200\" alt=\"PDF - 346,5 kb\"><\/a>\r\n<figcaption class=\"wp-element-caption\"><strong>auto-infos.fr<\/strong><br>\r\nPrecios del combustible : Consejos de Optimum Automotive para reducir la factura del combustible\r\n<\/figcaption><\/div> \r\n\r\n<h2 class=\"wp-block-heading\">FEBRERO 2022<\/h2>\r\n\r\n<div class=\"wp-block-image\"> \r\n<a href=\"https:\/\/bu.optimum-automotive.com\/wp-content\/uploads\/2024\/07\/pdf\/optimum_automotive__des_solutions_d_optimisation_des_flottes_a_360.pdf\" title=\"makeamove.fr\" type=\"application\/pdf\" target=\"_blank\" rel=\"noopener\"><img loading=\"lazy\" decoding=\"async\" src=\"https:\/\/bu.optimum-automotive.com\/wp-content\/uploads\/2024\/07\/jpg\/01-442.jpg\" width=\"153\" height=\"200\" alt=\"PDF - 376 Kb\"><\/a>\r\n<figcaption class=\"wp-element-caption\"><strong>makeamove.fr<\/strong><br>\r\nOptimum Automotive: soluciones de optimizaci\u00f3n de flotas 360\r\n\r\n<\/figcaption><\/div> \r\n\r\n<h2 class=\"wp-block-heading\">Enero de 2022<\/h2>\r\n\r\n<div class=\"wp-block-image\">\r\n<a href=\"https:\/\/bu.optimum-automotive.com\/wp-content\/uploads\/2024\/07\/pdf\/hub_eco_bpifrance_.pdf\" title=\"laprovence.com\" type=\"application\/pdf\" target=\"_blank\" rel=\"noopener\"><img loading=\"lazy\" decoding=\"async\" src=\"https:\/\/bu.optimum-automotive.com\/wp-content\/uploads\/2024\/07\/jpg\/01-441.jpg\" width=\"153\" height=\"200\" alt=\"PDF - 1,3 Mb\"><\/a>\r\n<figcaption class=\"wp-element-caption\"><strong>laprovence.com<\/strong><br>\r\n\"Bpifrance ha contribuido de forma decisiva a la historia que estamos escribiendo\r\n\r\n<\/figcaption><\/div> \r\n\r\n<h2 class=\"wp-block-heading\">NOVIEMBRE 2021<\/h2>\r\n\r\n<div class=\"wp-block-image\">\r\n<a href=\"https:\/\/bu.optimum-automotive.com\/wp-content\/uploads\/2024\/07\/pdf\/2021-11-19-flottes_automobiles_guide-n_0_-_2022-10000000062080241.pdf\" title=\"Flotas de autom\u00f3viles\" type=\"application\/pdf\" target=\"_blank\" rel=\"noopener\"><img loading=\"lazy\" decoding=\"async\" src=\"https:\/\/bu.optimum-automotive.com\/wp-content\/uploads\/2024\/07\/jpg\/01-440.jpg\" width=\"153\" height=\"200\" alt=\"PDF - 3,1 Mb\"><\/a>\r\n<figcaption class=\"wp-element-caption\"><strong>Flotas de autom\u00f3viles<\/strong><br>\r\nTelem\u00e1tica a bordo Novedades para 2021\r\n<\/figcaption><\/div> \r\n\r\n<div class=\"wp-block-image\">\r\n<a href=\"https:\/\/bu.optimum-automotive.com\/wp-content\/uploads\/2024\/07\/pdf\/2021-11-04-www.lejournaldesentreprises.com-4_novembre_2021.pdf\" title=\"lejournaldesentreprises.com\" type=\"application\/pdf\" target=\"_blank\" rel=\"noopener\"><img loading=\"lazy\" decoding=\"async\" src=\"https:\/\/bu.optimum-automotive.com\/wp-content\/uploads\/2024\/07\/jpg\/01-439.jpg\" width=\"153\" height=\"200\" alt=\"PDF - 54,4 kb\"><\/a>\r\n<figcaption class=\"wp-element-caption\"><strong>lejournaldesentreprises.com<\/strong><br>\r\nTres empresas de Aix-en-Provence acuden a la Expo 2020 de Dubai con Bpifrance\r\n<\/figcaption><\/div> \r\n\r\n<div class=\"wp-block-image\">\r\n<a href=\"https:\/\/bu.optimum-automotive.com\/wp-content\/uploads\/2024\/07\/pdf\/2021-11-03-l_automobile_l_entreprise-novembre_2021.pdf\" title=\"Autom\u00f3vil y empresa\" type=\"application\/pdf\" target=\"_blank\" rel=\"noopener\"><img loading=\"lazy\" decoding=\"async\" src=\"https:\/\/bu.optimum-automotive.com\/wp-content\/uploads\/2024\/07\/jpg\/1-2.jpg\" width=\"153\" height=\"200\" alt=\"PDF - 515,9 kb\"><\/a>\r\n<figcaption class=\"wp-element-caption\"><strong>Autom\u00f3vil y empresa<\/strong><br>\r\nOptimum Automotive lanza su app y tarjeta de pago\r\n<\/figcaption><\/div> \r\n\r\n<div class=\"wp-block-image\">\r\n<a href=\"https:\/\/bu.optimum-automotive.com\/wp-content\/uploads\/2024\/07\/pdf\/2021-10-29-zepros_apres_vente_auto-novembre_2021-10000000061968803.pdf\" title=\"ZEPROS COCHE POSTVENTA\" type=\"application\/pdf\" target=\"_blank\" rel=\"noopener\"><img loading=\"lazy\" decoding=\"async\" src=\"https:\/\/bu.optimum-automotive.com\/wp-content\/uploads\/2024\/07\/jpg\/1.jpg\" width=\"153\" height=\"200\" alt=\"PDF - 88,2 kb\"><\/a>\r\n<figcaption class=\"wp-element-caption\"><strong>ZEPROS COCHE POSTVENTA<\/strong><br>\r\nLa movilidad \u00f3ptima facilita los desplazamientos\r\n<\/figcaption><\/div> \r\n\r\n<h2 class=\"wp-block-heading\">OCTUBRE 2021<\/h2>\r\n\r\n<div class=\"wp-block-image\"> \r\n<a href=\"https:\/\/bu.optimum-automotive.com\/wp-content\/uploads\/2024\/07\/pdf\/2021-10-27-www.flotauto.com-27_octobre_2021-50000000356944703.pdf\" title=\"flotauto.com\" type=\"application\/pdf\" target=\"_blank\" rel=\"noopener\"><img loading=\"lazy\" decoding=\"async\" src=\"https:\/\/bu.optimum-automotive.com\/wp-content\/uploads\/2024\/07\/jpg\/01-438.jpg\" width=\"153\" height=\"200\" alt=\"PDF - 123,9 kb\"><\/a>\r\n<figcaption class=\"wp-element-caption\"><strong>flotauto.com<\/strong><br>\r\nUn servicio de supervisi\u00f3n del mantenimiento conectado a AD Connect\r\n<\/figcaption><\/div> \r\n\r\n<div class=\"wp-block-image\">\r\n<a href=\"https:\/\/bu.optimum-automotive.com\/wp-content\/uploads\/2024\/07\/pdf\/2021-10-27-la_tribune_des_auto-ecoles-octobre_-_novembre_2021-10000000061951764.pdf\" title=\"LA TRIBUNE DES AUTO-ECOLES\" type=\"application\/pdf\" target=\"_blank\" rel=\"noopener\"><img loading=\"lazy\" decoding=\"async\" src=\"https:\/\/bu.optimum-automotive.com\/wp-content\/uploads\/2024\/07\/jpg\/01-437.jpg\" width=\"153\" height=\"200\" alt=\"PDF - 667,5 kb\"><\/a>\r\n<figcaption class=\"wp-element-caption\"><strong>LA TRIBUNE DES AUTO-ECOLES<\/strong><br>\r\nHerramientas y datos para optimizar la gesti\u00f3n de veh\u00edculos\r\n<\/figcaption><\/div> \r\n\r\n<div class=\"wp-block-image\">\r\n<a href=\"https:\/\/bu.optimum-automotive.com\/wp-content\/uploads\/2024\/07\/pdf\/2021-10-26-www.apres-vente-auto.com-26_octobre_2021-50000000356944805.pdf\" title=\"apres-vente-auto.com\" type=\"application\/pdf\" target=\"_blank\" rel=\"noopener\"><img loading=\"lazy\" decoding=\"async\" src=\"https:\/\/bu.optimum-automotive.com\/wp-content\/uploads\/2024\/07\/jpg\/01-436.jpg\" width=\"153\" height=\"200\" alt=\"PDF - 201,7 kb\"><\/a>\r\n<figcaption class=\"wp-element-caption\"><strong>apres-vente-auto.com<\/strong><br>\r\nCon AD Connect, R\u00e9seau AD se dirige a los clientes profesionales\r\n<\/figcaption><\/div> \r\n\r\n<div class=\"wp-block-image\">\r\n<a href=\"https:\/\/bu.optimum-automotive.com\/wp-content\/uploads\/2024\/07\/pdf\/2021-10-20-le_point-21_octobre_2021-10000000061911939.pdf\" title=\"Le Point\" type=\"application\/pdf\" target=\"_blank\" rel=\"noopener\"><img loading=\"lazy\" decoding=\"async\" src=\"https:\/\/bu.optimum-automotive.com\/wp-content\/uploads\/2024\/07\/jpg\/01-432.jpg\" width=\"153\" height=\"200\" alt=\"PDF - 267,3 kb\"><\/a>\r\n<figcaption class=\"wp-element-caption\"><strong>Le Point<\/strong><br>\r\nCuando el Gran Hermano reduce la huella de carbono\r\n<\/figcaption><\/div> \r\n\r\n<div class=\"wp-block-image\">\r\n<a href=\"https:\/\/bu.optimum-automotive.com\/wp-content\/uploads\/2024\/07\/pdf\/2021-10-21-www.lepoint.fr-21_octobre_2021-50000000356776625.pdf\" title=\"lepoint.fr\" type=\"application\/pdf\" target=\"_blank\" rel=\"noopener\"><img loading=\"lazy\" decoding=\"async\" src=\"https:\/\/bu.optimum-automotive.com\/wp-content\/uploads\/2024\/07\/jpg\/01-435.jpg\" width=\"153\" height=\"200\" alt=\"PDF - 505,4 kb\"><\/a>\r\n<figcaption class=\"wp-element-caption\"><strong>lepoint.fr<\/strong><br>\r\nFlotas de autom\u00f3viles: cuando el Gran Hermano reduce la huella de carbono\r\n<\/figcaption><\/div> \r\n\r\n<div class=\"wp-block-image\">\r\n<a href=\"https:\/\/bu.optimum-automotive.com\/wp-content\/uploads\/2024\/07\/pdf\/2021-10-20-flottes_automobiles-octobre_2021-10000000061911943.pdf\" title=\"Flotas de autom\u00f3viles\" type=\"application\/pdf\" target=\"_blank\" rel=\"noopener\"><img loading=\"lazy\" decoding=\"async\" src=\"https:\/\/bu.optimum-automotive.com\/wp-content\/uploads\/2024\/07\/jpg\/01-434.jpg\" width=\"153\" height=\"200\" alt=\"PDF - 151,1 kb\"><\/a>\r\n<figcaption class=\"wp-element-caption\"><strong>Flotas de autom\u00f3viles<\/strong><br>\r\nAVIA V-CONNECT: COMBINACI\u00d3N DE TARJETA DE CARBURANTE Y TELEM\u00c1TICA\r\n<\/figcaption><\/div> \r\n\r\n<div class=\"wp-block-image\">\r\n<a href=\"https:\/\/bu.optimum-automotive.com\/wp-content\/uploads\/2024\/07\/pdf\/2021-10-17-flottes_automobiles-septembre_2021.pdf\" title=\"Flotas de autom\u00f3viles\" type=\"application\/pdf\" target=\"_blank\" rel=\"noopener\"><img loading=\"lazy\" decoding=\"async\" src=\"https:\/\/bu.optimum-automotive.com\/wp-content\/uploads\/2024\/07\/jpg\/01-433.jpg\" width=\"153\" height=\"200\" alt=\"PDF - 178 kb\"><\/a>\r\n<figcaption class=\"wp-element-caption\"><strong>Flotas de autom\u00f3viles<\/strong><br>\r\nCONDUCCI\u00d3N ECOL\u00d3GICA: OPTIMUM AUTOMOTIVE Y CODES ROUSSEAU UNEN SUS FUERZAS\r\n<\/figcaption><\/div> \r\n\r\n<div class=\"wp-block-image\">\r\n<a href=\"https:\/\/bu.optimum-automotive.com\/wp-content\/uploads\/2024\/07\/pdf\/outils_telematiques___de_la_gestion_mais_pas_seulement.pdf\" title=\"flotauto.com\" type=\"application\/pdf\" target=\"_blank\" rel=\"noopener\"><img loading=\"lazy\" decoding=\"async\" src=\"https:\/\/bu.optimum-automotive.com\/wp-content\/uploads\/2024\/07\/jpg\/02-21.jpg\" width=\"153\" height=\"200\" alt=\"PDF - 176,2 kb\"><\/a>\r\n<figcaption class=\"wp-element-caption\"><strong>flotauto.com<\/strong><br>\r\nHerramientas telem\u00e1ticas: gesti\u00f3n, pero no s\u00f3lo gesti\u00f3n\r\n<\/figcaption><\/div> \r\n\r\n<div class=\"wp-block-image\">\r\n<a href=\"https:\/\/bu.optimum-automotive.com\/wp-content\/uploads\/2024\/07\/pdf\/2021-10-05-www.am-today.com-5_octobre_2021-50000000356213765.pdf\" title=\"am-hoy.com\" type=\"application\/pdf\" target=\"_blank\" rel=\"noopener\"><img loading=\"lazy\" decoding=\"async\" src=\"https:\/\/bu.optimum-automotive.com\/wp-content\/uploads\/2024\/07\/jpg\/02-20.jpg\" width=\"153\" height=\"200\" alt=\"PDF - 78,3 kb\"><\/a>\r\n<figcaption class=\"wp-element-caption\"><strong>am-hoy.com<\/strong><br>\r\nOptimum Automotive: aplicaci\u00f3n m\u00f3vil y tarjeta de pago para sustituir al coche de empresa\r\n<\/figcaption><\/div> \r\n\r\n<div class=\"wp-block-image\">\r\n<a href=\"https:\/\/bu.optimum-automotive.com\/wp-content\/uploads\/2024\/07\/pdf\/2021-10-06-www.flotauto.com-6_octobre_2021-50000000356226095.pdf\" title=\"flotauto.com\" type=\"application\/pdf\" target=\"_blank\" rel=\"noopener\"><img loading=\"lazy\" decoding=\"async\" src=\"https:\/\/bu.optimum-automotive.com\/wp-content\/uploads\/2024\/07\/jpg\/01-428.jpg\" width=\"153\" height=\"200\" alt=\"PDF - 120,9 kb\"><\/a>\r\n<figcaption class=\"wp-element-caption\"><strong>flotauto.com<\/strong><br>\r\nOptimum Mobility: tarjeta de pago y aplicaci\u00f3n de movilidad\r\n<\/figcaption><\/div> \r\n\r\n<div class=\"wp-block-image\">\r\n<a href=\"https:\/\/bu.optimum-automotive.com\/wp-content\/uploads\/2024\/07\/pdf\/2021-10-02-www.flotauto.com-2_octobre_2021.pdf\" title=\"flotauto.com\" type=\"application\/pdf\" target=\"_blank\" rel=\"noopener\"><img loading=\"lazy\" decoding=\"async\" src=\"https:\/\/bu.optimum-automotive.com\/wp-content\/uploads\/2024\/07\/jpg\/01-427.jpg\" width=\"153\" height=\"200\" alt=\"PDF - 364,8 kb\"><\/a>\r\n<figcaption class=\"wp-element-caption\"><strong>flotauto.com<\/strong><br>\r\nOptimum Automotive lanza Optimum Consulting\r\n<\/figcaption><\/div> \r\n\r\n<div class=\"wp-block-image\">\r\n<a href=\"https:\/\/bu.optimum-automotive.com\/wp-content\/uploads\/2024\/07\/pdf\/optimum_consulting_audite_accompagne_les_flottes.pdf\" title=\"Autom\u00f3vil y empresa\" type=\"application\/pdf\" target=\"_blank\" rel=\"noopener\"><img loading=\"lazy\" decoding=\"async\" src=\"https:\/\/bu.optimum-automotive.com\/wp-content\/uploads\/2024\/07\/jpg\/01-426.jpg\" width=\"153\" height=\"200\" alt=\"PDF - 490,2 kb\"><\/a>\r\n<figcaption class=\"wp-element-caption\"><strong>Autom\u00f3vil y empresa<\/strong><br>\r\nOptimum Consulting audita y apoya a las flotas\r\n\r\n<\/figcaption><\/div> \r\n\r\n<h2 class=\"wp-block-heading\">SEPTIEMBRE 2021<\/h2>\r\n\r\n<div class=\"wp-block-image\">\r\n<a href=\"https:\/\/bu.optimum-automotive.com\/wp-content\/uploads\/2024\/07\/pdf\/2021-09-16-froid_news-septembre_2021.pdf\" title=\"NOTICIAS FR\u00cdAS\" type=\"application\/pdf\" target=\"_blank\" rel=\"noopener\"><img loading=\"lazy\" decoding=\"async\" src=\"https:\/\/bu.optimum-automotive.com\/wp-content\/uploads\/2024\/07\/jpg\/01-422.jpg\" width=\"153\" height=\"200\" alt=\"PDF - 322,1 kb\"><\/a>\r\n<figcaption class=\"wp-element-caption\"><strong>NOTICIAS FR\u00cdAS<\/strong><br>\r\nBiolease, la prueba est\u00e1 en el pud\u00edn\r\n<\/figcaption><\/div> \r\n\r\n<div class=\"wp-block-image\">\r\n<a href=\"https:\/\/bu.optimum-automotive.com\/wp-content\/uploads\/2024\/07\/pdf\/2021-09-16-www.lejournaldesentreprises.com-16_septembre_2021-50000000355569311.pdf\" title=\"lejournaldesentreprises.com\" type=\"application\/pdf\" target=\"_blank\" rel=\"noopener\"><img loading=\"lazy\" decoding=\"async\" src=\"https:\/\/bu.optimum-automotive.com\/wp-content\/uploads\/2024\/07\/jpg\/01-423.jpg\" width=\"153\" height=\"200\" alt=\"PDF - 89,3 kb\"><\/a>\r\n<figcaption class=\"wp-element-caption\"><strong>lejournaldesentreprises.com<\/strong><br>\r\nOptimum Automotive y Agiltech vuelan a Dakar con Bpifrance y Business France\r\n<\/figcaption><\/div> \r\n\r\n<div class=\"wp-block-image\">\r\n<a href=\"https:\/\/bu.optimum-automotive.com\/wp-content\/uploads\/2024\/07\/pdf\/optimum_automotive_et_picoty_oeuvrent_pour_le_tco_des_flottes.pdf\" title=\"Autom\u00f3vil y empresa\" type=\"application\/pdf\" target=\"_blank\" rel=\"noopener\"><img loading=\"lazy\" decoding=\"async\" src=\"https:\/\/bu.optimum-automotive.com\/wp-content\/uploads\/2024\/07\/jpg\/01-421.jpg\" width=\"153\" height=\"200\" alt=\"PDF - 436,9 kb\"><\/a>\r\n<figcaption class=\"wp-element-caption\"><strong>Autom\u00f3vil y empresa<\/strong><br>\r\nOptimum Automotive y Picoty trabajan juntos para la<br class=\"autobr\">\r\nTCO de la flota\r\n<\/figcaption><\/div> \r\n\r\n<div class=\"wp-block-image\">\r\n<a href=\"https:\/\/bu.optimum-automotive.com\/wp-content\/uploads\/2024\/07\/pdf\/avia_picoty_et_optimum_automotive_devel.pdf\" title=\"flotauto.com\" type=\"application\/pdf\" target=\"_blank\" rel=\"noopener\"><img loading=\"lazy\" decoding=\"async\" src=\"https:\/\/bu.optimum-automotive.com\/wp-content\/uploads\/2024\/07\/jpg\/01-229.jpg\" width=\"153\" height=\"200\" alt=\"PDF - 161,9 kb\"><\/a>\r\n<figcaption class=\"wp-element-caption\"><strong>flotauto.com<\/strong><br>\r\nAvia Picoty y Optimum Automotive desarrollan una oferta conjunta\r\n\r\n<\/figcaption><\/div> \r\n\r\n<h2 class=\"wp-block-heading\">JUNIO 2021<\/h2>\r\n\r\n<div class=\"wp-block-image\"> \r\n<a href=\"https:\/\/bu.optimum-automotive.com\/wp-content\/uploads\/2024\/07\/pdf\/samuel_vals_prend_la_responsabilite_des.pdf\" title=\"COCHES Y NEGOCIOS\" type=\"application\/pdf\" target=\"_blank\" rel=\"noopener\"><img loading=\"lazy\" decoding=\"async\" src=\"https:\/\/bu.optimum-automotive.com\/wp-content\/uploads\/2024\/07\/jpg\/01-417.jpg\" width=\"153\" height=\"200\" alt=\"PDF - 444,7 kb\"><\/a>\r\n<figcaption class=\"wp-element-caption\"><strong>COCHES Y NEGOCIOS<\/strong><br>\r\nSamuel Vals asume la responsabilidad de<br class=\"autobr\">\r\nasociaciones internacionales para Optimum<br class=\"autobr\">\r\nAutomotivado\r\n\r\n<\/figcaption><\/div> \r\n\r\n<h2 class=\"wp-block-heading\">MAYO 2021<\/h2>\r\n\r\n<div class=\"wp-block-image\">\r\n<a href=\"https:\/\/bu.optimum-automotive.com\/wp-content\/uploads\/2024\/07\/pdf\/optimum_automotive_poursuit_son_developpement_a_l_international_automobile-entreprise.pdf\" title=\"automobile-entreprise.com\" type=\"application\/pdf\" target=\"_blank\" rel=\"noopener\"><img loading=\"lazy\" decoding=\"async\" src=\"https:\/\/bu.optimum-automotive.com\/wp-content\/uploads\/2024\/07\/jpg\/01-416.jpg\" width=\"153\" height=\"200\" alt=\"PDF - 685,6 kb\"><\/a>\r\n<figcaption class=\"wp-element-caption\"><strong>automobile-entreprise.com<\/strong><br>\r\nOptimum Automotive prosigue su expansi\u00f3n internacional\r\n<\/figcaption><\/div> \r\n\r\n<div class=\"wp-block-image\"> \r\n<a href=\"https:\/\/bu.optimum-automotive.com\/wp-content\/uploads\/2024\/07\/pdf\/2021-05-19-www.presseagence.fr-19_mai_2021-50000000352134058.pdf\" title=\"presseagence.fr\" type=\"application\/pdf\" target=\"_blank\" rel=\"noopener\"><img loading=\"lazy\" decoding=\"async\" src=\"https:\/\/bu.optimum-automotive.com\/wp-content\/uploads\/2024\/07\/jpg\/01-412.jpg\" width=\"153\" height=\"200\" alt=\"PDF - 216,7 kb\"><\/a>\r\n<figcaption class=\"wp-element-caption\"><strong>presseagence.fr<\/strong><br>\r\nPAR\u00cdS: OPTIMUM AUTOMOTIVE, las empresas africanas conectan sus flotas\r\n<\/figcaption><\/div> \r\n\r\n<div class=\"wp-block-image\"> \r\n<a href=\"https:\/\/bu.optimum-automotive.com\/wp-content\/uploads\/2024\/07\/pdf\/2021-05-19-la_tribune_des_auto-ecoles-mai_-_juin_2021-10000000061104110.pdf\" title=\"LA TRIBUNE DES AUTO-ECOLES\" type=\"application\/pdf\" target=\"_blank\" rel=\"noopener\"><img loading=\"lazy\" decoding=\"async\" src=\"https:\/\/bu.optimum-automotive.com\/wp-content\/uploads\/2024\/07\/jpg\/01-411.jpg\" width=\"153\" height=\"200\" alt=\"PDF - 186,5 kb\"><\/a>\r\n<figcaption class=\"wp-element-caption\"><strong>LA TRIBUNE DES AUTO-ECOLES<\/strong><br>\r\nASOCIACI\u00d3N ENTRE CODES ROUSSEAU Y OPTIMUM AUTOMOTIVE\r\n<\/figcaption><\/div> \r\n\r\n<div class=\"wp-block-image\">\r\n<a href=\"https:\/\/bu.optimum-automotive.com\/wp-content\/uploads\/2024\/07\/pdf\/express_entreprise___ecoconduite_s_enseigne_en_un_jour.pdf\" title=\"lentreprise.lexpress.fr \" type=\"application\/pdf\" target=\"_blank\" rel=\"noopener\"><img loading=\"lazy\" decoding=\"async\" src=\"https:\/\/bu.optimum-automotive.com\/wp-content\/uploads\/2024\/07\/jpg\/01-410.jpg\" width=\"153\" height=\"200\" alt=\"PDF - 4,9 Mb\"><\/a>\r\n<figcaption class=\"wp-element-caption\"><strong>lentreprise.lexpress.fr <\/strong><br>\r\nLa ecoconducci\u00f3n puede ense\u00f1arse en un d\u00eda\r\n\r\n<\/figcaption><\/div> \r\n\r\n<h2 class=\"wp-block-heading\">ABRIL 2021<\/h2>\r\n\r\n<div class=\"wp-block-image\"> \r\n<a href=\"https:\/\/bu.optimum-automotive.com\/wp-content\/uploads\/2024\/07\/pdf\/2021-04-27-la_provence-27_avril_2021-10000000060984406.pdf\" title=\"La Provence\" type=\"application\/pdf\" target=\"_blank\" rel=\"noopener\"><img loading=\"lazy\" decoding=\"async\" src=\"https:\/\/bu.optimum-automotive.com\/wp-content\/uploads\/2024\/07\/jpg\/01-409.jpg\" width=\"153\" height=\"200\" alt=\"PDF - 185,2 kb\"><\/a>\r\n<figcaption class=\"wp-element-caption\"><strong>La Provence<\/strong><br>\r\nOptimum Automotive acelera y entra en modo de crecimiento externo\r\n<\/figcaption><\/div> \r\n\r\n<div class=\"wp-block-image\">\r\n<a href=\"https:\/\/bu.optimum-automotive.com\/wp-content\/uploads\/2024\/07\/pdf\/optimum_automotive_accelere_pour_connecter_les_flottes_auto.pdf\" title=\"Le Journal des Entreprises\" type=\"application\/pdf\" target=\"_blank\" rel=\"noopener\"><img loading=\"lazy\" decoding=\"async\" src=\"https:\/\/bu.optimum-automotive.com\/wp-content\/uploads\/2024\/07\/jpg\/01-402.jpg\" width=\"153\" height=\"200\" alt=\"PDF - 628,4 kb\"><\/a>\r\n<figcaption class=\"wp-element-caption\"><strong>Le Journal des Entreprises<\/strong><br>\r\nOptimum Automotive traza su rumbo en los veh\u00edculos conectados\r\n<\/figcaption><\/div> \r\n\r\n<div class=\"wp-block-image\">\r\n<a href=\"https:\/\/bu.optimum-automotive.com\/wp-content\/uploads\/2024\/07\/pdf\/comment_le_numerique_contribue_a_l_electrification_des_flottes___les_echos.pdf\" title=\"lesechos.fr\" type=\"application\/pdf\" target=\"_blank\" rel=\"noopener\"><img loading=\"lazy\" decoding=\"async\" src=\"https:\/\/bu.optimum-automotive.com\/wp-content\/uploads\/2024\/07\/jpg\/01-403.jpg\" width=\"153\" height=\"200\" alt=\"PDF - 2,2 Mb\"><\/a>\r\n<figcaption class=\"wp-element-caption\"><strong>lesechos.fr<\/strong><br>\r\nC\u00f3mo ayuda la tecnolog\u00eda digital a<br class=\"autobr\">\r\nelectrificaci\u00f3n de las flotas\r\n<\/figcaption><\/div> \r\n\r\n<div class=\"wp-block-image\"> \r\n<a href=\"https:\/\/bu.optimum-automotive.com\/wp-content\/uploads\/2024\/07\/pdf\/telematique_embarquee___l_impact_de_la_crise_sanitaire.pdf\" title=\"flotauto.com\" type=\"application\/pdf\" target=\"_blank\" rel=\"noopener\"><img loading=\"lazy\" decoding=\"async\" src=\"https:\/\/bu.optimum-automotive.com\/wp-content\/uploads\/2024\/07\/jpg\/01-401.jpg\" width=\"153\" height=\"200\" alt=\"PDF - 152 kb\"><\/a>\r\n<figcaption class=\"wp-element-caption\"><strong>flotauto.com<\/strong><br>\r\nTelem\u00e1tica: el impacto de la crisis sanitaria\r\n\r\n<\/figcaption><\/div> \r\n\r\n<h2 class=\"wp-block-heading\">MARZO 2021<\/h2>\r\n\r\n<div class=\"wp-block-image\">\r\n<a href=\"https:\/\/bu.optimum-automotive.com\/wp-content\/uploads\/2024\/07\/pdf\/2021-03-31-flottes_automobiles-mars_2021-10000000060838002.pdf\" title=\"Flotas de autom\u00f3viles\" type=\"application\/pdf\" target=\"_blank\" rel=\"noopener\"><img loading=\"lazy\" decoding=\"async\" src=\"https:\/\/bu.optimum-automotive.com\/wp-content\/uploads\/2024\/07\/jpg\/01-400.jpg\" width=\"153\" height=\"200\" alt=\"PDF - 821,1 kb\"><\/a>\r\n<figcaption class=\"wp-element-caption\"><strong>Flotas de autom\u00f3viles<\/strong><br>\r\nNovedades para 2021\r\n<\/figcaption><\/div> \r\n\r\n<div class=\"wp-block-image\">\r\n<a href=\"https:\/\/bu.optimum-automotive.com\/wp-content\/uploads\/2024\/07\/pdf\/2021-03-31-flottes_automobiles-mars_2021-10000000060837975.pdf\" title=\"Flotas de autom\u00f3viles\" type=\"application\/pdf\" target=\"_blank\" rel=\"noopener\"><img loading=\"lazy\" decoding=\"async\" src=\"https:\/\/bu.optimum-automotive.com\/wp-content\/uploads\/2024\/07\/jpg\/01-399.jpg\" width=\"153\" height=\"200\" alt=\"PDF - 1,1 Mb\"><\/a>\r\n<figcaption class=\"wp-element-caption\"><strong>Flotas de autom\u00f3viles<\/strong><br>\r\nElectrificaci\u00f3n<br class=\"autobr\">\r\nLas flotas se mueven\r\n<\/figcaption><\/div> \r\n\r\n<div class=\"wp-block-image\">\r\n<a href=\"https:\/\/bu.optimum-automotive.com\/wp-content\/uploads\/2024\/07\/pdf\/2021-03-31-www.lesechos.fr-31_mars_2021-50000000350668821.pdf\" title=\"esechos.fr\" type=\"application\/pdf\" target=\"_blank\" rel=\"noopener\"><img loading=\"lazy\" decoding=\"async\" src=\"https:\/\/bu.optimum-automotive.com\/wp-content\/uploads\/2024\/07\/jpg\/01-396.jpg\" width=\"153\" height=\"200\" alt=\"PDF - 310 kb\"><\/a>\r\n<figcaption class=\"wp-element-caption\"><strong>esechos.fr<\/strong><br>\r\nC\u00f3mo ayuda la tecnolog\u00eda digital a electrificar las flotas\r\n<\/figcaption><\/div> \r\n\r\n<div class=\"wp-block-image\">\r\n<a href=\"https:\/\/bu.optimum-automotive.com\/wp-content\/uploads\/2024\/07\/pdf\/l_ecoconduite_en_entreprise_avec_codes_rousseau_et_optimum_automotive.pdf\" title=\"https:\/\/www.flotauto.com\/\" type=\"application\/pdf\" target=\"_blank\" rel=\"noopener\"><img loading=\"lazy\" decoding=\"async\" src=\"https:\/\/bu.optimum-automotive.com\/wp-content\/uploads\/2024\/07\/jpg\/01-398.jpg\" width=\"153\" height=\"200\" alt=\"PDF - 176,9 kb\"><\/a>\r\n<figcaption class=\"wp-element-caption\"><strong>https:\/\/www.flotauto.com\/<\/strong><br>\r\nConducci\u00f3n ecol\u00f3gica en el lugar de trabajo con Codes Rousseau y Optimum Automotive\r\n<\/figcaption><\/div> \r\n\r\n<div class=\"wp-block-image\">\r\n<a href=\"https:\/\/bu.optimum-automotive.com\/wp-content\/uploads\/2024\/07\/pdf\/automobile-entreprise-optimum_automotive_et_codes_rousseau.pdf\" title=\"automobile-entreprise.com\" type=\"application\/pdf\" target=\"_blank\" rel=\"noopener\"><img loading=\"lazy\" decoding=\"async\" src=\"https:\/\/bu.optimum-automotive.com\/wp-content\/uploads\/2024\/07\/jpg\/01-397.jpg\" width=\"153\" height=\"200\" alt=\"PDF - 5,2 Mb\"><\/a>\r\n<figcaption class=\"wp-element-caption\"><strong>automobile-entreprise.com<\/strong><br>\r\nCon EasyCoach, Optimum Automotive y Codes Rousseau apoyan la conducci\u00f3n ecol\u00f3gica en las flotas\r\n<\/figcaption><\/div> \r\n\r\n<div class=\"wp-block-image\"> \r\n<a href=\"https:\/\/bu.optimum-automotive.com\/wp-content\/uploads\/2024\/07\/pdf\/2021-03-15-www.presseagence.fr-15_mars_2021-50000000350194331.pdf\" title=\"presseagence.fr\" type=\"application\/pdf\" target=\"_blank\" rel=\"noopener\"><img loading=\"lazy\" decoding=\"async\" src=\"https:\/\/bu.optimum-automotive.com\/wp-content\/uploads\/2024\/07\/jpg\/01-395.jpg\" width=\"153\" height=\"200\" alt=\"PDF - 123,1 kb\"><\/a>\r\n<figcaption class=\"wp-element-caption\"><strong>presseagence.fr<\/strong><br>\r\nOPTIMUM AUTOMOTIVE recibe la etiqueta truxt\r\n<\/figcaption><\/div> \r\n\r\n<div class=\"wp-block-image\"> \r\n<a href=\"https:\/\/bu.optimum-automotive.com\/wp-content\/uploads\/2024\/07\/pdf\/optimum_automotive_obtient_le_label_truxt_-_bus_car.pdf\" title=\"busetcar.com\" type=\"application\/pdf\" target=\"_blank\" rel=\"noopener\"><img loading=\"lazy\" decoding=\"async\" src=\"https:\/\/bu.optimum-automotive.com\/wp-content\/uploads\/2024\/07\/jpg\/01-388.jpg\" width=\"153\" height=\"200\" alt=\"PDF - 443 kb\"><\/a>\r\n<figcaption class=\"wp-element-caption\"><strong>busetcar.com<\/strong><br>\r\nOptimum Automotive obtiene la etiqueta Truxt\r\n\r\n<\/figcaption><\/div> \r\n\r\n<h2 class=\"wp-block-heading\">FEBRERO 2021<\/h2>\r\n\r\n<div class=\"wp-block-image\">\r\n<a href=\"https:\/\/bu.optimum-automotive.com\/wp-content\/uploads\/2024\/07\/pdf\/l_equipe_magazine.pdf\" title=\"Revista l&#039;\u00c9quipe \" type=\"application\/pdf\" target=\"_blank\" rel=\"noopener\"><img loading=\"lazy\" decoding=\"async\" src=\"https:\/\/bu.optimum-automotive.com\/wp-content\/uploads\/2024\/07\/jpg\/01-387.jpg\" width=\"153\" height=\"200\" alt=\"PDF - 584,2 kb\"><\/a>\r\n<figcaption class=\"wp-element-caption\"><strong>Revista l'\u00c9quipe <\/strong><br>\r\nFONCEUR<br class=\"autobr\">\r\n\u00d3PTIMO, OPCI\u00d3N DE OPTIMIZACI\u00d3N\r\n<\/figcaption><\/div> \r\n\r\n<div class=\"wp-block-image\">\r\n<a href=\"https:\/\/bu.optimum-automotive.com\/wp-content\/uploads\/2024\/07\/pdf\/2021-02-06-www.presseagence.fr-6_fevrier_2021-50000000349022058_1_.pdf\" title=\"presseagence.fr\" type=\"application\/pdf\" target=\"_blank\" rel=\"noopener\"><img loading=\"lazy\" decoding=\"async\" src=\"https:\/\/bu.optimum-automotive.com\/wp-content\/uploads\/2024\/07\/jpg\/01-386.jpg\" width=\"153\" height=\"200\" alt=\"PDF - 613,1 kb\"><\/a>\r\n<figcaption class=\"wp-element-caption\"><strong>presseagence.fr<\/strong><br>\r\nPAR\u00cdS: OPTIMUM AUTOMOTIVE abre un Centro de Negocios Internacional\r\n<\/figcaption><\/div> \r\n\r\n<div class=\"wp-block-image\">\r\n<a href=\"https:\/\/bu.optimum-automotive.com\/wp-content\/uploads\/2024\/07\/pdf\/optimum_automotive_ouvre_un_business_center_international.pdf\" title=\"mtom-mag.com\" type=\"application\/pdf\" target=\"_blank\" rel=\"noopener\"><img loading=\"lazy\" decoding=\"async\" src=\"https:\/\/bu.optimum-automotive.com\/wp-content\/uploads\/2024\/07\/jpg\/01-385.jpg\" width=\"153\" height=\"200\" alt=\"PDF - 422,1 kb\"><\/a>\r\n<figcaption class=\"wp-element-caption\"><strong>mtom-mag.com<\/strong><br>\r\nOptimum Automotive abre un centro de negocios internacional\r\n<\/figcaption><\/div> \r\n\r\n<div class=\"wp-block-image\">\r\n<a href=\"https:\/\/bu.optimum-automotive.com\/wp-content\/uploads\/2024\/07\/pdf\/optimum_automotive_lance_son_.pdf\" title=\"automobile-entreprise.com\" type=\"application\/pdf\" target=\"_blank\" rel=\"noopener\"><img loading=\"lazy\" decoding=\"async\" src=\"https:\/\/bu.optimum-automotive.com\/wp-content\/uploads\/2024\/07\/jpg\/01-384.jpg\" width=\"153\" height=\"200\" alt=\"PDF - 123 kb\"><\/a>\r\n<figcaption class=\"wp-element-caption\"><strong>automobile-entreprise.com<\/strong><br>\r\nOptimum Automotive inaugura su centro de negocios internacional\r\n<\/figcaption><\/div> \r\n\r\n<h2 class=\"wp-block-heading\">ENERO 2021<\/h2>\r\n\r\n<div class=\"wp-block-image\">\r\n<a href=\"https:\/\/bu.optimum-automotive.com\/wp-content\/uploads\/2024\/07\/pdf\/2021-01-29-tous_les_vehicules_utilitaires_mag-janvier_-_fevrier_2021-10000000060506179.pdf\" title=\"MAG Veh\u00edculos Comerciales\" type=\"application\/pdf\" target=\"_blank\" rel=\"noopener\"><img loading=\"lazy\" decoding=\"async\" src=\"https:\/\/bu.optimum-automotive.com\/wp-content\/uploads\/2024\/07\/jpg\/01-383.jpg\" width=\"153\" height=\"200\" alt=\"PDF - 891,9 kb\"><\/a>\r\n<figcaption class=\"wp-element-caption\"><strong>MAG Veh\u00edculos Comerciales<\/strong><br>\r\nGestione su(s) veh\u00edculo(s) lo m\u00e1s estrechamente posible\r\n<\/figcaption><\/div> \r\n\r\n<div class=\"wp-block-image\">\r\n<a href=\"https:\/\/bu.optimum-automotive.com\/wp-content\/uploads\/2024\/07\/pdf\/2021-01-04-l_automobile_l_entreprise-janvier_2021-10000000060367523.pdf\" title=\"COCHES Y NEGOCIOS\" type=\"application\/pdf\" target=\"_blank\" rel=\"noopener\"><img loading=\"lazy\" decoding=\"async\" src=\"https:\/\/bu.optimum-automotive.com\/wp-content\/uploads\/2024\/07\/jpg\/01-382.jpg\" width=\"153\" height=\"200\" alt=\"PDF - 364,7 kb\"><\/a>\r\n<figcaption class=\"wp-element-caption\"><strong>COCHES Y NEGOCIOS<\/strong><br>\r\nSemana #CONNECTfleet: \u00a1reproduzca su conferencia!<\/figcaption><\/div> \r\n\r\n\r\n<h2 class=\"wp-block-heading\">DICIEMBRE 2020<\/h2>\r\n\r\n<div class=\"wp-block-image\">\r\n<a href=\"https:\/\/bu.optimum-automotive.com\/wp-content\/uploads\/2024\/07\/pdf\/tco___quels_leviers_pour_baisser_les_couts_de_la_flotte_automobile__.pdf\" title=\"flotauto.com\" type=\"application\/pdf\" target=\"_blank\" rel=\"noopener\"><img loading=\"lazy\" decoding=\"async\" src=\"https:\/\/bu.optimum-automotive.com\/wp-content\/uploads\/2024\/07\/jpg\/01-381.jpg\" width=\"151\" height=\"200\" alt=\"PDF - 244,5 kb\"><\/a>\r\n<figcaption class=\"wp-element-caption\"><strong>flotauto.com<\/strong><br>\r\nTCO: \u00bfcu\u00e1les son las palancas para reducir costes?<\/figcaption><\/div> \r\n\r\n<h2 class=\"wp-block-heading\">NOVIEMBRE 2020<\/h2>\r\n\r\n<div class=\"wp-block-image\">\r\n<a href=\"https:\/\/bu.optimum-automotive.com\/wp-content\/uploads\/2024\/07\/pdf\/les_deux-roues_umob_se_connectent_avec_optimum_automotive.pdf\" title=\"flotauto.com\" type=\"application\/pdf\" target=\"_blank\" rel=\"noopener\"><img loading=\"lazy\" decoding=\"async\" src=\"https:\/\/bu.optimum-automotive.com\/wp-content\/uploads\/2024\/07\/jpg\/01-372.jpg\" width=\"151\" height=\"200\" alt=\"PDF - 276,2 kb\"><\/a>\r\n<figcaption class=\"wp-element-caption\"><strong>flotauto.com<\/strong><br>\r\nLos veh\u00edculos de dos ruedas de Umob se conectan a Optimum Automotive\r\n<\/figcaption><\/div> \r\n\r\n<div class=\"wp-block-image\">\r\n<a href=\"https:\/\/bu.optimum-automotive.com\/wp-content\/uploads\/2024\/07\/pdf\/first_eco_edition_rhone-alpes_et_auvergne-18-11-2020.pdf\" title=\"PRIMERA EDICION ECO RHONEALPES Y AUVERGNE\" type=\"application\/pdf\" target=\"_blank\" rel=\"noopener\"><img loading=\"lazy\" decoding=\"async\" src=\"https:\/\/bu.optimum-automotive.com\/wp-content\/uploads\/2024\/07\/jpg\/01-373.jpg\" width=\"151\" height=\"200\" alt=\"PDF - 120,1 kb\"><\/a>\r\n<figcaption class=\"wp-element-caption\"><strong>PRIMERA EDICION ECO RHONEALPES Y AUVERGNE<\/strong><br>\r\nU'mob, con sede en Rh\u00f4ne-Alpes, se ha asociado con Optimum Automotive de Provenza...<\/figcaption><\/div> \r\n\r\n<h2 class=\"wp-block-heading\">OCTUBRE 2020<\/h2>\r\n\r\n<div class=\"wp-block-image\">\r\n<a href=\"https:\/\/bu.optimum-automotive.com\/wp-content\/uploads\/2024\/07\/pdf\/2020-10-25-le_journal_du_dimanche-25_octobre_2020-10000000059984194.pdf\" title=\"Le Journal du Dimanche\" type=\"application\/pdf\" target=\"_blank\" rel=\"noopener\"><img loading=\"lazy\" decoding=\"async\" src=\"https:\/\/bu.optimum-automotive.com\/wp-content\/uploads\/2024\/07\/jpg\/01-371.jpg\" width=\"151\" height=\"200\" alt=\"PDF - 362,4 kb\"><\/a>\r\n<figcaption class=\"wp-element-caption\"><strong>Le Journal du Dimanche<\/strong><br>\r\nHay que saber utilizar los datos para tomar decisiones\".\r\n<\/figcaption><\/div> \r\n\r\n<div class=\"wp-block-image\"> \r\n<a href=\"https:\/\/bu.optimum-automotive.com\/wp-content\/uploads\/2024\/07\/pdf\/2020-10-08-l_automobile_l_entreprise-octobre_2020-10000000059886269_1_.pdf\" title=\"COCHES Y NEGOCIOS\" type=\"application\/pdf\" target=\"_blank\" rel=\"noopener\"><img loading=\"lazy\" decoding=\"async\" src=\"https:\/\/bu.optimum-automotive.com\/wp-content\/uploads\/2024\/07\/jpg\/01-370.jpg\" width=\"151\" height=\"200\" alt=\"PDF - 492,2 kb\"><\/a>\r\n<figcaption class=\"wp-element-caption\"><strong>COCHES Y NEGOCIOS<\/strong><br>\r\nPremios al servicio\r\n<\/figcaption><\/div> \r\n\r\n<div class=\"wp-block-image\"> \r\n<a href=\"https:\/\/bu.optimum-automotive.com\/wp-content\/uploads\/2024\/07\/pdf\/2020-10-02-www.flotauto.com-2_octobre_2020-50000000344984321.pdf\" title=\"flotauto.com\" type=\"application\/pdf\" target=\"_blank\" rel=\"noopener\"><img loading=\"lazy\" decoding=\"async\" src=\"https:\/\/bu.optimum-automotive.com\/wp-content\/uploads\/2024\/07\/jpg\/01-369.jpg\" width=\"151\" height=\"200\" alt=\"PDF - 131,1 kb\"><\/a>\r\n<figcaption class=\"wp-element-caption\"><strong>flotauto.com<\/strong><br>\r\nGu\u00eda Flotauto 2021: \u00a1la edici\u00f3n para todos sus proyectos!\r\n\r\n<\/figcaption><\/div> \r\n\r\n<h2 class=\"wp-block-heading\">SEPTIEMBRE 2020<\/h2>\r\n\r\n<div class=\"wp-block-image\"> \r\n<a href=\"https:\/\/bu.optimum-automotive.com\/wp-content\/uploads\/2024\/07\/pdf\/telematiciens___des_innovations_sur_un_marche_prometteur.pdf\" title=\"flotauto.com\" type=\"application\/pdf\" target=\"_blank\" rel=\"noopener\"><img loading=\"lazy\" decoding=\"async\" src=\"https:\/\/bu.optimum-automotive.com\/wp-content\/uploads\/2024\/07\/jpg\/01-368.jpg\" width=\"151\" height=\"200\" alt=\"PDF - 278,7 kb\"><\/a>\r\n<figcaption class=\"wp-element-caption\"><strong>flotauto.com<\/strong><br>\r\nTelem\u00e1ticos: innovaci\u00f3n en un mercado prometedor\r\n\r\n<\/figcaption><\/div> \r\n\r\n<h2 class=\"wp-block-heading\">JULIO 2020<\/h2>\r\n\r\n<div class=\"wp-block-image\"> \r\n<a href=\"https:\/\/bu.optimum-automotive.com\/wp-content\/uploads\/2024\/07\/pdf\/2020-07-29-le_mille_pattes-n_37_-_2020-10000000059166039.pdf\" title=\"LA CENTIPEDE\" type=\"application\/pdf\" target=\"_blank\" rel=\"noopener\"><img loading=\"lazy\" decoding=\"async\" src=\"https:\/\/bu.optimum-automotive.com\/wp-content\/uploads\/2024\/07\/jpg\/01-365.jpg\" width=\"151\" height=\"200\" alt=\"PDF - 84,9 kb\"><\/a>\r\n<figcaption class=\"wp-element-caption\"><strong>LA CENTIPEDE<\/strong><br>\r\nMapping Control ampl\u00eda la geolocalizaci\u00f3n a otros equipos\r\n<\/figcaption><\/div> \r\n\r\n<div class=\"wp-block-image\">\r\n<a href=\"https:\/\/bu.optimum-automotive.com\/wp-content\/uploads\/2024\/07\/pdf\/2020-07-08-www.industrie-mag.com-8_juillet_2020-50000000342525867.pdf\" title=\"industrie-mag.com\" type=\"application\/pdf\" target=\"_blank\" rel=\"noopener\"><img loading=\"lazy\" decoding=\"async\" src=\"https:\/\/bu.optimum-automotive.com\/wp-content\/uploads\/2024\/07\/jpg\/01-364.jpg\" width=\"151\" height=\"200\" alt=\"PDF - 105,5 kb\"><\/a>\r\n<figcaption class=\"wp-element-caption\"><strong>industrie-mag.com<\/strong><br>\r\nLos expertos en fibra se equipan con Mapping Control\r\n<\/figcaption><\/div> \r\n\r\n<div class=\"wp-block-image\">\r\n<a href=\"https:\/\/bu.optimum-automotive.com\/wp-content\/uploads\/2024\/07\/pdf\/2020-07-08-flottes_automobiles-juin_2020-10000000059065249.pdf\" title=\"flotauto.com\" type=\"application\/pdf\" target=\"_blank\" rel=\"noopener\"><img loading=\"lazy\" decoding=\"async\" src=\"https:\/\/bu.optimum-automotive.com\/wp-content\/uploads\/2024\/07\/jpg\/01-363.jpg\" width=\"151\" height=\"200\" alt=\"PDF - 548,7 kb\"><\/a>\r\n<figcaption class=\"wp-element-caption\"><strong>flotauto.com<\/strong><br>\r\nencuesta covid-19: iniciativas de los proveedores de servicios\r\n<\/figcaption><\/div> \r\n\r\n<div class=\"wp-block-image\">\r\n<a href=\"https:\/\/bu.optimum-automotive.com\/wp-content\/uploads\/2024\/07\/pdf\/decryptageo.fr-les_experts_de_la_fibre_dont_les_equipes_sillonnent_lhexagone_sequipent_a_mapping_control.pdf\" title=\"decryptageo.fr\" type=\"application\/pdf\" target=\"_blank\" rel=\"noopener\"><img loading=\"lazy\" decoding=\"async\" src=\"https:\/\/bu.optimum-automotive.com\/wp-content\/uploads\/2024\/07\/jpg\/01-362.jpg\" width=\"151\" height=\"200\" alt=\"PDF - 98,5 kb\"><\/a>\r\n<figcaption class=\"wp-element-caption\"><strong>decryptageo.fr<\/strong><br>\r\nLos expertos en fibra, cuyos equipos recorren toda Francia, obtienen sus equipos de Mapping Control\r\n<\/figcaption><\/div> \r\n<h2 class=\"wp-block-heading\">JUNIO 2020<\/h2>\r\n\r\n<div class=\"wp-block-image\">\r\n<a href=\"https:\/\/bu.optimum-automotive.com\/wp-content\/uploads\/2024\/07\/pdf\/2020-06-27-le_journal_du_poids_lourd-juin_2020.pdf\" title=\"EL DIARIO DEL CAMI\u00d3N\" type=\"application\/pdf\" target=\"_blank\" rel=\"noopener\"><img loading=\"lazy\" decoding=\"async\" src=\"https:\/\/bu.optimum-automotive.com\/wp-content\/uploads\/2024\/07\/jpg\/01-361.jpg\" width=\"151\" height=\"200\" alt=\"PDF - 672,5 kb\"><\/a>\r\n<figcaption class=\"wp-element-caption\"><strong>EL DIARIO DEL CAMI\u00d3N<\/strong><br>\r\nCovid-19, el acelerador de la desmaterializaci\u00f3n\r\n<\/figcaption><\/div> \r\n\r\n<div class=\"wp-block-image\">\r\n<a href=\"https:\/\/bu.optimum-automotive.com\/wp-content\/uploads\/2024\/07\/pdf\/2020-06-26-transport_info-26_juin_2020-10000000059005858.pdf\" title=\"INFORMACI\u00d3N SOBRE EL TRANSPORTE\" type=\"application\/pdf\" target=\"_blank\" rel=\"noopener\"><img loading=\"lazy\" decoding=\"async\" src=\"https:\/\/bu.optimum-automotive.com\/wp-content\/uploads\/2024\/07\/jpg\/01-360.jpg\" width=\"151\" height=\"200\" alt=\"PDF - 190,1 kb\"><\/a>\r\n<figcaption class=\"wp-element-caption\"><strong>INFORMACI\u00d3N SOBRE EL TRANSPORTE<\/strong><br>\r\nMapping Control lanza un pl\u00f3ter\r\n<\/figcaption><\/div> \r\n\r\n<div class=\"wp-block-image\">\r\n<a href=\"https:\/\/bu.optimum-automotive.com\/wp-content\/uploads\/2024\/07\/pdf\/2020-06-26-transport_info-26_juin_2020-10000000059005856.pdf\" title=\"INFORMACI\u00d3N SOBRE EL TRANSPORTE\" type=\"application\/pdf\" target=\"_blank\" rel=\"noopener\"><img loading=\"lazy\" decoding=\"async\" src=\"https:\/\/bu.optimum-automotive.com\/wp-content\/uploads\/2024\/07\/jpg\/01-359.jpg\" width=\"151\" height=\"200\" alt=\"PDF - 649 kb\"><\/a>\r\n<figcaption class=\"wp-element-caption\"><strong>INFORMACI\u00d3N SOBRE EL TRANSPORTE<\/strong><br>\r\nLa nueva cerradura digital\r\n<\/figcaption><\/div> \r\n\r\n<div class=\"wp-block-image\">\r\n<a href=\"https:\/\/bu.optimum-automotive.com\/wp-content\/uploads\/2024\/07\/pdf\/covid-19___les_flottes_font_le_point.pdf\" title=\"flotauto.com\" type=\"application\/pdf\" target=\"_blank\" rel=\"noopener\"><img loading=\"lazy\" decoding=\"async\" src=\"https:\/\/bu.optimum-automotive.com\/wp-content\/uploads\/2024\/07\/jpg\/01-358.jpg\" width=\"151\" height=\"200\" alt=\"PDF - 229 kb\"><\/a>\r\n<figcaption class=\"wp-element-caption\"><strong>flotauto.com<\/strong><br>\r\nCovid-19: las flotas hacen balance\r\n<\/figcaption><\/div> \r\n\r\n<div class=\"wp-block-image\">\r\n<a href=\"https:\/\/bu.optimum-automotive.com\/wp-content\/uploads\/2024\/07\/pdf\/informations_entreprise.pdf\" title=\"Informaci\u00f3n sobre la empresa\" type=\"application\/pdf\" target=\"_blank\" rel=\"noopener\"><img loading=\"lazy\" decoding=\"async\" src=\"https:\/\/bu.optimum-automotive.com\/wp-content\/uploads\/2024\/07\/jpg\/01-19.png\" width=\"151\" height=\"200\" alt=\"PDF - 1,6 Mb\"><\/a>\r\n<figcaption class=\"wp-element-caption\"><strong>Informaci\u00f3n sobre la empresa<\/strong><br>\r\nOPTIMUM AUTOMOTIVE\r\n<\/figcaption><\/div> \r\n\r\n<div class=\"wp-block-image\">\r\n<a href=\"https:\/\/bu.optimum-automotive.com\/wp-content\/uploads\/2024\/07\/pdf\/2020-06-04-www.decisionatelier.com-4_juin_2020-50000000341546589_1_.pdf\" title=\"decisionatelier.com\" type=\"application\/pdf\" target=\"_blank\" rel=\"noopener\"><img loading=\"lazy\" decoding=\"async\" src=\"https:\/\/bu.optimum-automotive.com\/wp-content\/uploads\/2024\/07\/jpg\/01-354.jpg\" width=\"151\" height=\"200\" alt=\"PDF - 167,5 kb\"><\/a>\r\n<figcaption class=\"wp-element-caption\"><strong>decisionatelier.com<\/strong><br>\r\nMapping Control ampl\u00eda sus servicios\r\n<\/figcaption><\/div> \r\n\r\n<div class=\"wp-block-image\"> \r\n<a href=\"https:\/\/bu.optimum-automotive.com\/wp-content\/uploads\/2024\/07\/pdf\/video_part2_daniel_vassallucci_president_d_optimum.pdf\" title=\"automobile-entreprise.com\" type=\"application\/pdf\" target=\"_blank\" rel=\"noopener\"><img loading=\"lazy\" decoding=\"async\" src=\"https:\/\/bu.optimum-automotive.com\/wp-content\/uploads\/2024\/07\/jpg\/01-353.jpg\" width=\"151\" height=\"200\" alt=\"PDF - 285,7 kb\"><\/a>\r\n<figcaption class=\"wp-element-caption\"><strong>automobile-entreprise.com<\/strong><br>\r\n[Video Part.2] Daniel Vassallucci, Presidente de Optimum (Mapping Contrai)\r\n<\/figcaption><\/div> \r\n\r\n<div class=\"wp-block-image\"> \r\n<a href=\"https:\/\/bu.optimum-automotive.com\/wp-content\/uploads\/2024\/07\/pdf\/_video_daniel_vassallucci_president_d_optimum_mapping_control_.pdf\" title=\"automobile-entreprise.com\" type=\"application\/pdf\" target=\"_blank\" rel=\"noopener\"><img loading=\"lazy\" decoding=\"async\" src=\"https:\/\/bu.optimum-automotive.com\/wp-content\/uploads\/2024\/07\/jpg\/01-352.jpg\" width=\"151\" height=\"200\" alt=\"PDF - 638,8 kb\"><\/a>\r\n<figcaption class=\"wp-element-caption\"><strong>automobile-entreprise.com<\/strong><br>\r\n[V\u00eddeo] Daniel Vassallucci, Presidente de Optimum (Mapping Control)\r\n<\/figcaption><\/div> \r\n\r\n<div class=\"wp-block-image\"> \r\n<a href=\"https:\/\/bu.optimum-automotive.com\/wp-content\/uploads\/2024\/07\/pdf\/2020-05-29-www.businews.fr-29_mai_2020-50000000341386887_1_.pdf\" title=\"businews.fr\" type=\"application\/pdf\" target=\"_blank\" rel=\"noopener\"><img loading=\"lazy\" decoding=\"async\" src=\"https:\/\/bu.optimum-automotive.com\/wp-content\/uploads\/2024\/07\/jpg\/01-351.jpg\" width=\"151\" height=\"200\" alt=\"PDF - 144,6 kb\"><\/a>\r\n<figcaption class=\"wp-element-caption\"><strong>businews.fr<\/strong><br>\r\nOptimum Automotive afina sus nuevas expansiones internacionales\r\n\r\n<\/figcaption><\/div> \r\n\r\n<h2 class=\"wp-block-heading\">MAYO 2020<\/h2>\r\n\r\n<div class=\"wp-block-image\">\r\n<a href=\"https:\/\/bu.optimum-automotive.com\/wp-content\/uploads\/2024\/07\/pdf\/2020-05-29-transport_info-29_mai_2020-10000000058863090.pdf\" title=\"INFORMACI\u00d3N SOBRE EL TRANSPORTE\" type=\"application\/pdf\" target=\"_blank\" rel=\"noopener\"><img loading=\"lazy\" decoding=\"async\" src=\"https:\/\/bu.optimum-automotive.com\/wp-content\/uploads\/2024\/07\/jpg\/01-350.jpg\" width=\"151\" height=\"200\" alt=\"PDF - 244,4 kb\"><\/a>\r\n<figcaption class=\"wp-element-caption\"><strong>INFORMACI\u00d3N SOBRE EL TRANSPORTE<\/strong><br>\r\nDSN TRANSPORT se adapta al covid-19 gracias a la inform\u00e1tica a bordo\r\n<\/figcaption><\/div> \r\n\r\n<div class=\"wp-block-image\">\r\n<a href=\"https:\/\/bu.optimum-automotive.com\/wp-content\/uploads\/2024\/07\/pdf\/2020-05-27-www.usine-digitale.fr-27_mai_2020-50000000341316794.pdf\" title=\"usine-digitale.fr\" type=\"application\/pdf\" target=\"_blank\" rel=\"noopener\"><img loading=\"lazy\" decoding=\"async\" src=\"https:\/\/bu.optimum-automotive.com\/wp-content\/uploads\/2024\/07\/jpg\/01-349.jpg\" width=\"151\" height=\"200\" alt=\"PDF - 295,2 kb\"><\/a>\r\n<figcaption class=\"wp-element-caption\"><strong>usine-digitale.fr<\/strong><br>\r\nOptimum Automotive invierte en el seguimiento de contenedores y equipos\r\n<\/figcaption><\/div> \r\n\r\n<div class=\"wp-block-image\">\r\n<a href=\"https:\/\/bu.optimum-automotive.com\/wp-content\/uploads\/2024\/07\/pdf\/geolocalisation___mapping_control_elargit_la_gamme_des_equipements.pdf\" title=\"jdlgroupe.com\" type=\"application\/pdf\" target=\"_blank\" rel=\"noopener\"><img loading=\"lazy\" decoding=\"async\" src=\"https:\/\/bu.optimum-automotive.com\/wp-content\/uploads\/2024\/07\/jpg\/01-348.jpg\" width=\"151\" height=\"200\" alt=\"PDF - 731,1 kb\"><\/a>\r\n<figcaption class=\"wp-element-caption\"><strong>jdlgroupe.com<\/strong><br>\r\nGeolocalizaci\u00f3n: Mapping Control ampl\u00eda su gama de equipos\r\n<\/figcaption><\/div> \r\n\r\n<div class=\"wp-block-image\">\r\n\r\n<a href=\"https:\/\/bu.optimum-automotive.com\/wp-content\/uploads\/2024\/07\/pdf\/mapping_control_geolocalise_les_equipements.pdf\" title=\"flotauto.com\" type=\"application\/pdf\" target=\"_blank\" rel=\"noopener\"><img loading=\"lazy\" decoding=\"async\" src=\"https:\/\/bu.optimum-automotive.com\/wp-content\/uploads\/2024\/07\/jpg\/01-347.jpg\" width=\"151\" height=\"200\" alt=\"PDF - 143,1 kb\"><\/a>\r\n<figcaption class=\"wp-element-caption\"><strong>flotauto.com<\/strong><br>\r\nMapping Control geolocaliza los equipos\r\n<\/figcaption><\/div> \r\n\r\n<div class=\"wp-block-image\">\r\n<a href=\"https:\/\/bu.optimum-automotive.com\/wp-content\/uploads\/2024\/07\/pdf\/2020-05-12-www.industrie-mag.com-12_mai_2020-50000000340922380_1_.pdf\" title=\"industrie-mag.com\" type=\"application\/pdf\" target=\"_blank\" rel=\"noopener\"><img loading=\"lazy\" decoding=\"async\" src=\"https:\/\/bu.optimum-automotive.com\/wp-content\/uploads\/2024\/07\/jpg\/01-346.jpg\" width=\"151\" height=\"200\" alt=\"PDF - 150,4 kb\"><\/a>\r\n<figcaption class=\"wp-element-caption\"><strong>industrie-mag.com<\/strong><br>\r\nCon Mapping Control, DSN optimiza el coste de su flota\r\n<\/figcaption><\/div> \r\n\r\n<div class=\"wp-block-image\">\r\n<a href=\"https:\/\/bu.optimum-automotive.com\/wp-content\/uploads\/2024\/07\/pdf\/2020-05-12-www.flotauto.com-12_mai_2020-50000000340912508.pdf\" title=\"flotauto.com\" type=\"application\/pdf\" target=\"_blank\" rel=\"noopener\"><img loading=\"lazy\" decoding=\"async\" src=\"https:\/\/bu.optimum-automotive.com\/wp-content\/uploads\/2024\/07\/jpg\/01-343.jpg\" width=\"151\" height=\"200\" alt=\"PDF - 670,5 kb\"><\/a>\r\n<figcaption class=\"wp-element-caption\"><strong>flotauto.com<\/strong><br>\r\nDSN Transportes y AEL Servicios: telem\u00e1tica para gestionar el<br class=\"autobr\">\r\ncrisis\r\n<\/figcaption><\/div> \r\n\r\n<div class=\"wp-block-image\">\r\n<a href=\"https:\/\/bu.optimum-automotive.com\/wp-content\/uploads\/2024\/07\/pdf\/coronavirus___dsn_transports_optimise_sa_flotte_de_vehicules_avec_mapping_control_-_le_journal_des_entreprises_-_region_sud.pdf\" title=\"Peri\u00f3dico de empresa\" type=\"application\/pdf\" target=\"_blank\" rel=\"noopener\"><img loading=\"lazy\" decoding=\"async\" src=\"https:\/\/bu.optimum-automotive.com\/wp-content\/uploads\/2024\/07\/jpg\/01-344.jpg\" width=\"151\" height=\"200\" alt=\"PDF - 309 kb\"><\/a>\r\n<figcaption class=\"wp-element-caption\"><strong>Peri\u00f3dico de empresa<\/strong><br>\r\nCoronavirus: DSN Transports optimiza su flota de veh\u00edculos con Mapping Control\r\n<\/figcaption><\/div> \r\n\r\n<div class=\"wp-block-image\">\r\n<a href=\"https:\/\/bu.optimum-automotive.com\/wp-content\/uploads\/2024\/07\/pdf\/l_outil_de_gestion_de_flotte_optipark_offert_pendant_12_mois.pdf\" title=\"automobile-entreprise.com\" type=\"application\/pdf\" target=\"_blank\" rel=\"noopener\"><img loading=\"lazy\" decoding=\"async\" src=\"https:\/\/bu.optimum-automotive.com\/wp-content\/uploads\/2024\/07\/jpg\/01-345.jpg\" width=\"151\" height=\"200\" alt=\"PDF - 619,1 kb\"><\/a>\r\n<figcaption class=\"wp-element-caption\"><strong>automobile-entreprise.com<\/strong><br>\r\nHerramienta de gesti\u00f3n de flotas Optipark gratuita durante 12 meses\r\n<\/figcaption><\/div> \r\n\r\n<div class=\"wp-block-image\">\r\n<a href=\"https:\/\/bu.optimum-automotive.com\/wp-content\/uploads\/2024\/07\/pdf\/optimum_automotive_offre_son_service_optipark_pendant_12_mois.pdf\" title=\"journalauto.com\" type=\"application\/pdf\" target=\"_blank\" rel=\"noopener\"><img loading=\"lazy\" decoding=\"async\" src=\"https:\/\/bu.optimum-automotive.com\/wp-content\/uploads\/2024\/07\/jpg\/01-342.jpg\" width=\"151\" height=\"200\" alt=\"PDF - 376,9 kb\"><\/a>\r\n<figcaption class=\"wp-element-caption\"><strong>journalauto.com<\/strong><br>\r\nOptimum Automotive ofrece su servicio Optipark durante 12 meses\r\n\r\n<\/figcaption><\/div> \r\n\r\n<h2 class=\"wp-block-heading\">ABRIL 2020<\/h2>\r\n\r\n<div class=\"wp-block-image\">\r\n<a href=\"https:\/\/bu.optimum-automotive.com\/wp-content\/uploads\/2024\/07\/pdf\/automobile_et_l_entreprise_dossier_telematique.pdf\" title=\"automobile-entreprise.com\" type=\"application\/pdf\" target=\"_blank\" rel=\"noopener\"><img loading=\"lazy\" decoding=\"async\" src=\"https:\/\/bu.optimum-automotive.com\/wp-content\/uploads\/2024\/07\/jpg\/01-39.jpg\" width=\"151\" height=\"200\" alt=\"PDF - 471,4 kb\"><\/a>\r\n<figcaption class=\"wp-element-caption\"><strong>automobile-entreprise.com<\/strong><br>\r\nReportaje sobre telem\u00e1tica: la promesa de las ofertas telem\u00e1ticas\r\n<\/figcaption><\/div> \r\n\r\n<div class=\"wp-block-image\">\r\n<a href=\"https:\/\/bu.optimum-automotive.com\/wp-content\/uploads\/2024\/07\/pdf\/le_fleet_management_promis_a_une_forte_croissance.pdf\" title=\"automobile-entreprise.com\" type=\"application\/pdf\" target=\"_blank\" rel=\"noopener\"><img loading=\"lazy\" decoding=\"async\" src=\"https:\/\/bu.optimum-automotive.com\/wp-content\/uploads\/2024\/07\/jpg\/01-256.jpg\" width=\"151\" height=\"200\" alt=\"PDF - 5,9 Mb\"><\/a>\r\n<figcaption class=\"wp-element-caption\"><strong>automobile-entreprise.com<\/strong><br>\r\nLa gesti\u00f3n de flotas se prepara para un fuerte crecimiento\r\n<\/figcaption><\/div> \r\n\r\n<div class=\"wp-block-image\">\r\n<a href=\"https:\/\/bu.optimum-automotive.com\/wp-content\/uploads\/2024\/07\/pdf\/2020-04-10-www.pemagazine.fr-10_avril_2020-50000000340072188.pdf\" title=\"pemagazine.fr\" type=\"application\/pdf\" target=\"_blank\" rel=\"noopener\"><img loading=\"lazy\" decoding=\"async\" src=\"https:\/\/bu.optimum-automotive.com\/wp-content\/uploads\/2024\/07\/jpg\/01-341.jpg\" width=\"151\" height=\"200\" alt=\"PDF - 114 kb\"><\/a>\r\n<figcaption class=\"wp-element-caption\"><strong>pemagazine.fr<\/strong><br>\r\nParis Green Fund, gestionado por Demeter, ha recaudado 160 millones de euros para su<br class=\"autobr\">\r\ncierre final\r\n<\/figcaption><\/div> \r\n\r\n<div class=\"wp-block-image\"> \r\n<a href=\"https:\/\/bu.optimum-automotive.com\/wp-content\/uploads\/2024\/07\/pdf\/2020-04-08-www.greenunivers.com-8_avril_2020-50000000340001645.pdf\" title=\"greenunivers.com\" type=\"application\/pdf\" target=\"_blank\" rel=\"noopener\"><img loading=\"lazy\" decoding=\"async\" src=\"https:\/\/bu.optimum-automotive.com\/wp-content\/uploads\/2024\/07\/jpg\/01-339.jpg\" width=\"151\" height=\"200\" alt=\"PDF - 169,1 kb\"><\/a>\r\n<figcaption class=\"wp-element-caption\"><strong>greenunivers.com<\/strong><br>\r\nLa ecomovilidad recaud\u00f3 131,5 millones de euros en el segundo semestre de 2019\r\n<\/figcaption><\/div> \r\n\r\n<div class=\"wp-block-image\">\r\n<a href=\"https:\/\/bu.optimum-automotive.com\/wp-content\/uploads\/2024\/07\/pdf\/2020-04-10-www.ccimp.com-10_avril_2020-50000000340056763.pdf\" title=\"ccimp.com\" type=\"application\/pdf\" target=\"_blank\" rel=\"noopener\"><img loading=\"lazy\" decoding=\"async\" src=\"https:\/\/bu.optimum-automotive.com\/wp-content\/uploads\/2024\/07\/jpg\/01-340.jpg\" width=\"151\" height=\"200\" alt=\"PDF - 84,2 kb\"><\/a>\r\n<figcaption class=\"wp-element-caption\"><strong>ccimp.com<\/strong><br>\r\nLos empresarios frente a la crisis\r\n\r\n<\/figcaption><\/div> \r\n\r\n<h2 class=\"wp-block-heading\">MARZO 2020<\/h2>\r\n\t\r\n<div class=\"wp-block-image\">\r\n<a href=\"https:\/\/bu.optimum-automotive.com\/wp-content\/uploads\/2024\/07\/pdf\/services___toujours_plus_numeriques.pdf\" title=\"flotauto.com\" type=\"application\/pdf\" target=\"_blank\" rel=\"noopener\"><img loading=\"lazy\" decoding=\"async\" src=\"https:\/\/bu.optimum-automotive.com\/wp-content\/uploads\/2024\/07\/jpg\/01-193.jpg\" width=\"151\" height=\"200\" alt=\"PDF - 163,4 kb\"><\/a>\r\n<figcaption class=\"wp-element-caption\"><strong>flotauto.com<\/strong><br>\r\nArrendamiento a largo plazo. Servicios: cada vez m\u00e1s digitales\r\n<\/figcaption><\/div> \r\n\r\n<div class=\"wp-block-image\">\r\n<a href=\"https:\/\/bu.optimum-automotive.com\/wp-content\/uploads\/2024\/07\/pdf\/telematique_embarquee___nouveaux_capitaux_et_fonctionnalites_elargies.pdf\" title=\"flotauto.com\" type=\"application\/pdf\" target=\"_blank\" rel=\"noopener\"><img loading=\"lazy\" decoding=\"async\" src=\"https:\/\/bu.optimum-automotive.com\/wp-content\/uploads\/2024\/07\/jpg\/01-110.jpg\" width=\"151\" height=\"200\" alt=\"PDF - 260,6 kb\"><\/a>\r\n<figcaption class=\"wp-element-caption\"><strong>flotauto.com<\/strong><br>\r\nTelem\u00e1tica a bordo: nuevo capital y funcionalidades ampliadas\r\n<\/figcaption><\/div> \r\n\r\n<div class=\"wp-block-image\">\r\n<a href=\"https:\/\/bu.optimum-automotive.com\/wp-content\/uploads\/2024\/07\/pdf\/2020-03-05-www.assurlandpro.com-5_mars_2020-50000000338908013.pdf\" title=\"assurlandpro.com\" type=\"application\/pdf\" target=\"_blank\" rel=\"noopener\"><img loading=\"lazy\" decoding=\"async\" src=\"https:\/\/bu.optimum-automotive.com\/wp-content\/uploads\/2024\/07\/jpg\/01-338.jpg\" width=\"151\" height=\"200\" alt=\"PDF - 136,4 kb\"><\/a>\r\n<figcaption class=\"wp-element-caption\"><strong>assurlandpro.com<\/strong><br>\r\nCoches de empresa: las empresas est\u00e1n obligadas a informar en<br class=\"autobr\">\r\ncaso de infracci\u00f3n\r\n<\/figcaption><\/div> \r\n\r\n<div class=\"wp-block-image\">\r\n<a href=\"https:\/\/bu.optimum-automotive.com\/wp-content\/uploads\/2024\/07\/pdf\/fleet_management-vols_de_vehicules_prendre_les_devants.pdf\" title=\"decisi\u00f3n-achats.fr\" type=\"application\/pdf\" target=\"_blank\" rel=\"noopener\"><img loading=\"lazy\" decoding=\"async\" src=\"https:\/\/bu.optimum-automotive.com\/wp-content\/uploads\/2024\/07\/jpg\/01-328.jpg\" width=\"151\" height=\"200\" alt=\"PDF - 2,1 Mb\"><\/a>\r\n<figcaption class=\"wp-element-caption\"><strong>decisi\u00f3n-achats.fr<\/strong><br>\r\nGesti\u00f3n de flotas - Robo de veh\u00edculos: tomar la iniciativa\r\n<\/figcaption><\/div> \r\n\t\r\n<h2 class=\"wp-block-heading\">FEBRERO 2020<\/h2>\r\n\r\n<div class=\"wp-block-image\">\r\n<a href=\"https:\/\/bu.optimum-automotive.com\/wp-content\/uploads\/2024\/07\/pdf\/2020-02-13-fusions_acquisitions_magazine-janvier_-_fevrier_2020-10000000058350283.pdf\" title=\"REVISTA DE FUSIONES Y ADQUISICIONES\" type=\"application\/pdf\" target=\"_blank\" rel=\"noopener\"><img loading=\"lazy\" decoding=\"async\" src=\"https:\/\/bu.optimum-automotive.com\/wp-content\/uploads\/2024\/07\/jpg\/01-334.jpg\" width=\"151\" height=\"200\" alt=\"PDF - 3,2 Mb\"><\/a>\r\n<figcaption class=\"wp-element-caption\"><strong>REVISTA DE FUSIONES Y ADQUISICIONES<\/strong><br>\r\nOperaciones de capital riesgo en noviembre diciembre 2019\r\n<\/figcaption><\/div> \r\n\r\n<div class=\"wp-block-image\">\r\n<a href=\"https:\/\/bu.optimum-automotive.com\/wp-content\/uploads\/2024\/07\/pdf\/2020-02-26-www.assurland.com-26_fevrier_2020-50000000338656007.pdf\" title=\"assurland.com\" type=\"application\/pdf\" target=\"_blank\" rel=\"noopener\"><img loading=\"lazy\" decoding=\"async\" src=\"https:\/\/bu.optimum-automotive.com\/wp-content\/uploads\/2024\/07\/jpg\/01-337.jpg\" width=\"151\" height=\"200\" alt=\"PDF - 241,3 kb\"><\/a>\r\n<figcaption class=\"wp-element-caption\"><strong>assurland.com<\/strong><br>\r\nCoches de empresa: las empresas denuncian a los conductores que infringen la ley\r\n<\/figcaption><\/div> \r\n\r\n<div class=\"wp-block-image\">\r\n<a href=\"https:\/\/bu.optimum-automotive.com\/wp-content\/uploads\/2024\/07\/pdf\/2020-02-17-www.usinenouvelle.com-17_fevrier_2020-50000000338345273.pdf\" title=\"usinenouvelle.com\" type=\"application\/pdf\" target=\"_blank\" rel=\"noopener\"><img loading=\"lazy\" decoding=\"async\" src=\"https:\/\/bu.optimum-automotive.com\/wp-content\/uploads\/2024\/07\/jpg\/01-336.jpg\" width=\"151\" height=\"200\" alt=\"PDF - 158,7 kb\"><\/a>\r\n<figcaption class=\"wp-element-caption\"><strong>usinenouvelle.com<\/strong><br>\r\nLas Mujeres Profesionales de Empresa (BPW) abordan el sexismo en el lugar de trabajo<br class=\"autobr\">\r\nempresa\r\n<\/figcaption><\/div> \r\n\r\n<div class=\"wp-block-image\"> \r\n<a href=\"https:\/\/bu.optimum-automotive.com\/wp-content\/uploads\/2024\/07\/pdf\/2020-02-13-www.mtom-mag.com-13_fevrier_2020-50000000338228829.pdf\" title=\"mtom-mag.com\" type=\"application\/pdf\" target=\"_blank\" rel=\"noopener\"><img loading=\"lazy\" decoding=\"async\" src=\"https:\/\/bu.optimum-automotive.com\/wp-content\/uploads\/2024\/07\/jpg\/01-335.jpg\" width=\"151\" height=\"200\" alt=\"PDF - 125,5 kb\"><\/a>\r\n<figcaption class=\"wp-element-caption\"><strong>mtom-mag.com<\/strong><br>\r\nMapping Control ofrece su servicio durante 6 meses<br class=\"autobr\">\r\nOptiparc\r\n<\/figcaption><\/div> \r\n\r\n<div class=\"wp-block-image\">\r\n<a href=\"https:\/\/bu.optimum-automotive.com\/wp-content\/uploads\/2024\/07\/pdf\/obligation_pour_l_entreprise_de_denoncer_des_logiciels_pour_simplifier_les_demarches-vehicules_de_societes.pdf\" title=\"www.caradisiac.com\" type=\"application\/pdf\" target=\"_blank\" rel=\"noopener\"><img loading=\"lazy\" decoding=\"async\" src=\"https:\/\/bu.optimum-automotive.com\/wp-content\/uploads\/2024\/07\/jpg\/01-327.jpg\" width=\"151\" height=\"200\" alt=\"PDF - 2,8 Mb\"><\/a>\r\n<figcaption class=\"wp-element-caption\"><strong>www.caradisiac.com<\/strong><br>\r\nRadares\/veh\u00edculos de empresa - Obligaci\u00f3n de las empresas de informar: programas inform\u00e1ticos para simplificar los tr\u00e1mites\r\n<\/figcaption><\/div> \r\n\r\n<div class=\"wp-block-image\">\r\n<a href=\"https:\/\/bu.optimum-automotive.com\/wp-content\/uploads\/2024\/07\/pdf\/rencontres_flotauto___a_fond_sur_les_vehicules_electriques.pdf\" title=\"automobile-propre.com\" type=\"application\/pdf\" target=\"_blank\" rel=\"noopener\"><img loading=\"lazy\" decoding=\"async\" src=\"https:\/\/bu.optimum-automotive.com\/wp-content\/uploads\/2024\/07\/jpg\/01-326.jpg\" width=\"151\" height=\"200\" alt=\"PDF - 11,2 Mb\"><\/a>\r\n<figcaption class=\"wp-element-caption\"><strong>automobile-propre.com<\/strong><br>\r\nRencontres Flotauto: los veh\u00edculos el\u00e9ctricos en el punto de mira\r\n<\/figcaption><\/div> \r\n\r\n<div class=\"wp-block-image\"> \r\n<a href=\"https:\/\/bu.optimum-automotive.com\/wp-content\/uploads\/2024\/07\/pdf\/la_mobilite_electrique_au_salon_flotauto_2020.pdf\" title=\"avem.fr\" type=\"application\/pdf\" target=\"_blank\" rel=\"noopener\"><img loading=\"lazy\" decoding=\"async\" src=\"https:\/\/bu.optimum-automotive.com\/wp-content\/uploads\/2024\/07\/jpg\/01-325.jpg\" width=\"151\" height=\"200\" alt=\"PDF - 3,3 Mb\"><\/a>\r\n<figcaption class=\"wp-element-caption\"><strong>avem.fr<\/strong><br>\r\nMovilidad el\u00e9ctrica en Flotauto 2020\r\n\r\n<\/figcaption><\/div> \r\n\r\n<h2 class=\"wp-block-heading\">ENERO 2020<\/h2>\r\n\r\n<div class=\"wp-block-image\">\r\n<a href=\"https:\/\/bu.optimum-automotive.com\/wp-content\/uploads\/2024\/07\/pdf\/2020-01-20-republique_de_seine_et_marne-20_janvier_2020-10000000058200359.pdf\" title=\"Rep\u00fablica de Seine et Marne\" type=\"application\/pdf\" target=\"_blank\" rel=\"noopener\"><img loading=\"lazy\" decoding=\"async\" src=\"https:\/\/bu.optimum-automotive.com\/wp-content\/uploads\/2024\/07\/jpg\/01-330.jpg\" width=\"151\" height=\"200\" alt=\"PDF - 225,3 kb\"><\/a>\r\n<figcaption class=\"wp-element-caption\"><strong>Rep\u00fablica de Seine et Marne<\/strong><br>\r\nCompartir coche y compartir coche, versi\u00f3n pro\r\n<\/figcaption><\/div> \r\n\r\n<div class=\"wp-block-image\">\r\n<a href=\"https:\/\/bu.optimum-automotive.com\/wp-content\/uploads\/2024\/07\/pdf\/2020-01-16-www.journaldunet.com-16_janvier_2020-50000000337169200.pdf\" title=\"journaldunet.com\" type=\"application\/pdf\" target=\"_blank\" rel=\"noopener\"><img loading=\"lazy\" decoding=\"async\" src=\"https:\/\/bu.optimum-automotive.com\/wp-content\/uploads\/2024\/07\/jpg\/01-329.jpg\" width=\"151\" height=\"200\" alt=\"PDF - 143,2 kb\"><\/a>\r\n<figcaption class=\"wp-element-caption\"><strong>journaldunet.com<\/strong><br>\r\nLas start-ups francesas recaudaron 284 millones de euros en noviembre\r\n<\/figcaption><\/div> \r\n\r\n<div class=\"wp-block-image\">\r\n<a href=\"https:\/\/bu.optimum-automotive.com\/wp-content\/uploads\/2024\/07\/pdf\/2020-02-01-www.cfnews.net-1_fevrier_2020-50000000337770665.pdf\" title=\"cfnews.net\" type=\"application\/pdf\" target=\"_blank\" rel=\"noopener\"><img loading=\"lazy\" decoding=\"async\" src=\"https:\/\/bu.optimum-automotive.com\/wp-content\/uploads\/2024\/07\/jpg\/01-333.jpg\" width=\"151\" height=\"200\" alt=\"PDF - 112,3 kb\"><\/a>\r\n<figcaption class=\"wp-element-caption\"><strong>cfnews.net<\/strong><br>\r\nDemeter se ampl\u00eda con vistas a la expansi\u00f3n\r\n<\/figcaption><\/div> \r\n\r\n<div class=\"wp-block-image\">\r\n<a href=\"https:\/\/bu.optimum-automotive.com\/wp-content\/uploads\/2024\/07\/pdf\/2020-01-23-www.industrie-mag.com-23_janvier_2020-50000000337469779.pdf\" title=\"industrie-mag.com\" type=\"application\/pdf\" target=\"_blank\" rel=\"noopener\"><img loading=\"lazy\" decoding=\"async\" src=\"https:\/\/bu.optimum-automotive.com\/wp-content\/uploads\/2024\/07\/jpg\/01-332.jpg\" width=\"151\" height=\"200\" alt=\"PDF - 98,1 kb\"><\/a>\r\n<figcaption class=\"wp-element-caption\"><strong>industrie-mag.com<\/strong><br>\r\nOptimum Automotive estar\u00e1 presente en las reuniones de Flotauto 2020\r\n<\/figcaption><\/div> \r\n\r\n<div class=\"wp-block-image\"> \r\n<a href=\"https:\/\/bu.optimum-automotive.com\/wp-content\/uploads\/2024\/07\/pdf\/2020-01-23-www.am-today.com-23_janvier_2020-50000000337408452.pdf\" title=\"am-hoy.com\" type=\"application\/pdf\" target=\"_blank\" rel=\"noopener\"><img loading=\"lazy\" decoding=\"async\" src=\"https:\/\/bu.optimum-automotive.com\/wp-content\/uploads\/2024\/07\/jpg\/01-331.jpg\" width=\"151\" height=\"200\" alt=\"PDF - 77,7 kb\"><\/a>\r\n<figcaption class=\"wp-element-caption\"><strong>am-hoy.com<\/strong><br>\r\nOptimum Automotive en las reuniones de Flotauto 2020\r\n\r\n<\/figcaption><\/div> \r\n\r\n<h2 class=\"wp-block-heading\">DICIEMBRE 2019<\/h2>\r\n\r\n<div class=\"wp-block-image\">\r\n<a href=\"https:\/\/bu.optimum-automotive.com\/wp-content\/uploads\/2024\/07\/pdf\/start-lesechos.pdf\" title=\"inicio.lesechos.fr\" type=\"application\/pdf\" target=\"_blank\" rel=\"noopener\"><img loading=\"lazy\" decoding=\"async\" src=\"https:\/\/bu.optimum-automotive.com\/wp-content\/uploads\/2024\/07\/jpg\/01-324.jpg\" width=\"151\" height=\"200\" alt=\"PDF - 2,9 Mb\"><\/a>\r\n<figcaption class=\"wp-element-caption\"><strong>inicio.lesechos.fr<\/strong><br>\r\nLas 10 startups que m\u00e1s fondos recaudaron en noviembre de 2019\r\n<\/figcaption><\/div> \r\n\r\n<div class=\"wp-block-image\">\r\n<a href=\"https:\/\/bu.optimum-automotive.com\/wp-content\/uploads\/2024\/07\/pdf\/projets_innovants___zoom_su_rles_levees_de_fonds_novembre_2019.pdf\" title=\"cicplacedelinnovation.com\" type=\"application\/pdf\" target=\"_blank\" rel=\"noopener\"><img loading=\"lazy\" decoding=\"async\" src=\"https:\/\/bu.optimum-automotive.com\/wp-content\/uploads\/2024\/07\/jpg\/01-323.jpg\" width=\"151\" height=\"200\" alt=\"PDF - 1,7 Mb\"><\/a>\r\n<figcaption class=\"wp-element-caption\"><strong>cicplacedelinnovation.com<\/strong><br>\r\nProyectos innovadores: eventos para recaudar fondos en noviembre de 2019\r\n\r\n<\/figcaption><\/div> \r\n\r\n<h2 class=\"wp-block-heading\">NOVIEMBRE 2019<\/h2>\r\n\r\n<div class=\"wp-block-image\">\r\n<a href=\"https:\/\/bu.optimum-automotive.com\/wp-content\/uploads\/2024\/07\/pdf\/economie___aix___optimum_automotive_vient_de_finaliser_une_levee_de_fonds_pour_encore_accelerer___la_provence.pdf\" title=\"LaProvence\" type=\"application\/pdf\" target=\"_blank\" rel=\"noopener\"><img loading=\"lazy\" decoding=\"async\" src=\"https:\/\/bu.optimum-automotive.com\/wp-content\/uploads\/2024\/07\/jpg\/01-322.jpg\" width=\"151\" height=\"200\" alt=\"PDF - 1,8 Mb\"><\/a>\r\n<figcaption class=\"wp-element-caption\"><strong>LaProvence<\/strong><br>\r\nAix : Optimum Automotive ha cerrado una ronda de financiaci\u00f3n para acelerar a\u00fan m\u00e1s su crecimiento\r\n<\/figcaption><\/div> \r\n\r\n<div class=\"wp-block-image\">\r\n<a href=\"https:\/\/bu.optimum-automotive.com\/wp-content\/uploads\/2024\/07\/pdf\/plans_de_mobilite___les_transports_alternatifs_se_developpent_avec_ou_sans_eux.pdf\" title=\"caradisiac.com\" type=\"application\/pdf\" target=\"_blank\" rel=\"noopener\"><img loading=\"lazy\" decoding=\"async\" src=\"https:\/\/bu.optimum-automotive.com\/wp-content\/uploads\/2024\/07\/jpg\/01-321.jpg\" width=\"151\" height=\"200\" alt=\"PDF - 5,5 Mb\"><\/a>\r\n<figcaption class=\"wp-element-caption\"><strong>caradisiac.com<\/strong><br>\r\nPlanes de movilidad: se desarrollan formas alternativas de transporte...\r\n<\/figcaption><\/div> \r\n\r\n<div class=\"wp-block-image\">\r\n<a href=\"https:\/\/bu.optimum-automotive.com\/wp-content\/uploads\/2024\/07\/pdf\/muselier_les_entreprises_et_les_preuves_d_amour.pdf\" title=\"marseille.latribune.fr\" type=\"application\/pdf\" target=\"_blank\" rel=\"noopener\"><img loading=\"lazy\" decoding=\"async\" src=\"https:\/\/bu.optimum-automotive.com\/wp-content\/uploads\/2024\/07\/jpg\/01-320.jpg\" width=\"151\" height=\"200\" alt=\"PDF - 920,7 kb\"><\/a>\r\n<figcaption class=\"wp-element-caption\"><strong>marseille.latribune.fr<\/strong><br>\r\nMuselier, empresas y pruebas de amor\r\n<\/figcaption><\/div> \r\n\r\n<div class=\"wp-block-image\">\r\n<a href=\"https:\/\/bu.optimum-automotive.com\/wp-content\/uploads\/2024\/07\/pdf\/2019-11-25-l_officiel_des_transporteurs-22_novembre_2019-10000000057865919.pdf\" title=\"L&#039;Officiel des transporteurs\" type=\"application\/pdf\" target=\"_blank\" rel=\"noopener\"><img loading=\"lazy\" decoding=\"async\" src=\"https:\/\/bu.optimum-automotive.com\/wp-content\/uploads\/2024\/07\/jpg\/01-319.jpg\" width=\"151\" height=\"200\" alt=\"PDF - 1011 kb\"><\/a>\r\n<figcaption class=\"wp-element-caption\"><strong>L'Officiel des transporteurs<\/strong><br>\r\n\u00bfQu\u00e9 soluciones existen para controlar las temperaturas?\r\n<\/figcaption><\/div> \r\n\r\n<div class=\"wp-block-image\">\r\n<a href=\"https:\/\/bu.optimum-automotive.com\/wp-content\/uploads\/2024\/07\/pdf\/flottes_connectees___optimum_automotive_leve_14_millions_d_euros_-_les_echos.pdf\" title=\"negocios.lesechos.fr\" type=\"application\/pdf\" target=\"_blank\" rel=\"noopener\"><img loading=\"lazy\" decoding=\"async\" src=\"https:\/\/bu.optimum-automotive.com\/wp-content\/uploads\/2024\/07\/jpg\/01-318.jpg\" width=\"151\" height=\"200\" alt=\"PDF - 1001,7 kb\"><\/a>\r\n<figcaption class=\"wp-element-caption\"><strong>negocios.lesechos.fr<\/strong><br>\r\nFlotas conectadas: Optimum Automotive recauda 14 millones de euros\r\n<\/figcaption><\/div> \r\n\r\n<div class=\"wp-block-image\">\r\n<a href=\"https:\/\/bu.optimum-automotive.com\/wp-content\/uploads\/2024\/07\/pdf\/biolog-id_luko_heetch._les_levees_de_fonds_de_la_semaine.pdf\" title=\"usine-digitale.fr\" type=\"application\/pdf\" target=\"_blank\" rel=\"noopener\"><img loading=\"lazy\" decoding=\"async\" src=\"https:\/\/bu.optimum-automotive.com\/wp-content\/uploads\/2024\/07\/jpg\/01-317.jpg\" width=\"151\" height=\"200\" alt=\"PDF - 1,5 Mb\"><\/a>\r\n<figcaption class=\"wp-element-caption\"><strong>usine-digitale.fr<\/strong><br>\r\nBiolog-id, Luko, Heetch... Las recaudaciones de esta semana\r\n<\/figcaption><\/div> \r\n\r\n<div class=\"wp-block-image\">\r\n<a href=\"https:\/\/bu.optimum-automotive.com\/wp-content\/uploads\/2024\/07\/pdf\/optimum_automotive_accelere_le_controle_connecte_des_flottes_en_europe_lesechos-fr.pdf\" title=\"lesechos.fr\" type=\"application\/pdf\" target=\"_blank\" rel=\"noopener\"><img loading=\"lazy\" decoding=\"async\" src=\"https:\/\/bu.optimum-automotive.com\/wp-content\/uploads\/2024\/07\/jpg\/01-316.jpg\" width=\"151\" height=\"200\" alt=\"PDF - 2,1 Mb\"><\/a>\r\n<figcaption class=\"wp-element-caption\"><strong>lesechos.fr<\/strong><br>\r\nOptimum Automotive acelera la supervisi\u00f3n de flotas conectadas en Europa\r\n<\/figcaption><\/div> \r\n\r\n<div class=\"wp-block-image\"> \r\n<a href=\"https:\/\/bu.optimum-automotive.com\/wp-content\/uploads\/2024\/07\/pdf\/optimum_automotive_s_ouvre_au_paris_fonds_vert_et_a_amundi_pef___capital_finance.pdf\" title=\"capitalfinance.lesechos.fr\" type=\"application\/pdf\" target=\"_blank\" rel=\"noopener\"><img loading=\"lazy\" decoding=\"async\" src=\"https:\/\/bu.optimum-automotive.com\/wp-content\/uploads\/2024\/07\/jpg\/01-314.jpg\" width=\"151\" height=\"200\" alt=\"PDF - 200,6 kb\"><\/a>\r\n<figcaption class=\"wp-element-caption\"><strong>capitalfinance.lesechos.fr<\/strong><br>\r\nOptimum Automotive se une al Fondo Verde de Par\u00eds y al FCR de Amundi\r\n<\/figcaption><\/div> \r\n\r\n<div class=\"wp-block-image\">\r\n<a href=\"https:\/\/bu.optimum-automotive.com\/wp-content\/uploads\/2024\/07\/pdf\/les_startups_levent_plus_de_70meur_-_semaine_46___les_pepites_tech.pdf\" title=\"lespepitestech.com\" type=\"application\/pdf\" target=\"_blank\" rel=\"noopener\"><img loading=\"lazy\" decoding=\"async\" src=\"https:\/\/bu.optimum-automotive.com\/wp-content\/uploads\/2024\/07\/jpg\/01-313.jpg\" width=\"151\" height=\"200\" alt=\"PDF - 236 Kb\"><\/a>\r\n<figcaption class=\"wp-element-caption\"><strong>lespepitestech.com<\/strong><br>\r\nLAS STARTUPS RECAUDAN M\u00c1S DE 70 MILLONES DE EUROS - SEMANA 46\r\n<\/figcaption><\/div> \r\n\r\n<div class=\"wp-block-image\">\r\n<a href=\"https:\/\/bu.optimum-automotive.com\/wp-content\/uploads\/2024\/07\/pdf\/optimum_automotive_leve_14_millions_d_euros_-_pere_la_fouine.pdf\" title=\"perelafouine.com\" type=\"application\/pdf\" target=\"_blank\" rel=\"noopener\"><img loading=\"lazy\" decoding=\"async\" src=\"https:\/\/bu.optimum-automotive.com\/wp-content\/uploads\/2024\/07\/jpg\/01-315.jpg\" width=\"151\" height=\"200\" alt=\"PDF - 1,7 Mb\"><\/a>\r\n<figcaption class=\"wp-element-caption\"><strong>perelafouine.com<\/strong><br>\r\nOPTIMUM AUTOMOTIVE recauda 14 millones de euros\r\n<\/figcaption><\/div> \r\n\r\n<div class=\"wp-block-image\">\r\n<a href=\"https:\/\/bu.optimum-automotive.com\/wp-content\/uploads\/2024\/07\/pdf\/2019-11-17-techsnooper.io-17_novembre_2019-50000000335149715.pdf\" title=\"techsnooper.io\" type=\"application\/pdf\" target=\"_blank\" rel=\"noopener\"><img loading=\"lazy\" decoding=\"async\" src=\"https:\/\/bu.optimum-automotive.com\/wp-content\/uploads\/2024\/07\/jpg\/02-18.jpg\" width=\"151\" height=\"200\" alt=\"PDF - 172,4 kb\"><\/a>\r\n<figcaption class=\"wp-element-caption\"><strong>techsnooper.io<\/strong><br>\r\nOptimum Automotive, l\u00edder en gesti\u00f3n de flotas conectadas<br class=\"autobr\">\r\ncierra una ronda de financiaci\u00f3n de 14 millones de euros\r\n<\/figcaption><\/div> \r\n\r\n<div class=\"wp-block-image\">\r\n<a href=\"https:\/\/bu.optimum-automotive.com\/wp-content\/uploads\/2024\/07\/pdf\/2019-11-17-www.lamartineconseil.com-17_novembre_2019-50000000335155018.pdf\" title=\"lamartineconseil.com\" type=\"application\/pdf\" target=\"_blank\" rel=\"noopener\"><img loading=\"lazy\" decoding=\"async\" src=\"https:\/\/bu.optimum-automotive.com\/wp-content\/uploads\/2024\/07\/jpg\/01-311.jpg\" width=\"151\" height=\"200\" alt=\"PDF - 229,4 kb\"><\/a>\r\n<figcaption class=\"wp-element-caption\"><strong>lamartineconseil.com<\/strong><br>\r\nOptimum Automotive atrae fondos verdes\r\n<\/figcaption><\/div> \r\n\r\n<div class=\"wp-block-image\">\r\n<a href=\"https:\/\/bu.optimum-automotive.com\/wp-content\/uploads\/2024\/07\/pdf\/les_datas_aux_commandes_de_la_gestion_de_flottes-2.pdf\" title=\"daf-mag.fr\" type=\"application\/pdf\" target=\"_blank\" rel=\"noopener\"><img loading=\"lazy\" decoding=\"async\" src=\"https:\/\/bu.optimum-automotive.com\/wp-content\/uploads\/2024\/07\/jpg\/01-310.jpg\" width=\"151\" height=\"200\" alt=\"PDF - 1,9 Mb\"><\/a>\r\n<figcaption class=\"wp-element-caption\"><strong>daf-mag.fr<\/strong><br>\r\nLos datos, motor de la gesti\u00f3n de flotas\r\n<\/figcaption><\/div> \r\n\r\n<div class=\"wp-block-image\">\r\n<a href=\"https:\/\/bu.optimum-automotive.com\/wp-content\/uploads\/2024\/07\/pdf\/maddyness_optimum_automotive_leve_14_millions_d_euros.pdf\" title=\"locura.com\" type=\"application\/pdf\" target=\"_blank\" rel=\"noopener\"><img loading=\"lazy\" decoding=\"async\" src=\"https:\/\/bu.optimum-automotive.com\/wp-content\/uploads\/2024\/07\/jpg\/01-309.jpg\" width=\"151\" height=\"200\" alt=\"PDF - 907,5 kb\"><\/a>\r\n<figcaption class=\"wp-element-caption\"><strong>locura.com<\/strong><br>\r\nOtra semana con m\u00e1s de 100 millones de euros recaudados, las fintechs en plena forma\r\n<\/figcaption><\/div> \r\n\r\n<div class=\"wp-block-image\">\r\n<a href=\"https:\/\/bu.optimum-automotive.com\/wp-content\/uploads\/2024\/07\/pdf\/2019-11-15-corse_matin-15_novembre_2019-10000000057806098.pdf\" title=\"CORSE MATIN\" type=\"application\/pdf\" target=\"_blank\" rel=\"noopener\"><img loading=\"lazy\" decoding=\"async\" src=\"https:\/\/bu.optimum-automotive.com\/wp-content\/uploads\/2024\/07\/jpg\/02-17.jpg\" width=\"151\" height=\"200\" alt=\"PDF - 103,1 kb\"><\/a>\r\n<figcaption class=\"wp-element-caption\"><strong>CORSE MATIN<\/strong><br>\r\nOptimum Automotive, con sede en Aix, recauda 14 millones de euros\r\n<\/figcaption><\/div> \r\n\r\n<div class=\"wp-block-image\">\r\n<a href=\"https:\/\/bu.optimum-automotive.com\/wp-content\/uploads\/2024\/07\/pdf\/2019-11-15-la_provence-15_novembre_2019-10000000057804706.pdf\" title=\"La Provence\" type=\"application\/pdf\" target=\"_blank\" rel=\"noopener\"><img loading=\"lazy\" decoding=\"async\" src=\"https:\/\/bu.optimum-automotive.com\/wp-content\/uploads\/2024\/07\/jpg\/01-308.jpg\" width=\"151\" height=\"200\" alt=\"PDF - 128,5 kb\"><\/a>\r\n<figcaption class=\"wp-element-caption\"><strong>La Provence<\/strong><br>\r\nOptimum automotive, con sede en Aix, recauda 14 millones de euros\r\n<\/figcaption><\/div> \r\n\r\n<div class=\"wp-block-image\">\r\n<a href=\"https:\/\/bu.optimum-automotive.com\/wp-content\/uploads\/2024\/07\/pdf\/deplacementspros_optimum_automotive_leve_14_millions_d_euros.pdf\" title=\"deplacementspros.com\" type=\"application\/pdf\" target=\"_blank\" rel=\"noopener\"><img loading=\"lazy\" decoding=\"async\" src=\"https:\/\/bu.optimum-automotive.com\/wp-content\/uploads\/2024\/07\/jpg\/01-304.jpg\" width=\"151\" height=\"200\" alt=\"PDF - 1,6 Mb\"><\/a>\r\n<figcaption class=\"wp-element-caption\"><strong>deplacementspros.com<\/strong><br>\r\nOptimum Automotive recauda 14 millones de euros\r\n<\/figcaption><\/div> \r\n\r\n<div class=\"wp-block-image\"> \r\n<a href=\"\/es\/IMG\/mp3\/18530-14.11.2019-itema_22202798-0.mp3\/\" title=\"France Bleu Provence\" type=\"audio\/mpeg\" target=\"_blank\" rel=\"noopener\"><img loading=\"lazy\" decoding=\"async\" src=\"https:\/\/bu.optimum-automotive.com\/wp-content\/uploads\/2024\/07\/jpg\/01-306.jpg\" width=\"151\" height=\"200\" alt=\"MP3 - 1,3 Mb\"><\/a>\r\n<figcaption class=\"wp-element-caption\"><strong>France Bleu Provence<\/strong><br>\r\nEmpresa del d\u00eda con Yves Blisson\r\n<\/figcaption><\/div> \r\n\r\n<div class=\"wp-block-image\">\r\n<a href=\"https:\/\/bu.optimum-automotive.com\/wp-content\/uploads\/2024\/07\/pdf\/optimum_automotive_procede_a_une_levee_de_fonds_de_14_millions_d_euros.pdf\" title=\"automobile-entreprise.com\" type=\"application\/pdf\" target=\"_blank\" rel=\"noopener\"><img loading=\"lazy\" decoding=\"async\" src=\"https:\/\/bu.optimum-automotive.com\/wp-content\/uploads\/2024\/07\/jpg\/01-307.jpg\" width=\"151\" height=\"200\" alt=\"PDF - 1,5 Mb\"><\/a>\r\n<figcaption class=\"wp-element-caption\"><strong>automobile-entreprise.com<\/strong><br>\r\nOptimum Automotive obtiene 14 millones de euros de financiaci\u00f3n\r\n<\/figcaption><\/div> \r\n\r\n<div class=\"wp-block-image\"> \r\n<a href=\"https:\/\/bu.optimum-automotive.com\/wp-content\/uploads\/2024\/07\/pdf\/optimum_automotive_leve_des_fonds_pour_accelerer_son_developpement.pdf\" title=\"journalauto.com\" type=\"application\/pdf\" target=\"_blank\" rel=\"noopener\"><img loading=\"lazy\" decoding=\"async\" src=\"https:\/\/bu.optimum-automotive.com\/wp-content\/uploads\/2024\/07\/jpg\/01-303.jpg\" width=\"151\" height=\"200\" alt=\"PDF - 2,7 Mb\"><\/a>\r\n<figcaption class=\"wp-element-caption\"><strong>journalauto.com<\/strong><br>\r\nOptimum Automotive recauda fondos para acelerar su desarrollo\r\n<\/figcaption><\/div> \r\n\r\n<div class=\"wp-block-image\">\r\n<a href=\"https:\/\/bu.optimum-automotive.com\/wp-content\/uploads\/2024\/07\/pdf\/optimum_automotive_aix_boucle_une_levee_de_14_millions_-_gomet_.pdf\" title=\"gomet.net\" type=\"application\/pdf\" target=\"_blank\" rel=\"noopener\"><img loading=\"lazy\" decoding=\"async\" src=\"https:\/\/bu.optimum-automotive.com\/wp-content\/uploads\/2024\/07\/jpg\/01-301.jpg\" width=\"151\" height=\"200\" alt=\"PDF - 903,2 kb\"><\/a>\r\n<figcaption class=\"wp-element-caption\"><strong>gomet.net<\/strong><br>\r\nOptimum Automotive (Aix) recauda 14 millones de euros\r\n<\/figcaption><\/div> \r\n<div class=\"wp-block-image\">\r\n\t\r\n<a href=\"https:\/\/bu.optimum-automotive.com\/wp-content\/uploads\/2024\/07\/pdf\/optimum_automotive_leve_14_millions_d_euros.pdf\" title=\"LNP\" type=\"application\/pdf\" target=\"_blank\" rel=\"noopener\"><img loading=\"lazy\" decoding=\"async\" src=\"https:\/\/bu.optimum-automotive.com\/wp-content\/uploads\/2024\/07\/jpg\/01-302.jpg\" width=\"151\" height=\"200\" alt=\"PDF - 1007,2 kb\"><\/a>\r\n<figcaption class=\"wp-element-caption\"><strong>LNP<\/strong><br>\r\nOptimum Automotive recauda 14 millones de euros\r\n<\/figcaption><\/div> \r\n\r\n<div class=\"wp-block-image\"> \r\n<a href=\"https:\/\/bu.optimum-automotive.com\/wp-content\/uploads\/2024\/07\/pdf\/la_solution_rentway_s_enrichit_grace_a_un_partenariat_avec_optimum_automotive_ok.pdf\" title=\"automobile-entreprise.com\" type=\"application\/pdf\" target=\"_blank\" rel=\"noopener\"><img loading=\"lazy\" decoding=\"async\" src=\"https:\/\/bu.optimum-automotive.com\/wp-content\/uploads\/2024\/07\/jpg\/00-2.jpg\" width=\"151\" height=\"200\" alt=\"PDF - 840,7 kb\"><\/a>\r\n<figcaption class=\"wp-element-caption\"><strong>automobile-entreprise.com<\/strong><br>\r\nLa soluci\u00f3n Rentway se ve reforzada por una asociaci\u00f3n con Optimum Automotive\r\n<\/figcaption><\/div> \r\n\r\n<div class=\"wp-block-image\">\r\n<a href=\"https:\/\/bu.optimum-automotive.com\/wp-content\/uploads\/2024\/07\/pdf\/optimum_automotive_leve_14_meur_convainc_paris_fonds_vert_-_greenunivers.pdf\" title=\"greenunivers.com\" type=\"application\/pdf\" target=\"_blank\" rel=\"noopener\"><img loading=\"lazy\" decoding=\"async\" src=\"https:\/\/bu.optimum-automotive.com\/wp-content\/uploads\/2024\/07\/jpg\/01-305.jpg\" width=\"151\" height=\"200\" alt=\"PDF - 984,6 kb\"><\/a>\r\n<figcaption class=\"wp-element-caption\"><strong>greenunivers.com<\/strong><br>\r\nOptimum Automotive recauda 14 millones de euros y convence al Fondo Verde de Par\u00eds\r\n<\/figcaption><\/div> \r\n\r\n<div class=\"wp-block-image\">\r\n<a href=\"https:\/\/bu.optimum-automotive.com\/wp-content\/uploads\/2024\/07\/pdf\/immobiliere_atlantic_amenagement___autopartage_et_telematique.pdf\" title=\"flotauto.com\" type=\"application\/pdf\" target=\"_blank\" rel=\"noopener\"><img loading=\"lazy\" decoding=\"async\" src=\"https:\/\/bu.optimum-automotive.com\/wp-content\/uploads\/2024\/07\/jpg\/01-300.jpg\" width=\"151\" height=\"200\" alt=\"PDF - 149,3 kb\"><\/a>\r\n<figcaption class=\"wp-element-caption\"><strong>flotauto.com<\/strong><br>\r\nImmobili\u00e8re Atlantic Am\u00e9nagement: coche compartido y telem\u00e1tica\r\n<\/figcaption><\/div> \r\n\r\n<div class=\"wp-block-image\">\r\n<a href=\"https:\/\/bu.optimum-automotive.com\/wp-content\/uploads\/2024\/07\/jpg\/img_0387-_002_.jpg\" title=\"PARTIDO EN PAR\u00cdS\" type=\"image\/jpeg\" onclick=\"\" class=\"cboxElement hasbox\" target=\"_blank\" rel=\"noopener\"><img loading=\"lazy\" decoding=\"async\" src=\"https:\/\/bu.optimum-automotive.com\/wp-content\/uploads\/2024\/07\/jpg\/01-299.jpg\" width=\"151\" height=\"200\" alt=\"JPEG - 48,6 kb\"><\/a>\r\n<figcaption class=\"wp-element-caption\"><strong>PARTIDO EN PAR\u00cdS<\/strong><br>\r\nUna empresa que da ejemplo\r\n<\/figcaption><\/div> \r\n\r\n<div class=\"wp-block-image\">\r\n<a href=\"https:\/\/bu.optimum-automotive.com\/wp-content\/uploads\/2024\/07\/pdf\/rentway_interface_avec_optimum_automotive.pdf\" title=\"flotauto.com\" type=\"application\/pdf\" target=\"_blank\" rel=\"noopener\"><img loading=\"lazy\" decoding=\"async\" src=\"https:\/\/bu.optimum-automotive.com\/wp-content\/uploads\/2024\/07\/jpg\/01-298.jpg\" width=\"151\" height=\"200\" alt=\"PDF - 117,6 kb\"><\/a>\r\n<figcaption class=\"wp-element-caption\"><strong>flotauto.com<\/strong><br>\r\nInterfaz Rentway con Optimum Automotive\r\n<\/figcaption><\/div> \r\n\r\n<div class=\"wp-block-image\">\r\n<a href=\"https:\/\/bu.optimum-automotive.com\/wp-content\/uploads\/2024\/07\/pdf\/immobiliere_atlantic_amenagement_bascule_vers_l_auto-partage.pdf\" title=\"Les Echos\" type=\"application\/pdf\" target=\"_blank\" rel=\"noopener\"><img loading=\"lazy\" decoding=\"async\" src=\"https:\/\/bu.optimum-automotive.com\/wp-content\/uploads\/2024\/07\/jpg\/01-297.jpg\" width=\"151\" height=\"200\" alt=\"PDF - 1,8 Mb\"><\/a>\r\n<figcaption class=\"wp-element-caption\"><strong>Les Echos<\/strong><br>\r\nImmobili\u00e8re Atlantic Am\u00e9nagement se pasa al coche compartido\r\n<\/figcaption><\/div> \r\n\r\n<div class=\"wp-block-image\">\r\n<a href=\"https:\/\/bu.optimum-automotive.com\/wp-content\/uploads\/2024\/07\/pdf\/mobilite___recomposer_son_offre_de_deplacement.pdf\" title=\"D\u00e9cision-Achats.fr\" type=\"application\/pdf\" target=\"_blank\" rel=\"noopener\"><img loading=\"lazy\" decoding=\"async\" src=\"https:\/\/bu.optimum-automotive.com\/wp-content\/uploads\/2024\/07\/jpg\/01-296.jpg\" width=\"151\" height=\"200\" alt=\"PDF - 686,9 kb\"><\/a>\r\n<figcaption class=\"wp-element-caption\"><strong>D\u00e9cision-Achats.fr<\/strong><br>\r\nMovilidad: reorganizar su oferta de viajes\r\n<\/figcaption><\/div> \r\n\r\n<div class=\"wp-block-image\">\r\n<a href=\"https:\/\/bu.optimum-automotive.com\/wp-content\/uploads\/2024\/07\/pdf\/2019-11-01-decideurs_magazine-31-10.pdf\" title=\"Responsables de la toma de decisiones\" type=\"application\/pdf\" target=\"_blank\" rel=\"noopener\"><img loading=\"lazy\" decoding=\"async\" src=\"https:\/\/bu.optimum-automotive.com\/wp-content\/uploads\/2024\/07\/jpg\/01-14.png\" width=\"151\" height=\"200\" alt=\"PDF - 929,7 kb\"><\/a>\r\n<figcaption class=\"wp-element-caption\"><strong>Responsables de la toma de decisiones<\/strong><br>\r\n\u00bfQU\u00c9 NUEVOS SERVICIOS PARA FLOTAS DE EMPRESAS?\r\n<\/figcaption><\/div> \r\n\r\n<div class=\"wp-block-image\">\r\n<a href=\"https:\/\/bu.optimum-automotive.com\/wp-content\/uploads\/2024\/07\/pdf\/optimum_automotive_a_participe_a_la_5ieme_edition_de_bpifrance-inno-generation.pdf\" title=\"industrie-mag.com\" type=\"application\/pdf\" target=\"_blank\" rel=\"noopener\"><img loading=\"lazy\" decoding=\"async\" src=\"https:\/\/bu.optimum-automotive.com\/wp-content\/uploads\/2024\/07\/jpg\/01-295.jpg\" width=\"151\" height=\"200\" alt=\"PDF - 128,9 kb\"><\/a>\r\n<figcaption class=\"wp-element-caption\"><strong>industrie-mag.com<\/strong><br>\r\nOptimum Automotive particip\u00f3 en la 5\u00aa edici\u00f3n de BPIfrance-Inno-G\u00e9n\u00e9ration\r\n\r\n<\/figcaption><\/div> \r\n\r\n<h2 class=\"wp-block-heading\">OCTUBRE 2019<\/h2>\r\n\r\n<div class=\"wp-block-image\">\r\n<a href=\"https:\/\/bu.optimum-automotive.com\/wp-content\/uploads\/2024\/07\/pdf\/nexusauto_etoffe_son_offre_de_services.pdf\" title=\"decisionatelier.com\" type=\"application\/pdf\" target=\"_blank\" rel=\"noopener\"><img loading=\"lazy\" decoding=\"async\" src=\"https:\/\/bu.optimum-automotive.com\/wp-content\/uploads\/2024\/07\/jpg\/01-294.jpg\" width=\"151\" height=\"200\" alt=\"PDF - 1,1 Mb\"><\/a>\r\n<figcaption class=\"wp-element-caption\"><strong>decisionatelier.com<\/strong><br>\r\nNexusAuto ampl\u00eda su gama de servicios\r\n<\/figcaption><\/div> \r\n\r\n<div class=\"wp-block-image\">\r\n<a href=\"https:\/\/bu.optimum-automotive.com\/wp-content\/uploads\/2024\/07\/pdf\/connect_fleet_2019_c_est_dans_un_mois.pdf\" title=\"automobile-entreprise.com\" type=\"application\/pdf\" target=\"_blank\" rel=\"noopener\"><img loading=\"lazy\" decoding=\"async\" src=\"https:\/\/bu.optimum-automotive.com\/wp-content\/uploads\/2024\/07\/jpg\/01-13.png\" width=\"151\" height=\"200\" alt=\"PDF - 1,8 Mb\"><\/a>\r\n<figcaption class=\"wp-element-caption\"><strong>automobile-entreprise.com<\/strong><br>\r\n\u00a1#Connect flota 2019 est\u00e1 a s\u00f3lo un mes de distancia!\r\n<\/figcaption><\/div> \r\n\r\n<div class=\"wp-block-image\">\r\n<a href=\"https:\/\/bu.optimum-automotive.com\/wp-content\/uploads\/2024\/07\/pdf\/2019-10-22-www.flotauto.com-22_octobre_2019-50000000334215717.pdf\" title=\"flotauto.com\" type=\"application\/pdf\" target=\"_blank\" rel=\"noopener\"><img loading=\"lazy\" decoding=\"async\" src=\"https:\/\/bu.optimum-automotive.com\/wp-content\/uploads\/2024\/07\/jpg\/01-293.jpg\" width=\"151\" height=\"200\" alt=\"PDF - 126,5 kb\"><\/a>\r\n<figcaption class=\"wp-element-caption\"><strong>flotauto.com<\/strong><br>\r\nLa flota de Findrive est\u00e1 equipada con telem\u00e1tica\r\n<\/figcaption><\/div> \r\n\r\n<div class=\"wp-block-image\"> \r\n<a href=\"https:\/\/bu.optimum-automotive.com\/wp-content\/uploads\/2024\/07\/pdf\/mapping_control_integre_l_outil_de_gestion_de_parc_optipark_-_deplacements_pros.pdf\" title=\"deplacementspros.com\" type=\"application\/pdf\" target=\"_blank\" rel=\"noopener\"><img loading=\"lazy\" decoding=\"async\" src=\"https:\/\/bu.optimum-automotive.com\/wp-content\/uploads\/2024\/07\/jpg\/01-292.jpg\" width=\"151\" height=\"200\" alt=\"PDF - 2,9 Mb\"><\/a>\r\n<figcaption class=\"wp-element-caption\"><strong>deplacementspros.com<\/strong><br>\r\nMapping Control integra la herramienta de gesti\u00f3n de flotas Optipark\r\n<\/figcaption><\/div> \r\n\r\n<div class=\"wp-block-image\">\r\n<a href=\"https:\/\/bu.optimum-automotive.com\/wp-content\/uploads\/2024\/07\/pdf\/mapping_control_partenaire_de_findrive.pdf\" title=\"automobile-entreprise.com\" type=\"application\/pdf\" target=\"_blank\" rel=\"noopener\"><img loading=\"lazy\" decoding=\"async\" src=\"https:\/\/bu.optimum-automotive.com\/wp-content\/uploads\/2024\/07\/jpg\/01-291.jpg\" width=\"151\" height=\"200\" alt=\"PDF - 1,1 Mb\"><\/a>\r\n<figcaption class=\"wp-element-caption\"><strong>automobile-entreprise.com<\/strong><br>\r\nMapping Control se convierte en socio de Findrive\r\n<\/figcaption><\/div> \r\n\r\n<div class=\"wp-block-image\">\r\n<a href=\"https:\/\/bu.optimum-automotive.com\/wp-content\/uploads\/2024\/07\/pdf\/2019-10-15-www.industrie-mag.com-15_octobre_2019-50000000333972951.pdf\" title=\"industrie-mag.com\" type=\"application\/pdf\" target=\"_blank\" rel=\"noopener\"><img loading=\"lazy\" decoding=\"async\" src=\"https:\/\/bu.optimum-automotive.com\/wp-content\/uploads\/2024\/07\/jpg\/01-284.jpg\" width=\"151\" height=\"200\" alt=\"PDF - 97,1 kb\"><\/a>\r\n<figcaption class=\"wp-element-caption\"><strong>industrie-mag.com<\/strong><br>\r\nMapping Control actualiza su oferta de \"Geolocalizaci\u00f3n\r\n<\/figcaption><\/div> \r\n\r\n<div class=\"wp-block-image\">\r\n<a href=\"https:\/\/bu.optimum-automotive.com\/wp-content\/uploads\/2024\/07\/pdf\/optipark_le_nouvel_outil_de_gestion_de_flotte_de_mapping_control.pdf\" title=\"automobile-entreprise.com\" type=\"application\/pdf\" target=\"_blank\" rel=\"noopener\"><img loading=\"lazy\" decoding=\"async\" src=\"https:\/\/bu.optimum-automotive.com\/wp-content\/uploads\/2024\/07\/jpg\/01-283.jpg\" width=\"151\" height=\"200\" alt=\"PDF - 1,4 Mb\"><\/a>\r\n<figcaption class=\"wp-element-caption\"><strong>automobile-entreprise.com<\/strong><br>\r\nOptipark, la nueva herramienta de gesti\u00f3n de flotas de Mapping Control\r\n<\/figcaption><\/div> \r\n\r\n<div class=\"wp-block-image\"> \r\n<a href=\"https:\/\/bu.optimum-automotive.com\/wp-content\/uploads\/2024\/07\/pdf\/mapping_control_s_enrichit_du_service_optipark_de_gestion_de_parc.pdf\" title=\"flotauto.com\" type=\"application\/pdf\" target=\"_blank\" rel=\"noopener\"><img loading=\"lazy\" decoding=\"async\" src=\"https:\/\/bu.optimum-automotive.com\/wp-content\/uploads\/2024\/07\/jpg\/01-282.jpg\" width=\"151\" height=\"200\" alt=\"PDF - 73,8 kb\"><\/a>\r\n<figcaption class=\"wp-element-caption\"><strong>flotauto.com<\/strong><br>\r\nMapping Control a\u00f1ade el servicio de gesti\u00f3n de flotas Optipark\r\n\r\n<\/figcaption><\/div> \r\n\r\n<h2 class=\"wp-block-heading\">SEPTIEMBRE 2019<\/h2>\r\n\r\n<div class=\"wp-block-image\">\r\n<a href=\"https:\/\/bu.optimum-automotive.com\/wp-content\/uploads\/2024\/07\/pdf\/connect_fleet_2019_28-29-11-deauville.pdf\" title=\"automobile-entreprise.com\" type=\"application\/pdf\" target=\"_blank\" rel=\"noopener\"><img loading=\"lazy\" decoding=\"async\" src=\"https:\/\/bu.optimum-automotive.com\/wp-content\/uploads\/2024\/07\/jpg\/01-281.jpg\" width=\"151\" height=\"200\" alt=\"PDF - 1,4 Mb\"><\/a>\r\n<figcaption class=\"wp-element-caption\"><strong>automobile-entreprise.com<\/strong><br>\r\nFlota Connect 2019: Deauville, 28 y 29 de noviembre\r\n\r\n<\/figcaption><\/div> \r\n\r\n<h2 class=\"wp-block-heading\">AGOSTO 2019<\/h2>\r\n\r\n<div class=\"wp-block-image\"> \r\n<a href=\"https:\/\/bu.optimum-automotive.com\/wp-content\/uploads\/2024\/07\/pdf\/2019-08-08-l_automobile_l_entreprise-aout_-_septembre_2019-10000000057224041.pdf\" title=\"Coches y negocios\" type=\"application\/pdf\" target=\"_blank\" rel=\"noopener\"><img loading=\"lazy\" decoding=\"async\" src=\"https:\/\/bu.optimum-automotive.com\/wp-content\/uploads\/2024\/07\/jpg\/01-280.jpg\" width=\"151\" height=\"200\" alt=\"PDF - 509,9 kb\"><\/a>\r\n<figcaption class=\"wp-element-caption\"><strong>Coches y negocios<\/strong><br>\r\nVOZ DE DIRECCI\u00d3N, Magalie Trouv\u00e9 Orl\u00e9ans M\u00e9tropole\r\n\r\n<\/figcaption><\/div> \r\n\r\n<h2 class=\"wp-block-heading\">JULIO 2019<\/h2>\r\n\r\n<div class=\"wp-block-image\"> \r\n<a href=\"https:\/\/bu.optimum-automotive.com\/wp-content\/uploads\/2024\/07\/pdf\/2019-07-24-la_tribune-24_juillet_2019-10000000057165348.pdf\" title=\"La Tribune\" type=\"application\/pdf\" target=\"_blank\" rel=\"noopener\"><img loading=\"lazy\" decoding=\"async\" src=\"https:\/\/bu.optimum-automotive.com\/wp-content\/uploads\/2024\/07\/jpg\/01-278.jpg\" width=\"151\" height=\"200\" alt=\"PDF - 431,9 kb\"><\/a>\r\n<figcaption class=\"wp-element-caption\"><strong>La Tribune<\/strong><br>\r\nC\u00d3MO GESTIONA SU CRECIMIENTO OPTIMUM AUTOMOTIVE\r\n<\/figcaption><\/div> \r\n \r\n\r\n<div class=\"wp-block-image\"> \r\n<a href=\"https:\/\/bu.optimum-automotive.com\/wp-content\/uploads\/2024\/07\/pdf\/amtoday.pdf\" title=\"am-hoy.com\" type=\"application\/pdf\" target=\"_blank\" rel=\"noopener\"><img loading=\"lazy\" decoding=\"async\" src=\"https:\/\/bu.optimum-automotive.com\/wp-content\/uploads\/2024\/07\/jpg\/01-279.jpg\" width=\"151\" height=\"200\" alt=\"PDF - 546,3 kb\"><\/a>\r\n<figcaption class=\"wp-element-caption\"><strong>am-hoy.com<\/strong><br>\r\nOptimum Automotive: nuevo sitio web de gesti\u00f3n de flotas\r\n<\/figcaption><\/div> \r\n\r\n<div class=\"wp-block-image\">\r\n<a href=\"https:\/\/bu.optimum-automotive.com\/wp-content\/uploads\/2024\/07\/pdf\/optimum_automotive_lance_son_data_hub___une_nouvelle_solution_pour_la_gestion_des_flottes_automobiles.pdf\" title=\"deplacementspros.com\" type=\"application\/pdf\" target=\"_blank\" rel=\"noopener\"><img loading=\"lazy\" decoding=\"async\" src=\"https:\/\/bu.optimum-automotive.com\/wp-content\/uploads\/2024\/07\/jpg\/01-277.jpg\" width=\"151\" height=\"200\" alt=\"PDF - 698,4 kb\"><\/a>\r\n<figcaption class=\"wp-element-caption\"><strong>deplacementspros.com<\/strong><br>\r\nOptimum Automotive lanza su Data Hub: una nueva soluci\u00f3n para la gesti\u00f3n de flotas de veh\u00edculos\r\n\r\n<\/figcaption><\/div> \r\n\r\n<h2 class=\"wp-block-heading\">JUNIO 2019<\/h2>\r\n\r\n<div class=\"wp-block-image\">\r\n<a href=\"https:\/\/bu.optimum-automotive.com\/wp-content\/uploads\/2024\/07\/pdf\/2019-06-27-kilometres_entreprise-juin_2019-10000000057006306.pdf\" title=\"KIL\u00d3METROS EMPRESA\" type=\"application\/pdf\" target=\"_blank\" rel=\"noopener\"><img loading=\"lazy\" decoding=\"async\" src=\"https:\/\/bu.optimum-automotive.com\/wp-content\/uploads\/2024\/07\/jpg\/01-276.jpg\" width=\"151\" height=\"200\" alt=\"PDF - 1,4 Mb\"><\/a>\r\n<figcaption class=\"wp-element-caption\"><strong>KIL\u00d3METROS EMPRESA<\/strong><br>\r\nAPLICACIONES: MOVILIDAD VIRTUAL\r\n<\/figcaption><\/div> \r\n\r\n<div class=\"wp-block-image\"> \r\n<a href=\"https:\/\/bu.optimum-automotive.com\/wp-content\/uploads\/2024\/07\/pdf\/tokstercom_optimum-automotive-ergonomise-son-site-web.pdf\" title=\"tokster.com\" type=\"application\/pdf\" target=\"_blank\" rel=\"noopener\"><img loading=\"lazy\" decoding=\"async\" src=\"https:\/\/bu.optimum-automotive.com\/wp-content\/uploads\/2024\/07\/jpg\/01-275.jpg\" width=\"151\" height=\"200\" alt=\"PDF - 1,9 Mb\"><\/a>\r\n<figcaption class=\"wp-element-caption\"><strong>tokster.com<\/strong><br>\r\nOptimum Automotive facilita el uso de su sitio web\r\n<\/figcaption><\/div> \r\n\r\n<div class=\"wp-block-image\"> \r\n<a href=\"https:\/\/bu.optimum-automotive.com\/wp-content\/uploads\/2024\/07\/pdf\/2019-06-20-flottes_automobiles-juin_2019-10000000056966019.pdf\" title=\"FLOTAS DE COCHES\" type=\"application\/pdf\" target=\"_blank\" rel=\"noopener\"><img loading=\"lazy\" decoding=\"async\" src=\"https:\/\/bu.optimum-automotive.com\/wp-content\/uploads\/2024\/07\/jpg\/01-274.jpg\" width=\"151\" height=\"200\" alt=\"PDF - 1008 kb\"><\/a>\r\n<figcaption class=\"wp-element-caption\"><strong>FLOTAS DE COCHES<\/strong><br>\r\nProveedores de servicios cuidadosos\r\n<\/figcaption><\/div> \r\n\r\n<div class=\"wp-block-image\">\r\n<a href=\"https:\/\/bu.optimum-automotive.com\/wp-content\/uploads\/2024\/07\/pdf\/2019-06-23-le_journal_des_flottes-juin_-_juillet_2019-10000000056986099.pdf\" title=\"Peri\u00f3dico Fleet\" type=\"application\/pdf\" target=\"_blank\" rel=\"noopener\"><img loading=\"lazy\" decoding=\"async\" src=\"https:\/\/bu.optimum-automotive.com\/wp-content\/uploads\/2024\/07\/jpg\/01-272.jpg\" width=\"151\" height=\"200\" alt=\"PDF - 1,6 Mb\"><\/a>\r\n<figcaption class=\"wp-element-caption\"><strong>Peri\u00f3dico Fleet<\/strong><br>\r\nMayor experiencia en datos\r\n<\/figcaption><\/div> \r\n\r\n<div class=\"wp-block-image\">\r\n<a href=\"https:\/\/bu.optimum-automotive.com\/wp-content\/uploads\/2024\/07\/pdf\/2019-06-20-flottes_automobiles-juin_2019-10000000056966023.pdf\" title=\"flotauto.com\" type=\"application\/pdf\" target=\"_blank\" rel=\"noopener\"><img loading=\"lazy\" decoding=\"async\" src=\"https:\/\/bu.optimum-automotive.com\/wp-content\/uploads\/2024\/07\/jpg\/01-273.jpg\" width=\"151\" height=\"200\" alt=\"PDF - 350,5 kb\"><\/a>\r\n<figcaption class=\"wp-element-caption\"><strong>flotauto.com<\/strong><br>\r\nGrupo ADS: la telem\u00e1tica como herramienta polivalente\r\n<\/figcaption><\/div> \r\n\r\n<div class=\"wp-block-image\">\r\n<a href=\"https:\/\/bu.optimum-automotive.com\/wp-content\/uploads\/2024\/07\/pdf\/optimum_automotive_s_offre_un_nouveau_site_web.pdf\" title=\"automobile-entreprise.com\" type=\"application\/pdf\" target=\"_blank\" rel=\"noopener\"><img loading=\"lazy\" decoding=\"async\" src=\"https:\/\/bu.optimum-automotive.com\/wp-content\/uploads\/2024\/07\/jpg\/01-270.jpg\" width=\"151\" height=\"200\" alt=\"PDF - 1,1 Mb\"><\/a>\r\n<figcaption class=\"wp-element-caption\"><strong>automobile-entreprise.com<\/strong><br>\r\nOptimum Automotive estrena p\u00e1gina web\r\n<\/figcaption><\/div> \r\n\r\n<div class=\"wp-block-image\">\r\n<a href=\"https:\/\/bu.optimum-automotive.com\/wp-content\/uploads\/2024\/07\/pdf\/nouveau_site_internet_pour_optimum_automotive.pdf\" title=\"decisionatelier.com\" type=\"application\/pdf\" target=\"_blank\" rel=\"noopener\"><img loading=\"lazy\" decoding=\"async\" src=\"https:\/\/bu.optimum-automotive.com\/wp-content\/uploads\/2024\/07\/jpg\/01-271.jpg\" width=\"151\" height=\"200\" alt=\"PDF - 2 Mb\"><\/a>\r\n<figcaption class=\"wp-element-caption\"><strong>decisionatelier.com<\/strong><br>\r\nNuevo sitio web de Optimum Automotive\r\n<\/figcaption><\/div> \r\n\r\n<h2 class=\"wp-block-heading\">MAYO 2019<\/h2>\r\n\r\n<div class=\"wp-block-image\">\r\n<a href=\"https:\/\/bu.optimum-automotive.com\/wp-content\/uploads\/2024\/07\/pdf\/en_provence_de_plus_en_plus_de_societes_eprouvent_des_difficultes_pour_recruter___la_provence.pdf\" title=\"www.laprovence.com\" type=\"application\/pdf\" target=\"_blank\" rel=\"noopener\"><img loading=\"lazy\" decoding=\"async\" src=\"https:\/\/bu.optimum-automotive.com\/wp-content\/uploads\/2024\/07\/jpg\/01-269.jpg\" width=\"151\" height=\"200\" alt=\"PDF - 375,3 kb\"><\/a>\r\n<figcaption class=\"wp-element-caption\"><strong>www.laprovence.com<\/strong><br>\r\nEn Provenza, cada vez son m\u00e1s las empresas que tienen dificultades para contratar.\r\n<\/figcaption><\/div> \r\n\r\n<h2 class=\"wp-block-heading\">ABRIL 2019<\/h2>\r\n\r\n<div class=\"wp-block-image\">\r\n<a href=\"https:\/\/bu.optimum-automotive.com\/wp-content\/uploads\/2024\/07\/pdf\/economie__un_geant_mondial_du_vehicule_connecte___la_provence.pdf\" title=\"www.laprovence.com\" type=\"application\/pdf\" target=\"_blank\" rel=\"noopener\"><img loading=\"lazy\" decoding=\"async\" src=\"https:\/\/bu.optimum-automotive.com\/wp-content\/uploads\/2024\/07\/jpg\/01-268.jpg\" width=\"151\" height=\"200\" alt=\"PDF - 1,5 Mb\"><\/a>\r\n<figcaption class=\"wp-element-caption\"><strong>www.laprovence.com<\/strong><br>\r\nEsta PYME provenzal quiere convertirse en un gigante mundial de los veh\u00edculos conectados\r\n<\/figcaption><\/div> \r\n\r\n<div class=\"wp-block-image\"> \r\n<a href=\"https:\/\/bu.optimum-automotive.com\/wp-content\/uploads\/2024\/07\/pdf\/optimum_automotive_optimise_la_gestion_des_amendes_au_sein_des_flottes-3.pdf\" title=\".industrie-mag.com\" type=\"application\/pdf\" target=\"_blank\" rel=\"noopener\"><img loading=\"lazy\" decoding=\"async\" src=\"https:\/\/bu.optimum-automotive.com\/wp-content\/uploads\/2024\/07\/jpg\/01-267.jpg\" width=\"151\" height=\"200\" alt=\"PDF - 72,4 kb\"><\/a>\r\n<figcaption class=\"wp-element-caption\"><strong>.industrie-mag.com<\/strong><br>\r\nOptimum Automotive optimiza la gesti\u00f3n de multas en las flotas\r\n<\/figcaption><\/div> \r\n\r\n<div class=\"wp-block-image\"> \r\n<a href=\"https:\/\/bu.optimum-automotive.com\/wp-content\/uploads\/2024\/07\/pdf\/flotte_d_entreprise__optimum_automotive_lance_une_solution_de_gestion_des_pv.pdf\" title=\"deplacementspros.com\" type=\"application\/pdf\" target=\"_blank\" rel=\"noopener\"><img loading=\"lazy\" decoding=\"async\" src=\"https:\/\/bu.optimum-automotive.com\/wp-content\/uploads\/2024\/07\/jpg\/01-266.jpg\" width=\"151\" height=\"200\" alt=\"PDF - 73,3 kb\"><\/a>\r\n<figcaption class=\"wp-element-caption\"><strong>deplacementspros.com<\/strong><br>\r\nFlota de empresas: Optimum Automotive ofrece una soluci\u00f3n de gesti\u00f3n fotovoltaica\r\n<\/figcaption><\/div> \r\n\r\n<div class=\"wp-block-image\">\r\n<a href=\"https:\/\/bu.optimum-automotive.com\/wp-content\/uploads\/2024\/07\/pdf\/supplement-04-2019_p5.pdf\" title=\"SUPLEMENTO LE PARISIEN\" type=\"application\/pdf\" target=\"_blank\" rel=\"noopener\"><img loading=\"lazy\" decoding=\"async\" src=\"https:\/\/bu.optimum-automotive.com\/wp-content\/uploads\/2024\/07\/jpg\/01-265.jpg\" width=\"151\" height=\"200\" alt=\"PDF - 1,9 Mb\"><\/a>\r\n<figcaption class=\"wp-element-caption\"><strong>SUPLEMENTO LE PARISIEN<\/strong><br>\r\nLa gesti\u00f3n de flotas conectadas se ocupa de las multas\r\n<\/figcaption><\/div> \r\n\r\n<div class=\"wp-block-image\">\r\n<a href=\"https:\/\/bu.optimum-automotive.com\/wp-content\/uploads\/2024\/07\/pdf\/gestionnaire_de_flotte___sur_la_route_de_la_mobilite.pdf\" title=\"flotauto.com\" type=\"application\/pdf\" target=\"_blank\" rel=\"noopener\"><img loading=\"lazy\" decoding=\"async\" src=\"https:\/\/bu.optimum-automotive.com\/wp-content\/uploads\/2024\/07\/jpg\/01-264.jpg\" width=\"151\" height=\"200\" alt=\"PDF - 509,2 kb\"><\/a>\r\n<figcaption class=\"wp-element-caption\"><strong>flotauto.com<\/strong><br>\r\nGestor de flotas: hacia la movilidad\r\n<\/figcaption><\/div> \r\n\r\n<h2 class=\"wp-block-heading\">FEBRERO 2019<\/h2>\r\n\r\n<div class=\"wp-block-image\">\r\n<a href=\"https:\/\/bu.optimum-automotive.com\/wp-content\/uploads\/2024\/07\/pdf\/2018-12-27-flottes_automobiles_guide-n_0_-_2018-10000000055792743.pdf\" title=\"GU\u00cdA DE FLOTAS DE AUTOM\u00d3VILES\" type=\"application\/pdf\" target=\"_blank\" rel=\"noopener\"><img loading=\"lazy\" decoding=\"async\" src=\"https:\/\/bu.optimum-automotive.com\/wp-content\/uploads\/2024\/07\/jpg\/01-10.png\" width=\"188\" height=\"250\" alt=\"PDF - 719 kb\"><\/a>\r\n<figcaption class=\"wp-element-caption\"><strong>GU\u00cdA DE FLOTAS DE AUTOM\u00d3VILES<\/strong><br>\r\nCompetici\u00f3n en pleno apogeo\r\n<\/figcaption><\/div> \r\n\r\n<div class=\"wp-block-image\">\r\n<a href=\"https:\/\/bu.optimum-automotive.com\/wp-content\/uploads\/2024\/07\/pdf\/2019-02-13-www.mtom-mag.com-13_f_vrier_2019-50000000324926986.pdf\" title=\"mtom-mag.com\" type=\"application\/pdf\" target=\"_blank\" rel=\"noopener\"><img loading=\"lazy\" decoding=\"async\" src=\"https:\/\/bu.optimum-automotive.com\/wp-content\/uploads\/2024\/07\/jpg\/01-9.png\" width=\"188\" height=\"250\" alt=\"PDF - 80,9 kb\"><\/a>\r\n<figcaption class=\"wp-element-caption\"><strong>mtom-mag.com<\/strong><br>\r\nFlotAuto 2019, Optimum Automotive presenta su gama de veh\u00edculos conectados\r\n<\/figcaption><\/div> \r\n\r\n<h2 class=\"wp-block-heading\">ENERO 2019<\/h2>\r\n\r\n<div class=\"wp-block-image\">\r\n<a href=\"https:\/\/bu.optimum-automotive.com\/wp-content\/uploads\/2024\/07\/pdf\/autopartage_et_covoiturage___le_marche_commence_a_fremir__01_19.pdf\" title=\"Flotas de autom\u00f3viles\" type=\"application\/pdf\" target=\"_blank\" rel=\"noopener\"><img loading=\"lazy\" decoding=\"async\" src=\"https:\/\/bu.optimum-automotive.com\/wp-content\/uploads\/2024\/07\/jpg\/01-261.jpg\" width=\"188\" height=\"250\" alt=\"PDF - 314,5 kb\"><\/a>\r\n<figcaption class=\"wp-element-caption\"><strong>Flotas de autom\u00f3viles<\/strong><br>\r\nCompartir coche: el mercado est\u00e1 en auge\r\n<\/figcaption><\/div> \r\n\r\n<h2 class=\"wp-block-heading\">NOVIEMBRE 2018<\/h2>\r\n\r\n<div class=\"wp-block-image\"> \r\n<a href=\"https:\/\/bu.optimum-automotive.com\/wp-content\/uploads\/2024\/07\/pdf\/le_parisien.pdf\" title=\"LE PARISIEN : SUPLEMENTO\" type=\"application\/pdf\" target=\"_blank\" rel=\"noopener\"><img loading=\"lazy\" decoding=\"async\" src=\"https:\/\/bu.optimum-automotive.com\/wp-content\/uploads\/2024\/07\/jpg\/01-262.jpg\" width=\"188\" height=\"250\" alt=\"PDF - 7,2 Mb\"><\/a>\r\n<figcaption class=\"wp-element-caption\"><strong>LE PARISIEN : SUPLEMENTO<\/strong><br>\r\nLa aplicaci\u00f3n que facilita el uso compartido del coche\r\n<\/figcaption><\/div> \r\n\r\n<div class=\"wp-block-image\">\r\n<a href=\"https:\/\/bu.optimum-automotive.com\/wp-content\/uploads\/2024\/07\/pdf\/entretien_avec_daniel_vassalucci_president_doptimum_automotive_-_kilometres_en.pdf\" title=\"KMS Kil\u00f3metros Empresa\" type=\"application\/pdf\" target=\"_blank\" rel=\"noopener\"><img loading=\"lazy\" decoding=\"async\" src=\"https:\/\/bu.optimum-automotive.com\/wp-content\/uploads\/2024\/07\/jpg\/01-263.jpg\" width=\"188\" height=\"250\" alt=\"PDF - 1,2 Mb\"><\/a>\r\n<figcaption class=\"wp-element-caption\"><strong>KMS Kil\u00f3metros Empresa<\/strong><br>\r\nEntrevista con Daniel Vassalucci: Presidente de Optimum Automotive\r\n<\/figcaption><\/div> \r\n\r\n<div class=\"wp-block-image\">\r\n<a href=\"https:\/\/bu.optimum-automotive.com\/wp-content\/uploads\/2024\/07\/pdf\/les_datas_aux_commandes_de_la_gestion_de_flottes.pdf\" title=\"D\u00e9cision-achats.fr\" type=\"application\/pdf\" target=\"_blank\" rel=\"noopener\"><img loading=\"lazy\" decoding=\"async\" src=\"https:\/\/bu.optimum-automotive.com\/wp-content\/uploads\/2024\/07\/jpg\/01-260.jpg\" width=\"188\" height=\"250\" alt=\"PDF - 368,3 kb\"><\/a>\r\n<figcaption class=\"wp-element-caption\"><strong>D\u00e9cision-achats.fr<\/strong><br>\r\nLos datos, motor de la gesti\u00f3n de flotas\r\n<\/figcaption><\/div> \r\n\r\n<div class=\"wp-block-image\">\r\n<a href=\"https:\/\/bu.optimum-automotive.com\/wp-content\/uploads\/2024\/07\/pdf\/2018-11-10-officiel_des_transporteurs_supplement2.pdf\" title=\"L&#039;Officiel des transporteurs Suplemento \" type=\"application\/pdf\" target=\"_blank\" rel=\"noopener\"><img loading=\"lazy\" decoding=\"async\" src=\"https:\/\/bu.optimum-automotive.com\/wp-content\/uploads\/2024\/07\/jpg\/01-258.jpg\" width=\"188\" height=\"250\" alt=\"PDF - 174 kb\"><\/a>\r\n<figcaption class=\"wp-element-caption\"><strong>L'Officiel des transporteurs Suplemento <\/strong><br>\r\nEspecialista en veh\u00edculos conectados, Mapping Control\r\n<\/figcaption><\/div> \r\n\r\n<div class=\"wp-block-image\"> \r\n<a href=\"https:\/\/bu.optimum-automotive.com\/wp-content\/uploads\/2024\/07\/pdf\/2018-11-10-officiel_des_transporteurs_supplement.pdf\" title=\"L&#039;Officiel des transporteurs\" type=\"application\/pdf\" target=\"_blank\" rel=\"noopener\"><img loading=\"lazy\" decoding=\"async\" src=\"https:\/\/bu.optimum-automotive.com\/wp-content\/uploads\/2024\/07\/jpg\/01-257.jpg\" width=\"188\" height=\"250\" alt=\"PDF - 493,7 kb\"><\/a>\r\n<figcaption class=\"wp-element-caption\"><strong>L'Officiel des transporteurs<\/strong><br>\r\nSMART DATA: una palanca para la competitividad\r\n<\/figcaption><\/div> \r\n\r\n<h2 class=\"wp-block-heading\">OCTUBRE 2018<\/h2>\r\n\r\n<div class=\"wp-block-image\">\r\n<a href=\"https:\/\/bu.optimum-automotive.com\/wp-content\/uploads\/2024\/07\/pdf\/skm_c224e18112211440.pdf\" title=\"Flotas de autom\u00f3viles\" type=\"application\/pdf\" target=\"_blank\" rel=\"noopener\"><img loading=\"lazy\" decoding=\"async\" src=\"https:\/\/bu.optimum-automotive.com\/wp-content\/uploads\/2024\/07\/jpg\/01-259.jpg\" width=\"188\" height=\"250\" alt=\"PDF - 250,4 kb\"><\/a>\r\n<figcaption class=\"wp-element-caption\"><strong>Flotas de autom\u00f3viles<\/strong><br>\r\nSeguridad vial: la ecoconducci\u00f3n vuelve al orden del d\u00eda\r\n<\/figcaption><\/div> \r\n\r\n<h2 class=\"wp-block-heading\">JULIO 2018<\/h2>\r\n\r\n<div class=\"wp-block-image\">\r\n<a href=\"https:\/\/bu.optimum-automotive.com\/wp-content\/uploads\/2024\/07\/pdf\/optimum_automotive_group_covoiturage_et_autopartage_la_voix_des_entreprises.pdf\" title=\"industrie-mag.com\" type=\"application\/pdf\" target=\"_blank\" rel=\"noopener\"><img loading=\"lazy\" decoding=\"async\" src=\"https:\/\/bu.optimum-automotive.com\/wp-content\/uploads\/2024\/07\/jpg\/01-255.jpg\" width=\"188\" height=\"250\" alt=\"PDF - 277 kb\"><\/a>\r\n<figcaption class=\"wp-element-caption\"><strong>industrie-mag.com<\/strong><br>\r\nOptimum Automotive Group, Car sharing y car pooling,<br class=\"autobr\">\r\nla voz de las empresas\r\n<\/figcaption><\/div> \r\n\r\n<div class=\"wp-block-image\">\r\n<a href=\"https:\/\/bu.optimum-automotive.com\/wp-content\/uploads\/2024\/07\/pdf\/economie___aix___mapping_control_etend_ses_activites___la_provence2.pdf\" title=\"La Provence.com\" type=\"application\/pdf\" target=\"_blank\" rel=\"noopener\"><img loading=\"lazy\" decoding=\"async\" src=\"https:\/\/bu.optimum-automotive.com\/wp-content\/uploads\/2024\/07\/jpg\/01-254.jpg\" width=\"188\" height=\"250\" alt=\"PDF - 1,2 Mb\"><\/a>\r\n<figcaption class=\"wp-element-caption\"><strong>La Provence.com<\/strong><br>\r\nAix: Mapping Control ampl\u00eda sus actividades\r\n<\/figcaption><\/div> \r\n\r\n<h2 class=\"wp-block-heading\">JUNIO 2018<\/h2>\r\n\r\n<div class=\"wp-block-image\"> \r\n<a href=\"https:\/\/bu.optimum-automotive.com\/wp-content\/uploads\/2024\/07\/pdf\/une_nouvelle_solution_d_autopartage_dediee_aux_entreprises.pdf\" title=\"d\u00e9placementspros.com\" type=\"application\/pdf\" target=\"_blank\" rel=\"noopener\"><img loading=\"lazy\" decoding=\"async\" src=\"https:\/\/bu.optimum-automotive.com\/wp-content\/uploads\/2024\/07\/jpg\/01-253.jpg\" width=\"151\" height=\"200\" alt=\"PDF - 349,1 kb\"><\/a>\r\n<figcaption class=\"wp-element-caption\"><strong>d\u00e9placementspros.com<\/strong><br>\r\n+ UNA NUEVA SOLUCI\u00d3N DE COCHE COMPARTIDO DEDICADA A<br class=\"autobr\">\r\nEMPRESAS\r\n<\/figcaption><\/div> \r\n\r\n<div class=\"wp-block-image\"> \r\n<a href=\"https:\/\/bu.optimum-automotive.com\/wp-content\/uploads\/2024\/07\/pdf\/largus_ed_pro_83_apro4533.pdf\" title=\"pro.largus.fr\" type=\"application\/pdf\" target=\"_blank\" rel=\"noopener\"><img loading=\"lazy\" decoding=\"async\" src=\"https:\/\/bu.optimum-automotive.com\/wp-content\/uploads\/2024\/07\/jpg\/01-252.jpg\" width=\"188\" height=\"250\" alt=\"PDF - 308,8 kb\"><\/a>\r\n<figcaption class=\"wp-element-caption\"><strong>pro.largus.fr<\/strong><br>\r\nDaniel Vassallucci: Presidente de Optimum Automotive Group\r\n<\/figcaption><\/div> \r\n\r\n<div class=\"wp-block-image\">\r\n<a href=\"https:\/\/bu.optimum-automotive.com\/wp-content\/uploads\/2024\/07\/pdf\/tribune_07-06.pdf\" title=\"La Tribune\" type=\"application\/pdf\" target=\"_blank\" rel=\"noopener\"><img loading=\"lazy\" decoding=\"async\" src=\"https:\/\/bu.optimum-automotive.com\/wp-content\/uploads\/2024\/07\/jpg\/01-250.jpg\" width=\"188\" height=\"250\" alt=\"PDF - 164,2 kb\"><\/a>\r\n<figcaption class=\"wp-element-caption\"><strong>La Tribune<\/strong><br>\r\nMapping Control, la \"vieja start-up\" que nunca deja de innovar\r\n<\/figcaption><\/div> \r\n\r\n<div class=\"wp-block-image\"> \r\n<a href=\"https:\/\/bu.optimum-automotive.com\/wp-content\/uploads\/2024\/07\/pdf\/2018-06-04-businews-juin_18-10000000054432959.pdf\" title=\"BUSINEWS\" type=\"application\/pdf\" target=\"_blank\" rel=\"noopener\"><img loading=\"lazy\" decoding=\"async\" src=\"https:\/\/bu.optimum-automotive.com\/wp-content\/uploads\/2024\/07\/jpg\/01-251.jpg\" width=\"188\" height=\"250\" alt=\"PDF - 612 kb\"><\/a>\r\n<figcaption class=\"wp-element-caption\"><strong>BUSINEWS<\/strong><br>\r\nCOCHES DEL FUTURO: PROVENCE PONE TODA LA CARNE EN EL ASADOR\r\n<\/figcaption><\/div> \r\n\r\n<div class=\"wp-block-image\"> \r\n<a href=\"https:\/\/bu.optimum-automotive.com\/wp-content\/uploads\/2024\/07\/pdf\/2018-05-25-le_journal_des_flottes-avril_mai_18-10000000054373209.pdf\" title=\"Diario de la Flota\" type=\"application\/pdf\" target=\"_blank\" rel=\"noopener\"><img loading=\"lazy\" decoding=\"async\" src=\"https:\/\/bu.optimum-automotive.com\/wp-content\/uploads\/2024\/07\/jpg\/01-246.jpg\" width=\"188\" height=\"250\" alt=\"PDF - 1022,5 kb\"><\/a>\r\n<figcaption class=\"wp-element-caption\"><strong>Diario de la Flota<\/strong><br>\r\nTELEM\u00c1TICA: de los datos brutos al an\u00e1lisis detallado\r\n<\/figcaption><\/div> \r\n\r\n<div class=\"wp-block-image\">\r\n<a href=\"https:\/\/bu.optimum-automotive.com\/wp-content\/uploads\/2024\/07\/pdf\/2018-05-29-www.daf-mag.fr-29_mai_2018-50000000312878148.pdf\" title=\"DAF-mag.fr\" type=\"application\/pdf\" target=\"_blank\" rel=\"noopener\"><img loading=\"lazy\" decoding=\"async\" src=\"https:\/\/bu.optimum-automotive.com\/wp-content\/uploads\/2024\/07\/jpg\/01-247.jpg\" width=\"188\" height=\"250\" alt=\"PDF - 215,5 kb\"><\/a>\r\n<figcaption class=\"wp-element-caption\"><strong>DAF-mag.fr<\/strong><br>\r\nEl empleado, el delito... y el empresario\r\n<\/figcaption><\/div> \r\n\r\n<div class=\"wp-block-image\">\r\n<a href=\"https:\/\/bu.optimum-automotive.com\/wp-content\/uploads\/2024\/07\/pdf\/2018-05-15-www.industrie-mag.com-15_mai_2018-50000000312169571.pdf\" title=\"industrie-mag.com\" type=\"application\/pdf\" target=\"_blank\" rel=\"noopener\"><img loading=\"lazy\" decoding=\"async\" src=\"https:\/\/bu.optimum-automotive.com\/wp-content\/uploads\/2024\/07\/jpg\/01-245.jpg\" width=\"188\" height=\"250\" alt=\"PDF - 86,3 kb\"><\/a>\r\n<figcaption class=\"wp-element-caption\"><strong>industrie-mag.com<\/strong><br>\r\nMapping Control, la marca se acerca a las franquicias\r\n<\/figcaption><\/div> \r\n\r\n<div class=\"wp-block-image\">\r\n<a href=\"https:\/\/bu.optimum-automotive.com\/wp-content\/uploads\/2024\/07\/pdf\/2018-05-30-www.actionco.fr-30_mai_2018-50000000312901729.pdf\" title=\"actionco.fr\" type=\"application\/pdf\" target=\"_blank\" rel=\"noopener\"><img loading=\"lazy\" decoding=\"async\" src=\"https:\/\/bu.optimum-automotive.com\/wp-content\/uploads\/2024\/07\/jpg\/01-248.jpg\" width=\"188\" height=\"250\" alt=\"PDF - 101,8 kb\"><\/a>\r\n<figcaption class=\"wp-element-caption\"><strong>actionco.fr<\/strong><br>\r\nEl empleado, el delito... y el empresario\r\n<\/figcaption><\/div> \r\n\r\n<div class=\"wp-block-image\"> \r\n<a href=\"https:\/\/bu.optimum-automotive.com\/wp-content\/uploads\/2024\/07\/pdf\/2018-06-01-www.decision-achats.fr-1_juin_2018-50000000313082550.pdf\" title=\"D\u00e9cision-achats.fr\" type=\"application\/pdf\" target=\"_blank\" rel=\"noopener\"><img loading=\"lazy\" decoding=\"async\" src=\"https:\/\/bu.optimum-automotive.com\/wp-content\/uploads\/2024\/07\/jpg\/01-249.jpg\" width=\"188\" height=\"250\" alt=\"PDF - 215,5 kb\"><\/a>\r\n<figcaption class=\"wp-element-caption\"><strong>D\u00e9cision-achats.fr<\/strong><br>\r\nEl empleado, el delito... y el empresario\r\n<\/figcaption><\/div> \r\n\r\n<h2 class=\"wp-block-heading\">MAYO 2018<\/h2>\r\n\r\n<div class=\"wp-block-image\">\r\n<a href=\"https:\/\/bu.optimum-automotive.com\/wp-content\/uploads\/2024\/07\/pdf\/mapping_control_veut_seduire_les_franchises.pdf\" title=\"Coches y negocios\" type=\"application\/pdf\" target=\"_blank\" rel=\"noopener\"><img loading=\"lazy\" decoding=\"async\" src=\"https:\/\/bu.optimum-automotive.com\/wp-content\/uploads\/2024\/07\/jpg\/01-244.jpg\" width=\"188\" height=\"250\" alt=\"PDF - 703,4 kb\"><\/a>\r\n<figcaption class=\"wp-element-caption\"><strong>Coches y negocios<\/strong><br>\r\nMapping Control quiere ganarse a las franquicias\r\n<\/figcaption><\/div> \r\n\r\n<div class=\"wp-block-image\">\r\n<a href=\"https:\/\/bu.optimum-automotive.com\/wp-content\/uploads\/2024\/07\/pdf\/mapping_control_a_l_assaut_des_franchises.pdf\" title=\"Taller de decisi\u00f3n\" type=\"application\/pdf\" target=\"_blank\" rel=\"noopener\"><img loading=\"lazy\" decoding=\"async\" src=\"https:\/\/bu.optimum-automotive.com\/wp-content\/uploads\/2024\/07\/jpg\/01-242.jpg\" width=\"188\" height=\"250\" alt=\"PDF - 1,4 Mb\"><\/a>\r\n<figcaption class=\"wp-element-caption\"><strong>Taller de decisi\u00f3n<\/strong><br>\r\nMapping Control adquiere franquicias\r\n<\/figcaption><\/div> \r\n\r\n<div class=\"wp-block-image\"> \r\n<a href=\"https:\/\/bu.optimum-automotive.com\/wp-content\/uploads\/2024\/07\/pdf\/mapping_control_la_marque_se_rapproche_des_franchises.pdf\" title=\"industrie-mag.com\" type=\"application\/pdf\" target=\"_blank\" rel=\"noopener\"><img loading=\"lazy\" decoding=\"async\" src=\"https:\/\/bu.optimum-automotive.com\/wp-content\/uploads\/2024\/07\/jpg\/01-243.jpg\" width=\"188\" height=\"250\" alt=\"PDF - 71,8 kb\"><\/a>\r\n<figcaption class=\"wp-element-caption\"><strong>industrie-mag.com<\/strong><br>\r\nMapping Control, la marca se acerca a las franquicias\r\n<\/figcaption><\/div> \r\n\r\n<h2 class=\"wp-block-heading\">ABRIL 2018<\/h2>\r\n\r\n<div class=\"wp-block-image\">\r\n<a href=\"https:\/\/bu.optimum-automotive.com\/wp-content\/uploads\/2024\/07\/pdf\/la_telematique_reduit_les_couts_des_entreprises.pdf\" title=\"Le Monde.fr\" type=\"application\/pdf\" target=\"_blank\" rel=\"noopener\"><img loading=\"lazy\" decoding=\"async\" src=\"https:\/\/bu.optimum-automotive.com\/wp-content\/uploads\/2024\/07\/jpg\/01-241.jpg\" width=\"188\" height=\"250\" alt=\"PDF - 157,6 kb\"><\/a>\r\n<figcaption class=\"wp-element-caption\"><strong>Le Monde.fr<\/strong><br>\r\nLa telem\u00e1tica reduce los costes empresariales\r\n<\/figcaption><\/div> \r\n\r\n<div class=\"wp-block-image\">\r\n<a href=\"https:\/\/bu.optimum-automotive.com\/wp-content\/uploads\/2024\/07\/pdf\/3595_dossier_flottes.pdf\" title=\"PARIS MATCH livematch\/auto\" type=\"application\/pdf\" target=\"_blank\" rel=\"noopener\"><img loading=\"lazy\" decoding=\"async\" src=\"https:\/\/bu.optimum-automotive.com\/wp-content\/uploads\/2024\/07\/jpg\/01-240.jpg\" width=\"188\" height=\"250\" alt=\"PDF - 564,2 kb\"><\/a>\r\n<figcaption class=\"wp-element-caption\"><strong>PARIS MATCH livematch\/auto<\/strong><br>\r\nVeh\u00edculos de empresa: el di\u00e9sel resiste, los el\u00e9ctricos despegan\r\n<\/figcaption><\/div> \r\n\r\n<h2 class=\"wp-block-heading\">MARZO 2018<\/h2>\r\n\r\n<div class=\"wp-block-image\"> \r\n<a href=\"https:\/\/bu.optimum-automotive.com\/wp-content\/uploads\/2024\/07\/pdf\/2018-03-16-flottes_automobiles-mars_18-2.pdf\" title=\"FLOTAS DE COCHES\" type=\"application\/pdf\" target=\"_blank\" rel=\"noopener\"><img loading=\"lazy\" decoding=\"async\" src=\"https:\/\/bu.optimum-automotive.com\/wp-content\/uploads\/2024\/07\/jpg\/021.jpg\" width=\"188\" height=\"250\" alt=\"PDF - 924,1 kb\"><\/a>\r\n<figcaption class=\"wp-element-caption\"><strong>FLOTAS DE COCHES<\/strong><br>\r\nTelem\u00e1tica a bordo, la competencia en pleno apogeo\r\n<\/figcaption><\/div> \r\n\r\n<div class=\"wp-block-image\"> \r\n<a href=\"https:\/\/bu.optimum-automotive.com\/wp-content\/uploads\/2024\/07\/pdf\/2018-03-16-flottes_automobiles-mars_18-1.pdf\" title=\"FLOTAS DE COCHES\" type=\"application\/pdf\" target=\"_blank\" rel=\"noopener\"><img loading=\"lazy\" decoding=\"async\" src=\"https:\/\/bu.optimum-automotive.com\/wp-content\/uploads\/2024\/07\/jpg\/01-239.jpg\" width=\"188\" height=\"250\" alt=\"PDF - 290,9 kb\"><\/a>\r\n<figcaption class=\"wp-element-caption\"><strong>FLOTAS DE COCHES<\/strong><br>\r\nTelem\u00e1tica a bordo. Ganancias a la vista\r\n<\/figcaption><\/div> \r\n\r\n<div class=\"wp-block-image\"> \r\n<a href=\"https:\/\/bu.optimum-automotive.com\/wp-content\/uploads\/2024\/07\/pdf\/2018-03-16-flottes_automobiles-mars_18.pdf\" title=\"FLOTAS DE COCHES\" type=\"application\/pdf\" target=\"_blank\" rel=\"noopener\"><img loading=\"lazy\" decoding=\"async\" src=\"https:\/\/bu.optimum-automotive.com\/wp-content\/uploads\/2024\/07\/jpg\/sans-titre-1.jpg\" width=\"188\" height=\"250\" alt=\"PDF - 163,7 kb\"><\/a>\r\n<figcaption class=\"wp-element-caption\"><strong>FLOTAS DE COCHES<\/strong><br>\r\nNACIMIENTO DEL GRUPO OPTIMUM AUTOMOTIVE\r\n<\/figcaption><\/div> \r\n\r\n<div class=\"wp-block-image\">\r\n<a href=\"https:\/\/bu.optimum-automotive.com\/wp-content\/uploads\/2024\/07\/pdf\/franck_gaultier_optimum_automotive.pdf\" title=\"Coches y negocios\" type=\"application\/pdf\" target=\"_blank\" rel=\"noopener\"><img loading=\"lazy\" decoding=\"async\" src=\"https:\/\/bu.optimum-automotive.com\/wp-content\/uploads\/2024\/07\/jpg\/01-237.jpg\" width=\"188\" height=\"250\" alt=\"PDF - 402,3 kb\"><\/a>\r\n<figcaption class=\"wp-element-caption\"><strong>Coches y negocios<\/strong><br>\r\nFranck Gaultier (Optimum Automotive Group) Nuestra fuerza reside en nuestra gama de servicios.\r\n<\/figcaption><\/div> \r\n\r\n<div class=\"wp-block-image\"> \r\n<a href=\"https:\/\/bu.optimum-automotive.com\/wp-content\/uploads\/2024\/07\/pdf\/skm_c224e18030514200.pdf\" title=\"Diario de FLottes\" type=\"application\/pdf\" target=\"_blank\" rel=\"noopener\"><img loading=\"lazy\" decoding=\"async\" src=\"https:\/\/bu.optimum-automotive.com\/wp-content\/uploads\/2024\/07\/jpg\/01-238.jpg\" width=\"188\" height=\"250\" alt=\"PDF - 276,8 kb\"><\/a>\r\n<figcaption class=\"wp-element-caption\"><strong>Diario de FLottes<\/strong><br>\r\nOPTIMUM AUTOMOTIVE DEJA SU IMPRONTA\r\n<\/figcaption><\/div> \r\n\r\n<div class=\"wp-block-image\">\r\n<a href=\"https:\/\/bu.optimum-automotive.com\/wp-content\/uploads\/2024\/07\/pdf\/2018-03-01-la_tribune_de_l_assurance-mars_18-10000000053745051.pdf\" title=\"La tribune de l&#039;Assurance\" type=\"application\/pdf\" target=\"_blank\" rel=\"noopener\"><img loading=\"lazy\" decoding=\"async\" src=\"https:\/\/bu.optimum-automotive.com\/wp-content\/uploads\/2024\/07\/jpg\/01-236.jpg\" width=\"188\" height=\"250\" alt=\"PDF - 364,5 kb\"><\/a>\r\n<figcaption class=\"wp-element-caption\"><strong>La tribune de l'Assurance<\/strong><br>\r\nGesti\u00f3n de flotas en modo Pay How You Drive\r\n<\/figcaption><\/div> \r\n\r\n<h2 class=\"wp-block-heading\">FEBRERO 2018<\/h2>\r\n\r\n<div class=\"wp-block-image\">\r\n<a href=\"https:\/\/bu.optimum-automotive.com\/wp-content\/uploads\/2024\/07\/pdf\/2018-02-16-actionco_vrier_2018-50000000307950934.pdf\" title=\"actionco.fr\" type=\"application\/pdf\" target=\"_blank\" rel=\"noopener\"><img loading=\"lazy\" decoding=\"async\" src=\"https:\/\/bu.optimum-automotive.com\/wp-content\/uploads\/2024\/07\/jpg\/01-235.jpg\" width=\"188\" height=\"250\" alt=\"PDF - 94,3 kb\"><\/a>\r\n<figcaption class=\"wp-element-caption\"><strong>actionco.fr<\/strong><br>\r\nCar-sharing: \u00a1el coche justo cuando lo necesitas!\r\n<\/figcaption><\/div> \r\n\r\n<div class=\"wp-block-image\">\r\n<a href=\"https:\/\/bu.optimum-automotive.com\/wp-content\/uploads\/2024\/07\/pdf\/telematique___renault_degaine_une_nouvelle_offre.pdf\" title=\"Coches y negocios\" type=\"application\/pdf\" target=\"_blank\" rel=\"noopener\"><img loading=\"lazy\" decoding=\"async\" src=\"https:\/\/bu.optimum-automotive.com\/wp-content\/uploads\/2024\/07\/jpg\/01-234.jpg\" width=\"188\" height=\"250\" alt=\"PDF - 386,3 kb\"><\/a>\r\n<figcaption class=\"wp-element-caption\"><strong>Coches y negocios<\/strong><br>\r\nTelem\u00e1tica: Renault lanza una nueva oferta\r\n<\/figcaption><\/div> \r\n\r\n<div class=\"wp-block-image\">\r\n<a href=\"https:\/\/bu.optimum-automotive.com\/wp-content\/uploads\/2024\/07\/pdf\/2018-02-17-journal_de_l_automobile-16_fev_18-10000000053626653.pdf\" title=\"Le Journal de l&#039;Automobile\" type=\"application\/pdf\" target=\"_blank\" rel=\"noopener\"><img loading=\"lazy\" decoding=\"async\" src=\"https:\/\/bu.optimum-automotive.com\/wp-content\/uploads\/2024\/07\/jpg\/01-232.jpg\" width=\"188\" height=\"250\" alt=\"PDF - 776,7 kb\"><\/a>\r\n<figcaption class=\"wp-element-caption\"><strong>Le Journal de l'Automobile<\/strong><br>\r\n\u00bfHora de despegar?\r\n<\/figcaption><\/div> \r\n\r\n<div class=\"wp-block-image\"> \r\n<a href=\"https:\/\/bu.optimum-automotive.com\/wp-content\/uploads\/2024\/07\/pdf\/sodiaal___la_preuve_par_l_eco-conduite.pdf\" title=\"flotauto.com\" type=\"application\/pdf\" target=\"_blank\" rel=\"noopener\"><img loading=\"lazy\" decoding=\"async\" src=\"https:\/\/bu.optimum-automotive.com\/wp-content\/uploads\/2024\/07\/jpg\/01-233.jpg\" width=\"188\" height=\"250\" alt=\"PDF - 179,3 kb\"><\/a>\r\n<figcaption class=\"wp-element-caption\"><strong>flotauto.com<\/strong><br>\r\nSodiaal: la prueba de la ecoconducci\u00f3n\r\n<\/figcaption><\/div> \r\n\r\n<div class=\"wp-block-image\">\r\n<a href=\"http:\/\/www.autok7.press\/lhomme-sait-parler-a-loreille-gestionnaires-de-flottes-secret-compression-de-couts-innovation-totale\/\" title=\"www.autok7.press\" target=\"_blank\" rel=\"noopener\"><img loading=\"lazy\" decoding=\"async\" src=\"https:\/\/bu.optimum-automotive.com\/wp-content\/uploads\/2024\/07\/jpg\/01-231.jpg\" width=\"188\" height=\"250\" alt=\"JPEG - 19,9 kb\"><\/a>\r\n<figcaption class=\"wp-element-caption\"><strong>www.autok7.press<\/strong><br>\r\nEl hombre que sabe c\u00f3mo hablar con los gestores de flotas... \u00bfSu secreto? Reducci\u00f3n de costes e innovaci\u00f3n. El paquete completo.\r\n<\/figcaption><\/div> \r\n\r\n<div class=\"wp-block-image\"> \r\n<a href=\"https:\/\/bu.optimum-automotive.com\/wp-content\/uploads\/2024\/07\/pdf\/optimum_automotive_group_integre_de_nouveaux_services.pdf\" title=\"FLOTAS DE COCHES\" type=\"application\/pdf\" target=\"_blank\" rel=\"noopener\"><img loading=\"lazy\" decoding=\"async\" src=\"https:\/\/bu.optimum-automotive.com\/wp-content\/uploads\/2024\/07\/jpg\/02-13.jpg\" width=\"188\" height=\"250\" alt=\"PDF - 63 kb\"><\/a>\r\n<figcaption class=\"wp-element-caption\"><strong>FLOTAS DE COCHES<\/strong><br>\r\nOptimum Automotive Group integra nuevos servicios\r\n<\/figcaption><\/div> \r\n\r\n<div class=\"wp-block-image\"> \r\n<a href=\"https:\/\/bu.optimum-automotive.com\/wp-content\/uploads\/2024\/07\/pdf\/mapping_control_devient_optimum_automotive_group.pdf\" title=\"Coches y negocios\" type=\"application\/pdf\" target=\"_blank\" rel=\"noopener\"><img loading=\"lazy\" decoding=\"async\" src=\"https:\/\/bu.optimum-automotive.com\/wp-content\/uploads\/2024\/07\/jpg\/01-230.jpg\" width=\"188\" height=\"250\" alt=\"PDF - 265,1 kb\"><\/a>\r\n<figcaption class=\"wp-element-caption\"><strong>Coches y negocios<\/strong><br>\r\nMapping Contrai se convierte en Optimum Automotive Group\r\n<\/figcaption><\/div> \r\n\r\n<h2 class=\"wp-block-heading\">DICIEMBRE 2017<\/h2>\r\n\r\n<div class=\"wp-block-image\"> \r\n<a href=\"https:\/\/bu.optimum-automotive.com\/wp-content\/uploads\/2024\/07\/pdf\/mapping_control_reduit_les_emissions_des_machines_de_tp_-_construction_cayola.pdf\" title=\"construcci\u00f3ncayola.com\" type=\"application\/pdf\" target=\"_blank\" rel=\"noopener\"><img loading=\"lazy\" decoding=\"async\" src=\"https:\/\/bu.optimum-automotive.com\/wp-content\/uploads\/2024\/07\/jpg\/01-227.jpg\" width=\"188\" height=\"250\" alt=\"PDF - 97,3 kb\"><\/a>\r\n<figcaption class=\"wp-element-caption\"><strong>construcci\u00f3ncayola.com<\/strong><br>\r\nMapping Control reduce las emisiones de las m\u00e1quinas TTP\r\n<\/figcaption><\/div> \r\n\r\n<h2 class=\"wp-block-heading\">NOVIEMBRE 2017<\/h2>\r\n\r\n<div class=\"wp-block-image\">\r\n<a href=\"https:\/\/bu.optimum-automotive.com\/wp-content\/uploads\/2024\/07\/pdf\/pages_de_km_-20171129075800.pdf\" title=\"Decisi\u00f3n de compra\" type=\"application\/pdf\" target=\"_blank\" rel=\"noopener\"><img loading=\"lazy\" decoding=\"async\" src=\"https:\/\/bu.optimum-automotive.com\/wp-content\/uploads\/2024\/07\/jpg\/01-226.jpg\" width=\"188\" height=\"250\" alt=\"PDF - 474,7 kb\"><\/a>\r\n<figcaption class=\"wp-element-caption\"><strong>Decisi\u00f3n de compra<\/strong><br>\r\nSeguridad vial: flotas bajo estrecha vigilancia\r\n<\/figcaption><\/div> \r\n \r\n\r\n<div class=\"wp-block-image\">\r\n<a href=\"https:\/\/bu.optimum-automotive.com\/wp-content\/uploads\/2024\/07\/pdf\/pages_de_km_-20171128130039.pdf\" title=\"decisi\u00f3n de compra\" type=\"application\/pdf\" target=\"_blank\" rel=\"noopener\"><img loading=\"lazy\" decoding=\"async\" src=\"https:\/\/bu.optimum-automotive.com\/wp-content\/uploads\/2024\/07\/jpg\/01-225.jpg\" width=\"188\" height=\"250\" alt=\"PDF - 838,5 kb\"><\/a>\r\n<figcaption class=\"wp-element-caption\"><strong>decisi\u00f3n de compra<\/strong><br>\r\nHerramientas de gesti\u00f3n de flotas: la revoluci\u00f3n de los datos\r\n<\/figcaption><\/div> \r\n\r\n<div class=\"wp-block-image\">\r\n<a href=\"https:\/\/bu.optimum-automotive.com\/wp-content\/uploads\/2024\/07\/pdf\/2017-11-18-www.daf-mag.fr-18_novembre_20171.pdf\" title=\"daf-mag.f\" type=\"application\/pdf\" target=\"_blank\" rel=\"noopener\"><img loading=\"lazy\" decoding=\"async\" src=\"https:\/\/bu.optimum-automotive.com\/wp-content\/uploads\/2024\/07\/jpg\/01-220.jpg\" width=\"188\" height=\"250\" alt=\"PDF - 158,9 kb\"><\/a>\r\n<figcaption class=\"wp-element-caption\"><strong>daf-mag.f<\/strong><br>\r\nDirectivos, \u00a1h\u00e1ganse la vida m\u00e1s f\u00e1cil con la tecnolog\u00eda!\r\n<\/figcaption><\/div> \r\n\r\n<div class=\"wp-block-image\">\r\n<a href=\"https:\/\/bu.optimum-automotive.com\/wp-content\/uploads\/2024\/07\/pdf\/2017-11-20-flottes_automobiles_guide-n_0_20172.pdf\" title=\"GU\u00cdA DE FLOTAS DE AUTOM\u00d3VILES\" type=\"application\/pdf\" target=\"_blank\" rel=\"noopener\"><img loading=\"lazy\" decoding=\"async\" src=\"https:\/\/bu.optimum-automotive.com\/wp-content\/uploads\/2024\/07\/jpg\/01-221.jpg\" width=\"188\" height=\"250\" alt=\"PDF - 990 kb\"><\/a>\r\n<figcaption class=\"wp-element-caption\"><strong>GU\u00cdA DE FLOTAS DE AUTOM\u00d3VILES<\/strong><br>\r\nTelem\u00e1tica: el TCO en el punto de mira\r\n<\/figcaption><\/div> \r\n\r\n<div class=\"wp-block-image\"> \r\n<a href=\"https:\/\/bu.optimum-automotive.com\/wp-content\/uploads\/2024\/07\/pdf\/2017-11-22-commerce_magazine-20_nov_17.pdf\" title=\"Revista Commerce\" type=\"application\/pdf\" target=\"_blank\" rel=\"noopener\"><img loading=\"lazy\" decoding=\"async\" src=\"https:\/\/bu.optimum-automotive.com\/wp-content\/uploads\/2024\/07\/jpg\/01-224.jpg\" width=\"188\" height=\"250\" alt=\"PDF - 544,8 kb\"><\/a>\r\n<figcaption class=\"wp-element-caption\"><strong>Revista Commerce<\/strong><br>\r\nIDENTIFICAR A LOS MALOS CONDUCTORES Gestores, \u00a1h\u00e1gase la vida m\u00e1s f\u00e1cil con la tecnolog\u00eda!\r\n<\/figcaption><\/div> \r\n\r\n<div class=\"wp-block-image\"> \r\n<a href=\"https:\/\/bu.optimum-automotive.com\/wp-content\/uploads\/2024\/07\/pdf\/2017-11-21-www.chefdentreprise.com-21_novembre_2017-2.pdf\" title=\"chefdentreprise.com\" type=\"application\/pdf\" target=\"_blank\" rel=\"noopener\"><img loading=\"lazy\" decoding=\"async\" src=\"https:\/\/bu.optimum-automotive.com\/wp-content\/uploads\/2024\/07\/jpg\/01-223.jpg\" width=\"188\" height=\"250\" alt=\"PDF - 86,5 kb\"><\/a>\r\n<figcaption class=\"wp-element-caption\"><strong>chefdentreprise.com<\/strong><br>\r\nCar-sharing: \u00a1el coche justo cuando lo necesitas!\r\n<\/figcaption><\/div> \r\n\r\n<div class=\"wp-block-image\">\r\n<a href=\"https:\/\/bu.optimum-automotive.com\/wp-content\/uploads\/2024\/07\/pdf\/2017-11-21-www.chefdentreprise.com-21_novembre_2017.pdf\" title=\"chefdentreprise.com\" type=\"application\/pdf\" target=\"_blank\" rel=\"noopener\"><img loading=\"lazy\" decoding=\"async\" src=\"https:\/\/bu.optimum-automotive.com\/wp-content\/uploads\/2024\/07\/jpg\/01-222.jpg\" width=\"188\" height=\"250\" alt=\"PDF - 87,4 kb\"><\/a>\r\n<figcaption class=\"wp-element-caption\"><strong>chefdentreprise.com<\/strong><br>\r\nLos parques automovil\u00edsticos, a examen\r\n<\/figcaption><\/div> \r\n\r\n<div class=\"wp-block-image\"> \r\n<a href=\"https:\/\/bu.optimum-automotive.com\/wp-content\/uploads\/2024\/07\/pdf\/2017-11-17-www.decision-achats.fr-17_novembre_2017.pdf\" title=\"decisi\u00f3n-achats.fr\" type=\"application\/pdf\" target=\"_blank\" rel=\"noopener\"><img loading=\"lazy\" decoding=\"async\" src=\"https:\/\/bu.optimum-automotive.com\/wp-content\/uploads\/2024\/07\/jpg\/01-219.jpg\" width=\"188\" height=\"250\" alt=\"PDF - 165,8 kb\"><\/a>\r\n<figcaption class=\"wp-element-caption\"><strong>decisi\u00f3n-achats.fr<\/strong><br>\r\nDirectivos, \u00a1h\u00e1ganse la vida m\u00e1s f\u00e1cil con la tecnolog\u00eda!\r\n<\/figcaption><\/div> \r\n\r\n<div class=\"wp-block-image\"> \r\n<a href=\"https:\/\/bu.optimum-automotive.com\/wp-content\/uploads\/2024\/07\/pdf\/km_-20171115084741.pdf\" title=\"AUTO ZEPROS\" type=\"application\/pdf\" target=\"_blank\" rel=\"noopener\"><img loading=\"lazy\" decoding=\"async\" src=\"https:\/\/bu.optimum-automotive.com\/wp-content\/uploads\/2024\/07\/jpg\/01-217.jpg\" width=\"188\" height=\"250\" alt=\"PDF - 221,3 kb\"><\/a>\r\n<figcaption class=\"wp-element-caption\"><strong>AUTO ZEPROS<\/strong><br>\r\n20 reparadores prueban MyClientConnected\r\n<\/figcaption><\/div> \r\n\r\n<div class=\"wp-block-image\">\r\n<a href=\"https:\/\/bu.optimum-automotive.com\/wp-content\/uploads\/2024\/07\/pdf\/2017-11-07-l_equipe-07_nov_17.pdf\" title=\"El equipo\" type=\"application\/pdf\" target=\"_blank\" rel=\"noopener\"><img loading=\"lazy\" decoding=\"async\" src=\"https:\/\/bu.optimum-automotive.com\/wp-content\/uploads\/2024\/07\/jpg\/01-216.jpg\" width=\"188\" height=\"250\" alt=\"PDF - 465,7 kb\"><\/a>\r\n<figcaption class=\"wp-element-caption\"><strong>El equipo<\/strong><br>\r\nVeh\u00edculos ultraconectados, una importante fuente de ahorro para las empresas\r\n<\/figcaption><\/div> \r\n\r\n<div class=\"wp-block-image\"> \r\n<a href=\"https:\/\/bu.optimum-automotive.com\/wp-content\/uploads\/2024\/07\/pdf\/2017-11-17-www.chefdentreprise.com-17_novembre_2017.pdf\" title=\"chefdentreprise.com\" type=\"application\/pdf\" target=\"_blank\" rel=\"noopener\"><img loading=\"lazy\" decoding=\"async\" src=\"https:\/\/bu.optimum-automotive.com\/wp-content\/uploads\/2024\/07\/jpg\/01-218.jpg\" width=\"188\" height=\"250\" alt=\"PDF - 173,4 kb\"><\/a>\r\n<figcaption class=\"wp-element-caption\"><strong>chefdentreprise.com<\/strong><br>\r\nDirectivos, \u00a1h\u00e1ganse la vida m\u00e1s f\u00e1cil con la tecnolog\u00eda!\r\n\r\n<\/figcaption><\/div> \r\n\r\n<h2 class=\"wp-block-heading\">OCTUBRE 2017<\/h2>\r\n\r\n\r\n<div class=\"wp-block-image\">\r\n<a href=\"https:\/\/bu.optimum-automotive.com\/wp-content\/uploads\/2024\/07\/pdf\/la_gestion_de_flottes_sous_l_emprise_de_la_data.pdf\" title=\"lopinion.fr\" type=\"application\/pdf\" target=\"_blank\" rel=\"noopener\"><img loading=\"lazy\" decoding=\"async\" src=\"https:\/\/bu.optimum-automotive.com\/wp-content\/uploads\/2024\/07\/jpg\/01-215.jpg\" width=\"188\" height=\"250\" alt=\"PDF - 617,3 kb\"><\/a>\r\n<figcaption class=\"wp-element-caption\"><strong>lopinion.fr<\/strong><br>\r\nFlotas de empresas La gesti\u00f3n de flotas al alcance de los datos\r\n<\/figcaption><\/div> \r\n\r\n<div class=\"wp-block-image\">\r\n<a href=\"https:\/\/bu.optimum-automotive.com\/wp-content\/uploads\/2024\/07\/pdf\/2017-10-26-www.chefdentreprise.com-26_octobre_2017-50000000302961039.pdf\" title=\"chefdentreprise.com\" type=\"application\/pdf\" target=\"_blank\" rel=\"noopener\"><img loading=\"lazy\" decoding=\"async\" src=\"https:\/\/bu.optimum-automotive.com\/wp-content\/uploads\/2024\/07\/jpg\/01-214.jpg\" width=\"188\" height=\"250\" alt=\"PDF - 146,3 kb\"><\/a>\r\n<figcaption class=\"wp-element-caption\"><strong>chefdentreprise.com<\/strong><br>\r\nIdentificar a los malos conductores: \u00a1la tecnolog\u00eda puede facilitar la vida a los directivos!\r\n<\/figcaption><\/div> \r\n\r\n<div class=\"wp-block-image\">\r\n<a href=\"https:\/\/bu.optimum-automotive.com\/wp-content\/uploads\/2024\/07\/pdf\/2017-10-26-www.decision-achats.fr-26_octobre_2017-50000000302963528.pdf\" title=\"D\u00e9cision-Achats.fr\" type=\"application\/pdf\" target=\"_blank\" rel=\"noopener\"><img loading=\"lazy\" decoding=\"async\" src=\"https:\/\/bu.optimum-automotive.com\/wp-content\/uploads\/2024\/07\/jpg\/01-212.jpg\" width=\"188\" height=\"250\" alt=\"PDF - 146,1 kb\"><\/a>\r\n<figcaption class=\"wp-element-caption\"><strong>D\u00e9cision-Achats.fr<\/strong><br>\r\nIdentificar a los malos conductores: directivos, p\u00f3nganselo f\u00e1cil<br class=\"autobr\">\r\nla vida a trav\u00e9s de la tecnolog\u00eda\r\n<\/figcaption><\/div> \r\n\r\n<div class=\"wp-block-image\">\r\n<a href=\"https:\/\/bu.optimum-automotive.com\/wp-content\/uploads\/2024\/07\/pdf\/2017-10-27-les_cahiers_de_l_opinion-27_28_oct_17-10000000052681450.pdf\" title=\"LES CAHIERS DE L&#039;OPINION\" type=\"application\/pdf\" target=\"_blank\" rel=\"noopener\"><img loading=\"lazy\" decoding=\"async\" src=\"https:\/\/bu.optimum-automotive.com\/wp-content\/uploads\/2024\/07\/jpg\/01-211.jpg\" width=\"188\" height=\"250\" alt=\"PDF - 161,1 kb\"><\/a>\r\n<figcaption class=\"wp-element-caption\"><strong>LES CAHIERS DE L'OPINION<\/strong><br>\r\nBig data significa gesti\u00f3n en tiempo real\r\n<\/figcaption><\/div> \r\n\r\n<div class=\"wp-block-image\">\r\n<a href=\"https:\/\/bu.optimum-automotive.com\/wp-content\/uploads\/2024\/07\/pdf\/2017-10-24-decision_atelier-oct_17-10000000052654880.pdf\" title=\"Taller de decisi\u00f3n\" type=\"application\/pdf\" target=\"_blank\" rel=\"noopener\"><img loading=\"lazy\" decoding=\"async\" src=\"https:\/\/bu.optimum-automotive.com\/wp-content\/uploads\/2024\/07\/jpg\/01-210.jpg\" width=\"188\" height=\"250\" alt=\"PDF - 228,3 kb\"><\/a>\r\n<figcaption class=\"wp-element-caption\"><strong>Taller de decisi\u00f3n<\/strong><br>\r\nMapping Control quiere fidelizar a los conductores con My Connected Customer\r\n<\/figcaption><\/div> \r\n\r\n<div class=\"wp-block-image\">\r\n<a href=\"https:\/\/bu.optimum-automotive.com\/wp-content\/uploads\/2024\/07\/pdf\/2017-10-27-www.actionco.fr-27_octobre_2017-50000000302959310.pdf\" title=\"Acci\u00f3n.fr\" type=\"application\/pdf\" target=\"_blank\" rel=\"noopener\"><img loading=\"lazy\" decoding=\"async\" src=\"https:\/\/bu.optimum-automotive.com\/wp-content\/uploads\/2024\/07\/jpg\/01-213.jpg\" width=\"188\" height=\"250\" alt=\"PDF - 149,8 kb\"><\/a>\r\n<figcaption class=\"wp-element-caption\"><strong>Acci\u00f3n.fr<\/strong><br>\r\nIdentificar a los malos conductores: \u00a1la tecnolog\u00eda puede facilitar la vida a los directivos!\r\n<\/figcaption><\/div> \r\n\r\n<div class=\"wp-block-image\">\r\n<a href=\"https:\/\/bu.optimum-automotive.com\/wp-content\/uploads\/2024\/07\/pdf\/2017-10-19-flottes_automobiles-oct_17-10000000052615837.pdf\" title=\"Flotas de autom\u00f3viles\" type=\"application\/pdf\" target=\"_blank\" rel=\"noopener\"><img loading=\"lazy\" decoding=\"async\" src=\"https:\/\/bu.optimum-automotive.com\/wp-content\/uploads\/2024\/07\/jpg\/01-209.jpg\" width=\"188\" height=\"250\" alt=\"PDF - 169,3 kb\"><\/a>\r\n<figcaption class=\"wp-element-caption\"><strong>Flotas de autom\u00f3viles<\/strong><br>\r\nEL CONTROL CARTOGR\u00c1FICO CONECTA AL CLIENTE\r\n<\/figcaption><\/div> \r\n\r\n<div class=\"wp-block-image\">\r\n<a href=\"https:\/\/bu.optimum-automotive.com\/wp-content\/uploads\/2024\/07\/pdf\/mapping_control_lance_monclientconnecte.pdf\" title=\"journalauto.com\" type=\"application\/pdf\" target=\"_blank\" rel=\"noopener\"><img loading=\"lazy\" decoding=\"async\" src=\"https:\/\/bu.optimum-automotive.com\/wp-content\/uploads\/2024\/07\/jpg\/01-208.jpg\" width=\"188\" height=\"250\" alt=\"PDF - 122,6 kb\"><\/a>\r\n<figcaption class=\"wp-element-caption\"><strong>journalauto.com<\/strong><br>\r\nMapeo Control lanza MyClientConnected\r\n<\/figcaption><\/div> \r\n\r\n<h2 class=\"wp-block-heading\">SEPTIEMBRE 2017<\/h2>\r\n\r\n<div class=\"wp-block-image\">\r\n<a href=\"https:\/\/bu.optimum-automotive.com\/wp-content\/uploads\/2024\/07\/pdf\/mapping_control_connecte_concessions_et_reparateurs_avec_leurs_clients.pdf\" title=\"Flotas de autom\u00f3viles\" type=\"application\/pdf\" target=\"_blank\" rel=\"noopener\"><img loading=\"lazy\" decoding=\"async\" src=\"https:\/\/bu.optimum-automotive.com\/wp-content\/uploads\/2024\/07\/jpg\/01-207.jpg\" width=\"188\" height=\"250\" alt=\"PDF - 109 Kb\"><\/a>\r\n<figcaption class=\"wp-element-caption\"><strong>Flotas de autom\u00f3viles<\/strong><br>\r\nLos concesionarios y talleres se conectan con \"mi cliente conectado\r\n<\/figcaption><\/div> \r\n\r\n<div class=\"wp-block-image\">\r\n<a href=\"https:\/\/bu.optimum-automotive.com\/wp-content\/uploads\/2024\/07\/pdf\/lusinedigitale.pdf\" title=\"La F\u00e1brica Digital\" type=\"application\/pdf\" target=\"_blank\" rel=\"noopener\"><img loading=\"lazy\" decoding=\"async\" src=\"https:\/\/bu.optimum-automotive.com\/wp-content\/uploads\/2024\/07\/jpg\/01-206.jpg\" width=\"188\" height=\"250\" alt=\"PDF - 60,4 kb\"><\/a>\r\n<figcaption class=\"wp-element-caption\"><strong>La F\u00e1brica Digital<\/strong><br>\r\nPass French Tech, el buque insignia de la<br class=\"autobr\">\r\nFrancia como naci\u00f3n emergente\r\n<\/figcaption><\/div> \r\n\r\n<div class=\"wp-block-image\">\r\n<a href=\"https:\/\/bu.optimum-automotive.com\/wp-content\/uploads\/2024\/07\/pdf\/mapping_control_lance_sa_solution_mon_client_connecte_-_auto_infos.pdf\" title=\"Auto Infos\" type=\"application\/pdf\" target=\"_blank\" rel=\"noopener\"><img loading=\"lazy\" decoding=\"async\" src=\"https:\/\/bu.optimum-automotive.com\/wp-content\/uploads\/2024\/07\/jpg\/01-205.jpg\" width=\"188\" height=\"250\" alt=\"PDF - 527,6 kb\"><\/a>\r\n<figcaption class=\"wp-element-caption\"><strong>Auto Infos<\/strong><br>\r\nMapping Contrai lanza su soluci\u00f3n My Connected Customer\r\n<\/figcaption><\/div> \r\n\t\r\n<div class=\"wp-block-image\">\r\n<a href=\"https:\/\/bu.optimum-automotive.com\/wp-content\/uploads\/2024\/07\/pdf\/mc_mon_client_connecte.pdf\" title=\"Taller de decisi\u00f3n\" type=\"application\/pdf\" target=\"_blank\" rel=\"noopener\"><img loading=\"lazy\" decoding=\"async\" src=\"https:\/\/bu.optimum-automotive.com\/wp-content\/uploads\/2024\/07\/jpg\/01-204.jpg\" width=\"188\" height=\"250\" alt=\"PDF - 431,6 kb\"><\/a>\r\n<figcaption class=\"wp-element-caption\"><strong>Taller de decisi\u00f3n<\/strong><br>\r\nMapping Contrai quiere fidelizar a los conductores con My Connected Customer\r\n<\/figcaption><\/div> \r\n\r\n<div class=\"wp-block-image\">\r\n<a href=\"https:\/\/bu.optimum-automotive.com\/wp-content\/uploads\/2024\/07\/pdf\/2017-09-11-www.flotauto.com-11_septembre_2017-50000000300437364.pdf\" title=\"Flotas de autom\u00f3viles\" type=\"application\/pdf\" target=\"_blank\" rel=\"noopener\"><img loading=\"lazy\" decoding=\"async\" src=\"https:\/\/bu.optimum-automotive.com\/wp-content\/uploads\/2024\/07\/jpg\/01-201.jpg\" width=\"188\" height=\"250\" alt=\"PDF - 107,8 kb\"><\/a>\r\n<figcaption class=\"wp-element-caption\"><strong>Flotas de autom\u00f3viles<\/strong><br>\r\nEngie Ineo: coche compartido y telem\u00e1tica\r\n<\/figcaption><\/div>\r\n\t\r\n<div class=\"wp-block-image\">\r\n<a href=\"https:\/\/bu.optimum-automotive.com\/wp-content\/uploads\/2024\/07\/pdf\/2017-09-11-www.flotauto.com-11_septembre_2017-50000000300437394.pdf\" title=\"Flotas de autom\u00f3viles\" type=\"application\/pdf\" target=\"_blank\" rel=\"noopener\"><img loading=\"lazy\" decoding=\"async\" src=\"https:\/\/bu.optimum-automotive.com\/wp-content\/uploads\/2024\/07\/jpg\/01-200.jpg\" width=\"188\" height=\"250\" alt=\"PDF - 100,3 kb\"><\/a>\r\n<figcaption class=\"wp-element-caption\"><strong>Flotas de autom\u00f3viles<\/strong><br>\r\nCaisse d'\u00c9pargne CEPAC: telem\u00e1tica para mejorar la gesti\u00f3n\r\n<\/figcaption><\/div> \r\n\r\n<div class=\"wp-block-image\"> \r\n<a href=\"https:\/\/bu.optimum-automotive.com\/wp-content\/uploads\/2024\/07\/pdf\/2017-09-12-www.nouvellespublications.com-12_septembre_2017-50000000300449557.pdf\" title=\"Nuevas publicaciones\" type=\"application\/pdf\" target=\"_blank\" rel=\"noopener\"><img loading=\"lazy\" decoding=\"async\" src=\"https:\/\/bu.optimum-automotive.com\/wp-content\/uploads\/2024\/07\/jpg\/01-199.jpg\" width=\"188\" height=\"250\" alt=\"PDF - 88,9 kb\"><\/a>\r\n<figcaption class=\"wp-element-caption\"><strong>Nuevas publicaciones<\/strong><br>\r\nGuillaume Mordelet: \"Todav\u00eda hay algunas ideas preconcebidas sobre<br class=\"autobr\">\r\nfinanciaci\u00f3n de mercado\".\r\n<\/figcaption><\/div> \r\n\r\n<div class=\"wp-block-image\">\r\n<a href=\"https:\/\/bu.optimum-automotive.com\/wp-content\/uploads\/2024\/07\/pdf\/2017-08-04-www.capital.fr-4_aout_2017-50000000298831630.pdf\" title=\"capital\" type=\"application\/pdf\" target=\"_blank\" rel=\"noopener\"><img loading=\"lazy\" decoding=\"async\" src=\"https:\/\/bu.optimum-automotive.com\/wp-content\/uploads\/2024\/07\/jpg\/01-198.jpg\" width=\"188\" height=\"250\" alt=\"PDF - 328,7 kb\"><\/a>\r\n<figcaption class=\"wp-element-caption\"><strong>capital<\/strong><br>\r\nLos 25 empresarios que despiertan la Costa Azul\r\n<\/figcaption><\/div> \r\n\r\n<div class=\"wp-block-image\">\r\n<a href=\"https:\/\/bu.optimum-automotive.com\/wp-content\/uploads\/2024\/07\/pdf\/2017-08-28-les_nouvelles_publications_economiques_et_juridiques-25_aout_17-10000000052139561.pdf\" title=\"Nuevas publicaciones\" type=\"application\/pdf\" target=\"_blank\" rel=\"noopener\"><img loading=\"lazy\" decoding=\"async\" src=\"https:\/\/bu.optimum-automotive.com\/wp-content\/uploads\/2024\/07\/jpg\/01-197.jpg\" width=\"188\" height=\"250\" alt=\"PDF - 464 kb\"><\/a>\r\n<figcaption class=\"wp-element-caption\"><strong>Nuevas publicaciones<\/strong><br>\r\nTODAV\u00cdA EXISTEN ALGUNAS IDEAS PRECONCEBIDAS SOBRE LA FINANCIACI\u00d3N DEL MERCADO\".\r\n<\/figcaption><\/div> \r\n\r\n<div class=\"wp-block-image\"> \r\n<a href=\"https:\/\/bu.optimum-automotive.com\/wp-content\/uploads\/2024\/07\/pdf\/2017-08-09-l_automobile_l_entreprise-aout_sept_17-10000000052048961.pdf\" title=\"Coches y negocios\" type=\"application\/pdf\" target=\"_blank\" rel=\"noopener\"><img loading=\"lazy\" decoding=\"async\" src=\"https:\/\/bu.optimum-automotive.com\/wp-content\/uploads\/2024\/07\/jpg\/01-196.jpg\" width=\"188\" height=\"250\" alt=\"PDF - 987,5 kb\"><\/a>\r\n<figcaption class=\"wp-element-caption\"><strong>Coches y negocios<\/strong><br>\r\nLos ganadores de 2017\r\n<\/figcaption><\/div> \r\n\r\n<div class=\"wp-block-image\">\r\n<a href=\"https:\/\/bu.optimum-automotive.com\/wp-content\/uploads\/2024\/07\/pdf\/securite___la_telematique_au_service_de_la_prevention.pdf\" title=\"Flotas de autom\u00f3viles\" type=\"application\/pdf\" target=\"_blank\" rel=\"noopener\"><img loading=\"lazy\" decoding=\"async\" src=\"https:\/\/bu.optimum-automotive.com\/wp-content\/uploads\/2024\/07\/jpg\/01-195.jpg\" width=\"188\" height=\"250\" alt=\"PDF - 2,4 Mb\"><\/a>\r\n<figcaption class=\"wp-element-caption\"><strong>Flotas de autom\u00f3viles<\/strong><br>\r\nSeguridad: la telem\u00e1tica al servicio de la prevenci\u00f3n\r\n<\/figcaption><\/div> \r\n\r\n<h2 class=\"wp-block-heading\">AGOSTO 2017<\/h2>\r\n\r\n<div class=\"wp-block-image\">\r\n<a href=\"https:\/\/bu.optimum-automotive.com\/wp-content\/uploads\/2024\/07\/pdf\/telematique_un_marche_en_plein_essor-08-2017.pdf\" title=\"D\u00e9cision-Achats.fr\" type=\"application\/pdf\" target=\"_blank\" rel=\"noopener\"><img loading=\"lazy\" decoding=\"async\" src=\"https:\/\/bu.optimum-automotive.com\/wp-content\/uploads\/2024\/07\/jpg\/01-194.jpg\" width=\"188\" height=\"250\" alt=\"PDF - 410,4 kb\"><\/a>\r\n<figcaption class=\"wp-element-caption\"><strong>D\u00e9cision-Achats.fr<\/strong><br>\r\nTelem\u00e1tica: un mercado en auge\r\n<\/figcaption><\/div> \r\n\r\n<h2 class=\"wp-block-heading\">JULIO 2017<\/h2>\r\n\t\r\n<div class=\"wp-block-image\">\r\n<a href=\"https:\/\/bu.optimum-automotive.com\/wp-content\/uploads\/2024\/07\/pdf\/2017-07-04-flottes_automobiles.pdf\" title=\"Flotas de autom\u00f3viles\" type=\"application\/pdf\" target=\"_blank\" rel=\"noopener\"><img loading=\"lazy\" decoding=\"async\" src=\"https:\/\/bu.optimum-automotive.com\/wp-content\/uploads\/2024\/07\/jpg\/01-187.jpg\" width=\"188\" height=\"250\" alt=\"PDF - 903,1 kb\"><\/a>\r\n<figcaption class=\"wp-element-caption\"><strong>Flotas de autom\u00f3viles<\/strong><br>\r\nEl CTP en el centro de la diana\r\n<\/figcaption><\/div> \r\n\r\n<h2 class=\"wp-block-heading\">JUNIO 2017<\/h2>\r\n\r\n<div class=\"wp-block-image\">\r\n<a href=\"https:\/\/bu.optimum-automotive.com\/wp-content\/uploads\/2024\/07\/pdf\/2017-06-30-www.automobile-entreprise.com-30_juin_2017-50000000297030164.pdf\" title=\"Coches y negocios\" type=\"application\/pdf\" target=\"_blank\" rel=\"noopener\"><img loading=\"lazy\" decoding=\"async\" src=\"https:\/\/bu.optimum-automotive.com\/wp-content\/uploads\/2024\/07\/jpg\/01-186.jpg\" width=\"188\" height=\"250\" alt=\"PDF - 199,9 kb\"><\/a>\r\n<figcaption class=\"wp-element-caption\"><strong>Coches y negocios<\/strong><br>\r\nKPMG selecciona a Mapping Control para unirse a la red HOW\r\n<\/figcaption><\/div> \r\n\r\n<div class=\"wp-block-image\">\r\n<a href=\"https:\/\/bu.optimum-automotive.com\/wp-content\/uploads\/2024\/07\/pdf\/2017-06-28-capital-juillet_17-10000000051751497.pdf\" title=\"Capital\" type=\"application\/pdf\" target=\"_blank\" rel=\"noopener\"><img loading=\"lazy\" decoding=\"async\" src=\"https:\/\/bu.optimum-automotive.com\/wp-content\/uploads\/2024\/07\/jpg\/01-185.jpg\" width=\"188\" height=\"250\" alt=\"PDF - 1,3 Mb\"><\/a>\r\n<figcaption class=\"wp-element-caption\"><strong>Capital<\/strong><br>\r\nLOS 25 QUE DESPIERTAN EL COMERCIO LOCAL\r\n<\/figcaption><\/div> \r\n\r\n<div class=\"wp-block-image\"> \r\n<a href=\"https:\/\/bu.optimum-automotive.com\/wp-content\/uploads\/2024\/07\/pdf\/un_webinair_sur_la_gestion_des_amendes_des_collaborateurs.pdf\" title=\"www.deplacementspros.com\" type=\"application\/pdf\" target=\"_blank\" rel=\"noopener\"><img loading=\"lazy\" decoding=\"async\" src=\"https:\/\/bu.optimum-automotive.com\/wp-content\/uploads\/2024\/07\/jpg\/02-9.jpg\" width=\"172\" height=\"250\" alt=\"PDF - 130,9 kb\"><\/a>\r\n<figcaption class=\"wp-element-caption\"><strong>www.deplacementspros.com<\/strong><br>\r\nUn seminario web sobre la gesti\u00f3n de las multas a los empleados\r\n<\/figcaption><\/div> \r\n\r\n<div class=\"wp-block-image\">\r\n<a href=\"https:\/\/bu.optimum-automotive.com\/wp-content\/uploads\/2024\/07\/pdf\/skm_c25817061308300-2.pdf\" title=\"DIARIO DE LA FLOTA\" type=\"application\/pdf\" target=\"_blank\" rel=\"noopener\"><img loading=\"lazy\" decoding=\"async\" src=\"https:\/\/bu.optimum-automotive.com\/wp-content\/uploads\/2024\/07\/jpg\/01-169-2.jpg\" width=\"172\" height=\"250\" alt=\"PDF - 163,6 kb\"><\/a>\r\n<figcaption class=\"wp-element-caption\"><strong>DIARIO DE LA FLOTA<\/strong><br>\r\nPSA LANZA OFICIALMENTE FREE2MOVE LEASE\r\n<\/figcaption><\/div> \r\n\r\n<div class=\"wp-block-image\"> \r\n<a href=\"https:\/\/bu.optimum-automotive.com\/wp-content\/uploads\/2024\/07\/pdf\/2017-06-13-le_journal_des_flottes-juin_17-2.pdf\" title=\"Le Journal des Flottes\" type=\"application\/pdf\" target=\"_blank\" rel=\"noopener\"><img loading=\"lazy\" decoding=\"async\" src=\"https:\/\/bu.optimum-automotive.com\/wp-content\/uploads\/2024\/07\/jpg\/01-170-2.jpg\" width=\"172\" height=\"250\" alt=\"PDF - 1 Mb\"><\/a>\r\n<figcaption class=\"wp-element-caption\"><strong>Le Journal des Flottes<\/strong><br>\r\nGESTI\u00d3N DE FLOTAS: LA IMPORTANCIA DE LOS DATOS\r\n<\/figcaption><\/div> \r\n\r\n<div class=\"wp-block-image\">\r\n<a href=\"https:\/\/bu.optimum-automotive.com\/wp-content\/uploads\/2024\/07\/pdf\/2017-06-09-www.econostrum.info-9_juin_2017-50000000295767984-2.pdf\" title=\"www.econostrum.info\" type=\"application\/pdf\" target=\"_blank\" rel=\"noopener\"><img loading=\"lazy\" decoding=\"async\" src=\"https:\/\/bu.optimum-automotive.com\/wp-content\/uploads\/2024\/07\/jpg\/01-168-2.jpg\" width=\"172\" height=\"250\" alt=\"PDF - 327,3 kb\"><\/a>\r\n<figcaption class=\"wp-element-caption\"><strong>www.econostrum.info<\/strong><br>\r\nUna nueva etapa en 2017 para Mapping Control\r\n<\/figcaption><\/div> \r\n\r\n<div class=\"wp-block-image\">\r\n<a href=\"https:\/\/bu.optimum-automotive.com\/wp-content\/uploads\/2024\/07\/pdf\/2017-06-08-l_automobile_l_entreprise-juin_17-10000000051577625-2.pdf\" title=\"Coches y negocios\" type=\"application\/pdf\" target=\"_blank\" rel=\"noopener\"><img loading=\"lazy\" decoding=\"async\" src=\"https:\/\/bu.optimum-automotive.com\/wp-content\/uploads\/2024\/07\/jpg\/01-165-2.jpg\" width=\"172\" height=\"250\" alt=\"PDF - 1,2 Mb\"><\/a>\r\n<figcaption class=\"wp-element-caption\"><strong>Coches y negocios<\/strong><br>\r\nSoftware de gesti\u00f3n: un mercado en evoluci\u00f3n\r\n<\/figcaption><\/div> \r\n\r\n<div class=\"wp-block-image\">\r\n<a href=\"https:\/\/bu.optimum-automotive.com\/wp-content\/uploads\/2024\/07\/pdf\/2017-05-30-le_moniteur_des_travaux_publics_et_du_batiment-02_juin_17-10000000051492096_1_-2.pdf\" title=\"Le Moniteur\" type=\"application\/pdf\" target=\"_blank\" rel=\"noopener\"><img loading=\"lazy\" decoding=\"async\" src=\"https:\/\/bu.optimum-automotive.com\/wp-content\/uploads\/2024\/07\/jpg\/01-166-2.jpg\" width=\"172\" height=\"250\" alt=\"PDF - 385,8 kb\"><\/a>\r\n<figcaption class=\"wp-element-caption\"><strong>Le Moniteur<\/strong><br>\r\nVEH\u00cdCULOS DE EMPRESA<br class=\"autobr\">\r\nTODO UN ECOSISTEMA\r\n<\/figcaption><\/div> \r\n\r\n<h2 class=\"wp-block-heading\">MAYO 2017<\/h2>\r\n\r\n<div class=\"wp-block-image\">\r\n<a href=\"https:\/\/bu.optimum-automotive.com\/wp-content\/uploads\/2024\/07\/pdf\/2017-05-09-l_automobile_l_entreprise-mai_17.pdf\" title=\"Coches y negocios\" type=\"application\/pdf\" target=\"_blank\" rel=\"noopener\"><img loading=\"lazy\" decoding=\"async\" src=\"https:\/\/bu.optimum-automotive.com\/wp-content\/uploads\/2024\/07\/jpg\/01-163.jpg\" width=\"172\" height=\"250\" alt=\"PDF - 241 Kb\"><\/a>\r\n<figcaption class=\"wp-element-caption\"><strong>Coches y negocios<\/strong><br>\r\nMapping Control: una nueva oferta y una asociaci\u00f3n con PSA\r\n<\/figcaption><\/div> \r\n\r\n<div class=\"wp-block-image\"> \r\n<a href=\"https:\/\/bu.optimum-automotive.com\/wp-content\/uploads\/2024\/07\/pdf\/2017-05-17-decision_achats-mai_17.pdf\" title=\"DECISI\u00d3N DE COMPRA\" type=\"application\/pdf\" target=\"_blank\" rel=\"noopener\"><img loading=\"lazy\" decoding=\"async\" src=\"https:\/\/bu.optimum-automotive.com\/wp-content\/uploads\/2024\/07\/jpg\/01-164.jpg\" width=\"172\" height=\"250\" alt=\"PDF - 514,8 kb\"><\/a>\r\n<figcaption class=\"wp-element-caption\"><strong>DECISI\u00d3N DE COMPRA<\/strong><br>\r\nFOCUS DE LA GESTI\u00d3N DE FLOTAS Telem\u00e1tica: un mercado en auge\r\n\r\n<\/figcaption><\/div> \r\n\r\n<h2 class=\"wp-block-heading\">ABRIL 2017<\/h2>\r\n\r\n<div class=\"wp-block-image\">\r\n<a href=\"https:\/\/bu.optimum-automotive.com\/wp-content\/uploads\/2024\/07\/pdf\/2017-04-26-les_echos_supplement-26_avril_17.pdf\" title=\"Suplemento Les Echos\" type=\"application\/pdf\" target=\"_blank\" rel=\"noopener\"><img loading=\"lazy\" decoding=\"async\" src=\"https:\/\/bu.optimum-automotive.com\/wp-content\/uploads\/2024\/07\/jpg\/01-161.jpg\" width=\"172\" height=\"250\" alt=\"PDF - 247,8 kb\"><\/a>\r\n<figcaption class=\"wp-element-caption\"><strong>Suplemento Les Echos<\/strong><br>\r\nFLOTA ESPECIAL DE EMPRESA <br class=\"manualbr\">Multas de aparcamiento: qu\u00e9 cambia con la obligaci\u00f3n de identificar a los infractores\r\n<\/figcaption><\/div> \r\n\r\n<div class=\"wp-block-image\"> \r\n<a href=\"https:\/\/bu.optimum-automotive.com\/wp-content\/uploads\/2024\/07\/pdf\/2017-04-20-flottes_automobiles-avril_17-10000000051169564.pdf\" title=\"Flotas de autom\u00f3viles\" type=\"application\/pdf\" target=\"_blank\" rel=\"noopener\"><img loading=\"lazy\" decoding=\"async\" src=\"https:\/\/bu.optimum-automotive.com\/wp-content\/uploads\/2024\/07\/jpg\/01-160.jpg\" width=\"172\" height=\"250\" alt=\"PDF - 619 kb\"><\/a>\r\n<figcaption class=\"wp-element-caption\"><strong>Flotas de autom\u00f3viles<\/strong><br>\r\nTelem\u00e1tica a bordo, \u00bfun complemento de gesti\u00f3n?\r\n<\/figcaption><\/div> \r\n\r\n<div class=\"wp-block-image\"> \r\n<a href=\"https:\/\/bu.optimum-automotive.com\/wp-content\/uploads\/2024\/07\/pdf\/2017-04-13-www.labourseetlavie.com-13_avril_2017-50000000292425074.pdf\" title=\"www.labourseetlavie.com\" type=\"application\/pdf\" target=\"_blank\" rel=\"noopener\"><img loading=\"lazy\" decoding=\"async\" src=\"https:\/\/bu.optimum-automotive.com\/wp-content\/uploads\/2024\/07\/jpg\/01-158.jpg\" width=\"172\" height=\"250\" alt=\"PDF - 170 kb\"><\/a>\r\n<figcaption class=\"wp-element-caption\"><strong>www.labourseetlavie.com<\/strong><br>\r\nVeh\u00edculos de empresa: ahorro potencial de 67 a 220 euros<br class=\"autobr\">\r\npor coche y mes con MAPPING CONTROL\r\n<\/figcaption><\/div> \r\n\r\n<div class=\"wp-block-image\"> \r\n<a href=\"https:\/\/bu.optimum-automotive.com\/wp-content\/uploads\/2024\/07\/pdf\/2017-04-06-l_automobile_l_entreprise-avril_17-10000000051040334.pdf\" title=\"Coches y negocios\" type=\"application\/pdf\" target=\"_blank\" rel=\"noopener\"><img loading=\"lazy\" decoding=\"async\" src=\"https:\/\/bu.optimum-automotive.com\/wp-content\/uploads\/2024\/07\/jpg\/01-156.jpg\" width=\"172\" height=\"250\" alt=\"PDF - 995,9 kb\"><\/a>\r\n<figcaption class=\"wp-element-caption\"><strong>Coches y negocios<\/strong><br>\r\nMultas: el nuevo trato\r\n<\/figcaption><\/div> \r\n\r\n<div class=\"wp-block-image\"> \r\n<a href=\"https:\/\/bu.optimum-automotive.com\/wp-content\/uploads\/2024\/07\/pdf\/2017-04-08-le_journal_des_entreprises_edition_provence-cote_d_azur-avril_17-10000000051055950.pdf\" title=\"LE JOURNAL DES ENTREPRISES PROVENCE-COTE D&#039;AZUR EDITION\" type=\"application\/pdf\" target=\"_blank\" rel=\"noopener\"><img loading=\"lazy\" decoding=\"async\" src=\"https:\/\/bu.optimum-automotive.com\/wp-content\/uploads\/2024\/07\/jpg\/01-157.jpg\" width=\"172\" height=\"250\" alt=\"PDF - 142 kb\"><\/a>\r\n<figcaption class=\"wp-element-caption\"><strong>LE JOURNAL DES ENTREPRISES PROVENCE-COTE D'AZUR EDITION<\/strong><br>\r\nMapping Control Asociaci\u00f3n con PSA\r\n<\/figcaption><\/div> \r\n\r\n<div class=\"wp-block-image\"> \r\n<a href=\"https:\/\/bu.optimum-automotive.com\/wp-content\/uploads\/2024\/07\/pdf\/cokpit__hiver_2016.pdf\" title=\"REVISTA COCKPIT #106\" type=\"application\/pdf\" target=\"_blank\" rel=\"noopener\"><img loading=\"lazy\" decoding=\"async\" src=\"https:\/\/bu.optimum-automotive.com\/wp-content\/uploads\/2024\/07\/jpg\/01-155.jpg\" width=\"172\" height=\"250\" alt=\"PDF - 858,8 kb\"><\/a>\r\n<figcaption class=\"wp-element-caption\"><strong>REVISTA COCKPIT #106<\/strong><br>\r\nCONECTADOS M\u00c1S ALL\u00c1 DE LAS FRONTERAS, Hacer del veh\u00edculo conectado un mercado de futuro, por Mapping Control\r\n<\/figcaption><\/div> \r\n\r\n<div class=\"wp-block-image\">\r\n<a href=\"https:\/\/bu.optimum-automotive.com\/wp-content\/uploads\/2024\/07\/pdf\/2017-04-06-www.lejournaldesentreprises.com-6_avril_2017.pdf\" title=\"www.lejournaldesentreprises.com\" type=\"application\/pdf\" target=\"_blank\" rel=\"noopener\"><img loading=\"lazy\" decoding=\"async\" src=\"https:\/\/bu.optimum-automotive.com\/wp-content\/uploads\/2024\/07\/jpg\/01-153.jpg\" width=\"172\" height=\"250\" alt=\"PDF - 56,5 kb\"><\/a>\r\n<figcaption class=\"wp-element-caption\"><strong>www.lejournaldesentreprises.com<\/strong><br>\r\nAix-en-Provence. Mapping Control firma un acuerdo de colaboraci\u00f3n con<br class=\"autobr\">\r\nGrupo PSA\r\n<\/figcaption><\/div> \r\n\r\n<div class=\"wp-block-image\"> \r\n<a href=\"https:\/\/bu.optimum-automotive.com\/wp-content\/uploads\/2024\/07\/pdf\/2017-04-05-journal_de_l_automobile-07_avril_17.pdf\" title=\"Le Journal de l&#039;Automobile\" type=\"application\/pdf\" target=\"_blank\" rel=\"noopener\"><img loading=\"lazy\" decoding=\"async\" src=\"https:\/\/bu.optimum-automotive.com\/wp-content\/uploads\/2024\/07\/jpg\/01-152.jpg\" width=\"172\" height=\"250\" alt=\"PDF - 1,1 Mb\"><\/a>\r\n<figcaption class=\"wp-element-caption\"><strong>Le Journal de l'Automobile<\/strong><br>\r\nSe acabaron las salidas en falso para el coche compartido\r\n\r\n<\/figcaption><\/div> \r\n\r\n<h2 class=\"wp-block-heading\">MARZO 2017<\/h2>\r\n\r\n<div class=\"wp-block-image\"> \r\n<a href=\"https:\/\/bu.optimum-automotive.com\/wp-content\/uploads\/2024\/07\/pdf\/2017-03-28-la_tribune_des_auto-ecoles-mars_17.pdf\" title=\"Tribuna de autoescuelas\" type=\"application\/pdf\" target=\"_blank\" rel=\"noopener\"><img loading=\"lazy\" decoding=\"async\" src=\"https:\/\/bu.optimum-automotive.com\/wp-content\/uploads\/2024\/07\/jpg\/01-151.jpg\" width=\"172\" height=\"250\" alt=\"PDF - 217,6 kb\"><\/a>\r\n<figcaption class=\"wp-element-caption\"><strong>Tribuna de autoescuelas<\/strong><br>\r\nMapping Control y la red CER hacen oficial su asociaci\u00f3n\r\n<\/figcaption><\/div> \r\n\r\n<div class=\"wp-block-image\">\r\n<a href=\"https:\/\/bu.optimum-automotive.com\/wp-content\/uploads\/2024\/07\/pdf\/mapping_control_une_nouvelle_offre_et_un_partenariat_avec-psa.pdf\" title=\"www.automobile-entreprise.com\" type=\"application\/pdf\" target=\"_blank\" rel=\"noopener\"><img loading=\"lazy\" decoding=\"async\" src=\"https:\/\/bu.optimum-automotive.com\/wp-content\/uploads\/2024\/07\/jpg\/01-146.jpg\" width=\"142\" height=\"200\" alt=\"PDF - 1,8 Mb\"><\/a>\r\n<figcaption class=\"wp-element-caption\"><strong>www.automobile-entreprise.com<\/strong><br>\r\nMapping Control: una nueva oferta y una asociaci\u00f3n con PSA\r\n<\/figcaption><\/div> \r\n\r\n<div class=\"wp-block-image\">\r\n<a href=\"https:\/\/bu.optimum-automotive.com\/wp-content\/uploads\/2024\/07\/pdf\/mapping_control_rejoint_psa_connect_fleet_management.pdf\" title=\"journalauto.com\" type=\"application\/pdf\" target=\"_blank\" rel=\"noopener\"><img loading=\"lazy\" decoding=\"async\" src=\"https:\/\/bu.optimum-automotive.com\/wp-content\/uploads\/2024\/07\/jpg\/2017-03-23_10h29_17.png\" width=\"643\" height=\"907\" alt=\"PDF - 330,3 kb\"><\/a>\r\n<figcaption class=\"wp-element-caption\"><strong>journalauto.com<\/strong><br>\r\nMapping Control se une a PSA Connect Fleet Management\r\n<\/figcaption><\/div> \r\n\r\n<div class=\"wp-block-image\">\r\n<a href=\"https:\/\/bu.optimum-automotive.com\/wp-content\/uploads\/2024\/07\/pdf\/2017-03-16-decideurs_magazine-mars_17.pdf\" title=\"REVISTA DECIDEURS\" type=\"application\/pdf\" target=\"_blank\" rel=\"noopener\"><img loading=\"lazy\" decoding=\"async\" src=\"https:\/\/bu.optimum-automotive.com\/wp-content\/uploads\/2024\/07\/jpg\/01-2.png\" width=\"142\" height=\"200\" alt=\"PDF - 540,9 kb\"><\/a>\r\n<figcaption class=\"wp-element-caption\"><strong>REVISTA DECIDEURS<\/strong><br>\r\nEL ECOSISTEMA DE LA FLOTA TOMA FORMA\r\n<\/figcaption><\/div> \r\n\r\n<div class=\"wp-block-image\"> \r\n<a href=\"https:\/\/bu.optimum-automotive.com\/wp-content\/uploads\/2024\/07\/pdf\/2017-03-17-www.mediarh.com-17_mars_2017.pdf\" title=\"www.mediarh.com\" type=\"application\/pdf\" target=\"_blank\" rel=\"noopener\"><img loading=\"lazy\" decoding=\"async\" src=\"https:\/\/bu.optimum-automotive.com\/wp-content\/uploads\/2024\/07\/jpg\/01-145.jpg\" width=\"142\" height=\"200\" alt=\"PDF - 77,2 kb\"><\/a>\r\n<figcaption class=\"wp-element-caption\"><strong>www.mediarh.com<\/strong><br>\r\nCinco preguntas a : Barbara TRON,Directora de RRHH, MAPPING CONTROL\r\n<\/figcaption><\/div> \r\n\r\n<div class=\"wp-block-image\"> \r\n<a href=\"https:\/\/bu.optimum-automotive.com\/wp-content\/uploads\/2024\/07\/pdf\/2017-03-07-le_journal_des_entreprises_edition_provence-cote_d_azur-03_mars.pdf\" title=\"PERI\u00d3DICO DE EMPRESA\" type=\"application\/pdf\" target=\"_blank\" rel=\"noopener\"><img loading=\"lazy\" decoding=\"async\" src=\"https:\/\/bu.optimum-automotive.com\/wp-content\/uploads\/2024\/07\/jpg\/01-143.jpg\" width=\"142\" height=\"200\" alt=\"PDF - 130,8 kb\"><\/a>\r\n<figcaption class=\"wp-element-caption\"><strong>PERI\u00d3DICO DE EMPRESA<\/strong><br>\r\nControl cartogr\u00e1fico. Presente en las reuniones de Flotauto\r\n<\/figcaption><\/div> \r\n\r\n<div class=\"wp-block-image\"> \r\n<a href=\"https:\/\/bu.optimum-automotive.com\/wp-content\/uploads\/2024\/07\/pdf\/2017-03-11-www.capital.fr-11_mars.pdf\" title=\"www.capital.fr\" type=\"application\/pdf\" target=\"_blank\" rel=\"noopener\"><img loading=\"lazy\" decoding=\"async\" src=\"https:\/\/bu.optimum-automotive.com\/wp-content\/uploads\/2024\/07\/jpg\/01-144.jpg\" width=\"142\" height=\"200\" alt=\"PDF - 143 kb\"><\/a>\r\n<figcaption class=\"wp-element-caption\"><strong>www.capital.fr<\/strong><br>\r\nCOLIPAQ equipa a sus empresas de servicios p\u00fablicos con la soluci\u00f3n Mapping Control\r\n<\/figcaption><\/div> \r\n\r\n<h2 class=\"wp-block-heading\">FEBRERO 2017<\/h2>\r\n\r\n<div class=\"wp-block-image\"> \r\n<a href=\"https:\/\/bu.optimum-automotive.com\/wp-content\/uploads\/2024\/07\/pdf\/2017-02-27-www.deplacementspros.com.pdf\" title=\"deplacementspros.com\" type=\"application\/pdf\" target=\"_blank\" rel=\"noopener\"><img loading=\"lazy\" decoding=\"async\" src=\"https:\/\/bu.optimum-automotive.com\/wp-content\/uploads\/2024\/07\/jpg\/01-141.jpg\" width=\"142\" height=\"200\" alt=\"PDF - 70,7 kb\"><\/a>\r\n<figcaption class=\"wp-element-caption\"><strong>deplacementspros.com<\/strong><br>\r\nEntradas: un webinair para adaptarse a la exigencia de identificar a los conductores\r\n<\/figcaption><\/div> \r\n\r\n<div class=\"wp-block-image\"> \r\n<a href=\"https:\/\/bu.optimum-automotive.com\/wp-content\/uploads\/2024\/07\/pdf\/2017-02-22-l_automobile_l_entreprise-fev_mars_17-10000000050607413.pdf\" title=\"COCHES Y NEGOCIOS\" type=\"application\/pdf\" target=\"_blank\" rel=\"noopener\"><img loading=\"lazy\" decoding=\"async\" src=\"https:\/\/bu.optimum-automotive.com\/wp-content\/uploads\/2024\/07\/jpg\/01-139.jpg\" width=\"142\" height=\"200\" alt=\"PDF - 1,2 Mb\"><\/a>\r\n<figcaption class=\"wp-element-caption\"><strong>COCHES Y NEGOCIOS<\/strong><br>\r\nTelem\u00e1tica: \u00a1movilizaci\u00f3n general!\r\n<\/figcaption><\/div> \r\n\r\n<div class=\"wp-block-image\"> \r\n<a href=\"https:\/\/bu.optimum-automotive.com\/wp-content\/uploads\/2024\/07\/pdf\/2017-02-22-www.studyrama-emploi.com-22_fevrier_2017-50000000289518214.pdf\" title=\"studiorama-emploi.com\" type=\"application\/pdf\" target=\"_blank\" rel=\"noopener\"><img loading=\"lazy\" decoding=\"async\" src=\"https:\/\/bu.optimum-automotive.com\/wp-content\/uploads\/2024\/07\/jpg\/01-138.jpg\" width=\"142\" height=\"200\" alt=\"PDF - 54,1 kb\"><\/a>\r\n<figcaption class=\"wp-element-caption\"><strong>studiorama-emploi.com<\/strong><br>\r\nControl cartogr\u00e1fico: se buscan 20 comerciales y t\u00e9cnicos\r\n<\/figcaption><\/div> \r\n\r\n<div class=\"wp-block-image\"> \r\n<a href=\"https:\/\/bu.optimum-automotive.com\/wp-content\/uploads\/2024\/07\/pdf\/2017-02-15-flottes_automobiles-fev_17-10000000050549380.pdf\" title=\"Flotas de autom\u00f3viles\" type=\"application\/pdf\" target=\"_blank\" rel=\"noopener\"><img loading=\"lazy\" decoding=\"async\" src=\"https:\/\/bu.optimum-automotive.com\/wp-content\/uploads\/2024\/07\/jpg\/01-137.jpg\" width=\"142\" height=\"200\" alt=\"PDF - 765,4 kb\"><\/a>\r\n<figcaption class=\"wp-element-caption\"><strong>Flotas de autom\u00f3viles<\/strong><br>\r\nTelem\u00e1tica a bordo: del nicho a la implantaci\u00f3n masiva\r\n<\/figcaption><\/div> \r\n\r\n<div class=\"wp-block-image\"> \r\n<a href=\"https:\/\/bu.optimum-automotive.com\/wp-content\/uploads\/2024\/07\/pdf\/2017-02-15-flottes_automobiles-fev_17-10000000050549376.pdf\" title=\"Flotas de autom\u00f3viles\" type=\"application\/pdf\" target=\"_blank\" rel=\"noopener\"><img loading=\"lazy\" decoding=\"async\" src=\"https:\/\/bu.optimum-automotive.com\/wp-content\/uploads\/2024\/07\/jpg\/01-136.jpg\" width=\"142\" height=\"200\" alt=\"PDF - 212,1 kb\"><\/a>\r\n<figcaption class=\"wp-element-caption\"><strong>Flotas de autom\u00f3viles<\/strong><br>\r\nAhorro directo e indirecto\r\n<\/figcaption><\/div> \r\n\r\n<div class=\"wp-block-image\"> \r\n<a href=\"https:\/\/bu.optimum-automotive.com\/wp-content\/uploads\/2024\/07\/pdf\/la_provence.pdf\" title=\"La Provence\" type=\"application\/pdf\" target=\"_blank\" rel=\"noopener\"><img loading=\"lazy\" decoding=\"async\" src=\"https:\/\/bu.optimum-automotive.com\/wp-content\/uploads\/2024\/07\/jpg\/01-135.jpg\" width=\"142\" height=\"200\" alt=\"PDF - 219,2 kb\"><\/a>\r\n<figcaption class=\"wp-element-caption\"><strong>La Provence<\/strong><br>\r\nMapping Control va a contratar a un centenar de empleados.\r\n<\/figcaption><\/div> \r\n\r\n<div class=\"wp-block-image\"> \r\n<a href=\"https:\/\/bu.optimum-automotive.com\/wp-content\/uploads\/2024\/07\/pdf\/2017-02-07-www.silicon.fr.pdf\" title=\"silicon.fr\" type=\"application\/pdf\" target=\"_blank\" rel=\"noopener\"><img loading=\"lazy\" decoding=\"async\" src=\"https:\/\/bu.optimum-automotive.com\/wp-content\/uploads\/2024\/07\/jpg\/01-134.jpg\" width=\"142\" height=\"200\" alt=\"PDF - 70,5 kb\"><\/a>\r\n<figcaption class=\"wp-element-caption\"><strong>silicon.fr<\/strong><br>\r\nMAPPING CONTROL estar\u00e1 presente en los Rencontres Flotauto. Visite<br class=\"autobr\">\r\n9\/03\/2017 - Par\u00eds La Villette. Stand N\u00b0191\r\n<\/figcaption><\/div> \r\n\r\n<div class=\"wp-block-image\"> \r\n<a href=\"https:\/\/bu.optimum-automotive.com\/wp-content\/uploads\/2024\/07\/pdf\/2017-02-03-www.capital.fr.pdf\" title=\"capital.fr\" type=\"application\/pdf\" target=\"_blank\" rel=\"noopener\"><img loading=\"lazy\" decoding=\"async\" src=\"https:\/\/bu.optimum-automotive.com\/wp-content\/uploads\/2024\/07\/jpg\/01-133.jpg\" width=\"142\" height=\"200\" alt=\"PDF - 91,2 kb\"><\/a>\r\n<figcaption class=\"wp-element-caption\"><strong>capital.fr<\/strong><br>\r\nMAPPING CONTROL lanza un ambicioso plan de contrataci\u00f3n con el objetivo de duplicar su plantilla en 2017\r\n<\/figcaption><\/div> \r\n\r\n<div class=\"wp-block-image\">\r\n<a href=\"https:\/\/bu.optimum-automotive.com\/wp-content\/uploads\/2024\/07\/pdf\/mapping_control_poursuit_son_developpement.pdf\" title=\"automobile-entreprise.com\" type=\"application\/pdf\" target=\"_blank\" rel=\"noopener\"><img loading=\"lazy\" decoding=\"async\" src=\"https:\/\/bu.optimum-automotive.com\/wp-content\/uploads\/2024\/07\/jpg\/01-132.jpg\" width=\"142\" height=\"200\" alt=\"PDF - 1,6 Mb\"><\/a>\r\n<figcaption class=\"wp-element-caption\"><strong>automobile-entreprise.com<\/strong><br>\r\nMapping Control sigue creciendo\r\n<\/figcaption><\/div> \r\n\r\n<div class=\"wp-block-image\">\r\n<a href=\"https:\/\/bu.optimum-automotive.com\/wp-content\/uploads\/2024\/07\/pdf\/mapping_control_etend_ses_services_telematiques_aux_infractions.pdf\" title=\"www.flotauto.com\" type=\"application\/pdf\" target=\"_blank\" rel=\"noopener\"><img loading=\"lazy\" decoding=\"async\" src=\"https:\/\/bu.optimum-automotive.com\/wp-content\/uploads\/2024\/07\/jpg\/01-128.jpg\" width=\"142\" height=\"200\" alt=\"PDF - 206,2 kb\"><\/a>\r\n<figcaption class=\"wp-element-caption\"><strong>www.flotauto.com<\/strong><br>\r\nMapping Control ampl\u00eda sus servicios telem\u00e1ticos a las infracciones\r\n<\/figcaption><\/div> \r\n\r\n<h2 class=\"wp-block-heading\">ENERO 2017<\/h2>\r\n\r\n<div class=\"wp-block-image\"> \r\n<a href=\"https:\/\/bu.optimum-automotive.com\/wp-content\/uploads\/2024\/07\/pdf\/2017-01-11-fr.news.yahoo.com-11_janvier_2017-50000000287164168.pdf\" title=\"es.news.yahoo.com\" type=\"application\/pdf\" target=\"_blank\" rel=\"noopener\"><img loading=\"lazy\" decoding=\"async\" src=\"https:\/\/bu.optimum-automotive.com\/wp-content\/uploads\/2024\/07\/jpg\/01-124.jpg\" width=\"142\" height=\"200\" alt=\"PDF - 116,3 kb\"><\/a>\r\n<figcaption class=\"wp-element-caption\"><strong>es.news.yahoo.com<\/strong><br>\r\n\u00a1Feliz A\u00f1o Nuevo en la carretera con MAPPING CONTROL!<br class=\"autobr\">\r\nDesde\r\n<\/figcaption><\/div> \r\n\r\n<div class=\"wp-block-image\">\r\n<a href=\"https:\/\/bu.optimum-automotive.com\/wp-content\/uploads\/2024\/07\/pdf\/2017-01-10-le_journal_des_entreprises_edition_provence-cote_d_azur-jan_17-10000000050197940.pdf\" title=\"PERI\u00d3DICO DE EMPRESA\" type=\"application\/pdf\" target=\"_blank\" rel=\"noopener\"><img loading=\"lazy\" decoding=\"async\" src=\"https:\/\/bu.optimum-automotive.com\/wp-content\/uploads\/2024\/07\/jpg\/01-123.jpg\" width=\"142\" height=\"200\" alt=\"PDF - 164,6 kb\"><\/a>\r\n<figcaption class=\"wp-element-caption\"><strong>PERI\u00d3DICO DE EMPRESA<\/strong><br>\r\nControl cartogr\u00e1fico. Socio de las autoescuelas\r\n\r\n<\/figcaption><\/div> \r\n\r\n<h2 class=\"wp-block-heading\">DICIEMBRE 2016<\/h2>\r\n\r\n<div class=\"wp-block-image\">\r\n<a href=\"https:\/\/bu.optimum-automotive.com\/wp-content\/uploads\/2024\/07\/pdf\/2016-12-25-le_journal_des_flottes-dec_16-10000000050076340.pdf\" title=\"DIARIO DE LA FLOTA\" type=\"application\/pdf\" target=\"_blank\" rel=\"noopener\"><img loading=\"lazy\" decoding=\"async\" src=\"https:\/\/bu.optimum-automotive.com\/wp-content\/uploads\/2024\/07\/jpg\/01-121.jpg\" width=\"142\" height=\"200\" alt=\"PDF - 255,6 kb\"><\/a>\r\n<figcaption class=\"wp-element-caption\"><strong>DIARIO DE LA FLOTA<\/strong><br>\r\nEL CONTROL CARTOGR\u00c1FICO PRETENDE SER CADA VEZ M\u00c1S EMPRENDEDOR\r\n<\/figcaption><\/div> \r\n\r\n<div class=\"wp-block-image\">\r\n<a href=\"https:\/\/bu.optimum-automotive.com\/wp-content\/uploads\/2024\/07\/pdf\/2016-12-25-le_journal_des_flottes-dec_16-10000000050076450.pdf\" title=\"DIARIO DE LA FLOTA\" type=\"application\/pdf\" target=\"_blank\" rel=\"noopener\"><img loading=\"lazy\" decoding=\"async\" src=\"https:\/\/bu.optimum-automotive.com\/wp-content\/uploads\/2024\/07\/jpg\/01-120.jpg\" width=\"142\" height=\"200\" alt=\"PDF - 808,6 kb\"><\/a>\r\n<figcaption class=\"wp-element-caption\"><strong>DIARIO DE LA FLOTA<\/strong><br>\r\nPOR QU\u00c9 NECESITA GEOLOCALIZAR SU VUL\r\n<\/figcaption><\/div> \r\n\r\n<div class=\"wp-block-image\">\r\n<a href=\"https:\/\/bu.optimum-automotive.com\/wp-content\/uploads\/2024\/07\/pdf\/2016-12-13-chef_d_entreprise_magazine_supplement-nov_16_jan_17-10000000049958966.pdf\" title=\"REVISTA CHEF D&#039;ENTREPRISE\" type=\"application\/pdf\" target=\"_blank\" rel=\"noopener\"><img loading=\"lazy\" decoding=\"async\" src=\"https:\/\/bu.optimum-automotive.com\/wp-content\/uploads\/2024\/07\/jpg\/01-119.jpg\" width=\"142\" height=\"200\" alt=\"PDF - 267,5 kb\"><\/a>\r\n<figcaption class=\"wp-element-caption\"><strong>REVISTA CHEF D'ENTREPRISE<\/strong><br>\r\nGEOLOCALIZACI\u00d3N: ELEGIR LA SOLUCI\u00d3N ADECUADA\r\n<\/figcaption><\/div> \r\n\r\n<div class=\"wp-block-image\">\r\n<a href=\"https:\/\/bu.optimum-automotive.com\/wp-content\/uploads\/2024\/07\/pdf\/2016-12-14-chef_d_entreprise_magazine_supplement-nov_16_jan_17-10000000049958971.pdf\" title=\"REVISTA CHEF D&#039;ENTREPRISE\" type=\"application\/pdf\" target=\"_blank\" rel=\"noopener\"><img loading=\"lazy\" decoding=\"async\" src=\"https:\/\/bu.optimum-automotive.com\/wp-content\/uploads\/2024\/07\/jpg\/01-118.jpg\" width=\"142\" height=\"200\" alt=\"PDF - 281,5 kb\"><\/a>\r\n<figcaption class=\"wp-element-caption\"><strong>REVISTA CHEF D'ENTREPRISE<\/strong><br>\r\nSOFTWARE DE GESTI\u00d3N DE FLOTAS: \u00bfC\u00d3MO SACARLE EL M\u00c1XIMO PARTIDO?\r\n<\/figcaption><\/div> \r\n\r\n<div class=\"wp-block-image\"> \r\n<a href=\"https:\/\/bu.optimum-automotive.com\/wp-content\/uploads\/2024\/07\/pdf\/2016-12-09-www.labourseetlavie.com-9_d-cembre_2016-50000000285651375.pdf\" title=\"Labourseetlavie.com\" type=\"application\/pdf\" target=\"_blank\" rel=\"noopener\"><img loading=\"lazy\" decoding=\"async\" src=\"https:\/\/bu.optimum-automotive.com\/wp-content\/uploads\/2024\/07\/jpg\/01-117.jpg\" width=\"184\" height=\"260\" alt=\"PDF - 88,1 kb\"><\/a>\r\n<figcaption class=\"wp-element-caption\"><strong>Labourseetlavie.com<\/strong><br>\r\nMAPPING CONTROL se convierte en socio oficial de la red de autoescuelas CER\r\n<\/figcaption><\/div> \r\n\r\n<div class=\"wp-block-image\"> \r\n<a href=\"https:\/\/bu.optimum-automotive.com\/wp-content\/uploads\/2024\/07\/pdf\/2016-12-09-www.generation-nt.com-9_d-cembre_2016-50000000285653520.pdf\" title=\"generaci\u00f3n-nt.com\" type=\"application\/pdf\" target=\"_blank\" rel=\"noopener\"><img loading=\"lazy\" decoding=\"async\" src=\"https:\/\/bu.optimum-automotive.com\/wp-content\/uploads\/2024\/07\/jpg\/01-116.jpg\" width=\"184\" height=\"260\" alt=\"PDF - 112,1 kb\"><\/a>\r\n<figcaption class=\"wp-element-caption\"><strong>generaci\u00f3n-nt.com<\/strong><br>\r\nMAPPING CONTROL se convierte en socio oficial de la red de autoescuelas CER\r\n<\/figcaption><\/div> \r\n\r\n<div class=\"wp-block-image\"> \r\n<a href=\"https:\/\/bu.optimum-automotive.com\/wp-content\/uploads\/2024\/07\/pdf\/2016-12-09-www.euroinvestor.fr-9_d-cembre_2016-50000000285658253.pdf\" title=\"euroinvestor.fr\" type=\"application\/pdf\" target=\"_blank\" rel=\"noopener\"><img loading=\"lazy\" decoding=\"async\" src=\"https:\/\/bu.optimum-automotive.com\/wp-content\/uploads\/2024\/07\/jpg\/01-115.jpg\" width=\"184\" height=\"260\" alt=\"PDF - 85,5 kb\"><\/a>\r\n<figcaption class=\"wp-element-caption\"><strong>euroinvestor.fr<\/strong><br>\r\nMAPPING CONTROL se convierte en socio oficial de la red de autoescuelas<br class=\"autobr\">\r\nCER\r\n<\/figcaption><\/div> \r\n\r\n<div class=\"wp-block-image\"> \r\n<a href=\"https:\/\/bu.optimum-automotive.com\/wp-content\/uploads\/2024\/07\/pdf\/2016-12-09-fr.finance.yahoo.com-9_d-cembre_2016-50000000285653017.pdf\" title=\"es.finance.yahoo.com\" type=\"application\/pdf\" target=\"_blank\" rel=\"noopener\"><img loading=\"lazy\" decoding=\"async\" src=\"https:\/\/bu.optimum-automotive.com\/wp-content\/uploads\/2024\/07\/jpg\/01-114.jpg\" width=\"184\" height=\"260\" alt=\"PDF - 105,6 kb\"><\/a>\r\n<figcaption class=\"wp-element-caption\"><strong>es.finance.yahoo.com<\/strong><br>\r\nMAPPING CONTROL se convierte en socio oficial de la red de autoescuelas<br class=\"autobr\">\r\nCER\r\n<\/figcaption><\/div> \r\n\r\n<div class=\"wp-block-image\">\r\n<a href=\"https:\/\/bu.optimum-automotive.com\/wp-content\/uploads\/2024\/07\/pdf\/2016-12-09-bourse.six-financial-information.fr-9_d-cembre_2016-50000000285658062.pdf\" title=\"bourse.six-financial-information.fr\" type=\"application\/pdf\" target=\"_blank\" rel=\"noopener\"><img loading=\"lazy\" decoding=\"async\" src=\"https:\/\/bu.optimum-automotive.com\/wp-content\/uploads\/2024\/07\/jpg\/01-113.jpg\" width=\"184\" height=\"260\" alt=\"PDF - 86,2 kb\"><\/a>\r\n<figcaption class=\"wp-element-caption\"><strong>bourse.six-financial-information.fr<\/strong><br>\r\nMAPPING CONTROL se convierte en socio oficial de la red de autoescuelas CER\r\n<\/figcaption><\/div> \r\n\r\n<div class=\"wp-block-image\">\r\n<a href=\"https:\/\/bu.optimum-automotive.com\/wp-content\/uploads\/2024\/07\/pdf\/itespresso.fr-mapping_control_devient_partenaire_officiel_du_reseau_dauto-ecoles_cer.pdf\" title=\"itespresso.fr\" type=\"application\/pdf\" target=\"_blank\" rel=\"noopener\"><img loading=\"lazy\" decoding=\"async\" src=\"https:\/\/bu.optimum-automotive.com\/wp-content\/uploads\/2024\/07\/jpg\/01-111.jpg\" width=\"184\" height=\"260\" alt=\"PDF - 125,8 kb\"><\/a>\r\n<figcaption class=\"wp-element-caption\"><strong>itespresso.fr<\/strong><br>\r\nMAPPING CONTROL se convierte en socio oficial de la red de autoescuelas CER\r\n<\/figcaption><\/div> \r\n\r\n<h2 class=\"wp-block-heading\">NOVIEMBRE 2016<\/h2>\r\n\r\n<div class=\"wp-block-image\">\r\n<a href=\"https:\/\/bu.optimum-automotive.com\/wp-content\/uploads\/2024\/07\/pdf\/2016-11-19-1662_transport_info.pdf\" title=\"INFORMACI\u00d3N SOBRE EL TRANSPORTE\" type=\"application\/pdf\" target=\"_blank\" rel=\"noopener\"><img loading=\"lazy\" decoding=\"async\" src=\"https:\/\/bu.optimum-automotive.com\/wp-content\/uploads\/2024\/07\/jpg\/01-106.jpg\" width=\"184\" height=\"260\" alt=\"PDF - 142,2 kb\"><\/a>\r\n<figcaption class=\"wp-element-caption\"><strong>INFORMACI\u00d3N SOBRE EL TRANSPORTE<\/strong><br>\r\nCombustible; El control de combustible mide los niveles de combustible\r\n<\/figcaption><\/div> \r\n\r\n<div class=\"wp-block-image\">\r\n<a href=\"https:\/\/bu.optimum-automotive.com\/wp-content\/uploads\/2024\/07\/pdf\/2016-11-19-1300_kilometres_entreprise.pdf\" title=\"KMS Kil\u00f3metros Empresa\" type=\"application\/pdf\" target=\"_blank\" rel=\"noopener\"><img loading=\"lazy\" decoding=\"async\" src=\"https:\/\/bu.optimum-automotive.com\/wp-content\/uploads\/2024\/07\/jpg\/01-105.jpg\" width=\"184\" height=\"260\" alt=\"PDF - 181,5 kb\"><\/a>\r\n<figcaption class=\"wp-element-caption\"><strong>KMS Kil\u00f3metros Empresa<\/strong><br>\r\nControl cartogr\u00e1fico: \u00a1viva lo verde!\r\n<\/figcaption><\/div> \r\n\r\n<div class=\"wp-block-image\"> \r\n<a href=\"https:\/\/bu.optimum-automotive.com\/wp-content\/uploads\/2024\/07\/pdf\/2016-11-16-5553_www_chefdentreprise_com.pdf\" title=\"chefdentreprise.com\" type=\"application\/pdf\" target=\"_blank\" rel=\"noopener\"><img loading=\"lazy\" decoding=\"async\" src=\"https:\/\/bu.optimum-automotive.com\/wp-content\/uploads\/2024\/07\/jpg\/gestion-deflotte.jpg\" width=\"184\" height=\"260\" alt=\"PDF - 169,1 kb\"><\/a>\r\n<figcaption class=\"wp-element-caption\"><strong>chefdentreprise.com<\/strong><br>\r\nSoftware de gesti\u00f3n de flotas: s\u00e1quele el m\u00e1ximo partido\r\n<\/figcaption><\/div> \r\n\r\n<div class=\"wp-block-image\"> \r\n<a href=\"https:\/\/bu.optimum-automotive.com\/wp-content\/uploads\/2024\/07\/pdf\/2016-11-16-5438_www_decisionachats_fr.pdf\" title=\"d\u00e9cision-achats.fr\" type=\"application\/pdf\" target=\"_blank\" rel=\"noopener\"><img loading=\"lazy\" decoding=\"async\" src=\"https:\/\/bu.optimum-automotive.com\/wp-content\/uploads\/2024\/07\/jpg\/gestion-de-flotte-2.jpg\" width=\"184\" height=\"260\" alt=\"PDF - 160,6 kb\"><\/a>\r\n<figcaption class=\"wp-element-caption\"><strong>d\u00e9cision-achats.fr<\/strong><br>\r\nSoftware de gesti\u00f3n de flotas: s\u00e1quele el m\u00e1ximo partido\r\n<\/figcaption><\/div> \r\n\r\n<div class=\"wp-block-image\">\r\n<a href=\"https:\/\/bu.optimum-automotive.com\/wp-content\/uploads\/2024\/07\/pdf\/2016-11-16-5090_www_decisionachats_fr.pdf\" title=\"decisi\u00f3n-achats.fr\" type=\"application\/pdf\" target=\"_blank\" rel=\"noopener\"><img loading=\"lazy\" decoding=\"async\" src=\"https:\/\/bu.optimum-automotive.com\/wp-content\/uploads\/2024\/07\/jpg\/geolocalisation.jpg\" width=\"184\" height=\"260\" alt=\"PDF - 173,7 kb\"><\/a>\r\n<figcaption class=\"wp-element-caption\"><strong>decisi\u00f3n-achats.fr<\/strong><br>\r\nGeolocalizaci\u00f3n: elegir la soluci\u00f3n adecuada\r\n<\/figcaption><\/div> \r\n\r\n<div class=\"wp-block-image\"> \r\n<a href=\"https:\/\/bu.optimum-automotive.com\/wp-content\/uploads\/2024\/07\/pdf\/2016-11-15-5460_www_journalauto_com.pdf\" title=\"journalauto.com\" type=\"application\/pdf\" target=\"_blank\" rel=\"noopener\"><img loading=\"lazy\" decoding=\"async\" src=\"https:\/\/bu.optimum-automotive.com\/wp-content\/uploads\/2024\/07\/jpg\/gestion-de-flotte.jpg\" width=\"184\" height=\"260\" alt=\"PDF - 719,9 kb\"><\/a>\r\n<figcaption class=\"wp-element-caption\"><strong>journalauto.com<\/strong><br>\r\nMapping Control se centra en el \u00c1frica subsahariana\r\n<\/figcaption><\/div> \r\n\r\n<div class=\"wp-block-image\">\r\n<a href=\"https:\/\/bu.optimum-automotive.com\/wp-content\/uploads\/2024\/07\/pdf\/2016-11-09-5709_www_capital_fr.pdf\" title=\"capital.fr\" type=\"application\/pdf\" target=\"_blank\" rel=\"noopener\"><img loading=\"lazy\" decoding=\"async\" src=\"https:\/\/bu.optimum-automotive.com\/wp-content\/uploads\/2024\/07\/jpg\/01-104.jpg\" width=\"184\" height=\"260\" alt=\"PDF - 63,5 kb\"><\/a>\r\n<figcaption class=\"wp-element-caption\"><strong>capital.fr<\/strong><br>\r\nMAPPING CONTROL se expande por el \u00c1frica subsahariana\r\n<\/figcaption><\/div> \r\n\r\n<div class=\"wp-block-image\">\r\n<a href=\"https:\/\/bu.optimum-automotive.com\/wp-content\/uploads\/2024\/07\/pdf\/mapping_control_se_deploie_sur_l_afrique_subsaharienne.pdf\" title=\"www.euroinvestor.fr\" type=\"application\/pdf\" target=\"_blank\" rel=\"noopener\"><img loading=\"lazy\" decoding=\"async\" src=\"https:\/\/bu.optimum-automotive.com\/wp-content\/uploads\/2024\/07\/jpg\/01-103.jpg\" width=\"184\" height=\"260\" alt=\"PDF - 735,7 kb\"><\/a>\r\n<figcaption class=\"wp-element-caption\"><strong>www.euroinvestor.fr<\/strong><br>\r\nMAPPING CONTROL se expande por el \u00c1frica subsahariana\r\n<\/figcaption><\/div> \r\n\r\n<div class=\"wp-block-image\">\r\n<a href=\"https:\/\/bu.optimum-automotive.com\/wp-content\/uploads\/2024\/07\/pdf\/les_ambitions_internationales_de_mapping_control.pdf\" title=\"ecomnewsmed.com\" type=\"application\/pdf\" target=\"_blank\" rel=\"noopener\"><img loading=\"lazy\" decoding=\"async\" src=\"https:\/\/bu.optimum-automotive.com\/wp-content\/uploads\/2024\/07\/jpg\/01-102.jpg\" width=\"184\" height=\"260\" alt=\"PDF - 1,7 Mb\"><\/a>\r\n<figcaption class=\"wp-element-caption\"><strong>ecomnewsmed.com<\/strong><br>\r\nLas ambiciones internacionales de Mapping Control incluyen Marruecos.\r\n<\/figcaption><\/div> \r\n\r\n<div class=\"wp-block-image\"> \r\n<a href=\"https:\/\/bu.optimum-automotive.com\/wp-content\/uploads\/2024\/07\/pdf\/carburant_fuel_control_transportissimo.pdf\" title=\"transportissimo.com\" type=\"application\/pdf\" target=\"_blank\" rel=\"noopener\"><img loading=\"lazy\" decoding=\"async\" src=\"https:\/\/bu.optimum-automotive.com\/wp-content\/uploads\/2024\/07\/jpg\/01-101.jpg\" width=\"184\" height=\"260\" alt=\"PDF - 177,6 kb\"><\/a>\r\n<figcaption class=\"wp-element-caption\"><strong>transportissimo.com<\/strong><br>\r\nCombustible : Fuel Control, el sensor ultras\u00f3nico\r\n<\/figcaption><\/div> \r\n\r\n<div class=\"wp-block-image\"> \r\n<a href=\"https:\/\/bu.optimum-automotive.com\/wp-content\/uploads\/2024\/07\/pdf\/ecomnews_-_mapping_control.pdf\" title=\"www.ecomnews.fr\" type=\"application\/pdf\" target=\"_blank\" rel=\"noopener\"><img loading=\"lazy\" decoding=\"async\" src=\"https:\/\/bu.optimum-automotive.com\/wp-content\/uploads\/2024\/07\/jpg\/01-99.jpg\" width=\"184\" height=\"260\" alt=\"PDF - 3,4 Mb\"><\/a>\r\n<figcaption class=\"wp-element-caption\"><strong>www.ecomnews.fr<\/strong><br>\r\nMapping Control ayuda a las empresas a reducir costes de flota\r\n<\/figcaption><\/div> \r\n\r\n<div class=\"wp-block-image\">\r\n<a href=\"https:\/\/bu.optimum-automotive.com\/wp-content\/uploads\/2024\/07\/pdf\/2016-11-01-5666_www_tpnews_com.pdf\" title=\"www.tp-news.com\" type=\"application\/pdf\" target=\"_blank\" rel=\"noopener\"><img loading=\"lazy\" decoding=\"async\" src=\"https:\/\/bu.optimum-automotive.com\/wp-content\/uploads\/2024\/07\/jpg\/01-100.jpg\" width=\"184\" height=\"260\" alt=\"PDF - 224,2 kb\"><\/a>\r\n<figcaption class=\"wp-element-caption\"><strong>www.tp-news.com<\/strong><br>\r\nCombustible : Fuel Control, el sensor ultras\u00f3nico\r\n\r\n<\/figcaption><\/div> \r\n\r\n<h2 class=\"wp-block-heading\">OCTUBRE 2016<\/h2>\r\n\r\n<div class=\"wp-block-image\">\r\n<a href=\"https:\/\/bu.optimum-automotive.com\/wp-content\/uploads\/2024\/07\/pdf\/2016-10-25-5054_www_decisionatelier_com.pdf\" title=\"www.decisionatelier.com\" type=\"application\/pdf\" target=\"_blank\" rel=\"noopener\"><img loading=\"lazy\" decoding=\"async\" src=\"https:\/\/bu.optimum-automotive.com\/wp-content\/uploads\/2024\/07\/jpg\/01-98.jpg\" width=\"184\" height=\"260\" alt=\"PDF - 68,8 kb\"><\/a>\r\n<figcaption class=\"wp-element-caption\"><strong>www.decisionatelier.com<\/strong><br>\r\nMapping Control vigila el combustible con Fuel Control\r\n<\/figcaption><\/div> \r\n\r\n<div class=\"wp-block-image\">\r\n<a href=\"https:\/\/bu.optimum-automotive.com\/wp-content\/uploads\/2024\/07\/pdf\/2016-10-20-5201_www_labourseetlavie_com.pdf\" title=\"www.labourseetlavie.com\" type=\"application\/pdf\" target=\"_blank\" rel=\"noopener\"><img loading=\"lazy\" decoding=\"async\" src=\"https:\/\/bu.optimum-automotive.com\/wp-content\/uploads\/2024\/07\/jpg\/01-93.jpg\" width=\"184\" height=\"260\" alt=\"PDF - 136,5 kb\"><\/a>\r\n<figcaption class=\"wp-element-caption\"><strong>www.labourseetlavie.com<\/strong><br>\r\nMAPPING CONTROL vigila el combustible con su sistema<br class=\"autobr\">\r\nno intrusivo: Control de combustible\r\n<\/figcaption><\/div> \r\n\r\n<div class=\"wp-block-image\">\r\n<a href=\"https:\/\/bu.optimum-automotive.com\/wp-content\/uploads\/2024\/07\/pdf\/2016-10-20-5388_www_generationnt_com.pdf\" title=\"www.generation-nt.com\" type=\"application\/pdf\" target=\"_blank\" rel=\"noopener\"><img loading=\"lazy\" decoding=\"async\" src=\"https:\/\/bu.optimum-automotive.com\/wp-content\/uploads\/2024\/07\/jpg\/01-94.jpg\" width=\"184\" height=\"260\" alt=\"PDF - 100,5 kb\"><\/a>\r\n<figcaption class=\"wp-element-caption\"><strong>www.generation-nt.com<\/strong><br>\r\nMAPPING CONTROL vigila el combustible con su sistema<br class=\"autobr\">\r\nno intrusivo: Control de combustible\r\n<\/figcaption><\/div> \r\n\r\n<div class=\"wp-block-image\">\r\n<a href=\"https:\/\/bu.optimum-automotive.com\/wp-content\/uploads\/2024\/07\/pdf\/2016-10-20-5664_bourse_sixfinancialinformati.pdf\" title=\"bourse.six-financial-information.fr\" type=\"application\/pdf\" target=\"_blank\" rel=\"noopener\"><img loading=\"lazy\" decoding=\"async\" src=\"https:\/\/bu.optimum-automotive.com\/wp-content\/uploads\/2024\/07\/jpg\/01-95.jpg\" width=\"184\" height=\"260\" alt=\"PDF - 132,4 kb\"><\/a>\r\n<figcaption class=\"wp-element-caption\"><strong>bourse.six-financial-information.fr<\/strong><br>\r\nMAPPING CONTROL vigila el combustible con su sistema<br class=\"autobr\">\r\nno intrusivo: Control de combustible\r\n<\/figcaption><\/div> \r\n\r\n<div class=\"wp-block-image\">\r\n<a href=\"https:\/\/bu.optimum-automotive.com\/wp-content\/uploads\/2024\/07\/pdf\/2016-10-20-5890_www_euroinvestor_fr.pdf\" title=\"www.euroinvestor.fr\" type=\"application\/pdf\" target=\"_blank\" rel=\"noopener\"><img loading=\"lazy\" decoding=\"async\" src=\"https:\/\/bu.optimum-automotive.com\/wp-content\/uploads\/2024\/07\/jpg\/01-96.jpg\" width=\"184\" height=\"260\" alt=\"PDF - 136 kb\"><\/a>\r\n<figcaption class=\"wp-element-caption\"><strong>www.euroinvestor.fr<\/strong><br>\r\nMAPPING CONTROL vigila el combustible con su sistema<br class=\"autobr\">\r\nno intrusivo: Control de combustible\r\n<\/figcaption><\/div> \r\n\r\n<div class=\"wp-block-image\"> \r\n<a href=\"https:\/\/bu.optimum-automotive.com\/wp-content\/uploads\/2024\/07\/pdf\/2016-10-20-5927_www_capital_fr.pdf\" title=\"www.capital.fr\" type=\"application\/pdf\" target=\"_blank\" rel=\"noopener\"><img loading=\"lazy\" decoding=\"async\" src=\"https:\/\/bu.optimum-automotive.com\/wp-content\/uploads\/2024\/07\/jpg\/01-97.jpg\" width=\"184\" height=\"260\" alt=\"PDF - 134,1 kb\"><\/a>\r\n<figcaption class=\"wp-element-caption\"><strong>www.capital.fr<\/strong><br>\r\nMAPPING CONTROL vigila el combustible con su sistema<br class=\"autobr\">\r\nno intrusivo: Control de combustible\r\n<\/figcaption><\/div> \r\n\r\n<div class=\"wp-block-image\">\r\n<a href=\"https:\/\/bu.optimum-automotive.com\/wp-content\/uploads\/2024\/07\/pdf\/2016-10-19-5197_www_flotauto_com.pdf\" title=\"www.flotauto.com\" type=\"application\/pdf\" target=\"_blank\" rel=\"noopener\"><img loading=\"lazy\" decoding=\"async\" src=\"https:\/\/bu.optimum-automotive.com\/wp-content\/uploads\/2024\/07\/jpg\/01-92.jpg\" width=\"184\" height=\"260\" alt=\"PDF - 116,3 kb\"><\/a>\r\n<figcaption class=\"wp-element-caption\"><strong>www.flotauto.com<\/strong><br>\r\nIndicador ultras\u00f3nico de combustible de Mapping Control\r\n<\/figcaption><\/div> \r\n\r\n<div class=\"wp-block-image\">\r\n<a href=\"https:\/\/bu.optimum-automotive.com\/wp-content\/uploads\/2024\/07\/pdf\/2016-10-18-5785_www_decisionachats_fr.pdf\" title=\"www.decision-achats.fr\" type=\"application\/pdf\" target=\"_blank\" rel=\"noopener\"><img loading=\"lazy\" decoding=\"async\" src=\"https:\/\/bu.optimum-automotive.com\/wp-content\/uploads\/2024\/07\/jpg\/01-90.jpg\" width=\"184\" height=\"260\" alt=\"PDF - 139,4 kb\"><\/a>\r\n<figcaption class=\"wp-element-caption\"><strong>www.decision-achats.fr<\/strong><br>\r\nFlota - Mapping ofrece Fuel Control para combatir el robo de combustible\r\n<\/figcaption><\/div> \r\n\r\n<div class=\"wp-block-image\"> \r\n<a href=\"https:\/\/bu.optimum-automotive.com\/wp-content\/uploads\/2024\/07\/pdf\/2016-10-18-1047_vtc_world.pdf\" title=\"MUNDO VTC\" type=\"application\/pdf\" target=\"_blank\" rel=\"noopener\"><img loading=\"lazy\" decoding=\"async\" src=\"https:\/\/bu.optimum-automotive.com\/wp-content\/uploads\/2024\/07\/jpg\/01-89.jpg\" width=\"184\" height=\"260\" alt=\"PDF - 131,4 kb\"><\/a>\r\n<figcaption class=\"wp-element-caption\"><strong>MUNDO VTC<\/strong><br>\r\nVeh\u00edculos conectados: Mapping Control equipa a la empresa de alquiler VPCab\r\n<\/figcaption><\/div> \r\n\r\n<div class=\"wp-block-image\"> \r\n<a href=\"https:\/\/bu.optimum-automotive.com\/wp-content\/uploads\/2024\/07\/pdf\/2016-10-12-5093_www_presseagence_fr.pdf\" title=\"www.presseagence.fr\" type=\"application\/pdf\" target=\"_blank\" rel=\"noopener\"><img loading=\"lazy\" decoding=\"async\" src=\"https:\/\/bu.optimum-automotive.com\/wp-content\/uploads\/2024\/07\/jpg\/01-85.jpg\" width=\"184\" height=\"260\" alt=\"PDF - 428,6 kb\"><\/a>\r\n<figcaption class=\"wp-element-caption\"><strong>www.presseagence.fr<\/strong><br>\r\nOLLIOULES: Christian ESTROSI desvela las 12 Operaciones<br class=\"autobr\">\r\nde inter\u00e9s regional\r\n<\/figcaption><\/div> \r\n\r\n<div class=\"wp-block-image\"> \r\n<a href=\"https:\/\/bu.optimum-automotive.com\/wp-content\/uploads\/2024\/07\/pdf\/2016-10-11-5958_www_capital_fr.pdf\" title=\"www.capital.fr\" type=\"application\/pdf\" target=\"_blank\" rel=\"noopener\"><img loading=\"lazy\" decoding=\"async\" src=\"https:\/\/bu.optimum-automotive.com\/wp-content\/uploads\/2024\/07\/jpg\/01-84.jpg\" width=\"184\" height=\"260\" alt=\"PDF - 139,9 kb\"><\/a>\r\n<figcaption class=\"wp-element-caption\"><strong>www.capital.fr<\/strong><br>\r\nMAPPING CONTROL se vuelve verde\r\n<\/figcaption><\/div> \r\n\r\n<div class=\"wp-block-image\"> \r\n<a href=\"https:\/\/bu.optimum-automotive.com\/wp-content\/uploads\/2024\/07\/pdf\/2016-10-11-5594_www_euroinvestor_fr.pdf\" title=\"www.euroinvestor.fr\" type=\"application\/pdf\" target=\"_blank\" rel=\"noopener\"><img loading=\"lazy\" decoding=\"async\" src=\"https:\/\/bu.optimum-automotive.com\/wp-content\/uploads\/2024\/07\/jpg\/01-83.jpg\" width=\"184\" height=\"260\" alt=\"PDF - 141 kb\"><\/a>\r\n<figcaption class=\"wp-element-caption\"><strong>www.euroinvestor.fr<\/strong><br>\r\nMAPPING CONTROL se vuelve verde\r\n<\/figcaption><\/div> \r\n\r\n<div class=\"wp-block-image\"> \r\n<a href=\"https:\/\/bu.optimum-automotive.com\/wp-content\/uploads\/2024\/07\/pdf\/2016-10-11-5542_www_usinedigitale_fr.pdf\" title=\"www.usine-digitale.fr\" type=\"application\/pdf\" target=\"_blank\" rel=\"noopener\"><img loading=\"lazy\" decoding=\"async\" src=\"https:\/\/bu.optimum-automotive.com\/wp-content\/uploads\/2024\/07\/jpg\/01-82.jpg\" width=\"184\" height=\"260\" alt=\"PDF - 53,4 kb\"><\/a>\r\n<figcaption class=\"wp-element-caption\"><strong>www.usine-digitale.fr<\/strong><br>\r\nFrance du num\u00e9rique 2016: Control cartogr\u00e1fico\r\n<\/figcaption><\/div> \r\n\r\n<div class=\"wp-block-image\">\r\n<a href=\"https:\/\/bu.optimum-automotive.com\/wp-content\/uploads\/2024\/07\/pdf\/2016-10-11-1578_la_provence.pdf\" title=\"La Provence\" type=\"application\/pdf\" target=\"_blank\" rel=\"noopener\"><img loading=\"lazy\" decoding=\"async\" src=\"https:\/\/bu.optimum-automotive.com\/wp-content\/uploads\/2024\/07\/jpg\/01-81.jpg\" width=\"184\" height=\"260\" alt=\"PDF - 151,4 kb\"><\/a>\r\n<figcaption class=\"wp-element-caption\"><strong>La Provence<\/strong><br>\r\nMapping Control cumple 10 a\u00f1os\r\n<\/figcaption><\/div> \r\n\r\n<div class=\"wp-block-image\"> \r\n<a href=\"https:\/\/bu.optimum-automotive.com\/wp-content\/uploads\/2024\/07\/pdf\/2016-10-11-1212_usine_nouvelle.pdf\" title=\"L&#039;Usine Nouvelle\" type=\"application\/pdf\" target=\"_blank\" rel=\"noopener\"><img loading=\"lazy\" decoding=\"async\" src=\"https:\/\/bu.optimum-automotive.com\/wp-content\/uploads\/2024\/07\/jpg\/01-80.jpg\" width=\"184\" height=\"260\" alt=\"PDF - 1,2 Mb\"><\/a>\r\n<figcaption class=\"wp-element-caption\"><strong>L'Usine Nouvelle<\/strong><br>\r\nMAPPING CONTROL reduce los costes de la flota\r\n<\/figcaption><\/div> \r\n\r\n<div class=\"wp-block-image\"> \r\n<a href=\"https:\/\/bu.optimum-automotive.com\/wp-content\/uploads\/2024\/07\/pdf\/2016-10-10-5619_bourse_sixfinancialinformati.pdf\" title=\"bourse.six-financial-information.fr\" type=\"application\/pdf\" target=\"_blank\" rel=\"noopener\"><img loading=\"lazy\" decoding=\"async\" src=\"https:\/\/bu.optimum-automotive.com\/wp-content\/uploads\/2024\/07\/jpg\/01-79.jpg\" width=\"184\" height=\"260\" alt=\"PDF - 116,3 kb\"><\/a>\r\n<figcaption class=\"wp-element-caption\"><strong>bourse.six-financial-information.fr<\/strong><br>\r\nMAPPING CONTROL se vuelve verde\r\n<\/figcaption><\/div> \r\n\r\n<div class=\"wp-block-image\"> \r\n<a href=\"https:\/\/bu.optimum-automotive.com\/wp-content\/uploads\/2024\/07\/pdf\/2016-10-10-5552_fr_finance_yahoo_com.pdf\" title=\"es.finance.yahoo.com\" type=\"application\/pdf\" target=\"_blank\" rel=\"noopener\"><img loading=\"lazy\" decoding=\"async\" src=\"https:\/\/bu.optimum-automotive.com\/wp-content\/uploads\/2024\/07\/jpg\/01-78.jpg\" width=\"184\" height=\"260\" alt=\"PDF - 95,2 kb\"><\/a>\r\n<figcaption class=\"wp-element-caption\"><strong>es.finance.yahoo.com<\/strong><br>\r\nMAPPING CONTROL se vuelve verde\r\n<\/figcaption><\/div> \r\n\r\n<div class=\"wp-block-image\"> \r\n<a href=\"https:\/\/bu.optimum-automotive.com\/wp-content\/uploads\/2024\/07\/pdf\/2016-10-09-5814_parisregionentreprises_org.pdf\" title=\"parisregionentreprises.org\" type=\"application\/pdf\" target=\"_blank\" rel=\"noopener\"><img loading=\"lazy\" decoding=\"async\" src=\"https:\/\/bu.optimum-automotive.com\/wp-content\/uploads\/2024\/07\/jpg\/01-77.jpg\" width=\"184\" height=\"260\" alt=\"PDF - 229,4 kb\"><\/a>\r\n<figcaption class=\"wp-element-caption\"><strong>parisregionentreprises.org<\/strong><br>\r\nLAS EMPRESAS DE LA REGI\u00d3N DE PAR\u00cdS Y LA MOVILIDAD INTELIGENTE\r\n<\/figcaption><\/div> \r\n\r\n<div class=\"wp-block-image\">\r\n<a href=\"https:\/\/bu.optimum-automotive.com\/wp-content\/uploads\/2024\/07\/pdf\/scanner_agence-c3m.com_20161019_180529.pdf\" title=\"LA TRIBUNE DES AUTO-ECOLES\" type=\"application\/pdf\" target=\"_blank\" rel=\"noopener\"><img loading=\"lazy\" decoding=\"async\" src=\"https:\/\/bu.optimum-automotive.com\/wp-content\/uploads\/2024\/07\/jpg\/01-91.jpg\" width=\"184\" height=\"260\" alt=\"PDF - 707,6 kb\"><\/a>\r\n<figcaption class=\"wp-element-caption\"><strong>LA TRIBUNE DES AUTO-ECOLES<\/strong><br>\r\nCelebramos 10 a\u00f1os\r\n<\/figcaption><\/div> \r\n\r\n<div class=\"wp-block-image\">\r\n<a href=\"https:\/\/bu.optimum-automotive.com\/wp-content\/uploads\/2024\/07\/pdf\/cap10ans.pdf\" title=\"www.laprovence.com\" type=\"application\/pdf\" target=\"_blank\" rel=\"noopener\"><img loading=\"lazy\" decoding=\"async\" src=\"https:\/\/bu.optimum-automotive.com\/wp-content\/uploads\/2024\/07\/jpg\/01-76.jpg\" width=\"184\" height=\"260\" alt=\"PDF - 372,4 kb\"><\/a>\r\n<figcaption class=\"wp-element-caption\"><strong>www.laprovence.com<\/strong><br>\r\nMapping Control passe<br class=\"autobr\">\r\n10 a\u00f1os despu\u00e9s\r\n<\/figcaption><\/div> \r\n\r\n<div class=\"wp-block-image\"> \r\n<a href=\"https:\/\/bu.optimum-automotive.com\/wp-content\/uploads\/2024\/07\/pdf\/mapping_control_bpifrance.pdf\" title=\"www.laprovence.com\" type=\"application\/pdf\" target=\"_blank\" rel=\"noopener\"><img loading=\"lazy\" decoding=\"async\" src=\"https:\/\/bu.optimum-automotive.com\/wp-content\/uploads\/2024\/07\/jpg\/01-75.jpg\" width=\"184\" height=\"260\" alt=\"PDF - 435 kb\"><\/a>\r\n<figcaption class=\"wp-element-caption\"><strong>www.laprovence.com<\/strong><br>\r\nCartograf\u00eda Control del veh\u00edculo conectado para reducir costes\r\n<\/figcaption><\/div> \r\n\r\n<h2 class=\"wp-block-heading\">SEPTIEMBRE 2016<\/h2>\r\n\r\n<div class=\"wp-block-image\"> \r\n<a href=\"https:\/\/bu.optimum-automotive.com\/wp-content\/uploads\/2024\/07\/pdf\/2016_09_16_5614_www_businews_fr.pdf\" title=\"www.businews.fr\" type=\"application\/pdf\" target=\"_blank\" rel=\"noopener\"><img loading=\"lazy\" decoding=\"async\" src=\"https:\/\/bu.optimum-automotive.com\/wp-content\/uploads\/2024\/07\/jpg\/01-72.jpg\" width=\"184\" height=\"260\" alt=\"PDF - 95,5 kb\"><\/a>\r\n<figcaption class=\"wp-element-caption\"><strong>www.businews.fr<\/strong><br>\r\nMapping Control r\u00eave d'Am\u00e9rique\r\n<\/figcaption><\/div> \r\n\r\n<div class=\"wp-block-image\">\r\n<a href=\"https:\/\/bu.optimum-automotive.com\/wp-content\/uploads\/2024\/07\/pdf\/mapping_control_affiche_ses_nouvelles_priorites.pdf\" title=\"Journal de l&#039;automobile http:\/\/www.journalauto.com\/\" type=\"application\/pdf\" target=\"_blank\" rel=\"noopener\"><img loading=\"lazy\" decoding=\"async\" src=\"https:\/\/bu.optimum-automotive.com\/wp-content\/uploads\/2024\/07\/jpg\/01-71.jpg\" width=\"184\" height=\"260\" alt=\"PDF - 402,9 kb\"><\/a>\r\n<figcaption class=\"wp-element-caption\"><strong>Journal de l'automobile http:\/\/www.journalauto.com\/<\/strong><br>\r\nEL CONTROL CARTOGR\u00c1FICO ESTABLECE SUS NUEVAS PRIORIDADES\r\n<\/figcaption><\/div> \r\n\r\n<div class=\"wp-block-image\"> \r\n<a href=\"https:\/\/bu.optimum-automotive.com\/wp-content\/uploads\/2024\/07\/pdf\/2016-09-13-5851_www_capital_fr.pdf\" title=\"www.capital.fr\" type=\"application\/pdf\" target=\"_blank\" rel=\"noopener\"><img loading=\"lazy\" decoding=\"async\" src=\"https:\/\/bu.optimum-automotive.com\/wp-content\/uploads\/2024\/07\/jpg\/01-70.jpg\" width=\"184\" height=\"260\" alt=\"PDF - 124,6 kb\"><\/a>\r\n<figcaption class=\"wp-element-caption\"><strong>www.capital.fr<\/strong><br>\r\nMAPPING CONTROL celebra su 10\u00ba aniversario\r\n<\/figcaption><\/div> \r\n\r\n<div class=\"wp-block-image\">\r\n<a href=\"https:\/\/bu.optimum-automotive.com\/wp-content\/uploads\/2024\/07\/pdf\/2016-09-13-5530_www_journalauto_com.pdf\" title=\" www.journalauto.com\" type=\"application\/pdf\" target=\"_blank\" rel=\"noopener\"><img loading=\"lazy\" decoding=\"async\" src=\"https:\/\/bu.optimum-automotive.com\/wp-content\/uploads\/2024\/07\/jpg\/01-69.jpg\" width=\"184\" height=\"260\" alt=\"PDF - 127,6 kb\"><\/a>\r\n<figcaption class=\"wp-element-caption\"><strong>  www.journalauto.com<\/strong><br>\r\nMapping Control establece sus nuevas prioridades\r\n<\/figcaption><\/div> \r\n\r\n<div class=\"wp-block-image\"> \r\n<a href=\"https:\/\/bu.optimum-automotive.com\/wp-content\/uploads\/2024\/07\/pdf\/2016-09-13-5524_bourse_sixfinancialinformati.pdf\" title=\"bourse.six-financial-information.fr\" type=\"application\/pdf\" target=\"_blank\" rel=\"noopener\"><img loading=\"lazy\" decoding=\"async\" src=\"https:\/\/bu.optimum-automotive.com\/wp-content\/uploads\/2024\/07\/jpg\/01-68.jpg\" width=\"184\" height=\"260\" alt=\"PDF - 123,1 kb\"><\/a>\r\n<figcaption class=\"wp-element-caption\"><strong>bourse.six-financial-information.fr<\/strong><br>\r\nMAPPING CONTROL celebra su 10\u00ba aniversario\r\n<\/figcaption><\/div> \r\n\r\n<div class=\"wp-block-image\"> \r\n<a href=\"https:\/\/bu.optimum-automotive.com\/wp-content\/uploads\/2024\/07\/pdf\/2016-09-13-5193_fr_news_yahoo_com.pdf\" title=\" es.news.yahoo.com\" type=\"application\/pdf\" target=\"_blank\" rel=\"noopener\"><img loading=\"lazy\" decoding=\"async\" src=\"https:\/\/bu.optimum-automotive.com\/wp-content\/uploads\/2024\/07\/jpg\/01-67.jpg\" width=\"184\" height=\"260\" alt=\"PDF - 123,4 kb\"><\/a>\r\n<figcaption class=\"wp-element-caption\"><strong> es.news.yahoo.com<\/strong><br>\r\nMAPPING CONTROL celebra su 10\u00ba aniversario\r\n<\/figcaption><\/div> \r\n\r\n<div class=\"wp-block-image\"> \r\n<a href=\"https:\/\/bu.optimum-automotive.com\/wp-content\/uploads\/2024\/07\/pdf\/mapping_control_passe_le_cap_des_10_ans.pdf\" title=\"EuroInvestor.es\" type=\"application\/pdf\" target=\"_blank\" rel=\"noopener\"><img loading=\"lazy\" decoding=\"async\" src=\"https:\/\/bu.optimum-automotive.com\/wp-content\/uploads\/2024\/07\/jpg\/anniversaire_mapping-eur.oinvestor.jpg\" width=\"184\" height=\"260\" alt=\"PDF - 3 Mb\"><\/a>\r\n<figcaption class=\"wp-element-caption\"><strong>EuroInvestor.es<\/strong><br>\r\nMAPPING CONTROL celebra su 10\u00ba aniversario\r\n<\/figcaption><\/div> \r\n\r\n<div class=\"wp-block-image\"> \r\n<a href=\"https:\/\/bu.optimum-automotive.com\/wp-content\/uploads\/2024\/07\/pdf\/snlvld_la_lettre_2016_mapping-control.pdf\" title=\"El bolet\u00edn SNLVLD\" type=\"application\/pdf\" target=\"_blank\" rel=\"noopener\"><img loading=\"lazy\" decoding=\"async\" src=\"https:\/\/bu.optimum-automotive.com\/wp-content\/uploads\/2024\/07\/jpg\/01-63.jpg\" width=\"184\" height=\"260\" alt=\"PDF - 1,8 Mb\"><\/a>\r\n<figcaption class=\"wp-element-caption\"><strong>El bolet\u00edn SNLVLD<\/strong><br>\r\n5 MIEMBROS ASOCIADOS , 1 nueva empresa se une a nosotros, Bienvenidos\r\n<\/figcaption><\/div> \r\n\r\n<div class=\"wp-block-image\"> \r\n<a href=\"https:\/\/bu.optimum-automotive.com\/wp-content\/uploads\/2024\/07\/pdf\/2016-09-08-1438_maires_de_france.pdf\" title=\"Alcaldes de Francia\" type=\"application\/pdf\" target=\"_blank\" rel=\"noopener\"><img loading=\"lazy\" decoding=\"async\" src=\"https:\/\/bu.optimum-automotive.com\/wp-content\/uploads\/2024\/07\/jpg\/mairesdefrance.jpg\" width=\"184\" height=\"260\" alt=\"PDF - 108 kb\"><\/a>\r\n<figcaption class=\"wp-element-caption\"><strong>Alcaldes de Francia<\/strong><br>\r\nVeh\u00edculos, Flota conectada: gesti\u00f3n de flotas heterog\u00e9neas...\r\n<\/figcaption><\/div> \r\n\r\n<h2 class=\"wp-block-heading\">JULIO 2016<\/h2>\r\n\r\n<div class=\"wp-block-image\"> \r\n<a href=\"https:\/\/bu.optimum-automotive.com\/wp-content\/uploads\/2024\/07\/pdf\/mapping_control_le_specialiste_aixois_bpi.pdf\" title=\"BPI FRANCE http:\/\/www.bpifrance.fr\/\" type=\"application\/pdf\" target=\"_blank\" rel=\"noopener\"><img loading=\"lazy\" decoding=\"async\" src=\"https:\/\/bu.optimum-automotive.com\/wp-content\/uploads\/2024\/07\/jpg\/01-60.jpg\" width=\"184\" height=\"260\" alt=\"PDF - 3,4 Mb\"><\/a>\r\n<figcaption class=\"wp-element-caption\"><strong>BPI FRANCE http:\/\/www.bpifrance.fr\/<\/strong><br>\r\nMapping Control, especialista en veh\u00edculos conectados con sede en Aix, se lanza en \u00c1frica\r\n<\/figcaption><\/div> \r\n\r\n<h2 class=\"wp-block-heading\">JUNIO 2016<\/h2>\r\n\r\n<div class=\"wp-block-image\">\r\n<a href=\"https:\/\/bu.optimum-automotive.com\/wp-content\/uploads\/2024\/07\/pdf\/itespresso_fr_frenctech_numperique_gestiondeflotte.pdf\" title=\"www.itespresso.fr\" type=\"application\/pdf\" target=\"_blank\" rel=\"noopener\"><img loading=\"lazy\" decoding=\"async\" src=\"https:\/\/bu.optimum-automotive.com\/wp-content\/uploads\/2024\/07\/jpg\/itexpresso_gestion_flotte.jpg\" width=\"184\" height=\"260\" alt=\"PDF - 179,5 kb\"><\/a>\r\n<figcaption class=\"wp-element-caption\"><strong>www.itespresso.fr<\/strong><br>\r\nFRENCH TECH \/ DIGITAL \/ PACA - Control cartogr\u00e1fico<br class=\"autobr\">\r\ngalardonada con el sello French Tech\r\n<\/figcaption><\/div> \r\n\r\n<div class=\"wp-block-image\"> \r\n<a href=\"https:\/\/bu.optimum-automotive.com\/wp-content\/uploads\/2024\/07\/pdf\/labourseetlavie_com_frenchtech.pdf\" title=\"www.labourseetlavie.com\" type=\"application\/pdf\" target=\"_blank\" rel=\"noopener\"><img loading=\"lazy\" decoding=\"async\" src=\"https:\/\/bu.optimum-automotive.com\/wp-content\/uploads\/2024\/07\/jpg\/labourseetlavie_frenctech.jpg\" width=\"184\" height=\"260\" alt=\"PDF - 179,2 kb\"><\/a>\r\n<figcaption class=\"wp-element-caption\"><strong>www.labourseetlavie.com<\/strong><br>\r\nMapping Control recibe el sello French Tech\r\n<\/figcaption><\/div> \r\n\r\n<div class=\"wp-block-image\"> \r\n<a href=\"https:\/\/bu.optimum-automotive.com\/wp-content\/uploads\/2024\/07\/pdf\/euroinvestor_fr_frenchtech.pdf\" title=\"www.euroinvestor.fr\" type=\"application\/pdf\" target=\"_blank\" rel=\"noopener\"><img loading=\"lazy\" decoding=\"async\" src=\"https:\/\/bu.optimum-automotive.com\/wp-content\/uploads\/2024\/07\/jpg\/euroinvestor_gestiondeflotte.jpg\" width=\"184\" height=\"260\" alt=\"PDF - 179,5 kb\"><\/a>\r\n<figcaption class=\"wp-element-caption\"><strong>www.euroinvestor.fr<\/strong><br>\r\nFRENCH TECH \/ DIGITAL \/ PACA - Mapping Control recibe el sello French Tech\r\n<\/figcaption><\/div> \r\n\r\n<div class=\"wp-block-image\"> \r\n<a href=\"https:\/\/bu.optimum-automotive.com\/wp-content\/uploads\/2024\/07\/pdf\/geolocalisation_vehicules_mapping_capital_fr.pdf\" title=\"www.capital.fr\" type=\"application\/pdf\" target=\"_blank\" rel=\"noopener\"><img loading=\"lazy\" decoding=\"async\" src=\"https:\/\/bu.optimum-automotive.com\/wp-content\/uploads\/2024\/07\/jpg\/gestiondeflotte.jpg\" width=\"184\" height=\"260\" alt=\"PDF - 179,3 kb\"><\/a>\r\n<figcaption class=\"wp-element-caption\"><strong>www.capital.fr<\/strong><br>\r\nFRENCH TECH \/ DIGITAL \/ PACA - Control cartogr\u00e1fico<br class=\"autobr\">\r\ngalardonada con el sello French Tech\r\n<\/figcaption><\/div> \r\n\r\n<div class=\"wp-block-image\"> \r\n<a href=\"https:\/\/bu.optimum-automotive.com\/wp-content\/uploads\/2024\/07\/pdf\/mapping_control_decroche_le_label_french_tech-2.pdf\" title=\"www.cote-azur.cci.fr\" type=\"application\/pdf\" target=\"_blank\" rel=\"noopener\"><img loading=\"lazy\" decoding=\"async\" src=\"https:\/\/bu.optimum-automotive.com\/wp-content\/uploads\/2024\/07\/jpg\/gestiondeparc.jpg\" width=\"184\" height=\"260\" alt=\"PDF - 65,8 kb\"><\/a>\r\n<figcaption class=\"wp-element-caption\"><strong>www.cote-azur.cci.fr<\/strong><br>\r\n\u00c9xito total del nuevo programa de aceleraci\u00f3n empresarial del cluster SCS\r\n<\/figcaption><\/div> \r\n\r\n<div class=\"wp-block-image\">\r\n<a href=\"https:\/\/bu.optimum-automotive.com\/wp-content\/uploads\/2024\/07\/pdf\/mapping_control_decroche_le_label_french_tech.pdf\" title=\"automobile-entreprise.com\" type=\"application\/pdf\" target=\"_blank\" rel=\"noopener\"><img loading=\"lazy\" decoding=\"async\" src=\"https:\/\/bu.optimum-automotive.com\/wp-content\/uploads\/2024\/07\/jpg\/geolocalisation_automobile_entreprise.jpg\" width=\"184\" height=\"260\" alt=\"PDF - 1,3 Mb\"><\/a>\r\n<figcaption class=\"wp-element-caption\"><strong>automobile-entreprise.com<\/strong><br>\r\nMapping Control recibe el sello French Tech\r\n<\/figcaption><\/div> \r\n\r\n<div class=\"wp-block-image\">\r\n<a href=\"https:\/\/bu.optimum-automotive.com\/wp-content\/uploads\/2024\/07\/pdf\/2016-06-29_labourseetlavie_com.pdf\" title=\"labourseetlavie.com\" type=\"application\/pdf\" target=\"_blank\" rel=\"noopener\"><img loading=\"lazy\" decoding=\"async\" src=\"https:\/\/bu.optimum-automotive.com\/wp-content\/uploads\/2024\/07\/jpg\/geolocalisation_french_teck.jpg\" width=\"184\" height=\"260\" alt=\"PDF - 179,2 kb\"><\/a>\r\n<figcaption class=\"wp-element-caption\"><strong>labourseetlavie.com<\/strong><br>\r\nMapping Control recibe el sello French Tech\r\n<\/figcaption><\/div> \r\n\r\n<div class=\"wp-block-image\">\r\n<a href=\"https:\/\/bu.optimum-automotive.com\/wp-content\/uploads\/2024\/07\/pdf\/paca_-_mapping-french_teck.pdf\" title=\"Yahoo Finanzas\" type=\"application\/pdf\" target=\"_blank\" rel=\"noopener\"><img loading=\"lazy\" decoding=\"async\" src=\"https:\/\/bu.optimum-automotive.com\/wp-content\/uploads\/2024\/07\/jpg\/01-57.jpg\" width=\"184\" height=\"260\" alt=\"PDF - 2,6 Mb\"><\/a>\r\n<figcaption class=\"wp-element-caption\"><strong>Yahoo Finanzas<\/strong><br>\r\nFRENCH TECH \/ DIGITAL \/ PACA - Control cartogr\u00e1fico\r\n<\/figcaption><\/div> \r\n\r\n<div class=\"wp-block-image\">\r\n<a href=\"https:\/\/bu.optimum-automotive.com\/wp-content\/uploads\/2024\/07\/pdf\/17juin-journalauto-geolocalisation.pdf\" title=\"Diario del autom\u00f3vil\" type=\"application\/pdf\" target=\"_blank\" rel=\"noopener\"><img loading=\"lazy\" decoding=\"async\" src=\"https:\/\/bu.optimum-automotive.com\/wp-content\/uploads\/2024\/07\/jpg\/01-54.jpg\" width=\"184\" height=\"260\" alt=\"PDF - 4,4 Mb\"><\/a>\r\n<figcaption class=\"wp-element-caption\"><strong>Diario del autom\u00f3vil<\/strong><br>\r\nControl cartogr\u00e1fico de la carpeta de geolocalizaci\u00f3n\r\n<\/figcaption><\/div> \r\n\r\n<div class=\"wp-block-image\"> \r\n<a href=\"https:\/\/bu.optimum-automotive.com\/wp-content\/uploads\/2024\/07\/pdf\/l_essentiel.pdf\" title=\"Lo esencial\" type=\"application\/pdf\" target=\"_blank\" rel=\"noopener\"><img loading=\"lazy\" decoding=\"async\" src=\"https:\/\/bu.optimum-automotive.com\/wp-content\/uploads\/2024\/07\/jpg\/01-59.jpg\" width=\"184\" height=\"260\" alt=\"PDF - 584,6 kb\"><\/a>\r\n<figcaption class=\"wp-element-caption\"><strong>Lo esencial<\/strong><br>\r\nFrenc teca Mapping Contrrol\r\n<\/figcaption><\/div> \r\n\r\n<div class=\"wp-block-image\">\r\n<a href=\"https:\/\/bu.optimum-automotive.com\/wp-content\/uploads\/2024\/07\/pdf\/2016-06-07-1742_la_provence.pdf\" title=\"La Provence\" type=\"application\/pdf\" target=\"_blank\" rel=\"noopener\"><img loading=\"lazy\" decoding=\"async\" src=\"https:\/\/bu.optimum-automotive.com\/wp-content\/uploads\/2024\/07\/jpg\/01-55.jpg\" width=\"185\" height=\"267\" alt=\"PDF - 187,8 kb\"><\/a>\r\n<figcaption class=\"wp-element-caption\"><strong>La Provence<\/strong><br>\r\nMapping Control le ayuda a optimizar su flota de veh\u00edculos.\r\n<\/figcaption><\/div> \r\n\r\n<div class=\"wp-block-image\">\r\n<a href=\"https:\/\/bu.optimum-automotive.com\/wp-content\/uploads\/2024\/07\/pdf\/cai_90_rencontre_mc.pdf\" title=\"REUNI\u00d3N\" type=\"application\/pdf\" target=\"_blank\" rel=\"noopener\"><img loading=\"lazy\" decoding=\"async\" src=\"https:\/\/bu.optimum-automotive.com\/wp-content\/uploads\/2024\/07\/jpg\/01-52.jpg\" width=\"184\" height=\"260\" alt=\"PDF - 81,5 kb\"><\/a>\r\n<figcaption class=\"wp-element-caption\"><strong>REUNI\u00d3N<\/strong><br>\r\nEstos nuevos controladores<br class=\"autobr\">\r\ny sus extra\u00f1as m\u00e1quinas...\r\n<\/figcaption><\/div> \r\n\r\n<h2 class=\"wp-block-heading\">MAYO 2016<\/h2>\r\n\r\n<div class=\"wp-block-image\">\r\n<a href=\"https:\/\/bu.optimum-automotive.com\/wp-content\/uploads\/2024\/07\/pdf\/2016-05-16-perspectives_entrepreneurs.pdf\" title=\"PERSPECTIVA EMPRESARIAL\" type=\"application\/pdf\" target=\"_blank\" rel=\"noopener\"><img loading=\"lazy\" decoding=\"async\" src=\"https:\/\/bu.optimum-automotive.com\/wp-content\/uploads\/2024\/07\/jpg\/01-53.jpg\" width=\"184\" height=\"260\" alt=\"PDF - 554,3 kb\"><\/a>\r\n<figcaption class=\"wp-element-caption\"><strong>PERSPECTIVA EMPRESARIAL<\/strong><br>\r\nParque m\u00f3vil: \u00a1ahorra dinero!\r\n\r\n<\/figcaption><\/div> \r\n\r\n<h2 class=\"wp-block-heading\">ABRIL 2016<\/h2>\r\n\r\n<div class=\"wp-block-image\">\r\n<a href=\"https:\/\/bu.optimum-automotive.com\/wp-content\/uploads\/2024\/07\/pdf\/pdf_mapping_control_specialiste_aixois_du_vehicule_connecte_se_lance_en_afrique.pdf\" title=\"Sitio web usine-digitale.fr\" type=\"application\/pdf\" target=\"_blank\" rel=\"noopener\"><img loading=\"lazy\" decoding=\"async\" src=\"https:\/\/bu.optimum-automotive.com\/wp-content\/uploads\/2024\/07\/jpg\/01-35.jpg\" width=\"184\" height=\"260\" alt=\"PDF - 955,1 kb\"><\/a>\r\n<figcaption class=\"wp-element-caption\"><strong>Sitio web usine-digitale.fr<\/strong><br>\r\nGesti\u00f3n de flotas de veh\u00edculos conectados MAPPING CONTROL \u00c1FRICA\r\n<\/figcaption><\/div> \r\n\r\n<div class=\"wp-block-image\">\r\n<a href=\"https:\/\/bu.optimum-automotive.com\/wp-content\/uploads\/2024\/07\/pdf\/2016-04-08-1542_kilometres_entreprise.pdf\" title=\"KIL\u00d3METROS EMPRESA\" type=\"application\/pdf\" target=\"_blank\" rel=\"noopener\"><img loading=\"lazy\" decoding=\"async\" src=\"https:\/\/bu.optimum-automotive.com\/wp-content\/uploads\/2024\/07\/jpg\/01-31.jpg\" width=\"184\" height=\"260\" alt=\"PDF - 79,1 kb\"><\/a>\r\n<figcaption class=\"wp-element-caption\"><strong>KIL\u00d3METROS EMPRESA<\/strong><br>\r\nLas ambiciones de Mapping Control\r\n<\/figcaption><\/div> \r\n\r\n<div class=\"wp-block-image\">\r\n<a href=\"https:\/\/bu.optimum-automotive.com\/wp-content\/uploads\/2024\/07\/pdf\/2016-04-14-1679_challenges.pdf\" title=\"RETOS\" type=\"application\/pdf\" target=\"_blank\" rel=\"noopener\"><img loading=\"lazy\" decoding=\"async\" src=\"https:\/\/bu.optimum-automotive.com\/wp-content\/uploads\/2024\/07\/jpg\/01-32.jpg\" width=\"184\" height=\"260\" alt=\"PDF - 1,9 Mb\"><\/a>\r\n<figcaption class=\"wp-element-caption\"><strong>RETOS<\/strong><br>\r\nTelem\u00e1tica a bordo: \"La conexi\u00f3n francesa\r\n<\/figcaption><\/div> \r\n\r\n<div class=\"wp-block-image\">\r\n<a href=\"https:\/\/bu.optimum-automotive.com\/wp-content\/uploads\/2024\/07\/pdf\/itw_mapping_control_gestion_de_parc.pdf\" title=\"ECO PYME\" type=\"application\/pdf\" target=\"_blank\" rel=\"noopener\"><img loading=\"lazy\" decoding=\"async\" src=\"https:\/\/bu.optimum-automotive.com\/wp-content\/uploads\/2024\/07\/jpg\/01-33.jpg\" width=\"184\" height=\"260\" alt=\"PDF - 4,1 Mb\"><\/a>\r\n<figcaption class=\"wp-element-caption\"><strong>ECO PYME<\/strong><br>\r\n\"Para las empresas marroqu\u00edes, la gesti\u00f3n de flotas es crucial\".\r\n<\/figcaption><\/div> \r\n\r\n<h2 class=\"wp-block-heading\">MARZO 2016<\/h2>\r\n\r\n<div class=\"wp-block-image\"> \r\n<a href=\"https:\/\/bu.optimum-automotive.com\/wp-content\/uploads\/2024\/07\/pdf\/mapping-control__la_gestion_optimum___telematique_embarquee_flottes_automobiles.pdf\" title=\"FLOTTES AUTOMOBILES sitio web flotauto.com\" type=\"application\/pdf\" target=\"_blank\" rel=\"noopener\"><img loading=\"lazy\" decoding=\"async\" src=\"https:\/\/bu.optimum-automotive.com\/wp-content\/uploads\/2024\/07\/jpg\/flotte_auto.jpg\" width=\"184\" height=\"260\" alt=\"PDF - 1,9 Mb\"><\/a>\r\n<figcaption class=\"wp-element-caption\"><strong>FLOTTES AUTOMOBILES sitio web flotauto.com<\/strong><br>\r\nMapping Control: gesti\u00f3n \u00f3ptima | Telem\u00e1tica a bordo\r\n<\/figcaption><\/div> \r\n\r\n<div class=\"wp-block-image\"> \r\n<a href=\"https:\/\/bu.optimum-automotive.com\/wp-content\/uploads\/2024\/07\/pdf\/optimum_automotive_veut_changer_les_habitudes.pdf\" title=\"WEB DE JOURNAL AUTO JournalAuto.com\" type=\"application\/pdf\" target=\"_blank\" rel=\"noopener\"><img loading=\"lazy\" decoding=\"async\" src=\"https:\/\/bu.optimum-automotive.com\/wp-content\/uploads\/2024\/07\/jpg\/01-28.jpg\" width=\"184\" height=\"260\" alt=\"PDF - 155,7 kb\"><\/a>\r\n<figcaption class=\"wp-element-caption\"><strong>WEB DE JOURNAL AUTO JournalAuto.com<\/strong><br>\r\nOPTIMUM AUTOMOTIVE, poderes para<br class=\"autobr\">\r\nresponsables de la toma de decisiones y gestores de flotas\r\n<\/figcaption><\/div> \r\n\r\n<div class=\"wp-block-image\"> \r\n<a href=\"https:\/\/bu.optimum-automotive.com\/wp-content\/uploads\/2024\/07\/pdf\/mapping_control_renforce_son_outil_de_gestion_de_parc.pdf\" title=\"SITE MAGAZINE L&#039;AUTOMOBILE L&#039;ENTREPRISE automobile-entreprise.com\" type=\"application\/pdf\" target=\"_blank\" rel=\"noopener\"><img loading=\"lazy\" decoding=\"async\" src=\"https:\/\/bu.optimum-automotive.com\/wp-content\/uploads\/2024\/07\/jpg\/01-3-2.jpg\" width=\"184\" height=\"260\" alt=\"PDF - 4,9 Mb\"><\/a>\r\n<figcaption class=\"wp-element-caption\"><strong>SITE MAGAZINE L'AUTOMOBILE L'ENTREPRISE automobile-entreprise.com<\/strong><br>\r\nMapping Control refuerza su herramienta de gesti\u00f3n de flotas\r\n<\/figcaption><\/div> \r\n\r\n<div class=\"wp-block-image\">\r\n<a href=\"https:\/\/bu.optimum-automotive.com\/wp-content\/uploads\/2024\/07\/pdf\/des_outils_pour_gerer_en_interne___location_longue_duree___flottes_automobiles.pdf\" title=\"FLOTTES AUTOMOBILES sitio web flotauto.com\" type=\"application\/pdf\" target=\"_blank\" rel=\"noopener\"><img loading=\"lazy\" decoding=\"async\" src=\"https:\/\/bu.optimum-automotive.com\/wp-content\/uploads\/2024\/07\/jpg\/01-4-2.jpg\" width=\"184\" height=\"260\" alt=\"PDF - 579 kb\"><\/a>\r\n<figcaption class=\"wp-element-caption\"><strong>FLOTTES AUTOMOBILES sitio web flotauto.com<\/strong><br>\r\nHerramientas de gesti\u00f3n interna | Arrendamiento a largo plazo\r\n\r\n<\/figcaption><\/div> \r\n\r\n<h2 class=\"wp-block-heading\">FEBRERO 2016<\/h2>\r\n\r\n<div class=\"wp-block-image\">\r\n<a href=\"https:\/\/bu.optimum-automotive.com\/wp-content\/uploads\/2024\/07\/pdf\/2016-02-25-5791_paca_cci_fr.pdf\" title=\"SITE CCI PROVENCE ALPES COTE D&#039;AZUR paca.cci.fr\" type=\"application\/pdf\" target=\"_blank\" rel=\"noopener\"><img loading=\"lazy\" decoding=\"async\" src=\"https:\/\/bu.optimum-automotive.com\/wp-content\/uploads\/2024\/07\/jpg\/01-5-2.jpg\" width=\"184\" height=\"260\" alt=\"PDF - 168,6 kb\"><\/a>\r\n<figcaption class=\"wp-element-caption\"><strong>SITE CCI PROVENCE ALPES COTE D'AZUR paca.cci.fr<\/strong><br>\r\nPaca Accelerator apoyar\u00e1 a las empresas innovadoras\r\n<\/figcaption><\/div> \r\n\r\n<div class=\"wp-block-image\"> \r\n<a href=\"https:\/\/bu.optimum-automotive.com\/wp-content\/uploads\/2024\/07\/pdf\/2016-02-24-5589_www_lesechos_fr.pdf\" title=\"SITIO WEB LESECHOS.FR\" type=\"application\/pdf\" target=\"_blank\" rel=\"noopener\"><img loading=\"lazy\" decoding=\"async\" src=\"https:\/\/bu.optimum-automotive.com\/wp-content\/uploads\/2024\/07\/jpg\/01-6-2.jpg\" width=\"184\" height=\"260\" alt=\"PDF - 321,6 kb\"><\/a>\r\n<figcaption class=\"wp-element-caption\"><strong>SITIO WEB LESECHOS.FR<\/strong><br>\r\nLa aceleradora Paca pretende impulsar el crecimiento de las empresas locales de nueva creaci\u00f3n\r\n<\/figcaption><\/div> \r\n\r\n<div class=\"wp-block-image\">\r\n<a href=\"https:\/\/bu.optimum-automotive.com\/wp-content\/uploads\/2024\/07\/pdf\/2016-02-24-1378_les_echos.pdf\" title=\"LES ECHOS\" type=\"application\/pdf\" target=\"_blank\" rel=\"noopener\"><img loading=\"lazy\" decoding=\"async\" src=\"https:\/\/bu.optimum-automotive.com\/wp-content\/uploads\/2024\/07\/jpg\/01-7-2.jpg\" width=\"184\" height=\"260\" alt=\"PDF - 93,3 kb\"><\/a>\r\n<figcaption class=\"wp-element-caption\"><strong>LES ECHOS<\/strong><br>\r\nLa aceleradora Paca pretende impulsar el crecimiento de las empresas locales de nueva creaci\u00f3n\r\n<\/figcaption><\/div> \r\n\r\n<div class=\"wp-block-image\"> \r\n<a href=\"https:\/\/bu.optimum-automotive.com\/wp-content\/uploads\/2024\/07\/pdf\/2016-02-18-1552_flottes_automobiles_breve_.pdf\" title=\"FLOTAS DE COCHES\" type=\"application\/pdf\" target=\"_blank\" rel=\"noopener\"><img loading=\"lazy\" decoding=\"async\" src=\"https:\/\/bu.optimum-automotive.com\/wp-content\/uploads\/2024\/07\/jpg\/01-8.jpg\" width=\"184\" height=\"260\" alt=\"PDF - 294,2 kb\"><\/a>\r\n<figcaption class=\"wp-element-caption\"><strong>FLOTAS DE COCHES<\/strong><br>\r\nLeucate geolocaliza su polic\u00eda municipal\r\n<\/figcaption><\/div> \r\n\r\n<div class=\"wp-block-image\">\r\n<a href=\"https:\/\/bu.optimum-automotive.com\/wp-content\/uploads\/2024\/07\/pdf\/2016-02-18-1298_flottes_automobiles.pdf\" title=\"FLOTAS DE COCHES\" type=\"application\/pdf\" target=\"_blank\" rel=\"noopener\"><img loading=\"lazy\" decoding=\"async\" src=\"https:\/\/bu.optimum-automotive.com\/wp-content\/uploads\/2024\/07\/jpg\/01-9.jpg\" width=\"184\" height=\"260\" alt=\"PDF - 602,5 kb\"><\/a>\r\n<figcaption class=\"wp-element-caption\"><strong>FLOTAS DE COCHES<\/strong><br>\r\nAlquiler a largo plazo. Servicios a la carta\r\n<\/figcaption><\/div> \r\n\r\n<div class=\"wp-block-image\"> \r\n<a href=\"https:\/\/bu.optimum-automotive.com\/wp-content\/uploads\/2024\/07\/pdf\/2016-02-17-5478_www_pleinchamp_com_.pdf\" title=\"SITIO PLEINCHAMP pleinchamp.com\" type=\"application\/pdf\" target=\"_blank\" rel=\"noopener\"><img loading=\"lazy\" decoding=\"async\" src=\"https:\/\/bu.optimum-automotive.com\/wp-content\/uploads\/2024\/07\/jpg\/01-10.jpg\" width=\"184\" height=\"260\" alt=\"PDF - 72,7 kb\"><\/a>\r\n<figcaption class=\"wp-element-caption\"><strong>SITIO PLEINCHAMP pleinchamp.com<\/strong><br>\r\nVotremachine.com, un nuevo sitio web para compartir m\u00e1quinas\r\n<\/figcaption><\/div> \r\n\r\n<div class=\"wp-block-image\">\r\n<a href=\"https:\/\/bu.optimum-automotive.com\/wp-content\/uploads\/2024\/07\/pdf\/2016-02-09-1031_la_provence.pdf\" title=\"LA PROVENZA\" type=\"application\/pdf\" target=\"_blank\" rel=\"noopener\"><img loading=\"lazy\" decoding=\"async\" src=\"https:\/\/bu.optimum-automotive.com\/wp-content\/uploads\/2024\/07\/jpg\/01-12.jpg\" width=\"184\" height=\"260\" alt=\"PDF - 96,8 kb\"><\/a>\r\n<figcaption class=\"wp-element-caption\"><strong>LA PROVENZA<\/strong><br>\r\nINNOVACI\u00d3N: La Regi\u00f3n admite Control de Mapeo\r\n<\/figcaption><\/div> \r\n\r\n<div class=\"wp-block-image\">\r\n<a href=\"https:\/\/bu.optimum-automotive.com\/wp-content\/uploads\/2024\/07\/pdf\/2016-02-09-1691_le_journal_des_entreprises_edi.pdf\" title=\"LE JOURNAL DES ENTREPRISES PROVENCE-COTE D&#039;AZUR\" type=\"application\/pdf\" target=\"_blank\" rel=\"noopener\"><img loading=\"lazy\" decoding=\"async\" src=\"https:\/\/bu.optimum-automotive.com\/wp-content\/uploads\/2024\/07\/jpg\/01-11.jpg\" width=\"184\" height=\"260\" alt=\"PDF - 201,1 kb\"><\/a>\r\n<figcaption class=\"wp-element-caption\"><strong>LE JOURNAL DES ENTREPRISES PROVENCE-COTE D'AZUR<\/strong><br>\r\nControl cartogr\u00e1fico Acelerador Paca\r\n<\/figcaption><\/div> \r\n\r\n<h2 class=\"wp-block-heading\">ENERO 2016<\/h2>\r\n\r\n<div class=\"wp-block-image\">\r\n<a href=\"https:\/\/bu.optimum-automotive.com\/wp-content\/uploads\/2024\/07\/pdf\/2015_12_28_1349_informations_agricoles_hebdo_a.pdf\" title=\"INFORMACI\u00d3N AGR\u00cdCOLA\" type=\"application\/pdf\" target=\"_blank\" rel=\"noopener\"><img loading=\"lazy\" decoding=\"async\" src=\"https:\/\/bu.optimum-automotive.com\/wp-content\/uploads\/2024\/07\/jpg\/01-14.jpg\" width=\"184\" height=\"260\" alt=\"PDF - 555,8 kb\"><\/a>\r\n<figcaption class=\"wp-element-caption\"><strong>INFORMACI\u00d3N AGR\u00cdCOLA<\/strong><br>\r\nEconom\u00eda colaborativa: alquilar y compartir maquinaria agr\u00edcola\r\n<\/figcaption><\/div> \r\n\r\n<div class=\"wp-block-image\"> \r\n<a href=\"https:\/\/bu.optimum-automotive.com\/wp-content\/uploads\/2024\/07\/pdf\/2016_01_06_5323_www_lejournaldesentreprises_co.pdf\" title=\"LE JOURNAL DES ENTREPRISES lejournaldesentreprises.com\" type=\"application\/pdf\" target=\"_blank\" rel=\"noopener\"><img loading=\"lazy\" decoding=\"async\" src=\"https:\/\/bu.optimum-automotive.com\/wp-content\/uploads\/2024\/07\/jpg\/01-13.jpg\" width=\"184\" height=\"260\" alt=\"PDF - 93,7 kb\"><\/a>\r\n<figcaption class=\"wp-element-caption\"><strong>LE JOURNAL DES ENTREPRISES lejournaldesentreprises.com<\/strong><br>\r\nAix-en-Provence. Mapping Control seleccionado por Paca Accelerator\r\n<\/figcaption><\/div> \r\n\r\n<div class=\"wp-block-image\"> \r\n<a href=\"https:\/\/bu.optimum-automotive.com\/wp-content\/uploads\/2024\/07\/pdf\/la_tribune_des_auto-ecoles.pdf\" title=\"FORO DE AUTOESCUELAS\" type=\"application\/pdf\" target=\"_blank\" rel=\"noopener\"><img loading=\"lazy\" decoding=\"async\" src=\"https:\/\/bu.optimum-automotive.com\/wp-content\/uploads\/2024\/07\/jpg\/01-15.jpg\" width=\"184\" height=\"260\" alt=\"PDF - 103,8 kb\"><\/a>\r\n<figcaption class=\"wp-element-caption\"><strong>FORO DE AUTOESCUELAS<\/strong><br>\r\nGeolocalizaci\u00f3n: una herramienta para reducir costes\r\n<\/figcaption><\/div> \r\n\r\n<h2 class=\"wp-block-heading\">NOVIEMBRE 2015<\/h2>\r\n\r\n<div class=\"wp-block-image\"> \r\n<a href=\"https:\/\/bu.optimum-automotive.com\/wp-content\/uploads\/2024\/07\/pdf\/2015_10_28_5204_www_transportissimo_com.pdf\" title=\"TRANSPORTISSIMO transportissimo.com\" type=\"application\/pdf\" target=\"_blank\" rel=\"noopener\"><img loading=\"lazy\" decoding=\"async\" src=\"https:\/\/bu.optimum-automotive.com\/wp-content\/uploads\/2024\/07\/jpg\/01-16.jpg\" width=\"184\" height=\"260\" alt=\"PDF - 399,4 kb\"><\/a>\r\n<figcaption class=\"wp-element-caption\"><strong>TRANSPORTISSIMO transportissimo.com<\/strong><br>\r\nTransports AJC gestiona sus veh\u00edculos industriales ligeros con Mapping Control\r\n\r\n<\/figcaption><\/div> \r\n\r\n<h2 class=\"wp-block-heading\">OCTUBRE 2015<\/h2>\r\n\r\n<div class=\"wp-block-image\">\r\n<a href=\"https:\/\/bu.optimum-automotive.com\/wp-content\/uploads\/2024\/07\/pdf\/2015_10_25_5491_www_flotauto_com.pdf\" title=\"FLOTAUTO flotauto.com\" type=\"application\/pdf\" target=\"_blank\" rel=\"noopener\"><img loading=\"lazy\" decoding=\"async\" src=\"https:\/\/bu.optimum-automotive.com\/wp-content\/uploads\/2024\/07\/jpg\/01-17.jpg\" width=\"184\" height=\"260\" alt=\"PDF - 161,7 kb\"><\/a>\r\n<figcaption class=\"wp-element-caption\"><strong>FLOTAUTO flotauto.com<\/strong><br>\r\nTransports AJC optimiza la gesti\u00f3n de su flota con Mapping Control\r\n<\/figcaption><\/div> \r\n\r\n<div class=\"wp-block-image\"> \r\n<a href=\"https:\/\/bu.optimum-automotive.com\/wp-content\/uploads\/2024\/07\/pdf\/2015_10_25_5214_www_automobileentreprise_com.pdf\" title=\"AUTOMOCI\u00d3N Y NEGOCIOS automobile-entreprise.com\" type=\"application\/pdf\" target=\"_blank\" rel=\"noopener\"><img loading=\"lazy\" decoding=\"async\" src=\"https:\/\/bu.optimum-automotive.com\/wp-content\/uploads\/2024\/07\/jpg\/01-18.jpg\" width=\"184\" height=\"260\" alt=\"PDF - 144,9 kb\"><\/a>\r\n<figcaption class=\"wp-element-caption\"><strong>AUTOMOCI\u00d3N Y NEGOCIOS automobile-entreprise.com<\/strong><br>\r\nTransports AJC equipa sus 80 veh\u00edculos comerciales con una caja telem\u00e1tica\r\n<\/figcaption><\/div> \r\n\r\n<div class=\"wp-block-image\">\r\n<a href=\"https:\/\/bu.optimum-automotive.com\/wp-content\/uploads\/2024\/07\/pdf\/2015_10_08_1393_l_automobile___l_entreprise.pdf\" title=\"COCHES Y NEGOCIOS\" type=\"application\/pdf\" target=\"_blank\" rel=\"noopener\"><img loading=\"lazy\" decoding=\"async\" src=\"https:\/\/bu.optimum-automotive.com\/wp-content\/uploads\/2024\/07\/jpg\/01-19.jpg\" width=\"184\" height=\"260\" alt=\"PDF - 243,8 kb\"><\/a>\r\n<figcaption class=\"wp-element-caption\"><strong>COCHES Y NEGOCIOS<\/strong><br>\r\nMapping Control recauda fondos para su expansi\u00f3n\r\n<\/figcaption><\/div> \r\n\r\n<div class=\"wp-block-image\">\r\n<a href=\"https:\/\/bu.optimum-automotive.com\/wp-content\/uploads\/2024\/07\/pdf\/le_nouvel_horizon_de_la_telematique_embarquee.pdf\" title=\"DECISI\u00d3N DE COMPRA\" type=\"application\/pdf\" target=\"_blank\" rel=\"noopener\"><img loading=\"lazy\" decoding=\"async\" src=\"https:\/\/bu.optimum-automotive.com\/wp-content\/uploads\/2024\/07\/jpg\/01-20.jpg\" width=\"184\" height=\"260\" alt=\"PDF - 724,3 kb\"><\/a>\r\n<figcaption class=\"wp-element-caption\"><strong>DECISI\u00d3N DE COMPRA<\/strong><br>\r\nGESTI\u00d3N DE FLOTAS | DESCIFRAR : El nuevo horizonte de la telem\u00e1tica\r\n<\/figcaption><\/div> \r\n\r\n<div class=\"wp-block-image\"> \r\n<a href=\"https:\/\/bu.optimum-automotive.com\/wp-content\/uploads\/2024\/07\/pdf\/mapping_control___la_pme_vise_le_monde_de_l_automobile.pdf\" title=\"LE JOURNAL DES ENTREPRISES PROVENCE-COTE D&#039;AZUR EDITION\" type=\"application\/pdf\" target=\"_blank\" rel=\"noopener\"><img loading=\"lazy\" decoding=\"async\" src=\"https:\/\/bu.optimum-automotive.com\/wp-content\/uploads\/2024\/07\/jpg\/01-21.jpg\" width=\"184\" height=\"260\" alt=\"PDF - 173,2 kb\"><\/a>\r\n<figcaption class=\"wp-element-caption\"><strong>LE JOURNAL DES ENTREPRISES PROVENCE-COTE D'AZUR EDITION<\/strong><br>\r\nControl cartogr\u00e1fico. La empresa se dirige al ecosistema de la automoci\u00f3n\r\n<\/figcaption><\/div> \r\n\r\n<div class=\"wp-block-image\"> \r\n<a href=\"https:\/\/bu.optimum-automotive.com\/wp-content\/uploads\/2024\/07\/pdf\/2015_10_05_1151_businews.pdf\" title=\"BUSINEWS\" type=\"application\/pdf\" target=\"_blank\" rel=\"noopener\"><img loading=\"lazy\" decoding=\"async\" src=\"https:\/\/bu.optimum-automotive.com\/wp-content\/uploads\/2024\/07\/jpg\/01-22.jpg\" width=\"184\" height=\"260\" alt=\"PDF - 469,6 kb\"><\/a>\r\n<figcaption class=\"wp-element-caption\"><strong>BUSINEWS<\/strong><br>\r\nSOLUCIONES DE \"MOVILIDAD ECOL\u00d3GICA\" \/ \"TRANSPORTE DEL FUTURO\r\n\r\n<\/figcaption><\/div> \r\n\r\n<h2 class=\"wp-block-heading\">SEPTIEMBRE 2015<\/h2>\r\n\r\n<div class=\"wp-block-image\"> \r\n<a href=\"https:\/\/bu.optimum-automotive.com\/wp-content\/uploads\/2024\/07\/pdf\/p16-la_provence_28_septembre_2015.pdf\" title=\"LA PROVENCE MARSEILLE\" type=\"application\/pdf\" target=\"_blank\" rel=\"noopener\"><img loading=\"lazy\" decoding=\"async\" src=\"https:\/\/bu.optimum-automotive.com\/wp-content\/uploads\/2024\/07\/jpg\/01-23.jpg\" width=\"184\" height=\"260\" alt=\"PDF - 19,4 Mb\"><\/a>\r\n<figcaption class=\"wp-element-caption\"><strong>LA PROVENCE MARSEILLE<\/strong><br>\r\nFlotas de veh\u00edculos La empresa las gestiona a distancia\r\n<\/figcaption><\/div> \r\n\r\n<div class=\"wp-block-image\"> \r\n<a href=\"https:\/\/bu.optimum-automotive.com\/wp-content\/uploads\/2024\/07\/pdf\/2015_09_25_1850_la_tribune_hebdo.pdf\" title=\"EL TRIBUNO\" type=\"application\/pdf\" target=\"_blank\" rel=\"noopener\"><img loading=\"lazy\" decoding=\"async\" src=\"https:\/\/bu.optimum-automotive.com\/wp-content\/uploads\/2024\/07\/jpg\/01-24.jpg\" width=\"184\" height=\"260\" alt=\"PDF - 685,2 kb\"><\/a>\r\n<figcaption class=\"wp-element-caption\"><strong>EL TRIBUNO<\/strong><br>\r\nCuatro nuevas empresas tecnol\u00f3gicas de Marsella\r\n<\/figcaption><\/div> \r\n\r\n<div class=\"wp-block-image\">\r\n<a href=\"https:\/\/bu.optimum-automotive.com\/wp-content\/uploads\/2024\/07\/pdf\/2015_09_17_1655_flash_infos_economie_edition_p.pdf\" title=\"FLASH INFOS ECONOMIE EDITION PACA\/CORSE\/LANGUEDOC ROUSSILLON)\" type=\"application\/pdf\" target=\"_blank\" rel=\"noopener\"><img loading=\"lazy\" decoding=\"async\" src=\"https:\/\/bu.optimum-automotive.com\/wp-content\/uploads\/2024\/07\/jpg\/01-25.jpg\" width=\"184\" height=\"260\" alt=\"PDF - 65,8 kb\"><\/a>\r\n<figcaption class=\"wp-element-caption\"><strong>FLASH INFOS ECONOMIE EDITION PACA\/CORSE\/LANGUEDOC ROUSSILLON)<\/strong><br>\r\nHIGH TECH: Mapping Control se expande al extranjero\r\n<\/figcaption><\/div> \r\n\r\n<h2 class=\"wp-block-heading\">AGOSTO 2015<\/h2>\r\n\r\n<div class=\"wp-block-image\"> \r\n<a href=\"https:\/\/bu.optimum-automotive.com\/wp-content\/uploads\/2024\/07\/pdf\/2015_09_16_5521_www_meridienmag_fr.pdf\" title=\"MERIDIEN MAG meridienmag.fr\" type=\"application\/pdf\" target=\"_blank\" rel=\"noopener\"><img loading=\"lazy\" decoding=\"async\" src=\"https:\/\/bu.optimum-automotive.com\/wp-content\/uploads\/2024\/07\/jpg\/01-26.jpg\" width=\"184\" height=\"260\" alt=\"PDF - 136 kb\"><\/a>\r\n<figcaption class=\"wp-element-caption\"><strong>MERIDIEN MAG meridienmag.fr<\/strong><br>\r\nMapping Control se expande internacionalmente - Bouches-du-Rh\u00f4ne\r\n<\/figcaption><\/div> \r\n\r\n<div class=\"wp-block-image\"> \r\n<a href=\"https:\/\/bu.optimum-automotive.com\/wp-content\/uploads\/2024\/07\/pdf\/2015_09_01_5728_www_journaldunet_com.pdf\" title=\"JOURNAL DU NET journaldunet.com\" type=\"application\/pdf\" target=\"_blank\" rel=\"noopener\"><img loading=\"lazy\" decoding=\"async\" src=\"https:\/\/bu.optimum-automotive.com\/wp-content\/uploads\/2024\/07\/jpg\/01-27.jpg\" width=\"184\" height=\"260\" alt=\"PDF - 184,9 kb\"><\/a>\r\n<figcaption class=\"wp-element-caption\"><strong>JOURNAL DU NET journaldunet.com<\/strong><br>\r\nEl sector web franc\u00e9s recaud\u00f3 123 millones de euros este verano, un 45,81TP3Q m\u00e1s\r\n<\/figcaption><\/div>\n<\/div>","protected":false},"excerpt":{"rendered":"<p>REVUE DE PRESSE Mars 2025 F\u00e9vrier 2025 Janvier 2025 D\u00e9cembre 2024 Novembre 2024 Octobre 2024 Septembre 2024 Ao\u00fbt 2024 JUILLET 2024 JUIN 2024 MARS 2024 JANVIER 2024 NOVEMBRE 2023 OCTOBRE 2023 JUIN 2023 MAI 2023 AVRIL 2023 MARS 2023 F\u00c9VRIER 2023 JANVIER 2023 D\u00c9CEMBRE 2022 NOVEMBRE 2022 pa-sport.fr AUTOMOBILE&nbsp;: Optimum automotive scelle un nouveau partenariat [&hellip;]<\/p>","protected":false},"author":1,"featured_media":0,"parent":0,"menu_order":0,"comment_status":"closed","ping_status":"closed","template":"page-without-title.php","meta":{"_coblocks_attr":"","_coblocks_dimensions":"","_coblocks_responsive_height":"","_coblocks_accordion_ie_support":"","_uag_custom_page_level_css":"","footnotes":""},"class_list":["post-1413","page","type-page","status-publish","hentry"],"uagb_featured_image_src":{"full":false,"thumbnail":false,"medium":false,"medium_large":false,"large":false,"1536x1536":false,"2048x2048":false,"trp-custom-language-flag":false},"uagb_author_info":{"display_name":"camaleon","author_link":"https:\/\/bu.optimum-automotive.com\/es\/author\/camaleon\/"},"uagb_comment_info":0,"uagb_excerpt":"REVUE DE PRESSE Mars 2025 F\u00e9vrier 2025 Janvier 2025 D\u00e9cembre 2024 Novembre 2024 Octobre 2024 Septembre 2024 Ao\u00fbt 2024 JUILLET 2024 JUIN 2024 MARS 2024 JANVIER 2024 NOVEMBRE 2023 OCTOBRE 2023 JUIN 2023 MAI 2023 AVRIL 2023 MARS 2023 F\u00c9VRIER 2023 JANVIER 2023 D\u00c9CEMBRE 2022 NOVEMBRE 2022 pa-sport.fr AUTOMOBILE&nbsp;: Optimum automotive scelle un nouveau partenariat&hellip;","_links":{"self":[{"href":"https:\/\/bu.optimum-automotive.com\/es\/wp-json\/wp\/v2\/pages\/1413","targetHints":{"allow":["GET"]}}],"collection":[{"href":"https:\/\/bu.optimum-automotive.com\/es\/wp-json\/wp\/v2\/pages"}],"about":[{"href":"https:\/\/bu.optimum-automotive.com\/es\/wp-json\/wp\/v2\/types\/page"}],"author":[{"embeddable":true,"href":"https:\/\/bu.optimum-automotive.com\/es\/wp-json\/wp\/v2\/users\/1"}],"replies":[{"embeddable":true,"href":"https:\/\/bu.optimum-automotive.com\/es\/wp-json\/wp\/v2\/comments?post=1413"}],"version-history":[{"count":120,"href":"https:\/\/bu.optimum-automotive.com\/es\/wp-json\/wp\/v2\/pages\/1413\/revisions"}],"predecessor-version":[{"id":5795,"href":"https:\/\/bu.optimum-automotive.com\/es\/wp-json\/wp\/v2\/pages\/1413\/revisions\/5795"}],"wp:attachment":[{"href":"https:\/\/bu.optimum-automotive.com\/es\/wp-json\/wp\/v2\/media?parent=1413"}],"curies":[{"name":"wp","href":"https:\/\/api.w.org\/{rel}","templated":true}]}}