{"id":20,"date":"2024-04-30T10:51:27","date_gmt":"2024-04-30T08:51:27","guid":{"rendered":"http:\/\/127.0.0.1\/site%20OA\/?page_id=20"},"modified":"2025-01-20T16:22:17","modified_gmt":"2025-01-20T15:22:17","slug":"accueil","status":"publish","type":"page","link":"https:\/\/bu.optimum-automotive.com\/es\/","title":{"rendered":"Inicio"},"content":{"rendered":"<div style=\"height:1px\" aria-hidden=\"true\" class=\"wp-block-spacer\"><\/div>\n\n\n\n<div class=\"wp-block-uagb-container uagb-block-b5ca7f06 alignfull uagb-is-root-container\">\n<div class=\"wp-block-uagb-container uagb-block-cae3df34\">\n<div class=\"wp-block-uagb-container uagb-block-e543e0bd\"><\/div>\n\n\n\n<div class=\"wp-block-uagb-container uagb-block-6a03799c\">\n<figure class=\"wp-block-image size-full\"><img loading=\"lazy\" decoding=\"async\" width=\"755\" height=\"397\" src=\"https:\/\/bu.optimum-automotive.com\/wp-content\/uploads\/2024\/12\/gestion_de_parc_app.png\" alt=\"Software de gesti\u00f3n de flotas\" class=\"wp-image-4398\" srcset=\"https:\/\/bu.optimum-automotive.com\/wp-content\/uploads\/2024\/12\/gestion_de_parc_app.png 755w, https:\/\/bu.optimum-automotive.com\/wp-content\/uploads\/2024\/12\/gestion_de_parc_app-300x158.png 300w, https:\/\/bu.optimum-automotive.com\/wp-content\/uploads\/2024\/12\/gestion_de_parc_app-18x9.png 18w\" sizes=\"auto, (max-width: 755px) 100vw, 755px\" \/><\/figure>\n<\/div>\n<\/div>\n<\/div>\n\n\n\n<div class=\"wp-block-uagb-container uagb-block-63e233b6 alignfull uagb-is-root-container\"><div class=\"uagb-container-inner-blocks-wrap\">\n<div class=\"wp-block-uagb-container uagb-block-d167c3c3\">\n<h1 class=\"wp-block-heading mt-0\">La \u00fanica soluci\u00f3n de gesti\u00f3n <br>y seguimiento de veh\u00edculos <br>dedicado a la optimizaci\u00f3n de costes <br>y la huella de carbono<\/h1>\n\n\n\n<p>La gesti\u00f3n de los veh\u00edculos de su empresa le plantea un amplio abanico de retos y cuestiones: gestionar y dirigir la actividad sobre el terreno, prevenir el riesgo vial, optimizar costes y contratos, reducir el impacto medioambiental... Las cuestiones son complejas y variadas.<\/p>\n\n\n\n<p>Para hacer frente a estos retos de forma simult\u00e1nea y eficaz, OPTIMUM le ofrece una plataforma de gesti\u00f3n modular y escalable que re\u00fane todos los servicios conectados, impulsada por un Centro de Datos completo y eficiente.<\/p>\n\n\n\n<p>Ofrecidos a la carta en funci\u00f3n de sus necesidades, nuestros servicios le permitir\u00e1n definir y aplicar un verdadero plan de optimizaci\u00f3n a medida, en funci\u00f3n de sus objetivos y necesidades espec\u00edficas.<\/p>\n\n\n\n<div class=\"wp-block-uagb-container mt-0 uagb-block-225ba577\"><\/div>\n<\/div>\n\n\n\n<div class=\"wp-block-uagb-container uagb-block-bcdcc805\">\n<div class=\"wp-block-uagb-container uagb-block-8860b74f\">\n<div class=\"wp-block-buttons is-content-justification-center is-layout-flex wp-container-core-buttons-is-layout-1 wp-block-buttons-is-layout-flex\">\n<div class=\"wp-block-button has-custom-width wp-block-button__width-100 w-100\"><a class=\"wp-block-button__link has-text-color has-background has-link-color wp-element-button\" href=\"https:\/\/bu.optimum-automotive.com\/es\/para-pequenas-empresas\/\" style=\"color:#ffffff;background-color:#0043ce\">Soluciones para PYME<\/a><\/div>\n\n\n\n<div class=\"wp-block-button has-custom-width wp-block-button__width-100 w-100\"><a class=\"wp-block-button__link has-text-color has-background has-link-color wp-element-button\" href=\"https:\/\/bu.optimum-automotive.com\/es\/para-gestores-de-flotas\/\" style=\"color:#ffffff;background-color:#0d416a\">Soluciones para flotas<\/a><\/div>\n<\/div>\n<\/div>\n\n\n\n<div class=\"wp-block-uagb-container uagb-block-2fb11839 alignfull uagb-is-root-container\"><div class=\"uagb-container-inner-blocks-wrap\">\n<div class=\"wp-block-uagb-container uagb-block-800ef5ad\"><div class=\"wp-block-image\">\n<figure class=\"aligncenter size-full coblocks-animate\" data-coblocks-animation=\"fadeIn\"><img loading=\"lazy\" decoding=\"async\" width=\"175\" height=\"122\" src=\"https:\/\/bu.optimum-automotive.com\/wp-content\/uploads\/2024\/12\/baisse_couts.png\" alt=\"AN\u00c1LISIS Y OPTIMIZACI\u00d3N DE TCO\/TCM\" class=\"wp-image-4406\" srcset=\"https:\/\/bu.optimum-automotive.com\/wp-content\/uploads\/2024\/12\/baisse_couts.png 175w, https:\/\/bu.optimum-automotive.com\/wp-content\/uploads\/2024\/12\/baisse_couts-18x12.png 18w\" sizes=\"auto, (max-width: 175px) 100vw, 175px\" \/><figcaption class=\"wp-element-caption\">TCO*\/TCM** AN\u00c1LISIS Y OPTIMIZACI\u00d3N<\/figcaption><\/figure><\/div><\/div>\n\n\n\n<div class=\"wp-block-uagb-container uagb-block-573e5f90\"><div class=\"wp-block-image\">\n<figure class=\"aligncenter size-full coblocks-animate\" data-coblocks-animation=\"fadeIn\"><img decoding=\"async\" src=\"https:\/\/optimum-corporation.com\/wp-content\/uploads\/2023\/01\/baisse_co2.png\" alt=\"Optimizar la huella de carbono\" class=\"wp-image-2711\"\/><figcaption class=\"wp-element-caption\">AN\u00c1LISIS Y OPTIMIZACI\u00d3N <br>HUELLA DE CARBONO<\/figcaption><\/figure><\/div><\/div>\n<\/div><\/div>\n<\/div>\n<\/div><\/div>\n\n\n\n<div style=\"height:9px\" aria-hidden=\"true\" class=\"wp-block-spacer\"><\/div>\n\n\n\n<div class=\"wp-block-uagb-container uag-hide-tab uag-hide-mob uagb-block-725ff16b alignfull uagb-is-root-container\">\n<div style=\"height:33px\" aria-hidden=\"true\" class=\"wp-block-spacer\"><\/div>\n\n\n\n<h2 class=\"wp-block-heading has-text-align-center mt-0 mb-0 has-text-color has-background\" style=\"color:#ffffff;background-color:#0043ce\"><strong><strong><strong>Nuestros servicios conectados<\/strong><\/strong><\/strong><\/h2>\n\n\n\n<div class=\"wp-block-uagb-container uagb-block-90750490\">\n<div id=\"chtt\" class=\"hope active\">\n    <div style=\"left: 0px; top: 0px; height: 540px; width: 1100px; overflow: hidden; transform-origin: 0px 0px 0px;background-color: rgba(0, 0, 0, 0);-moz-font-feature-settings: 'liga' 0;-webkit-font-feature-settings: 'liga' 0;-ms-font-feature-settings: 'liga' 0;-o-font-feature-settings: 'liga' 0;font-feature-settings: 'liga' 0;text-rendering: optimizeSpeed;\">\n\t\t\n\t\t<div id=\"s1s41\" style=\"top: 142px;left: 340px; height: 61px; width: 111px;\"><div class=\"DC0\" id=\"s1s41c\" style=\"opacity: 1;\"><img decoding=\"async\" src=\"\/wp-content\/themes\/optimum-ducarne\/images\/s1s41.png\" alt=\"Gesti\u00f3n de flotas\"><\/div><\/div>\n\t\t\n\t\t<div id=\"s1s62\" style=\"top: 84px; left: 257px; height: 73px; width: 73px;\"><div class=\"DC0\" id=\"s1s62c\" style=\"opacity: 1;\"><a class=\"slider_2420_goto1\" href=\"#chtt\"><img decoding=\"async\" src=\"\/wp-content\/themes\/optimum-ducarne\/images\/s1s62.png\"  alt=\"Gesti\u00f3n de flotas\"> <span class=\"title\">Gesti\u00f3n de flotas<\/span><span class=\"ecran\"><img decoding=\"async\" src=\"\/wp-content\/themes\/optimum-ducarne\/images\/s1s119.png\" alt=\"Gesti\u00f3n de flotas\"><\/span><\/a>\n\t\t\t<span class=\"txts\">Financiero y <br> tecnolog\u00eda de veh\u00edculos<\/span> <\/div><\/div>\n\t\t\n\t\t\n\t\t\n\t\t<div id=\"s1s42\" style=\"top: 132px; left: 648px; height: 73px; width: 115px; \"><div class=\"DC0\" id=\"s1s42c\" style=\"opacity: 1;\"><img decoding=\"async\" src=\"\/wp-content\/themes\/optimum-ducarne\/images\/s1s42.png\" alt=\"an\u00e1lisis de conducci\u00f3n\"><\/div><\/div>\n\t\t\n\t\t<div id=\"s1s74\" style=\"top: 74px; left: 766px; height: 73px; width: 72px; \"><div class=\"DC0\" id=\"s1s74c\" style=\"opacity: 1;\"><a class=\"slider_2420_goto2\" href=\"#chtt\"><img decoding=\"async\" src=\"\/wp-content\/themes\/optimum-ducarne\/images\/ns1s74.png\" alt=\"Conducci\u00f3n ecol\u00f3gica\"><span class=\"title rig\">An\u00e1lisis de la conducci\u00f3n<\/span><span class=\"ecran rig\"><img decoding=\"async\" src=\"\/wp-content\/themes\/optimum-ducarne\/images\/s1s127.png\" alt=\"Plataforma de an\u00e1lisis de la conducci\u00f3n\"><\/span><\/a>\n\t\t\t<span class=\"txts rig\">An\u00e1lisis y mejora del comportamiento al volante<\/span> \n\t\t\t<\/div><\/div>\n\t\t\n\t\t<div id=\"s1s45\" style=\"top: 213px; left: 278px; height: 37px; width: 155px;\"><div class=\"DC0\" id=\"s1s45c\" style=\"opacity: 1;\"><img decoding=\"async\" src=\"\/wp-content\/themes\/optimum-ducarne\/images\/s1s45.png\" alt=\"geolocalizaci\u00f3n de veh\u00edculos\"><\/div><\/div>\n\t\t\n\t\t<div id=\"s1s65\" style=\"top: 170px;left: 193px; height: 73px; width: 72px; \"><div class=\"DC0\" id=\"s1s65c\" style=\"opacity: 1;\"><a class=\"slider_2420_goto3\" href=\"#chtt\"><img decoding=\"async\" src=\"\/wp-content\/themes\/optimum-ducarne\/images\/ns1s65.png\" alt=\"geolocalizaci\u00f3n de flotas\"><span class=\"title\">Geolocalizaci\u00f3n<\/span><span class=\"ecran\"><img decoding=\"async\" src=\"\/wp-content\/themes\/optimum-ducarne\/images\/s1s121.png\" alt=\"Plataforma de geolocalizaci\u00f3n\"><\/span><\/a>\n\t\t\t<span class=\"txts\">Supervisi\u00f3n y optimizaci\u00f3n <br>  movimientos de veh\u00edculos<\/span> <\/div><\/div>\n\t\t\n\t\t<div id=\"s1s43\" style=\"top: 213px; left: 667px; height: 37px; width: 157px; \"><div class=\"DC0\" id=\"s1s43c\" style=\"opacity: 1;\"><img decoding=\"async\" src=\"\/wp-content\/themes\/optimum-ducarne\/images\/s1s43.png\" alt=\"protecci\u00f3n de veh\u00edculos\"><\/div><\/div>\n\t\n\t\t<div id=\"s1s77\" style=\"top: 169px; left: 829px; height: 73px; width: 73px; \"><div class=\"DC0\" id=\"s1s77c\" style=\"opacity: 1;\"><a class=\"slider_2420_goto4\" href=\"#chtt\"><img decoding=\"async\" src=\"\/wp-content\/themes\/optimum-ducarne\/images\/ns1s77.png\" alt=\"Gesti\u00f3n de las misiones de caja\"><span class=\"title rig\">Gesti\u00f3n de misiones<\/span><span class=\"ecran rig\"><img decoding=\"async\" src=\"\/wp-content\/themes\/optimum-ducarne\/images\/s1s129.png\" alt=\"Plataforma de seguridad del parque automovil\u00edstico\"><\/span><\/a>\n\t\t\t<span class=\"txts rig\">Gesti\u00f3n y direcci\u00f3n  <br> en el campo<\/span> <\/div><\/div>\n\t\t\n\t\t<div id=\"s1s46\" style=\"top: 291px; left: 276px; height:44px; width:157px; \"><div class=\"DC0\" id=\"s1s46c\" style=\"opacity: 1;\"><img decoding=\"async\" src=\"\/wp-content\/themes\/optimum-ducarne\/images\/s1s46.png\" alt=\"reclamaciones\"><\/div><\/div>\n\t\t\n\t\t<div id=\"s1s68\" style=\"top: 298px; left: 198px; height: 73px; width: 72px; \"><div class=\"DC0\" id=\"s1s68c\" style=\"opacity: 1;\"><a class=\"slider_2420_goto5\" href=\"#chtt\"><img decoding=\"async\" src=\"\/wp-content\/uploads\/2025\/01\/s1s68.png\" alt=\"Veh\u00edculos ANTAI\"><span class=\"title\">ANTAI<\/span><span class=\"ecran\"><img decoding=\"async\" src=\"\/wp-content\/uploads\/2024\/05\/s1s123.png\" alt=\"Plataforma de gesti\u00f3n ANTAI\"><\/span><\/a>\n\t\t<span class=\"txts\">Gesti\u00f3n de infracciones conectadas <\/span> <\/div><\/div>\n\t\t\n\t\t<div id=\"s1s93\" style=\"top: 291px; left: 667px; height:45px; width: 156px;\"><div class=\"DC0\" id=\"s1s93c\" style=\"opacity: 1;\"><img decoding=\"async\" src=\"\/wp-content\/themes\/optimum-ducarne\/images\/s1s93.png\" alt=\"Usos fiscales\"><\/div><\/div>\n\t\t\n\t\t<div id=\"s1s80\" style=\"top:303px;left:830px;height:73px;width:72px;\"><div class=\"DC0\" id=\"s1s80c\" style=\"opacity: 1;\"><a class=\"slider_2420_goto6\" href=\"#chtt\"><img decoding=\"async\" src=\"\/wp-content\/themes\/optimum-ducarne\/images\/ns1s80.png\" alt=\"Usos y fiscalidad\"><span class=\"title rig\">Usos y fiscalidad<\/span><span class=\"ecran rig\"><img decoding=\"async\" src=\"\/wp-content\/themes\/optimum-ducarne\/images\/s1s131.png\" alt=\"Plataforma de gesti\u00f3n de la privacidad \"><\/span><\/a>\n\t\t\t<span class=\"txts rig\">Gesti\u00f3n de la privacidad <br>e impactos fiscales y sociales<\/span> <\/div><\/div>\n\t\t\n\t\t<div id=\"s1s47\" style=\"top: 335px; left: 337px; height: 80px; width: 115px;\"><div class=\"DC0\" id=\"s1s47c\" style=\"opacity: 1;\"><img decoding=\"async\" src=\"\/wp-content\/themes\/optimum-ducarne\/images\/s1s47.png\" alt=\"combustible\"><\/div><\/div>\n\t\t\n\t\t<div id=\"s1s71\" style=\"top: 405px; left: 265px; height: 73px; width: 73px; =\"><div class=\"DC0\" id=\"s1s71c\" style=\"opacity: 1;\"><a class=\"slider_2420_goto7\" href=\"#chtt\"><img decoding=\"async\" src=\"\/wp-content\/uploads\/2025\/01\/s1s71.png\" alt=\"Protecci\u00f3n\"><span class=\"title\">Protecci\u00f3n<\/span><span class=\"ecran\"><img decoding=\"async\" src=\"\/wp-content\/uploads\/2024\/05\/s1s125.png\" alt=\"Protecci\u00f3n de plataformas\"><\/span><\/a>\n\t\t\t<span class=\"txts\">Veh\u00edculos, mercanc\u00edas, <br>mercanc\u00edas, combustible...<\/span> <\/div><\/div>\n\t\t\n\t\t<div id=\"s1s44\" style=\"top: 335px; left: 648px; height: 80px; width: 119px;\"><div class=\"DC0\" id=\"s1s44c\" style=\"opacity: 1;\"><img decoding=\"async\" src=\"\/wp-content\/themes\/optimum-ducarne\/images\/s1s44.png\" alt=\"misiones\"><\/div><\/div>\n\t\t<div id=\"s1s83\" style=\"top: 404px;left: 766px;height: 73px; width: 73px;\"><div class=\"DC0\" id=\"s1s83c\" style=\"opacity: 1;\"><a class=\"slider_2420_goto8\" href=\"#chtt\"><img decoding=\"async\" src=\"\/wp-content\/themes\/optimum-ducarne\/images\/ns1s83.png\" alt=\"gesti\u00f3n de misiones\"><span class=\"title rig\">Compartir coche<\/span><span class=\"ecran rig\"><img decoding=\"async\" src=\"\/wp-content\/themes\/optimum-ducarne\/images\/s1s133.png\" alt=\"Plataforma de gesti\u00f3n de misiones\"><\/span><\/a>\n\t\t\t<span class=\"txts rig\">Puesta en com\u00fan de recursos <br>Calendario, pool y gesti\u00f3n de claves<\/span> <\/div><\/div>\n\n\t\t<div id=\"s1s92\" style=\"top:199px;left:424px;height:141px;width:251px;\"><div class=\"DC0\" id=\"s1s92c\" style=\"opacity: 1;\"><img decoding=\"async\" src=\"\/wp-content\/themes\/optimum-ducarne\/images\/s1s92.png\" alt=\"Plataforma del centro de asesoramiento\"><\/div><\/div>\n\t\t<div id=\"s1s2\" style=\"top:164px;left:444px;height:212px;width:212px;\"><img decoding=\"async\" src=\"https:\/\/bu.optimum-automotive.com\/wp-content\/uploads\/2025\/01\/datahub_es.png\" alt=\"centro de asesoramiento del parque automovil\u00edstico\"><\/div>\n\t\n    <\/div>\n<\/div>\n\n\n\n<figure class=\"wp-block-table is-style-stripes mt-30\"><table class=\"has-dark-color has-text-color has-fixed-layout\"><thead><tr><th class=\"has-text-align-center\" data-align=\"center\"><strong>OPCI\u00d3N<\/strong>S<\/th><th class=\"has-text-align-center\" data-align=\"center\"><strong>INFORMES \/ ALERTAS<\/strong><\/th><th class=\"has-text-align-center\" data-align=\"center\"><strong>API<\/strong> &amp; APLICACI\u00d3N<\/th><\/tr><\/thead><tbody><tr><td class=\"has-text-align-center\" data-align=\"center\">Control de temperatura y combustible<\/td><td class=\"has-text-align-center\" data-align=\"center\">Centro de informes<\/td><td class=\"has-text-align-center\" data-align=\"center\">Aplicaci\u00f3n m\u00f3vil<\/td><\/tr><tr><td class=\"has-text-align-center\" data-align=\"center\">Clave de identificaci\u00f3n de Dallas<\/td><td class=\"has-text-align-center\" data-align=\"center\">Centro de alertas (correo electr\u00f3nico\/notificaciones)<\/td><td class=\"has-text-align-center\" data-align=\"center\">API<\/td><\/tr><tr><td class=\"has-text-align-center\" data-align=\"center\">Rel\u00e9 del inmovilizador<\/td><td class=\"has-text-align-center\" data-align=\"center\">Cuadros de mando<\/td><td class=\"has-text-align-center\" data-align=\"center\"><\/td><\/tr><tr><td class=\"has-text-align-center\" data-align=\"center\"><\/td><td class=\"has-text-align-center\" data-align=\"center\"><\/td><td class=\"has-text-align-center\" data-align=\"center\"><\/td><\/tr><\/tbody><\/table><\/figure>\n\n\n\n<div class=\"wp-block-uagb-container uagb-block-d619b7be\">\n<div class=\"wp-block-buttons is-content-justification-center is-layout-flex wp-container-core-buttons-is-layout-2 wp-block-buttons-is-layout-flex\">\n<div class=\"wp-block-button has-custom-width wp-block-button__width-25 w-100\"><a class=\"wp-block-button__link has-text-color has-background has-link-color wp-element-button\" href=\"https:\/\/bu.optimum-automotive.com\/es\/para-pequenas-empresas\/\" style=\"color:#ffffff;background-color:#0043ce\">Soluciones para PYME<\/a><\/div>\n\n\n\n<div class=\"wp-block-button has-custom-width wp-block-button__width-25 w-100\"><a class=\"wp-block-button__link has-text-color has-background has-link-color wp-element-button\" href=\"https:\/\/bu.optimum-automotive.com\/es\/para-gestores-de-flotas\/\" style=\"color:#ffffff;background-color:#0d416a\">Soluciones para flotas<\/a><\/div>\n<\/div>\n<\/div>\n\n\n\n<div style=\"height:50px\" aria-hidden=\"true\" class=\"wp-block-spacer\"><\/div>\n<\/div>\n<\/div>\n\n\n\n<div data-aos= \"fade-left\" data-aos-duration=\"400\" data-aos-delay=\"0\" data-aos-easing=\"ease\" data-aos-once=\"true\" class=\"wp-block-uagb-container uagb-block-b10b37e4 alignfull uagb-is-root-container\">\n<div style=\"height:50px\" aria-hidden=\"true\" class=\"wp-block-spacer uag-hide-tab uag-hide-mob\"><\/div>\n\n\n\n<div class=\"wp-block-uagb-container uagb-block-8feaa7b4 alignfull uagb-is-root-container\"><div class=\"uagb-container-inner-blocks-wrap\">\n<div class=\"wp-block-uagb-container uag-hide-tab uag-hide-mob uagb-block-d5adf686\">\n<figure class=\"wp-block-image size-large has-lightbox\"><img loading=\"lazy\" decoding=\"async\" width=\"1024\" height=\"591\" src=\"https:\/\/bu.optimum-automotive.com\/wp-content\/uploads\/2025\/01\/DataHUB_ES.jpg\" alt=\"CENTRO DE DATOS: gesti\u00f3n y explotaci\u00f3n de los flujos de datos\" class=\"wp-image-5295\" srcset=\"\" sizes=\"auto, (max-width: 1024px) 100vw, 1024px\" data-srcset=\"\" \/><\/figure>\n<\/div>\n\n\n\n<div class=\"wp-block-uagb-container uagb-block-56dedf61\">\n<h2 class=\"wp-block-heading mb-0\">L<strong>os datos en el centro de las cuestiones de movilidad profesional<\/strong><\/h2>\n\n\n\n<p class=\"mt-0\">La gesti\u00f3n de una flota de veh\u00edculos depende sobre todo del control y la explotaci\u00f3n de los flujos de datos.<br>El Centro de Datos recopila autom\u00e1ticamente todos los datos que necesita para gestionar sus veh\u00edculos y conductores: proveedores, bases de datos administrativas y reglamentarias, sistemas de referencia del autom\u00f3vil, etc. Todos estos datos se resumen en su herramienta de gesti\u00f3n para proporcionarle indicadores fiables y de alto rendimiento.<\/p>\n\n\n\n<div class=\"wp-block-buttons mt-10 is-content-justification-left is-layout-flex wp-container-core-buttons-is-layout-3 wp-block-buttons-is-layout-flex\">\n<div class=\"wp-block-button\"><a class=\"wp-block-button__link has-background wp-element-button\" href=\"https:\/\/bu.optimum-automotive.com\/es\/centro-de-datos\/\" style=\"background-color:#0043ce\">M\u00e1s informaci\u00f3n<\/a><\/div>\n\n\n\n<div class=\"wp-block-button\"><a class=\"wp-block-button__link has-dark-background-color has-background wp-element-button\" href=\"https:\/\/bu.optimum-automotive.com\/es\/pongase-en-contacto-con\/\">P\u00f3ngase en contacto con nosotros<\/a><\/div>\n<\/div>\n<\/div>\n\n\n\n<div class=\"wp-block-uagb-container uag-hide-desktop uagb-block-495d21c2\">\n<figure class=\"wp-block-image size-full has-lightbox\"><img loading=\"lazy\" decoding=\"async\" width=\"1200\" height=\"693\" src=\"https:\/\/bu.optimum-automotive.com\/wp-content\/uploads\/2025\/01\/DataHUB_ES.jpg\" alt=\"CENTRO DE DATOS: gesti\u00f3n y explotaci\u00f3n de los flujos de datos\" class=\"wp-image-5295\" srcset=\"https:\/\/bu.optimum-automotive.com\/wp-content\/uploads\/2025\/01\/DataHUB_FR.jpg 1200w, https:\/\/bu.optimum-automotive.com\/wp-content\/uploads\/2025\/01\/DataHUB_FR-300x173.jpg 300w, https:\/\/bu.optimum-automotive.com\/wp-content\/uploads\/2025\/01\/DataHUB_FR-1024x591.jpg 1024w, https:\/\/bu.optimum-automotive.com\/wp-content\/uploads\/2025\/01\/DataHUB_FR-768x444.jpg 768w, https:\/\/bu.optimum-automotive.com\/wp-content\/uploads\/2025\/01\/DataHUB_FR-18x10.jpg 18w\" sizes=\"auto, (max-width: 1200px) 100vw, 1200px\" \/><\/figure>\n<\/div>\n<\/div><\/div>\n\n\n\n<div style=\"height:33px\" aria-hidden=\"true\" class=\"wp-block-spacer\"><\/div>\n<\/div>\n\n\n\n<div data-aos= \"fade-left\" data-aos-duration=\"400\" data-aos-delay=\"0\" data-aos-easing=\"ease\" data-aos-once=\"true\" class=\"wp-block-uagb-container uagb-block-9f8b46d1 alignfull uagb-is-root-container\">\n<div style=\"height:30px\" aria-hidden=\"true\" class=\"wp-block-spacer\"><\/div>\n\n\n\n<div class=\"wp-block-uagb-container uagb-block-55a0d850 alignfull uagb-is-root-container\"><div class=\"uagb-container-inner-blocks-wrap\">\n<div class=\"wp-block-uagb-container uagb-block-fd98ab90\">\n<h2 class=\"wp-block-heading mb-0\"><strong>Un equipo de expertos a su lado<\/strong><\/h2>\n\n\n\n<p>Desde 2006, nuestros equipos ayudan a empresas y administraciones p\u00fablicas a optimizar el rendimiento econ\u00f3mico y medioambiental de sus veh\u00edculos. Desde la auditor\u00eda inicial hasta la puesta en marcha de sus planes de optimizaci\u00f3n, nuestros expertos est\u00e1n ah\u00ed para acompa\u00f1arle y asesorarle, teniendo como prioridades su satisfacci\u00f3n y el retorno de la inversi\u00f3n.<\/p>\n\n\n\n<div data-aos= \"fade\" data-aos-duration=\"400\" data-aos-delay=\"0\" data-aos-easing=\"ease\" data-aos-once=\"true\" class=\"wp-block-uagb-container uagb-block-f71e723c\">\n<div class=\"wp-block-uagb-container bloc_number uagb-block-b6b2b40e\">\n<div class=\"wp-block-uagb-container uagb-block-0e6c6ed7\">\n<h4 class=\"wp-block-heading bloct\">CLIENTES<\/h4>\n\n\n\n<p><small>Cuentas clave,<br>VSE, PYME, ETI, autoridades locales<\/small><\/p>\n<\/div>\n\n\n\n<div class=\"wp-block-uagb-container uagb-block-b8dde02f\">\n<script language=\"javascript\"> \n\n$.ajax({\n   type: \"GET\",\n   url: \"\/\/optimum-automotive.com\/numbers\/clients.txt\",\n   error:function(msg){\n     alert( \"Error !: \" + msg );\n   },\n   success:function(data){\n\t$('#clients').text(data);\n}});\n      \n<\/script>\n<h3 id=\"clients\" align=\"center\">6500<\/h3>\n<\/div>\n<\/div>\n\n\n\n<div class=\"wp-block-uagb-container bloc_number uagb-block-aa29eb44\">\n<div class=\"wp-block-uagb-container uagb-block-5d5562af\">\n<h4 class=\"wp-block-heading bloct\">VEH\u00cdCULOS Y<br>ACTIVOS GESTIONADOS<\/h4>\n<\/div>\n\n\n\n<div class=\"wp-block-uagb-container uagb-block-75f76a8d\">\n<script language=\"javascript\"> \t\n\t$.ajax({\n   type: \"GET\",\n   url: \"\/\/optimum-automotive.com\/numbers\/vehicules.txt\",\n   error:function(msg){\n     alert( \"Error !: \" + msg );\n   },\n   success:function(data){\n\t$('#vehicules').text(data);\n}});\n\t<\/script>\n<h3 id=\"vehicules\" align=\"center\">120000<\/h3>\n<\/div>\n<\/div>\n\n\n\n<div class=\"wp-block-uagb-container bloc_number uagb-block-2bebae15\">\n<div class=\"wp-block-uagb-container uagb-block-0d7964de\">\n<h4 class=\"wp-block-heading bloct\">N\u00daMERO DE PA\u00cdSES <\/h4>\n\n\n\n<p>donde estamos presentes<\/p>\n<\/div>\n\n\n\n<div class=\"wp-block-uagb-container uagb-block-0abf6111\">\n<script language=\"javascript\"> \n\t\n$.ajax({\n   type: \"GET\",\n   url: \"\/\/optimum-automotive.com\/numbers\/pays.txt\",\n   error:function(msg){\n     alert( \"Error !: \" + msg );\n   },\n   success:function(data){\n\t$('#pays').text(data);\n}});\t\n\t\n<\/script>\n<h3 id=\"pays\" align=\"center\">33<\/h3>\n<\/div>\n<\/div>\n<\/div>\n\n\n\n<div class=\"wp-block-buttons mt-10 is-content-justification-left is-layout-flex wp-container-core-buttons-is-layout-4 wp-block-buttons-is-layout-flex\">\n<div class=\"wp-block-button\"><a class=\"wp-block-button__link has-background wp-element-button\" href=\"https:\/\/bu.optimum-automotive.com\/es\/sobre-nosotros\/\" style=\"background-color:#0043ce\">M\u00e1s informaci\u00f3n<\/a><\/div>\n\n\n\n<div class=\"wp-block-button\"><a class=\"wp-block-button__link wp-element-button\" href=\"https:\/\/bu.optimum-automotive.com\/es\/pongase-en-contacto-con\/\">P\u00f3ngase en contacto con nosotros<\/a><\/div>\n<\/div>\n<\/div>\n\n\n\n<div class=\"wp-block-uagb-container uagb-block-253b3194\"><div class=\"wp-block-image\">\n<figure class=\"aligncenter size-full is-resized\"><img loading=\"lazy\" decoding=\"async\" width=\"410\" height=\"84\" src=\"https:\/\/bu.optimum-automotive.com\/wp-content\/uploads\/2024\/11\/OA-Logo---Mix_Black.png\" alt=\"\" class=\"wp-image-4266\" style=\"width:290px;height:auto\" srcset=\"https:\/\/bu.optimum-automotive.com\/wp-content\/uploads\/2024\/11\/OA-Logo-\u2014-Mix_Black.png 410w, https:\/\/bu.optimum-automotive.com\/wp-content\/uploads\/2024\/11\/OA-Logo-\u2014-Mix_Black-300x61.png 300w, https:\/\/bu.optimum-automotive.com\/wp-content\/uploads\/2024\/11\/OA-Logo-\u2014-Mix_Black-18x4.png 18w\" sizes=\"auto, (max-width: 410px) 100vw, 410px\" \/><\/figure><\/div>\n\n\n<p class=\"has-text-align-center\"><em>El especialista europeo en veh\u00edculos conectados <\/em><br><em>y movilidad profesional.<\/em><\/p>\n\n\n<div class=\"wp-block-image\">\n<figure class=\"aligncenter size-full is-resized\"><img loading=\"lazy\" decoding=\"async\" width=\"441\" height=\"442\" src=\"https:\/\/bu.optimum-automotive.com\/wp-content\/uploads\/2024\/12\/teams-oa.png\" alt=\"\u00d3ptimo por turnos, el equipo\" class=\"wp-image-4403\" style=\"width:381px;height:auto\" srcset=\"https:\/\/bu.optimum-automotive.com\/wp-content\/uploads\/2024\/12\/teams-oa.png 441w, https:\/\/bu.optimum-automotive.com\/wp-content\/uploads\/2024\/12\/teams-oa-300x300.png 300w, https:\/\/bu.optimum-automotive.com\/wp-content\/uploads\/2024\/12\/teams-oa-150x150.png 150w, https:\/\/bu.optimum-automotive.com\/wp-content\/uploads\/2024\/12\/teams-oa-12x12.png 12w\" sizes=\"auto, (max-width: 441px) 100vw, 441px\" \/><\/figure><\/div><\/div>\n<\/div><\/div>\n\n\n\n<div class=\"wp-block-uagb-container uagb-block-30027ddb\"><\/div>\n<\/div>\n\n\n\n<div style=\"height:100px\" aria-hidden=\"true\" class=\"wp-block-spacer uag-hide-tab uag-hide-mob\"><\/div>\n\n\n\n<div class=\"wp-block-uagb-container uag-hide-mob uagb-block-d2d3c577 alignfull uagb-is-root-container\">\n<h2 class=\"wp-block-heading has-text-align-center\"><strong>Nuestros clientes hablan de nosotros<\/strong><\/h2>\n\n\n\n<div class=\"wp-block-uagb-container uagb-block-fa30886b alignfull uagb-is-root-container\"><div class=\"uagb-container-inner-blocks-wrap\">\n<div class=\"wp-block-uagb-container uagb-block-85d4ad23\"><div class='white' style='background:rgba(0,0,0,0); border:solid 0px rgba(0,0,0,0); border-radius:0px; padding:0px 13px 0px 13px;'>\n<div id='slider_183' class='owl-carousel sa_owl_theme owl-pagination-true autohide-arrows' data-slider-id='slider_183' style='visibility:hidden;'>\n<div class='slider_183_slide01 sa_hover_container' style='padding:0% 0%; margin:0px 0%; min-height:2px; '><div class=\"uagb-container-inner-blocks-wrap\">\r\n<div class=\"\" style=\"align-self:center;width: 40%;text-align: center;padding: 0 33px\"><img loading=\"lazy\" decoding=\"async\" src=\"https:\/\/bu.optimum-automotive.com\/wp-content\/uploads\/2024\/05\/harmonie.jpg\" alt=\"gesti\u00f3n armoniosa de flotas\" width=\"147\" height=\"147\" class=\"alignnone size-full wp-image-184\" \/><br \/><strong>Fr\u00e9d\u00e9rick Ramos<\/strong> - Harmonie M\u00e9dical Services Director de Servicios Generales<\/div>\r\n<div class=\"wp-block-uagb-container\" style=\"width: 60%;padding: 0 33px;align-self:center\">\r\n<p>\"Quer\u00edamos implantar un software de gesti\u00f3n de flotas y\u00a0<strong>Optimum Automotive propuso una herramienta que iba m\u00e1s all\u00e1 de esta funcionalidad<\/strong>\u00a0\". Con un presupuesto anual para su flota de 1,6 millones de euros, Harmonie M\u00e9dical Services espera conseguir un ahorro anual de 400.000 euros gracias a la telem\u00e1tica. <strong>Una agencia con cinco veh\u00edculos puede ahorrar hasta 6.000 euros al a\u00f1o.<\/strong><\/p>\r\n<\/div>\r\n<\/div>\r\n<\/div>\n<div class='slider_183_slide02 sa_hover_container' style='padding:0% 0%; margin:0px 0%; min-height:2px; '><div class=\"uagb-container-inner-blocks-wrap\">\r\n<div class=\"\" style=\"width: 40%;text-align: center;padding: 0 33px\"><img loading=\"lazy\" decoding=\"async\" class=\"wp-image-184 aligncenter\" src=\"https:\/\/bu.optimum-automotive.com\/wp-content\/uploads\/2024\/05\/caissedepargne.png\" alt=\"gesti\u00f3n de flotas de la caisse d&#039;epargne\" width=\"147\" height=\"147\" \/> <br \/><strong>Brigitte Mesure<\/strong> - Caisse d'Epargne CEPAC, Gestor de flota<\/div>\r\n<div class=\"wp-block-uagb-container\" style=\"width: 60%;padding: 0 33px;align-self:center\">\r\n<p>\"Necesit\u00e1bamos<strong> datos de kilometraje fiables e inmediatos<\/strong> para elaborar estad\u00edsticas con fines de gesti\u00f3n, sino tambi\u00e9n para garantizar<strong> seguridad del conductor <\/strong>avis\u00e1ndoles de las pr\u00f3ximas revisiones\".<\/p>\r\n<\/div>\r\n<\/div>\r\n<\/div>\n<div class='slider_183_slide03 sa_hover_container' style='padding:0% 0%; margin:0px 0%; min-height:2px; '><div class=\"uagb-container-inner-blocks-wrap\">\r\n<div class=\"\" style=\"align-self:center;width: 40%;text-align: center;padding: 0 33px\"><img loading=\"lazy\" decoding=\"async\" src=\"https:\/\/bu.optimum-automotive.com\/wp-content\/uploads\/2024\/06\/Logo-ADMR-Vienne-Vertical-e1717663828369.png\" alt=\"Gesti\u00f3n de flotas AMDR\" width=\"142\" height=\"147\" class=\"alignnone size-medium wp-image-2103\" \/> <br \/><strong>Amandine GUYOUMARD<\/strong>. - Director Adjunto ADMR Desarrollo VIENNE<\/div>\r\n<div class=\"wp-block-uagb-container\" style=\"width: 60%;padding: 0 33px;align-self:center\">\r\n<p>\"Con una flota de 800 veh\u00edculos hasta la fecha, y 1.000 para finales de 2024, ahora se ha hecho imprescindible adquirir nuevos veh\u00edculos. <strong>una herramienta de gesti\u00f3n de flotas escalable y de alto rendimiento que satisfaga las necesidades espec\u00edficas de nuestro negocio y los retos a los que nos enfrentamos<\/strong> : gesti\u00f3n de imprevistos, gesti\u00f3n de las normas de conducci\u00f3n, prevenci\u00f3n de riesgos viales, optimizaci\u00f3n del consumo de combustible, etc.\r\n<strong>La riqueza funcional de la soluci\u00f3n Optimum Automotive<\/strong>A largo plazo, esto significa que podemos esperar nuevos \u00e1mbitos de reflexi\u00f3n, como la introducci\u00f3n del uso compartido de nuestros veh\u00edculos, sobre todo en el sector privado. <\/p>\r\n<\/div>\r\n<\/div><\/div>\n<\/div>\n<\/div>\n<script type='text\/javascript'>\n\tjQuery(document).ready(function() {\n\t\tjQuery('#slider_183').owlCarousel({\n\t\t\titems : 1,\n\t\t\tsmartSpeed : 300,\n\t\t\tautoplay : true,\n\t\t\tautoplayTimeout : 7000,\n\t\t\tautoplayHoverPause : true,\n\t\t\tsmartSpeed : 300,\n\t\t\tfluidSpeed : 300,\n\t\t\tautoplaySpeed : 300,\n\t\t\tnavSpeed : 300,\n\t\t\tdotsSpeed : 300,\n\t\t\tloop : true,\n\t\t\tnav : true,\n\t\t\tnavText : ['Previous','Next'],\n\t\t\tdots : true,\n\t\t\tresponsiveRefreshRate : 200,\n\t\t\tslideBy : 1,\n\t\t\tmergeFit : true,\n\t\t\tautoHeight : false,\n\t\t\tmouseDrag : false,\n\t\t\ttouchDrag : true\n\t\t});\n\t\tjQuery('#slider_183').css('visibility', 'visible');\n\t\tvar owl_goto = jQuery('#slider_183');\n\t\tjQuery('.slider_183_goto1').click(function(event){\n\t\t\towl_goto.trigger('to.owl.carousel', 0);\n\t\t});\n\t\tjQuery('.slider_183_goto2').click(function(event){\n\t\t\towl_goto.trigger('to.owl.carousel', 1);\n\t\t});\n\t\tjQuery('.slider_183_goto3').click(function(event){\n\t\t\towl_goto.trigger('to.owl.carousel', 2);\n\t\t});\n\t\tvar resize_183 = jQuery('.owl-carousel');\n\t\tresize_183.on('initialized.owl.carousel', function(e) {\n\t\t\tif (typeof(Event) === 'function') {\n\t\t\t\twindow.dispatchEvent(new Event('resize'));\n\t\t\t} else {\n\t\t\t\tvar evt = window.document.createEvent('UIEvents');\n\t\t\t\tevt.initUIEvent('resize', true, false, window, 0);\n\t\t\t\twindow.dispatchEvent(evt);\n\t\t\t}\n\t\t});\n\t});\n<\/script>\n\n<\/div>\n<\/div><\/div>\n\n\n\n<div style=\"height:50px\" aria-hidden=\"true\" class=\"wp-block-spacer\"><\/div>\n<\/div>\n\n\n\n<div class=\"wp-block-uagb-container uagb-block-83a8b727 alignfull uagb-is-root-container\">\n<div class=\"wp-block-uagb-container uagb-block-7e90e121\">\t\t<div class=\"wppsac-wrap wppsac-slick-carousel-wrp wppsac-clearfix actuslider\" data-conf=\"{&quot;slides_to_show&quot;:2,&quot;slides_to_scroll&quot;:2,&quot;dots&quot;:&quot;true&quot;,&quot;arrows&quot;:&quot;true&quot;,&quot;autoplay&quot;:&quot;true&quot;,&quot;autoplay_interval&quot;:12196,&quot;speed&quot;:1525,&quot;rtl&quot;:&quot;false&quot;,&quot;lazyload&quot;:&quot;&quot;}\">\r\n\t\t\t<div id=\"wppsac-post-carousel-1\" class=\"wppsac-post-slider-init wppsac-post-carousel design-1\">\r\n\t\t\t\t<div class=\"wppsac-carousel-slides\">\r\n\t\t<div class=\"wppsac-post-image-bg\">\r\n\t\t<a href=\"https:\/\/bu.optimum-automotive.com\/es\/ortec-optimiza-la-gestion-de-flotas-en-africa-con\/\">\r\n\t\t\t<img decoding=\"async\" class=\"wppsac-post-image\"  src=\"https:\/\/bu.optimum-automotive.com\/wp-content\/uploads\/2025\/02\/2025-02-14_17h21_57.png\" alt=\"HISTORIA DE \u00c9XITO: \u00a1El Grupo ORTEC elige OPTIMUM para optimizar la gesti\u00f3n de sus equipos en \u00c1frica!\" \/>\r\n\t\t<\/a>\r\n\t<\/div>\r\n\t\r\n\t<div class=\"wppsac-post-content-position\">\r\n\t\t\r\n\t\t<h2 class=\"wppsac-post-title\">\r\n\t\t\t<a href=\"https:\/\/bu.optimum-automotive.com\/es\/ortec-optimiza-la-gestion-de-flotas-en-africa-con\/\">HISTORIA DE \u00c9XITO: \u00a1El Grupo ORTEC elige OPTIMUM para optimizar la gesti\u00f3n de sus equipos en \u00c1frica!<\/a>\r\n\t\t<\/h2>\r\n\r\n\t\t\t<\/div>\r\n<\/div><div class=\"wppsac-carousel-slides\">\r\n\t\t<div class=\"wppsac-post-image-bg\">\r\n\t\t<a href=\"https:\/\/bu.optimum-automotive.com\/es\/asociacion-optimum-relyens\/\">\r\n\t\t\t<img decoding=\"async\" class=\"wppsac-post-image\"  src=\"https:\/\/bu.optimum-automotive.com\/wp-content\/uploads\/2025\/01\/imm.png\" alt=\"COLABORACI\u00d3N - Optimum y Relyens unen sus fuerzas\" \/>\r\n\t\t<\/a>\r\n\t<\/div>\r\n\t\r\n\t<div class=\"wppsac-post-content-position\">\r\n\t\t\r\n\t\t<h2 class=\"wppsac-post-title\">\r\n\t\t\t<a href=\"https:\/\/bu.optimum-automotive.com\/es\/asociacion-optimum-relyens\/\">COLABORACI\u00d3N - Optimum y Relyens unen sus fuerzas<\/a>\r\n\t\t<\/h2>\r\n\r\n\t\t\t<\/div>\r\n<\/div><div class=\"wppsac-carousel-slides\">\r\n\t\t<div class=\"wppsac-post-image-bg\">\r\n\t\t<a href=\"https:\/\/bu.optimum-automotive.com\/es\/optima-presencia-en-flotauto-paris-2025\/\">\r\n\t\t\t<img decoding=\"async\" class=\"wppsac-post-image\"  src=\"https:\/\/bu.optimum-automotive.com\/wp-content\/uploads\/2025\/01\/flotauto.png\" alt=\"Optimum estar\u00e1 presente en FLOTAUTO 2025- PARIS\" \/>\r\n\t\t<\/a>\r\n\t<\/div>\r\n\t\r\n\t<div class=\"wppsac-post-content-position\">\r\n\t\t\r\n\t\t<h2 class=\"wppsac-post-title\">\r\n\t\t\t<a href=\"https:\/\/bu.optimum-automotive.com\/es\/optima-presencia-en-flotauto-paris-2025\/\">Optimum estar\u00e1 presente en FLOTAUTO 2025- PARIS<\/a>\r\n\t\t<\/h2>\r\n\r\n\t\t\t<\/div>\r\n<\/div><div class=\"wppsac-carousel-slides\">\r\n\t\t<div class=\"wppsac-post-image-bg\">\r\n\t\t<a href=\"https:\/\/bu.optimum-automotive.com\/es\/vehiculos-electricos-pasos-y-soluciones-para-evitar-los-escollos\/\">\r\n\t\t\t<img decoding=\"async\" class=\"wppsac-post-image\"  src=\"https:\/\/bu.optimum-automotive.com\/wp-content\/uploads\/2024\/11\/actu-webinar-electrification.jpg\" alt=\"Webinar: Veh\u00edculos el\u00e9ctricos en su flota \/ pasos y soluciones para evitar los escollos\" \/>\r\n\t\t<\/a>\r\n\t<\/div>\r\n\t\r\n\t<div class=\"wppsac-post-content-position\">\r\n\t\t\r\n\t\t<h2 class=\"wppsac-post-title\">\r\n\t\t\t<a href=\"https:\/\/bu.optimum-automotive.com\/es\/vehiculos-electricos-pasos-y-soluciones-para-evitar-los-escollos\/\">Webinar: Veh\u00edculos el\u00e9ctricos en su flota \/ pasos y soluciones para evitar los escollos<\/a>\r\n\t\t<\/h2>\r\n\r\n\t\t\t<\/div>\r\n<\/div><div class=\"wppsac-carousel-slides\">\r\n\t\t<div class=\"wppsac-post-image-bg\">\r\n\t\t<a href=\"https:\/\/bu.optimum-automotive.com\/es\/clean-car-podcast-entrevista-daniel-vassallucci\/\">\r\n\t\t\t<img decoding=\"async\" class=\"wppsac-post-image\"  src=\"https:\/\/bu.optimum-automotive.com\/wp-content\/uploads\/2024\/07\/zero-emission-DV-1.jpg\" alt=\"Automobile Propre - Entrevista en podcast con Daniel Vassallucci\" \/>\r\n\t\t<\/a>\r\n\t<\/div>\r\n\t\r\n\t<div class=\"wppsac-post-content-position\">\r\n\t\t\r\n\t\t<h2 class=\"wppsac-post-title\">\r\n\t\t\t<a href=\"https:\/\/bu.optimum-automotive.com\/es\/clean-car-podcast-entrevista-daniel-vassallucci\/\">Automobile Propre - Entrevista en podcast con Daniel Vassallucci<\/a>\r\n\t\t<\/h2>\r\n\r\n\t\t\t<\/div>\r\n<\/div><div class=\"wppsac-carousel-slides\">\r\n\t\t<div class=\"wppsac-post-image-bg\">\r\n\t\t<a href=\"https:\/\/bu.optimum-automotive.com\/es\/entrevista-sud-radio-daniel-vassallucci-optimum\/\">\r\n\t\t\t<img decoding=\"async\" class=\"wppsac-post-image\"  src=\"https:\/\/bu.optimum-automotive.com\/wp-content\/uploads\/2024\/03\/arton437.jpg\" alt=\"Entrevista de Sud Radio a Daniel Vassallucci\" \/>\r\n\t\t<\/a>\r\n\t<\/div>\r\n\t\r\n\t<div class=\"wppsac-post-content-position\">\r\n\t\t\r\n\t\t<h2 class=\"wppsac-post-title\">\r\n\t\t\t<a href=\"https:\/\/bu.optimum-automotive.com\/es\/entrevista-sud-radio-daniel-vassallucci-optimum\/\">Entrevista de Sud Radio a Daniel Vassallucci<\/a>\r\n\t\t<\/h2>\r\n\r\n\t\t\t<\/div>\r\n<\/div>\t\t\t<\/div>\r\n\t\t<\/div>\r\n\t<\/div>\n<\/div>","protected":false},"excerpt":{"rendered":"<p>La \u00fanica soluci\u00f3n de gesti\u00f3n y seguimiento de veh\u00edculos dedicada a optimizar los costes y la huella de carbono La gesti\u00f3n de los veh\u00edculos de su empresa le plantea una serie de retos y problemas: gestionar y dirigir la actividad sobre el terreno, prevenir los riesgos viales, optimizar los costes y los contratos, reducir el impacto medioambiental [...].<\/p>","protected":false},"author":1,"featured_media":0,"parent":0,"menu_order":0,"comment_status":"closed","ping_status":"closed","template":"home-page.php","meta":{"_coblocks_attr":"","_coblocks_dimensions":"","_coblocks_responsive_height":"","_coblocks_accordion_ie_support":"","_uag_custom_page_level_css":"","footnotes":""},"class_list":["post-20","page","type-page","status-publish","hentry"],"uagb_featured_image_src":{"full":false,"thumbnail":false,"medium":false,"medium_large":false,"large":false,"1536x1536":false,"2048x2048":false,"trp-custom-language-flag":false},"uagb_author_info":{"display_name":"camaleon","author_link":"https:\/\/bu.optimum-automotive.com\/es\/author\/camaleon\/"},"uagb_comment_info":0,"uagb_excerpt":"La seule solution de gestion et de suivi de v\u00e9hicules d\u00e9di\u00e9e \u00e0 l\u2019optimisation des co\u00fbts et de l\u2019empreinte carbone La gestion des v\u00e9hicules de votre entreprise vous confronte \u00e0 de multiples d\u00e9fis&nbsp;et enjeux : gestion et pilotage de l\u2019activit\u00e9 terrain, pr\u00e9vention du risque routier, optimisation des co\u00fbts et des contrats, r\u00e9duction de l\u2019impact environnemental\u2026 Les&hellip;","_links":{"self":[{"href":"https:\/\/bu.optimum-automotive.com\/es\/wp-json\/wp\/v2\/pages\/20","targetHints":{"allow":["GET"]}}],"collection":[{"href":"https:\/\/bu.optimum-automotive.com\/es\/wp-json\/wp\/v2\/pages"}],"about":[{"href":"https:\/\/bu.optimum-automotive.com\/es\/wp-json\/wp\/v2\/types\/page"}],"author":[{"embeddable":true,"href":"https:\/\/bu.optimum-automotive.com\/es\/wp-json\/wp\/v2\/users\/1"}],"replies":[{"embeddable":true,"href":"https:\/\/bu.optimum-automotive.com\/es\/wp-json\/wp\/v2\/comments?post=20"}],"version-history":[{"count":354,"href":"https:\/\/bu.optimum-automotive.com\/es\/wp-json\/wp\/v2\/pages\/20\/revisions"}],"predecessor-version":[{"id":5335,"href":"https:\/\/bu.optimum-automotive.com\/es\/wp-json\/wp\/v2\/pages\/20\/revisions\/5335"}],"wp:attachment":[{"href":"https:\/\/bu.optimum-automotive.com\/es\/wp-json\/wp\/v2\/media?parent=20"}],"curies":[{"name":"wp","href":"https:\/\/api.w.org\/{rel}","templated":true}]}}