{"id":4919,"date":"2025-01-14T14:05:50","date_gmt":"2025-01-14T13:05:50","guid":{"rendered":"https:\/\/www.optimum-automotive.com\/?page_id=4919"},"modified":"2025-02-04T15:52:17","modified_gmt":"2025-02-04T14:52:17","slug":"blog","status":"publish","type":"page","link":"https:\/\/bu.optimum-automotive.com\/es\/blog\/","title":{"rendered":"El blog del veh\u00edculo conectado"},"content":{"rendered":"<h2 class=\"wp-block-heading has-text-align-center blog has-blue-background-color has-text-color has-background has-link-color wp-elements-d1e04d5a6caab7f981ce16af15bf0f02\" style=\"color:#ffffff\">El blog del veh\u00edculo conectado<\/h2>\n\n\n\t\t<div class=\"wppsac-wrap wppsac-slick-carousel-wrp wppsac-clearfix blog\" data-conf=\"{&quot;slides_to_show&quot;:4,&quot;slides_to_scroll&quot;:1,&quot;dots&quot;:&quot;true&quot;,&quot;arrows&quot;:&quot;true&quot;,&quot;autoplay&quot;:&quot;true&quot;,&quot;autoplay_interval&quot;:6000,&quot;speed&quot;:1000,&quot;rtl&quot;:&quot;false&quot;,&quot;lazyload&quot;:&quot;&quot;}\">\r\n\t\t\t<div id=\"wppsac-post-carousel-1\" class=\"wppsac-post-slider-init wppsac-post-carousel design-1\">\r\n\t\t\t\t<div class=\"wppsac-carousel-slides\">\r\n\t\t<div class=\"wppsac-post-image-bg\">\r\n\t\t<a href=\"https:\/\/bu.optimum-automotive.com\/es\/aen-2025-aclaraciones-sobre-la-reforma\/\">\r\n\t\t\t<img decoding=\"async\" class=\"wppsac-post-image\"  src=\"https:\/\/bu.optimum-automotive.com\/wp-content\/uploads\/2025\/03\/vignette-aen.png\" alt=\"Reforma AEN 2025: \u00a1ya est\u00e1n aqu\u00ed las aclaraciones!\u00a0\" \/>\r\n\t\t<\/a>\r\n\t<\/div>\r\n\t\r\n\t<div class=\"wppsac-post-content-position\">\r\n\t\t\t\t<div class=\"wppsac-post-categories\"><ul class=\"wppsac-post-categories-list\"><li><a href=\"https:\/\/bu.optimum-automotive.com\/es\/categoria\/blog\/electrificacion-de-la-flota\/\">Electrificaci\u00f3n de la flota<\/a><\/li><\/ul><\/div>\r\n\t\t\r\n\t\t<h2 class=\"wppsac-post-title\">\r\n\t\t\t<a href=\"https:\/\/bu.optimum-automotive.com\/es\/aen-2025-aclaraciones-sobre-la-reforma\/\">Reforma AEN 2025: \u00a1ya est\u00e1n aqu\u00ed las aclaraciones!\u00a0<\/a>\r\n\t\t<\/h2>\r\n\r\n\t\t\t\t<div class=\"wppsac-post-content\">\r\n\t\t\t<div class=\"wppsac-sub-content\">M\u00e1s informaci\u00f3n sobre la reforma de la NEA de 2025: normas, tarifas revisadas y estrategias para optimizar la gesti\u00f3n de su...<\/div>\r\n\r\n\t\t\t\t\t<\/div>\r\n\t\t\t<\/div>\r\n<\/div><div class=\"wppsac-carousel-slides\">\r\n\t\t<div class=\"wppsac-post-image-bg\">\r\n\t\t<a href=\"https:\/\/bu.optimum-automotive.com\/es\/prestaciones-en-especie-coches-de-empresa-2025\/\">\r\n\t\t\t<img decoding=\"async\" class=\"wppsac-post-image\"  src=\"https:\/\/bu.optimum-automotive.com\/wp-content\/uploads\/2025\/03\/Taille-Vignette-article-site-oa.png\" alt=\"Reforma de las prestaciones en especie para veh\u00edculos: aplicaci\u00f3n retroactiva al 1 de febrero de 2025\" \/>\r\n\t\t<\/a>\r\n\t<\/div>\r\n\t\r\n\t<div class=\"wppsac-post-content-position\">\r\n\t\t\t\t<div class=\"wppsac-post-categories\"><ul class=\"wppsac-post-categories-list\"><li><a href=\"https:\/\/bu.optimum-automotive.com\/es\/categoria\/blog\/gestion-de-flotas-3\/\">Gesti\u00f3n de flotas<\/a><\/li><\/ul><\/div>\r\n\t\t\r\n\t\t<h2 class=\"wppsac-post-title\">\r\n\t\t\t<a href=\"https:\/\/bu.optimum-automotive.com\/es\/prestaciones-en-especie-coches-de-empresa-2025\/\">Reforma de las prestaciones en especie para veh\u00edculos: aplicaci\u00f3n retroactiva al 1 de febrero de 2025<\/a>\r\n\t\t<\/h2>\r\n\r\n\t\t\t\t<div class=\"wppsac-post-content\">\r\n\t\t\t<div class=\"wppsac-sub-content\">Las nuevas reformas fiscales cambiar\u00e1n radicalmente la forma en que las empresas pagar\u00e1n el impuesto de matriculaci\u00f3n a partir de 2025. Los veh\u00edculos considerados contaminantes ser\u00e1n...<\/div>\r\n\r\n\t\t\t\t\t<\/div>\r\n\t\t\t<\/div>\r\n<\/div><div class=\"wppsac-carousel-slides\">\r\n\t\t<div class=\"wppsac-post-image-bg\">\r\n\t\t<a href=\"https:\/\/bu.optimum-automotive.com\/es\/fiscalidad-flotas-de-automoviles-2025-reformas-fiscales-bonificacion-malus\/\">\r\n\t\t\t<img decoding=\"async\" class=\"wppsac-post-image\"  src=\"https:\/\/bu.optimum-automotive.com\/wp-content\/uploads\/2025\/02\/pour-article-FRANCK.jpg\" alt=\"La fiscalidad de las flotas de autom\u00f3viles en 2025: un gran trastorno para las empresas\" \/>\r\n\t\t<\/a>\r\n\t<\/div>\r\n\t\r\n\t<div class=\"wppsac-post-content-position\">\r\n\t\t\t\t<div class=\"wppsac-post-categories\"><ul class=\"wppsac-post-categories-list\"><li><a href=\"https:\/\/bu.optimum-automotive.com\/es\/categoria\/blog\/gestion-de-flotas-3\/\">Gesti\u00f3n de flotas<\/a><\/li><\/ul><\/div>\r\n\t\t\r\n\t\t<h2 class=\"wppsac-post-title\">\r\n\t\t\t<a href=\"https:\/\/bu.optimum-automotive.com\/es\/fiscalidad-flotas-de-automoviles-2025-reformas-fiscales-bonificacion-malus\/\">La fiscalidad de las flotas de autom\u00f3viles en 2025: un gran trastorno para las empresas<\/a>\r\n\t\t<\/h2>\r\n\r\n\t\t\t\t<div class=\"wppsac-post-content\">\r\n\t\t\t<div class=\"wppsac-sub-content\">Las nuevas reformas fiscales cambiar\u00e1n radicalmente la forma en que las empresas pagar\u00e1n el impuesto de matriculaci\u00f3n a partir de 2025. Los veh\u00edculos considerados contaminantes ser\u00e1n...<\/div>\r\n\r\n\t\t\t\t\t<\/div>\r\n\t\t\t<\/div>\r\n<\/div><div class=\"wppsac-carousel-slides\">\r\n\t\t<div class=\"wppsac-post-image-bg\">\r\n\t\t<a href=\"https:\/\/bu.optimum-automotive.com\/es\/radares-inteligentes-en-francia-como-proteger-su-empresa\/\">\r\n\t\t\t<img decoding=\"async\" class=\"wppsac-post-image\"  src=\"https:\/\/bu.optimum-automotive.com\/wp-content\/uploads\/2025\/01\/Les-radars-intelligents-en-France.jpg\" alt=\"Radares de tr\u00e1fico inteligentes en Francia: proteja su empresa\" \/>\r\n\t\t<\/a>\r\n\t<\/div>\r\n\t\r\n\t<div class=\"wppsac-post-content-position\">\r\n\t\t\t\t<div class=\"wppsac-post-categories\"><ul class=\"wppsac-post-categories-list\"><li><a href=\"https:\/\/bu.optimum-automotive.com\/es\/categoria\/blog\/gestion-de-flotas-3\/\">Gesti\u00f3n de flotas<\/a><\/li><\/ul><\/div>\r\n\t\t\r\n\t\t<h2 class=\"wppsac-post-title\">\r\n\t\t\t<a href=\"https:\/\/bu.optimum-automotive.com\/es\/radares-inteligentes-en-francia-como-proteger-su-empresa\/\">Radares de tr\u00e1fico inteligentes en Francia: proteja su empresa<\/a>\r\n\t\t<\/h2>\r\n\r\n\t\t\t\t<div class=\"wppsac-post-content\">\r\n\t\t\t<div class=\"wppsac-sub-content\">Radar inteligente: un gran avance tecnol\u00f3gico<\/div>\r\n\r\n\t\t\t\t\t<\/div>\r\n\t\t\t<\/div>\r\n<\/div><div class=\"wppsac-carousel-slides\">\r\n\t\t<div class=\"wppsac-post-image-bg\">\r\n\t\t<a href=\"https:\/\/bu.optimum-automotive.com\/es\/el-impuesto-sobre-las-prestaciones-en-especie-una-nueva-amenaza-para-empresas-y-trabajadores\/\">\r\n\t\t\t<img decoding=\"async\" class=\"wppsac-post-image\"  src=\"https:\/\/bu.optimum-automotive.com\/wp-content\/uploads\/2024\/11\/Fiscalite-des-Avantages-en-Nature.jpg\" alt=\"Fiscalidad de las prestaciones en especie: amenaza para empresas y trabajadores\" \/>\r\n\t\t<\/a>\r\n\t<\/div>\r\n\t\r\n\t<div class=\"wppsac-post-content-position\">\r\n\t\t\t\t<div class=\"wppsac-post-categories\"><ul class=\"wppsac-post-categories-list\"><li><a href=\"https:\/\/bu.optimum-automotive.com\/es\/categoria\/blog\/gestion-de-flotas-3\/\">Gesti\u00f3n de flotas<\/a><\/li><\/ul><\/div>\r\n\t\t\r\n\t\t<h2 class=\"wppsac-post-title\">\r\n\t\t\t<a href=\"https:\/\/bu.optimum-automotive.com\/es\/el-impuesto-sobre-las-prestaciones-en-especie-una-nueva-amenaza-para-empresas-y-trabajadores\/\">Fiscalidad de las prestaciones en especie: amenaza para empresas y trabajadores<\/a>\r\n\t\t<\/h2>\r\n\r\n\t\t\t\t<div class=\"wppsac-post-content\">\r\n\t\t\t<div class=\"wppsac-sub-content\">Fiscalidad de los AEN: \u00a1una amenaza para trabajadores y empresas!\u00a0<\/div>\r\n\r\n\t\t\t\t\t<\/div>\r\n\t\t\t<\/div>\r\n<\/div><div class=\"wppsac-carousel-slides\">\r\n\t\t<div class=\"wppsac-post-image-bg\">\r\n\t\t<a href=\"https:\/\/bu.optimum-automotive.com\/es\/inspecciones-intermediarias-para-evitar-gastos-de-devolucion-de-vehiculos-de-alquiler\/\">\r\n\t\t\t<img decoding=\"async\" class=\"wppsac-post-image\"  src=\"https:\/\/bu.optimum-automotive.com\/wp-content\/uploads\/2024\/08\/Inspections-intermediaire.jpg\" alt=\"Inspecciones intermedias: control del coste de devoluci\u00f3n de los veh\u00edculos alquilados\" \/>\r\n\t\t<\/a>\r\n\t<\/div>\r\n\t\r\n\t<div class=\"wppsac-post-content-position\">\r\n\t\t\t\t<div class=\"wppsac-post-categories\"><ul class=\"wppsac-post-categories-list\"><li><a href=\"https:\/\/bu.optimum-automotive.com\/es\/categoria\/blog\/gestion-de-flotas-3\/\">Gesti\u00f3n de flotas<\/a><\/li><\/ul><\/div>\r\n\t\t\r\n\t\t<h2 class=\"wppsac-post-title\">\r\n\t\t\t<a href=\"https:\/\/bu.optimum-automotive.com\/es\/inspecciones-intermediarias-para-evitar-gastos-de-devolucion-de-vehiculos-de-alquiler\/\">Inspecciones intermedias: control del coste de devoluci\u00f3n de los veh\u00edculos alquilados<\/a>\r\n\t\t<\/h2>\r\n\r\n\t\t\t\t<div class=\"wppsac-post-content\">\r\n\t\t\t<div class=\"wppsac-sub-content\">Inspecciones intermedias: evitar los gastos de devoluci\u00f3n de veh\u00edculos de alquiler\u00a0<\/div>\r\n\r\n\t\t\t\t\t<\/div>\r\n\t\t\t<\/div>\r\n<\/div><div class=\"wppsac-carousel-slides\">\r\n\t\t<div class=\"wppsac-post-image-bg\">\r\n\t\t<a href=\"https:\/\/bu.optimum-automotive.com\/es\/transicion-energetica-para-las-flotas-de-automoviles-las-empresas-deben-actuar\/\">\r\n\t\t\t<img decoding=\"async\" class=\"wppsac-post-image\"  src=\"https:\/\/bu.optimum-automotive.com\/wp-content\/uploads\/2024\/04\/Transition-energetique-des-flottes.jpg\" alt=\"Transici\u00f3n energ\u00e9tica de las flotas: las empresas deben actuar\" \/>\r\n\t\t<\/a>\r\n\t<\/div>\r\n\t\r\n\t<div class=\"wppsac-post-content-position\">\r\n\t\t\t\t<div class=\"wppsac-post-categories\"><ul class=\"wppsac-post-categories-list\"><li><a href=\"https:\/\/bu.optimum-automotive.com\/es\/categoria\/blog\/electrificacion-de-la-flota\/\">Electrificaci\u00f3n de la flota<\/a><\/li><\/ul><\/div>\r\n\t\t\r\n\t\t<h2 class=\"wppsac-post-title\">\r\n\t\t\t<a href=\"https:\/\/bu.optimum-automotive.com\/es\/transicion-energetica-para-las-flotas-de-automoviles-las-empresas-deben-actuar\/\">Transici\u00f3n energ\u00e9tica de las flotas: las empresas deben actuar<\/a>\r\n\t\t<\/h2>\r\n\r\n\t\t\t\t<div class=\"wppsac-post-content\">\r\n\t\t\t<div class=\"wppsac-sub-content\">El proyecto de Damien Adam: descarbonizar el parque automovil\u00edstico<\/div>\r\n\r\n\t\t\t\t\t<\/div>\r\n\t\t\t<\/div>\r\n<\/div><div class=\"wppsac-carousel-slides\">\r\n\t\t<div class=\"wppsac-post-image-bg\">\r\n\t\t<a href=\"https:\/\/bu.optimum-automotive.com\/es\/la-gestion-de-siniestros-y-danos-nueva-fuente-de-ahorro-para-las-flotas\/\">\r\n\t\t\t<img decoding=\"async\" class=\"wppsac-post-image\"  src=\"https:\/\/bu.optimum-automotive.com\/wp-content\/uploads\/2024\/04\/Gestion-des-sinistres-et-dommages-automobiles.jpg\" alt=\"Siniestros de autom\u00f3viles y gesti\u00f3n de da\u00f1os: la nueva fuente de ahorro para las flotas.\" \/>\r\n\t\t<\/a>\r\n\t<\/div>\r\n\t\r\n\t<div class=\"wppsac-post-content-position\">\r\n\t\t\t\t<div class=\"wppsac-post-categories\"><ul class=\"wppsac-post-categories-list\"><li><a href=\"https:\/\/bu.optimum-automotive.com\/es\/categoria\/blog\/gestion-de-flotas-3\/\">Gesti\u00f3n de flotas<\/a><\/li><\/ul><\/div>\r\n\t\t\r\n\t\t<h2 class=\"wppsac-post-title\">\r\n\t\t\t<a href=\"https:\/\/bu.optimum-automotive.com\/es\/la-gestion-de-siniestros-y-danos-nueva-fuente-de-ahorro-para-las-flotas\/\">Siniestros de autom\u00f3viles y gesti\u00f3n de da\u00f1os: la nueva fuente de ahorro para las flotas.<\/a>\r\n\t\t<\/h2>\r\n\r\n\t\t\t\t<div class=\"wppsac-post-content\">\r\n\t\t\t<div class=\"wppsac-sub-content\">Siniestros y da\u00f1os: los costes ocultos de los veh\u00edculos de empresa<\/div>\r\n\r\n\t\t\t\t\t<\/div>\r\n\t\t\t<\/div>\r\n<\/div>\t\t\t<\/div>\r\n\t\t<\/div>\r\n\t\n\n\n<p><\/p>","protected":false},"excerpt":{"rendered":"<p>El blog del veh\u00edculo conectado<\/p>","protected":false},"author":1,"featured_media":0,"parent":0,"menu_order":0,"comment_status":"closed","ping_status":"closed","template":"page-blog.php","meta":{"_coblocks_attr":"","_coblocks_dimensions":"","_coblocks_responsive_height":"","_coblocks_accordion_ie_support":"","_uag_custom_page_level_css":"","footnotes":""},"class_list":["post-4919","page","type-page","status-publish","hentry"],"uagb_featured_image_src":{"full":false,"thumbnail":false,"medium":false,"medium_large":false,"large":false,"1536x1536":false,"2048x2048":false,"trp-custom-language-flag":false},"uagb_author_info":{"display_name":"camaleon","author_link":"https:\/\/bu.optimum-automotive.com\/es\/author\/camaleon\/"},"uagb_comment_info":0,"uagb_excerpt":"Le Blog du v\u00e9hicule connect\u00e9","_links":{"self":[{"href":"https:\/\/bu.optimum-automotive.com\/es\/wp-json\/wp\/v2\/pages\/4919","targetHints":{"allow":["GET"]}}],"collection":[{"href":"https:\/\/bu.optimum-automotive.com\/es\/wp-json\/wp\/v2\/pages"}],"about":[{"href":"https:\/\/bu.optimum-automotive.com\/es\/wp-json\/wp\/v2\/types\/page"}],"author":[{"embeddable":true,"href":"https:\/\/bu.optimum-automotive.com\/es\/wp-json\/wp\/v2\/users\/1"}],"replies":[{"embeddable":true,"href":"https:\/\/bu.optimum-automotive.com\/es\/wp-json\/wp\/v2\/comments?post=4919"}],"version-history":[{"count":35,"href":"https:\/\/bu.optimum-automotive.com\/es\/wp-json\/wp\/v2\/pages\/4919\/revisions"}],"predecessor-version":[{"id":5569,"href":"https:\/\/bu.optimum-automotive.com\/es\/wp-json\/wp\/v2\/pages\/4919\/revisions\/5569"}],"wp:attachment":[{"href":"https:\/\/bu.optimum-automotive.com\/es\/wp-json\/wp\/v2\/media?parent=4919"}],"curies":[{"name":"wp","href":"https:\/\/api.w.org\/{rel}","templated":true}]}}