{"id":11,"date":"2024-04-30T10:45:25","date_gmt":"2024-04-30T08:45:25","guid":{"rendered":"http:\/\/127.0.0.1\/site%20OA\/?page_id=11"},"modified":"2025-01-16T16:06:13","modified_gmt":"2025-01-16T15:06:13","slug":"accompagnement","status":"publish","type":"page","link":"https:\/\/bu.optimum-automotive.com\/it\/supporto\/","title":{"rendered":"SOSTEGNO"},"content":{"rendered":"<div class=\"wp-block-uagb-container uagb-block-af8d1479 alignfull uagb-is-root-container\"><div class=\"uagb-container-inner-blocks-wrap\">\n<div class=\"wp-block-uagb-container uagb-block-cb094fac\">\n<h1 class=\"wp-block-heading mt-0 mb-0\"><strong>Dall'audit iniziale al monitoraggio della flotta<\/strong><\/h1>\n\n\n\n<h3 class=\"wp-block-heading mt-0\"><mark style=\"background-color:rgba(0, 0, 0, 0);color:#0043ce\" class=\"has-inline-color\">Sosteniamo il vostro progetto <br>grazie all'esperienza di <br>i nostri gestori di flotta integrati<\/mark><\/h3>\n\n\n\n<h3 class=\"wp-block-heading has-text-align-left\">L'audit<\/h3>\n\n\n\n<p class=\"has-text-align-left\">Prima di poter affermare di aver generato risparmi, \u00e8 necessario fare il punto della situazione. I nostri esperti di soluzioni di mobilit\u00e0 raccolgono le informazioni chiave necessarie per comprendere il vostro attuale TCO*. Questo audit aiuta anche a evidenziare le leve di risparmio per la vostra azienda.<\/p>\n\n\n\n<p class=\"has-small-font-size\">* Costo totale di gestione<\/p>\n<\/div>\n\n\n\n<div class=\"wp-block-uagb-container uagb-block-ca10cc55\"><div class=\"wp-block-image\">\n<figure class=\"aligncenter size-full\"><img loading=\"lazy\" decoding=\"async\" width=\"403\" height=\"400\" src=\"https:\/\/bu.optimum-automotive.com\/wp-content\/uploads\/2024\/12\/audit_de_parc_automobile.png\" alt=\"\" class=\"wp-image-4453\" srcset=\"https:\/\/bu.optimum-automotive.com\/wp-content\/uploads\/2024\/12\/audit_de_parc_automobile.png 403w, https:\/\/bu.optimum-automotive.com\/wp-content\/uploads\/2024\/12\/audit_de_parc_automobile-300x298.png 300w, https:\/\/bu.optimum-automotive.com\/wp-content\/uploads\/2024\/12\/audit_de_parc_automobile-150x150.png 150w, https:\/\/bu.optimum-automotive.com\/wp-content\/uploads\/2024\/12\/audit_de_parc_automobile-12x12.png 12w\" sizes=\"auto, (max-width: 403px) 100vw, 403px\" \/><\/figure><\/div><\/div>\n<\/div><\/div>\n\n\n\n<div class=\"wp-block-uagb-container uagb-block-79237a96 alignfull uagb-is-root-container\">\n<div class=\"wp-block-uagb-container uagb-block-d6360a42 alignfull uagb-is-root-container\"><div class=\"uagb-container-inner-blocks-wrap\">\n<div class=\"wp-block-uagb-container uag-hide-tab uag-hide-mob uagb-block-5bac448e\"><div class=\"wp-block-image\">\n<figure class=\"aligncenter size-full\"><img loading=\"lazy\" decoding=\"async\" width=\"403\" height=\"400\" src=\"https:\/\/bu.optimum-automotive.com\/wp-content\/uploads\/2024\/12\/services.png\" alt=\"\" class=\"wp-image-4454\" srcset=\"https:\/\/bu.optimum-automotive.com\/wp-content\/uploads\/2024\/12\/services.png 403w, https:\/\/bu.optimum-automotive.com\/wp-content\/uploads\/2024\/12\/services-300x298.png 300w, https:\/\/bu.optimum-automotive.com\/wp-content\/uploads\/2024\/12\/services-150x150.png 150w, https:\/\/bu.optimum-automotive.com\/wp-content\/uploads\/2024\/12\/services-12x12.png 12w\" sizes=\"auto, (max-width: 403px) 100vw, 403px\" \/><\/figure><\/div><\/div>\n\n\n\n<div class=\"wp-block-uagb-container uagb-block-6c5ea4ad\">\n<h3 class=\"wp-block-heading mb-0\">Selezione del servizio<\/h3>\n\n\n\n<p>Lavoreremo con voi per determinare i servizi pi\u00f9 adatti a ciascun veicolo\/autista e per creare il pacchetto di servizi pi\u00f9 adatto a voi. Meglio ancora, possiamo creare pacchetti diversi per ogni tipo di veicolo e\/o autista.<\/p>\n<\/div>\n\n\n\n<div class=\"wp-block-uagb-container uag-hide-desktop uagb-block-9523de46\"><div class=\"wp-block-image\">\n<figure class=\"aligncenter size-full\"><img loading=\"lazy\" decoding=\"async\" width=\"403\" height=\"400\" src=\"https:\/\/bu.optimum-automotive.com\/wp-content\/uploads\/2024\/12\/services-1.png\" alt=\"\" class=\"wp-image-4455\" srcset=\"https:\/\/bu.optimum-automotive.com\/wp-content\/uploads\/2024\/12\/services-1.png 403w, https:\/\/bu.optimum-automotive.com\/wp-content\/uploads\/2024\/12\/services-1-300x298.png 300w, https:\/\/bu.optimum-automotive.com\/wp-content\/uploads\/2024\/12\/services-1-150x150.png 150w, https:\/\/bu.optimum-automotive.com\/wp-content\/uploads\/2024\/12\/services-1-12x12.png 12w\" sizes=\"auto, (max-width: 403px) 100vw, 403px\" \/><\/figure><\/div><\/div>\n<\/div><\/div>\n<\/div>\n\n\n\n<div class=\"wp-block-uagb-container uagb-block-6f689e6d alignfull uagb-is-root-container\"><div class=\"uagb-container-inner-blocks-wrap\">\n<div class=\"wp-block-uagb-container uagb-block-cd026288\">\n<h3 class=\"wp-block-heading has-text-align-right mb-0\">Informare i dipendenti<\/h3>\n\n\n\n<p class=\"has-text-align-right\">Vi forniamo il supporto e tutti gli strumenti di comunicazione necessari per informare i vostri dipendenti nel pieno rispetto delle normative CNIL e RGPD. Possiamo anche affiancarvi nelle riunioni dei sindacati e del CHSCT.<\/p>\n<\/div>\n\n\n\n<div class=\"wp-block-uagb-container uagb-block-b5b45c07\"><div class=\"wp-block-image\">\n<figure class=\"aligncenter size-full\"><img loading=\"lazy\" decoding=\"async\" width=\"403\" height=\"400\" src=\"https:\/\/bu.optimum-automotive.com\/wp-content\/uploads\/2024\/12\/employes_CNIL-RGPD.png\" alt=\"\" class=\"wp-image-4456\" srcset=\"https:\/\/bu.optimum-automotive.com\/wp-content\/uploads\/2024\/12\/employes_CNIL-RGPD.png 403w, https:\/\/bu.optimum-automotive.com\/wp-content\/uploads\/2024\/12\/employes_CNIL-RGPD-300x298.png 300w, https:\/\/bu.optimum-automotive.com\/wp-content\/uploads\/2024\/12\/employes_CNIL-RGPD-150x150.png 150w, https:\/\/bu.optimum-automotive.com\/wp-content\/uploads\/2024\/12\/employes_CNIL-RGPD-12x12.png 12w\" sizes=\"auto, (max-width: 403px) 100vw, 403px\" \/><\/figure><\/div><\/div>\n<\/div><\/div>\n\n\n\n<div class=\"wp-block-uagb-container uagb-block-af4c8777 alignfull uagb-is-root-container\">\n<div class=\"wp-block-uagb-container uagb-block-25ddfee0 alignfull uagb-is-root-container\"><div class=\"uagb-container-inner-blocks-wrap\">\n<div class=\"wp-block-uagb-container uag-hide-tab uag-hide-mob uagb-block-107b421c\"><div class=\"wp-block-image\">\n<figure class=\"aligncenter size-full\"><img loading=\"lazy\" decoding=\"async\" width=\"403\" height=\"400\" src=\"https:\/\/bu.optimum-automotive.com\/wp-content\/uploads\/2024\/12\/planification.png\" alt=\"\" class=\"wp-image-4457\" srcset=\"https:\/\/bu.optimum-automotive.com\/wp-content\/uploads\/2024\/12\/planification.png 403w, https:\/\/bu.optimum-automotive.com\/wp-content\/uploads\/2024\/12\/planification-300x298.png 300w, https:\/\/bu.optimum-automotive.com\/wp-content\/uploads\/2024\/12\/planification-150x150.png 150w, https:\/\/bu.optimum-automotive.com\/wp-content\/uploads\/2024\/12\/planification-12x12.png 12w\" sizes=\"auto, (max-width: 403px) 100vw, 403px\" \/><\/figure><\/div><\/div>\n\n\n\n<div class=\"wp-block-uagb-container uagb-block-80e61be9\">\n<h3 class=\"wp-block-heading mb-0\">Pianificazione<\/h3>\n\n\n\n<p>Poich\u00e9 i vostri vincoli vengono prima di tutto, il nostro reparto di pianificazione programmer\u00e0 l'installazione dei box per ogni veicolo in base alle vostre esigenze (geografiche, di orario, ecc.) in modo da non interrompere la vostra attivit\u00e0.<\/p>\n<\/div>\n\n\n\n<div class=\"wp-block-uagb-container uag-hide-desktop uagb-block-e00f8775\"><div class=\"wp-block-image\">\n<figure class=\"aligncenter size-full\"><img loading=\"lazy\" decoding=\"async\" width=\"403\" height=\"400\" src=\"https:\/\/bu.optimum-automotive.com\/wp-content\/uploads\/2024\/12\/planification-1.png\" alt=\"\" class=\"wp-image-4458\" srcset=\"https:\/\/bu.optimum-automotive.com\/wp-content\/uploads\/2024\/12\/planification-1.png 403w, https:\/\/bu.optimum-automotive.com\/wp-content\/uploads\/2024\/12\/planification-1-300x298.png 300w, https:\/\/bu.optimum-automotive.com\/wp-content\/uploads\/2024\/12\/planification-1-150x150.png 150w, https:\/\/bu.optimum-automotive.com\/wp-content\/uploads\/2024\/12\/planification-1-12x12.png 12w\" sizes=\"auto, (max-width: 403px) 100vw, 403px\" \/><\/figure><\/div><\/div>\n<\/div><\/div>\n<\/div>\n\n\n\n<div class=\"wp-block-uagb-container uagb-block-5f72fa39 alignfull uagb-is-root-container\"><div class=\"uagb-container-inner-blocks-wrap\">\n<div class=\"wp-block-uagb-container uagb-block-8a608418\">\n<h3 class=\"wp-block-heading has-text-align-right mb-0\">Installazione<\/h3>\n\n\n\n<p class=\"has-text-align-right\">La nostra rete di 65 installatori copre tutta la Francia. Essendo professionisti nel campo dell'elettricit\u00e0 automobilistica, conoscono perfettamente le varie tecniche di installazione per tutti i tipi di veicoli, <br>anche il pi\u00f9 complesso.<\/p>\n<\/div>\n\n\n\n<div class=\"wp-block-uagb-container uagb-block-3dc8a2c5\"><div class=\"wp-block-image\">\n<figure class=\"aligncenter size-full\"><img loading=\"lazy\" decoding=\"async\" width=\"403\" height=\"400\" src=\"https:\/\/bu.optimum-automotive.com\/wp-content\/uploads\/2024\/12\/installation-boitier-vehicule.png\" alt=\"\" class=\"wp-image-4459\" srcset=\"https:\/\/bu.optimum-automotive.com\/wp-content\/uploads\/2024\/12\/installation-boitier-vehicule.png 403w, https:\/\/bu.optimum-automotive.com\/wp-content\/uploads\/2024\/12\/installation-boitier-vehicule-300x298.png 300w, https:\/\/bu.optimum-automotive.com\/wp-content\/uploads\/2024\/12\/installation-boitier-vehicule-150x150.png 150w, https:\/\/bu.optimum-automotive.com\/wp-content\/uploads\/2024\/12\/installation-boitier-vehicule-12x12.png 12w\" sizes=\"auto, (max-width: 403px) 100vw, 403px\" \/><\/figure><\/div><\/div>\n<\/div><\/div>\n\n\n\n<div class=\"wp-block-uagb-container uagb-block-1523f63f alignfull uagb-is-root-container\">\n<div class=\"wp-block-uagb-container uagb-block-83e05ae4 alignfull uagb-is-root-container\"><div class=\"uagb-container-inner-blocks-wrap\">\n<div class=\"wp-block-uagb-container uag-hide-tab uag-hide-mob uagb-block-35d282ca\"><div class=\"wp-block-image\">\n<figure class=\"aligncenter size-full\"><img loading=\"lazy\" decoding=\"async\" width=\"403\" height=\"400\" src=\"https:\/\/bu.optimum-automotive.com\/wp-content\/uploads\/2024\/12\/prise-en-main_formateurs-gestion-de-parc-1.png\" alt=\"\" class=\"wp-image-4461\" srcset=\"https:\/\/bu.optimum-automotive.com\/wp-content\/uploads\/2024\/12\/prise-en-main_formateurs-gestion-de-parc-1.png 403w, https:\/\/bu.optimum-automotive.com\/wp-content\/uploads\/2024\/12\/prise-en-main_formateurs-gestion-de-parc-1-300x298.png 300w, https:\/\/bu.optimum-automotive.com\/wp-content\/uploads\/2024\/12\/prise-en-main_formateurs-gestion-de-parc-1-150x150.png 150w, https:\/\/bu.optimum-automotive.com\/wp-content\/uploads\/2024\/12\/prise-en-main_formateurs-gestion-de-parc-1-12x12.png 12w\" sizes=\"auto, (max-width: 403px) 100vw, 403px\" \/><\/figure><\/div><\/div>\n\n\n\n<div class=\"wp-block-uagb-container uagb-block-02562faa\">\n<h3 class=\"wp-block-heading mb-0\">Per iniziare<\/h3>\n\n\n\n<p>I nostri formatori vi introdurranno in teleconferenza, in modo che possiate familiarizzare con il vostro nuovo strumento di gestione. Su richiesta, possiamo anche offrire una formazione faccia a faccia con esperti per aiutarvi a sfruttare appieno la potenza funzionale della piattaforma.<\/p>\n<\/div>\n\n\n\n<div class=\"wp-block-uagb-container uag-hide-desktop uagb-block-b5b74baa\"><div class=\"wp-block-image\">\n<figure class=\"aligncenter size-full\"><img loading=\"lazy\" decoding=\"async\" width=\"403\" height=\"400\" src=\"https:\/\/bu.optimum-automotive.com\/wp-content\/uploads\/2024\/12\/prise-en-main_formateurs-gestion-de-parc-1-1.png\" alt=\"\" class=\"wp-image-4462\" srcset=\"https:\/\/bu.optimum-automotive.com\/wp-content\/uploads\/2024\/12\/prise-en-main_formateurs-gestion-de-parc-1-1.png 403w, https:\/\/bu.optimum-automotive.com\/wp-content\/uploads\/2024\/12\/prise-en-main_formateurs-gestion-de-parc-1-1-300x298.png 300w, https:\/\/bu.optimum-automotive.com\/wp-content\/uploads\/2024\/12\/prise-en-main_formateurs-gestion-de-parc-1-1-150x150.png 150w, https:\/\/bu.optimum-automotive.com\/wp-content\/uploads\/2024\/12\/prise-en-main_formateurs-gestion-de-parc-1-1-12x12.png 12w\" sizes=\"auto, (max-width: 403px) 100vw, 403px\" \/><\/figure><\/div><\/div>\n<\/div><\/div>\n<\/div>\n\n\n\n<div class=\"wp-block-uagb-container uagb-block-88ac15fc alignfull uagb-is-root-container\"><div class=\"uagb-container-inner-blocks-wrap\">\n<div class=\"wp-block-uagb-container uagb-block-a3701010\">\n<h3 class=\"wp-block-heading has-text-align-right mb-0\">Integrazione e manutenzione del parco<\/h3>\n\n\n\n<p class=\"has-text-align-right\">Un Key Account Manager vi aiuter\u00e0 a configurare la vostra piattaforma. Non appena viene implementata, i veicoli e le loro caratteristiche vengono inseriti tramite una connessione al SIV e ai piani di manutenzione (Auto Data). Il vostro Key Account Manager vi supporter\u00e0 per tutta la durata della vostra flotta, perch\u00e9 la gestione della flotta \u00e8 un lungo fiume... <br>Non sempre \u00e8 tranquillo!<\/p>\n<\/div>\n\n\n\n<div class=\"wp-block-uagb-container uagb-block-c366fdc2\"><div class=\"wp-block-image\">\n<figure class=\"aligncenter size-full\"><img loading=\"lazy\" decoding=\"async\" width=\"403\" height=\"400\" src=\"https:\/\/bu.optimum-automotive.com\/wp-content\/uploads\/2024\/12\/integration-de-parc-et-son-maintien.png\" alt=\"\" class=\"wp-image-4463\" srcset=\"https:\/\/bu.optimum-automotive.com\/wp-content\/uploads\/2024\/12\/integration-de-parc-et-son-maintien.png 403w, https:\/\/bu.optimum-automotive.com\/wp-content\/uploads\/2024\/12\/integration-de-parc-et-son-maintien-300x298.png 300w, https:\/\/bu.optimum-automotive.com\/wp-content\/uploads\/2024\/12\/integration-de-parc-et-son-maintien-150x150.png 150w, https:\/\/bu.optimum-automotive.com\/wp-content\/uploads\/2024\/12\/integration-de-parc-et-son-maintien-12x12.png 12w\" sizes=\"auto, (max-width: 403px) 100vw, 403px\" \/><\/figure><\/div><\/div>\n<\/div><\/div>\n\n\n\n<div class=\"wp-block-uagb-container uagb-block-af15f423 alignfull uagb-is-root-container\">\n<div class=\"wp-block-uagb-container uagb-block-a8500338 alignfull uagb-is-root-container\"><div class=\"uagb-container-inner-blocks-wrap\">\n<div class=\"wp-block-uagb-container uag-hide-tab uag-hide-mob uagb-block-83b5850c\"><div class=\"wp-block-image\">\n<figure class=\"aligncenter size-full\"><img loading=\"lazy\" decoding=\"async\" width=\"403\" height=\"400\" src=\"https:\/\/bu.optimum-automotive.com\/wp-content\/uploads\/2024\/12\/La-mise-en-oeuvre-du-plan-deconomies.png\" alt=\"\" class=\"wp-image-4464\" srcset=\"https:\/\/bu.optimum-automotive.com\/wp-content\/uploads\/2024\/12\/La-mise-en-oeuvre-du-plan-deconomies.png 403w, https:\/\/bu.optimum-automotive.com\/wp-content\/uploads\/2024\/12\/La-mise-en-oeuvre-du-plan-deconomies-300x298.png 300w, https:\/\/bu.optimum-automotive.com\/wp-content\/uploads\/2024\/12\/La-mise-en-oeuvre-du-plan-deconomies-150x150.png 150w, https:\/\/bu.optimum-automotive.com\/wp-content\/uploads\/2024\/12\/La-mise-en-oeuvre-du-plan-deconomies-12x12.png 12w\" sizes=\"auto, (max-width: 403px) 100vw, 403px\" \/><\/figure><\/div><\/div>\n\n\n\n<div class=\"wp-block-uagb-container uagb-block-2fbcd218\">\n<h3 class=\"wp-block-heading mb-0\">Attuazione del piano di risparmio<\/h3>\n\n\n\n<p>La piattaforma fornisce indicatori e consigli continui su come ottimizzare il TCO. <\/p>\n\n\n\n<p>I nostri esperti di soluzioni di mobilit\u00e0 sono a disposizione per aiutarvi a fare le scelte giuste al momento giusto.<\/p>\n<\/div>\n\n\n\n<div class=\"wp-block-uagb-container uag-hide-desktop uagb-block-9eebcf68\"><div class=\"wp-block-image\">\n<figure class=\"aligncenter size-full\"><img loading=\"lazy\" decoding=\"async\" width=\"403\" height=\"400\" src=\"https:\/\/bu.optimum-automotive.com\/wp-content\/uploads\/2024\/12\/La-mise-en-oeuvre-du-plan-deconomies-1.png\" alt=\"\" class=\"wp-image-4465\" srcset=\"https:\/\/bu.optimum-automotive.com\/wp-content\/uploads\/2024\/12\/La-mise-en-oeuvre-du-plan-deconomies-1.png 403w, https:\/\/bu.optimum-automotive.com\/wp-content\/uploads\/2024\/12\/La-mise-en-oeuvre-du-plan-deconomies-1-300x298.png 300w, https:\/\/bu.optimum-automotive.com\/wp-content\/uploads\/2024\/12\/La-mise-en-oeuvre-du-plan-deconomies-1-150x150.png 150w, https:\/\/bu.optimum-automotive.com\/wp-content\/uploads\/2024\/12\/La-mise-en-oeuvre-du-plan-deconomies-1-12x12.png 12w\" sizes=\"auto, (max-width: 403px) 100vw, 403px\" \/><\/figure><\/div><\/div>\n<\/div><\/div>\n<\/div>\n\n\n\n<div class=\"wp-block-uagb-container uagb-block-9f5f92b2 alignfull uagb-is-root-container\"><div class=\"uagb-container-inner-blocks-wrap\">\n<div class=\"wp-block-uagb-container uagb-block-656aee6d\">\n<h3 class=\"wp-block-heading has-text-align-right mb-0\">Servizio clienti<\/h3>\n\n\n\n<p class=\"has-text-align-right\">Ci sono domande o esitazioni?<br>Il nostro servizio clienti \u00e8 disponibile direttamente dalla piattaforma (ticket interattivo) o per telefono. Riceverete una risposta rapida e personalizzata nel pi\u00f9 breve tempo possibile.<\/p>\n<\/div>\n\n\n\n<div class=\"wp-block-uagb-container uagb-block-30c8fa26\"><div class=\"wp-block-image\">\n<figure class=\"aligncenter size-full\"><img loading=\"lazy\" decoding=\"async\" width=\"403\" height=\"400\" src=\"https:\/\/bu.optimum-automotive.com\/wp-content\/uploads\/2024\/12\/Le-service-client-gestion-de-parc.png\" alt=\"\" class=\"wp-image-4466\" srcset=\"https:\/\/bu.optimum-automotive.com\/wp-content\/uploads\/2024\/12\/Le-service-client-gestion-de-parc.png 403w, https:\/\/bu.optimum-automotive.com\/wp-content\/uploads\/2024\/12\/Le-service-client-gestion-de-parc-300x298.png 300w, https:\/\/bu.optimum-automotive.com\/wp-content\/uploads\/2024\/12\/Le-service-client-gestion-de-parc-150x150.png 150w, https:\/\/bu.optimum-automotive.com\/wp-content\/uploads\/2024\/12\/Le-service-client-gestion-de-parc-12x12.png 12w\" sizes=\"auto, (max-width: 403px) 100vw, 403px\" \/><\/figure><\/div><\/div>\n<\/div><\/div>\n\n\n\n<div class=\"wp-block-uagb-container uagb-block-800761fc alignfull uagb-is-root-container\">\n<div class=\"wp-block-uagb-container uagb-block-0678d31f alignfull uagb-is-root-container\"><div class=\"uagb-container-inner-blocks-wrap\">\n<div class=\"wp-block-uagb-container uag-hide-tab uag-hide-mob uagb-block-a390beb9\"><div class=\"wp-block-image\">\n<figure class=\"aligncenter size-full\"><img loading=\"lazy\" decoding=\"async\" width=\"403\" height=\"400\" src=\"https:\/\/bu.optimum-automotive.com\/wp-content\/uploads\/2024\/12\/Le-service-apres-vente-materiel-gestion-de-parc.png\" alt=\"\" class=\"wp-image-4467\" srcset=\"https:\/\/bu.optimum-automotive.com\/wp-content\/uploads\/2024\/12\/Le-service-apres-vente-materiel-gestion-de-parc.png 403w, https:\/\/bu.optimum-automotive.com\/wp-content\/uploads\/2024\/12\/Le-service-apres-vente-materiel-gestion-de-parc-300x298.png 300w, https:\/\/bu.optimum-automotive.com\/wp-content\/uploads\/2024\/12\/Le-service-apres-vente-materiel-gestion-de-parc-150x150.png 150w, https:\/\/bu.optimum-automotive.com\/wp-content\/uploads\/2024\/12\/Le-service-apres-vente-materiel-gestion-de-parc-12x12.png 12w\" sizes=\"auto, (max-width: 403px) 100vw, 403px\" \/><\/figure><\/div><\/div>\n\n\n\n<div class=\"wp-block-uagb-container uagb-block-f8bed897\">\n<h3 class=\"wp-block-heading mb-0\">Assistenza post-vendita hardware<\/h3>\n\n\n\n<p>Selezioniamo le nostre attrezzature dai migliori fornitori del mondo e le garantiamo per tutta la durata del contratto (parti, manodopera e viaggio). La vostra fiducia \u00e8 importante per noi.<\/p>\n<\/div>\n\n\n\n<div class=\"wp-block-uagb-container uag-hide-desktop uagb-block-11ddc340\"><div class=\"wp-block-image\">\n<figure class=\"aligncenter size-full\"><img loading=\"lazy\" decoding=\"async\" width=\"403\" height=\"400\" src=\"https:\/\/bu.optimum-automotive.com\/wp-content\/uploads\/2024\/12\/Le-service-apres-vente-materiel-gestion-de-parc-1.png\" alt=\"\" class=\"wp-image-4468\" srcset=\"https:\/\/bu.optimum-automotive.com\/wp-content\/uploads\/2024\/12\/Le-service-apres-vente-materiel-gestion-de-parc-1.png 403w, https:\/\/bu.optimum-automotive.com\/wp-content\/uploads\/2024\/12\/Le-service-apres-vente-materiel-gestion-de-parc-1-300x298.png 300w, https:\/\/bu.optimum-automotive.com\/wp-content\/uploads\/2024\/12\/Le-service-apres-vente-materiel-gestion-de-parc-1-150x150.png 150w, https:\/\/bu.optimum-automotive.com\/wp-content\/uploads\/2024\/12\/Le-service-apres-vente-materiel-gestion-de-parc-1-12x12.png 12w\" sizes=\"auto, (max-width: 403px) 100vw, 403px\" \/><\/figure><\/div><\/div>\n<\/div><\/div>\n<\/div>\n\n\n\n<div class=\"wp-block-uagb-container uagb-block-68f38e93 alignfull uagb-is-root-container\"><div class=\"uagb-container-inner-blocks-wrap\">\n<div class=\"wp-block-uagb-container uagb-block-8f643871\">\n<h3 class=\"wp-block-heading has-text-align-right mb-0\">Gestione delegata<\/h3>\n\n\n\n<p class=\"has-text-align-right\">Potete affidarci tutta o parte della gestione della vostra flotta. Insieme definiremo gli obiettivi: car policy, rinnovi, entrata-uscita, gestione dei costi, riduzione dei costi o riduzione della flotta.... Ogni mese o trimestre vi inviamo un rapporto completo sulle nostre azioni, in modo che possiate apprezzare i benefici tangibili.<\/p>\n<\/div>\n\n\n\n<div class=\"wp-block-uagb-container uagb-block-ca69b149\"><div class=\"wp-block-image\">\n<figure class=\"aligncenter size-full\"><img loading=\"lazy\" decoding=\"async\" width=\"403\" height=\"400\" src=\"https:\/\/bu.optimum-automotive.com\/wp-content\/uploads\/2024\/12\/La-gestion-deleguee-gestion-de-parc.png\" alt=\"\" class=\"wp-image-4469\" srcset=\"https:\/\/bu.optimum-automotive.com\/wp-content\/uploads\/2024\/12\/La-gestion-deleguee-gestion-de-parc.png 403w, https:\/\/bu.optimum-automotive.com\/wp-content\/uploads\/2024\/12\/La-gestion-deleguee-gestion-de-parc-300x298.png 300w, https:\/\/bu.optimum-automotive.com\/wp-content\/uploads\/2024\/12\/La-gestion-deleguee-gestion-de-parc-150x150.png 150w, https:\/\/bu.optimum-automotive.com\/wp-content\/uploads\/2024\/12\/La-gestion-deleguee-gestion-de-parc-12x12.png 12w\" sizes=\"auto, (max-width: 403px) 100vw, 403px\" \/><\/figure><\/div><\/div>\n<\/div><\/div>","protected":false},"excerpt":{"rendered":"<p>De l\u2018audit initial au suivi de flotte Nous accompagnons votre projet gr\u00e2ce \u00e0 l\u2019expertise de nos gestionnaires de parc int\u00e9gr\u00e9s L\u2019audit Avant de pr\u00e9tendre g\u00e9n\u00e9rer des \u00e9conomies, il faut \u00e9tablir un \u00e9tat des lieux. Nos experts en solutions de mobilit\u00e9 recueillent les informations cl\u00e9s permettant d\u2019appr\u00e9hender votre TCO* actuel. Cet audit permet \u00e9galement de mettre [&hellip;]<\/p>","protected":false},"author":1,"featured_media":0,"parent":0,"menu_order":0,"comment_status":"closed","ping_status":"closed","template":"page-without-title.php","meta":{"_coblocks_attr":"","_coblocks_dimensions":"","_coblocks_responsive_height":"","_coblocks_accordion_ie_support":"","_uag_custom_page_level_css":"","footnotes":""},"class_list":["post-11","page","type-page","status-publish","hentry"],"uagb_featured_image_src":{"full":false,"thumbnail":false,"medium":false,"medium_large":false,"large":false,"1536x1536":false,"2048x2048":false,"trp-custom-language-flag":false},"uagb_author_info":{"display_name":"camaleon","author_link":"https:\/\/bu.optimum-automotive.com\/it\/author\/camaleon\/"},"uagb_comment_info":0,"uagb_excerpt":"De l\u2018audit initial au suivi de flotte Nous accompagnons votre projet gr\u00e2ce \u00e0 l\u2019expertise de nos gestionnaires de parc int\u00e9gr\u00e9s L\u2019audit Avant de pr\u00e9tendre g\u00e9n\u00e9rer des \u00e9conomies, il faut \u00e9tablir un \u00e9tat des lieux. Nos experts en solutions de mobilit\u00e9 recueillent les informations cl\u00e9s permettant d\u2019appr\u00e9hender votre TCO* actuel. Cet audit permet \u00e9galement de mettre&hellip;","_links":{"self":[{"href":"https:\/\/bu.optimum-automotive.com\/it\/wp-json\/wp\/v2\/pages\/11","targetHints":{"allow":["GET"]}}],"collection":[{"href":"https:\/\/bu.optimum-automotive.com\/it\/wp-json\/wp\/v2\/pages"}],"about":[{"href":"https:\/\/bu.optimum-automotive.com\/it\/wp-json\/wp\/v2\/types\/page"}],"author":[{"embeddable":true,"href":"https:\/\/bu.optimum-automotive.com\/it\/wp-json\/wp\/v2\/users\/1"}],"replies":[{"embeddable":true,"href":"https:\/\/bu.optimum-automotive.com\/it\/wp-json\/wp\/v2\/comments?post=11"}],"version-history":[{"count":101,"href":"https:\/\/bu.optimum-automotive.com\/it\/wp-json\/wp\/v2\/pages\/11\/revisions"}],"predecessor-version":[{"id":5182,"href":"https:\/\/bu.optimum-automotive.com\/it\/wp-json\/wp\/v2\/pages\/11\/revisions\/5182"}],"wp:attachment":[{"href":"https:\/\/bu.optimum-automotive.com\/it\/wp-json\/wp\/v2\/media?parent=11"}],"curies":[{"name":"wp","href":"https:\/\/api.w.org\/{rel}","templated":true}]}}