{"id":11,"date":"2024-04-30T10:45:25","date_gmt":"2024-04-30T08:45:25","guid":{"rendered":"http:\/\/127.0.0.1\/site%20OA\/?page_id=11"},"modified":"2025-01-16T16:06:13","modified_gmt":"2025-01-16T15:06:13","slug":"accompagnement","status":"publish","type":"page","link":"https:\/\/bu.optimum-automotive.com\/pt\/apoio\/","title":{"rendered":"ACCOMPAGNEMENT"},"content":{"rendered":"<div class=\"wp-block-uagb-container uagb-block-af8d1479 alignfull uagb-is-root-container\"><div class=\"uagb-container-inner-blocks-wrap\">\n<div class=\"wp-block-uagb-container uagb-block-cb094fac\">\n<h1 class=\"wp-block-heading mt-0 mb-0\"><strong>Da auditoria inicial \u00e0 monitoriza\u00e7\u00e3o da frota<\/strong><\/h1>\n\n\n\n<h3 class=\"wp-block-heading mt-0\"><mark style=\"background-color:rgba(0, 0, 0, 0);color:#0043ce\" class=\"has-inline-color\">Apoiamos o seu projeto <br>gra\u00e7as \u00e0 experi\u00eancia de <br>os nossos gestores de frota integrados<\/mark><\/h3>\n\n\n\n<h3 class=\"wp-block-heading has-text-align-left\">A auditoria<\/h3>\n\n\n\n<p class=\"has-text-align-left\">Antes de poder afirmar que est\u00e1 a gerar poupan\u00e7as, \u00e9 necess\u00e1rio fazer um balan\u00e7o. Os nossos especialistas em solu\u00e7\u00f5es de mobilidade recolhem as informa\u00e7\u00f5es essenciais necess\u00e1rias para compreender o seu TCO* atual. Esta auditoria tamb\u00e9m ajuda a destacar as alavancas de poupan\u00e7a para a sua empresa.<\/p>\n\n\n\n<p class=\"has-small-font-size\">* Custo total de propriedade<\/p>\n<\/div>\n\n\n\n<div class=\"wp-block-uagb-container uagb-block-ca10cc55\"><div class=\"wp-block-image\">\n<figure class=\"aligncenter size-full\"><img loading=\"lazy\" decoding=\"async\" width=\"403\" height=\"400\" src=\"https:\/\/bu.optimum-automotive.com\/wp-content\/uploads\/2024\/12\/audit_de_parc_automobile.png\" alt=\"\" class=\"wp-image-4453\" srcset=\"https:\/\/bu.optimum-automotive.com\/wp-content\/uploads\/2024\/12\/audit_de_parc_automobile.png 403w, https:\/\/bu.optimum-automotive.com\/wp-content\/uploads\/2024\/12\/audit_de_parc_automobile-300x298.png 300w, https:\/\/bu.optimum-automotive.com\/wp-content\/uploads\/2024\/12\/audit_de_parc_automobile-150x150.png 150w, https:\/\/bu.optimum-automotive.com\/wp-content\/uploads\/2024\/12\/audit_de_parc_automobile-12x12.png 12w\" sizes=\"auto, (max-width: 403px) 100vw, 403px\" \/><\/figure><\/div><\/div>\n<\/div><\/div>\n\n\n\n<div class=\"wp-block-uagb-container uagb-block-79237a96 alignfull uagb-is-root-container\">\n<div class=\"wp-block-uagb-container uagb-block-d6360a42 alignfull uagb-is-root-container\"><div class=\"uagb-container-inner-blocks-wrap\">\n<div class=\"wp-block-uagb-container uag-hide-tab uag-hide-mob uagb-block-5bac448e\"><div class=\"wp-block-image\">\n<figure class=\"aligncenter size-full\"><img loading=\"lazy\" decoding=\"async\" width=\"403\" height=\"400\" src=\"https:\/\/bu.optimum-automotive.com\/wp-content\/uploads\/2024\/12\/services.png\" alt=\"\" class=\"wp-image-4454\" srcset=\"https:\/\/bu.optimum-automotive.com\/wp-content\/uploads\/2024\/12\/services.png 403w, https:\/\/bu.optimum-automotive.com\/wp-content\/uploads\/2024\/12\/services-300x298.png 300w, https:\/\/bu.optimum-automotive.com\/wp-content\/uploads\/2024\/12\/services-150x150.png 150w, https:\/\/bu.optimum-automotive.com\/wp-content\/uploads\/2024\/12\/services-12x12.png 12w\" sizes=\"auto, (max-width: 403px) 100vw, 403px\" \/><\/figure><\/div><\/div>\n\n\n\n<div class=\"wp-block-uagb-container uagb-block-6c5ea4ad\">\n<h3 class=\"wp-block-heading mb-0\">Sele\u00e7\u00e3o de servi\u00e7os<\/h3>\n\n\n\n<p>Trabalharemos consigo para determinar quais os servi\u00e7os relevantes para cada ve\u00edculo\/condutor, de modo a podermos criar o pacote de servi\u00e7os mais adequado para si. Melhor ainda, podemos criar pacotes diferentes para cada tipo de ve\u00edculo e\/ou condutor.<\/p>\n<\/div>\n\n\n\n<div class=\"wp-block-uagb-container uag-hide-desktop uagb-block-9523de46\"><div class=\"wp-block-image\">\n<figure class=\"aligncenter size-full\"><img loading=\"lazy\" decoding=\"async\" width=\"403\" height=\"400\" src=\"https:\/\/bu.optimum-automotive.com\/wp-content\/uploads\/2024\/12\/services-1.png\" alt=\"\" class=\"wp-image-4455\" srcset=\"https:\/\/bu.optimum-automotive.com\/wp-content\/uploads\/2024\/12\/services-1.png 403w, https:\/\/bu.optimum-automotive.com\/wp-content\/uploads\/2024\/12\/services-1-300x298.png 300w, https:\/\/bu.optimum-automotive.com\/wp-content\/uploads\/2024\/12\/services-1-150x150.png 150w, https:\/\/bu.optimum-automotive.com\/wp-content\/uploads\/2024\/12\/services-1-12x12.png 12w\" sizes=\"auto, (max-width: 403px) 100vw, 403px\" \/><\/figure><\/div><\/div>\n<\/div><\/div>\n<\/div>\n\n\n\n<div class=\"wp-block-uagb-container uagb-block-6f689e6d alignfull uagb-is-root-container\"><div class=\"uagb-container-inner-blocks-wrap\">\n<div class=\"wp-block-uagb-container uagb-block-cd026288\">\n<h3 class=\"wp-block-heading has-text-align-right mb-0\">Informar os trabalhadores<\/h3>\n\n\n\n<p class=\"has-text-align-right\">Fornecemos-lhe apoio e todas as ferramentas de comunica\u00e7\u00e3o necess\u00e1rias para informar os seus empregados em total conformidade com os regulamentos CNIL e RGPD. Podemos tamb\u00e9m acompanh\u00e1-lo nas reuni\u00f5es sindicais e do CHSCT.<\/p>\n<\/div>\n\n\n\n<div class=\"wp-block-uagb-container uagb-block-b5b45c07\"><div class=\"wp-block-image\">\n<figure class=\"aligncenter size-full\"><img loading=\"lazy\" decoding=\"async\" width=\"403\" height=\"400\" src=\"https:\/\/bu.optimum-automotive.com\/wp-content\/uploads\/2024\/12\/employes_CNIL-RGPD.png\" alt=\"\" class=\"wp-image-4456\" srcset=\"https:\/\/bu.optimum-automotive.com\/wp-content\/uploads\/2024\/12\/employes_CNIL-RGPD.png 403w, https:\/\/bu.optimum-automotive.com\/wp-content\/uploads\/2024\/12\/employes_CNIL-RGPD-300x298.png 300w, https:\/\/bu.optimum-automotive.com\/wp-content\/uploads\/2024\/12\/employes_CNIL-RGPD-150x150.png 150w, https:\/\/bu.optimum-automotive.com\/wp-content\/uploads\/2024\/12\/employes_CNIL-RGPD-12x12.png 12w\" sizes=\"auto, (max-width: 403px) 100vw, 403px\" \/><\/figure><\/div><\/div>\n<\/div><\/div>\n\n\n\n<div class=\"wp-block-uagb-container uagb-block-af4c8777 alignfull uagb-is-root-container\">\n<div class=\"wp-block-uagb-container uagb-block-25ddfee0 alignfull uagb-is-root-container\"><div class=\"uagb-container-inner-blocks-wrap\">\n<div class=\"wp-block-uagb-container uag-hide-tab uag-hide-mob uagb-block-107b421c\"><div class=\"wp-block-image\">\n<figure class=\"aligncenter size-full\"><img loading=\"lazy\" decoding=\"async\" width=\"403\" height=\"400\" src=\"https:\/\/bu.optimum-automotive.com\/wp-content\/uploads\/2024\/12\/planification.png\" alt=\"\" class=\"wp-image-4457\" srcset=\"https:\/\/bu.optimum-automotive.com\/wp-content\/uploads\/2024\/12\/planification.png 403w, https:\/\/bu.optimum-automotive.com\/wp-content\/uploads\/2024\/12\/planification-300x298.png 300w, https:\/\/bu.optimum-automotive.com\/wp-content\/uploads\/2024\/12\/planification-150x150.png 150w, https:\/\/bu.optimum-automotive.com\/wp-content\/uploads\/2024\/12\/planification-12x12.png 12w\" sizes=\"auto, (max-width: 403px) 100vw, 403px\" \/><\/figure><\/div><\/div>\n\n\n\n<div class=\"wp-block-uagb-container uagb-block-80e61be9\">\n<h3 class=\"wp-block-heading mb-0\">Planeamento<\/h3>\n\n\n\n<p>Porque os seus constrangimentos est\u00e3o em primeiro lugar, o nosso servi\u00e7o de planeamento programar\u00e1 a instala\u00e7\u00e3o das caixas para cada ve\u00edculo em fun\u00e7\u00e3o das suas necessidades (geogr\u00e1ficas, hor\u00e1rios, etc.), de modo a n\u00e3o perturbar a sua atividade.<\/p>\n<\/div>\n\n\n\n<div class=\"wp-block-uagb-container uag-hide-desktop uagb-block-e00f8775\"><div class=\"wp-block-image\">\n<figure class=\"aligncenter size-full\"><img loading=\"lazy\" decoding=\"async\" width=\"403\" height=\"400\" src=\"https:\/\/bu.optimum-automotive.com\/wp-content\/uploads\/2024\/12\/planification-1.png\" alt=\"\" class=\"wp-image-4458\" srcset=\"https:\/\/bu.optimum-automotive.com\/wp-content\/uploads\/2024\/12\/planification-1.png 403w, https:\/\/bu.optimum-automotive.com\/wp-content\/uploads\/2024\/12\/planification-1-300x298.png 300w, https:\/\/bu.optimum-automotive.com\/wp-content\/uploads\/2024\/12\/planification-1-150x150.png 150w, https:\/\/bu.optimum-automotive.com\/wp-content\/uploads\/2024\/12\/planification-1-12x12.png 12w\" sizes=\"auto, (max-width: 403px) 100vw, 403px\" \/><\/figure><\/div><\/div>\n<\/div><\/div>\n<\/div>\n\n\n\n<div class=\"wp-block-uagb-container uagb-block-5f72fa39 alignfull uagb-is-root-container\"><div class=\"uagb-container-inner-blocks-wrap\">\n<div class=\"wp-block-uagb-container uagb-block-8a608418\">\n<h3 class=\"wp-block-heading has-text-align-right mb-0\">Instala\u00e7\u00e3o<\/h3>\n\n\n\n<p class=\"has-text-align-right\">A nossa rede de 65 instaladores cobre todo o territ\u00f3rio franc\u00eas. Como profissionais da eletricidade autom\u00f3vel, conhecem perfeitamente as diferentes t\u00e9cnicas de instala\u00e7\u00e3o para todos os tipos de ve\u00edculos, <br>mesmo as mais complexas.<\/p>\n<\/div>\n\n\n\n<div class=\"wp-block-uagb-container uagb-block-3dc8a2c5\"><div class=\"wp-block-image\">\n<figure class=\"aligncenter size-full\"><img loading=\"lazy\" decoding=\"async\" width=\"403\" height=\"400\" src=\"https:\/\/bu.optimum-automotive.com\/wp-content\/uploads\/2024\/12\/installation-boitier-vehicule.png\" alt=\"\" class=\"wp-image-4459\" srcset=\"https:\/\/bu.optimum-automotive.com\/wp-content\/uploads\/2024\/12\/installation-boitier-vehicule.png 403w, https:\/\/bu.optimum-automotive.com\/wp-content\/uploads\/2024\/12\/installation-boitier-vehicule-300x298.png 300w, https:\/\/bu.optimum-automotive.com\/wp-content\/uploads\/2024\/12\/installation-boitier-vehicule-150x150.png 150w, https:\/\/bu.optimum-automotive.com\/wp-content\/uploads\/2024\/12\/installation-boitier-vehicule-12x12.png 12w\" sizes=\"auto, (max-width: 403px) 100vw, 403px\" \/><\/figure><\/div><\/div>\n<\/div><\/div>\n\n\n\n<div class=\"wp-block-uagb-container uagb-block-1523f63f alignfull uagb-is-root-container\">\n<div class=\"wp-block-uagb-container uagb-block-83e05ae4 alignfull uagb-is-root-container\"><div class=\"uagb-container-inner-blocks-wrap\">\n<div class=\"wp-block-uagb-container uag-hide-tab uag-hide-mob uagb-block-35d282ca\"><div class=\"wp-block-image\">\n<figure class=\"aligncenter size-full\"><img loading=\"lazy\" decoding=\"async\" width=\"403\" height=\"400\" src=\"https:\/\/bu.optimum-automotive.com\/wp-content\/uploads\/2024\/12\/prise-en-main_formateurs-gestion-de-parc-1.png\" alt=\"\" class=\"wp-image-4461\" srcset=\"https:\/\/bu.optimum-automotive.com\/wp-content\/uploads\/2024\/12\/prise-en-main_formateurs-gestion-de-parc-1.png 403w, https:\/\/bu.optimum-automotive.com\/wp-content\/uploads\/2024\/12\/prise-en-main_formateurs-gestion-de-parc-1-300x298.png 300w, https:\/\/bu.optimum-automotive.com\/wp-content\/uploads\/2024\/12\/prise-en-main_formateurs-gestion-de-parc-1-150x150.png 150w, https:\/\/bu.optimum-automotive.com\/wp-content\/uploads\/2024\/12\/prise-en-main_formateurs-gestion-de-parc-1-12x12.png 12w\" sizes=\"auto, (max-width: 403px) 100vw, 403px\" \/><\/figure><\/div><\/div>\n\n\n\n<div class=\"wp-block-uagb-container uagb-block-02562faa\">\n<h3 class=\"wp-block-heading mb-0\">Como come\u00e7ar<\/h3>\n\n\n\n<p>Os nossos formadores fazem uma introdu\u00e7\u00e3o por webconfer\u00eancia, para que possa familiarizar-se com a sua nova ferramenta de gest\u00e3o. A pedido, oferecemos tamb\u00e9m forma\u00e7\u00e3o presencial especializada para o ajudar a tirar o m\u00e1ximo partido do poder funcional da plataforma.<\/p>\n<\/div>\n\n\n\n<div class=\"wp-block-uagb-container uag-hide-desktop uagb-block-b5b74baa\"><div class=\"wp-block-image\">\n<figure class=\"aligncenter size-full\"><img loading=\"lazy\" decoding=\"async\" width=\"403\" height=\"400\" src=\"https:\/\/bu.optimum-automotive.com\/wp-content\/uploads\/2024\/12\/prise-en-main_formateurs-gestion-de-parc-1-1.png\" alt=\"\" class=\"wp-image-4462\" srcset=\"https:\/\/bu.optimum-automotive.com\/wp-content\/uploads\/2024\/12\/prise-en-main_formateurs-gestion-de-parc-1-1.png 403w, https:\/\/bu.optimum-automotive.com\/wp-content\/uploads\/2024\/12\/prise-en-main_formateurs-gestion-de-parc-1-1-300x298.png 300w, https:\/\/bu.optimum-automotive.com\/wp-content\/uploads\/2024\/12\/prise-en-main_formateurs-gestion-de-parc-1-1-150x150.png 150w, https:\/\/bu.optimum-automotive.com\/wp-content\/uploads\/2024\/12\/prise-en-main_formateurs-gestion-de-parc-1-1-12x12.png 12w\" sizes=\"auto, (max-width: 403px) 100vw, 403px\" \/><\/figure><\/div><\/div>\n<\/div><\/div>\n<\/div>\n\n\n\n<div class=\"wp-block-uagb-container uagb-block-88ac15fc alignfull uagb-is-root-container\"><div class=\"uagb-container-inner-blocks-wrap\">\n<div class=\"wp-block-uagb-container uagb-block-a3701010\">\n<h3 class=\"wp-block-heading has-text-align-right mb-0\">Integra\u00e7\u00e3o e manuten\u00e7\u00e3o do parque<\/h3>\n\n\n\n<p class=\"has-text-align-right\">Um Key Account Manager ajud\u00e1-lo-\u00e1 a configurar a sua plataforma. A partir do momento em que \u00e9 implementada, os ve\u00edculos e as suas carater\u00edsticas s\u00e3o introduzidos atrav\u00e9s de uma liga\u00e7\u00e3o ao SIV e aos planos de manuten\u00e7\u00e3o (Auto Data). O seu Key Account Manager acompanha-o durante toda a vida da sua frota, porque a gest\u00e3o de uma frota \u00e9 um processo longo... <br>Nem sempre \u00e9 tranquilo!<\/p>\n<\/div>\n\n\n\n<div class=\"wp-block-uagb-container uagb-block-c366fdc2\"><div class=\"wp-block-image\">\n<figure class=\"aligncenter size-full\"><img loading=\"lazy\" decoding=\"async\" width=\"403\" height=\"400\" src=\"https:\/\/bu.optimum-automotive.com\/wp-content\/uploads\/2024\/12\/integration-de-parc-et-son-maintien.png\" alt=\"\" class=\"wp-image-4463\" srcset=\"https:\/\/bu.optimum-automotive.com\/wp-content\/uploads\/2024\/12\/integration-de-parc-et-son-maintien.png 403w, https:\/\/bu.optimum-automotive.com\/wp-content\/uploads\/2024\/12\/integration-de-parc-et-son-maintien-300x298.png 300w, https:\/\/bu.optimum-automotive.com\/wp-content\/uploads\/2024\/12\/integration-de-parc-et-son-maintien-150x150.png 150w, https:\/\/bu.optimum-automotive.com\/wp-content\/uploads\/2024\/12\/integration-de-parc-et-son-maintien-12x12.png 12w\" sizes=\"auto, (max-width: 403px) 100vw, 403px\" \/><\/figure><\/div><\/div>\n<\/div><\/div>\n\n\n\n<div class=\"wp-block-uagb-container uagb-block-af15f423 alignfull uagb-is-root-container\">\n<div class=\"wp-block-uagb-container uagb-block-a8500338 alignfull uagb-is-root-container\"><div class=\"uagb-container-inner-blocks-wrap\">\n<div class=\"wp-block-uagb-container uag-hide-tab uag-hide-mob uagb-block-83b5850c\"><div class=\"wp-block-image\">\n<figure class=\"aligncenter size-full\"><img loading=\"lazy\" decoding=\"async\" width=\"403\" height=\"400\" src=\"https:\/\/bu.optimum-automotive.com\/wp-content\/uploads\/2024\/12\/La-mise-en-oeuvre-du-plan-deconomies.png\" alt=\"\" class=\"wp-image-4464\" srcset=\"https:\/\/bu.optimum-automotive.com\/wp-content\/uploads\/2024\/12\/La-mise-en-oeuvre-du-plan-deconomies.png 403w, https:\/\/bu.optimum-automotive.com\/wp-content\/uploads\/2024\/12\/La-mise-en-oeuvre-du-plan-deconomies-300x298.png 300w, https:\/\/bu.optimum-automotive.com\/wp-content\/uploads\/2024\/12\/La-mise-en-oeuvre-du-plan-deconomies-150x150.png 150w, https:\/\/bu.optimum-automotive.com\/wp-content\/uploads\/2024\/12\/La-mise-en-oeuvre-du-plan-deconomies-12x12.png 12w\" sizes=\"auto, (max-width: 403px) 100vw, 403px\" \/><\/figure><\/div><\/div>\n\n\n\n<div class=\"wp-block-uagb-container uagb-block-2fbcd218\">\n<h3 class=\"wp-block-heading mb-0\">Implementa\u00e7\u00e3o do plano de poupan\u00e7a<\/h3>\n\n\n\n<p>A plataforma fornece-lhe indicadores cont\u00ednuos e conselhos sobre a forma de otimizar o seu TCO. <\/p>\n\n\n\n<p>Os nossos especialistas em solu\u00e7\u00f5es de mobilidade tamb\u00e9m est\u00e3o \u00e0 disposi\u00e7\u00e3o para o ajudar a fazer as escolhas certas no momento certo.<\/p>\n<\/div>\n\n\n\n<div class=\"wp-block-uagb-container uag-hide-desktop uagb-block-9eebcf68\"><div class=\"wp-block-image\">\n<figure class=\"aligncenter size-full\"><img loading=\"lazy\" decoding=\"async\" width=\"403\" height=\"400\" src=\"https:\/\/bu.optimum-automotive.com\/wp-content\/uploads\/2024\/12\/La-mise-en-oeuvre-du-plan-deconomies-1.png\" alt=\"\" class=\"wp-image-4465\" srcset=\"https:\/\/bu.optimum-automotive.com\/wp-content\/uploads\/2024\/12\/La-mise-en-oeuvre-du-plan-deconomies-1.png 403w, https:\/\/bu.optimum-automotive.com\/wp-content\/uploads\/2024\/12\/La-mise-en-oeuvre-du-plan-deconomies-1-300x298.png 300w, https:\/\/bu.optimum-automotive.com\/wp-content\/uploads\/2024\/12\/La-mise-en-oeuvre-du-plan-deconomies-1-150x150.png 150w, https:\/\/bu.optimum-automotive.com\/wp-content\/uploads\/2024\/12\/La-mise-en-oeuvre-du-plan-deconomies-1-12x12.png 12w\" sizes=\"auto, (max-width: 403px) 100vw, 403px\" \/><\/figure><\/div><\/div>\n<\/div><\/div>\n<\/div>\n\n\n\n<div class=\"wp-block-uagb-container uagb-block-9f5f92b2 alignfull uagb-is-root-container\"><div class=\"uagb-container-inner-blocks-wrap\">\n<div class=\"wp-block-uagb-container uagb-block-656aee6d\">\n<h3 class=\"wp-block-heading has-text-align-right mb-0\">Servi\u00e7o ao cliente<\/h3>\n\n\n\n<p class=\"has-text-align-right\">Alguma d\u00favida ou hesita\u00e7\u00e3o?<br>O nosso servi\u00e7o de apoio ao cliente est\u00e1 dispon\u00edvel diretamente na plataforma (bilhete interativo) ou por telefone. Receber\u00e1 uma resposta r\u00e1pida e personalizada o mais rapidamente poss\u00edvel.<\/p>\n<\/div>\n\n\n\n<div class=\"wp-block-uagb-container uagb-block-30c8fa26\"><div class=\"wp-block-image\">\n<figure class=\"aligncenter size-full\"><img loading=\"lazy\" decoding=\"async\" width=\"403\" height=\"400\" src=\"https:\/\/bu.optimum-automotive.com\/wp-content\/uploads\/2024\/12\/Le-service-client-gestion-de-parc.png\" alt=\"\" class=\"wp-image-4466\" srcset=\"https:\/\/bu.optimum-automotive.com\/wp-content\/uploads\/2024\/12\/Le-service-client-gestion-de-parc.png 403w, https:\/\/bu.optimum-automotive.com\/wp-content\/uploads\/2024\/12\/Le-service-client-gestion-de-parc-300x298.png 300w, https:\/\/bu.optimum-automotive.com\/wp-content\/uploads\/2024\/12\/Le-service-client-gestion-de-parc-150x150.png 150w, https:\/\/bu.optimum-automotive.com\/wp-content\/uploads\/2024\/12\/Le-service-client-gestion-de-parc-12x12.png 12w\" sizes=\"auto, (max-width: 403px) 100vw, 403px\" \/><\/figure><\/div><\/div>\n<\/div><\/div>\n\n\n\n<div class=\"wp-block-uagb-container uagb-block-800761fc alignfull uagb-is-root-container\">\n<div class=\"wp-block-uagb-container uagb-block-0678d31f alignfull uagb-is-root-container\"><div class=\"uagb-container-inner-blocks-wrap\">\n<div class=\"wp-block-uagb-container uag-hide-tab uag-hide-mob uagb-block-a390beb9\"><div class=\"wp-block-image\">\n<figure class=\"aligncenter size-full\"><img loading=\"lazy\" decoding=\"async\" width=\"403\" height=\"400\" src=\"https:\/\/bu.optimum-automotive.com\/wp-content\/uploads\/2024\/12\/Le-service-apres-vente-materiel-gestion-de-parc.png\" alt=\"\" class=\"wp-image-4467\" srcset=\"https:\/\/bu.optimum-automotive.com\/wp-content\/uploads\/2024\/12\/Le-service-apres-vente-materiel-gestion-de-parc.png 403w, https:\/\/bu.optimum-automotive.com\/wp-content\/uploads\/2024\/12\/Le-service-apres-vente-materiel-gestion-de-parc-300x298.png 300w, https:\/\/bu.optimum-automotive.com\/wp-content\/uploads\/2024\/12\/Le-service-apres-vente-materiel-gestion-de-parc-150x150.png 150w, https:\/\/bu.optimum-automotive.com\/wp-content\/uploads\/2024\/12\/Le-service-apres-vente-materiel-gestion-de-parc-12x12.png 12w\" sizes=\"auto, (max-width: 403px) 100vw, 403px\" \/><\/figure><\/div><\/div>\n\n\n\n<div class=\"wp-block-uagb-container uagb-block-f8bed897\">\n<h3 class=\"wp-block-heading mb-0\">Servi\u00e7o p\u00f3s-venda de hardware<\/h3>\n\n\n\n<p>Seleccionamos os nossos equipamentos nos melhores fornecedores do mundo e garantimos a dura\u00e7\u00e3o do seu contrato (pe\u00e7as, m\u00e3o de obra e desloca\u00e7\u00f5es). A sua confian\u00e7a \u00e9 importante para n\u00f3s.<\/p>\n<\/div>\n\n\n\n<div class=\"wp-block-uagb-container uag-hide-desktop uagb-block-11ddc340\"><div class=\"wp-block-image\">\n<figure class=\"aligncenter size-full\"><img loading=\"lazy\" decoding=\"async\" width=\"403\" height=\"400\" src=\"https:\/\/bu.optimum-automotive.com\/wp-content\/uploads\/2024\/12\/Le-service-apres-vente-materiel-gestion-de-parc-1.png\" alt=\"\" class=\"wp-image-4468\" srcset=\"https:\/\/bu.optimum-automotive.com\/wp-content\/uploads\/2024\/12\/Le-service-apres-vente-materiel-gestion-de-parc-1.png 403w, https:\/\/bu.optimum-automotive.com\/wp-content\/uploads\/2024\/12\/Le-service-apres-vente-materiel-gestion-de-parc-1-300x298.png 300w, https:\/\/bu.optimum-automotive.com\/wp-content\/uploads\/2024\/12\/Le-service-apres-vente-materiel-gestion-de-parc-1-150x150.png 150w, https:\/\/bu.optimum-automotive.com\/wp-content\/uploads\/2024\/12\/Le-service-apres-vente-materiel-gestion-de-parc-1-12x12.png 12w\" sizes=\"auto, (max-width: 403px) 100vw, 403px\" \/><\/figure><\/div><\/div>\n<\/div><\/div>\n<\/div>\n\n\n\n<div class=\"wp-block-uagb-container uagb-block-68f38e93 alignfull uagb-is-root-container\"><div class=\"uagb-container-inner-blocks-wrap\">\n<div class=\"wp-block-uagb-container uagb-block-8f643871\">\n<h3 class=\"wp-block-heading has-text-align-right mb-0\">Gest\u00e3o delegada<\/h3>\n\n\n\n<p class=\"has-text-align-right\">Pode confiar-nos a totalidade ou parte da gest\u00e3o da sua frota. Em conjunto, definiremos os objectivos: pol\u00edtica autom\u00f3vel, renova\u00e7\u00f5es, entradas e sa\u00eddas, gest\u00e3o de custos, redu\u00e7\u00e3o de custos ou redu\u00e7\u00e3o da frota.... Todos os meses ou trimestralmente, enviamos-lhe um relat\u00f3rio completo das nossas ac\u00e7\u00f5es para que possa apreciar os benef\u00edcios tang\u00edveis.<\/p>\n<\/div>\n\n\n\n<div class=\"wp-block-uagb-container uagb-block-ca69b149\"><div class=\"wp-block-image\">\n<figure class=\"aligncenter size-full\"><img loading=\"lazy\" decoding=\"async\" width=\"403\" height=\"400\" src=\"https:\/\/bu.optimum-automotive.com\/wp-content\/uploads\/2024\/12\/La-gestion-deleguee-gestion-de-parc.png\" alt=\"\" class=\"wp-image-4469\" srcset=\"https:\/\/bu.optimum-automotive.com\/wp-content\/uploads\/2024\/12\/La-gestion-deleguee-gestion-de-parc.png 403w, https:\/\/bu.optimum-automotive.com\/wp-content\/uploads\/2024\/12\/La-gestion-deleguee-gestion-de-parc-300x298.png 300w, https:\/\/bu.optimum-automotive.com\/wp-content\/uploads\/2024\/12\/La-gestion-deleguee-gestion-de-parc-150x150.png 150w, https:\/\/bu.optimum-automotive.com\/wp-content\/uploads\/2024\/12\/La-gestion-deleguee-gestion-de-parc-12x12.png 12w\" sizes=\"auto, (max-width: 403px) 100vw, 403px\" \/><\/figure><\/div><\/div>\n<\/div><\/div>","protected":false},"excerpt":{"rendered":"<p>De l\u2018audit initial au suivi de flotte Nous accompagnons votre projet gr\u00e2ce \u00e0 l\u2019expertise de nos gestionnaires de parc int\u00e9gr\u00e9s L\u2019audit Avant de pr\u00e9tendre g\u00e9n\u00e9rer des \u00e9conomies, il faut \u00e9tablir un \u00e9tat des lieux. Nos experts en solutions de mobilit\u00e9 recueillent les informations cl\u00e9s permettant d\u2019appr\u00e9hender votre TCO* actuel. Cet audit permet \u00e9galement de mettre [&hellip;]<\/p>","protected":false},"author":1,"featured_media":0,"parent":0,"menu_order":0,"comment_status":"closed","ping_status":"closed","template":"page-without-title.php","meta":{"_coblocks_attr":"","_coblocks_dimensions":"","_coblocks_responsive_height":"","_coblocks_accordion_ie_support":"","_uag_custom_page_level_css":"","footnotes":""},"class_list":["post-11","page","type-page","status-publish","hentry"],"uagb_featured_image_src":{"full":false,"thumbnail":false,"medium":false,"medium_large":false,"large":false,"1536x1536":false,"2048x2048":false,"trp-custom-language-flag":false},"uagb_author_info":{"display_name":"camaleon","author_link":"https:\/\/bu.optimum-automotive.com\/pt\/author\/camaleon\/"},"uagb_comment_info":0,"uagb_excerpt":"De l\u2018audit initial au suivi de flotte Nous accompagnons votre projet gr\u00e2ce \u00e0 l\u2019expertise de nos gestionnaires de parc int\u00e9gr\u00e9s L\u2019audit Avant de pr\u00e9tendre g\u00e9n\u00e9rer des \u00e9conomies, il faut \u00e9tablir un \u00e9tat des lieux. Nos experts en solutions de mobilit\u00e9 recueillent les informations cl\u00e9s permettant d\u2019appr\u00e9hender votre TCO* actuel. Cet audit permet \u00e9galement de mettre&hellip;","_links":{"self":[{"href":"https:\/\/bu.optimum-automotive.com\/pt\/wp-json\/wp\/v2\/pages\/11","targetHints":{"allow":["GET"]}}],"collection":[{"href":"https:\/\/bu.optimum-automotive.com\/pt\/wp-json\/wp\/v2\/pages"}],"about":[{"href":"https:\/\/bu.optimum-automotive.com\/pt\/wp-json\/wp\/v2\/types\/page"}],"author":[{"embeddable":true,"href":"https:\/\/bu.optimum-automotive.com\/pt\/wp-json\/wp\/v2\/users\/1"}],"replies":[{"embeddable":true,"href":"https:\/\/bu.optimum-automotive.com\/pt\/wp-json\/wp\/v2\/comments?post=11"}],"version-history":[{"count":101,"href":"https:\/\/bu.optimum-automotive.com\/pt\/wp-json\/wp\/v2\/pages\/11\/revisions"}],"predecessor-version":[{"id":5182,"href":"https:\/\/bu.optimum-automotive.com\/pt\/wp-json\/wp\/v2\/pages\/11\/revisions\/5182"}],"wp:attachment":[{"href":"https:\/\/bu.optimum-automotive.com\/pt\/wp-json\/wp\/v2\/media?parent=11"}],"curies":[{"name":"wp","href":"https:\/\/api.w.org\/{rel}","templated":true}]}}