{"id":1413,"date":"2024-05-23T11:37:12","date_gmt":"2024-05-23T09:37:12","guid":{"rendered":"https:\/\/www.optimum-automotive.com\/?page_id=1413"},"modified":"2025-03-31T15:24:26","modified_gmt":"2025-03-31T13:24:26","slug":"revue-de-presse","status":"publish","type":"page","link":"https:\/\/bu.optimum-automotive.com\/pt\/revista-de-imprensa\/","title":{"rendered":"REVUE DE PRESSE"},"content":{"rendered":"<h1 class=\"wp-block-heading mt-0\">REVUE DE PRESSE<\/h1>\n\n\n\n<div class=\"wp-block-uagb-container uagb-layout-flex uagb-block-1b6264bc default uagb-is-root-container\">\n<h2 class=\"wp-block-heading\">mar\u00e7o de 2025<\/h2>\n\n\n<div class=\"wp-block-image\">\n<figure class=\"aligncenter size-full has-lightbox\"><a href=\"https:\/\/bu.optimum-automotive.com\/wp-content\/uploads\/2025\/03\/2025-03-25-ITRNEWS.COM-NEWSLETTER-25-mars-2025-10000000068801724.pdf\" target=\"_blank\" rel=\"noreferrer noopener\"><img loading=\"lazy\" decoding=\"async\" width=\"153\" height=\"200\" src=\"https:\/\/bu.optimum-automotive.com\/wp-content\/uploads\/2025\/03\/01-16.jpg\" alt=\"\" class=\"wp-image-5792\" srcset=\"https:\/\/bu.optimum-automotive.com\/wp-content\/uploads\/2025\/03\/01-16.jpg 153w, https:\/\/bu.optimum-automotive.com\/wp-content\/uploads\/2025\/03\/01-16-9x12.jpg 9w\" sizes=\"auto, (max-width: 153px) 100vw, 153px\" \/><\/a><figcaption class=\"wp-element-caption\"><strong>ITR NEWS COM<\/strong><br>Shiftmove nomeia Taco van der Leij Diretor-Geral em Fran\u00e7a<\/figcaption><\/figure><\/div>\n\n<div class=\"wp-block-image\">\n<figure class=\"aligncenter size-full has-lightbox\"><a href=\"https:\/\/bu.optimum-automotive.com\/wp-content\/uploads\/2025\/03\/2025-03-24-tendancesit.com-24-mars-2025-50000000372457453.pdf\" target=\"_blank\" rel=\"noreferrer noopener\"><img loading=\"lazy\" decoding=\"async\" width=\"153\" height=\"200\" src=\"https:\/\/bu.optimum-automotive.com\/wp-content\/uploads\/2025\/03\/01-15.jpg\" alt=\"\" class=\"wp-image-5790\" srcset=\"https:\/\/bu.optimum-automotive.com\/wp-content\/uploads\/2025\/03\/01-15.jpg 153w, https:\/\/bu.optimum-automotive.com\/wp-content\/uploads\/2025\/03\/01-15-9x12.jpg 9w\" sizes=\"auto, (max-width: 153px) 100vw, 153px\" \/><\/a><figcaption class=\"wp-element-caption\"><strong>Tend\u00eancias inform\u00e1ticas<\/strong><br>Shiftmove nomeia Taco van der Leij Diretor-Geral em Fran\u00e7a<\/figcaption><\/figure><\/div>\n\n<div class=\"wp-block-image\">\n<figure class=\"aligncenter size-full has-lightbox\"><a href=\"https:\/\/bu.optimum-automotive.com\/wp-content\/uploads\/2025\/03\/2025-03-24-lentrepriseconnectee.com-24-mars-2025-50000000372457500.pdf\" target=\"_blank\" rel=\"noreferrer noopener\"><img loading=\"lazy\" decoding=\"async\" width=\"153\" height=\"200\" src=\"https:\/\/bu.optimum-automotive.com\/wp-content\/uploads\/2025\/03\/01-14.jpg\" alt=\"\" class=\"wp-image-5788\" srcset=\"https:\/\/bu.optimum-automotive.com\/wp-content\/uploads\/2025\/03\/01-14.jpg 153w, https:\/\/bu.optimum-automotive.com\/wp-content\/uploads\/2025\/03\/01-14-9x12.jpg 9w\" sizes=\"auto, (max-width: 153px) 100vw, 153px\" \/><\/a><figcaption class=\"wp-element-caption\"><strong>A empresa conectada<\/strong><br>Shiftmove nomeia Taco van der Leij Diretor-Geral em Fran\u00e7a<\/figcaption><\/figure><\/div>\n\n<div class=\"wp-block-image\">\n<figure class=\"aligncenter size-full has-lightbox\"><a href=\"https:\/\/bu.optimum-automotive.com\/wp-content\/uploads\/2025\/03\/2025-03-24-lavienumerique.com-24-mars-2025-50000000372457499.pdf\" target=\"_blank\" rel=\"noreferrer noopener\"><img loading=\"lazy\" decoding=\"async\" width=\"153\" height=\"200\" src=\"https:\/\/bu.optimum-automotive.com\/wp-content\/uploads\/2025\/03\/01-13.jpg\" alt=\"\" class=\"wp-image-5786\" srcset=\"https:\/\/bu.optimum-automotive.com\/wp-content\/uploads\/2025\/03\/01-13.jpg 153w, https:\/\/bu.optimum-automotive.com\/wp-content\/uploads\/2025\/03\/01-13-9x12.jpg 9w\" sizes=\"auto, (max-width: 153px) 100vw, 153px\" \/><\/a><figcaption class=\"wp-element-caption\"><strong>DigitalLife<\/strong><br>Shiftmove nomeia Taco van der Leij Diretor-Geral em Fran\u00e7a<\/figcaption><\/figure><\/div>\n\n<div class=\"wp-block-image\">\n<figure class=\"aligncenter size-full has-lightbox\"><a href=\"https:\/\/bu.optimum-automotive.com\/wp-content\/uploads\/2025\/03\/2025-03-24-itrsoftware.com-24-mars-2025-50000000372457435.pdf\" target=\"_blank\" rel=\"noreferrer noopener\"><img loading=\"lazy\" decoding=\"async\" width=\"153\" height=\"200\" src=\"https:\/\/bu.optimum-automotive.com\/wp-content\/uploads\/2025\/03\/01-12.jpg\" alt=\"\" class=\"wp-image-5784\" srcset=\"https:\/\/bu.optimum-automotive.com\/wp-content\/uploads\/2025\/03\/01-12.jpg 153w, https:\/\/bu.optimum-automotive.com\/wp-content\/uploads\/2025\/03\/01-12-9x12.jpg 9w\" sizes=\"auto, (max-width: 153px) 100vw, 153px\" \/><\/a><figcaption class=\"wp-element-caption\"><strong>ITRsoftware<\/strong><br>Shiftmove nomeia Taco van der Leij Diretor-Geral em Fran\u00e7a<\/figcaption><\/figure><\/div>\n\n<div class=\"wp-block-image\">\n<figure class=\"aligncenter size-full has-lightbox\"><a href=\"https:\/\/bu.optimum-automotive.com\/wp-content\/uploads\/2025\/03\/2025-03-24-itrnews.com-24-mars-2025-50000000372457450-1.pdf\" target=\"_blank\" rel=\"noreferrer noopener\"><img loading=\"lazy\" decoding=\"async\" width=\"153\" height=\"200\" src=\"https:\/\/bu.optimum-automotive.com\/wp-content\/uploads\/2025\/03\/01-11.jpg\" alt=\"\" class=\"wp-image-5781\" srcset=\"https:\/\/bu.optimum-automotive.com\/wp-content\/uploads\/2025\/03\/01-11.jpg 153w, https:\/\/bu.optimum-automotive.com\/wp-content\/uploads\/2025\/03\/01-11-9x12.jpg 9w\" sizes=\"auto, (max-width: 153px) 100vw, 153px\" \/><\/a><figcaption class=\"wp-element-caption\"><strong>ITRNews<\/strong><br>Shiftmove nomeia Taco van der Leij Diretor-Geral em Fran\u00e7a<\/figcaption><\/figure><\/div>\n\n<div class=\"wp-block-image\">\n<figure class=\"aligncenter size-full has-lightbox\"><a href=\"https:\/\/bu.optimum-automotive.com\/wp-content\/uploads\/2025\/03\/2025-03-24-itrmobiles.com-24-mars-2025-50000000372457467-1.pdf\" target=\"_blank\" rel=\"noreferrer noopener\"><img loading=\"lazy\" decoding=\"async\" width=\"153\" height=\"200\" src=\"https:\/\/bu.optimum-automotive.com\/wp-content\/uploads\/2025\/03\/01-10.jpg\" alt=\"\" class=\"wp-image-5779\" srcset=\"https:\/\/bu.optimum-automotive.com\/wp-content\/uploads\/2025\/03\/01-10.jpg 153w, https:\/\/bu.optimum-automotive.com\/wp-content\/uploads\/2025\/03\/01-10-9x12.jpg 9w\" sizes=\"auto, (max-width: 153px) 100vw, 153px\" \/><\/a><figcaption class=\"wp-element-caption\"><strong>ITR Mobiles<\/strong><br>Shiftmove nomeia Taco van der Leij Diretor-Geral em Fran\u00e7a<\/figcaption><\/figure><\/div>\n\n<div class=\"wp-block-image\">\n<figure class=\"aligncenter size-full has-lightbox\"><a href=\"https:\/\/bu.optimum-automotive.com\/wp-content\/uploads\/2025\/03\/2025-03-24-itrinnovation.com-24-mars-2025-50000000372457445.pdf\" target=\"_blank\" rel=\"noreferrer noopener\"><img loading=\"lazy\" decoding=\"async\" width=\"153\" height=\"200\" src=\"https:\/\/bu.optimum-automotive.com\/wp-content\/uploads\/2025\/03\/01-9.jpg\" alt=\"\" class=\"wp-image-5775\" srcset=\"https:\/\/bu.optimum-automotive.com\/wp-content\/uploads\/2025\/03\/01-9.jpg 153w, https:\/\/bu.optimum-automotive.com\/wp-content\/uploads\/2025\/03\/01-9-9x12.jpg 9w\" sizes=\"auto, (max-width: 153px) 100vw, 153px\" \/><\/a><figcaption class=\"wp-element-caption\"><strong>Inova\u00e7\u00e3o ITR<\/strong><br>Shiftmove nomeia Taco van der Leij Diretor-Geral em Fran\u00e7a<\/figcaption><\/figure><\/div>\n\n<div class=\"wp-block-image\">\n<figure class=\"aligncenter size-full has-lightbox\"><a href=\"https:\/\/bu.optimum-automotive.com\/wp-content\/uploads\/2025\/03\/2025-03-24-itrgames.com-24-mars-2025-50000000372457463.pdf\" target=\"_blank\" rel=\"noreferrer noopener\"><img loading=\"lazy\" decoding=\"async\" width=\"153\" height=\"200\" src=\"https:\/\/bu.optimum-automotive.com\/wp-content\/uploads\/2025\/03\/01-8.jpg\" alt=\"\" class=\"wp-image-5771\" srcset=\"https:\/\/bu.optimum-automotive.com\/wp-content\/uploads\/2025\/03\/01-8.jpg 153w, https:\/\/bu.optimum-automotive.com\/wp-content\/uploads\/2025\/03\/01-8-9x12.jpg 9w\" sizes=\"auto, (max-width: 153px) 100vw, 153px\" \/><\/a><figcaption class=\"wp-element-caption\"><strong>Jogos ITR<\/strong><br>Shiftmove nomeia Taco van der Leij Diretor-Geral em Fran\u00e7a<\/figcaption><\/figure><\/div>\n\n<div class=\"wp-block-image\">\n<figure class=\"aligncenter size-full has-lightbox\"><a href=\"https:\/\/bu.optimum-automotive.com\/wp-content\/uploads\/2025\/03\/2025-03-24-infodsi.com-24-mars-2025-50000000372457448.pdf\" target=\"_blank\" rel=\"noreferrer noopener\"><img loading=\"lazy\" decoding=\"async\" width=\"153\" height=\"200\" src=\"https:\/\/bu.optimum-automotive.com\/wp-content\/uploads\/2025\/03\/01-7.jpg\" alt=\"\" class=\"wp-image-5768\" srcset=\"https:\/\/bu.optimum-automotive.com\/wp-content\/uploads\/2025\/03\/01-7.jpg 153w, https:\/\/bu.optimum-automotive.com\/wp-content\/uploads\/2025\/03\/01-7-9x12.jpg 9w\" sizes=\"auto, (max-width: 153px) 100vw, 153px\" \/><\/a><figcaption class=\"wp-element-caption\"><strong>infoDSI<\/strong><br>Shiftmove nomeia Taco van der Leij Diretor-Geral em Fran\u00e7a<\/figcaption><\/figure><\/div>\n\n<div class=\"wp-block-image\">\n<figure class=\"aligncenter size-full has-lightbox\"><a href=\"https:\/\/bu.optimum-automotive.com\/wp-content\/uploads\/2025\/03\/2025-03-24-ia-newsmag.com-24-mars-2025-50000000372457489.pdf\" target=\"_blank\" rel=\"noreferrer noopener\"><img loading=\"lazy\" decoding=\"async\" width=\"153\" height=\"200\" src=\"https:\/\/bu.optimum-automotive.com\/wp-content\/uploads\/2025\/03\/01-6.jpg\" alt=\"\" class=\"wp-image-5757\" srcset=\"https:\/\/bu.optimum-automotive.com\/wp-content\/uploads\/2025\/03\/01-6.jpg 153w, https:\/\/bu.optimum-automotive.com\/wp-content\/uploads\/2025\/03\/01-6-9x12.jpg 9w\" sizes=\"auto, (max-width: 153px) 100vw, 153px\" \/><\/a><figcaption class=\"wp-element-caption\"><strong>ia-newsmag.com<\/strong><br>Shiftmove nomeia Taco van der Leij Diretor-Geral em Fran\u00e7a<\/figcaption><\/figure><\/div>\n\n<div class=\"wp-block-image\">\n<figure class=\"aligncenter size-full has-lightbox\"><a href=\"https:\/\/bu.optimum-automotive.com\/wp-content\/uploads\/2025\/03\/2025-03-24-electronique-newsmag.com-24-mars-2025-50000000372457495.pdf\" target=\"_blank\" rel=\"noreferrer noopener\"><img loading=\"lazy\" decoding=\"async\" width=\"153\" height=\"200\" src=\"https:\/\/bu.optimum-automotive.com\/wp-content\/uploads\/2025\/03\/01-5.jpg\" alt=\"\" class=\"wp-image-5754\" srcset=\"https:\/\/bu.optimum-automotive.com\/wp-content\/uploads\/2025\/03\/01-5.jpg 153w, https:\/\/bu.optimum-automotive.com\/wp-content\/uploads\/2025\/03\/01-5-9x12.jpg 9w\" sizes=\"auto, (max-width: 153px) 100vw, 153px\" \/><\/a><figcaption class=\"wp-element-caption\"><strong>electronique-newsmag.com<\/strong><br>Shiftmove nomeia Taco van der Leij Diretor-Geral em Fran\u00e7a<\/figcaption><\/figure><\/div>\n\n<div class=\"wp-block-image\">\n<figure class=\"aligncenter size-full has-lightbox\"><a href=\"https:\/\/bu.optimum-automotive.com\/wp-content\/uploads\/2025\/03\/2025-03-24-animasoft.com-24-mars-2025-50000000372457437.pdf\" target=\"_blank\" rel=\"noreferrer noopener\"><img loading=\"lazy\" decoding=\"async\" width=\"153\" height=\"200\" src=\"https:\/\/bu.optimum-automotive.com\/wp-content\/uploads\/2025\/03\/01-4.jpg\" alt=\"\" class=\"wp-image-5751\" srcset=\"https:\/\/bu.optimum-automotive.com\/wp-content\/uploads\/2025\/03\/01-4.jpg 153w, https:\/\/bu.optimum-automotive.com\/wp-content\/uploads\/2025\/03\/01-4-9x12.jpg 9w\" sizes=\"auto, (max-width: 153px) 100vw, 153px\" \/><\/a><figcaption class=\"wp-element-caption\"><strong>Animasoft<\/strong><br>Shiftmove nomeia Taco van der Leij Diretor-Geral em Fran\u00e7a<\/figcaption><\/figure><\/div>\n\n\n<h2 class=\"wp-block-heading\">fevereiro de 2025<\/h2>\n\n\n<div class=\"wp-block-image\">\n<figure class=\"aligncenter size-full has-lightbox\"><a href=\"https:\/\/bu.optimum-automotive.com\/wp-content\/uploads\/2025\/03\/2025-01-30-www.flotauto.com-30-janvier-2025-50000000372118535.pdf\" target=\"_blank\" rel=\"noreferrer noopener\"><img loading=\"lazy\" decoding=\"async\" width=\"153\" height=\"200\" src=\"https:\/\/bu.optimum-automotive.com\/wp-content\/uploads\/2025\/03\/01-2.jpg\" alt=\"\" class=\"wp-image-5637\" srcset=\"https:\/\/bu.optimum-automotive.com\/wp-content\/uploads\/2025\/03\/01-2.jpg 153w, https:\/\/bu.optimum-automotive.com\/wp-content\/uploads\/2025\/03\/01-2-9x12.jpg 9w\" sizes=\"auto, (max-width: 153px) 100vw, 153px\" \/><\/a><figcaption class=\"wp-element-caption\"><strong>flotauto.com<\/strong><br>Uma solu\u00e7\u00e3o telem\u00e1tica para os segurados da Relyens<\/figcaption><\/figure><\/div>\n\n<div class=\"wp-block-image\">\n<figure class=\"aligncenter size-full has-lightbox\"><a href=\"https:\/\/bu.optimum-automotive.com\/wp-content\/uploads\/2025\/03\/2025-01-30-LAutomobile-lentreprise-Relyens-choisit-Optimum-pour-ameliorer-.-de-flotte-des-etablissements-de-sante.pdf\" target=\"_blank\" rel=\"noreferrer noopener\"><img loading=\"lazy\" decoding=\"async\" width=\"153\" height=\"200\" src=\"https:\/\/bu.optimum-automotive.com\/wp-content\/uploads\/2025\/03\/01.jpg\" alt=\"\" class=\"wp-image-5629\" srcset=\"https:\/\/bu.optimum-automotive.com\/wp-content\/uploads\/2025\/03\/01.jpg 153w, https:\/\/bu.optimum-automotive.com\/wp-content\/uploads\/2025\/03\/01-9x12.jpg 9w\" sizes=\"auto, (max-width: 153px) 100vw, 153px\" \/><\/a><figcaption class=\"wp-element-caption\"><strong>Autom\u00f3veis e neg\u00f3cios<\/strong><br>A Relyens escolhe a Optimum para melhorar a gest\u00e3o da frota dos estabelecimentos de sa\u00fade<\/figcaption><\/figure><\/div>\n\n<div class=\"wp-block-image\">\n<figure class=\"aligncenter size-full has-lightbox\"><a href=\"https:\/\/bu.optimum-automotive.com\/wp-content\/uploads\/2025\/03\/2025-02-03-LE-JOURNAL-DES-ENTREPRISES-LE-BRIEF-EDITION-AUVERGNE-RHONE-ALPES-NEWSLETTER-03-fevrier-2025-10000000068470150.pdf\" target=\"_blank\" rel=\"noreferrer noopener\"><img loading=\"lazy\" decoding=\"async\" width=\"153\" height=\"200\" src=\"https:\/\/bu.optimum-automotive.com\/wp-content\/uploads\/2025\/03\/01-3.jpg\" alt=\"\" class=\"wp-image-5641\" srcset=\"https:\/\/bu.optimum-automotive.com\/wp-content\/uploads\/2025\/03\/01-3.jpg 153w, https:\/\/bu.optimum-automotive.com\/wp-content\/uploads\/2025\/03\/01-3-9x12.jpg 9w\" sizes=\"auto, (max-width: 153px) 100vw, 153px\" \/><\/a><figcaption class=\"wp-element-caption\"><strong>O JORNAL DE<br>EMPRESAS<\/strong><br>A Relyens lan\u00e7a uma plataforma para ajudar a prevenir<br>riscos relacionados com as frotas de ve\u00edculos<\/figcaption><\/figure><\/div>\n\n<div class=\"wp-block-image\">\n<figure class=\"aligncenter size-full has-lightbox\"><a href=\"https:\/\/bu.optimum-automotive.com\/wp-content\/uploads\/2025\/03\/2025-01-30-www.am-today.com-30-janvier-2025-50000000372114018.pdf\" target=\"_blank\" rel=\"noreferrer noopener\"><img loading=\"lazy\" decoding=\"async\" width=\"153\" height=\"200\" src=\"https:\/\/bu.optimum-automotive.com\/wp-content\/uploads\/2025\/03\/01-1.jpg\" alt=\"\" class=\"wp-image-5633\" srcset=\"https:\/\/bu.optimum-automotive.com\/wp-content\/uploads\/2025\/03\/01-1.jpg 153w, https:\/\/bu.optimum-automotive.com\/wp-content\/uploads\/2025\/03\/01-1-9x12.jpg 9w\" sizes=\"auto, (max-width: 153px) 100vw, 153px\" \/><\/a><figcaption class=\"wp-element-caption\"><strong>am-today.com<\/strong><br>A Relyens integra a solu\u00e7\u00e3o Optimum para a preven\u00e7\u00e3o de riscos<br>autom\u00f3veis.<\/figcaption><\/figure><\/div>\n\n\n<h2 class=\"wp-block-heading\">janeiro de 2025<\/h2>\n\n\n<div class=\"wp-block-image\">\n<figure class=\"aligncenter size-full has-lightbox\"><a href=\"https:\/\/bu.optimum-automotive.com\/wp-content\/uploads\/2025\/01\/2025-01-15-www.auto-infos.fr-15-janvier-2025-50000000372043441.pdf\" target=\"_blank\" rel=\"noreferrer noopener\"><img loading=\"lazy\" decoding=\"async\" width=\"153\" height=\"200\" src=\"https:\/\/bu.optimum-automotive.com\/wp-content\/uploads\/2025\/01\/01-2.jpg\" alt=\"\" class=\"wp-image-5368\" srcset=\"https:\/\/bu.optimum-automotive.com\/wp-content\/uploads\/2025\/01\/01-2.jpg 153w, https:\/\/bu.optimum-automotive.com\/wp-content\/uploads\/2025\/01\/01-2-9x12.jpg 9w\" sizes=\"auto, (max-width: 153px) 100vw, 153px\" \/><\/a><figcaption class=\"wp-element-caption\"><strong>AUTO INFOS<\/strong><br>A Optimum Automotive muda de identidade e passa a ser Optimum (por Shiftmove)<\/figcaption><\/figure><\/div>\n\n<div class=\"wp-block-image\">\n<figure class=\"aligncenter size-full has-lightbox\"><a href=\"https:\/\/bu.optimum-automotive.com\/wp-content\/uploads\/2025\/01\/2025-01-17-www.decision-achats.fr-17-janvier-2025-50000000372043444.pdf\" target=\"_blank\" rel=\"noreferrer noopener\"><img loading=\"lazy\" decoding=\"async\" width=\"153\" height=\"200\" src=\"https:\/\/bu.optimum-automotive.com\/wp-content\/uploads\/2025\/01\/01-1.jpg\" alt=\"\" class=\"wp-image-5365\" srcset=\"https:\/\/bu.optimum-automotive.com\/wp-content\/uploads\/2025\/01\/01-1.jpg 153w, https:\/\/bu.optimum-automotive.com\/wp-content\/uploads\/2025\/01\/01-1-9x12.jpg 9w\" sizes=\"auto, (max-width: 153px) 100vw, 153px\" \/><\/a><figcaption class=\"wp-element-caption\"><strong>DECIS\u00c3O DE COMPRA -ONLINE<\/strong><br>Optimum x Shiftmove: uma nova identidade para o gestor de frota<\/figcaption><\/figure><\/div>\n\n<div class=\"wp-block-image\">\n<figure class=\"aligncenter size-full has-lightbox\"><a href=\"https:\/\/bu.optimum-automotive.com\/wp-content\/uploads\/2025\/01\/Optimum-Automotive-change-didentite-et-devient-Optimum-by-Shiftmove.pdf\" target=\"_blank\" rel=\"noreferrer noopener\"><img loading=\"lazy\" decoding=\"async\" width=\"153\" height=\"200\" src=\"https:\/\/bu.optimum-automotive.com\/wp-content\/uploads\/2025\/01\/01.jpg\" alt=\"\" class=\"wp-image-5345\" srcset=\"https:\/\/bu.optimum-automotive.com\/wp-content\/uploads\/2025\/01\/01.jpg 153w, https:\/\/bu.optimum-automotive.com\/wp-content\/uploads\/2025\/01\/01-9x12.jpg 9w\" sizes=\"auto, (max-width: 153px) 100vw, 153px\" \/><\/a><figcaption class=\"wp-element-caption\"><strong>Autom\u00f3veis e neg\u00f3cios<\/strong><br>A Optimum Automotive muda de identidade e torna-se Optimum by Shiftmove<\/figcaption><\/figure><\/div>\n\n\n<h2 class=\"wp-block-heading\">dezembro de 2024<\/h2>\n\n\n<div class=\"wp-block-image\">\n<figure class=\"aligncenter size-full has-lightbox\"><a href=\"https:\/\/bu.optimum-automotive.com\/wp-content\/uploads\/2024\/12\/2024-11-26-OPTION-FINANCE-LE-MENSUEL-Novembre-2024-10000000068081488.pdf\" target=\"_blank\" rel=\"noreferrer noopener\"><img loading=\"lazy\" decoding=\"async\" width=\"153\" height=\"200\" src=\"https:\/\/bu.optimum-automotive.com\/wp-content\/uploads\/2024\/12\/01-1.jpg\" alt=\"\" class=\"wp-image-4390\" srcset=\"https:\/\/bu.optimum-automotive.com\/wp-content\/uploads\/2024\/12\/01-1.jpg 153w, https:\/\/bu.optimum-automotive.com\/wp-content\/uploads\/2024\/12\/01-1-9x12.jpg 9w\" sizes=\"auto, (max-width: 153px) 100vw, 153px\" \/><\/a><figcaption class=\"wp-element-caption\"><strong>Financiamento de op\u00e7\u00f5es<\/strong><br>Bancos de investimento<br>A tecnologia continua a impulsionar as fus\u00f5es e aquisi\u00e7\u00f5es<\/figcaption><\/figure><\/div>\n\n<div class=\"wp-block-image\">\n<figure class=\"aligncenter size-full has-lightbox\"><a href=\"https:\/\/bu.optimum-automotive.com\/wp-content\/uploads\/2024\/12\/2024-11-26-FLOTTES-AUTOMOBILES-Novembre-2024-10000000068081491.pdf\" target=\"_blank\" rel=\"noreferrer noopener\"><img loading=\"lazy\" decoding=\"async\" width=\"153\" height=\"200\" src=\"https:\/\/bu.optimum-automotive.com\/wp-content\/uploads\/2024\/12\/01.jpg\" alt=\"\" class=\"wp-image-4387\" srcset=\"https:\/\/bu.optimum-automotive.com\/wp-content\/uploads\/2024\/12\/01.jpg 153w, https:\/\/bu.optimum-automotive.com\/wp-content\/uploads\/2024\/12\/01-9x12.jpg 9w\" sizes=\"auto, (max-width: 153px) 100vw, 153px\" \/><\/a><figcaption class=\"wp-element-caption\"><strong>FROTAS DE AUTOM\u00d3VEIS<\/strong><br>Partilha de ve\u00edculos el\u00e9ctricos<br>Uma obra de convic\u00e7\u00e3o<\/figcaption><\/figure><\/div>\n\n<div class=\"wp-block-image\">\n<figure class=\"aligncenter size-full has-lightbox\"><a href=\"https:\/\/bu.optimum-automotive.com\/wp-content\/uploads\/2024\/12\/Vehicules-partages_moins-de-couts-et-moins-de-CO2-2.pdf\" target=\"_blank\" rel=\"noreferrer noopener\"><img loading=\"lazy\" decoding=\"async\" width=\"153\" height=\"200\" src=\"https:\/\/bu.optimum-automotive.com\/wp-content\/uploads\/2024\/12\/01-2.jpg\" alt=\"\" class=\"wp-image-4395\" srcset=\"https:\/\/bu.optimum-automotive.com\/wp-content\/uploads\/2024\/12\/01-2.jpg 153w, https:\/\/bu.optimum-automotive.com\/wp-content\/uploads\/2024\/12\/01-2-9x12.jpg 9w\" sizes=\"auto, (max-width: 153px) 100vw, 153px\" \/><\/a><figcaption class=\"wp-element-caption\"><strong>flotauto.com<\/strong><br>Ve\u00edculos partilhados: custos mais baixos e menos<br>de CO2<\/figcaption><\/figure><\/div>\n\n\n<h2 class=\"wp-block-heading\">novembro de 2024<\/h2>\n\n\n<div class=\"wp-block-image\">\n<figure class=\"aligncenter size-full has-lightbox\"><a href=\"https:\/\/bu.optimum-automotive.com\/wp-content\/uploads\/2024\/11\/2024-11-09-LE-JOURNAL-DES-ENTREPRISES-EDITION-REGION-SUD-Novembre-2024-10000000067978052.pdf\" target=\"_blank\" rel=\"noreferrer noopener\"><img loading=\"lazy\" decoding=\"async\" width=\"153\" height=\"200\" src=\"https:\/\/bu.optimum-automotive.com\/wp-content\/uploads\/2024\/11\/01-2.jpg\" alt=\"\" class=\"wp-image-4225\" srcset=\"https:\/\/bu.optimum-automotive.com\/wp-content\/uploads\/2024\/11\/01-2.jpg 153w, https:\/\/bu.optimum-automotive.com\/wp-content\/uploads\/2024\/11\/01-2-9x12.jpg 9w\" sizes=\"auto, (max-width: 153px) 100vw, 153px\" \/><\/a><figcaption class=\"wp-element-caption\"><strong>O JORNAL ECON\u00d3MICO<\/strong><br>A empresa Optimum Automotive, sediada em Aix, \u00e9 adquirida pela<br>Plataforma germano-su\u00ed\u00e7a Shiftmove<\/figcaption><\/figure><\/div>\n\n<div class=\"wp-block-image\">\n<figure class=\"aligncenter size-full has-lightbox\"><a href=\"https:\/\/bu.optimum-automotive.com\/wp-content\/uploads\/2024\/11\/La-Recharge-Electrique-Simplifiee-pour-les-Entreprises-Make-a-Move.pdf\" target=\"_blank\" rel=\"noreferrer noopener\"><img loading=\"lazy\" decoding=\"async\" width=\"153\" height=\"200\" src=\"https:\/\/bu.optimum-automotive.com\/wp-content\/uploads\/2024\/11\/01-3.jpg\" alt=\"\" class=\"wp-image-4228\" srcset=\"https:\/\/bu.optimum-automotive.com\/wp-content\/uploads\/2024\/11\/01-3.jpg 153w, https:\/\/bu.optimum-automotive.com\/wp-content\/uploads\/2024\/11\/01-3-9x12.jpg 9w\" sizes=\"auto, (max-width: 153px) 100vw, 153px\" \/><\/a><figcaption class=\"wp-element-caption\"><strong>FAZER UM MOVIMENTO<\/strong><br>A Optimum Automotive oferece uma solu\u00e7\u00e3o para o reembolso do custo do carregamento el\u00e9trico dom\u00e9stico<\/figcaption><\/figure><\/div>\n\n<div class=\"wp-block-image\">\n<figure class=\"aligncenter size-full has-lightbox\"><a href=\"https:\/\/bu.optimum-automotive.com\/wp-content\/uploads\/2024\/11\/2024-10-29-FLOTTES-AUTOMOBILES-Octobre-2024-10000000067926421.pdf\" target=\"_blank\" rel=\"noreferrer noopener\"><img loading=\"lazy\" decoding=\"async\" width=\"153\" height=\"200\" src=\"https:\/\/bu.optimum-automotive.com\/wp-content\/uploads\/2024\/11\/01.jpg\" alt=\"\" class=\"wp-image-4218\" srcset=\"https:\/\/bu.optimum-automotive.com\/wp-content\/uploads\/2024\/11\/01.jpg 153w, https:\/\/bu.optimum-automotive.com\/wp-content\/uploads\/2024\/11\/01-9x12.jpg 9w\" sizes=\"auto, (max-width: 153px) 100vw, 153px\" \/><\/a><figcaption class=\"wp-element-caption\"><strong>FROTAS DE AUTOM\u00d3VEIS<\/strong><br>Projectos de servi\u00e7o<br>empresa<\/figcaption><\/figure><\/div>\n\n<div class=\"wp-block-image\">\n<figure class=\"aligncenter size-full has-lightbox\"><a href=\"https:\/\/bu.optimum-automotive.com\/wp-content\/uploads\/2024\/11\/2024-10-16-LES-ECHOS-16-octobre-2024-10000000067829087.pdf\" target=\"_blank\" rel=\"noreferrer noopener\"><img loading=\"lazy\" decoding=\"async\" width=\"153\" height=\"200\" src=\"https:\/\/bu.optimum-automotive.com\/wp-content\/uploads\/2024\/11\/01-4.jpg\" alt=\"\" class=\"wp-image-4231\" srcset=\"https:\/\/bu.optimum-automotive.com\/wp-content\/uploads\/2024\/11\/01-4.jpg 153w, https:\/\/bu.optimum-automotive.com\/wp-content\/uploads\/2024\/11\/01-4-9x12.jpg 9w\" sizes=\"auto, (max-width: 153px) 100vw, 153px\" \/><\/a><figcaption class=\"wp-element-caption\"><strong>LesEchos<\/strong><br>Gest\u00e3o de frotas :Optimum<br>Ind\u00fastria autom\u00f3vel adquirida pela Shiftmove<\/figcaption><\/figure><\/div>\n\n<div class=\"wp-block-image\">\n<figure class=\"aligncenter size-full has-lightbox\"><a href=\"https:\/\/bu.optimum-automotive.com\/wp-content\/uploads\/2024\/11\/2024-10-30-www.fusacq.com-30-octobre-2024-50000000371598962.pdf\" target=\"_blank\" rel=\"noreferrer noopener\"><img loading=\"lazy\" decoding=\"async\" width=\"153\" height=\"200\" src=\"https:\/\/bu.optimum-automotive.com\/wp-content\/uploads\/2024\/11\/01-1.jpg\" alt=\"\" class=\"wp-image-4221\" srcset=\"https:\/\/bu.optimum-automotive.com\/wp-content\/uploads\/2024\/11\/01-1.jpg 153w, https:\/\/bu.optimum-automotive.com\/wp-content\/uploads\/2024\/11\/01-1-9x12.jpg 9w\" sizes=\"auto, (max-width: 153px) 100vw, 153px\" \/><\/a><figcaption class=\"wp-element-caption\"><strong>FUSACQ<\/strong><br>A SHIFTMOVE adquire a empresa de gest\u00e3o de frotas OPTIMUM<br>AUTOMOTIVO<\/figcaption><\/figure><\/div>\n\n\n<h2 class=\"wp-block-heading\">outubro de 2024<\/h2>\n\n\n<div class=\"wp-block-image\">\n<figure class=\"aligncenter size-full has-lightbox\"><a href=\"https:\/\/bu.optimum-automotive.com\/wp-content\/uploads\/2024\/10\/2024-10-22-www.motors-addict.com-22-octobre-2024-50000000371561157.pdf\" target=\"_blank\" rel=\"noreferrer noopener\"><img loading=\"lazy\" decoding=\"async\" width=\"153\" height=\"200\" src=\"https:\/\/bu.optimum-automotive.com\/wp-content\/uploads\/2024\/10\/05.jpg\" alt=\"\" class=\"wp-image-4214\" srcset=\"https:\/\/bu.optimum-automotive.com\/wp-content\/uploads\/2024\/10\/05.jpg 153w, https:\/\/bu.optimum-automotive.com\/wp-content\/uploads\/2024\/10\/05-9x12.jpg 9w\" sizes=\"auto, (max-width: 153px) 100vw, 153px\" \/><\/a><figcaption class=\"wp-element-caption\"><strong>motors-addict.com<\/strong><br>Os fabricantes chineses v\u00e3o invadir os parques empresariais<\/figcaption><\/figure><\/div>\n\n<div class=\"wp-block-image\">\n<figure class=\"aligncenter size-full has-lightbox\"><a href=\"https:\/\/bu.optimum-automotive.com\/wp-content\/uploads\/2024\/10\/2024-10-22-www.caradisiac.com-22-octobre-2024-50000000371561147.pdf\" target=\"_blank\" rel=\"noreferrer noopener\"><img loading=\"lazy\" decoding=\"async\" width=\"153\" height=\"200\" src=\"https:\/\/bu.optimum-automotive.com\/wp-content\/uploads\/2024\/10\/04.jpg\" alt=\"\" class=\"wp-image-4211\" srcset=\"https:\/\/bu.optimum-automotive.com\/wp-content\/uploads\/2024\/10\/04.jpg 153w, https:\/\/bu.optimum-automotive.com\/wp-content\/uploads\/2024\/10\/04-9x12.jpg 9w\" sizes=\"auto, (max-width: 153px) 100vw, 153px\" \/><\/a><figcaption class=\"wp-element-caption\"><strong>caradisiac.com<\/strong><br>Os fabricantes chineses v\u00e3o invadir os parques empresariais<\/figcaption><\/figure><\/div>\n\n<div class=\"wp-block-image\">\n<figure class=\"aligncenter size-full has-lightbox\"><a href=\"https:\/\/bu.optimum-automotive.com\/wp-content\/uploads\/2024\/10\/2024-10-22-www.autojournal.fr-22-octobre-2024-50000000371561148.pdf\" target=\"_blank\" rel=\"noreferrer noopener\"><img loading=\"lazy\" decoding=\"async\" width=\"153\" height=\"200\" src=\"https:\/\/bu.optimum-automotive.com\/wp-content\/uploads\/2024\/10\/03.jpg\" alt=\"\" class=\"wp-image-4208\" srcset=\"https:\/\/bu.optimum-automotive.com\/wp-content\/uploads\/2024\/10\/03.jpg 153w, https:\/\/bu.optimum-automotive.com\/wp-content\/uploads\/2024\/10\/03-9x12.jpg 9w\" sizes=\"auto, (max-width: 153px) 100vw, 153px\" \/><\/a><figcaption class=\"wp-element-caption\"><strong>autojournal.fr<\/strong><br>Carros da empresa: os gestores adoram SUVs<\/figcaption><\/figure><\/div>\n\n<div class=\"wp-block-image\">\n<figure class=\"aligncenter size-full has-lightbox\"><a href=\"https:\/\/bu.optimum-automotive.com\/wp-content\/uploads\/2024\/10\/2024-10-16-www.am-today.com-16-octobre-2024-50000000371561173.pdf\" target=\"_blank\" rel=\"noreferrer noopener\"><img loading=\"lazy\" decoding=\"async\" width=\"153\" height=\"200\" src=\"https:\/\/bu.optimum-automotive.com\/wp-content\/uploads\/2024\/10\/02.jpg\" alt=\"\" class=\"wp-image-4203\" srcset=\"https:\/\/bu.optimum-automotive.com\/wp-content\/uploads\/2024\/10\/02.jpg 153w, https:\/\/bu.optimum-automotive.com\/wp-content\/uploads\/2024\/10\/02-9x12.jpg 9w\" sizes=\"auto, (max-width: 153px) 100vw, 153px\" \/><\/a><figcaption class=\"wp-element-caption\"><strong>am-today.com<\/strong><br>A Optimum Automotive d\u00e1 um novo passo em frente ao integrar o Shiftmove<\/figcaption><\/figure><\/div>\n\n<div class=\"wp-block-image\">\n<figure class=\"aligncenter size-full has-lightbox\"><a href=\"https:\/\/bu.optimum-automotive.com\/wp-content\/uploads\/2024\/10\/2024-10-15-www.nouvelles-du-monde.com-15-octobre-2024-50000000371561159.pdf\" target=\"_blank\" rel=\"noreferrer noopener\"><img loading=\"lazy\" decoding=\"async\" width=\"153\" height=\"200\" src=\"https:\/\/bu.optimum-automotive.com\/wp-content\/uploads\/2024\/10\/01-3.jpg\" alt=\"\" class=\"wp-image-4199\" srcset=\"https:\/\/bu.optimum-automotive.com\/wp-content\/uploads\/2024\/10\/01-3.jpg 153w, https:\/\/bu.optimum-automotive.com\/wp-content\/uploads\/2024\/10\/01-3-9x12.jpg 9w\" sizes=\"auto, (max-width: 153px) 100vw, 153px\" \/><\/a><figcaption class=\"wp-element-caption\"><strong>world-news.com<\/strong><br>A Shiftmove adquire a Optimum Automotive e pretende promover a digitaliza\u00e7\u00e3o<br>frotas<\/figcaption><\/figure><\/div>\n\n<div class=\"wp-block-image\">\n<figure class=\"aligncenter size-full has-lightbox\"><a href=\"https:\/\/bu.optimum-automotive.com\/wp-content\/uploads\/2024\/10\/Optimum-Automotive-passe-sous-pavillon-germano-suisse_journaldesflottes.pdf\" target=\"_blank\" rel=\"noreferrer noopener\"><img loading=\"lazy\" decoding=\"async\" width=\"153\" height=\"200\" src=\"https:\/\/bu.optimum-automotive.com\/wp-content\/uploads\/2024\/10\/01-2.jpg\" alt=\"\" class=\"wp-image-4190\" srcset=\"https:\/\/bu.optimum-automotive.com\/wp-content\/uploads\/2024\/10\/01-2.jpg 153w, https:\/\/bu.optimum-automotive.com\/wp-content\/uploads\/2024\/10\/01-2-9x12.jpg 9w\" sizes=\"auto, (max-width: 153px) 100vw, 153px\" \/><\/a><figcaption class=\"wp-element-caption\"><strong>Jornal da frota<\/strong><br>A Optimum Automotive passa a ser uma empresa de bandeira<br>germano-su\u00ed\u00e7o<\/figcaption><\/figure><\/div>\n\n<div class=\"wp-block-image\">\n<figure class=\"aligncenter size-full has-lightbox\"><a href=\"https:\/\/bu.optimum-automotive.com\/wp-content\/uploads\/2024\/10\/Optimum-Automotive-et-Shiftmove-fusionnent-pour-dominer-la-gestion-de-flotte-par-la-data_automobileentreprise.pdf\" target=\"_blank\" rel=\"noreferrer noopener\"><img loading=\"lazy\" decoding=\"async\" width=\"153\" height=\"200\" src=\"https:\/\/bu.optimum-automotive.com\/wp-content\/uploads\/2024\/10\/01-1.jpg\" alt=\"\" class=\"wp-image-4185\" srcset=\"https:\/\/bu.optimum-automotive.com\/wp-content\/uploads\/2024\/10\/01-1.jpg 153w, https:\/\/bu.optimum-automotive.com\/wp-content\/uploads\/2024\/10\/01-1-9x12.jpg 9w\" sizes=\"auto, (max-width: 153px) 100vw, 153px\" \/><\/a><figcaption class=\"wp-element-caption\"><strong>Autom\u00f3veis e neg\u00f3cios<\/strong><br>Optimum Automotive e Shiftmove fundem-se para dominar a gest\u00e3o de frotas baseada em dados<\/figcaption><\/figure><\/div>\n\n<div class=\"wp-block-image\">\n<figure class=\"aligncenter size-full has-lightbox\"><a href=\"https:\/\/bu.optimum-automotive.com\/wp-content\/uploads\/2024\/10\/Optimum-Automotive-veut-faciliter-lindemnisation-des-recharges-a-domicile-pour-les-collaborateurs.pdf\" target=\"_blank\" rel=\"noreferrer noopener\"><img loading=\"lazy\" decoding=\"async\" width=\"153\" height=\"200\" src=\"https:\/\/bu.optimum-automotive.com\/wp-content\/uploads\/2024\/10\/01.jpg\" alt=\"\" class=\"wp-image-4180\" srcset=\"https:\/\/bu.optimum-automotive.com\/wp-content\/uploads\/2024\/10\/01.jpg 153w, https:\/\/bu.optimum-automotive.com\/wp-content\/uploads\/2024\/10\/01-9x12.jpg 9w\" sizes=\"auto, (max-width: 153px) 100vw, 153px\" \/><\/a><figcaption class=\"wp-element-caption\"><strong>automobile-propre.com<\/strong><br>A Optimum Automotive quer facilitar aos empregados o pagamento do carregamento em casa<\/figcaption><\/figure><\/div>\n\n\n<h2 class=\"wp-block-heading\">setembro de 2024<\/h2>\n\n\n<div class=\"wp-block-image\">\n<figure class=\"aligncenter size-full has-lightbox\"><a href=\"https:\/\/bu.optimum-automotive.com\/wp-content\/uploads\/2024\/09\/Telematique-_-Optimum-Automotive-suit-la-recharge-a-domicile.pdf\" target=\"_blank\" rel=\"noreferrer noopener\"><img loading=\"lazy\" decoding=\"async\" width=\"153\" height=\"200\" src=\"https:\/\/bu.optimum-automotive.com\/wp-content\/uploads\/2024\/09\/01-2.jpg\" alt=\"\" class=\"wp-image-4174\" srcset=\"https:\/\/bu.optimum-automotive.com\/wp-content\/uploads\/2024\/09\/01-2.jpg 153w, https:\/\/bu.optimum-automotive.com\/wp-content\/uploads\/2024\/09\/01-2-9x12.jpg 9w\" sizes=\"auto, (max-width: 153px) 100vw, 153px\" \/><\/a><figcaption class=\"wp-element-caption\"><strong>Frotas de autom\u00f3veis<\/strong><br>Telem\u00e1tica: Optimum Automotive segue<br>recarga dom\u00e9stica<\/figcaption><\/figure><\/div>\n\n<div class=\"wp-block-image\">\n<figure class=\"aligncenter size-full has-lightbox\"><a href=\"https:\/\/bu.optimum-automotive.com\/wp-content\/uploads\/2024\/09\/Optimum-Automotive-facilite-la-recharge-a-domicile.pdf\" target=\"_blank\" rel=\"noreferrer noopener\"><img loading=\"lazy\" decoding=\"async\" width=\"153\" height=\"200\" src=\"https:\/\/bu.optimum-automotive.com\/wp-content\/uploads\/2024\/09\/02.jpg\" alt=\"\" class=\"wp-image-4175\" srcset=\"https:\/\/bu.optimum-automotive.com\/wp-content\/uploads\/2024\/09\/02.jpg 153w, https:\/\/bu.optimum-automotive.com\/wp-content\/uploads\/2024\/09\/02-9x12.jpg 9w\" sizes=\"auto, (max-width: 153px) 100vw, 153px\" \/><\/a><figcaption class=\"wp-element-caption\"><strong><strong>Autom\u00f3veis e neg\u00f3cios<\/strong><\/strong><br>A Optimum Automotive facilita o recarregamento em casa<\/figcaption><\/figure><\/div>\n\n<div class=\"wp-block-image\">\n<figure class=\"aligncenter size-full has-lightbox\"><a href=\"https:\/\/bu.optimum-automotive.com\/wp-content\/uploads\/2024\/09\/2024-09-11-fluidsandlubricants.com-11-septembre-2024-50000000371303995.pdf\" target=\"_blank\" rel=\"noreferrer noopener\"><img loading=\"lazy\" decoding=\"async\" width=\"153\" height=\"200\" src=\"https:\/\/bu.optimum-automotive.com\/wp-content\/uploads\/2024\/09\/01-1.jpg\" alt=\"\" class=\"wp-image-2442\" srcset=\"https:\/\/bu.optimum-automotive.com\/wp-content\/uploads\/2024\/09\/01-1.jpg 153w, https:\/\/bu.optimum-automotive.com\/wp-content\/uploads\/2024\/09\/01-1-9x12.jpg 9w\" sizes=\"auto, (max-width: 153px) 100vw, 153px\" \/><\/a><figcaption class=\"wp-element-caption\"><strong>fluidos e lubrificantes.com<\/strong><br>Optimum Automotive ganha pr\u00e9mio de inova\u00e7\u00e3o<br>com o seu servi\u00e7o \"MOBILITY PACK<\/figcaption><\/figure><\/div>\n\n\n<h2 class=\"wp-block-heading\">agosto de 2024<\/h2>\n\n\n<div class=\"wp-block-image\">\n<figure class=\"aligncenter size-full has-lightbox\"><a href=\"https:\/\/bu.optimum-automotive.com\/wp-content\/uploads\/2024\/09\/Entretien-avec-Daniel-Vassallucci-CEO-dOptimum-Automotive-RISE.pdf\" target=\"_blank\" rel=\"noreferrer noopener\"><img loading=\"lazy\" decoding=\"async\" width=\"153\" height=\"200\" src=\"https:\/\/bu.optimum-automotive.com\/wp-content\/uploads\/2024\/09\/01.jpg\" alt=\"\" class=\"wp-image-2421\" srcset=\"https:\/\/bu.optimum-automotive.com\/wp-content\/uploads\/2024\/09\/01.jpg 153w, https:\/\/bu.optimum-automotive.com\/wp-content\/uploads\/2024\/09\/01-9x12.jpg 9w\" sizes=\"auto, (max-width: 153px) 100vw, 153px\" \/><\/a><figcaption class=\"wp-element-caption\"><strong>risemag.fr<\/strong><br>Entrevista com Daniel Vassallucci, CEO da Optimum Automotive <\/figcaption><\/figure><\/div>\n\n<div class=\"wp-block-image\">\n<figure class=\"aligncenter size-full has-lightbox\"><a href=\"https:\/\/bu.optimum-automotive.com\/wp-content\/uploads\/2024\/08\/2024-08-05-LAUTOMOBILE-LENTREPRISE-Aout-septembre-2024-10000000067419064-1.pdf\" target=\"_blank\" rel=\"noreferrer noopener\"><img loading=\"lazy\" decoding=\"async\" width=\"153\" height=\"200\" src=\"https:\/\/bu.optimum-automotive.com\/wp-content\/uploads\/2024\/08\/01.jpg\" alt=\"\" class=\"wp-image-2340\" srcset=\"https:\/\/bu.optimum-automotive.com\/wp-content\/uploads\/2024\/08\/01.jpg 153w, https:\/\/bu.optimum-automotive.com\/wp-content\/uploads\/2024\/08\/01-9x12.jpg 9w\" sizes=\"auto, (max-width: 153px) 100vw, 153px\" \/><\/a><figcaption class=\"wp-element-caption\"><strong>Autom\u00f3veis e neg\u00f3cios<\/strong><br><strong><strong>2024 Trof\u00e9us :<\/strong><\/strong><br>as frotas celebram os prestadores de servi\u00e7os e os fabricantes<\/figcaption><\/figure><\/div>\n\n\n<h2 class=\"wp-block-heading\">JULHO DE 2024<\/h2>\n\n\n<div class=\"wp-block-image\">\n<figure class=\"aligncenter size-full has-lightbox\"><a href=\"https:\/\/bu.optimum-automotive.com\/wp-content\/uploads\/2024\/07\/2024-07-09-LAUTOMOBILE-LENTREPRISE-Juillet-2024-10000000067304948.pdf\" target=\"_blank\" rel=\"noreferrer noopener\"><img loading=\"lazy\" decoding=\"async\" width=\"153\" height=\"200\" src=\"https:\/\/bu.optimum-automotive.com\/wp-content\/uploads\/2024\/07\/01-5.jpg\" alt=\"\" class=\"wp-image-2268\" srcset=\"https:\/\/bu.optimum-automotive.com\/wp-content\/uploads\/2024\/07\/01-5.jpg 153w, https:\/\/bu.optimum-automotive.com\/wp-content\/uploads\/2024\/07\/01-5-9x12.jpg 9w\" sizes=\"auto, (max-width: 153px) 100vw, 153px\" \/><\/a><figcaption class=\"wp-element-caption\"><strong><strong>Autom\u00f3veis e neg\u00f3cios<\/strong><\/strong><br>Manuten\u00e7\u00e3o e p\u00f3s-venda: Optimum Automotive em destaque<\/figcaption><\/figure><\/div>\n\n<div class=\"wp-block-image\">\n<figure class=\"aligncenter size-full has-lightbox\"><a href=\"https:\/\/bu.optimum-automotive.com\/wp-content\/uploads\/2024\/07\/2024-07-09-LAUTOMOBILE-LENTREPRISE-Juillet-2024-10000000067304945.pdf\" target=\"_blank\" rel=\"noreferrer noopener\"><img loading=\"lazy\" decoding=\"async\" width=\"153\" height=\"200\" src=\"https:\/\/bu.optimum-automotive.com\/wp-content\/uploads\/2024\/07\/01-4.jpg\" alt=\"\" class=\"wp-image-2265\" srcset=\"https:\/\/bu.optimum-automotive.com\/wp-content\/uploads\/2024\/07\/01-4.jpg 153w, https:\/\/bu.optimum-automotive.com\/wp-content\/uploads\/2024\/07\/01-4-9x12.jpg 9w\" sizes=\"auto, (max-width: 153px) 100vw, 153px\" \/><\/a><figcaption class=\"wp-element-caption\"><strong><strong>Autom\u00f3veis e neg\u00f3cios<\/strong><\/strong><br>A frota ADMR Vienne opta por<br>A solu\u00e7\u00e3o da Optimum Automotive<\/figcaption><\/figure><\/div>\n\n<div class=\"wp-block-image\">\n<figure class=\"aligncenter size-full has-lightbox\"><a href=\"https:\/\/www.automobile-propre.com\/podcasts\/la-gestion-des-flottes-necessite-detre-en-innovation-permanente-interview-de-daniel-vassalucci-optimum-automotive\/\" target=\"_blank\" rel=\"noreferrer noopener\"><img loading=\"lazy\" decoding=\"async\" width=\"153\" height=\"200\" src=\"https:\/\/bu.optimum-automotive.com\/wp-content\/uploads\/2024\/07\/01-6.jpg\" alt=\"\" class=\"wp-image-2272\" srcset=\"https:\/\/bu.optimum-automotive.com\/wp-content\/uploads\/2024\/07\/01-6.jpg 153w, https:\/\/bu.optimum-automotive.com\/wp-content\/uploads\/2024\/07\/01-6-9x12.jpg 9w\" sizes=\"auto, (max-width: 153px) 100vw, 153px\" \/><\/a><figcaption class=\"wp-element-caption\"><strong><strong>automobile-propre.com<\/strong><\/strong><br>\"A gest\u00e3o das frotas exige uma inova\u00e7\u00e3o constante\", entrevista com Daniel Vassalucci - Optimum Automotive<\/figcaption><\/figure><\/div>\n\n<div class=\"wp-block-image\">\n<figure class=\"aligncenter size-full has-lightbox\"><a href=\"https:\/\/bu.optimum-automotive.com\/wp-content\/uploads\/2024\/07\/2024-07-05-www.auto-infos.fr-05-juillet-2024-50000000370966919.pdf\" target=\"_blank\" rel=\"noreferrer noopener\"><img loading=\"lazy\" decoding=\"async\" width=\"153\" height=\"200\" src=\"https:\/\/bu.optimum-automotive.com\/wp-content\/uploads\/2024\/07\/01-8.jpg\" alt=\"\" class=\"wp-image-2282\" srcset=\"https:\/\/bu.optimum-automotive.com\/wp-content\/uploads\/2024\/07\/01-8.jpg 153w, https:\/\/bu.optimum-automotive.com\/wp-content\/uploads\/2024\/07\/01-8-9x12.jpg 9w\" sizes=\"auto, (max-width: 153px) 100vw, 153px\" \/><\/a><figcaption class=\"wp-element-caption\"><strong><strong>AUTO INFOS<\/strong><\/strong><br>O dom\u00ednio da Renault nos Trof\u00e9us A&amp;E 2024 demonstra o sucesso da<br>Renova\u00e7\u00e3o<\/figcaption><\/figure><\/div>\n\n<div class=\"wp-block-image\">\n<figure class=\"aligncenter size-full has-lightbox\"><a href=\"https:\/\/bu.optimum-automotive.com\/wp-content\/uploads\/2024\/07\/2024-07-04-www.auto-infos.fr-04-juillet-2024-50000000370966912-1.pdf\" target=\"_blank\" rel=\"noreferrer noopener\"><img loading=\"lazy\" decoding=\"async\" width=\"153\" height=\"200\" src=\"https:\/\/bu.optimum-automotive.com\/wp-content\/uploads\/2024\/07\/01-7.jpg\" alt=\"\" class=\"wp-image-2275\" srcset=\"https:\/\/bu.optimum-automotive.com\/wp-content\/uploads\/2024\/07\/01-7.jpg 153w, https:\/\/bu.optimum-automotive.com\/wp-content\/uploads\/2024\/07\/01-7-9x12.jpg 9w\" sizes=\"auto, (max-width: 153px) 100vw, 153px\" \/><\/a><figcaption class=\"wp-element-caption\"><strong><strong>AUTO INFOS<\/strong><\/strong><br>Troph\u00e9es de L'Automobile &amp; L'Entreprise: os vencedores de 2024 s\u00e3o...<\/figcaption><\/figure><\/div>\n\n<div class=\"wp-block-image\">\n<figure class=\"aligncenter size-full has-lightbox\"><a href=\"https:\/\/bu.optimum-automotive.com\/wp-content\/uploads\/2024\/07\/Decouvrez-le-palmares-des-Trophees-de-LAutomobileLEntreprise-2024.pdf\" target=\"_blank\" rel=\"noreferrer noopener\"><img loading=\"lazy\" decoding=\"async\" width=\"153\" height=\"200\" src=\"https:\/\/bu.optimum-automotive.com\/wp-content\/uploads\/2024\/07\/01-9.jpg\" alt=\"\" class=\"wp-image-2285\" srcset=\"https:\/\/bu.optimum-automotive.com\/wp-content\/uploads\/2024\/07\/01-9.jpg 153w, https:\/\/bu.optimum-automotive.com\/wp-content\/uploads\/2024\/07\/01-9-9x12.jpg 9w\" sizes=\"auto, (max-width: 153px) 100vw, 153px\" \/><\/a><figcaption class=\"wp-element-caption\"><strong><strong>Autom\u00f3veis e neg\u00f3cios<\/strong><\/strong><br>Descubra os vencedores dos Pr\u00e9mios Autom\u00f3vel &amp; Empresa 2024<\/figcaption><\/figure><\/div>\n\n<div class=\"wp-block-image\">\n<figure class=\"aligncenter size-full has-lightbox\"><a href=\"https:\/\/bu.optimum-automotive.com\/wp-content\/uploads\/2024\/07\/Intelligence-artificielle-_-quels-apports-pour-la-gestion-de-flotte-_.pdf\" target=\"_blank\" rel=\"noreferrer noopener\"><img loading=\"lazy\" decoding=\"async\" width=\"153\" height=\"200\" src=\"https:\/\/bu.optimum-automotive.com\/wp-content\/uploads\/2024\/07\/01-10.jpg\" alt=\"\" class=\"wp-image-2292\" srcset=\"https:\/\/bu.optimum-automotive.com\/wp-content\/uploads\/2024\/07\/01-10.jpg 153w, https:\/\/bu.optimum-automotive.com\/wp-content\/uploads\/2024\/07\/01-10-9x12.jpg 9w\" sizes=\"auto, (max-width: 153px) 100vw, 153px\" \/><\/a><figcaption class=\"wp-element-caption\"><strong><strong>Frotas de autom\u00f3veis<\/strong><\/strong><br>Intelig\u00eancia artificial - o que \u00e9 que ela pode fazer pela gest\u00e3o?<br>frota?<\/figcaption><\/figure><\/div>\n\n<div class=\"wp-block-image\">\n<figure class=\"aligncenter size-full has-lightbox\"><a href=\"https:\/\/bu.optimum-automotive.com\/wp-content\/uploads\/2024\/07\/2024-06-24-FLOTTES-AUTOMOBILES-Juin-2024-10000000067233928.pdf\" target=\"_blank\" rel=\"noreferrer noopener\"><img loading=\"lazy\" decoding=\"async\" width=\"153\" height=\"200\" src=\"https:\/\/bu.optimum-automotive.com\/wp-content\/uploads\/2024\/07\/01-11.jpg\" alt=\"\" class=\"wp-image-2296\" srcset=\"https:\/\/bu.optimum-automotive.com\/wp-content\/uploads\/2024\/07\/01-11.jpg 153w, https:\/\/bu.optimum-automotive.com\/wp-content\/uploads\/2024\/07\/01-11-9x12.jpg 9w\" sizes=\"auto, (max-width: 153px) 100vw, 153px\" \/><\/a><figcaption class=\"wp-element-caption\"><strong><strong>Frotas de autom\u00f3veis<\/strong><\/strong><br>Que contributo pode a dire\u00e7\u00e3o dar?<br><\/figcaption><\/figure><\/div>\n\n\n<h2 class=\"wp-block-heading\">JUNHO DE 2024<\/h2>\n\n\n<div class=\"wp-block-image\">\n<figure class=\"aligncenter size-full has-lightbox\"><a href=\"https:\/\/bu.optimum-automotive.com\/wp-content\/uploads\/2024\/07\/2024-06-07-ENERPRESSE-BIP-NEWSLETTER-10-juin-2024-10000000067134087.pdf\" target=\"_blank\" rel=\"noreferrer noopener\"><img loading=\"lazy\" decoding=\"async\" width=\"153\" height=\"200\" src=\"https:\/\/bu.optimum-automotive.com\/wp-content\/uploads\/2024\/07\/01-3.jpg\" alt=\"\" class=\"wp-image-2261\" srcset=\"https:\/\/bu.optimum-automotive.com\/wp-content\/uploads\/2024\/07\/01-3.jpg 153w, https:\/\/bu.optimum-automotive.com\/wp-content\/uploads\/2024\/07\/01-3-9x12.jpg 9w\" sizes=\"auto, (max-width: 153px) 100vw, 153px\" \/><\/a><figcaption class=\"wp-element-caption\"><strong><strong>enerpresse<\/strong><\/strong><br>Optimum Automotive ganha pr\u00e9mio de inova\u00e7\u00e3o na Drive to Zero<\/figcaption><\/figure><\/div>\n\n<div class=\"wp-block-image\">\n<figure class=\"aligncenter size-full has-lightbox\"><a href=\"https:\/\/bu.optimum-automotive.com\/wp-content\/uploads\/2024\/07\/2024-06-06-www.am-today.com-06-juin-2024-50000000370835728.pdf\" target=\"_blank\" rel=\"noreferrer noopener\"><img loading=\"lazy\" decoding=\"async\" width=\"153\" height=\"200\" src=\"https:\/\/bu.optimum-automotive.com\/wp-content\/uploads\/2024\/07\/01-2.jpg\" alt=\"\" class=\"wp-image-2253\" srcset=\"https:\/\/bu.optimum-automotive.com\/wp-content\/uploads\/2024\/07\/01-2.jpg 153w, https:\/\/bu.optimum-automotive.com\/wp-content\/uploads\/2024\/07\/01-2-9x12.jpg 9w\" sizes=\"auto, (max-width: 153px) 100vw, 153px\" \/><\/a><figcaption class=\"wp-element-caption\"><strong><strong>AM-TODAY<\/strong><\/strong><br>Optimum Automotive ganha pr\u00e9mio de inova\u00e7\u00e3o na Drive to Zero<\/figcaption><\/figure><\/div>\n\n<div class=\"wp-block-image\">\n<figure class=\"aligncenter size-full has-lightbox\"><a href=\"https:\/\/bu.optimum-automotive.com\/wp-content\/uploads\/2024\/06\/ADMR-de-la-Vienne-une-gestion-plus-reactive-de-la-flotte.pdf\" target=\"_blank\" rel=\"noreferrer noopener\"><img loading=\"lazy\" decoding=\"async\" width=\"153\" height=\"200\" src=\"https:\/\/bu.optimum-automotive.com\/wp-content\/uploads\/2024\/06\/01-6.jpg\" alt=\"\" class=\"wp-image-2201\" srcset=\"https:\/\/bu.optimum-automotive.com\/wp-content\/uploads\/2024\/06\/01-6.jpg 153w, https:\/\/bu.optimum-automotive.com\/wp-content\/uploads\/2024\/06\/01-6-9x12.jpg 9w\" sizes=\"auto, (max-width: 153px) 100vw, 153px\" \/><\/a><figcaption class=\"wp-element-caption\"><strong><strong>FROTAS DE AUTOM\u00d3VEIS<\/strong><\/strong><br>ADMR de la Vienne: uma gest\u00e3o mais reactiva<br>de la Flotte<\/figcaption><\/figure><\/div>\n\n<div class=\"wp-block-image\">\n<figure class=\"aligncenter size-full has-lightbox\"><a href=\"https:\/\/bu.optimum-automotive.com\/wp-content\/uploads\/2024\/06\/La-flotte-de-lADMR-Vienne-opte-pour-la-solution-dOptimum-Automotive.pdf\" target=\"_blank\" rel=\"noreferrer noopener\"><img loading=\"lazy\" decoding=\"async\" width=\"153\" height=\"200\" src=\"https:\/\/bu.optimum-automotive.com\/wp-content\/uploads\/2024\/06\/01-5.jpg\" alt=\"\" class=\"wp-image-2196\" srcset=\"https:\/\/bu.optimum-automotive.com\/wp-content\/uploads\/2024\/06\/01-5.jpg 153w, https:\/\/bu.optimum-automotive.com\/wp-content\/uploads\/2024\/06\/01-5-9x12.jpg 9w\" sizes=\"auto, (max-width: 153px) 100vw, 153px\" \/><\/a><figcaption class=\"wp-element-caption\"><strong>Autom\u00f3vel &amp; Empresa<\/strong><br>A frota da ADMR opta pela solu\u00e7\u00e3o da Optimum Automotive<\/figcaption><\/figure><\/div>\n\n\n<h2 class=\"wp-block-heading\">MAR\u00c7O DE 2024<\/h2>\n\n\n<div class=\"wp-block-image\">\n<figure class=\"aligncenter size-full has-lightbox\"><a href=\"https:\/\/bu.optimum-automotive.com\/pt\/com-cecile-de-menibus-philippe-david\/\" target=\"_blank\" rel=\"noreferrer noopener\"><img loading=\"lazy\" decoding=\"async\" width=\"153\" height=\"200\" src=\"https:\/\/bu.optimum-automotive.com\/wp-content\/uploads\/2024\/07\/01-1.jpg\" alt=\"\" class=\"wp-image-2251\" srcset=\"https:\/\/bu.optimum-automotive.com\/wp-content\/uploads\/2024\/07\/01-1.jpg 153w, https:\/\/bu.optimum-automotive.com\/wp-content\/uploads\/2024\/07\/01-1-9x12.jpg 9w\" sizes=\"auto, (max-width: 153px) 100vw, 153px\" \/><\/a><figcaption class=\"wp-element-caption\"><strong><strong>sudradio.fr<\/strong><\/strong><br>As vozes reais que fazem a Fran\u00e7a rolar<\/figcaption><\/figure><\/div>\n\n\n<h2 class=\"wp-block-heading\">JANEIRO DE 2024<\/h2>\n\n\n<div class=\"wp-block-image\">\n<figure class=\"aligncenter size-full has-lightbox\"><a href=\"..\/wp-content\/uploads\/2024\/06\/2023-12-22-flottes_automobiles-decembre_2023_-_janvier_2024-100000000662052631.pdf\" target=\"_blank\" rel=\"noreferrer noopener\"><img loading=\"lazy\" decoding=\"async\" width=\"153\" height=\"200\" src=\"https:\/\/bu.optimum-automotive.com\/wp-content\/uploads\/2024\/06\/01-533.jpg\" alt=\"\" class=\"wp-image-1800\"\/><\/a><figcaption class=\"wp-element-caption\"><strong>FROTAS DE AUTOM\u00d3VEIS<\/strong><br>Autom\u00f3veis de empresa Podemos passar sem eles?<\/figcaption><\/figure><\/div>\n\n<div class=\"wp-block-image\">\n<figure class=\"aligncenter size-full is-resized has-lightbox\"><a href=\"https:\/\/bu.optimum-automotive.com\/wp-content\/uploads\/2024\/07\/Optimum-Automotive-_-une-approche-unique-de-la-gestion-de-flotte.pdf\" target=\"_blank\" rel=\"noreferrer noopener\"><img loading=\"lazy\" decoding=\"async\" width=\"153\" height=\"200\" src=\"https:\/\/bu.optimum-automotive.com\/wp-content\/uploads\/2024\/07\/01.jpg\" alt=\"\" class=\"wp-image-2247\" style=\"width:153px;height:auto\" srcset=\"https:\/\/bu.optimum-automotive.com\/wp-content\/uploads\/2024\/07\/01.jpg 153w, https:\/\/bu.optimum-automotive.com\/wp-content\/uploads\/2024\/07\/01-9x12.jpg 9w\" sizes=\"auto, (max-width: 153px) 100vw, 153px\" \/><\/a><figcaption class=\"wp-element-caption\"><strong><strong>flotauto.com<\/strong><\/strong><br>A Optimum Automotive apresenta as suas solu\u00e7\u00f5es conectadas<\/figcaption><\/figure><\/div>\n\n\n<h2 class=\"wp-block-heading\">NOVEMBRO DE 2023<\/h2>\n\n\n<div class=\"wp-block-image\">\n<figure class=\"aligncenter size-full has-lightbox\"><a href=\"..\/wp-content\/uploads\/2024\/06\/2023-11-23-flottes_automobiles-novembre_2023-100000000660290071.pdf\" target=\"_blank\" rel=\"noreferrer noopener\"><img loading=\"lazy\" decoding=\"async\" width=\"153\" height=\"200\" src=\"https:\/\/bu.optimum-automotive.com\/wp-content\/uploads\/2024\/05\/01-532.jpg\" alt=\"\" class=\"wp-image-1632\"\/><\/a><figcaption class=\"wp-element-caption\"><strong>FROTAS DE AUTOM\u00d3VEIS<\/strong><br>PCE Services: Uma frota mais ecol\u00f3gica<\/figcaption><\/figure><\/div>\n\n<div class=\"wp-block-image\">\n<figure class=\"aligncenter size-full has-lightbox\"><a href=\"..\/wp-content\/uploads\/2024\/06\/2023-11-23-flottes_automobiles-novembre_2023-100000000660290091.pdf\" target=\"_blank\" rel=\"noreferrer noopener\"><img loading=\"lazy\" decoding=\"async\" width=\"153\" height=\"200\" src=\"https:\/\/bu.optimum-automotive.com\/wp-content\/uploads\/2024\/06\/01-531.jpg\" alt=\"\" class=\"wp-image-1813\"\/><\/a><figcaption class=\"wp-element-caption\"><strong>FROTAS DE AUTOM\u00d3VEIS<\/strong><br>Servi\u00e7os PCE Uma frota totalmente equipada<\/figcaption><\/figure><\/div>\n\n<div class=\"wp-block-image\">\n<figure class=\"aligncenter size-full has-lightbox\"><a href=\"..\/wp-content\/uploads\/2024\/06\/j-7_avant_le_connectfleet_2023_decouvrez_les_parcours_thematiques1.pdf\" target=\"_blank\" rel=\"noreferrer noopener\"><img loading=\"lazy\" decoding=\"async\" width=\"153\" height=\"200\" src=\"https:\/\/bu.optimum-automotive.com\/wp-content\/uploads\/2024\/06\/01-530.jpg\" alt=\"\" class=\"wp-image-1818\"\/><\/a><figcaption class=\"wp-element-caption\"><strong>AUTOM\u00d3VEIS E EMPRESAS<\/strong><br>Faltam 7 dias para o #CONNECTfleet 2023: os percursos tem\u00e1ticos<\/figcaption><\/figure><\/div>\n\n<div class=\"wp-block-image\">\n<figure class=\"aligncenter size-full has-lightbox\"><a href=\"..\/wp-content\/uploads\/2024\/06\/2023-11-23-decideurs_magazine-novembre_2023-100000000660265811.pdf\" target=\"_blank\" rel=\"noreferrer noopener\"><img loading=\"lazy\" decoding=\"async\" width=\"153\" height=\"200\" src=\"https:\/\/bu.optimum-automotive.com\/wp-content\/uploads\/2024\/06\/01-528.jpg\" alt=\"\" class=\"wp-image-1823\"\/><\/a><figcaption class=\"wp-element-caption\"><strong>DECIDENTES<\/strong><br>O ecossistema da frota abra\u00e7a a transi\u00e7\u00e3o energ\u00e9tica<\/figcaption><\/figure><\/div>\n\n<div class=\"wp-block-image\">\n<figure class=\"aligncenter size-full has-lightbox\"><a href=\"..\/wp-content\/uploads\/2024\/06\/2023-11-23-flottes_automobiles-novembre_2023-100000000660290021.pdf\" target=\"_blank\" rel=\"noreferrer noopener\"><img loading=\"lazy\" decoding=\"async\" width=\"153\" height=\"200\" src=\"https:\/\/bu.optimum-automotive.com\/wp-content\/uploads\/2024\/06\/01-529.jpg\" alt=\"\" class=\"wp-image-1826\"\/><\/a><figcaption class=\"wp-element-caption\"><strong>FROTAS DE AUTOM\u00d3VEIS<\/strong><br>Rencontres Flotauto Lyon 2023: uma tentativa bem sucedida<\/figcaption><\/figure><\/div>\n\n<div class=\"wp-block-image\">\n<figure class=\"aligncenter size-full has-lightbox\"><a href=\"..\/wp-content\/uploads\/2024\/06\/2023-11-21-www.auto-infos.fr-22_novembre_2023-500000003697873271.pdf\" target=\"_blank\" rel=\"noreferrer noopener\"><img loading=\"lazy\" decoding=\"async\" width=\"153\" height=\"200\" src=\"https:\/\/bu.optimum-automotive.com\/wp-content\/uploads\/2024\/06\/01-527.jpg\" alt=\"\" class=\"wp-image-1829\"\/><\/a><figcaption class=\"wp-element-caption\"><strong>auto-infos.fr<\/strong><br>Faltam 7 dias para o #CONNECTfleet 2023: descubra os percursos tem\u00e1ticos<\/figcaption><\/figure><\/div>\n\n<div class=\"wp-block-image\">\n<figure class=\"aligncenter size-full has-lightbox\"><a href=\"..\/wp-content\/uploads\/2024\/06\/2023-11-15-www.auto-infos.fr-18_novembre_2023-500000003697669351.pdf\" target=\"_blank\" rel=\"noreferrer noopener\"><img loading=\"lazy\" decoding=\"async\" width=\"153\" height=\"200\" src=\"https:\/\/bu.optimum-automotive.com\/wp-content\/uploads\/2024\/06\/01-526.jpg\" alt=\"\" class=\"wp-image-1832\"\/><\/a><figcaption class=\"wp-element-caption\"><strong>auto-infos.fr<\/strong><br>Tornar a mobilidade das empresas sustent\u00e1vel: um desafio a apoiar!<\/figcaption><\/figure><\/div>\n\n<div class=\"wp-block-image\">\n<figure class=\"aligncenter size-full has-lightbox\"><a href=\"..\/wp-content\/uploads\/2024\/06\/2023-10-25-actualites-cci.com-25_octobre_2023-50000000369633154_1_1.pdf\" target=\"_blank\" rel=\"noreferrer noopener\"><img loading=\"lazy\" decoding=\"async\" width=\"153\" height=\"200\" src=\"https:\/\/bu.optimum-automotive.com\/wp-content\/uploads\/2024\/06\/01-524.jpg\" alt=\"\" class=\"wp-image-1834\"\/><\/a><figcaption class=\"wp-element-caption\"><strong>not\u00edcias-cci<\/strong><br>Webinar: Gest\u00e3o de sinistros e danos, uma nova fonte de poupan\u00e7a<\/figcaption><\/figure><\/div>\n\n\n<h2 class=\"wp-block-heading\">OUTUBRO DE 2023<\/h2>\n\n\n<div class=\"wp-block-image\">\n<figure class=\"aligncenter size-full has-lightbox\"><a href=\"..\/wp-content\/uploads\/2024\/06\/2023-10-25-flottes_automobiles-octobre_2023-100000000658691051.pdf\" target=\"_blank\" rel=\"noreferrer noopener\"><img loading=\"lazy\" decoding=\"async\" width=\"153\" height=\"200\" src=\"https:\/\/bu.optimum-automotive.com\/wp-content\/uploads\/2024\/06\/01-523.jpg\" alt=\"\" class=\"wp-image-1837\"\/><\/a><figcaption class=\"wp-element-caption\"><strong>FROTAS DE AUTOM\u00d3VEIS<\/strong><br>Digitaliza\u00e7\u00e3o da frota, como preparar as suas equipas?<\/figcaption><\/figure><\/div>\n\n<div class=\"wp-block-image\">\n<figure class=\"aligncenter size-full has-lightbox\"><a href=\"..\/wp-content\/uploads\/2024\/06\/2023-10-20-l_argus_pro-20_octobre_2023-10000000065848583_4_1.pdf\" target=\"_blank\" rel=\"noreferrer noopener\"><img loading=\"lazy\" decoding=\"async\" width=\"153\" height=\"200\" src=\"https:\/\/bu.optimum-automotive.com\/wp-content\/uploads\/2024\/06\/01-522.jpg\" alt=\"\" class=\"wp-image-1839\"\/><\/a><figcaption class=\"wp-element-caption\"><strong>ARGUS PRO<\/strong><br>Como a Optimum Automotive utiliza a IA e os dados para otimizar o TCO<\/figcaption><\/figure><\/div>\n\n<div class=\"wp-block-image\">\n<figure class=\"aligncenter size-full has-lightbox\"><a href=\"..\/IMG\/pdf\/2023-10-26-www.auto-infos.fr-26_octobre_2023-50000000369641658.pdf\" target=\"_blank\" rel=\"noreferrer noopener\"><img loading=\"lazy\" decoding=\"async\" width=\"153\" height=\"200\" src=\"https:\/\/bu.optimum-automotive.com\/wp-content\/uploads\/2024\/06\/01-525.jpg\" alt=\"\" class=\"wp-image-1842\"\/><\/a><figcaption class=\"wp-element-caption\"><strong>auto-infos.fr<\/strong><br>Gest\u00e3o de frotas: as solu\u00e7\u00f5es da Optimum Automotive j\u00e1 est\u00e3o referenciadas<br>por UniHA<\/figcaption><\/figure><\/div>\n\n\n<h2 class=\"wp-block-heading\">JUNHO DE 2023<\/h2>\n\n\n<div class=\"wp-block-image\">\n<figure class=\"aligncenter size-full has-lightbox\"><a href=\"..\/wp-content\/uploads\/2024\/06\/2023-06-30-les_routiers-juillet_-_aout_2023-100000000653150011.pdf\" target=\"_blank\" rel=\"noreferrer noopener\"><img loading=\"lazy\" decoding=\"async\" width=\"153\" height=\"200\" src=\"https:\/\/bu.optimum-automotive.com\/wp-content\/uploads\/2024\/06\/01-519.jpg\" alt=\"\" class=\"wp-image-1844\"\/><\/a><figcaption class=\"wp-element-caption\"><strong>AS ESTRADAS<\/strong><br>Roubo de combust\u00edvel: A praga dos parques de estacionamento de ve\u00edculos pesados<\/figcaption><\/figure><\/div>\n\n<div class=\"wp-block-image\">\n<figure class=\"aligncenter size-full has-lightbox\"><a href=\"..\/IMG\/pdf\/2023-06-27-flottes_automobiles-juin_2023-10000000065292904.pdf\" target=\"_blank\" rel=\"noreferrer noopener\"><img loading=\"lazy\" decoding=\"async\" width=\"153\" height=\"200\" src=\"https:\/\/bu.optimum-automotive.com\/wp-content\/uploads\/2024\/06\/01-518.jpg\" alt=\"\" class=\"wp-image-1846\"\/><\/a><figcaption class=\"wp-element-caption\"><strong>FROTAS DE AUTOM\u00d3VEIS<\/strong><br>Ve\u00edculos partilhados : Uma solu\u00e7\u00e3o ecol\u00f3gica e econ\u00f3mica<\/figcaption><\/figure><\/div>\n\n<div class=\"wp-block-image\">\n<figure class=\"aligncenter size-full has-lightbox\"><a href=\"..\/wp-content\/uploads\/2024\/06\/2023-06-27-www.auto-infos.fr-27_juin_2023-500000003690556321.pdf\" target=\"_blank\" rel=\"noreferrer noopener\"><img loading=\"lazy\" decoding=\"async\" width=\"153\" height=\"200\" src=\"https:\/\/bu.optimum-automotive.com\/wp-content\/uploads\/2024\/06\/01-517.jpg\" alt=\"\" class=\"wp-image-1847\"\/><\/a><figcaption class=\"wp-element-caption\"><strong>auto-infos.fr<\/strong><br>Troph\u00e9es de L'Automobile &amp; L'Entreprise: os vencedores de 2023 s\u00e3o...<\/figcaption><\/figure><\/div>\n\n<div class=\"wp-block-image\">\n<figure class=\"aligncenter size-full has-lightbox\"><a href=\"..\/wp-content\/uploads\/2024\/06\/2023-06-28-flottes_automobiles-juin_2023-100000000652929801.pdf\" target=\"_blank\" rel=\"noreferrer noopener\"><img loading=\"lazy\" decoding=\"async\" width=\"153\" height=\"200\" src=\"https:\/\/bu.optimum-automotive.com\/wp-content\/uploads\/2024\/06\/01-520.jpg\" alt=\"\" class=\"wp-image-1849\"\/><\/a><figcaption class=\"wp-element-caption\"><strong>FROTAS DE AUTOM\u00d3VEIS<\/strong><br>Car-sharing Um instrumento pr\u00e1tico<\/figcaption><\/figure><\/div>\n\n<div class=\"wp-block-image\">\n<figure class=\"aligncenter size-full has-lightbox\"><a href=\"..\/wp-content\/uploads\/2024\/06\/2023-06-28-flottes_automobiles-juin_2023-100000000652929771.pdf\" target=\"_blank\" rel=\"noreferrer noopener\"><img loading=\"lazy\" decoding=\"async\" width=\"153\" height=\"200\" src=\"https:\/\/bu.optimum-automotive.com\/wp-content\/uploads\/2024\/06\/01-521.jpg\" alt=\"\" class=\"wp-image-1852\"\/><\/a><figcaption class=\"wp-element-caption\"><strong>FROTAS DE AUTOM\u00d3VEIS<\/strong><br>Car-sharing Uma solu\u00e7\u00e3o ecol\u00f3gica e econ\u00f3mica<\/figcaption><\/figure><\/div>\n\n\n<h2 class=\"wp-block-heading\">MAIO DE 2023<\/h2>\n\n\n<div class=\"wp-block-image\">\n<figure class=\"aligncenter size-full has-lightbox\"><a href=\"..\/wp-content\/uploads\/2024\/06\/2023-05-03-zepros_apres_vente_auto-mai_2023-100000000649966811.pdf\" target=\"_blank\" rel=\"noreferrer noopener\"><img loading=\"lazy\" decoding=\"async\" width=\"153\" height=\"200\" src=\"https:\/\/bu.optimum-automotive.com\/wp-content\/uploads\/2024\/06\/01-516.jpg\" alt=\"\" class=\"wp-image-1854\"\/><\/a><figcaption class=\"wp-element-caption\"><strong>ZEPROS<\/strong><br>Laurent Verdier junta-se \u00e0 empresa especializada em ci\u00eancia de dados para o mercado da mobilidade e dos ve\u00edculos conectados<\/figcaption><\/figure><\/div>\n\n\n<h2 class=\"wp-block-heading\">ABRIL DE 2023<\/h2>\n\n\n<div class=\"wp-block-image\">\n<figure class=\"aligncenter size-full has-lightbox\"><a href=\"..\/wp-content\/uploads\/2024\/06\/2023-04-26-le_journal_des_entreprises_-_le_brief_edition_region_sud_newsletter_-25_avril_2023-100000000649568701.pdf\" target=\"_blank\" rel=\"noreferrer noopener\"><img loading=\"lazy\" decoding=\"async\" width=\"153\" height=\"200\" src=\"https:\/\/bu.optimum-automotive.com\/wp-content\/uploads\/2024\/06\/01-515.jpg\" alt=\"\" class=\"wp-image-1856\"\/><\/a><figcaption class=\"wp-element-caption\"><strong>Le Journal des Entreprises - Regi\u00e3o Sul<\/strong><br>A Optimum Automotive oferece uma avalia\u00e7\u00e3o gratuita de tr\u00eas meses da sua plataforma<\/figcaption><\/figure><\/div>\n\n<div class=\"wp-block-image\">\n<figure class=\"aligncenter size-full has-lightbox\"><a href=\"..\/wp-content\/uploads\/2024\/06\/2023-04-06-le_journal_des_flottes-mars_-_avril_2023-100000000648540311.pdf\" target=\"_blank\" rel=\"noreferrer noopener\"><img loading=\"lazy\" decoding=\"async\" width=\"153\" height=\"200\" src=\"https:\/\/bu.optimum-automotive.com\/wp-content\/uploads\/2024\/06\/01-505.jpg\" alt=\"\" class=\"wp-image-1859\"\/><\/a><figcaption class=\"wp-element-caption\"><strong>Jornal da frota<\/strong><br>11 Chaves para reduzir o tamanho da sua frota<\/figcaption><\/figure><\/div>\n\n<div class=\"wp-block-image\">\n<figure class=\"aligncenter size-full has-lightbox\"><a href=\"..\/wp-content\/uploads\/2024\/06\/2023-04-14-executives-13_avril_2023-100000000648920291.pdf\" target=\"_blank\" rel=\"noreferrer noopener\"><img loading=\"lazy\" decoding=\"async\" width=\"153\" height=\"200\" src=\"https:\/\/bu.optimum-automotive.com\/wp-content\/uploads\/2024\/06\/01-509.jpg\" alt=\"\" class=\"wp-image-1862\"\/><\/a><figcaption class=\"wp-element-caption\"><strong>Executivos<\/strong><br>GEST\u00c3O DE FROTAS E GPS \/ OPTIMUM AUTOMOTIVE: Laurent Verdier nomeado diretor de contas estrat\u00e9gicas.<\/figcaption><\/figure><\/div>\n\n<div class=\"wp-block-image\">\n<figure class=\"aligncenter size-full has-lightbox\"><a href=\"..\/wp-content\/uploads\/2024\/06\/2023-04-14-flash-infos_edition_paca_corse_occitanie_newsletter_-13_avril_2023-10000000064892033_003_1.pdf\" target=\"_blank\" rel=\"noreferrer noopener\"><img loading=\"lazy\" decoding=\"async\" width=\"153\" height=\"200\" src=\"https:\/\/bu.optimum-automotive.com\/wp-content\/uploads\/2024\/06\/01-508.jpg\" alt=\"\" class=\"wp-image-1865\"\/><\/a><figcaption class=\"wp-element-caption\"><strong>FLASH-INFOS (EDI\u00c7\u00c3O PACA CORSE OCCITANIE)<\/strong><br>AUTOMOTIVO: Laurent Verdier respons\u00e1vel pelas contas estrat\u00e9gicas da OPTIMUM AUTOMOTIVE<\/figcaption><\/figure><\/div>\n\n<div class=\"wp-block-image\">\n<figure class=\"aligncenter size-full has-lightbox\"><a href=\"https:\/\/bu.optimum-automotive.com\/wp-content\/uploads\/2024\/06\/2023-04-21-flottes_automobiles-avril_2023-100000000649388001.pdf\" target=\"_blank\" rel=\"noreferrer noopener\"><img loading=\"lazy\" decoding=\"async\" width=\"153\" height=\"200\" src=\"https:\/\/bu.optimum-automotive.com\/wp-content\/uploads\/2024\/06\/01-514.jpg\" alt=\"\" class=\"wp-image-1868\"\/><\/a><figcaption class=\"wp-element-caption\"><strong>FROTAS DE AUTOM\u00d3VEIS<\/strong><br>GEST\u00c3O: Pacote de mobilidade sustent\u00e1vel e cr\u00e9dito de mobilidade 2023, o ano de arranque<\/figcaption><\/figure><\/div>\n\n<div class=\"wp-block-image\">\n<figure class=\"aligncenter size-full has-lightbox\"><a href=\"https:\/\/bu.optimum-automotive.com\/wp-content\/uploads\/2024\/06\/2023-04-13-www.flotauto.com-13_avril_2023-500000003686589671.pdf\" target=\"_blank\" rel=\"noreferrer noopener\"><img loading=\"lazy\" decoding=\"async\" width=\"153\" height=\"200\" src=\"https:\/\/bu.optimum-automotive.com\/wp-content\/uploads\/2024\/06\/01-511.jpg\" alt=\"\" class=\"wp-image-1869\"\/><\/a><figcaption class=\"wp-element-caption\"><strong>flotauto.com<\/strong><br>Nomea\u00e7\u00e3o: Laurent Verdier, Diretor de Contas Estrat\u00e9gicas, Optimum Automotive<\/figcaption><\/figure><\/div>\n\n<div class=\"wp-block-image\">\n<figure class=\"aligncenter size-full has-lightbox\"><a href=\"https:\/\/bu.optimum-automotive.com\/wp-content\/uploads\/2024\/06\/2023-04-14-autoactu.com_newsletter_-13_avril_2023-100000000648920281.pdf\" target=\"_blank\" rel=\"noreferrer noopener\"><img loading=\"lazy\" decoding=\"async\" width=\"153\" height=\"200\" src=\"https:\/\/bu.optimum-automotive.com\/wp-content\/uploads\/2024\/06\/01-510.jpg\" alt=\"\" class=\"wp-image-1870\"\/><\/a><figcaption class=\"wp-element-caption\"><strong>autoactu.com<\/strong><br>Laurent Verdier nomeado diretor de contas estrat\u00e9gicas da Optimum Automotive<\/figcaption><\/figure><\/div>\n\n<div class=\"wp-block-image\">\n<figure class=\"aligncenter size-full has-lightbox\"><a href=\"https:\/\/bu.optimum-automotive.com\/wp-content\/uploads\/2024\/06\/2023-04-13-www.am-today.com-13_avril_2023-500000003686589851.pdf\" target=\"_blank\" rel=\"noreferrer noopener\"><img loading=\"lazy\" decoding=\"async\" width=\"153\" height=\"200\" src=\"https:\/\/bu.optimum-automotive.com\/wp-content\/uploads\/2024\/06\/01-512.jpg\" alt=\"\" class=\"wp-image-1871\"\/><\/a><figcaption class=\"wp-element-caption\"><strong>am-today.com<\/strong><br>Laurent Verdier junta-se \u00e0 equipa de vendas de contas-chave da Optimum Automotive<\/figcaption><\/figure><\/div>\n\n<div class=\"wp-block-image\">\n<figure class=\"aligncenter size-full has-lightbox\"><a href=\"https:\/\/bu.optimum-automotive.com\/wp-content\/uploads\/2024\/06\/2023-04-13-auto.zepros.fr-13_avril_2023-500000003686589751.pdf\" target=\"_blank\" rel=\"noreferrer noopener\"><img loading=\"lazy\" decoding=\"async\" width=\"153\" height=\"200\" src=\"https:\/\/bu.optimum-automotive.com\/wp-content\/uploads\/2024\/06\/01-513.jpg\" alt=\"\" class=\"wp-image-1872\"\/><\/a><figcaption class=\"wp-element-caption\"><strong>auto.zepros.fr<\/strong><br>A Optimum Automotive nomeia um novo gestor de contas-chave<\/figcaption><\/figure><\/div>\n\n<div class=\"wp-block-image\">\n<figure class=\"aligncenter size-full has-lightbox\"><a href=\"https:\/\/bu.optimum-automotive.com\/wp-content\/uploads\/2024\/06\/2023-04-14-le_journal_des_entreprises_-_le_brief_edition_region_sud_newsletter_-12_avril_2023-100000000648920341.pdf\" target=\"_blank\" rel=\"noreferrer noopener\"><img loading=\"lazy\" decoding=\"async\" width=\"153\" height=\"200\" src=\"https:\/\/bu.optimum-automotive.com\/wp-content\/uploads\/2024\/06\/01-507.jpg\" alt=\"\" class=\"wp-image-1873\"\/><\/a><figcaption class=\"wp-element-caption\"><strong>Le Journal des Entreprises - Regi\u00e3o Sul<\/strong><br>Laurent Verdier nomeado Diretor de Contas Estrat\u00e9gicas da Optimum Automotive<\/figcaption><\/figure><\/div>\n\n\n<h2 class=\"wp-block-heading\">MAR\u00c7O DE 2023<\/h2>\n\n\n<div class=\"wp-block-image\">\n<figure class=\"aligncenter size-full has-lightbox\"><a href=\"https:\/\/bu.optimum-automotive.com\/wp-content\/uploads\/2024\/06\/2023-03-10-flottes_automobiles-mars_2023-100000000647001331.pdf\" target=\"_blank\" rel=\"noreferrer noopener\"><img loading=\"lazy\" decoding=\"async\" width=\"153\" height=\"200\" src=\"https:\/\/bu.optimum-automotive.com\/wp-content\/uploads\/2024\/06\/01-504.jpg\" alt=\"\" class=\"wp-image-1882\"\/><\/a><figcaption class=\"wp-element-caption\"><strong>FROTAS DE AUTOM\u00d3VEIS<\/strong><br>Telem\u00e1tica: otimizar e tornar as frotas mais ecol\u00f3gicas<\/figcaption><\/figure><\/div>\n\n<div class=\"wp-block-image\">\n<figure class=\"aligncenter size-full has-lightbox\"><a href=\"https:\/\/bu.optimum-automotive.com\/wp-content\/uploads\/2024\/06\/optimum_automotive_signe_un_accord_de_distribution_avec_l_entreprise_marocaine_edrive1.pdf\" target=\"_blank\" rel=\"noreferrer noopener\"><img loading=\"lazy\" decoding=\"async\" width=\"153\" height=\"200\" src=\"https:\/\/bu.optimum-automotive.com\/wp-content\/uploads\/2024\/06\/01-506.jpg\" alt=\"\" class=\"wp-image-1883\"\/><\/a><figcaption class=\"wp-element-caption\"><strong>industrie-mag.com<\/strong><br>A Optimum Automotive assina um acordo de distribui\u00e7\u00e3o com a empresa marroquina Edrive<\/figcaption><\/figure><\/div>\n\n<div class=\"wp-block-image\">\n<figure class=\"aligncenter size-full has-lightbox\"><a href=\"https:\/\/bu.optimum-automotive.com\/wp-content\/uploads\/2024\/06\/l_equipe_d_optimum_automotive_s_agrandit_pour_faire_de_son_ambition_internationale_une_realite-1.pdf\" target=\"_blank\" rel=\"noreferrer noopener\"><img loading=\"lazy\" decoding=\"async\" width=\"153\" height=\"200\" src=\"https:\/\/bu.optimum-automotive.com\/wp-content\/uploads\/2024\/06\/01-501.jpg\" alt=\"\" class=\"wp-image-1884\"\/><\/a><figcaption class=\"wp-element-caption\"><strong>Revista L'Automobile<\/strong><br>A equipa da Optimum Automotive expande-se para tornar as suas ambi\u00e7\u00f5es internacionais uma realidade<\/figcaption><\/figure><\/div>\n\n<div class=\"wp-block-image\">\n<figure class=\"aligncenter size-full has-lightbox\"><a href=\"https:\/\/www.mappingcontrol.com\/IMG\/pdf\/automobile_optimum_automotive_-_raghavendra_thiagarajan_nomme_head_of_global_products_strategy.pdf\" target=\"_blank\" rel=\"noreferrer noopener\"><img loading=\"lazy\" decoding=\"async\" width=\"153\" height=\"200\" src=\"https:\/\/bu.optimum-automotive.com\/wp-content\/uploads\/2024\/06\/01-502.jpg\" alt=\"\" class=\"wp-image-1885\"\/><\/a><figcaption class=\"wp-element-caption\"><strong>pa-sport.fr<\/strong><br>AUTOMOTIVE : Optimum automotive - Raghavendra THIAGARAJAN nomeado Diretor de Estrat\u00e9gia Global de Produtos<\/figcaption><\/figure><\/div>\n\n<div class=\"wp-block-image\">\n<figure class=\"aligncenter size-full has-lightbox\"><a href=\"https:\/\/www.mappingcontrol.com\/IMG\/pdf\/raghavendran_thiagarajan_nomme_responsable_de_la_strategie_des_produits_mondiaux_d_optimum_automotive_-_le_journal_des_entreprises_-_region_sud.pdf\" target=\"_blank\" rel=\"noreferrer noopener\"><img loading=\"lazy\" decoding=\"async\" width=\"153\" height=\"200\" src=\"https:\/\/bu.optimum-automotive.com\/wp-content\/uploads\/2024\/06\/01-503.jpg\" alt=\"\" class=\"wp-image-1886\"\/><\/a><figcaption class=\"wp-element-caption\"><strong>lejournaldesentreprises.com<\/strong><br>Raghavendran Thiagarajan nomeado Diretor da Estrat\u00e9gia Global de Produtos da Optimum Automotive<\/figcaption><\/figure><\/div>\n\n\n<h2 class=\"wp-block-heading\">FEVEREIRO DE 2023<\/h2>\n\n\n<div class=\"wp-block-image\">\n<figure class=\"aligncenter size-full has-lightbox\"><a href=\"https:\/\/bu.optimum-automotive.com\/wp-content\/uploads\/2024\/06\/l_aixois_optimum_automotive_present_aux_rencontres_flotauto_a_paris_-_le_journal_des_entreprises_-_region_sud1.pdf\" target=\"_blank\" rel=\"noreferrer noopener\"><img loading=\"lazy\" decoding=\"async\" width=\"153\" height=\"200\" src=\"https:\/\/bu.optimum-automotive.com\/wp-content\/uploads\/2024\/06\/01-500.jpg\" alt=\"\" class=\"wp-image-1891\"\/><\/a><figcaption class=\"wp-element-caption\"><strong>O JORNAL ECON\u00d3MICO<\/strong><br>A Optimum Automotive, sediada em Aix, nas reuni\u00f5es da Flotauto em Paris<\/figcaption><\/figure><\/div>\n\n<div class=\"wp-block-image\">\n<figure class=\"aligncenter size-full has-lightbox\"><a href=\"https:\/\/www.mappingcontrol.com\/IMG\/pdf\/2023-02-17-transport_info-fevrier_2023-10000000064579087.pdf\" target=\"_blank\" rel=\"noreferrer noopener\"><img loading=\"lazy\" decoding=\"async\" width=\"153\" height=\"200\" src=\"https:\/\/bu.optimum-automotive.com\/wp-content\/uploads\/2024\/06\/01-496.jpg\" alt=\"\" class=\"wp-image-1892\"\/><\/a><figcaption class=\"wp-element-caption\"><strong>Informa\u00e7\u00f5es sobre transportes<\/strong><br>Como pode reduzir o seu consumo?<\/figcaption><\/figure><\/div>\n\n<div class=\"wp-block-image\">\n<figure class=\"aligncenter size-full has-lightbox\"><a href=\"https:\/\/www.mappingcontrol.com\/IMG\/pdf\/2023-02-14-www.auto-infos.fr-14_fevrier_2023-50000000368336719.pdf\" target=\"_blank\" rel=\"noreferrer noopener\"><img loading=\"lazy\" decoding=\"async\" width=\"153\" height=\"200\" src=\"https:\/\/bu.optimum-automotive.com\/wp-content\/uploads\/2024\/06\/01-497.jpg\" alt=\"\" class=\"wp-image-1893\"\/><\/a><figcaption class=\"wp-element-caption\"><strong>auto-infos.fr<\/strong><br>A Optimum Automotive continua a sua expans\u00e3o no continente africano<\/figcaption><\/figure><\/div>\n\n<div class=\"wp-block-image\">\n<figure class=\"aligncenter size-full has-lightbox\"><a href=\"https:\/\/www.mappingcontrol.com\/IMG\/pdf\/2023-02-14-www.industrie-mag.com-14_fevrier_2023-50000000368336706.pdf\" target=\"_blank\" rel=\"noreferrer noopener\"><img loading=\"lazy\" decoding=\"async\" width=\"153\" height=\"200\" src=\"https:\/\/bu.optimum-automotive.com\/wp-content\/uploads\/2024\/06\/01-498.jpg\" alt=\"\" class=\"wp-image-1894\"\/><\/a><figcaption class=\"wp-element-caption\"><strong>industrie-mag.com<\/strong><br>A Optimum Automotive acelera o seu desenvolvimento no continente africano<\/figcaption><\/figure><\/div>\n\n<div class=\"wp-block-image\">\n<figure class=\"aligncenter size-full has-lightbox\"><a href=\"https:\/\/bu.optimum-automotive.com\/wp-content\/uploads\/2024\/06\/2023-02-15-le_journal_des_entreprises_-_le_brief_edition_region_sud_newsletter_-14_fevrier_2023-100000000645677381.pdf\" target=\"_blank\" rel=\"noreferrer noopener\"><img loading=\"lazy\" decoding=\"async\" width=\"153\" height=\"200\" src=\"https:\/\/bu.optimum-automotive.com\/wp-content\/uploads\/2024\/06\/01-499.jpg\" alt=\"\" class=\"wp-image-1895\"\/><\/a><figcaption class=\"wp-element-caption\"><strong>O JORNAL ECON\u00d3MICO<\/strong><br>A Optimum Automotive continua a sua expans\u00e3o internacional<\/figcaption><\/figure><\/div>\n\n<div class=\"wp-block-image\">\n<figure class=\"aligncenter size-full has-lightbox\"><a href=\"https:\/\/bu.optimum-automotive.com\/wp-content\/uploads\/2024\/06\/intelligence_artificielle_et_automobile___la_montee_en_puissance1.pdf\" target=\"_blank\" rel=\"noreferrer noopener\"><img loading=\"lazy\" decoding=\"async\" width=\"153\" height=\"200\" src=\"https:\/\/bu.optimum-automotive.com\/wp-content\/uploads\/2024\/06\/01-494.jpg\" alt=\"\" class=\"wp-image-1896\"\/><\/a><figcaption class=\"wp-element-caption\"><strong>flotauto.com<\/strong><br>A intelig\u00eancia artificial e o autom\u00f3vel: a ascens\u00e3o ao poder<\/figcaption><\/figure><\/div>\n\n<div class=\"wp-block-image\">\n<figure class=\"aligncenter size-full has-lightbox\"><a href=\"https:\/\/www.mappingcontrol.com\/IMG\/pdf\/paris_optimum_automotive_accelere_a_l_international.pdf\" target=\"_blank\" rel=\"noreferrer noopener\"><img loading=\"lazy\" decoding=\"async\" width=\"153\" height=\"200\" src=\"https:\/\/bu.optimum-automotive.com\/wp-content\/uploads\/2024\/06\/01-495.jpg\" alt=\"\" class=\"wp-image-1897\"\/><\/a><figcaption class=\"wp-element-caption\"><strong>presseagence.fr<\/strong><br>PARIS: A Optimum automotive refor\u00e7a a sua expans\u00e3o internacional<\/figcaption><\/figure><\/div>\n\n\n<h2 class=\"wp-block-heading\">JANEIRO DE 2023<\/h2>\n\n\n<div class=\"wp-block-image\">\n<figure class=\"aligncenter size-full has-lightbox\"><a href=\"https:\/\/bu.optimum-automotive.com\/wp-content\/uploads\/2024\/06\/transportissimo.com_lutter-contre-le-vol-de-carburant1.pdf\" target=\"_blank\" rel=\"noreferrer noopener\"><img loading=\"lazy\" decoding=\"async\" width=\"153\" height=\"200\" src=\"https:\/\/bu.optimum-automotive.com\/wp-content\/uploads\/2024\/06\/01-493.jpg\" alt=\"\" class=\"wp-image-1902\"\/><\/a><figcaption class=\"wp-element-caption\"><strong>Transportissimo<\/strong><br>Luta contra o roubo de combust\u00edvel<\/figcaption><\/figure><\/div>\n\n<div class=\"wp-block-image\">\n<figure class=\"aligncenter size-full has-lightbox\"><a href=\"https:\/\/bu.optimum-automotive.com\/wp-content\/uploads\/2024\/06\/optimum_automotive_-_carburant_vole__carburant_rembourse-_infos_751.pdf\" target=\"_blank\" rel=\"noreferrer noopener\"><img loading=\"lazy\" decoding=\"async\" width=\"153\" height=\"200\" src=\"https:\/\/bu.optimum-automotive.com\/wp-content\/uploads\/2024\/06\/01-492.jpg\" alt=\"\" class=\"wp-image-1903\"\/><\/a><figcaption class=\"wp-element-caption\"><strong>Not\u00edcias 75<\/strong><br>Optimum Automotive combust\u00edvel roubado = combust\u00edvel reembolsado!<\/figcaption><\/figure><\/div>\n\n<div class=\"wp-block-image\">\n<figure class=\"aligncenter size-full has-lightbox\"><a href=\"https:\/\/bu.optimum-automotive.com\/wp-content\/uploads\/2024\/06\/2023-01-08-radio.vinci-autoroutes.com-january_08_2023-500000003681349891.pdf\" target=\"_blank\" rel=\"noreferrer noopener\"><img loading=\"lazy\" decoding=\"async\" width=\"153\" height=\"200\" src=\"https:\/\/bu.optimum-automotive.com\/wp-content\/uploads\/2024\/06\/01-491.jpg\" alt=\"\" class=\"wp-image-1904\"\/><\/a><figcaption class=\"wp-element-caption\"><strong>radio.vinci-autoroutes.com<\/strong><br>Partilha de autom\u00f3veis na empresa: uma escolha vencedora<\/figcaption><\/figure><\/div>\n\n<div class=\"wp-block-image\">\n<figure class=\"aligncenter size-full has-lightbox\"><a href=\"https:\/\/bu.optimum-automotive.com\/wp-content\/uploads\/2024\/06\/2023-01-06-www.auto-infos.fr-january_06_2023-500000003681249491.pdf\" target=\"_blank\" rel=\"noreferrer noopener\"><img loading=\"lazy\" decoding=\"async\" width=\"153\" height=\"200\" src=\"https:\/\/bu.optimum-automotive.com\/wp-content\/uploads\/2024\/06\/01-490.jpg\" alt=\"\" class=\"wp-image-1905\"\/><\/a><figcaption class=\"wp-element-caption\"><strong>auto-infos.fr<\/strong><br>A Optimum Automotive compromete-se a reembolsar o combust\u00edvel roubado aos clientes equipados com a sua solu\u00e7\u00e3o Securifuel<\/figcaption><\/figure><\/div>\n\n<div class=\"wp-block-image\">\n<figure class=\"aligncenter size-full has-lightbox\"><a href=\"https:\/\/bu.optimum-automotive.com\/wp-content\/uploads\/2024\/06\/2023-01-05-www.pa-sport.fr-january_05_2023-500000003681194831.pdf\" target=\"_blank\" rel=\"noreferrer noopener\"><img loading=\"lazy\" decoding=\"async\" width=\"153\" height=\"200\" src=\"https:\/\/bu.optimum-automotive.com\/wp-content\/uploads\/2024\/06\/01-489.jpg\" alt=\"\" class=\"wp-image-1906\"\/><\/a><figcaption class=\"wp-element-caption\"><strong>pa-sport.fr<\/strong><br>AUTOMOTIVO: Com a Optimum automotive, o combust\u00edvel roubado \u00e9 combust\u00edvel reembolsado!<\/figcaption><\/figure><\/div>\n\n<div class=\"wp-block-image\">\n<figure class=\"aligncenter size-full has-lightbox\"><a href=\"https:\/\/bu.optimum-automotive.com\/wp-content\/uploads\/2024\/06\/optimum_automotive_lance_une_offre_exclusive___vol_de_carburant_rembourse___-_le_journal_des_entreprises_-_region_sud1.pdf\" target=\"_blank\" rel=\"noreferrer noopener\"><img loading=\"lazy\" decoding=\"async\" width=\"153\" height=\"200\" src=\"https:\/\/bu.optimum-automotive.com\/wp-content\/uploads\/2024\/06\/01-488.jpg\" alt=\"\" class=\"wp-image-1907\"\/><\/a><figcaption class=\"wp-element-caption\"><strong>O JORNAL ECON\u00d3MICO<\/strong><br>Optimum Automotive lan\u00e7a uma oferta exclusiva Vol decarburant rembours\u00e9<\/figcaption><\/figure><\/div>\n\n\n<h2 class=\"wp-block-heading\">DEZEMBRO DE 2022<\/h2>\n\n\n<div class=\"wp-block-image\">\n<figure class=\"aligncenter size-full has-lightbox\"><a href=\"https:\/\/bu.optimum-automotive.com\/wp-content\/uploads\/2024\/06\/2022-12-29-flottes_automobiles-decembre_2022_-_janvier_2023-100000000643153901.pdf\" target=\"_blank\" rel=\"noreferrer noopener\"><img loading=\"lazy\" decoding=\"async\" width=\"153\" height=\"200\" src=\"https:\/\/bu.optimum-automotive.com\/wp-content\/uploads\/2024\/06\/01-486.jpg\" alt=\"\" class=\"wp-image-1921\"\/><\/a><figcaption class=\"wp-element-caption\"><strong>FROTAS DE AUTOM\u00d3VEIS<\/strong><br>O RESPONS\u00c1VEL PELA VIAGEM QUER GERIR A MOBILIDADE<\/figcaption><\/figure><\/div>\n\n<div class=\"wp-block-image\">\n<figure class=\"aligncenter size-full has-lightbox\"><a href=\"https:\/\/bu.optimum-automotive.com\/wp-content\/uploads\/2024\/06\/2022-12-29-flottes_automobiles-decembre_2022_-_janvier_2023-100000000643153981.pdf\" target=\"_blank\" rel=\"noreferrer noopener\"><img loading=\"lazy\" decoding=\"async\" width=\"153\" height=\"200\" src=\"https:\/\/bu.optimum-automotive.com\/wp-content\/uploads\/2024\/06\/01-487.jpg\" alt=\"\" class=\"wp-image-1922\"\/><\/a><figcaption class=\"wp-element-caption\"><strong>FROTAS DE AUTOM\u00d3VEIS<\/strong><br>Intelig\u00eancia artificial: a ascens\u00e3o ao poder<\/figcaption><\/figure><\/div>\n\n<div class=\"wp-block-image\">\n<figure class=\"aligncenter size-full has-lightbox\"><a href=\"https:\/\/bu.optimum-automotive.com\/wp-content\/uploads\/2024\/06\/pour_la_mobilite_des_salaries_optimum_automotive_developpe_trip_keeper1.pdf\" target=\"_blank\" rel=\"noreferrer noopener\"><img loading=\"lazy\" decoding=\"async\" width=\"153\" height=\"200\" src=\"https:\/\/bu.optimum-automotive.com\/wp-content\/uploads\/2024\/06\/01-485.jpg\" alt=\"\" class=\"wp-image-1923\"\/><\/a><figcaption class=\"wp-element-caption\"><strong>auto-infos.fr<\/strong><br>A Optimum Automotive desenvolve o Trip Keeper para a mobilidade dos funcion\u00e1rios<\/figcaption><\/figure><\/div>\n\n<div class=\"wp-block-image\">\n<figure class=\"aligncenter size-full has-lightbox\"><a href=\"https:\/\/bu.optimum-automotive.com\/wp-content\/uploads\/2024\/06\/rsolutions_expertises_s_allie_a_optimum_automotive_21.pdf\" target=\"_blank\" rel=\"noreferrer noopener\"><img loading=\"lazy\" decoding=\"async\" width=\"153\" height=\"200\" src=\"https:\/\/bu.optimum-automotive.com\/wp-content\/uploads\/2024\/06\/01-484.jpg\" alt=\"\" class=\"wp-image-1924\"\/><\/a><figcaption class=\"wp-element-caption\"><strong>Software de gest\u00e3o<\/strong><br>A Rsolutions Expertises expande os seus servi\u00e7os com a Optimum Automotive<\/figcaption><\/figure><\/div>\n\n<div class=\"wp-block-image\">\n<figure class=\"aligncenter size-full has-lightbox\"><a href=\"https:\/\/bu.optimum-automotive.com\/wp-content\/uploads\/2024\/06\/2022-12-06-www.flotauto.com-december_06_2022-500000003679703861.pdf\" target=\"_blank\" rel=\"noreferrer noopener\"><img loading=\"lazy\" decoding=\"async\" width=\"153\" height=\"200\" src=\"https:\/\/bu.optimum-automotive.com\/wp-content\/uploads\/2024\/06\/01-483.jpg\" alt=\"\" class=\"wp-image-1925\"\/><\/a><figcaption class=\"wp-element-caption\"><strong>flotauto.com<\/strong><br>A Optimum Automotive lan\u00e7a o Trip Keeper para a gest\u00e3o da mobilidade<\/figcaption><\/figure><\/div>\n\n<div class=\"wp-block-image\">\n<figure class=\"aligncenter size-full has-lightbox\"><a href=\"https:\/\/bu.optimum-automotive.com\/wp-content\/uploads\/2024\/06\/2022-12-06-radio.vinci-autoroutes.com-december_06_2022-500000003679703881.pdf\" target=\"_blank\" rel=\"noreferrer noopener\"><img loading=\"lazy\" decoding=\"async\" width=\"153\" height=\"200\" src=\"https:\/\/bu.optimum-automotive.com\/wp-content\/uploads\/2024\/06\/01-482.jpg\" alt=\"\" class=\"wp-image-1926\"\/><\/a><figcaption class=\"wp-element-caption\"><strong>radio.vinci-autoroutes.com<\/strong><br>O velotaf<\/figcaption><\/figure><\/div>\n\n<div class=\"wp-block-image\">\n<figure class=\"aligncenter size-full has-lightbox\"><a href=\"https:\/\/bu.optimum-automotive.com\/wp-content\/uploads\/2024\/06\/2022-12-06-le_journal_du_poids_lourd-novembre_2022-100000000641824241.pdf\" target=\"_blank\" rel=\"noreferrer noopener\"><img loading=\"lazy\" decoding=\"async\" width=\"153\" height=\"200\" src=\"https:\/\/bu.optimum-automotive.com\/wp-content\/uploads\/2024\/06\/01-481.jpg\" alt=\"\" class=\"wp-image-1927\"\/><\/a><figcaption class=\"wp-element-caption\"><strong>O JORNAL DO CAMI\u00c3O<\/strong><br>Combust\u00edvel: como evitar o desvio?<\/figcaption><\/figure><\/div>\n\n<div class=\"wp-block-image\">\n<figure class=\"aligncenter size-full has-lightbox\"><a href=\"https:\/\/bu.optimum-automotive.com\/wp-content\/uploads\/2024\/06\/2022-11-30-le_journal_des_entreprises_-_le_brief_edition_region_sud_-29_novembre_2022-100000000641432061.pdf\" target=\"_blank\" rel=\"noreferrer noopener\"><img loading=\"lazy\" decoding=\"async\" width=\"153\" height=\"200\" src=\"https:\/\/bu.optimum-automotive.com\/wp-content\/uploads\/2024\/06\/01-480.jpg\" alt=\"\" class=\"wp-image-1928\"\/><\/a><figcaption class=\"wp-element-caption\"><strong>O JORNAL ECON\u00d3MICO<\/strong><br>A Optimum Automotive assina uma parceria com a R Solutions Expertises<\/figcaption><\/figure><\/div>\n\n\n<h2 class=\"wp-block-heading\">NOVEMBRO 2022<\/h2>\n\n\n<div class=\"wp-block-image\">\n<figure class=\"aligncenter size-full has-lightbox\"><a href=\"https:\/\/bu.optimum-automotive.com\/wp-content\/uploads\/2024\/07\/2022-11-27-www.presseagence.fr-november_27_2022-500000003679281271-1.pdf\" target=\"_blank\" rel=\"noreferrer noopener\"><img loading=\"lazy\" decoding=\"async\" width=\"153\" height=\"200\" src=\"https:\/\/bu.optimum-automotive.com\/wp-content\/uploads\/2024\/07\/01-479.jpg\" alt=\"\" class=\"wp-image-2242\" srcset=\"https:\/\/bu.optimum-automotive.com\/wp-content\/uploads\/2024\/07\/01-479.jpg 153w, https:\/\/bu.optimum-automotive.com\/wp-content\/uploads\/2024\/07\/01-479-9x12.jpg 9w\" sizes=\"auto, (max-width: 153px) 100vw, 153px\" \/><\/a><figcaption class=\"wp-element-caption\"><strong><strong>presseagence.fr<\/strong><\/strong><br>PARIS: A Optimum automotive fecha uma nova parceria com a R solutions expertises<\/figcaption><\/figure><\/div>\n\n<div class=\"wp-block-image\">\n<figure class=\"aligncenter size-full has-lightbox\"><a href=\"https:\/\/bu.optimum-automotive.com\/wp-content\/uploads\/2024\/07\/2022-11-27-www.mtom-mag.com-november_27_2022-500000003679281311.pdf\" target=\"_blank\" rel=\"noreferrer noopener\"><img loading=\"lazy\" decoding=\"async\" width=\"153\" height=\"200\" src=\"https:\/\/bu.optimum-automotive.com\/wp-content\/uploads\/2024\/07\/01-4771.jpg\" alt=\"\" class=\"wp-image-2319\" srcset=\"https:\/\/bu.optimum-automotive.com\/wp-content\/uploads\/2024\/07\/01-4771.jpg 153w, https:\/\/bu.optimum-automotive.com\/wp-content\/uploads\/2024\/07\/01-4771-9x12.jpg 9w\" sizes=\"auto, (max-width: 153px) 100vw, 153px\" \/><\/a><figcaption class=\"wp-element-caption\"><strong><strong><strong>mtom-mag.com<\/strong><\/strong><\/strong><br>A Optimum Automotive estabelece uma nova parceria com a R Solutions Expertises<\/figcaption><\/figure><\/div>\n\n\n<div class=\"wp-block-image\"><a href=\"https:\/\/bu.optimum-automotive.com\/wp-content\/uploads\/2024\/07\/pdf\/2022-11-27-www.pa-sport.fr-november_27_2022-50000000367928135_2.pdf\" title=\"pa-sport.fr\" type=\"application\/pdf\" target=\"_blank\" rel=\"noopener\"><img loading=\"lazy\" decoding=\"async\" src=\"https:\/\/bu.optimum-automotive.com\/wp-content\/uploads\/2024\/07\/jpg\/01-478.jpg\" width=\"153\" height=\"200\" alt=\"PDF - 725 kb\"><\/a>\r\n<figcaption class=\"wp-element-caption\"><strong>pa-sport.fr<\/strong><br>\r\nAUTOMOTIVO: Optimum automotive fecha nova parceria com especialistas em solu\u00e7\u00f5es R<\/figcaption><\/div> \r\n\r\n<div class=\"wp-block-image\"><a href=\"https:\/\/bu.optimum-automotive.com\/wp-content\/uploads\/2024\/07\/pdf\/2022-11-29-travaux-novembre_2022-10000000064135147.pdf\" title=\"BTP-Arquitetura\" type=\"application\/pdf\" target=\"_blank\" rel=\"noopener\"><img loading=\"lazy\" decoding=\"async\" src=\"https:\/\/bu.optimum-automotive.com\/wp-content\/uploads\/2024\/07\/jpg\/01-476.jpg\" width=\"153\" height=\"200\" alt=\"PDF - 327.6 kb\"><\/a>\r\n<figcaption class=\"wp-element-caption\"><strong>BTP-Arquitetura<\/strong><br>\r\nGarantir e otimizar o combust\u00edvel para os ve\u00edculos no local de trabalho<\/figcaption><\/div>\r\n\r\n<div class=\"wp-block-image\"><a href=\"https:\/\/bu.optimum-automotive.com\/wp-content\/uploads\/2024\/07\/pdf\/optimum_automotive_signe_un_partenariat.pdf\" title=\"O JORNAL ECON\u00d3MICO\" type=\"application\/pdf\" target=\"_blank\" rel=\"noopener\"><img loading=\"lazy\" decoding=\"async\" src=\"https:\/\/bu.optimum-automotive.com\/wp-content\/uploads\/2024\/07\/jpg\/01-475.jpg\" width=\"153\" height=\"200\" alt=\"PDF - 236,3 kb\"><\/a>\r\n<figcaption class=\"wp-element-caption\"><strong>O JORNAL ECON\u00d3MICO<\/strong><br>\r\nA Optimum Automotive assina uma parceria com a R Solutions Expertises<\/figcaption><\/div> \r\n\r\n<div class=\"wp-block-image\">\r\n<a href=\"https:\/\/bu.optimum-automotive.com\/wp-content\/uploads\/2024\/07\/pdf\/2022-11-21-flottes_automobiles_guide-n_0_-_2022-10000000064085265_1_.pdf\" title=\"GUIA DA FROTA \" type=\"application\/pdf\" target=\"_blank\" rel=\"noopener\"><img loading=\"lazy\" decoding=\"async\" src=\"https:\/\/bu.optimum-automotive.com\/wp-content\/uploads\/2024\/07\/jpg\/01-474.jpg\" width=\"153\" height=\"200\" alt=\"PDF - 3,8 Mb\"><\/a>\r\n<figcaption class=\"wp-element-caption\"><strong>GUIA DA FROTA <\/strong><br>\r\nTelem\u00e1tica: Alargar os dom\u00ednios de interven\u00e7\u00e3o<\/figcaption><\/div> \r\n\r\n<h2 class=\"wp-block-heading\">OUTUBRO DE 2022<\/h2>\t\r\n\r\n<div class=\"wp-block-image\"><a href=\"https:\/\/bu.optimum-automotive.com\/wp-content\/uploads\/2024\/07\/pdf\/interfaces_pour_la_gestion_de_flotte___des_prestataires_connectes.pdf\" title=\"FROTAS DE AUTOM\u00d3VEIS\" type=\"application\/pdf\" target=\"_blank\" rel=\"noopener\"><img loading=\"lazy\" decoding=\"async\" src=\"https:\/\/bu.optimum-automotive.com\/wp-content\/uploads\/2024\/07\/jpg\/01-473.jpg\" width=\"153\" height=\"200\" alt=\"PDF - 167,7 kb\"><\/a>\r\n<figcaption class=\"wp-element-caption\"><strong>FROTAS DE AUTOM\u00d3VEIS<\/strong><br>\r\nInterfaces para a gest\u00e3o de frotas: fornecedores de servi\u00e7os ligados<\/figcaption><\/div> \r\n \r\n<div class=\"wp-block-image\"><a href=\"https:\/\/bu.optimum-automotive.com\/wp-content\/uploads\/2024\/07\/pdf\/2022-10-25-www.routiers.com-october_25_2022-50000000367692581.pdf\" title=\"routiers.com\" type=\"application\/pdf\" target=\"_blank\" rel=\"noopener\"><img loading=\"lazy\" decoding=\"async\" src=\"https:\/\/bu.optimum-automotive.com\/wp-content\/uploads\/2024\/07\/jpg\/01-472.jpg\" width=\"153\" height=\"200\" alt=\"PDF - 154,3 kb\"><\/a>\r\n<figcaption class=\"wp-element-caption\"><strong>routiers.com<\/strong><br>\r\nFurto de combust\u00edvel : A Optimum Automotive oferece sensores e alarmes\r\n<\/figcaption><\/div> \r\n\r\n<div class=\"wp-block-image\">\r\n<a href=\"https:\/\/bu.optimum-automotive.com\/wp-content\/uploads\/2024\/07\/pdf\/2022-10-25-www.transporteurs.net-october_25_2022-50000000367692537.pdf\" title=\"transporteurs.net\" type=\"application\/pdf\" target=\"_blank\" rel=\"noopener\"><img loading=\"lazy\" decoding=\"async\" src=\"https:\/\/bu.optimum-automotive.com\/wp-content\/uploads\/2024\/07\/jpg\/01-471.jpg\" width=\"153\" height=\"200\" alt=\"PDF - 154 kb\"><\/a>\r\n<figcaption class=\"wp-element-caption\"><strong>transporteurs.net<\/strong><br>\r\nFurto de combust\u00edvel : A Optimum Automotive oferece sensores e alarmes\r\n<\/figcaption><\/div> \r\n\r\n\r\n<div class=\"wp-block-image\"><a href=\"https:\/\/bu.optimum-automotive.com\/wp-content\/uploads\/2024\/07\/pdf\/2022-10-11-flottes_automobiles-octobre_2022-10000000063848903.pdf\" title=\"FROTAS DE AUTOM\u00d3VEIS\" type=\"application\/pdf\" target=\"_blank\" rel=\"noopener\"><img loading=\"lazy\" decoding=\"async\" src=\"https:\/\/bu.optimum-automotive.com\/wp-content\/uploads\/2024\/07\/jpg\/01-470.jpg\" width=\"153\" height=\"200\" alt=\"PDF - 1,8 Mb\"><\/a>\r\n<figcaption class=\"wp-element-caption\"><strong>FROTAS DE AUTOM\u00d3VEIS<\/strong><br>\r\nGest\u00e3o de frotas, interfaces produtivas\r\n<\/figcaption><\/div> \r\n\r\n<div class=\"wp-block-image\">\r\n<a href=\"https:\/\/bu.optimum-automotive.com\/wp-content\/uploads\/2024\/07\/pdf\/2022-10-11-flottes_automobiles-octobre_2022-10000000063848895.pdf\" title=\"FROTAS DE AUTOM\u00d3VEIS\" type=\"application\/pdf\" target=\"_blank\" rel=\"noopener\"><img loading=\"lazy\" decoding=\"async\" src=\"https:\/\/bu.optimum-automotive.com\/wp-content\/uploads\/2024\/07\/jpg\/01-469.jpg\" width=\"153\" height=\"200\" alt=\"PDF - 2,4 Mb\"><\/a>\r\n<figcaption class=\"wp-element-caption\"><strong>FROTAS DE AUTOM\u00d3VEIS<\/strong><br>\r\nFerramentas de gest\u00e3o, interfaces para frotas\r\n<\/figcaption><\/div> \r\n\r\n<div class=\"wp-block-image\">\r\n<a href=\"https:\/\/bu.optimum-automotive.com\/wp-content\/uploads\/2024\/07\/pdf\/2022-10-03-www.pa-sport.fr-3_october_2022-50000000367254083.pdf\" title=\"pa-sport.fr\" type=\"application\/pdf\" target=\"_blank\" rel=\"noopener\"><img loading=\"lazy\" decoding=\"async\" src=\"https:\/\/bu.optimum-automotive.com\/wp-content\/uploads\/2024\/07\/jpg\/01-468.jpg\" width=\"153\" height=\"200\" alt=\"PDF - 727.1 kb\"><\/a>\r\n<figcaption class=\"wp-element-caption\"><strong>pa-sport.fr<\/strong><br>\r\nAUTOMOTIVO: Optimum automotive nos encontros Flotauto de 6 de outubro\r\n<\/figcaption><\/div> \r\n\r\n<h2 class=\"wp-block-heading\">SETEMBRO 2022<\/h2>\r\n\r\n<div class=\"wp-block-image\">\r\n<a href=\"https:\/\/bu.optimum-automotive.com\/wp-content\/uploads\/2024\/07\/pdf\/optimiser_la_conso_et_faire_face_au_vol_de_carburant.pdf\" title=\"Revista L&#039;Automobile\" type=\"application\/pdf\" target=\"_blank\" rel=\"noopener\"><img loading=\"lazy\" decoding=\"async\" src=\"https:\/\/bu.optimum-automotive.com\/wp-content\/uploads\/2024\/07\/jpg\/01-466.jpg\" width=\"153\" height=\"200\" alt=\"PDF - 1,1 Mb\"><\/a>\r\n<figcaption class=\"wp-element-caption\"><strong>Revista L'Automobile<\/strong><br>\r\nFrotas de autom\u00f3veis de empresas: como otimizar o consumo de combust\u00edvel e evitar o roubo de combust\u00edvel\r\n<\/figcaption><\/div> \r\n\r\n<div class=\"wp-block-image\">\r\n<a href=\"https:\/\/bu.optimum-automotive.com\/wp-content\/uploads\/2024\/07\/pdf\/2022-09-28-www.presseagence.fr-28_september_2022-50000000367117275.pdf\" title=\"presseagence.fr\" type=\"application\/pdf\" target=\"_blank\" rel=\"noopener\"><img loading=\"lazy\" decoding=\"async\" src=\"https:\/\/bu.optimum-automotive.com\/wp-content\/uploads\/2024\/07\/jpg\/01-467.jpg\" width=\"153\" height=\"200\" alt=\"PDF - 805.9 kb\"><\/a>\r\n<figcaption class=\"wp-element-caption\"><strong>presseagence.fr<\/strong><br>\r\nPARIS : Optimum automotive - Securifuel, proteger e otimizar o combust\u00edvel\r\n<\/figcaption><\/div> \r\n\r\n<div class=\"wp-block-image\">\r\n<a href=\"https:\/\/bu.optimum-automotive.com\/wp-content\/uploads\/2024\/07\/pdf\/2022-09-28-le_journal_des_flottes-septembre_-_octobre.pdf\" title=\"Jornal da frota\" type=\"application\/pdf\" target=\"_blank\" rel=\"noopener\"><img loading=\"lazy\" decoding=\"async\" src=\"https:\/\/bu.optimum-automotive.com\/wp-content\/uploads\/2024\/07\/jpg\/01-465.jpg\" width=\"153\" height=\"200\" alt=\"PDF - 5 Mb\"><\/a>\r\n<figcaption class=\"wp-element-caption\"><strong>Jornal da frota<\/strong><br>\r\nFabricantes: amigos ou inimigos?\r\n<\/figcaption><\/div> \r\n\r\n<div class=\"wp-block-image\">\r\n<a href=\"https:\/\/bu.optimum-automotive.com\/wp-content\/uploads\/2024\/07\/pdf\/optimum_automotive_pose_un_pied_en_colombie.pdf\" title=\"Jornal da frota\" type=\"application\/pdf\" target=\"_blank\" rel=\"noopener\"><img loading=\"lazy\" decoding=\"async\" src=\"https:\/\/bu.optimum-automotive.com\/wp-content\/uploads\/2024\/07\/jpg\/01-464.jpg\" width=\"153\" height=\"200\" alt=\"PDF - 831.2 kb\"><\/a>\r\n<figcaption class=\"wp-element-caption\"><strong>Jornal da frota<\/strong><br>\r\nA Optimum Automotive p\u00f5e os p\u00e9s ... na Col\u00f4mbia\r\n<\/figcaption><\/div> \r\n\r\n<div class=\"wp-block-image\">\r\n<a href=\"https:\/\/bu.optimum-automotive.com\/wp-content\/uploads\/2024\/07\/pdf\/2022-09-22-le_journal_des_entreprises_-_le_brief_edition_region_sud_-21_septembre_2022-10000000063720736.pdf\" title=\"O JORNAL ECON\u00d3MICO\" type=\"application\/pdf\" target=\"_blank\" rel=\"noopener\"><img loading=\"lazy\" decoding=\"async\" src=\"https:\/\/bu.optimum-automotive.com\/wp-content\/uploads\/2024\/07\/jpg\/01-463.jpg\" width=\"153\" height=\"200\" alt=\"PDF - 487 kb\"><\/a>\r\n<figcaption class=\"wp-element-caption\"><strong>O JORNAL ECON\u00d3MICO<\/strong><br>\r\nOptimum Automotives<br class=\"autobr\">\r\nAm\u00e9rica do Sul\r\n<\/figcaption><\/div> \r\n\r\n<div class=\"wp-block-image\">\r\n<a href=\"https:\/\/bu.optimum-automotive.com\/wp-content\/uploads\/2024\/07\/pdf\/2022-09-21-www.industrie-mag.com-21_september_2022-50000000366892340.pdf\" title=\"industrie-mag.com\" type=\"application\/pdf\" target=\"_blank\" rel=\"noopener\"><img loading=\"lazy\" decoding=\"async\" src=\"https:\/\/bu.optimum-automotive.com\/wp-content\/uploads\/2024\/07\/jpg\/01-461.jpg\" width=\"153\" height=\"200\" alt=\"PDF - 163,3 kb\"><\/a>\r\n<figcaption class=\"wp-element-caption\"><strong>industrie-mag.com<\/strong><br>\r\nOptimum Automotive na Am\u00e9rica Latina, est\u00e1 feito!\r\n<\/figcaption><\/div> \r\n\r\n<div class=\"wp-block-image\">\r\n<a href=\"https:\/\/bu.optimum-automotive.com\/wp-content\/uploads\/2024\/07\/pdf\/optimum_automotive_s_implante_en_ameriq.pdf\" title=\"lejournaldesentreprises.com\" type=\"application\/pdf\" target=\"_blank\" rel=\"noopener\"><img loading=\"lazy\" decoding=\"async\" src=\"https:\/\/bu.optimum-automotive.com\/wp-content\/uploads\/2024\/07\/jpg\/01-462.jpg\" width=\"153\" height=\"200\" alt=\"PDF - 279.7 kb\"><\/a>\r\n<figcaption class=\"wp-element-caption\"><strong>lejournaldesentreprises.com<\/strong><br>\r\nA Optimum Automotive estabelece-se na Am\u00e9rica do Sul\r\n<\/figcaption><\/div> \r\n\r\n<div class=\"wp-block-image\">\r\n<a href=\"https:\/\/bu.optimum-automotive.com\/wp-content\/uploads\/2024\/07\/pdf\/2022-09-19-www.auto-infos.fr-19_september_2022-50000000366829206.pdf\" title=\"auto-infos.fr\" type=\"application\/pdf\" target=\"_blank\" rel=\"noopener\"><img loading=\"lazy\" decoding=\"async\" src=\"https:\/\/bu.optimum-automotive.com\/wp-content\/uploads\/2024\/07\/jpg\/01-460.jpg\" width=\"153\" height=\"200\" alt=\"PDF - 358 kb\"><\/a>\r\n<figcaption class=\"wp-element-caption\"><strong>auto-infos.fr<\/strong><br>\r\nA Optimum Automotive est\u00e1 a caminho da Am\u00e9rica do Sul\r\n<\/figcaption><\/div> \r\n\r\n<div class=\"wp-block-image\">\r\n<a href=\"https:\/\/bu.optimum-automotive.com\/wp-content\/uploads\/2024\/07\/pdf\/optimum_automotive_lance_les_etudes_de_conversion_electrique.pdf\" title=\"Jornal da frota\" type=\"application\/pdf\" target=\"_blank\" rel=\"noopener\"><img loading=\"lazy\" decoding=\"async\" src=\"https:\/\/bu.optimum-automotive.com\/wp-content\/uploads\/2024\/07\/jpg\/01-459.jpg\" width=\"153\" height=\"200\" alt=\"PDF - 729.9 kb\"><\/a>\r\n<figcaption class=\"wp-element-caption\"><strong>Jornal da frota<\/strong><br>\r\nOptimum Automotive lan\u00e7a estudos de convers\u00e3o el\u00e9ctrica\r\n<\/figcaption><\/div> \r\n\r\n<div class=\"wp-block-image\">\r\n<a href=\"https:\/\/bu.optimum-automotive.com\/wp-content\/uploads\/2024\/07\/pdf\/2022-09-06-www.auto-infos.fr-6_september_2022-50000000366411873.pdf\" title=\"auto-infos.fr \" type=\"application\/pdf\" target=\"_blank\" rel=\"noopener\"><img loading=\"lazy\" decoding=\"async\" src=\"https:\/\/bu.optimum-automotive.com\/wp-content\/uploads\/2024\/07\/jpg\/01-458.jpg\" width=\"153\" height=\"200\" alt=\"PDF - 343,3 kb\"><\/a>\r\n<figcaption class=\"wp-element-caption\"><strong>auto-infos.fr <\/strong><br>\r\nTransi\u00e7\u00e3o energ\u00e9tica: a Optimum Automotive oferece aos seus clientes uma auditoria gratuita \u00e0 frota\r\n<\/figcaption><\/div> \r\n\r\n<h2 class=\"wp-block-heading\">JULHO DE 2022<\/h2>\r\n\r\n<div class=\"wp-block-image\">\r\n<a href=\"https:\/\/bu.optimum-automotive.com\/wp-content\/uploads\/2024\/07\/pdf\/optimum_automotive_se_connecte_aux_boitiers_renault.pdf\" title=\"Jornal da frota\" type=\"application\/pdf\" target=\"_blank\" rel=\"noopener\"><img loading=\"lazy\" decoding=\"async\" src=\"https:\/\/bu.optimum-automotive.com\/wp-content\/uploads\/2024\/07\/jpg\/01-455.jpg\" width=\"153\" height=\"200\" alt=\"PDF - 3,2 Mb\"><\/a>\r\n<figcaption class=\"wp-element-caption\"><strong>Jornal da frota<\/strong><br>\r\nA Optimum Automotive liga-se \u00e0s caixas Renault\r\n<\/figcaption><\/div> \r\n\r\n<div class=\"wp-block-image\">\r\n<a href=\"https:\/\/bu.optimum-automotive.com\/wp-content\/uploads\/2024\/07\/pdf\/2022-07-13-journalauto.com-13_july_2022-50000000365037521.pdf\" title=\"journalauto.com\" type=\"application\/pdf\" target=\"_blank\" rel=\"noopener\"><img loading=\"lazy\" decoding=\"async\" src=\"https:\/\/bu.optimum-automotive.com\/wp-content\/uploads\/2024\/07\/jpg\/01-454.jpg\" width=\"153\" height=\"200\" alt=\"PDF - 201.9 kb\"><\/a>\r\n<figcaption class=\"wp-element-caption\"><strong>journalauto.com<\/strong><br>\r\nA Optimum Automotive liga-se \u00e0s caixas Renault\r\n<\/figcaption><\/div> \r\n\r\n<div class=\"wp-block-image\">\r\n<a href=\"https:\/\/bu.optimum-automotive.com\/wp-content\/uploads\/2024\/07\/pdf\/2022-07-12-www.auto-infos.fr-12_july_2022-50000000364998635.pdf\" title=\"auto-infos.fr\" type=\"application\/pdf\" target=\"_blank\" rel=\"noopener\"><img loading=\"lazy\" decoding=\"async\" src=\"https:\/\/bu.optimum-automotive.com\/wp-content\/uploads\/2024\/07\/jpg\/01-453.jpg\" width=\"153\" height=\"200\" alt=\"PDF - 198,5 kb\"><\/a>\r\n<figcaption class=\"wp-element-caption\"><strong>auto-infos.fr<\/strong><br>\r\nA Renault gere a sua telem\u00e1tica de bordo com a Optimum Automotive\r\n<\/figcaption><\/div> \r\n\r\n<div class=\"wp-block-image\">\r\n<a href=\"https:\/\/bu.optimum-automotive.com\/wp-content\/uploads\/2024\/07\/pdf\/2022-07-10-www.pa-sport.fr-10_july_2022-50000000364932602.pdf\" title=\"pa-sport.fr\" type=\"application\/pdf\" target=\"_blank\" rel=\"noopener\"><img loading=\"lazy\" decoding=\"async\" src=\"https:\/\/bu.optimum-automotive.com\/wp-content\/uploads\/2024\/07\/jpg\/01-452.jpg\" width=\"153\" height=\"200\" alt=\"PDF - 803.9 kb\"><\/a>\r\n<figcaption class=\"wp-element-caption\"><strong>pa-sport.fr<\/strong><br>\r\n<a href=\"https:\/\/www.lejournaldesentreprises.com\/region-sud\/breve\/optimum-automotive-integre-le-boitier-telematique-de-renault-2041477\" class=\"spip_out\" rel=\"external noopener\" target=\"_blank\">A Optimum automotive associa-se \u00e0 Renault para a caixa telem\u00e1tica<\/a>\r\n<\/figcaption><\/div> \r\n\r\n<h2 class=\"wp-block-heading\">MAIO DE 2022<\/h2>\r\n\r\n<div class=\"wp-block-image\">\r\n<a href=\"https:\/\/bu.optimum-automotive.com\/wp-content\/uploads\/2024\/07\/pdf\/2022-05-26-www.pa-sport.fr-26_may_2022-50000000363555004.pdf\" title=\"pa-sport.fr\" type=\"application\/pdf\" target=\"_blank\" rel=\"noopener\"><img loading=\"lazy\" decoding=\"async\" src=\"https:\/\/bu.optimum-automotive.com\/wp-content\/uploads\/2024\/07\/jpg\/01-450.jpg\" width=\"153\" height=\"200\" alt=\"PDF - 868,3 kb\"><\/a>\r\n<figcaption class=\"wp-element-caption\"><strong>pa-sport.fr<\/strong><br>\r\nAUTOMOTIVO: Big Data e intelig\u00eancia artificial para escolher os seus ve\u00edculos el\u00e9ctricos\r\n<\/figcaption><\/div> \r\n\r\n<div class=\"wp-block-image\">\r\n<a href=\"https:\/\/bu.optimum-automotive.com\/wp-content\/uploads\/2024\/07\/pdf\/2022-05-26-flottes_automobiles-mai_2022-10000000063118429.pdf\" title=\"Frotas de autom\u00f3veis\" type=\"application\/pdf\" target=\"_blank\" rel=\"noopener\"><img loading=\"lazy\" decoding=\"async\" src=\"https:\/\/bu.optimum-automotive.com\/wp-content\/uploads\/2024\/07\/jpg\/01-451.jpg\" width=\"153\" height=\"200\" alt=\"PDF - 1,9 Mb\"><\/a>\r\n<figcaption class=\"wp-element-caption\"><strong>Frotas de autom\u00f3veis<\/strong><br>\r\nSeguran\u00e7a rodovi\u00e1ria: seguran\u00e7a em tempo real\r\n<\/figcaption><\/div> \r\n\r\n<div class=\"wp-block-image\">\r\n<a href=\"https:\/\/bu.optimum-automotive.com\/wp-content\/uploads\/2024\/07\/pdf\/telematique___la_securite_des_conducteurs_en_temps_reel.pdf\" title=\"flotauto.com\" type=\"application\/pdf\" target=\"_blank\" rel=\"noopener\"><img loading=\"lazy\" decoding=\"async\" src=\"https:\/\/bu.optimum-automotive.com\/wp-content\/uploads\/2024\/07\/jpg\/01-449.jpg\" width=\"153\" height=\"200\" alt=\"PDF - 142,4 kb\"><\/a>\r\n<figcaption class=\"wp-element-caption\"><strong>flotauto.com<\/strong><br>\r\nTelem\u00e1tica: seguran\u00e7a do condutor em tempo real\r\n<\/figcaption><\/div> \r\n\r\n<div class=\"wp-block-image\">\r\n<a href=\"https:\/\/bu.optimum-automotive.com\/wp-content\/uploads\/2024\/07\/pdf\/couvkme_2520182-183_2520hdef-fusionn_25c3_25a9_glisse_e_s_.pdf\" title=\"KMS ENTREPRISE\" type=\"application\/pdf\" target=\"_blank\" rel=\"noopener\"><img loading=\"lazy\" decoding=\"async\" src=\"https:\/\/bu.optimum-automotive.com\/wp-content\/uploads\/2024\/07\/jpg\/01-448.jpg\" width=\"153\" height=\"200\" alt=\"PDF - 901 kb\"><\/a>\r\n<figcaption class=\"wp-element-caption\"><strong>KMS ENTREPRISE<\/strong><br>\r\n\"Primeiro os dados!\r\n<\/figcaption><\/div> \r\n\r\n<div class=\"wp-block-image\">\r\n<a href=\"https:\/\/bu.optimum-automotive.com\/wp-content\/uploads\/2024\/07\/pdf\/2022-05-14-www.flotauto.com-14_may_2022-50000000363151396.pdf\" title=\"Frotas de autom\u00f3veis\" type=\"application\/pdf\" target=\"_blank\" rel=\"noopener\"><img loading=\"lazy\" decoding=\"async\" src=\"https:\/\/bu.optimum-automotive.com\/wp-content\/uploads\/2024\/07\/jpg\/01-446.jpg\" width=\"153\" height=\"200\" alt=\"PDF - 206 Kb\"><\/a>\r\n<figcaption class=\"wp-element-caption\"><strong>Frotas de autom\u00f3veis<\/strong><br>\r\nA rede AD coloca-se ao servi\u00e7o das frotas\r\n<\/figcaption><\/div> \r\n\r\n<div class=\"wp-block-image\">\r\n<a href=\"https:\/\/bu.optimum-automotive.com\/wp-content\/uploads\/2024\/07\/pdf\/2022-05-13-www.flotauto.com-13_may_2022-50000000363141316.pdf\" title=\"Frotas de autom\u00f3veis\" type=\"application\/pdf\" target=\"_blank\" rel=\"noopener\"><img loading=\"lazy\" decoding=\"async\" src=\"https:\/\/bu.optimum-automotive.com\/wp-content\/uploads\/2024\/07\/jpg\/01-447.jpg\" width=\"153\" height=\"200\" alt=\"PDF - 179,3 kb\"><\/a>\r\n<figcaption class=\"wp-element-caption\"><strong>Frotas de autom\u00f3veis<\/strong><br>\r\nBanque Populaire du Sud: a frota passa a ser el\u00e9ctrica\r\n<\/figcaption><\/div> \r\n\r\n<div class=\"wp-block-image\">\r\n<a href=\"https:\/\/bu.optimum-automotive.com\/wp-content\/uploads\/2024\/07\/pdf\/2022-05-12-www.auto-infos.fr-12_may_2022-50000000363098897.pdf\" title=\"auto-infos.fr\" type=\"application\/pdf\" target=\"_blank\" rel=\"noopener\"><img loading=\"lazy\" decoding=\"async\" src=\"https:\/\/bu.optimum-automotive.com\/wp-content\/uploads\/2024\/07\/jpg\/01-445.jpg\" width=\"153\" height=\"200\" alt=\"PDF - 222,9 kb\"><\/a>\r\n<figcaption class=\"wp-element-caption\"><strong>auto-infos.fr<\/strong><br>\r\n\"A capacidade de explorar os fluxos de dados \u00e9 um dos maiores trunfos da empresa\".\r\n<\/figcaption><\/div> \r\n\r\n<div class=\"wp-block-image\">\r\n<a href=\"https:\/\/bu.optimum-automotive.com\/wp-content\/uploads\/2024\/07\/pdf\/2022-05-06-l_automobile_l_entreprise-mai_2022-10000000063007083.pdf\" title=\"O autom\u00f3vel e a empresa\" type=\"application\/pdf\" target=\"_blank\" rel=\"noopener\"><img loading=\"lazy\" decoding=\"async\" src=\"https:\/\/bu.optimum-automotive.com\/wp-content\/uploads\/2024\/07\/jpg\/fleet-mob.jpg\" width=\"153\" height=\"200\" alt=\"PDF - 2,8 Mb\"><\/a>\r\n<figcaption class=\"wp-element-caption\"><strong>O autom\u00f3vel e a empresa<\/strong><br>\r\nUm dos pontos fortes da empresa \u00e9 a sua capacidade de explorar os fluxos\r\n\r\n<\/figcaption><\/div> \r\n\r\n<h2 class=\"wp-block-heading\">MAR\u00c7O DE 2022<\/h2>\r\n\r\n<div class=\"wp-block-image\">\r\n<a href=\"https:\/\/bu.optimum-automotive.com\/wp-content\/uploads\/2024\/07\/pdf\/2022-03-29-flottes_automobiles-mars_2022.pdf\" title=\"Frotas de autom\u00f3veis\" type=\"application\/pdf\" target=\"_blank\" rel=\"noopener\"><img loading=\"lazy\" decoding=\"async\" src=\"https:\/\/bu.optimum-automotive.com\/wp-content\/uploads\/2024\/07\/jpg\/01-443.jpg\" width=\"153\" height=\"200\" alt=\"PDF - 4,1 Mb\"><\/a>\r\n<figcaption class=\"wp-element-caption\"><strong>Frotas de autom\u00f3veis<\/strong><br>\r\nTelem\u00e1tica Alargamento dos dom\u00ednios de interven\u00e7\u00e3o\r\n<\/figcaption><\/div> \r\n\r\n<div class=\"wp-block-image\"> \r\n<a href=\"https:\/\/bu.optimum-automotive.com\/wp-content\/uploads\/2024\/07\/pdf\/2022-03-11-www.auto-infos.fr-11_mars_2022-50000000361167852.pdf\" title=\"auto-infos.fr\" type=\"application\/pdf\" target=\"_blank\" rel=\"noopener\"><img loading=\"lazy\" decoding=\"async\" src=\"https:\/\/bu.optimum-automotive.com\/wp-content\/uploads\/2024\/07\/jpg\/01-444.jpg\" width=\"153\" height=\"200\" alt=\"PDF - 346,5 kb\"><\/a>\r\n<figcaption class=\"wp-element-caption\"><strong>auto-infos.fr<\/strong><br>\r\nPre\u00e7os dos combust\u00edveis : Conselhos da Optimum Automotive para reduzir a fatura do combust\u00edvel\r\n<\/figcaption><\/div> \r\n\r\n<h2 class=\"wp-block-heading\">FEVEREIRO DE 2022<\/h2>\r\n\r\n<div class=\"wp-block-image\"> \r\n<a href=\"https:\/\/bu.optimum-automotive.com\/wp-content\/uploads\/2024\/07\/pdf\/optimum_automotive__des_solutions_d_optimisation_des_flottes_a_360.pdf\" title=\"makeamove.fr\" type=\"application\/pdf\" target=\"_blank\" rel=\"noopener\"><img loading=\"lazy\" decoding=\"async\" src=\"https:\/\/bu.optimum-automotive.com\/wp-content\/uploads\/2024\/07\/jpg\/01-442.jpg\" width=\"153\" height=\"200\" alt=\"PDF - 376 Kb\"><\/a>\r\n<figcaption class=\"wp-element-caption\"><strong>makeamove.fr<\/strong><br>\r\nOptimum Automotive: solu\u00e7\u00f5es de otimiza\u00e7\u00e3o de frotas a 360\u00ba\r\n\r\n<\/figcaption><\/div> \r\n\r\n<h2 class=\"wp-block-heading\">janeiro de 2022<\/h2>\r\n\r\n<div class=\"wp-block-image\">\r\n<a href=\"https:\/\/bu.optimum-automotive.com\/wp-content\/uploads\/2024\/07\/pdf\/hub_eco_bpifrance_.pdf\" title=\"laprovence.com\" type=\"application\/pdf\" target=\"_blank\" rel=\"noopener\"><img loading=\"lazy\" decoding=\"async\" src=\"https:\/\/bu.optimum-automotive.com\/wp-content\/uploads\/2024\/07\/jpg\/01-441.jpg\" width=\"153\" height=\"200\" alt=\"PDF - 1,3 Mb\"><\/a>\r\n<figcaption class=\"wp-element-caption\"><strong>laprovence.com<\/strong><br>\r\n\"A Bpifrance deu um contributo importante para a hist\u00f3ria que estamos a escrever\r\n\r\n<\/figcaption><\/div> \r\n\r\n<h2 class=\"wp-block-heading\">NOVEMBRO 2021<\/h2>\r\n\r\n<div class=\"wp-block-image\">\r\n<a href=\"https:\/\/bu.optimum-automotive.com\/wp-content\/uploads\/2024\/07\/pdf\/2021-11-19-flottes_automobiles_guide-n_0_-_2022-10000000062080241.pdf\" title=\"Frotas de autom\u00f3veis\" type=\"application\/pdf\" target=\"_blank\" rel=\"noopener\"><img loading=\"lazy\" decoding=\"async\" src=\"https:\/\/bu.optimum-automotive.com\/wp-content\/uploads\/2024\/07\/jpg\/01-440.jpg\" width=\"153\" height=\"200\" alt=\"PDF - 3,1 Mb\"><\/a>\r\n<figcaption class=\"wp-element-caption\"><strong>Frotas de autom\u00f3veis<\/strong><br>\r\nTelem\u00e1tica a bordo dos ve\u00edculos Novidades para 2021\r\n<\/figcaption><\/div> \r\n\r\n<div class=\"wp-block-image\">\r\n<a href=\"https:\/\/bu.optimum-automotive.com\/wp-content\/uploads\/2024\/07\/pdf\/2021-11-04-www.lejournaldesentreprises.com-4_novembre_2021.pdf\" title=\"lejournaldesentreprises.com\" type=\"application\/pdf\" target=\"_blank\" rel=\"noopener\"><img loading=\"lazy\" decoding=\"async\" src=\"https:\/\/bu.optimum-automotive.com\/wp-content\/uploads\/2024\/07\/jpg\/01-439.jpg\" width=\"153\" height=\"200\" alt=\"PDF - 54,4 kb\"><\/a>\r\n<figcaption class=\"wp-element-caption\"><strong>lejournaldesentreprises.com<\/strong><br>\r\nTr\u00eas empresas de Aix-en-Provence v\u00e3o \u00e0 Expo 2020 no Dubai com a Bpifrance\r\n<\/figcaption><\/div> \r\n\r\n<div class=\"wp-block-image\">\r\n<a href=\"https:\/\/bu.optimum-automotive.com\/wp-content\/uploads\/2024\/07\/pdf\/2021-11-03-l_automobile_l_entreprise-novembre_2021.pdf\" title=\"Autom\u00f3vel &amp; Empresa\" type=\"application\/pdf\" target=\"_blank\" rel=\"noopener\"><img loading=\"lazy\" decoding=\"async\" src=\"https:\/\/bu.optimum-automotive.com\/wp-content\/uploads\/2024\/07\/jpg\/1-2.jpg\" width=\"153\" height=\"200\" alt=\"PDF - 515.9 kb\"><\/a>\r\n<figcaption class=\"wp-element-caption\"><strong>Autom\u00f3vel &amp; Empresa<\/strong><br>\r\nOptimum Automotive lan\u00e7a a sua aplica\u00e7\u00e3o e cart\u00e3o de pagamento\r\n<\/figcaption><\/div> \r\n\r\n<div class=\"wp-block-image\">\r\n<a href=\"https:\/\/bu.optimum-automotive.com\/wp-content\/uploads\/2024\/07\/pdf\/2021-10-29-zepros_apres_vente_auto-novembre_2021-10000000061968803.pdf\" title=\"ZEPROS P\u00d3S-VENDA AUTOM\u00d3VEL\" type=\"application\/pdf\" target=\"_blank\" rel=\"noopener\"><img loading=\"lazy\" decoding=\"async\" src=\"https:\/\/bu.optimum-automotive.com\/wp-content\/uploads\/2024\/07\/jpg\/1.jpg\" width=\"153\" height=\"200\" alt=\"PDF - 88,2 kb\"><\/a>\r\n<figcaption class=\"wp-element-caption\"><strong>ZEPROS P\u00d3S-VENDA AUTOM\u00d3VEL<\/strong><br>\r\nA Mobilidade \u00d3ptima facilita as viagens\r\n<\/figcaption><\/div> \r\n\r\n<h2 class=\"wp-block-heading\">OUTUBRO DE 2021<\/h2>\r\n\r\n<div class=\"wp-block-image\"> \r\n<a href=\"https:\/\/bu.optimum-automotive.com\/wp-content\/uploads\/2024\/07\/pdf\/2021-10-27-www.flotauto.com-27_octobre_2021-50000000356944703.pdf\" title=\"flotauto.com\" type=\"application\/pdf\" target=\"_blank\" rel=\"noopener\"><img loading=\"lazy\" decoding=\"async\" src=\"https:\/\/bu.optimum-automotive.com\/wp-content\/uploads\/2024\/07\/jpg\/01-438.jpg\" width=\"153\" height=\"200\" alt=\"PDF - 123,9 kb\"><\/a>\r\n<figcaption class=\"wp-element-caption\"><strong>flotauto.com<\/strong><br>\r\nUm servi\u00e7o de monitoriza\u00e7\u00e3o da manuten\u00e7\u00e3o ligado ao AD Connect\r\n<\/figcaption><\/div> \r\n\r\n<div class=\"wp-block-image\">\r\n<a href=\"https:\/\/bu.optimum-automotive.com\/wp-content\/uploads\/2024\/07\/pdf\/2021-10-27-la_tribune_des_auto-ecoles-octobre_-_novembre_2021-10000000061951764.pdf\" title=\"LA TRIBUNE DES AUTO-ECOLES\" type=\"application\/pdf\" target=\"_blank\" rel=\"noopener\"><img loading=\"lazy\" decoding=\"async\" src=\"https:\/\/bu.optimum-automotive.com\/wp-content\/uploads\/2024\/07\/jpg\/01-437.jpg\" width=\"153\" height=\"200\" alt=\"PDF - 667.5 kb\"><\/a>\r\n<figcaption class=\"wp-element-caption\"><strong>LA TRIBUNE DES AUTO-ECOLES<\/strong><br>\r\nFerramentas e dados para otimizar a gest\u00e3o dos ve\u00edculos\r\n<\/figcaption><\/div> \r\n\r\n<div class=\"wp-block-image\">\r\n<a href=\"https:\/\/bu.optimum-automotive.com\/wp-content\/uploads\/2024\/07\/pdf\/2021-10-26-www.apres-vente-auto.com-26_octobre_2021-50000000356944805.pdf\" title=\"apres-vente-auto.com\" type=\"application\/pdf\" target=\"_blank\" rel=\"noopener\"><img loading=\"lazy\" decoding=\"async\" src=\"https:\/\/bu.optimum-automotive.com\/wp-content\/uploads\/2024\/07\/jpg\/01-436.jpg\" width=\"153\" height=\"200\" alt=\"PDF - 201.7 kb\"><\/a>\r\n<figcaption class=\"wp-element-caption\"><strong>apres-vente-auto.com<\/strong><br>\r\nCom o AD Connect, a R\u00e9seau AD dirige-se aos clientes profissionais\r\n<\/figcaption><\/div> \r\n\r\n<div class=\"wp-block-image\">\r\n<a href=\"https:\/\/bu.optimum-automotive.com\/wp-content\/uploads\/2024\/07\/pdf\/2021-10-20-le_point-21_octobre_2021-10000000061911939.pdf\" title=\"O Ponto\" type=\"application\/pdf\" target=\"_blank\" rel=\"noopener\"><img loading=\"lazy\" decoding=\"async\" src=\"https:\/\/bu.optimum-automotive.com\/wp-content\/uploads\/2024\/07\/jpg\/01-432.jpg\" width=\"153\" height=\"200\" alt=\"PDF - 267.3 kb\"><\/a>\r\n<figcaption class=\"wp-element-caption\"><strong>O Ponto<\/strong><br>\r\nQuando o Big Brother reduz a pegada de carbono\r\n<\/figcaption><\/div> \r\n\r\n<div class=\"wp-block-image\">\r\n<a href=\"https:\/\/bu.optimum-automotive.com\/wp-content\/uploads\/2024\/07\/pdf\/2021-10-21-www.lepoint.fr-21_octobre_2021-50000000356776625.pdf\" title=\"lepoint.fr\" type=\"application\/pdf\" target=\"_blank\" rel=\"noopener\"><img loading=\"lazy\" decoding=\"async\" src=\"https:\/\/bu.optimum-automotive.com\/wp-content\/uploads\/2024\/07\/jpg\/01-435.jpg\" width=\"153\" height=\"200\" alt=\"PDF - 505.4 kb\"><\/a>\r\n<figcaption class=\"wp-element-caption\"><strong>lepoint.fr<\/strong><br>\r\nFrotas de autom\u00f3veis: quando o Big Brother reduz a pegada de carbono\r\n<\/figcaption><\/div> \r\n\r\n<div class=\"wp-block-image\">\r\n<a href=\"https:\/\/bu.optimum-automotive.com\/wp-content\/uploads\/2024\/07\/pdf\/2021-10-20-flottes_automobiles-octobre_2021-10000000061911943.pdf\" title=\"Frotas de autom\u00f3veis\" type=\"application\/pdf\" target=\"_blank\" rel=\"noopener\"><img loading=\"lazy\" decoding=\"async\" src=\"https:\/\/bu.optimum-automotive.com\/wp-content\/uploads\/2024\/07\/jpg\/01-434.jpg\" width=\"153\" height=\"200\" alt=\"PDF - 151.1 kb\"><\/a>\r\n<figcaption class=\"wp-element-caption\"><strong>Frotas de autom\u00f3veis<\/strong><br>\r\nAVIA V-CONNECT: CART\u00c3O DE COMBUST\u00cdVEL E TELEM\u00c1TICA COMBINADOS\r\n<\/figcaption><\/div> \r\n\r\n<div class=\"wp-block-image\">\r\n<a href=\"https:\/\/bu.optimum-automotive.com\/wp-content\/uploads\/2024\/07\/pdf\/2021-10-17-flottes_automobiles-septembre_2021.pdf\" title=\"Frotas de autom\u00f3veis\" type=\"application\/pdf\" target=\"_blank\" rel=\"noopener\"><img loading=\"lazy\" decoding=\"async\" src=\"https:\/\/bu.optimum-automotive.com\/wp-content\/uploads\/2024\/07\/jpg\/01-433.jpg\" width=\"153\" height=\"200\" alt=\"PDF - 178 kb\"><\/a>\r\n<figcaption class=\"wp-element-caption\"><strong>Frotas de autom\u00f3veis<\/strong><br>\r\nECO-CONDU\u00c7\u00c3O: OPTIMUM AUTOMOTIVE E CODES ROUSSEAU UNEM FOR\u00c7AS\r\n<\/figcaption><\/div> \r\n\r\n<div class=\"wp-block-image\">\r\n<a href=\"https:\/\/bu.optimum-automotive.com\/wp-content\/uploads\/2024\/07\/pdf\/outils_telematiques___de_la_gestion_mais_pas_seulement.pdf\" title=\"flotauto.com\" type=\"application\/pdf\" target=\"_blank\" rel=\"noopener\"><img loading=\"lazy\" decoding=\"async\" src=\"https:\/\/bu.optimum-automotive.com\/wp-content\/uploads\/2024\/07\/jpg\/02-21.jpg\" width=\"153\" height=\"200\" alt=\"PDF - 176,2 kb\"><\/a>\r\n<figcaption class=\"wp-element-caption\"><strong>flotauto.com<\/strong><br>\r\nFerramentas telem\u00e1ticas: gest\u00e3o mas n\u00e3o s\u00f3\r\n<\/figcaption><\/div> \r\n\r\n<div class=\"wp-block-image\">\r\n<a href=\"https:\/\/bu.optimum-automotive.com\/wp-content\/uploads\/2024\/07\/pdf\/2021-10-05-www.am-today.com-5_octobre_2021-50000000356213765.pdf\" title=\"am-today.com\" type=\"application\/pdf\" target=\"_blank\" rel=\"noopener\"><img loading=\"lazy\" decoding=\"async\" src=\"https:\/\/bu.optimum-automotive.com\/wp-content\/uploads\/2024\/07\/jpg\/02-20.jpg\" width=\"153\" height=\"200\" alt=\"PDF - 78,3 kb\"><\/a>\r\n<figcaption class=\"wp-element-caption\"><strong>am-today.com<\/strong><br>\r\nOptimum Automotive: aplica\u00e7\u00e3o m\u00f3vel e cart\u00e3o de pagamento para substituir o carro da empresa\r\n<\/figcaption><\/div> \r\n\r\n<div class=\"wp-block-image\">\r\n<a href=\"https:\/\/bu.optimum-automotive.com\/wp-content\/uploads\/2024\/07\/pdf\/2021-10-06-www.flotauto.com-6_octobre_2021-50000000356226095.pdf\" title=\"flotauto.com\" type=\"application\/pdf\" target=\"_blank\" rel=\"noopener\"><img loading=\"lazy\" decoding=\"async\" src=\"https:\/\/bu.optimum-automotive.com\/wp-content\/uploads\/2024\/07\/jpg\/01-428.jpg\" width=\"153\" height=\"200\" alt=\"PDF - 120,9 kb\"><\/a>\r\n<figcaption class=\"wp-element-caption\"><strong>flotauto.com<\/strong><br>\r\nOptimum Mobility: cart\u00e3o de pagamento e aplica\u00e7\u00e3o de mobilidade\r\n<\/figcaption><\/div> \r\n\r\n<div class=\"wp-block-image\">\r\n<a href=\"https:\/\/bu.optimum-automotive.com\/wp-content\/uploads\/2024\/07\/pdf\/2021-10-02-www.flotauto.com-2_octobre_2021.pdf\" title=\"flotauto.com\" type=\"application\/pdf\" target=\"_blank\" rel=\"noopener\"><img loading=\"lazy\" decoding=\"async\" src=\"https:\/\/bu.optimum-automotive.com\/wp-content\/uploads\/2024\/07\/jpg\/01-427.jpg\" width=\"153\" height=\"200\" alt=\"PDF - 364,8 kb\"><\/a>\r\n<figcaption class=\"wp-element-caption\"><strong>flotauto.com<\/strong><br>\r\nA Optimum Automotive lan\u00e7a a Optimum Consulting\r\n<\/figcaption><\/div> \r\n\r\n<div class=\"wp-block-image\">\r\n<a href=\"https:\/\/bu.optimum-automotive.com\/wp-content\/uploads\/2024\/07\/pdf\/optimum_consulting_audite_accompagne_les_flottes.pdf\" title=\"Autom\u00f3vel &amp; Empresa\" type=\"application\/pdf\" target=\"_blank\" rel=\"noopener\"><img loading=\"lazy\" decoding=\"async\" src=\"https:\/\/bu.optimum-automotive.com\/wp-content\/uploads\/2024\/07\/jpg\/01-426.jpg\" width=\"153\" height=\"200\" alt=\"PDF - 490.2 kb\"><\/a>\r\n<figcaption class=\"wp-element-caption\"><strong>Autom\u00f3vel &amp; Empresa<\/strong><br>\r\nA Optimum Consulting audita e apoia as frotas\r\n\r\n<\/figcaption><\/div> \r\n\r\n<h2 class=\"wp-block-heading\">SETEMBRO 2021<\/h2>\r\n\r\n<div class=\"wp-block-image\">\r\n<a href=\"https:\/\/bu.optimum-automotive.com\/wp-content\/uploads\/2024\/07\/pdf\/2021-09-16-froid_news-septembre_2021.pdf\" title=\"NOT\u00cdCIAS FRIAS\" type=\"application\/pdf\" target=\"_blank\" rel=\"noopener\"><img loading=\"lazy\" decoding=\"async\" src=\"https:\/\/bu.optimum-automotive.com\/wp-content\/uploads\/2024\/07\/jpg\/01-422.jpg\" width=\"153\" height=\"200\" alt=\"PDF - 322.1 kb\"><\/a>\r\n<figcaption class=\"wp-element-caption\"><strong>NOT\u00cdCIAS FRIAS<\/strong><br>\r\nBiolease, a prova est\u00e1 no pudim\r\n<\/figcaption><\/div> \r\n\r\n<div class=\"wp-block-image\">\r\n<a href=\"https:\/\/bu.optimum-automotive.com\/wp-content\/uploads\/2024\/07\/pdf\/2021-09-16-www.lejournaldesentreprises.com-16_septembre_2021-50000000355569311.pdf\" title=\"lejournaldesentreprises.com\" type=\"application\/pdf\" target=\"_blank\" rel=\"noopener\"><img loading=\"lazy\" decoding=\"async\" src=\"https:\/\/bu.optimum-automotive.com\/wp-content\/uploads\/2024\/07\/jpg\/01-423.jpg\" width=\"153\" height=\"200\" alt=\"PDF - 89,3 kb\"><\/a>\r\n<figcaption class=\"wp-element-caption\"><strong>lejournaldesentreprises.com<\/strong><br>\r\nA Optimum Automotive e a Agiltech voam para Dakar com a Bpifrance e a Business France\r\n<\/figcaption><\/div> \r\n\r\n<div class=\"wp-block-image\">\r\n<a href=\"https:\/\/bu.optimum-automotive.com\/wp-content\/uploads\/2024\/07\/pdf\/optimum_automotive_et_picoty_oeuvrent_pour_le_tco_des_flottes.pdf\" title=\"Autom\u00f3vel &amp; Empresa\" type=\"application\/pdf\" target=\"_blank\" rel=\"noopener\"><img loading=\"lazy\" decoding=\"async\" src=\"https:\/\/bu.optimum-automotive.com\/wp-content\/uploads\/2024\/07\/jpg\/01-421.jpg\" width=\"153\" height=\"200\" alt=\"PDF - 436,9 kb\"><\/a>\r\n<figcaption class=\"wp-element-caption\"><strong>Autom\u00f3vel &amp; Empresa<\/strong><br>\r\nA Optimum Automotive e a Picoty trabalham em conjunto para a<br class=\"autobr\">\r\nTCO da frota\r\n<\/figcaption><\/div> \r\n\r\n<div class=\"wp-block-image\">\r\n<a href=\"https:\/\/bu.optimum-automotive.com\/wp-content\/uploads\/2024\/07\/pdf\/avia_picoty_et_optimum_automotive_devel.pdf\" title=\"flotauto.com\" type=\"application\/pdf\" target=\"_blank\" rel=\"noopener\"><img loading=\"lazy\" decoding=\"async\" src=\"https:\/\/bu.optimum-automotive.com\/wp-content\/uploads\/2024\/07\/jpg\/01-229.jpg\" width=\"153\" height=\"200\" alt=\"PDF - 161,9 kb\"><\/a>\r\n<figcaption class=\"wp-element-caption\"><strong>flotauto.com<\/strong><br>\r\nAvia Picoty e Optimum Automotive desenvolvem uma oferta conjunta\r\n\r\n<\/figcaption><\/div> \r\n\r\n<h2 class=\"wp-block-heading\">JUNHO DE 2021<\/h2>\r\n\r\n<div class=\"wp-block-image\"> \r\n<a href=\"https:\/\/bu.optimum-automotive.com\/wp-content\/uploads\/2024\/07\/pdf\/samuel_vals_prend_la_responsabilite_des.pdf\" title=\"AUTOM\u00d3VEIS E NEG\u00d3CIOS\" type=\"application\/pdf\" target=\"_blank\" rel=\"noopener\"><img loading=\"lazy\" decoding=\"async\" src=\"https:\/\/bu.optimum-automotive.com\/wp-content\/uploads\/2024\/07\/jpg\/01-417.jpg\" width=\"153\" height=\"200\" alt=\"PDF - 444.7 kb\"><\/a>\r\n<figcaption class=\"wp-element-caption\"><strong>AUTOM\u00d3VEIS E NEG\u00d3CIOS<\/strong><br>\r\nSamuel Vals assume a responsabilidade por<br class=\"autobr\">\r\nparcerias internacionais para a Optimum<br class=\"autobr\">\r\nAuto-motivado\r\n\r\n<\/figcaption><\/div> \r\n\r\n<h2 class=\"wp-block-heading\">MAIO DE 2021<\/h2>\r\n\r\n<div class=\"wp-block-image\">\r\n<a href=\"https:\/\/bu.optimum-automotive.com\/wp-content\/uploads\/2024\/07\/pdf\/optimum_automotive_poursuit_son_developpement_a_l_international_automobile-entreprise.pdf\" title=\"automobile-entreprise.com\" type=\"application\/pdf\" target=\"_blank\" rel=\"noopener\"><img loading=\"lazy\" decoding=\"async\" src=\"https:\/\/bu.optimum-automotive.com\/wp-content\/uploads\/2024\/07\/jpg\/01-416.jpg\" width=\"153\" height=\"200\" alt=\"PDF - 685,6 kb\"><\/a>\r\n<figcaption class=\"wp-element-caption\"><strong>automobile-entreprise.com<\/strong><br>\r\nA Optimum Automotive continua a sua expans\u00e3o internacional\r\n<\/figcaption><\/div> \r\n\r\n<div class=\"wp-block-image\"> \r\n<a href=\"https:\/\/bu.optimum-automotive.com\/wp-content\/uploads\/2024\/07\/pdf\/2021-05-19-www.presseagence.fr-19_mai_2021-50000000352134058.pdf\" title=\"presseagence.fr\" type=\"application\/pdf\" target=\"_blank\" rel=\"noopener\"><img loading=\"lazy\" decoding=\"async\" src=\"https:\/\/bu.optimum-automotive.com\/wp-content\/uploads\/2024\/07\/jpg\/01-412.jpg\" width=\"153\" height=\"200\" alt=\"PDF - 216.7 kb\"><\/a>\r\n<figcaption class=\"wp-element-caption\"><strong>presseagence.fr<\/strong><br>\r\nPARIS: OPTIMUM AUTOMOTIVE, as empresas africanas ligam as suas frotas\r\n<\/figcaption><\/div> \r\n\r\n<div class=\"wp-block-image\"> \r\n<a href=\"https:\/\/bu.optimum-automotive.com\/wp-content\/uploads\/2024\/07\/pdf\/2021-05-19-la_tribune_des_auto-ecoles-mai_-_juin_2021-10000000061104110.pdf\" title=\"LA TRIBUNE DES AUTO-ECOLES\" type=\"application\/pdf\" target=\"_blank\" rel=\"noopener\"><img loading=\"lazy\" decoding=\"async\" src=\"https:\/\/bu.optimum-automotive.com\/wp-content\/uploads\/2024\/07\/jpg\/01-411.jpg\" width=\"153\" height=\"200\" alt=\"PDF - 186,5 kb\"><\/a>\r\n<figcaption class=\"wp-element-caption\"><strong>LA TRIBUNE DES AUTO-ECOLES<\/strong><br>\r\nPARCERIA ENTRE CODES ROUSSEAU E OPTIMUM AUTOMOTIVE\r\n<\/figcaption><\/div> \r\n\r\n<div class=\"wp-block-image\">\r\n<a href=\"https:\/\/bu.optimum-automotive.com\/wp-content\/uploads\/2024\/07\/pdf\/express_entreprise___ecoconduite_s_enseigne_en_un_jour.pdf\" title=\"lentreprise.lexpress.fr \" type=\"application\/pdf\" target=\"_blank\" rel=\"noopener\"><img loading=\"lazy\" decoding=\"async\" src=\"https:\/\/bu.optimum-automotive.com\/wp-content\/uploads\/2024\/07\/jpg\/01-410.jpg\" width=\"153\" height=\"200\" alt=\"PDF - 4,9 Mb\"><\/a>\r\n<figcaption class=\"wp-element-caption\"><strong>lentreprise.lexpress.fr <\/strong><br>\r\nA condu\u00e7\u00e3o ecol\u00f3gica pode ser ensinada num dia\r\n\r\n<\/figcaption><\/div> \r\n\r\n<h2 class=\"wp-block-heading\">ABRIL DE 2021<\/h2>\r\n\r\n<div class=\"wp-block-image\"> \r\n<a href=\"https:\/\/bu.optimum-automotive.com\/wp-content\/uploads\/2024\/07\/pdf\/2021-04-27-la_provence-27_avril_2021-10000000060984406.pdf\" title=\"A Proven\u00e7a\" type=\"application\/pdf\" target=\"_blank\" rel=\"noopener\"><img loading=\"lazy\" decoding=\"async\" src=\"https:\/\/bu.optimum-automotive.com\/wp-content\/uploads\/2024\/07\/jpg\/01-409.jpg\" width=\"153\" height=\"200\" alt=\"PDF - 185.2 kb\"><\/a>\r\n<figcaption class=\"wp-element-caption\"><strong>A Proven\u00e7a<\/strong><br>\r\nA Optimum Automotive passa a uma velocidade superior e entra em modo de crescimento externo\r\n<\/figcaption><\/div> \r\n\r\n<div class=\"wp-block-image\">\r\n<a href=\"https:\/\/bu.optimum-automotive.com\/wp-content\/uploads\/2024\/07\/pdf\/optimum_automotive_accelere_pour_connecter_les_flottes_auto.pdf\" title=\"Le Journal des Entreprises\" type=\"application\/pdf\" target=\"_blank\" rel=\"noopener\"><img loading=\"lazy\" decoding=\"async\" src=\"https:\/\/bu.optimum-automotive.com\/wp-content\/uploads\/2024\/07\/jpg\/01-402.jpg\" width=\"153\" height=\"200\" alt=\"PDF - 628.4 kb\"><\/a>\r\n<figcaption class=\"wp-element-caption\"><strong>Le Journal des Entreprises<\/strong><br>\r\nA Optimum Automotive tra\u00e7a o seu percurso nos ve\u00edculos conectados\r\n<\/figcaption><\/div> \r\n\r\n<div class=\"wp-block-image\">\r\n<a href=\"https:\/\/bu.optimum-automotive.com\/wp-content\/uploads\/2024\/07\/pdf\/comment_le_numerique_contribue_a_l_electrification_des_flottes___les_echos.pdf\" title=\"lesechos.fr\" type=\"application\/pdf\" target=\"_blank\" rel=\"noopener\"><img loading=\"lazy\" decoding=\"async\" src=\"https:\/\/bu.optimum-automotive.com\/wp-content\/uploads\/2024\/07\/jpg\/01-403.jpg\" width=\"153\" height=\"200\" alt=\"PDF - 2,2 Mb\"><\/a>\r\n<figcaption class=\"wp-element-caption\"><strong>lesechos.fr<\/strong><br>\r\nComo a tecnologia digital est\u00e1 a ajudar a<br class=\"autobr\">\r\neletrifica\u00e7\u00e3o das frotas\r\n<\/figcaption><\/div> \r\n\r\n<div class=\"wp-block-image\"> \r\n<a href=\"https:\/\/bu.optimum-automotive.com\/wp-content\/uploads\/2024\/07\/pdf\/telematique_embarquee___l_impact_de_la_crise_sanitaire.pdf\" title=\"flotauto.com\" type=\"application\/pdf\" target=\"_blank\" rel=\"noopener\"><img loading=\"lazy\" decoding=\"async\" src=\"https:\/\/bu.optimum-automotive.com\/wp-content\/uploads\/2024\/07\/jpg\/01-401.jpg\" width=\"153\" height=\"200\" alt=\"PDF - 152 kb\"><\/a>\r\n<figcaption class=\"wp-element-caption\"><strong>flotauto.com<\/strong><br>\r\nTelem\u00e1tica: o impacto da crise sanit\u00e1ria\r\n\r\n<\/figcaption><\/div> \r\n\r\n<h2 class=\"wp-block-heading\">MAR\u00c7O DE 2021<\/h2>\r\n\r\n<div class=\"wp-block-image\">\r\n<a href=\"https:\/\/bu.optimum-automotive.com\/wp-content\/uploads\/2024\/07\/pdf\/2021-03-31-flottes_automobiles-mars_2021-10000000060838002.pdf\" title=\"Frotas de autom\u00f3veis\" type=\"application\/pdf\" target=\"_blank\" rel=\"noopener\"><img loading=\"lazy\" decoding=\"async\" src=\"https:\/\/bu.optimum-automotive.com\/wp-content\/uploads\/2024\/07\/jpg\/01-400.jpg\" width=\"153\" height=\"200\" alt=\"PDF - 821.1 kb\"><\/a>\r\n<figcaption class=\"wp-element-caption\"><strong>Frotas de autom\u00f3veis<\/strong><br>\r\nNovidades para 2021\r\n<\/figcaption><\/div> \r\n\r\n<div class=\"wp-block-image\">\r\n<a href=\"https:\/\/bu.optimum-automotive.com\/wp-content\/uploads\/2024\/07\/pdf\/2021-03-31-flottes_automobiles-mars_2021-10000000060837975.pdf\" title=\"Frotas de autom\u00f3veis\" type=\"application\/pdf\" target=\"_blank\" rel=\"noopener\"><img loading=\"lazy\" decoding=\"async\" src=\"https:\/\/bu.optimum-automotive.com\/wp-content\/uploads\/2024\/07\/jpg\/01-399.jpg\" width=\"153\" height=\"200\" alt=\"PDF - 1,1 Mb\"><\/a>\r\n<figcaption class=\"wp-element-caption\"><strong>Frotas de autom\u00f3veis<\/strong><br>\r\nEletrifica\u00e7\u00e3o<br class=\"autobr\">\r\nAs frotas est\u00e3o em movimento\r\n<\/figcaption><\/div> \r\n\r\n<div class=\"wp-block-image\">\r\n<a href=\"https:\/\/bu.optimum-automotive.com\/wp-content\/uploads\/2024\/07\/pdf\/2021-03-31-www.lesechos.fr-31_mars_2021-50000000350668821.pdf\" title=\"esechos.fr\" type=\"application\/pdf\" target=\"_blank\" rel=\"noopener\"><img loading=\"lazy\" decoding=\"async\" src=\"https:\/\/bu.optimum-automotive.com\/wp-content\/uploads\/2024\/07\/jpg\/01-396.jpg\" width=\"153\" height=\"200\" alt=\"PDF - 310 kb\"><\/a>\r\n<figcaption class=\"wp-element-caption\"><strong>esechos.fr<\/strong><br>\r\nComo a tecnologia digital est\u00e1 a ajudar a eletrificar as frotas\r\n<\/figcaption><\/div> \r\n\r\n<div class=\"wp-block-image\">\r\n<a href=\"https:\/\/bu.optimum-automotive.com\/wp-content\/uploads\/2024\/07\/pdf\/l_ecoconduite_en_entreprise_avec_codes_rousseau_et_optimum_automotive.pdf\" title=\"https:\/\/www.flotauto.com\/\" type=\"application\/pdf\" target=\"_blank\" rel=\"noopener\"><img loading=\"lazy\" decoding=\"async\" src=\"https:\/\/bu.optimum-automotive.com\/wp-content\/uploads\/2024\/07\/jpg\/01-398.jpg\" width=\"153\" height=\"200\" alt=\"PDF - 176,9 kb\"><\/a>\r\n<figcaption class=\"wp-element-caption\"><strong>https:\/\/www.flotauto.com\/<\/strong><br>\r\nCondu\u00e7\u00e3o ecol\u00f3gica no local de trabalho com Codes Rousseau e Optimum Automotive\r\n<\/figcaption><\/div> \r\n\r\n<div class=\"wp-block-image\">\r\n<a href=\"https:\/\/bu.optimum-automotive.com\/wp-content\/uploads\/2024\/07\/pdf\/automobile-entreprise-optimum_automotive_et_codes_rousseau.pdf\" title=\"automobile-entreprise.com\" type=\"application\/pdf\" target=\"_blank\" rel=\"noopener\"><img loading=\"lazy\" decoding=\"async\" src=\"https:\/\/bu.optimum-automotive.com\/wp-content\/uploads\/2024\/07\/jpg\/01-397.jpg\" width=\"153\" height=\"200\" alt=\"PDF - 5,2 Mb\"><\/a>\r\n<figcaption class=\"wp-element-caption\"><strong>automobile-entreprise.com<\/strong><br>\r\nCom o EasyCoach, a Optimum Automotive e a Codes Rousseau apoiam a condu\u00e7\u00e3o ecol\u00f3gica das frotas\r\n<\/figcaption><\/div> \r\n\r\n<div class=\"wp-block-image\"> \r\n<a href=\"https:\/\/bu.optimum-automotive.com\/wp-content\/uploads\/2024\/07\/pdf\/2021-03-15-www.presseagence.fr-15_mars_2021-50000000350194331.pdf\" title=\"presseagence.fr\" type=\"application\/pdf\" target=\"_blank\" rel=\"noopener\"><img loading=\"lazy\" decoding=\"async\" src=\"https:\/\/bu.optimum-automotive.com\/wp-content\/uploads\/2024\/07\/jpg\/01-395.jpg\" width=\"153\" height=\"200\" alt=\"PDF - 123.1 kb\"><\/a>\r\n<figcaption class=\"wp-element-caption\"><strong>presseagence.fr<\/strong><br>\r\nA OPTIMUM AUTOMOTIVE recebeu o r\u00f3tulo truxt\r\n<\/figcaption><\/div> \r\n\r\n<div class=\"wp-block-image\"> \r\n<a href=\"https:\/\/bu.optimum-automotive.com\/wp-content\/uploads\/2024\/07\/pdf\/optimum_automotive_obtient_le_label_truxt_-_bus_car.pdf\" title=\"busetcar.com\" type=\"application\/pdf\" target=\"_blank\" rel=\"noopener\"><img loading=\"lazy\" decoding=\"async\" src=\"https:\/\/bu.optimum-automotive.com\/wp-content\/uploads\/2024\/07\/jpg\/01-388.jpg\" width=\"153\" height=\"200\" alt=\"PDF - 443 kb\"><\/a>\r\n<figcaption class=\"wp-element-caption\"><strong>busetcar.com<\/strong><br>\r\nA Optimum Automotive obt\u00e9m o r\u00f3tulo Truxt\r\n\r\n<\/figcaption><\/div> \r\n\r\n<h2 class=\"wp-block-heading\">FEVEREIRO 2021<\/h2>\r\n\r\n<div class=\"wp-block-image\">\r\n<a href=\"https:\/\/bu.optimum-automotive.com\/wp-content\/uploads\/2024\/07\/pdf\/l_equipe_magazine.pdf\" title=\"Revista l&#039;\u00c9quipe \" type=\"application\/pdf\" target=\"_blank\" rel=\"noopener\"><img loading=\"lazy\" decoding=\"async\" src=\"https:\/\/bu.optimum-automotive.com\/wp-content\/uploads\/2024\/07\/jpg\/01-387.jpg\" width=\"153\" height=\"200\" alt=\"PDF - 584.2 kb\"><\/a>\r\n<figcaption class=\"wp-element-caption\"><strong>Revista l'\u00c9quipe <\/strong><br>\r\nFONCEUR<br class=\"autobr\">\r\n\u00d3PTIMO, OP\u00c7\u00c3O DE OPTIMIZA\u00c7\u00c3O\r\n<\/figcaption><\/div> \r\n\r\n<div class=\"wp-block-image\">\r\n<a href=\"https:\/\/bu.optimum-automotive.com\/wp-content\/uploads\/2024\/07\/pdf\/2021-02-06-www.presseagence.fr-6_fevrier_2021-50000000349022058_1_.pdf\" title=\"presseagence.fr\" type=\"application\/pdf\" target=\"_blank\" rel=\"noopener\"><img loading=\"lazy\" decoding=\"async\" src=\"https:\/\/bu.optimum-automotive.com\/wp-content\/uploads\/2024\/07\/jpg\/01-386.jpg\" width=\"153\" height=\"200\" alt=\"PDF - 613.1 kb\"><\/a>\r\n<figcaption class=\"wp-element-caption\"><strong>presseagence.fr<\/strong><br>\r\nPARIS: OPTIMUM AUTOMOTIVE abre um Centro Internacional de Neg\u00f3cios\r\n<\/figcaption><\/div> \r\n\r\n<div class=\"wp-block-image\">\r\n<a href=\"https:\/\/bu.optimum-automotive.com\/wp-content\/uploads\/2024\/07\/pdf\/optimum_automotive_ouvre_un_business_center_international.pdf\" title=\"mtom-mag.com\" type=\"application\/pdf\" target=\"_blank\" rel=\"noopener\"><img loading=\"lazy\" decoding=\"async\" src=\"https:\/\/bu.optimum-automotive.com\/wp-content\/uploads\/2024\/07\/jpg\/01-385.jpg\" width=\"153\" height=\"200\" alt=\"PDF - 422.1 kb\"><\/a>\r\n<figcaption class=\"wp-element-caption\"><strong>mtom-mag.com<\/strong><br>\r\nA Optimum Automotive abre um centro de neg\u00f3cios internacional\r\n<\/figcaption><\/div> \r\n\r\n<div class=\"wp-block-image\">\r\n<a href=\"https:\/\/bu.optimum-automotive.com\/wp-content\/uploads\/2024\/07\/pdf\/optimum_automotive_lance_son_.pdf\" title=\"automobile-entreprise.com\" type=\"application\/pdf\" target=\"_blank\" rel=\"noopener\"><img loading=\"lazy\" decoding=\"async\" src=\"https:\/\/bu.optimum-automotive.com\/wp-content\/uploads\/2024\/07\/jpg\/01-384.jpg\" width=\"153\" height=\"200\" alt=\"PDF - 123 kb\"><\/a>\r\n<figcaption class=\"wp-element-caption\"><strong>automobile-entreprise.com<\/strong><br>\r\nA Optimum Automotive lan\u00e7a o seu centro de neg\u00f3cios internacional\r\n<\/figcaption><\/div> \r\n\r\n<h2 class=\"wp-block-heading\">JANEIRO DE 2021<\/h2>\r\n\r\n<div class=\"wp-block-image\">\r\n<a href=\"https:\/\/bu.optimum-automotive.com\/wp-content\/uploads\/2024\/07\/pdf\/2021-01-29-tous_les_vehicules_utilitaires_mag-janvier_-_fevrier_2021-10000000060506179.pdf\" title=\"MAG Ve\u00edculos comerciais\" type=\"application\/pdf\" target=\"_blank\" rel=\"noopener\"><img loading=\"lazy\" decoding=\"async\" src=\"https:\/\/bu.optimum-automotive.com\/wp-content\/uploads\/2024\/07\/jpg\/01-383.jpg\" width=\"153\" height=\"200\" alt=\"PDF - 891.9 kb\"><\/a>\r\n<figcaption class=\"wp-element-caption\"><strong>MAG Ve\u00edculos comerciais<\/strong><br>\r\nGerir o(s) seu(s) ve\u00edculo(s) o mais pr\u00f3ximo poss\u00edvel\r\n<\/figcaption><\/div> \r\n\r\n<div class=\"wp-block-image\">\r\n<a href=\"https:\/\/bu.optimum-automotive.com\/wp-content\/uploads\/2024\/07\/pdf\/2021-01-04-l_automobile_l_entreprise-janvier_2021-10000000060367523.pdf\" title=\"AUTOM\u00d3VEIS E NEG\u00d3CIOS\" type=\"application\/pdf\" target=\"_blank\" rel=\"noopener\"><img loading=\"lazy\" decoding=\"async\" src=\"https:\/\/bu.optimum-automotive.com\/wp-content\/uploads\/2024\/07\/jpg\/01-382.jpg\" width=\"153\" height=\"200\" alt=\"PDF - 364.7 kb\"><\/a>\r\n<figcaption class=\"wp-element-caption\"><strong>AUTOM\u00d3VEIS E NEG\u00d3CIOS<\/strong><br>\r\nSemana #CONNECTfleet: repita a sua confer\u00eancia!<\/figcaption><\/div> \r\n\r\n\r\n<h2 class=\"wp-block-heading\">DEZEMBRO DE 2020<\/h2>\r\n\r\n<div class=\"wp-block-image\">\r\n<a href=\"https:\/\/bu.optimum-automotive.com\/wp-content\/uploads\/2024\/07\/pdf\/tco___quels_leviers_pour_baisser_les_couts_de_la_flotte_automobile__.pdf\" title=\"flotauto.com\" type=\"application\/pdf\" target=\"_blank\" rel=\"noopener\"><img loading=\"lazy\" decoding=\"async\" src=\"https:\/\/bu.optimum-automotive.com\/wp-content\/uploads\/2024\/07\/jpg\/01-381.jpg\" width=\"151\" height=\"200\" alt=\"PDF - 244.5 kb\"><\/a>\r\n<figcaption class=\"wp-element-caption\"><strong>flotauto.com<\/strong><br>\r\nTCO: quais s\u00e3o as alavancas para reduzir os custos?<\/figcaption><\/div> \r\n\r\n<h2 class=\"wp-block-heading\">NOVEMBRO 2020<\/h2>\r\n\r\n<div class=\"wp-block-image\">\r\n<a href=\"https:\/\/bu.optimum-automotive.com\/wp-content\/uploads\/2024\/07\/pdf\/les_deux-roues_umob_se_connectent_avec_optimum_automotive.pdf\" title=\"flotauto.com\" type=\"application\/pdf\" target=\"_blank\" rel=\"noopener\"><img loading=\"lazy\" decoding=\"async\" src=\"https:\/\/bu.optimum-automotive.com\/wp-content\/uploads\/2024\/07\/jpg\/01-372.jpg\" width=\"151\" height=\"200\" alt=\"PDF - 276,2 kb\"><\/a>\r\n<figcaption class=\"wp-element-caption\"><strong>flotauto.com<\/strong><br>\r\nOs ve\u00edculos de duas rodas da Umob entram em linha com a Optimum Automotive\r\n<\/figcaption><\/div> \r\n\r\n<div class=\"wp-block-image\">\r\n<a href=\"https:\/\/bu.optimum-automotive.com\/wp-content\/uploads\/2024\/07\/pdf\/first_eco_edition_rhone-alpes_et_auvergne-18-11-2020.pdf\" title=\"PRIMEIRA EDI\u00c7\u00c3O ECO RHONEALPES E AUVERGNE\" type=\"application\/pdf\" target=\"_blank\" rel=\"noopener\"><img loading=\"lazy\" decoding=\"async\" src=\"https:\/\/bu.optimum-automotive.com\/wp-content\/uploads\/2024\/07\/jpg\/01-373.jpg\" width=\"151\" height=\"200\" alt=\"PDF - 120.1 kb\"><\/a>\r\n<figcaption class=\"wp-element-caption\"><strong>PRIMEIRA EDI\u00c7\u00c3O ECO RHONEALPES E AUVERGNE<\/strong><br>\r\nA empresa U'mob, sediada em Rh\u00f4ne-Alpes, uniu for\u00e7as com a Optimum Automotive de Provence...<\/figcaption><\/div> \r\n\r\n<h2 class=\"wp-block-heading\">OUTUBRO DE 2020<\/h2>\r\n\r\n<div class=\"wp-block-image\">\r\n<a href=\"https:\/\/bu.optimum-automotive.com\/wp-content\/uploads\/2024\/07\/pdf\/2020-10-25-le_journal_du_dimanche-25_octobre_2020-10000000059984194.pdf\" title=\"Le Journal du Dimanche\" type=\"application\/pdf\" target=\"_blank\" rel=\"noopener\"><img loading=\"lazy\" decoding=\"async\" src=\"https:\/\/bu.optimum-automotive.com\/wp-content\/uploads\/2024\/07\/jpg\/01-371.jpg\" width=\"151\" height=\"200\" alt=\"PDF - 362.4 kb\"><\/a>\r\n<figcaption class=\"wp-element-caption\"><strong>Le Journal du Dimanche<\/strong><br>\r\n\u00c9 preciso saber como utilizar os dados para tomar decis\u00f5es\".\r\n<\/figcaption><\/div> \r\n\r\n<div class=\"wp-block-image\"> \r\n<a href=\"https:\/\/bu.optimum-automotive.com\/wp-content\/uploads\/2024\/07\/pdf\/2020-10-08-l_automobile_l_entreprise-octobre_2020-10000000059886269_1_.pdf\" title=\"AUTOM\u00d3VEIS E NEG\u00d3CIOS\" type=\"application\/pdf\" target=\"_blank\" rel=\"noopener\"><img loading=\"lazy\" decoding=\"async\" src=\"https:\/\/bu.optimum-automotive.com\/wp-content\/uploads\/2024\/07\/jpg\/01-370.jpg\" width=\"151\" height=\"200\" alt=\"PDF - 492.2 kb\"><\/a>\r\n<figcaption class=\"wp-element-caption\"><strong>AUTOM\u00d3VEIS E NEG\u00d3CIOS<\/strong><br>\r\nPr\u00e9mios de servi\u00e7o\r\n<\/figcaption><\/div> \r\n\r\n<div class=\"wp-block-image\"> \r\n<a href=\"https:\/\/bu.optimum-automotive.com\/wp-content\/uploads\/2024\/07\/pdf\/2020-10-02-www.flotauto.com-2_octobre_2020-50000000344984321.pdf\" title=\"flotauto.com\" type=\"application\/pdf\" target=\"_blank\" rel=\"noopener\"><img loading=\"lazy\" decoding=\"async\" src=\"https:\/\/bu.optimum-automotive.com\/wp-content\/uploads\/2024\/07\/jpg\/01-369.jpg\" width=\"151\" height=\"200\" alt=\"PDF - 131,1 kb\"><\/a>\r\n<figcaption class=\"wp-element-caption\"><strong>flotauto.com<\/strong><br>\r\nGuia Flotauto 2021: a edi\u00e7\u00e3o para todos os seus projectos!\r\n\r\n<\/figcaption><\/div> \r\n\r\n<h2 class=\"wp-block-heading\">SETEMBRO 2020<\/h2>\r\n\r\n<div class=\"wp-block-image\"> \r\n<a href=\"https:\/\/bu.optimum-automotive.com\/wp-content\/uploads\/2024\/07\/pdf\/telematiciens___des_innovations_sur_un_marche_prometteur.pdf\" title=\"flotauto.com\" type=\"application\/pdf\" target=\"_blank\" rel=\"noopener\"><img loading=\"lazy\" decoding=\"async\" src=\"https:\/\/bu.optimum-automotive.com\/wp-content\/uploads\/2024\/07\/jpg\/01-368.jpg\" width=\"151\" height=\"200\" alt=\"PDF - 278.7 kb\"><\/a>\r\n<figcaption class=\"wp-element-caption\"><strong>flotauto.com<\/strong><br>\r\nTelem\u00e1tica: inova\u00e7\u00e3o num mercado promissor\r\n\r\n<\/figcaption><\/div> \r\n\r\n<h2 class=\"wp-block-heading\">JULHO DE 2020<\/h2>\r\n\r\n<div class=\"wp-block-image\"> \r\n<a href=\"https:\/\/bu.optimum-automotive.com\/wp-content\/uploads\/2024\/07\/pdf\/2020-07-29-le_mille_pattes-n_37_-_2020-10000000059166039.pdf\" title=\"O CENTIP\u00c9DIO\" type=\"application\/pdf\" target=\"_blank\" rel=\"noopener\"><img loading=\"lazy\" decoding=\"async\" src=\"https:\/\/bu.optimum-automotive.com\/wp-content\/uploads\/2024\/07\/jpg\/01-365.jpg\" width=\"151\" height=\"200\" alt=\"PDF - 84,9 kb\"><\/a>\r\n<figcaption class=\"wp-element-caption\"><strong>O CENTIP\u00c9DIO<\/strong><br>\r\nO Mapping Control estende a geolocaliza\u00e7\u00e3o a outros equipamentos\r\n<\/figcaption><\/div> \r\n\r\n<div class=\"wp-block-image\">\r\n<a href=\"https:\/\/bu.optimum-automotive.com\/wp-content\/uploads\/2024\/07\/pdf\/2020-07-08-www.industrie-mag.com-8_juillet_2020-50000000342525867.pdf\" title=\"industrie-mag.com\" type=\"application\/pdf\" target=\"_blank\" rel=\"noopener\"><img loading=\"lazy\" decoding=\"async\" src=\"https:\/\/bu.optimum-automotive.com\/wp-content\/uploads\/2024\/07\/jpg\/01-364.jpg\" width=\"151\" height=\"200\" alt=\"PDF - 105,5 kb\"><\/a>\r\n<figcaption class=\"wp-element-caption\"><strong>industrie-mag.com<\/strong><br>\r\nOs especialistas em fibra equipam-se com o Controlo de Mapeamento\r\n<\/figcaption><\/div> \r\n\r\n<div class=\"wp-block-image\">\r\n<a href=\"https:\/\/bu.optimum-automotive.com\/wp-content\/uploads\/2024\/07\/pdf\/2020-07-08-flottes_automobiles-juin_2020-10000000059065249.pdf\" title=\"flotauto.com\" type=\"application\/pdf\" target=\"_blank\" rel=\"noopener\"><img loading=\"lazy\" decoding=\"async\" src=\"https:\/\/bu.optimum-automotive.com\/wp-content\/uploads\/2024\/07\/jpg\/01-363.jpg\" width=\"151\" height=\"200\" alt=\"PDF - 548.7 kb\"><\/a>\r\n<figcaption class=\"wp-element-caption\"><strong>flotauto.com<\/strong><br>\r\nInqu\u00e9rito \u00e0 covid-19: Iniciativas dos prestadores de servi\u00e7os\r\n<\/figcaption><\/div> \r\n\r\n<div class=\"wp-block-image\">\r\n<a href=\"https:\/\/bu.optimum-automotive.com\/wp-content\/uploads\/2024\/07\/pdf\/decryptageo.fr-les_experts_de_la_fibre_dont_les_equipes_sillonnent_lhexagone_sequipent_a_mapping_control.pdf\" title=\"decryptageo.fr\" type=\"application\/pdf\" target=\"_blank\" rel=\"noopener\"><img loading=\"lazy\" decoding=\"async\" src=\"https:\/\/bu.optimum-automotive.com\/wp-content\/uploads\/2024\/07\/jpg\/01-362.jpg\" width=\"151\" height=\"200\" alt=\"PDF - 98,5 kb\"><\/a>\r\n<figcaption class=\"wp-element-caption\"><strong>decryptageo.fr<\/strong><br>\r\nOs especialistas em fibras, cujas equipas percorrem todo o territ\u00f3rio franc\u00eas, adquirem o seu equipamento na Mapping Control\r\n<\/figcaption><\/div> \r\n<h2 class=\"wp-block-heading\">JUNHO DE 2020<\/h2>\r\n\r\n<div class=\"wp-block-image\">\r\n<a href=\"https:\/\/bu.optimum-automotive.com\/wp-content\/uploads\/2024\/07\/pdf\/2020-06-27-le_journal_du_poids_lourd-juin_2020.pdf\" title=\"O JORNAL DO CAMI\u00c3O\" type=\"application\/pdf\" target=\"_blank\" rel=\"noopener\"><img loading=\"lazy\" decoding=\"async\" src=\"https:\/\/bu.optimum-automotive.com\/wp-content\/uploads\/2024\/07\/jpg\/01-361.jpg\" width=\"151\" height=\"200\" alt=\"PDF - 672.5 kb\"><\/a>\r\n<figcaption class=\"wp-element-caption\"><strong>O JORNAL DO CAMI\u00c3O<\/strong><br>\r\nCovid-19, um acelerador da desmaterializa\u00e7\u00e3o\r\n<\/figcaption><\/div> \r\n\r\n<div class=\"wp-block-image\">\r\n<a href=\"https:\/\/bu.optimum-automotive.com\/wp-content\/uploads\/2024\/07\/pdf\/2020-06-26-transport_info-26_juin_2020-10000000059005858.pdf\" title=\"INFORMA\u00c7\u00d5ES DE TRANSPORTE\" type=\"application\/pdf\" target=\"_blank\" rel=\"noopener\"><img loading=\"lazy\" decoding=\"async\" src=\"https:\/\/bu.optimum-automotive.com\/wp-content\/uploads\/2024\/07\/jpg\/01-360.jpg\" width=\"151\" height=\"200\" alt=\"PDF - 190.1 kb\"><\/a>\r\n<figcaption class=\"wp-element-caption\"><strong>INFORMA\u00c7\u00d5ES DE TRANSPORTE<\/strong><br>\r\nO Controlo de Mapeamento lan\u00e7a uma plotter\r\n<\/figcaption><\/div> \r\n\r\n<div class=\"wp-block-image\">\r\n<a href=\"https:\/\/bu.optimum-automotive.com\/wp-content\/uploads\/2024\/07\/pdf\/2020-06-26-transport_info-26_juin_2020-10000000059005856.pdf\" title=\"INFORMA\u00c7\u00d5ES DE TRANSPORTE\" type=\"application\/pdf\" target=\"_blank\" rel=\"noopener\"><img loading=\"lazy\" decoding=\"async\" src=\"https:\/\/bu.optimum-automotive.com\/wp-content\/uploads\/2024\/07\/jpg\/01-359.jpg\" width=\"151\" height=\"200\" alt=\"PDF - 649 kb\"><\/a>\r\n<figcaption class=\"wp-element-caption\"><strong>INFORMA\u00c7\u00d5ES DE TRANSPORTE<\/strong><br>\r\nA nova fechadura digital\r\n<\/figcaption><\/div> \r\n\r\n<div class=\"wp-block-image\">\r\n<a href=\"https:\/\/bu.optimum-automotive.com\/wp-content\/uploads\/2024\/07\/pdf\/covid-19___les_flottes_font_le_point.pdf\" title=\"flotauto.com\" type=\"application\/pdf\" target=\"_blank\" rel=\"noopener\"><img loading=\"lazy\" decoding=\"async\" src=\"https:\/\/bu.optimum-automotive.com\/wp-content\/uploads\/2024\/07\/jpg\/01-358.jpg\" width=\"151\" height=\"200\" alt=\"PDF - 229 kb\"><\/a>\r\n<figcaption class=\"wp-element-caption\"><strong>flotauto.com<\/strong><br>\r\nCovid-19: as frotas fazem o balan\u00e7o\r\n<\/figcaption><\/div> \r\n\r\n<div class=\"wp-block-image\">\r\n<a href=\"https:\/\/bu.optimum-automotive.com\/wp-content\/uploads\/2024\/07\/pdf\/informations_entreprise.pdf\" title=\"Informa\u00e7\u00f5es sobre a empresa\" type=\"application\/pdf\" target=\"_blank\" rel=\"noopener\"><img loading=\"lazy\" decoding=\"async\" src=\"https:\/\/bu.optimum-automotive.com\/wp-content\/uploads\/2024\/07\/jpg\/01-19.png\" width=\"151\" height=\"200\" alt=\"PDF - 1,6 Mb\"><\/a>\r\n<figcaption class=\"wp-element-caption\"><strong>Informa\u00e7\u00f5es sobre a empresa<\/strong><br>\r\nOPTIMUM AUTOMOTIVE\r\n<\/figcaption><\/div> \r\n\r\n<div class=\"wp-block-image\">\r\n<a href=\"https:\/\/bu.optimum-automotive.com\/wp-content\/uploads\/2024\/07\/pdf\/2020-06-04-www.decisionatelier.com-4_juin_2020-50000000341546589_1_.pdf\" title=\"decisionatelier.com\" type=\"application\/pdf\" target=\"_blank\" rel=\"noopener\"><img loading=\"lazy\" decoding=\"async\" src=\"https:\/\/bu.optimum-automotive.com\/wp-content\/uploads\/2024\/07\/jpg\/01-354.jpg\" width=\"151\" height=\"200\" alt=\"PDF - 167,5 kb\"><\/a>\r\n<figcaption class=\"wp-element-caption\"><strong>decisionatelier.com<\/strong><br>\r\nO Mapping Control amplia os seus servi\u00e7os\r\n<\/figcaption><\/div> \r\n\r\n<div class=\"wp-block-image\"> \r\n<a href=\"https:\/\/bu.optimum-automotive.com\/wp-content\/uploads\/2024\/07\/pdf\/video_part2_daniel_vassallucci_president_d_optimum.pdf\" title=\"automobile-entreprise.com\" type=\"application\/pdf\" target=\"_blank\" rel=\"noopener\"><img loading=\"lazy\" decoding=\"async\" src=\"https:\/\/bu.optimum-automotive.com\/wp-content\/uploads\/2024\/07\/jpg\/01-353.jpg\" width=\"151\" height=\"200\" alt=\"PDF - 285.7 kb\"><\/a>\r\n<figcaption class=\"wp-element-caption\"><strong>automobile-entreprise.com<\/strong><br>\r\n[V\u00eddeo Parte.2] Daniel Vassallucci, Presidente da Optimum (Mapping Contrai)\r\n<\/figcaption><\/div> \r\n\r\n<div class=\"wp-block-image\"> \r\n<a href=\"https:\/\/bu.optimum-automotive.com\/wp-content\/uploads\/2024\/07\/pdf\/_video_daniel_vassallucci_president_d_optimum_mapping_control_.pdf\" title=\"automobile-entreprise.com\" type=\"application\/pdf\" target=\"_blank\" rel=\"noopener\"><img loading=\"lazy\" decoding=\"async\" src=\"https:\/\/bu.optimum-automotive.com\/wp-content\/uploads\/2024\/07\/jpg\/01-352.jpg\" width=\"151\" height=\"200\" alt=\"PDF - 638.8 kb\"><\/a>\r\n<figcaption class=\"wp-element-caption\"><strong>automobile-entreprise.com<\/strong><br>\r\n[V\u00eddeo] Daniel Vassallucci, Presidente da Optimum (Controlo de Mapeamento)\r\n<\/figcaption><\/div> \r\n\r\n<div class=\"wp-block-image\"> \r\n<a href=\"https:\/\/bu.optimum-automotive.com\/wp-content\/uploads\/2024\/07\/pdf\/2020-05-29-www.businews.fr-29_mai_2020-50000000341386887_1_.pdf\" title=\"not\u00edcias de neg\u00f3cios.fr\" type=\"application\/pdf\" target=\"_blank\" rel=\"noopener\"><img loading=\"lazy\" decoding=\"async\" src=\"https:\/\/bu.optimum-automotive.com\/wp-content\/uploads\/2024\/07\/jpg\/01-351.jpg\" width=\"151\" height=\"200\" alt=\"PDF - 144,6 kb\"><\/a>\r\n<figcaption class=\"wp-element-caption\"><strong>not\u00edcias de neg\u00f3cios.fr<\/strong><br>\r\nOptimum Automotive afina novas expans\u00f5es internacionais\r\n\r\n<\/figcaption><\/div> \r\n\r\n<h2 class=\"wp-block-heading\">MAIO DE 2020<\/h2>\r\n\r\n<div class=\"wp-block-image\">\r\n<a href=\"https:\/\/bu.optimum-automotive.com\/wp-content\/uploads\/2024\/07\/pdf\/2020-05-29-transport_info-29_mai_2020-10000000058863090.pdf\" title=\"INFORMA\u00c7\u00d5ES DE TRANSPORTE\" type=\"application\/pdf\" target=\"_blank\" rel=\"noopener\"><img loading=\"lazy\" decoding=\"async\" src=\"https:\/\/bu.optimum-automotive.com\/wp-content\/uploads\/2024\/07\/jpg\/01-350.jpg\" width=\"151\" height=\"200\" alt=\"PDF - 244.4 kb\"><\/a>\r\n<figcaption class=\"wp-element-caption\"><strong>INFORMA\u00c7\u00d5ES DE TRANSPORTE<\/strong><br>\r\nDSN TRANSPORT adapta-se \u00e0 covid-19 gra\u00e7as \u00e0 computa\u00e7\u00e3o a bordo\r\n<\/figcaption><\/div> \r\n\r\n<div class=\"wp-block-image\">\r\n<a href=\"https:\/\/bu.optimum-automotive.com\/wp-content\/uploads\/2024\/07\/pdf\/2020-05-27-www.usine-digitale.fr-27_mai_2020-50000000341316794.pdf\" title=\"usine-digitale.fr\" type=\"application\/pdf\" target=\"_blank\" rel=\"noopener\"><img loading=\"lazy\" decoding=\"async\" src=\"https:\/\/bu.optimum-automotive.com\/wp-content\/uploads\/2024\/07\/jpg\/01-349.jpg\" width=\"151\" height=\"200\" alt=\"PDF - 295.2 kb\"><\/a>\r\n<figcaption class=\"wp-element-caption\"><strong>usine-digitale.fr<\/strong><br>\r\nA Optimum Automotive investe no rastreio de contentores e equipamentos\r\n<\/figcaption><\/div> \r\n\r\n<div class=\"wp-block-image\">\r\n<a href=\"https:\/\/bu.optimum-automotive.com\/wp-content\/uploads\/2024\/07\/pdf\/geolocalisation___mapping_control_elargit_la_gamme_des_equipements.pdf\" title=\"jdlgroupe.com\" type=\"application\/pdf\" target=\"_blank\" rel=\"noopener\"><img loading=\"lazy\" decoding=\"async\" src=\"https:\/\/bu.optimum-automotive.com\/wp-content\/uploads\/2024\/07\/jpg\/01-348.jpg\" width=\"151\" height=\"200\" alt=\"PDF - 731.1 kb\"><\/a>\r\n<figcaption class=\"wp-element-caption\"><strong>jdlgroupe.com<\/strong><br>\r\nGeolocaliza\u00e7\u00e3o: Mapping Control alarga a sua gama de equipamentos\r\n<\/figcaption><\/div> \r\n\r\n<div class=\"wp-block-image\">\r\n\r\n<a href=\"https:\/\/bu.optimum-automotive.com\/wp-content\/uploads\/2024\/07\/pdf\/mapping_control_geolocalise_les_equipements.pdf\" title=\"flotauto.com\" type=\"application\/pdf\" target=\"_blank\" rel=\"noopener\"><img loading=\"lazy\" decoding=\"async\" src=\"https:\/\/bu.optimum-automotive.com\/wp-content\/uploads\/2024\/07\/jpg\/01-347.jpg\" width=\"151\" height=\"200\" alt=\"PDF - 143.1 kb\"><\/a>\r\n<figcaption class=\"wp-element-caption\"><strong>flotauto.com<\/strong><br>\r\nO Controlo de Mapeamento localiza geograficamente o equipamento\r\n<\/figcaption><\/div> \r\n\r\n<div class=\"wp-block-image\">\r\n<a href=\"https:\/\/bu.optimum-automotive.com\/wp-content\/uploads\/2024\/07\/pdf\/2020-05-12-www.industrie-mag.com-12_mai_2020-50000000340922380_1_.pdf\" title=\"industrie-mag.com\" type=\"application\/pdf\" target=\"_blank\" rel=\"noopener\"><img loading=\"lazy\" decoding=\"async\" src=\"https:\/\/bu.optimum-automotive.com\/wp-content\/uploads\/2024\/07\/jpg\/01-346.jpg\" width=\"151\" height=\"200\" alt=\"PDF - 150,4 kb\"><\/a>\r\n<figcaption class=\"wp-element-caption\"><strong>industrie-mag.com<\/strong><br>\r\nCom o Mapping Control, a DSN optimiza o custo da sua frota\r\n<\/figcaption><\/div> \r\n\r\n<div class=\"wp-block-image\">\r\n<a href=\"https:\/\/bu.optimum-automotive.com\/wp-content\/uploads\/2024\/07\/pdf\/2020-05-12-www.flotauto.com-12_mai_2020-50000000340912508.pdf\" title=\"flotauto.com\" type=\"application\/pdf\" target=\"_blank\" rel=\"noopener\"><img loading=\"lazy\" decoding=\"async\" src=\"https:\/\/bu.optimum-automotive.com\/wp-content\/uploads\/2024\/07\/jpg\/01-343.jpg\" width=\"151\" height=\"200\" alt=\"PDF - 670.5 kb\"><\/a>\r\n<figcaption class=\"wp-element-caption\"><strong>flotauto.com<\/strong><br>\r\nDSN Transports e AEL Services: utiliza\u00e7\u00e3o da telem\u00e1tica para gerir a<br class=\"autobr\">\r\ncrise\r\n<\/figcaption><\/div> \r\n\r\n<div class=\"wp-block-image\">\r\n<a href=\"https:\/\/bu.optimum-automotive.com\/wp-content\/uploads\/2024\/07\/pdf\/coronavirus___dsn_transports_optimise_sa_flotte_de_vehicules_avec_mapping_control_-_le_journal_des_entreprises_-_region_sud.pdf\" title=\"Jornal da empresa\" type=\"application\/pdf\" target=\"_blank\" rel=\"noopener\"><img loading=\"lazy\" decoding=\"async\" src=\"https:\/\/bu.optimum-automotive.com\/wp-content\/uploads\/2024\/07\/jpg\/01-344.jpg\" width=\"151\" height=\"200\" alt=\"PDF - 309 kb\"><\/a>\r\n<figcaption class=\"wp-element-caption\"><strong>Jornal da empresa<\/strong><br>\r\nCoronav\u00edrus: DSN Transports optimiza a sua frota de ve\u00edculos com o Mapping Control\r\n<\/figcaption><\/div> \r\n\r\n<div class=\"wp-block-image\">\r\n<a href=\"https:\/\/bu.optimum-automotive.com\/wp-content\/uploads\/2024\/07\/pdf\/l_outil_de_gestion_de_flotte_optipark_offert_pendant_12_mois.pdf\" title=\"automobile-entreprise.com\" type=\"application\/pdf\" target=\"_blank\" rel=\"noopener\"><img loading=\"lazy\" decoding=\"async\" src=\"https:\/\/bu.optimum-automotive.com\/wp-content\/uploads\/2024\/07\/jpg\/01-345.jpg\" width=\"151\" height=\"200\" alt=\"PDF - 619.1 kb\"><\/a>\r\n<figcaption class=\"wp-element-caption\"><strong>automobile-entreprise.com<\/strong><br>\r\nFerramenta de gest\u00e3o de frotas Optipark gratuita durante 12 meses\r\n<\/figcaption><\/div> \r\n\r\n<div class=\"wp-block-image\">\r\n<a href=\"https:\/\/bu.optimum-automotive.com\/wp-content\/uploads\/2024\/07\/pdf\/optimum_automotive_offre_son_service_optipark_pendant_12_mois.pdf\" title=\"journalauto.com\" type=\"application\/pdf\" target=\"_blank\" rel=\"noopener\"><img loading=\"lazy\" decoding=\"async\" src=\"https:\/\/bu.optimum-automotive.com\/wp-content\/uploads\/2024\/07\/jpg\/01-342.jpg\" width=\"151\" height=\"200\" alt=\"PDF - 376,9 kb\"><\/a>\r\n<figcaption class=\"wp-element-caption\"><strong>journalauto.com<\/strong><br>\r\nA Optimum Automotive oferece o seu servi\u00e7o Optipark durante 12 meses\r\n\r\n<\/figcaption><\/div> \r\n\r\n<h2 class=\"wp-block-heading\">ABRIL DE 2020<\/h2>\r\n\r\n<div class=\"wp-block-image\">\r\n<a href=\"https:\/\/bu.optimum-automotive.com\/wp-content\/uploads\/2024\/07\/pdf\/automobile_et_l_entreprise_dossier_telematique.pdf\" title=\"automobile-entreprise.com\" type=\"application\/pdf\" target=\"_blank\" rel=\"noopener\"><img loading=\"lazy\" decoding=\"async\" src=\"https:\/\/bu.optimum-automotive.com\/wp-content\/uploads\/2024\/07\/jpg\/01-39.jpg\" width=\"151\" height=\"200\" alt=\"PDF - 471.4 kb\"><\/a>\r\n<figcaption class=\"wp-element-caption\"><strong>automobile-entreprise.com<\/strong><br>\r\nFuncionalidade Telem\u00e1tica: A promessa das ofertas telem\u00e1ticas\r\n<\/figcaption><\/div> \r\n\r\n<div class=\"wp-block-image\">\r\n<a href=\"https:\/\/bu.optimum-automotive.com\/wp-content\/uploads\/2024\/07\/pdf\/le_fleet_management_promis_a_une_forte_croissance.pdf\" title=\"automobile-entreprise.com\" type=\"application\/pdf\" target=\"_blank\" rel=\"noopener\"><img loading=\"lazy\" decoding=\"async\" src=\"https:\/\/bu.optimum-automotive.com\/wp-content\/uploads\/2024\/07\/jpg\/01-256.jpg\" width=\"151\" height=\"200\" alt=\"PDF - 5,9 Mb\"><\/a>\r\n<figcaption class=\"wp-element-caption\"><strong>automobile-entreprise.com<\/strong><br>\r\nGest\u00e3o de frotas com forte crescimento\r\n<\/figcaption><\/div> \r\n\r\n<div class=\"wp-block-image\">\r\n<a href=\"https:\/\/bu.optimum-automotive.com\/wp-content\/uploads\/2024\/07\/pdf\/2020-04-10-www.pemagazine.fr-10_avril_2020-50000000340072188.pdf\" title=\"pemagazine.fr\" type=\"application\/pdf\" target=\"_blank\" rel=\"noopener\"><img loading=\"lazy\" decoding=\"async\" src=\"https:\/\/bu.optimum-automotive.com\/wp-content\/uploads\/2024\/07\/jpg\/01-341.jpg\" width=\"151\" height=\"200\" alt=\"PDF - 114 kb\"><\/a>\r\n<figcaption class=\"wp-element-caption\"><strong>pemagazine.fr<\/strong><br>\r\nO Paris Green Fund, gerido pela Demeter, angariou 160 milh\u00f5es de euros para o seu<br class=\"autobr\">\r\nencerramento final\r\n<\/figcaption><\/div> \r\n\r\n<div class=\"wp-block-image\"> \r\n<a href=\"https:\/\/bu.optimum-automotive.com\/wp-content\/uploads\/2024\/07\/pdf\/2020-04-08-www.greenunivers.com-8_avril_2020-50000000340001645.pdf\" title=\"greenunivers.com\" type=\"application\/pdf\" target=\"_blank\" rel=\"noopener\"><img loading=\"lazy\" decoding=\"async\" src=\"https:\/\/bu.optimum-automotive.com\/wp-content\/uploads\/2024\/07\/jpg\/01-339.jpg\" width=\"151\" height=\"200\" alt=\"PDF - 169.1 kb\"><\/a>\r\n<figcaption class=\"wp-element-caption\"><strong>greenunivers.com<\/strong><br>\r\n131,5 milh\u00f5es de euros obtidos no sector da mobilidade eletr\u00f3nica no segundo semestre de 2019\r\n<\/figcaption><\/div> \r\n\r\n<div class=\"wp-block-image\">\r\n<a href=\"https:\/\/bu.optimum-automotive.com\/wp-content\/uploads\/2024\/07\/pdf\/2020-04-10-www.ccimp.com-10_avril_2020-50000000340056763.pdf\" title=\"ccimp.com\" type=\"application\/pdf\" target=\"_blank\" rel=\"noopener\"><img loading=\"lazy\" decoding=\"async\" src=\"https:\/\/bu.optimum-automotive.com\/wp-content\/uploads\/2024\/07\/jpg\/01-340.jpg\" width=\"151\" height=\"200\" alt=\"PDF - 84,2 kb\"><\/a>\r\n<figcaption class=\"wp-element-caption\"><strong>ccimp.com<\/strong><br>\r\nOs empres\u00e1rios perante a crise\r\n\r\n<\/figcaption><\/div> \r\n\r\n<h2 class=\"wp-block-heading\">MAR\u00c7O DE 2020<\/h2>\r\n\t\r\n<div class=\"wp-block-image\">\r\n<a href=\"https:\/\/bu.optimum-automotive.com\/wp-content\/uploads\/2024\/07\/pdf\/services___toujours_plus_numeriques.pdf\" title=\"flotauto.com\" type=\"application\/pdf\" target=\"_blank\" rel=\"noopener\"><img loading=\"lazy\" decoding=\"async\" src=\"https:\/\/bu.optimum-automotive.com\/wp-content\/uploads\/2024\/07\/jpg\/01-193.jpg\" width=\"151\" height=\"200\" alt=\"PDF - 163.4 kb\"><\/a>\r\n<figcaption class=\"wp-element-caption\"><strong>flotauto.com<\/strong><br>\r\nAluguer de longa dura\u00e7\u00e3o. Servi\u00e7os: cada vez mais digitais\r\n<\/figcaption><\/div> \r\n\r\n<div class=\"wp-block-image\">\r\n<a href=\"https:\/\/bu.optimum-automotive.com\/wp-content\/uploads\/2024\/07\/pdf\/telematique_embarquee___nouveaux_capitaux_et_fonctionnalites_elargies.pdf\" title=\"flotauto.com\" type=\"application\/pdf\" target=\"_blank\" rel=\"noopener\"><img loading=\"lazy\" decoding=\"async\" src=\"https:\/\/bu.optimum-automotive.com\/wp-content\/uploads\/2024\/07\/jpg\/01-110.jpg\" width=\"151\" height=\"200\" alt=\"PDF - 260,6 kb\"><\/a>\r\n<figcaption class=\"wp-element-caption\"><strong>flotauto.com<\/strong><br>\r\nTelem\u00e1tica a bordo: novo capital e funcionalidades alargadas\r\n<\/figcaption><\/div> \r\n\r\n<div class=\"wp-block-image\">\r\n<a href=\"https:\/\/bu.optimum-automotive.com\/wp-content\/uploads\/2024\/07\/pdf\/2020-03-05-www.assurlandpro.com-5_mars_2020-50000000338908013.pdf\" title=\"assurlandpro.com\" type=\"application\/pdf\" target=\"_blank\" rel=\"noopener\"><img loading=\"lazy\" decoding=\"async\" src=\"https:\/\/bu.optimum-automotive.com\/wp-content\/uploads\/2024\/07\/jpg\/01-338.jpg\" width=\"151\" height=\"200\" alt=\"PDF - 136,4 kb\"><\/a>\r\n<figcaption class=\"wp-element-caption\"><strong>assurlandpro.com<\/strong><br>\r\nAutom\u00f3veis da empresa: as empresas s\u00e3o obrigadas a declarar em<br class=\"autobr\">\r\ncaso de infra\u00e7\u00e3o\r\n<\/figcaption><\/div> \r\n\r\n<div class=\"wp-block-image\">\r\n<a href=\"https:\/\/bu.optimum-automotive.com\/wp-content\/uploads\/2024\/07\/pdf\/fleet_management-vols_de_vehicules_prendre_les_devants.pdf\" title=\"decision-achats.fr\" type=\"application\/pdf\" target=\"_blank\" rel=\"noopener\"><img loading=\"lazy\" decoding=\"async\" src=\"https:\/\/bu.optimum-automotive.com\/wp-content\/uploads\/2024\/07\/jpg\/01-328.jpg\" width=\"151\" height=\"200\" alt=\"PDF - 2,1 Mb\"><\/a>\r\n<figcaption class=\"wp-element-caption\"><strong>decision-achats.fr<\/strong><br>\r\nGest\u00e3o de frotas - Furto de ve\u00edculos: assumir a lideran\u00e7a\r\n<\/figcaption><\/div> \r\n\t\r\n<h2 class=\"wp-block-heading\">FEVEREIRO DE 2020<\/h2>\r\n\r\n<div class=\"wp-block-image\">\r\n<a href=\"https:\/\/bu.optimum-automotive.com\/wp-content\/uploads\/2024\/07\/pdf\/2020-02-13-fusions_acquisitions_magazine-janvier_-_fevrier_2020-10000000058350283.pdf\" title=\"REVISTA MERGERS &amp; ACQUISITIONS\" type=\"application\/pdf\" target=\"_blank\" rel=\"noopener\"><img loading=\"lazy\" decoding=\"async\" src=\"https:\/\/bu.optimum-automotive.com\/wp-content\/uploads\/2024\/07\/jpg\/01-334.jpg\" width=\"151\" height=\"200\" alt=\"PDF - 3,2 Mb\"><\/a>\r\n<figcaption class=\"wp-element-caption\"><strong>REVISTA MERGERS &amp; ACQUISITIONS<\/strong><br>\r\nTransac\u00e7\u00f5es de capitais privados em novembro dezembro de 2019\r\n<\/figcaption><\/div> \r\n\r\n<div class=\"wp-block-image\">\r\n<a href=\"https:\/\/bu.optimum-automotive.com\/wp-content\/uploads\/2024\/07\/pdf\/2020-02-26-www.assurland.com-26_fevrier_2020-50000000338656007.pdf\" title=\"assurland.com\" type=\"application\/pdf\" target=\"_blank\" rel=\"noopener\"><img loading=\"lazy\" decoding=\"async\" src=\"https:\/\/bu.optimum-automotive.com\/wp-content\/uploads\/2024\/07\/jpg\/01-337.jpg\" width=\"151\" height=\"200\" alt=\"PDF - 241,3 kb\"><\/a>\r\n<figcaption class=\"wp-element-caption\"><strong>assurland.com<\/strong><br>\r\nCarros de empresa: as empresas denunciam os condutores que infringem a lei\r\n<\/figcaption><\/div> \r\n\r\n<div class=\"wp-block-image\">\r\n<a href=\"https:\/\/bu.optimum-automotive.com\/wp-content\/uploads\/2024\/07\/pdf\/2020-02-17-www.usinenouvelle.com-17_fevrier_2020-50000000338345273.pdf\" title=\"usinenouvelle.com\" type=\"application\/pdf\" target=\"_blank\" rel=\"noopener\"><img loading=\"lazy\" decoding=\"async\" src=\"https:\/\/bu.optimum-automotive.com\/wp-content\/uploads\/2024\/07\/jpg\/01-336.jpg\" width=\"151\" height=\"200\" alt=\"PDF - 158.7 kb\"><\/a>\r\n<figcaption class=\"wp-element-caption\"><strong>usinenouvelle.com<\/strong><br>\r\nAs Business Professional Women (BPW) lutam contra o sexismo no local de trabalho<br class=\"autobr\">\r\nempresa\r\n<\/figcaption><\/div> \r\n\r\n<div class=\"wp-block-image\"> \r\n<a href=\"https:\/\/bu.optimum-automotive.com\/wp-content\/uploads\/2024\/07\/pdf\/2020-02-13-www.mtom-mag.com-13_fevrier_2020-50000000338228829.pdf\" title=\"mtom-mag.com\" type=\"application\/pdf\" target=\"_blank\" rel=\"noopener\"><img loading=\"lazy\" decoding=\"async\" src=\"https:\/\/bu.optimum-automotive.com\/wp-content\/uploads\/2024\/07\/jpg\/01-335.jpg\" width=\"151\" height=\"200\" alt=\"PDF - 125.5 kb\"><\/a>\r\n<figcaption class=\"wp-element-caption\"><strong>mtom-mag.com<\/strong><br>\r\nO Mapping Control est\u00e1 a oferecer o seu servi\u00e7o durante 6 meses<br class=\"autobr\">\r\nOptiparc\r\n<\/figcaption><\/div> \r\n\r\n<div class=\"wp-block-image\">\r\n<a href=\"https:\/\/bu.optimum-automotive.com\/wp-content\/uploads\/2024\/07\/pdf\/obligation_pour_l_entreprise_de_denoncer_des_logiciels_pour_simplifier_les_demarches-vehicules_de_societes.pdf\" title=\"www.caradisiac.com\" type=\"application\/pdf\" target=\"_blank\" rel=\"noopener\"><img loading=\"lazy\" decoding=\"async\" src=\"https:\/\/bu.optimum-automotive.com\/wp-content\/uploads\/2024\/07\/jpg\/01-327.jpg\" width=\"151\" height=\"200\" alt=\"PDF - 2,8 Mb\"><\/a>\r\n<figcaption class=\"wp-element-caption\"><strong>www.caradisiac.com<\/strong><br>\r\nRadares\/ve\u00edculos das empresas - Obriga\u00e7\u00e3o de comunica\u00e7\u00e3o das empresas: software para simplificar os procedimentos\r\n<\/figcaption><\/div> \r\n\r\n<div class=\"wp-block-image\">\r\n<a href=\"https:\/\/bu.optimum-automotive.com\/wp-content\/uploads\/2024\/07\/pdf\/rencontres_flotauto___a_fond_sur_les_vehicules_electriques.pdf\" title=\"automobile-propre.com\" type=\"application\/pdf\" target=\"_blank\" rel=\"noopener\"><img loading=\"lazy\" decoding=\"async\" src=\"https:\/\/bu.optimum-automotive.com\/wp-content\/uploads\/2024\/07\/jpg\/01-326.jpg\" width=\"151\" height=\"200\" alt=\"PDF - 11,2 Mb\"><\/a>\r\n<figcaption class=\"wp-element-caption\"><strong>automobile-propre.com<\/strong><br>\r\nRencontres Flotauto: foco nos ve\u00edculos el\u00e9ctricos\r\n<\/figcaption><\/div> \r\n\r\n<div class=\"wp-block-image\"> \r\n<a href=\"https:\/\/bu.optimum-automotive.com\/wp-content\/uploads\/2024\/07\/pdf\/la_mobilite_electrique_au_salon_flotauto_2020.pdf\" title=\"avem.fr\" type=\"application\/pdf\" target=\"_blank\" rel=\"noopener\"><img loading=\"lazy\" decoding=\"async\" src=\"https:\/\/bu.optimum-automotive.com\/wp-content\/uploads\/2024\/07\/jpg\/01-325.jpg\" width=\"151\" height=\"200\" alt=\"PDF - 3,3 Mb\"><\/a>\r\n<figcaption class=\"wp-element-caption\"><strong>avem.fr<\/strong><br>\r\nMobilidade el\u00e9ctrica na Flotauto 2020\r\n\r\n<\/figcaption><\/div> \r\n\r\n<h2 class=\"wp-block-heading\">JANEIRO DE 2020<\/h2>\r\n\r\n<div class=\"wp-block-image\">\r\n<a href=\"https:\/\/bu.optimum-automotive.com\/wp-content\/uploads\/2024\/07\/pdf\/2020-01-20-republique_de_seine_et_marne-20_janvier_2020-10000000058200359.pdf\" title=\"Rep\u00fablica de Seine e Marne\" type=\"application\/pdf\" target=\"_blank\" rel=\"noopener\"><img loading=\"lazy\" decoding=\"async\" src=\"https:\/\/bu.optimum-automotive.com\/wp-content\/uploads\/2024\/07\/jpg\/01-330.jpg\" width=\"151\" height=\"200\" alt=\"PDF - 225,3 kb\"><\/a>\r\n<figcaption class=\"wp-element-caption\"><strong>Rep\u00fablica de Seine e Marne<\/strong><br>\r\nPartilha de autom\u00f3veis e partilha de autom\u00f3veis, vers\u00e3o profissional\r\n<\/figcaption><\/div> \r\n\r\n<div class=\"wp-block-image\">\r\n<a href=\"https:\/\/bu.optimum-automotive.com\/wp-content\/uploads\/2024\/07\/pdf\/2020-01-16-www.journaldunet.com-16_janvier_2020-50000000337169200.pdf\" title=\"journaldunet.com\" type=\"application\/pdf\" target=\"_blank\" rel=\"noopener\"><img loading=\"lazy\" decoding=\"async\" src=\"https:\/\/bu.optimum-automotive.com\/wp-content\/uploads\/2024\/07\/jpg\/01-329.jpg\" width=\"151\" height=\"200\" alt=\"PDF - 143,2 kb\"><\/a>\r\n<figcaption class=\"wp-element-caption\"><strong>journaldunet.com<\/strong><br>\r\nAs empresas francesas em fase de arranque angariaram 284 milh\u00f5es de euros em novembro\r\n<\/figcaption><\/div> \r\n\r\n<div class=\"wp-block-image\">\r\n<a href=\"https:\/\/bu.optimum-automotive.com\/wp-content\/uploads\/2024\/07\/pdf\/2020-02-01-www.cfnews.net-1_fevrier_2020-50000000337770665.pdf\" title=\"cfnews.net\" type=\"application\/pdf\" target=\"_blank\" rel=\"noopener\"><img loading=\"lazy\" decoding=\"async\" src=\"https:\/\/bu.optimum-automotive.com\/wp-content\/uploads\/2024\/07\/jpg\/01-333.jpg\" width=\"151\" height=\"200\" alt=\"PDF - 112,3 kb\"><\/a>\r\n<figcaption class=\"wp-element-caption\"><strong>cfnews.net<\/strong><br>\r\nA Demeter expande-se com vista \u00e0 expans\u00e3o\r\n<\/figcaption><\/div> \r\n\r\n<div class=\"wp-block-image\">\r\n<a href=\"https:\/\/bu.optimum-automotive.com\/wp-content\/uploads\/2024\/07\/pdf\/2020-01-23-www.industrie-mag.com-23_janvier_2020-50000000337469779.pdf\" title=\"industrie-mag.com\" type=\"application\/pdf\" target=\"_blank\" rel=\"noopener\"><img loading=\"lazy\" decoding=\"async\" src=\"https:\/\/bu.optimum-automotive.com\/wp-content\/uploads\/2024\/07\/jpg\/01-332.jpg\" width=\"151\" height=\"200\" alt=\"PDF - 98.1 kb\"><\/a>\r\n<figcaption class=\"wp-element-caption\"><strong>industrie-mag.com<\/strong><br>\r\nA Optimum Automotive estar\u00e1 presente nas reuni\u00f5es da Flotauto 2020\r\n<\/figcaption><\/div> \r\n\r\n<div class=\"wp-block-image\"> \r\n<a href=\"https:\/\/bu.optimum-automotive.com\/wp-content\/uploads\/2024\/07\/pdf\/2020-01-23-www.am-today.com-23_janvier_2020-50000000337408452.pdf\" title=\"am-today.com\" type=\"application\/pdf\" target=\"_blank\" rel=\"noopener\"><img loading=\"lazy\" decoding=\"async\" src=\"https:\/\/bu.optimum-automotive.com\/wp-content\/uploads\/2024\/07\/jpg\/01-331.jpg\" width=\"151\" height=\"200\" alt=\"PDF - 77.7 kb\"><\/a>\r\n<figcaption class=\"wp-element-caption\"><strong>am-today.com<\/strong><br>\r\nOptimum Automotive nas reuni\u00f5es da Flotauto 2020\r\n\r\n<\/figcaption><\/div> \r\n\r\n<h2 class=\"wp-block-heading\">DEZEMBRO DE 2019<\/h2>\r\n\r\n<div class=\"wp-block-image\">\r\n<a href=\"https:\/\/bu.optimum-automotive.com\/wp-content\/uploads\/2024\/07\/pdf\/start-lesechos.pdf\" title=\"start.lesechos.fr\" type=\"application\/pdf\" target=\"_blank\" rel=\"noopener\"><img loading=\"lazy\" decoding=\"async\" src=\"https:\/\/bu.optimum-automotive.com\/wp-content\/uploads\/2024\/07\/jpg\/01-324.jpg\" width=\"151\" height=\"200\" alt=\"PDF - 2,9 Mb\"><\/a>\r\n<figcaption class=\"wp-element-caption\"><strong>start.lesechos.fr<\/strong><br>\r\nAs 10 startups que angariaram mais fundos em novembro de 2019\r\n<\/figcaption><\/div> \r\n\r\n<div class=\"wp-block-image\">\r\n<a href=\"https:\/\/bu.optimum-automotive.com\/wp-content\/uploads\/2024\/07\/pdf\/projets_innovants___zoom_su_rles_levees_de_fonds_novembre_2019.pdf\" title=\"cicplacedelinnovation.com\" type=\"application\/pdf\" target=\"_blank\" rel=\"noopener\"><img loading=\"lazy\" decoding=\"async\" src=\"https:\/\/bu.optimum-automotive.com\/wp-content\/uploads\/2024\/07\/jpg\/01-323.jpg\" width=\"151\" height=\"200\" alt=\"PDF - 1,7 Mb\"><\/a>\r\n<figcaption class=\"wp-element-caption\"><strong>cicplacedelinnovation.com<\/strong><br>\r\nProjectos inovadores: eventos de angaria\u00e7\u00e3o de fundos em novembro de 2019\r\n\r\n<\/figcaption><\/div> \r\n\r\n<h2 class=\"wp-block-heading\">NOVEMBRO 2019<\/h2>\r\n\r\n<div class=\"wp-block-image\">\r\n<a href=\"https:\/\/bu.optimum-automotive.com\/wp-content\/uploads\/2024\/07\/pdf\/economie___aix___optimum_automotive_vient_de_finaliser_une_levee_de_fonds_pour_encore_accelerer___la_provence.pdf\" title=\"LaProvence\" type=\"application\/pdf\" target=\"_blank\" rel=\"noopener\"><img loading=\"lazy\" decoding=\"async\" src=\"https:\/\/bu.optimum-automotive.com\/wp-content\/uploads\/2024\/07\/jpg\/01-322.jpg\" width=\"151\" height=\"200\" alt=\"PDF - 1,8 Mb\"><\/a>\r\n<figcaption class=\"wp-element-caption\"><strong>LaProvence<\/strong><br>\r\nAix : A Optimum Automotive concluiu uma ronda de financiamento para acelerar ainda mais o seu crescimento\r\n<\/figcaption><\/div> \r\n\r\n<div class=\"wp-block-image\">\r\n<a href=\"https:\/\/bu.optimum-automotive.com\/wp-content\/uploads\/2024\/07\/pdf\/plans_de_mobilite___les_transports_alternatifs_se_developpent_avec_ou_sans_eux.pdf\" title=\"caradisiac.com\" type=\"application\/pdf\" target=\"_blank\" rel=\"noopener\"><img loading=\"lazy\" decoding=\"async\" src=\"https:\/\/bu.optimum-automotive.com\/wp-content\/uploads\/2024\/07\/jpg\/01-321.jpg\" width=\"151\" height=\"200\" alt=\"PDF - 5,5 Mb\"><\/a>\r\n<figcaption class=\"wp-element-caption\"><strong>caradisiac.com<\/strong><br>\r\nPlanos de mobilidade: est\u00e3o a desenvolver-se formas alternativas de transporte, com ou sem elas...\r\n<\/figcaption><\/div> \r\n\r\n<div class=\"wp-block-image\">\r\n<a href=\"https:\/\/bu.optimum-automotive.com\/wp-content\/uploads\/2024\/07\/pdf\/muselier_les_entreprises_et_les_preuves_d_amour.pdf\" title=\"marseille.latribune.fr\" type=\"application\/pdf\" target=\"_blank\" rel=\"noopener\"><img loading=\"lazy\" decoding=\"async\" src=\"https:\/\/bu.optimum-automotive.com\/wp-content\/uploads\/2024\/07\/jpg\/01-320.jpg\" width=\"151\" height=\"200\" alt=\"PDF - 920.7 kb\"><\/a>\r\n<figcaption class=\"wp-element-caption\"><strong>marseille.latribune.fr<\/strong><br>\r\nMuselier, empresas e provas de amor\r\n<\/figcaption><\/div> \r\n\r\n<div class=\"wp-block-image\">\r\n<a href=\"https:\/\/bu.optimum-automotive.com\/wp-content\/uploads\/2024\/07\/pdf\/2019-11-25-l_officiel_des_transporteurs-22_novembre_2019-10000000057865919.pdf\" title=\"L&#039;Officiel des transporturs\" type=\"application\/pdf\" target=\"_blank\" rel=\"noopener\"><img loading=\"lazy\" decoding=\"async\" src=\"https:\/\/bu.optimum-automotive.com\/wp-content\/uploads\/2024\/07\/jpg\/01-319.jpg\" width=\"151\" height=\"200\" alt=\"PDF - 1011 kb\"><\/a>\r\n<figcaption class=\"wp-element-caption\"><strong>L'Officiel des transporturs<\/strong><br>\r\nQue solu\u00e7\u00f5es existem para o controlo das temperaturas?\r\n<\/figcaption><\/div> \r\n\r\n<div class=\"wp-block-image\">\r\n<a href=\"https:\/\/bu.optimum-automotive.com\/wp-content\/uploads\/2024\/07\/pdf\/flottes_connectees___optimum_automotive_leve_14_millions_d_euros_-_les_echos.pdf\" title=\"neg\u00f3cios.lesechos.fr\" type=\"application\/pdf\" target=\"_blank\" rel=\"noopener\"><img loading=\"lazy\" decoding=\"async\" src=\"https:\/\/bu.optimum-automotive.com\/wp-content\/uploads\/2024\/07\/jpg\/01-318.jpg\" width=\"151\" height=\"200\" alt=\"PDF - 1001.7 kb\"><\/a>\r\n<figcaption class=\"wp-element-caption\"><strong>neg\u00f3cios.lesechos.fr<\/strong><br>\r\nFrotas conectadas: Optimum Automotive angaria 14 milh\u00f5es de euros\r\n<\/figcaption><\/div> \r\n\r\n<div class=\"wp-block-image\">\r\n<a href=\"https:\/\/bu.optimum-automotive.com\/wp-content\/uploads\/2024\/07\/pdf\/biolog-id_luko_heetch._les_levees_de_fonds_de_la_semaine.pdf\" title=\"usine-digitale.fr\" type=\"application\/pdf\" target=\"_blank\" rel=\"noopener\"><img loading=\"lazy\" decoding=\"async\" src=\"https:\/\/bu.optimum-automotive.com\/wp-content\/uploads\/2024\/07\/jpg\/01-317.jpg\" width=\"151\" height=\"200\" alt=\"PDF - 1,5 Mb\"><\/a>\r\n<figcaption class=\"wp-element-caption\"><strong>usine-digitale.fr<\/strong><br>\r\nBiolog-id, Luko, Heetch... As angaria\u00e7\u00f5es de fundos desta semana\r\n<\/figcaption><\/div> \r\n\r\n<div class=\"wp-block-image\">\r\n<a href=\"https:\/\/bu.optimum-automotive.com\/wp-content\/uploads\/2024\/07\/pdf\/optimum_automotive_accelere_le_controle_connecte_des_flottes_en_europe_lesechos-fr.pdf\" title=\"lesechos.fr\" type=\"application\/pdf\" target=\"_blank\" rel=\"noopener\"><img loading=\"lazy\" decoding=\"async\" src=\"https:\/\/bu.optimum-automotive.com\/wp-content\/uploads\/2024\/07\/jpg\/01-316.jpg\" width=\"151\" height=\"200\" alt=\"PDF - 2,1 Mb\"><\/a>\r\n<figcaption class=\"wp-element-caption\"><strong>lesechos.fr<\/strong><br>\r\nA Optimum Automotive acelera a monitoriza\u00e7\u00e3o de frotas conectadas na Europa\r\n<\/figcaption><\/div> \r\n\r\n<div class=\"wp-block-image\"> \r\n<a href=\"https:\/\/bu.optimum-automotive.com\/wp-content\/uploads\/2024\/07\/pdf\/optimum_automotive_s_ouvre_au_paris_fonds_vert_et_a_amundi_pef___capital_finance.pdf\" title=\"capitalfinance.lesechos.fr\" type=\"application\/pdf\" target=\"_blank\" rel=\"noopener\"><img loading=\"lazy\" decoding=\"async\" src=\"https:\/\/bu.optimum-automotive.com\/wp-content\/uploads\/2024\/07\/jpg\/01-314.jpg\" width=\"151\" height=\"200\" alt=\"PDF - 200,6 kb\"><\/a>\r\n<figcaption class=\"wp-element-caption\"><strong>capitalfinance.lesechos.fr<\/strong><br>\r\nA Optimum Automotive adere ao Fundo Verde de Paris e ao Amundi PEF\r\n<\/figcaption><\/div> \r\n\r\n<div class=\"wp-block-image\">\r\n<a href=\"https:\/\/bu.optimum-automotive.com\/wp-content\/uploads\/2024\/07\/pdf\/les_startups_levent_plus_de_70meur_-_semaine_46___les_pepites_tech.pdf\" title=\"lespepitestech.com\" type=\"application\/pdf\" target=\"_blank\" rel=\"noopener\"><img loading=\"lazy\" decoding=\"async\" src=\"https:\/\/bu.optimum-automotive.com\/wp-content\/uploads\/2024\/07\/jpg\/01-313.jpg\" width=\"151\" height=\"200\" alt=\"PDF - 236 Kb\"><\/a>\r\n<figcaption class=\"wp-element-caption\"><strong>lespepitestech.com<\/strong><br>\r\nSTARTUPS ANGARIAM MAIS DE 70 MILH\u00d5ES DE EUROS - SEMANA 46\r\n<\/figcaption><\/div> \r\n\r\n<div class=\"wp-block-image\">\r\n<a href=\"https:\/\/bu.optimum-automotive.com\/wp-content\/uploads\/2024\/07\/pdf\/optimum_automotive_leve_14_millions_d_euros_-_pere_la_fouine.pdf\" title=\"perelafouine.com\" type=\"application\/pdf\" target=\"_blank\" rel=\"noopener\"><img loading=\"lazy\" decoding=\"async\" src=\"https:\/\/bu.optimum-automotive.com\/wp-content\/uploads\/2024\/07\/jpg\/01-315.jpg\" width=\"151\" height=\"200\" alt=\"PDF - 1,7 Mb\"><\/a>\r\n<figcaption class=\"wp-element-caption\"><strong>perelafouine.com<\/strong><br>\r\nA OPTIMUM AUTOMOTIVE angaria 14 milh\u00f5es de euros\r\n<\/figcaption><\/div> \r\n\r\n<div class=\"wp-block-image\">\r\n<a href=\"https:\/\/bu.optimum-automotive.com\/wp-content\/uploads\/2024\/07\/pdf\/2019-11-17-techsnooper.io-17_novembre_2019-50000000335149715.pdf\" title=\"techsnooper.io\" type=\"application\/pdf\" target=\"_blank\" rel=\"noopener\"><img loading=\"lazy\" decoding=\"async\" src=\"https:\/\/bu.optimum-automotive.com\/wp-content\/uploads\/2024\/07\/jpg\/02-18.jpg\" width=\"151\" height=\"200\" alt=\"PDF - 172,4 kb\"><\/a>\r\n<figcaption class=\"wp-element-caption\"><strong>techsnooper.io<\/strong><br>\r\nOptimum Automotive, l\u00edder na gest\u00e3o de frotas conectadas<br class=\"autobr\">\r\nfecha ronda de angaria\u00e7\u00e3o de fundos de 14 milh\u00f5es de euros\r\n<\/figcaption><\/div> \r\n\r\n<div class=\"wp-block-image\">\r\n<a href=\"https:\/\/bu.optimum-automotive.com\/wp-content\/uploads\/2024\/07\/pdf\/2019-11-17-www.lamartineconseil.com-17_novembre_2019-50000000335155018.pdf\" title=\"lamartineconseil.com\" type=\"application\/pdf\" target=\"_blank\" rel=\"noopener\"><img loading=\"lazy\" decoding=\"async\" src=\"https:\/\/bu.optimum-automotive.com\/wp-content\/uploads\/2024\/07\/jpg\/01-311.jpg\" width=\"151\" height=\"200\" alt=\"PDF - 229,4 kb\"><\/a>\r\n<figcaption class=\"wp-element-caption\"><strong>lamartineconseil.com<\/strong><br>\r\nOptimum Automotive atrai fundo verde\r\n<\/figcaption><\/div> \r\n\r\n<div class=\"wp-block-image\">\r\n<a href=\"https:\/\/bu.optimum-automotive.com\/wp-content\/uploads\/2024\/07\/pdf\/les_datas_aux_commandes_de_la_gestion_de_flottes-2.pdf\" title=\"daf-mag.fr\" type=\"application\/pdf\" target=\"_blank\" rel=\"noopener\"><img loading=\"lazy\" decoding=\"async\" src=\"https:\/\/bu.optimum-automotive.com\/wp-content\/uploads\/2024\/07\/jpg\/01-310.jpg\" width=\"151\" height=\"200\" alt=\"PDF - 1,9 Mb\"><\/a>\r\n<figcaption class=\"wp-element-caption\"><strong>daf-mag.fr<\/strong><br>\r\nDados, a for\u00e7a motriz da gest\u00e3o de frotas\r\n<\/figcaption><\/div> \r\n\r\n<div class=\"wp-block-image\">\r\n<a href=\"https:\/\/bu.optimum-automotive.com\/wp-content\/uploads\/2024\/07\/pdf\/maddyness_optimum_automotive_leve_14_millions_d_euros.pdf\" title=\"maddyness.com\" type=\"application\/pdf\" target=\"_blank\" rel=\"noopener\"><img loading=\"lazy\" decoding=\"async\" src=\"https:\/\/bu.optimum-automotive.com\/wp-content\/uploads\/2024\/07\/jpg\/01-309.jpg\" width=\"151\" height=\"200\" alt=\"PDF - 907.5 kb\"><\/a>\r\n<figcaption class=\"wp-element-caption\"><strong>maddyness.com<\/strong><br>\r\nMais uma semana com mais de 100 milh\u00f5es de euros angariados, as fintechs est\u00e3o em grande forma\r\n<\/figcaption><\/div> \r\n\r\n<div class=\"wp-block-image\">\r\n<a href=\"https:\/\/bu.optimum-automotive.com\/wp-content\/uploads\/2024\/07\/pdf\/2019-11-15-corse_matin-15_novembre_2019-10000000057806098.pdf\" title=\"CORSE MATIN\" type=\"application\/pdf\" target=\"_blank\" rel=\"noopener\"><img loading=\"lazy\" decoding=\"async\" src=\"https:\/\/bu.optimum-automotive.com\/wp-content\/uploads\/2024\/07\/jpg\/02-17.jpg\" width=\"151\" height=\"200\" alt=\"PDF - 103,1 kb\"><\/a>\r\n<figcaption class=\"wp-element-caption\"><strong>CORSE MATIN<\/strong><br>\r\nA Optimum Automotive, sediada em Aix, angaria 14 milh\u00f5es de euros\r\n<\/figcaption><\/div> \r\n\r\n<div class=\"wp-block-image\">\r\n<a href=\"https:\/\/bu.optimum-automotive.com\/wp-content\/uploads\/2024\/07\/pdf\/2019-11-15-la_provence-15_novembre_2019-10000000057804706.pdf\" title=\"A Proven\u00e7a\" type=\"application\/pdf\" target=\"_blank\" rel=\"noopener\"><img loading=\"lazy\" decoding=\"async\" src=\"https:\/\/bu.optimum-automotive.com\/wp-content\/uploads\/2024\/07\/jpg\/01-308.jpg\" width=\"151\" height=\"200\" alt=\"PDF - 128,5 kb\"><\/a>\r\n<figcaption class=\"wp-element-caption\"><strong>A Proven\u00e7a<\/strong><br>\r\nA Optimum automotive, sediada em Aix, angaria 14 milh\u00f5es de euros\r\n<\/figcaption><\/div> \r\n\r\n<div class=\"wp-block-image\">\r\n<a href=\"https:\/\/bu.optimum-automotive.com\/wp-content\/uploads\/2024\/07\/pdf\/deplacementspros_optimum_automotive_leve_14_millions_d_euros.pdf\" title=\"deplacementspros.com\" type=\"application\/pdf\" target=\"_blank\" rel=\"noopener\"><img loading=\"lazy\" decoding=\"async\" src=\"https:\/\/bu.optimum-automotive.com\/wp-content\/uploads\/2024\/07\/jpg\/01-304.jpg\" width=\"151\" height=\"200\" alt=\"PDF - 1,6 Mb\"><\/a>\r\n<figcaption class=\"wp-element-caption\"><strong>deplacementspros.com<\/strong><br>\r\nA Optimum Automotive angaria 14 milh\u00f5es de euros\r\n<\/figcaption><\/div> \r\n\r\n<div class=\"wp-block-image\"> \r\n<a href=\"\/pt\/IMG\/mp3\/18530-14.11.2019-itema_22202798-0.mp3\/\" title=\"Fran\u00e7a Bleu Provence\" type=\"audio\/mpeg\" target=\"_blank\" rel=\"noopener\"><img loading=\"lazy\" decoding=\"async\" src=\"https:\/\/bu.optimum-automotive.com\/wp-content\/uploads\/2024\/07\/jpg\/01-306.jpg\" width=\"151\" height=\"200\" alt=\"MP3 - 1.3 Mb\"><\/a>\r\n<figcaption class=\"wp-element-caption\"><strong>Fran\u00e7a Bleu Provence<\/strong><br>\r\nEmpresa do dia com Yves Blisson\r\n<\/figcaption><\/div> \r\n\r\n<div class=\"wp-block-image\">\r\n<a href=\"https:\/\/bu.optimum-automotive.com\/wp-content\/uploads\/2024\/07\/pdf\/optimum_automotive_procede_a_une_levee_de_fonds_de_14_millions_d_euros.pdf\" title=\"automobile-entreprise.com\" type=\"application\/pdf\" target=\"_blank\" rel=\"noopener\"><img loading=\"lazy\" decoding=\"async\" src=\"https:\/\/bu.optimum-automotive.com\/wp-content\/uploads\/2024\/07\/jpg\/01-307.jpg\" width=\"151\" height=\"200\" alt=\"PDF - 1,5 Mb\"><\/a>\r\n<figcaption class=\"wp-element-caption\"><strong>automobile-entreprise.com<\/strong><br>\r\nA Optimum Automotive obt\u00e9m um financiamento de 14 milh\u00f5es de euros\r\n<\/figcaption><\/div> \r\n\r\n<div class=\"wp-block-image\"> \r\n<a href=\"https:\/\/bu.optimum-automotive.com\/wp-content\/uploads\/2024\/07\/pdf\/optimum_automotive_leve_des_fonds_pour_accelerer_son_developpement.pdf\" title=\"journalauto.com\" type=\"application\/pdf\" target=\"_blank\" rel=\"noopener\"><img loading=\"lazy\" decoding=\"async\" src=\"https:\/\/bu.optimum-automotive.com\/wp-content\/uploads\/2024\/07\/jpg\/01-303.jpg\" width=\"151\" height=\"200\" alt=\"PDF - 2,7 Mb\"><\/a>\r\n<figcaption class=\"wp-element-caption\"><strong>journalauto.com<\/strong><br>\r\nA Optimum Automotive angaria fundos para acelerar o seu desenvolvimento\r\n<\/figcaption><\/div> \r\n\r\n<div class=\"wp-block-image\">\r\n<a href=\"https:\/\/bu.optimum-automotive.com\/wp-content\/uploads\/2024\/07\/pdf\/optimum_automotive_aix_boucle_une_levee_de_14_millions_-_gomet_.pdf\" title=\"gomet.net\" type=\"application\/pdf\" target=\"_blank\" rel=\"noopener\"><img loading=\"lazy\" decoding=\"async\" src=\"https:\/\/bu.optimum-automotive.com\/wp-content\/uploads\/2024\/07\/jpg\/01-301.jpg\" width=\"151\" height=\"200\" alt=\"PDF - 903.2 kb\"><\/a>\r\n<figcaption class=\"wp-element-caption\"><strong>gomet.net<\/strong><br>\r\nA Optimum Automotive (Aix) angaria 14 milh\u00f5es de euros\r\n<\/figcaption><\/div> \r\n<div class=\"wp-block-image\">\r\n\t\r\n<a href=\"https:\/\/bu.optimum-automotive.com\/wp-content\/uploads\/2024\/07\/pdf\/optimum_automotive_leve_14_millions_d_euros.pdf\" title=\"PNL\" type=\"application\/pdf\" target=\"_blank\" rel=\"noopener\"><img loading=\"lazy\" decoding=\"async\" src=\"https:\/\/bu.optimum-automotive.com\/wp-content\/uploads\/2024\/07\/jpg\/01-302.jpg\" width=\"151\" height=\"200\" alt=\"PDF - 1007.2 kb\"><\/a>\r\n<figcaption class=\"wp-element-caption\"><strong>PNL<\/strong><br>\r\nA Optimum Automotive angaria 14 milh\u00f5es de euros\r\n<\/figcaption><\/div> \r\n\r\n<div class=\"wp-block-image\"> \r\n<a href=\"https:\/\/bu.optimum-automotive.com\/wp-content\/uploads\/2024\/07\/pdf\/la_solution_rentway_s_enrichit_grace_a_un_partenariat_avec_optimum_automotive_ok.pdf\" title=\"automobile-entreprise.com\" type=\"application\/pdf\" target=\"_blank\" rel=\"noopener\"><img loading=\"lazy\" decoding=\"async\" src=\"https:\/\/bu.optimum-automotive.com\/wp-content\/uploads\/2024\/07\/jpg\/00-2.jpg\" width=\"151\" height=\"200\" alt=\"PDF - 840.7 kb\"><\/a>\r\n<figcaption class=\"wp-element-caption\"><strong>automobile-entreprise.com<\/strong><br>\r\nA solu\u00e7\u00e3o Rentway \u00e9 refor\u00e7ada por uma parceria com a Optimum Automotive\r\n<\/figcaption><\/div> \r\n\r\n<div class=\"wp-block-image\">\r\n<a href=\"https:\/\/bu.optimum-automotive.com\/wp-content\/uploads\/2024\/07\/pdf\/optimum_automotive_leve_14_meur_convainc_paris_fonds_vert_-_greenunivers.pdf\" title=\"greenunivers.com\" type=\"application\/pdf\" target=\"_blank\" rel=\"noopener\"><img loading=\"lazy\" decoding=\"async\" src=\"https:\/\/bu.optimum-automotive.com\/wp-content\/uploads\/2024\/07\/jpg\/01-305.jpg\" width=\"151\" height=\"200\" alt=\"PDF - 984.6 kb\"><\/a>\r\n<figcaption class=\"wp-element-caption\"><strong>greenunivers.com<\/strong><br>\r\nA Optimum Automotive angaria 14 milh\u00f5es de euros e convence o Fundo Verde de Paris\r\n<\/figcaption><\/div> \r\n\r\n<div class=\"wp-block-image\">\r\n<a href=\"https:\/\/bu.optimum-automotive.com\/wp-content\/uploads\/2024\/07\/pdf\/immobiliere_atlantic_amenagement___autopartage_et_telematique.pdf\" title=\"flotauto.com\" type=\"application\/pdf\" target=\"_blank\" rel=\"noopener\"><img loading=\"lazy\" decoding=\"async\" src=\"https:\/\/bu.optimum-automotive.com\/wp-content\/uploads\/2024\/07\/jpg\/01-300.jpg\" width=\"151\" height=\"200\" alt=\"PDF - 149,3 kb\"><\/a>\r\n<figcaption class=\"wp-element-caption\"><strong>flotauto.com<\/strong><br>\r\nImmobili\u00e8re Atlantic Am\u00e9nagement: partilha de autom\u00f3veis e telem\u00e1tica\r\n<\/figcaption><\/div> \r\n\r\n<div class=\"wp-block-image\">\r\n<a href=\"https:\/\/bu.optimum-automotive.com\/wp-content\/uploads\/2024\/07\/jpg\/img_0387-_002_.jpg\" title=\"JOGO DE PARIS\" type=\"image\/jpeg\" onclick=\"\" class=\"cboxElement hasbox\" target=\"_blank\" rel=\"noopener\"><img loading=\"lazy\" decoding=\"async\" src=\"https:\/\/bu.optimum-automotive.com\/wp-content\/uploads\/2024\/07\/jpg\/01-299.jpg\" width=\"151\" height=\"200\" alt=\"JPEG - 48.6 kb\"><\/a>\r\n<figcaption class=\"wp-element-caption\"><strong>JOGO DE PARIS<\/strong><br>\r\nUma empresa que d\u00e1 o exemplo\r\n<\/figcaption><\/div> \r\n\r\n<div class=\"wp-block-image\">\r\n<a href=\"https:\/\/bu.optimum-automotive.com\/wp-content\/uploads\/2024\/07\/pdf\/rentway_interface_avec_optimum_automotive.pdf\" title=\"flotauto.com\" type=\"application\/pdf\" target=\"_blank\" rel=\"noopener\"><img loading=\"lazy\" decoding=\"async\" src=\"https:\/\/bu.optimum-automotive.com\/wp-content\/uploads\/2024\/07\/jpg\/01-298.jpg\" width=\"151\" height=\"200\" alt=\"PDF - 117,6 kb\"><\/a>\r\n<figcaption class=\"wp-element-caption\"><strong>flotauto.com<\/strong><br>\r\nA Rentway fez a interface com a Optimum Automotive\r\n<\/figcaption><\/div> \r\n\r\n<div class=\"wp-block-image\">\r\n<a href=\"https:\/\/bu.optimum-automotive.com\/wp-content\/uploads\/2024\/07\/pdf\/immobiliere_atlantic_amenagement_bascule_vers_l_auto-partage.pdf\" title=\"Les Echos\" type=\"application\/pdf\" target=\"_blank\" rel=\"noopener\"><img loading=\"lazy\" decoding=\"async\" src=\"https:\/\/bu.optimum-automotive.com\/wp-content\/uploads\/2024\/07\/jpg\/01-297.jpg\" width=\"151\" height=\"200\" alt=\"PDF - 1,8 Mb\"><\/a>\r\n<figcaption class=\"wp-element-caption\"><strong>Les Echos<\/strong><br>\r\nA Immobili\u00e8re Atlantic Am\u00e9nagement passa a utilizar a partilha de autom\u00f3veis\r\n<\/figcaption><\/div> \r\n\r\n<div class=\"wp-block-image\">\r\n<a href=\"https:\/\/bu.optimum-automotive.com\/wp-content\/uploads\/2024\/07\/pdf\/mobilite___recomposer_son_offre_de_deplacement.pdf\" title=\"D\u00e9cision-Achats.fr\" type=\"application\/pdf\" target=\"_blank\" rel=\"noopener\"><img loading=\"lazy\" decoding=\"async\" src=\"https:\/\/bu.optimum-automotive.com\/wp-content\/uploads\/2024\/07\/jpg\/01-296.jpg\" width=\"151\" height=\"200\" alt=\"PDF - 686.9 kb\"><\/a>\r\n<figcaption class=\"wp-element-caption\"><strong>D\u00e9cision-Achats.fr<\/strong><br>\r\nMobilidade: reorganizar a sua oferta de viagens\r\n<\/figcaption><\/div> \r\n\r\n<div class=\"wp-block-image\">\r\n<a href=\"https:\/\/bu.optimum-automotive.com\/wp-content\/uploads\/2024\/07\/pdf\/2019-11-01-decideurs_magazine-31-10.pdf\" title=\"Decisores\" type=\"application\/pdf\" target=\"_blank\" rel=\"noopener\"><img loading=\"lazy\" decoding=\"async\" src=\"https:\/\/bu.optimum-automotive.com\/wp-content\/uploads\/2024\/07\/jpg\/01-14.png\" width=\"151\" height=\"200\" alt=\"PDF - 929.7 kb\"><\/a>\r\n<figcaption class=\"wp-element-caption\"><strong>Decisores<\/strong><br>\r\nQUE NOVOS SERVI\u00c7OS PARA AS FROTAS DAS EMPRESAS?\r\n<\/figcaption><\/div> \r\n\r\n<div class=\"wp-block-image\">\r\n<a href=\"https:\/\/bu.optimum-automotive.com\/wp-content\/uploads\/2024\/07\/pdf\/optimum_automotive_a_participe_a_la_5ieme_edition_de_bpifrance-inno-generation.pdf\" title=\"industrie-mag.com\" type=\"application\/pdf\" target=\"_blank\" rel=\"noopener\"><img loading=\"lazy\" decoding=\"async\" src=\"https:\/\/bu.optimum-automotive.com\/wp-content\/uploads\/2024\/07\/jpg\/01-295.jpg\" width=\"151\" height=\"200\" alt=\"PDF - 128,9 kb\"><\/a>\r\n<figcaption class=\"wp-element-caption\"><strong>industrie-mag.com<\/strong><br>\r\nA Optimum Automotive participou no 5\u00ba evento BPIfrance-Inno-G\u00e9n\u00e9ration\r\n\r\n<\/figcaption><\/div> \r\n\r\n<h2 class=\"wp-block-heading\">OUTUBRO DE 2019<\/h2>\r\n\r\n<div class=\"wp-block-image\">\r\n<a href=\"https:\/\/bu.optimum-automotive.com\/wp-content\/uploads\/2024\/07\/pdf\/nexusauto_etoffe_son_offre_de_services.pdf\" title=\"decisionatelier.com\" type=\"application\/pdf\" target=\"_blank\" rel=\"noopener\"><img loading=\"lazy\" decoding=\"async\" src=\"https:\/\/bu.optimum-automotive.com\/wp-content\/uploads\/2024\/07\/jpg\/01-294.jpg\" width=\"151\" height=\"200\" alt=\"PDF - 1,1 Mb\"><\/a>\r\n<figcaption class=\"wp-element-caption\"><strong>decisionatelier.com<\/strong><br>\r\nA NexusAuto alarga a sua gama de servi\u00e7os\r\n<\/figcaption><\/div> \r\n\r\n<div class=\"wp-block-image\">\r\n<a href=\"https:\/\/bu.optimum-automotive.com\/wp-content\/uploads\/2024\/07\/pdf\/connect_fleet_2019_c_est_dans_un_mois.pdf\" title=\"automobile-entreprise.com\" type=\"application\/pdf\" target=\"_blank\" rel=\"noopener\"><img loading=\"lazy\" decoding=\"async\" src=\"https:\/\/bu.optimum-automotive.com\/wp-content\/uploads\/2024\/07\/jpg\/01-13.png\" width=\"151\" height=\"200\" alt=\"PDF - 1,8 Mb\"><\/a>\r\n<figcaption class=\"wp-element-caption\"><strong>automobile-entreprise.com<\/strong><br>\r\n#Connect fleet 2019 est\u00e1 a apenas um m\u00eas de dist\u00e2ncia!\r\n<\/figcaption><\/div> \r\n\r\n<div class=\"wp-block-image\">\r\n<a href=\"https:\/\/bu.optimum-automotive.com\/wp-content\/uploads\/2024\/07\/pdf\/2019-10-22-www.flotauto.com-22_octobre_2019-50000000334215717.pdf\" title=\"flotauto.com\" type=\"application\/pdf\" target=\"_blank\" rel=\"noopener\"><img loading=\"lazy\" decoding=\"async\" src=\"https:\/\/bu.optimum-automotive.com\/wp-content\/uploads\/2024\/07\/jpg\/01-293.jpg\" width=\"151\" height=\"200\" alt=\"PDF - 126,5 kb\"><\/a>\r\n<figcaption class=\"wp-element-caption\"><strong>flotauto.com<\/strong><br>\r\nA frota da Findrive est\u00e1 equipada com telem\u00e1tica\r\n<\/figcaption><\/div> \r\n\r\n<div class=\"wp-block-image\"> \r\n<a href=\"https:\/\/bu.optimum-automotive.com\/wp-content\/uploads\/2024\/07\/pdf\/mapping_control_integre_l_outil_de_gestion_de_parc_optipark_-_deplacements_pros.pdf\" title=\"deplacementspros.com\" type=\"application\/pdf\" target=\"_blank\" rel=\"noopener\"><img loading=\"lazy\" decoding=\"async\" src=\"https:\/\/bu.optimum-automotive.com\/wp-content\/uploads\/2024\/07\/jpg\/01-292.jpg\" width=\"151\" height=\"200\" alt=\"PDF - 2,9 Mb\"><\/a>\r\n<figcaption class=\"wp-element-caption\"><strong>deplacementspros.com<\/strong><br>\r\nO Mapping Control integra a ferramenta de gest\u00e3o de frotas Optipark\r\n<\/figcaption><\/div> \r\n\r\n<div class=\"wp-block-image\">\r\n<a href=\"https:\/\/bu.optimum-automotive.com\/wp-content\/uploads\/2024\/07\/pdf\/mapping_control_partenaire_de_findrive.pdf\" title=\"automobile-entreprise.com\" type=\"application\/pdf\" target=\"_blank\" rel=\"noopener\"><img loading=\"lazy\" decoding=\"async\" src=\"https:\/\/bu.optimum-automotive.com\/wp-content\/uploads\/2024\/07\/jpg\/01-291.jpg\" width=\"151\" height=\"200\" alt=\"PDF - 1,1 Mb\"><\/a>\r\n<figcaption class=\"wp-element-caption\"><strong>automobile-entreprise.com<\/strong><br>\r\nO Mapping Control torna-se parceiro da Findrive\r\n<\/figcaption><\/div> \r\n\r\n<div class=\"wp-block-image\">\r\n<a href=\"https:\/\/bu.optimum-automotive.com\/wp-content\/uploads\/2024\/07\/pdf\/2019-10-15-www.industrie-mag.com-15_octobre_2019-50000000333972951.pdf\" title=\"industrie-mag.com\" type=\"application\/pdf\" target=\"_blank\" rel=\"noopener\"><img loading=\"lazy\" decoding=\"async\" src=\"https:\/\/bu.optimum-automotive.com\/wp-content\/uploads\/2024\/07\/jpg\/01-284.jpg\" width=\"151\" height=\"200\" alt=\"PDF - 97.1 kb\"><\/a>\r\n<figcaption class=\"wp-element-caption\"><strong>industrie-mag.com<\/strong><br>\r\nO Mapping Control actualiza a sua oferta de \"Geolocaliza\u00e7\u00e3o\r\n<\/figcaption><\/div> \r\n\r\n<div class=\"wp-block-image\">\r\n<a href=\"https:\/\/bu.optimum-automotive.com\/wp-content\/uploads\/2024\/07\/pdf\/optipark_le_nouvel_outil_de_gestion_de_flotte_de_mapping_control.pdf\" title=\"automobile-entreprise.com\" type=\"application\/pdf\" target=\"_blank\" rel=\"noopener\"><img loading=\"lazy\" decoding=\"async\" src=\"https:\/\/bu.optimum-automotive.com\/wp-content\/uploads\/2024\/07\/jpg\/01-283.jpg\" width=\"151\" height=\"200\" alt=\"PDF - 1,4 Mb\"><\/a>\r\n<figcaption class=\"wp-element-caption\"><strong>automobile-entreprise.com<\/strong><br>\r\nOptipark, a nova ferramenta de gest\u00e3o de frotas da Mapping Control\r\n<\/figcaption><\/div> \r\n\r\n<div class=\"wp-block-image\"> \r\n<a href=\"https:\/\/bu.optimum-automotive.com\/wp-content\/uploads\/2024\/07\/pdf\/mapping_control_s_enrichit_du_service_optipark_de_gestion_de_parc.pdf\" title=\"flotauto.com\" type=\"application\/pdf\" target=\"_blank\" rel=\"noopener\"><img loading=\"lazy\" decoding=\"async\" src=\"https:\/\/bu.optimum-automotive.com\/wp-content\/uploads\/2024\/07\/jpg\/01-282.jpg\" width=\"151\" height=\"200\" alt=\"PDF - 73,8 kb\"><\/a>\r\n<figcaption class=\"wp-element-caption\"><strong>flotauto.com<\/strong><br>\r\nMapping Control acrescenta o servi\u00e7o de gest\u00e3o de frotas Optipark\r\n\r\n<\/figcaption><\/div> \r\n\r\n<h2 class=\"wp-block-heading\">SETEMBRO 2019<\/h2>\r\n\r\n<div class=\"wp-block-image\">\r\n<a href=\"https:\/\/bu.optimum-automotive.com\/wp-content\/uploads\/2024\/07\/pdf\/connect_fleet_2019_28-29-11-deauville.pdf\" title=\"automobile-entreprise.com\" type=\"application\/pdf\" target=\"_blank\" rel=\"noopener\"><img loading=\"lazy\" decoding=\"async\" src=\"https:\/\/bu.optimum-automotive.com\/wp-content\/uploads\/2024\/07\/jpg\/01-281.jpg\" width=\"151\" height=\"200\" alt=\"PDF - 1,4 Mb\"><\/a>\r\n<figcaption class=\"wp-element-caption\"><strong>automobile-entreprise.com<\/strong><br>\r\nConnect fleet 2019: Deauville, 28 e 29 de novembro\r\n\r\n<\/figcaption><\/div> \r\n\r\n<h2 class=\"wp-block-heading\">AGOSTO DE 2019<\/h2>\r\n\r\n<div class=\"wp-block-image\"> \r\n<a href=\"https:\/\/bu.optimum-automotive.com\/wp-content\/uploads\/2024\/07\/pdf\/2019-08-08-l_automobile_l_entreprise-aout_-_septembre_2019-10000000057224041.pdf\" title=\"Autom\u00f3veis e neg\u00f3cios\" type=\"application\/pdf\" target=\"_blank\" rel=\"noopener\"><img loading=\"lazy\" decoding=\"async\" src=\"https:\/\/bu.optimum-automotive.com\/wp-content\/uploads\/2024\/07\/jpg\/01-280.jpg\" width=\"151\" height=\"200\" alt=\"PDF - 509.9 kb\"><\/a>\r\n<figcaption class=\"wp-element-caption\"><strong>Autom\u00f3veis e neg\u00f3cios<\/strong><br>\r\nA PALAVRA DE UM GESTOR, Magalie Trouv\u00e9 Orl\u00e9ans M\u00e9tropole\r\n\r\n<\/figcaption><\/div> \r\n\r\n<h2 class=\"wp-block-heading\">JULHO DE 2019<\/h2>\r\n\r\n<div class=\"wp-block-image\"> \r\n<a href=\"https:\/\/bu.optimum-automotive.com\/wp-content\/uploads\/2024\/07\/pdf\/2019-07-24-la_tribune-24_juillet_2019-10000000057165348.pdf\" title=\"La Tribune\" type=\"application\/pdf\" target=\"_blank\" rel=\"noopener\"><img loading=\"lazy\" decoding=\"async\" src=\"https:\/\/bu.optimum-automotive.com\/wp-content\/uploads\/2024\/07\/jpg\/01-278.jpg\" width=\"151\" height=\"200\" alt=\"PDF - 431.9 kb\"><\/a>\r\n<figcaption class=\"wp-element-caption\"><strong>La Tribune<\/strong><br>\r\nCOMO A OPTIMUM AUTOMOTIVE GERE O SEU CRESCIMENTO\r\n<\/figcaption><\/div> \r\n \r\n\r\n<div class=\"wp-block-image\"> \r\n<a href=\"https:\/\/bu.optimum-automotive.com\/wp-content\/uploads\/2024\/07\/pdf\/amtoday.pdf\" title=\"am-today.com\" type=\"application\/pdf\" target=\"_blank\" rel=\"noopener\"><img loading=\"lazy\" decoding=\"async\" src=\"https:\/\/bu.optimum-automotive.com\/wp-content\/uploads\/2024\/07\/jpg\/01-279.jpg\" width=\"151\" height=\"200\" alt=\"PDF - 546,3 kb\"><\/a>\r\n<figcaption class=\"wp-element-caption\"><strong>am-today.com<\/strong><br>\r\nOptimum Automotive: novo s\u00edtio Web de gest\u00e3o de frotas\r\n<\/figcaption><\/div> \r\n\r\n<div class=\"wp-block-image\">\r\n<a href=\"https:\/\/bu.optimum-automotive.com\/wp-content\/uploads\/2024\/07\/pdf\/optimum_automotive_lance_son_data_hub___une_nouvelle_solution_pour_la_gestion_des_flottes_automobiles.pdf\" title=\"deplacementspros.com\" type=\"application\/pdf\" target=\"_blank\" rel=\"noopener\"><img loading=\"lazy\" decoding=\"async\" src=\"https:\/\/bu.optimum-automotive.com\/wp-content\/uploads\/2024\/07\/jpg\/01-277.jpg\" width=\"151\" height=\"200\" alt=\"PDF - 698.4 kb\"><\/a>\r\n<figcaption class=\"wp-element-caption\"><strong>deplacementspros.com<\/strong><br>\r\nA Optimum Automotive lan\u00e7a o seu Data Hub: uma nova solu\u00e7\u00e3o para a gest\u00e3o de frotas de ve\u00edculos\r\n\r\n<\/figcaption><\/div> \r\n\r\n<h2 class=\"wp-block-heading\">JUNHO DE 2019<\/h2>\r\n\r\n<div class=\"wp-block-image\">\r\n<a href=\"https:\/\/bu.optimum-automotive.com\/wp-content\/uploads\/2024\/07\/pdf\/2019-06-27-kilometres_entreprise-juin_2019-10000000057006306.pdf\" title=\"QUIL\u00d3METROS EMPRESA\" type=\"application\/pdf\" target=\"_blank\" rel=\"noopener\"><img loading=\"lazy\" decoding=\"async\" src=\"https:\/\/bu.optimum-automotive.com\/wp-content\/uploads\/2024\/07\/jpg\/01-276.jpg\" width=\"151\" height=\"200\" alt=\"PDF - 1,4 Mb\"><\/a>\r\n<figcaption class=\"wp-element-caption\"><strong>QUIL\u00d3METROS EMPRESA<\/strong><br>\r\nAPLICA\u00c7\u00d5ES: MOBILIDADE VIRTUAL\r\n<\/figcaption><\/div> \r\n\r\n<div class=\"wp-block-image\"> \r\n<a href=\"https:\/\/bu.optimum-automotive.com\/wp-content\/uploads\/2024\/07\/pdf\/tokstercom_optimum-automotive-ergonomise-son-site-web.pdf\" title=\"tokster.com\" type=\"application\/pdf\" target=\"_blank\" rel=\"noopener\"><img loading=\"lazy\" decoding=\"async\" src=\"https:\/\/bu.optimum-automotive.com\/wp-content\/uploads\/2024\/07\/jpg\/01-275.jpg\" width=\"151\" height=\"200\" alt=\"PDF - 1,9 Mb\"><\/a>\r\n<figcaption class=\"wp-element-caption\"><strong>tokster.com<\/strong><br>\r\nA Optimum Automotive torna o seu s\u00edtio Web mais f\u00e1cil de utilizar\r\n<\/figcaption><\/div> \r\n\r\n<div class=\"wp-block-image\"> \r\n<a href=\"https:\/\/bu.optimum-automotive.com\/wp-content\/uploads\/2024\/07\/pdf\/2019-06-20-flottes_automobiles-juin_2019-10000000056966019.pdf\" title=\"FROTAS DE AUTOM\u00d3VEIS\" type=\"application\/pdf\" target=\"_blank\" rel=\"noopener\"><img loading=\"lazy\" decoding=\"async\" src=\"https:\/\/bu.optimum-automotive.com\/wp-content\/uploads\/2024\/07\/jpg\/01-274.jpg\" width=\"151\" height=\"200\" alt=\"PDF - 1008 kb\"><\/a>\r\n<figcaption class=\"wp-element-caption\"><strong>FROTAS DE AUTOM\u00d3VEIS<\/strong><br>\r\nPrestadores de servi\u00e7os cuidadosos\r\n<\/figcaption><\/div> \r\n\r\n<div class=\"wp-block-image\">\r\n<a href=\"https:\/\/bu.optimum-automotive.com\/wp-content\/uploads\/2024\/07\/pdf\/2019-06-23-le_journal_des_flottes-juin_-_juillet_2019-10000000056986099.pdf\" title=\"Jornal da frota\" type=\"application\/pdf\" target=\"_blank\" rel=\"noopener\"><img loading=\"lazy\" decoding=\"async\" src=\"https:\/\/bu.optimum-automotive.com\/wp-content\/uploads\/2024\/07\/jpg\/01-272.jpg\" width=\"151\" height=\"200\" alt=\"PDF - 1,6 Mb\"><\/a>\r\n<figcaption class=\"wp-element-caption\"><strong>Jornal da frota<\/strong><br>\r\nMaior especializa\u00e7\u00e3o em dados\r\n<\/figcaption><\/div> \r\n\r\n<div class=\"wp-block-image\">\r\n<a href=\"https:\/\/bu.optimum-automotive.com\/wp-content\/uploads\/2024\/07\/pdf\/2019-06-20-flottes_automobiles-juin_2019-10000000056966023.pdf\" title=\"flotauto.com\" type=\"application\/pdf\" target=\"_blank\" rel=\"noopener\"><img loading=\"lazy\" decoding=\"async\" src=\"https:\/\/bu.optimum-automotive.com\/wp-content\/uploads\/2024\/07\/jpg\/01-273.jpg\" width=\"151\" height=\"200\" alt=\"PDF - 350,5 kb\"><\/a>\r\n<figcaption class=\"wp-element-caption\"><strong>flotauto.com<\/strong><br>\r\nGrupo ADS: a telem\u00e1tica, uma ferramenta polivalente\r\n<\/figcaption><\/div> \r\n\r\n<div class=\"wp-block-image\">\r\n<a href=\"https:\/\/bu.optimum-automotive.com\/wp-content\/uploads\/2024\/07\/pdf\/optimum_automotive_s_offre_un_nouveau_site_web.pdf\" title=\"automobile-entreprise.com\" type=\"application\/pdf\" target=\"_blank\" rel=\"noopener\"><img loading=\"lazy\" decoding=\"async\" src=\"https:\/\/bu.optimum-automotive.com\/wp-content\/uploads\/2024\/07\/jpg\/01-270.jpg\" width=\"151\" height=\"200\" alt=\"PDF - 1,1 Mb\"><\/a>\r\n<figcaption class=\"wp-element-caption\"><strong>automobile-entreprise.com<\/strong><br>\r\nA Optimum Automotive tem um novo s\u00edtio Web\r\n<\/figcaption><\/div> \r\n\r\n<div class=\"wp-block-image\">\r\n<a href=\"https:\/\/bu.optimum-automotive.com\/wp-content\/uploads\/2024\/07\/pdf\/nouveau_site_internet_pour_optimum_automotive.pdf\" title=\"decisionatelier.com\" type=\"application\/pdf\" target=\"_blank\" rel=\"noopener\"><img loading=\"lazy\" decoding=\"async\" src=\"https:\/\/bu.optimum-automotive.com\/wp-content\/uploads\/2024\/07\/jpg\/01-271.jpg\" width=\"151\" height=\"200\" alt=\"PDF - 2 Mb\"><\/a>\r\n<figcaption class=\"wp-element-caption\"><strong>decisionatelier.com<\/strong><br>\r\nNovo s\u00edtio Web da Optimum Automotive\r\n<\/figcaption><\/div> \r\n\r\n<h2 class=\"wp-block-heading\">MAIO DE 2019<\/h2>\r\n\r\n<div class=\"wp-block-image\">\r\n<a href=\"https:\/\/bu.optimum-automotive.com\/wp-content\/uploads\/2024\/07\/pdf\/en_provence_de_plus_en_plus_de_societes_eprouvent_des_difficultes_pour_recruter___la_provence.pdf\" title=\"www.laprovence.com\" type=\"application\/pdf\" target=\"_blank\" rel=\"noopener\"><img loading=\"lazy\" decoding=\"async\" src=\"https:\/\/bu.optimum-automotive.com\/wp-content\/uploads\/2024\/07\/jpg\/01-269.jpg\" width=\"151\" height=\"200\" alt=\"PDF - 375.3 kb\"><\/a>\r\n<figcaption class=\"wp-element-caption\"><strong>www.laprovence.com<\/strong><br>\r\nNa Proven\u00e7a, cada vez mais empresas t\u00eam dificuldade em recrutar\r\n<\/figcaption><\/div> \r\n\r\n<h2 class=\"wp-block-heading\">ABRIL DE 2019<\/h2>\r\n\r\n<div class=\"wp-block-image\">\r\n<a href=\"https:\/\/bu.optimum-automotive.com\/wp-content\/uploads\/2024\/07\/pdf\/economie__un_geant_mondial_du_vehicule_connecte___la_provence.pdf\" title=\"www.laprovence.com\" type=\"application\/pdf\" target=\"_blank\" rel=\"noopener\"><img loading=\"lazy\" decoding=\"async\" src=\"https:\/\/bu.optimum-automotive.com\/wp-content\/uploads\/2024\/07\/jpg\/01-268.jpg\" width=\"151\" height=\"200\" alt=\"PDF - 1,5 Mb\"><\/a>\r\n<figcaption class=\"wp-element-caption\"><strong>www.laprovence.com<\/strong><br>\r\nEsta PME da Proven\u00e7a quer tornar-se um gigante mundial dos ve\u00edculos conectados\r\n<\/figcaption><\/div> \r\n\r\n<div class=\"wp-block-image\"> \r\n<a href=\"https:\/\/bu.optimum-automotive.com\/wp-content\/uploads\/2024\/07\/pdf\/optimum_automotive_optimise_la_gestion_des_amendes_au_sein_des_flottes-3.pdf\" title=\".industrie-mag.com\" type=\"application\/pdf\" target=\"_blank\" rel=\"noopener\"><img loading=\"lazy\" decoding=\"async\" src=\"https:\/\/bu.optimum-automotive.com\/wp-content\/uploads\/2024\/07\/jpg\/01-267.jpg\" width=\"151\" height=\"200\" alt=\"PDF - 72,4 kb\"><\/a>\r\n<figcaption class=\"wp-element-caption\"><strong>.industrie-mag.com<\/strong><br>\r\nA Optimum Automotive optimiza a gest\u00e3o das multas nas frotas\r\n<\/figcaption><\/div> \r\n\r\n<div class=\"wp-block-image\"> \r\n<a href=\"https:\/\/bu.optimum-automotive.com\/wp-content\/uploads\/2024\/07\/pdf\/flotte_d_entreprise__optimum_automotive_lance_une_solution_de_gestion_des_pv.pdf\" title=\"deplacementspros.com\" type=\"application\/pdf\" target=\"_blank\" rel=\"noopener\"><img loading=\"lazy\" decoding=\"async\" src=\"https:\/\/bu.optimum-automotive.com\/wp-content\/uploads\/2024\/07\/jpg\/01-266.jpg\" width=\"151\" height=\"200\" alt=\"PDF - 73,3 kb\"><\/a>\r\n<figcaption class=\"wp-element-caption\"><strong>deplacementspros.com<\/strong><br>\r\nFrota da empresa: a Optimum Automotive oferece uma solu\u00e7\u00e3o de gest\u00e3o de PV\r\n<\/figcaption><\/div> \r\n\r\n<div class=\"wp-block-image\">\r\n<a href=\"https:\/\/bu.optimum-automotive.com\/wp-content\/uploads\/2024\/07\/pdf\/supplement-04-2019_p5.pdf\" title=\"SUPLEMENTO LE PARISIEN\" type=\"application\/pdf\" target=\"_blank\" rel=\"noopener\"><img loading=\"lazy\" decoding=\"async\" src=\"https:\/\/bu.optimum-automotive.com\/wp-content\/uploads\/2024\/07\/jpg\/01-265.jpg\" width=\"151\" height=\"200\" alt=\"PDF - 1,9 Mb\"><\/a>\r\n<figcaption class=\"wp-element-caption\"><strong>SUPLEMENTO LE PARISIEN<\/strong><br>\r\nA gest\u00e3o de frotas conectada trata das multas\r\n<\/figcaption><\/div> \r\n\r\n<div class=\"wp-block-image\">\r\n<a href=\"https:\/\/bu.optimum-automotive.com\/wp-content\/uploads\/2024\/07\/pdf\/gestionnaire_de_flotte___sur_la_route_de_la_mobilite.pdf\" title=\"flotauto.com\" type=\"application\/pdf\" target=\"_blank\" rel=\"noopener\"><img loading=\"lazy\" decoding=\"async\" src=\"https:\/\/bu.optimum-automotive.com\/wp-content\/uploads\/2024\/07\/jpg\/01-264.jpg\" width=\"151\" height=\"200\" alt=\"PDF - 509.2 kb\"><\/a>\r\n<figcaption class=\"wp-element-caption\"><strong>flotauto.com<\/strong><br>\r\nGestor de frotas: a caminho da mobilidade\r\n<\/figcaption><\/div> \r\n\r\n<h2 class=\"wp-block-heading\">FEVEREIRO 2019<\/h2>\r\n\r\n<div class=\"wp-block-image\">\r\n<a href=\"https:\/\/bu.optimum-automotive.com\/wp-content\/uploads\/2024\/07\/pdf\/2018-12-27-flottes_automobiles_guide-n_0_-_2018-10000000055792743.pdf\" title=\"GUIA DE FROTAS DE AUTOM\u00d3VEIS\" type=\"application\/pdf\" target=\"_blank\" rel=\"noopener\"><img loading=\"lazy\" decoding=\"async\" src=\"https:\/\/bu.optimum-automotive.com\/wp-content\/uploads\/2024\/07\/jpg\/01-10.png\" width=\"188\" height=\"250\" alt=\"PDF - 719 kb\"><\/a>\r\n<figcaption class=\"wp-element-caption\"><strong>GUIA DE FROTAS DE AUTOM\u00d3VEIS<\/strong><br>\r\nConcurso em pleno andamento\r\n<\/figcaption><\/div> \r\n\r\n<div class=\"wp-block-image\">\r\n<a href=\"https:\/\/bu.optimum-automotive.com\/wp-content\/uploads\/2024\/07\/pdf\/2019-02-13-www.mtom-mag.com-13_f_vrier_2019-50000000324926986.pdf\" title=\"mtom-mag.com\" type=\"application\/pdf\" target=\"_blank\" rel=\"noopener\"><img loading=\"lazy\" decoding=\"async\" src=\"https:\/\/bu.optimum-automotive.com\/wp-content\/uploads\/2024\/07\/jpg\/01-9.png\" width=\"188\" height=\"250\" alt=\"PDF - 80,9 kb\"><\/a>\r\n<figcaption class=\"wp-element-caption\"><strong>mtom-mag.com<\/strong><br>\r\nFlotAuto 2019, a Optimum Automotive apresenta a sua gama de ve\u00edculos conectados\r\n<\/figcaption><\/div> \r\n\r\n<h2 class=\"wp-block-heading\">JANEIRO DE 2019<\/h2>\r\n\r\n<div class=\"wp-block-image\">\r\n<a href=\"https:\/\/bu.optimum-automotive.com\/wp-content\/uploads\/2024\/07\/pdf\/autopartage_et_covoiturage___le_marche_commence_a_fremir__01_19.pdf\" title=\"Frotas de autom\u00f3veis\" type=\"application\/pdf\" target=\"_blank\" rel=\"noopener\"><img loading=\"lazy\" decoding=\"async\" src=\"https:\/\/bu.optimum-automotive.com\/wp-content\/uploads\/2024\/07\/jpg\/01-261.jpg\" width=\"188\" height=\"250\" alt=\"PDF - 314.5 kb\"><\/a>\r\n<figcaption class=\"wp-element-caption\"><strong>Frotas de autom\u00f3veis<\/strong><br>\r\nCar-sharing e car-pooling: o mercado est\u00e1 em expans\u00e3o\r\n<\/figcaption><\/div> \r\n\r\n<h2 class=\"wp-block-heading\">NOVEMBRO 2018<\/h2>\r\n\r\n<div class=\"wp-block-image\"> \r\n<a href=\"https:\/\/bu.optimum-automotive.com\/wp-content\/uploads\/2024\/07\/pdf\/le_parisien.pdf\" title=\"LE PARISIEN : SUPLEMENTO\" type=\"application\/pdf\" target=\"_blank\" rel=\"noopener\"><img loading=\"lazy\" decoding=\"async\" src=\"https:\/\/bu.optimum-automotive.com\/wp-content\/uploads\/2024\/07\/jpg\/01-262.jpg\" width=\"188\" height=\"250\" alt=\"PDF - 7,2 Mb\"><\/a>\r\n<figcaption class=\"wp-element-caption\"><strong>LE PARISIEN : SUPLEMENTO<\/strong><br>\r\nA aplica\u00e7\u00e3o que facilita a partilha de autom\u00f3veis\r\n<\/figcaption><\/div> \r\n\r\n<div class=\"wp-block-image\">\r\n<a href=\"https:\/\/bu.optimum-automotive.com\/wp-content\/uploads\/2024\/07\/pdf\/entretien_avec_daniel_vassalucci_president_doptimum_automotive_-_kilometres_en.pdf\" title=\"KMS Quil\u00f3metros Empresa\" type=\"application\/pdf\" target=\"_blank\" rel=\"noopener\"><img loading=\"lazy\" decoding=\"async\" src=\"https:\/\/bu.optimum-automotive.com\/wp-content\/uploads\/2024\/07\/jpg\/01-263.jpg\" width=\"188\" height=\"250\" alt=\"PDF - 1,2 Mb\"><\/a>\r\n<figcaption class=\"wp-element-caption\"><strong>KMS Quil\u00f3metros Empresa<\/strong><br>\r\nEntrevista com Daniel Vassalucci: Presidente da Optimum Automotive\r\n<\/figcaption><\/div> \r\n\r\n<div class=\"wp-block-image\">\r\n<a href=\"https:\/\/bu.optimum-automotive.com\/wp-content\/uploads\/2024\/07\/pdf\/les_datas_aux_commandes_de_la_gestion_de_flottes.pdf\" title=\"D\u00e9cision-achats.fr\" type=\"application\/pdf\" target=\"_blank\" rel=\"noopener\"><img loading=\"lazy\" decoding=\"async\" src=\"https:\/\/bu.optimum-automotive.com\/wp-content\/uploads\/2024\/07\/jpg\/01-260.jpg\" width=\"188\" height=\"250\" alt=\"PDF - 368,3 kb\"><\/a>\r\n<figcaption class=\"wp-element-caption\"><strong>D\u00e9cision-achats.fr<\/strong><br>\r\nDados, a for\u00e7a motriz da gest\u00e3o de frotas\r\n<\/figcaption><\/div> \r\n\r\n<div class=\"wp-block-image\">\r\n<a href=\"https:\/\/bu.optimum-automotive.com\/wp-content\/uploads\/2024\/07\/pdf\/2018-11-10-officiel_des_transporteurs_supplement2.pdf\" title=\"L&#039;Officiel des transporturs Suplemento \" type=\"application\/pdf\" target=\"_blank\" rel=\"noopener\"><img loading=\"lazy\" decoding=\"async\" src=\"https:\/\/bu.optimum-automotive.com\/wp-content\/uploads\/2024\/07\/jpg\/01-258.jpg\" width=\"188\" height=\"250\" alt=\"PDF - 174 kb\"><\/a>\r\n<figcaption class=\"wp-element-caption\"><strong>L'Officiel des transporturs Suplemento <\/strong><br>\r\nEspecialista em ve\u00edculos conectados, Mapping Control\r\n<\/figcaption><\/div> \r\n\r\n<div class=\"wp-block-image\"> \r\n<a href=\"https:\/\/bu.optimum-automotive.com\/wp-content\/uploads\/2024\/07\/pdf\/2018-11-10-officiel_des_transporteurs_supplement.pdf\" title=\"L&#039;Officiel des transporturs\" type=\"application\/pdf\" target=\"_blank\" rel=\"noopener\"><img loading=\"lazy\" decoding=\"async\" src=\"https:\/\/bu.optimum-automotive.com\/wp-content\/uploads\/2024\/07\/jpg\/01-257.jpg\" width=\"188\" height=\"250\" alt=\"PDF - 493.7 kb\"><\/a>\r\n<figcaption class=\"wp-element-caption\"><strong>L'Officiel des transporturs<\/strong><br>\r\nSMART DATA: Uma alavanca para a competitividade\r\n<\/figcaption><\/div> \r\n\r\n<h2 class=\"wp-block-heading\">OUTUBRO 2018<\/h2>\r\n\r\n<div class=\"wp-block-image\">\r\n<a href=\"https:\/\/bu.optimum-automotive.com\/wp-content\/uploads\/2024\/07\/pdf\/skm_c224e18112211440.pdf\" title=\"Frotas de autom\u00f3veis\" type=\"application\/pdf\" target=\"_blank\" rel=\"noopener\"><img loading=\"lazy\" decoding=\"async\" src=\"https:\/\/bu.optimum-automotive.com\/wp-content\/uploads\/2024\/07\/jpg\/01-259.jpg\" width=\"188\" height=\"250\" alt=\"PDF - 250,4 kb\"><\/a>\r\n<figcaption class=\"wp-element-caption\"><strong>Frotas de autom\u00f3veis<\/strong><br>\r\nSeguran\u00e7a rodovi\u00e1ria: a condu\u00e7\u00e3o ecol\u00f3gica volta a estar na ordem do dia\r\n<\/figcaption><\/div> \r\n\r\n<h2 class=\"wp-block-heading\">JULHO DE 2018<\/h2>\r\n\r\n<div class=\"wp-block-image\">\r\n<a href=\"https:\/\/bu.optimum-automotive.com\/wp-content\/uploads\/2024\/07\/pdf\/optimum_automotive_group_covoiturage_et_autopartage_la_voix_des_entreprises.pdf\" title=\"industrie-mag.com\" type=\"application\/pdf\" target=\"_blank\" rel=\"noopener\"><img loading=\"lazy\" decoding=\"async\" src=\"https:\/\/bu.optimum-automotive.com\/wp-content\/uploads\/2024\/07\/jpg\/01-255.jpg\" width=\"188\" height=\"250\" alt=\"PDF - 277 kb\"><\/a>\r\n<figcaption class=\"wp-element-caption\"><strong>industrie-mag.com<\/strong><br>\r\nOptimum Automotive Group, partilha de autom\u00f3veis e car pooling,<br class=\"autobr\">\r\na voz das empresas\r\n<\/figcaption><\/div> \r\n\r\n<div class=\"wp-block-image\">\r\n<a href=\"https:\/\/bu.optimum-automotive.com\/wp-content\/uploads\/2024\/07\/pdf\/economie___aix___mapping_control_etend_ses_activites___la_provence2.pdf\" title=\"La Provence.com\" type=\"application\/pdf\" target=\"_blank\" rel=\"noopener\"><img loading=\"lazy\" decoding=\"async\" src=\"https:\/\/bu.optimum-automotive.com\/wp-content\/uploads\/2024\/07\/jpg\/01-254.jpg\" width=\"188\" height=\"250\" alt=\"PDF - 1,2 Mb\"><\/a>\r\n<figcaption class=\"wp-element-caption\"><strong>La Provence.com<\/strong><br>\r\nAix: Mapping Control expande as suas actividades\r\n<\/figcaption><\/div> \r\n\r\n<h2 class=\"wp-block-heading\">JUNHO DE 2018<\/h2>\r\n\r\n<div class=\"wp-block-image\"> \r\n<a href=\"https:\/\/bu.optimum-automotive.com\/wp-content\/uploads\/2024\/07\/pdf\/une_nouvelle_solution_d_autopartage_dediee_aux_entreprises.pdf\" title=\"d\u00e9placementspros.com\" type=\"application\/pdf\" target=\"_blank\" rel=\"noopener\"><img loading=\"lazy\" decoding=\"async\" src=\"https:\/\/bu.optimum-automotive.com\/wp-content\/uploads\/2024\/07\/jpg\/01-253.jpg\" width=\"151\" height=\"200\" alt=\"PDF - 349.1 kb\"><\/a>\r\n<figcaption class=\"wp-element-caption\"><strong>d\u00e9placementspros.com<\/strong><br>\r\n+ UMA NOVA SOLU\u00c7\u00c3O DE PARTILHA DE AUTOM\u00d3VEIS DEDICADA A<br class=\"autobr\">\r\nEMPRESAS\r\n<\/figcaption><\/div> \r\n\r\n<div class=\"wp-block-image\"> \r\n<a href=\"https:\/\/bu.optimum-automotive.com\/wp-content\/uploads\/2024\/07\/pdf\/largus_ed_pro_83_apro4533.pdf\" title=\"pro.largus.fr\" type=\"application\/pdf\" target=\"_blank\" rel=\"noopener\"><img loading=\"lazy\" decoding=\"async\" src=\"https:\/\/bu.optimum-automotive.com\/wp-content\/uploads\/2024\/07\/jpg\/01-252.jpg\" width=\"188\" height=\"250\" alt=\"PDF - 308.8 kb\"><\/a>\r\n<figcaption class=\"wp-element-caption\"><strong>pro.largus.fr<\/strong><br>\r\nDaniel Vassallucci: Presidente do Optimum Automotive Group\r\n<\/figcaption><\/div> \r\n\r\n<div class=\"wp-block-image\">\r\n<a href=\"https:\/\/bu.optimum-automotive.com\/wp-content\/uploads\/2024\/07\/pdf\/tribune_07-06.pdf\" title=\"La Tribune\" type=\"application\/pdf\" target=\"_blank\" rel=\"noopener\"><img loading=\"lazy\" decoding=\"async\" src=\"https:\/\/bu.optimum-automotive.com\/wp-content\/uploads\/2024\/07\/jpg\/01-250.jpg\" width=\"188\" height=\"250\" alt=\"PDF - 164.2 kb\"><\/a>\r\n<figcaption class=\"wp-element-caption\"><strong>La Tribune<\/strong><br>\r\nMapping Control, a \"velha start-up\" que nunca p\u00e1ra de inovar\r\n<\/figcaption><\/div> \r\n\r\n<div class=\"wp-block-image\"> \r\n<a href=\"https:\/\/bu.optimum-automotive.com\/wp-content\/uploads\/2024\/07\/pdf\/2018-06-04-businews-juin_18-10000000054432959.pdf\" title=\"NOT\u00cdCIAS DE NEG\u00d3CIOS\" type=\"application\/pdf\" target=\"_blank\" rel=\"noopener\"><img loading=\"lazy\" decoding=\"async\" src=\"https:\/\/bu.optimum-automotive.com\/wp-content\/uploads\/2024\/07\/jpg\/01-251.jpg\" width=\"188\" height=\"250\" alt=\"PDF - 612 kb\"><\/a>\r\n<figcaption class=\"wp-element-caption\"><strong>NOT\u00cdCIAS DE NEG\u00d3CIOS<\/strong><br>\r\nAUTOM\u00d3VEIS DO FUTURO: A PROVENCE FAZ TUDO O QUE EST\u00c1 AO SEU ALCANCE!\r\n<\/figcaption><\/div> \r\n\r\n<div class=\"wp-block-image\"> \r\n<a href=\"https:\/\/bu.optimum-automotive.com\/wp-content\/uploads\/2024\/07\/pdf\/2018-05-25-le_journal_des_flottes-avril_mai_18-10000000054373209.pdf\" title=\"Jornal da Frota\" type=\"application\/pdf\" target=\"_blank\" rel=\"noopener\"><img loading=\"lazy\" decoding=\"async\" src=\"https:\/\/bu.optimum-automotive.com\/wp-content\/uploads\/2024\/07\/jpg\/01-246.jpg\" width=\"188\" height=\"250\" alt=\"PDF - 1022.5 kb\"><\/a>\r\n<figcaption class=\"wp-element-caption\"><strong>Jornal da Frota<\/strong><br>\r\nTELEM\u00c1TICA: Dos dados brutos \u00e0 an\u00e1lise pormenorizada\r\n<\/figcaption><\/div> \r\n\r\n<div class=\"wp-block-image\">\r\n<a href=\"https:\/\/bu.optimum-automotive.com\/wp-content\/uploads\/2024\/07\/pdf\/2018-05-29-www.daf-mag.fr-29_mai_2018-50000000312878148.pdf\" title=\"DAF-mag.fr\" type=\"application\/pdf\" target=\"_blank\" rel=\"noopener\"><img loading=\"lazy\" decoding=\"async\" src=\"https:\/\/bu.optimum-automotive.com\/wp-content\/uploads\/2024\/07\/jpg\/01-247.jpg\" width=\"188\" height=\"250\" alt=\"PDF - 215,5 kb\"><\/a>\r\n<figcaption class=\"wp-element-caption\"><strong>DAF-mag.fr<\/strong><br>\r\nO trabalhador, a infra\u00e7\u00e3o... e o empregador\r\n<\/figcaption><\/div> \r\n\r\n<div class=\"wp-block-image\">\r\n<a href=\"https:\/\/bu.optimum-automotive.com\/wp-content\/uploads\/2024\/07\/pdf\/2018-05-15-www.industrie-mag.com-15_mai_2018-50000000312169571.pdf\" title=\"industrie-mag.com\" type=\"application\/pdf\" target=\"_blank\" rel=\"noopener\"><img loading=\"lazy\" decoding=\"async\" src=\"https:\/\/bu.optimum-automotive.com\/wp-content\/uploads\/2024\/07\/jpg\/01-245.jpg\" width=\"188\" height=\"250\" alt=\"PDF - 86,3 kb\"><\/a>\r\n<figcaption class=\"wp-element-caption\"><strong>industrie-mag.com<\/strong><br>\r\nMapeando o Controlo, a marca aproxima-se dos franchisados\r\n<\/figcaption><\/div> \r\n\r\n<div class=\"wp-block-image\">\r\n<a href=\"https:\/\/bu.optimum-automotive.com\/wp-content\/uploads\/2024\/07\/pdf\/2018-05-30-www.actionco.fr-30_mai_2018-50000000312901729.pdf\" title=\"actionco.fr\" type=\"application\/pdf\" target=\"_blank\" rel=\"noopener\"><img loading=\"lazy\" decoding=\"async\" src=\"https:\/\/bu.optimum-automotive.com\/wp-content\/uploads\/2024\/07\/jpg\/01-248.jpg\" width=\"188\" height=\"250\" alt=\"PDF - 101.8 kb\"><\/a>\r\n<figcaption class=\"wp-element-caption\"><strong>actionco.fr<\/strong><br>\r\nO trabalhador, a infra\u00e7\u00e3o... e o empregador\r\n<\/figcaption><\/div> \r\n\r\n<div class=\"wp-block-image\"> \r\n<a href=\"https:\/\/bu.optimum-automotive.com\/wp-content\/uploads\/2024\/07\/pdf\/2018-06-01-www.decision-achats.fr-1_juin_2018-50000000313082550.pdf\" title=\"D\u00e9cision-achats.fr\" type=\"application\/pdf\" target=\"_blank\" rel=\"noopener\"><img loading=\"lazy\" decoding=\"async\" src=\"https:\/\/bu.optimum-automotive.com\/wp-content\/uploads\/2024\/07\/jpg\/01-249.jpg\" width=\"188\" height=\"250\" alt=\"PDF - 215,5 kb\"><\/a>\r\n<figcaption class=\"wp-element-caption\"><strong>D\u00e9cision-achats.fr<\/strong><br>\r\nO trabalhador, a infra\u00e7\u00e3o... e o empregador\r\n<\/figcaption><\/div> \r\n\r\n<h2 class=\"wp-block-heading\">MAIO 2018<\/h2>\r\n\r\n<div class=\"wp-block-image\">\r\n<a href=\"https:\/\/bu.optimum-automotive.com\/wp-content\/uploads\/2024\/07\/pdf\/mapping_control_veut_seduire_les_franchises.pdf\" title=\"Autom\u00f3veis e neg\u00f3cios\" type=\"application\/pdf\" target=\"_blank\" rel=\"noopener\"><img loading=\"lazy\" decoding=\"async\" src=\"https:\/\/bu.optimum-automotive.com\/wp-content\/uploads\/2024\/07\/jpg\/01-244.jpg\" width=\"188\" height=\"250\" alt=\"PDF - 703.4 kb\"><\/a>\r\n<figcaption class=\"wp-element-caption\"><strong>Autom\u00f3veis e neg\u00f3cios<\/strong><br>\r\nO Mapping Control pretende conquistar os franchisados\r\n<\/figcaption><\/div> \r\n\r\n<div class=\"wp-block-image\">\r\n<a href=\"https:\/\/bu.optimum-automotive.com\/wp-content\/uploads\/2024\/07\/pdf\/mapping_control_a_l_assaut_des_franchises.pdf\" title=\"Workshop de decis\u00e3o\" type=\"application\/pdf\" target=\"_blank\" rel=\"noopener\"><img loading=\"lazy\" decoding=\"async\" src=\"https:\/\/bu.optimum-automotive.com\/wp-content\/uploads\/2024\/07\/jpg\/01-242.jpg\" width=\"188\" height=\"250\" alt=\"PDF - 1,4 Mb\"><\/a>\r\n<figcaption class=\"wp-element-caption\"><strong>Workshop de decis\u00e3o<\/strong><br>\r\nO Mapping Control assume as franquias\r\n<\/figcaption><\/div> \r\n\r\n<div class=\"wp-block-image\"> \r\n<a href=\"https:\/\/bu.optimum-automotive.com\/wp-content\/uploads\/2024\/07\/pdf\/mapping_control_la_marque_se_rapproche_des_franchises.pdf\" title=\"industrie-mag.com\" type=\"application\/pdf\" target=\"_blank\" rel=\"noopener\"><img loading=\"lazy\" decoding=\"async\" src=\"https:\/\/bu.optimum-automotive.com\/wp-content\/uploads\/2024\/07\/jpg\/01-243.jpg\" width=\"188\" height=\"250\" alt=\"PDF - 71,8 kb\"><\/a>\r\n<figcaption class=\"wp-element-caption\"><strong>industrie-mag.com<\/strong><br>\r\nMapeando o Controlo, a marca aproxima-se dos franchisados\r\n<\/figcaption><\/div> \r\n\r\n<h2 class=\"wp-block-heading\">ABRIL DE 2018<\/h2>\r\n\r\n<div class=\"wp-block-image\">\r\n<a href=\"https:\/\/bu.optimum-automotive.com\/wp-content\/uploads\/2024\/07\/pdf\/la_telematique_reduit_les_couts_des_entreprises.pdf\" title=\"Le Monde.fr\" type=\"application\/pdf\" target=\"_blank\" rel=\"noopener\"><img loading=\"lazy\" decoding=\"async\" src=\"https:\/\/bu.optimum-automotive.com\/wp-content\/uploads\/2024\/07\/jpg\/01-241.jpg\" width=\"188\" height=\"250\" alt=\"PDF - 157,6 kb\"><\/a>\r\n<figcaption class=\"wp-element-caption\"><strong>Le Monde.fr<\/strong><br>\r\nA telem\u00e1tica reduz os custos das empresas\r\n<\/figcaption><\/div> \r\n\r\n<div class=\"wp-block-image\">\r\n<a href=\"https:\/\/bu.optimum-automotive.com\/wp-content\/uploads\/2024\/07\/pdf\/3595_dossier_flottes.pdf\" title=\"PARIS MATCH livematch\/auto\" type=\"application\/pdf\" target=\"_blank\" rel=\"noopener\"><img loading=\"lazy\" decoding=\"async\" src=\"https:\/\/bu.optimum-automotive.com\/wp-content\/uploads\/2024\/07\/jpg\/01-240.jpg\" width=\"188\" height=\"250\" alt=\"PDF - 564.2 kb\"><\/a>\r\n<figcaption class=\"wp-element-caption\"><strong>PARIS MATCH livematch\/auto<\/strong><br>\r\nVe\u00edculos de empresa: o gas\u00f3leo resiste, os el\u00e9ctricos arrancam\r\n<\/figcaption><\/div> \r\n\r\n<h2 class=\"wp-block-heading\">MAR\u00c7O DE 2018<\/h2>\r\n\r\n<div class=\"wp-block-image\"> \r\n<a href=\"https:\/\/bu.optimum-automotive.com\/wp-content\/uploads\/2024\/07\/pdf\/2018-03-16-flottes_automobiles-mars_18-2.pdf\" title=\"FROTAS DE AUTOM\u00d3VEIS\" type=\"application\/pdf\" target=\"_blank\" rel=\"noopener\"><img loading=\"lazy\" decoding=\"async\" src=\"https:\/\/bu.optimum-automotive.com\/wp-content\/uploads\/2024\/07\/jpg\/021.jpg\" width=\"188\" height=\"250\" alt=\"PDF - 924.1 kb\"><\/a>\r\n<figcaption class=\"wp-element-caption\"><strong>FROTAS DE AUTOM\u00d3VEIS<\/strong><br>\r\nTelem\u00e1tica a bordo, a concorr\u00eancia em pleno andamento\r\n<\/figcaption><\/div> \r\n\r\n<div class=\"wp-block-image\"> \r\n<a href=\"https:\/\/bu.optimum-automotive.com\/wp-content\/uploads\/2024\/07\/pdf\/2018-03-16-flottes_automobiles-mars_18-1.pdf\" title=\"FROTAS DE AUTOM\u00d3VEIS\" type=\"application\/pdf\" target=\"_blank\" rel=\"noopener\"><img loading=\"lazy\" decoding=\"async\" src=\"https:\/\/bu.optimum-automotive.com\/wp-content\/uploads\/2024\/07\/jpg\/01-239.jpg\" width=\"188\" height=\"250\" alt=\"PDF - 290,9 kb\"><\/a>\r\n<figcaption class=\"wp-element-caption\"><strong>FROTAS DE AUTOM\u00d3VEIS<\/strong><br>\r\nTelem\u00e1tica a bordo. Ganhos \u00e0 vista\r\n<\/figcaption><\/div> \r\n\r\n<div class=\"wp-block-image\"> \r\n<a href=\"https:\/\/bu.optimum-automotive.com\/wp-content\/uploads\/2024\/07\/pdf\/2018-03-16-flottes_automobiles-mars_18.pdf\" title=\"FROTAS DE AUTOM\u00d3VEIS\" type=\"application\/pdf\" target=\"_blank\" rel=\"noopener\"><img loading=\"lazy\" decoding=\"async\" src=\"https:\/\/bu.optimum-automotive.com\/wp-content\/uploads\/2024\/07\/jpg\/sans-titre-1.jpg\" width=\"188\" height=\"250\" alt=\"PDF - 163.7 kb\"><\/a>\r\n<figcaption class=\"wp-element-caption\"><strong>FROTAS DE AUTOM\u00d3VEIS<\/strong><br>\r\nNASCIMENTO DO OPTIMUM AUTOMOTIVE GROUP\r\n<\/figcaption><\/div> \r\n\r\n<div class=\"wp-block-image\">\r\n<a href=\"https:\/\/bu.optimum-automotive.com\/wp-content\/uploads\/2024\/07\/pdf\/franck_gaultier_optimum_automotive.pdf\" title=\"Autom\u00f3veis e neg\u00f3cios\" type=\"application\/pdf\" target=\"_blank\" rel=\"noopener\"><img loading=\"lazy\" decoding=\"async\" src=\"https:\/\/bu.optimum-automotive.com\/wp-content\/uploads\/2024\/07\/jpg\/01-237.jpg\" width=\"188\" height=\"250\" alt=\"PDF - 402,3 kb\"><\/a>\r\n<figcaption class=\"wp-element-caption\"><strong>Autom\u00f3veis e neg\u00f3cios<\/strong><br>\r\nFranck Gaultier (Optimum Automotive Group) A nossa for\u00e7a reside na nossa gama de servi\u00e7os.\r\n<\/figcaption><\/div> \r\n\r\n<div class=\"wp-block-image\"> \r\n<a href=\"https:\/\/bu.optimum-automotive.com\/wp-content\/uploads\/2024\/07\/pdf\/skm_c224e18030514200.pdf\" title=\"Jornal das FLottes\" type=\"application\/pdf\" target=\"_blank\" rel=\"noopener\"><img loading=\"lazy\" decoding=\"async\" src=\"https:\/\/bu.optimum-automotive.com\/wp-content\/uploads\/2024\/07\/jpg\/01-238.jpg\" width=\"188\" height=\"250\" alt=\"PDF - 276,8 kb\"><\/a>\r\n<figcaption class=\"wp-element-caption\"><strong>Jornal das FLottes<\/strong><br>\r\nA OPTIMUM AUTOMOTIVE DEIXA A SUA MARCA\r\n<\/figcaption><\/div> \r\n\r\n<div class=\"wp-block-image\">\r\n<a href=\"https:\/\/bu.optimum-automotive.com\/wp-content\/uploads\/2024\/07\/pdf\/2018-03-01-la_tribune_de_l_assurance-mars_18-10000000053745051.pdf\" title=\"A tribuna do seguro\" type=\"application\/pdf\" target=\"_blank\" rel=\"noopener\"><img loading=\"lazy\" decoding=\"async\" src=\"https:\/\/bu.optimum-automotive.com\/wp-content\/uploads\/2024\/07\/jpg\/01-236.jpg\" width=\"188\" height=\"250\" alt=\"PDF - 364,5 kb\"><\/a>\r\n<figcaption class=\"wp-element-caption\"><strong>A tribuna do seguro<\/strong><br>\r\nGest\u00e3o de frotas em modo Pay How You Drive\r\n<\/figcaption><\/div> \r\n\r\n<h2 class=\"wp-block-heading\">FEVEREIRO DE 2018<\/h2>\r\n\r\n<div class=\"wp-block-image\">\r\n<a href=\"https:\/\/bu.optimum-automotive.com\/wp-content\/uploads\/2024\/07\/pdf\/2018-02-16-actionco_vrier_2018-50000000307950934.pdf\" title=\"actionco.fr\" type=\"application\/pdf\" target=\"_blank\" rel=\"noopener\"><img loading=\"lazy\" decoding=\"async\" src=\"https:\/\/bu.optimum-automotive.com\/wp-content\/uploads\/2024\/07\/jpg\/01-235.jpg\" width=\"188\" height=\"250\" alt=\"PDF - 94,3 kb\"><\/a>\r\n<figcaption class=\"wp-element-caption\"><strong>actionco.fr<\/strong><br>\r\nCar-sharing: o carro quando precisa dele!\r\n<\/figcaption><\/div> \r\n\r\n<div class=\"wp-block-image\">\r\n<a href=\"https:\/\/bu.optimum-automotive.com\/wp-content\/uploads\/2024\/07\/pdf\/telematique___renault_degaine_une_nouvelle_offre.pdf\" title=\"Autom\u00f3veis e neg\u00f3cios\" type=\"application\/pdf\" target=\"_blank\" rel=\"noopener\"><img loading=\"lazy\" decoding=\"async\" src=\"https:\/\/bu.optimum-automotive.com\/wp-content\/uploads\/2024\/07\/jpg\/01-234.jpg\" width=\"188\" height=\"250\" alt=\"PDF - 386,3 kb\"><\/a>\r\n<figcaption class=\"wp-element-caption\"><strong>Autom\u00f3veis e neg\u00f3cios<\/strong><br>\r\nTelem\u00e1tica: Renault lan\u00e7a uma nova oferta\r\n<\/figcaption><\/div> \r\n\r\n<div class=\"wp-block-image\">\r\n<a href=\"https:\/\/bu.optimum-automotive.com\/wp-content\/uploads\/2024\/07\/pdf\/2018-02-17-journal_de_l_automobile-16_fev_18-10000000053626653.pdf\" title=\"Le Journal de l&#039;Automobile\" type=\"application\/pdf\" target=\"_blank\" rel=\"noopener\"><img loading=\"lazy\" decoding=\"async\" src=\"https:\/\/bu.optimum-automotive.com\/wp-content\/uploads\/2024\/07\/jpg\/01-232.jpg\" width=\"188\" height=\"250\" alt=\"PDF - 776.7 kb\"><\/a>\r\n<figcaption class=\"wp-element-caption\"><strong>Le Journal de l'Automobile<\/strong><br>\r\nEst\u00e1 na hora de descolar?\r\n<\/figcaption><\/div> \r\n\r\n<div class=\"wp-block-image\"> \r\n<a href=\"https:\/\/bu.optimum-automotive.com\/wp-content\/uploads\/2024\/07\/pdf\/sodiaal___la_preuve_par_l_eco-conduite.pdf\" title=\"flotauto.com\" type=\"application\/pdf\" target=\"_blank\" rel=\"noopener\"><img loading=\"lazy\" decoding=\"async\" src=\"https:\/\/bu.optimum-automotive.com\/wp-content\/uploads\/2024\/07\/jpg\/01-233.jpg\" width=\"188\" height=\"250\" alt=\"PDF - 179,3 kb\"><\/a>\r\n<figcaption class=\"wp-element-caption\"><strong>flotauto.com<\/strong><br>\r\nSodiaal: prova atrav\u00e9s da condu\u00e7\u00e3o ecol\u00f3gica\r\n<\/figcaption><\/div> \r\n\r\n<div class=\"wp-block-image\">\r\n<a href=\"http:\/\/www.autok7.press\/lhomme-sait-parler-a-loreille-gestionnaires-de-flottes-secret-compression-de-couts-innovation-totale\/\" title=\"www.autok7.press\" target=\"_blank\" rel=\"noopener\"><img loading=\"lazy\" decoding=\"async\" src=\"https:\/\/bu.optimum-automotive.com\/wp-content\/uploads\/2024\/07\/jpg\/01-231.jpg\" width=\"188\" height=\"250\" alt=\"JPEG - 19.9 kb\"><\/a>\r\n<figcaption class=\"wp-element-caption\"><strong>www.autok7.press<\/strong><br>\r\nO homem que sabe como falar com os gestores de frota... O seu segredo? Redu\u00e7\u00e3o de custos e inova\u00e7\u00e3o. O pacote completo!\r\n<\/figcaption><\/div> \r\n\r\n<div class=\"wp-block-image\"> \r\n<a href=\"https:\/\/bu.optimum-automotive.com\/wp-content\/uploads\/2024\/07\/pdf\/optimum_automotive_group_integre_de_nouveaux_services.pdf\" title=\"FROTAS DE AUTOM\u00d3VEIS\" type=\"application\/pdf\" target=\"_blank\" rel=\"noopener\"><img loading=\"lazy\" decoding=\"async\" src=\"https:\/\/bu.optimum-automotive.com\/wp-content\/uploads\/2024\/07\/jpg\/02-13.jpg\" width=\"188\" height=\"250\" alt=\"PDF - 63 kb\"><\/a>\r\n<figcaption class=\"wp-element-caption\"><strong>FROTAS DE AUTOM\u00d3VEIS<\/strong><br>\r\nOptimum Automotive Group integra novos servi\u00e7os\r\n<\/figcaption><\/div> \r\n\r\n<div class=\"wp-block-image\"> \r\n<a href=\"https:\/\/bu.optimum-automotive.com\/wp-content\/uploads\/2024\/07\/pdf\/mapping_control_devient_optimum_automotive_group.pdf\" title=\"Autom\u00f3veis e neg\u00f3cios\" type=\"application\/pdf\" target=\"_blank\" rel=\"noopener\"><img loading=\"lazy\" decoding=\"async\" src=\"https:\/\/bu.optimum-automotive.com\/wp-content\/uploads\/2024\/07\/jpg\/01-230.jpg\" width=\"188\" height=\"250\" alt=\"PDF - 265.1 kb\"><\/a>\r\n<figcaption class=\"wp-element-caption\"><strong>Autom\u00f3veis e neg\u00f3cios<\/strong><br>\r\nMapping Contrai torna-se Optimum Automotive Group\r\n<\/figcaption><\/div> \r\n\r\n<h2 class=\"wp-block-heading\">DEZEMBRO 2017<\/h2>\r\n\r\n<div class=\"wp-block-image\"> \r\n<a href=\"https:\/\/bu.optimum-automotive.com\/wp-content\/uploads\/2024\/07\/pdf\/mapping_control_reduit_les_emissions_des_machines_de_tp_-_construction_cayola.pdf\" title=\"constructioncayola.com\" type=\"application\/pdf\" target=\"_blank\" rel=\"noopener\"><img loading=\"lazy\" decoding=\"async\" src=\"https:\/\/bu.optimum-automotive.com\/wp-content\/uploads\/2024\/07\/jpg\/01-227.jpg\" width=\"188\" height=\"250\" alt=\"PDF - 97,3 kb\"><\/a>\r\n<figcaption class=\"wp-element-caption\"><strong>constructioncayola.com<\/strong><br>\r\nO Controlo de Mapeamento reduz as emiss\u00f5es das m\u00e1quinas TTP\r\n<\/figcaption><\/div> \r\n\r\n<h2 class=\"wp-block-heading\">NOVEMBRO 2017<\/h2>\r\n\r\n<div class=\"wp-block-image\">\r\n<a href=\"https:\/\/bu.optimum-automotive.com\/wp-content\/uploads\/2024\/07\/pdf\/pages_de_km_-20171129075800.pdf\" title=\"Decis\u00e3o de compra\" type=\"application\/pdf\" target=\"_blank\" rel=\"noopener\"><img loading=\"lazy\" decoding=\"async\" src=\"https:\/\/bu.optimum-automotive.com\/wp-content\/uploads\/2024\/07\/jpg\/01-226.jpg\" width=\"188\" height=\"250\" alt=\"PDF - 474.7 kb\"><\/a>\r\n<figcaption class=\"wp-element-caption\"><strong>Decis\u00e3o de compra<\/strong><br>\r\nSeguran\u00e7a rodovi\u00e1ria: frotas sob vigil\u00e2ncia apertada\r\n<\/figcaption><\/div> \r\n \r\n\r\n<div class=\"wp-block-image\">\r\n<a href=\"https:\/\/bu.optimum-automotive.com\/wp-content\/uploads\/2024\/07\/pdf\/pages_de_km_-20171128130039.pdf\" title=\"decis\u00e3o de compra\" type=\"application\/pdf\" target=\"_blank\" rel=\"noopener\"><img loading=\"lazy\" decoding=\"async\" src=\"https:\/\/bu.optimum-automotive.com\/wp-content\/uploads\/2024\/07\/jpg\/01-225.jpg\" width=\"188\" height=\"250\" alt=\"PDF - 838.5 kb\"><\/a>\r\n<figcaption class=\"wp-element-caption\"><strong>decis\u00e3o de compra<\/strong><br>\r\nFerramentas de gest\u00e3o de frotas: a revolu\u00e7\u00e3o dos dados\r\n<\/figcaption><\/div> \r\n\r\n<div class=\"wp-block-image\">\r\n<a href=\"https:\/\/bu.optimum-automotive.com\/wp-content\/uploads\/2024\/07\/pdf\/2017-11-18-www.daf-mag.fr-18_novembre_20171.pdf\" title=\"daf-mag.f\" type=\"application\/pdf\" target=\"_blank\" rel=\"noopener\"><img loading=\"lazy\" decoding=\"async\" src=\"https:\/\/bu.optimum-automotive.com\/wp-content\/uploads\/2024\/07\/jpg\/01-220.jpg\" width=\"188\" height=\"250\" alt=\"PDF - 158.9 kb\"><\/a>\r\n<figcaption class=\"wp-element-caption\"><strong>daf-mag.f<\/strong><br>\r\nGestores, facilitem a vossa vida com a tecnologia!\r\n<\/figcaption><\/div> \r\n\r\n<div class=\"wp-block-image\">\r\n<a href=\"https:\/\/bu.optimum-automotive.com\/wp-content\/uploads\/2024\/07\/pdf\/2017-11-20-flottes_automobiles_guide-n_0_20172.pdf\" title=\"GUIA DE FROTAS DE AUTOM\u00d3VEIS\" type=\"application\/pdf\" target=\"_blank\" rel=\"noopener\"><img loading=\"lazy\" decoding=\"async\" src=\"https:\/\/bu.optimum-automotive.com\/wp-content\/uploads\/2024\/07\/jpg\/01-221.jpg\" width=\"188\" height=\"250\" alt=\"PDF - 990 kb\"><\/a>\r\n<figcaption class=\"wp-element-caption\"><strong>GUIA DE FROTAS DE AUTOM\u00d3VEIS<\/strong><br>\r\nTelem\u00e1tica: TCO no centro do objetivo\r\n<\/figcaption><\/div> \r\n\r\n<div class=\"wp-block-image\"> \r\n<a href=\"https:\/\/bu.optimum-automotive.com\/wp-content\/uploads\/2024\/07\/pdf\/2017-11-22-commerce_magazine-20_nov_17.pdf\" title=\"Revista Commerce\" type=\"application\/pdf\" target=\"_blank\" rel=\"noopener\"><img loading=\"lazy\" decoding=\"async\" src=\"https:\/\/bu.optimum-automotive.com\/wp-content\/uploads\/2024\/07\/jpg\/01-224.jpg\" width=\"188\" height=\"250\" alt=\"PDF - 544.8 kb\"><\/a>\r\n<figcaption class=\"wp-element-caption\"><strong>Revista Commerce<\/strong><br>\r\nIDENTIFICA\u00c7\u00c3O DE CONDUTORES INDEVIDOS Gestores, facilitem a vossa vida com a tecnologia!\r\n<\/figcaption><\/div> \r\n\r\n<div class=\"wp-block-image\"> \r\n<a href=\"https:\/\/bu.optimum-automotive.com\/wp-content\/uploads\/2024\/07\/pdf\/2017-11-21-www.chefdentreprise.com-21_novembre_2017-2.pdf\" title=\"chefdentreprise.com\" type=\"application\/pdf\" target=\"_blank\" rel=\"noopener\"><img loading=\"lazy\" decoding=\"async\" src=\"https:\/\/bu.optimum-automotive.com\/wp-content\/uploads\/2024\/07\/jpg\/01-223.jpg\" width=\"188\" height=\"250\" alt=\"PDF - 86,5 kb\"><\/a>\r\n<figcaption class=\"wp-element-caption\"><strong>chefdentreprise.com<\/strong><br>\r\nCar-sharing: o carro quando precisa dele!\r\n<\/figcaption><\/div> \r\n\r\n<div class=\"wp-block-image\">\r\n<a href=\"https:\/\/bu.optimum-automotive.com\/wp-content\/uploads\/2024\/07\/pdf\/2017-11-21-www.chefdentreprise.com-21_novembre_2017.pdf\" title=\"chefdentreprise.com\" type=\"application\/pdf\" target=\"_blank\" rel=\"noopener\"><img loading=\"lazy\" decoding=\"async\" src=\"https:\/\/bu.optimum-automotive.com\/wp-content\/uploads\/2024\/07\/jpg\/01-222.jpg\" width=\"188\" height=\"250\" alt=\"PDF - 87,4 kb\"><\/a>\r\n<figcaption class=\"wp-element-caption\"><strong>chefdentreprise.com<\/strong><br>\r\nFrotas de autom\u00f3veis sob intenso controlo!\r\n<\/figcaption><\/div> \r\n\r\n<div class=\"wp-block-image\"> \r\n<a href=\"https:\/\/bu.optimum-automotive.com\/wp-content\/uploads\/2024\/07\/pdf\/2017-11-17-www.decision-achats.fr-17_novembre_2017.pdf\" title=\"decision-achats.fr\" type=\"application\/pdf\" target=\"_blank\" rel=\"noopener\"><img loading=\"lazy\" decoding=\"async\" src=\"https:\/\/bu.optimum-automotive.com\/wp-content\/uploads\/2024\/07\/jpg\/01-219.jpg\" width=\"188\" height=\"250\" alt=\"PDF - 165,8 kb\"><\/a>\r\n<figcaption class=\"wp-element-caption\"><strong>decision-achats.fr<\/strong><br>\r\nGestores, facilitem a vossa vida com a tecnologia!\r\n<\/figcaption><\/div> \r\n\r\n<div class=\"wp-block-image\"> \r\n<a href=\"https:\/\/bu.optimum-automotive.com\/wp-content\/uploads\/2024\/07\/pdf\/km_-20171115084741.pdf\" title=\"AUTO ZEPROS\" type=\"application\/pdf\" target=\"_blank\" rel=\"noopener\"><img loading=\"lazy\" decoding=\"async\" src=\"https:\/\/bu.optimum-automotive.com\/wp-content\/uploads\/2024\/07\/jpg\/01-217.jpg\" width=\"188\" height=\"250\" alt=\"PDF - 221,3 kb\"><\/a>\r\n<figcaption class=\"wp-element-caption\"><strong>AUTO ZEPROS<\/strong><br>\r\n20 reparadores testam MyClientConnected\r\n<\/figcaption><\/div> \r\n\r\n<div class=\"wp-block-image\">\r\n<a href=\"https:\/\/bu.optimum-automotive.com\/wp-content\/uploads\/2024\/07\/pdf\/2017-11-07-l_equipe-07_nov_17.pdf\" title=\"A equipa\" type=\"application\/pdf\" target=\"_blank\" rel=\"noopener\"><img loading=\"lazy\" decoding=\"async\" src=\"https:\/\/bu.optimum-automotive.com\/wp-content\/uploads\/2024\/07\/jpg\/01-216.jpg\" width=\"188\" height=\"250\" alt=\"PDF - 465.7 kb\"><\/a>\r\n<figcaption class=\"wp-element-caption\"><strong>A equipa<\/strong><br>\r\nVe\u00edculos ultra-conectados, uma importante fonte de poupan\u00e7a para as empresas\r\n<\/figcaption><\/div> \r\n\r\n<div class=\"wp-block-image\"> \r\n<a href=\"https:\/\/bu.optimum-automotive.com\/wp-content\/uploads\/2024\/07\/pdf\/2017-11-17-www.chefdentreprise.com-17_novembre_2017.pdf\" title=\"chefdentreprise.com\" type=\"application\/pdf\" target=\"_blank\" rel=\"noopener\"><img loading=\"lazy\" decoding=\"async\" src=\"https:\/\/bu.optimum-automotive.com\/wp-content\/uploads\/2024\/07\/jpg\/01-218.jpg\" width=\"188\" height=\"250\" alt=\"PDF - 173,4 kb\"><\/a>\r\n<figcaption class=\"wp-element-caption\"><strong>chefdentreprise.com<\/strong><br>\r\nGestores, facilitem a vossa vida com a tecnologia!\r\n\r\n<\/figcaption><\/div> \r\n\r\n<h2 class=\"wp-block-heading\">OUTUBRO DE 2017<\/h2>\r\n\r\n\r\n<div class=\"wp-block-image\">\r\n<a href=\"https:\/\/bu.optimum-automotive.com\/wp-content\/uploads\/2024\/07\/pdf\/la_gestion_de_flottes_sous_l_emprise_de_la_data.pdf\" title=\"lopinion.fr\" type=\"application\/pdf\" target=\"_blank\" rel=\"noopener\"><img loading=\"lazy\" decoding=\"async\" src=\"https:\/\/bu.optimum-automotive.com\/wp-content\/uploads\/2024\/07\/jpg\/01-215.jpg\" width=\"188\" height=\"250\" alt=\"PDF - 617.3 kb\"><\/a>\r\n<figcaption class=\"wp-element-caption\"><strong>lopinion.fr<\/strong><br>\r\nFrotas de empresas A gest\u00e3o de frotas na m\u00e3o dos dados\r\n<\/figcaption><\/div> \r\n\r\n<div class=\"wp-block-image\">\r\n<a href=\"https:\/\/bu.optimum-automotive.com\/wp-content\/uploads\/2024\/07\/pdf\/2017-10-26-www.chefdentreprise.com-26_octobre_2017-50000000302961039.pdf\" title=\"chefdentreprise.com\" type=\"application\/pdf\" target=\"_blank\" rel=\"noopener\"><img loading=\"lazy\" decoding=\"async\" src=\"https:\/\/bu.optimum-automotive.com\/wp-content\/uploads\/2024\/07\/jpg\/01-214.jpg\" width=\"188\" height=\"250\" alt=\"PDF - 146,3 kb\"><\/a>\r\n<figcaption class=\"wp-element-caption\"><strong>chefdentreprise.com<\/strong><br>\r\nIdentificar os maus condutores: a tecnologia pode facilitar a vida aos gestores!\r\n<\/figcaption><\/div> \r\n\r\n<div class=\"wp-block-image\">\r\n<a href=\"https:\/\/bu.optimum-automotive.com\/wp-content\/uploads\/2024\/07\/pdf\/2017-10-26-www.decision-achats.fr-26_octobre_2017-50000000302963528.pdf\" title=\"D\u00e9cision-Achats.fr\" type=\"application\/pdf\" target=\"_blank\" rel=\"noopener\"><img loading=\"lazy\" decoding=\"async\" src=\"https:\/\/bu.optimum-automotive.com\/wp-content\/uploads\/2024\/07\/jpg\/01-212.jpg\" width=\"188\" height=\"250\" alt=\"PDF - 146.1 kb\"><\/a>\r\n<figcaption class=\"wp-element-caption\"><strong>D\u00e9cision-Achats.fr<\/strong><br>\r\nIdentificar os maus condutores: gestores, facilitem as coisas para si pr\u00f3prios<br class=\"autobr\">\r\na vida atrav\u00e9s da tecnologia!\r\n<\/figcaption><\/div> \r\n\r\n<div class=\"wp-block-image\">\r\n<a href=\"https:\/\/bu.optimum-automotive.com\/wp-content\/uploads\/2024\/07\/pdf\/2017-10-27-les_cahiers_de_l_opinion-27_28_oct_17-10000000052681450.pdf\" title=\"OS CADERNOS DE OPINI\u00c3O\" type=\"application\/pdf\" target=\"_blank\" rel=\"noopener\"><img loading=\"lazy\" decoding=\"async\" src=\"https:\/\/bu.optimum-automotive.com\/wp-content\/uploads\/2024\/07\/jpg\/01-211.jpg\" width=\"188\" height=\"250\" alt=\"PDF - 161.1 kb\"><\/a>\r\n<figcaption class=\"wp-element-caption\"><strong>OS CADERNOS DE OPINI\u00c3O<\/strong><br>\r\nGrandes volumes de dados significam gest\u00e3o em tempo real\r\n<\/figcaption><\/div> \r\n\r\n<div class=\"wp-block-image\">\r\n<a href=\"https:\/\/bu.optimum-automotive.com\/wp-content\/uploads\/2024\/07\/pdf\/2017-10-24-decision_atelier-oct_17-10000000052654880.pdf\" title=\"Workshop de decis\u00e3o\" type=\"application\/pdf\" target=\"_blank\" rel=\"noopener\"><img loading=\"lazy\" decoding=\"async\" src=\"https:\/\/bu.optimum-automotive.com\/wp-content\/uploads\/2024\/07\/jpg\/01-210.jpg\" width=\"188\" height=\"250\" alt=\"PDF - 228,3 kb\"><\/a>\r\n<figcaption class=\"wp-element-caption\"><strong>Workshop de decis\u00e3o<\/strong><br>\r\nO Mapping Control quer fidelizar os condutores com o My Connected Customer\r\n<\/figcaption><\/div> \r\n\r\n<div class=\"wp-block-image\">\r\n<a href=\"https:\/\/bu.optimum-automotive.com\/wp-content\/uploads\/2024\/07\/pdf\/2017-10-27-www.actionco.fr-27_octobre_2017-50000000302959310.pdf\" title=\"Action.fr\" type=\"application\/pdf\" target=\"_blank\" rel=\"noopener\"><img loading=\"lazy\" decoding=\"async\" src=\"https:\/\/bu.optimum-automotive.com\/wp-content\/uploads\/2024\/07\/jpg\/01-213.jpg\" width=\"188\" height=\"250\" alt=\"PDF - 149,8 kb\"><\/a>\r\n<figcaption class=\"wp-element-caption\"><strong>Action.fr<\/strong><br>\r\nIdentificar os maus condutores: a tecnologia pode facilitar a vida aos gestores!\r\n<\/figcaption><\/div> \r\n\r\n<div class=\"wp-block-image\">\r\n<a href=\"https:\/\/bu.optimum-automotive.com\/wp-content\/uploads\/2024\/07\/pdf\/2017-10-19-flottes_automobiles-oct_17-10000000052615837.pdf\" title=\"Frotas de autom\u00f3veis\" type=\"application\/pdf\" target=\"_blank\" rel=\"noopener\"><img loading=\"lazy\" decoding=\"async\" src=\"https:\/\/bu.optimum-automotive.com\/wp-content\/uploads\/2024\/07\/jpg\/01-209.jpg\" width=\"188\" height=\"250\" alt=\"PDF - 169,3 kb\"><\/a>\r\n<figcaption class=\"wp-element-caption\"><strong>Frotas de autom\u00f3veis<\/strong><br>\r\nO CONTROLO CARTOGR\u00c1FICO LIGA O CLIENTE\r\n<\/figcaption><\/div> \r\n\r\n<div class=\"wp-block-image\">\r\n<a href=\"https:\/\/bu.optimum-automotive.com\/wp-content\/uploads\/2024\/07\/pdf\/mapping_control_lance_monclientconnecte.pdf\" title=\"journalauto.com\" type=\"application\/pdf\" target=\"_blank\" rel=\"noopener\"><img loading=\"lazy\" decoding=\"async\" src=\"https:\/\/bu.optimum-automotive.com\/wp-content\/uploads\/2024\/07\/jpg\/01-208.jpg\" width=\"188\" height=\"250\" alt=\"PDF - 122,6 kb\"><\/a>\r\n<figcaption class=\"wp-element-caption\"><strong>journalauto.com<\/strong><br>\r\nO controlo de mapeamento lan\u00e7a MyClientConnected\r\n<\/figcaption><\/div> \r\n\r\n<h2 class=\"wp-block-heading\">SETEMBRO 2017<\/h2>\r\n\r\n<div class=\"wp-block-image\">\r\n<a href=\"https:\/\/bu.optimum-automotive.com\/wp-content\/uploads\/2024\/07\/pdf\/mapping_control_connecte_concessions_et_reparateurs_avec_leurs_clients.pdf\" title=\"Frotas de autom\u00f3veis\" type=\"application\/pdf\" target=\"_blank\" rel=\"noopener\"><img loading=\"lazy\" decoding=\"async\" src=\"https:\/\/bu.optimum-automotive.com\/wp-content\/uploads\/2024\/07\/jpg\/01-207.jpg\" width=\"188\" height=\"250\" alt=\"PDF - 109 Kb\"><\/a>\r\n<figcaption class=\"wp-element-caption\"><strong>Frotas de autom\u00f3veis<\/strong><br>\r\nConcession\u00e1rios e reparadores ligam-se ao \"meu cliente ligado\r\n<\/figcaption><\/div> \r\n\r\n<div class=\"wp-block-image\">\r\n<a href=\"https:\/\/bu.optimum-automotive.com\/wp-content\/uploads\/2024\/07\/pdf\/lusinedigitale.pdf\" title=\"A F\u00e1brica Digital\" type=\"application\/pdf\" target=\"_blank\" rel=\"noopener\"><img loading=\"lazy\" decoding=\"async\" src=\"https:\/\/bu.optimum-automotive.com\/wp-content\/uploads\/2024\/07\/jpg\/01-206.jpg\" width=\"188\" height=\"250\" alt=\"PDF - 60,4 kb\"><\/a>\r\n<figcaption class=\"wp-element-caption\"><strong>A F\u00e1brica Digital<\/strong><br>\r\nPass French Tech, o porta-estandarte da<br class=\"autobr\">\r\nA Fran\u00e7a como pa\u00eds de arranque\r\n<\/figcaption><\/div> \r\n\r\n<div class=\"wp-block-image\">\r\n<a href=\"https:\/\/bu.optimum-automotive.com\/wp-content\/uploads\/2024\/07\/pdf\/mapping_control_lance_sa_solution_mon_client_connecte_-_auto_infos.pdf\" title=\"Auto Infos\" type=\"application\/pdf\" target=\"_blank\" rel=\"noopener\"><img loading=\"lazy\" decoding=\"async\" src=\"https:\/\/bu.optimum-automotive.com\/wp-content\/uploads\/2024\/07\/jpg\/01-205.jpg\" width=\"188\" height=\"250\" alt=\"PDF - 527.6 kb\"><\/a>\r\n<figcaption class=\"wp-element-caption\"><strong>Auto Infos<\/strong><br>\r\nMapping Contrai lan\u00e7a a sua solu\u00e7\u00e3o My Connected Customer\r\n<\/figcaption><\/div> \r\n\t\r\n<div class=\"wp-block-image\">\r\n<a href=\"https:\/\/bu.optimum-automotive.com\/wp-content\/uploads\/2024\/07\/pdf\/mc_mon_client_connecte.pdf\" title=\"Workshop de decis\u00e3o\" type=\"application\/pdf\" target=\"_blank\" rel=\"noopener\"><img loading=\"lazy\" decoding=\"async\" src=\"https:\/\/bu.optimum-automotive.com\/wp-content\/uploads\/2024\/07\/jpg\/01-204.jpg\" width=\"188\" height=\"250\" alt=\"PDF - 431.6 kb\"><\/a>\r\n<figcaption class=\"wp-element-caption\"><strong>Workshop de decis\u00e3o<\/strong><br>\r\nA Mapping Contrai pretende fidelizar os condutores com o My Connected Customer\r\n<\/figcaption><\/div> \r\n\r\n<div class=\"wp-block-image\">\r\n<a href=\"https:\/\/bu.optimum-automotive.com\/wp-content\/uploads\/2024\/07\/pdf\/2017-09-11-www.flotauto.com-11_septembre_2017-50000000300437364.pdf\" title=\"Frotas de autom\u00f3veis\" type=\"application\/pdf\" target=\"_blank\" rel=\"noopener\"><img loading=\"lazy\" decoding=\"async\" src=\"https:\/\/bu.optimum-automotive.com\/wp-content\/uploads\/2024\/07\/jpg\/01-201.jpg\" width=\"188\" height=\"250\" alt=\"PDF - 107,8 kb\"><\/a>\r\n<figcaption class=\"wp-element-caption\"><strong>Frotas de autom\u00f3veis<\/strong><br>\r\nEngie Ineo: partilha de autom\u00f3veis e telem\u00e1tica\r\n<\/figcaption><\/div>\r\n\t\r\n<div class=\"wp-block-image\">\r\n<a href=\"https:\/\/bu.optimum-automotive.com\/wp-content\/uploads\/2024\/07\/pdf\/2017-09-11-www.flotauto.com-11_septembre_2017-50000000300437394.pdf\" title=\"Frotas de autom\u00f3veis\" type=\"application\/pdf\" target=\"_blank\" rel=\"noopener\"><img loading=\"lazy\" decoding=\"async\" src=\"https:\/\/bu.optimum-automotive.com\/wp-content\/uploads\/2024\/07\/jpg\/01-200.jpg\" width=\"188\" height=\"250\" alt=\"PDF - 100,3 kb\"><\/a>\r\n<figcaption class=\"wp-element-caption\"><strong>Frotas de autom\u00f3veis<\/strong><br>\r\nCaisse d'\u00c9pargne CEPAC: a telem\u00e1tica para melhorar a gest\u00e3o\r\n<\/figcaption><\/div> \r\n\r\n<div class=\"wp-block-image\"> \r\n<a href=\"https:\/\/bu.optimum-automotive.com\/wp-content\/uploads\/2024\/07\/pdf\/2017-09-12-www.nouvellespublications.com-12_septembre_2017-50000000300449557.pdf\" title=\"Novas publica\u00e7\u00f5es\" type=\"application\/pdf\" target=\"_blank\" rel=\"noopener\"><img loading=\"lazy\" decoding=\"async\" src=\"https:\/\/bu.optimum-automotive.com\/wp-content\/uploads\/2024\/07\/jpg\/01-199.jpg\" width=\"188\" height=\"250\" alt=\"PDF - 88,9 kb\"><\/a>\r\n<figcaption class=\"wp-element-caption\"><strong>Novas publica\u00e7\u00f5es<\/strong><br>\r\nGuillaume Mordelet: \"Ainda existem algumas ideias preconcebidas sobre<br class=\"autobr\">\r\nfinanciamento do mercado\".\r\n<\/figcaption><\/div> \r\n\r\n<div class=\"wp-block-image\">\r\n<a href=\"https:\/\/bu.optimum-automotive.com\/wp-content\/uploads\/2024\/07\/pdf\/2017-08-04-www.capital.fr-4_aout_2017-50000000298831630.pdf\" title=\"capital\" type=\"application\/pdf\" target=\"_blank\" rel=\"noopener\"><img loading=\"lazy\" decoding=\"async\" src=\"https:\/\/bu.optimum-automotive.com\/wp-content\/uploads\/2024\/07\/jpg\/01-198.jpg\" width=\"188\" height=\"250\" alt=\"PDF - 328.7 kb\"><\/a>\r\n<figcaption class=\"wp-element-caption\"><strong>capital<\/strong><br>\r\nOs 25 empres\u00e1rios que despertam a C\u00f4te d'Azur\r\n<\/figcaption><\/div> \r\n\r\n<div class=\"wp-block-image\">\r\n<a href=\"https:\/\/bu.optimum-automotive.com\/wp-content\/uploads\/2024\/07\/pdf\/2017-08-28-les_nouvelles_publications_economiques_et_juridiques-25_aout_17-10000000052139561.pdf\" title=\"Novas publica\u00e7\u00f5es\" type=\"application\/pdf\" target=\"_blank\" rel=\"noopener\"><img loading=\"lazy\" decoding=\"async\" src=\"https:\/\/bu.optimum-automotive.com\/wp-content\/uploads\/2024\/07\/jpg\/01-197.jpg\" width=\"188\" height=\"250\" alt=\"PDF - 464 kb\"><\/a>\r\n<figcaption class=\"wp-element-caption\"><strong>Novas publica\u00e7\u00f5es<\/strong><br>\r\nAINDA EXISTEM ALGUNS PRECONCEITOS EM RELA\u00c7\u00c3O AO FINANCIAMENTO DO MERCADO\".\r\n<\/figcaption><\/div> \r\n\r\n<div class=\"wp-block-image\"> \r\n<a href=\"https:\/\/bu.optimum-automotive.com\/wp-content\/uploads\/2024\/07\/pdf\/2017-08-09-l_automobile_l_entreprise-aout_sept_17-10000000052048961.pdf\" title=\"Autom\u00f3veis e neg\u00f3cios\" type=\"application\/pdf\" target=\"_blank\" rel=\"noopener\"><img loading=\"lazy\" decoding=\"async\" src=\"https:\/\/bu.optimum-automotive.com\/wp-content\/uploads\/2024\/07\/jpg\/01-196.jpg\" width=\"188\" height=\"250\" alt=\"PDF - 987.5 kb\"><\/a>\r\n<figcaption class=\"wp-element-caption\"><strong>Autom\u00f3veis e neg\u00f3cios<\/strong><br>\r\nOs vencedores de 2017\r\n<\/figcaption><\/div> \r\n\r\n<div class=\"wp-block-image\">\r\n<a href=\"https:\/\/bu.optimum-automotive.com\/wp-content\/uploads\/2024\/07\/pdf\/securite___la_telematique_au_service_de_la_prevention.pdf\" title=\"Frotas de autom\u00f3veis\" type=\"application\/pdf\" target=\"_blank\" rel=\"noopener\"><img loading=\"lazy\" decoding=\"async\" src=\"https:\/\/bu.optimum-automotive.com\/wp-content\/uploads\/2024\/07\/jpg\/01-195.jpg\" width=\"188\" height=\"250\" alt=\"PDF - 2,4 Mb\"><\/a>\r\n<figcaption class=\"wp-element-caption\"><strong>Frotas de autom\u00f3veis<\/strong><br>\r\nSeguran\u00e7a: a telem\u00e1tica ao servi\u00e7o da preven\u00e7\u00e3o\r\n<\/figcaption><\/div> \r\n\r\n<h2 class=\"wp-block-heading\">AGOSTO DE 2017<\/h2>\r\n\r\n<div class=\"wp-block-image\">\r\n<a href=\"https:\/\/bu.optimum-automotive.com\/wp-content\/uploads\/2024\/07\/pdf\/telematique_un_marche_en_plein_essor-08-2017.pdf\" title=\"D\u00e9cision-Achats.fr\" type=\"application\/pdf\" target=\"_blank\" rel=\"noopener\"><img loading=\"lazy\" decoding=\"async\" src=\"https:\/\/bu.optimum-automotive.com\/wp-content\/uploads\/2024\/07\/jpg\/01-194.jpg\" width=\"188\" height=\"250\" alt=\"PDF - 410,4 kb\"><\/a>\r\n<figcaption class=\"wp-element-caption\"><strong>D\u00e9cision-Achats.fr<\/strong><br>\r\nTelem\u00e1tica: um mercado em expans\u00e3o\r\n<\/figcaption><\/div> \r\n\r\n<h2 class=\"wp-block-heading\">JULHO DE 2017<\/h2>\r\n\t\r\n<div class=\"wp-block-image\">\r\n<a href=\"https:\/\/bu.optimum-automotive.com\/wp-content\/uploads\/2024\/07\/pdf\/2017-07-04-flottes_automobiles.pdf\" title=\"Frotas de autom\u00f3veis\" type=\"application\/pdf\" target=\"_blank\" rel=\"noopener\"><img loading=\"lazy\" decoding=\"async\" src=\"https:\/\/bu.optimum-automotive.com\/wp-content\/uploads\/2024\/07\/jpg\/01-187.jpg\" width=\"188\" height=\"250\" alt=\"PDF - 903.1 kb\"><\/a>\r\n<figcaption class=\"wp-element-caption\"><strong>Frotas de autom\u00f3veis<\/strong><br>\r\nTCO no centro do objetivo\r\n<\/figcaption><\/div> \r\n\r\n<h2 class=\"wp-block-heading\">JUNHO DE 2017<\/h2>\r\n\r\n<div class=\"wp-block-image\">\r\n<a href=\"https:\/\/bu.optimum-automotive.com\/wp-content\/uploads\/2024\/07\/pdf\/2017-06-30-www.automobile-entreprise.com-30_juin_2017-50000000297030164.pdf\" title=\"Autom\u00f3veis e neg\u00f3cios\" type=\"application\/pdf\" target=\"_blank\" rel=\"noopener\"><img loading=\"lazy\" decoding=\"async\" src=\"https:\/\/bu.optimum-automotive.com\/wp-content\/uploads\/2024\/07\/jpg\/01-186.jpg\" width=\"188\" height=\"250\" alt=\"PDF - 199,9 kb\"><\/a>\r\n<figcaption class=\"wp-element-caption\"><strong>Autom\u00f3veis e neg\u00f3cios<\/strong><br>\r\nMapping Control selecionado pela KPMG para se juntar \u00e0 rede HOW\r\n<\/figcaption><\/div> \r\n\r\n<div class=\"wp-block-image\">\r\n<a href=\"https:\/\/bu.optimum-automotive.com\/wp-content\/uploads\/2024\/07\/pdf\/2017-06-28-capital-juillet_17-10000000051751497.pdf\" title=\"Capital\" type=\"application\/pdf\" target=\"_blank\" rel=\"noopener\"><img loading=\"lazy\" decoding=\"async\" src=\"https:\/\/bu.optimum-automotive.com\/wp-content\/uploads\/2024\/07\/jpg\/01-185.jpg\" width=\"188\" height=\"250\" alt=\"PDF - 1,3 Mb\"><\/a>\r\n<figcaption class=\"wp-element-caption\"><strong>Capital<\/strong><br>\r\nOS 25 QUE EST\u00c3O A DESPERTAR O COM\u00c9RCIO LOCAL\r\n<\/figcaption><\/div> \r\n\r\n<div class=\"wp-block-image\"> \r\n<a href=\"https:\/\/bu.optimum-automotive.com\/wp-content\/uploads\/2024\/07\/pdf\/un_webinair_sur_la_gestion_des_amendes_des_collaborateurs.pdf\" title=\"www.deplacementspros.com\" type=\"application\/pdf\" target=\"_blank\" rel=\"noopener\"><img loading=\"lazy\" decoding=\"async\" src=\"https:\/\/bu.optimum-automotive.com\/wp-content\/uploads\/2024\/07\/jpg\/02-9.jpg\" width=\"172\" height=\"250\" alt=\"PDF - 130,9 kb\"><\/a>\r\n<figcaption class=\"wp-element-caption\"><strong>www.deplacementspros.com<\/strong><br>\r\nUm webinar sobre a gest\u00e3o das coimas dos trabalhadores\r\n<\/figcaption><\/div> \r\n\r\n<div class=\"wp-block-image\">\r\n<a href=\"https:\/\/bu.optimum-automotive.com\/wp-content\/uploads\/2024\/07\/pdf\/skm_c25817061308300-2.pdf\" title=\"JORNAL DA FROTA\" type=\"application\/pdf\" target=\"_blank\" rel=\"noopener\"><img loading=\"lazy\" decoding=\"async\" src=\"https:\/\/bu.optimum-automotive.com\/wp-content\/uploads\/2024\/07\/jpg\/01-169-2.jpg\" width=\"172\" height=\"250\" alt=\"PDF - 163.6 kb\"><\/a>\r\n<figcaption class=\"wp-element-caption\"><strong>JORNAL DA FROTA<\/strong><br>\r\nA PSA LAN\u00c7A OFICIALMENTE O CONTRATO DE ARRENDAMENTO FREE2MOVE\r\n<\/figcaption><\/div> \r\n\r\n<div class=\"wp-block-image\"> \r\n<a href=\"https:\/\/bu.optimum-automotive.com\/wp-content\/uploads\/2024\/07\/pdf\/2017-06-13-le_journal_des_flottes-juin_17-2.pdf\" title=\"O Jornal dos Flottes\" type=\"application\/pdf\" target=\"_blank\" rel=\"noopener\"><img loading=\"lazy\" decoding=\"async\" src=\"https:\/\/bu.optimum-automotive.com\/wp-content\/uploads\/2024\/07\/jpg\/01-170-2.jpg\" width=\"172\" height=\"250\" alt=\"PDF - 1 Mb\"><\/a>\r\n<figcaption class=\"wp-element-caption\"><strong>O Jornal dos Flottes<\/strong><br>\r\nGEST\u00c3O DE FROTAS: A IMPORT\u00c2NCIA DOS DADOS\r\n<\/figcaption><\/div> \r\n\r\n<div class=\"wp-block-image\">\r\n<a href=\"https:\/\/bu.optimum-automotive.com\/wp-content\/uploads\/2024\/07\/pdf\/2017-06-09-www.econostrum.info-9_juin_2017-50000000295767984-2.pdf\" title=\"www.econostrum.info\" type=\"application\/pdf\" target=\"_blank\" rel=\"noopener\"><img loading=\"lazy\" decoding=\"async\" src=\"https:\/\/bu.optimum-automotive.com\/wp-content\/uploads\/2024\/07\/jpg\/01-168-2.jpg\" width=\"172\" height=\"250\" alt=\"PDF - 327.3 kb\"><\/a>\r\n<figcaption class=\"wp-element-caption\"><strong>www.econostrum.info<\/strong><br>\r\nUma nova etapa em 2017 para o Controlo de Cartografia\r\n<\/figcaption><\/div> \r\n\r\n<div class=\"wp-block-image\">\r\n<a href=\"https:\/\/bu.optimum-automotive.com\/wp-content\/uploads\/2024\/07\/pdf\/2017-06-08-l_automobile_l_entreprise-juin_17-10000000051577625-2.pdf\" title=\"Autom\u00f3veis e neg\u00f3cios\" type=\"application\/pdf\" target=\"_blank\" rel=\"noopener\"><img loading=\"lazy\" decoding=\"async\" src=\"https:\/\/bu.optimum-automotive.com\/wp-content\/uploads\/2024\/07\/jpg\/01-165-2.jpg\" width=\"172\" height=\"250\" alt=\"PDF - 1,2 Mb\"><\/a>\r\n<figcaption class=\"wp-element-caption\"><strong>Autom\u00f3veis e neg\u00f3cios<\/strong><br>\r\nSoftware de gest\u00e3o: um mercado em evolu\u00e7\u00e3o\r\n<\/figcaption><\/div> \r\n\r\n<div class=\"wp-block-image\">\r\n<a href=\"https:\/\/bu.optimum-automotive.com\/wp-content\/uploads\/2024\/07\/pdf\/2017-05-30-le_moniteur_des_travaux_publics_et_du_batiment-02_juin_17-10000000051492096_1_-2.pdf\" title=\"Le Moniteur\" type=\"application\/pdf\" target=\"_blank\" rel=\"noopener\"><img loading=\"lazy\" decoding=\"async\" src=\"https:\/\/bu.optimum-automotive.com\/wp-content\/uploads\/2024\/07\/jpg\/01-166-2.jpg\" width=\"172\" height=\"250\" alt=\"PDF - 385.8 kb\"><\/a>\r\n<figcaption class=\"wp-element-caption\"><strong>Le Moniteur<\/strong><br>\r\nVE\u00cdCULOS DA EMPRESA<br class=\"autobr\">\r\nTODO UM ECOSSISTEMA\r\n<\/figcaption><\/div> \r\n\r\n<h2 class=\"wp-block-heading\">MAIO 2017<\/h2>\r\n\r\n<div class=\"wp-block-image\">\r\n<a href=\"https:\/\/bu.optimum-automotive.com\/wp-content\/uploads\/2024\/07\/pdf\/2017-05-09-l_automobile_l_entreprise-mai_17.pdf\" title=\"Autom\u00f3veis e neg\u00f3cios\" type=\"application\/pdf\" target=\"_blank\" rel=\"noopener\"><img loading=\"lazy\" decoding=\"async\" src=\"https:\/\/bu.optimum-automotive.com\/wp-content\/uploads\/2024\/07\/jpg\/01-163.jpg\" width=\"172\" height=\"250\" alt=\"PDF - 241 Kb\"><\/a>\r\n<figcaption class=\"wp-element-caption\"><strong>Autom\u00f3veis e neg\u00f3cios<\/strong><br>\r\nMapping Control: uma nova oferta e uma parceria com a PSA\r\n<\/figcaption><\/div> \r\n\r\n<div class=\"wp-block-image\"> \r\n<a href=\"https:\/\/bu.optimum-automotive.com\/wp-content\/uploads\/2024\/07\/pdf\/2017-05-17-decision_achats-mai_17.pdf\" title=\"DECIS\u00c3O DE COMPRA\" type=\"application\/pdf\" target=\"_blank\" rel=\"noopener\"><img loading=\"lazy\" decoding=\"async\" src=\"https:\/\/bu.optimum-automotive.com\/wp-content\/uploads\/2024\/07\/jpg\/01-164.jpg\" width=\"172\" height=\"250\" alt=\"PDF - 514.8 kb\"><\/a>\r\n<figcaption class=\"wp-element-caption\"><strong>DECIS\u00c3O DE COMPRA<\/strong><br>\r\nFOCO NA GEST\u00c3O DE FROTAS Telem\u00e1tica: um mercado em expans\u00e3o\r\n\r\n<\/figcaption><\/div> \r\n\r\n<h2 class=\"wp-block-heading\">ABRIL DE 2017<\/h2>\r\n\r\n<div class=\"wp-block-image\">\r\n<a href=\"https:\/\/bu.optimum-automotive.com\/wp-content\/uploads\/2024\/07\/pdf\/2017-04-26-les_echos_supplement-26_avril_17.pdf\" title=\"Suplemento Les Echos\" type=\"application\/pdf\" target=\"_blank\" rel=\"noopener\"><img loading=\"lazy\" decoding=\"async\" src=\"https:\/\/bu.optimum-automotive.com\/wp-content\/uploads\/2024\/07\/jpg\/01-161.jpg\" width=\"172\" height=\"250\" alt=\"PDF - 247.8 kb\"><\/a>\r\n<figcaption class=\"wp-element-caption\"><strong>Suplemento Les Echos<\/strong><br>\r\nFROTA ESPECIAL DA EMPRESA <br class=\"manualbr\">Multas de estacionamento: o que muda com a obriga\u00e7\u00e3o de identificar os infractores\r\n<\/figcaption><\/div> \r\n\r\n<div class=\"wp-block-image\"> \r\n<a href=\"https:\/\/bu.optimum-automotive.com\/wp-content\/uploads\/2024\/07\/pdf\/2017-04-20-flottes_automobiles-avril_17-10000000051169564.pdf\" title=\"Frotas de autom\u00f3veis\" type=\"application\/pdf\" target=\"_blank\" rel=\"noopener\"><img loading=\"lazy\" decoding=\"async\" src=\"https:\/\/bu.optimum-automotive.com\/wp-content\/uploads\/2024\/07\/jpg\/01-160.jpg\" width=\"172\" height=\"250\" alt=\"PDF - 619 kb\"><\/a>\r\n<figcaption class=\"wp-element-caption\"><strong>Frotas de autom\u00f3veis<\/strong><br>\r\nA telem\u00e1tica a bordo, um complemento de gest\u00e3o?\r\n<\/figcaption><\/div> \r\n\r\n<div class=\"wp-block-image\"> \r\n<a href=\"https:\/\/bu.optimum-automotive.com\/wp-content\/uploads\/2024\/07\/pdf\/2017-04-13-www.labourseetlavie.com-13_avril_2017-50000000292425074.pdf\" title=\"www.labourseetlavie.com\" type=\"application\/pdf\" target=\"_blank\" rel=\"noopener\"><img loading=\"lazy\" decoding=\"async\" src=\"https:\/\/bu.optimum-automotive.com\/wp-content\/uploads\/2024\/07\/jpg\/01-158.jpg\" width=\"172\" height=\"250\" alt=\"PDF - 170 kb\"><\/a>\r\n<figcaption class=\"wp-element-caption\"><strong>www.labourseetlavie.com<\/strong><br>\r\nVe\u00edculos da empresa: poupan\u00e7a potencial de 67 a 220 euros<br class=\"autobr\">\r\npor viatura por m\u00eas com CONTROLO DE MAPEAMENTO\r\n<\/figcaption><\/div> \r\n\r\n<div class=\"wp-block-image\"> \r\n<a href=\"https:\/\/bu.optimum-automotive.com\/wp-content\/uploads\/2024\/07\/pdf\/2017-04-06-l_automobile_l_entreprise-avril_17-10000000051040334.pdf\" title=\"Autom\u00f3veis e neg\u00f3cios\" type=\"application\/pdf\" target=\"_blank\" rel=\"noopener\"><img loading=\"lazy\" decoding=\"async\" src=\"https:\/\/bu.optimum-automotive.com\/wp-content\/uploads\/2024\/07\/jpg\/01-156.jpg\" width=\"172\" height=\"250\" alt=\"PDF - 995.9 kb\"><\/a>\r\n<figcaption class=\"wp-element-caption\"><strong>Autom\u00f3veis e neg\u00f3cios<\/strong><br>\r\nMultas: o novo acordo\r\n<\/figcaption><\/div> \r\n\r\n<div class=\"wp-block-image\"> \r\n<a href=\"https:\/\/bu.optimum-automotive.com\/wp-content\/uploads\/2024\/07\/pdf\/2017-04-08-le_journal_des_entreprises_edition_provence-cote_d_azur-avril_17-10000000051055950.pdf\" title=\"LE JOURNAL DES ENTREPRISES EDI\u00c7\u00c3O PROVENCE-COTE D&#039;AZUR\" type=\"application\/pdf\" target=\"_blank\" rel=\"noopener\"><img loading=\"lazy\" decoding=\"async\" src=\"https:\/\/bu.optimum-automotive.com\/wp-content\/uploads\/2024\/07\/jpg\/01-157.jpg\" width=\"172\" height=\"250\" alt=\"PDF - 142 kb\"><\/a>\r\n<figcaption class=\"wp-element-caption\"><strong>LE JOURNAL DES ENTREPRISES EDI\u00c7\u00c3O PROVENCE-COTE D'AZUR<\/strong><br>\r\nCartografia do controlo Parceria com a PSA\r\n<\/figcaption><\/div> \r\n\r\n<div class=\"wp-block-image\"> \r\n<a href=\"https:\/\/bu.optimum-automotive.com\/wp-content\/uploads\/2024\/07\/pdf\/cokpit__hiver_2016.pdf\" title=\"REVISTA COCKPIT #106\" type=\"application\/pdf\" target=\"_blank\" rel=\"noopener\"><img loading=\"lazy\" decoding=\"async\" src=\"https:\/\/bu.optimum-automotive.com\/wp-content\/uploads\/2024\/07\/jpg\/01-155.jpg\" width=\"172\" height=\"250\" alt=\"PDF - 858.8 kb\"><\/a>\r\n<figcaption class=\"wp-element-caption\"><strong>REVISTA COCKPIT #106<\/strong><br>\r\nCONNECTED BEYOND BORDERS, Tornar o ve\u00edculo conectado um mercado do futuro, por Mapping Control\r\n<\/figcaption><\/div> \r\n\r\n<div class=\"wp-block-image\">\r\n<a href=\"https:\/\/bu.optimum-automotive.com\/wp-content\/uploads\/2024\/07\/pdf\/2017-04-06-www.lejournaldesentreprises.com-6_avril_2017.pdf\" title=\"www.lejournaldesentreprises.com\" type=\"application\/pdf\" target=\"_blank\" rel=\"noopener\"><img loading=\"lazy\" decoding=\"async\" src=\"https:\/\/bu.optimum-automotive.com\/wp-content\/uploads\/2024\/07\/jpg\/01-153.jpg\" width=\"172\" height=\"250\" alt=\"PDF - 56,5 kb\"><\/a>\r\n<figcaption class=\"wp-element-caption\"><strong>www.lejournaldesentreprises.com<\/strong><br>\r\nAix-en-Provence. Mapping Control assina uma parceria com<br class=\"autobr\">\r\nGrupo PSA\r\n<\/figcaption><\/div> \r\n\r\n<div class=\"wp-block-image\"> \r\n<a href=\"https:\/\/bu.optimum-automotive.com\/wp-content\/uploads\/2024\/07\/pdf\/2017-04-05-journal_de_l_automobile-07_avril_17.pdf\" title=\"Le Journal de l&#039;Automobile\" type=\"application\/pdf\" target=\"_blank\" rel=\"noopener\"><img loading=\"lazy\" decoding=\"async\" src=\"https:\/\/bu.optimum-automotive.com\/wp-content\/uploads\/2024\/07\/jpg\/01-152.jpg\" width=\"172\" height=\"250\" alt=\"PDF - 1,1 Mb\"><\/a>\r\n<figcaption class=\"wp-element-caption\"><strong>Le Journal de l'Automobile<\/strong><br>\r\nAcabaram-se os falsos arranques para a partilha de autom\u00f3veis\r\n\r\n<\/figcaption><\/div> \r\n\r\n<h2 class=\"wp-block-heading\">MAR\u00c7O DE 2017<\/h2>\r\n\r\n<div class=\"wp-block-image\"> \r\n<a href=\"https:\/\/bu.optimum-automotive.com\/wp-content\/uploads\/2024\/07\/pdf\/2017-03-28-la_tribune_des_auto-ecoles-mars_17.pdf\" title=\"A Tribuna das Escolas de Condu\u00e7\u00e3o\" type=\"application\/pdf\" target=\"_blank\" rel=\"noopener\"><img loading=\"lazy\" decoding=\"async\" src=\"https:\/\/bu.optimum-automotive.com\/wp-content\/uploads\/2024\/07\/jpg\/01-151.jpg\" width=\"172\" height=\"250\" alt=\"PDF - 217,6 kb\"><\/a>\r\n<figcaption class=\"wp-element-caption\"><strong>A Tribuna das Escolas de Condu\u00e7\u00e3o<\/strong><br>\r\nO Mapping Control e a rede CER oficializam a sua parceria\r\n<\/figcaption><\/div> \r\n\r\n<div class=\"wp-block-image\">\r\n<a href=\"https:\/\/bu.optimum-automotive.com\/wp-content\/uploads\/2024\/07\/pdf\/mapping_control_une_nouvelle_offre_et_un_partenariat_avec-psa.pdf\" title=\"www.automobile-entreprise.com\" type=\"application\/pdf\" target=\"_blank\" rel=\"noopener\"><img loading=\"lazy\" decoding=\"async\" src=\"https:\/\/bu.optimum-automotive.com\/wp-content\/uploads\/2024\/07\/jpg\/01-146.jpg\" width=\"142\" height=\"200\" alt=\"PDF - 1,8 Mb\"><\/a>\r\n<figcaption class=\"wp-element-caption\"><strong>www.automobile-entreprise.com<\/strong><br>\r\nMapping Control: uma nova oferta e uma parceria com a PSA\r\n<\/figcaption><\/div> \r\n\r\n<div class=\"wp-block-image\">\r\n<a href=\"https:\/\/bu.optimum-automotive.com\/wp-content\/uploads\/2024\/07\/pdf\/mapping_control_rejoint_psa_connect_fleet_management.pdf\" title=\"journalauto.com\" type=\"application\/pdf\" target=\"_blank\" rel=\"noopener\"><img loading=\"lazy\" decoding=\"async\" src=\"https:\/\/bu.optimum-automotive.com\/wp-content\/uploads\/2024\/07\/jpg\/2017-03-23_10h29_17.png\" width=\"643\" height=\"907\" alt=\"PDF - 330,3 kb\"><\/a>\r\n<figcaption class=\"wp-element-caption\"><strong>journalauto.com<\/strong><br>\r\nMapping Control junta-se \u00e0 gest\u00e3o de frotas PSA Connect\r\n<\/figcaption><\/div> \r\n\r\n<div class=\"wp-block-image\">\r\n<a href=\"https:\/\/bu.optimum-automotive.com\/wp-content\/uploads\/2024\/07\/pdf\/2017-03-16-decideurs_magazine-mars_17.pdf\" title=\"REVISTA DECIDEURS\" type=\"application\/pdf\" target=\"_blank\" rel=\"noopener\"><img loading=\"lazy\" decoding=\"async\" src=\"https:\/\/bu.optimum-automotive.com\/wp-content\/uploads\/2024\/07\/jpg\/01-2.png\" width=\"142\" height=\"200\" alt=\"PDF - 540.9 kb\"><\/a>\r\n<figcaption class=\"wp-element-caption\"><strong>REVISTA DECIDEURS<\/strong><br>\r\nO ECOSSISTEMA DA FROTA GANHA FORMA\r\n<\/figcaption><\/div> \r\n\r\n<div class=\"wp-block-image\"> \r\n<a href=\"https:\/\/bu.optimum-automotive.com\/wp-content\/uploads\/2024\/07\/pdf\/2017-03-17-www.mediarh.com-17_mars_2017.pdf\" title=\"www.mediarh.com\" type=\"application\/pdf\" target=\"_blank\" rel=\"noopener\"><img loading=\"lazy\" decoding=\"async\" src=\"https:\/\/bu.optimum-automotive.com\/wp-content\/uploads\/2024\/07\/jpg\/01-145.jpg\" width=\"142\" height=\"200\" alt=\"PDF - 77,2 kb\"><\/a>\r\n<figcaption class=\"wp-element-caption\"><strong>www.mediarh.com<\/strong><br>\r\nCinco perguntas a : Barbara TRON, Directora de RH, MAPPING CONTROL\r\n<\/figcaption><\/div> \r\n\r\n<div class=\"wp-block-image\"> \r\n<a href=\"https:\/\/bu.optimum-automotive.com\/wp-content\/uploads\/2024\/07\/pdf\/2017-03-07-le_journal_des_entreprises_edition_provence-cote_d_azur-03_mars.pdf\" title=\"JORNAL DA EMPRESA\" type=\"application\/pdf\" target=\"_blank\" rel=\"noopener\"><img loading=\"lazy\" decoding=\"async\" src=\"https:\/\/bu.optimum-automotive.com\/wp-content\/uploads\/2024\/07\/jpg\/01-143.jpg\" width=\"142\" height=\"200\" alt=\"PDF - 130,8 kb\"><\/a>\r\n<figcaption class=\"wp-element-caption\"><strong>JORNAL DA EMPRESA<\/strong><br>\r\nControlo do mapeamento. Presen\u00e7a em reuni\u00f5es da Flotauto\r\n<\/figcaption><\/div> \r\n\r\n<div class=\"wp-block-image\"> \r\n<a href=\"https:\/\/bu.optimum-automotive.com\/wp-content\/uploads\/2024\/07\/pdf\/2017-03-11-www.capital.fr-11_mars.pdf\" title=\"www.capital.fr\" type=\"application\/pdf\" target=\"_blank\" rel=\"noopener\"><img loading=\"lazy\" decoding=\"async\" src=\"https:\/\/bu.optimum-automotive.com\/wp-content\/uploads\/2024\/07\/jpg\/01-144.jpg\" width=\"142\" height=\"200\" alt=\"PDF - 143 kb\"><\/a>\r\n<figcaption class=\"wp-element-caption\"><strong>www.capital.fr<\/strong><br>\r\nA COLIPAQ equipa os seus servi\u00e7os p\u00fablicos com a solu\u00e7\u00e3o Mapping Control\r\n<\/figcaption><\/div> \r\n\r\n<h2 class=\"wp-block-heading\">FEVEREIRO DE 2017<\/h2>\r\n\r\n<div class=\"wp-block-image\"> \r\n<a href=\"https:\/\/bu.optimum-automotive.com\/wp-content\/uploads\/2024\/07\/pdf\/2017-02-27-www.deplacementspros.com.pdf\" title=\"deplacementspros.com\" type=\"application\/pdf\" target=\"_blank\" rel=\"noopener\"><img loading=\"lazy\" decoding=\"async\" src=\"https:\/\/bu.optimum-automotive.com\/wp-content\/uploads\/2024\/07\/jpg\/01-141.jpg\" width=\"142\" height=\"200\" alt=\"PDF - 70.7 kb\"><\/a>\r\n<figcaption class=\"wp-element-caption\"><strong>deplacementspros.com<\/strong><br>\r\nBilhetes: um webinair para se adaptar \u00e0 necessidade de identificar os condutores\r\n<\/figcaption><\/div> \r\n\r\n<div class=\"wp-block-image\"> \r\n<a href=\"https:\/\/bu.optimum-automotive.com\/wp-content\/uploads\/2024\/07\/pdf\/2017-02-22-l_automobile_l_entreprise-fev_mars_17-10000000050607413.pdf\" title=\"AUTOM\u00d3VEIS E NEG\u00d3CIOS\" type=\"application\/pdf\" target=\"_blank\" rel=\"noopener\"><img loading=\"lazy\" decoding=\"async\" src=\"https:\/\/bu.optimum-automotive.com\/wp-content\/uploads\/2024\/07\/jpg\/01-139.jpg\" width=\"142\" height=\"200\" alt=\"PDF - 1,2 Mb\"><\/a>\r\n<figcaption class=\"wp-element-caption\"><strong>AUTOM\u00d3VEIS E NEG\u00d3CIOS<\/strong><br>\r\nTelem\u00e1tica: mobiliza\u00e7\u00e3o geral!\r\n<\/figcaption><\/div> \r\n\r\n<div class=\"wp-block-image\"> \r\n<a href=\"https:\/\/bu.optimum-automotive.com\/wp-content\/uploads\/2024\/07\/pdf\/2017-02-22-www.studyrama-emploi.com-22_fevrier_2017-50000000289518214.pdf\" title=\"studyrama-emploi.com\" type=\"application\/pdf\" target=\"_blank\" rel=\"noopener\"><img loading=\"lazy\" decoding=\"async\" src=\"https:\/\/bu.optimum-automotive.com\/wp-content\/uploads\/2024\/07\/jpg\/01-138.jpg\" width=\"142\" height=\"200\" alt=\"PDF - 54.1 kb\"><\/a>\r\n<figcaption class=\"wp-element-caption\"><strong>studyrama-emploi.com<\/strong><br>\r\nControlo cartogr\u00e1fico: procura-se 20 agentes comerciais e t\u00e9cnicos\r\n<\/figcaption><\/div> \r\n\r\n<div class=\"wp-block-image\"> \r\n<a href=\"https:\/\/bu.optimum-automotive.com\/wp-content\/uploads\/2024\/07\/pdf\/2017-02-15-flottes_automobiles-fev_17-10000000050549380.pdf\" title=\"Frotas de autom\u00f3veis\" type=\"application\/pdf\" target=\"_blank\" rel=\"noopener\"><img loading=\"lazy\" decoding=\"async\" src=\"https:\/\/bu.optimum-automotive.com\/wp-content\/uploads\/2024\/07\/jpg\/01-137.jpg\" width=\"142\" height=\"200\" alt=\"PDF - 765.4 kb\"><\/a>\r\n<figcaption class=\"wp-element-caption\"><strong>Frotas de autom\u00f3veis<\/strong><br>\r\nTelem\u00e1tica a bordo: do nicho \u00e0 implanta\u00e7\u00e3o em massa\r\n<\/figcaption><\/div> \r\n\r\n<div class=\"wp-block-image\"> \r\n<a href=\"https:\/\/bu.optimum-automotive.com\/wp-content\/uploads\/2024\/07\/pdf\/2017-02-15-flottes_automobiles-fev_17-10000000050549376.pdf\" title=\"Frotas de autom\u00f3veis\" type=\"application\/pdf\" target=\"_blank\" rel=\"noopener\"><img loading=\"lazy\" decoding=\"async\" src=\"https:\/\/bu.optimum-automotive.com\/wp-content\/uploads\/2024\/07\/jpg\/01-136.jpg\" width=\"142\" height=\"200\" alt=\"PDF - 212.1 kb\"><\/a>\r\n<figcaption class=\"wp-element-caption\"><strong>Frotas de autom\u00f3veis<\/strong><br>\r\nPoupan\u00e7as directas e indirectas\r\n<\/figcaption><\/div> \r\n\r\n<div class=\"wp-block-image\"> \r\n<a href=\"https:\/\/bu.optimum-automotive.com\/wp-content\/uploads\/2024\/07\/pdf\/la_provence.pdf\" title=\"A Proven\u00e7a\" type=\"application\/pdf\" target=\"_blank\" rel=\"noopener\"><img loading=\"lazy\" decoding=\"async\" src=\"https:\/\/bu.optimum-automotive.com\/wp-content\/uploads\/2024\/07\/jpg\/01-135.jpg\" width=\"142\" height=\"200\" alt=\"PDF - 219.2 kb\"><\/a>\r\n<figcaption class=\"wp-element-caption\"><strong>A Proven\u00e7a<\/strong><br>\r\nO Mapping Control dever\u00e1 recrutar cerca de uma centena de empregados.\r\n<\/figcaption><\/div> \r\n\r\n<div class=\"wp-block-image\"> \r\n<a href=\"https:\/\/bu.optimum-automotive.com\/wp-content\/uploads\/2024\/07\/pdf\/2017-02-07-www.silicon.fr.pdf\" title=\"sil\u00edcio.fr\" type=\"application\/pdf\" target=\"_blank\" rel=\"noopener\"><img loading=\"lazy\" decoding=\"async\" src=\"https:\/\/bu.optimum-automotive.com\/wp-content\/uploads\/2024\/07\/jpg\/01-134.jpg\" width=\"142\" height=\"200\" alt=\"PDF - 70,5 kb\"><\/a>\r\n<figcaption class=\"wp-element-caption\"><strong>sil\u00edcio.fr<\/strong><br>\r\nA MAPPING CONTROL estar\u00e1 presente nos Rencontres Flotauto. Visite<br class=\"autobr\">\r\n9\/03\/2017 - Paris La Villette. Stand N\u00b0191\r\n<\/figcaption><\/div> \r\n\r\n<div class=\"wp-block-image\"> \r\n<a href=\"https:\/\/bu.optimum-automotive.com\/wp-content\/uploads\/2024\/07\/pdf\/2017-02-03-www.capital.fr.pdf\" title=\"capital.fr\" type=\"application\/pdf\" target=\"_blank\" rel=\"noopener\"><img loading=\"lazy\" decoding=\"async\" src=\"https:\/\/bu.optimum-automotive.com\/wp-content\/uploads\/2024\/07\/jpg\/01-133.jpg\" width=\"142\" height=\"200\" alt=\"PDF - 91.2 kb\"><\/a>\r\n<figcaption class=\"wp-element-caption\"><strong>capital.fr<\/strong><br>\r\nA MAPPING CONTROL lan\u00e7a um ambicioso plano de recrutamento com o objetivo de duplicar os seus efectivos em 2017\r\n<\/figcaption><\/div> \r\n\r\n<div class=\"wp-block-image\">\r\n<a href=\"https:\/\/bu.optimum-automotive.com\/wp-content\/uploads\/2024\/07\/pdf\/mapping_control_poursuit_son_developpement.pdf\" title=\"automobile-entreprise.com\" type=\"application\/pdf\" target=\"_blank\" rel=\"noopener\"><img loading=\"lazy\" decoding=\"async\" src=\"https:\/\/bu.optimum-automotive.com\/wp-content\/uploads\/2024\/07\/jpg\/01-132.jpg\" width=\"142\" height=\"200\" alt=\"PDF - 1,6 Mb\"><\/a>\r\n<figcaption class=\"wp-element-caption\"><strong>automobile-entreprise.com<\/strong><br>\r\nO Controlo de Mapeamento continua a crescer\r\n<\/figcaption><\/div> \r\n\r\n<div class=\"wp-block-image\">\r\n<a href=\"https:\/\/bu.optimum-automotive.com\/wp-content\/uploads\/2024\/07\/pdf\/mapping_control_etend_ses_services_telematiques_aux_infractions.pdf\" title=\"www.flotauto.com\" type=\"application\/pdf\" target=\"_blank\" rel=\"noopener\"><img loading=\"lazy\" decoding=\"async\" src=\"https:\/\/bu.optimum-automotive.com\/wp-content\/uploads\/2024\/07\/jpg\/01-128.jpg\" width=\"142\" height=\"200\" alt=\"PDF - 206,2 kb\"><\/a>\r\n<figcaption class=\"wp-element-caption\"><strong>www.flotauto.com<\/strong><br>\r\nMapping Control alarga os seus servi\u00e7os telem\u00e1ticos \u00e0s infrac\u00e7\u00f5es\r\n<\/figcaption><\/div> \r\n\r\n<h2 class=\"wp-block-heading\">JANEIRO DE 2017<\/h2>\r\n\r\n<div class=\"wp-block-image\"> \r\n<a href=\"https:\/\/bu.optimum-automotive.com\/wp-content\/uploads\/2024\/07\/pdf\/2017-01-11-fr.news.yahoo.com-11_janvier_2017-50000000287164168.pdf\" title=\"pt.news.yahoo.com\" type=\"application\/pdf\" target=\"_blank\" rel=\"noopener\"><img loading=\"lazy\" decoding=\"async\" src=\"https:\/\/bu.optimum-automotive.com\/wp-content\/uploads\/2024\/07\/jpg\/01-124.jpg\" width=\"142\" height=\"200\" alt=\"PDF - 116,3 kb\"><\/a>\r\n<figcaption class=\"wp-element-caption\"><strong>pt.news.yahoo.com<\/strong><br>\r\nFeliz Ano Novo na estrada com a MAPPING CONTROL!<br class=\"autobr\">\r\nDesde\r\n<\/figcaption><\/div> \r\n\r\n<div class=\"wp-block-image\">\r\n<a href=\"https:\/\/bu.optimum-automotive.com\/wp-content\/uploads\/2024\/07\/pdf\/2017-01-10-le_journal_des_entreprises_edition_provence-cote_d_azur-jan_17-10000000050197940.pdf\" title=\"JORNAL DA EMPRESA\" type=\"application\/pdf\" target=\"_blank\" rel=\"noopener\"><img loading=\"lazy\" decoding=\"async\" src=\"https:\/\/bu.optimum-automotive.com\/wp-content\/uploads\/2024\/07\/jpg\/01-123.jpg\" width=\"142\" height=\"200\" alt=\"PDF - 164,6 kb\"><\/a>\r\n<figcaption class=\"wp-element-caption\"><strong>JORNAL DA EMPRESA<\/strong><br>\r\nControlo cartogr\u00e1fico. Parceiro das escolas de condu\u00e7\u00e3o\r\n\r\n<\/figcaption><\/div> \r\n\r\n<h2 class=\"wp-block-heading\">DEZEMBRO 2016<\/h2>\r\n\r\n<div class=\"wp-block-image\">\r\n<a href=\"https:\/\/bu.optimum-automotive.com\/wp-content\/uploads\/2024\/07\/pdf\/2016-12-25-le_journal_des_flottes-dec_16-10000000050076340.pdf\" title=\"JORNAL DA FROTA\" type=\"application\/pdf\" target=\"_blank\" rel=\"noopener\"><img loading=\"lazy\" decoding=\"async\" src=\"https:\/\/bu.optimum-automotive.com\/wp-content\/uploads\/2024\/07\/jpg\/01-121.jpg\" width=\"142\" height=\"200\" alt=\"PDF - 255,6 kb\"><\/a>\r\n<figcaption class=\"wp-element-caption\"><strong>JORNAL DA FROTA<\/strong><br>\r\nO CONTROLO CARTOGR\u00c1FICO PRETENDE SER CADA VEZ MAIS EMPREENDEDOR\r\n<\/figcaption><\/div> \r\n\r\n<div class=\"wp-block-image\">\r\n<a href=\"https:\/\/bu.optimum-automotive.com\/wp-content\/uploads\/2024\/07\/pdf\/2016-12-25-le_journal_des_flottes-dec_16-10000000050076450.pdf\" title=\"JORNAL DA FROTA\" type=\"application\/pdf\" target=\"_blank\" rel=\"noopener\"><img loading=\"lazy\" decoding=\"async\" src=\"https:\/\/bu.optimum-automotive.com\/wp-content\/uploads\/2024\/07\/jpg\/01-120.jpg\" width=\"142\" height=\"200\" alt=\"PDF - 808.6 kb\"><\/a>\r\n<figcaption class=\"wp-element-caption\"><strong>JORNAL DA FROTA<\/strong><br>\r\nPORQUE \u00c9 QUE PRECISA DE GEOLOCALIZAR A SUA VUL\r\n<\/figcaption><\/div> \r\n\r\n<div class=\"wp-block-image\">\r\n<a href=\"https:\/\/bu.optimum-automotive.com\/wp-content\/uploads\/2024\/07\/pdf\/2016-12-13-chef_d_entreprise_magazine_supplement-nov_16_jan_17-10000000049958966.pdf\" title=\"REVISTA CHEF D&#039;ENTREPRISE\" type=\"application\/pdf\" target=\"_blank\" rel=\"noopener\"><img loading=\"lazy\" decoding=\"async\" src=\"https:\/\/bu.optimum-automotive.com\/wp-content\/uploads\/2024\/07\/jpg\/01-119.jpg\" width=\"142\" height=\"200\" alt=\"PDF - 267.5 kb\"><\/a>\r\n<figcaption class=\"wp-element-caption\"><strong>REVISTA CHEF D'ENTREPRISE<\/strong><br>\r\nGEOLOCALIZA\u00c7\u00c3O: ESCOLHER A SOLU\u00c7\u00c3O CERTA\r\n<\/figcaption><\/div> \r\n\r\n<div class=\"wp-block-image\">\r\n<a href=\"https:\/\/bu.optimum-automotive.com\/wp-content\/uploads\/2024\/07\/pdf\/2016-12-14-chef_d_entreprise_magazine_supplement-nov_16_jan_17-10000000049958971.pdf\" title=\"REVISTA CHEF D&#039;ENTREPRISE\" type=\"application\/pdf\" target=\"_blank\" rel=\"noopener\"><img loading=\"lazy\" decoding=\"async\" src=\"https:\/\/bu.optimum-automotive.com\/wp-content\/uploads\/2024\/07\/jpg\/01-118.jpg\" width=\"142\" height=\"200\" alt=\"PDF - 281.5 kb\"><\/a>\r\n<figcaption class=\"wp-element-caption\"><strong>REVISTA CHEF D'ENTREPRISE<\/strong><br>\r\nSOFTWARE DE GEST\u00c3O DE FROTAS: COMO TIRAR O M\u00c1XIMO PARTIDO DELE?\r\n<\/figcaption><\/div> \r\n\r\n<div class=\"wp-block-image\"> \r\n<a href=\"https:\/\/bu.optimum-automotive.com\/wp-content\/uploads\/2024\/07\/pdf\/2016-12-09-www.labourseetlavie.com-9_d-cembre_2016-50000000285651375.pdf\" title=\"Labourseetlavie.com\" type=\"application\/pdf\" target=\"_blank\" rel=\"noopener\"><img loading=\"lazy\" decoding=\"async\" src=\"https:\/\/bu.optimum-automotive.com\/wp-content\/uploads\/2024\/07\/jpg\/01-117.jpg\" width=\"184\" height=\"260\" alt=\"PDF - 88,1 kb\"><\/a>\r\n<figcaption class=\"wp-element-caption\"><strong>Labourseetlavie.com<\/strong><br>\r\nMAPPING CONTROL torna-se parceiro oficial da rede de escolas de condu\u00e7\u00e3o CER\r\n<\/figcaption><\/div> \r\n\r\n<div class=\"wp-block-image\"> \r\n<a href=\"https:\/\/bu.optimum-automotive.com\/wp-content\/uploads\/2024\/07\/pdf\/2016-12-09-www.generation-nt.com-9_d-cembre_2016-50000000285653520.pdf\" title=\"generation-nt.com\" type=\"application\/pdf\" target=\"_blank\" rel=\"noopener\"><img loading=\"lazy\" decoding=\"async\" src=\"https:\/\/bu.optimum-automotive.com\/wp-content\/uploads\/2024\/07\/jpg\/01-116.jpg\" width=\"184\" height=\"260\" alt=\"PDF - 112,1 kb\"><\/a>\r\n<figcaption class=\"wp-element-caption\"><strong>generation-nt.com<\/strong><br>\r\nMAPPING CONTROL torna-se parceiro oficial da rede de escolas de condu\u00e7\u00e3o CER\r\n<\/figcaption><\/div> \r\n\r\n<div class=\"wp-block-image\"> \r\n<a href=\"https:\/\/bu.optimum-automotive.com\/wp-content\/uploads\/2024\/07\/pdf\/2016-12-09-www.euroinvestor.fr-9_d-cembre_2016-50000000285658253.pdf\" title=\"euroinvestor.fr\" type=\"application\/pdf\" target=\"_blank\" rel=\"noopener\"><img loading=\"lazy\" decoding=\"async\" src=\"https:\/\/bu.optimum-automotive.com\/wp-content\/uploads\/2024\/07\/jpg\/01-115.jpg\" width=\"184\" height=\"260\" alt=\"PDF - 85,5 kb\"><\/a>\r\n<figcaption class=\"wp-element-caption\"><strong>euroinvestor.fr<\/strong><br>\r\nMAPPING CONTROL torna-se parceiro oficial da rede de escolas de condu\u00e7\u00e3o<br class=\"autobr\">\r\nCER\r\n<\/figcaption><\/div> \r\n\r\n<div class=\"wp-block-image\"> \r\n<a href=\"https:\/\/bu.optimum-automotive.com\/wp-content\/uploads\/2024\/07\/pdf\/2016-12-09-fr.finance.yahoo.com-9_d-cembre_2016-50000000285653017.pdf\" title=\"pt.finance.yahoo.com\" type=\"application\/pdf\" target=\"_blank\" rel=\"noopener\"><img loading=\"lazy\" decoding=\"async\" src=\"https:\/\/bu.optimum-automotive.com\/wp-content\/uploads\/2024\/07\/jpg\/01-114.jpg\" width=\"184\" height=\"260\" alt=\"PDF - 105,6 kb\"><\/a>\r\n<figcaption class=\"wp-element-caption\"><strong>pt.finance.yahoo.com<\/strong><br>\r\nMAPPING CONTROL torna-se parceiro oficial da rede de escolas de condu\u00e7\u00e3o<br class=\"autobr\">\r\nCER\r\n<\/figcaption><\/div> \r\n\r\n<div class=\"wp-block-image\">\r\n<a href=\"https:\/\/bu.optimum-automotive.com\/wp-content\/uploads\/2024\/07\/pdf\/2016-12-09-bourse.six-financial-information.fr-9_d-cembre_2016-50000000285658062.pdf\" title=\"bourse.six-financial-information.fr\" type=\"application\/pdf\" target=\"_blank\" rel=\"noopener\"><img loading=\"lazy\" decoding=\"async\" src=\"https:\/\/bu.optimum-automotive.com\/wp-content\/uploads\/2024\/07\/jpg\/01-113.jpg\" width=\"184\" height=\"260\" alt=\"PDF - 86,2 kb\"><\/a>\r\n<figcaption class=\"wp-element-caption\"><strong>bourse.six-financial-information.fr<\/strong><br>\r\nMAPPING CONTROL torna-se parceiro oficial da rede de escolas de condu\u00e7\u00e3o CER\r\n<\/figcaption><\/div> \r\n\r\n<div class=\"wp-block-image\">\r\n<a href=\"https:\/\/bu.optimum-automotive.com\/wp-content\/uploads\/2024\/07\/pdf\/itespresso.fr-mapping_control_devient_partenaire_officiel_du_reseau_dauto-ecoles_cer.pdf\" title=\"itespresso.fr\" type=\"application\/pdf\" target=\"_blank\" rel=\"noopener\"><img loading=\"lazy\" decoding=\"async\" src=\"https:\/\/bu.optimum-automotive.com\/wp-content\/uploads\/2024\/07\/jpg\/01-111.jpg\" width=\"184\" height=\"260\" alt=\"PDF - 125.8 kb\"><\/a>\r\n<figcaption class=\"wp-element-caption\"><strong>itespresso.fr<\/strong><br>\r\nMAPPING CONTROL torna-se parceiro oficial da rede de escolas de condu\u00e7\u00e3o CER\r\n<\/figcaption><\/div> \r\n\r\n<h2 class=\"wp-block-heading\">NOVEMBRO 2016<\/h2>\r\n\r\n<div class=\"wp-block-image\">\r\n<a href=\"https:\/\/bu.optimum-automotive.com\/wp-content\/uploads\/2024\/07\/pdf\/2016-11-19-1662_transport_info.pdf\" title=\"INFORMA\u00c7\u00d5ES DE TRANSPORTE\" type=\"application\/pdf\" target=\"_blank\" rel=\"noopener\"><img loading=\"lazy\" decoding=\"async\" src=\"https:\/\/bu.optimum-automotive.com\/wp-content\/uploads\/2024\/07\/jpg\/01-106.jpg\" width=\"184\" height=\"260\" alt=\"PDF - 142.2 kb\"><\/a>\r\n<figcaption class=\"wp-element-caption\"><strong>INFORMA\u00c7\u00d5ES DE TRANSPORTE<\/strong><br>\r\nCombust\u00edvel; O controlo do combust\u00edvel mede os n\u00edveis de combust\u00edvel\r\n<\/figcaption><\/div> \r\n\r\n<div class=\"wp-block-image\">\r\n<a href=\"https:\/\/bu.optimum-automotive.com\/wp-content\/uploads\/2024\/07\/pdf\/2016-11-19-1300_kilometres_entreprise.pdf\" title=\"KMS Quil\u00f3metros Empresa\" type=\"application\/pdf\" target=\"_blank\" rel=\"noopener\"><img loading=\"lazy\" decoding=\"async\" src=\"https:\/\/bu.optimum-automotive.com\/wp-content\/uploads\/2024\/07\/jpg\/01-105.jpg\" width=\"184\" height=\"260\" alt=\"PDF - 181,5 kb\"><\/a>\r\n<figcaption class=\"wp-element-caption\"><strong>KMS Quil\u00f3metros Empresa<\/strong><br>\r\nControlo cartogr\u00e1fico: viva o verde!\r\n<\/figcaption><\/div> \r\n\r\n<div class=\"wp-block-image\"> \r\n<a href=\"https:\/\/bu.optimum-automotive.com\/wp-content\/uploads\/2024\/07\/pdf\/2016-11-16-5553_www_chefdentreprise_com.pdf\" title=\"chefdentreprise.com\" type=\"application\/pdf\" target=\"_blank\" rel=\"noopener\"><img loading=\"lazy\" decoding=\"async\" src=\"https:\/\/bu.optimum-automotive.com\/wp-content\/uploads\/2024\/07\/jpg\/gestion-deflotte.jpg\" width=\"184\" height=\"260\" alt=\"PDF - 169.1 kb\"><\/a>\r\n<figcaption class=\"wp-element-caption\"><strong>chefdentreprise.com<\/strong><br>\r\nSoftware de gest\u00e3o de frotas: tirar o m\u00e1ximo partido dele\r\n<\/figcaption><\/div> \r\n\r\n<div class=\"wp-block-image\"> \r\n<a href=\"https:\/\/bu.optimum-automotive.com\/wp-content\/uploads\/2024\/07\/pdf\/2016-11-16-5438_www_decisionachats_fr.pdf\" title=\"d\u00e9cision-achats.fr\" type=\"application\/pdf\" target=\"_blank\" rel=\"noopener\"><img loading=\"lazy\" decoding=\"async\" src=\"https:\/\/bu.optimum-automotive.com\/wp-content\/uploads\/2024\/07\/jpg\/gestion-de-flotte-2.jpg\" width=\"184\" height=\"260\" alt=\"PDF - 160,6 kb\"><\/a>\r\n<figcaption class=\"wp-element-caption\"><strong>d\u00e9cision-achats.fr<\/strong><br>\r\nSoftware de gest\u00e3o de frotas: tirar o m\u00e1ximo partido dele\r\n<\/figcaption><\/div> \r\n\r\n<div class=\"wp-block-image\">\r\n<a href=\"https:\/\/bu.optimum-automotive.com\/wp-content\/uploads\/2024\/07\/pdf\/2016-11-16-5090_www_decisionachats_fr.pdf\" title=\"decision-achats.fr\" type=\"application\/pdf\" target=\"_blank\" rel=\"noopener\"><img loading=\"lazy\" decoding=\"async\" src=\"https:\/\/bu.optimum-automotive.com\/wp-content\/uploads\/2024\/07\/jpg\/geolocalisation.jpg\" width=\"184\" height=\"260\" alt=\"PDF - 173,7 kb\"><\/a>\r\n<figcaption class=\"wp-element-caption\"><strong>decision-achats.fr<\/strong><br>\r\nGeolocaliza\u00e7\u00e3o: escolher a solu\u00e7\u00e3o certa\r\n<\/figcaption><\/div> \r\n\r\n<div class=\"wp-block-image\"> \r\n<a href=\"https:\/\/bu.optimum-automotive.com\/wp-content\/uploads\/2024\/07\/pdf\/2016-11-15-5460_www_journalauto_com.pdf\" title=\"journalauto.com\" type=\"application\/pdf\" target=\"_blank\" rel=\"noopener\"><img loading=\"lazy\" decoding=\"async\" src=\"https:\/\/bu.optimum-automotive.com\/wp-content\/uploads\/2024\/07\/jpg\/gestion-de-flotte.jpg\" width=\"184\" height=\"260\" alt=\"PDF - 719.9 kb\"><\/a>\r\n<figcaption class=\"wp-element-caption\"><strong>journalauto.com<\/strong><br>\r\nO controlo cartogr\u00e1fico visa a \u00c1frica Subsariana\r\n<\/figcaption><\/div> \r\n\r\n<div class=\"wp-block-image\">\r\n<a href=\"https:\/\/bu.optimum-automotive.com\/wp-content\/uploads\/2024\/07\/pdf\/2016-11-09-5709_www_capital_fr.pdf\" title=\"capital.fr\" type=\"application\/pdf\" target=\"_blank\" rel=\"noopener\"><img loading=\"lazy\" decoding=\"async\" src=\"https:\/\/bu.optimum-automotive.com\/wp-content\/uploads\/2024\/07\/jpg\/01-104.jpg\" width=\"184\" height=\"260\" alt=\"PDF - 63,5 kb\"><\/a>\r\n<figcaption class=\"wp-element-caption\"><strong>capital.fr<\/strong><br>\r\nMAPPING CONTROL expande-se para a \u00c1frica Subsariana\r\n<\/figcaption><\/div> \r\n\r\n<div class=\"wp-block-image\">\r\n<a href=\"https:\/\/bu.optimum-automotive.com\/wp-content\/uploads\/2024\/07\/pdf\/mapping_control_se_deploie_sur_l_afrique_subsaharienne.pdf\" title=\"www.euroinvestor.fr\" type=\"application\/pdf\" target=\"_blank\" rel=\"noopener\"><img loading=\"lazy\" decoding=\"async\" src=\"https:\/\/bu.optimum-automotive.com\/wp-content\/uploads\/2024\/07\/jpg\/01-103.jpg\" width=\"184\" height=\"260\" alt=\"PDF - 735.7 kb\"><\/a>\r\n<figcaption class=\"wp-element-caption\"><strong>www.euroinvestor.fr<\/strong><br>\r\nMAPPING CONTROL expande-se para a \u00c1frica Subsariana\r\n<\/figcaption><\/div> \r\n\r\n<div class=\"wp-block-image\">\r\n<a href=\"https:\/\/bu.optimum-automotive.com\/wp-content\/uploads\/2024\/07\/pdf\/les_ambitions_internationales_de_mapping_control.pdf\" title=\"ecomnewsmed.com\" type=\"application\/pdf\" target=\"_blank\" rel=\"noopener\"><img loading=\"lazy\" decoding=\"async\" src=\"https:\/\/bu.optimum-automotive.com\/wp-content\/uploads\/2024\/07\/jpg\/01-102.jpg\" width=\"184\" height=\"260\" alt=\"PDF - 1,7 Mb\"><\/a>\r\n<figcaption class=\"wp-element-caption\"><strong>ecomnewsmed.com<\/strong><br>\r\nAs ambi\u00e7\u00f5es internacionais da Mapping Control incluem Marrocos!\r\n<\/figcaption><\/div> \r\n\r\n<div class=\"wp-block-image\"> \r\n<a href=\"https:\/\/bu.optimum-automotive.com\/wp-content\/uploads\/2024\/07\/pdf\/carburant_fuel_control_transportissimo.pdf\" title=\"transportissimo.com\" type=\"application\/pdf\" target=\"_blank\" rel=\"noopener\"><img loading=\"lazy\" decoding=\"async\" src=\"https:\/\/bu.optimum-automotive.com\/wp-content\/uploads\/2024\/07\/jpg\/01-101.jpg\" width=\"184\" height=\"260\" alt=\"PDF - 177,6 kb\"><\/a>\r\n<figcaption class=\"wp-element-caption\"><strong>transportissimo.com<\/strong><br>\r\nCombust\u00edvel : Fuel Control, o sensor ultrass\u00f3nico\r\n<\/figcaption><\/div> \r\n\r\n<div class=\"wp-block-image\"> \r\n<a href=\"https:\/\/bu.optimum-automotive.com\/wp-content\/uploads\/2024\/07\/pdf\/ecomnews_-_mapping_control.pdf\" title=\"www.ecomnews.fr\" type=\"application\/pdf\" target=\"_blank\" rel=\"noopener\"><img loading=\"lazy\" decoding=\"async\" src=\"https:\/\/bu.optimum-automotive.com\/wp-content\/uploads\/2024\/07\/jpg\/01-99.jpg\" width=\"184\" height=\"260\" alt=\"PDF - 3,4 Mb\"><\/a>\r\n<figcaption class=\"wp-element-caption\"><strong>www.ecomnews.fr<\/strong><br>\r\nO Mapping Control ajuda as empresas a reduzir os custos da frota\r\n<\/figcaption><\/div> \r\n\r\n<div class=\"wp-block-image\">\r\n<a href=\"https:\/\/bu.optimum-automotive.com\/wp-content\/uploads\/2024\/07\/pdf\/2016-11-01-5666_www_tpnews_com.pdf\" title=\"www.tp-news.com\" type=\"application\/pdf\" target=\"_blank\" rel=\"noopener\"><img loading=\"lazy\" decoding=\"async\" src=\"https:\/\/bu.optimum-automotive.com\/wp-content\/uploads\/2024\/07\/jpg\/01-100.jpg\" width=\"184\" height=\"260\" alt=\"PDF - 224.2 kb\"><\/a>\r\n<figcaption class=\"wp-element-caption\"><strong>www.tp-news.com<\/strong><br>\r\nCombust\u00edvel : Fuel Control, o sensor ultrass\u00f3nico\r\n\r\n<\/figcaption><\/div> \r\n\r\n<h2 class=\"wp-block-heading\">OUTUBRO 2016<\/h2>\r\n\r\n<div class=\"wp-block-image\">\r\n<a href=\"https:\/\/bu.optimum-automotive.com\/wp-content\/uploads\/2024\/07\/pdf\/2016-10-25-5054_www_decisionatelier_com.pdf\" title=\"www.decisionatelier.com\" type=\"application\/pdf\" target=\"_blank\" rel=\"noopener\"><img loading=\"lazy\" decoding=\"async\" src=\"https:\/\/bu.optimum-automotive.com\/wp-content\/uploads\/2024\/07\/jpg\/01-98.jpg\" width=\"184\" height=\"260\" alt=\"PDF - 68,8 kb\"><\/a>\r\n<figcaption class=\"wp-element-caption\"><strong>www.decisionatelier.com<\/strong><br>\r\nO Controlo de Mapeamento controla o combust\u00edvel com o Controlo de Combust\u00edvel\r\n<\/figcaption><\/div> \r\n\r\n<div class=\"wp-block-image\">\r\n<a href=\"https:\/\/bu.optimum-automotive.com\/wp-content\/uploads\/2024\/07\/pdf\/2016-10-20-5201_www_labourseetlavie_com.pdf\" title=\"www.labourseetlavie.com\" type=\"application\/pdf\" target=\"_blank\" rel=\"noopener\"><img loading=\"lazy\" decoding=\"async\" src=\"https:\/\/bu.optimum-automotive.com\/wp-content\/uploads\/2024\/07\/jpg\/01-93.jpg\" width=\"184\" height=\"260\" alt=\"PDF - 136,5 kb\"><\/a>\r\n<figcaption class=\"wp-element-caption\"><strong>www.labourseetlavie.com<\/strong><br>\r\nO MAPPING CONTROL controla o combust\u00edvel com o seu sistema<br class=\"autobr\">\r\nn\u00e3o intrusivo: Controlo do combust\u00edvel\r\n<\/figcaption><\/div> \r\n\r\n<div class=\"wp-block-image\">\r\n<a href=\"https:\/\/bu.optimum-automotive.com\/wp-content\/uploads\/2024\/07\/pdf\/2016-10-20-5388_www_generationnt_com.pdf\" title=\"www.generation-nt.com\" type=\"application\/pdf\" target=\"_blank\" rel=\"noopener\"><img loading=\"lazy\" decoding=\"async\" src=\"https:\/\/bu.optimum-automotive.com\/wp-content\/uploads\/2024\/07\/jpg\/01-94.jpg\" width=\"184\" height=\"260\" alt=\"PDF - 100,5 kb\"><\/a>\r\n<figcaption class=\"wp-element-caption\"><strong>www.generation-nt.com<\/strong><br>\r\nO MAPPING CONTROL controla o combust\u00edvel com o seu sistema<br class=\"autobr\">\r\nn\u00e3o intrusivo: Controlo do combust\u00edvel\r\n<\/figcaption><\/div> \r\n\r\n<div class=\"wp-block-image\">\r\n<a href=\"https:\/\/bu.optimum-automotive.com\/wp-content\/uploads\/2024\/07\/pdf\/2016-10-20-5664_bourse_sixfinancialinformati.pdf\" title=\"bourse.six-financial-information.fr\" type=\"application\/pdf\" target=\"_blank\" rel=\"noopener\"><img loading=\"lazy\" decoding=\"async\" src=\"https:\/\/bu.optimum-automotive.com\/wp-content\/uploads\/2024\/07\/jpg\/01-95.jpg\" width=\"184\" height=\"260\" alt=\"PDF - 132,4 kb\"><\/a>\r\n<figcaption class=\"wp-element-caption\"><strong>bourse.six-financial-information.fr<\/strong><br>\r\nO MAPPING CONTROL controla o combust\u00edvel com o seu sistema<br class=\"autobr\">\r\nn\u00e3o intrusivo: Controlo do combust\u00edvel\r\n<\/figcaption><\/div> \r\n\r\n<div class=\"wp-block-image\">\r\n<a href=\"https:\/\/bu.optimum-automotive.com\/wp-content\/uploads\/2024\/07\/pdf\/2016-10-20-5890_www_euroinvestor_fr.pdf\" title=\"www.euroinvestor.fr\" type=\"application\/pdf\" target=\"_blank\" rel=\"noopener\"><img loading=\"lazy\" decoding=\"async\" src=\"https:\/\/bu.optimum-automotive.com\/wp-content\/uploads\/2024\/07\/jpg\/01-96.jpg\" width=\"184\" height=\"260\" alt=\"PDF - 136 kb\"><\/a>\r\n<figcaption class=\"wp-element-caption\"><strong>www.euroinvestor.fr<\/strong><br>\r\nO MAPPING CONTROL controla o combust\u00edvel com o seu sistema<br class=\"autobr\">\r\nn\u00e3o intrusivo: Controlo do combust\u00edvel\r\n<\/figcaption><\/div> \r\n\r\n<div class=\"wp-block-image\"> \r\n<a href=\"https:\/\/bu.optimum-automotive.com\/wp-content\/uploads\/2024\/07\/pdf\/2016-10-20-5927_www_capital_fr.pdf\" title=\"www.capital.fr\" type=\"application\/pdf\" target=\"_blank\" rel=\"noopener\"><img loading=\"lazy\" decoding=\"async\" src=\"https:\/\/bu.optimum-automotive.com\/wp-content\/uploads\/2024\/07\/jpg\/01-97.jpg\" width=\"184\" height=\"260\" alt=\"PDF - 134.1 kb\"><\/a>\r\n<figcaption class=\"wp-element-caption\"><strong>www.capital.fr<\/strong><br>\r\nO MAPPING CONTROL controla o combust\u00edvel com o seu sistema<br class=\"autobr\">\r\nn\u00e3o intrusivo: Controlo do combust\u00edvel\r\n<\/figcaption><\/div> \r\n\r\n<div class=\"wp-block-image\">\r\n<a href=\"https:\/\/bu.optimum-automotive.com\/wp-content\/uploads\/2024\/07\/pdf\/2016-10-19-5197_www_flotauto_com.pdf\" title=\"www.flotauto.com\" type=\"application\/pdf\" target=\"_blank\" rel=\"noopener\"><img loading=\"lazy\" decoding=\"async\" src=\"https:\/\/bu.optimum-automotive.com\/wp-content\/uploads\/2024\/07\/jpg\/01-92.jpg\" width=\"184\" height=\"260\" alt=\"PDF - 116,3 kb\"><\/a>\r\n<figcaption class=\"wp-element-caption\"><strong>www.flotauto.com<\/strong><br>\r\nMedidor de combust\u00edvel ultrass\u00f3nico da Mapping Control\r\n<\/figcaption><\/div> \r\n\r\n<div class=\"wp-block-image\">\r\n<a href=\"https:\/\/bu.optimum-automotive.com\/wp-content\/uploads\/2024\/07\/pdf\/2016-10-18-5785_www_decisionachats_fr.pdf\" title=\"www.decision-achats.fr\" type=\"application\/pdf\" target=\"_blank\" rel=\"noopener\"><img loading=\"lazy\" decoding=\"async\" src=\"https:\/\/bu.optimum-automotive.com\/wp-content\/uploads\/2024\/07\/jpg\/01-90.jpg\" width=\"184\" height=\"260\" alt=\"PDF - 139,4 kb\"><\/a>\r\n<figcaption class=\"wp-element-caption\"><strong>www.decision-achats.fr<\/strong><br>\r\nFleet - Mapping oferece controlo de combust\u00edvel para combater o roubo de combust\u00edvel\r\n<\/figcaption><\/div> \r\n\r\n<div class=\"wp-block-image\"> \r\n<a href=\"https:\/\/bu.optimum-automotive.com\/wp-content\/uploads\/2024\/07\/pdf\/2016-10-18-1047_vtc_world.pdf\" title=\"VTC WORLD\" type=\"application\/pdf\" target=\"_blank\" rel=\"noopener\"><img loading=\"lazy\" decoding=\"async\" src=\"https:\/\/bu.optimum-automotive.com\/wp-content\/uploads\/2024\/07\/jpg\/01-89.jpg\" width=\"184\" height=\"260\" alt=\"PDF - 131,4 kb\"><\/a>\r\n<figcaption class=\"wp-element-caption\"><strong>VTC WORLD<\/strong><br>\r\nVe\u00edculos conectados: Mapping Control equipa a empresa de aluguer VPCab\r\n<\/figcaption><\/div> \r\n\r\n<div class=\"wp-block-image\"> \r\n<a href=\"https:\/\/bu.optimum-automotive.com\/wp-content\/uploads\/2024\/07\/pdf\/2016-10-12-5093_www_presseagence_fr.pdf\" title=\"www.presseagence.fr\" type=\"application\/pdf\" target=\"_blank\" rel=\"noopener\"><img loading=\"lazy\" decoding=\"async\" src=\"https:\/\/bu.optimum-automotive.com\/wp-content\/uploads\/2024\/07\/jpg\/01-85.jpg\" width=\"184\" height=\"260\" alt=\"PDF - 428,6 kb\"><\/a>\r\n<figcaption class=\"wp-element-caption\"><strong>www.presseagence.fr<\/strong><br>\r\nOLLIOULES: Christian ESTROSI revela as 12 opera\u00e7\u00f5es<br class=\"autobr\">\r\nde interesse regional\r\n<\/figcaption><\/div> \r\n\r\n<div class=\"wp-block-image\"> \r\n<a href=\"https:\/\/bu.optimum-automotive.com\/wp-content\/uploads\/2024\/07\/pdf\/2016-10-11-5958_www_capital_fr.pdf\" title=\"www.capital.fr\" type=\"application\/pdf\" target=\"_blank\" rel=\"noopener\"><img loading=\"lazy\" decoding=\"async\" src=\"https:\/\/bu.optimum-automotive.com\/wp-content\/uploads\/2024\/07\/jpg\/01-84.jpg\" width=\"184\" height=\"260\" alt=\"PDF - 139,9 kb\"><\/a>\r\n<figcaption class=\"wp-element-caption\"><strong>www.capital.fr<\/strong><br>\r\nMAPPING CONTROL torna-se verde\r\n<\/figcaption><\/div> \r\n\r\n<div class=\"wp-block-image\"> \r\n<a href=\"https:\/\/bu.optimum-automotive.com\/wp-content\/uploads\/2024\/07\/pdf\/2016-10-11-5594_www_euroinvestor_fr.pdf\" title=\"www.euroinvestor.fr\" type=\"application\/pdf\" target=\"_blank\" rel=\"noopener\"><img loading=\"lazy\" decoding=\"async\" src=\"https:\/\/bu.optimum-automotive.com\/wp-content\/uploads\/2024\/07\/jpg\/01-83.jpg\" width=\"184\" height=\"260\" alt=\"PDF - 141 kb\"><\/a>\r\n<figcaption class=\"wp-element-caption\"><strong>www.euroinvestor.fr<\/strong><br>\r\nMAPPING CONTROL torna-se verde\r\n<\/figcaption><\/div> \r\n\r\n<div class=\"wp-block-image\"> \r\n<a href=\"https:\/\/bu.optimum-automotive.com\/wp-content\/uploads\/2024\/07\/pdf\/2016-10-11-5542_www_usinedigitale_fr.pdf\" title=\"www.usine-digitale.fr\" type=\"application\/pdf\" target=\"_blank\" rel=\"noopener\"><img loading=\"lazy\" decoding=\"async\" src=\"https:\/\/bu.optimum-automotive.com\/wp-content\/uploads\/2024\/07\/jpg\/01-82.jpg\" width=\"184\" height=\"260\" alt=\"PDF - 53,4 kb\"><\/a>\r\n<figcaption class=\"wp-element-caption\"><strong>www.usine-digitale.fr<\/strong><br>\r\nFrance du num\u00e9rique 2016: Controlo do mapeamento\r\n<\/figcaption><\/div> \r\n\r\n<div class=\"wp-block-image\">\r\n<a href=\"https:\/\/bu.optimum-automotive.com\/wp-content\/uploads\/2024\/07\/pdf\/2016-10-11-1578_la_provence.pdf\" title=\"A Proven\u00e7a\" type=\"application\/pdf\" target=\"_blank\" rel=\"noopener\"><img loading=\"lazy\" decoding=\"async\" src=\"https:\/\/bu.optimum-automotive.com\/wp-content\/uploads\/2024\/07\/jpg\/01-81.jpg\" width=\"184\" height=\"260\" alt=\"PDF - 151,4 kb\"><\/a>\r\n<figcaption class=\"wp-element-caption\"><strong>A Proven\u00e7a<\/strong><br>\r\nO Controlo de Mapeamento faz 10 anos\r\n<\/figcaption><\/div> \r\n\r\n<div class=\"wp-block-image\"> \r\n<a href=\"https:\/\/bu.optimum-automotive.com\/wp-content\/uploads\/2024\/07\/pdf\/2016-10-11-1212_usine_nouvelle.pdf\" title=\"L&#039;Usine Nouvelle\" type=\"application\/pdf\" target=\"_blank\" rel=\"noopener\"><img loading=\"lazy\" decoding=\"async\" src=\"https:\/\/bu.optimum-automotive.com\/wp-content\/uploads\/2024\/07\/jpg\/01-80.jpg\" width=\"184\" height=\"260\" alt=\"PDF - 1,2 Mb\"><\/a>\r\n<figcaption class=\"wp-element-caption\"><strong>L'Usine Nouvelle<\/strong><br>\r\nO MAPPING CONTROL reduz os custos da frota\r\n<\/figcaption><\/div> \r\n\r\n<div class=\"wp-block-image\"> \r\n<a href=\"https:\/\/bu.optimum-automotive.com\/wp-content\/uploads\/2024\/07\/pdf\/2016-10-10-5619_bourse_sixfinancialinformati.pdf\" title=\"bourse.six-financial-information.fr\" type=\"application\/pdf\" target=\"_blank\" rel=\"noopener\"><img loading=\"lazy\" decoding=\"async\" src=\"https:\/\/bu.optimum-automotive.com\/wp-content\/uploads\/2024\/07\/jpg\/01-79.jpg\" width=\"184\" height=\"260\" alt=\"PDF - 116,3 kb\"><\/a>\r\n<figcaption class=\"wp-element-caption\"><strong>bourse.six-financial-information.fr<\/strong><br>\r\nMAPPING CONTROL torna-se verde\r\n<\/figcaption><\/div> \r\n\r\n<div class=\"wp-block-image\"> \r\n<a href=\"https:\/\/bu.optimum-automotive.com\/wp-content\/uploads\/2024\/07\/pdf\/2016-10-10-5552_fr_finance_yahoo_com.pdf\" title=\"pt.finance.yahoo.com\" type=\"application\/pdf\" target=\"_blank\" rel=\"noopener\"><img loading=\"lazy\" decoding=\"async\" src=\"https:\/\/bu.optimum-automotive.com\/wp-content\/uploads\/2024\/07\/jpg\/01-78.jpg\" width=\"184\" height=\"260\" alt=\"PDF - 95.2 kb\"><\/a>\r\n<figcaption class=\"wp-element-caption\"><strong>pt.finance.yahoo.com<\/strong><br>\r\nMAPPING CONTROL torna-se verde\r\n<\/figcaption><\/div> \r\n\r\n<div class=\"wp-block-image\"> \r\n<a href=\"https:\/\/bu.optimum-automotive.com\/wp-content\/uploads\/2024\/07\/pdf\/2016-10-09-5814_parisregionentreprises_org.pdf\" title=\"parisregionentreprises.org\" type=\"application\/pdf\" target=\"_blank\" rel=\"noopener\"><img loading=\"lazy\" decoding=\"async\" src=\"https:\/\/bu.optimum-automotive.com\/wp-content\/uploads\/2024\/07\/jpg\/01-77.jpg\" width=\"184\" height=\"260\" alt=\"PDF - 229,4 kb\"><\/a>\r\n<figcaption class=\"wp-element-caption\"><strong>parisregionentreprises.org<\/strong><br>\r\nAS EMPRESAS DA REGI\u00c3O DE PARIS E A MOBILIDADE INTELIGENTE\r\n<\/figcaption><\/div> \r\n\r\n<div class=\"wp-block-image\">\r\n<a href=\"https:\/\/bu.optimum-automotive.com\/wp-content\/uploads\/2024\/07\/pdf\/scanner_agence-c3m.com_20161019_180529.pdf\" title=\"LA TRIBUNE DES AUTO-ECOLES\" type=\"application\/pdf\" target=\"_blank\" rel=\"noopener\"><img loading=\"lazy\" decoding=\"async\" src=\"https:\/\/bu.optimum-automotive.com\/wp-content\/uploads\/2024\/07\/jpg\/01-91.jpg\" width=\"184\" height=\"260\" alt=\"PDF - 707.6 kb\"><\/a>\r\n<figcaption class=\"wp-element-caption\"><strong>LA TRIBUNE DES AUTO-ECOLES<\/strong><br>\r\nComemorando 10 anos!\r\n<\/figcaption><\/div> \r\n\r\n<div class=\"wp-block-image\">\r\n<a href=\"https:\/\/bu.optimum-automotive.com\/wp-content\/uploads\/2024\/07\/pdf\/cap10ans.pdf\" title=\"www.laprovence.com\" type=\"application\/pdf\" target=\"_blank\" rel=\"noopener\"><img loading=\"lazy\" decoding=\"async\" src=\"https:\/\/bu.optimum-automotive.com\/wp-content\/uploads\/2024\/07\/jpg\/01-76.jpg\" width=\"184\" height=\"260\" alt=\"PDF - 372.4 kb\"><\/a>\r\n<figcaption class=\"wp-element-caption\"><strong>www.laprovence.com<\/strong><br>\r\nMapeamento Controlo passe<br class=\"autobr\">\r\n10 anos depois\r\n<\/figcaption><\/div> \r\n\r\n<div class=\"wp-block-image\"> \r\n<a href=\"https:\/\/bu.optimum-automotive.com\/wp-content\/uploads\/2024\/07\/pdf\/mapping_control_bpifrance.pdf\" title=\"www.laprovence.com\" type=\"application\/pdf\" target=\"_blank\" rel=\"noopener\"><img loading=\"lazy\" decoding=\"async\" src=\"https:\/\/bu.optimum-automotive.com\/wp-content\/uploads\/2024\/07\/jpg\/01-75.jpg\" width=\"184\" height=\"260\" alt=\"PDF - 435 kb\"><\/a>\r\n<figcaption class=\"wp-element-caption\"><strong>www.laprovence.com<\/strong><br>\r\nMapeamento Controlar o ve\u00edculo ligado para reduzir os custos\r\n<\/figcaption><\/div> \r\n\r\n<h2 class=\"wp-block-heading\">SETEMBRO 2016<\/h2>\r\n\r\n<div class=\"wp-block-image\"> \r\n<a href=\"https:\/\/bu.optimum-automotive.com\/wp-content\/uploads\/2024\/07\/pdf\/2016_09_16_5614_www_businews_fr.pdf\" title=\"www.businews.fr\" type=\"application\/pdf\" target=\"_blank\" rel=\"noopener\"><img loading=\"lazy\" decoding=\"async\" src=\"https:\/\/bu.optimum-automotive.com\/wp-content\/uploads\/2024\/07\/jpg\/01-72.jpg\" width=\"184\" height=\"260\" alt=\"PDF - 95,5 kb\"><\/a>\r\n<figcaption class=\"wp-element-caption\"><strong>www.businews.fr<\/strong><br>\r\nMapeamento do controlo do sonho da Am\u00e9rica\r\n<\/figcaption><\/div> \r\n\r\n<div class=\"wp-block-image\">\r\n<a href=\"https:\/\/bu.optimum-automotive.com\/wp-content\/uploads\/2024\/07\/pdf\/mapping_control_affiche_ses_nouvelles_priorites.pdf\" title=\"Journal de l&#039;automobile http:\/\/www.journalauto.com\/\" type=\"application\/pdf\" target=\"_blank\" rel=\"noopener\"><img loading=\"lazy\" decoding=\"async\" src=\"https:\/\/bu.optimum-automotive.com\/wp-content\/uploads\/2024\/07\/jpg\/01-71.jpg\" width=\"184\" height=\"260\" alt=\"PDF - 402.9 kb\"><\/a>\r\n<figcaption class=\"wp-element-caption\"><strong>Journal de l'automobile http:\/\/www.journalauto.com\/<\/strong><br>\r\nO CONTROLO CARTOGR\u00c1FICO DEFINE AS SUAS NOVAS PRIORIDADES\r\n<\/figcaption><\/div> \r\n\r\n<div class=\"wp-block-image\"> \r\n<a href=\"https:\/\/bu.optimum-automotive.com\/wp-content\/uploads\/2024\/07\/pdf\/2016-09-13-5851_www_capital_fr.pdf\" title=\"www.capital.fr\" type=\"application\/pdf\" target=\"_blank\" rel=\"noopener\"><img loading=\"lazy\" decoding=\"async\" src=\"https:\/\/bu.optimum-automotive.com\/wp-content\/uploads\/2024\/07\/jpg\/01-70.jpg\" width=\"184\" height=\"260\" alt=\"PDF - 124,6 kb\"><\/a>\r\n<figcaption class=\"wp-element-caption\"><strong>www.capital.fr<\/strong><br>\r\nA MAPPING CONTROL celebra o seu 10\u00ba anivers\u00e1rio\r\n<\/figcaption><\/div> \r\n\r\n<div class=\"wp-block-image\">\r\n<a href=\"https:\/\/bu.optimum-automotive.com\/wp-content\/uploads\/2024\/07\/pdf\/2016-09-13-5530_www_journalauto_com.pdf\" title=\" www.journalauto.com\" type=\"application\/pdf\" target=\"_blank\" rel=\"noopener\"><img loading=\"lazy\" decoding=\"async\" src=\"https:\/\/bu.optimum-automotive.com\/wp-content\/uploads\/2024\/07\/jpg\/01-69.jpg\" width=\"184\" height=\"260\" alt=\"PDF - 127,6 kb\"><\/a>\r\n<figcaption class=\"wp-element-caption\"><strong>  www.journalauto.com<\/strong><br>\r\nO Mapping Control define as suas novas prioridades\r\n<\/figcaption><\/div> \r\n\r\n<div class=\"wp-block-image\"> \r\n<a href=\"https:\/\/bu.optimum-automotive.com\/wp-content\/uploads\/2024\/07\/pdf\/2016-09-13-5524_bourse_sixfinancialinformati.pdf\" title=\"bourse.six-financial-information.fr\" type=\"application\/pdf\" target=\"_blank\" rel=\"noopener\"><img loading=\"lazy\" decoding=\"async\" src=\"https:\/\/bu.optimum-automotive.com\/wp-content\/uploads\/2024\/07\/jpg\/01-68.jpg\" width=\"184\" height=\"260\" alt=\"PDF - 123.1 kb\"><\/a>\r\n<figcaption class=\"wp-element-caption\"><strong>bourse.six-financial-information.fr<\/strong><br>\r\nA MAPPING CONTROL celebra o seu 10\u00ba anivers\u00e1rio\r\n<\/figcaption><\/div> \r\n\r\n<div class=\"wp-block-image\"> \r\n<a href=\"https:\/\/bu.optimum-automotive.com\/wp-content\/uploads\/2024\/07\/pdf\/2016-09-13-5193_fr_news_yahoo_com.pdf\" title=\" pt.news.yahoo.com\" type=\"application\/pdf\" target=\"_blank\" rel=\"noopener\"><img loading=\"lazy\" decoding=\"async\" src=\"https:\/\/bu.optimum-automotive.com\/wp-content\/uploads\/2024\/07\/jpg\/01-67.jpg\" width=\"184\" height=\"260\" alt=\"PDF - 123,4 kb\"><\/a>\r\n<figcaption class=\"wp-element-caption\"><strong> pt.news.yahoo.com<\/strong><br>\r\nA MAPPING CONTROL celebra o seu 10\u00ba anivers\u00e1rio\r\n<\/figcaption><\/div> \r\n\r\n<div class=\"wp-block-image\"> \r\n<a href=\"https:\/\/bu.optimum-automotive.com\/wp-content\/uploads\/2024\/07\/pdf\/mapping_control_passe_le_cap_des_10_ans.pdf\" title=\"EuroInvestor.co.uk\" type=\"application\/pdf\" target=\"_blank\" rel=\"noopener\"><img loading=\"lazy\" decoding=\"async\" src=\"https:\/\/bu.optimum-automotive.com\/wp-content\/uploads\/2024\/07\/jpg\/anniversaire_mapping-eur.oinvestor.jpg\" width=\"184\" height=\"260\" alt=\"PDF - 3 Mb\"><\/a>\r\n<figcaption class=\"wp-element-caption\"><strong>EuroInvestor.co.uk<\/strong><br>\r\nA MAPPING CONTROL celebra o seu 10\u00ba anivers\u00e1rio\r\n<\/figcaption><\/div> \r\n\r\n<div class=\"wp-block-image\"> \r\n<a href=\"https:\/\/bu.optimum-automotive.com\/wp-content\/uploads\/2024\/07\/pdf\/snlvld_la_lettre_2016_mapping-control.pdf\" title=\"O boletim informativo do SNLVLD\" type=\"application\/pdf\" target=\"_blank\" rel=\"noopener\"><img loading=\"lazy\" decoding=\"async\" src=\"https:\/\/bu.optimum-automotive.com\/wp-content\/uploads\/2024\/07\/jpg\/01-63.jpg\" width=\"184\" height=\"260\" alt=\"PDF - 1,8 Mb\"><\/a>\r\n<figcaption class=\"wp-element-caption\"><strong>O boletim informativo do SNLVLD<\/strong><br>\r\n5 MEMBROS ASSOCIADOS , 1 nova empresa junta-se a n\u00f3s, Bem-vindo\r\n<\/figcaption><\/div> \r\n\r\n<div class=\"wp-block-image\"> \r\n<a href=\"https:\/\/bu.optimum-automotive.com\/wp-content\/uploads\/2024\/07\/pdf\/2016-09-08-1438_maires_de_france.pdf\" title=\"Autarcas de Fran\u00e7a\" type=\"application\/pdf\" target=\"_blank\" rel=\"noopener\"><img loading=\"lazy\" decoding=\"async\" src=\"https:\/\/bu.optimum-automotive.com\/wp-content\/uploads\/2024\/07\/jpg\/mairesdefrance.jpg\" width=\"184\" height=\"260\" alt=\"PDF - 108 kb\"><\/a>\r\n<figcaption class=\"wp-element-caption\"><strong>Autarcas de Fran\u00e7a<\/strong><br>\r\nVe\u00edculos, Frota conectada: gerir frotas heterog\u00e9neas...\r\n<\/figcaption><\/div> \r\n\r\n<h2 class=\"wp-block-heading\">JULHO DE 2016<\/h2>\r\n\r\n<div class=\"wp-block-image\"> \r\n<a href=\"https:\/\/bu.optimum-automotive.com\/wp-content\/uploads\/2024\/07\/pdf\/mapping_control_le_specialiste_aixois_bpi.pdf\" title=\"BPI FRAN\u00c7A http:\/\/www.bpifrance.fr\/\" type=\"application\/pdf\" target=\"_blank\" rel=\"noopener\"><img loading=\"lazy\" decoding=\"async\" src=\"https:\/\/bu.optimum-automotive.com\/wp-content\/uploads\/2024\/07\/jpg\/01-60.jpg\" width=\"184\" height=\"260\" alt=\"PDF - 3,4 Mb\"><\/a>\r\n<figcaption class=\"wp-element-caption\"><strong>BPI FRAN\u00c7A http:\/\/www.bpifrance.fr\/<\/strong><br>\r\nMapping Control, o especialista em ve\u00edculos conectados sediado em Aix, lan\u00e7a-se em \u00c1frica\r\n<\/figcaption><\/div> \r\n\r\n<h2 class=\"wp-block-heading\">JUNHO DE 2016<\/h2>\r\n\r\n<div class=\"wp-block-image\">\r\n<a href=\"https:\/\/bu.optimum-automotive.com\/wp-content\/uploads\/2024\/07\/pdf\/itespresso_fr_frenctech_numperique_gestiondeflotte.pdf\" title=\"www.itespresso.fr\" type=\"application\/pdf\" target=\"_blank\" rel=\"noopener\"><img loading=\"lazy\" decoding=\"async\" src=\"https:\/\/bu.optimum-automotive.com\/wp-content\/uploads\/2024\/07\/jpg\/itexpresso_gestion_flotte.jpg\" width=\"184\" height=\"260\" alt=\"PDF - 179,5 kb\"><\/a>\r\n<figcaption class=\"wp-element-caption\"><strong>www.itespresso.fr<\/strong><br>\r\nFRENCH TECH \/ DIGITAL \/ PACA - Controlo de mapeamento<br class=\"autobr\">\r\npremiou a editora tecnol\u00f3gica francesa\r\n<\/figcaption><\/div> \r\n\r\n<div class=\"wp-block-image\"> \r\n<a href=\"https:\/\/bu.optimum-automotive.com\/wp-content\/uploads\/2024\/07\/pdf\/labourseetlavie_com_frenchtech.pdf\" title=\"www.labourseetlavie.com\" type=\"application\/pdf\" target=\"_blank\" rel=\"noopener\"><img loading=\"lazy\" decoding=\"async\" src=\"https:\/\/bu.optimum-automotive.com\/wp-content\/uploads\/2024\/07\/jpg\/labourseetlavie_frenctech.jpg\" width=\"184\" height=\"260\" alt=\"PDF - 179,2 kb\"><\/a>\r\n<figcaption class=\"wp-element-caption\"><strong>www.labourseetlavie.com<\/strong><br>\r\nMapping Control recebe pr\u00e9mio de etiqueta tecnol\u00f3gica francesa\r\n<\/figcaption><\/div> \r\n\r\n<div class=\"wp-block-image\"> \r\n<a href=\"https:\/\/bu.optimum-automotive.com\/wp-content\/uploads\/2024\/07\/pdf\/euroinvestor_fr_frenchtech.pdf\" title=\"www.euroinvestor.fr\" type=\"application\/pdf\" target=\"_blank\" rel=\"noopener\"><img loading=\"lazy\" decoding=\"async\" src=\"https:\/\/bu.optimum-automotive.com\/wp-content\/uploads\/2024\/07\/jpg\/euroinvestor_gestiondeflotte.jpg\" width=\"184\" height=\"260\" alt=\"PDF - 179,5 kb\"><\/a>\r\n<figcaption class=\"wp-element-caption\"><strong>www.euroinvestor.fr<\/strong><br>\r\nFRENCH TECH \/ DIGITAL \/ PACA - Mapping Control recebe pr\u00e9mio da etiqueta French Tech\r\n<\/figcaption><\/div> \r\n\r\n<div class=\"wp-block-image\"> \r\n<a href=\"https:\/\/bu.optimum-automotive.com\/wp-content\/uploads\/2024\/07\/pdf\/geolocalisation_vehicules_mapping_capital_fr.pdf\" title=\"www.capital.fr\" type=\"application\/pdf\" target=\"_blank\" rel=\"noopener\"><img loading=\"lazy\" decoding=\"async\" src=\"https:\/\/bu.optimum-automotive.com\/wp-content\/uploads\/2024\/07\/jpg\/gestiondeflotte.jpg\" width=\"184\" height=\"260\" alt=\"PDF - 179,3 kb\"><\/a>\r\n<figcaption class=\"wp-element-caption\"><strong>www.capital.fr<\/strong><br>\r\nFRENCH TECH \/ DIGITAL \/ PACA - Controlo de mapeamento<br class=\"autobr\">\r\npremiou a editora tecnol\u00f3gica francesa\r\n<\/figcaption><\/div> \r\n\r\n<div class=\"wp-block-image\"> \r\n<a href=\"https:\/\/bu.optimum-automotive.com\/wp-content\/uploads\/2024\/07\/pdf\/mapping_control_decroche_le_label_french_tech-2.pdf\" title=\"www.cote-azur.cci.fr\" type=\"application\/pdf\" target=\"_blank\" rel=\"noopener\"><img loading=\"lazy\" decoding=\"async\" src=\"https:\/\/bu.optimum-automotive.com\/wp-content\/uploads\/2024\/07\/jpg\/gestiondeparc.jpg\" width=\"184\" height=\"260\" alt=\"PDF - 65,8 kb\"><\/a>\r\n<figcaption class=\"wp-element-caption\"><strong>www.cote-azur.cci.fr<\/strong><br>\r\n\u00caxito total do programa de acelera\u00e7\u00e3o de novas empresas do cluster SCS\r\n<\/figcaption><\/div> \r\n\r\n<div class=\"wp-block-image\">\r\n<a href=\"https:\/\/bu.optimum-automotive.com\/wp-content\/uploads\/2024\/07\/pdf\/mapping_control_decroche_le_label_french_tech.pdf\" title=\"automobile-entreprise.com\" type=\"application\/pdf\" target=\"_blank\" rel=\"noopener\"><img loading=\"lazy\" decoding=\"async\" src=\"https:\/\/bu.optimum-automotive.com\/wp-content\/uploads\/2024\/07\/jpg\/geolocalisation_automobile_entreprise.jpg\" width=\"184\" height=\"260\" alt=\"PDF - 1,3 Mb\"><\/a>\r\n<figcaption class=\"wp-element-caption\"><strong>automobile-entreprise.com<\/strong><br>\r\nMapping Control recebeu o pr\u00e9mio da etiqueta tecnol\u00f3gica francesa\r\n<\/figcaption><\/div> \r\n\r\n<div class=\"wp-block-image\">\r\n<a href=\"https:\/\/bu.optimum-automotive.com\/wp-content\/uploads\/2024\/07\/pdf\/2016-06-29_labourseetlavie_com.pdf\" title=\"labourseetlavie.com\" type=\"application\/pdf\" target=\"_blank\" rel=\"noopener\"><img loading=\"lazy\" decoding=\"async\" src=\"https:\/\/bu.optimum-automotive.com\/wp-content\/uploads\/2024\/07\/jpg\/geolocalisation_french_teck.jpg\" width=\"184\" height=\"260\" alt=\"PDF - 179,2 kb\"><\/a>\r\n<figcaption class=\"wp-element-caption\"><strong>labourseetlavie.com<\/strong><br>\r\nMapping Control recebe pr\u00e9mio de etiqueta tecnol\u00f3gica francesa\r\n<\/figcaption><\/div> \r\n\r\n<div class=\"wp-block-image\">\r\n<a href=\"https:\/\/bu.optimum-automotive.com\/wp-content\/uploads\/2024\/07\/pdf\/paca_-_mapping-french_teck.pdf\" title=\"Yahoo Finan\u00e7as\" type=\"application\/pdf\" target=\"_blank\" rel=\"noopener\"><img loading=\"lazy\" decoding=\"async\" src=\"https:\/\/bu.optimum-automotive.com\/wp-content\/uploads\/2024\/07\/jpg\/01-57.jpg\" width=\"184\" height=\"260\" alt=\"PDF - 2,6 Mb\"><\/a>\r\n<figcaption class=\"wp-element-caption\"><strong>Yahoo Finan\u00e7as<\/strong><br>\r\nFRENCH TECH \/ DIGITAL \/ PACA - Controlo de mapeamento\r\n<\/figcaption><\/div> \r\n\r\n<div class=\"wp-block-image\">\r\n<a href=\"https:\/\/bu.optimum-automotive.com\/wp-content\/uploads\/2024\/07\/pdf\/17juin-journalauto-geolocalisation.pdf\" title=\"Jornal do Autom\u00f3vel\" type=\"application\/pdf\" target=\"_blank\" rel=\"noopener\"><img loading=\"lazy\" decoding=\"async\" src=\"https:\/\/bu.optimum-automotive.com\/wp-content\/uploads\/2024\/07\/jpg\/01-54.jpg\" width=\"184\" height=\"260\" alt=\"PDF - 4,4 Mb\"><\/a>\r\n<figcaption class=\"wp-element-caption\"><strong>Jornal do Autom\u00f3vel<\/strong><br>\r\nControlo do mapeamento da pasta de geolocaliza\u00e7\u00e3o\r\n<\/figcaption><\/div> \r\n\r\n<div class=\"wp-block-image\"> \r\n<a href=\"https:\/\/bu.optimum-automotive.com\/wp-content\/uploads\/2024\/07\/pdf\/l_essentiel.pdf\" title=\"O essencial\" type=\"application\/pdf\" target=\"_blank\" rel=\"noopener\"><img loading=\"lazy\" decoding=\"async\" src=\"https:\/\/bu.optimum-automotive.com\/wp-content\/uploads\/2024\/07\/jpg\/01-59.jpg\" width=\"184\" height=\"260\" alt=\"PDF - 584.6 kb\"><\/a>\r\n<figcaption class=\"wp-element-caption\"><strong>O essencial<\/strong><br>\r\nTeca francesa Mapeamento Contrrol\r\n<\/figcaption><\/div> \r\n\r\n<div class=\"wp-block-image\">\r\n<a href=\"https:\/\/bu.optimum-automotive.com\/wp-content\/uploads\/2024\/07\/pdf\/2016-06-07-1742_la_provence.pdf\" title=\"A Proven\u00e7a\" type=\"application\/pdf\" target=\"_blank\" rel=\"noopener\"><img loading=\"lazy\" decoding=\"async\" src=\"https:\/\/bu.optimum-automotive.com\/wp-content\/uploads\/2024\/07\/jpg\/01-55.jpg\" width=\"185\" height=\"267\" alt=\"PDF - 187,8 kb\"><\/a>\r\n<figcaption class=\"wp-element-caption\"><strong>A Proven\u00e7a<\/strong><br>\r\nO Mapping Control ajuda-o a otimizar a sua frota de ve\u00edculos.\r\n<\/figcaption><\/div> \r\n\r\n<div class=\"wp-block-image\">\r\n<a href=\"https:\/\/bu.optimum-automotive.com\/wp-content\/uploads\/2024\/07\/pdf\/cai_90_rencontre_mc.pdf\" title=\"REUNI\u00c3O\" type=\"application\/pdf\" target=\"_blank\" rel=\"noopener\"><img loading=\"lazy\" decoding=\"async\" src=\"https:\/\/bu.optimum-automotive.com\/wp-content\/uploads\/2024\/07\/jpg\/01-52.jpg\" width=\"184\" height=\"260\" alt=\"PDF - 81,5 kb\"><\/a>\r\n<figcaption class=\"wp-element-caption\"><strong>REUNI\u00c3O<\/strong><br>\r\nEstes novos condutores<br class=\"autobr\">\r\ne as suas estranhas m\u00e1quinas...\r\n<\/figcaption><\/div> \r\n\r\n<h2 class=\"wp-block-heading\">MAIO 2016<\/h2>\r\n\r\n<div class=\"wp-block-image\">\r\n<a href=\"https:\/\/bu.optimum-automotive.com\/wp-content\/uploads\/2024\/07\/pdf\/2016-05-16-perspectives_entrepreneurs.pdf\" title=\"PERSPECTIVA EMPRESARIAL\" type=\"application\/pdf\" target=\"_blank\" rel=\"noopener\"><img loading=\"lazy\" decoding=\"async\" src=\"https:\/\/bu.optimum-automotive.com\/wp-content\/uploads\/2024\/07\/jpg\/01-53.jpg\" width=\"184\" height=\"260\" alt=\"PDF - 554.3 kb\"><\/a>\r\n<figcaption class=\"wp-element-caption\"><strong>PERSPECTIVA EMPRESARIAL<\/strong><br>\r\nFrota autom\u00f3vel: poupe dinheiro!\r\n\r\n<\/figcaption><\/div> \r\n\r\n<h2 class=\"wp-block-heading\">ABRIL DE 2016<\/h2>\r\n\r\n<div class=\"wp-block-image\">\r\n<a href=\"https:\/\/bu.optimum-automotive.com\/wp-content\/uploads\/2024\/07\/pdf\/pdf_mapping_control_specialiste_aixois_du_vehicule_connecte_se_lance_en_afrique.pdf\" title=\"usine-digitale.fr s\u00edtio web\" type=\"application\/pdf\" target=\"_blank\" rel=\"noopener\"><img loading=\"lazy\" decoding=\"async\" src=\"https:\/\/bu.optimum-automotive.com\/wp-content\/uploads\/2024\/07\/jpg\/01-35.jpg\" width=\"184\" height=\"260\" alt=\"PDF - 955.1 kb\"><\/a>\r\n<figcaption class=\"wp-element-caption\"><strong>usine-digitale.fr s\u00edtio web<\/strong><br>\r\nGest\u00e3o de frotas de ve\u00edculos conectados MAPEAMENTO DO CONTROLO EM \u00c1FRICA\r\n<\/figcaption><\/div> \r\n\r\n<div class=\"wp-block-image\">\r\n<a href=\"https:\/\/bu.optimum-automotive.com\/wp-content\/uploads\/2024\/07\/pdf\/2016-04-08-1542_kilometres_entreprise.pdf\" title=\"QUIL\u00d3METROS EMPRESA\" type=\"application\/pdf\" target=\"_blank\" rel=\"noopener\"><img loading=\"lazy\" decoding=\"async\" src=\"https:\/\/bu.optimum-automotive.com\/wp-content\/uploads\/2024\/07\/jpg\/01-31.jpg\" width=\"184\" height=\"260\" alt=\"PDF - 79.1 kb\"><\/a>\r\n<figcaption class=\"wp-element-caption\"><strong>QUIL\u00d3METROS EMPRESA<\/strong><br>\r\nAs ambi\u00e7\u00f5es do controlo cartogr\u00e1fico\r\n<\/figcaption><\/div> \r\n\r\n<div class=\"wp-block-image\">\r\n<a href=\"https:\/\/bu.optimum-automotive.com\/wp-content\/uploads\/2024\/07\/pdf\/2016-04-14-1679_challenges.pdf\" title=\"DESAFIOS\" type=\"application\/pdf\" target=\"_blank\" rel=\"noopener\"><img loading=\"lazy\" decoding=\"async\" src=\"https:\/\/bu.optimum-automotive.com\/wp-content\/uploads\/2024\/07\/jpg\/01-32.jpg\" width=\"184\" height=\"260\" alt=\"PDF - 1,9 Mb\"><\/a>\r\n<figcaption class=\"wp-element-caption\"><strong>DESAFIOS<\/strong><br>\r\nTelem\u00e1tica a bordo: \"A liga\u00e7\u00e3o francesa\r\n<\/figcaption><\/div> \r\n\r\n<div class=\"wp-block-image\">\r\n<a href=\"https:\/\/bu.optimum-automotive.com\/wp-content\/uploads\/2024\/07\/pdf\/itw_mapping_control_gestion_de_parc.pdf\" title=\"ECO SMES\" type=\"application\/pdf\" target=\"_blank\" rel=\"noopener\"><img loading=\"lazy\" decoding=\"async\" src=\"https:\/\/bu.optimum-automotive.com\/wp-content\/uploads\/2024\/07\/jpg\/01-33.jpg\" width=\"184\" height=\"260\" alt=\"PDF - 4,1 Mb\"><\/a>\r\n<figcaption class=\"wp-element-caption\"><strong>ECO SMES<\/strong><br>\r\n\"Para as empresas marroquinas, a gest\u00e3o da frota \u00e9 crucial\".\r\n<\/figcaption><\/div> \r\n\r\n<h2 class=\"wp-block-heading\">MAR\u00c7O DE 2016<\/h2>\r\n\r\n<div class=\"wp-block-image\"> \r\n<a href=\"https:\/\/bu.optimum-automotive.com\/wp-content\/uploads\/2024\/07\/pdf\/mapping-control__la_gestion_optimum___telematique_embarquee_flottes_automobiles.pdf\" title=\"FLOTTES AUTOMOBILES website flotauto.com\" type=\"application\/pdf\" target=\"_blank\" rel=\"noopener\"><img loading=\"lazy\" decoding=\"async\" src=\"https:\/\/bu.optimum-automotive.com\/wp-content\/uploads\/2024\/07\/jpg\/flotte_auto.jpg\" width=\"184\" height=\"260\" alt=\"PDF - 1,9 Mb\"><\/a>\r\n<figcaption class=\"wp-element-caption\"><strong>FLOTTES AUTOMOBILES website flotauto.com<\/strong><br>\r\nMapping Control: gest\u00e3o optimizada | Telem\u00e1tica a bordo\r\n<\/figcaption><\/div> \r\n\r\n<div class=\"wp-block-image\"> \r\n<a href=\"https:\/\/bu.optimum-automotive.com\/wp-content\/uploads\/2024\/07\/pdf\/optimum_automotive_veut_changer_les_habitudes.pdf\" title=\"JOURNAL AUTO WEBSITE JournalAuto.com\" type=\"application\/pdf\" target=\"_blank\" rel=\"noopener\"><img loading=\"lazy\" decoding=\"async\" src=\"https:\/\/bu.optimum-automotive.com\/wp-content\/uploads\/2024\/07\/jpg\/01-28.jpg\" width=\"184\" height=\"260\" alt=\"PDF - 155.7 kb\"><\/a>\r\n<figcaption class=\"wp-element-caption\"><strong>JOURNAL AUTO WEBSITE JournalAuto.com<\/strong><br>\r\nOPTIMUM AUTOMOTIVE, poderes para<br class=\"autobr\">\r\ndecisores e gestores de frotas\r\n<\/figcaption><\/div> \r\n\r\n<div class=\"wp-block-image\"> \r\n<a href=\"https:\/\/bu.optimum-automotive.com\/wp-content\/uploads\/2024\/07\/pdf\/mapping_control_renforce_son_outil_de_gestion_de_parc.pdf\" title=\"SITE MAGAZINE L&#039;AUTOMOBILE L&#039;ENTREPRISE automobile-entreprise.com\" type=\"application\/pdf\" target=\"_blank\" rel=\"noopener\"><img loading=\"lazy\" decoding=\"async\" src=\"https:\/\/bu.optimum-automotive.com\/wp-content\/uploads\/2024\/07\/jpg\/01-3-2.jpg\" width=\"184\" height=\"260\" alt=\"PDF - 4,9 Mb\"><\/a>\r\n<figcaption class=\"wp-element-caption\"><strong>SITE MAGAZINE L'AUTOMOBILE L'ENTREPRISE automobile-entreprise.com<\/strong><br>\r\nMapping Control refor\u00e7a a sua ferramenta de gest\u00e3o de frotas\r\n<\/figcaption><\/div> \r\n\r\n<div class=\"wp-block-image\">\r\n<a href=\"https:\/\/bu.optimum-automotive.com\/wp-content\/uploads\/2024\/07\/pdf\/des_outils_pour_gerer_en_interne___location_longue_duree___flottes_automobiles.pdf\" title=\"FLOTTES AUTOMOBILES website flotauto.com\" type=\"application\/pdf\" target=\"_blank\" rel=\"noopener\"><img loading=\"lazy\" decoding=\"async\" src=\"https:\/\/bu.optimum-automotive.com\/wp-content\/uploads\/2024\/07\/jpg\/01-4-2.jpg\" width=\"184\" height=\"260\" alt=\"PDF - 579 kb\"><\/a>\r\n<figcaption class=\"wp-element-caption\"><strong>FLOTTES AUTOMOBILES website flotauto.com<\/strong><br>\r\nFerramentas de gest\u00e3o interna | Aluguer de longa dura\u00e7\u00e3o\r\n\r\n<\/figcaption><\/div> \r\n\r\n<h2 class=\"wp-block-heading\">FEVEREIRO 2016<\/h2>\r\n\r\n<div class=\"wp-block-image\">\r\n<a href=\"https:\/\/bu.optimum-automotive.com\/wp-content\/uploads\/2024\/07\/pdf\/2016-02-25-5791_paca_cci_fr.pdf\" title=\"SITE CCI PROVENCE ALPES COTE D&#039;AZUR paca.cci.fr\" type=\"application\/pdf\" target=\"_blank\" rel=\"noopener\"><img loading=\"lazy\" decoding=\"async\" src=\"https:\/\/bu.optimum-automotive.com\/wp-content\/uploads\/2024\/07\/jpg\/01-5-2.jpg\" width=\"184\" height=\"260\" alt=\"PDF - 168,6 kb\"><\/a>\r\n<figcaption class=\"wp-element-caption\"><strong>SITE CCI PROVENCE ALPES COTE D'AZUR paca.cci.fr<\/strong><br>\r\nPaca Accelerator para apoiar empresas inovadoras\r\n<\/figcaption><\/div> \r\n\r\n<div class=\"wp-block-image\"> \r\n<a href=\"https:\/\/bu.optimum-automotive.com\/wp-content\/uploads\/2024\/07\/pdf\/2016-02-24-5589_www_lesechos_fr.pdf\" title=\"SITE LESECHOS.FR\" type=\"application\/pdf\" target=\"_blank\" rel=\"noopener\"><img loading=\"lazy\" decoding=\"async\" src=\"https:\/\/bu.optimum-automotive.com\/wp-content\/uploads\/2024\/07\/jpg\/01-6-2.jpg\" width=\"184\" height=\"260\" alt=\"PDF - 321.6 kb\"><\/a>\r\n<figcaption class=\"wp-element-caption\"><strong>SITE LESECHOS.FR<\/strong><br>\r\nA Paca Accelerator tem por objetivo impulsionar o crescimento das empresas locais em fase de arranque\r\n<\/figcaption><\/div> \r\n\r\n<div class=\"wp-block-image\">\r\n<a href=\"https:\/\/bu.optimum-automotive.com\/wp-content\/uploads\/2024\/07\/pdf\/2016-02-24-1378_les_echos.pdf\" title=\"LES ECHOS\" type=\"application\/pdf\" target=\"_blank\" rel=\"noopener\"><img loading=\"lazy\" decoding=\"async\" src=\"https:\/\/bu.optimum-automotive.com\/wp-content\/uploads\/2024\/07\/jpg\/01-7-2.jpg\" width=\"184\" height=\"260\" alt=\"PDF - 93,3 kb\"><\/a>\r\n<figcaption class=\"wp-element-caption\"><strong>LES ECHOS<\/strong><br>\r\nA Paca Accelerator tem por objetivo impulsionar o crescimento das empresas locais em fase de arranque\r\n<\/figcaption><\/div> \r\n\r\n<div class=\"wp-block-image\"> \r\n<a href=\"https:\/\/bu.optimum-automotive.com\/wp-content\/uploads\/2024\/07\/pdf\/2016-02-18-1552_flottes_automobiles_breve_.pdf\" title=\"FROTAS DE AUTOM\u00d3VEIS\" type=\"application\/pdf\" target=\"_blank\" rel=\"noopener\"><img loading=\"lazy\" decoding=\"async\" src=\"https:\/\/bu.optimum-automotive.com\/wp-content\/uploads\/2024\/07\/jpg\/01-8.jpg\" width=\"184\" height=\"260\" alt=\"PDF - 294.2 kb\"><\/a>\r\n<figcaption class=\"wp-element-caption\"><strong>FROTAS DE AUTOM\u00d3VEIS<\/strong><br>\r\nLeucate geolocaliza a sua pol\u00edcia municipal\r\n<\/figcaption><\/div> \r\n\r\n<div class=\"wp-block-image\">\r\n<a href=\"https:\/\/bu.optimum-automotive.com\/wp-content\/uploads\/2024\/07\/pdf\/2016-02-18-1298_flottes_automobiles.pdf\" title=\"FROTAS DE AUTOM\u00d3VEIS\" type=\"application\/pdf\" target=\"_blank\" rel=\"noopener\"><img loading=\"lazy\" decoding=\"async\" src=\"https:\/\/bu.optimum-automotive.com\/wp-content\/uploads\/2024\/07\/jpg\/01-9.jpg\" width=\"184\" height=\"260\" alt=\"PDF - 602.5 kb\"><\/a>\r\n<figcaption class=\"wp-element-caption\"><strong>FROTAS DE AUTOM\u00d3VEIS<\/strong><br>\r\nAluguer de longa dura\u00e7\u00e3o. Servi\u00e7os \u00e0 la carte\r\n<\/figcaption><\/div> \r\n\r\n<div class=\"wp-block-image\"> \r\n<a href=\"https:\/\/bu.optimum-automotive.com\/wp-content\/uploads\/2024\/07\/pdf\/2016-02-17-5478_www_pleinchamp_com_.pdf\" title=\"SITE PLEINCHAMP pleinchamp.com\" type=\"application\/pdf\" target=\"_blank\" rel=\"noopener\"><img loading=\"lazy\" decoding=\"async\" src=\"https:\/\/bu.optimum-automotive.com\/wp-content\/uploads\/2024\/07\/jpg\/01-10.jpg\" width=\"184\" height=\"260\" alt=\"PDF - 72.7 kb\"><\/a>\r\n<figcaption class=\"wp-element-caption\"><strong>SITE PLEINCHAMP pleinchamp.com<\/strong><br>\r\nVotremachine.com, um novo s\u00edtio Web para partilhar m\u00e1quinas\r\n<\/figcaption><\/div> \r\n\r\n<div class=\"wp-block-image\">\r\n<a href=\"https:\/\/bu.optimum-automotive.com\/wp-content\/uploads\/2024\/07\/pdf\/2016-02-09-1031_la_provence.pdf\" title=\"A PROV\u00cdNCIA\" type=\"application\/pdf\" target=\"_blank\" rel=\"noopener\"><img loading=\"lazy\" decoding=\"async\" src=\"https:\/\/bu.optimum-automotive.com\/wp-content\/uploads\/2024\/07\/jpg\/01-12.jpg\" width=\"184\" height=\"260\" alt=\"PDF - 96,8 kb\"><\/a>\r\n<figcaption class=\"wp-element-caption\"><strong>A PROV\u00cdNCIA<\/strong><br>\r\nINOVA\u00c7\u00c3O: A regi\u00e3o suporta o controlo de mapeamento\r\n<\/figcaption><\/div> \r\n\r\n<div class=\"wp-block-image\">\r\n<a href=\"https:\/\/bu.optimum-automotive.com\/wp-content\/uploads\/2024\/07\/pdf\/2016-02-09-1691_le_journal_des_entreprises_edi.pdf\" title=\"LE JOURNAL DES ENTREPRISES PROVENCE-COTE D&#039;AZUR\" type=\"application\/pdf\" target=\"_blank\" rel=\"noopener\"><img loading=\"lazy\" decoding=\"async\" src=\"https:\/\/bu.optimum-automotive.com\/wp-content\/uploads\/2024\/07\/jpg\/01-11.jpg\" width=\"184\" height=\"260\" alt=\"PDF - 201.1 kb\"><\/a>\r\n<figcaption class=\"wp-element-caption\"><strong>LE JOURNAL DES ENTREPRISES PROVENCE-COTE D'AZUR<\/strong><br>\r\nControlo de mapeamento Acelerador Paca\r\n<\/figcaption><\/div> \r\n\r\n<h2 class=\"wp-block-heading\">JANEIRO DE 2016<\/h2>\r\n\r\n<div class=\"wp-block-image\">\r\n<a href=\"https:\/\/bu.optimum-automotive.com\/wp-content\/uploads\/2024\/07\/pdf\/2015_12_28_1349_informations_agricoles_hebdo_a.pdf\" title=\"INFORMA\u00c7\u00d5ES AGR\u00cdCOLAS\" type=\"application\/pdf\" target=\"_blank\" rel=\"noopener\"><img loading=\"lazy\" decoding=\"async\" src=\"https:\/\/bu.optimum-automotive.com\/wp-content\/uploads\/2024\/07\/jpg\/01-14.jpg\" width=\"184\" height=\"260\" alt=\"PDF - 555.8 kb\"><\/a>\r\n<figcaption class=\"wp-element-caption\"><strong>INFORMA\u00c7\u00d5ES AGR\u00cdCOLAS<\/strong><br>\r\nEconomia colaborativa: Aluguer e partilha de equipamento agr\u00edcola\r\n<\/figcaption><\/div> \r\n\r\n<div class=\"wp-block-image\"> \r\n<a href=\"https:\/\/bu.optimum-automotive.com\/wp-content\/uploads\/2024\/07\/pdf\/2016_01_06_5323_www_lejournaldesentreprises_co.pdf\" title=\"LE JOURNAL DES ENTREPRISES lejournaldesentreprises.com\" type=\"application\/pdf\" target=\"_blank\" rel=\"noopener\"><img loading=\"lazy\" decoding=\"async\" src=\"https:\/\/bu.optimum-automotive.com\/wp-content\/uploads\/2024\/07\/jpg\/01-13.jpg\" width=\"184\" height=\"260\" alt=\"PDF - 93,7 kb\"><\/a>\r\n<figcaption class=\"wp-element-caption\"><strong>LE JOURNAL DES ENTREPRISES lejournaldesentreprises.com<\/strong><br>\r\nAix-en-Provence. Controlo de Mapeamento selecionado pelo Acelerador Paca\r\n<\/figcaption><\/div> \r\n\r\n<div class=\"wp-block-image\"> \r\n<a href=\"https:\/\/bu.optimum-automotive.com\/wp-content\/uploads\/2024\/07\/pdf\/la_tribune_des_auto-ecoles.pdf\" title=\"O F\u00d3RUM DAS ESCOLAS DE CONDU\u00c7\u00c3O\" type=\"application\/pdf\" target=\"_blank\" rel=\"noopener\"><img loading=\"lazy\" decoding=\"async\" src=\"https:\/\/bu.optimum-automotive.com\/wp-content\/uploads\/2024\/07\/jpg\/01-15.jpg\" width=\"184\" height=\"260\" alt=\"PDF - 103,8 kb\"><\/a>\r\n<figcaption class=\"wp-element-caption\"><strong>O F\u00d3RUM DAS ESCOLAS DE CONDU\u00c7\u00c3O<\/strong><br>\r\nGeolocaliza\u00e7\u00e3o: uma ferramenta para reduzir custos\r\n<\/figcaption><\/div> \r\n\r\n<h2 class=\"wp-block-heading\">NOVEMBRO 2015<\/h2>\r\n\r\n<div class=\"wp-block-image\"> \r\n<a href=\"https:\/\/bu.optimum-automotive.com\/wp-content\/uploads\/2024\/07\/pdf\/2015_10_28_5204_www_transportissimo_com.pdf\" title=\"TRANSPORTISSIMO transportissimo.com\" type=\"application\/pdf\" target=\"_blank\" rel=\"noopener\"><img loading=\"lazy\" decoding=\"async\" src=\"https:\/\/bu.optimum-automotive.com\/wp-content\/uploads\/2024\/07\/jpg\/01-16.jpg\" width=\"184\" height=\"260\" alt=\"PDF - 399,4 kb\"><\/a>\r\n<figcaption class=\"wp-element-caption\"><strong>TRANSPORTISSIMO transportissimo.com<\/strong><br>\r\nA Transports AJC gere os seus VCL com o Mapping Control\r\n\r\n<\/figcaption><\/div> \r\n\r\n<h2 class=\"wp-block-heading\">OUTUBRO 2015<\/h2>\r\n\r\n<div class=\"wp-block-image\">\r\n<a href=\"https:\/\/bu.optimum-automotive.com\/wp-content\/uploads\/2024\/07\/pdf\/2015_10_25_5491_www_flotauto_com.pdf\" title=\"FLOTAUTO flotauto.com\" type=\"application\/pdf\" target=\"_blank\" rel=\"noopener\"><img loading=\"lazy\" decoding=\"async\" src=\"https:\/\/bu.optimum-automotive.com\/wp-content\/uploads\/2024\/07\/jpg\/01-17.jpg\" width=\"184\" height=\"260\" alt=\"PDF - 161.7 kb\"><\/a>\r\n<figcaption class=\"wp-element-caption\"><strong>FLOTAUTO flotauto.com<\/strong><br>\r\nA Transports AJC optimiza a gest\u00e3o da sua frota com o Mapping Control\r\n<\/figcaption><\/div> \r\n\r\n<div class=\"wp-block-image\"> \r\n<a href=\"https:\/\/bu.optimum-automotive.com\/wp-content\/uploads\/2024\/07\/pdf\/2015_10_25_5214_www_automobileentreprise_com.pdf\" title=\"AUTOMOTIVO &amp; NEG\u00d3CIOS automobile-entreprise.com\" type=\"application\/pdf\" target=\"_blank\" rel=\"noopener\"><img loading=\"lazy\" decoding=\"async\" src=\"https:\/\/bu.optimum-automotive.com\/wp-content\/uploads\/2024\/07\/jpg\/01-18.jpg\" width=\"184\" height=\"260\" alt=\"PDF - 144,9 kb\"><\/a>\r\n<figcaption class=\"wp-element-caption\"><strong>AUTOMOTIVO &amp; NEG\u00d3CIOS automobile-entreprise.com<\/strong><br>\r\nA Transports AJC equipa os seus 80 ve\u00edculos comerciais com uma caixa telem\u00e1tica\r\n<\/figcaption><\/div> \r\n\r\n<div class=\"wp-block-image\">\r\n<a href=\"https:\/\/bu.optimum-automotive.com\/wp-content\/uploads\/2024\/07\/pdf\/2015_10_08_1393_l_automobile___l_entreprise.pdf\" title=\"AUTOM\u00d3VEIS E NEG\u00d3CIOS\" type=\"application\/pdf\" target=\"_blank\" rel=\"noopener\"><img loading=\"lazy\" decoding=\"async\" src=\"https:\/\/bu.optimum-automotive.com\/wp-content\/uploads\/2024\/07\/jpg\/01-19.jpg\" width=\"184\" height=\"260\" alt=\"PDF - 243.8 kb\"><\/a>\r\n<figcaption class=\"wp-element-caption\"><strong>AUTOM\u00d3VEIS E NEG\u00d3CIOS<\/strong><br>\r\nMapping Control angaria fundos para a sua expans\u00e3o\r\n<\/figcaption><\/div> \r\n\r\n<div class=\"wp-block-image\">\r\n<a href=\"https:\/\/bu.optimum-automotive.com\/wp-content\/uploads\/2024\/07\/pdf\/le_nouvel_horizon_de_la_telematique_embarquee.pdf\" title=\"DECIS\u00c3O DE COMPRA\" type=\"application\/pdf\" target=\"_blank\" rel=\"noopener\"><img loading=\"lazy\" decoding=\"async\" src=\"https:\/\/bu.optimum-automotive.com\/wp-content\/uploads\/2024\/07\/jpg\/01-20.jpg\" width=\"184\" height=\"260\" alt=\"PDF - 724,3 kb\"><\/a>\r\n<figcaption class=\"wp-element-caption\"><strong>DECIS\u00c3O DE COMPRA<\/strong><br>\r\nGEST\u00c3O DE FROTAS | DECIFRAR : O novo horizonte da telem\u00e1tica\r\n<\/figcaption><\/div> \r\n\r\n<div class=\"wp-block-image\"> \r\n<a href=\"https:\/\/bu.optimum-automotive.com\/wp-content\/uploads\/2024\/07\/pdf\/mapping_control___la_pme_vise_le_monde_de_l_automobile.pdf\" title=\"LE JOURNAL DES ENTREPRISES EDI\u00c7\u00c3O PROVENCE-COTE D&#039;AZUR\" type=\"application\/pdf\" target=\"_blank\" rel=\"noopener\"><img loading=\"lazy\" decoding=\"async\" src=\"https:\/\/bu.optimum-automotive.com\/wp-content\/uploads\/2024\/07\/jpg\/01-21.jpg\" width=\"184\" height=\"260\" alt=\"PDF - 173,2 kb\"><\/a>\r\n<figcaption class=\"wp-element-caption\"><strong>LE JOURNAL DES ENTREPRISES EDI\u00c7\u00c3O PROVENCE-COTE D'AZUR<\/strong><br>\r\nControlo de mapeamento. A empresa tem como alvo o ecossistema autom\u00f3vel\r\n<\/figcaption><\/div> \r\n\r\n<div class=\"wp-block-image\"> \r\n<a href=\"https:\/\/bu.optimum-automotive.com\/wp-content\/uploads\/2024\/07\/pdf\/2015_10_05_1151_businews.pdf\" title=\"NOT\u00cdCIAS DE NEG\u00d3CIOS\" type=\"application\/pdf\" target=\"_blank\" rel=\"noopener\"><img loading=\"lazy\" decoding=\"async\" src=\"https:\/\/bu.optimum-automotive.com\/wp-content\/uploads\/2024\/07\/jpg\/01-22.jpg\" width=\"184\" height=\"260\" alt=\"PDF - 469,6 kb\"><\/a>\r\n<figcaption class=\"wp-element-caption\"><strong>NOT\u00cdCIAS DE NEG\u00d3CIOS<\/strong><br>\r\nSOLU\u00c7\u00d5ES DE \"MOBILIDADE ECOL\u00d3GICA\" \/ \"TRANSPORTES DO FUTURO\r\n\r\n<\/figcaption><\/div> \r\n\r\n<h2 class=\"wp-block-heading\">SETEMBRO 2015<\/h2>\r\n\r\n<div class=\"wp-block-image\"> \r\n<a href=\"https:\/\/bu.optimum-automotive.com\/wp-content\/uploads\/2024\/07\/pdf\/p16-la_provence_28_septembre_2015.pdf\" title=\"LA PROVENCE MARSEILLE\" type=\"application\/pdf\" target=\"_blank\" rel=\"noopener\"><img loading=\"lazy\" decoding=\"async\" src=\"https:\/\/bu.optimum-automotive.com\/wp-content\/uploads\/2024\/07\/jpg\/01-23.jpg\" width=\"184\" height=\"260\" alt=\"PDF - 19,4 Mb\"><\/a>\r\n<figcaption class=\"wp-element-caption\"><strong>LA PROVENCE MARSEILLE<\/strong><br>\r\nFrotas de autom\u00f3veis A empresa gere-as \u00e0 dist\u00e2ncia\r\n<\/figcaption><\/div> \r\n\r\n<div class=\"wp-block-image\"> \r\n<a href=\"https:\/\/bu.optimum-automotive.com\/wp-content\/uploads\/2024\/07\/pdf\/2015_09_25_1850_la_tribune_hebdo.pdf\" title=\"O TRIBUNAL\" type=\"application\/pdf\" target=\"_blank\" rel=\"noopener\"><img loading=\"lazy\" decoding=\"async\" src=\"https:\/\/bu.optimum-automotive.com\/wp-content\/uploads\/2024\/07\/jpg\/01-24.jpg\" width=\"184\" height=\"260\" alt=\"PDF - 685.2 kb\"><\/a>\r\n<figcaption class=\"wp-element-caption\"><strong>O TRIBUNAL<\/strong><br>\r\nQuatro empresas tecnol\u00f3gicas em fase de arranque de Marselha\r\n<\/figcaption><\/div> \r\n\r\n<div class=\"wp-block-image\">\r\n<a href=\"https:\/\/bu.optimum-automotive.com\/wp-content\/uploads\/2024\/07\/pdf\/2015_09_17_1655_flash_infos_economie_edition_p.pdf\" title=\"FLASH INFOS ECONOMIE EDITION PACA\/CORSE\/LANGUEDOC ROUSSILLON)\" type=\"application\/pdf\" target=\"_blank\" rel=\"noopener\"><img loading=\"lazy\" decoding=\"async\" src=\"https:\/\/bu.optimum-automotive.com\/wp-content\/uploads\/2024\/07\/jpg\/01-25.jpg\" width=\"184\" height=\"260\" alt=\"PDF - 65,8 kb\"><\/a>\r\n<figcaption class=\"wp-element-caption\"><strong>FLASH INFOS ECONOMIE EDITION PACA\/CORSE\/LANGUEDOC ROUSSILLON)<\/strong><br>\r\nHIGH TECH: O Mapping Control expande-se para o estrangeiro\r\n<\/figcaption><\/div> \r\n\r\n<h2 class=\"wp-block-heading\">AGOSTO DE 2015<\/h2>\r\n\r\n<div class=\"wp-block-image\"> \r\n<a href=\"https:\/\/bu.optimum-automotive.com\/wp-content\/uploads\/2024\/07\/pdf\/2015_09_16_5521_www_meridienmag_fr.pdf\" title=\"MERIDIEN MAG meridienmag.fr\" type=\"application\/pdf\" target=\"_blank\" rel=\"noopener\"><img loading=\"lazy\" decoding=\"async\" src=\"https:\/\/bu.optimum-automotive.com\/wp-content\/uploads\/2024\/07\/jpg\/01-26.jpg\" width=\"184\" height=\"260\" alt=\"PDF - 136 kb\"><\/a>\r\n<figcaption class=\"wp-element-caption\"><strong>MERIDIEN MAG meridienmag.fr<\/strong><br>\r\nA Mapping Control expande-se internacionalmente - Bouches-du-Rh\u00f4ne\r\n<\/figcaption><\/div> \r\n\r\n<div class=\"wp-block-image\"> \r\n<a href=\"https:\/\/bu.optimum-automotive.com\/wp-content\/uploads\/2024\/07\/pdf\/2015_09_01_5728_www_journaldunet_com.pdf\" title=\"JOURNAL DU NET journaldunet.com\" type=\"application\/pdf\" target=\"_blank\" rel=\"noopener\"><img loading=\"lazy\" decoding=\"async\" src=\"https:\/\/bu.optimum-automotive.com\/wp-content\/uploads\/2024\/07\/jpg\/01-27.jpg\" width=\"184\" height=\"260\" alt=\"PDF - 184.9 kb\"><\/a>\r\n<figcaption class=\"wp-element-caption\"><strong>JOURNAL DU NET journaldunet.com<\/strong><br>\r\nO sector Web franc\u00eas angariou 123 milh\u00f5es de euros este ver\u00e3o, um aumento de 45,81TP3Q\r\n<\/figcaption><\/div>\n<\/div>","protected":false},"excerpt":{"rendered":"<p>REVUE DE PRESSE Mars 2025 F\u00e9vrier 2025 Janvier 2025 D\u00e9cembre 2024 Novembre 2024 Octobre 2024 Septembre 2024 Ao\u00fbt 2024 JUILLET 2024 JUIN 2024 MARS 2024 JANVIER 2024 NOVEMBRE 2023 OCTOBRE 2023 JUIN 2023 MAI 2023 AVRIL 2023 MARS 2023 F\u00c9VRIER 2023 JANVIER 2023 D\u00c9CEMBRE 2022 NOVEMBRE 2022 pa-sport.fr AUTOMOBILE&nbsp;: Optimum automotive scelle un nouveau partenariat [&hellip;]<\/p>","protected":false},"author":1,"featured_media":0,"parent":0,"menu_order":0,"comment_status":"closed","ping_status":"closed","template":"page-without-title.php","meta":{"_coblocks_attr":"","_coblocks_dimensions":"","_coblocks_responsive_height":"","_coblocks_accordion_ie_support":"","_uag_custom_page_level_css":"","footnotes":""},"class_list":["post-1413","page","type-page","status-publish","hentry"],"uagb_featured_image_src":{"full":false,"thumbnail":false,"medium":false,"medium_large":false,"large":false,"1536x1536":false,"2048x2048":false,"trp-custom-language-flag":false},"uagb_author_info":{"display_name":"camaleon","author_link":"https:\/\/bu.optimum-automotive.com\/pt\/author\/camaleon\/"},"uagb_comment_info":0,"uagb_excerpt":"REVUE DE PRESSE Mars 2025 F\u00e9vrier 2025 Janvier 2025 D\u00e9cembre 2024 Novembre 2024 Octobre 2024 Septembre 2024 Ao\u00fbt 2024 JUILLET 2024 JUIN 2024 MARS 2024 JANVIER 2024 NOVEMBRE 2023 OCTOBRE 2023 JUIN 2023 MAI 2023 AVRIL 2023 MARS 2023 F\u00c9VRIER 2023 JANVIER 2023 D\u00c9CEMBRE 2022 NOVEMBRE 2022 pa-sport.fr AUTOMOBILE&nbsp;: Optimum automotive scelle un nouveau partenariat&hellip;","_links":{"self":[{"href":"https:\/\/bu.optimum-automotive.com\/pt\/wp-json\/wp\/v2\/pages\/1413","targetHints":{"allow":["GET"]}}],"collection":[{"href":"https:\/\/bu.optimum-automotive.com\/pt\/wp-json\/wp\/v2\/pages"}],"about":[{"href":"https:\/\/bu.optimum-automotive.com\/pt\/wp-json\/wp\/v2\/types\/page"}],"author":[{"embeddable":true,"href":"https:\/\/bu.optimum-automotive.com\/pt\/wp-json\/wp\/v2\/users\/1"}],"replies":[{"embeddable":true,"href":"https:\/\/bu.optimum-automotive.com\/pt\/wp-json\/wp\/v2\/comments?post=1413"}],"version-history":[{"count":120,"href":"https:\/\/bu.optimum-automotive.com\/pt\/wp-json\/wp\/v2\/pages\/1413\/revisions"}],"predecessor-version":[{"id":5795,"href":"https:\/\/bu.optimum-automotive.com\/pt\/wp-json\/wp\/v2\/pages\/1413\/revisions\/5795"}],"wp:attachment":[{"href":"https:\/\/bu.optimum-automotive.com\/pt\/wp-json\/wp\/v2\/media?parent=1413"}],"curies":[{"name":"wp","href":"https:\/\/api.w.org\/{rel}","templated":true}]}}