{"id":20,"date":"2024-04-30T10:51:27","date_gmt":"2024-04-30T08:51:27","guid":{"rendered":"http:\/\/127.0.0.1\/site%20OA\/?page_id=20"},"modified":"2025-01-20T16:22:17","modified_gmt":"2025-01-20T15:22:17","slug":"accueil","status":"publish","type":"page","link":"https:\/\/bu.optimum-automotive.com\/pt\/","title":{"rendered":"In\u00edcio"},"content":{"rendered":"<div style=\"height:1px\" aria-hidden=\"true\" class=\"wp-block-spacer\"><\/div>\n\n\n\n<div class=\"wp-block-uagb-container uagb-block-b5ca7f06 alignfull uagb-is-root-container\">\n<div class=\"wp-block-uagb-container uagb-block-cae3df34\">\n<div class=\"wp-block-uagb-container uagb-block-e543e0bd\"><\/div>\n\n\n\n<div class=\"wp-block-uagb-container uagb-block-6a03799c\">\n<figure class=\"wp-block-image size-full\"><img loading=\"lazy\" decoding=\"async\" width=\"755\" height=\"397\" src=\"https:\/\/bu.optimum-automotive.com\/wp-content\/uploads\/2024\/12\/gestion_de_parc_app.png\" alt=\"Software de gest\u00e3o de frotas\" class=\"wp-image-4398\" srcset=\"https:\/\/bu.optimum-automotive.com\/wp-content\/uploads\/2024\/12\/gestion_de_parc_app.png 755w, https:\/\/bu.optimum-automotive.com\/wp-content\/uploads\/2024\/12\/gestion_de_parc_app-300x158.png 300w, https:\/\/bu.optimum-automotive.com\/wp-content\/uploads\/2024\/12\/gestion_de_parc_app-18x9.png 18w\" sizes=\"auto, (max-width: 755px) 100vw, 755px\" \/><\/figure>\n<\/div>\n<\/div>\n<\/div>\n\n\n\n<div class=\"wp-block-uagb-container uagb-block-63e233b6 alignfull uagb-is-root-container\"><div class=\"uagb-container-inner-blocks-wrap\">\n<div class=\"wp-block-uagb-container uagb-block-d167c3c3\">\n<h1 class=\"wp-block-heading mt-0\">A \u00fanica solu\u00e7\u00e3o de gest\u00e3o <br>e localiza\u00e7\u00e3o de ve\u00edculos <br>dedicado \u00e0 otimiza\u00e7\u00e3o dos custos <br>e pegada de carbono<\/h1>\n\n\n\n<p>A gest\u00e3o dos ve\u00edculos da sua empresa coloca-lhe um vasto leque de desafios e quest\u00f5es: gerir e dirigir a atividade no terreno, prevenir os riscos rodovi\u00e1rios, otimizar os custos e os contratos, reduzir o impacto ambiental... As quest\u00f5es s\u00e3o complexas e variadas.<\/p>\n\n\n\n<p>Para responder a estes desafios de forma simult\u00e2nea e eficaz, a OPTIMUM oferece-lhe uma plataforma de gest\u00e3o modular e escal\u00e1vel que re\u00fane todos os servi\u00e7os ligados, alimentados por um centro de dados abrangente e eficiente.<\/p>\n\n\n\n<p>Oferecidos numa base \u00e0 la carte, de acordo com as suas necessidades, os nossos servi\u00e7os permitir-lhe-\u00e3o definir e implementar um plano de otimiza\u00e7\u00e3o verdadeiramente personalizado, de acordo com os seus objectivos e necessidades espec\u00edficas.<\/p>\n\n\n\n<div class=\"wp-block-uagb-container mt-0 uagb-block-225ba577\"><\/div>\n<\/div>\n\n\n\n<div class=\"wp-block-uagb-container uagb-block-bcdcc805\">\n<div class=\"wp-block-uagb-container uagb-block-8860b74f\">\n<div class=\"wp-block-buttons is-content-justification-center is-layout-flex wp-container-core-buttons-is-layout-1 wp-block-buttons-is-layout-flex\">\n<div class=\"wp-block-button has-custom-width wp-block-button__width-100 w-100\"><a class=\"wp-block-button__link has-text-color has-background has-link-color wp-element-button\" href=\"https:\/\/bu.optimum-automotive.com\/pt\/para-pequenas-empresas\/\" style=\"color:#ffffff;background-color:#0043ce\">Solutions pour TPE\/PME<\/a><\/div>\n\n\n\n<div class=\"wp-block-button has-custom-width wp-block-button__width-100 w-100\"><a class=\"wp-block-button__link has-text-color has-background has-link-color wp-element-button\" href=\"https:\/\/bu.optimum-automotive.com\/pt\/para-gestores-de-frotas\/\" style=\"color:#ffffff;background-color:#0d416a\">Solu\u00e7\u00f5es para frotas<\/a><\/div>\n<\/div>\n<\/div>\n\n\n\n<div class=\"wp-block-uagb-container uagb-block-2fb11839 alignfull uagb-is-root-container\"><div class=\"uagb-container-inner-blocks-wrap\">\n<div class=\"wp-block-uagb-container uagb-block-800ef5ad\"><div class=\"wp-block-image\">\n<figure class=\"aligncenter size-full coblocks-animate\" data-coblocks-animation=\"fadeIn\"><img loading=\"lazy\" decoding=\"async\" width=\"175\" height=\"122\" src=\"https:\/\/bu.optimum-automotive.com\/wp-content\/uploads\/2024\/12\/baisse_couts.png\" alt=\"AN\u00c1LISE E OPTIMIZA\u00c7\u00c3O DE TCO\/TCM\" class=\"wp-image-4406\" srcset=\"https:\/\/bu.optimum-automotive.com\/wp-content\/uploads\/2024\/12\/baisse_couts.png 175w, https:\/\/bu.optimum-automotive.com\/wp-content\/uploads\/2024\/12\/baisse_couts-18x12.png 18w\" sizes=\"auto, (max-width: 175px) 100vw, 175px\" \/><figcaption class=\"wp-element-caption\">AN\u00c1LISE E OPTIMIZA\u00c7\u00c3O TCO*\/TCM**<\/figcaption><\/figure><\/div><\/div>\n\n\n\n<div class=\"wp-block-uagb-container uagb-block-573e5f90\"><div class=\"wp-block-image\">\n<figure class=\"aligncenter size-full coblocks-animate\" data-coblocks-animation=\"fadeIn\"><img decoding=\"async\" src=\"https:\/\/optimum-corporation.com\/wp-content\/uploads\/2023\/01\/baisse_co2.png\" alt=\"Otimiza\u00e7\u00e3o da pegada de carbono\" class=\"wp-image-2711\"\/><figcaption class=\"wp-element-caption\">AN\u00c1LISE E OTIMIZA\u00c7\u00c3O <br>DA PEGADA DE CARBONO<\/figcaption><\/figure><\/div><\/div>\n<\/div><\/div>\n<\/div>\n<\/div><\/div>\n\n\n\n<div style=\"height:9px\" aria-hidden=\"true\" class=\"wp-block-spacer\"><\/div>\n\n\n\n<div class=\"wp-block-uagb-container uag-hide-tab uag-hide-mob uagb-block-725ff16b alignfull uagb-is-root-container\">\n<div style=\"height:33px\" aria-hidden=\"true\" class=\"wp-block-spacer\"><\/div>\n\n\n\n<h2 class=\"wp-block-heading has-text-align-center mt-0 mb-0 has-text-color has-background\" style=\"color:#ffffff;background-color:#0043ce\"><strong><strong><strong>Os nossos servi\u00e7os ligados<\/strong><\/strong><\/strong><\/h2>\n\n\n\n<div class=\"wp-block-uagb-container uagb-block-90750490\">\n<div id=\"chtt\" class=\"hope active\">\n    <div style=\"left: 0px; top: 0px; height: 540px; width: 1100px; overflow: hidden; transform-origin: 0px 0px 0px;background-color: rgba(0, 0, 0, 0);-moz-font-feature-settings: 'liga' 0;-webkit-font-feature-settings: 'liga' 0;-ms-font-feature-settings: 'liga' 0;-o-font-feature-settings: 'liga' 0;font-feature-settings: 'liga' 0;text-rendering: optimizeSpeed;\">\n\t\t\n\t\t<div id=\"s1s41\" style=\"top: 142px;left: 340px; height: 61px; width: 111px;\"><div class=\"DC0\" id=\"s1s41c\" style=\"opacity: 1;\"><img decoding=\"async\" src=\"\/wp-content\/themes\/optimum-ducarne\/images\/s1s41.png\" alt=\"Gest\u00e3o de frotas\"><\/div><\/div>\n\t\t\n\t\t<div id=\"s1s62\" style=\"top: 84px; left: 257px; height: 73px; width: 73px;\"><div class=\"DC0\" id=\"s1s62c\" style=\"opacity: 1;\"><a class=\"slider_2420_goto1\" href=\"#chtt\"><img decoding=\"async\" src=\"\/wp-content\/themes\/optimum-ducarne\/images\/s1s62.png\"  alt=\"Gest\u00e3o de frotas\"> <span class=\"title\">Gest\u00e3o de frotas<\/span><span class=\"ecran\"><img decoding=\"async\" src=\"\/wp-content\/themes\/optimum-ducarne\/images\/s1s119.png\" alt=\"Gest\u00e3o de frotas\"><\/span><\/a>\n\t\t\t<span class=\"txts\">Financeiro e <br> technique des v\u00e9hicules<\/span> <\/div><\/div>\n\t\t\n\t\t\n\t\t\n\t\t<div id=\"s1s42\" style=\"top: 132px; left: 648px; height: 73px; width: 115px; \"><div class=\"DC0\" id=\"s1s42c\" style=\"opacity: 1;\"><img decoding=\"async\" src=\"\/wp-content\/themes\/optimum-ducarne\/images\/s1s42.png\" alt=\"an\u00e1lise da condu\u00e7\u00e3o\"><\/div><\/div>\n\t\t\n\t\t<div id=\"s1s74\" style=\"top: 74px; left: 766px; height: 73px; width: 72px; \"><div class=\"DC0\" id=\"s1s74c\" style=\"opacity: 1;\"><a class=\"slider_2420_goto2\" href=\"#chtt\"><img decoding=\"async\" src=\"\/wp-content\/themes\/optimum-ducarne\/images\/ns1s74.png\" alt=\"Condu\u00e7\u00e3o ecol\u00f3gica\"><span class=\"title rig\">Analyse de conduite<\/span><span class=\"ecran rig\"><img decoding=\"async\" src=\"\/wp-content\/themes\/optimum-ducarne\/images\/s1s127.png\" alt=\"Plataforma de an\u00e1lise da condu\u00e7\u00e3o\"><\/span><\/a>\n\t\t\t<span class=\"txts rig\">Analyse et am\u00e9lioration des comportements de conduite<\/span> \n\t\t\t<\/div><\/div>\n\t\t\n\t\t<div id=\"s1s45\" style=\"top: 213px; left: 278px; height: 37px; width: 155px;\"><div class=\"DC0\" id=\"s1s45c\" style=\"opacity: 1;\"><img decoding=\"async\" src=\"\/wp-content\/themes\/optimum-ducarne\/images\/s1s45.png\" alt=\"geolocaliza\u00e7\u00e3o de ve\u00edculos\"><\/div><\/div>\n\t\t\n\t\t<div id=\"s1s65\" style=\"top: 170px;left: 193px; height: 73px; width: 72px; \"><div class=\"DC0\" id=\"s1s65c\" style=\"opacity: 1;\"><a class=\"slider_2420_goto3\" href=\"#chtt\"><img decoding=\"async\" src=\"\/wp-content\/themes\/optimum-ducarne\/images\/ns1s65.png\" alt=\"geolocaliza\u00e7\u00e3o da frota\"><span class=\"title\">Geolocaliza\u00e7\u00e3o<\/span><span class=\"ecran\"><img decoding=\"async\" src=\"\/wp-content\/themes\/optimum-ducarne\/images\/s1s121.png\" alt=\"Plataforma de geolocaliza\u00e7\u00e3o\"><\/span><\/a>\n\t\t\t<span class=\"txts\">Monitoriza\u00e7\u00e3o e otimiza\u00e7\u00e3o <br>  d\u00e9placements de v\u00e9hicule<\/span> <\/div><\/div>\n\t\t\n\t\t<div id=\"s1s43\" style=\"top: 213px; left: 667px; height: 37px; width: 157px; \"><div class=\"DC0\" id=\"s1s43c\" style=\"opacity: 1;\"><img decoding=\"async\" src=\"\/wp-content\/themes\/optimum-ducarne\/images\/s1s43.png\" alt=\"prote\u00e7\u00e3o do ve\u00edculo\"><\/div><\/div>\n\t\n\t\t<div id=\"s1s77\" style=\"top: 169px; left: 829px; height: 73px; width: 73px; \"><div class=\"DC0\" id=\"s1s77c\" style=\"opacity: 1;\"><a class=\"slider_2420_goto4\" href=\"#chtt\"><img decoding=\"async\" src=\"\/wp-content\/themes\/optimum-ducarne\/images\/ns1s77.png\" alt=\"Gerir miss\u00f5es de caixa\"><span class=\"title rig\">Gestion des missions<\/span><span class=\"ecran rig\"><img decoding=\"async\" src=\"\/wp-content\/themes\/optimum-ducarne\/images\/s1s129.png\" alt=\"Plataforma de seguran\u00e7a para frotas autom\u00f3veis\"><\/span><\/a>\n\t\t\t<span class=\"txts rig\">Gest\u00e3o e dire\u00e7\u00e3o  <br> no terreno<\/span> <\/div><\/div>\n\t\t\n\t\t<div id=\"s1s46\" style=\"top: 291px; left: 276px; height:44px; width:157px; \"><div class=\"DC0\" id=\"s1s46c\" style=\"opacity: 1;\"><img decoding=\"async\" src=\"\/wp-content\/themes\/optimum-ducarne\/images\/s1s46.png\" alt=\"reivindica\u00e7\u00f5es\"><\/div><\/div>\n\t\t\n\t\t<div id=\"s1s68\" style=\"top: 298px; left: 198px; height: 73px; width: 72px; \"><div class=\"DC0\" id=\"s1s68c\" style=\"opacity: 1;\"><a class=\"slider_2420_goto5\" href=\"#chtt\"><img decoding=\"async\" src=\"\/wp-content\/uploads\/2025\/01\/s1s68.png\" alt=\"Ve\u00edculos ANTAI\"><span class=\"title\">ANTAI<\/span><span class=\"ecran\"><img decoding=\"async\" src=\"\/wp-content\/uploads\/2024\/05\/s1s123.png\" alt=\"Plataforma de gest\u00e3o ANTAI\"><\/span><\/a>\n\t\t<span class=\"txts\">Gest\u00e3o de infrac\u00e7\u00f5es conexas <\/span> <\/div><\/div>\n\t\t\n\t\t<div id=\"s1s93\" style=\"top: 291px; left: 667px; height:45px; width: 156px;\"><div class=\"DC0\" id=\"s1s93c\" style=\"opacity: 1;\"><img decoding=\"async\" src=\"\/wp-content\/themes\/optimum-ducarne\/images\/s1s93.png\" alt=\"Utiliza\u00e7\u00f5es fiscais\"><\/div><\/div>\n\t\t\n\t\t<div id=\"s1s80\" style=\"top:303px;left:830px;height:73px;width:72px;\"><div class=\"DC0\" id=\"s1s80c\" style=\"opacity: 1;\"><a class=\"slider_2420_goto6\" href=\"#chtt\"><img decoding=\"async\" src=\"\/wp-content\/themes\/optimum-ducarne\/images\/ns1s80.png\" alt=\"Usages et fiscalit\u00e9\"><span class=\"title rig\">Usages et fiscalit\u00e9<\/span><span class=\"ecran rig\"><img decoding=\"async\" src=\"\/wp-content\/themes\/optimum-ducarne\/images\/s1s131.png\" alt=\"Plataforma de gest\u00e3o da privacidade \"><\/span><\/a>\n\t\t\t<span class=\"txts rig\">Gestion de la vie priv\u00e9e <br>et impacts fiscaux et sociaux<\/span> <\/div><\/div>\n\t\t\n\t\t<div id=\"s1s47\" style=\"top: 335px; left: 337px; height: 80px; width: 115px;\"><div class=\"DC0\" id=\"s1s47c\" style=\"opacity: 1;\"><img decoding=\"async\" src=\"\/wp-content\/themes\/optimum-ducarne\/images\/s1s47.png\" alt=\"combust\u00edvel\"><\/div><\/div>\n\t\t\n\t\t<div id=\"s1s71\" style=\"top: 405px; left: 265px; height: 73px; width: 73px; =\"><div class=\"DC0\" id=\"s1s71c\" style=\"opacity: 1;\"><a class=\"slider_2420_goto7\" href=\"#chtt\"><img decoding=\"async\" src=\"\/wp-content\/uploads\/2025\/01\/s1s71.png\" alt=\"Protection\"><span class=\"title\">Protection<\/span><span class=\"ecran\"><img decoding=\"async\" src=\"\/wp-content\/uploads\/2024\/05\/s1s125.png\" alt=\"Prote\u00e7\u00e3o da plataforma\"><\/span><\/a>\n\t\t\t<span class=\"txts\">V\u00e9hicules, biens, <br>mercadorias, combust\u00edvel...<\/span> <\/div><\/div>\n\t\t\n\t\t<div id=\"s1s44\" style=\"top: 335px; left: 648px; height: 80px; width: 119px;\"><div class=\"DC0\" id=\"s1s44c\" style=\"opacity: 1;\"><img decoding=\"async\" src=\"\/wp-content\/themes\/optimum-ducarne\/images\/s1s44.png\" alt=\"miss\u00f5es\"><\/div><\/div>\n\t\t<div id=\"s1s83\" style=\"top: 404px;left: 766px;height: 73px; width: 73px;\"><div class=\"DC0\" id=\"s1s83c\" style=\"opacity: 1;\"><a class=\"slider_2420_goto8\" href=\"#chtt\"><img decoding=\"async\" src=\"\/wp-content\/themes\/optimum-ducarne\/images\/ns1s83.png\" alt=\"gest\u00e3o de miss\u00f5es\"><span class=\"title rig\">Partilha de autom\u00f3veis e partilha de autom\u00f3veis<\/span><span class=\"ecran rig\"><img decoding=\"async\" src=\"\/wp-content\/themes\/optimum-ducarne\/images\/s1s133.png\" alt=\"Plataforma de gest\u00e3o de miss\u00f5es\"><\/span><\/a>\n\t\t\t<span class=\"txts rig\">Coloca\u00e7\u00e3o em comum de recursos <br>Gest\u00e3o de calend\u00e1rios, grupos e chaves<\/span> <\/div><\/div>\n\n\t\t<div id=\"s1s92\" style=\"top:199px;left:424px;height:141px;width:251px;\"><div class=\"DC0\" id=\"s1s92c\" style=\"opacity: 1;\"><img decoding=\"async\" src=\"\/wp-content\/themes\/optimum-ducarne\/images\/s1s92.png\" alt=\"Plataforma do centro de aconselhamento\"><\/div><\/div>\n\t\t<div id=\"s1s2\" style=\"top:164px;left:444px;height:212px;width:212px;\"><img decoding=\"async\" src=\"https:\/\/bu.optimum-automotive.com\/wp-content\/uploads\/2025\/01\/datahub_PT.png\" alt=\"centro de aconselhamento para frotas autom\u00f3veis\"><\/div>\n\t\n    <\/div>\n<\/div>\n\n\n\n<figure class=\"wp-block-table is-style-stripes mt-30\"><table class=\"has-dark-color has-text-color has-fixed-layout\"><thead><tr><th class=\"has-text-align-center\" data-align=\"center\"><strong>OPTION<\/strong>S<\/th><th class=\"has-text-align-center\" data-align=\"center\"><strong>REPORTING \/ ALERTES<\/strong><\/th><th class=\"has-text-align-center\" data-align=\"center\"><strong>API<\/strong> &amp; APLICA\u00c7\u00c3O<\/th><\/tr><\/thead><tbody><tr><td class=\"has-text-align-center\" data-align=\"center\">Monitoriza\u00e7\u00e3o da temperatura e do combust\u00edvel<\/td><td class=\"has-text-align-center\" data-align=\"center\">Centre de rapports<\/td><td class=\"has-text-align-center\" data-align=\"center\">Aplica\u00e7\u00e3o m\u00f3vel<\/td><\/tr><tr><td class=\"has-text-align-center\" data-align=\"center\">Chave de identifica\u00e7\u00e3o de Dallas<\/td><td class=\"has-text-align-center\" data-align=\"center\">Centro de alertas (correio eletr\u00f3nico\/notifica\u00e7\u00f5es)<\/td><td class=\"has-text-align-center\" data-align=\"center\">API<\/td><\/tr><tr><td class=\"has-text-align-center\" data-align=\"center\">Rel\u00e9 do imobilizador<\/td><td class=\"has-text-align-center\" data-align=\"center\">Tableaux de bord<\/td><td class=\"has-text-align-center\" data-align=\"center\"><\/td><\/tr><tr><td class=\"has-text-align-center\" data-align=\"center\"><\/td><td class=\"has-text-align-center\" data-align=\"center\"><\/td><td class=\"has-text-align-center\" data-align=\"center\"><\/td><\/tr><\/tbody><\/table><\/figure>\n\n\n\n<div class=\"wp-block-uagb-container uagb-block-d619b7be\">\n<div class=\"wp-block-buttons is-content-justification-center is-layout-flex wp-container-core-buttons-is-layout-2 wp-block-buttons-is-layout-flex\">\n<div class=\"wp-block-button has-custom-width wp-block-button__width-25 w-100\"><a class=\"wp-block-button__link has-text-color has-background has-link-color wp-element-button\" href=\"https:\/\/bu.optimum-automotive.com\/pt\/para-pequenas-empresas\/\" style=\"color:#ffffff;background-color:#0043ce\">Solutions pour TPE\/PME<\/a><\/div>\n\n\n\n<div class=\"wp-block-button has-custom-width wp-block-button__width-25 w-100\"><a class=\"wp-block-button__link has-text-color has-background has-link-color wp-element-button\" href=\"https:\/\/bu.optimum-automotive.com\/pt\/para-gestores-de-frotas\/\" style=\"color:#ffffff;background-color:#0d416a\">Solu\u00e7\u00f5es para frotas<\/a><\/div>\n<\/div>\n<\/div>\n\n\n\n<div style=\"height:50px\" aria-hidden=\"true\" class=\"wp-block-spacer\"><\/div>\n<\/div>\n<\/div>\n\n\n\n<div data-aos= \"fade-left\" data-aos-duration=\"400\" data-aos-delay=\"0\" data-aos-easing=\"ease\" data-aos-once=\"true\" class=\"wp-block-uagb-container uagb-block-b10b37e4 alignfull uagb-is-root-container\">\n<div style=\"height:50px\" aria-hidden=\"true\" class=\"wp-block-spacer uag-hide-tab uag-hide-mob\"><\/div>\n\n\n\n<div class=\"wp-block-uagb-container uagb-block-8feaa7b4 alignfull uagb-is-root-container\"><div class=\"uagb-container-inner-blocks-wrap\">\n<div class=\"wp-block-uagb-container uag-hide-tab uag-hide-mob uagb-block-d5adf686\">\n<figure class=\"wp-block-image size-large has-lightbox\"><img loading=\"lazy\" decoding=\"async\" width=\"1024\" height=\"591\" src=\"https:\/\/bu.optimum-automotive.com\/wp-content\/uploads\/2025\/01\/DataHUB_PT.jpg\" alt=\"DATA CENTRE: gest\u00e3o e explora\u00e7\u00e3o dos fluxos de dados\" class=\"wp-image-5295\" srcset=\"\" sizes=\"auto, (max-width: 1024px) 100vw, 1024px\" data-srcset=\"\" \/><\/figure>\n<\/div>\n\n\n\n<div class=\"wp-block-uagb-container uagb-block-56dedf61\">\n<h2 class=\"wp-block-heading mb-0\">L<strong>a data au c\u0153ur des enjeux de la mobilit\u00e9 professionnelle<\/strong><\/h2>\n\n\n\n<p class=\"mt-0\">La gestion d\u2019un parc automobile repose avant tout sur la ma\u00eetrise et l\u2019exploitation des flux de donn\u00e9es.<br>O Centro de Dados recolhe automaticamente todos os dados necess\u00e1rios para gerir os seus ve\u00edculos e condutores: fornecedores, bases de dados administrativas e regulamentares, sistemas de refer\u00eancia autom\u00f3vel, etc. Todos estes dados s\u00e3o sintetizados na sua ferramenta de gest\u00e3o para lhe fornecer indicadores fi\u00e1veis e de elevado desempenho.<\/p>\n\n\n\n<div class=\"wp-block-buttons mt-10 is-content-justification-left is-layout-flex wp-container-core-buttons-is-layout-3 wp-block-buttons-is-layout-flex\">\n<div class=\"wp-block-button\"><a class=\"wp-block-button__link has-background wp-element-button\" href=\"https:\/\/bu.optimum-automotive.com\/pt\/centro-de-dados\/\" style=\"background-color:#0043ce\">En Savoir plus<\/a><\/div>\n\n\n\n<div class=\"wp-block-button\"><a class=\"wp-block-button__link has-dark-background-color has-background wp-element-button\" href=\"https:\/\/bu.optimum-automotive.com\/pt\/contact\/\">Contactez-nous<\/a><\/div>\n<\/div>\n<\/div>\n\n\n\n<div class=\"wp-block-uagb-container uag-hide-desktop uagb-block-495d21c2\">\n<figure class=\"wp-block-image size-full has-lightbox\"><img loading=\"lazy\" decoding=\"async\" width=\"1200\" height=\"693\" src=\"https:\/\/bu.optimum-automotive.com\/wp-content\/uploads\/2025\/01\/DataHUB_PT.jpg\" alt=\"DATA CENTRE: gest\u00e3o e explora\u00e7\u00e3o dos fluxos de dados\" class=\"wp-image-5295\" srcset=\"https:\/\/bu.optimum-automotive.com\/wp-content\/uploads\/2025\/01\/DataHUB_FR.jpg 1200w, https:\/\/bu.optimum-automotive.com\/wp-content\/uploads\/2025\/01\/DataHUB_FR-300x173.jpg 300w, https:\/\/bu.optimum-automotive.com\/wp-content\/uploads\/2025\/01\/DataHUB_FR-1024x591.jpg 1024w, https:\/\/bu.optimum-automotive.com\/wp-content\/uploads\/2025\/01\/DataHUB_FR-768x444.jpg 768w, https:\/\/bu.optimum-automotive.com\/wp-content\/uploads\/2025\/01\/DataHUB_FR-18x10.jpg 18w\" sizes=\"auto, (max-width: 1200px) 100vw, 1200px\" \/><\/figure>\n<\/div>\n<\/div><\/div>\n\n\n\n<div style=\"height:33px\" aria-hidden=\"true\" class=\"wp-block-spacer\"><\/div>\n<\/div>\n\n\n\n<div data-aos= \"fade-left\" data-aos-duration=\"400\" data-aos-delay=\"0\" data-aos-easing=\"ease\" data-aos-once=\"true\" class=\"wp-block-uagb-container uagb-block-9f8b46d1 alignfull uagb-is-root-container\">\n<div style=\"height:30px\" aria-hidden=\"true\" class=\"wp-block-spacer\"><\/div>\n\n\n\n<div class=\"wp-block-uagb-container uagb-block-55a0d850 alignfull uagb-is-root-container\"><div class=\"uagb-container-inner-blocks-wrap\">\n<div class=\"wp-block-uagb-container uagb-block-fd98ab90\">\n<h2 class=\"wp-block-heading mb-0\"><strong>Une \u00e9quipe d\u2019experts \u00e0 vos c\u00f4t\u00e9s<\/strong><\/h2>\n\n\n\n<p>Depuis 2006, nos \u00e9quipes accompagnent les entreprises et collectivit\u00e9s publiques dans l\u2019optimisation financi\u00e8re et environnementale des v\u00e9hicules. Depuis l\u2019audit initial jusqu\u2019\u00e0 la mise en \u0153uvre de vos plans d\u2019optimisation, nos experts vous accompagnent et vous conseillent avec pour priorit\u00e9s\u00a0: votre satisfaction et votre retour sur investissement.<\/p>\n\n\n\n<div data-aos= \"fade\" data-aos-duration=\"400\" data-aos-delay=\"0\" data-aos-easing=\"ease\" data-aos-once=\"true\" class=\"wp-block-uagb-container uagb-block-f71e723c\">\n<div class=\"wp-block-uagb-container bloc_number uagb-block-b6b2b40e\">\n<div class=\"wp-block-uagb-container uagb-block-0e6c6ed7\">\n<h4 class=\"wp-block-heading bloct\">CLIENTS<\/h4>\n\n\n\n<p><small>Grands Comptes,<br>TPE, PME, ETI, Collectivit\u00e9s<\/small><\/p>\n<\/div>\n\n\n\n<div class=\"wp-block-uagb-container uagb-block-b8dde02f\">\n<script language=\"javascript\"> \n\n$.ajax({\n   type: \"GET\",\n   url: \"\/\/optimum-automotive.com\/numbers\/clients.txt\",\n   error:function(msg){\n     alert( \"Error !: \" + msg );\n   },\n   success:function(data){\n\t$('#clients').text(data);\n}});\n      \n<\/script>\n<h3 id=\"clients\" align=\"center\">6500<\/h3>\n<\/div>\n<\/div>\n\n\n\n<div class=\"wp-block-uagb-container bloc_number uagb-block-aa29eb44\">\n<div class=\"wp-block-uagb-container uagb-block-5d5562af\">\n<h4 class=\"wp-block-heading bloct\">V\u00c9HICULES ET<br>ASSETS G\u00c9R\u00c9S\u200b<\/h4>\n<\/div>\n\n\n\n<div class=\"wp-block-uagb-container uagb-block-75f76a8d\">\n<script language=\"javascript\"> \t\n\t$.ajax({\n   type: \"GET\",\n   url: \"\/\/optimum-automotive.com\/numbers\/vehicules.txt\",\n   error:function(msg){\n     alert( \"Error !: \" + msg );\n   },\n   success:function(data){\n\t$('#vehicules').text(data);\n}});\n\t<\/script>\n<h3 id=\"vehicules\" align=\"center\">120000<\/h3>\n<\/div>\n<\/div>\n\n\n\n<div class=\"wp-block-uagb-container bloc_number uagb-block-2bebae15\">\n<div class=\"wp-block-uagb-container uagb-block-0d7964de\">\n<h4 class=\"wp-block-heading bloct\">NOMBRE DE PAYS <\/h4>\n\n\n\n<p>o\u00f9 nous sommes pr\u00e9sents<\/p>\n<\/div>\n\n\n\n<div class=\"wp-block-uagb-container uagb-block-0abf6111\">\n<script language=\"javascript\"> \n\t\n$.ajax({\n   type: \"GET\",\n   url: \"\/\/optimum-automotive.com\/numbers\/pays.txt\",\n   error:function(msg){\n     alert( \"Error !: \" + msg );\n   },\n   success:function(data){\n\t$('#pays').text(data);\n}});\t\n\t\n<\/script>\n<h3 id=\"pays\" align=\"center\">33<\/h3>\n<\/div>\n<\/div>\n<\/div>\n\n\n\n<div class=\"wp-block-buttons mt-10 is-content-justification-left is-layout-flex wp-container-core-buttons-is-layout-4 wp-block-buttons-is-layout-flex\">\n<div class=\"wp-block-button\"><a class=\"wp-block-button__link has-background wp-element-button\" href=\"https:\/\/bu.optimum-automotive.com\/pt\/sobre-nos\/\" style=\"background-color:#0043ce\">En Savoir plus<\/a><\/div>\n\n\n\n<div class=\"wp-block-button\"><a class=\"wp-block-button__link wp-element-button\" href=\"https:\/\/bu.optimum-automotive.com\/pt\/contact\/\">Contactez-nous<\/a><\/div>\n<\/div>\n<\/div>\n\n\n\n<div class=\"wp-block-uagb-container uagb-block-253b3194\"><div class=\"wp-block-image\">\n<figure class=\"aligncenter size-full is-resized\"><img loading=\"lazy\" decoding=\"async\" width=\"410\" height=\"84\" src=\"https:\/\/bu.optimum-automotive.com\/wp-content\/uploads\/2024\/11\/OA-Logo---Mix_Black.png\" alt=\"\" class=\"wp-image-4266\" style=\"width:290px;height:auto\" srcset=\"https:\/\/bu.optimum-automotive.com\/wp-content\/uploads\/2024\/11\/OA-Logo-\u2014-Mix_Black.png 410w, https:\/\/bu.optimum-automotive.com\/wp-content\/uploads\/2024\/11\/OA-Logo-\u2014-Mix_Black-300x61.png 300w, https:\/\/bu.optimum-automotive.com\/wp-content\/uploads\/2024\/11\/OA-Logo-\u2014-Mix_Black-18x4.png 18w\" sizes=\"auto, (max-width: 410px) 100vw, 410px\" \/><\/figure><\/div>\n\n\n<p class=\"has-text-align-center\"><em>O especialista europeu em ve\u00edculos conectados <\/em><br><em>e mobilidade profissional.<\/em><\/p>\n\n\n<div class=\"wp-block-image\">\n<figure class=\"aligncenter size-full is-resized\"><img loading=\"lazy\" decoding=\"async\" width=\"441\" height=\"442\" src=\"https:\/\/bu.optimum-automotive.com\/wp-content\/uploads\/2024\/12\/teams-oa.png\" alt=\"Optimum por turnmove, a equipa\" class=\"wp-image-4403\" style=\"width:381px;height:auto\" srcset=\"https:\/\/bu.optimum-automotive.com\/wp-content\/uploads\/2024\/12\/teams-oa.png 441w, https:\/\/bu.optimum-automotive.com\/wp-content\/uploads\/2024\/12\/teams-oa-300x300.png 300w, https:\/\/bu.optimum-automotive.com\/wp-content\/uploads\/2024\/12\/teams-oa-150x150.png 150w, https:\/\/bu.optimum-automotive.com\/wp-content\/uploads\/2024\/12\/teams-oa-12x12.png 12w\" sizes=\"auto, (max-width: 441px) 100vw, 441px\" \/><\/figure><\/div><\/div>\n<\/div><\/div>\n\n\n\n<div class=\"wp-block-uagb-container uagb-block-30027ddb\"><\/div>\n<\/div>\n\n\n\n<div style=\"height:100px\" aria-hidden=\"true\" class=\"wp-block-spacer uag-hide-tab uag-hide-mob\"><\/div>\n\n\n\n<div class=\"wp-block-uagb-container uag-hide-mob uagb-block-d2d3c577 alignfull uagb-is-root-container\">\n<h2 class=\"wp-block-heading has-text-align-center\"><strong>Nos clients parlent de nous<\/strong><\/h2>\n\n\n\n<div class=\"wp-block-uagb-container uagb-block-fa30886b alignfull uagb-is-root-container\"><div class=\"uagb-container-inner-blocks-wrap\">\n<div class=\"wp-block-uagb-container uagb-block-85d4ad23\"><div class='white' style='background:rgba(0,0,0,0); border:solid 0px rgba(0,0,0,0); border-radius:0px; padding:0px 13px 0px 13px;'>\n<div id='slider_183' class='owl-carousel sa_owl_theme owl-pagination-true autohide-arrows' data-slider-id='slider_183' style='visibility:hidden;'>\n<div class='slider_183_slide01 sa_hover_container' style='padding:0% 0%; margin:0px 0%; min-height:2px; '><div class=\"uagb-container-inner-blocks-wrap\">\r\n<div class=\"\" style=\"align-self:center;width: 40%;text-align: center;padding: 0 33px\"><img loading=\"lazy\" decoding=\"async\" src=\"https:\/\/bu.optimum-automotive.com\/wp-content\/uploads\/2024\/05\/harmonie.jpg\" alt=\"gest\u00e3o harmoniosa da frota\" width=\"147\" height=\"147\" class=\"alignnone size-full wp-image-184\" \/><br \/><strong>Fr\u00e9d\u00e9rick Ramos<\/strong> - Harmonie M\u00e9dical Services Responsable des services g\u00e9n\u00e9raux<\/div>\r\n<div class=\"wp-block-uagb-container\" style=\"width: 60%;padding: 0 33px;align-self:center\">\r\n<p>\u00ab\u00a0Nous avons cherch\u00e9 \u00e0 d\u00e9ployer un logiciel de gestion de flotte et\u00a0<strong>Optimum Automotive\u00a0a mis en avant un outil qui allait au-del\u00e0 de cette fonctionnalit\u00e9<\/strong>\u00a0\u00bb. Alors que le budget annuel de la flotte s\u2019\u00e9l\u00e8ve \u00e0 1,6 million d\u2019euros, Harmonie M\u00e9dical Services, table sur 400 000 euros d\u2019\u00e9conomies annuelles gr\u00e2ce \u00e0 la t\u00e9l\u00e9matique. <strong>Une agence, \u00e0 la t\u00eate de cinq v\u00e9hicules, peut donc \u00e9conomiser jusqu\u2019\u00e0 6 000\u20ac\/an\u00a0!<\/strong><\/p>\r\n<\/div>\r\n<\/div>\r\n<\/div>\n<div class='slider_183_slide02 sa_hover_container' style='padding:0% 0%; margin:0px 0%; min-height:2px; '><div class=\"uagb-container-inner-blocks-wrap\">\r\n<div class=\"\" style=\"width: 40%;text-align: center;padding: 0 33px\"><img loading=\"lazy\" decoding=\"async\" class=\"wp-image-184 aligncenter\" src=\"https:\/\/bu.optimum-automotive.com\/wp-content\/uploads\/2024\/05\/caissedepargne.png\" alt=\"gest\u00e3o de frotas da caisse d&#039;epargne\" width=\"147\" height=\"147\" \/> <br \/><strong>Brigitte Mesure<\/strong> - Caisse d\u2019Epargne CEPAC, Gestionnaire de parc automobile<\/div>\r\n<div class=\"wp-block-uagb-container\" style=\"width: 60%;padding: 0 33px;align-self:center\">\r\n<p>\u00ab Nous avions besoin de<strong> remont\u00e9es kilom\u00e9triques fiables et imm\u00e9diates<\/strong> pour r\u00e9aliser des statistiques dans le cadre de la gestion, mais aussi pour assurer<strong> la s\u00e9curit\u00e9 des conducteurs <\/strong>en leur transmettant des alertes sur les r\u00e9visions \u00e0 venir. \u00bb<\/p>\r\n<\/div>\r\n<\/div>\r\n<\/div>\n<div class='slider_183_slide03 sa_hover_container' style='padding:0% 0%; margin:0px 0%; min-height:2px; '><div class=\"uagb-container-inner-blocks-wrap\">\r\n<div class=\"\" style=\"align-self:center;width: 40%;text-align: center;padding: 0 33px\"><img loading=\"lazy\" decoding=\"async\" src=\"https:\/\/bu.optimum-automotive.com\/wp-content\/uploads\/2024\/06\/Logo-ADMR-Vienne-Vertical-e1717663828369.png\" alt=\"Gest\u00e3o da frota AMDR\" width=\"142\" height=\"147\" class=\"alignnone size-medium wp-image-2103\" \/> <br \/><strong>Amandine GUYOUMARD<\/strong>. - Diretor Adjunto do Desenvolvimento ADMR VIENNE<\/div>\r\n<div class=\"wp-block-uagb-container\" style=\"width: 60%;padding: 0 33px;align-self:center\">\r\n<p>\u00ab Avec une flotte de 800 v\u00e9hicules \u00e0 ce jour, et 1000 d\u2019ici fin 2024, il \u00e9tait devenu aujourd\u2019hui indispensable d\u2019acqu\u00e9rir <strong>un outil de gestion de flotte performant et \u00e9volutif qui puisse r\u00e9pondre aux sp\u00e9cificit\u00e9s de notre activit\u00e9 et nos enjeux<\/strong> : gestion des impr\u00e9vus, gestion des lois de roulage, pr\u00e9vention du risque routier, optimisation des consommations de carburant, etc\u2026\r\n<strong>La richesse fonctionnelle de la solution Optimum Automotive<\/strong>, nous permet d\u2019envisager, \u00e0 terme, de nouveaux chantiers de r\u00e9flexion, tels que la mise en \u0153uvre de l\u2019autopartage de nos v\u00e9hicules, notamment dans le cadre priv\u00e9 \u00bb <\/p>\r\n<\/div>\r\n<\/div><\/div>\n<\/div>\n<\/div>\n<script type='text\/javascript'>\n\tjQuery(document).ready(function() {\n\t\tjQuery('#slider_183').owlCarousel({\n\t\t\titems : 1,\n\t\t\tsmartSpeed : 300,\n\t\t\tautoplay : true,\n\t\t\tautoplayTimeout : 7000,\n\t\t\tautoplayHoverPause : true,\n\t\t\tsmartSpeed : 300,\n\t\t\tfluidSpeed : 300,\n\t\t\tautoplaySpeed : 300,\n\t\t\tnavSpeed : 300,\n\t\t\tdotsSpeed : 300,\n\t\t\tloop : true,\n\t\t\tnav : true,\n\t\t\tnavText : ['Previous','Next'],\n\t\t\tdots : true,\n\t\t\tresponsiveRefreshRate : 200,\n\t\t\tslideBy : 1,\n\t\t\tmergeFit : true,\n\t\t\tautoHeight : false,\n\t\t\tmouseDrag : false,\n\t\t\ttouchDrag : true\n\t\t});\n\t\tjQuery('#slider_183').css('visibility', 'visible');\n\t\tvar owl_goto = jQuery('#slider_183');\n\t\tjQuery('.slider_183_goto1').click(function(event){\n\t\t\towl_goto.trigger('to.owl.carousel', 0);\n\t\t});\n\t\tjQuery('.slider_183_goto2').click(function(event){\n\t\t\towl_goto.trigger('to.owl.carousel', 1);\n\t\t});\n\t\tjQuery('.slider_183_goto3').click(function(event){\n\t\t\towl_goto.trigger('to.owl.carousel', 2);\n\t\t});\n\t\tvar resize_183 = jQuery('.owl-carousel');\n\t\tresize_183.on('initialized.owl.carousel', function(e) {\n\t\t\tif (typeof(Event) === 'function') {\n\t\t\t\twindow.dispatchEvent(new Event('resize'));\n\t\t\t} else {\n\t\t\t\tvar evt = window.document.createEvent('UIEvents');\n\t\t\t\tevt.initUIEvent('resize', true, false, window, 0);\n\t\t\t\twindow.dispatchEvent(evt);\n\t\t\t}\n\t\t});\n\t});\n<\/script>\n\n<\/div>\n<\/div><\/div>\n\n\n\n<div style=\"height:50px\" aria-hidden=\"true\" class=\"wp-block-spacer\"><\/div>\n<\/div>\n\n\n\n<div class=\"wp-block-uagb-container uagb-block-83a8b727 alignfull uagb-is-root-container\">\n<div class=\"wp-block-uagb-container uagb-block-7e90e121\">\t\t<div class=\"wppsac-wrap wppsac-slick-carousel-wrp wppsac-clearfix actuslider\" data-conf=\"{&quot;slides_to_show&quot;:2,&quot;slides_to_scroll&quot;:2,&quot;dots&quot;:&quot;true&quot;,&quot;arrows&quot;:&quot;true&quot;,&quot;autoplay&quot;:&quot;true&quot;,&quot;autoplay_interval&quot;:12196,&quot;speed&quot;:1525,&quot;rtl&quot;:&quot;false&quot;,&quot;lazyload&quot;:&quot;&quot;}\">\r\n\t\t\t<div id=\"wppsac-post-carousel-1\" class=\"wppsac-post-slider-init wppsac-post-carousel design-1\">\r\n\t\t\t\t<div class=\"wppsac-carousel-slides\">\r\n\t\t<div class=\"wppsac-post-image-bg\">\r\n\t\t<a href=\"https:\/\/bu.optimum-automotive.com\/pt\/a-ortec-optimiza-a-gestao-de-frotas-em-africa-com-a-optimum\/\">\r\n\t\t\t<img decoding=\"async\" class=\"wppsac-post-image\"  src=\"https:\/\/bu.optimum-automotive.com\/wp-content\/uploads\/2025\/02\/2025-02-14_17h21_57.png\" alt=\"HIST\u00d3RIA DE SUCESSO: O Grupo ORTEC escolhe a OPTIMUM para otimizar a gest\u00e3o dos seus equipamentos em \u00c1frica!\" \/>\r\n\t\t<\/a>\r\n\t<\/div>\r\n\t\r\n\t<div class=\"wppsac-post-content-position\">\r\n\t\t\r\n\t\t<h2 class=\"wppsac-post-title\">\r\n\t\t\t<a href=\"https:\/\/bu.optimum-automotive.com\/pt\/a-ortec-optimiza-a-gestao-de-frotas-em-africa-com-a-optimum\/\">HIST\u00d3RIA DE SUCESSO: O Grupo ORTEC escolhe a OPTIMUM para otimizar a gest\u00e3o dos seus equipamentos em \u00c1frica!<\/a>\r\n\t\t<\/h2>\r\n\r\n\t\t\t<\/div>\r\n<\/div><div class=\"wppsac-carousel-slides\">\r\n\t\t<div class=\"wppsac-post-image-bg\">\r\n\t\t<a href=\"https:\/\/bu.optimum-automotive.com\/pt\/parceria-optimum-relyens\/\">\r\n\t\t\t<img decoding=\"async\" class=\"wppsac-post-image\"  src=\"https:\/\/bu.optimum-automotive.com\/wp-content\/uploads\/2025\/01\/imm.png\" alt=\"PARCERIA - Optimum e Relyens unem for\u00e7as!\" \/>\r\n\t\t<\/a>\r\n\t<\/div>\r\n\t\r\n\t<div class=\"wppsac-post-content-position\">\r\n\t\t\r\n\t\t<h2 class=\"wppsac-post-title\">\r\n\t\t\t<a href=\"https:\/\/bu.optimum-automotive.com\/pt\/parceria-optimum-relyens\/\">PARCERIA - Optimum e Relyens unem for\u00e7as!<\/a>\r\n\t\t<\/h2>\r\n\r\n\t\t\t<\/div>\r\n<\/div><div class=\"wppsac-carousel-slides\">\r\n\t\t<div class=\"wppsac-post-image-bg\">\r\n\t\t<a href=\"https:\/\/bu.optimum-automotive.com\/pt\/optimum-presente-na-flotauto-paris-2025\/\">\r\n\t\t\t<img decoding=\"async\" class=\"wppsac-post-image\"  src=\"https:\/\/bu.optimum-automotive.com\/wp-content\/uploads\/2025\/01\/flotauto.png\" alt=\"A Optimum estar\u00e1 presente na FLOTAUTO 2025- PARIS\" \/>\r\n\t\t<\/a>\r\n\t<\/div>\r\n\t\r\n\t<div class=\"wppsac-post-content-position\">\r\n\t\t\r\n\t\t<h2 class=\"wppsac-post-title\">\r\n\t\t\t<a href=\"https:\/\/bu.optimum-automotive.com\/pt\/optimum-presente-na-flotauto-paris-2025\/\">A Optimum estar\u00e1 presente na FLOTAUTO 2025- PARIS<\/a>\r\n\t\t<\/h2>\r\n\r\n\t\t\t<\/div>\r\n<\/div><div class=\"wppsac-carousel-slides\">\r\n\t\t<div class=\"wppsac-post-image-bg\">\r\n\t\t<a href=\"https:\/\/bu.optimum-automotive.com\/pt\/veiculos-electricos-passos-e-solucoes-para-evitar-as-armadilhas\/\">\r\n\t\t\t<img decoding=\"async\" class=\"wppsac-post-image\"  src=\"https:\/\/bu.optimum-automotive.com\/wp-content\/uploads\/2024\/11\/actu-webinar-electrification.jpg\" alt=\"Webinar: Ve\u00edculos el\u00e9ctricos na sua frota \/ passos e solu\u00e7\u00f5es para evitar as armadilhas!\" \/>\r\n\t\t<\/a>\r\n\t<\/div>\r\n\t\r\n\t<div class=\"wppsac-post-content-position\">\r\n\t\t\r\n\t\t<h2 class=\"wppsac-post-title\">\r\n\t\t\t<a href=\"https:\/\/bu.optimum-automotive.com\/pt\/veiculos-electricos-passos-e-solucoes-para-evitar-as-armadilhas\/\">Webinar: Ve\u00edculos el\u00e9ctricos na sua frota \/ passos e solu\u00e7\u00f5es para evitar as armadilhas!<\/a>\r\n\t\t<\/h2>\r\n\r\n\t\t\t<\/div>\r\n<\/div><div class=\"wppsac-carousel-slides\">\r\n\t\t<div class=\"wppsac-post-image-bg\">\r\n\t\t<a href=\"https:\/\/bu.optimum-automotive.com\/pt\/podcast-carro-limpo-entrevista-daniel-vassallucci\/\">\r\n\t\t\t<img decoding=\"async\" class=\"wppsac-post-image\"  src=\"https:\/\/bu.optimum-automotive.com\/wp-content\/uploads\/2024\/07\/zero-emission-DV-1.jpg\" alt=\"Automobile Propre - Entrevista em podcast com Daniel Vassallucci\" \/>\r\n\t\t<\/a>\r\n\t<\/div>\r\n\t\r\n\t<div class=\"wppsac-post-content-position\">\r\n\t\t\r\n\t\t<h2 class=\"wppsac-post-title\">\r\n\t\t\t<a href=\"https:\/\/bu.optimum-automotive.com\/pt\/podcast-carro-limpo-entrevista-daniel-vassallucci\/\">Automobile Propre - Entrevista em podcast com Daniel Vassallucci<\/a>\r\n\t\t<\/h2>\r\n\r\n\t\t\t<\/div>\r\n<\/div><div class=\"wppsac-carousel-slides\">\r\n\t\t<div class=\"wppsac-post-image-bg\">\r\n\t\t<a href=\"https:\/\/bu.optimum-automotive.com\/pt\/entrevista-sud-radio-daniel-vassallucci-otimo\/\">\r\n\t\t\t<img decoding=\"async\" class=\"wppsac-post-image\"  src=\"https:\/\/bu.optimum-automotive.com\/wp-content\/uploads\/2024\/03\/arton437.jpg\" alt=\"Entrevista da Sud Radio com Daniel Vassallucci\" \/>\r\n\t\t<\/a>\r\n\t<\/div>\r\n\t\r\n\t<div class=\"wppsac-post-content-position\">\r\n\t\t\r\n\t\t<h2 class=\"wppsac-post-title\">\r\n\t\t\t<a href=\"https:\/\/bu.optimum-automotive.com\/pt\/entrevista-sud-radio-daniel-vassallucci-otimo\/\">Entrevista da Sud Radio com Daniel Vassallucci<\/a>\r\n\t\t<\/h2>\r\n\r\n\t\t\t<\/div>\r\n<\/div>\t\t\t<\/div>\r\n\t\t<\/div>\r\n\t<\/div>\n<\/div>","protected":false},"excerpt":{"rendered":"<p>A \u00fanica solu\u00e7\u00e3o de gest\u00e3o e localiza\u00e7\u00e3o de ve\u00edculos dedicada \u00e0 otimiza\u00e7\u00e3o dos custos e da pegada de carbono A gest\u00e3o dos ve\u00edculos da sua empresa coloca-lhe v\u00e1rios desafios e quest\u00f5es: gerir e orientar a atividade no terreno, prevenir os riscos rodovi\u00e1rios, otimizar os custos e os contratos, reduzir o impacto ambiental, etc. A [...]<\/p>","protected":false},"author":1,"featured_media":0,"parent":0,"menu_order":0,"comment_status":"closed","ping_status":"closed","template":"home-page.php","meta":{"_coblocks_attr":"","_coblocks_dimensions":"","_coblocks_responsive_height":"","_coblocks_accordion_ie_support":"","_uag_custom_page_level_css":"","footnotes":""},"class_list":["post-20","page","type-page","status-publish","hentry"],"uagb_featured_image_src":{"full":false,"thumbnail":false,"medium":false,"medium_large":false,"large":false,"1536x1536":false,"2048x2048":false,"trp-custom-language-flag":false},"uagb_author_info":{"display_name":"camaleon","author_link":"https:\/\/bu.optimum-automotive.com\/pt\/author\/camaleon\/"},"uagb_comment_info":0,"uagb_excerpt":"La seule solution de gestion et de suivi de v\u00e9hicules d\u00e9di\u00e9e \u00e0 l\u2019optimisation des co\u00fbts et de l\u2019empreinte carbone La gestion des v\u00e9hicules de votre entreprise vous confronte \u00e0 de multiples d\u00e9fis&nbsp;et enjeux : gestion et pilotage de l\u2019activit\u00e9 terrain, pr\u00e9vention du risque routier, optimisation des co\u00fbts et des contrats, r\u00e9duction de l\u2019impact environnemental\u2026 Les&hellip;","_links":{"self":[{"href":"https:\/\/bu.optimum-automotive.com\/pt\/wp-json\/wp\/v2\/pages\/20","targetHints":{"allow":["GET"]}}],"collection":[{"href":"https:\/\/bu.optimum-automotive.com\/pt\/wp-json\/wp\/v2\/pages"}],"about":[{"href":"https:\/\/bu.optimum-automotive.com\/pt\/wp-json\/wp\/v2\/types\/page"}],"author":[{"embeddable":true,"href":"https:\/\/bu.optimum-automotive.com\/pt\/wp-json\/wp\/v2\/users\/1"}],"replies":[{"embeddable":true,"href":"https:\/\/bu.optimum-automotive.com\/pt\/wp-json\/wp\/v2\/comments?post=20"}],"version-history":[{"count":354,"href":"https:\/\/bu.optimum-automotive.com\/pt\/wp-json\/wp\/v2\/pages\/20\/revisions"}],"predecessor-version":[{"id":5335,"href":"https:\/\/bu.optimum-automotive.com\/pt\/wp-json\/wp\/v2\/pages\/20\/revisions\/5335"}],"wp:attachment":[{"href":"https:\/\/bu.optimum-automotive.com\/pt\/wp-json\/wp\/v2\/media?parent=20"}],"curies":[{"name":"wp","href":"https:\/\/api.w.org\/{rel}","templated":true}]}}