{"id":4919,"date":"2025-01-14T14:05:50","date_gmt":"2025-01-14T13:05:50","guid":{"rendered":"https:\/\/www.optimum-automotive.com\/?page_id=4919"},"modified":"2025-02-04T15:52:17","modified_gmt":"2025-02-04T14:52:17","slug":"blog","status":"publish","type":"page","link":"https:\/\/bu.optimum-automotive.com\/pt\/blogue\/","title":{"rendered":"Blogue sobre ve\u00edculos conectados"},"content":{"rendered":"<h2 class=\"wp-block-heading has-text-align-center blog has-blue-background-color has-text-color has-background has-link-color wp-elements-d1e04d5a6caab7f981ce16af15bf0f02\" style=\"color:#ffffff\">Blogue sobre ve\u00edculos conectados<\/h2>\n\n\n\t\t<div class=\"wppsac-wrap wppsac-slick-carousel-wrp wppsac-clearfix blog\" data-conf=\"{&quot;slides_to_show&quot;:4,&quot;slides_to_scroll&quot;:1,&quot;dots&quot;:&quot;true&quot;,&quot;arrows&quot;:&quot;true&quot;,&quot;autoplay&quot;:&quot;true&quot;,&quot;autoplay_interval&quot;:6000,&quot;speed&quot;:1000,&quot;rtl&quot;:&quot;false&quot;,&quot;lazyload&quot;:&quot;&quot;}\">\r\n\t\t\t<div id=\"wppsac-post-carousel-1\" class=\"wppsac-post-slider-init wppsac-post-carousel design-1\">\r\n\t\t\t\t<div class=\"wppsac-carousel-slides\">\r\n\t\t<div class=\"wppsac-post-image-bg\">\r\n\t\t<a href=\"https:\/\/bu.optimum-automotive.com\/pt\/esclarecimentos-sobre-a-reforma-da-aen-2025\/\">\r\n\t\t\t<img decoding=\"async\" class=\"wppsac-post-image\"  src=\"https:\/\/bu.optimum-automotive.com\/wp-content\/uploads\/2025\/03\/vignette-aen.png\" alt=\"Reforma AEN 2025: os esclarecimentos est\u00e3o aqui!\u00a0\" \/>\r\n\t\t<\/a>\r\n\t<\/div>\r\n\t\r\n\t<div class=\"wppsac-post-content-position\">\r\n\t\t\t\t<div class=\"wppsac-post-categories\"><ul class=\"wppsac-post-categories-list\"><li><a href=\"https:\/\/bu.optimum-automotive.com\/pt\/categoria\/blogue\/eletrificacao-da-frota\/\">Eletrifica\u00e7\u00e3o da frota<\/a><\/li><\/ul><\/div>\r\n\t\t\r\n\t\t<h2 class=\"wppsac-post-title\">\r\n\t\t\t<a href=\"https:\/\/bu.optimum-automotive.com\/pt\/esclarecimentos-sobre-a-reforma-da-aen-2025\/\">Reforma AEN 2025: os esclarecimentos est\u00e3o aqui!\u00a0<\/a>\r\n\t\t<\/h2>\r\n\r\n\t\t\t\t<div class=\"wppsac-post-content\">\r\n\t\t\t<div class=\"wppsac-sub-content\">Saiba mais sobre a reforma da NEA 2025: regras, taxas revistas e estrat\u00e9gias para otimizar a gest\u00e3o da sua...<\/div>\r\n\r\n\t\t\t\t\t<\/div>\r\n\t\t\t<\/div>\r\n<\/div><div class=\"wppsac-carousel-slides\">\r\n\t\t<div class=\"wppsac-post-image-bg\">\r\n\t\t<a href=\"https:\/\/bu.optimum-automotive.com\/pt\/prestacoes-em-especie-automoveis-da-empresa-2025\/\">\r\n\t\t\t<img decoding=\"async\" class=\"wppsac-post-image\"  src=\"https:\/\/bu.optimum-automotive.com\/wp-content\/uploads\/2025\/03\/Taille-Vignette-article-site-oa.png\" alt=\"Reforma das presta\u00e7\u00f5es em esp\u00e9cie para ve\u00edculos: aplica\u00e7\u00e3o retroactiva a 1 de fevereiro de 2025\" \/>\r\n\t\t<\/a>\r\n\t<\/div>\r\n\t\r\n\t<div class=\"wppsac-post-content-position\">\r\n\t\t\t\t<div class=\"wppsac-post-categories\"><ul class=\"wppsac-post-categories-list\"><li><a href=\"https:\/\/bu.optimum-automotive.com\/pt\/categoria\/blogue\/gestao-de-frotas-3\/\">Gest\u00e3o de frotas<\/a><\/li><\/ul><\/div>\r\n\t\t\r\n\t\t<h2 class=\"wppsac-post-title\">\r\n\t\t\t<a href=\"https:\/\/bu.optimum-automotive.com\/pt\/prestacoes-em-especie-automoveis-da-empresa-2025\/\">Reforma das presta\u00e7\u00f5es em esp\u00e9cie para ve\u00edculos: aplica\u00e7\u00e3o retroactiva a 1 de fevereiro de 2025<\/a>\r\n\t\t<\/h2>\r\n\r\n\t\t\t\t<div class=\"wppsac-post-content\">\r\n\t\t\t<div class=\"wppsac-sub-content\">As novas reformas fiscais v\u00e3o alterar radicalmente a forma como as empresas pagam o imposto autom\u00f3vel a partir de 2025. Os ve\u00edculos considerados poluentes ser\u00e3o...<\/div>\r\n\r\n\t\t\t\t\t<\/div>\r\n\t\t\t<\/div>\r\n<\/div><div class=\"wppsac-carousel-slides\">\r\n\t\t<div class=\"wppsac-post-image-bg\">\r\n\t\t<a href=\"https:\/\/bu.optimum-automotive.com\/pt\/tributacao-frotas-de-automoveis-2025-reformas-fiscais-bonus-malus\/\">\r\n\t\t\t<img decoding=\"async\" class=\"wppsac-post-image\"  src=\"https:\/\/bu.optimum-automotive.com\/wp-content\/uploads\/2025\/02\/pour-article-FRANCK.jpg\" alt=\"Tributa\u00e7\u00e3o das frotas de autom\u00f3veis em 2025: uma grande reviravolta para as empresas\" \/>\r\n\t\t<\/a>\r\n\t<\/div>\r\n\t\r\n\t<div class=\"wppsac-post-content-position\">\r\n\t\t\t\t<div class=\"wppsac-post-categories\"><ul class=\"wppsac-post-categories-list\"><li><a href=\"https:\/\/bu.optimum-automotive.com\/pt\/categoria\/blogue\/gestao-de-frotas-3\/\">Gest\u00e3o de frotas<\/a><\/li><\/ul><\/div>\r\n\t\t\r\n\t\t<h2 class=\"wppsac-post-title\">\r\n\t\t\t<a href=\"https:\/\/bu.optimum-automotive.com\/pt\/tributacao-frotas-de-automoveis-2025-reformas-fiscais-bonus-malus\/\">Tributa\u00e7\u00e3o das frotas de autom\u00f3veis em 2025: uma grande reviravolta para as empresas<\/a>\r\n\t\t<\/h2>\r\n\r\n\t\t\t\t<div class=\"wppsac-post-content\">\r\n\t\t\t<div class=\"wppsac-sub-content\">As novas reformas fiscais v\u00e3o alterar radicalmente a forma como as empresas pagam o imposto autom\u00f3vel a partir de 2025. Os ve\u00edculos considerados poluentes ser\u00e3o...<\/div>\r\n\r\n\t\t\t\t\t<\/div>\r\n\t\t\t<\/div>\r\n<\/div><div class=\"wppsac-carousel-slides\">\r\n\t\t<div class=\"wppsac-post-image-bg\">\r\n\t\t<a href=\"https:\/\/bu.optimum-automotive.com\/pt\/radares-de-transito-inteligentes-em-franca-como-proteger-a-sua-empresa\/\">\r\n\t\t\t<img decoding=\"async\" class=\"wppsac-post-image\"  src=\"https:\/\/bu.optimum-automotive.com\/wp-content\/uploads\/2025\/01\/Les-radars-intelligents-en-France.jpg\" alt=\"Radares de tr\u00e2nsito inteligentes em Fran\u00e7a: proteger a sua empresa\" \/>\r\n\t\t<\/a>\r\n\t<\/div>\r\n\t\r\n\t<div class=\"wppsac-post-content-position\">\r\n\t\t\t\t<div class=\"wppsac-post-categories\"><ul class=\"wppsac-post-categories-list\"><li><a href=\"https:\/\/bu.optimum-automotive.com\/pt\/categoria\/blogue\/gestao-de-frotas-3\/\">Gest\u00e3o de frotas<\/a><\/li><\/ul><\/div>\r\n\t\t\r\n\t\t<h2 class=\"wppsac-post-title\">\r\n\t\t\t<a href=\"https:\/\/bu.optimum-automotive.com\/pt\/radares-de-transito-inteligentes-em-franca-como-proteger-a-sua-empresa\/\">Radares de tr\u00e2nsito inteligentes em Fran\u00e7a: proteger a sua empresa<\/a>\r\n\t\t<\/h2>\r\n\r\n\t\t\t\t<div class=\"wppsac-post-content\">\r\n\t\t\t<div class=\"wppsac-sub-content\">Radar inteligente: um grande avan\u00e7o tecnol\u00f3gico<\/div>\r\n\r\n\t\t\t\t\t<\/div>\r\n\t\t\t<\/div>\r\n<\/div><div class=\"wppsac-carousel-slides\">\r\n\t\t<div class=\"wppsac-post-image-bg\">\r\n\t\t<a href=\"https:\/\/bu.optimum-automotive.com\/pt\/imposto-sobre-as-prestacoes-em-especie-uma-nova-ameaca-para-as-empresas-e-os-trabalhadores\/\">\r\n\t\t\t<img decoding=\"async\" class=\"wppsac-post-image\"  src=\"https:\/\/bu.optimum-automotive.com\/wp-content\/uploads\/2024\/11\/Fiscalite-des-Avantages-en-Nature.jpg\" alt=\"Tributa\u00e7\u00e3o das presta\u00e7\u00f5es em esp\u00e9cie: uma amea\u00e7a para as empresas e os trabalhadores\" \/>\r\n\t\t<\/a>\r\n\t<\/div>\r\n\t\r\n\t<div class=\"wppsac-post-content-position\">\r\n\t\t\t\t<div class=\"wppsac-post-categories\"><ul class=\"wppsac-post-categories-list\"><li><a href=\"https:\/\/bu.optimum-automotive.com\/pt\/categoria\/blogue\/gestao-de-frotas-3\/\">Gest\u00e3o de frotas<\/a><\/li><\/ul><\/div>\r\n\t\t\r\n\t\t<h2 class=\"wppsac-post-title\">\r\n\t\t\t<a href=\"https:\/\/bu.optimum-automotive.com\/pt\/imposto-sobre-as-prestacoes-em-especie-uma-nova-ameaca-para-as-empresas-e-os-trabalhadores\/\">Tributa\u00e7\u00e3o das presta\u00e7\u00f5es em esp\u00e9cie: uma amea\u00e7a para as empresas e os trabalhadores<\/a>\r\n\t\t<\/h2>\r\n\r\n\t\t\t\t<div class=\"wppsac-post-content\">\r\n\t\t\t<div class=\"wppsac-sub-content\">Tributa\u00e7\u00e3o das NEAs: uma amea\u00e7a para os trabalhadores e para as empresas!\u00a0<\/div>\r\n\r\n\t\t\t\t\t<\/div>\r\n\t\t\t<\/div>\r\n<\/div><div class=\"wppsac-carousel-slides\">\r\n\t\t<div class=\"wppsac-post-image-bg\">\r\n\t\t<a href=\"https:\/\/bu.optimum-automotive.com\/pt\/inspeccoes-intermediarias-para-evitar-despesas-de-devolucao-de-veiculos-de-aluguer\/\">\r\n\t\t\t<img decoding=\"async\" class=\"wppsac-post-image\"  src=\"https:\/\/bu.optimum-automotive.com\/wp-content\/uploads\/2024\/08\/Inspections-intermediaire.jpg\" alt=\"Inspec\u00e7\u00f5es interm\u00e9dias: controlo do custo da devolu\u00e7\u00e3o de ve\u00edculos alugados\" \/>\r\n\t\t<\/a>\r\n\t<\/div>\r\n\t\r\n\t<div class=\"wppsac-post-content-position\">\r\n\t\t\t\t<div class=\"wppsac-post-categories\"><ul class=\"wppsac-post-categories-list\"><li><a href=\"https:\/\/bu.optimum-automotive.com\/pt\/categoria\/blogue\/gestao-de-frotas-3\/\">Gest\u00e3o de frotas<\/a><\/li><\/ul><\/div>\r\n\t\t\r\n\t\t<h2 class=\"wppsac-post-title\">\r\n\t\t\t<a href=\"https:\/\/bu.optimum-automotive.com\/pt\/inspeccoes-intermediarias-para-evitar-despesas-de-devolucao-de-veiculos-de-aluguer\/\">Inspec\u00e7\u00f5es interm\u00e9dias: controlo do custo da devolu\u00e7\u00e3o de ve\u00edculos alugados<\/a>\r\n\t\t<\/h2>\r\n\r\n\t\t\t\t<div class=\"wppsac-post-content\">\r\n\t\t\t<div class=\"wppsac-sub-content\">Inspec\u00e7\u00f5es interm\u00e9dias: evitar o custo da devolu\u00e7\u00e3o de ve\u00edculos de aluguer\u00a0<\/div>\r\n\r\n\t\t\t\t\t<\/div>\r\n\t\t\t<\/div>\r\n<\/div><div class=\"wppsac-carousel-slides\">\r\n\t\t<div class=\"wppsac-post-image-bg\">\r\n\t\t<a href=\"https:\/\/bu.optimum-automotive.com\/pt\/transicao-energetica-para-as-frotas-de-automoveis-as-empresas-devem-agir\/\">\r\n\t\t\t<img decoding=\"async\" class=\"wppsac-post-image\"  src=\"https:\/\/bu.optimum-automotive.com\/wp-content\/uploads\/2024\/04\/Transition-energetique-des-flottes.jpg\" alt=\"Transi\u00e7\u00e3o energ\u00e9tica das frotas: as empresas devem tomar medidas\" \/>\r\n\t\t<\/a>\r\n\t<\/div>\r\n\t\r\n\t<div class=\"wppsac-post-content-position\">\r\n\t\t\t\t<div class=\"wppsac-post-categories\"><ul class=\"wppsac-post-categories-list\"><li><a href=\"https:\/\/bu.optimum-automotive.com\/pt\/categoria\/blogue\/eletrificacao-da-frota\/\">Eletrifica\u00e7\u00e3o da frota<\/a><\/li><\/ul><\/div>\r\n\t\t\r\n\t\t<h2 class=\"wppsac-post-title\">\r\n\t\t\t<a href=\"https:\/\/bu.optimum-automotive.com\/pt\/transicao-energetica-para-as-frotas-de-automoveis-as-empresas-devem-agir\/\">Transi\u00e7\u00e3o energ\u00e9tica das frotas: as empresas devem tomar medidas<\/a>\r\n\t\t<\/h2>\r\n\r\n\t\t\t\t<div class=\"wppsac-post-content\">\r\n\t\t\t<div class=\"wppsac-sub-content\">Projeto de lei de Damien Adam: descarbonizar as frotas autom\u00f3veis<\/div>\r\n\r\n\t\t\t\t\t<\/div>\r\n\t\t\t<\/div>\r\n<\/div><div class=\"wppsac-carousel-slides\">\r\n\t\t<div class=\"wppsac-post-image-bg\">\r\n\t\t<a href=\"https:\/\/bu.optimum-automotive.com\/pt\/gestao-de-sinistros-e-danos-a-nova-fonte-de-poupanca-para-as-frotas\/\">\r\n\t\t\t<img decoding=\"async\" class=\"wppsac-post-image\"  src=\"https:\/\/bu.optimum-automotive.com\/wp-content\/uploads\/2024\/04\/Gestion-des-sinistres-et-dommages-automobiles.jpg\" alt=\"Sinistros autom\u00f3veis e gest\u00e3o de danos: a nova fonte de poupan\u00e7a para as frotas.\" \/>\r\n\t\t<\/a>\r\n\t<\/div>\r\n\t\r\n\t<div class=\"wppsac-post-content-position\">\r\n\t\t\t\t<div class=\"wppsac-post-categories\"><ul class=\"wppsac-post-categories-list\"><li><a href=\"https:\/\/bu.optimum-automotive.com\/pt\/categoria\/blogue\/gestao-de-frotas-3\/\">Gest\u00e3o de frotas<\/a><\/li><\/ul><\/div>\r\n\t\t\r\n\t\t<h2 class=\"wppsac-post-title\">\r\n\t\t\t<a href=\"https:\/\/bu.optimum-automotive.com\/pt\/gestao-de-sinistros-e-danos-a-nova-fonte-de-poupanca-para-as-frotas\/\">Sinistros autom\u00f3veis e gest\u00e3o de danos: a nova fonte de poupan\u00e7a para as frotas.<\/a>\r\n\t\t<\/h2>\r\n\r\n\t\t\t\t<div class=\"wppsac-post-content\">\r\n\t\t\t<div class=\"wppsac-sub-content\">Sinistros e danos: os custos ocultos dos ve\u00edculos da empresa<\/div>\r\n\r\n\t\t\t\t\t<\/div>\r\n\t\t\t<\/div>\r\n<\/div>\t\t\t<\/div>\r\n\t\t<\/div>\r\n\t\n\n\n<p><\/p>","protected":false},"excerpt":{"rendered":"<p>Blogue sobre ve\u00edculos conectados<\/p>","protected":false},"author":1,"featured_media":0,"parent":0,"menu_order":0,"comment_status":"closed","ping_status":"closed","template":"page-blog.php","meta":{"_coblocks_attr":"","_coblocks_dimensions":"","_coblocks_responsive_height":"","_coblocks_accordion_ie_support":"","_uag_custom_page_level_css":"","footnotes":""},"class_list":["post-4919","page","type-page","status-publish","hentry"],"uagb_featured_image_src":{"full":false,"thumbnail":false,"medium":false,"medium_large":false,"large":false,"1536x1536":false,"2048x2048":false,"trp-custom-language-flag":false},"uagb_author_info":{"display_name":"camaleon","author_link":"https:\/\/bu.optimum-automotive.com\/pt\/author\/camaleon\/"},"uagb_comment_info":0,"uagb_excerpt":"Le Blog du v\u00e9hicule connect\u00e9","_links":{"self":[{"href":"https:\/\/bu.optimum-automotive.com\/pt\/wp-json\/wp\/v2\/pages\/4919","targetHints":{"allow":["GET"]}}],"collection":[{"href":"https:\/\/bu.optimum-automotive.com\/pt\/wp-json\/wp\/v2\/pages"}],"about":[{"href":"https:\/\/bu.optimum-automotive.com\/pt\/wp-json\/wp\/v2\/types\/page"}],"author":[{"embeddable":true,"href":"https:\/\/bu.optimum-automotive.com\/pt\/wp-json\/wp\/v2\/users\/1"}],"replies":[{"embeddable":true,"href":"https:\/\/bu.optimum-automotive.com\/pt\/wp-json\/wp\/v2\/comments?post=4919"}],"version-history":[{"count":35,"href":"https:\/\/bu.optimum-automotive.com\/pt\/wp-json\/wp\/v2\/pages\/4919\/revisions"}],"predecessor-version":[{"id":5569,"href":"https:\/\/bu.optimum-automotive.com\/pt\/wp-json\/wp\/v2\/pages\/4919\/revisions\/5569"}],"wp:attachment":[{"href":"https:\/\/bu.optimum-automotive.com\/pt\/wp-json\/wp\/v2\/media?parent=4919"}],"curies":[{"name":"wp","href":"https:\/\/api.w.org\/{rel}","templated":true}]}}